{"id":6289,"date":"2020-12-18T09:37:21","date_gmt":"2020-12-18T14:37:21","guid":{"rendered":"https:\/\/test.comfenalcovalle.com.co\/webredlat\/?page_id=6289"},"modified":"2026-03-11T16:04:32","modified_gmt":"2026-03-11T21:04:32","slug":"preguntas-frecuentes","status":"publish","type":"page","link":"https:\/\/test.comfenalcovalle.com.co\/en\/agencia-empleo\/preguntas-frecuentes\/","title":{"rendered":"Frequently asked questions about Employment Agency services"},"content":{"rendered":"<div data-elementor-type=\"wp-page\" data-elementor-id=\"6289\" class=\"elementor elementor-6289\" data-elementor-post-type=\"page\">\n\t\t\t\t\t\t<main class=\"elementor-section elementor-top-section elementor-element elementor-element-6ced813 elementor-section-full_width elementor-section-height-default elementor-section-height-default\" data-id=\"6ced813\" data-element_type=\"section\">\n\t\t\t\t\t\t<div class=\"elementor-container elementor-column-gap-default\">\n\t\t\t\t\t<div class=\"elementor-column elementor-col-100 elementor-top-column elementor-element elementor-element-06218a6\" data-id=\"06218a6\" data-element_type=\"column\">\n\t\t\t<div class=\"elementor-widget-wrap elementor-element-populated\">\n\t\t\t\t\t\t<section class=\"elementor-section elementor-inner-section elementor-element elementor-element-973cf51 elementor-section-boxed elementor-section-height-default elementor-section-height-default\" data-id=\"973cf51\" data-element_type=\"section\">\n\t\t\t\t\t\t<div class=\"elementor-container elementor-column-gap-default\">\n\t\t\t\t\t<div class=\"elementor-column elementor-col-50 elementor-inner-column elementor-element elementor-element-7149150\" data-id=\"7149150\" data-element_type=\"column\" data-settings=\"{&quot;background_background&quot;:&quot;classic&quot;}\">\n\t\t\t<div class=\"elementor-widget-wrap elementor-element-populated\">\n\t\t\t\t\t\t<div class=\"elementor-element elementor-element-fb6bec0 elementor-widget elementor-widget-spacer\" data-id=\"fb6bec0\" data-element_type=\"widget\" data-widget_type=\"spacer.default\">\n\t\t\t\t<div class=\"elementor-widget-container\">\n\t\t\t\t\t\t\t<div class=\"elementor-spacer\">\n\t\t\t<div class=\"elementor-spacer-inner\"><\/div>\n\t\t<\/div>\n\t\t\t\t\t\t<\/div>\n\t\t\t\t<\/div>\n\t\t\t\t\t<\/div>\n\t\t<\/div>\n\t\t\t\t<div class=\"elementor-column elementor-col-50 elementor-inner-column elementor-element elementor-element-0b76606\" data-id=\"0b76606\" data-element_type=\"column\">\n\t\t\t<div class=\"elementor-widget-wrap elementor-element-populated\">\n\t\t\t\t\t\t<div class=\"elementor-element elementor-element-6eb7657 jet-breadcrumbs-align-left jet-breadcrumbs-align-mobile-center elementor-widget elementor-widget-jet-breadcrumbs\" data-id=\"6eb7657\" data-element_type=\"widget\" data-widget_type=\"jet-breadcrumbs.default\">\n\t\t\t\t<div class=\"elementor-widget-container\">\n\t\t\t\t\t<div class=\"elementor-jet-breadcrumbs jet-blocks\">\n\t\t<div class=\"jet-breadcrumbs\">\n\t\t<div class=\"jet-breadcrumbs__content\">\n\t\t<div class=\"jet-breadcrumbs__wrap\"><div class=\"jet-breadcrumbs__item\"><a href=\"https:\/\/test.comfenalcovalle.com.co\/en\/\" class=\"jet-breadcrumbs__item-link is-home\" rel=\"home\" title=\"Beginning\">Beginning<\/a><\/div>\n\t\t<\/div>\n\t\t<\/div>\n\t\t<\/div><\/div>\t\t\t\t<\/div>\n\t\t\t\t<\/div>\n\t\t\t\t<div class=\"elementor-element elementor-element-1dc95ad elementor-widget elementor-widget-heading\" data-id=\"1dc95ad\" data-element_type=\"widget\" data-widget_type=\"heading.default\">\n\t\t\t\t<div class=\"elementor-widget-container\">\n\t\t\t\t\t<h1 class=\"elementor-heading-title elementor-size-default\">Frequently asked questions about Employment Agency services<\/h1>\t\t\t\t<\/div>\n\t\t\t\t<\/div>\n\t\t\t\t\t<\/div>\n\t\t<\/div>\n\t\t\t\t\t<\/div>\n\t\t<\/section>\n\t\t\t\t<section class=\"elementor-section elementor-inner-section elementor-element elementor-element-1f64092 elementor-section-boxed elementor-section-height-default elementor-section-height-default\" data-id=\"1f64092\" data-element_type=\"section\">\n\t\t\t\t\t\t<div class=\"elementor-container elementor-column-gap-default\">\n\t\t\t\t\t<div class=\"elementor-column elementor-col-100 elementor-inner-column elementor-element elementor-element-fade0f6\" data-id=\"fade0f6\" data-element_type=\"column\">\n\t\t\t<div class=\"elementor-widget-wrap elementor-element-populated\">\n\t\t\t\t\t\t<div class=\"elementor-element elementor-element-28e09fd elementor-widget elementor-widget-text-editor\" data-id=\"28e09fd\" data-element_type=\"widget\" data-widget_type=\"text-editor.default\">\n\t\t\t\t<div class=\"elementor-widget-container\">\n\t\t\t\t\t\t\t\t\t<p><strong>What are the office hours of the employment agency and where are they located?<\/strong><\/p><p>The Comfenalco Valle Delagente Employment Agency provides its services to employers and the unemployed through the virtual employability route. The Comfenalco Valle Delagente Employment Agency has coverage in the cities of Cali, Palmira, Buga, Tulu\u00e1, Cartago and Buenaventura.<\/p><p><strong>Office hours in person at the Employment Agency:<\/strong><\/p><p><strong>Cali Headquarters: <\/strong>Monday through Friday from 8:00 a.m. to 2:00 p.m.<br \/><strong>Regional Headquarters:<\/strong> Monday to Friday from 8:00 a.m. to 12:00 p.m.<\/p>\t\t\t\t\t\t\t\t<\/div>\n\t\t\t\t<\/div>\n\t\t\t\t<div class=\"elementor-element elementor-element-b1690d2 elementor-align-center elementor-widget elementor-widget-button\" data-id=\"b1690d2\" data-element_type=\"widget\" data-widget_type=\"button.default\">\n\t\t\t\t<div class=\"elementor-widget-container\">\n\t\t\t\t\t\t\t\t\t<div class=\"elementor-button-wrapper\">\n\t\t\t\t\t<a class=\"elementor-button elementor-button-link elementor-size-lg elementor-animation-grow\" href=\"https:\/\/test.comfenalcovalle.com.co\/wp-content\/uploads\/2025\/01\/Guia-Postulacion-Virtual-Susbdio-al-Desempleo-2025.pdf\" target=\"_blank\">\n\t\t\t\t\t\t<span class=\"elementor-button-content-wrapper\">\n\t\t\t\t\t\t<span class=\"elementor-button-icon\">\n\t\t\t\t<i aria-hidden=\"true\" class=\"fas fa-clipboard-check\"><\/i>\t\t\t<\/span>\n\t\t\t\t\t\t\t\t\t<span class=\"elementor-button-text\">Gu\u00eda para la postulaci\u00f3n al subsidio al desempleo - Clic aqu\u00ed<\/span>\n\t\t\t\t\t<\/span>\n\t\t\t\t\t<\/a>\n\t\t\t\t<\/div>\n\t\t\t\t\t\t\t\t<\/div>\n\t\t\t\t<\/div>\n\t\t\t\t\t<\/div>\n\t\t<\/div>\n\t\t\t\t\t<\/div>\n\t\t<\/section>\n\t\t\t\t<section class=\"elementor-section elementor-inner-section elementor-element elementor-element-2fcd4f1 elementor-section-boxed elementor-section-height-default elementor-section-height-default\" data-id=\"2fcd4f1\" data-element_type=\"section\">\n\t\t\t\t\t\t<div class=\"elementor-container elementor-column-gap-default\">\n\t\t\t\t\t<div class=\"elementor-column elementor-col-100 elementor-inner-column elementor-element elementor-element-ba61175\" data-id=\"ba61175\" data-element_type=\"column\">\n\t\t\t<div class=\"elementor-widget-wrap elementor-element-populated\">\n\t\t\t\t\t\t<div class=\"elementor-element elementor-element-61d82f4 elementor-position-right elementor-view-default elementor-mobile-position-top elementor-vertical-align-top elementor-widget elementor-widget-icon-box\" data-id=\"61d82f4\" data-element_type=\"widget\" data-widget_type=\"icon-box.default\">\n\t\t\t\t<div class=\"elementor-widget-container\">\n\t\t\t\t\t\t\t<div class=\"elementor-icon-box-wrapper\">\n\n\t\t\t\t\t\t<div class=\"elementor-icon-box-icon\">\n\t\t\t\t<span  class=\"elementor-icon\">\n\t\t\t\t<i aria-hidden=\"true\" class=\"fas fa-comment-medical\"><\/i>\t\t\t\t<\/span>\n\t\t\t<\/div>\n\t\t\t\n\t\t\t\t\t\t<div class=\"elementor-icon-box-content\">\n\n\t\t\t\t\t\t\t\t\t<h2 class=\"elementor-icon-box-title\">\n\t\t\t\t\t\t<span  >\n\t\t\t\t\t\t\tConoce el Subsidio al Desempleo\t\t\t\t\t\t<\/span>\n\t\t\t\t\t<\/h2>\n\t\t\t\t\n\t\t\t\t\t\t\t\t\t<p class=\"elementor-icon-box-description\">\n\t\t\t\t\t\t(Law 1636 of 2013 amended by Law 2225 of 2022-Regulated Decree 1493 of 2022)\t\t\t\t\t<\/p>\n\t\t\t\t\n\t\t\t<\/div>\n\t\t\t\n\t\t<\/div>\n\t\t\t\t\t\t<\/div>\n\t\t\t\t<\/div>\n\t\t\t\t<div class=\"elementor-element elementor-element-ffc488c elementor-widget elementor-widget-jet-accordion\" data-id=\"ffc488c\" data-element_type=\"widget\" data-widget_type=\"jet-accordion.default\">\n\t\t\t\t<div class=\"elementor-widget-container\">\n\t\t\t\t\t\t\t<div class=\"jet-accordion\" data-settings=\"{&quot;collapsible&quot;:false,&quot;ajaxTemplate&quot;:false,&quot;switchScrolling&quot;:false,&quot;switchScrollingOffset&quot;:0,&quot;switchScrollingDelay&quot;:500}\">\n\t\t\t<div class=\"jet-accordion__inner\">\n\t\t\t\t<div class=\"jet-accordion__item jet-toggle jet-toggle-move-up-effect\">\n\t\t\t\t\t\t\t<div id=\"jet-toggle-control-2681\" class=\"jet-toggle__control elementor-menu-anchor\" data-toggle=\"1\" role=\"button\" tabindex=\"0\" aria-controls=\"jet-toggle-content-2681\" aria-expanded=\"false\" data-template-id=\"false\">\n\t\t\t\t\t\t\t\t<div class=\"jet-toggle__label-icon jet-toggle-icon-position-left\"><span class=\"jet-toggle__icon icon-normal jet-tabs-icon\"><i class=\"fas fa-caret-right\"><\/i><\/span><span class=\"jet-toggle__icon icon-active jet-tabs-icon\"><i class=\"fas fa-caret-up\"><\/i><\/span><\/div><h3 class=\"jet-toggle__label-text\">Which are the requirements?<\/h3>\t\t\t\t\t\t\t<\/div>\n\t\t\t\t\t\t\t<div id=\"jet-toggle-content-2681\" class=\"jet-toggle__content\" data-toggle=\"1\" role=\"region\" data-template-id=\"false\">\n\t\t\t\t\t\t\t\t<div class=\"jet-toggle__content-inner\"><p>\u27a4\u00a0Encontrarse en condici\u00f3n de cesante o desempleado (no debe estar pensionado por invalidez, vejez o sobrevivencia, as\u00ed mismo no haber solicitado devoluci\u00f3n de saldos de pensi\u00f3n y\/o indemnizaci\u00f3n sustitutiva).<\/p><p>\u27a4\u00a0Si en su \u00faltimo v\u00ednculo laboral aport\u00f3 como trabajador dependiente, debe haber realizado aportes a la Caja de Compensaci\u00f3n Familiar durante un (1) a\u00f1o continuo o discontinuo, en el transcurso de los \u00faltimos tres (3) a\u00f1os. Para el caso de los trabajadores independientes, debe haber realizado aportes a la Caja de Compensaci\u00f3n Familiar durante dos (2) a\u00f1os continuos o discontinuos, en el transcurso de los \u00faltimos tres (3) a\u00f1os.<\/p><p>\u27a4\u00a0Que la \u00faltima Caja de Compensaci\u00f3n a la cual haya aportado sea Comfenalco Valle Delagente y haya cotizado como afiliado en categor\u00edas: A, B o C.<\/p><p>\u27a4 No haber sido beneficiario dentro de los \u00faltimos 3 a\u00f1os, de los pagos subsidios del Mecanismo de Protecci\u00f3n al Cesante (Ley 1636 de 2013, modificada por la Ley 2225 de 2022.<\/p><p>\u27a4\u00a0Estar inscrito en cualquiera de los servicios de empleo autorizados pertenecientes a la red del servicio p\u00fablico de empleo, y realizar la\u00a0<a href=\"https:\/\/bit.ly\/RutaPersonas2022\" target=\"_blank\" rel=\"noopener\"><strong>Employability Route<\/strong><\/a>or in person.<\/p><p>\u27a4\u00a0Asistir y certificarse obligatoriamente al programa de capacitaci\u00f3n dispuesto por la Agencia de Empleo.<\/p><\/div>\n\t\t\t\t\t\t\t<\/div>\n\t\t\t\t\t\t<\/div><div class=\"jet-accordion__item jet-toggle jet-toggle-move-up-effect\">\n\t\t\t\t\t\t\t<div id=\"jet-toggle-control-2682\" class=\"jet-toggle__control elementor-menu-anchor\" data-toggle=\"2\" role=\"button\" tabindex=\"0\" aria-controls=\"jet-toggle-content-2682\" aria-expanded=\"false\" data-template-id=\"false\">\n\t\t\t\t\t\t\t\t<div class=\"jet-toggle__label-icon jet-toggle-icon-position-left\"><span class=\"jet-toggle__icon icon-normal jet-tabs-icon\"><i class=\"fas fa-caret-right\"><\/i><\/span><span class=\"jet-toggle__icon icon-active jet-tabs-icon\"><i class=\"fas fa-caret-up\"><\/i><\/span><\/div><h3 class=\"jet-toggle__label-text\">\u00bfCu\u00e1les son los beneficios?<\/h3>\t\t\t\t\t\t\t<\/div>\n\t\t\t\t\t\t\t<div id=\"jet-toggle-content-2682\" class=\"jet-toggle__content\" data-toggle=\"2\" role=\"region\" data-template-id=\"false\">\n\t\t\t\t\t\t\t\t<div class=\"jet-toggle__content-inner\"><p>\u27a4 Pago aportes al sistema de salud y pensi\u00f3n sobre la base de cotizaci\u00f3n de (1) SMMLV, por un periodo de seis meses (aplica para usuarios categor\u00eda A, B y C).<\/p><p>\u27a4 Pago de transferencia econ\u00f3mica por valor de <strong>$2.626.358<\/strong>, establecido para la vigencia del a\u00f1o 2026, divididos en cuatros (4) mensualidades pagadas de forma decreciente as\u00ed:<\/p><p>Cuota 1 (40%): <strong>$1.050.543<\/strong><\/p><p>Cuota 2 (30%): <strong>$787.907<\/strong><\/p><p>Cuota 3 (20%): <strong>$525.272<\/strong><\/p><p>Cuota 4 (10%): <strong>$262.636<\/strong><\/p><p>It is important to specify that this transfer applies only to users who, in their last employment relationship, have been category A and B contributors.<\/p><p><em>*Los usuarios categor\u00eda C a pesar de salir beneficiarios no recibir\u00e1n el presente beneficio (Art.3 Numeral b ley 2225 de 2022.<\/em><\/p><\/div>\n\t\t\t\t\t\t\t<\/div>\n\t\t\t\t\t\t<\/div><div class=\"jet-accordion__item jet-toggle jet-toggle-move-up-effect\">\n\t\t\t\t\t\t\t<div id=\"jet-toggle-control-2683\" class=\"jet-toggle__control elementor-menu-anchor\" data-toggle=\"3\" role=\"button\" tabindex=\"0\" aria-controls=\"jet-toggle-content-2683\" aria-expanded=\"false\" data-template-id=\"false\">\n\t\t\t\t\t\t\t\t<div class=\"jet-toggle__label-icon jet-toggle-icon-position-left\"><span class=\"jet-toggle__icon icon-normal jet-tabs-icon\"><i class=\"fas fa-caret-right\"><\/i><\/span><span class=\"jet-toggle__icon icon-active jet-tabs-icon\"><i class=\"fas fa-caret-up\"><\/i><\/span><\/div><h3 class=\"jet-toggle__label-text\">What are the documents required to apply?<\/h3>\t\t\t\t\t\t\t<\/div>\n\t\t\t\t\t\t\t<div id=\"jet-toggle-content-2683\" class=\"jet-toggle__content\" data-toggle=\"3\" role=\"region\" data-template-id=\"false\">\n\t\t\t\t\t\t\t\t<div class=\"jet-toggle__content-inner\"><p>\u27a4\u00a0Copia del documento de identificaci\u00f3n legible (por ambos lados).<\/p><p>\u27a4 Certificaci\u00f3n de la cesaci\u00f3n laboral expedida por el empleador, indicando la fecha exacta de la terminaci\u00f3n laboral, \u00faltima remuneraci\u00f3n del trabajador y motivo del retiro, debe estar debidamente firmada, en caso de que su carta no detalle estos tres (3) datos, por favor diligenciar y anexar a la postulaci\u00f3n la declaraci\u00f3n juramentada que puede descargar\u00a0<a href=\"https:\/\/test.comfenalcovalle.com.co\/wp-content\/uploads\/2025\/02\/DECLARACION-JURAMENTADA-V2-1.pdf\" target=\"_blank\" rel=\"noopener\"><strong>aqu\u00ed.<\/strong><\/a><\/p><p><strong>Opcionalmente Presentar:<\/strong><\/p><p>\u27a4\u00a0Certificado de la EPS, donde se evidencie que su estado actual es Retirado, Subsidiado, Protecci\u00f3n laboral o Beneficiario.<\/p><p>\u27a4\u00a0Certificaci\u00f3n del Fondo Pensiones al cual est\u00e1 afiliado, con vigencia no mayor a 30 d\u00edas.<\/p><\/div>\n\t\t\t\t\t\t\t<\/div>\n\t\t\t\t\t\t<\/div><div class=\"jet-accordion__item jet-toggle jet-toggle-move-up-effect\">\n\t\t\t\t\t\t\t<div id=\"jet-toggle-control-2684\" class=\"jet-toggle__control elementor-menu-anchor\" data-toggle=\"4\" role=\"button\" tabindex=\"0\" aria-controls=\"jet-toggle-content-2684\" aria-expanded=\"false\" data-template-id=\"false\">\n\t\t\t\t\t\t\t\t<div class=\"jet-toggle__label-icon jet-toggle-icon-position-left\"><span class=\"jet-toggle__icon icon-normal jet-tabs-icon\"><i class=\"fas fa-caret-right\"><\/i><\/span><span class=\"jet-toggle__icon icon-active jet-tabs-icon\"><i class=\"fas fa-caret-up\"><\/i><\/span><\/div><h3 class=\"jet-toggle__label-text\">\u00bfCu\u00e1les son las causales de la p\u00e9rdida del beneficio?<\/h3>\t\t\t\t\t\t\t<\/div>\n\t\t\t\t\t\t\t<div id=\"jet-toggle-content-2684\" class=\"jet-toggle__content\" data-toggle=\"4\" role=\"region\" data-template-id=\"false\">\n\t\t\t\t\t\t\t\t<div class=\"jet-toggle__content-inner\"><p>\u00a0\u27a4\u00a0 Aquellos que reciban un ingreso directo, realicen una actividad laboral remunerada o le contribuyan a la seguridad social (EPS, AFP, ARL)<\/p><p>\u00a0\u27a4 Those who hold the status of popularly elected public servants.<\/p><p>\u00a0\u27a4 Those who are receiving an old age, disability or survivor pension.<\/p><p>\u00a0\u27a4 Those who do not attend the training scheduled by the Employment Agency.<\/p><p>\u00a0\u27a4\u00a0 \u00a0Quienes realicen pago de aportes a seguridad social con sus propios recursos.<\/p><\/div>\n\t\t\t\t\t\t\t<\/div>\n\t\t\t\t\t\t<\/div><div class=\"jet-accordion__item jet-toggle jet-toggle-move-up-effect\">\n\t\t\t\t\t\t\t<div id=\"jet-toggle-control-2685\" class=\"jet-toggle__control elementor-menu-anchor\" data-toggle=\"5\" role=\"button\" tabindex=\"0\" aria-controls=\"jet-toggle-content-2685\" aria-expanded=\"false\" data-template-id=\"false\">\n\t\t\t\t\t\t\t\t<div class=\"jet-toggle__label-icon jet-toggle-icon-position-left\"><span class=\"jet-toggle__icon icon-normal jet-tabs-icon\"><i class=\"fas fa-caret-right\"><\/i><\/span><span class=\"jet-toggle__icon icon-active jet-tabs-icon\"><i class=\"fas fa-caret-up\"><\/i><\/span><\/div><h3 class=\"jet-toggle__label-text\">If I got a job, how do I request the suspension of the subsidy?<\/h3>\t\t\t\t\t\t\t<\/div>\n\t\t\t\t\t\t\t<div id=\"jet-toggle-content-2685\" class=\"jet-toggle__content\" data-toggle=\"5\" role=\"region\" data-template-id=\"false\">\n\t\t\t\t\t\t\t\t<div class=\"jet-toggle__content-inner\"><p>\u00a0\u27a4\u00a0Si consigues un empleo y eres beneficiario del subsidio de desempleo, debes solicitar la suspensi\u00f3n del subsidio. Para ello, env\u00eda una carta indicando el motivo de la suspensi\u00f3n al correo electr\u00f3nico fosfec@comfenalcovalle.com.co. Tambi\u00e9n puedes acercarte a la Agencia de Empleo m\u00e1s cercana y diligenciar el formato de suspensi\u00f3n del beneficio<\/p><p>A continuaci\u00f3n le notificamos las sedes de las agencias de empleo y colocaci\u00f3n:<\/p><p>* Cali: Calle 7 #6-62<br \/>* Buenaventura: Carrera 4 # 3-33<br \/>* Tulu\u00e1: Carrera 30 #29-04<br \/>* Buga: Calle 7 # 11-27<br \/>* Cartago: Calle 13 # 1-70<br \/>* Palmira: Calle 31 #29-54.<\/p><p>Aseg\u00farate de realizar este tr\u00e1mite para evitar inconvenientes. \ud83d\ude0a<\/p><\/div>\n\t\t\t\t\t\t\t<\/div>\n\t\t\t\t\t\t<\/div><div class=\"jet-accordion__item jet-toggle jet-toggle-move-up-effect\">\n\t\t\t\t\t\t\t<div id=\"jet-toggle-control-2686\" class=\"jet-toggle__control elementor-menu-anchor\" data-toggle=\"6\" role=\"button\" tabindex=\"0\" aria-controls=\"jet-toggle-content-2686\" aria-expanded=\"false\" data-template-id=\"false\">\n\t\t\t\t\t\t\t\t<div class=\"jet-toggle__label-icon jet-toggle-icon-position-left\"><span class=\"jet-toggle__icon icon-normal jet-tabs-icon\"><i class=\"fas fa-caret-right\"><\/i><\/span><span class=\"jet-toggle__icon icon-active jet-tabs-icon\"><i class=\"fas fa-caret-up\"><\/i><\/span><\/div><h3 class=\"jet-toggle__label-text\">\u00bfCu\u00e1les son los horario de atenci\u00f3n en la agencia de empleo?<\/h3>\t\t\t\t\t\t\t<\/div>\n\t\t\t\t\t\t\t<div id=\"jet-toggle-content-2686\" class=\"jet-toggle__content\" data-toggle=\"6\" role=\"region\" data-template-id=\"false\">\n\t\t\t\t\t\t\t\t<div class=\"jet-toggle__content-inner\"><p>A continuaci\u00f3n, relacionamos nuestras sedes y los Horarios de atenci\u00f3n presencial:<\/p><p>\u27a4 Cali: Calle 7 # 6 &#8211; 62, horario de lunes a viernes de 8:00 a.m. a 2:00 pm.<\/p><p>\u27a4 Palmira: Calle 31 # 29 &#8211; 54, horario de lunes a viernes de 8:00 a.m. a 12:00 m.<\/p><p>\u27a4 Buenaventura: Carrera 4 # 3 &#8211; 33, horario de lunes a viernes de 8:00 a.m. a 12:00 m.<\/p><p>\u27a4 Cartago: Calle 13 # 1 &#8211; 70, horario de lunes a viernes de 8:00 a.m. a 12:00 m.<\/p><p>\u27a4 Buga: Calle 7 # 11 &#8211; 21, horario de lunes a viernes de 8:00 a.m. a 12:00 m.<\/p><p>\u27a4 Tulu\u00e1: Carrera 30 # 29, horario de lunes a viernes de 8:00 a.m. a 12:00 m.<\/p><\/div>\n\t\t\t\t\t\t\t<\/div>\n\t\t\t\t\t\t<\/div><div class=\"jet-accordion__item jet-toggle jet-toggle-move-up-effect\">\n\t\t\t\t\t\t\t<div id=\"jet-toggle-control-2687\" class=\"jet-toggle__control elementor-menu-anchor\" data-toggle=\"7\" role=\"button\" tabindex=\"0\" aria-controls=\"jet-toggle-content-2687\" aria-expanded=\"false\" data-template-id=\"false\">\n\t\t\t\t\t\t\t\t<div class=\"jet-toggle__label-icon jet-toggle-icon-position-left\"><span class=\"jet-toggle__icon icon-normal jet-tabs-icon\"><i class=\"fas fa-caret-right\"><\/i><\/span><span class=\"jet-toggle__icon icon-active jet-tabs-icon\"><i class=\"fas fa-caret-up\"><\/i><\/span><\/div><h3 class=\"jet-toggle__label-text\">\u00bfQu\u00e9 es el subsidio al desempleo?<\/h3>\t\t\t\t\t\t\t<\/div>\n\t\t\t\t\t\t\t<div id=\"jet-toggle-content-2687\" class=\"jet-toggle__content\" data-toggle=\"7\" role=\"region\" data-template-id=\"false\">\n\t\t\t\t\t\t\t\t<div class=\"jet-toggle__content-inner\"><p>El Subsidio al Desempleo es una estrategia del Gobierno y las Cajas de Compensaci\u00f3n Familiar destinada a mitigar los efectos del desempleo. Este beneficio gratuito busca ofrecer protecci\u00f3n a quienes han perdido su trabajo y a sus familias. Para acceder a este subsidio, es necesario encontrarse en condici\u00f3n de cesante y no estar pensionado por invalidez, vejez o sobrevivencia.<\/p><p>Si deseas m\u00e1s informaci\u00f3n sobre c\u00f3mo postularte, puede consultar en el siguiente enlace: <a href=\"https:\/\/cutt.ly\/PostulacionSubsidioDesempleo\" target=\"_blank\" rel=\"noopener\">https:\/\/cutt.ly\/PostulacionSubsidioDesempleo<\/a><\/p><\/div>\n\t\t\t\t\t\t\t<\/div>\n\t\t\t\t\t\t<\/div><div class=\"jet-accordion__item jet-toggle jet-toggle-move-up-effect\">\n\t\t\t\t\t\t\t<div id=\"jet-toggle-control-2688\" class=\"jet-toggle__control elementor-menu-anchor\" data-toggle=\"8\" role=\"button\" tabindex=\"0\" aria-controls=\"jet-toggle-content-2688\" aria-expanded=\"false\" data-template-id=\"false\">\n\t\t\t\t\t\t\t\t<div class=\"jet-toggle__label-icon jet-toggle-icon-position-left\"><span class=\"jet-toggle__icon icon-normal jet-tabs-icon\"><i class=\"fas fa-caret-right\"><\/i><\/span><span class=\"jet-toggle__icon icon-active jet-tabs-icon\"><i class=\"fas fa-caret-up\"><\/i><\/span><\/div><h3 class=\"jet-toggle__label-text\">\u00bfComo hago mi postulaci\u00f3n virtual al subsidio al desempleo?<\/h3>\t\t\t\t\t\t\t<\/div>\n\t\t\t\t\t\t\t<div id=\"jet-toggle-content-2688\" class=\"jet-toggle__content\" data-toggle=\"8\" role=\"region\" data-template-id=\"false\">\n\t\t\t\t\t\t\t\t<div class=\"jet-toggle__content-inner\"><p>La postulaci\u00f3n se puede realizar de forma virtual siguiendo estos pasos:<\/p><p>1. Accede al siguiente enlace: <a href=\"https:\/\/test.comfenalcovalle.com.co\/en\/postulacionesagenciadeempleo\/seguro-al-desempleo\/\" target=\"_blank\" rel=\"noopener\"><strong>Aqu\u00ed<\/strong><\/a><\/p><p>2. Aseg\u00farate de tener escaneados los siguientes documentos: C\u00e9dula de Ciudadan\u00eda, y la carta de terminaci\u00f3n de contrato del \u00faltimo v\u00ednculo laboral que contenga: fecha de retiro, \u00faltimo salario devengado y motivo de retiro.<\/p><p>3. Si en su carta de retiro laboral falta alguno de los datos mencionados, descarga y completa la declaraci\u00f3n juramentada que puedes encontrar en el siguiente enlace: <a href=\"https:\/\/test.comfenalcovalle.com.co\/wp-content\/uploads\/2025\/02\/DECLARACION-JURAMENTADA-V2-1.pdf\" target=\"_blank\" rel=\"noopener\"><strong>Aqu\u00ed<\/strong><\/a><\/p><p>4. Finalmente, procede a realizar la postulaci\u00f3n en el siguiente enlace: <a href=\"https:\/\/zenith.asopagos.com:8444\/ASOPAGOS\/jsp\/zenithFront\/index.html#\/preRadicacionEnLinea?param=cGFyYW1ldHJvX2VzcGVyYWRvPTQz\" target=\"_blank\" rel=\"noopener\"><strong>Aqu\u00ed<\/strong><\/a><\/p><\/div>\n\t\t\t\t\t\t\t<\/div>\n\t\t\t\t\t\t<\/div><div class=\"jet-accordion__item jet-toggle jet-toggle-move-up-effect\">\n\t\t\t\t\t\t\t<div id=\"jet-toggle-control-2689\" class=\"jet-toggle__control elementor-menu-anchor\" data-toggle=\"9\" role=\"button\" tabindex=\"0\" aria-controls=\"jet-toggle-content-2689\" aria-expanded=\"false\" data-template-id=\"false\">\n\t\t\t\t\t\t\t\t<div class=\"jet-toggle__label-icon jet-toggle-icon-position-left\"><span class=\"jet-toggle__icon icon-normal jet-tabs-icon\"><i class=\"fas fa-caret-right\"><\/i><\/span><span class=\"jet-toggle__icon icon-active jet-tabs-icon\"><i class=\"fas fa-caret-up\"><\/i><\/span><\/div><h3 class=\"jet-toggle__label-text\">\u00bfCu\u00e1l es la ley que reglamenta el subsidio al desempleo?<\/h3>\t\t\t\t\t\t\t<\/div>\n\t\t\t\t\t\t\t<div id=\"jet-toggle-content-2689\" class=\"jet-toggle__content\" data-toggle=\"9\" role=\"region\" data-template-id=\"false\">\n\t\t\t\t\t\t\t\t<div class=\"jet-toggle__content-inner\"><p>La ley que reglamenta el subsidio al desempleo es la Ley 1636 de 2013, la cual fue reformada por la Ley 2225 de 2022 y reglamentada por el Decreto 1493 de 2022. \ud83d\ude0a<\/p><\/div>\n\t\t\t\t\t\t\t<\/div>\n\t\t\t\t\t\t<\/div><div class=\"jet-accordion__item jet-toggle jet-toggle-move-up-effect\">\n\t\t\t\t\t\t\t<div id=\"jet-toggle-control-26810\" class=\"jet-toggle__control elementor-menu-anchor\" data-toggle=\"10\" role=\"button\" tabindex=\"0\" aria-controls=\"jet-toggle-content-26810\" aria-expanded=\"false\" data-template-id=\"false\">\n\t\t\t\t\t\t\t\t<div class=\"jet-toggle__label-icon jet-toggle-icon-position-left\"><span class=\"jet-toggle__icon icon-normal jet-tabs-icon\"><i class=\"fas fa-caret-right\"><\/i><\/span><span class=\"jet-toggle__icon icon-active jet-tabs-icon\"><i class=\"fas fa-caret-up\"><\/i><\/span><\/div><h3 class=\"jet-toggle__label-text\">\u00bfEn cu\u00e1nto tiempo me dan respuesta si mi subsidio fue asignado o denegado?<\/h3>\t\t\t\t\t\t\t<\/div>\n\t\t\t\t\t\t\t<div id=\"jet-toggle-content-26810\" class=\"jet-toggle__content\" data-toggle=\"10\" role=\"region\" data-template-id=\"false\">\n\t\t\t\t\t\t\t\t<div class=\"jet-toggle__content-inner\"><p>La respuesta a su solicitud de postulaci\u00f3n le ser\u00e1 informado en un t\u00e9rmino aproximado de 15 d\u00edas h\u00e1biles. Si se requiere informaci\u00f3n o documentaci\u00f3n adicional debe estar atento a su correo electr\u00f3nico al cual se le enviar\u00e1 notificaci\u00f3n sobre el avance de este.<\/p><\/div>\n\t\t\t\t\t\t\t<\/div>\n\t\t\t\t\t\t<\/div><div class=\"jet-accordion__item jet-toggle jet-toggle-move-up-effect\">\n\t\t\t\t\t\t\t<div id=\"jet-toggle-control-26811\" class=\"jet-toggle__control elementor-menu-anchor\" data-toggle=\"11\" role=\"button\" tabindex=\"0\" aria-controls=\"jet-toggle-content-26811\" aria-expanded=\"false\" data-template-id=\"false\">\n\t\t\t\t\t\t\t\t<div class=\"jet-toggle__label-icon jet-toggle-icon-position-left\"><span class=\"jet-toggle__icon icon-normal jet-tabs-icon\"><i class=\"fas fa-caret-right\"><\/i><\/span><span class=\"jet-toggle__icon icon-active jet-tabs-icon\"><i class=\"fas fa-caret-up\"><\/i><\/span><\/div><h3 class=\"jet-toggle__label-text\">Si no termine todo mi subsidio al desempleo puedo solicitar que lo vuelvan activar<\/h3>\t\t\t\t\t\t\t<\/div>\n\t\t\t\t\t\t\t<div id=\"jet-toggle-content-26811\" class=\"jet-toggle__content\" data-toggle=\"11\" role=\"region\" data-template-id=\"false\">\n\t\t\t\t\t\t\t\t<div class=\"jet-toggle__content-inner\"><p>Si no terminaste todo el subsidio al desempleo, puedes solicitar la reactivaci\u00f3n del beneficio. Para hacerlo, debe env\u00eda un correo electr\u00f3nico <a href=\"mailto:fosfec@comfenalcovalle.com.co\" target=\"_blank\" rel=\"noopener\"><strong>fosfec@comfenalcovalle.com.co<\/strong><\/a> incluyendo tus datos b\u00e1sicos (nombre, c\u00e9dula y tel\u00e9fono). Ellos validar\u00e1n la informaci\u00f3n y te notificar\u00e1n sobre el proceso de la reactivaci\u00f3n. \ud83d\ude0a<\/p><\/div>\n\t\t\t\t\t\t\t<\/div>\n\t\t\t\t\t\t<\/div><div class=\"jet-accordion__item jet-toggle jet-toggle-move-up-effect\">\n\t\t\t\t\t\t\t<div id=\"jet-toggle-control-26812\" class=\"jet-toggle__control elementor-menu-anchor\" data-toggle=\"12\" role=\"button\" tabindex=\"0\" aria-controls=\"jet-toggle-content-26812\" aria-expanded=\"false\" data-template-id=\"false\">\n\t\t\t\t\t\t\t\t<div class=\"jet-toggle__label-icon jet-toggle-icon-position-left\"><span class=\"jet-toggle__icon icon-normal jet-tabs-icon\"><i class=\"fas fa-caret-right\"><\/i><\/span><span class=\"jet-toggle__icon icon-active jet-tabs-icon\"><i class=\"fas fa-caret-up\"><\/i><\/span><\/div><h3 class=\"jet-toggle__label-text\">\u00bfDebo realizar alguna afiliaci\u00f3n a la EPS si accedo al subsidio al desempleo?<\/h3>\t\t\t\t\t\t\t<\/div>\n\t\t\t\t\t\t\t<div id=\"jet-toggle-content-26812\" class=\"jet-toggle__content\" data-toggle=\"12\" role=\"region\" data-template-id=\"false\">\n\t\t\t\t\t\t\t\t<div class=\"jet-toggle__content-inner\"><p>Si perteneces a alguna de estas EPS: Emsannar, Nueva EPS y EPS SOS, no debe realizar afiliaci\u00f3n.<\/p><p>Si pertenece a otras EPS si debes realizar la afiliaci\u00f3n, para mayor claridad consultar la carta de aprobaci\u00f3n remitida a su correo electr\u00f3nico, donde menciona en qu\u00e9 fecha ser\u00e1 enviada la carta formal para realizar dicho tr\u00e1mite.<\/p><\/div>\n\t\t\t\t\t\t\t<\/div>\n\t\t\t\t\t\t<\/div><div class=\"jet-accordion__item jet-toggle jet-toggle-move-up-effect\">\n\t\t\t\t\t\t\t<div id=\"jet-toggle-control-26813\" class=\"jet-toggle__control elementor-menu-anchor\" data-toggle=\"13\" role=\"button\" tabindex=\"0\" aria-controls=\"jet-toggle-content-26813\" aria-expanded=\"false\" data-template-id=\"false\">\n\t\t\t\t\t\t\t\t<div class=\"jet-toggle__label-icon jet-toggle-icon-position-left\"><span class=\"jet-toggle__icon icon-normal jet-tabs-icon\"><i class=\"fas fa-caret-right\"><\/i><\/span><span class=\"jet-toggle__icon icon-active jet-tabs-icon\"><i class=\"fas fa-caret-up\"><\/i><\/span><\/div><h3 class=\"jet-toggle__label-text\">Estoy desempleado desde hace m\u00e1s de tres a\u00f1os, puedo postularme al subsidio al desempleo<\/h3>\t\t\t\t\t\t\t<\/div>\n\t\t\t\t\t\t\t<div id=\"jet-toggle-content-26813\" class=\"jet-toggle__content\" data-toggle=\"13\" role=\"region\" data-template-id=\"false\">\n\t\t\t\t\t\t\t\t<div class=\"jet-toggle__content-inner\"><p>Para postularte al subsidio al desempleo, debes estar en condici\u00f3n de desempleado, pero tambi\u00e9n necesitas haber cotizado a una Caja de Compensaci\u00f3n Familiar durante un a\u00f1o en los \u00faltimos tres a\u00f1os. Si has estado desempleado durante m\u00e1s de tres a\u00f1os y no cumples con los requisitos de cotizaci\u00f3n, no podr\u00e1s postularte. Te invitamos a acceder a la ruta de empleabilidad, para la b\u00fasqueda de ofertas laborales \ud83d\ude0a <a href=\"https:\/\/test.comfenalcovalle.com.co\/en\/personas\/agencia-de-empleo\/\" target=\"_blank\" rel=\"noopener\">https:\/\/test.comfenalcovalle.com.co\/personas\/agencia-de-empleo\/<\/a><\/p><\/div>\n\t\t\t\t\t\t\t<\/div>\n\t\t\t\t\t\t<\/div><div class=\"jet-accordion__item jet-toggle jet-toggle-move-up-effect\">\n\t\t\t\t\t\t\t<div id=\"jet-toggle-control-26814\" class=\"jet-toggle__control elementor-menu-anchor\" data-toggle=\"14\" role=\"button\" tabindex=\"0\" aria-controls=\"jet-toggle-content-26814\" aria-expanded=\"false\" data-template-id=\"false\">\n\t\t\t\t\t\t\t\t<div class=\"jet-toggle__label-icon jet-toggle-icon-position-left\"><span class=\"jet-toggle__icon icon-normal jet-tabs-icon\"><i class=\"fas fa-caret-right\"><\/i><\/span><span class=\"jet-toggle__icon icon-active jet-tabs-icon\"><i class=\"fas fa-caret-up\"><\/i><\/span><\/div><h3 class=\"jet-toggle__label-text\">\u00bfComo registro mi cuenta bancaria para la consignaci\u00f3n del subsidio al desempleo?<\/h3>\t\t\t\t\t\t\t<\/div>\n\t\t\t\t\t\t\t<div id=\"jet-toggle-content-26814\" class=\"jet-toggle__content\" data-toggle=\"14\" role=\"region\" data-template-id=\"false\">\n\t\t\t\t\t\t\t\t<div class=\"jet-toggle__content-inner\"><p>Si eres beneficiario del subsidio al desempleo, es necesario que informe su cuenta de Daviplata o cuenta bancaria a su nombre, enviando la certificaci\u00f3n al correo electr\u00f3nico <a href=\"mailto:fosfec@comfenalcovalle.com.co\" target=\"_blank\" rel=\"noopener\"><strong>fosfec@comfenalcovalle.com.co<\/strong><\/a>, relacionando sus datos: nombre completo y n\u00famero de documento de identidad.<\/p><\/div>\n\t\t\t\t\t\t\t<\/div>\n\t\t\t\t\t\t<\/div><div class=\"jet-accordion__item jet-toggle jet-toggle-move-up-effect\">\n\t\t\t\t\t\t\t<div id=\"jet-toggle-control-26815\" class=\"jet-toggle__control elementor-menu-anchor\" data-toggle=\"15\" role=\"button\" tabindex=\"0\" aria-controls=\"jet-toggle-content-26815\" aria-expanded=\"false\" data-template-id=\"false\">\n\t\t\t\t\t\t\t\t<div class=\"jet-toggle__label-icon jet-toggle-icon-position-left\"><span class=\"jet-toggle__icon icon-normal jet-tabs-icon\"><i class=\"fas fa-caret-right\"><\/i><\/span><span class=\"jet-toggle__icon icon-active jet-tabs-icon\"><i class=\"fas fa-caret-up\"><\/i><\/span><\/div><h3 class=\"jet-toggle__label-text\">\u00bfC\u00f3mo puedo saber en qu\u00e9 estado esta mi postulaci\u00f3n al subsidio al desempleo?<\/h3>\t\t\t\t\t\t\t<\/div>\n\t\t\t\t\t\t\t<div id=\"jet-toggle-content-26815\" class=\"jet-toggle__content\" data-toggle=\"15\" role=\"region\" data-template-id=\"false\">\n\t\t\t\t\t\t\t\t<div class=\"jet-toggle__content-inner\"><p>Si te postulaste al subsidio al desempleo y desea conocer el estado de su postulaci\u00f3n debe solicitar la informaci\u00f3n al correo electr\u00f3nico <a href=\"mailto:fosfec@comfenalcovalle.com.co\" target=\"_blank\" rel=\"noopener\"><strong>fosfec@comfenalcovalle.com.co<\/strong><\/a>, relacionando sus datos: nombre completo y n\u00famero de documento de identidad.<\/p><\/div>\n\t\t\t\t\t\t\t<\/div>\n\t\t\t\t\t\t<\/div><div class=\"jet-accordion__item jet-toggle jet-toggle-move-up-effect\">\n\t\t\t\t\t\t\t<div id=\"jet-toggle-control-26816\" class=\"jet-toggle__control elementor-menu-anchor\" data-toggle=\"16\" role=\"button\" tabindex=\"0\" aria-controls=\"jet-toggle-content-26816\" aria-expanded=\"false\" data-template-id=\"false\">\n\t\t\t\t\t\t\t\t<div class=\"jet-toggle__label-icon jet-toggle-icon-position-left\"><span class=\"jet-toggle__icon icon-normal jet-tabs-icon\"><i class=\"fas fa-caret-right\"><\/i><\/span><span class=\"jet-toggle__icon icon-active jet-tabs-icon\"><i class=\"fas fa-caret-up\"><\/i><\/span><\/div><h3 class=\"jet-toggle__label-text\">Me lleg\u00f3 una notificaci\u00f3n de recobro Fosfec, esto a qu\u00e9 se debe?<\/h3>\t\t\t\t\t\t\t<\/div>\n\t\t\t\t\t\t\t<div id=\"jet-toggle-content-26816\" class=\"jet-toggle__content\" data-toggle=\"16\" role=\"region\" data-template-id=\"false\">\n\t\t\t\t\t\t\t\t<div class=\"jet-toggle__content-inner\"><p>La notificaci\u00f3n de recobro de Fosfec puede deberse a que se ha identificado una deuda pendiente que requiere su atenci\u00f3n. Para obtener m\u00e1s informaci\u00f3n espec\u00edfica sobre el recobro, puedes escribir al correo electr\u00f3nico <a href=\"mailto:recobrosfosfec@comfenalcovalle.com.co\" target=\"_blank\" rel=\"noopener\"><strong>recobrosfosfec@comfenalcovalle.com.co<\/strong><\/a>. \ud83d\ude0a<\/p><\/div>\n\t\t\t\t\t\t\t<\/div>\n\t\t\t\t\t\t<\/div><div class=\"jet-accordion__item jet-toggle jet-toggle-move-up-effect\">\n\t\t\t\t\t\t\t<div id=\"jet-toggle-control-26817\" class=\"jet-toggle__control elementor-menu-anchor\" data-toggle=\"17\" role=\"button\" tabindex=\"0\" aria-controls=\"jet-toggle-content-26817\" aria-expanded=\"false\" data-template-id=\"false\">\n\t\t\t\t\t\t\t\t<div class=\"jet-toggle__label-icon jet-toggle-icon-position-left\"><span class=\"jet-toggle__icon icon-normal jet-tabs-icon\"><i class=\"fas fa-caret-right\"><\/i><\/span><span class=\"jet-toggle__icon icon-active jet-tabs-icon\"><i class=\"fas fa-caret-up\"><\/i><\/span><\/div><h3 class=\"jet-toggle__label-text\">Si accedo al subsidio al desempleo debo afiliarme a un fondo de pensi\u00f3n?<\/h3>\t\t\t\t\t\t\t<\/div>\n\t\t\t\t\t\t\t<div id=\"jet-toggle-content-26817\" class=\"jet-toggle__content\" data-toggle=\"17\" role=\"region\" data-template-id=\"false\">\n\t\t\t\t\t\t\t\t<div class=\"jet-toggle__content-inner\"><p>No es preciso que realice la inscripci\u00f3n a un nuevo fondo de pensiones para recibir el subsidio al desempleo. Sin embargo, se tomar\u00e1 en cuenta el \u00faltimo fondo de pensiones donde se efectu\u00f3 el aporte.<\/p><\/div>\n\t\t\t\t\t\t\t<\/div>\n\t\t\t\t\t\t<\/div>\t\t\t<\/div>\n\t\t<\/div>\n\t\t\t\t\t\t<\/div>\n\t\t\t\t<\/div>\n\t\t\t\t\t<\/div>\n\t\t<\/div>\n\t\t\t\t\t<\/div>\n\t\t<\/section>\n\t\t\t\t<section class=\"elementor-section elementor-inner-section elementor-element elementor-element-4382f29 elementor-section-boxed elementor-section-height-default elementor-section-height-default\" data-id=\"4382f29\" data-element_type=\"section\">\n\t\t\t\t\t\t<div class=\"elementor-container elementor-column-gap-default\">\n\t\t\t\t\t<div class=\"elementor-column elementor-col-100 elementor-inner-column elementor-element elementor-element-130093f\" data-id=\"130093f\" data-element_type=\"column\">\n\t\t\t<div class=\"elementor-widget-wrap elementor-element-populated\">\n\t\t\t\t\t\t<div class=\"elementor-element elementor-element-815bf1a elementor-position-right elementor-view-default elementor-mobile-position-top elementor-vertical-align-top elementor-widget elementor-widget-icon-box\" data-id=\"815bf1a\" data-element_type=\"widget\" data-widget_type=\"icon-box.default\">\n\t\t\t\t<div class=\"elementor-widget-container\">\n\t\t\t\t\t\t\t<div class=\"elementor-icon-box-wrapper\">\n\n\t\t\t\t\t\t<div class=\"elementor-icon-box-icon\">\n\t\t\t\t<span  class=\"elementor-icon\">\n\t\t\t\t<i aria-hidden=\"true\" class=\"fas fa-business-time\"><\/i>\t\t\t\t<\/span>\n\t\t\t<\/div>\n\t\t\t\n\t\t\t\t\t\t<div class=\"elementor-icon-box-content\">\n\n\t\t\t\t\t\t\t\t\t<h2 class=\"elementor-icon-box-title\">\n\t\t\t\t\t\t<span  >\n\t\t\t\t\t\t\tBusiness management\t\t\t\t\t\t<\/span>\n\t\t\t\t\t<\/h2>\n\t\t\t\t\n\t\t\t\t\n\t\t\t<\/div>\n\t\t\t\n\t\t<\/div>\n\t\t\t\t\t\t<\/div>\n\t\t\t\t<\/div>\n\t\t\t\t<div class=\"elementor-element elementor-element-c506779 elementor-widget elementor-widget-jet-accordion\" data-id=\"c506779\" data-element_type=\"widget\" data-widget_type=\"jet-accordion.default\">\n\t\t\t\t<div class=\"elementor-widget-container\">\n\t\t\t\t\t\t\t<div class=\"jet-accordion\" data-settings=\"{&quot;collapsible&quot;:false,&quot;ajaxTemplate&quot;:false,&quot;switchScrolling&quot;:false,&quot;switchScrollingOffset&quot;:0,&quot;switchScrollingDelay&quot;:500}\">\n\t\t\t<div class=\"jet-accordion__inner\">\n\t\t\t\t<div class=\"jet-accordion__item jet-toggle jet-toggle-move-up-effect\">\n\t\t\t\t\t\t\t<div id=\"jet-toggle-control-2061\" class=\"jet-toggle__control elementor-menu-anchor\" data-toggle=\"1\" role=\"button\" tabindex=\"0\" aria-controls=\"jet-toggle-content-2061\" aria-expanded=\"false\" data-template-id=\"false\">\n\t\t\t\t\t\t\t\t<div class=\"jet-toggle__label-icon jet-toggle-icon-position-left\"><span class=\"jet-toggle__icon icon-normal jet-tabs-icon\"><i class=\"fas fa-caret-right\"><\/i><\/span><span class=\"jet-toggle__icon icon-active jet-tabs-icon\"><i class=\"fas fa-caret-up\"><\/i><\/span><\/div><h3 class=\"jet-toggle__label-text\">How can a company access the services offered by the Comfenalco Valle Delagente Employment Agency?<\/h3>\t\t\t\t\t\t\t<\/div>\n\t\t\t\t\t\t\t<div id=\"jet-toggle-content-2061\" class=\"jet-toggle__content\" data-toggle=\"1\" role=\"region\" data-template-id=\"false\">\n\t\t\t\t\t\t\t\t<div class=\"jet-toggle__content-inner\"><p>\u27a4\u00a0 Para acceder a los servicios a empresarios ofrecidos por la Agencia de Empleo de Comfenalco Valle Delagente el empresario debe ingresar los datos de la empresa a trav\u00e9s del <span style=\"text-decoration: underline;\"><a href=\"https:\/\/test.comfenalcovalle.com.co\/en\/empresas\/ruta-de-la-empleabilidad\/\" target=\"_blank\" rel=\"noopener\"><strong>enlace oficial<\/strong><\/a><\/span>, in the COMPANIES button, in which you will find the step by step to register as an entrepreneur.<\/p><p>\u27a4\u00a0 Una vez inscritos los datos en el formulario que encontrar\u00e1 en la parte derecha de tu pantalla, quedar\u00e1 registrado su inter\u00e9s en nuestros servicios. En un periodo m\u00e1ximo de 5 d\u00edas h\u00e1biles ser\u00e1 contactado por uno de nuestros Gestores Empresariales.<\/p><p>\u27a4\u00a0 Si desea contactarse directamente, al correo electr\u00f3nico <strong><a href=\"mailto:agenciadeempleo@comfenalcovalle.com.co\" target=\"_blank\" rel=\"noopener\">agenciadeempleo@comfenalcovalle.com.co<\/a><\/strong><\/p><\/div>\n\t\t\t\t\t\t\t<\/div>\n\t\t\t\t\t\t<\/div><div class=\"jet-accordion__item jet-toggle jet-toggle-move-up-effect\">\n\t\t\t\t\t\t\t<div id=\"jet-toggle-control-2062\" class=\"jet-toggle__control elementor-menu-anchor\" data-toggle=\"2\" role=\"button\" tabindex=\"0\" aria-controls=\"jet-toggle-content-2062\" aria-expanded=\"false\" data-template-id=\"false\">\n\t\t\t\t\t\t\t\t<div class=\"jet-toggle__label-icon jet-toggle-icon-position-left\"><span class=\"jet-toggle__icon icon-normal jet-tabs-icon\"><i class=\"fas fa-caret-right\"><\/i><\/span><span class=\"jet-toggle__icon icon-active jet-tabs-icon\"><i class=\"fas fa-caret-up\"><\/i><\/span><\/div><h3 class=\"jet-toggle__label-text\">How to apply for vacancy and company registration?<\/h3>\t\t\t\t\t\t\t<\/div>\n\t\t\t\t\t\t\t<div id=\"jet-toggle-content-2062\" class=\"jet-toggle__content\" data-toggle=\"2\" role=\"region\" data-template-id=\"false\">\n\t\t\t\t\t\t\t\t<div class=\"jet-toggle__content-inner\"><p>Para registrar tu empresa en la Agencia de Empleo de Comfenalco Valle Delagente, debes seguir estos pasos:<\/p><p>1. iniciar el proceso enviando un correo electr\u00f3nico a <a href=\"mailto:agenciadeempleo@comfenalcovalle.com.co\" target=\"_blank\" rel=\"noopener\"><strong>agenciadeempleo@comfenalcovalle.com.co<\/strong><\/a><\/p><p>As\u00ed mismo, se podr\u00e1 registrar sus solicitud ingresando los datos de la empresa a trav\u00e9s del <a href=\"https:\/\/test.comfenalcovalle.com.co\/en\/empresas\/ruta-de-la-empleabilidad\/\" target=\"_blank\" rel=\"noopener\"><strong>enlace oficial<\/strong><\/a>.<\/p><p>2. Completa la informaci\u00f3n requerida.<\/p><p>3. Al correo electr\u00f3nico registrado, se enviar\u00e1 el formato de inscripci\u00f3n de empresa y registro de vacante.<\/p><p>4. La empresa debe completar los formularios proporcionados, asegur\u00e1ndose de incluir toda la informaci\u00f3n requerida sobre el perfil del candidato que est\u00e1n buscando, estos deben ser enviados de regreso a la Agencia de Empleo Comfenalco Valle.<\/p><p>5. Una vez que la documentaci\u00f3n ha sido revisada y aprobada, un gestor de la agencia ser\u00e1 asignado para atender la solicitud de la empresa.<\/p><p>6. La vacante ser\u00e1 publicada en la plataforma correspondiente, y la empresa recibir\u00e1 un correo electr\u00f3nico con el c\u00f3digo de registro de vacante y los datos de contacto del profesional encargado de la gesti\u00f3n.<\/p><\/div>\n\t\t\t\t\t\t\t<\/div>\n\t\t\t\t\t\t<\/div><div class=\"jet-accordion__item jet-toggle jet-toggle-move-up-effect\">\n\t\t\t\t\t\t\t<div id=\"jet-toggle-control-2063\" class=\"jet-toggle__control elementor-menu-anchor\" data-toggle=\"3\" role=\"button\" tabindex=\"0\" aria-controls=\"jet-toggle-content-2063\" aria-expanded=\"false\" data-template-id=\"false\">\n\t\t\t\t\t\t\t\t<div class=\"jet-toggle__label-icon jet-toggle-icon-position-left\"><span class=\"jet-toggle__icon icon-normal jet-tabs-icon\"><i class=\"fas fa-caret-right\"><\/i><\/span><span class=\"jet-toggle__icon icon-active jet-tabs-icon\"><i class=\"fas fa-caret-up\"><\/i><\/span><\/div><h3 class=\"jet-toggle__label-text\">\u00bfC\u00f3mo puede mi empresa participar en las ferias de empleo de la Agencia de Empleo Comfenalco Valle Delagente?<\/h3>\t\t\t\t\t\t\t<\/div>\n\t\t\t\t\t\t\t<div id=\"jet-toggle-content-2063\" class=\"jet-toggle__content\" data-toggle=\"3\" role=\"region\" data-template-id=\"false\">\n\t\t\t\t\t\t\t\t<div class=\"jet-toggle__content-inner\"><p>Las ferias de empleo de la Agencia de Empleo Comfenalco Valle est\u00e1n orientadas a empresas que buscan contratar un n\u00famero significativo de personas. Si tu empresa est\u00e1 interesada en participar, por favor, cont\u00e1ctanos a trav\u00e9s del correo electr\u00f3nico <a href=\"mailto:agenciadeempleo@comfenalcovalle.com.co\" target=\"_blank\" rel=\"noopener\"><strong>agenciadeempleo@comfenalcovalle.com.co<\/strong><\/a>. Te proporcionaremos todos los detalles sobre el proceso de participaci\u00f3n, los requisitos y la informaci\u00f3n relevante del evento.<\/p><\/div>\n\t\t\t\t\t\t\t<\/div>\n\t\t\t\t\t\t<\/div><div class=\"jet-accordion__item jet-toggle jet-toggle-move-up-effect\">\n\t\t\t\t\t\t\t<div id=\"jet-toggle-control-2064\" class=\"jet-toggle__control elementor-menu-anchor\" data-toggle=\"4\" role=\"button\" tabindex=\"0\" aria-controls=\"jet-toggle-content-2064\" aria-expanded=\"false\" data-template-id=\"false\">\n\t\t\t\t\t\t\t\t<div class=\"jet-toggle__label-icon jet-toggle-icon-position-left\"><span class=\"jet-toggle__icon icon-normal jet-tabs-icon\"><i class=\"fas fa-caret-right\"><\/i><\/span><span class=\"jet-toggle__icon icon-active jet-tabs-icon\"><i class=\"fas fa-caret-up\"><\/i><\/span><\/div><h3 class=\"jet-toggle__label-text\">\u00bfTiene alg\u00fan costo para mi empresa el apoyo de Comfenalco Valle Delagente en la consecuci\u00f3n de candidatos?<\/h3>\t\t\t\t\t\t\t<\/div>\n\t\t\t\t\t\t\t<div id=\"jet-toggle-content-2064\" class=\"jet-toggle__content\" data-toggle=\"4\" role=\"region\" data-template-id=\"false\">\n\t\t\t\t\t\t\t\t<div class=\"jet-toggle__content-inner\"><p>No, el acompa\u00f1amiento de la agencia de empleo Comfenalco Valle Delagente en la b\u00fasqueda de sus futuros colaboradores es totalmente gratuito. Buscamos establecer una relaci\u00f3n de colaboraci\u00f3n, por lo que agradecemos su compromiso de mantenernos informados sobre el avance de los candidatos que les presentamos, facilitando as\u00ed un cierre exitoso de las vacantes.<\/p><\/div>\n\t\t\t\t\t\t\t<\/div>\n\t\t\t\t\t\t<\/div><div class=\"jet-accordion__item jet-toggle jet-toggle-move-up-effect\">\n\t\t\t\t\t\t\t<div id=\"jet-toggle-control-2065\" class=\"jet-toggle__control elementor-menu-anchor\" data-toggle=\"5\" role=\"button\" tabindex=\"0\" aria-controls=\"jet-toggle-content-2065\" aria-expanded=\"false\" data-template-id=\"false\">\n\t\t\t\t\t\t\t\t<div class=\"jet-toggle__label-icon jet-toggle-icon-position-left\"><span class=\"jet-toggle__icon icon-normal jet-tabs-icon\"><i class=\"fas fa-caret-right\"><\/i><\/span><span class=\"jet-toggle__icon icon-active jet-tabs-icon\"><i class=\"fas fa-caret-up\"><\/i><\/span><\/div><h3 class=\"jet-toggle__label-text\">\u00bfCu\u00e1l es el tiempo de respuesta de la Agencia de Empleo Comfenalco Valle Delagente para el env\u00edo de candidatos?<\/h3>\t\t\t\t\t\t\t<\/div>\n\t\t\t\t\t\t\t<div id=\"jet-toggle-content-2065\" class=\"jet-toggle__content\" data-toggle=\"5\" role=\"region\" data-template-id=\"false\">\n\t\t\t\t\t\t\t\t<div class=\"jet-toggle__content-inner\"><p>Si ya has completado tu solicitud de personal y recibido la confirmaci\u00f3n por correo electr\u00f3nico, te informamos que nuestro equipo se encargar\u00e1 de enviarte las hojas de vida de los candidatos que mejor se ajusten a tus necesidades en un lapso de 3 a 5 d\u00edas h\u00e1biles. Si requieres informaci\u00f3n adicional o tienes alguna inquietud, por favor, comun\u00edcate con el gestor que te fue asignado o escr\u00edbenos a <strong><a href=\"mailto:agenciadeempleo@comfenalcovalle.com.co\" target=\"_blank\" rel=\"noopener\">agenciadeempleo@comfenalcovalle.com.co<\/a><\/strong>.<\/p><\/div>\n\t\t\t\t\t\t\t<\/div>\n\t\t\t\t\t\t<\/div>\t\t\t<\/div>\n\t\t<\/div>\n\t\t\t\t\t\t<\/div>\n\t\t\t\t<\/div>\n\t\t\t\t\t<\/div>\n\t\t<\/div>\n\t\t\t\t\t<\/div>\n\t\t<\/section>\n\t\t\t\t<section class=\"elementor-section elementor-inner-section elementor-element elementor-element-fb62652 elementor-section-boxed elementor-section-height-default elementor-section-height-default\" data-id=\"fb62652\" data-element_type=\"section\">\n\t\t\t\t\t\t<div class=\"elementor-container elementor-column-gap-default\">\n\t\t\t\t\t<div class=\"elementor-column elementor-col-100 elementor-inner-column elementor-element elementor-element-ccdb5b2\" data-id=\"ccdb5b2\" data-element_type=\"column\">\n\t\t\t<div class=\"elementor-widget-wrap elementor-element-populated\">\n\t\t\t\t\t\t<div class=\"elementor-element elementor-element-42641ee elementor-position-right elementor-view-default elementor-mobile-position-top elementor-vertical-align-top elementor-widget elementor-widget-icon-box\" data-id=\"42641ee\" data-element_type=\"widget\" data-widget_type=\"icon-box.default\">\n\t\t\t\t<div class=\"elementor-widget-container\">\n\t\t\t\t\t\t\t<div class=\"elementor-icon-box-wrapper\">\n\n\t\t\t\t\t\t<div class=\"elementor-icon-box-icon\">\n\t\t\t\t<span  class=\"elementor-icon\">\n\t\t\t\t<i aria-hidden=\"true\" class=\"fas fa-user-tie\"><\/i>\t\t\t\t<\/span>\n\t\t\t<\/div>\n\t\t\t\n\t\t\t\t\t\t<div class=\"elementor-icon-box-content\">\n\n\t\t\t\t\t\t\t\t\t<h2 class=\"elementor-icon-box-title\">\n\t\t\t\t\t\t<span  >\n\t\t\t\t\t\t\tJob intermediation\t\t\t\t\t\t<\/span>\n\t\t\t\t\t<\/h2>\n\t\t\t\t\n\t\t\t\t\n\t\t\t<\/div>\n\t\t\t\n\t\t<\/div>\n\t\t\t\t\t\t<\/div>\n\t\t\t\t<\/div>\n\t\t\t\t<div class=\"elementor-element elementor-element-6425875 elementor-widget elementor-widget-jet-accordion\" data-id=\"6425875\" data-element_type=\"widget\" data-widget_type=\"jet-accordion.default\">\n\t\t\t\t<div class=\"elementor-widget-container\">\n\t\t\t\t\t\t\t<div class=\"jet-accordion\" data-settings=\"{&quot;collapsible&quot;:false,&quot;ajaxTemplate&quot;:false,&quot;switchScrolling&quot;:false,&quot;switchScrollingOffset&quot;:0,&quot;switchScrollingDelay&quot;:500}\">\n\t\t\t<div class=\"jet-accordion__inner\">\n\t\t\t\t<div class=\"jet-accordion__item jet-toggle jet-toggle-move-up-effect\">\n\t\t\t\t\t\t\t<div id=\"jet-toggle-control-1051\" class=\"jet-toggle__control elementor-menu-anchor\" data-toggle=\"1\" role=\"button\" tabindex=\"0\" aria-controls=\"jet-toggle-content-1051\" aria-expanded=\"false\" data-template-id=\"false\">\n\t\t\t\t\t\t\t\t<div class=\"jet-toggle__label-icon jet-toggle-icon-position-left\"><span class=\"jet-toggle__icon icon-normal jet-tabs-icon\"><i class=\"fas fa-caret-right\"><\/i><\/span><span class=\"jet-toggle__icon icon-active jet-tabs-icon\"><i class=\"fas fa-caret-up\"><\/i><\/span><\/div><h3 class=\"jet-toggle__label-text\">How do I register at the Comfenalco Valle Delagente Employment Agency to find a job?<\/h3>\t\t\t\t\t\t\t<\/div>\n\t\t\t\t\t\t\t<div id=\"jet-toggle-content-1051\" class=\"jet-toggle__content\" data-toggle=\"1\" role=\"region\" data-template-id=\"false\">\n\t\t\t\t\t\t\t\t<div class=\"jet-toggle__content-inner\"><p>To access the job offers available at the Comfenalco Valle Delagente Employment Agency, you must register for the virtual Employability Route, performing the following step by step:<\/p><p>\u27a4 Ingresar a:<br \/><strong><a href=\"https:\/\/test.comfenalcovalle.com.co\/en\/personas\/agencia-de-empleo\/ruta-de-la-empleabilidad-p\/\" target=\"_blank\" rel=\"noopener\">https:\/\/test.comfenalcovalle.com.co\/personas\/agencia-de-empleo\/ruta-de-la-empleabilidad-p\/<\/a><\/strong><\/p><p>\u27a4 Diligencia el Formulario de contacto inicial con nuestros orientadores, el cual se encuentra ubicado en parte inferior, completa todos los datos y da click en enviar.<br \/>Una vez realizado dicho registro, recomendamos tener la hoja de vida registrada en la pagina del <strong><a href=\"https:\/\/personas.serviciodeempleo.gov.co\/login.aspx\" target=\"_blank\" rel=\"noopener\">Servicio de empleo<\/a>.<\/strong><\/p><p>\u27a4 Si Usted ya cuenta con registro debe de ingresar su tipo de documento y contrase\u00f1a, en caso contrario deber\u00e1 dar clic en el bot\u00f3n deseo crear cuenta.<\/p><p>\u27a4 A continuaci\u00f3n, registrar correo y darle clic en continuar.<\/p><p>\u27a4 Elegir tipo de documento e ingresarla y dar clic en continuar nuevamente.<\/p><p>\u27a4 Una vez haya ingresado a la plataforma, Usted deber\u00e1 diligenciar toda la informaci\u00f3n b\u00e1sica solicitada y dar clic en el bot\u00f3n crear cuenta.<\/p><p>\u27a4 As\u00ed mismo es de suma importancia apreciado usuario (a), que se seleccione 5 cargos de inter\u00e9s solicitados (cargos que se ajusten con la experiencia laboral desempe\u00f1ada), esto con el objetivo de tener mayor alcance en el momento de realizar sus postulaciones.<\/p><p>\u27a4 Diligenciar: Nivel Educativo\/ Experiencia Laboral\/ Educaci\u00f3n Informal\/ Idiomas y Habilidades.<\/p><p>\u27a4 Su registro deber\u00e1 quedar al 100%.<\/p><p>\u27a4 Una vez culminado este proceso, su hoja de vida quedar\u00e1 registrada de forma exitosa y podr\u00e1 empezar su proceso de postulaci\u00f3n a vacantes ingresando a la opci\u00f3n consultar vacantes.<\/p><\/div>\n\t\t\t\t\t\t\t<\/div>\n\t\t\t\t\t\t<\/div><div class=\"jet-accordion__item jet-toggle jet-toggle-move-up-effect\">\n\t\t\t\t\t\t\t<div id=\"jet-toggle-control-1052\" class=\"jet-toggle__control elementor-menu-anchor\" data-toggle=\"2\" role=\"button\" tabindex=\"0\" aria-controls=\"jet-toggle-content-1052\" aria-expanded=\"false\" data-template-id=\"false\">\n\t\t\t\t\t\t\t\t<div class=\"jet-toggle__label-icon jet-toggle-icon-position-left\"><span class=\"jet-toggle__icon icon-normal jet-tabs-icon\"><i class=\"fas fa-caret-right\"><\/i><\/span><span class=\"jet-toggle__icon icon-active jet-tabs-icon\"><i class=\"fas fa-caret-up\"><\/i><\/span><\/div><h3 class=\"jet-toggle__label-text\">How can I apply for a vacancy according to my profile?<\/h3>\t\t\t\t\t\t\t<\/div>\n\t\t\t\t\t\t\t<div id=\"jet-toggle-content-1052\" class=\"jet-toggle__content\" data-toggle=\"2\" role=\"region\" data-template-id=\"false\">\n\t\t\t\t\t\t\t\t<div class=\"jet-toggle__content-inner\"><p>\u00a0\u27a4 To access the vacancies that the Comfenalco Valle Delagente Employment Agency has, you must enter the website <a href=\"https:\/\/test.comfenalcovalle.com.co\/en\/postulacionesagenciadeempleo\/\" target=\"_blank\" rel=\"noopener\">https:\/\/test.comfenalcovalle.com.co\/postulacionesagenciadeempleo\/<\/a>\u00a0, en el bot\u00f3n de VACANTES LABORALES, en el cual encontrar\u00e1s las vacantes disponibles para nuestros usuarios.<\/p><p>\u00a0\u27a4 Subsequently, you must fill out the single application form (This must only be filled out 1 time), which will be found according to the sector of interest or the city where you reside or wish to work.<\/p><p>\u00a0\u27a4 Once this process has been completed, you will be contacted by the staff of the Employment Agency who will be in charge of guiding you throughout the referral process to the company that requires staff with your profile.<\/p><\/div>\n\t\t\t\t\t\t\t<\/div>\n\t\t\t\t\t\t<\/div><div class=\"jet-accordion__item jet-toggle jet-toggle-move-up-effect\">\n\t\t\t\t\t\t\t<div id=\"jet-toggle-control-1053\" class=\"jet-toggle__control elementor-menu-anchor\" data-toggle=\"3\" role=\"button\" tabindex=\"0\" aria-controls=\"jet-toggle-content-1053\" aria-expanded=\"false\" data-template-id=\"false\">\n\t\t\t\t\t\t\t\t<div class=\"jet-toggle__label-icon jet-toggle-icon-position-left\"><span class=\"jet-toggle__icon icon-normal jet-tabs-icon\"><i class=\"fas fa-caret-right\"><\/i><\/span><span class=\"jet-toggle__icon icon-active jet-tabs-icon\"><i class=\"fas fa-caret-up\"><\/i><\/span><\/div><h3 class=\"jet-toggle__label-text\">How soon do they call me for the interview?<\/h3>\t\t\t\t\t\t\t<\/div>\n\t\t\t\t\t\t\t<div id=\"jet-toggle-content-1053\" class=\"jet-toggle__content\" data-toggle=\"3\" role=\"region\" data-template-id=\"false\">\n\t\t\t\t\t\t\t\t<div class=\"jet-toggle__content-inner\"><p>The contact times depend solely and exclusively on the applicant company, taking into account that the Employment Agency plays the role of intermediary between the Company and the job seeker.<\/p><p>It is also decisive for contact with the user the relevance of their profile compared to what is required by the company and its criteria for the selection of personnel.<\/p><\/div>\n\t\t\t\t\t\t\t<\/div>\n\t\t\t\t\t\t<\/div><div class=\"jet-accordion__item jet-toggle jet-toggle-move-up-effect\">\n\t\t\t\t\t\t\t<div id=\"jet-toggle-control-1054\" class=\"jet-toggle__control elementor-menu-anchor\" data-toggle=\"4\" role=\"button\" tabindex=\"0\" aria-controls=\"jet-toggle-content-1054\" aria-expanded=\"false\" data-template-id=\"false\">\n\t\t\t\t\t\t\t\t<div class=\"jet-toggle__label-icon jet-toggle-icon-position-left\"><span class=\"jet-toggle__icon icon-normal jet-tabs-icon\"><i class=\"fas fa-caret-right\"><\/i><\/span><span class=\"jet-toggle__icon icon-active jet-tabs-icon\"><i class=\"fas fa-caret-up\"><\/i><\/span><\/div><h3 class=\"jet-toggle__label-text\">How do I know if it&#039;s selected?<\/h3>\t\t\t\t\t\t\t<\/div>\n\t\t\t\t\t\t\t<div id=\"jet-toggle-content-1054\" class=\"jet-toggle__content\" data-toggle=\"4\" role=\"region\" data-template-id=\"false\">\n\t\t\t\t\t\t\t\t<div class=\"jet-toggle__content-inner\"><p>The selection and hiring process is carried out by the applicant company, which is why it will be the company that will provide the applicant with the information corresponding to the continuity of the process.<\/p><\/div>\n\t\t\t\t\t\t\t<\/div>\n\t\t\t\t\t\t<\/div><div class=\"jet-accordion__item jet-toggle jet-toggle-move-up-effect\">\n\t\t\t\t\t\t\t<div id=\"jet-toggle-control-1055\" class=\"jet-toggle__control elementor-menu-anchor\" data-toggle=\"5\" role=\"button\" tabindex=\"0\" aria-controls=\"jet-toggle-content-1055\" aria-expanded=\"false\" data-template-id=\"false\">\n\t\t\t\t\t\t\t\t<div class=\"jet-toggle__label-icon jet-toggle-icon-position-left\"><span class=\"jet-toggle__icon icon-normal jet-tabs-icon\"><i class=\"fas fa-caret-right\"><\/i><\/span><span class=\"jet-toggle__icon icon-active jet-tabs-icon\"><i class=\"fas fa-caret-up\"><\/i><\/span><\/div><h3 class=\"jet-toggle__label-text\">Who hires when I apply through the Employment Agency?<\/h3>\t\t\t\t\t\t\t<\/div>\n\t\t\t\t\t\t\t<div id=\"jet-toggle-content-1055\" class=\"jet-toggle__content\" data-toggle=\"5\" role=\"region\" data-template-id=\"false\">\n\t\t\t\t\t\t\t\t<div class=\"jet-toggle__content-inner\"><p>The Comfenalco Valle Delagente Employment Agency is not the contracting company, taking into account that it acts as an intermediary between the companies requesting the profile and the job seekers.<\/p><\/div>\n\t\t\t\t\t\t\t<\/div>\n\t\t\t\t\t\t<\/div><div class=\"jet-accordion__item jet-toggle jet-toggle-move-up-effect\">\n\t\t\t\t\t\t\t<div id=\"jet-toggle-control-1056\" class=\"jet-toggle__control elementor-menu-anchor\" data-toggle=\"6\" role=\"button\" tabindex=\"0\" aria-controls=\"jet-toggle-content-1056\" aria-expanded=\"false\" data-template-id=\"false\">\n\t\t\t\t\t\t\t\t<div class=\"jet-toggle__label-icon jet-toggle-icon-position-left\"><span class=\"jet-toggle__icon icon-normal jet-tabs-icon\"><i class=\"fas fa-caret-right\"><\/i><\/span><span class=\"jet-toggle__icon icon-active jet-tabs-icon\"><i class=\"fas fa-caret-up\"><\/i><\/span><\/div><h3 class=\"jet-toggle__label-text\">How can I contact an official in case I have any questions in the application process?<\/h3>\t\t\t\t\t\t\t<\/div>\n\t\t\t\t\t\t\t<div id=\"jet-toggle-content-1056\" class=\"jet-toggle__content\" data-toggle=\"6\" role=\"region\" data-template-id=\"false\">\n\t\t\t\t\t\t\t\t<div class=\"jet-toggle__content-inner\"><p>You can send an email to\u00a0<strong><a href=\"mailto:agenciadeempleo@comfenalcovalle.com.co\" target=\"_blank\" rel=\"noopener\"><span style=\"text-decoration: underline;\">agenciadeempleo@comfenalcovalle.com.co<\/span><\/a><\/strong> , a trav\u00e9s del cual se dar\u00e1 respuesta a sus inquietudes durante el proceso..<\/p><\/div>\n\t\t\t\t\t\t\t<\/div>\n\t\t\t\t\t\t<\/div><div class=\"jet-accordion__item jet-toggle jet-toggle-move-up-effect\">\n\t\t\t\t\t\t\t<div id=\"jet-toggle-control-1057\" class=\"jet-toggle__control elementor-menu-anchor\" data-toggle=\"7\" role=\"button\" tabindex=\"0\" aria-controls=\"jet-toggle-content-1057\" aria-expanded=\"false\" data-template-id=\"false\">\n\t\t\t\t\t\t\t\t<div class=\"jet-toggle__label-icon jet-toggle-icon-position-left\"><span class=\"jet-toggle__icon icon-normal jet-tabs-icon\"><i class=\"fas fa-caret-right\"><\/i><\/span><span class=\"jet-toggle__icon icon-active jet-tabs-icon\"><i class=\"fas fa-caret-up\"><\/i><\/span><\/div><h3 class=\"jet-toggle__label-text\">\u00bfC\u00f3mo saber las convocatorias de la agencia de empleo?<\/h3>\t\t\t\t\t\t\t<\/div>\n\t\t\t\t\t\t\t<div id=\"jet-toggle-content-1057\" class=\"jet-toggle__content\" data-toggle=\"7\" role=\"region\" data-template-id=\"false\">\n\t\t\t\t\t\t\t\t<div class=\"jet-toggle__content-inner\"><p>Para participar de las convocatorias masivas, te invitamos a revisar su <strong><a href=\"https:\/\/test.comfenalcovalle.com.co\/en\/postulacionesagenciadeempleo\/vacantes-laborales\/\" target=\"_blank\" rel=\"noopener\">sitio web<\/a><\/strong>, canal de WhatsApp o p\u00e1gina de Facebook bajo el nombre Agencia de Empleo Comfenalco Valle Delagente. No olvides llevar hoja de vida y c\u00e9dula a la jornada de inter\u00e9s.<\/p><\/div>\n\t\t\t\t\t\t\t<\/div>\n\t\t\t\t\t\t<\/div>\t\t\t<\/div>\n\t\t<\/div>\n\t\t\t\t\t\t<\/div>\n\t\t\t\t<\/div>\n\t\t\t\t\t<\/div>\n\t\t<\/div>\n\t\t\t\t\t<\/div>\n\t\t<\/section>\n\t\t\t\t\t<\/div>\n\t\t<\/div>\n\t\t\t\t\t<\/div>\n\t\t<\/main>\n\t\t\t\t<section class=\"elementor-section elementor-top-section elementor-element elementor-element-c6bffb0 elementor-section-boxed elementor-section-height-default elementor-section-height-default\" data-id=\"c6bffb0\" data-element_type=\"section\" id=\"servicio_transnacional\">\n\t\t\t\t\t\t<div class=\"elementor-container elementor-column-gap-default\">\n\t\t\t\t\t<div class=\"elementor-column elementor-col-100 elementor-top-column elementor-element elementor-element-213b341\" data-id=\"213b341\" data-element_type=\"column\">\n\t\t\t<div class=\"elementor-widget-wrap elementor-element-populated\">\n\t\t\t\t\t\t<section class=\"elementor-section elementor-inner-section elementor-element elementor-element-fc6dce3 elementor-section-boxed elementor-section-height-default elementor-section-height-default\" data-id=\"fc6dce3\" data-element_type=\"section\">\n\t\t\t\t\t\t<div class=\"elementor-container elementor-column-gap-default\">\n\t\t\t\t\t<div class=\"elementor-column elementor-col-100 elementor-inner-column elementor-element elementor-element-3b89edc\" data-id=\"3b89edc\" data-element_type=\"column\">\n\t\t\t<div class=\"elementor-widget-wrap elementor-element-populated\">\n\t\t\t\t\t\t<div class=\"elementor-element elementor-element-031e778 elementor-position-right elementor-view-default elementor-mobile-position-top elementor-vertical-align-top elementor-widget elementor-widget-icon-box\" data-id=\"031e778\" data-element_type=\"widget\" data-widget_type=\"icon-box.default\">\n\t\t\t\t<div class=\"elementor-widget-container\">\n\t\t\t\t\t\t\t<div class=\"elementor-icon-box-wrapper\">\n\n\t\t\t\t\t\t<div class=\"elementor-icon-box-icon\">\n\t\t\t\t<span  class=\"elementor-icon\">\n\t\t\t\t<i aria-hidden=\"true\" class=\"fas fa-user-tie\"><\/i>\t\t\t\t<\/span>\n\t\t\t<\/div>\n\t\t\t\n\t\t\t\t\t\t<div class=\"elementor-icon-box-content\">\n\n\t\t\t\t\t\t\t\t\t<h2 class=\"elementor-icon-box-title\">\n\t\t\t\t\t\t<span  >\n\t\t\t\t\t\t\tCapacitaci\u00f3n de empleabilidad\t\t\t\t\t\t<\/span>\n\t\t\t\t\t<\/h2>\n\t\t\t\t\n\t\t\t\t\n\t\t\t<\/div>\n\t\t\t\n\t\t<\/div>\n\t\t\t\t\t\t<\/div>\n\t\t\t\t<\/div>\n\t\t\t\t<div class=\"elementor-element elementor-element-6dca6b3 elementor-widget elementor-widget-jet-accordion\" data-id=\"6dca6b3\" data-element_type=\"widget\" data-widget_type=\"jet-accordion.default\">\n\t\t\t\t<div class=\"elementor-widget-container\">\n\t\t\t\t\t\t\t<div class=\"jet-accordion\" data-settings=\"{&quot;collapsible&quot;:false,&quot;ajaxTemplate&quot;:false,&quot;switchScrolling&quot;:false,&quot;switchScrollingOffset&quot;:0,&quot;switchScrollingDelay&quot;:500}\">\n\t\t\t<div class=\"jet-accordion__inner\">\n\t\t\t\t<div class=\"jet-accordion__item jet-toggle jet-toggle-move-up-effect\">\n\t\t\t\t\t\t\t<div id=\"jet-toggle-control-1151\" class=\"jet-toggle__control elementor-menu-anchor\" data-toggle=\"1\" role=\"button\" tabindex=\"0\" aria-controls=\"jet-toggle-content-1151\" aria-expanded=\"false\" data-template-id=\"false\">\n\t\t\t\t\t\t\t\t<div class=\"jet-toggle__label-icon jet-toggle-icon-position-left\"><span class=\"jet-toggle__icon icon-normal jet-tabs-icon\"><i class=\"fas fa-caret-right\"><\/i><\/span><span class=\"jet-toggle__icon icon-active jet-tabs-icon\"><i class=\"fas fa-caret-up\"><\/i><\/span><\/div><h3 class=\"jet-toggle__label-text\">What are the requirements to access the training of the employment agency?<\/h3>\t\t\t\t\t\t\t<\/div>\n\t\t\t\t\t\t\t<div id=\"jet-toggle-content-1151\" class=\"jet-toggle__content\" data-toggle=\"1\" role=\"region\" data-template-id=\"false\">\n\t\t\t\t\t\t\t\t<div class=\"jet-toggle__content-inner\"><p>Para acceder a las capacitaciones de la Agencia de Empleo de Comfenalco Valle, debes cumplir los siguientes requisitos:<\/p><p>\u27a4\u00a0 \u00a0Encontrarte en condici\u00f3n de cesante o desempleado.<\/p><p>\u27a4\u00a0 \u00a0Si tu \u00faltimo v\u00ednculo laboral fue como trabajador dependiente, debes haber realizado aportes a la Caja de Compensaci\u00f3n Familiar durante al menos un (1) a\u00f1o continuo o discontinuo en los \u00faltimos tres (3) a\u00f1os o para trabajadores independientes, se requiere haber realizado aportes a la Caja de Compensaci\u00f3n Familiar durante dos (2) a\u00f1os continuos o discontinuos en los \u00faltimos tres (3) a\u00f1os.<\/p><p>\u27a4\u00a0 \u00a0Realizar la ruta de empleabilidad, ya sea virtual a trav\u00e9s del <a href=\"https:\/\/test.comfenalcovalle.com.co\/en\/personas\/agencia-de-empleo\/ruta-de-la-empleabilidad-p\/\" target=\"_blank\" rel=\"noopener\"><strong>siguiente enlace<\/strong><\/a> o de forma presencial en las sedes de Comfenalco Valle. Para conocer los horarios y puntos de atenci\u00f3n, visita el <a href=\"https:\/\/test.comfenalcovalle.com.co\/en\/sedes\/\" target=\"_blank\" rel=\"noopener\"><strong>enlace<\/strong><\/a>.<\/p><\/div>\n\t\t\t\t\t\t\t<\/div>\n\t\t\t\t\t\t<\/div><div class=\"jet-accordion__item jet-toggle jet-toggle-move-up-effect\">\n\t\t\t\t\t\t\t<div id=\"jet-toggle-control-1152\" class=\"jet-toggle__control elementor-menu-anchor\" data-toggle=\"2\" role=\"button\" tabindex=\"0\" aria-controls=\"jet-toggle-content-1152\" aria-expanded=\"false\" data-template-id=\"false\">\n\t\t\t\t\t\t\t\t<div class=\"jet-toggle__label-icon jet-toggle-icon-position-left\"><span class=\"jet-toggle__icon icon-normal jet-tabs-icon\"><i class=\"fas fa-caret-right\"><\/i><\/span><span class=\"jet-toggle__icon icon-active jet-tabs-icon\"><i class=\"fas fa-caret-up\"><\/i><\/span><\/div><h3 class=\"jet-toggle__label-text\">How can I enroll in the trainings?<\/h3>\t\t\t\t\t\t\t<\/div>\n\t\t\t\t\t\t\t<div id=\"jet-toggle-content-1152\" class=\"jet-toggle__content\" data-toggle=\"2\" role=\"region\" data-template-id=\"false\">\n\t\t\t\t\t\t\t\t<div class=\"jet-toggle__content-inner\"><p>\u27a4 To register for Comfenalco Valle Delagente training, you must enter the website <strong><a href=\"https:\/\/test.comfenalcovalle.com.co\/en\/postulacionesagenciadeempleo\/formacion-para-el-empleo\/\">https:\/\/test.comfenalcovalle.com.co\/postulacionesagenciadeempleo\/formacion-para-el-empleo\/<\/a><\/strong><span style=\"text-decoration: underline;\">,<\/span>\u00a0en el cual encontrar\u00e1s en detalle el portafolio de capacitaciones por regional.<\/p><p>\u27a4 Once you identify the training of your choice, you must register your data in the form, in order to validate if it meets the legal requirements and later be contacted by our occupational counselors and be enrolled in the course.<\/p><\/div>\n\t\t\t\t\t\t\t<\/div>\n\t\t\t\t\t\t<\/div><div class=\"jet-accordion__item jet-toggle jet-toggle-move-up-effect\">\n\t\t\t\t\t\t\t<div id=\"jet-toggle-control-1153\" class=\"jet-toggle__control elementor-menu-anchor\" data-toggle=\"3\" role=\"button\" tabindex=\"0\" aria-controls=\"jet-toggle-content-1153\" aria-expanded=\"false\" data-template-id=\"false\">\n\t\t\t\t\t\t\t\t<div class=\"jet-toggle__label-icon jet-toggle-icon-position-left\"><span class=\"jet-toggle__icon icon-normal jet-tabs-icon\"><i class=\"fas fa-caret-right\"><\/i><\/span><span class=\"jet-toggle__icon icon-active jet-tabs-icon\"><i class=\"fas fa-caret-up\"><\/i><\/span><\/div><h3 class=\"jet-toggle__label-text\">Do the trainings have any cost?<\/h3>\t\t\t\t\t\t\t<\/div>\n\t\t\t\t\t\t\t<div id=\"jet-toggle-content-1153\" class=\"jet-toggle__content\" data-toggle=\"3\" role=\"region\" data-template-id=\"false\">\n\t\t\t\t\t\t\t\t<div class=\"jet-toggle__content-inner\"><p>Las capacitaciones que ofrece la Agencia de Empleo de Comfenalco Valle son 100% subsidiadas, por lo que no tienen ning\u00fan costo para los participantes. Para m\u00e1s informaci\u00f3n, puedes visitar <strong>test.comfenalcovalle.com.co\/postulacionesagenciadeempleo\/formacion-para-el-empleo<\/strong>.<\/p><\/div>\n\t\t\t\t\t\t\t<\/div>\n\t\t\t\t\t\t<\/div><div class=\"jet-accordion__item jet-toggle jet-toggle-move-up-effect\">\n\t\t\t\t\t\t\t<div id=\"jet-toggle-control-1154\" class=\"jet-toggle__control elementor-menu-anchor\" data-toggle=\"4\" role=\"button\" tabindex=\"0\" aria-controls=\"jet-toggle-content-1154\" aria-expanded=\"false\" data-template-id=\"false\">\n\t\t\t\t\t\t\t\t<div class=\"jet-toggle__label-icon jet-toggle-icon-position-left\"><span class=\"jet-toggle__icon icon-normal jet-tabs-icon\"><i class=\"fas fa-caret-right\"><\/i><\/span><span class=\"jet-toggle__icon icon-active jet-tabs-icon\"><i class=\"fas fa-caret-up\"><\/i><\/span><\/div><h3 class=\"jet-toggle__label-text\">Are the trainings currently being given in person or virtually?<\/h3>\t\t\t\t\t\t\t<\/div>\n\t\t\t\t\t\t\t<div id=\"jet-toggle-content-1154\" class=\"jet-toggle__content\" data-toggle=\"4\" role=\"region\" data-template-id=\"false\">\n\t\t\t\t\t\t\t\t<div class=\"jet-toggle__content-inner\"><p>La Agencia de Empleo de Comfenalco Valle ofrece capacitaciones que pueden ser impartidas tanto en modalidad virtual como presencial. La elecci\u00f3n de la modalidad se hace en funci\u00f3n de las necesidades espec\u00edficas de los participantes, las cuales se identifican durante el proceso de orientaci\u00f3n ocupacional. Para mayor informaci\u00f3n se recomienda visitar el sitio web oficial de Comfenalco Valle Formaci\u00f3n para el Empleo en el <a href=\"https:\/\/test.comfenalcovalle.com.co\/en\/postulacionesagenciadeempleo\/formacion-para-el-empleo\/\" target=\"_blank\" rel=\"noopener\"><strong>enlace<\/strong><\/a>.<\/p><\/div>\n\t\t\t\t\t\t\t<\/div>\n\t\t\t\t\t\t<\/div><div class=\"jet-accordion__item jet-toggle jet-toggle-move-up-effect\">\n\t\t\t\t\t\t\t<div id=\"jet-toggle-control-1155\" class=\"jet-toggle__control elementor-menu-anchor\" data-toggle=\"5\" role=\"button\" tabindex=\"0\" aria-controls=\"jet-toggle-content-1155\" aria-expanded=\"false\" data-template-id=\"false\">\n\t\t\t\t\t\t\t\t<div class=\"jet-toggle__label-icon jet-toggle-icon-position-left\"><span class=\"jet-toggle__icon icon-normal jet-tabs-icon\"><i class=\"fas fa-caret-right\"><\/i><\/span><span class=\"jet-toggle__icon icon-active jet-tabs-icon\"><i class=\"fas fa-caret-up\"><\/i><\/span><\/div><h3 class=\"jet-toggle__label-text\">How long are the trainings?<\/h3>\t\t\t\t\t\t\t<\/div>\n\t\t\t\t\t\t\t<div id=\"jet-toggle-content-1155\" class=\"jet-toggle__content\" data-toggle=\"5\" role=\"region\" data-template-id=\"false\">\n\t\t\t\t\t\t\t\t<div class=\"jet-toggle__content-inner\"><p>La duraci\u00f3n de las capacitaciones ofrecidas por la Agencia de Empleo de Comfenalco Valle puede variar seg\u00fan el programa espec\u00edfico. Para obtener detalles sobre la duraci\u00f3n de cada capacitaci\u00f3n, te recomiendo visitar la p\u00e1gina oficial donde podr\u00e1s encontrar informaci\u00f3n m\u00e1s precisa, visita el <a href=\"\/en\/test.comfenalcovalle.com.co\/postulacionesagenciadeempleo\/formacion-para-el-empleo\/\" target=\"_blank\" rel=\"noopener\"><strong>enlace<\/strong><\/a>.<\/p><\/div>\n\t\t\t\t\t\t\t<\/div>\n\t\t\t\t\t\t<\/div><div class=\"jet-accordion__item jet-toggle jet-toggle-move-up-effect\">\n\t\t\t\t\t\t\t<div id=\"jet-toggle-control-1156\" class=\"jet-toggle__control elementor-menu-anchor\" data-toggle=\"6\" role=\"button\" tabindex=\"0\" aria-controls=\"jet-toggle-content-1156\" aria-expanded=\"false\" data-template-id=\"false\">\n\t\t\t\t\t\t\t\t<div class=\"jet-toggle__label-icon jet-toggle-icon-position-left\"><span class=\"jet-toggle__icon icon-normal jet-tabs-icon\"><i class=\"fas fa-caret-right\"><\/i><\/span><span class=\"jet-toggle__icon icon-active jet-tabs-icon\"><i class=\"fas fa-caret-up\"><\/i><\/span><\/div><h3 class=\"jet-toggle__label-text\">How many trainings can I take?<\/h3>\t\t\t\t\t\t\t<\/div>\n\t\t\t\t\t\t\t<div id=\"jet-toggle-content-1156\" class=\"jet-toggle__content\" data-toggle=\"6\" role=\"region\" data-template-id=\"false\">\n\t\t\t\t\t\t\t\t<div class=\"jet-toggle__content-inner\"><p>La Agencia de Empleo de Comfenalco Valle ofrece hasta 3 capacitaciones gratuitas al a\u00f1o para personas en condici\u00f3n de cesante o desempleadas. Estas capacitaciones est\u00e1n dise\u00f1adas para mejorar las habilidades y aumentar las oportunidades de empleo de los participantes.<\/p><p>Notas Importantes:<br \/>&#8211; No puedes participar en m\u00e1s de una capacitaci\u00f3n al mismo tiempo. Debes completar y certificarte en una antes de comenzar otra.<br \/>&#8211; Es fundamental cumplir con todos los requisitos de ley para poder acceder a las capacitaciones.<\/p><\/div>\n\t\t\t\t\t\t\t<\/div>\n\t\t\t\t\t\t<\/div><div class=\"jet-accordion__item jet-toggle jet-toggle-move-up-effect\">\n\t\t\t\t\t\t\t<div id=\"jet-toggle-control-1157\" class=\"jet-toggle__control elementor-menu-anchor\" data-toggle=\"7\" role=\"button\" tabindex=\"0\" aria-controls=\"jet-toggle-content-1157\" aria-expanded=\"false\" data-template-id=\"false\">\n\t\t\t\t\t\t\t\t<div class=\"jet-toggle__label-icon jet-toggle-icon-position-left\"><span class=\"jet-toggle__icon icon-normal jet-tabs-icon\"><i class=\"fas fa-caret-right\"><\/i><\/span><span class=\"jet-toggle__icon icon-active jet-tabs-icon\"><i class=\"fas fa-caret-up\"><\/i><\/span><\/div><h3 class=\"jet-toggle__label-text\">If I do a training, will they give me a certificate?<\/h3>\t\t\t\t\t\t\t<\/div>\n\t\t\t\t\t\t\t<div id=\"jet-toggle-content-1157\" class=\"jet-toggle__content\" data-toggle=\"7\" role=\"region\" data-template-id=\"false\">\n\t\t\t\t\t\t\t\t<div class=\"jet-toggle__content-inner\"><p>Yes, all our trainings are certified as long as you meet the minimum percentage of attendance, which is 80%.<\/p><\/div>\n\t\t\t\t\t\t\t<\/div>\n\t\t\t\t\t\t<\/div><div class=\"jet-accordion__item jet-toggle jet-toggle-move-up-effect\">\n\t\t\t\t\t\t\t<div id=\"jet-toggle-control-1158\" class=\"jet-toggle__control elementor-menu-anchor\" data-toggle=\"8\" role=\"button\" tabindex=\"0\" aria-controls=\"jet-toggle-content-1158\" aria-expanded=\"false\" data-template-id=\"false\">\n\t\t\t\t\t\t\t\t<div class=\"jet-toggle__label-icon jet-toggle-icon-position-left\"><span class=\"jet-toggle__icon icon-normal jet-tabs-icon\"><i class=\"fas fa-caret-right\"><\/i><\/span><span class=\"jet-toggle__icon icon-active jet-tabs-icon\"><i class=\"fas fa-caret-up\"><\/i><\/span><\/div><h3 class=\"jet-toggle__label-text\">Through which platform are the trainings carried out?<\/h3>\t\t\t\t\t\t\t<\/div>\n\t\t\t\t\t\t\t<div id=\"jet-toggle-content-1158\" class=\"jet-toggle__content\" data-toggle=\"8\" role=\"region\" data-template-id=\"false\">\n\t\t\t\t\t\t\t\t<div class=\"jet-toggle__content-inner\"><p>\u27a4 The platform to deliver the training is determined by the education institute and varies depending on the methodology of the training program\u00a0<\/p><p>\u27a4 Said platform is socialized by call and email to the user.<\/p><\/div>\n\t\t\t\t\t\t\t<\/div>\n\t\t\t\t\t\t<\/div><div class=\"jet-accordion__item jet-toggle jet-toggle-move-up-effect\">\n\t\t\t\t\t\t\t<div id=\"jet-toggle-control-1159\" class=\"jet-toggle__control elementor-menu-anchor\" data-toggle=\"9\" role=\"button\" tabindex=\"0\" aria-controls=\"jet-toggle-content-1159\" aria-expanded=\"false\" data-template-id=\"false\">\n\t\t\t\t\t\t\t\t<div class=\"jet-toggle__label-icon jet-toggle-icon-position-left\"><span class=\"jet-toggle__icon icon-normal jet-tabs-icon\"><i class=\"fas fa-caret-right\"><\/i><\/span><span class=\"jet-toggle__icon icon-active jet-tabs-icon\"><i class=\"fas fa-caret-up\"><\/i><\/span><\/div><h3 class=\"jet-toggle__label-text\">What if I can&#039;t attend all the classes?<\/h3>\t\t\t\t\t\t\t<\/div>\n\t\t\t\t\t\t\t<div id=\"jet-toggle-content-1159\" class=\"jet-toggle__content\" data-toggle=\"9\" role=\"region\" data-template-id=\"false\">\n\t\t\t\t\t\t\t\t<div class=\"jet-toggle__content-inner\"><p>\u27a4 If you miss more than 20% of the classes you will not be able to certify yourself.\u00a0<\/p><p>\u27a4 In the case of being a beneficiary of the unemployment subsidy of Law 1636 and you do not complete your training, said benefit will be suspended.<\/p><\/div>\n\t\t\t\t\t\t\t<\/div>\n\t\t\t\t\t\t<\/div><div class=\"jet-accordion__item jet-toggle jet-toggle-move-up-effect\">\n\t\t\t\t\t\t\t<div id=\"jet-toggle-control-11510\" class=\"jet-toggle__control elementor-menu-anchor\" data-toggle=\"10\" role=\"button\" tabindex=\"0\" aria-controls=\"jet-toggle-content-11510\" aria-expanded=\"false\" data-template-id=\"false\">\n\t\t\t\t\t\t\t\t<div class=\"jet-toggle__label-icon jet-toggle-icon-position-left\"><span class=\"jet-toggle__icon icon-normal jet-tabs-icon\"><i class=\"fas fa-caret-right\"><\/i><\/span><span class=\"jet-toggle__icon icon-active jet-tabs-icon\"><i class=\"fas fa-caret-up\"><\/i><\/span><\/div><h3 class=\"jet-toggle__label-text\">If I don&#039;t have a computer, can I take the training?<\/h3>\t\t\t\t\t\t\t<\/div>\n\t\t\t\t\t\t\t<div id=\"jet-toggle-content-11510\" class=\"jet-toggle__content\" data-toggle=\"10\" role=\"region\" data-template-id=\"false\">\n\t\t\t\t\t\t\t\t<div class=\"jet-toggle__content-inner\"><p>You can carry out the training through any electronic device with internet access, however, for systems training, it is mandatory to have a computer and internet.<\/p><\/div>\n\t\t\t\t\t\t\t<\/div>\n\t\t\t\t\t\t<\/div><div class=\"jet-accordion__item jet-toggle jet-toggle-move-up-effect\">\n\t\t\t\t\t\t\t<div id=\"jet-toggle-control-11511\" class=\"jet-toggle__control elementor-menu-anchor\" data-toggle=\"11\" role=\"button\" tabindex=\"0\" aria-controls=\"jet-toggle-content-11511\" aria-expanded=\"false\" data-template-id=\"false\">\n\t\t\t\t\t\t\t\t<div class=\"jet-toggle__label-icon jet-toggle-icon-position-left\"><span class=\"jet-toggle__icon icon-normal jet-tabs-icon\"><i class=\"fas fa-caret-right\"><\/i><\/span><span class=\"jet-toggle__icon icon-active jet-tabs-icon\"><i class=\"fas fa-caret-up\"><\/i><\/span><\/div><h3 class=\"jet-toggle__label-text\">If I do the training at the employment agency, will I be able to get a job?<\/h3>\t\t\t\t\t\t\t<\/div>\n\t\t\t\t\t\t\t<div id=\"jet-toggle-content-11511\" class=\"jet-toggle__content\" data-toggle=\"11\" role=\"region\" data-template-id=\"false\">\n\t\t\t\t\t\t\t\t<div class=\"jet-toggle__content-inner\"><p>Training improves your job profile and makes you more attractive to the job market; however, the responsibility for applying for vacancies is yours.<\/p><\/div>\n\t\t\t\t\t\t\t<\/div>\n\t\t\t\t\t\t<\/div><div class=\"jet-accordion__item jet-toggle jet-toggle-move-up-effect\">\n\t\t\t\t\t\t\t<div id=\"jet-toggle-control-11512\" class=\"jet-toggle__control elementor-menu-anchor\" data-toggle=\"12\" role=\"button\" tabindex=\"0\" aria-controls=\"jet-toggle-content-11512\" aria-expanded=\"false\" data-template-id=\"false\">\n\t\t\t\t\t\t\t\t<div class=\"jet-toggle__label-icon jet-toggle-icon-position-left\"><span class=\"jet-toggle__icon icon-normal jet-tabs-icon\"><i class=\"fas fa-caret-right\"><\/i><\/span><span class=\"jet-toggle__icon icon-active jet-tabs-icon\"><i class=\"fas fa-caret-up\"><\/i><\/span><\/div><h3 class=\"jet-toggle__label-text\">\u00bfSi un familiar o amigo tambi\u00e9n esta interesado en capacitarse se puede inscribir a los curso de empleabilidad?<\/h3>\t\t\t\t\t\t\t<\/div>\n\t\t\t\t\t\t\t<div id=\"jet-toggle-content-11512\" class=\"jet-toggle__content\" data-toggle=\"12\" role=\"region\" data-template-id=\"false\">\n\t\t\t\t\t\t\t\t<div class=\"jet-toggle__content-inner\"><p>Yes, you can register through the Comfenalco Valle Delagente employability route in the employment training button and compliance with the aforementioned requirements will be validated.<\/p><\/div>\n\t\t\t\t\t\t\t<\/div>\n\t\t\t\t\t\t<\/div><div class=\"jet-accordion__item jet-toggle jet-toggle-move-up-effect\">\n\t\t\t\t\t\t\t<div id=\"jet-toggle-control-11513\" class=\"jet-toggle__control elementor-menu-anchor\" data-toggle=\"13\" role=\"button\" tabindex=\"0\" aria-controls=\"jet-toggle-content-11513\" aria-expanded=\"false\" data-template-id=\"false\">\n\t\t\t\t\t\t\t\t<div class=\"jet-toggle__label-icon jet-toggle-icon-position-left\"><span class=\"jet-toggle__icon icon-normal jet-tabs-icon\"><i class=\"fas fa-caret-right\"><\/i><\/span><span class=\"jet-toggle__icon icon-active jet-tabs-icon\"><i class=\"fas fa-caret-up\"><\/i><\/span><\/div><h3 class=\"jet-toggle__label-text\">What is the training portfolio?<\/h3>\t\t\t\t\t\t\t<\/div>\n\t\t\t\t\t\t\t<div id=\"jet-toggle-content-11513\" class=\"jet-toggle__content\" data-toggle=\"13\" role=\"region\" data-template-id=\"false\">\n\t\t\t\t\t\t\t\t<div class=\"jet-toggle__content-inner\"><p>La Agencia de Empleo de Comfenalco Valle Delagente ofrece una variedad de capacitaciones en diferentes \u00e1reas, incluyendo:<br \/><br \/>&#8211; \u00c1rea administrativa<br \/>&#8211; \u00c1rea comercial<br \/>&#8211; \u00c1rea de fortalecimiento del ser<br \/>&#8211; \u00c1rea de sistemas<br \/>&#8211; \u00c1rea financiera<br \/>&#8211; \u00c1rea de idioma ingl\u00e9s<br \/>&#8211; \u00c1rea de servicio al cliente<br \/>&#8211; Programas t\u00e9cnicos laborales<br \/><br \/>Puedes consultar m\u00e1s sobre el portafolio de capacitaciones y detalles espec\u00edficos en el siguiente <strong><a href=\"https:\/\/test.comfenalcovalle.com.co\/en\/postulacionesagenciadeempleo\/formacion-para-el-empleo\/\" target=\"_blank\" rel=\"noopener\">enlace<\/a><\/strong>. \ud83d\ude0a<\/p><\/div>\n\t\t\t\t\t\t\t<\/div>\n\t\t\t\t\t\t<\/div><div class=\"jet-accordion__item jet-toggle jet-toggle-move-up-effect\">\n\t\t\t\t\t\t\t<div id=\"jet-toggle-control-11514\" class=\"jet-toggle__control elementor-menu-anchor\" data-toggle=\"14\" role=\"button\" tabindex=\"0\" aria-controls=\"jet-toggle-content-11514\" aria-expanded=\"false\" data-template-id=\"false\">\n\t\t\t\t\t\t\t\t<div class=\"jet-toggle__label-icon jet-toggle-icon-position-left\"><span class=\"jet-toggle__icon icon-normal jet-tabs-icon\"><i class=\"fas fa-caret-right\"><\/i><\/span><span class=\"jet-toggle__icon icon-active jet-tabs-icon\"><i class=\"fas fa-caret-up\"><\/i><\/span><\/div><h3 class=\"jet-toggle__label-text\">Are the trainings on weekends?<\/h3>\t\t\t\t\t\t\t<\/div>\n\t\t\t\t\t\t\t<div id=\"jet-toggle-content-11514\" class=\"jet-toggle__content\" data-toggle=\"14\" role=\"region\" data-template-id=\"false\">\n\t\t\t\t\t\t\t\t<div class=\"jet-toggle__content-inner\"><p>Normally the trainings are from Monday to Friday, but they can vary in days and times depending on their duration.<\/p><\/div>\n\t\t\t\t\t\t\t<\/div>\n\t\t\t\t\t\t<\/div><div class=\"jet-accordion__item jet-toggle jet-toggle-move-up-effect\">\n\t\t\t\t\t\t\t<div id=\"jet-toggle-control-11515\" class=\"jet-toggle__control elementor-menu-anchor\" data-toggle=\"15\" role=\"button\" tabindex=\"0\" aria-controls=\"jet-toggle-content-11515\" aria-expanded=\"false\" data-template-id=\"false\">\n\t\t\t\t\t\t\t\t<div class=\"jet-toggle__label-icon jet-toggle-icon-position-left\"><span class=\"jet-toggle__icon icon-normal jet-tabs-icon\"><i class=\"fas fa-caret-right\"><\/i><\/span><span class=\"jet-toggle__icon icon-active jet-tabs-icon\"><i class=\"fas fa-caret-up\"><\/i><\/span><\/div><h3 class=\"jet-toggle__label-text\">\u00bfPuedo hacer dos capacitaciones de empleabilidad al mismo tiempo?<\/h3>\t\t\t\t\t\t\t<\/div>\n\t\t\t\t\t\t\t<div id=\"jet-toggle-content-11515\" class=\"jet-toggle__content\" data-toggle=\"15\" role=\"region\" data-template-id=\"false\">\n\t\t\t\t\t\t\t\t<div class=\"jet-toggle__content-inner\"><p>No, it is necessary to finish one training to start another and you must be certified.<\/p><\/div>\n\t\t\t\t\t\t\t<\/div>\n\t\t\t\t\t\t<\/div><div class=\"jet-accordion__item jet-toggle jet-toggle-move-up-effect\">\n\t\t\t\t\t\t\t<div id=\"jet-toggle-control-11516\" class=\"jet-toggle__control elementor-menu-anchor\" data-toggle=\"16\" role=\"button\" tabindex=\"0\" aria-controls=\"jet-toggle-content-11516\" aria-expanded=\"false\" data-template-id=\"false\">\n\t\t\t\t\t\t\t\t<div class=\"jet-toggle__label-icon jet-toggle-icon-position-left\"><span class=\"jet-toggle__icon icon-normal jet-tabs-icon\"><i class=\"fas fa-caret-right\"><\/i><\/span><span class=\"jet-toggle__icon icon-active jet-tabs-icon\"><i class=\"fas fa-caret-up\"><\/i><\/span><\/div><h3 class=\"jet-toggle__label-text\">\u00bfSi cotic\u00e9 en otra caja de compensaci\u00f3n familiar puedo tomar los cursos de empleabilidad en Comfenalco Valle Delagente?<\/h3>\t\t\t\t\t\t\t<\/div>\n\t\t\t\t\t\t\t<div id=\"jet-toggle-content-11516\" class=\"jet-toggle__content\" data-toggle=\"16\" role=\"region\" data-template-id=\"false\">\n\t\t\t\t\t\t\t\t<div class=\"jet-toggle__content-inner\"><p>S\u00ed, siempre y cuando cumplas con los siguientes requisitos:<\/p><p>\u27a4\u00a0 \u00a0Encontrarte en condici\u00f3n de cesante o desempleado.<br \/>\u27a4\u00a0 Si tu \u00faltimo v\u00ednculo laboral fue como trabajador dependiente, debes haber realizado aportes a la Caja de Compensaci\u00f3n Familiar durante al menos un (1) a\u00f1o continuo o discontinuo en los \u00faltimos tres (3) a\u00f1os o para trabajadores independientes, se requiere haber realizado aportes a la Caja de Compensaci\u00f3n Familiar durante dos (2) a\u00f1os continuos o discontinuos en los \u00faltimos tres (3) a\u00f1os.<\/p><p>\u27a4\u00a0 \u00a0Realizar la ruta de empleabilidad, ya sea virtual a trav\u00e9s del siguiente <a href=\"https:\/\/test.comfenalcovalle.com.co\/en\/personas\/agencia-de-empleo\/ruta-de-la-empleabilidad-p\/\" target=\"_blank\" rel=\"noopener\"><strong>enlace<\/strong> <\/a>o de forma presencial en las sedes de Comfenalco Valle. Para conocer los horarios y puntos de atenci\u00f3n, visita el <strong><a href=\"https:\/\/test.comfenalcovalle.com.co\/en\/sedes\/\" target=\"_blank\" rel=\"noopener\">enlace<\/a><\/strong>.<\/p><\/div>\n\t\t\t\t\t\t\t<\/div>\n\t\t\t\t\t\t<\/div><div class=\"jet-accordion__item jet-toggle jet-toggle-move-up-effect\">\n\t\t\t\t\t\t\t<div id=\"jet-toggle-control-11517\" class=\"jet-toggle__control elementor-menu-anchor\" data-toggle=\"17\" role=\"button\" tabindex=\"0\" aria-controls=\"jet-toggle-content-11517\" aria-expanded=\"false\" data-template-id=\"false\">\n\t\t\t\t\t\t\t\t<div class=\"jet-toggle__label-icon jet-toggle-icon-position-left\"><span class=\"jet-toggle__icon icon-normal jet-tabs-icon\"><i class=\"fas fa-caret-right\"><\/i><\/span><span class=\"jet-toggle__icon icon-active jet-tabs-icon\"><i class=\"fas fa-caret-up\"><\/i><\/span><\/div><h3 class=\"jet-toggle__label-text\">\u00bfD\u00f3nde puedo solicitar el certificado de la capacitaci\u00f3n que realice en la Agencia de Empleo de Comfenalco Valle?<\/h3>\t\t\t\t\t\t\t<\/div>\n\t\t\t\t\t\t\t<div id=\"jet-toggle-content-11517\" class=\"jet-toggle__content\" data-toggle=\"17\" role=\"region\" data-template-id=\"false\">\n\t\t\t\t\t\t\t\t<div class=\"jet-toggle__content-inner\"><p>Para obtener tu certificado de formaci\u00f3n que realizaste por medio de la Agencia de Empleo de Comfenalco Valle, debes seguir los soguientes pasos:<\/p><p>1. Identifica la entidad educativa que te brindo la capacitaci\u00f3n.<\/p><p>2. Si la capacitaci\u00f3n fue realizada con el PEC Delagente: Los certificados pueden solicitarse enviando un correo electr\u00f3nico a <a href=\"mailto:dmvaldes@comfenalcovalle.com.co\"><strong>dmvaldes@comfenalcovalle.com.co<\/strong><\/a>. El correo debe incluir los siguientes datos de contacto: Nombre completo, n\u00famero de c\u00e9dula y correo electr\u00f3nico. Alternativamente, el certificado puede generarse a trav\u00e9s de la plataforma Edugente si el estudiante tiene las credenciales asignadas al inicio del curso.<\/p><p>3. Si la capacitaci\u00f3n fue realizada con FENALCO, los certificados deben solicitarse a trav\u00e9s del correo <strong><a href=\"mailto:educacionfosfec@comfenalcovalle.com.co\">educacionfosfec@comfenalcovalle.com.co<\/a><\/strong>. Tambi\u00e9n se requiere incluir en el correo los mismos datos de contacto: Nombre completo, n\u00famero de c\u00e9dula y correo electr\u00f3nico.<\/p><p>4. Informaci\u00f3n Adicional: En caso de no tener acceso a la plataforma Edugente o si hay problemas para generar el certificado, se puede enviar una solicitud al correo <a href=\"mailto:ksortega@comfenalcovalle.com.co\"><strong>ksortega@comfenalcovalle.com.co<\/strong><\/a> para obtener asistencia adicional.<\/p><\/div>\n\t\t\t\t\t\t\t<\/div>\n\t\t\t\t\t\t<\/div><div class=\"jet-accordion__item jet-toggle jet-toggle-move-up-effect\">\n\t\t\t\t\t\t\t<div id=\"jet-toggle-control-11518\" class=\"jet-toggle__control elementor-menu-anchor\" data-toggle=\"18\" role=\"button\" tabindex=\"0\" aria-controls=\"jet-toggle-content-11518\" aria-expanded=\"false\" data-template-id=\"false\">\n\t\t\t\t\t\t\t\t<div class=\"jet-toggle__label-icon jet-toggle-icon-position-left\"><span class=\"jet-toggle__icon icon-normal jet-tabs-icon\"><i class=\"fas fa-caret-right\"><\/i><\/span><span class=\"jet-toggle__icon icon-active jet-tabs-icon\"><i class=\"fas fa-caret-up\"><\/i><\/span><\/div><h3 class=\"jet-toggle__label-text\">\u00bfC\u00f3mo puedo obtener el enlace de la capacitaci\u00f3n programa por medio de la Agencia de Empleo de Comfenalco Valle?<\/h3>\t\t\t\t\t\t\t<\/div>\n\t\t\t\t\t\t\t<div id=\"jet-toggle-content-11518\" class=\"jet-toggle__content\" data-toggle=\"18\" role=\"region\" data-template-id=\"false\">\n\t\t\t\t\t\t\t\t<div class=\"jet-toggle__content-inner\"><p>Si la capacitaci\u00f3n est\u00e1 realizada con el PEC Delagente, puedes solicitar el enlace de la clase escribiendo a: <a href=\"mailto:dmvaldes@comfenalcovalle.com.co\"><strong>dmvaldes@comfenalcovalle.com.co<\/strong><\/a>.<\/p><p>Si la capacitaci\u00f3n est\u00e1 realizada con FENALCO, puedes solicitar el enlace de la clase escribiendo a: <strong><a href=\"mailto:educacionfosfec@comfenalcovalle.com.co\">educacionfosfec@comfenalcovalle.com.co<\/a><\/strong>.<\/p><p>En caso de no tener claridad sobre la instituci\u00f3n donde realizar\u00e1s o finalizaste la capacitaci\u00f3n, puedes escribir al correo: <strong><a href=\"mailto:ksortega@comfenalcovalle.com.co\">ksortega@comfenalcovalle.com.co<\/a><\/strong>.<\/p><\/div>\n\t\t\t\t\t\t\t<\/div>\n\t\t\t\t\t\t<\/div><div class=\"jet-accordion__item jet-toggle jet-toggle-move-up-effect\">\n\t\t\t\t\t\t\t<div id=\"jet-toggle-control-11519\" class=\"jet-toggle__control elementor-menu-anchor\" data-toggle=\"19\" role=\"button\" tabindex=\"0\" aria-controls=\"jet-toggle-content-11519\" aria-expanded=\"false\" data-template-id=\"false\">\n\t\t\t\t\t\t\t\t<div class=\"jet-toggle__label-icon jet-toggle-icon-position-left\"><span class=\"jet-toggle__icon icon-normal jet-tabs-icon\"><i class=\"fas fa-caret-right\"><\/i><\/span><span class=\"jet-toggle__icon icon-active jet-tabs-icon\"><i class=\"fas fa-caret-up\"><\/i><\/span><\/div><h3 class=\"jet-toggle__label-text\">\u00bfComo puedo cambiar o reprogramar una capacitaci\u00f3n en la Agencia de Empleo de Comfenalco Valle?<\/h3>\t\t\t\t\t\t\t<\/div>\n\t\t\t\t\t\t\t<div id=\"jet-toggle-content-11519\" class=\"jet-toggle__content\" data-toggle=\"19\" role=\"region\" data-template-id=\"false\">\n\t\t\t\t\t\t\t\t<div class=\"jet-toggle__content-inner\"><p>Para cambiar o reprogramar una capacitaci\u00f3n en la Agencia de Empleo de Comfenalco Valle, debes haber completado la ruta de empleabilidad, ya que este es un requisito para proceder con cambios o reprogramaciones, para ello puedes contactarte directamente con la agencia a trav\u00e9s de sus correos electr\u00f3nicos oficiales: <a href=\"mailto:fosfec@comfenalcovalle.com.co\"><strong>fosfec@comfenalcovalle.com.co<\/strong><\/a> and <a href=\"mailto:ksortega@comfenalcovalle.com.co\"><strong>ksortega@comfenalcovalle.com.co<\/strong><\/a>. Aseg\u00farate de incluir en tu correo tus datos de contacto: nombre completo, n\u00famero de c\u00e9dula y correo electr\u00f3nico. El equipo de la agencia se pondr\u00e1 en contacto contigo para orientarte en tu solicitud. Para m\u00e1s informaci\u00f3n, tambi\u00e9n puedes visitar la p\u00e1gina web de la agencia o utilizar los otros medios de contacto disponibles <strong><a href=\"https:\/\/test.comfenalcovalle.com.co\/en\/personas\/agencia-de-empleo\/ruta-de-la-empleabilidad-p\/\" target=\"_blank\" rel=\"noopener\">aqui<\/a><\/strong>.<\/p><\/div>\n\t\t\t\t\t\t\t<\/div>\n\t\t\t\t\t\t<\/div><div class=\"jet-accordion__item jet-toggle jet-toggle-move-up-effect\">\n\t\t\t\t\t\t\t<div id=\"jet-toggle-control-11520\" class=\"jet-toggle__control elementor-menu-anchor\" data-toggle=\"20\" role=\"button\" tabindex=\"0\" aria-controls=\"jet-toggle-content-11520\" aria-expanded=\"false\" data-template-id=\"false\">\n\t\t\t\t\t\t\t\t<div class=\"jet-toggle__label-icon jet-toggle-icon-position-left\"><span class=\"jet-toggle__icon icon-normal jet-tabs-icon\"><i class=\"fas fa-caret-right\"><\/i><\/span><span class=\"jet-toggle__icon icon-active jet-tabs-icon\"><i class=\"fas fa-caret-up\"><\/i><\/span><\/div><h3 class=\"jet-toggle__label-text\">\u00bfSoy beneficiario del Seguro al desempleo y ya realic\u00e9 una capacitaci\u00f3n, es necesario u obligatorio hacer otra capacitaci\u00f3n?<\/h3>\t\t\t\t\t\t\t<\/div>\n\t\t\t\t\t\t\t<div id=\"jet-toggle-content-11520\" class=\"jet-toggle__content\" data-toggle=\"20\" role=\"region\" data-template-id=\"false\">\n\t\t\t\t\t\t\t\t<div class=\"jet-toggle__content-inner\"><p>Si usted se postulo al Seguro al Desempleo y se certific\u00f3 en una capacitaci\u00f3n por medio de la Agencia de Empleo de Comfenalco Valle en los \u00faltimos 3 a\u00f1os, no es necesario ni obligatorio inscribirse a una nueva capacitaci\u00f3n. En caso de que usted se haya capacitado en otra Caja de Compensaci\u00f3n a nivel nacional, deber\u00e1 enviar el certificado al correo <a href=\"mailto:ksortega@comfenalcovalle.com.co\"><strong>ksortega@comfenalcovalle.com.co<\/strong><\/a> como soporte del cumplimiento de este requisito. Aunque no es obligatorio realizar m\u00e1s de una capacitaci\u00f3n si ya se ha cumplido con el requisito inicial, participar en capacitaciones adicionales puede mejorar el perfil laboral y aumentar las oportunidades de empleo. Para ver el portafolio de nuestras caapcitaciones puedes acceder al <strong><a href=\"https:\/\/test.comfenalcovalle.com.co\/en\/postulacionesagenciadeempleo\/formacion-para-el-empleo\/\" target=\"_blank\" rel=\"noopener\">enlace<\/a><\/strong>.<\/p><\/div>\n\t\t\t\t\t\t\t<\/div>\n\t\t\t\t\t\t<\/div><div class=\"jet-accordion__item jet-toggle jet-toggle-move-up-effect\">\n\t\t\t\t\t\t\t<div id=\"jet-toggle-control-11521\" class=\"jet-toggle__control elementor-menu-anchor\" data-toggle=\"21\" role=\"button\" tabindex=\"0\" aria-controls=\"jet-toggle-content-11521\" aria-expanded=\"false\" data-template-id=\"false\">\n\t\t\t\t\t\t\t\t<div class=\"jet-toggle__label-icon jet-toggle-icon-position-left\"><span class=\"jet-toggle__icon icon-normal jet-tabs-icon\"><i class=\"fas fa-caret-right\"><\/i><\/span><span class=\"jet-toggle__icon icon-active jet-tabs-icon\"><i class=\"fas fa-caret-up\"><\/i><\/span><\/div><h3 class=\"jet-toggle__label-text\">\u00bfD\u00f3nde puedo ver la programaci\u00f3n de los cursos que ofrece la Agencia de Empleo de Comfenalco Valle?<\/h3>\t\t\t\t\t\t\t<\/div>\n\t\t\t\t\t\t\t<div id=\"jet-toggle-content-11521\" class=\"jet-toggle__content\" data-toggle=\"21\" role=\"region\" data-template-id=\"false\">\n\t\t\t\t\t\t\t\t<div class=\"jet-toggle__content-inner\"><p>La programaci\u00f3n de los cursos no est\u00e1 disponible a trav\u00e9s de un enlace directo en el sitio web para consulta general. En lugar de ello, la asignaci\u00f3n de cursos se realiza de manera personalizada, durante el proceso de orientaci\u00f3n ocupacional, donde el psicologo evaluar\u00e1 el perfil del solicitante e identificar\u00e1 las necesidades de capacitaci\u00f3n espec\u00edficas del usuario. Los interesados en los cursos deben programar una entrevista con un orientador ocupacional de la Agencia de Empleo de Comfenalco Valle ingresando al <a href=\"https:\/\/test.comfenalcovalle.com.co\/en\/personas\/agencia-de-empleo\/ruta-de-la-empleabilidad-p\/\" target=\"_blank\" rel=\"noopener\"><strong>enlace<\/strong><\/a>. Es recomendable preparar un curr\u00edculum actualizado y estar dispuesto a discutir sus intereses y objetivos profesionales durante la entrevista.<\/p><\/div>\n\t\t\t\t\t\t\t<\/div>\n\t\t\t\t\t\t<\/div><div class=\"jet-accordion__item jet-toggle jet-toggle-move-up-effect\">\n\t\t\t\t\t\t\t<div id=\"jet-toggle-control-11522\" class=\"jet-toggle__control elementor-menu-anchor\" data-toggle=\"22\" role=\"button\" tabindex=\"0\" aria-controls=\"jet-toggle-content-11522\" aria-expanded=\"false\" data-template-id=\"false\">\n\t\t\t\t\t\t\t\t<div class=\"jet-toggle__label-icon jet-toggle-icon-position-left\"><span class=\"jet-toggle__icon icon-normal jet-tabs-icon\"><i class=\"fas fa-caret-right\"><\/i><\/span><span class=\"jet-toggle__icon icon-active jet-tabs-icon\"><i class=\"fas fa-caret-up\"><\/i><\/span><\/div><h3 class=\"jet-toggle__label-text\">\u00bfCu\u00e1ndo inician las clases de la capacitaci\u00f3n a la cual me inscrib\u00ed por medio de la Agencia de Empleo de Comfenalco Valle?<\/h3>\t\t\t\t\t\t\t<\/div>\n\t\t\t\t\t\t\t<div id=\"jet-toggle-content-11522\" class=\"jet-toggle__content\" data-toggle=\"22\" role=\"region\" data-template-id=\"false\">\n\t\t\t\t\t\t\t\t<div class=\"jet-toggle__content-inner\"><p>Para conocer la fecha de inicio de la capacitaci\u00f3n a la que te inscribiste por medio de la Agencia de Empleo de Comfenalco Valle, te recomendamos estar atento al correo electr\u00f3nico o llamada telef\u00f3nica que generalmente gestiona el \u00e1rea de Educaci\u00f3n de Comfenalco Valle o la Agencia de Empleo. Si no has recibido ning\u00fan mensaje, puedes contactar a <a href=\"mailto:ksortega@comfenalcovalle.com.co\" target=\"_blank\" rel=\"noopener\"><strong>ksortega@comfenalcovalle.com.co<\/strong><\/a> para obtener informaci\u00f3n detallada. \ud83d\ude0a<\/p><\/div>\n\t\t\t\t\t\t\t<\/div>\n\t\t\t\t\t\t<\/div><div class=\"jet-accordion__item jet-toggle jet-toggle-move-up-effect\">\n\t\t\t\t\t\t\t<div id=\"jet-toggle-control-11523\" class=\"jet-toggle__control elementor-menu-anchor\" data-toggle=\"23\" role=\"button\" tabindex=\"0\" aria-controls=\"jet-toggle-content-11523\" aria-expanded=\"false\" data-template-id=\"false\">\n\t\t\t\t\t\t\t\t<div class=\"jet-toggle__label-icon jet-toggle-icon-position-left\"><span class=\"jet-toggle__icon icon-normal jet-tabs-icon\"><i class=\"fas fa-caret-right\"><\/i><\/span><span class=\"jet-toggle__icon icon-active jet-tabs-icon\"><i class=\"fas fa-caret-up\"><\/i><\/span><\/div><h3 class=\"jet-toggle__label-text\">\u00bfQui\u00e9n realiza la inscripci\u00f3n a las capacitaciones que ofrece la Agencia de Empleo de Comfenalco Valle?<\/h3>\t\t\t\t\t\t\t<\/div>\n\t\t\t\t\t\t\t<div id=\"jet-toggle-content-11523\" class=\"jet-toggle__content\" data-toggle=\"23\" role=\"region\" data-template-id=\"false\">\n\t\t\t\t\t\t\t\t<div class=\"jet-toggle__content-inner\"><p>La inscripci\u00f3n a las capacitaciones es realizada directamente por el interesado a trav\u00e9s de un formulario en l\u00ednea. Tambien es gestionada por los psic\u00f3logos de la Agencia de Empleo de Comfenalco Valle durante la sesi\u00f3n de orientaci\u00f3n ocupacional. Esta orientaci\u00f3n puede llevarse a cabo de forma virtual o presencial.<\/p><p>Aunque no se utiliza un formulario en l\u00ednea para la inscripci\u00f3n directa, los interesados deben cumplir ciertos requisitos que se validan durante la orientaci\u00f3n ocupacional. Esta validaci\u00f3n es parte del proceso para asegurar que los participantes sean aptos para las capacitaciones ofrecidas.<\/p><\/div>\n\t\t\t\t\t\t\t<\/div>\n\t\t\t\t\t\t<\/div><div class=\"jet-accordion__item jet-toggle jet-toggle-move-up-effect\">\n\t\t\t\t\t\t\t<div id=\"jet-toggle-control-11524\" class=\"jet-toggle__control elementor-menu-anchor\" data-toggle=\"24\" role=\"button\" tabindex=\"0\" aria-controls=\"jet-toggle-content-11524\" aria-expanded=\"false\" data-template-id=\"false\">\n\t\t\t\t\t\t\t\t<div class=\"jet-toggle__label-icon jet-toggle-icon-position-left\"><span class=\"jet-toggle__icon icon-normal jet-tabs-icon\"><i class=\"fas fa-caret-right\"><\/i><\/span><span class=\"jet-toggle__icon icon-active jet-tabs-icon\"><i class=\"fas fa-caret-up\"><\/i><\/span><\/div><h3 class=\"jet-toggle__label-text\">\u00bfQu\u00e9 horarios est\u00e1n disponibles para las capacitaciones que ofrece la Agencia de Empleo de Comfenalco Valle?<\/h3>\t\t\t\t\t\t\t<\/div>\n\t\t\t\t\t\t\t<div id=\"jet-toggle-content-11524\" class=\"jet-toggle__content\" data-toggle=\"24\" role=\"region\" data-template-id=\"false\">\n\t\t\t\t\t\t\t\t<div class=\"jet-toggle__content-inner\">Las capacitaciones ofrecidas por la Agencia de Empleo de Comfenalco Valle no tienen un horario fijo. Los horarios pueden variar significativamente dependiendo del curso espec\u00edfico y su duraci\u00f3n.<\/div>\n\t\t\t\t\t\t\t<\/div>\n\t\t\t\t\t\t<\/div><div class=\"jet-accordion__item jet-toggle jet-toggle-move-up-effect\">\n\t\t\t\t\t\t\t<div id=\"jet-toggle-control-11525\" class=\"jet-toggle__control elementor-menu-anchor\" data-toggle=\"25\" role=\"button\" tabindex=\"0\" aria-controls=\"jet-toggle-content-11525\" aria-expanded=\"false\" data-template-id=\"false\">\n\t\t\t\t\t\t\t\t<div class=\"jet-toggle__label-icon jet-toggle-icon-position-left\"><span class=\"jet-toggle__icon icon-normal jet-tabs-icon\"><i class=\"fas fa-caret-right\"><\/i><\/span><span class=\"jet-toggle__icon icon-active jet-tabs-icon\"><i class=\"fas fa-caret-up\"><\/i><\/span><\/div><h3 class=\"jet-toggle__label-text\">Quiero conocer el programa de formaci\u00f3n dual<\/h3>\t\t\t\t\t\t\t<\/div>\n\t\t\t\t\t\t\t<div id=\"jet-toggle-content-11525\" class=\"jet-toggle__content\" data-toggle=\"25\" role=\"region\" data-template-id=\"false\">\n\t\t\t\t\t\t\t\t<div class=\"jet-toggle__content-inner\"><p>El programa de formaci\u00f3n dual en Comfenalco Valle, espec\u00edficamente el T\u00e9cnico Avanzado en Coordinaci\u00f3n Administrativa, combina la teor\u00eda y la pr\u00e1ctica en un entorno real de trabajo. Este enfoque educativo innovador permite que los estudiantes adquieran experiencias laborales mientras estudian, equilibrando los conocimientos te\u00f3ricos con habilidades pr\u00e1cticas. Si deseas m\u00e1s informaci\u00f3n sobre este programa y c\u00f3mo inscribirte, puedes visitar el enlace de <a href=\"https:\/\/test.comfenalcovalle.com.co\/en\/somos-innovadores-con-la-formacion-dual\/\" target=\"_blank\" rel=\"noopener\"><strong>Comfenalco Valley<\/strong><\/a>. \ud83d\ude0a<\/p><\/div>\n\t\t\t\t\t\t\t<\/div>\n\t\t\t\t\t\t<\/div><div class=\"jet-accordion__item jet-toggle jet-toggle-move-up-effect\">\n\t\t\t\t\t\t\t<div id=\"jet-toggle-control-11526\" class=\"jet-toggle__control elementor-menu-anchor\" data-toggle=\"26\" role=\"button\" tabindex=\"0\" aria-controls=\"jet-toggle-content-11526\" aria-expanded=\"false\" data-template-id=\"false\">\n\t\t\t\t\t\t\t\t<div class=\"jet-toggle__label-icon jet-toggle-icon-position-left\"><span class=\"jet-toggle__icon icon-normal jet-tabs-icon\"><i class=\"fas fa-caret-right\"><\/i><\/span><span class=\"jet-toggle__icon icon-active jet-tabs-icon\"><i class=\"fas fa-caret-up\"><\/i><\/span><\/div><h3 class=\"jet-toggle__label-text\">\u00bfHay capacitaciones para personas activas laboralmente por medio de la Agencia de Empleo de Comfenalco Valle?<\/h3>\t\t\t\t\t\t\t<\/div>\n\t\t\t\t\t\t\t<div id=\"jet-toggle-content-11526\" class=\"jet-toggle__content\" data-toggle=\"26\" role=\"region\" data-template-id=\"false\">\n\t\t\t\t\t\t\t\t<div class=\"jet-toggle__content-inner\"><p>Si, Comfenalco Valle ofrece un portafolio de cursos y programas de formaci\u00f3n enfocados y dise\u00f1ados para mejorar la productividad, habilidades y competencias de los trabajadores. Estas capacitaciones est\u00e1n dirigidas tanto a personas activas laboralmente como a beneficiarios afiliados a la Caja de Compensaci\u00f3n. Las capacitaciones pueden incluir cursos de actualizaci\u00f3n profesional, habilidades t\u00e9cnicas, y competencias blandas que pueden beneficiar a personas activas en el mercado laboral. Los interesados pueden acceder a informaci\u00f3n detallada sobre los programas de capacitaci\u00f3n a trav\u00e9s del sitio web de <strong><a href=\"https:\/\/test.comfenalcovalle.com.co\/en\/categoria-capacitaciones\/area-comercial\/\" target=\"_blank\" rel=\"noopener\">Comfenalco Valley<\/a><\/strong> o contact\u00e1ndose directamente con la Agencia de Empleo.<\/p><\/div>\n\t\t\t\t\t\t\t<\/div>\n\t\t\t\t\t\t<\/div><div class=\"jet-accordion__item jet-toggle jet-toggle-move-up-effect\">\n\t\t\t\t\t\t\t<div id=\"jet-toggle-control-11527\" class=\"jet-toggle__control elementor-menu-anchor\" data-toggle=\"27\" role=\"button\" tabindex=\"0\" aria-controls=\"jet-toggle-content-11527\" aria-expanded=\"false\" data-template-id=\"false\">\n\t\t\t\t\t\t\t\t<div class=\"jet-toggle__label-icon jet-toggle-icon-position-left\"><span class=\"jet-toggle__icon icon-normal jet-tabs-icon\"><i class=\"fas fa-caret-right\"><\/i><\/span><span class=\"jet-toggle__icon icon-active jet-tabs-icon\"><i class=\"fas fa-caret-up\"><\/i><\/span><\/div><h3 class=\"jet-toggle__label-text\">\u00bfC\u00f3mo puedo acceder a las capacitaciones para activos laboralmente por medio de la Agencia de Empleo de Comfenalco Valle?<\/h3>\t\t\t\t\t\t\t<\/div>\n\t\t\t\t\t\t\t<div id=\"jet-toggle-content-11527\" class=\"jet-toggle__content\" data-toggle=\"27\" role=\"region\" data-template-id=\"false\">\n\t\t\t\t\t\t\t\t<div class=\"jet-toggle__content-inner\"><p>Para acceder a las Capacitaciones dirigidas Activos Laboralmente, lo puedes hacer por los siguientes medios:<br \/><br \/>1. a trav\u00e9s del Ejecutivo de Cuenta de la empresa: Los empleados pueden acceder a las capacitaciones a trav\u00e9s del ejecutivo que atiende la cuenta de la empresa en la cual trabajan. Es importante que los empleados se comuniquen con este representante para conocer las ofertas de capacitaci\u00f3n disponibles y los pasos para inscribirse.<br \/><br \/>2. Inscripci\u00f3n a trav\u00e9s de Correo Electr\u00f3nico: Comfenalco Valle env\u00eda mensualmente a sus usuarios un listado de cursos disponibles a sus correos electr\u00f3nicos. Para asegurarse de recibir esta informaci\u00f3n, es fundamental que los usuarios mantengan sus datos de contacto actualizados en el sistema de Comfenalco Valle. Los interesados deben revisar regularmente su correo electr\u00f3nico para inscribirse a tiempo en los cursos de su inter\u00e9s.<br \/><br \/>Recomendaciones Adicionales:<\/p><p>&#8211; Aseg\u00farate de verificar con tu empresa o directamente con Comfenalco Valle sobre cualquier cambio o actualizaci\u00f3n en los procedimientos para acceder a dichas capacitaciones.<\/p><p>&#8211; Mant\u00e9n tus datos de contacto actualizados con Comfenalco Valle para no perderte de las comunicaciones importantes.<\/p><\/div>\n\t\t\t\t\t\t\t<\/div>\n\t\t\t\t\t\t<\/div><div class=\"jet-accordion__item jet-toggle jet-toggle-move-up-effect\">\n\t\t\t\t\t\t\t<div id=\"jet-toggle-control-11528\" class=\"jet-toggle__control elementor-menu-anchor\" data-toggle=\"28\" role=\"button\" tabindex=\"0\" aria-controls=\"jet-toggle-content-11528\" aria-expanded=\"false\" data-template-id=\"false\">\n\t\t\t\t\t\t\t\t<div class=\"jet-toggle__label-icon jet-toggle-icon-position-left\"><span class=\"jet-toggle__icon icon-normal jet-tabs-icon\"><i class=\"fas fa-caret-right\"><\/i><\/span><span class=\"jet-toggle__icon icon-active jet-tabs-icon\"><i class=\"fas fa-caret-up\"><\/i><\/span><\/div><h3 class=\"jet-toggle__label-text\">\u00bfLos cursos para personas activas laboralmente por medio de la Agencia de Empleo de Comfenalco Valle tienen alg\u00fan costo?<\/h3>\t\t\t\t\t\t\t<\/div>\n\t\t\t\t\t\t\t<div id=\"jet-toggle-content-11528\" class=\"jet-toggle__content\" data-toggle=\"28\" role=\"region\" data-template-id=\"false\">\n\t\t\t\t\t\t\t\t<div class=\"jet-toggle__content-inner\"><p>Los cursos ofrecidos por la Agencia de Empleo de Comfenalco Valle son 100% subsidiados y est\u00e1n sujetos al cumplimiento de los requisitos de ley los cuales son:<br \/><br \/>1.Ser cotizante o beneficiario activo de la Caja de Compensaci\u00f3n Comfenalco Valle Delagente.<\/p><p>2.Estar al d\u00eda en el pago de aportes del 4% en la Caja de Compensaci\u00f3n Comfenalco Valle<br \/><br \/>Recuerda que estos cursos est\u00e1n dise\u00f1ados para mejorar las habilidades y competencias de las personas que ya est\u00e1n activas laboralmente, facilitando su crecimiento profesional y aumento de productividad.<\/p><\/div>\n\t\t\t\t\t\t\t<\/div>\n\t\t\t\t\t\t<\/div><div class=\"jet-accordion__item jet-toggle jet-toggle-move-up-effect\">\n\t\t\t\t\t\t\t<div id=\"jet-toggle-control-11529\" class=\"jet-toggle__control elementor-menu-anchor\" data-toggle=\"29\" role=\"button\" tabindex=\"0\" aria-controls=\"jet-toggle-content-11529\" aria-expanded=\"false\" data-template-id=\"false\">\n\t\t\t\t\t\t\t\t<div class=\"jet-toggle__label-icon jet-toggle-icon-position-left\"><span class=\"jet-toggle__icon icon-normal jet-tabs-icon\"><i class=\"fas fa-caret-right\"><\/i><\/span><span class=\"jet-toggle__icon icon-active jet-tabs-icon\"><i class=\"fas fa-caret-up\"><\/i><\/span><\/div><h3 class=\"jet-toggle__label-text\">\u00bfCu\u00e1l es la modalidad de clases en las capacitaciones para activos laboralmente que ofrece la Agencia de Empleo de Comfenalco Valle?<\/h3>\t\t\t\t\t\t\t<\/div>\n\t\t\t\t\t\t\t<div id=\"jet-toggle-content-11529\" class=\"jet-toggle__content\" data-toggle=\"29\" role=\"region\" data-template-id=\"false\">\n\t\t\t\t\t\t\t\t<div class=\"jet-toggle__content-inner\"><p>Las capacitaciones ofrecidas por la Agencia de Empleo de Comfenalco Valle para personas activas laboralmente pueden llevarse a cabo en dos modalidades: presencial y virtual sincr\u00f3nica. La modalidad de capacitaci\u00f3n se determina en funci\u00f3n de las necesidades de la empresa afiliada o seg\u00fan lo establecido por la Caja de Compensaci\u00f3n Comfenalco Valle.<br \/><br \/>Para mayor claridad recuerda que la modalidad presencial implica que los participantes asisten f\u00edsicamente a un lugar designado para recibir la capacitaci\u00f3n y la modalidad virtual sincr\u00f3nica es aquella donde las sesiones de capacitaci\u00f3n se realizan en l\u00ednea, permitiendo la interacci\u00f3n en tiempo real entre instructores y participantes.<\/p><\/div>\n\t\t\t\t\t\t\t<\/div>\n\t\t\t\t\t\t<\/div><div class=\"jet-accordion__item jet-toggle jet-toggle-move-up-effect\">\n\t\t\t\t\t\t\t<div id=\"jet-toggle-control-11530\" class=\"jet-toggle__control elementor-menu-anchor\" data-toggle=\"30\" role=\"button\" tabindex=\"0\" aria-controls=\"jet-toggle-content-11530\" aria-expanded=\"false\" data-template-id=\"false\">\n\t\t\t\t\t\t\t\t<div class=\"jet-toggle__label-icon jet-toggle-icon-position-left\"><span class=\"jet-toggle__icon icon-normal jet-tabs-icon\"><i class=\"fas fa-caret-right\"><\/i><\/span><span class=\"jet-toggle__icon icon-active jet-tabs-icon\"><i class=\"fas fa-caret-up\"><\/i><\/span><\/div><h3 class=\"jet-toggle__label-text\">\u00bfCu\u00e1les son los requisitos para acceder a las capacitaciones para activos laboralmente por medio de la Agencia de Empleo de Comfenalco Valle?<\/h3>\t\t\t\t\t\t\t<\/div>\n\t\t\t\t\t\t\t<div id=\"jet-toggle-content-11530\" class=\"jet-toggle__content\" data-toggle=\"30\" role=\"region\" data-template-id=\"false\">\n\t\t\t\t\t\t\t\t<div class=\"jet-toggle__content-inner\"><p>Los requisitos para acceder a capacitaciones dirigidas a Activos laborales por medio de la Agencia de Empleo de Comfenalco Valle son:<\/p><p>1. Deben ser cotizantes o beneficiarios activos de la Caja de Compensaci\u00f3n Comfenalco Valle Delagente.<\/p><p>2. Estar al d\u00eda en el pago de los aportes del 4% correspondientes a la afiliaci\u00f3n a la caja de compensaci\u00f3n.<\/p><\/div>\n\t\t\t\t\t\t\t<\/div>\n\t\t\t\t\t\t<\/div>\t\t\t<\/div>\n\t\t<\/div>\n\t\t\t\t\t\t<\/div>\n\t\t\t\t<\/div>\n\t\t\t\t<div class=\"elementor-element elementor-element-03834f3 elementor-position-right elementor-view-default elementor-mobile-position-top elementor-vertical-align-top elementor-widget elementor-widget-icon-box\" data-id=\"03834f3\" data-element_type=\"widget\" data-widget_type=\"icon-box.default\">\n\t\t\t\t<div class=\"elementor-widget-container\">\n\t\t\t\t\t\t\t<div class=\"elementor-icon-box-wrapper\">\n\n\t\t\t\t\t\t<div class=\"elementor-icon-box-icon\">\n\t\t\t\t<span  class=\"elementor-icon\">\n\t\t\t\t<i aria-hidden=\"true\" class=\"fas fa-user-tie\"><\/i>\t\t\t\t<\/span>\n\t\t\t<\/div>\n\t\t\t\n\t\t\t\t\t\t<div class=\"elementor-icon-box-content\">\n\n\t\t\t\t\t\t\t\t\t<h2 class=\"elementor-icon-box-title\">\n\t\t\t\t\t\t<span  >\n\t\t\t\t\t\t\tOrientaci\u00f3n Ocupacional\t\t\t\t\t\t<\/span>\n\t\t\t\t\t<\/h2>\n\t\t\t\t\n\t\t\t\t\n\t\t\t<\/div>\n\t\t\t\n\t\t<\/div>\n\t\t\t\t\t\t<\/div>\n\t\t\t\t<\/div>\n\t\t\t\t<div class=\"elementor-element elementor-element-704eefe elementor-widget elementor-widget-jet-accordion\" data-id=\"704eefe\" data-element_type=\"widget\" data-widget_type=\"jet-accordion.default\">\n\t\t\t\t<div class=\"elementor-widget-container\">\n\t\t\t\t\t\t\t<div class=\"jet-accordion\" data-settings=\"{&quot;collapsible&quot;:false,&quot;ajaxTemplate&quot;:false,&quot;switchScrolling&quot;:false,&quot;switchScrollingOffset&quot;:0,&quot;switchScrollingDelay&quot;:500}\">\n\t\t\t<div class=\"jet-accordion__inner\">\n\t\t\t\t<div class=\"jet-accordion__item jet-toggle jet-toggle-move-up-effect\">\n\t\t\t\t\t\t\t<div id=\"jet-toggle-control-1171\" class=\"jet-toggle__control elementor-menu-anchor\" data-toggle=\"1\" role=\"button\" tabindex=\"0\" aria-controls=\"jet-toggle-content-1171\" aria-expanded=\"false\" data-template-id=\"false\">\n\t\t\t\t\t\t\t\t<div class=\"jet-toggle__label-icon jet-toggle-icon-position-left\"><span class=\"jet-toggle__icon icon-normal jet-tabs-icon\"><i class=\"fas fa-caret-right\"><\/i><\/span><span class=\"jet-toggle__icon icon-active jet-tabs-icon\"><i class=\"fas fa-caret-up\"><\/i><\/span><\/div><h3 class=\"jet-toggle__label-text\">\u00bfQue debo de hacer si estoy interesada\/o en una asesor\u00eda para b\u00fasqueda de empleo en la Agencia de Empleo de Comfenalco Valle?<\/h3>\t\t\t\t\t\t\t<\/div>\n\t\t\t\t\t\t\t<div id=\"jet-toggle-content-1171\" class=\"jet-toggle__content\" data-toggle=\"1\" role=\"region\" data-template-id=\"false\">\n\t\t\t\t\t\t\t\t<div class=\"jet-toggle__content-inner\"><p>La Agencia de Empleo de Comfenalco Valle ofrece diversos servicios para apoyar a las personas en su proceso de b\u00fasqueda de empleo. Estos servicios est\u00e1n dise\u00f1ados para ser accesibles de manera tanto presencial como virtual, dependiendo de las necesidades y preferencias del usuario. A continuaci\u00f3n, se describen las opciones disponibles:<br \/><br \/>1. Ruta de Empleabilidad Virtual: Es un servicio gratuito que ofrece orientaci\u00f3n laboral de manera virtual.<br \/>Los interesados deben registrarse en la p\u00e1gina web de Comfenalco Valle y seguir los pasos indicados para agendar una cita virtual a trav\u00e9s del siguiente <a href=\"https:\/\/virtual.comfenalcovalle.com.co\/delagenteweb\/virtual-scheduling\" target=\"_blank\" rel=\"noopener\"><strong>link<\/strong><\/a>.<br \/><br \/>2. Orientaci\u00f3n Ocupacional Presencial: Es el proceso dirigido por psic\u00f3logos expertos para ayudar a los usuarios a definir sus objetivos profesionales y mejorar sus estrategias de b\u00fasqueda de empleo. Los interesados pueden acercarse a cualquiera de las <a href=\"https:\/\/test.comfenalcovalle.com.co\/en\/sedes\/\" target=\"_blank\" rel=\"noopener\"><strong>agencias<\/strong> <\/a>de Comfenalco Valle para participar en este proceso.<\/p><\/div>\n\t\t\t\t\t\t\t<\/div>\n\t\t\t\t\t\t<\/div><div class=\"jet-accordion__item jet-toggle jet-toggle-move-up-effect\">\n\t\t\t\t\t\t\t<div id=\"jet-toggle-control-1172\" class=\"jet-toggle__control elementor-menu-anchor\" data-toggle=\"2\" role=\"button\" tabindex=\"0\" aria-controls=\"jet-toggle-content-1172\" aria-expanded=\"false\" data-template-id=\"false\">\n\t\t\t\t\t\t\t\t<div class=\"jet-toggle__label-icon jet-toggle-icon-position-left\"><span class=\"jet-toggle__icon icon-normal jet-tabs-icon\"><i class=\"fas fa-caret-right\"><\/i><\/span><span class=\"jet-toggle__icon icon-active jet-tabs-icon\"><i class=\"fas fa-caret-up\"><\/i><\/span><\/div><h3 class=\"jet-toggle__label-text\">\u00bfEn qu\u00e9 consiste la orientaci\u00f3n ocupacional que ofrece la Agencia de Empleo de Comfenalco Valle?<\/h3>\t\t\t\t\t\t\t<\/div>\n\t\t\t\t\t\t\t<div id=\"jet-toggle-content-1172\" class=\"jet-toggle__content\" data-toggle=\"2\" role=\"region\" data-template-id=\"false\">\n\t\t\t\t\t\t\t\t<div class=\"jet-toggle__content-inner\"><p>La orientaci\u00f3n ocupacional proporcionada por la Agencia de Empleo de Comfenalco Valle es un servicio integral dise\u00f1ado para mejorar la empleabilidad de los usuarios. Este programa incluye los siguientes componentes clave:<br \/><br \/>1. An\u00e1lisis del Perfil Laboral: Un equipo de psic\u00f3logos y orientadores laborales te ayudar\u00e1 a evaluar y entender tus habilidades, competencias y experiencia laboral actual para identificar tus fortalezas y \u00e1reas de mejora.<br \/><br \/>2. Informaci\u00f3n del Mercado Laboral: Recibir\u00e1s informaci\u00f3n actualizada sobre las tendencias y demandas del mercado laboral, lo cual te permitir\u00e1 ajustar tus expectativas y estrategias de b\u00fasqueda de empleo a la realidad del entorno laboral.<br \/><br \/>3. Programas de Empleabilidad: Se te proporcionar\u00e1 informaci\u00f3n sobre diversos programas y recursos de empleabilidad que podr\u00edan ser beneficiosos para tu desarrollo profesional y b\u00fasqueda de empleo.<br \/><br \/>4. Asesor\u00eda en Estrategias de B\u00fasqueda de Empleo: Obtendr\u00e1s asesor\u00eda personalizada para desarrollar estrategias efectivas de b\u00fasqueda de empleo, incluyendo consejos para la preparaci\u00f3n de entrevistas y redes de contactos.<br \/><br \/>5. Hoja de Vida y Entrevistas: El equipo te guiar\u00e1 en la estructuraci\u00f3n o mejora de tu hoja de vida y te ofrecer\u00e1 consejos pr\u00e1cticos y personalizados para presentarte exitosamente en entrevistas laborales.<br \/><br \/>El objetivo de esta orientaci\u00f3n es facilitar tu inserci\u00f3n en el mercado laboral y maximizar tus oportunidades de empleo mediante un enfoque personalizado y basado en las necesidades del mercado actual.<br \/><br \/>Para obtener m\u00e1s detalles sobre este servicio, te recomendamos visitar la p\u00e1gina oficial de la Agencia de Empleo de Comfenalco Valle.<\/p><\/div>\n\t\t\t\t\t\t\t<\/div>\n\t\t\t\t\t\t<\/div><div class=\"jet-accordion__item jet-toggle jet-toggle-move-up-effect\">\n\t\t\t\t\t\t\t<div id=\"jet-toggle-control-1173\" class=\"jet-toggle__control elementor-menu-anchor\" data-toggle=\"3\" role=\"button\" tabindex=\"0\" aria-controls=\"jet-toggle-content-1173\" aria-expanded=\"false\" data-template-id=\"false\">\n\t\t\t\t\t\t\t\t<div class=\"jet-toggle__label-icon jet-toggle-icon-position-left\"><span class=\"jet-toggle__icon icon-normal jet-tabs-icon\"><i class=\"fas fa-caret-right\"><\/i><\/span><span class=\"jet-toggle__icon icon-active jet-tabs-icon\"><i class=\"fas fa-caret-up\"><\/i><\/span><\/div><h3 class=\"jet-toggle__label-text\">\u00bfQue revisan los psic\u00f3logos de la Agencia de Empleo de Comfenalco Valle durante la orientaci\u00f3n ocupacional?<\/h3>\t\t\t\t\t\t\t<\/div>\n\t\t\t\t\t\t\t<div id=\"jet-toggle-content-1173\" class=\"jet-toggle__content\" data-toggle=\"3\" role=\"region\" data-template-id=\"false\">\n\t\t\t\t\t\t\t\t<div class=\"jet-toggle__content-inner\"><p>Durante la orientaci\u00f3n ocupacional, los psic\u00f3logos de la Agencia de Empleo de Comfenalco Valle revisan diversos aspectos para ayudarte en tu desarrollo profesional. Se enfocan en la identificaci\u00f3n de tus habilidades, competencias y motivaciones, as\u00ed como en la elaboraci\u00f3n y optimizaci\u00f3n de tu hoja de vida. Adem\u00e1s, brindan apoyo en la preparaci\u00f3n para entrevistas laborales y en la postulaci\u00f3n a vacantes que se alineen con tu perfil. Todo esto con el objetivo de facilitar tu inserci\u00f3n en el mercado laboral.<\/p><\/div>\n\t\t\t\t\t\t\t<\/div>\n\t\t\t\t\t\t<\/div><div class=\"jet-accordion__item jet-toggle jet-toggle-move-up-effect\">\n\t\t\t\t\t\t\t<div id=\"jet-toggle-control-1174\" class=\"jet-toggle__control elementor-menu-anchor\" data-toggle=\"4\" role=\"button\" tabindex=\"0\" aria-controls=\"jet-toggle-content-1174\" aria-expanded=\"false\" data-template-id=\"false\">\n\t\t\t\t\t\t\t\t<div class=\"jet-toggle__label-icon jet-toggle-icon-position-left\"><span class=\"jet-toggle__icon icon-normal jet-tabs-icon\"><i class=\"fas fa-caret-right\"><\/i><\/span><span class=\"jet-toggle__icon icon-active jet-tabs-icon\"><i class=\"fas fa-caret-up\"><\/i><\/span><\/div><h3 class=\"jet-toggle__label-text\">\u00bfQu\u00e9 es la Ruta de Empleabilidad de la Agencia de Empleo de Comfenalco Valle?<\/h3>\t\t\t\t\t\t\t<\/div>\n\t\t\t\t\t\t\t<div id=\"jet-toggle-content-1174\" class=\"jet-toggle__content\" data-toggle=\"4\" role=\"region\" data-template-id=\"false\">\n\t\t\t\t\t\t\t\t<div class=\"jet-toggle__content-inner\"><p>La Ruta de Empleabilidad de la Agencia de Empleo de Comfenalco Valle es un proceso dise\u00f1ado para conectar a las personas con oportunidades laborales y herramientas que favorecen su desarrollo personal. A trav\u00e9s de esta ruta, recibir\u00e1s servicios como orientaci\u00f3n laboral, postulaci\u00f3n a vacantes y gesti\u00f3n empresarial, todo de manera gratuita y 100% subsidiada. Es una excelente opci\u00f3n para fortalecer tus habilidades y facilitar tu inserci\u00f3n en el mercado laboral. Para m\u00e1s informaci\u00f3n, <a href=\"http:\/\/test.comfenalcovalle.com.co\/en\/agencia-de-empleo\/\" target=\"_blank\" rel=\"noopener\"><strong>puedes visitar<\/strong><\/a>.<\/p><\/div>\n\t\t\t\t\t\t\t<\/div>\n\t\t\t\t\t\t<\/div><div class=\"jet-accordion__item jet-toggle jet-toggle-move-up-effect\">\n\t\t\t\t\t\t\t<div id=\"jet-toggle-control-1175\" class=\"jet-toggle__control elementor-menu-anchor\" data-toggle=\"5\" role=\"button\" tabindex=\"0\" aria-controls=\"jet-toggle-content-1175\" aria-expanded=\"false\" data-template-id=\"false\">\n\t\t\t\t\t\t\t\t<div class=\"jet-toggle__label-icon jet-toggle-icon-position-left\"><span class=\"jet-toggle__icon icon-normal jet-tabs-icon\"><i class=\"fas fa-caret-right\"><\/i><\/span><span class=\"jet-toggle__icon icon-active jet-tabs-icon\"><i class=\"fas fa-caret-up\"><\/i><\/span><\/div><h3 class=\"jet-toggle__label-text\">\u00bfCu\u00e1nto dura una orientaci\u00f3n laboral en la Agencia de Empleo de Comfenalco Valle?<\/h3>\t\t\t\t\t\t\t<\/div>\n\t\t\t\t\t\t\t<div id=\"jet-toggle-content-1175\" class=\"jet-toggle__content\" data-toggle=\"5\" role=\"region\" data-template-id=\"false\">\n\t\t\t\t\t\t\t\t<div class=\"jet-toggle__content-inner\"><p>El tiempo de la orientaci\u00f3n puede variar seg\u00fan tu perfil laboral; sin embargo, este proceso tiene un promedio de tiempo aproximado de 20 minutos tanto presencial como virtual.<\/p><\/div>\n\t\t\t\t\t\t\t<\/div>\n\t\t\t\t\t\t<\/div><div class=\"jet-accordion__item jet-toggle jet-toggle-move-up-effect\">\n\t\t\t\t\t\t\t<div id=\"jet-toggle-control-1176\" class=\"jet-toggle__control elementor-menu-anchor\" data-toggle=\"6\" role=\"button\" tabindex=\"0\" aria-controls=\"jet-toggle-content-1176\" aria-expanded=\"false\" data-template-id=\"false\">\n\t\t\t\t\t\t\t\t<div class=\"jet-toggle__label-icon jet-toggle-icon-position-left\"><span class=\"jet-toggle__icon icon-normal jet-tabs-icon\"><i class=\"fas fa-caret-right\"><\/i><\/span><span class=\"jet-toggle__icon icon-active jet-tabs-icon\"><i class=\"fas fa-caret-up\"><\/i><\/span><\/div><h3 class=\"jet-toggle__label-text\">\u00bfEn que consisten los talleres de orientaci\u00f3n ocupacional en la Agencia de Empleo de Comfenalco Valle?<\/h3>\t\t\t\t\t\t\t<\/div>\n\t\t\t\t\t\t\t<div id=\"jet-toggle-content-1176\" class=\"jet-toggle__content\" data-toggle=\"6\" role=\"region\" data-template-id=\"false\">\n\t\t\t\t\t\t\t\t<div class=\"jet-toggle__content-inner\">Los talleres de orientaci\u00f3n ocupacional en la Agencia de Empleo de Comfenalco Valle son espacios de formaci\u00f3n te\u00f3rico-pr\u00e1cticos en los cuales se brinda informaci\u00f3n m\u00e1s amplia sobre el mercado de trabajo local, tem\u00e1ticas relacionadas con las competencias b\u00e1sicas para el mundo laboral, as\u00ed como herramientas para la b\u00fasqueda de empleo, en promedio duran 2 horas y se programan con base a las necesidades de formaci\u00f3n identificadas durante la orientaci\u00f3n ocupacional.\n<\/div>\n\t\t\t\t\t\t\t<\/div>\n\t\t\t\t\t\t<\/div>\t\t\t<\/div>\n\t\t<\/div>\n\t\t\t\t\t\t<\/div>\n\t\t\t\t<\/div>\n\t\t\t\t<div class=\"elementor-element elementor-element-f4889c0 elementor-position-right elementor-view-default elementor-mobile-position-top elementor-vertical-align-top elementor-widget elementor-widget-icon-box\" data-id=\"f4889c0\" data-element_type=\"widget\" data-widget_type=\"icon-box.default\">\n\t\t\t\t<div class=\"elementor-widget-container\">\n\t\t\t\t\t\t\t<div class=\"elementor-icon-box-wrapper\">\n\n\t\t\t\t\t\t<div class=\"elementor-icon-box-icon\">\n\t\t\t\t<span  class=\"elementor-icon\">\n\t\t\t\t<i aria-hidden=\"true\" class=\"fas fa-user-tie\"><\/i>\t\t\t\t<\/span>\n\t\t\t<\/div>\n\t\t\t\n\t\t\t\t\t\t<div class=\"elementor-icon-box-content\">\n\n\t\t\t\t\t\t\t\t\t<h2 class=\"elementor-icon-box-title\">\n\t\t\t\t\t\t<span  >\n\t\t\t\t\t\t\tServicio transnacional\t\t\t\t\t\t<\/span>\n\t\t\t\t\t<\/h2>\n\t\t\t\t\n\t\t\t\t\n\t\t\t<\/div>\n\t\t\t\n\t\t<\/div>\n\t\t\t\t\t\t<\/div>\n\t\t\t\t<\/div>\n\t\t\t\t<div class=\"elementor-element elementor-element-d4c605d elementor-widget elementor-widget-jet-accordion\" data-id=\"d4c605d\" data-element_type=\"widget\" data-widget_type=\"jet-accordion.default\">\n\t\t\t\t<div class=\"elementor-widget-container\">\n\t\t\t\t\t\t\t<div class=\"jet-accordion\" data-settings=\"{&quot;collapsible&quot;:false,&quot;ajaxTemplate&quot;:false,&quot;switchScrolling&quot;:false,&quot;switchScrollingOffset&quot;:0,&quot;switchScrollingDelay&quot;:500}\">\n\t\t\t<div class=\"jet-accordion__inner\">\n\t\t\t\t<div class=\"jet-accordion__item jet-toggle jet-toggle-move-up-effect\">\n\t\t\t\t\t\t\t<div id=\"jet-toggle-control-2231\" class=\"jet-toggle__control elementor-menu-anchor\" data-toggle=\"1\" role=\"button\" tabindex=\"0\" aria-controls=\"jet-toggle-content-2231\" aria-expanded=\"false\" data-template-id=\"false\">\n\t\t\t\t\t\t\t\t<div class=\"jet-toggle__label-icon jet-toggle-icon-position-left\"><span class=\"jet-toggle__icon icon-normal jet-tabs-icon\"><i class=\"fas fa-caret-right\"><\/i><\/span><span class=\"jet-toggle__icon icon-active jet-tabs-icon\"><i class=\"fas fa-caret-up\"><\/i><\/span><\/div><h3 class=\"jet-toggle__label-text\">\u00bfQu\u00e9 hace una Agencia de Empleo Transnacional?<\/h3>\t\t\t\t\t\t\t<\/div>\n\t\t\t\t\t\t\t<div id=\"jet-toggle-content-2231\" class=\"jet-toggle__content\" data-toggle=\"1\" role=\"region\" data-template-id=\"false\">\n\t\t\t\t\t\t\t\t<div class=\"jet-toggle__content-inner\"><p>Una Agencia de Empleo Transnacional se encarga de facilitar el proceso de reclutamiento, preselecci\u00f3n, preparaci\u00f3n y colocaci\u00f3n de candidatos en el extranjero. Su objetivo es identificar oportunidades laborales que se ajusten a las necesidades de los mercados de diferentes pa\u00edses y apoyar a los buscadores de empleo en su migraci\u00f3n laboral segura. Adem\u00e1s, trabaja en colaboraci\u00f3n con empresas y organizaciones de otros pa\u00edses para gestionar vacantes y promover la movilidad laboral. Para m\u00e1s informaci\u00f3n, <strong><a href=\"http:\/\/test.comfenalcovalle.com.co\/en\/agencia-de-empleo-transnacional\/\" target=\"_blank\" rel=\"noopener\">puedes visitar<\/a><\/strong>.<\/p><\/div>\n\t\t\t\t\t\t\t<\/div>\n\t\t\t\t\t\t<\/div><div class=\"jet-accordion__item jet-toggle jet-toggle-move-up-effect\">\n\t\t\t\t\t\t\t<div id=\"jet-toggle-control-2232\" class=\"jet-toggle__control elementor-menu-anchor\" data-toggle=\"2\" role=\"button\" tabindex=\"0\" aria-controls=\"jet-toggle-content-2232\" aria-expanded=\"false\" data-template-id=\"false\">\n\t\t\t\t\t\t\t\t<div class=\"jet-toggle__label-icon jet-toggle-icon-position-left\"><span class=\"jet-toggle__icon icon-normal jet-tabs-icon\"><i class=\"fas fa-caret-right\"><\/i><\/span><span class=\"jet-toggle__icon icon-active jet-tabs-icon\"><i class=\"fas fa-caret-up\"><\/i><\/span><\/div><h3 class=\"jet-toggle__label-text\">\u00bfQu\u00e9 servicios ofrece y en qu\u00e9 consisten?<\/h3>\t\t\t\t\t\t\t<\/div>\n\t\t\t\t\t\t\t<div id=\"jet-toggle-content-2232\" class=\"jet-toggle__content\" data-toggle=\"2\" role=\"region\" data-template-id=\"false\">\n\t\t\t\t\t\t\t\t<div class=\"jet-toggle__content-inner\"><p>Una Agencia de Empleo Transnacional ofrece servicios como:<\/p><p>1. Registro del Usuario: Consiste en el registro de la hoja de vida del usuario en la p\u00e1gina del servicio p\u00fablico de empleo. Este es el primer paso para acceder a los servicios de la agencia y asegura que la informaci\u00f3n del candidato est\u00e9 actualizada y disponible para posibles empleadores.<br \/><br \/>2. Orientaci\u00f3n Ocupacional: Comprende acciones para conocer a fondo el perfil del buscador de empleo, incluyendo sus conocimientos, experiencias, habilidades y otras competencias. Tambi\u00e9n se eval\u00faan sus intereses ocupacionales, motivaciones y necesidades con el fin de construir un perfil laboral detallado que se ajuste a las oportunidades en el extranjero.<br \/><br \/>3. Talleres de Inmersi\u00f3n Cultural: Estos talleres tienen como objetivo preparar a los candidatos para la migraci\u00f3n laboral, proporcionando informaci\u00f3n detallada sobre el pa\u00eds de destino. Se abordan temas como la cultura, costumbres, gastronom\u00eda, moneda, clima, estructura de la seguridad social, y transporte, entre otros, para asegurar una adaptaci\u00f3n m\u00e1s fluida.<br \/><br \/>4. Recepci\u00f3n de Vacantes: Implica la atenci\u00f3n a las solicitudes de perfiles laborales por parte de empresas en el extranjero. La agencia asegura que estas vacantes cumplan con la documentaci\u00f3n requerida y sean legales, protegiendo as\u00ed los intereses de los candidatos.<br \/><br \/>5. Preselecci\u00f3n y Remisi\u00f3n: Se refiere a la identificaci\u00f3n de los usuarios que cumplen con los requisitos de las vacantes disponibles. La agencia realiza un proceso inicial de preselecci\u00f3n y remite a los candidatos m\u00e1s aptos a las empresas que buscan talento espec\u00edfico.<\/p><p>6. Seguimiento post contrataci\u00f3n: Durante este proceso se validar\u00e1 peri\u00f3dicamente temas como adaptaci\u00f3n al entorno, regularizaci\u00f3n laboral y dem\u00e1s<\/p><p>Para m\u00e1s informaci\u00f3n, puedes <strong><a href=\"http:\/\/test.comfenalcovalle.com.co\/en\/agencia-de-empleo-transnacional\/\" target=\"_blank\" rel=\"noopener\">visitar<\/a><\/strong>.<\/p><\/div>\n\t\t\t\t\t\t\t<\/div>\n\t\t\t\t\t\t<\/div><div class=\"jet-accordion__item jet-toggle jet-toggle-move-up-effect\">\n\t\t\t\t\t\t\t<div id=\"jet-toggle-control-2233\" class=\"jet-toggle__control elementor-menu-anchor\" data-toggle=\"3\" role=\"button\" tabindex=\"0\" aria-controls=\"jet-toggle-content-2233\" aria-expanded=\"false\" data-template-id=\"false\">\n\t\t\t\t\t\t\t\t<div class=\"jet-toggle__label-icon jet-toggle-icon-position-left\"><span class=\"jet-toggle__icon icon-normal jet-tabs-icon\"><i class=\"fas fa-caret-right\"><\/i><\/span><span class=\"jet-toggle__icon icon-active jet-tabs-icon\"><i class=\"fas fa-caret-up\"><\/i><\/span><\/div><h3 class=\"jet-toggle__label-text\">\u00bfQui\u00e9nes pueden acceder a este servicio?<\/h3>\t\t\t\t\t\t\t<\/div>\n\t\t\t\t\t\t\t<div id=\"jet-toggle-content-2233\" class=\"jet-toggle__content\" data-toggle=\"3\" role=\"region\" data-template-id=\"false\">\n\t\t\t\t\t\t\t\t<div class=\"jet-toggle__content-inner\"><p>Cualquier persona que est\u00e9 en b\u00fasqueda de empleo puede acceder al servicio de la Agencia de Empleo Transnacional en Comfenalco Valle. Esto incluye a quienes deseen trabajar en el extranjero y est\u00e9n interesados en recibir apoyo en el proceso de reclutamiento, preselecci\u00f3n, preparaci\u00f3n y colocaci\u00f3n. Para m\u00e1s informaci\u00f3n sobre c\u00f3mo acceder, puedes <strong><a href=\"http:\/\/test.comfenalcovalle.com.co\/en\/agencia-de-empleo-transnacional\/personas\/\" target=\"_blank\" rel=\"noopener\">visitar<\/a><\/strong>.<\/p><\/div>\n\t\t\t\t\t\t\t<\/div>\n\t\t\t\t\t\t<\/div><div class=\"jet-accordion__item jet-toggle jet-toggle-move-up-effect\">\n\t\t\t\t\t\t\t<div id=\"jet-toggle-control-2234\" class=\"jet-toggle__control elementor-menu-anchor\" data-toggle=\"4\" role=\"button\" tabindex=\"0\" aria-controls=\"jet-toggle-content-2234\" aria-expanded=\"false\" data-template-id=\"false\">\n\t\t\t\t\t\t\t\t<div class=\"jet-toggle__label-icon jet-toggle-icon-position-left\"><span class=\"jet-toggle__icon icon-normal jet-tabs-icon\"><i class=\"fas fa-caret-right\"><\/i><\/span><span class=\"jet-toggle__icon icon-active jet-tabs-icon\"><i class=\"fas fa-caret-up\"><\/i><\/span><\/div><h3 class=\"jet-toggle__label-text\">\u00bfD\u00f3nde puedo consultar las vacantes disponibles?<\/h3>\t\t\t\t\t\t\t<\/div>\n\t\t\t\t\t\t\t<div id=\"jet-toggle-content-2234\" class=\"jet-toggle__content\" data-toggle=\"4\" role=\"region\" data-template-id=\"false\">\n\t\t\t\t\t\t\t\t<div class=\"jet-toggle__content-inner\"><p>Puedes conocer las vacantes disponibles de la Agencia de Empleo Transnacional de Comfenalco Valle visitando el siguiente <strong><a href=\"http:\/\/test.comfenalcovalle.com.co\/en\/agencia-de-empleo-transnacional\/personas\/\" target=\"_blank\" rel=\"noopener\">enlace<\/a><\/strong>.<\/p><p>All\u00ed encontrar\u00e1s las ofertas de empleo que se ajustan a tu perfil y puedes auto postularte. Adem\u00e1s, las vacantes tambi\u00e9n se publican en las redes sociales oficiales de Comfenalco Valle, como su p\u00e1gina de Facebook y LinkedIn, donde puedes seguir sus actualizaciones y enterarte de nuevas oportunidades laborales.<\/p><p>Recuerda que mantenerse al tanto de las redes sociales y el sitio web te permitir\u00e1 conocer r\u00e1pidamente las vacantes disponibles y facilitar\u00e1 tu proceso de postulaci\u00f3n.<\/p><\/div>\n\t\t\t\t\t\t\t<\/div>\n\t\t\t\t\t\t<\/div><div class=\"jet-accordion__item jet-toggle jet-toggle-move-up-effect\">\n\t\t\t\t\t\t\t<div id=\"jet-toggle-control-2235\" class=\"jet-toggle__control elementor-menu-anchor\" data-toggle=\"5\" role=\"button\" tabindex=\"0\" aria-controls=\"jet-toggle-content-2235\" aria-expanded=\"false\" data-template-id=\"false\">\n\t\t\t\t\t\t\t\t<div class=\"jet-toggle__label-icon jet-toggle-icon-position-left\"><span class=\"jet-toggle__icon icon-normal jet-tabs-icon\"><i class=\"fas fa-caret-right\"><\/i><\/span><span class=\"jet-toggle__icon icon-active jet-tabs-icon\"><i class=\"fas fa-caret-up\"><\/i><\/span><\/div><h3 class=\"jet-toggle__label-text\">\u00bfSi me interesa una vacante qu\u00e9 debo hacer?<\/h3>\t\t\t\t\t\t\t<\/div>\n\t\t\t\t\t\t\t<div id=\"jet-toggle-content-2235\" class=\"jet-toggle__content\" data-toggle=\"5\" role=\"region\" data-template-id=\"false\">\n\t\t\t\t\t\t\t\t<div class=\"jet-toggle__content-inner\"><p>Para postularse a una vacante de trabajo a trav\u00e9s de la Agencia de Empleo Transnacional sigue los siguientes pasos:<br \/><br \/>1. Comienza visitando la p\u00e1gina web de la Agencia de Empleo de Comfenalco Valle en <a href=\"http:\/\/test.comfenalcovalle.com.co\/en\/agencia-de-empleo-transnacional\/personas\/\" target=\"_blank\" rel=\"noopener\">test.comfenalcovalle.com.co\/agencia-de-empleo-transnacional\/personas\/<\/a> Aqu\u00ed podr\u00e1s encontrar informaci\u00f3n sobre las vacantes disponibles.<br \/><br \/>2. Revisa las Vacantes Disponibles: Examina las vacantes y selecciona aquellas que se ajusten a tu perfil profesional y experiencia. Es importante leer detenidamente los requisitos y responsabilidades de cada vacante.<br \/><br \/>3. Anotaci\u00f3n del C\u00f3digo de Vacante: Una vez que identifiques una vacante de inter\u00e9s, toma nota del c\u00f3digo asociado a dicha vacante. Este c\u00f3digo es esencial para el proceso de postulaci\u00f3n.<br \/><br \/>4. Inicio de Sesi\u00f3n y Autopostulaci\u00f3n: Accede al sistema de la Agencia a trav\u00e9s del siguiente <strong><a href=\"https:\/\/personas.serviciodeempleo.gov.co\/\" target=\"_blank\" rel=\"noopener\">link<\/a><\/strong>, iniciando sesi\u00f3n con tu cuenta personal. Si no tienes una cuenta, es posible que necesites crear una nueva. Sigue las instrucciones para completar el proceso de autopostulaci\u00f3n utilizando el c\u00f3digo de la vacante.<br \/><br \/>5. Orientaci\u00f3n Ocupacional: Adem\u00e1s de la autopostulaci\u00f3n en l\u00ednea, tienes la opci\u00f3n de asistir presencialmente a las instalaciones de la agencia de empleo para recibir orientaci\u00f3n ocupacional. <br \/><br \/>Al seguir estos pasos, aumentar\u00e1s tus posibilidades de asegurar una entrevista y, eventualmente, un empleo a trav\u00e9s de la Agencia de Empleo Transnacional de Comfenalco Valle. Si tienes dudas durante el proceso, no dudes en contactar a la agencia para obtener asistencia adicional.<\/p><\/div>\n\t\t\t\t\t\t\t<\/div>\n\t\t\t\t\t\t<\/div><div class=\"jet-accordion__item jet-toggle jet-toggle-move-up-effect\">\n\t\t\t\t\t\t\t<div id=\"jet-toggle-control-2236\" class=\"jet-toggle__control elementor-menu-anchor\" data-toggle=\"6\" role=\"button\" tabindex=\"0\" aria-controls=\"jet-toggle-content-2236\" aria-expanded=\"false\" data-template-id=\"false\">\n\t\t\t\t\t\t\t\t<div class=\"jet-toggle__label-icon jet-toggle-icon-position-left\"><span class=\"jet-toggle__icon icon-normal jet-tabs-icon\"><i class=\"fas fa-caret-right\"><\/i><\/span><span class=\"jet-toggle__icon icon-active jet-tabs-icon\"><i class=\"fas fa-caret-up\"><\/i><\/span><\/div><h3 class=\"jet-toggle__label-text\">\u00bfQu\u00e9 documentaci\u00f3n debo de presentar?<\/h3>\t\t\t\t\t\t\t<\/div>\n\t\t\t\t\t\t\t<div id=\"jet-toggle-content-2236\" class=\"jet-toggle__content\" data-toggle=\"6\" role=\"region\" data-template-id=\"false\">\n\t\t\t\t\t\t\t\t<div class=\"jet-toggle__content-inner\"><p>Se pedir\u00e1n documentos tales como pasaporte, visas, t\u00edtulos homologados, certificaci\u00f3n de idiomas, entre otros.<\/p><\/div>\n\t\t\t\t\t\t\t<\/div>\n\t\t\t\t\t\t<\/div><div class=\"jet-accordion__item jet-toggle jet-toggle-move-up-effect\">\n\t\t\t\t\t\t\t<div id=\"jet-toggle-control-2237\" class=\"jet-toggle__control elementor-menu-anchor\" data-toggle=\"7\" role=\"button\" tabindex=\"0\" aria-controls=\"jet-toggle-content-2237\" aria-expanded=\"false\" data-template-id=\"false\">\n\t\t\t\t\t\t\t\t<div class=\"jet-toggle__label-icon jet-toggle-icon-position-left\"><span class=\"jet-toggle__icon icon-normal jet-tabs-icon\"><i class=\"fas fa-caret-right\"><\/i><\/span><span class=\"jet-toggle__icon icon-active jet-tabs-icon\"><i class=\"fas fa-caret-up\"><\/i><\/span><\/div><h3 class=\"jet-toggle__label-text\">\u00bfHay alg\u00fan tiempo de permanencia en el pa\u00eds que solicite la vacante?<\/h3>\t\t\t\t\t\t\t<\/div>\n\t\t\t\t\t\t\t<div id=\"jet-toggle-content-2237\" class=\"jet-toggle__content\" data-toggle=\"7\" role=\"region\" data-template-id=\"false\">\n\t\t\t\t\t\t\t\t<div class=\"jet-toggle__content-inner\">El tiempo de permanencia en el pa\u00eds para las vacantes gestionadas por la Agencia de Empleo Transnacional de Comfenalco Valle puede variar dependiendo de las condiciones espec\u00edficas de cada vacante. Por lo tanto, es importante revisar los requisitos individuales de cada oferta de empleo.\n<\/div>\n\t\t\t\t\t\t\t<\/div>\n\t\t\t\t\t\t<\/div><div class=\"jet-accordion__item jet-toggle jet-toggle-move-up-effect\">\n\t\t\t\t\t\t\t<div id=\"jet-toggle-control-2238\" class=\"jet-toggle__control elementor-menu-anchor\" data-toggle=\"8\" role=\"button\" tabindex=\"0\" aria-controls=\"jet-toggle-content-2238\" aria-expanded=\"false\" data-template-id=\"false\">\n\t\t\t\t\t\t\t\t<div class=\"jet-toggle__label-icon jet-toggle-icon-position-left\"><span class=\"jet-toggle__icon icon-normal jet-tabs-icon\"><i class=\"fas fa-caret-right\"><\/i><\/span><span class=\"jet-toggle__icon icon-active jet-tabs-icon\"><i class=\"fas fa-caret-up\"><\/i><\/span><\/div><h3 class=\"jet-toggle__label-text\">\u00bfQu\u00e9 pa\u00edses solicitan vacantes?<\/h3>\t\t\t\t\t\t\t<\/div>\n\t\t\t\t\t\t\t<div id=\"jet-toggle-content-2238\" class=\"jet-toggle__content\" data-toggle=\"8\" role=\"region\" data-template-id=\"false\">\n\t\t\t\t\t\t\t\t<div class=\"jet-toggle__content-inner\"><p>Nuestra Agencia de Empleo est\u00e1 abierta a atender las necesidades de cualquier pa\u00eds que solicite una vacante y que cumpla con las condiciones legales requeridas para ser gestionada eficazmente. Si requieres mayor informci\u00f3n visita <a href=\"https:\/\/test.comfenalcovalle.com.co\/en\/agencia-de-empleo-transnacional\/personas\/\" target=\"_blank\" rel=\"noopener\">nuestra p\u00e1gina web<\/a>.<\/p><\/div>\n\t\t\t\t\t\t\t<\/div>\n\t\t\t\t\t\t<\/div><div class=\"jet-accordion__item jet-toggle jet-toggle-move-up-effect\">\n\t\t\t\t\t\t\t<div id=\"jet-toggle-control-2239\" class=\"jet-toggle__control elementor-menu-anchor\" data-toggle=\"9\" role=\"button\" tabindex=\"0\" aria-controls=\"jet-toggle-content-2239\" aria-expanded=\"false\" data-template-id=\"false\">\n\t\t\t\t\t\t\t\t<div class=\"jet-toggle__label-icon jet-toggle-icon-position-left\"><span class=\"jet-toggle__icon icon-normal jet-tabs-icon\"><i class=\"fas fa-caret-right\"><\/i><\/span><span class=\"jet-toggle__icon icon-active jet-tabs-icon\"><i class=\"fas fa-caret-up\"><\/i><\/span><\/div><h3 class=\"jet-toggle__label-text\">\u00bfDebo saber otro idioma para postularme?<\/h3>\t\t\t\t\t\t\t<\/div>\n\t\t\t\t\t\t\t<div id=\"jet-toggle-content-2239\" class=\"jet-toggle__content\" data-toggle=\"9\" role=\"region\" data-template-id=\"false\">\n\t\t\t\t\t\t\t\t<div class=\"jet-toggle__content-inner\"><p>Si bien no todas las posiciones pueden requerir un segundo idioma, es com\u00fan que las vacantes para empleos en el exterior demanden habilidades ling\u00fc\u00edsticas espec\u00edficas. Esto puede deberse a la necesidad de interactuar en un entorno laboral donde se hable principalmente un idioma diferente al nativo del postulante, por lo anterior aunque no es obligatorio conocer un segundo idioma si es recomendable para postularse a las ofertas de la Agencia Transnacional, esto depender\u00e1 de las particularidades de cada vacante y de las condiciones que requiera el perfil que se solicite.<\/p><\/div>\n\t\t\t\t\t\t\t<\/div>\n\t\t\t\t\t\t<\/div><div class=\"jet-accordion__item jet-toggle jet-toggle-move-up-effect\">\n\t\t\t\t\t\t\t<div id=\"jet-toggle-control-22310\" class=\"jet-toggle__control elementor-menu-anchor\" data-toggle=\"10\" role=\"button\" tabindex=\"0\" aria-controls=\"jet-toggle-content-22310\" aria-expanded=\"false\" data-template-id=\"false\">\n\t\t\t\t\t\t\t\t<div class=\"jet-toggle__label-icon jet-toggle-icon-position-left\"><span class=\"jet-toggle__icon icon-normal jet-tabs-icon\"><i class=\"fas fa-caret-right\"><\/i><\/span><span class=\"jet-toggle__icon icon-active jet-tabs-icon\"><i class=\"fas fa-caret-up\"><\/i><\/span><\/div><h3 class=\"jet-toggle__label-text\">\u00bfEste servicio tiene alg\u00fan costo?<\/h3>\t\t\t\t\t\t\t<\/div>\n\t\t\t\t\t\t\t<div id=\"jet-toggle-content-22310\" class=\"jet-toggle__content\" data-toggle=\"10\" role=\"region\" data-template-id=\"false\">\n\t\t\t\t\t\t\t\t<div class=\"jet-toggle__content-inner\"><p>No, este es un servicio completamente gratuito, no deber\u00e1 generar costo alguno para quien haga uso de este.<\/p><\/div>\n\t\t\t\t\t\t\t<\/div>\n\t\t\t\t\t\t<\/div><div class=\"jet-accordion__item jet-toggle jet-toggle-move-up-effect\">\n\t\t\t\t\t\t\t<div id=\"jet-toggle-control-22311\" class=\"jet-toggle__control elementor-menu-anchor\" data-toggle=\"11\" role=\"button\" tabindex=\"0\" aria-controls=\"jet-toggle-content-22311\" aria-expanded=\"false\" data-template-id=\"false\">\n\t\t\t\t\t\t\t\t<div class=\"jet-toggle__label-icon jet-toggle-icon-position-left\"><span class=\"jet-toggle__icon icon-normal jet-tabs-icon\"><i class=\"fas fa-caret-right\"><\/i><\/span><span class=\"jet-toggle__icon icon-active jet-tabs-icon\"><i class=\"fas fa-caret-up\"><\/i><\/span><\/div><h3 class=\"jet-toggle__label-text\">\u00bfPara este servicio est\u00e1n disponibles las capacitaciones?<\/h3>\t\t\t\t\t\t\t<\/div>\n\t\t\t\t\t\t\t<div id=\"jet-toggle-content-22311\" class=\"jet-toggle__content\" data-toggle=\"11\" role=\"region\" data-template-id=\"false\">\n\t\t\t\t\t\t\t\t<div class=\"jet-toggle__content-inner\"><p>La Agencia de Empleo Transnacional de Comfenalco Valle ofrece capacitaciones como parte de sus servicios, destinadas a mejorar las competencias y el perfil laboral de los candidatos interesados en oportunidades de empleo en el exterior. Sin embargo, para acceder a estas capacitaciones, es necesario cumplir con ciertos requisitos legales establecidos:<\/p><p>1. Encontrarse cesante.<br \/>2. Haber realizado aportes como cotizante 1 a\u00f1o continuo o discontinuo a una caja de compensaci\u00f3n en los \u00faltimos 3 a\u00f1os como dependiente o 2 a\u00f1os continuos o discontinuos en los \u00faltimos 3 a\u00f1os como independiente.<\/p><p>Estas capacitaciones est\u00e1n dise\u00f1adas para preparar a los candidatos en aspectos relevantes para el empleo en el exterior, mejorando sus competencias y perfil laboral. Para m\u00e1s informaci\u00f3n sobre las capacitaciones, puedes <strong><a href=\"http:\/\/test.comfenalcovalle.com.co\/en\/agencia-de-empleo-transnacional\/personas\/\" target=\"_blank\" rel=\"noopener\">visitar<\/a><\/strong>.<\/p><\/div>\n\t\t\t\t\t\t\t<\/div>\n\t\t\t\t\t\t<\/div><div class=\"jet-accordion__item jet-toggle jet-toggle-move-up-effect\">\n\t\t\t\t\t\t\t<div id=\"jet-toggle-control-22312\" class=\"jet-toggle__control elementor-menu-anchor\" data-toggle=\"12\" role=\"button\" tabindex=\"0\" aria-controls=\"jet-toggle-content-22312\" aria-expanded=\"false\" data-template-id=\"false\">\n\t\t\t\t\t\t\t\t<div class=\"jet-toggle__label-icon jet-toggle-icon-position-left\"><span class=\"jet-toggle__icon icon-normal jet-tabs-icon\"><i class=\"fas fa-caret-right\"><\/i><\/span><span class=\"jet-toggle__icon icon-active jet-tabs-icon\"><i class=\"fas fa-caret-up\"><\/i><\/span><\/div><h3 class=\"jet-toggle__label-text\">\u00bfHay alguna restricci\u00f3n de edad para postularme?<\/h3>\t\t\t\t\t\t\t<\/div>\n\t\t\t\t\t\t\t<div id=\"jet-toggle-content-22312\" class=\"jet-toggle__content\" data-toggle=\"12\" role=\"region\" data-template-id=\"false\">\n\t\t\t\t\t\t\t\t<div class=\"jet-toggle__content-inner\"><p>Las restricciones de edad pueden variar seg\u00fan la vacante espec\u00edfica. Aunque generalmente se requiere ser mayor de 18 a\u00f1os para aplicar, algunas posiciones pueden tener requisitos adicionales o diferentes. Es importante verificar las especificaciones de cada vacante.Para m\u00e1s informaci\u00f3n, puedes <a href=\"http:\/\/test.comfenalcovalle.com.co\/en\/agencia-de-empleo-transnacional\/personas\/\" target=\"_blank\" rel=\"noopener\">visitar<\/a>.<\/p><\/div>\n\t\t\t\t\t\t\t<\/div>\n\t\t\t\t\t\t<\/div><div class=\"jet-accordion__item jet-toggle jet-toggle-move-up-effect\">\n\t\t\t\t\t\t\t<div id=\"jet-toggle-control-22313\" class=\"jet-toggle__control elementor-menu-anchor\" data-toggle=\"13\" role=\"button\" tabindex=\"0\" aria-controls=\"jet-toggle-content-22313\" aria-expanded=\"false\" data-template-id=\"false\">\n\t\t\t\t\t\t\t\t<div class=\"jet-toggle__label-icon jet-toggle-icon-position-left\"><span class=\"jet-toggle__icon icon-normal jet-tabs-icon\"><i class=\"fas fa-caret-right\"><\/i><\/span><span class=\"jet-toggle__icon icon-active jet-tabs-icon\"><i class=\"fas fa-caret-up\"><\/i><\/span><\/div><h3 class=\"jet-toggle__label-text\">\u00bfDesde cu\u00e1ndo debo postularme?<\/h3>\t\t\t\t\t\t\t<\/div>\n\t\t\t\t\t\t\t<div id=\"jet-toggle-content-22313\" class=\"jet-toggle__content\" data-toggle=\"13\" role=\"region\" data-template-id=\"false\">\n\t\t\t\t\t\t\t\t<div class=\"jet-toggle__content-inner\"><p>Una vez se generen vacantes transnacionales, estar\u00e1n siendo difundidas a trav\u00e9s de los diferentes canales con los que cuenta la agencia (Facebook, Instagram, p\u00e1gina web y dem\u00e1s) debes estar pendiente. Es importante que los interesados sigan estos canales para recibir actualizaciones inmediatas sobre nuevas oportunidades.<br \/><br \/>Una vez que las vacantes est\u00e9n disponibles, ser\u00e1n anunciadas en los canales mencionados. Esto implica que no hay una fecha fija desde la cual se pueda comenzar a postular, sino que depende de cu\u00e1ndo se publiquen las vacantes espec\u00edficas, por lo cual te invitamos a estar atento a nuestras redes sociales. Ingresa al link para ver mas de este <a href=\"https:\/\/test.comfenalcovalle.com.co\/en\/agencia-de-empleo-transnacional\/\" target=\"_blank\" rel=\"noopener\">Customer<\/a>.<\/p><\/div>\n\t\t\t\t\t\t\t<\/div>\n\t\t\t\t\t\t<\/div>\t\t\t<\/div>\n\t\t<\/div>\n\t\t\t\t\t\t<\/div>\n\t\t\t\t<\/div>\n\t\t\t\t<div class=\"elementor-element elementor-element-01914df elementor-widget elementor-widget-button\" data-id=\"01914df\" data-element_type=\"widget\" data-widget_type=\"button.default\">\n\t\t\t\t<div class=\"elementor-widget-container\">\n\t\t\t\t\t\t\t\t\t<div class=\"elementor-button-wrapper\">\n\t\t\t\t\t<a class=\"elementor-button elementor-button-link elementor-size-md elementor-animation-grow\" href=\"https:\/\/test.comfenalcovalle.com.co\/en\/agencia-de-empleo-transnacional\/\">\n\t\t\t\t\t\t<span class=\"elementor-button-content-wrapper\">\n\t\t\t\t\t\t\t\t\t<span class=\"elementor-button-text\">Clic para ver m\u00e1s sobre este servicio<\/span>\n\t\t\t\t\t<\/span>\n\t\t\t\t\t<\/a>\n\t\t\t\t<\/div>\n\t\t\t\t\t\t\t\t<\/div>\n\t\t\t\t<\/div>\n\t\t\t\t<div class=\"elementor-element elementor-element-531f7ff elementor-position-right elementor-view-default elementor-mobile-position-top elementor-vertical-align-top elementor-widget elementor-widget-icon-box\" data-id=\"531f7ff\" data-element_type=\"widget\" data-widget_type=\"icon-box.default\">\n\t\t\t\t<div class=\"elementor-widget-container\">\n\t\t\t\t\t\t\t<div class=\"elementor-icon-box-wrapper\">\n\n\t\t\t\t\t\t<div class=\"elementor-icon-box-icon\">\n\t\t\t\t<span  class=\"elementor-icon\">\n\t\t\t\t<i aria-hidden=\"true\" class=\"fas fa-user-tie\"><\/i>\t\t\t\t<\/span>\n\t\t\t<\/div>\n\t\t\t\n\t\t\t\t\t\t<div class=\"elementor-icon-box-content\">\n\n\t\t\t\t\t\t\t\t\t<h2 class=\"elementor-icon-box-title\">\n\t\t\t\t\t\t<span  >\n\t\t\t\t\t\t\tUsuarios con discapacidad\t\t\t\t\t\t<\/span>\n\t\t\t\t\t<\/h2>\n\t\t\t\t\n\t\t\t\t\n\t\t\t<\/div>\n\t\t\t\n\t\t<\/div>\n\t\t\t\t\t\t<\/div>\n\t\t\t\t<\/div>\n\t\t\t\t<div class=\"elementor-element elementor-element-f6cf9b3 elementor-widget elementor-widget-jet-accordion\" data-id=\"f6cf9b3\" data-element_type=\"widget\" data-widget_type=\"jet-accordion.default\">\n\t\t\t\t<div class=\"elementor-widget-container\">\n\t\t\t\t\t\t\t<div class=\"jet-accordion\" data-settings=\"{&quot;collapsible&quot;:false,&quot;ajaxTemplate&quot;:false,&quot;switchScrolling&quot;:false,&quot;switchScrollingOffset&quot;:0,&quot;switchScrollingDelay&quot;:500}\">\n\t\t\t<div class=\"jet-accordion__inner\">\n\t\t\t\t<div class=\"jet-accordion__item jet-toggle jet-toggle-move-up-effect\">\n\t\t\t\t\t\t\t<div id=\"jet-toggle-control-2581\" class=\"jet-toggle__control elementor-menu-anchor\" data-toggle=\"1\" role=\"button\" tabindex=\"0\" aria-controls=\"jet-toggle-content-2581\" aria-expanded=\"false\" data-template-id=\"false\">\n\t\t\t\t\t\t\t\t<div class=\"jet-toggle__label-icon jet-toggle-icon-position-left\"><span class=\"jet-toggle__icon icon-normal jet-tabs-icon\"><i class=\"fas fa-caret-right\"><\/i><\/span><span class=\"jet-toggle__icon icon-active jet-tabs-icon\"><i class=\"fas fa-caret-up\"><\/i><\/span><\/div><h3 class=\"jet-toggle__label-text\">\u00bfLa Agencia de Empleo de Comfenalco Valle cuenta con servicio de interpretaci\u00f3n de Lengua de Se\u00f1as Colombianas?<\/h3>\t\t\t\t\t\t\t<\/div>\n\t\t\t\t\t\t\t<div id=\"jet-toggle-content-2581\" class=\"jet-toggle__content\" data-toggle=\"1\" role=\"region\" data-template-id=\"false\">\n\t\t\t\t\t\t\t\t<div class=\"jet-toggle__content-inner\"><p>La Agencia de Empleo de Comfenalco Valle s\u00ed cuenta con servicio de interpretaci\u00f3n de Lengua de Se\u00f1as Colombianas. Este servicio busca facilitar la comunicaci\u00f3n y promover la inclusi\u00f3n de personas con discapacidad auditiva en el \u00e1mbito laboral.<\/p><\/div>\n\t\t\t\t\t\t\t<\/div>\n\t\t\t\t\t\t<\/div><div class=\"jet-accordion__item jet-toggle jet-toggle-move-up-effect\">\n\t\t\t\t\t\t\t<div id=\"jet-toggle-control-2582\" class=\"jet-toggle__control elementor-menu-anchor\" data-toggle=\"2\" role=\"button\" tabindex=\"0\" aria-controls=\"jet-toggle-content-2582\" aria-expanded=\"false\" data-template-id=\"false\">\n\t\t\t\t\t\t\t\t<div class=\"jet-toggle__label-icon jet-toggle-icon-position-left\"><span class=\"jet-toggle__icon icon-normal jet-tabs-icon\"><i class=\"fas fa-caret-right\"><\/i><\/span><span class=\"jet-toggle__icon icon-active jet-tabs-icon\"><i class=\"fas fa-caret-up\"><\/i><\/span><\/div><h3 class=\"jet-toggle__label-text\">\u00bfQui\u00e9nes son las personas con discapacidad?<\/h3>\t\t\t\t\t\t\t<\/div>\n\t\t\t\t\t\t\t<div id=\"jet-toggle-content-2582\" class=\"jet-toggle__content\" data-toggle=\"2\" role=\"region\" data-template-id=\"false\">\n\t\t\t\t\t\t\t\t<div class=\"jet-toggle__content-inner\"><p>De acuerdo con la Convenci\u00f3n sobre los Derechos de las Personas con Discapacidad de la ONU, las personas con discapacidad son aquellas que tienen deficiencias f\u00edsicas, mentales, intelectuales o sensoriales a largo plazo. Estas deficiencias, al interactuar con diversas barreras, pueden obstaculizar su participaci\u00f3n plena y efectiva en la sociedad en igualdad de condiciones con las dem\u00e1s personas.<\/p><p>Es fundamental destacar que la discapacidad no solo reside en la persona, sino en la interacci\u00f3n de sus caracter\u00edsticas con un entorno que no est\u00e1 adaptado para incluirlas de manera igualitaria.<\/p><\/div>\n\t\t\t\t\t\t\t<\/div>\n\t\t\t\t\t\t<\/div><div class=\"jet-accordion__item jet-toggle jet-toggle-move-up-effect\">\n\t\t\t\t\t\t\t<div id=\"jet-toggle-control-2583\" class=\"jet-toggle__control elementor-menu-anchor\" data-toggle=\"3\" role=\"button\" tabindex=\"0\" aria-controls=\"jet-toggle-content-2583\" aria-expanded=\"false\" data-template-id=\"false\">\n\t\t\t\t\t\t\t\t<div class=\"jet-toggle__label-icon jet-toggle-icon-position-left\"><span class=\"jet-toggle__icon icon-normal jet-tabs-icon\"><i class=\"fas fa-caret-right\"><\/i><\/span><span class=\"jet-toggle__icon icon-active jet-tabs-icon\"><i class=\"fas fa-caret-up\"><\/i><\/span><\/div><h3 class=\"jet-toggle__label-text\">\u00bfC\u00f3mo puedo hacer parte de la ruta de empleabilidad si soy una persona con discapacidad?<\/h3>\t\t\t\t\t\t\t<\/div>\n\t\t\t\t\t\t\t<div id=\"jet-toggle-content-2583\" class=\"jet-toggle__content\" data-toggle=\"3\" role=\"region\" data-template-id=\"false\">\n\t\t\t\t\t\t\t\t<div class=\"jet-toggle__content-inner\"><p>Para ser parte de la Ruta de Empleabilidad como persona con discapacidad, debes seguir estos pasos:<\/p><p>1. Inscr\u00edbete en cualquiera de los servicios de empleo autorizados que pertenecen a la red del servicio p\u00fablico de empleo.<br \/>2. Realiza la Ruta de la Empleabilidad, que puedes llevar a cabo de forma virtual o presencial.<br \/>3. Asiste y certif\u00edcate en el programa de capacitaci\u00f3n que dispone la Agencia de Empleo.<\/p><p>Si necesitas m\u00e1s informaci\u00f3n puedes agendar una cita virtual en el siguiente <a href=\"https:\/\/test.comfenalcovalle.com.co\/en\/personas\/agencia-de-empleo\/ruta-de-la-empleabilidad-p\/\" target=\"_blank\" rel=\"noopener\"><strong>enlace<\/strong><\/a>.<\/p><p>Para atenci\u00f3n presencial, puedes acercarte a nuestras sedes:<\/p><p>\u27a4\u00a0Sede Cali: Calle 7 #6-62, lunes a viernes de 8:00 a.m. a 2:00 p.m., en jornada continua. <br \/>\u27a4\u00a0Sede Regionales: lunes a viernes de 8:00 a.m. a 12:00 m.<br \/>\u27a4\u00a0Palmira: Calle 31 #29-54<br \/>\u27a4\u00a0Buga: Calle 7 # 11-27<br \/>\u27a4\u00a0Tulu\u00e1: Carrera 30 #29-04<br \/>\u27a4\u00a0Cartago: Calle 13 # 1-70<br \/>\u27a4\u00a0Buenaventura: Carrera 4 # 3-33<\/p><\/div>\n\t\t\t\t\t\t\t<\/div>\n\t\t\t\t\t\t<\/div><div class=\"jet-accordion__item jet-toggle jet-toggle-move-up-effect\">\n\t\t\t\t\t\t\t<div id=\"jet-toggle-control-2584\" class=\"jet-toggle__control elementor-menu-anchor\" data-toggle=\"4\" role=\"button\" tabindex=\"0\" aria-controls=\"jet-toggle-content-2584\" aria-expanded=\"false\" data-template-id=\"false\">\n\t\t\t\t\t\t\t\t<div class=\"jet-toggle__label-icon jet-toggle-icon-position-left\"><span class=\"jet-toggle__icon icon-normal jet-tabs-icon\"><i class=\"fas fa-caret-right\"><\/i><\/span><span class=\"jet-toggle__icon icon-active jet-tabs-icon\"><i class=\"fas fa-caret-up\"><\/i><\/span><\/div><h3 class=\"jet-toggle__label-text\">\u00bfCu\u00e1les tipos de discapacidad existen?<\/h3>\t\t\t\t\t\t\t<\/div>\n\t\t\t\t\t\t\t<div id=\"jet-toggle-content-2584\" class=\"jet-toggle__content\" data-toggle=\"4\" role=\"region\" data-template-id=\"false\">\n\t\t\t\t\t\t\t\t<div class=\"jet-toggle__content-inner\"><p>Seg\u00fan la Resoluci\u00f3n 1197 de 2024 del Ministerio de Salud y Protecci\u00f3n Social de Colombia, se reconocen oficialmente los siguientes tipos de discapacidad:<\/p><p>\u27a4\u00a0F\u00edsica: Afecta la movilidad o el funcionamiento f\u00edsico del cuerpo.<br \/>\u27a4\u00a0Auditiva: Relacionada con la p\u00e9rdida o limitaci\u00f3n de la capacidad auditiva.<br \/>\u27a4\u00a0Visual:Afecta la visi\u00f3n, desde baja visi\u00f3n hasta ceguera total.<br \/>\u27a4\u00a0Sordoceguera: Combinaci\u00f3n de discapacidad auditiva y visual.<br \/>\u27a4\u00a0Discapacidad Intelectual: Impacta el funcionamiento intelectual y adaptativo.<br \/>\u27a4\u00a0Discapacidad Psicosocial: Relacionada con condiciones de salud mental que afectan la interacci\u00f3n social y emocional.<br \/>\u27a4\u00a0Discapacidad M\u00faltiple: Combinaci\u00f3n de varios tipos de discapacidades.<\/p><p>Para m\u00e1s detalles y actualizaciones, se recomienda consultar directamente la normativa vigente en el sitio web oficial del Ministerio de Salud y Protecci\u00f3n Social de Colombia: <strong><a href=\"https:\/\/www.minsalud.gov.co\/Normatividad_Nuevo\/Resoluci%C3%B3n%20No%201197%20de%202024.pdf\" target=\"_blank\" rel=\"noopener\">Resoluci\u00f3n 1197 de 2024<\/a><\/strong><\/p><\/div>\n\t\t\t\t\t\t\t<\/div>\n\t\t\t\t\t\t<\/div><div class=\"jet-accordion__item jet-toggle jet-toggle-move-up-effect\">\n\t\t\t\t\t\t\t<div id=\"jet-toggle-control-2585\" class=\"jet-toggle__control elementor-menu-anchor\" data-toggle=\"5\" role=\"button\" tabindex=\"0\" aria-controls=\"jet-toggle-content-2585\" aria-expanded=\"false\" data-template-id=\"false\">\n\t\t\t\t\t\t\t\t<div class=\"jet-toggle__label-icon jet-toggle-icon-position-left\"><span class=\"jet-toggle__icon icon-normal jet-tabs-icon\"><i class=\"fas fa-caret-right\"><\/i><\/span><span class=\"jet-toggle__icon icon-active jet-tabs-icon\"><i class=\"fas fa-caret-up\"><\/i><\/span><\/div><h3 class=\"jet-toggle__label-text\">\u00bfQu\u00e9 es el certificado de discapacidad?<\/h3>\t\t\t\t\t\t\t<\/div>\n\t\t\t\t\t\t\t<div id=\"jet-toggle-content-2585\" class=\"jet-toggle__content\" data-toggle=\"5\" role=\"region\" data-template-id=\"false\">\n\t\t\t\t\t\t\t\t<div class=\"jet-toggle__content-inner\"><p>El certificado de discapacidad es un documento personal e intransferible, a trav\u00e9s del cual se hace constar que una persona presenta discapacidad. En \u00e9l se presentan los resultados de la valoraci\u00f3n multidisciplinaria hecha en el marco de la certificaci\u00f3n de discapacidad. Los principales resultados son la categor\u00eda de discapacidad y el nivel de dificultad en el desempe\u00f1o. Este certificado tiene dos prop\u00f3sitos: El primero es permitir que las entidades que cuentan con oferta de servicios y beneficios dirigidos a personas con discapacidad consulten si sus potenciales beneficiarios han sido certificados y est\u00e1n incluidos en el RLCPD, de manera que puedan asignarles dichos beneficios de manera prioritaria. El segundo tipo de uso es la producci\u00f3n de informaci\u00f3n estad\u00edstica acerca de la poblaci\u00f3n con discapacidad en Colombia, la cual es un insumo fundamental para la construcci\u00f3n y evaluaci\u00f3n de pol\u00edticas y el desarrollo de planes, programas y proyectos orientados a la garant\u00eda de los derechos de las personas con discapacidad. Si requieres mayor informaci\u00f3n <a href=\"https:\/\/www.minsalud.gov.co\/sites\/rid\/Lists\/BibliotecaDigital\/RIDE\/DE\/PS\/abece-certificado-registro-discapacidad.pdf\" target=\"_blank\" rel=\"noopener\"><strong>visita<\/strong><\/a>.<\/p><p>\u00a0<\/p><\/div>\n\t\t\t\t\t\t\t<\/div>\n\t\t\t\t\t\t<\/div><div class=\"jet-accordion__item jet-toggle jet-toggle-move-up-effect\">\n\t\t\t\t\t\t\t<div id=\"jet-toggle-control-2586\" class=\"jet-toggle__control elementor-menu-anchor\" data-toggle=\"6\" role=\"button\" tabindex=\"0\" aria-controls=\"jet-toggle-content-2586\" aria-expanded=\"false\" data-template-id=\"false\">\n\t\t\t\t\t\t\t\t<div class=\"jet-toggle__label-icon jet-toggle-icon-position-left\"><span class=\"jet-toggle__icon icon-normal jet-tabs-icon\"><i class=\"fas fa-caret-right\"><\/i><\/span><span class=\"jet-toggle__icon icon-active jet-tabs-icon\"><i class=\"fas fa-caret-up\"><\/i><\/span><\/div><h3 class=\"jet-toggle__label-text\">\u00bfEs necesario contar con el certificado de discapacidad para realizar la Ruta de Empleabilidad en la Agencia de Empleo de Comfenalco?<\/h3>\t\t\t\t\t\t\t<\/div>\n\t\t\t\t\t\t\t<div id=\"jet-toggle-content-2586\" class=\"jet-toggle__content\" data-toggle=\"6\" role=\"region\" data-template-id=\"false\">\n\t\t\t\t\t\t\t\t<div class=\"jet-toggle__content-inner\"><p>No es necesario contar con el certificado de discapacidad para realizar la Ruta de Empleabilidad en la Agencia de Empleo de Comfenalco. Sin embargo, tener el certificado puede ser beneficioso, ya que te permite acceder a ciertos derechos y servicios especiales. Si deseas m\u00e1s informaci\u00f3n sobre la ruta, puedes <a href=\"http:\/\/test.comfenalcovalle.com.co\/en\/postulacionesagenciadeempleo\/\" target=\"_blank\" rel=\"noopener\"><strong>visitar<\/strong><\/a>.<\/p><\/div>\n\t\t\t\t\t\t\t<\/div>\n\t\t\t\t\t\t<\/div><div class=\"jet-accordion__item jet-toggle jet-toggle-move-up-effect\">\n\t\t\t\t\t\t\t<div id=\"jet-toggle-control-2587\" class=\"jet-toggle__control elementor-menu-anchor\" data-toggle=\"7\" role=\"button\" tabindex=\"0\" aria-controls=\"jet-toggle-content-2587\" aria-expanded=\"false\" data-template-id=\"false\">\n\t\t\t\t\t\t\t\t<div class=\"jet-toggle__label-icon jet-toggle-icon-position-left\"><span class=\"jet-toggle__icon icon-normal jet-tabs-icon\"><i class=\"fas fa-caret-right\"><\/i><\/span><span class=\"jet-toggle__icon icon-active jet-tabs-icon\"><i class=\"fas fa-caret-up\"><\/i><\/span><\/div><h3 class=\"jet-toggle__label-text\">\u00bfLos servicios de la Agencia de Empleo de Comfenalco Valle tienen alg\u00fan costo para las personas con discapacidad?<\/h3>\t\t\t\t\t\t\t<\/div>\n\t\t\t\t\t\t\t<div id=\"jet-toggle-content-2587\" class=\"jet-toggle__content\" data-toggle=\"7\" role=\"region\" data-template-id=\"false\">\n\t\t\t\t\t\t\t\t<div class=\"jet-toggle__content-inner\"><p>Los servicios de la Agencia de Empleo de Comfenalco Valle son 100% subsidiados para las personas con discapacidad, por lo que no tienen ning\u00fan costo. Para m\u00e1s informaci\u00f3n, puedes <strong><a href=\"http:\/\/test.comfenalcovalle.com.co\/en\/postulacionesagenciadeempleo\/\" target=\"_blank\" rel=\"noopener\">visitar<\/a><\/strong>.<\/p><\/div>\n\t\t\t\t\t\t\t<\/div>\n\t\t\t\t\t\t<\/div><div class=\"jet-accordion__item jet-toggle jet-toggle-move-up-effect\">\n\t\t\t\t\t\t\t<div id=\"jet-toggle-control-2588\" class=\"jet-toggle__control elementor-menu-anchor\" data-toggle=\"8\" role=\"button\" tabindex=\"0\" aria-controls=\"jet-toggle-content-2588\" aria-expanded=\"false\" data-template-id=\"false\">\n\t\t\t\t\t\t\t\t<div class=\"jet-toggle__label-icon jet-toggle-icon-position-left\"><span class=\"jet-toggle__icon icon-normal jet-tabs-icon\"><i class=\"fas fa-caret-right\"><\/i><\/span><span class=\"jet-toggle__icon icon-active jet-tabs-icon\"><i class=\"fas fa-caret-up\"><\/i><\/span><\/div><h3 class=\"jet-toggle__label-text\">\u00bfCu\u00e1les servicios ofrece la Agencia de Empleo Valle para las personas con discapacidad?<\/h3>\t\t\t\t\t\t\t<\/div>\n\t\t\t\t\t\t\t<div id=\"jet-toggle-content-2588\" class=\"jet-toggle__content\" data-toggle=\"8\" role=\"region\" data-template-id=\"false\">\n\t\t\t\t\t\t\t\t<div class=\"jet-toggle__content-inner\"><p>La Agencia de Empleo de Comfenalco Valle se dedica a fomentar la inclusi\u00f3n laboral de las personas con discapacidad a trav\u00e9s de una serie de servicios especializados. Estos servicios est\u00e1n dise\u00f1ados para cerrar las brechas de empleabilidad y potenciar las capacidades individuales. A continuaci\u00f3n, se describen los servicios ofrecidos:<\/p><p>1. Orientaci\u00f3n e Intermediaci\u00f3n Laboral: Proporciona atenci\u00f3n personalizada en el proceso de reclutamiento y selecci\u00f3n de personal, ofrece intermediaci\u00f3n laboral para conectar a las personas con discapacidad con oportunidades de empleo adecuadas.<\/p><p>2. Capacitaci\u00f3n y Preparaci\u00f3n: Organiza talleres de capacitaci\u00f3n en habilidades relevantes para el mercado laboral, proporciona materiales did\u00e1cticos, incluyendo audiovisual accesible, para la preparaci\u00f3n de entrevistas y la construcci\u00f3n de hojas de vida.<\/p><p>3. Remisi\u00f3n y Direccionamiento: dirige a los usuarios a talleres y programas espec\u00edficos para el desarrollo de competencias, realiza remisiones a instituciones y entidades que pueden ofrecer apoyo adicional para el cierre de brechas identificadas durante el proceso de asesor\u00eda.<\/p><p>4. Asesor\u00eda en Accesibilidad: ofrece asesoramiento sobre los ajustes necesarios en el entorno laboral para garantizar un espacio de trabajo inclusivo y accesible.<\/p><p>Estos servicios est\u00e1n dise\u00f1ados no solo para facilitar el acceso al empleo, sino tambi\u00e9n para asegurar que las personas con discapacidad tengan las herramientas y el apoyo necesarios para desarrollarse profesionalmente.<\/p><\/div>\n\t\t\t\t\t\t\t<\/div>\n\t\t\t\t\t\t<\/div>\t\t\t<\/div>\n\t\t<\/div>\n\t\t\t\t\t\t<\/div>\n\t\t\t\t<\/div>\n\t\t\t\t<div class=\"elementor-element elementor-element-fab08dd elementor-position-right elementor-view-default elementor-mobile-position-top elementor-vertical-align-top elementor-widget elementor-widget-icon-box\" data-id=\"fab08dd\" data-element_type=\"widget\" data-widget_type=\"icon-box.default\">\n\t\t\t\t<div class=\"elementor-widget-container\">\n\t\t\t\t\t\t\t<div class=\"elementor-icon-box-wrapper\">\n\n\t\t\t\t\t\t<div class=\"elementor-icon-box-icon\">\n\t\t\t\t<span  class=\"elementor-icon\">\n\t\t\t\t<i aria-hidden=\"true\" class=\"fas fa-user-tie\"><\/i>\t\t\t\t<\/span>\n\t\t\t<\/div>\n\t\t\t\n\t\t\t\t\t\t<div class=\"elementor-icon-box-content\">\n\n\t\t\t\t\t\t\t\t\t<h2 class=\"elementor-icon-box-title\">\n\t\t\t\t\t\t<span  >\n\t\t\t\t\t\t\tRuta de Empleabilidad\t\t\t\t\t\t<\/span>\n\t\t\t\t\t<\/h2>\n\t\t\t\t\n\t\t\t\t\n\t\t\t<\/div>\n\t\t\t\n\t\t<\/div>\n\t\t\t\t\t\t<\/div>\n\t\t\t\t<\/div>\n\t\t\t\t<div class=\"elementor-element elementor-element-9e527b1 elementor-widget elementor-widget-jet-accordion\" data-id=\"9e527b1\" data-element_type=\"widget\" data-widget_type=\"jet-accordion.default\">\n\t\t\t\t<div class=\"elementor-widget-container\">\n\t\t\t\t\t\t\t<div class=\"jet-accordion\" data-settings=\"{&quot;collapsible&quot;:false,&quot;ajaxTemplate&quot;:false,&quot;switchScrolling&quot;:false,&quot;switchScrollingOffset&quot;:0,&quot;switchScrollingDelay&quot;:500}\">\n\t\t\t<div class=\"jet-accordion__inner\">\n\t\t\t\t<div class=\"jet-accordion__item jet-toggle jet-toggle-move-up-effect\">\n\t\t\t\t\t\t\t<div id=\"jet-toggle-control-1661\" class=\"jet-toggle__control elementor-menu-anchor\" data-toggle=\"1\" role=\"button\" tabindex=\"0\" aria-controls=\"jet-toggle-content-1661\" aria-expanded=\"false\" data-template-id=\"false\">\n\t\t\t\t\t\t\t\t<div class=\"jet-toggle__label-icon jet-toggle-icon-position-left\"><span class=\"jet-toggle__icon icon-normal jet-tabs-icon\"><i class=\"fas fa-caret-right\"><\/i><\/span><span class=\"jet-toggle__icon icon-active jet-tabs-icon\"><i class=\"fas fa-caret-up\"><\/i><\/span><\/div><h3 class=\"jet-toggle__label-text\">\u00bfQue es la Ruta de Empleabilidad Virtual?<\/h3>\t\t\t\t\t\t\t<\/div>\n\t\t\t\t\t\t\t<div id=\"jet-toggle-content-1661\" class=\"jet-toggle__content\" data-toggle=\"1\" role=\"region\" data-template-id=\"false\">\n\t\t\t\t\t\t\t\t<div class=\"jet-toggle__content-inner\"><p>La Ruta de Empleabilidad Virtual es un proceso dise\u00f1ado para ayudarte a conectar con oportunidades laborales y herramientas que beneficien tu desarrollo personal. A trav\u00e9s de esta ruta, podr\u00e1s acceder a servicios como orientaci\u00f3n laboral, postulaci\u00f3n a vacantes y gesti\u00f3n empresarial. La Agencia de Empleo Comfenalco Valle ofrece este servicio de forma subsidiada, sin costo para los usuarios. Para iniciar, debes registrarte en la plataforma siguiendo los pasos indicados en su <a href=\"https:\/\/test.comfenalcovalle.com.co\/en\/personas\/agencia-de-empleo\/ruta-de-la-empleabilidad-p\/\" target=\"_blank\" rel=\"noopener\"><strong>Web page<\/strong><\/a>. \ud83d\ude0a<\/p><\/div>\n\t\t\t\t\t\t\t<\/div>\n\t\t\t\t\t\t<\/div><div class=\"jet-accordion__item jet-toggle jet-toggle-move-up-effect\">\n\t\t\t\t\t\t\t<div id=\"jet-toggle-control-1662\" class=\"jet-toggle__control elementor-menu-anchor\" data-toggle=\"2\" role=\"button\" tabindex=\"0\" aria-controls=\"jet-toggle-content-1662\" aria-expanded=\"false\" data-template-id=\"false\">\n\t\t\t\t\t\t\t\t<div class=\"jet-toggle__label-icon jet-toggle-icon-position-left\"><span class=\"jet-toggle__icon icon-normal jet-tabs-icon\"><i class=\"fas fa-caret-right\"><\/i><\/span><span class=\"jet-toggle__icon icon-active jet-tabs-icon\"><i class=\"fas fa-caret-up\"><\/i><\/span><\/div><h3 class=\"jet-toggle__label-text\">\u00bfComo puedo acceder a la Ruta de Empleabilidad Virtual?<\/h3>\t\t\t\t\t\t\t<\/div>\n\t\t\t\t\t\t\t<div id=\"jet-toggle-content-1662\" class=\"jet-toggle__content\" data-toggle=\"2\" role=\"region\" data-template-id=\"false\">\n\t\t\t\t\t\t\t\t<div class=\"jet-toggle__content-inner\"><p>Para participar en la Ruta de Empleabilidad Virtual ofrecida por Comfenalco Valle, sigue estos pasos detallados:<\/p><p>1. Registro Inicial:Visita el formulario de registro en la p\u00e1gina web de Comfenalco Valle a trav\u00e9s del siguiente enlace: <strong><a href=\"https:\/\/test.comfenalcovalle.com.co\/en\/personas\/agencia-de-empleo\/ruta-de-la-empleabilidad-p\/\" target=\"_blank\" rel=\"noopener\">Formulario de Registro<\/a><\/strong>. Completa el formulario proporcionando los siguientes datos personales: tipo de documento, nombre completo, fecha de nacimiento, n\u00famero de celular, correo electr\u00f3nico, ciudad de residencia, entre otros.<\/p><p>2. Programaci\u00f3n de Cita Virtual: Una vez que hayas completado el registro, tendr\u00e1s la opci\u00f3n de agendar una cita virtual ingresando al <strong><a href=\"https:\/\/virtual.comfenalcovalle.com.co\/delagenteweb\/virtual-scheduling\" target=\"_blank\" rel=\"noopener\">enlace<\/a><\/strong>. Durante esta cita, recibir\u00e1s orientaci\u00f3n laboral personalizada.<\/p><p>3. Preparaci\u00f3n para la Cita de Orientaci\u00f3n Laboral: Aseg\u00farate de tener acceso a un computador o tel\u00e9fono inteligente con conexi\u00f3n a internet. Dispondr\u00e1s de aproximadamente 1 hora para participar en la llamada, donde recibir\u00e1s asesor\u00eda y orientaci\u00f3n laboral.<\/p><p>4. Completar el Registro de Hoja de Vida: Es importante que tu hoja de vida est\u00e9 registrada al 100% en la plataforma para poder iniciar el proceso de postulaci\u00f3n a vacantes.<\/p><p>Para obtener m\u00e1s informaci\u00f3n o resolver dudas adicionales, te recomendamos visitar la secci\u00f3n de la Ruta de Empleabilidad en la <strong><a href=\"https:\/\/test.comfenalcovalle.com.co\/en\/personas\/agencia-de-empleo\/ de Comfenalco Valle\/\" target=\"_blank\" rel=\"noopener\" data-wplink-url-error=\"true\">Web page<\/a><\/strong>.<\/p><\/div>\n\t\t\t\t\t\t\t<\/div>\n\t\t\t\t\t\t<\/div><div class=\"jet-accordion__item jet-toggle jet-toggle-move-up-effect\">\n\t\t\t\t\t\t\t<div id=\"jet-toggle-control-1663\" class=\"jet-toggle__control elementor-menu-anchor\" data-toggle=\"3\" role=\"button\" tabindex=\"0\" aria-controls=\"jet-toggle-content-1663\" aria-expanded=\"false\" data-template-id=\"false\">\n\t\t\t\t\t\t\t\t<div class=\"jet-toggle__label-icon jet-toggle-icon-position-left\"><span class=\"jet-toggle__icon icon-normal jet-tabs-icon\"><i class=\"fas fa-caret-right\"><\/i><\/span><span class=\"jet-toggle__icon icon-active jet-tabs-icon\"><i class=\"fas fa-caret-up\"><\/i><\/span><\/div><h3 class=\"jet-toggle__label-text\">\u00bfDebo contar con aportes a Caja de Compensaci\u00f3n Familiar Comfenalco para realizar la Ruta de Empleabilidad Virtual?<\/h3>\t\t\t\t\t\t\t<\/div>\n\t\t\t\t\t\t\t<div id=\"jet-toggle-content-1663\" class=\"jet-toggle__content\" data-toggle=\"3\" role=\"region\" data-template-id=\"false\">\n\t\t\t\t\t\t\t\t<div class=\"jet-toggle__content-inner\"><p>No es necesario contar con aportes a la Caja de Compensaci\u00f3n Comfenalco para realizar la Ruta de Empleabilidad Virtual.<\/p><\/div>\n\t\t\t\t\t\t\t<\/div>\n\t\t\t\t\t\t<\/div><div class=\"jet-accordion__item jet-toggle jet-toggle-move-up-effect\">\n\t\t\t\t\t\t\t<div id=\"jet-toggle-control-1664\" class=\"jet-toggle__control elementor-menu-anchor\" data-toggle=\"4\" role=\"button\" tabindex=\"0\" aria-controls=\"jet-toggle-content-1664\" aria-expanded=\"false\" data-template-id=\"false\">\n\t\t\t\t\t\t\t\t<div class=\"jet-toggle__label-icon jet-toggle-icon-position-left\"><span class=\"jet-toggle__icon icon-normal jet-tabs-icon\"><i class=\"fas fa-caret-right\"><\/i><\/span><span class=\"jet-toggle__icon icon-active jet-tabs-icon\"><i class=\"fas fa-caret-up\"><\/i><\/span><\/div><h3 class=\"jet-toggle__label-text\">\u00bfEn qu\u00e9 consiste la Ruta de Empleabilidad Virtual?<\/h3>\t\t\t\t\t\t\t<\/div>\n\t\t\t\t\t\t\t<div id=\"jet-toggle-content-1664\" class=\"jet-toggle__content\" data-toggle=\"4\" role=\"region\" data-template-id=\"false\">\n\t\t\t\t\t\t\t\t<div class=\"jet-toggle__content-inner\"><p>La Ruta de Empleabilidad Virtual es un programa dise\u00f1ado para conectar a los usuarios con oportunidades laborales y proporcionar herramientas para su desarrollo profesional mediante asesor\u00eda y recursos necesarios para incrementar sus posibilidades de conseguir empleo. Este servicio ofrecido por la Agencia de Empleo de Comfenalco Valle, es gratuito y subsidiado.<\/p><p>Para iniciar el proceso, los interesados deben registrarse en la plataforma siguiendo los pasos detallados en la <strong><a href=\"https:\/\/test.comfenalcovalle.com.co\/en\/personas\/agencia-de-empleo\/ruta-de-la-empleabilidad-p\/inscripcion-y-registro\/\" target=\"_blank\" rel=\"noopener\">Web page<\/a><\/strong> de la Agencia de Empleo de Comfenalco Valle.<\/p><p>Componentes de la La Ruta de Empleabilidad Virtual de la la Agencia de Empleo de Comfenalco Valle:<\/p><p>1. Inscripci\u00f3n: Se realiza de manera virtual a trav\u00e9s del Sistema de Informaci\u00f3n del Servicio de Empleo (SISE). Es fundamental completar correctamente la hoja de vida al 100%. La inscripci\u00f3n puede hacerse a trav\u00e9s de la p\u00e1gina web del <strong><a href=\"https:\/\/personas.serviciodeempleo.gov.co\/login.aspx\" target=\"_blank\" rel=\"noopener\">servicio p\u00fablico de empleo<\/a><\/strong>. Alternativamente, se puede realizar de manera presencial en las oficinas de la Agencia de Empleo en Cali, Palmira, Buga, Tulu\u00e1, Cartago o Buenaventura. Para m\u00e1s detalles sobre horarios y ubicaciones, visite: <strong><a href=\"https:\/\/test.comfenalcovalle.com.co\/en\/sedes\/\" target=\"_blank\" rel=\"noopener\">Points of Attention<\/a><\/strong>.<\/p><p>2. Orientaci\u00f3n Ocupacional: Este servicio se ofrece tanto de manera virtual como presencial. Incluye el apoyo de psic\u00f3logos especializados que brindan herramientas para mejorar el perfil laboral con la asesoria en:<\/p><p>&#8211; Preparaci\u00f3n para entrevistas de trabajo.<br \/>&#8211; Elaboraci\u00f3n y mejora de la hoja de vida.<br \/>&#8211; Asistencia en la postulaci\u00f3n a vacantes.<br \/>&#8211; Programaci\u00f3n de capacitaciones de acuedo al perfil laboral.<\/p><\/div>\n\t\t\t\t\t\t\t<\/div>\n\t\t\t\t\t\t<\/div><div class=\"jet-accordion__item jet-toggle jet-toggle-move-up-effect\">\n\t\t\t\t\t\t\t<div id=\"jet-toggle-control-1665\" class=\"jet-toggle__control elementor-menu-anchor\" data-toggle=\"5\" role=\"button\" tabindex=\"0\" aria-controls=\"jet-toggle-content-1665\" aria-expanded=\"false\" data-template-id=\"false\">\n\t\t\t\t\t\t\t\t<div class=\"jet-toggle__label-icon jet-toggle-icon-position-left\"><span class=\"jet-toggle__icon icon-normal jet-tabs-icon\"><i class=\"fas fa-caret-right\"><\/i><\/span><span class=\"jet-toggle__icon icon-active jet-tabs-icon\"><i class=\"fas fa-caret-up\"><\/i><\/span><\/div><h3 class=\"jet-toggle__label-text\">\u00bfCuanto tiempo tarda la Ruta de Empleabilidad Virtual?<\/h3>\t\t\t\t\t\t\t<\/div>\n\t\t\t\t\t\t\t<div id=\"jet-toggle-content-1665\" class=\"jet-toggle__content\" data-toggle=\"5\" role=\"region\" data-template-id=\"false\">\n\t\t\t\t\t\t\t\t<div class=\"jet-toggle__content-inner\">La Ruta de Empleabilidad Virtual que ofrece la Agencia de Empleo de Comfenalco Valle tiene una duraci\u00f3n aproximada de una hora. Este tiempo es necesario para garantizar que se cubran todos los aspectos esenciales de la orientaci\u00f3n y apoyo a los participantes en su camino hacia la empleabilidad. Es importante que los usuarios comprendan la necesidad de dedicar el tiempo completo al proceso para aprovechar al m\u00e1ximo la experiencia y obtener los beneficios esperados.<\/div>\n\t\t\t\t\t\t\t<\/div>\n\t\t\t\t\t\t<\/div><div class=\"jet-accordion__item jet-toggle jet-toggle-move-up-effect\">\n\t\t\t\t\t\t\t<div id=\"jet-toggle-control-1666\" class=\"jet-toggle__control elementor-menu-anchor\" data-toggle=\"6\" role=\"button\" tabindex=\"0\" aria-controls=\"jet-toggle-content-1666\" aria-expanded=\"false\" data-template-id=\"false\">\n\t\t\t\t\t\t\t\t<div class=\"jet-toggle__label-icon jet-toggle-icon-position-left\"><span class=\"jet-toggle__icon icon-normal jet-tabs-icon\"><i class=\"fas fa-caret-right\"><\/i><\/span><span class=\"jet-toggle__icon icon-active jet-tabs-icon\"><i class=\"fas fa-caret-up\"><\/i><\/span><\/div><h3 class=\"jet-toggle__label-text\">\u00bfCu\u00e1l es el horario de atenci\u00f3n de la Ruta de Empleabilidad Virtual?<\/h3>\t\t\t\t\t\t\t<\/div>\n\t\t\t\t\t\t\t<div id=\"jet-toggle-content-1666\" class=\"jet-toggle__content\" data-toggle=\"6\" role=\"region\" data-template-id=\"false\">\n\t\t\t\t\t\t\t\t<div class=\"jet-toggle__content-inner\">El horario de atenci\u00f3n oficial para la \u00abRuta de Empleabilidad Virtual\u00bb es de lunes a jueves, de 2:00 p.m. a 4:00 p.m; No hay atenci\u00f3n los d\u00edas viernes ni durante las ma\u00f1anas.<\/div>\n\t\t\t\t\t\t\t<\/div>\n\t\t\t\t\t\t<\/div><div class=\"jet-accordion__item jet-toggle jet-toggle-move-up-effect\">\n\t\t\t\t\t\t\t<div id=\"jet-toggle-control-1667\" class=\"jet-toggle__control elementor-menu-anchor\" data-toggle=\"7\" role=\"button\" tabindex=\"0\" aria-controls=\"jet-toggle-content-1667\" aria-expanded=\"false\" data-template-id=\"false\">\n\t\t\t\t\t\t\t\t<div class=\"jet-toggle__label-icon jet-toggle-icon-position-left\"><span class=\"jet-toggle__icon icon-normal jet-tabs-icon\"><i class=\"fas fa-caret-right\"><\/i><\/span><span class=\"jet-toggle__icon icon-active jet-tabs-icon\"><i class=\"fas fa-caret-up\"><\/i><\/span><\/div><h3 class=\"jet-toggle__label-text\">\u00bfQue sucede si no puedo atender el agendamiento de la Ruta de Empleabilidad Virtual?<\/h3>\t\t\t\t\t\t\t<\/div>\n\t\t\t\t\t\t\t<div id=\"jet-toggle-content-1667\" class=\"jet-toggle__content\" data-toggle=\"7\" role=\"region\" data-template-id=\"false\">\n\t\t\t\t\t\t\t\t<div class=\"jet-toggle__content-inner\"><p>Si no puedes asistir a tu cita de agendamiento de la Ruta de Empleabilidad Virtual, deber\u00e1s asignar una nueva cita a trav\u00e9s del siguiente <strong><a href=\"https:\/\/virtual.comfenalcovalle.com.co\/delagenteweb\/virtual-scheduling\" target=\"_blank\" rel=\"noopener\">enlace<\/a><\/strong>.<\/p><\/div>\n\t\t\t\t\t\t\t<\/div>\n\t\t\t\t\t\t<\/div><div class=\"jet-accordion__item jet-toggle jet-toggle-move-up-effect\">\n\t\t\t\t\t\t\t<div id=\"jet-toggle-control-1668\" class=\"jet-toggle__control elementor-menu-anchor\" data-toggle=\"8\" role=\"button\" tabindex=\"0\" aria-controls=\"jet-toggle-content-1668\" aria-expanded=\"false\" data-template-id=\"false\">\n\t\t\t\t\t\t\t\t<div class=\"jet-toggle__label-icon jet-toggle-icon-position-left\"><span class=\"jet-toggle__icon icon-normal jet-tabs-icon\"><i class=\"fas fa-caret-right\"><\/i><\/span><span class=\"jet-toggle__icon icon-active jet-tabs-icon\"><i class=\"fas fa-caret-up\"><\/i><\/span><\/div><h3 class=\"jet-toggle__label-text\">\u00bfLa Ruta de Empleabilidad Virtual tiene alg\u00fan costo?<\/h3>\t\t\t\t\t\t\t<\/div>\n\t\t\t\t\t\t\t<div id=\"jet-toggle-content-1668\" class=\"jet-toggle__content\" data-toggle=\"8\" role=\"region\" data-template-id=\"false\">\n\t\t\t\t\t\t\t\t<div class=\"jet-toggle__content-inner\">La Ruta de Empleabilidad Virtual es completamente gratuita. Este servicio est\u00e1 dise\u00f1ado para ser accesible y es 100% subsidiado por la Agencia de Empleo Comfenalco Valle, por lo que no tendr\u00e1s que pagar nada por acceder a \u00e9l.<\/div>\n\t\t\t\t\t\t\t<\/div>\n\t\t\t\t\t\t<\/div><div class=\"jet-accordion__item jet-toggle jet-toggle-move-up-effect\">\n\t\t\t\t\t\t\t<div id=\"jet-toggle-control-1669\" class=\"jet-toggle__control elementor-menu-anchor\" data-toggle=\"9\" role=\"button\" tabindex=\"0\" aria-controls=\"jet-toggle-content-1669\" aria-expanded=\"false\" data-template-id=\"false\">\n\t\t\t\t\t\t\t\t<div class=\"jet-toggle__label-icon jet-toggle-icon-position-left\"><span class=\"jet-toggle__icon icon-normal jet-tabs-icon\"><i class=\"fas fa-caret-right\"><\/i><\/span><span class=\"jet-toggle__icon icon-active jet-tabs-icon\"><i class=\"fas fa-caret-up\"><\/i><\/span><\/div><h3 class=\"jet-toggle__label-text\">\u00bfComo hago para acceder a la orientaci\u00f3n ocupacional virtual que ofrece la Agencia de Empleo de Comfenalco Valle?<\/h3>\t\t\t\t\t\t\t<\/div>\n\t\t\t\t\t\t\t<div id=\"jet-toggle-content-1669\" class=\"jet-toggle__content\" data-toggle=\"9\" role=\"region\" data-template-id=\"false\">\n\t\t\t\t\t\t\t\t<div class=\"jet-toggle__content-inner\"><p>Para acceder a la orientaci\u00f3n ocupacional virtual que ofrece la Agencia de Empleo de Comfenalco Valle, podras realizarla a traves de la p\u00e1gina web oficial de <strong><a href=\"https:\/\/virtual.comfenalcovalle.com.co\/delagenteweb\/virtual-scheduling\" target=\"_blank\" rel=\"noopener\">Comfenalco Valley<\/a><\/strong>.<\/p><p>Este servicio es gratuito y est\u00e1 dise\u00f1ado para apoyarte en tu proceso de b\u00fasqueda de empleo. Para obtener m\u00e1s detalles y recursos adicionales, visita el sitio web de la Agencia de Empleo de Comfenalco Valle.<\/p><\/div>\n\t\t\t\t\t\t\t<\/div>\n\t\t\t\t\t\t<\/div>\t\t\t<\/div>\n\t\t<\/div>\n\t\t\t\t\t\t<\/div>\n\t\t\t\t<\/div>\n\t\t\t\t\t<\/div>\n\t\t<\/div>\n\t\t\t\t\t<\/div>\n\t\t<\/section>\n\t\t\t\t\t<\/div>\n\t\t<\/div>\n\t\t\t\t\t<\/div>\n\t\t<\/section>\n\t\t\t\t<\/div>","protected":false},"excerpt":{"rendered":"<p>Inicio \u00bfCu\u00e1l es el horario de atenci\u00f3n de la agencia de empleo y en d\u00f3nde est\u00e1n ubicados? La Agencia de Empleo de Comfenalco Valle Delagente presta sus servicios a empleadores y cesantes a trav\u00e9s de la ruta virtual de la empleabilidad. La Agencia de Empleo de Comfenalco Valle Delagente tiene alcance en las ciudades de [&hellip;]<\/p>","protected":false},"author":1,"featured_media":51870,"parent":619937,"menu_order":0,"comment_status":"closed","ping_status":"closed","template":"elementor_header_footer","meta":{"footnotes":""},"class_list":["post-6289","page","type-page","status-publish","has-post-thumbnail","hentry"],"yoast_head":"<!-- This site is optimized with the Yoast SEO Premium plugin v25.9 (Yoast SEO v25.9) - https:\/\/yoast.com\/wordpress\/plugins\/seo\/ -->\n<title>Preguntas frecuentes sobre los servicios de Agencia de Empleo<\/title>\n<meta name=\"description\" content=\"La Agencia de Empleo de Comfenalco Valle Delagente presta sus servicios a empleadores y cesantes a trav\u00e9s de la ruta virtual...\" \/>\n<meta name=\"robots\" content=\"index, follow, max-snippet:-1, max-image-preview:large, max-video-preview:-1\" \/>\n<link rel=\"canonical\" href=\"https:\/\/www.comfenalcovalle.com.co\/agencia-empleo\/preguntas-frecuentes\/\" \/>\n<meta property=\"og:locale\" content=\"en_US\" \/>\n<meta property=\"og:type\" content=\"article\" \/>\n<meta property=\"og:title\" content=\"Preguntas frecuentes sobre los servicios de Agencia de Empleo\" \/>\n<meta property=\"og:description\" content=\"La Agencia de Empleo de Comfenalco Valle Delagente presta sus servicios a empleadores y cesantes a trav\u00e9s de la ruta virtual...\" \/>\n<meta property=\"og:url\" content=\"https:\/\/www.comfenalcovalle.com.co\/agencia-empleo\/preguntas-frecuentes\/\" \/>\n<meta property=\"og:site_name\" content=\"Comfenalco Valle Delagente\" \/>\n<meta property=\"article:modified_time\" content=\"2026-03-11T21:04:32+00:00\" \/>\n<meta property=\"og:image\" content=\"https:\/\/www.comfenalcovalle.com.co\/wp-content\/uploads\/2021\/11\/seguro-al-desempleo-scaled.jpg\" \/>\n\t<meta property=\"og:image:width\" content=\"1280\" \/>\n\t<meta property=\"og:image:height\" content=\"720\" \/>\n\t<meta property=\"og:image:type\" content=\"image\/jpeg\" \/>\n<meta name=\"twitter:card\" content=\"summary_large_image\" \/>\n<meta name=\"twitter:label1\" content=\"Est. reading time\" \/>\n\t<meta name=\"twitter:data1\" content=\"42 minutes\" \/>\n<script type=\"application\/ld+json\" class=\"yoast-schema-graph\">{\"@context\":\"https:\/\/schema.org\",\"@graph\":[{\"@type\":\"WebPage\",\"@id\":\"https:\/\/www.comfenalcovalle.com.co\/agencia-empleo\/preguntas-frecuentes\/\",\"url\":\"https:\/\/www.comfenalcovalle.com.co\/agencia-empleo\/preguntas-frecuentes\/\",\"name\":\"Preguntas frecuentes sobre los servicios de Agencia de Empleo\",\"isPartOf\":{\"@id\":\"https:\/\/www.comfenalcovalle.com.co\/#website\"},\"primaryImageOfPage\":{\"@id\":\"https:\/\/www.comfenalcovalle.com.co\/agencia-empleo\/preguntas-frecuentes\/#primaryimage\"},\"image\":{\"@id\":\"https:\/\/www.comfenalcovalle.com.co\/agencia-empleo\/preguntas-frecuentes\/#primaryimage\"},\"thumbnailUrl\":\"https:\/\/test.comfenalcovalle.com.co\/wp-content\/uploads\/2021\/11\/seguro-al-desempleo-scaled.jpg\",\"datePublished\":\"2020-12-18T14:37:21+00:00\",\"dateModified\":\"2026-03-11T21:04:32+00:00\",\"description\":\"La Agencia de Empleo de Comfenalco Valle Delagente presta sus servicios a empleadores y cesantes a trav\u00e9s de la ruta virtual...\",\"breadcrumb\":{\"@id\":\"https:\/\/www.comfenalcovalle.com.co\/agencia-empleo\/preguntas-frecuentes\/#breadcrumb\"},\"inLanguage\":\"en-US\",\"potentialAction\":[{\"@type\":\"ReadAction\",\"target\":[\"https:\/\/www.comfenalcovalle.com.co\/agencia-empleo\/preguntas-frecuentes\/\"]}]},{\"@type\":\"ImageObject\",\"inLanguage\":\"en-US\",\"@id\":\"https:\/\/www.comfenalcovalle.com.co\/agencia-empleo\/preguntas-frecuentes\/#primaryimage\",\"url\":\"https:\/\/test.comfenalcovalle.com.co\/wp-content\/uploads\/2021\/11\/seguro-al-desempleo-scaled.jpg\",\"contentUrl\":\"https:\/\/test.comfenalcovalle.com.co\/wp-content\/uploads\/2021\/11\/seguro-al-desempleo-scaled.jpg\",\"width\":1280,\"height\":720,\"caption\":\"seguro-al-desempleo\"},{\"@type\":\"BreadcrumbList\",\"@id\":\"https:\/\/www.comfenalcovalle.com.co\/agencia-empleo\/preguntas-frecuentes\/#breadcrumb\",\"itemListElement\":[{\"@type\":\"ListItem\",\"position\":1,\"name\":\"Portada\",\"item\":\"https:\/\/www.comfenalcovalle.com.co\/\"},{\"@type\":\"ListItem\",\"position\":2,\"name\":\"Agencia de Empleo\",\"item\":\"https:\/\/www.comfenalcovalle.com.co\/agencia-empleo\/\"},{\"@type\":\"ListItem\",\"position\":3,\"name\":\"Preguntas frecuentes sobre los servicios de Agencia de Empleo\"}]},{\"@type\":\"WebSite\",\"@id\":\"https:\/\/www.comfenalcovalle.com.co\/#website\",\"url\":\"https:\/\/www.comfenalcovalle.com.co\/\",\"name\":\"Comfenalco Valle Delagente\",\"description\":\"Caja de compensaci\u00f3n de Comfenalco Valle Delagente.\",\"publisher\":{\"@id\":\"https:\/\/www.comfenalcovalle.com.co\/#organization\"},\"potentialAction\":[{\"@type\":\"SearchAction\",\"target\":{\"@type\":\"EntryPoint\",\"urlTemplate\":\"https:\/\/www.comfenalcovalle.com.co\/?s={search_term_string}\"},\"query-input\":{\"@type\":\"PropertyValueSpecification\",\"valueRequired\":true,\"valueName\":\"search_term_string\"}}],\"inLanguage\":\"en-US\"},{\"@type\":\"Organization\",\"@id\":\"https:\/\/www.comfenalcovalle.com.co\/#organization\",\"name\":\"Comfenalco Valle Delagente\",\"url\":\"https:\/\/www.comfenalcovalle.com.co\/\",\"logo\":{\"@type\":\"ImageObject\",\"inLanguage\":\"en-US\",\"@id\":\"https:\/\/www.comfenalcovalle.com.co\/#\/schema\/logo\/image\/\",\"url\":\"https:\/\/test.comfenalcovalle.com.co\/wp-content\/uploads\/2021\/06\/logo-comfe-cabecera-agencia-empelo-actualizado.png\",\"contentUrl\":\"https:\/\/test.comfenalcovalle.com.co\/wp-content\/uploads\/2021\/06\/logo-comfe-cabecera-agencia-empelo-actualizado.png\",\"width\":500,\"height\":184,\"caption\":\"Comfenalco Valle Delagente\"},\"image\":{\"@id\":\"https:\/\/www.comfenalcovalle.com.co\/#\/schema\/logo\/image\/\"}}]}<\/script>\n<!-- \/ Yoast SEO Premium plugin. -->","yoast_head_json":{"title":"Frequently asked questions about Employment Agency services","description":"La Agencia de Empleo de Comfenalco Valle Delagente presta sus servicios a empleadores y cesantes a trav\u00e9s de la ruta virtual...","robots":{"index":"index","follow":"follow","max-snippet":"max-snippet:-1","max-image-preview":"max-image-preview:large","max-video-preview":"max-video-preview:-1"},"canonical":"https:\/\/www.comfenalcovalle.com.co\/agencia-empleo\/preguntas-frecuentes\/","og_locale":"en_US","og_type":"article","og_title":"Preguntas frecuentes sobre los servicios de Agencia de Empleo","og_description":"La Agencia de Empleo de Comfenalco Valle Delagente presta sus servicios a empleadores y cesantes a trav\u00e9s de la ruta virtual...","og_url":"https:\/\/www.comfenalcovalle.com.co\/agencia-empleo\/preguntas-frecuentes\/","og_site_name":"Comfenalco Valle Delagente","article_modified_time":"2026-03-11T21:04:32+00:00","og_image":[{"width":1280,"height":720,"url":"https:\/\/www.comfenalcovalle.com.co\/wp-content\/uploads\/2021\/11\/seguro-al-desempleo-scaled.jpg","type":"image\/jpeg"}],"twitter_card":"summary_large_image","twitter_misc":{"Est. reading time":"42 minutes"},"schema":{"@context":"https:\/\/schema.org","@graph":[{"@type":"WebPage","@id":"https:\/\/www.comfenalcovalle.com.co\/agencia-empleo\/preguntas-frecuentes\/","url":"https:\/\/www.comfenalcovalle.com.co\/agencia-empleo\/preguntas-frecuentes\/","name":"Frequently asked questions about Employment Agency services","isPartOf":{"@id":"https:\/\/www.comfenalcovalle.com.co\/#website"},"primaryImageOfPage":{"@id":"https:\/\/www.comfenalcovalle.com.co\/agencia-empleo\/preguntas-frecuentes\/#primaryimage"},"image":{"@id":"https:\/\/www.comfenalcovalle.com.co\/agencia-empleo\/preguntas-frecuentes\/#primaryimage"},"thumbnailUrl":"https:\/\/test.comfenalcovalle.com.co\/wp-content\/uploads\/2021\/11\/seguro-al-desempleo-scaled.jpg","datePublished":"2020-12-18T14:37:21+00:00","dateModified":"2026-03-11T21:04:32+00:00","description":"La Agencia de Empleo de Comfenalco Valle Delagente presta sus servicios a empleadores y cesantes a trav\u00e9s de la ruta virtual...","breadcrumb":{"@id":"https:\/\/www.comfenalcovalle.com.co\/agencia-empleo\/preguntas-frecuentes\/#breadcrumb"},"inLanguage":"en-US","potentialAction":[{"@type":"ReadAction","target":["https:\/\/www.comfenalcovalle.com.co\/agencia-empleo\/preguntas-frecuentes\/"]}]},{"@type":"ImageObject","inLanguage":"en-US","@id":"https:\/\/www.comfenalcovalle.com.co\/agencia-empleo\/preguntas-frecuentes\/#primaryimage","url":"https:\/\/test.comfenalcovalle.com.co\/wp-content\/uploads\/2021\/11\/seguro-al-desempleo-scaled.jpg","contentUrl":"https:\/\/test.comfenalcovalle.com.co\/wp-content\/uploads\/2021\/11\/seguro-al-desempleo-scaled.jpg","width":1280,"height":720,"caption":"seguro-al-desempleo"},{"@type":"BreadcrumbList","@id":"https:\/\/www.comfenalcovalle.com.co\/agencia-empleo\/preguntas-frecuentes\/#breadcrumb","itemListElement":[{"@type":"ListItem","position":1,"name":"Portada","item":"https:\/\/www.comfenalcovalle.com.co\/"},{"@type":"ListItem","position":2,"name":"Agencia de Empleo","item":"https:\/\/www.comfenalcovalle.com.co\/agencia-empleo\/"},{"@type":"ListItem","position":3,"name":"Preguntas frecuentes sobre los servicios de Agencia de Empleo"}]},{"@type":"WebSite","@id":"https:\/\/www.comfenalcovalle.com.co\/#website","url":"https:\/\/www.comfenalcovalle.com.co\/","name":"Comfenalco Valle Delagente","description":"Comfenalco Valle Delagente compensation fund.","publisher":{"@id":"https:\/\/www.comfenalcovalle.com.co\/#organization"},"potentialAction":[{"@type":"SearchAction","target":{"@type":"EntryPoint","urlTemplate":"https:\/\/www.comfenalcovalle.com.co\/?s={search_term_string}"},"query-input":{"@type":"PropertyValueSpecification","valueRequired":true,"valueName":"search_term_string"}}],"inLanguage":"en-US"},{"@type":"Organization","@id":"https:\/\/www.comfenalcovalle.com.co\/#organization","name":"Comfenalco Valle Delagente","url":"https:\/\/www.comfenalcovalle.com.co\/","logo":{"@type":"ImageObject","inLanguage":"en-US","@id":"https:\/\/www.comfenalcovalle.com.co\/#\/schema\/logo\/image\/","url":"https:\/\/test.comfenalcovalle.com.co\/wp-content\/uploads\/2021\/06\/logo-comfe-cabecera-agencia-empelo-actualizado.png","contentUrl":"https:\/\/test.comfenalcovalle.com.co\/wp-content\/uploads\/2021\/06\/logo-comfe-cabecera-agencia-empelo-actualizado.png","width":500,"height":184,"caption":"Comfenalco Valle Delagente"},"image":{"@id":"https:\/\/www.comfenalcovalle.com.co\/#\/schema\/logo\/image\/"}}]}},"publishpress_future_action":{"enabled":false,"date":"2026-05-10 05:16:13","action":"change-status","newStatus":"draft","terms":[],"taxonomy":"","extraData":[]},"publishpress_future_workflow_manual_trigger":{"enabledWorkflows":[]},"_links":{"self":[{"href":"https:\/\/test.comfenalcovalle.com.co\/en\/wp-json\/wp\/v2\/pages\/6289","targetHints":{"allow":["GET"]}}],"collection":[{"href":"https:\/\/test.comfenalcovalle.com.co\/en\/wp-json\/wp\/v2\/pages"}],"about":[{"href":"https:\/\/test.comfenalcovalle.com.co\/en\/wp-json\/wp\/v2\/types\/page"}],"author":[{"embeddable":true,"href":"https:\/\/test.comfenalcovalle.com.co\/en\/wp-json\/wp\/v2\/users\/1"}],"replies":[{"embeddable":true,"href":"https:\/\/test.comfenalcovalle.com.co\/en\/wp-json\/wp\/v2\/comments?post=6289"}],"version-history":[{"count":0,"href":"https:\/\/test.comfenalcovalle.com.co\/en\/wp-json\/wp\/v2\/pages\/6289\/revisions"}],"up":[{"embeddable":true,"href":"https:\/\/test.comfenalcovalle.com.co\/en\/wp-json\/wp\/v2\/pages\/619937"}],"wp:featuredmedia":[{"embeddable":true,"href":"https:\/\/test.comfenalcovalle.com.co\/en\/wp-json\/wp\/v2\/media\/51870"}],"wp:attachment":[{"href":"https:\/\/test.comfenalcovalle.com.co\/en\/wp-json\/wp\/v2\/media?parent=6289"}],"curies":[{"name":"wp","href":"https:\/\/api.w.org\/{rel}","templated":true}]}}