{"id":619928,"date":"2023-10-09T13:59:31","date_gmt":"2023-10-09T18:59:31","guid":{"rendered":"https:\/\/test.comfenalcovalle.com.co\/?page_id=610289"},"modified":"2025-05-02T16:30:37","modified_gmt":"2025-05-02T21:30:37","slug":"hotel-y-centro-recreacional-yanaconas-formulario","status":"publish","type":"page","link":"https:\/\/test.comfenalcovalle.com.co\/en\/hoteles-delagente-comfenalco-valle\/hotel-y-centro-recreacional-yanaconas-formulario\/","title":{"rendered":"Hotel y Centro Recreacional\u00a0Yanaconas &#8211; Formulario"},"content":{"rendered":"<div data-elementor-type=\"wp-page\" data-elementor-id=\"619928\" class=\"elementor elementor-619928\" data-elementor-post-type=\"page\">\n\t\t\t\t\t\t<section class=\"elementor-section elementor-top-section elementor-element elementor-element-6b02cb6 elementor-section-boxed elementor-section-height-default elementor-section-height-default\" data-id=\"6b02cb6\" data-element_type=\"section\" data-settings=\"{&quot;background_background&quot;:&quot;classic&quot;,&quot;shape_divider_bottom&quot;:&quot;opacity-tilt&quot;}\">\n\t\t\t\t\t\t\t<div class=\"elementor-background-overlay\"><\/div>\n\t\t\t\t\t\t<div class=\"elementor-shape elementor-shape-bottom\" aria-hidden=\"true\" data-negative=\"false\">\n\t\t\t<svg xmlns=\"http:\/\/www.w3.org\/2000\/svg\" viewbox=\"0 0 2600 131.1\" preserveaspectratio=\"none\">\n\t<path class=\"elementor-shape-fill\" d=\"M0 0L2600 0 2600 69.1 0 0z\"\/>\n\t<path class=\"elementor-shape-fill\" style=\"opacity:0.5\" d=\"M0 0L2600 0 2600 69.1 0 69.1z\"\/>\n\t<path class=\"elementor-shape-fill\" style=\"opacity:0.25\" d=\"M2600 0L0 0 0 130.1 2600 69.1z\"\/>\n<\/svg>\t\t<\/div>\n\t\t\t\t\t<div class=\"elementor-container elementor-column-gap-default\">\n\t\t\t\t\t<div class=\"elementor-column elementor-col-100 elementor-top-column elementor-element elementor-element-9ca17ac\" data-id=\"9ca17ac\" data-element_type=\"column\">\n\t\t\t<div class=\"elementor-widget-wrap elementor-element-populated\">\n\t\t\t\t\t\t<div class=\"elementor-element elementor-element-14a335c elementor-widget elementor-widget-shortcode\" data-id=\"14a335c\" data-element_type=\"widget\" data-widget_type=\"shortcode.default\">\n\t\t\t\t<div class=\"elementor-widget-container\">\n\t\t\t\t\t\t\t<div class=\"elementor-shortcode\">\t\t<div data-elementor-type=\"header\" data-elementor-id=\"620419\" class=\"elementor elementor-620419\" data-elementor-post-type=\"elementor_library\">\n\t\t\t\t\t<section class=\"elementor-section elementor-top-section elementor-element elementor-element-a3c695f elementor-section-boxed elementor-section-height-default elementor-section-height-default\" data-id=\"a3c695f\" data-element_type=\"section\">\n\t\t\t\t\t\t<div class=\"elementor-container elementor-column-gap-default\">\n\t\t\t\t\t<div class=\"elementor-column elementor-col-100 elementor-top-column elementor-element elementor-element-6ad50ac\" data-id=\"6ad50ac\" data-element_type=\"column\">\n\t\t\t<div class=\"elementor-widget-wrap elementor-element-populated\">\n\t\t\t\t\t\t<section class=\"elementor-section elementor-inner-section elementor-element elementor-element-c196c61 elementor-section-boxed elementor-section-height-default elementor-section-height-default\" data-id=\"c196c61\" data-element_type=\"section\">\n\t\t\t\t\t\t<div class=\"elementor-container elementor-column-gap-default\">\n\t\t\t\t\t<div class=\"elementor-column elementor-col-33 elementor-inner-column elementor-element elementor-element-8bffd84\" data-id=\"8bffd84\" data-element_type=\"column\">\n\t\t\t<div class=\"elementor-widget-wrap elementor-element-populated\">\n\t\t\t\t\t\t<div class=\"elementor-element elementor-element-f1f8ed7 elementor-widget elementor-widget-image\" data-id=\"f1f8ed7\" data-element_type=\"widget\" data-widget_type=\"image.default\">\n\t\t\t\t<div class=\"elementor-widget-container\">\n\t\t\t\t\t\t\t\t\t\t\t\t\t\t\t\t<a href=\"https:\/\/test.comfenalcovalle.com.co\/en\/hoteles-delagente-comfenalco-valle\/\">\n\t\t\t\t\t\t\t<img decoding=\"async\" data-src=\"https:\/\/test.comfenalcovalle.com.co\/wp-content\/uploads\/elementor\/thumbs\/logo-actualizado-cabecera-hotel-rmcngx9ho3wh3b21yk6tnejew67skn48l2m1sblek6.png\" title=\"logo-actualizado cabecera hotel\" alt=\"logo-actualizado cabecera hotel\" src=\"data:image\/svg+xml;base64,PHN2ZyB3aWR0aD0iMSIgaGVpZ2h0PSIxIiB4bWxucz0iaHR0cDovL3d3dy53My5vcmcvMjAwMC9zdmciPjwvc3ZnPg==\" class=\"lazyload\" \/>\t\t\t\t\t\t\t\t<\/a>\n\t\t\t\t\t\t\t\t\t\t\t\t\t\t\t<\/div>\n\t\t\t\t<\/div>\n\t\t\t\t\t<\/div>\n\t\t<\/div>\n\t\t\t\t<div class=\"elementor-column elementor-col-66 elementor-inner-column elementor-element elementor-element-03bbc0f\" data-id=\"03bbc0f\" data-element_type=\"column\">\n\t\t\t<div class=\"elementor-widget-wrap elementor-element-populated\">\n\t\t\t\t\t\t<div class=\"elementor-element elementor-element-69dd9b3 elementor-widget__width-auto elementor-widget elementor-widget-button\" data-id=\"69dd9b3\" data-element_type=\"widget\" data-widget_type=\"button.default\">\n\t\t\t\t<div class=\"elementor-widget-container\">\n\t\t\t\t\t\t\t\t\t<div class=\"elementor-button-wrapper\">\n\t\t\t\t\t<a class=\"elementor-button elementor-button-link elementor-size-sm\" href=\"https:\/\/test.comfenalcovalle.com.co\/en\/hoteles-delagente-comfenalco-valle\/\">\n\t\t\t\t\t\t<span class=\"elementor-button-content-wrapper\">\n\t\t\t\t\t\t\t\t\t<span class=\"elementor-button-text\">Beginning<\/span>\n\t\t\t\t\t<\/span>\n\t\t\t\t\t<\/a>\n\t\t\t\t<\/div>\n\t\t\t\t\t\t\t\t<\/div>\n\t\t\t\t<\/div>\n\t\t\t\t<div class=\"elementor-element elementor-element-bb69a1a elementor-widget__width-auto elementor-widget elementor-widget-button\" data-id=\"bb69a1a\" data-element_type=\"widget\" data-widget_type=\"button.default\">\n\t\t\t\t<div class=\"elementor-widget-container\">\n\t\t\t\t\t\t\t\t\t<div class=\"elementor-button-wrapper\">\n\t\t\t\t\t<a class=\"elementor-button elementor-button-link elementor-size-sm\" href=\"\/en\/hoteles-delagente-comfenalco-valle\/#hoteles\">\n\t\t\t\t\t\t<span class=\"elementor-button-content-wrapper\">\n\t\t\t\t\t\t\t\t\t<span class=\"elementor-button-text\">Hotels<\/span>\n\t\t\t\t\t<\/span>\n\t\t\t\t\t<\/a>\n\t\t\t\t<\/div>\n\t\t\t\t\t\t\t\t<\/div>\n\t\t\t\t<\/div>\n\t\t\t\t<div class=\"elementor-element elementor-element-6cd21f7 elementor-widget__width-auto elementor-hidden-desktop elementor-hidden-tablet elementor-hidden-mobile elementor-invisible elementor-widget elementor-widget-button\" data-id=\"6cd21f7\" data-element_type=\"widget\" data-settings=\"{&quot;_animation&quot;:&quot;fadeInDown&quot;}\" data-widget_type=\"button.default\">\n\t\t\t\t<div class=\"elementor-widget-container\">\n\t\t\t\t\t\t\t\t\t<div class=\"elementor-button-wrapper\">\n\t\t\t\t\t<a class=\"elementor-button elementor-button-link elementor-size-sm\" href=\"https:\/\/hotelesdelagente.comfenalcovalle.com.co\/?utm_source=Landing_Hotelesdelagente&#038;utm_medium=Boton&#038;utm_campaign=Superior\" target=\"_blank\" rel=\"nofollow\">\n\t\t\t\t\t\t<span class=\"elementor-button-content-wrapper\">\n\t\t\t\t\t\t\t\t\t<span class=\"elementor-button-text\">RESERVA AQU\u00cd<\/span>\n\t\t\t\t\t<\/span>\n\t\t\t\t\t<\/a>\n\t\t\t\t<\/div>\n\t\t\t\t\t\t\t\t<\/div>\n\t\t\t\t<\/div>\n\t\t\t\t\t<\/div>\n\t\t<\/div>\n\t\t\t\t\t<\/div>\n\t\t<\/section>\n\t\t\t\t<div class=\"elementor-element elementor-element-617eb58 elementor-widget elementor-widget-html\" data-id=\"617eb58\" data-element_type=\"widget\" data-widget_type=\"html.default\">\n\t\t\t\t<div class=\"elementor-widget-container\">\n\t\t\t\t\t<script src=\"https:\/\/cdn.userway.org\/widget.js\" data-account=\"vcP6oO6xxR\"><\/script>\t\t\t\t<\/div>\n\t\t\t\t<\/div>\n\t\t\t\t\t<\/div>\n\t\t<\/div>\n\t\t\t\t\t<\/div>\n\t\t<\/section>\n\t\t\t\t<\/div>\n\t\t<\/div>\n\t\t\t\t\t\t<\/div>\n\t\t\t\t<\/div>\n\t\t\t\t<div class=\"elementor-element elementor-element-8563b61 elementor-widget elementor-widget-image\" data-id=\"8563b61\" data-element_type=\"widget\" data-widget_type=\"image.default\">\n\t\t\t\t<div class=\"elementor-widget-container\">\n\t\t\t\t\t\t\t\t\t\t\t\t\t\t\t<img fetchpriority=\"high\" decoding=\"async\" width=\"600\" height=\"166\" src=\"https:\/\/test.comfenalcovalle.com.co\/wp-content\/uploads\/2023\/12\/hoteles-delagente-logo.png\" class=\"attachment-full size-full wp-image-620621\" alt=\"\" srcset=\"https:\/\/test.comfenalcovalle.com.co\/wp-content\/uploads\/2023\/12\/hoteles-delagente-logo.png 600w, https:\/\/test.comfenalcovalle.com.co\/wp-content\/uploads\/2023\/12\/hoteles-delagente-logo-300x83.png 300w, https:\/\/test.comfenalcovalle.com.co\/wp-content\/uploads\/2023\/12\/hoteles-delagente-logo-18x5.png 18w\" sizes=\"(max-width: 600px) 100vw, 600px\" \/>\t\t\t\t\t\t\t\t\t\t\t\t\t\t\t<\/div>\n\t\t\t\t<\/div>\n\t\t\t\t\t<\/div>\n\t\t<\/div>\n\t\t\t\t\t<\/div>\n\t\t<\/section>\n\t\t\t\t<section class=\"elementor-section elementor-top-section elementor-element elementor-element-994ccec elementor-section-boxed elementor-section-height-default elementor-section-height-default\" data-id=\"994ccec\" data-element_type=\"section\">\n\t\t\t\t\t\t<div class=\"elementor-container elementor-column-gap-default\">\n\t\t\t\t\t<div class=\"elementor-column elementor-col-100 elementor-top-column elementor-element elementor-element-33d9a71\" data-id=\"33d9a71\" data-element_type=\"column\">\n\t\t\t<div class=\"elementor-widget-wrap elementor-element-populated\">\n\t\t\t\t\t\t<section class=\"elementor-section elementor-inner-section elementor-element elementor-element-9aa47a6 elementor-section-boxed elementor-section-height-default elementor-section-height-default\" data-id=\"9aa47a6\" data-element_type=\"section\">\n\t\t\t\t\t\t<div class=\"elementor-container elementor-column-gap-default\">\n\t\t\t\t\t<div class=\"elementor-column elementor-col-100 elementor-inner-column elementor-element elementor-element-ac8a340\" data-id=\"ac8a340\" data-element_type=\"column\">\n\t\t\t<div class=\"elementor-widget-wrap elementor-element-populated\">\n\t\t\t\t\t\t<div class=\"elementor-element elementor-element-1e26662 elementor-widget elementor-widget-image\" data-id=\"1e26662\" data-element_type=\"widget\" data-widget_type=\"image.default\">\n\t\t\t\t<div class=\"elementor-widget-container\">\n\t\t\t\t\t\t\t\t\t\t\t\t\t\t\t<img decoding=\"async\" data-src=\"https:\/\/test.comfenalcovalle.com.co\/wp-content\/uploads\/2023\/10\/hotel-centro-recreacional-yanaconas-min.png\" title=\"\" alt=\"\" src=\"data:image\/svg+xml;base64,PHN2ZyB3aWR0aD0iMSIgaGVpZ2h0PSIxIiB4bWxucz0iaHR0cDovL3d3dy53My5vcmcvMjAwMC9zdmciPjwvc3ZnPg==\" class=\"lazyload\" \/>\t\t\t\t\t\t\t\t\t\t\t\t\t\t\t<\/div>\n\t\t\t\t<\/div>\n\t\t\t\t\t<\/div>\n\t\t<\/div>\n\t\t\t\t\t<\/div>\n\t\t<\/section>\n\t\t\t\t<section class=\"elementor-section elementor-inner-section elementor-element elementor-element-a130ed2 elementor-section-boxed elementor-section-height-default elementor-section-height-default\" data-id=\"a130ed2\" data-element_type=\"section\">\n\t\t\t\t\t\t<div class=\"elementor-container elementor-column-gap-default\">\n\t\t\t\t\t<div class=\"elementor-column elementor-col-50 elementor-inner-column elementor-element elementor-element-b885e92\" data-id=\"b885e92\" data-element_type=\"column\">\n\t\t\t<div class=\"elementor-widget-wrap elementor-element-populated\">\n\t\t\t\t\t\t<div class=\"elementor-element elementor-element-315c018 elementor-hidden-desktop elementor-hidden-tablet elementor-hidden-mobile elementor-widget elementor-widget-text-editor\" data-id=\"315c018\" data-element_type=\"widget\" data-widget_type=\"text-editor.default\">\n\t\t\t\t<div class=\"elementor-widget-container\">\n\t\t\t\t\t\t\t\t\t<p>Diana\u00a0<\/p>\t\t\t\t\t\t\t\t<\/div>\n\t\t\t\t<\/div>\n\t\t\t\t<div class=\"elementor-element elementor-element-2948212 elementor-hidden-desktop elementor-hidden-tablet elementor-hidden-mobile elementor-alert-info elementor-widget elementor-widget-alert\" data-id=\"2948212\" data-element_type=\"widget\" data-widget_type=\"alert.default\">\n\t\t\t\t<div class=\"elementor-widget-container\">\n\t\t\t\t\t\t\t<div class=\"elementor-alert\" role=\"alert\">\n\n\t\t\t\t\t\t<span class=\"elementor-alert-title\">\u00a1Ll\u00e1manos!<\/span>\n\t\t\t\n\t\t\t\t\t\t<span class=\"elementor-alert-description\">Solicita asesor\u00eda o haz tu reserva v\u00eda telef\u00f3nica, llamando o escribiendo al 3117640138<\/span>\n\t\t\t\n\t\t\t\t\t\t<button type=\"button\" class=\"elementor-alert-dismiss\" aria-label=\"Dismiss this alert.\">\n\t\t\t\t<i aria-hidden=\"true\" class=\"fas fa-phone-square\"><\/i>\t\t\t<\/button>\n\t\t\t\n\t\t<\/div>\n\t\t\t\t\t\t<\/div>\n\t\t\t\t<\/div>\n\t\t\t\t<div class=\"elementor-element elementor-element-7603aa7 elementor-hidden-desktop elementor-hidden-tablet elementor-hidden-mobile elementor-widget elementor-widget-text-editor\" data-id=\"7603aa7\" data-element_type=\"widget\" data-widget_type=\"text-editor.default\">\n\t\t\t\t<div class=\"elementor-widget-container\">\n\t\t\t\t\t\t\t\t\t<p>Wilder<\/p>\t\t\t\t\t\t\t\t<\/div>\n\t\t\t\t<\/div>\n\t\t\t\t<div class=\"elementor-element elementor-element-1daba8a elementor-hidden-desktop elementor-hidden-tablet elementor-hidden-mobile elementor-alert-info elementor-widget elementor-widget-alert\" data-id=\"1daba8a\" data-element_type=\"widget\" data-widget_type=\"alert.default\">\n\t\t\t\t<div class=\"elementor-widget-container\">\n\t\t\t\t\t\t\t<div class=\"elementor-alert\" role=\"alert\">\n\n\t\t\t\t\t\t<span class=\"elementor-alert-title\">\u00a1Ll\u00e1manos!<\/span>\n\t\t\t\n\t\t\t\t\t\t<span class=\"elementor-alert-description\">Solicita asesor\u00eda o haz tu reserva v\u00eda telef\u00f3nica, llamando o escribiendo al 3138741426<\/span>\n\t\t\t\n\t\t\t\t\t\t<button type=\"button\" class=\"elementor-alert-dismiss\" aria-label=\"Dismiss this alert.\">\n\t\t\t\t<i aria-hidden=\"true\" class=\"fas fa-phone-square\"><\/i>\t\t\t<\/button>\n\t\t\t\n\t\t<\/div>\n\t\t\t\t\t\t<\/div>\n\t\t\t\t<\/div>\n\t\t\t\t<div class=\"elementor-element elementor-element-be65858 elementor-hidden-desktop elementor-hidden-tablet elementor-hidden-mobile elementor-widget elementor-widget-heading\" data-id=\"be65858\" data-element_type=\"widget\" data-widget_type=\"heading.default\">\n\t\t\t\t<div class=\"elementor-widget-container\">\n\t\t\t\t\t<h3 class=\"elementor-heading-title elementor-size-default\">Cont\u00e1ctanos por whatsapp:\n<\/h3>\t\t\t\t<\/div>\n\t\t\t\t<\/div>\n\t\t\t\t<div class=\"elementor-element elementor-element-7985aa4 elementor-hidden-desktop elementor-hidden-tablet elementor-hidden-mobile elementor-widget elementor-widget-text-editor\" data-id=\"7985aa4\" data-element_type=\"widget\" data-widget_type=\"text-editor.default\">\n\t\t\t\t<div class=\"elementor-widget-container\">\n\t\t\t\t\t\t\t\t\t<p>Wilder<\/p>\t\t\t\t\t\t\t\t<\/div>\n\t\t\t\t<\/div>\n\t\t\t\t<div class=\"elementor-element elementor-element-377b890 elementor-align-center elementor-hidden-desktop elementor-hidden-tablet elementor-hidden-mobile elementor-widget elementor-widget-button\" data-id=\"377b890\" data-element_type=\"widget\" data-widget_type=\"button.default\">\n\t\t\t\t<div class=\"elementor-widget-container\">\n\t\t\t\t\t\t\t\t\t<div class=\"elementor-button-wrapper\">\n\t\t\t\t\t<a class=\"elementor-button elementor-button-link elementor-size-xl\" href=\"https:\/\/bit.ly\/3RVyQKN\">\n\t\t\t\t\t\t<span class=\"elementor-button-content-wrapper\">\n\t\t\t\t\t\t<span class=\"elementor-button-icon\">\n\t\t\t\t<i aria-hidden=\"true\" class=\"fab fa-whatsapp\"><\/i>\t\t\t<\/span>\n\t\t\t\t\t\t\t\t\t<span class=\"elementor-button-text\">Clic para asesor\u00eda por Whatsapp<\/span>\n\t\t\t\t\t<\/span>\n\t\t\t\t\t<\/a>\n\t\t\t\t<\/div>\n\t\t\t\t\t\t\t\t<\/div>\n\t\t\t\t<\/div>\n\t\t\t\t<div class=\"elementor-element elementor-element-d42e4bf elementor-hidden-desktop elementor-hidden-tablet elementor-hidden-mobile elementor-widget elementor-widget-text-editor\" data-id=\"d42e4bf\" data-element_type=\"widget\" data-widget_type=\"text-editor.default\">\n\t\t\t\t<div class=\"elementor-widget-container\">\n\t\t\t\t\t\t\t\t\t<p>Diana\u00a0<\/p>\t\t\t\t\t\t\t\t<\/div>\n\t\t\t\t<\/div>\n\t\t\t\t<div class=\"elementor-element elementor-element-52551fe elementor-align-center elementor-hidden-desktop elementor-hidden-tablet elementor-hidden-mobile elementor-widget elementor-widget-button\" data-id=\"52551fe\" data-element_type=\"widget\" data-widget_type=\"button.default\">\n\t\t\t\t<div class=\"elementor-widget-container\">\n\t\t\t\t\t\t\t\t\t<div class=\"elementor-button-wrapper\">\n\t\t\t\t\t<a class=\"elementor-button elementor-button-link elementor-size-xl\" href=\"https:\/\/bit.ly\/3wYnmzq\">\n\t\t\t\t\t\t<span class=\"elementor-button-content-wrapper\">\n\t\t\t\t\t\t<span class=\"elementor-button-icon\">\n\t\t\t\t<i aria-hidden=\"true\" class=\"fab fa-whatsapp\"><\/i>\t\t\t<\/span>\n\t\t\t\t\t\t\t\t\t<span class=\"elementor-button-text\">Clic para asesor\u00eda por Whatsapp<\/span>\n\t\t\t\t\t<\/span>\n\t\t\t\t\t<\/a>\n\t\t\t\t<\/div>\n\t\t\t\t\t\t\t\t<\/div>\n\t\t\t\t<\/div>\n\t\t\t\t<div class=\"elementor-element elementor-element-be2850d elementor-widget elementor-widget-heading\" data-id=\"be2850d\" data-element_type=\"widget\" data-widget_type=\"heading.default\">\n\t\t\t\t<div class=\"elementor-widget-container\">\n\t\t\t\t\t<h3 class=\"elementor-heading-title elementor-size-default\">D\u00e9janos tus datos nosotros\nte llamamos:<\/h3>\t\t\t\t<\/div>\n\t\t\t\t<\/div>\n\t\t\t\t<div class=\"elementor-element elementor-element-9720d69 elementor-widget elementor-widget-heading\" data-id=\"9720d69\" data-element_type=\"widget\" data-widget_type=\"heading.default\">\n\t\t\t\t<div class=\"elementor-widget-container\">\n\t\t\t\t\t<h5 class=\"elementor-heading-title elementor-size-default\">Diligencia el formulario y uno de nuestros asesores se pondr\u00e1 en contacto en la mayor brevedad<\/h5>\t\t\t\t<\/div>\n\t\t\t\t<\/div>\n\t\t\t\t<div class=\"elementor-element elementor-element-53bd872 elementor-widget elementor-widget-shortcode\" data-id=\"53bd872\" data-element_type=\"widget\" data-widget_type=\"shortcode.default\">\n\t\t\t\t<div class=\"elementor-widget-container\">\n\t\t\t\t\t\t\t<div class=\"elementor-shortcode\"><p class=\"wpcf7-contact-form-not-found\"><strong>Error:<\/strong> Contact form not found.<\/p><\/div>\n\t\t\t\t\t\t<\/div>\n\t\t\t\t<\/div>\n\t\t\t\t\t<\/div>\n\t\t<\/div>\n\t\t\t\t<div class=\"elementor-column elementor-col-50 elementor-inner-column elementor-element elementor-element-1d7a5c7\" data-id=\"1d7a5c7\" data-element_type=\"column\">\n\t\t\t<div class=\"elementor-widget-wrap elementor-element-populated\">\n\t\t\t\t\t\t<div class=\"elementor-element elementor-element-de87455 elementor-arrows-position-inside elementor-widget elementor-widget-image-carousel\" data-id=\"de87455\" data-element_type=\"widget\" data-settings=\"{&quot;slides_to_show&quot;:&quot;1&quot;,&quot;effect&quot;:&quot;fade&quot;,&quot;navigation&quot;:&quot;arrows&quot;,&quot;autoplay&quot;:&quot;yes&quot;,&quot;pause_on_hover&quot;:&quot;yes&quot;,&quot;pause_on_interaction&quot;:&quot;yes&quot;,&quot;autoplay_speed&quot;:5000,&quot;infinite&quot;:&quot;yes&quot;,&quot;speed&quot;:500}\" data-widget_type=\"image-carousel.default\">\n\t\t\t\t<div class=\"elementor-widget-container\">\n\t\t\t\t\t\t\t<div class=\"elementor-image-carousel-wrapper swiper\" role=\"region\" aria-roledescription=\"carousel\" aria-label=\"Image Carousel\" dir=\"ltr\">\n\t\t\t<div class=\"elementor-image-carousel swiper-wrapper swiper-image-stretch\" aria-live=\"off\">\n\t\t\t\t\t\t\t\t<div class=\"swiper-slide\" role=\"group\" aria-roledescription=\"slide\" aria-label=\"1 of 18\"><a data-elementor-open-lightbox=\"yes\" data-elementor-lightbox-slideshow=\"de87455\" data-elementor-lightbox-title=\"Historia de vida Deyra Qui\u00f1ones\" data-elementor-lightbox-description=\"&lt;a href=&quot;https:\/\/test.comfenalcovalle.com.co\/&quot; rel=&quot;home&quot; title=&quot;Inicio&quot;&gt;Inicio&lt;\/a&gt;&lt;h2&gt;PROYECTO VA0011&lt;\/h2&gt;Aporte en la atenci\u00f3n integral y en la generaci\u00f3n de ingresos de 150 familias desplazadas del \u00e1rea urbana del municipio de Cali.&lt;a href=&quot;&quot;&gt;Descripci\u00f3n:&lt;\/a&gt;Descripci\u00f3n:&lt;p style=&quot;text-align: justify;&quot;&gt;Deyra es una mujer de 55 a\u00f1os, afrodescendiente, madre cabeza de hogar. Es una artesana luchadora, creativa y emprendedora ha vivido momentos de angustia, tristeza y carencia sin embargo d\u00eda a d\u00eda se convence que es un mejor ma\u00f1ana y que puede salir adelante con su carisma y fe en Dios. Todos los d\u00edas se supera gracias a su conocimiento en las artesan\u00edas y la costura de tendidos acolchonados, seg\u00fan dice ella \u201cHago de todo; canto, bailo, hago teatro, hago tendidos y toda clase de artesan\u00edas de Mag\u00fc\u00ed\u201d su vida transcurre entre el teatro, grupo de baile y el canto que comparte con otras mujeres que como ella han tenido que vivir momentos de incertidumbre y dolor. Piensa que el teatro y el canto han logrado otorgarle confianza y que haya podido dejar la timidez. Sus canastos y dem\u00e1s art\u00edculos que teje con sus manos y crea todos los d\u00edas en su imaginaci\u00f3n le han ayudado no solo a ella sino a otras mujeres que sin importa edad, raza o preferencias les ense\u00f1a y desea que como ella encuentren en el arte un mejor futuro.&lt;\/p&gt;\t\t\t\t\t\t\t\t\t\t\t\t&lt;a href=&quot;&quot;&gt;Lugar de Procedencia:&lt;\/a&gt;&lt;p style=&quot;text-align: justify;&quot;&gt;Yo vengo de un pueblo de Barbacoa (Nari\u00f1o), que se llama Mag\u00fci, lo bordea el Pat\u00eda, es un rio caudaloso, me acuerdo que en esa \u00e9poca yo me la pasaba&nbsp; pescando o cazando; ratones, armadillo y de todo tipo de animales. No era como ahora y en la ciudad que es solo qu\u00edmico, ah\u00ed uno pescaba y luego se com\u00eda el pescado reciente. Me acuerdo del agua, siempre recuerdo que uno pod\u00eda lavar la ropa con mucha agua y corr\u00eda, no era como aqu\u00ed en la ciudad que todo es medido y que toca lavar con poquita agua.&lt;\/p&gt;\t\t\t\t\t\t\t\t\t\t\t\t&lt;a href=&quot;&quot;&gt;Historia de la familia&lt;\/a&gt;&lt;p style=&quot;text-align: justify;&quot;&gt;Yo viv\u00eda con mi mama y mi familia que son tambi\u00e9n de Barbacoa, del pueblo de Mag\u00fc\u00ed, todos caz\u00e1bamos, com\u00edamos los animales que encontr\u00e1bamos, nos reun\u00edamos. Yo me case y me vine para ac\u00e1, despu\u00e9s me separe, mi mama se muri\u00f3 ahogada en el Pat\u00eda y yo me devolv\u00ed para Mag\u00fc\u00ed, mi marido lo amenazaron porque ten\u00eda otra persona y le dijeron a los paramilitares y comenzaron&nbsp; a buscarlo, el se fue y yo cre\u00ed que no me iban a decir nada a m\u00ed, pero comenzaron a preguntar por la mujer y que iban a matarnos, mi hermana me llamo y me dijo \u201cDeyra, v\u00e1yase de aqu\u00ed\u201d, me toco sacar solo lo que ten\u00eda en la mano, ni siquiera una cuchara que es lo m\u00e1s peque\u00f1o y salir de ah\u00ed, me dijeron que no dejaron ni el techo de mi casa, todo absolutamente todo se lo robaron.&lt;\/p&gt;&lt;p style=&quot;text-align: justify;&quot;&gt;Es doloroso porque toda mi vida estaba all\u00e1. As\u00ed que volv\u00ed a empezar y yo dec\u00eda ahora como voy hacer para sobrevivir y comenc\u00e9 a pensar en lo que mi mama me hab\u00eda ense\u00f1ado, los hilos y la costura y comenc\u00e9 hacer mis canastas, as\u00ed que comenc\u00e9 a mostrar y conoci mas artesanos y ahora muchos me conocen y puedo salir adelante.&lt;\/p&gt;&lt;p style=&quot;text-align: justify;&quot;&gt;Ahora pertenezco a un grupo de teatro de la Mascara, bailo, canto y hago mis artesan\u00edas, con mi familia me he apoyado y mis hijos les ense\u00f1e y hacen tambi\u00e9n las correas y dem\u00e1s artesan\u00edas. ahora mi sue\u00f1o es ayudar a otras mujeres no me importa cu\u00e1ntos a\u00f1os tengan o la experiencia yo pienso que nadie nace aprendido sino que viene aprender y yo quiero ense\u00f1ar mi arte para que como yo otras personas puedan salir adelante.&lt;\/p&gt;\t\t\t\t\t\t\t\t\t\t\t\t&lt;a href=&quot;&quot;&gt;Efectos del proyecto en la vida familiar&lt;\/a&gt;&lt;p style=&quot;text-align: justify;&quot;&gt;Yo le agradezco a la OIM y Comfenalco por el proyecto, por tenerme en cuenta e incluirme, no saben lo mucho que me han ayudado, yo tengo mi taller y algunas maquinas pero para hacer los tendidos necesitaba de la m\u00e1quina de coser que me han dado en el proyecto, as\u00ed como telas y material para mis artesan\u00edas que todos los d\u00edas vendo. Les agradezco por escucharme, por ense\u00f1arme, por ser mejor persona, por superar los problemas , manejar mi negocio y que as\u00ed yo pueda en un futuro ayudar a otros a salir adelante.&lt;\/p&gt;\" data-e-action-hash=\"#elementor-action%3Aaction%3Dlightbox%26settings%3DeyJpZCI6NjEwMTg5LCJ1cmwiOmZhbHNlLCJzbGlkZXNob3ciOiJkZTg3NDU1In0%3D\"><figure class=\"swiper-slide-inner\"><img decoding=\"async\" class=\"swiper-slide-image lazyload\" data-src=\"https:\/\/test.comfenalcovalle.com.co\/wp-content\/uploads\/2023\/10\/hotel-yanaconas-18-min.jpg\" alt=\"\" src=\"data:image\/svg+xml;base64,PHN2ZyB3aWR0aD0iMSIgaGVpZ2h0PSIxIiB4bWxucz0iaHR0cDovL3d3dy53My5vcmcvMjAwMC9zdmciPjwvc3ZnPg==\" \/><\/figure><\/a><\/div><div class=\"swiper-slide\" role=\"group\" aria-roledescription=\"slide\" aria-label=\"2 of 18\"><a data-elementor-open-lightbox=\"yes\" data-elementor-lightbox-slideshow=\"de87455\" data-elementor-lightbox-title=\"Historia de vida Zoraida Arenas\" data-elementor-lightbox-description=\"&lt;a href=&quot;https:\/\/test.comfenalcovalle.com.co\/&quot; rel=&quot;home&quot; title=&quot;Inicio&quot;&gt;Inicio&lt;\/a&gt;&lt;h2&gt;PROYECTO 3VA0031&lt;\/h2&gt;Modelo integral de restablecimiento socioecon\u00f3mico para poblaci\u00f3n en situaci\u00f3n de desplazamiento, en la ciudad de Cali&lt;a href=&quot;&quot;&gt;Descripci\u00f3n:&lt;\/a&gt;Descripci\u00f3n:Mar\u00eda Zoraida es una madre cabeza de familia que ha logrado sacar adelante a su familia \u201ca punta del corte de pelo\u201d, seg\u00fan sus propias palabras.&lt;a href=&quot;&quot;&gt;Lugar de Procedencia:&lt;\/a&gt;&lt;p style=&quot;text-align: justify;&quot;&gt;Yo vengo de Cisneros que queda en un una vereda llamada el Carmelo,&nbsp; cerca Dagua. Viv\u00eda en una finca con mi familia. Mis hijos, mi pareja, mis suegros&nbsp; y yo.&lt;\/p&gt;\t\t\t\t\t\t\t\t\t\t\t\t&lt;a href=&quot;&quot;&gt;Historia de la familia&lt;\/a&gt;&lt;p style=&quot;text-align: justify;&quot;&gt;En estos momentos mi familia est\u00e1 conformada por cuatro hijos, mi mam\u00e1 y yo. Me separ\u00e9 del pap\u00e1 de mis hijos hace once a\u00f1os, luego conoc\u00ed otra persona que fue con quien me desplace. En la finca donde viv\u00edamos, nos dedic\u00e1bamos al trabajo agr\u00edcola, sembr\u00e1bamos pl\u00e1tano, simarr\u00f3n y nos dedic\u00e1bamos&nbsp; a las labores del campo.&lt;\/p&gt;&lt;p style=&quot;text-align: justify;&quot;&gt;Cuando llegamos a Cali, mi marido \u2013eso hace cinco a\u00f1os-&nbsp; muere en una confusi\u00f3n, cuando fue a visitar un hermano al Dari\u00e9n, y quede sola con mis hijos. Despu\u00e9s de eso me capacit\u00e9 en lo de la peluquer\u00eda, me gradu\u00e9 y empec\u00e9 a montar el negocio.&lt;\/p&gt;\t\t\t\t\t\t\t\t\t\t\t\t&lt;a href=&quot;&quot;&gt;Consecuencias del desplazamiento&lt;\/a&gt;&lt;p style=&quot;text-align: justify;&quot;&gt;Yo me desplac\u00e9 porque a \u00e9l \u2013la pareja con la que viv\u00eda- la guerrilla se lo quer\u00eda llevar a prestar el servicio con ellos, adem\u00e1s cuando llegaban a la finca, hab\u00eda que atenderlos, darles la comida. Empezamos recibir amenazas y cuando, en otra vereda, mataron a mi hermano fue cuando decidimos venirnos a la ciudad.&lt;\/p&gt;&lt;p style=&quot;text-align: justify;&quot;&gt;Esto caus\u00f3 en mi familia inestabilidad, mis hijos sent\u00edan que en el campo ten\u00edan m\u00e1s libertad que ac\u00e1, a mi me tocaba pagar arriendo, transporte para trabajar. Todo era distinto para m\u00ed y mi familia.&lt;\/p&gt;\t\t\t\t\t\t\t\t\t\t\t\t&lt;a href=&quot;&quot;&gt;Efectos del proyecto en la vida familiar&lt;\/a&gt;&lt;p style=&quot;text-align: justify;&quot;&gt;El proyecto me ha tra\u00eddo felicidad, por un lado puedo comprar una casa con m\u00e1s dinero y por el otro ya puedo aspirar a tener algo m\u00e1s con el proyecto productivo, para un bienestar para mis hijos.&lt;\/p&gt;&lt;ul style=&quot;text-align: justify;&quot;&gt; \t&lt;li&gt;He aprendido a tener m\u00e1s confianza en m\u00ed y tener mejor relaci\u00f3n con mis hijos.&lt;\/li&gt; \t&lt;li&gt;Me considero una berraca que puedo sacar a mis hijos adelante, brindarles una mejor calidad de vida y poder irme a pasear a San Andr\u00e9s.&lt;\/li&gt;&lt;\/ul&gt;\" data-e-action-hash=\"#elementor-action%3Aaction%3Dlightbox%26settings%3DeyJpZCI6NjEwMTc3LCJ1cmwiOmZhbHNlLCJzbGlkZXNob3ciOiJkZTg3NDU1In0%3D\"><figure class=\"swiper-slide-inner\"><img decoding=\"async\" class=\"swiper-slide-image lazyload\" data-src=\"https:\/\/test.comfenalcovalle.com.co\/wp-content\/uploads\/2023\/10\/hotel-yanaconas-03-min.jpg\" alt=\"\" src=\"data:image\/svg+xml;base64,PHN2ZyB3aWR0aD0iMSIgaGVpZ2h0PSIxIiB4bWxucz0iaHR0cDovL3d3dy53My5vcmcvMjAwMC9zdmciPjwvc3ZnPg==\" \/><\/figure><\/a><\/div><div class=\"swiper-slide\" role=\"group\" aria-roledescription=\"slide\" aria-label=\"3 of 18\"><a data-elementor-open-lightbox=\"yes\" data-elementor-lightbox-slideshow=\"de87455\" data-elementor-lightbox-title=\"Historia de vida Maria Eugenia Monta\u00f1o\" data-elementor-lightbox-description=\"&lt;a href=&quot;https:\/\/test.comfenalcovalle.com.co\/&quot; rel=&quot;home&quot; title=&quot;Inicio&quot;&gt;Inicio&lt;\/a&gt;&lt;h2&gt;PROYECTO VA0011&lt;\/h2&gt;Aporte en la atenci\u00f3n integral y en la generaci\u00f3n de ingresos de 150 familias desplazadas del \u00e1rea urbana del municipio de Cali.&lt;a href=&quot;&quot;&gt;Descripci\u00f3n:&lt;\/a&gt;Descripci\u00f3n:&lt;p style=&quot;text-align: justify;&quot;&gt;Mar\u00eda Eugenia es una mujer afrocolombiana, orgullosa de sus ra\u00edces, su vida transcurre entre la casa, sus hijos, su esposo y lo mas importante para ella en estos momentos su negocio. Es una mujer que le sonr\u00ede a la vida a cada momento y con la ayuda de su negocio ha logrado construir futuro para sus hijos y otorgarle una iniciativa de trabajo a su esposo, quien tambi\u00e9n se ha beneficiado de este.&lt;\/p&gt;\" data-e-action-hash=\"#elementor-action%3Aaction%3Dlightbox%26settings%3DeyJpZCI6NjEwMTc1LCJ1cmwiOmZhbHNlLCJzbGlkZXNob3ciOiJkZTg3NDU1In0%3D\"><figure class=\"swiper-slide-inner\"><img decoding=\"async\" class=\"swiper-slide-image lazyload\" data-src=\"https:\/\/test.comfenalcovalle.com.co\/wp-content\/uploads\/2023\/10\/hotel-yanaconas-01-min.jpg\" alt=\"\" src=\"data:image\/svg+xml;base64,PHN2ZyB3aWR0aD0iMSIgaGVpZ2h0PSIxIiB4bWxucz0iaHR0cDovL3d3dy53My5vcmcvMjAwMC9zdmciPjwvc3ZnPg==\" \/><\/figure><\/a><\/div><div class=\"swiper-slide\" role=\"group\" aria-roledescription=\"slide\" aria-label=\"4 of 18\"><a data-elementor-open-lightbox=\"yes\" data-elementor-lightbox-slideshow=\"de87455\" data-e-action-hash=\"#elementor-action%3Aaction%3Dlightbox%26settings%3DeyJpZCI6NjEwMTc2LCJ1cmwiOmZhbHNlLCJzbGlkZXNob3ciOiJkZTg3NDU1In0%3D\"><figure class=\"swiper-slide-inner\"><img decoding=\"async\" class=\"swiper-slide-image lazyload\" data-src=\"https:\/\/test.comfenalcovalle.com.co\/wp-content\/uploads\/2023\/10\/hotel-yanaconas-02-min.jpg\" alt=\"\" src=\"data:image\/svg+xml;base64,PHN2ZyB3aWR0aD0iMSIgaGVpZ2h0PSIxIiB4bWxucz0iaHR0cDovL3d3dy53My5vcmcvMjAwMC9zdmciPjwvc3ZnPg==\" \/><\/figure><\/a><\/div><div class=\"swiper-slide\" role=\"group\" aria-roledescription=\"slide\" aria-label=\"5 of 18\"><a data-elementor-open-lightbox=\"yes\" data-elementor-lightbox-slideshow=\"de87455\" data-elementor-lightbox-title=\"Historia de vida Carmen Mondragon\" data-elementor-lightbox-description=\"&lt;a href=&quot;https:\/\/test.comfenalcovalle.com.co\/&quot; rel=&quot;home&quot; title=&quot;Inicio&quot;&gt;Inicio&lt;\/a&gt;&lt;h2&gt;PROYECTO VA0011&lt;\/h2&gt;Aporte en la atenci\u00f3n integral y en la generaci\u00f3n de ingresos de 150 familias desplazadas del \u00e1rea urbana del municipio de Cali.&lt;a href=&quot;&quot;&gt;Descripci\u00f3n:&lt;\/a&gt;Descripci\u00f3n:&lt;p style=&quot;text-align: justify;&quot;&gt;Carmen Mondragon es una mujer afrodescendiente que proviene del municipio de Buenaventura, madre de 7 hijos, actualmente convive con 3 hijas menores de 18 a\u00f1os. Es una trabajadora incansable, madre dedicada y cabeza de hogar.&lt;\/p&gt;&lt;p style=&quot;text-align: justify;&quot;&gt;Su vida transcurre entre el municipio de Buenaventura y Cali, su relato comienza entre recuerdos algunos menos dolorosos que otros, piensa que ha sido fuerte y que la fe la ha tra\u00eddo hasta aqu\u00ed, junto con su familia y sus sue\u00f1os de ser mejor persona, abrir un restaurante&nbsp; y comprar una casa propia como aquella que perdi\u00f3 a manos de la guerrilla. Aquella casa que construyo con esfuerzo y perseverancia, esa que hoy es solo un recuerdo que la hace llorar y que la lleva a imaginar que ser\u00eda de su vida si no hubiera tenido el valor de huir despu\u00e9s de tan contundente amenaza.&lt;\/p&gt;&lt;p style=&quot;text-align: justify;&quot;&gt;Su vida transcurre entre el dolor,&nbsp; la desesperaci\u00f3n&nbsp; y la superaci\u00f3n, para algunos levantarse cada d\u00eda es un reto que afrontan con entereza y optimismo, unidos a su fe en Dios y en la idea de que el ma\u00f1ana ser\u00e1 mejor que el d\u00eda que paso.&lt;\/p&gt;&lt;p style=&quot;text-align: justify;&quot;&gt;Es una mujer fuerte, decidida y luchadora, no olvida pero sabe que los recuerdos no pueden ser m\u00e1s fuertes o m\u00e1s obstinados que la conciencia, la satisfacci\u00f3n y la tranquilidad de vivir por un motivo y luchar por el mismo.&lt;\/p&gt;&lt;p style=&quot;text-align: justify;&quot;&gt;Sus hijos y su deseo de vivir y no solo el hecho de sobrevivir la alientan a emprender el camino y valorar aquello que otros que sin conocerla son capaces de brindarle una mano. No exige nada solo desea colaboraci\u00f3n para aportarle una mejor calidad de vida a su familia.&lt;\/p&gt;\t\t\t\t\t\t\t\t\t\t\t\t&lt;a href=&quot;&quot;&gt;Lugar de Procedencia:&lt;\/a&gt;&lt;p style=&quot;text-align: justify;&quot;&gt;Yo vengo de Buenaventura, yo viv\u00ed casi toda mi vida ah\u00ed, mi familia viv\u00eda cerca a Buenaventura. Yo viv\u00eda con mis 3 hijas y me separe del marido que tenia.&lt;\/p&gt;\t\t\t\t\t\t\t\t\t\t\t\t&lt;a href=&quot;&quot;&gt;Historia de la familia&lt;\/a&gt;&lt;p style=&quot;text-align: justify;&quot;&gt;Yo me crie con una persona amiga de mi mama, pues \u00e9ramos muy pobres y mi mama no tenia para todos, cuando ten\u00eda como 16 a\u00f1os quede embarazada porque yo tengo 4 hijos con otro marido y la se\u00f1ora me dijo ya tiene su carga entonces a buscar lo suyo. De ah\u00ed con la barriga trabaje en una casa ajena (casa de familia), me tocaba duro, y luego segu\u00ed&nbsp;con mi vida y decid\u00ed trabajar y criar a mis hijos sola, luego conoc\u00ed al otro marido y era igual de irresponsable y pat\u00e1n, tampoco era buen padre as\u00ed como yo que ni conoc\u00ed al mio. He trabajado en todo para sacar a mi familia adelante; en casas ajenas, pelando pescado, con una empresa de camarones que cerraron y nos dejaron en la calle, de ah\u00ed me fui a vivir en una invasi\u00f3n en Buenaventura donde Plan Internacional me regalo el techo y yo con mi esfuerzo la constru\u00ed, ten\u00eda hasta un balc\u00f3n.&nbsp;Y de ah\u00ed llegue a Cali con mis 3 hijas menores, porque los mayores viven entre Buenaventura y Bogot\u00e1.&lt;\/p&gt;\t\t\t\t\t\t\t\t\t\t\t\t&lt;a href=&quot;&quot;&gt;Consecuencias del desplazamiento&lt;\/a&gt;&lt;p style=&quot;text-align: justify;&quot;&gt;Yo hui de Buenaventura dejando mi casa por la que hab\u00eda luchado, deje todo no pude sino sacar la ropita porque era eso o morirnos todos al otro d\u00eda. All\u00ed todo era muy tranquilo y despu\u00e9s empez\u00f3 a meterse la guerrilla y los paramilitares y eso se da\u00f1o, mataron descuartizado al l\u00edder de la junta cuando nos intento ayudar, as\u00ed como los muchachos y todo lo dem\u00e1s.&lt;\/p&gt;&lt;p style=&quot;text-align: justify;&quot;&gt;Una vez mi hija en el 2008 no se me olvida la fecha, en una balacera le cay\u00f3 una bala perdida y le entro por la cadera&nbsp; y le sali\u00f3 por la pierna&nbsp; y menos mal que es gordita, porque no le cogi\u00f3 hueso. Vino una vecina y me dijo su hija cay\u00f3 en la balacera y yo me asuste.&lt;\/p&gt;&lt;p style=&quot;text-align: justify;&quot;&gt;Despu\u00e9s me dijeron quien hab\u00eda sido y yo me quede callada pero le dijeron al tipo que yo sabia y como era de una de esos grupos, al otro d\u00eda me toco la puerta&nbsp; y me dio o se van o ma\u00f1ana amanecen todas muertas y por ac\u00e1 no vuelvan, esa misma noche saque la ropa y me vine para Cali y una prima gracias a&nbsp; Dios me recibi\u00f3 y pude quedarme ah\u00ed, como yo sab\u00eda cocinar poco a poco me he ayudado con eso y mi fritanga que es con lo que vivo ahora y espero con ayuda de Dios y de ustedes pueda levantarme m\u00e1s.&lt;\/p&gt;\t\t\t\t\t\t\t\t\t\t\t\t&lt;a href=&quot;&quot;&gt;Efectos del proyecto en la vida familiar&lt;\/a&gt;&lt;p style=&quot;text-align: justify;&quot;&gt;El proyecto me ha ayudado mucho, yo nunca pens\u00e9 que podr\u00edan darme una colaboraci\u00f3n de esas sin conocerme, me han ense\u00f1ado a tratar a la gente, ayudar a mi familia, a llevar un negocio, los asesores me han ense\u00f1ado mucho y esa plata es una bendici\u00f3n que de otra forma no habr\u00eda podido tener. Yo le agradezco primeramente a Dios y luego a Comfenalco y la OIM por ayudarme a m\u00ed y mi familia. Con esto voy a salir adelante y de pronto en un futuro pueda cumplir mi sue\u00f1o de tener una casa propia y dejar de pagar arriendo y ayudar a mis hijas a estudiar por lo menos el bachillerato pues yo no quise estudiar y m\u00edreme aqu\u00ed, tal vez si pudieran ayudarme a estudiar y aprender as\u00ed como yo les digo a mis hijas podamos salir adelante.&lt;\/p&gt;&lt;p style=&quot;text-align: justify;&quot;&gt;Yo voy a luchar con lo que me han ayudado para montar mi negocio, pues mire con el asador puedo poner los chuzos que se venden muy bien y me los preguntan, el termo que me dieron para el caf\u00e9 para los que transportan que en la tarde me preguntan que si tengo tinto para no dormirse, el freidor de dos puestos para poder hacer mas fritanga y vender m\u00e1s y la mesa para que los clientes se sienten. Le doy gracias a Dios y ha ustedes.&lt;\/p&gt;\" data-e-action-hash=\"#elementor-action%3Aaction%3Dlightbox%26settings%3DeyJpZCI6NjEwMTc4LCJ1cmwiOmZhbHNlLCJzbGlkZXNob3ciOiJkZTg3NDU1In0%3D\"><figure class=\"swiper-slide-inner\"><img decoding=\"async\" class=\"swiper-slide-image lazyload\" data-src=\"https:\/\/test.comfenalcovalle.com.co\/wp-content\/uploads\/2023\/10\/hotel-yanaconas-04-min.jpg\" alt=\"\" src=\"data:image\/svg+xml;base64,PHN2ZyB3aWR0aD0iMSIgaGVpZ2h0PSIxIiB4bWxucz0iaHR0cDovL3d3dy53My5vcmcvMjAwMC9zdmciPjwvc3ZnPg==\" \/><\/figure><\/a><\/div><div class=\"swiper-slide\" role=\"group\" aria-roledescription=\"slide\" aria-label=\"6 of 18\"><a data-elementor-open-lightbox=\"yes\" data-elementor-lightbox-slideshow=\"de87455\" data-elementor-lightbox-title=\"Historia de vida Dora Hernandez\" data-elementor-lightbox-description=\"&lt;a href=&quot;https:\/\/test.comfenalcovalle.com.co\/&quot; rel=&quot;home&quot; title=&quot;Inicio&quot;&gt;Inicio&lt;\/a&gt;&lt;h2&gt;PROYECTO VA0011&lt;\/h2&gt;Aporte en la atenci\u00f3n integral y en la generaci\u00f3n de ingresos de 150 familias desplazadas del \u00e1rea urbana del municipio de Cali.&lt;a href=&quot;&quot;&gt;Descripci\u00f3n:&lt;\/a&gt;Descripci\u00f3n:&lt;p style=&quot;text-align: justify;&quot;&gt;Dora es una mujer de 55 a\u00f1os, madre de 9 hijos, vive en la barrio de Potrero Grande, es desplazada desde hace muchos a\u00f1os de una regi\u00f3n conflictiva del pa\u00eds, sin embargo este suceso transcurre en medio de una alta vulnerabilidad. Es una l\u00edder comunitaria de familias en acci\u00f3n y programas que buscan reivindicar los derechos de la poblaci\u00f3n altamente vulnerada.&lt;\/p&gt;&lt;p style=&quot;text-align: justify;&quot;&gt;Su vida transcurre entre la atenci\u00f3n a su tienda, la informaci\u00f3n que constantemente le da a su comunidad y la orientaci\u00f3n a la misma, constantemente llegan las preguntas, dudas o sugerencias para generar soluciones a la poblaci\u00f3n de Potrero Grande. Esta es su manera que ayudarle a quien lo necesita y sentirse \u00fatil para su comunidad, dice reconocer que la situaci\u00f3n del Jarillon y la reubicaci\u00f3n en Potrero han generado comportamientos agresivos y distanciamiento de su comunidad.&lt;\/p&gt;&lt;p style=&quot;text-align: justify;&quot;&gt;Es una mujer receptiva, din\u00e1mica, activa, desarrolla todo el tiempo ideas para provocar cambios positivos en su familia y comunidad, en un futuro se ve capacitada, colaborando a su comunidad, generando procesos de cambio, busca vivir por fuera de la violencia que es la que ha marcado su vida, pero no su destino. El futuro piensa siempre ser\u00e1 m\u00e1s prospero que el pasado y las huellas aunque jam\u00e1s se borren y las lagrimas lleguen de d\u00eda a d\u00eda, siempre existe la posibilidad de mejorar.&lt;\/p&gt;&lt;h3 id=&quot;elementor-tab-title-1601&quot; data-tab=&quot;1&quot; role=&quot;tab&quot; aria-controls=&quot;elementor-tab-content-1601&quot; aria-expanded=&quot;false&quot;&gt;\t\t\t\t\t\t\t\t\t\t\t\t&lt;a href=&quot;&quot;&gt;Lugar de Procedencia:&lt;\/a&gt;&lt;\/h3&gt;&lt;p style=&quot;text-align: justify;&quot;&gt;Yo vengo de un pueblo del Tolima, vereda el Vergel, en una finca&nbsp; por la violencia ese conflicto armado&nbsp; me quito todo,&nbsp; me robaron, me dejaron sin nada, la casa quedo sin nada y seg\u00fan me contaron ya no queda nada de ella, a ra\u00edz de eso mataron a algunas personas de las que me robaron, pero como fue la guerrilla la que me desplazo y por eso no puedo volver nunca mas all\u00e1.&lt;\/p&gt;&lt;p style=&quot;text-align: justify;&quot;&gt;Cuando llegue a Cali, me fui a vivir al Jarillon del Rio Cauca, donde hice mi ranchito, pero la situaci\u00f3n all\u00e1 era dif\u00edcil, tambi\u00e9n de all\u00e1 me sacaron para reubicarme en Potrero Grande, aqu\u00ed tengo mi casa en el sector 1, donde la situaci\u00f3n es dif\u00edcil, pero gracias a todo lo que ha pasado he podido ayudar a m\u00e1s personas y as\u00ed como nos unimos para salirnos de la invasi\u00f3n, asi mismo estamos logrando cosas con la gente.&lt;\/p&gt;&lt;h3 id=&quot;elementor-tab-title-1602&quot; data-tab=&quot;2&quot; role=&quot;tab&quot; aria-controls=&quot;elementor-tab-content-1602&quot; aria-expanded=&quot;false&quot;&gt;\t\t\t\t\t\t\t\t\t\t\t\t&lt;a href=&quot;&quot;&gt;Historia de la familia&lt;\/a&gt;&lt;\/h3&gt;&lt;p style=&quot;text-align: justify;&quot;&gt;Yo vivo con mis hijos, aunque algunos ya est\u00e1n por fuera pero me apoyan, tengo mi casa, mis vecinos y vivo aqu\u00ed en Cali desde el desplazamiento. Los padres murieron, el padre muri\u00f3 de forma violenta y la madre hace 11a\u00f1os muri\u00f3 de causas naturales. He vivido en varios lugares de Colombia, cuando Sal\u00ed de mi casa desde los 13 a\u00f1os, el papa de mis hijos me dejo con todos ellos&nbsp; y volv\u00ed a empezar, cuando volv\u00ed a mi pueblo hacia gelatinas, salpic\u00f3n, rellena y tamales.&lt;\/p&gt;&lt;p style=&quot;text-align: justify;&quot;&gt;En Cali tenia&nbsp; a la mama de mis hijos y una cu\u00f1ada que me dio una pieza donde dorm\u00edamos todos en el piso, de ah\u00ed una amiga me dijo que nos meti\u00e9ramos al Jarillon a vivri en esa invasi\u00f3n y de ah\u00ed es que he venido luchando por conseguir mucho de lo que tengo ahora.&lt;\/p&gt;&lt;h3 id=&quot;elementor-tab-title-1603&quot; data-tab=&quot;3&quot; role=&quot;tab&quot; aria-controls=&quot;elementor-tab-content-1603&quot; aria-expanded=&quot;false&quot;&gt;\t\t\t\t\t\t\t\t\t\t\t\t&lt;a href=&quot;&quot;&gt;Efectos del proyecto en la vida familiar&lt;\/a&gt;&lt;\/h3&gt;&lt;p style=&quot;text-align: justify;&quot;&gt;Yo le agradezco a la OIM, FOMIPYME Y COMFENALCO, por haberme tenido en cuenta, cuando comenc\u00e9 el proyecto no sab\u00eda muchas cosas y adem\u00e1s solo ten\u00eda una vitrina con unos pocos dulces, ahora gracias al proyecto compre una fotocopiadora y como vivo en una v\u00eda principal y muy cerca a Calimio y otros sectores de Potrero, logre que el negocio se ampliara, compre con todo lo que me gane el primer mes con la fotocopiadora unas vitrinas de segunda y dulces, y poco a poco he ido comprando mas surtido, tengo dulces, mecato, cosas de miscel\u00e1nea, yogurt y venta de minutos, la gente me colabora mucho y como me conoce mucha gente he podido mostrar mi negocio y poder salir adelante, yo vivo de lo que me da la fotocopiadora y la miscel\u00e1nea. Con eso ayudo a mi familia, he podido enrejar para agrandar mi negocio y eso le muestra a la gente que si es posible mejorar.&lt;\/p&gt;\" data-e-action-hash=\"#elementor-action%3Aaction%3Dlightbox%26settings%3DeyJpZCI6NjEwMTc5LCJ1cmwiOmZhbHNlLCJzbGlkZXNob3ciOiJkZTg3NDU1In0%3D\"><figure class=\"swiper-slide-inner\"><img decoding=\"async\" class=\"swiper-slide-image lazyload\" data-src=\"https:\/\/test.comfenalcovalle.com.co\/wp-content\/uploads\/2023\/10\/hotel-yanaconas-06-min.jpg\" alt=\"\" src=\"data:image\/svg+xml;base64,PHN2ZyB3aWR0aD0iMSIgaGVpZ2h0PSIxIiB4bWxucz0iaHR0cDovL3d3dy53My5vcmcvMjAwMC9zdmciPjwvc3ZnPg==\" \/><\/figure><\/a><\/div><div class=\"swiper-slide\" role=\"group\" aria-roledescription=\"slide\" aria-label=\"7 of 18\"><a data-elementor-open-lightbox=\"yes\" data-elementor-lightbox-slideshow=\"de87455\" data-elementor-lightbox-title=\"Historia de vida Deyra Qui\u00f1ones\" data-elementor-lightbox-description=\"&lt;img width=&quot;220&quot; height=&quot;233&quot; src=&quot;https:\/\/test.comfenalcovalle.com.co\/wp-content\/uploads\/2021\/10\/deyra.jpeg&quot; alt=&quot;&quot; loading=&quot;lazy&quot; srcset=&quot;https:\/\/test.comfenalcovalle.com.co\/wp-content\/uploads\/2021\/10\/deyra.jpeg 220w, https:\/\/test.comfenalcovalle.com.co\/wp-content\/uploads\/2021\/10\/deyra-11x12.jpeg 11w&quot; sizes=&quot;(max-width: 220px) 100vw, 220px&quot;&gt;&lt;a href=&quot;https:\/\/test.comfenalcovalle.com.co\/&quot; rel=&quot;home&quot; title=&quot;Comfenalco Valle Delagente&quot;&gt;Comfenalco Valle Delagente&lt;\/a&gt;&lt;h2&gt;PROYECTO VA0011&lt;\/h2&gt;Aporte en la atenci\u00f3n integral y en la generaci\u00f3n de ingresos de 150 familias desplazadas del \u00e1rea urbana del municipio de Cali.&lt;a href=&quot;&quot;&gt;Descripci\u00f3n:&lt;\/a&gt;Descripci\u00f3n:&lt;p style=&quot;text-align: justify;&quot;&gt;Deyra es una mujer de 55 a\u00f1os, afrodescendiente, madre cabeza de hogar. Es una artesana luchadora, creativa y emprendedora ha vivido momentos de angustia, tristeza y carencia sin embargo d\u00eda a d\u00eda se convence que es un mejor ma\u00f1ana y que puede salir adelante con su carisma y fe en Dios. Todos los d\u00edas se supera gracias a su conocimiento en las artesan\u00edas y la costura de tendidos acolchonados, seg\u00fan dice ella \u201cHago de todo; canto, bailo, hago teatro, hago tendidos y toda clase de artesan\u00edas de Mag\u00fc\u00ed\u201d su vida transcurre entre el teatro, grupo de baile y el canto que comparte con otras mujeres que como ella han tenido que vivir momentos de incertidumbre y dolor. Piensa que el teatro y el canto han logrado otorgarle confianza y que haya podido dejar la timidez. Sus canastos y dem\u00e1s art\u00edculos que teje con sus manos y crea todos los d\u00edas en su imaginaci\u00f3n le han ayudado no solo a ella sino a otras mujeres que sin importa edad, raza o preferencias les ense\u00f1a y desea que como ella encuentren en el arte un mejor futuro.&lt;\/p&gt;\t\t\t\t\t\t\t\t\t\t\t\t&lt;a href=&quot;&quot;&gt;Lugar de Procedencia:&lt;\/a&gt;&lt;p style=&quot;text-align: justify;&quot;&gt;Yo vengo de un pueblo de Barbacoa (Nari\u00f1o), que se llama Mag\u00fci, lo bordea el Pat\u00eda, es un rio caudaloso, me acuerdo que en esa \u00e9poca yo me la pasaba&nbsp; pescando o cazando; ratones, armadillo y de todo tipo de animales. No era como ahora y en la ciudad que es solo qu\u00edmico, ah\u00ed uno pescaba y luego se com\u00eda el pescado reciente. Me acuerdo del agua, siempre recuerdo que uno pod\u00eda lavar la ropa con mucha agua y corr\u00eda, no era como aqu\u00ed en la ciudad que todo es medido y que toca lavar con poquita agua.&lt;\/p&gt;\t\t\t\t\t\t\t\t\t\t\t\t&lt;a href=&quot;&quot;&gt;Historia de la familia&lt;\/a&gt;&lt;p style=&quot;text-align: justify;&quot;&gt;Yo viv\u00eda con mi mama y mi familia que son tambi\u00e9n de Barbacoa, del pueblo de Mag\u00fc\u00ed, todos caz\u00e1bamos, com\u00edamos los animales que encontr\u00e1bamos, nos reun\u00edamos. Yo me case y me vine para ac\u00e1, despu\u00e9s me separe, mi mama se muri\u00f3 ahogada en el Pat\u00eda y yo me devolv\u00ed para Mag\u00fc\u00ed, mi marido lo amenazaron porque ten\u00eda otra persona y le dijeron a los paramilitares y comenzaron&nbsp; a buscarlo, el se fue y yo cre\u00ed que no me iban a decir nada a m\u00ed, pero comenzaron a preguntar por la mujer y que iban a matarnos, mi hermana me llamo y me dijo \u201cDeyra, v\u00e1yase de aqu\u00ed\u201d, me toco sacar solo lo que ten\u00eda en la mano, ni siquiera una cuchara que es lo m\u00e1s peque\u00f1o y salir de ah\u00ed, me dijeron que no dejaron ni el techo de mi casa, todo absolutamente todo se lo robaron.&lt;\/p&gt;&lt;p style=&quot;text-align: justify;&quot;&gt;Es doloroso porque toda mi vida estaba all\u00e1. As\u00ed que volv\u00ed a empezar y yo dec\u00eda ahora como voy hacer para sobrevivir y comenc\u00e9 a pensar en lo que mi mama me hab\u00eda ense\u00f1ado, los hilos y la costura y comenc\u00e9 hacer mis canastas, as\u00ed que comenc\u00e9 a mostrar y conoci mas artesanos y ahora muchos me conocen y puedo salir adelante.&lt;\/p&gt;&lt;p style=&quot;text-align: justify;&quot;&gt;Ahora pertenezco a un grupo de teatro de la Mascara, bailo, canto y hago mis artesan\u00edas, con mi familia me he apoyado y mis hijos les ense\u00f1e y hacen tambi\u00e9n las correas y dem\u00e1s artesan\u00edas. ahora mi sue\u00f1o es ayudar a otras mujeres no me importa cu\u00e1ntos a\u00f1os tengan o la experiencia yo pienso que nadie nace aprendido sino que viene aprender y yo quiero ense\u00f1ar mi arte para que como yo otras personas puedan salir adelante.&lt;\/p&gt;\t\t\t\t\t\t\t\t\t\t\t\t&lt;a href=&quot;&quot;&gt;Efectos del proyecto en la vida familiar&lt;\/a&gt;&lt;p style=&quot;text-align: justify;&quot;&gt;Yo le agradezco a la OIM y Comfenalco por el proyecto, por tenerme en cuenta e incluirme, no saben lo mucho que me han ayudado, yo tengo mi taller y algunas maquinas pero para hacer los tendidos necesitaba de la m\u00e1quina de coser que me han dado en el proyecto, as\u00ed como telas y material para mis artesan\u00edas que todos los d\u00edas vendo. Les agradezco por escucharme, por ense\u00f1arme, por ser mejor persona, por superar los problemas , manejar mi negocio y que as\u00ed yo pueda en un futuro ayudar a otros a salir adelante.&lt;\/p&gt;\" data-e-action-hash=\"#elementor-action%3Aaction%3Dlightbox%26settings%3DeyJpZCI6NjEwMTgwLCJ1cmwiOmZhbHNlLCJzbGlkZXNob3ciOiJkZTg3NDU1In0%3D\"><figure class=\"swiper-slide-inner\"><img decoding=\"async\" class=\"swiper-slide-image lazyload\" data-src=\"https:\/\/test.comfenalcovalle.com.co\/wp-content\/uploads\/2023\/10\/hotel-yanaconas-07-min.jpg\" alt=\"\" src=\"data:image\/svg+xml;base64,PHN2ZyB3aWR0aD0iMSIgaGVpZ2h0PSIxIiB4bWxucz0iaHR0cDovL3d3dy53My5vcmcvMjAwMC9zdmciPjwvc3ZnPg==\" \/><\/figure><\/a><\/div><div class=\"swiper-slide\" role=\"group\" aria-roledescription=\"slide\" aria-label=\"8 of 18\"><a data-elementor-open-lightbox=\"yes\" data-elementor-lightbox-slideshow=\"de87455\" data-elementor-lightbox-title=\"Historia de vida Deyra Qui\u00f1ones\" data-elementor-lightbox-description=\"&lt;img width=&quot;220&quot; height=&quot;233&quot; src=&quot;https:\/\/test.comfenalcovalle.com.co\/wp-content\/uploads\/2021\/10\/deyra.jpeg&quot; alt=&quot;&quot; loading=&quot;lazy&quot; srcset=&quot;https:\/\/test.comfenalcovalle.com.co\/wp-content\/uploads\/2021\/10\/deyra.jpeg 220w, https:\/\/test.comfenalcovalle.com.co\/wp-content\/uploads\/2021\/10\/deyra-11x12.jpeg 11w&quot; sizes=&quot;(max-width: 220px) 100vw, 220px&quot;&gt;&lt;a href=&quot;https:\/\/test.comfenalcovalle.com.co\/&quot; rel=&quot;home&quot; title=&quot;Comfenalco Valle Delagente&quot;&gt;Comfenalco Valle Delagente&lt;\/a&gt;&lt;h2&gt;PROYECTO VA0011&lt;\/h2&gt;Aporte en la atenci\u00f3n integral y en la generaci\u00f3n de ingresos de 150 familias desplazadas del \u00e1rea urbana del municipio de Cali.&lt;a href=&quot;&quot;&gt;Descripci\u00f3n:&lt;\/a&gt;Descripci\u00f3n:&lt;p style=&quot;text-align: justify;&quot;&gt;Deyra es una mujer de 55 a\u00f1os, afrodescendiente, madre cabeza de hogar. Es una artesana luchadora, creativa y emprendedora ha vivido momentos de angustia, tristeza y carencia sin embargo d\u00eda a d\u00eda se convence que es un mejor ma\u00f1ana y que puede salir adelante con su carisma y fe en Dios. Todos los d\u00edas se supera gracias a su conocimiento en las artesan\u00edas y la costura de tendidos acolchonados, seg\u00fan dice ella \u201cHago de todo; canto, bailo, hago teatro, hago tendidos y toda clase de artesan\u00edas de Mag\u00fc\u00ed\u201d su vida transcurre entre el teatro, grupo de baile y el canto que comparte con otras mujeres que como ella han tenido que vivir momentos de incertidumbre y dolor. Piensa que el teatro y el canto han logrado otorgarle confianza y que haya podido dejar la timidez. Sus canastos y dem\u00e1s art\u00edculos que teje con sus manos y crea todos los d\u00edas en su imaginaci\u00f3n le han ayudado no solo a ella sino a otras mujeres que sin importa edad, raza o preferencias les ense\u00f1a y desea que como ella encuentren en el arte un mejor futuro.&lt;\/p&gt;\t\t\t\t\t\t\t\t\t\t\t\t&lt;a href=&quot;&quot;&gt;Lugar de Procedencia:&lt;\/a&gt;&lt;p style=&quot;text-align: justify;&quot;&gt;Yo vengo de un pueblo de Barbacoa (Nari\u00f1o), que se llama Mag\u00fci, lo bordea el Pat\u00eda, es un rio caudaloso, me acuerdo que en esa \u00e9poca yo me la pasaba&nbsp; pescando o cazando; ratones, armadillo y de todo tipo de animales. No era como ahora y en la ciudad que es solo qu\u00edmico, ah\u00ed uno pescaba y luego se com\u00eda el pescado reciente. Me acuerdo del agua, siempre recuerdo que uno pod\u00eda lavar la ropa con mucha agua y corr\u00eda, no era como aqu\u00ed en la ciudad que todo es medido y que toca lavar con poquita agua.&lt;\/p&gt;\t\t\t\t\t\t\t\t\t\t\t\t&lt;a href=&quot;&quot;&gt;Historia de la familia&lt;\/a&gt;&lt;p style=&quot;text-align: justify;&quot;&gt;Yo viv\u00eda con mi mama y mi familia que son tambi\u00e9n de Barbacoa, del pueblo de Mag\u00fc\u00ed, todos caz\u00e1bamos, com\u00edamos los animales que encontr\u00e1bamos, nos reun\u00edamos. Yo me case y me vine para ac\u00e1, despu\u00e9s me separe, mi mama se muri\u00f3 ahogada en el Pat\u00eda y yo me devolv\u00ed para Mag\u00fc\u00ed, mi marido lo amenazaron porque ten\u00eda otra persona y le dijeron a los paramilitares y comenzaron&nbsp; a buscarlo, el se fue y yo cre\u00ed que no me iban a decir nada a m\u00ed, pero comenzaron a preguntar por la mujer y que iban a matarnos, mi hermana me llamo y me dijo \u201cDeyra, v\u00e1yase de aqu\u00ed\u201d, me toco sacar solo lo que ten\u00eda en la mano, ni siquiera una cuchara que es lo m\u00e1s peque\u00f1o y salir de ah\u00ed, me dijeron que no dejaron ni el techo de mi casa, todo absolutamente todo se lo robaron.&lt;\/p&gt;&lt;p style=&quot;text-align: justify;&quot;&gt;Es doloroso porque toda mi vida estaba all\u00e1. As\u00ed que volv\u00ed a empezar y yo dec\u00eda ahora como voy hacer para sobrevivir y comenc\u00e9 a pensar en lo que mi mama me hab\u00eda ense\u00f1ado, los hilos y la costura y comenc\u00e9 hacer mis canastas, as\u00ed que comenc\u00e9 a mostrar y conoci mas artesanos y ahora muchos me conocen y puedo salir adelante.&lt;\/p&gt;&lt;p style=&quot;text-align: justify;&quot;&gt;Ahora pertenezco a un grupo de teatro de la Mascara, bailo, canto y hago mis artesan\u00edas, con mi familia me he apoyado y mis hijos les ense\u00f1e y hacen tambi\u00e9n las correas y dem\u00e1s artesan\u00edas. ahora mi sue\u00f1o es ayudar a otras mujeres no me importa cu\u00e1ntos a\u00f1os tengan o la experiencia yo pienso que nadie nace aprendido sino que viene aprender y yo quiero ense\u00f1ar mi arte para que como yo otras personas puedan salir adelante.&lt;\/p&gt;\t\t\t\t\t\t\t\t\t\t\t\t&lt;a href=&quot;&quot;&gt;Efectos del proyecto en la vida familiar&lt;\/a&gt;&lt;p style=&quot;text-align: justify;&quot;&gt;Yo le agradezco a la OIM y Comfenalco por el proyecto, por tenerme en cuenta e incluirme, no saben lo mucho que me han ayudado, yo tengo mi taller y algunas maquinas pero para hacer los tendidos necesitaba de la m\u00e1quina de coser que me han dado en el proyecto, as\u00ed como telas y material para mis artesan\u00edas que todos los d\u00edas vendo. Les agradezco por escucharme, por ense\u00f1arme, por ser mejor persona, por superar los problemas , manejar mi negocio y que as\u00ed yo pueda en un futuro ayudar a otros a salir adelante.&lt;\/p&gt;\" data-e-action-hash=\"#elementor-action%3Aaction%3Dlightbox%26settings%3DeyJpZCI6NjEwMTgxLCJ1cmwiOmZhbHNlLCJzbGlkZXNob3ciOiJkZTg3NDU1In0%3D\"><figure class=\"swiper-slide-inner\"><img decoding=\"async\" class=\"swiper-slide-image lazyload\" data-src=\"https:\/\/test.comfenalcovalle.com.co\/wp-content\/uploads\/2023\/10\/hotel-yanaconas-08-min.jpg\" alt=\"\" src=\"data:image\/svg+xml;base64,PHN2ZyB3aWR0aD0iMSIgaGVpZ2h0PSIxIiB4bWxucz0iaHR0cDovL3d3dy53My5vcmcvMjAwMC9zdmciPjwvc3ZnPg==\" \/><\/figure><\/a><\/div><div class=\"swiper-slide\" role=\"group\" aria-roledescription=\"slide\" aria-label=\"9 of 18\"><a data-elementor-open-lightbox=\"yes\" data-elementor-lightbox-slideshow=\"de87455\" data-elementor-lightbox-title=\"Historia de vida Deyra Qui\u00f1ones\" data-elementor-lightbox-description=\"&lt;img width=&quot;220&quot; height=&quot;233&quot; src=&quot;https:\/\/test.comfenalcovalle.com.co\/wp-content\/uploads\/2021\/10\/deyra.jpeg&quot; alt=&quot;Deyra Qui\u00f1ones&quot; loading=&quot;lazy&quot; srcset=&quot;https:\/\/test.comfenalcovalle.com.co\/wp-content\/uploads\/2021\/10\/deyra.jpeg 220w, https:\/\/test.comfenalcovalle.com.co\/wp-content\/uploads\/2021\/10\/deyra-11x12.jpeg 11w&quot; sizes=&quot;(max-width: 220px) 100vw, 220px&quot; \/&gt;\t\t\t\t\t\t\t\t\t\t\t\t\t\t\t\t&lt;a href=&quot;https:\/\/test.comfenalcovalle.com.co\/&quot; rel=&quot;home&quot; title=&quot;Comfenalco Valle Delagente&quot;&gt;Comfenalco Valle Delagente&lt;\/a&gt;\t\t\t&lt;h2&gt;PROYECTO VA0011&lt;\/h2&gt;\t\t\t\t&lt;p&gt;Aporte en la atenci\u00f3n integral y en la generaci\u00f3n de ingresos de 150 familias desplazadas del \u00e1rea urbana del municipio de Cali.&lt;\/p&gt;\t\t\t\t\t\t\t\t\t\t\t&lt;a href=&quot;&quot;&gt;Descripci\u00f3n:&lt;\/a&gt;\t\t\t\t\t\t\t\t\tDescripci\u00f3n:\t\t\t\t\t&lt;p style=&quot;text-align: justify;&quot;&gt;Deyra es una mujer de 55 a\u00f1os, afrodescendiente, madre cabeza de hogar. Es una artesana luchadora, creativa y emprendedora ha vivido momentos de angustia, tristeza y carencia sin embargo d\u00eda a d\u00eda se convence que es un mejor ma\u00f1ana y que puede salir adelante con su carisma y fe en Dios. Todos los d\u00edas se supera gracias a su conocimiento en las artesan\u00edas y la costura de tendidos acolchonados, seg\u00fan dice ella \u201cHago de todo; canto, bailo, hago teatro, hago tendidos y toda clase de artesan\u00edas de Mag\u00fc\u00ed\u201d su vida transcurre entre el teatro, grupo de baile y el canto que comparte con otras mujeres que como ella han tenido que vivir momentos de incertidumbre y dolor. Piensa que el teatro y el canto han logrado otorgarle confianza y que haya podido dejar la timidez. Sus canastos y dem\u00e1s art\u00edculos que teje con sus manos y crea todos los d\u00edas en su imaginaci\u00f3n le han ayudado no solo a ella sino a otras mujeres que sin importa edad, raza o preferencias les ense\u00f1a y desea que como ella encuentren en el arte un mejor futuro.&lt;\/p&gt;\t\t\t\t\t\t\t\t\t\t\t\t&lt;a href=&quot;&quot;&gt;Lugar de Procedencia:&lt;\/a&gt;\t\t\t\t\t&lt;p style=&quot;text-align: justify;&quot;&gt;Yo vengo de un pueblo de Barbacoa (Nari\u00f1o), que se llama Mag\u00fci, lo bordea el Pat\u00eda, es un rio caudaloso, me acuerdo que en esa \u00e9poca yo me la pasaba\u00a0 pescando o cazando; ratones, armadillo y de todo tipo de animales. No era como ahora y en la ciudad que es solo qu\u00edmico, ah\u00ed uno pescaba y luego se com\u00eda el pescado reciente. Me acuerdo del agua, siempre recuerdo que uno pod\u00eda lavar la ropa con mucha agua y corr\u00eda, no era como aqu\u00ed en la ciudad que todo es medido y que toca lavar con poquita agua.&lt;\/p&gt;\t\t\t\t\t\t\t\t\t\t\t\t&lt;a href=&quot;&quot;&gt;Historia de la familia&lt;\/a&gt;\t\t\t\t\t&lt;p style=&quot;text-align: justify;&quot;&gt;Yo viv\u00eda con mi mama y mi familia que son tambi\u00e9n de Barbacoa, del pueblo de Mag\u00fc\u00ed, todos caz\u00e1bamos, com\u00edamos los animales que encontr\u00e1bamos, nos reun\u00edamos. Yo me case y me vine para ac\u00e1, despu\u00e9s me separe, mi mama se muri\u00f3 ahogada en el Pat\u00eda y yo me devolv\u00ed para Mag\u00fc\u00ed, mi marido lo amenazaron porque ten\u00eda otra persona y le dijeron a los paramilitares y comenzaron\u00a0 a buscarlo, el se fue y yo cre\u00ed que no me iban a decir nada a m\u00ed, pero comenzaron a preguntar por la mujer y que iban a matarnos, mi hermana me llamo y me dijo \u201cDeyra, v\u00e1yase de aqu\u00ed\u201d, me toco sacar solo lo que ten\u00eda en la mano, ni siquiera una cuchara que es lo m\u00e1s peque\u00f1o y salir de ah\u00ed, me dijeron que no dejaron ni el techo de mi casa, todo absolutamente todo se lo robaron.&lt;\/p&gt;&lt;p style=&quot;text-align: justify;&quot;&gt;Es doloroso porque toda mi vida estaba all\u00e1. As\u00ed que volv\u00ed a empezar y yo dec\u00eda ahora como voy hacer para sobrevivir y comenc\u00e9 a pensar en lo que mi mama me hab\u00eda ense\u00f1ado, los hilos y la costura y comenc\u00e9 hacer mis canastas, as\u00ed que comenc\u00e9 a mostrar y conoci mas artesanos y ahora muchos me conocen y puedo salir adelante.&lt;\/p&gt;&lt;p style=&quot;text-align: justify;&quot;&gt;Ahora pertenezco a un grupo de teatro de la Mascara, bailo, canto y hago mis artesan\u00edas, con mi familia me he apoyado y mis hijos les ense\u00f1e y hacen tambi\u00e9n las correas y dem\u00e1s artesan\u00edas. ahora mi sue\u00f1o es ayudar a otras mujeres no me importa cu\u00e1ntos a\u00f1os tengan o la experiencia yo pienso que nadie nace aprendido sino que viene aprender y yo quiero ense\u00f1ar mi arte para que como yo otras personas puedan salir adelante.&lt;\/p&gt;\t\t\t\t\t\t\t\t\t\t\t\t&lt;a href=&quot;&quot;&gt;Efectos del proyecto en la vida familiar&lt;\/a&gt;\t\t\t\t\t&lt;p style=&quot;text-align: justify;&quot;&gt;Yo le agradezco a la OIM y Comfenalco por el proyecto, por tenerme en cuenta e incluirme, no saben lo mucho que me han ayudado, yo tengo mi taller y algunas maquinas pero para hacer los tendidos necesitaba de la m\u00e1quina de coser que me han dado en el proyecto, as\u00ed como telas y material para mis artesan\u00edas que todos los d\u00edas vendo. Les agradezco por escucharme, por ense\u00f1arme, por ser mejor persona, por superar los problemas , manejar mi negocio y que as\u00ed yo pueda en un futuro ayudar a otros a salir adelante.&lt;\/p&gt;\" data-e-action-hash=\"#elementor-action%3Aaction%3Dlightbox%26settings%3DeyJpZCI6NjEwMTgyLCJ1cmwiOmZhbHNlLCJzbGlkZXNob3ciOiJkZTg3NDU1In0%3D\"><figure class=\"swiper-slide-inner\"><img decoding=\"async\" class=\"swiper-slide-image lazyload\" data-src=\"https:\/\/test.comfenalcovalle.com.co\/wp-content\/uploads\/2023\/10\/hotel-yanaconas-09-min.jpg\" alt=\"\" src=\"data:image\/svg+xml;base64,PHN2ZyB3aWR0aD0iMSIgaGVpZ2h0PSIxIiB4bWxucz0iaHR0cDovL3d3dy53My5vcmcvMjAwMC9zdmciPjwvc3ZnPg==\" \/><\/figure><\/a><\/div><div class=\"swiper-slide\" role=\"group\" aria-roledescription=\"slide\" aria-label=\"10 of 18\"><a data-elementor-open-lightbox=\"yes\" data-elementor-lightbox-slideshow=\"de87455\" data-elementor-lightbox-title=\"Historia de vida Deyra Qui\u00f1ones\" data-elementor-lightbox-description=\"&lt;img width=&quot;220&quot; height=&quot;233&quot; src=&quot;https:\/\/test.comfenalcovalle.com.co\/wp-content\/uploads\/2021\/10\/deyra.jpeg&quot; alt=&quot;Deyra Qui\u00f1ones&quot; loading=&quot;lazy&quot; srcset=&quot;https:\/\/test.comfenalcovalle.com.co\/wp-content\/uploads\/2021\/10\/deyra.jpeg 220w, https:\/\/test.comfenalcovalle.com.co\/wp-content\/uploads\/2021\/10\/deyra-11x12.jpeg 11w&quot; sizes=&quot;(max-width: 220px) 100vw, 220px&quot; \/&gt;\t\t\t\t\t\t\t\t\t\t\t\t\t\t\t\t&lt;a href=&quot;https:\/\/test.comfenalcovalle.com.co\/&quot; rel=&quot;home&quot; title=&quot;Comfenalco Valle Delagente&quot;&gt;Comfenalco Valle Delagente&lt;\/a&gt;\t\t\t&lt;h2&gt;PROYECTO VA0011&lt;\/h2&gt;\t\t\t\t&lt;p&gt;Aporte en la atenci\u00f3n integral y en la generaci\u00f3n de ingresos de 150 familias desplazadas del \u00e1rea urbana del municipio de Cali.&lt;\/p&gt;\t\t\t\t\t\t\t\t\t\t\t&lt;a href=&quot;&quot;&gt;Descripci\u00f3n:&lt;\/a&gt;\t\t\t\t\t\t\t\t\tDescripci\u00f3n:\t\t\t\t\t&lt;p style=&quot;text-align: justify;&quot;&gt;Deyra es una mujer de 55 a\u00f1os, afrodescendiente, madre cabeza de hogar. Es una artesana luchadora, creativa y emprendedora ha vivido momentos de angustia, tristeza y carencia sin embargo d\u00eda a d\u00eda se convence que es un mejor ma\u00f1ana y que puede salir adelante con su carisma y fe en Dios. Todos los d\u00edas se supera gracias a su conocimiento en las artesan\u00edas y la costura de tendidos acolchonados, seg\u00fan dice ella \u201cHago de todo; canto, bailo, hago teatro, hago tendidos y toda clase de artesan\u00edas de Mag\u00fc\u00ed\u201d su vida transcurre entre el teatro, grupo de baile y el canto que comparte con otras mujeres que como ella han tenido que vivir momentos de incertidumbre y dolor. Piensa que el teatro y el canto han logrado otorgarle confianza y que haya podido dejar la timidez. Sus canastos y dem\u00e1s art\u00edculos que teje con sus manos y crea todos los d\u00edas en su imaginaci\u00f3n le han ayudado no solo a ella sino a otras mujeres que sin importa edad, raza o preferencias les ense\u00f1a y desea que como ella encuentren en el arte un mejor futuro.&lt;\/p&gt;\t\t\t\t\t\t\t\t\t\t\t\t&lt;a href=&quot;&quot;&gt;Lugar de Procedencia:&lt;\/a&gt;\t\t\t\t\t&lt;p style=&quot;text-align: justify;&quot;&gt;Yo vengo de un pueblo de Barbacoa (Nari\u00f1o), que se llama Mag\u00fci, lo bordea el Pat\u00eda, es un rio caudaloso, me acuerdo que en esa \u00e9poca yo me la pasaba\u00a0 pescando o cazando; ratones, armadillo y de todo tipo de animales. No era como ahora y en la ciudad que es solo qu\u00edmico, ah\u00ed uno pescaba y luego se com\u00eda el pescado reciente. Me acuerdo del agua, siempre recuerdo que uno pod\u00eda lavar la ropa con mucha agua y corr\u00eda, no era como aqu\u00ed en la ciudad que todo es medido y que toca lavar con poquita agua.&lt;\/p&gt;\t\t\t\t\t\t\t\t\t\t\t\t&lt;a href=&quot;&quot;&gt;Historia de la familia&lt;\/a&gt;\t\t\t\t\t&lt;p style=&quot;text-align: justify;&quot;&gt;Yo viv\u00eda con mi mama y mi familia que son tambi\u00e9n de Barbacoa, del pueblo de Mag\u00fc\u00ed, todos caz\u00e1bamos, com\u00edamos los animales que encontr\u00e1bamos, nos reun\u00edamos. Yo me case y me vine para ac\u00e1, despu\u00e9s me separe, mi mama se muri\u00f3 ahogada en el Pat\u00eda y yo me devolv\u00ed para Mag\u00fc\u00ed, mi marido lo amenazaron porque ten\u00eda otra persona y le dijeron a los paramilitares y comenzaron\u00a0 a buscarlo, el se fue y yo cre\u00ed que no me iban a decir nada a m\u00ed, pero comenzaron a preguntar por la mujer y que iban a matarnos, mi hermana me llamo y me dijo \u201cDeyra, v\u00e1yase de aqu\u00ed\u201d, me toco sacar solo lo que ten\u00eda en la mano, ni siquiera una cuchara que es lo m\u00e1s peque\u00f1o y salir de ah\u00ed, me dijeron que no dejaron ni el techo de mi casa, todo absolutamente todo se lo robaron.&lt;\/p&gt;&lt;p style=&quot;text-align: justify;&quot;&gt;Es doloroso porque toda mi vida estaba all\u00e1. As\u00ed que volv\u00ed a empezar y yo dec\u00eda ahora como voy hacer para sobrevivir y comenc\u00e9 a pensar en lo que mi mama me hab\u00eda ense\u00f1ado, los hilos y la costura y comenc\u00e9 hacer mis canastas, as\u00ed que comenc\u00e9 a mostrar y conoci mas artesanos y ahora muchos me conocen y puedo salir adelante.&lt;\/p&gt;&lt;p style=&quot;text-align: justify;&quot;&gt;Ahora pertenezco a un grupo de teatro de la Mascara, bailo, canto y hago mis artesan\u00edas, con mi familia me he apoyado y mis hijos les ense\u00f1e y hacen tambi\u00e9n las correas y dem\u00e1s artesan\u00edas. ahora mi sue\u00f1o es ayudar a otras mujeres no me importa cu\u00e1ntos a\u00f1os tengan o la experiencia yo pienso que nadie nace aprendido sino que viene aprender y yo quiero ense\u00f1ar mi arte para que como yo otras personas puedan salir adelante.&lt;\/p&gt;\t\t\t\t\t\t\t\t\t\t\t\t&lt;a href=&quot;&quot;&gt;Efectos del proyecto en la vida familiar&lt;\/a&gt;\t\t\t\t\t&lt;p style=&quot;text-align: justify;&quot;&gt;Yo le agradezco a la OIM y Comfenalco por el proyecto, por tenerme en cuenta e incluirme, no saben lo mucho que me han ayudado, yo tengo mi taller y algunas maquinas pero para hacer los tendidos necesitaba de la m\u00e1quina de coser que me han dado en el proyecto, as\u00ed como telas y material para mis artesan\u00edas que todos los d\u00edas vendo. Les agradezco por escucharme, por ense\u00f1arme, por ser mejor persona, por superar los problemas , manejar mi negocio y que as\u00ed yo pueda en un futuro ayudar a otros a salir adelante.&lt;\/p&gt;\" data-e-action-hash=\"#elementor-action%3Aaction%3Dlightbox%26settings%3DeyJpZCI6NjEwMTgzLCJ1cmwiOmZhbHNlLCJzbGlkZXNob3ciOiJkZTg3NDU1In0%3D\"><figure class=\"swiper-slide-inner\"><img decoding=\"async\" class=\"swiper-slide-image lazyload\" data-src=\"https:\/\/test.comfenalcovalle.com.co\/wp-content\/uploads\/2023\/10\/hotel-yanaconas-10-min.jpg\" alt=\"\" src=\"data:image\/svg+xml;base64,PHN2ZyB3aWR0aD0iMSIgaGVpZ2h0PSIxIiB4bWxucz0iaHR0cDovL3d3dy53My5vcmcvMjAwMC9zdmciPjwvc3ZnPg==\" \/><\/figure><\/a><\/div><div class=\"swiper-slide\" role=\"group\" aria-roledescription=\"slide\" aria-label=\"11 of 18\"><a data-elementor-open-lightbox=\"yes\" data-elementor-lightbox-slideshow=\"de87455\" data-elementor-lightbox-title=\"Historia de vida Deyra Qui\u00f1ones\" data-elementor-lightbox-description=\"&lt;img width=&quot;220&quot; height=&quot;233&quot; src=&quot;https:\/\/test.comfenalcovalle.com.co\/wp-content\/uploads\/2021\/10\/deyra.jpeg&quot; alt=&quot;Deyra Qui\u00f1ones&quot; loading=&quot;lazy&quot; srcset=&quot;https:\/\/test.comfenalcovalle.com.co\/wp-content\/uploads\/2021\/10\/deyra.jpeg 220w, https:\/\/test.comfenalcovalle.com.co\/wp-content\/uploads\/2021\/10\/deyra-11x12.jpeg 11w&quot; sizes=&quot;(max-width: 220px) 100vw, 220px&quot; \/&gt;\t\t\t\t\t\t\t\t\t\t\t\t\t\t\t\t&lt;a href=&quot;https:\/\/test.comfenalcovalle.com.co\/&quot; rel=&quot;home&quot; title=&quot;Comfenalco Valle Delagente&quot;&gt;Comfenalco Valle Delagente&lt;\/a&gt;\t\t\t&lt;h2&gt;PROYECTO VA0011&lt;\/h2&gt;\t\t\t\t&lt;p&gt;Aporte en la atenci\u00f3n integral y en la generaci\u00f3n de ingresos de 150 familias desplazadas del \u00e1rea urbana del municipio de Cali.&lt;\/p&gt;\t\t\t\t\t\t\t\t\t\t\t&lt;a href=&quot;&quot;&gt;Descripci\u00f3n:&lt;\/a&gt;\t\t\t\t\t\t\t\t\tDescripci\u00f3n:\t\t\t\t\t&lt;p style=&quot;text-align: justify;&quot;&gt;Deyra es una mujer de 55 a\u00f1os, afrodescendiente, madre cabeza de hogar. Es una artesana luchadora, creativa y emprendedora ha vivido momentos de angustia, tristeza y carencia sin embargo d\u00eda a d\u00eda se convence que es un mejor ma\u00f1ana y que puede salir adelante con su carisma y fe en Dios. Todos los d\u00edas se supera gracias a su conocimiento en las artesan\u00edas y la costura de tendidos acolchonados, seg\u00fan dice ella \u201cHago de todo; canto, bailo, hago teatro, hago tendidos y toda clase de artesan\u00edas de Mag\u00fc\u00ed\u201d su vida transcurre entre el teatro, grupo de baile y el canto que comparte con otras mujeres que como ella han tenido que vivir momentos de incertidumbre y dolor. Piensa que el teatro y el canto han logrado otorgarle confianza y que haya podido dejar la timidez. Sus canastos y dem\u00e1s art\u00edculos que teje con sus manos y crea todos los d\u00edas en su imaginaci\u00f3n le han ayudado no solo a ella sino a otras mujeres que sin importa edad, raza o preferencias les ense\u00f1a y desea que como ella encuentren en el arte un mejor futuro.&lt;\/p&gt;\t\t\t\t\t\t\t\t\t\t\t\t&lt;a href=&quot;&quot;&gt;Lugar de Procedencia:&lt;\/a&gt;\t\t\t\t\t&lt;p style=&quot;text-align: justify;&quot;&gt;Yo vengo de un pueblo de Barbacoa (Nari\u00f1o), que se llama Mag\u00fci, lo bordea el Pat\u00eda, es un rio caudaloso, me acuerdo que en esa \u00e9poca yo me la pasaba\u00a0 pescando o cazando; ratones, armadillo y de todo tipo de animales. No era como ahora y en la ciudad que es solo qu\u00edmico, ah\u00ed uno pescaba y luego se com\u00eda el pescado reciente. Me acuerdo del agua, siempre recuerdo que uno pod\u00eda lavar la ropa con mucha agua y corr\u00eda, no era como aqu\u00ed en la ciudad que todo es medido y que toca lavar con poquita agua.&lt;\/p&gt;\t\t\t\t\t\t\t\t\t\t\t\t&lt;a href=&quot;&quot;&gt;Historia de la familia&lt;\/a&gt;\t\t\t\t\t&lt;p style=&quot;text-align: justify;&quot;&gt;Yo viv\u00eda con mi mama y mi familia que son tambi\u00e9n de Barbacoa, del pueblo de Mag\u00fc\u00ed, todos caz\u00e1bamos, com\u00edamos los animales que encontr\u00e1bamos, nos reun\u00edamos. Yo me case y me vine para ac\u00e1, despu\u00e9s me separe, mi mama se muri\u00f3 ahogada en el Pat\u00eda y yo me devolv\u00ed para Mag\u00fc\u00ed, mi marido lo amenazaron porque ten\u00eda otra persona y le dijeron a los paramilitares y comenzaron\u00a0 a buscarlo, el se fue y yo cre\u00ed que no me iban a decir nada a m\u00ed, pero comenzaron a preguntar por la mujer y que iban a matarnos, mi hermana me llamo y me dijo \u201cDeyra, v\u00e1yase de aqu\u00ed\u201d, me toco sacar solo lo que ten\u00eda en la mano, ni siquiera una cuchara que es lo m\u00e1s peque\u00f1o y salir de ah\u00ed, me dijeron que no dejaron ni el techo de mi casa, todo absolutamente todo se lo robaron.&lt;\/p&gt;&lt;p style=&quot;text-align: justify;&quot;&gt;Es doloroso porque toda mi vida estaba all\u00e1. As\u00ed que volv\u00ed a empezar y yo dec\u00eda ahora como voy hacer para sobrevivir y comenc\u00e9 a pensar en lo que mi mama me hab\u00eda ense\u00f1ado, los hilos y la costura y comenc\u00e9 hacer mis canastas, as\u00ed que comenc\u00e9 a mostrar y conoci mas artesanos y ahora muchos me conocen y puedo salir adelante.&lt;\/p&gt;&lt;p style=&quot;text-align: justify;&quot;&gt;Ahora pertenezco a un grupo de teatro de la Mascara, bailo, canto y hago mis artesan\u00edas, con mi familia me he apoyado y mis hijos les ense\u00f1e y hacen tambi\u00e9n las correas y dem\u00e1s artesan\u00edas. ahora mi sue\u00f1o es ayudar a otras mujeres no me importa cu\u00e1ntos a\u00f1os tengan o la experiencia yo pienso que nadie nace aprendido sino que viene aprender y yo quiero ense\u00f1ar mi arte para que como yo otras personas puedan salir adelante.&lt;\/p&gt;\t\t\t\t\t\t\t\t\t\t\t\t&lt;a href=&quot;&quot;&gt;Efectos del proyecto en la vida familiar&lt;\/a&gt;\t\t\t\t\t&lt;p style=&quot;text-align: justify;&quot;&gt;Yo le agradezco a la OIM y Comfenalco por el proyecto, por tenerme en cuenta e incluirme, no saben lo mucho que me han ayudado, yo tengo mi taller y algunas maquinas pero para hacer los tendidos necesitaba de la m\u00e1quina de coser que me han dado en el proyecto, as\u00ed como telas y material para mis artesan\u00edas que todos los d\u00edas vendo. Les agradezco por escucharme, por ense\u00f1arme, por ser mejor persona, por superar los problemas , manejar mi negocio y que as\u00ed yo pueda en un futuro ayudar a otros a salir adelante.&lt;\/p&gt;\" data-e-action-hash=\"#elementor-action%3Aaction%3Dlightbox%26settings%3DeyJpZCI6NjEwMTg0LCJ1cmwiOmZhbHNlLCJzbGlkZXNob3ciOiJkZTg3NDU1In0%3D\"><figure class=\"swiper-slide-inner\"><img decoding=\"async\" class=\"swiper-slide-image lazyload\" data-src=\"https:\/\/test.comfenalcovalle.com.co\/wp-content\/uploads\/2023\/10\/hotel-yanaconas-11-min.jpg\" alt=\"\" src=\"data:image\/svg+xml;base64,PHN2ZyB3aWR0aD0iMSIgaGVpZ2h0PSIxIiB4bWxucz0iaHR0cDovL3d3dy53My5vcmcvMjAwMC9zdmciPjwvc3ZnPg==\" \/><\/figure><\/a><\/div><div class=\"swiper-slide\" role=\"group\" aria-roledescription=\"slide\" aria-label=\"12 of 18\"><a data-elementor-open-lightbox=\"yes\" data-elementor-lightbox-slideshow=\"de87455\" data-elementor-lightbox-title=\"Historia de vida Deyra Qui\u00f1ones\" data-elementor-lightbox-description=\"&lt;img width=&quot;220&quot; height=&quot;233&quot; src=&quot;https:\/\/test.comfenalcovalle.com.co\/wp-content\/uploads\/2021\/10\/deyra.jpeg&quot; alt=&quot;Deyra Qui\u00f1ones&quot; loading=&quot;lazy&quot; srcset=&quot;https:\/\/test.comfenalcovalle.com.co\/wp-content\/uploads\/2021\/10\/deyra.jpeg 220w, https:\/\/test.comfenalcovalle.com.co\/wp-content\/uploads\/2021\/10\/deyra-11x12.jpeg 11w&quot; sizes=&quot;(max-width: 220px) 100vw, 220px&quot; \/&gt;\t\t\t\t\t\t\t\t\t\t\t\t\t\t\t\t&lt;a href=&quot;https:\/\/test.comfenalcovalle.com.co\/&quot; rel=&quot;home&quot; title=&quot;Comfenalco Valle Delagente&quot;&gt;Comfenalco Valle Delagente&lt;\/a&gt;\t\t\t&lt;h2&gt;PROYECTO VA0011&lt;\/h2&gt;\t\t\t\t&lt;p&gt;Aporte en la atenci\u00f3n integral y en la generaci\u00f3n de ingresos de 150 familias desplazadas del \u00e1rea urbana del municipio de Cali.&lt;\/p&gt;\t\t\t\t\t\t\t\t\t\t\t&lt;a href=&quot;&quot;&gt;Descripci\u00f3n:&lt;\/a&gt;\t\t\t\t\t\t\t\t\tDescripci\u00f3n:\t\t\t\t\t&lt;p style=&quot;text-align: justify;&quot;&gt;Deyra es una mujer de 55 a\u00f1os, afrodescendiente, madre cabeza de hogar. Es una artesana luchadora, creativa y emprendedora ha vivido momentos de angustia, tristeza y carencia sin embargo d\u00eda a d\u00eda se convence que es un mejor ma\u00f1ana y que puede salir adelante con su carisma y fe en Dios. Todos los d\u00edas se supera gracias a su conocimiento en las artesan\u00edas y la costura de tendidos acolchonados, seg\u00fan dice ella \u201cHago de todo; canto, bailo, hago teatro, hago tendidos y toda clase de artesan\u00edas de Mag\u00fc\u00ed\u201d su vida transcurre entre el teatro, grupo de baile y el canto que comparte con otras mujeres que como ella han tenido que vivir momentos de incertidumbre y dolor. Piensa que el teatro y el canto han logrado otorgarle confianza y que haya podido dejar la timidez. Sus canastos y dem\u00e1s art\u00edculos que teje con sus manos y crea todos los d\u00edas en su imaginaci\u00f3n le han ayudado no solo a ella sino a otras mujeres que sin importa edad, raza o preferencias les ense\u00f1a y desea que como ella encuentren en el arte un mejor futuro.&lt;\/p&gt;\t\t\t\t\t\t\t\t\t\t\t\t&lt;a href=&quot;&quot;&gt;Lugar de Procedencia:&lt;\/a&gt;\t\t\t\t\t&lt;p style=&quot;text-align: justify;&quot;&gt;Yo vengo de un pueblo de Barbacoa (Nari\u00f1o), que se llama Mag\u00fci, lo bordea el Pat\u00eda, es un rio caudaloso, me acuerdo que en esa \u00e9poca yo me la pasaba\u00a0 pescando o cazando; ratones, armadillo y de todo tipo de animales. No era como ahora y en la ciudad que es solo qu\u00edmico, ah\u00ed uno pescaba y luego se com\u00eda el pescado reciente. Me acuerdo del agua, siempre recuerdo que uno pod\u00eda lavar la ropa con mucha agua y corr\u00eda, no era como aqu\u00ed en la ciudad que todo es medido y que toca lavar con poquita agua.&lt;\/p&gt;\t\t\t\t\t\t\t\t\t\t\t\t&lt;a href=&quot;&quot;&gt;Historia de la familia&lt;\/a&gt;\t\t\t\t\t&lt;p style=&quot;text-align: justify;&quot;&gt;Yo viv\u00eda con mi mama y mi familia que son tambi\u00e9n de Barbacoa, del pueblo de Mag\u00fc\u00ed, todos caz\u00e1bamos, com\u00edamos los animales que encontr\u00e1bamos, nos reun\u00edamos. Yo me case y me vine para ac\u00e1, despu\u00e9s me separe, mi mama se muri\u00f3 ahogada en el Pat\u00eda y yo me devolv\u00ed para Mag\u00fc\u00ed, mi marido lo amenazaron porque ten\u00eda otra persona y le dijeron a los paramilitares y comenzaron\u00a0 a buscarlo, el se fue y yo cre\u00ed que no me iban a decir nada a m\u00ed, pero comenzaron a preguntar por la mujer y que iban a matarnos, mi hermana me llamo y me dijo \u201cDeyra, v\u00e1yase de aqu\u00ed\u201d, me toco sacar solo lo que ten\u00eda en la mano, ni siquiera una cuchara que es lo m\u00e1s peque\u00f1o y salir de ah\u00ed, me dijeron que no dejaron ni el techo de mi casa, todo absolutamente todo se lo robaron.&lt;\/p&gt;&lt;p style=&quot;text-align: justify;&quot;&gt;Es doloroso porque toda mi vida estaba all\u00e1. As\u00ed que volv\u00ed a empezar y yo dec\u00eda ahora como voy hacer para sobrevivir y comenc\u00e9 a pensar en lo que mi mama me hab\u00eda ense\u00f1ado, los hilos y la costura y comenc\u00e9 hacer mis canastas, as\u00ed que comenc\u00e9 a mostrar y conoci mas artesanos y ahora muchos me conocen y puedo salir adelante.&lt;\/p&gt;&lt;p style=&quot;text-align: justify;&quot;&gt;Ahora pertenezco a un grupo de teatro de la Mascara, bailo, canto y hago mis artesan\u00edas, con mi familia me he apoyado y mis hijos les ense\u00f1e y hacen tambi\u00e9n las correas y dem\u00e1s artesan\u00edas. ahora mi sue\u00f1o es ayudar a otras mujeres no me importa cu\u00e1ntos a\u00f1os tengan o la experiencia yo pienso que nadie nace aprendido sino que viene aprender y yo quiero ense\u00f1ar mi arte para que como yo otras personas puedan salir adelante.&lt;\/p&gt;\t\t\t\t\t\t\t\t\t\t\t\t&lt;a href=&quot;&quot;&gt;Efectos del proyecto en la vida familiar&lt;\/a&gt;\t\t\t\t\t&lt;p style=&quot;text-align: justify;&quot;&gt;Yo le agradezco a la OIM y Comfenalco por el proyecto, por tenerme en cuenta e incluirme, no saben lo mucho que me han ayudado, yo tengo mi taller y algunas maquinas pero para hacer los tendidos necesitaba de la m\u00e1quina de coser que me han dado en el proyecto, as\u00ed como telas y material para mis artesan\u00edas que todos los d\u00edas vendo. Les agradezco por escucharme, por ense\u00f1arme, por ser mejor persona, por superar los problemas , manejar mi negocio y que as\u00ed yo pueda en un futuro ayudar a otros a salir adelante.&lt;\/p&gt;\" data-e-action-hash=\"#elementor-action%3Aaction%3Dlightbox%26settings%3DeyJpZCI6NjEwMTg1LCJ1cmwiOmZhbHNlLCJzbGlkZXNob3ciOiJkZTg3NDU1In0%3D\"><figure class=\"swiper-slide-inner\"><img decoding=\"async\" class=\"swiper-slide-image lazyload\" data-src=\"https:\/\/test.comfenalcovalle.com.co\/wp-content\/uploads\/2023\/10\/hotel-yanaconas-14-min.jpg\" alt=\"\" src=\"data:image\/svg+xml;base64,PHN2ZyB3aWR0aD0iMSIgaGVpZ2h0PSIxIiB4bWxucz0iaHR0cDovL3d3dy53My5vcmcvMjAwMC9zdmciPjwvc3ZnPg==\" \/><\/figure><\/a><\/div><div class=\"swiper-slide\" role=\"group\" aria-roledescription=\"slide\" aria-label=\"13 of 18\"><a data-elementor-open-lightbox=\"yes\" data-elementor-lightbox-slideshow=\"de87455\" data-elementor-lightbox-title=\"Historia de vida Deyra Qui\u00f1ones\" data-elementor-lightbox-description=\"&lt;img width=&quot;220&quot; height=&quot;233&quot; src=&quot;https:\/\/test.comfenalcovalle.com.co\/wp-content\/uploads\/2021\/10\/deyra.jpeg&quot; alt=&quot;Deyra Qui\u00f1ones&quot; loading=&quot;lazy&quot; srcset=&quot;https:\/\/test.comfenalcovalle.com.co\/wp-content\/uploads\/2021\/10\/deyra.jpeg 220w, https:\/\/test.comfenalcovalle.com.co\/wp-content\/uploads\/2021\/10\/deyra-11x12.jpeg 11w&quot; sizes=&quot;(max-width: 220px) 100vw, 220px&quot; \/&gt;\t\t\t\t\t\t\t\t\t\t\t\t\t\t\t\t&lt;a href=&quot;https:\/\/test.comfenalcovalle.com.co\/&quot; rel=&quot;home&quot; title=&quot;Comfenalco Valle Delagente&quot;&gt;Comfenalco Valle Delagente&lt;\/a&gt;\t\t\t&lt;h2&gt;PROYECTO VA0011&lt;\/h2&gt;\t\t\t\t&lt;p&gt;Aporte en la atenci\u00f3n integral y en la generaci\u00f3n de ingresos de 150 familias desplazadas del \u00e1rea urbana del municipio de Cali.&lt;\/p&gt;\t\t\t\t\t\t\t\t\t\t\t&lt;a href=&quot;&quot;&gt;Descripci\u00f3n:&lt;\/a&gt;\t\t\t\t\t\t\t\t\tDescripci\u00f3n:\t\t\t\t\t&lt;p style=&quot;text-align: justify;&quot;&gt;Deyra es una mujer de 55 a\u00f1os, afrodescendiente, madre cabeza de hogar. Es una artesana luchadora, creativa y emprendedora ha vivido momentos de angustia, tristeza y carencia sin embargo d\u00eda a d\u00eda se convence que es un mejor ma\u00f1ana y que puede salir adelante con su carisma y fe en Dios. Todos los d\u00edas se supera gracias a su conocimiento en las artesan\u00edas y la costura de tendidos acolchonados, seg\u00fan dice ella \u201cHago de todo; canto, bailo, hago teatro, hago tendidos y toda clase de artesan\u00edas de Mag\u00fc\u00ed\u201d su vida transcurre entre el teatro, grupo de baile y el canto que comparte con otras mujeres que como ella han tenido que vivir momentos de incertidumbre y dolor. Piensa que el teatro y el canto han logrado otorgarle confianza y que haya podido dejar la timidez. Sus canastos y dem\u00e1s art\u00edculos que teje con sus manos y crea todos los d\u00edas en su imaginaci\u00f3n le han ayudado no solo a ella sino a otras mujeres que sin importa edad, raza o preferencias les ense\u00f1a y desea que como ella encuentren en el arte un mejor futuro.&lt;\/p&gt;\t\t\t\t\t\t\t\t\t\t\t\t&lt;a href=&quot;&quot;&gt;Lugar de Procedencia:&lt;\/a&gt;\t\t\t\t\t&lt;p style=&quot;text-align: justify;&quot;&gt;Yo vengo de un pueblo de Barbacoa (Nari\u00f1o), que se llama Mag\u00fci, lo bordea el Pat\u00eda, es un rio caudaloso, me acuerdo que en esa \u00e9poca yo me la pasaba\u00a0 pescando o cazando; ratones, armadillo y de todo tipo de animales. No era como ahora y en la ciudad que es solo qu\u00edmico, ah\u00ed uno pescaba y luego se com\u00eda el pescado reciente. Me acuerdo del agua, siempre recuerdo que uno pod\u00eda lavar la ropa con mucha agua y corr\u00eda, no era como aqu\u00ed en la ciudad que todo es medido y que toca lavar con poquita agua.&lt;\/p&gt;\t\t\t\t\t\t\t\t\t\t\t\t&lt;a href=&quot;&quot;&gt;Historia de la familia&lt;\/a&gt;\t\t\t\t\t&lt;p style=&quot;text-align: justify;&quot;&gt;Yo viv\u00eda con mi mama y mi familia que son tambi\u00e9n de Barbacoa, del pueblo de Mag\u00fc\u00ed, todos caz\u00e1bamos, com\u00edamos los animales que encontr\u00e1bamos, nos reun\u00edamos. Yo me case y me vine para ac\u00e1, despu\u00e9s me separe, mi mama se muri\u00f3 ahogada en el Pat\u00eda y yo me devolv\u00ed para Mag\u00fc\u00ed, mi marido lo amenazaron porque ten\u00eda otra persona y le dijeron a los paramilitares y comenzaron\u00a0 a buscarlo, el se fue y yo cre\u00ed que no me iban a decir nada a m\u00ed, pero comenzaron a preguntar por la mujer y que iban a matarnos, mi hermana me llamo y me dijo \u201cDeyra, v\u00e1yase de aqu\u00ed\u201d, me toco sacar solo lo que ten\u00eda en la mano, ni siquiera una cuchara que es lo m\u00e1s peque\u00f1o y salir de ah\u00ed, me dijeron que no dejaron ni el techo de mi casa, todo absolutamente todo se lo robaron.&lt;\/p&gt;&lt;p style=&quot;text-align: justify;&quot;&gt;Es doloroso porque toda mi vida estaba all\u00e1. As\u00ed que volv\u00ed a empezar y yo dec\u00eda ahora como voy hacer para sobrevivir y comenc\u00e9 a pensar en lo que mi mama me hab\u00eda ense\u00f1ado, los hilos y la costura y comenc\u00e9 hacer mis canastas, as\u00ed que comenc\u00e9 a mostrar y conoci mas artesanos y ahora muchos me conocen y puedo salir adelante.&lt;\/p&gt;&lt;p style=&quot;text-align: justify;&quot;&gt;Ahora pertenezco a un grupo de teatro de la Mascara, bailo, canto y hago mis artesan\u00edas, con mi familia me he apoyado y mis hijos les ense\u00f1e y hacen tambi\u00e9n las correas y dem\u00e1s artesan\u00edas. ahora mi sue\u00f1o es ayudar a otras mujeres no me importa cu\u00e1ntos a\u00f1os tengan o la experiencia yo pienso que nadie nace aprendido sino que viene aprender y yo quiero ense\u00f1ar mi arte para que como yo otras personas puedan salir adelante.&lt;\/p&gt;\t\t\t\t\t\t\t\t\t\t\t\t&lt;a href=&quot;&quot;&gt;Efectos del proyecto en la vida familiar&lt;\/a&gt;\t\t\t\t\t&lt;p style=&quot;text-align: justify;&quot;&gt;Yo le agradezco a la OIM y Comfenalco por el proyecto, por tenerme en cuenta e incluirme, no saben lo mucho que me han ayudado, yo tengo mi taller y algunas maquinas pero para hacer los tendidos necesitaba de la m\u00e1quina de coser que me han dado en el proyecto, as\u00ed como telas y material para mis artesan\u00edas que todos los d\u00edas vendo. Les agradezco por escucharme, por ense\u00f1arme, por ser mejor persona, por superar los problemas , manejar mi negocio y que as\u00ed yo pueda en un futuro ayudar a otros a salir adelante.&lt;\/p&gt;\" data-e-action-hash=\"#elementor-action%3Aaction%3Dlightbox%26settings%3DeyJpZCI6NjEwMTg2LCJ1cmwiOmZhbHNlLCJzbGlkZXNob3ciOiJkZTg3NDU1In0%3D\"><figure class=\"swiper-slide-inner\"><img decoding=\"async\" class=\"swiper-slide-image lazyload\" data-src=\"https:\/\/test.comfenalcovalle.com.co\/wp-content\/uploads\/2023\/10\/hotel-yanaconas-15-min.jpg\" alt=\"\" src=\"data:image\/svg+xml;base64,PHN2ZyB3aWR0aD0iMSIgaGVpZ2h0PSIxIiB4bWxucz0iaHR0cDovL3d3dy53My5vcmcvMjAwMC9zdmciPjwvc3ZnPg==\" \/><\/figure><\/a><\/div><div class=\"swiper-slide\" role=\"group\" aria-roledescription=\"slide\" aria-label=\"14 of 18\"><a data-elementor-open-lightbox=\"yes\" data-elementor-lightbox-slideshow=\"de87455\" data-elementor-lightbox-title=\"Historia de vida Deyra Qui\u00f1ones\" data-elementor-lightbox-description=\"&lt;img width=&quot;220&quot; height=&quot;233&quot; src=&quot;https:\/\/test.comfenalcovalle.com.co\/wp-content\/uploads\/2021\/10\/deyra.jpeg&quot; alt=&quot;Deyra Qui\u00f1ones&quot; loading=&quot;lazy&quot; srcset=&quot;https:\/\/test.comfenalcovalle.com.co\/wp-content\/uploads\/2021\/10\/deyra.jpeg 220w, https:\/\/test.comfenalcovalle.com.co\/wp-content\/uploads\/2021\/10\/deyra-11x12.jpeg 11w&quot; sizes=&quot;(max-width: 220px) 100vw, 220px&quot; \/&gt;\t\t\t\t\t\t\t\t\t\t\t\t\t\t\t\t&lt;a href=&quot;https:\/\/test.comfenalcovalle.com.co\/&quot; rel=&quot;home&quot; title=&quot;Comfenalco Valle Delagente&quot;&gt;Comfenalco Valle Delagente&lt;\/a&gt;\t\t\t&lt;h2&gt;PROYECTO VA0011&lt;\/h2&gt;\t\t\t\t&lt;p&gt;Aporte en la atenci\u00f3n integral y en la generaci\u00f3n de ingresos de 150 familias desplazadas del \u00e1rea urbana del municipio de Cali.&lt;\/p&gt;\t\t\t\t\t\t\t\t\t\t\t&lt;a href=&quot;&quot;&gt;Descripci\u00f3n:&lt;\/a&gt;\t\t\t\t\t\t\t\t\tDescripci\u00f3n:\t\t\t\t\t&lt;p style=&quot;text-align: justify;&quot;&gt;Deyra es una mujer de 55 a\u00f1os, afrodescendiente, madre cabeza de hogar. Es una artesana luchadora, creativa y emprendedora ha vivido momentos de angustia, tristeza y carencia sin embargo d\u00eda a d\u00eda se convence que es un mejor ma\u00f1ana y que puede salir adelante con su carisma y fe en Dios. Todos los d\u00edas se supera gracias a su conocimiento en las artesan\u00edas y la costura de tendidos acolchonados, seg\u00fan dice ella \u201cHago de todo; canto, bailo, hago teatro, hago tendidos y toda clase de artesan\u00edas de Mag\u00fc\u00ed\u201d su vida transcurre entre el teatro, grupo de baile y el canto que comparte con otras mujeres que como ella han tenido que vivir momentos de incertidumbre y dolor. Piensa que el teatro y el canto han logrado otorgarle confianza y que haya podido dejar la timidez. Sus canastos y dem\u00e1s art\u00edculos que teje con sus manos y crea todos los d\u00edas en su imaginaci\u00f3n le han ayudado no solo a ella sino a otras mujeres que sin importa edad, raza o preferencias les ense\u00f1a y desea que como ella encuentren en el arte un mejor futuro.&lt;\/p&gt;\t\t\t\t\t\t\t\t\t\t\t\t&lt;a href=&quot;&quot;&gt;Lugar de Procedencia:&lt;\/a&gt;\t\t\t\t\t&lt;p style=&quot;text-align: justify;&quot;&gt;Yo vengo de un pueblo de Barbacoa (Nari\u00f1o), que se llama Mag\u00fci, lo bordea el Pat\u00eda, es un rio caudaloso, me acuerdo que en esa \u00e9poca yo me la pasaba\u00a0 pescando o cazando; ratones, armadillo y de todo tipo de animales. No era como ahora y en la ciudad que es solo qu\u00edmico, ah\u00ed uno pescaba y luego se com\u00eda el pescado reciente. Me acuerdo del agua, siempre recuerdo que uno pod\u00eda lavar la ropa con mucha agua y corr\u00eda, no era como aqu\u00ed en la ciudad que todo es medido y que toca lavar con poquita agua.&lt;\/p&gt;\t\t\t\t\t\t\t\t\t\t\t\t&lt;a href=&quot;&quot;&gt;Historia de la familia&lt;\/a&gt;\t\t\t\t\t&lt;p style=&quot;text-align: justify;&quot;&gt;Yo viv\u00eda con mi mama y mi familia que son tambi\u00e9n de Barbacoa, del pueblo de Mag\u00fc\u00ed, todos caz\u00e1bamos, com\u00edamos los animales que encontr\u00e1bamos, nos reun\u00edamos. Yo me case y me vine para ac\u00e1, despu\u00e9s me separe, mi mama se muri\u00f3 ahogada en el Pat\u00eda y yo me devolv\u00ed para Mag\u00fc\u00ed, mi marido lo amenazaron porque ten\u00eda otra persona y le dijeron a los paramilitares y comenzaron\u00a0 a buscarlo, el se fue y yo cre\u00ed que no me iban a decir nada a m\u00ed, pero comenzaron a preguntar por la mujer y que iban a matarnos, mi hermana me llamo y me dijo \u201cDeyra, v\u00e1yase de aqu\u00ed\u201d, me toco sacar solo lo que ten\u00eda en la mano, ni siquiera una cuchara que es lo m\u00e1s peque\u00f1o y salir de ah\u00ed, me dijeron que no dejaron ni el techo de mi casa, todo absolutamente todo se lo robaron.&lt;\/p&gt;&lt;p style=&quot;text-align: justify;&quot;&gt;Es doloroso porque toda mi vida estaba all\u00e1. As\u00ed que volv\u00ed a empezar y yo dec\u00eda ahora como voy hacer para sobrevivir y comenc\u00e9 a pensar en lo que mi mama me hab\u00eda ense\u00f1ado, los hilos y la costura y comenc\u00e9 hacer mis canastas, as\u00ed que comenc\u00e9 a mostrar y conoci mas artesanos y ahora muchos me conocen y puedo salir adelante.&lt;\/p&gt;&lt;p style=&quot;text-align: justify;&quot;&gt;Ahora pertenezco a un grupo de teatro de la Mascara, bailo, canto y hago mis artesan\u00edas, con mi familia me he apoyado y mis hijos les ense\u00f1e y hacen tambi\u00e9n las correas y dem\u00e1s artesan\u00edas. ahora mi sue\u00f1o es ayudar a otras mujeres no me importa cu\u00e1ntos a\u00f1os tengan o la experiencia yo pienso que nadie nace aprendido sino que viene aprender y yo quiero ense\u00f1ar mi arte para que como yo otras personas puedan salir adelante.&lt;\/p&gt;\t\t\t\t\t\t\t\t\t\t\t\t&lt;a href=&quot;&quot;&gt;Efectos del proyecto en la vida familiar&lt;\/a&gt;\t\t\t\t\t&lt;p style=&quot;text-align: justify;&quot;&gt;Yo le agradezco a la OIM y Comfenalco por el proyecto, por tenerme en cuenta e incluirme, no saben lo mucho que me han ayudado, yo tengo mi taller y algunas maquinas pero para hacer los tendidos necesitaba de la m\u00e1quina de coser que me han dado en el proyecto, as\u00ed como telas y material para mis artesan\u00edas que todos los d\u00edas vendo. Les agradezco por escucharme, por ense\u00f1arme, por ser mejor persona, por superar los problemas , manejar mi negocio y que as\u00ed yo pueda en un futuro ayudar a otros a salir adelante.&lt;\/p&gt;\" data-e-action-hash=\"#elementor-action%3Aaction%3Dlightbox%26settings%3DeyJpZCI6NjEwMTg3LCJ1cmwiOmZhbHNlLCJzbGlkZXNob3ciOiJkZTg3NDU1In0%3D\"><figure class=\"swiper-slide-inner\"><img decoding=\"async\" class=\"swiper-slide-image lazyload\" data-src=\"https:\/\/test.comfenalcovalle.com.co\/wp-content\/uploads\/2023\/10\/hotel-yanaconas-16-min.jpg\" alt=\"\" src=\"data:image\/svg+xml;base64,PHN2ZyB3aWR0aD0iMSIgaGVpZ2h0PSIxIiB4bWxucz0iaHR0cDovL3d3dy53My5vcmcvMjAwMC9zdmciPjwvc3ZnPg==\" \/><\/figure><\/a><\/div><div class=\"swiper-slide\" role=\"group\" aria-roledescription=\"slide\" aria-label=\"15 of 18\"><a data-elementor-open-lightbox=\"yes\" data-elementor-lightbox-slideshow=\"de87455\" data-elementor-lightbox-title=\"Historia de vida Deyra Qui\u00f1ones\" data-elementor-lightbox-description=\"&lt;a href=&quot;https:\/\/test.comfenalcovalle.com.co\/&quot; rel=&quot;home&quot; title=&quot;Inicio&quot;&gt;Inicio&lt;\/a&gt;\t\t\t&lt;h2&gt;PROYECTO VA0011&lt;\/h2&gt;\t\t\t\t&lt;p&gt;Aporte en la atenci\u00f3n integral y en la generaci\u00f3n de ingresos de 150 familias desplazadas del \u00e1rea urbana del municipio de Cali.&lt;\/p&gt;\t\t\t\t\t\t\t\t\t\t\t&lt;a href=&quot;&quot;&gt;Descripci\u00f3n:&lt;\/a&gt;\t\t\t\t\t\t\t\t\tDescripci\u00f3n:\t\t\t\t\t&lt;p style=&quot;text-align: justify;&quot;&gt;Deyra es una mujer de 55 a\u00f1os, afrodescendiente, madre cabeza de hogar. Es una artesana luchadora, creativa y emprendedora ha vivido momentos de angustia, tristeza y carencia sin embargo d\u00eda a d\u00eda se convence que es un mejor ma\u00f1ana y que puede salir adelante con su carisma y fe en Dios. Todos los d\u00edas se supera gracias a su conocimiento en las artesan\u00edas y la costura de tendidos acolchonados, seg\u00fan dice ella \u201cHago de todo; canto, bailo, hago teatro, hago tendidos y toda clase de artesan\u00edas de Mag\u00fc\u00ed\u201d su vida transcurre entre el teatro, grupo de baile y el canto que comparte con otras mujeres que como ella han tenido que vivir momentos de incertidumbre y dolor. Piensa que el teatro y el canto han logrado otorgarle confianza y que haya podido dejar la timidez. Sus canastos y dem\u00e1s art\u00edculos que teje con sus manos y crea todos los d\u00edas en su imaginaci\u00f3n le han ayudado no solo a ella sino a otras mujeres que sin importa edad, raza o preferencias les ense\u00f1a y desea que como ella encuentren en el arte un mejor futuro.&lt;\/p&gt;\t\t\t\t\t\t\t\t\t\t\t\t&lt;a href=&quot;&quot;&gt;Lugar de Procedencia:&lt;\/a&gt;\t\t\t\t\t&lt;p style=&quot;text-align: justify;&quot;&gt;Yo vengo de un pueblo de Barbacoa (Nari\u00f1o), que se llama Mag\u00fci, lo bordea el Pat\u00eda, es un rio caudaloso, me acuerdo que en esa \u00e9poca yo me la pasaba\u00a0 pescando o cazando; ratones, armadillo y de todo tipo de animales. No era como ahora y en la ciudad que es solo qu\u00edmico, ah\u00ed uno pescaba y luego se com\u00eda el pescado reciente. Me acuerdo del agua, siempre recuerdo que uno pod\u00eda lavar la ropa con mucha agua y corr\u00eda, no era como aqu\u00ed en la ciudad que todo es medido y que toca lavar con poquita agua.&lt;\/p&gt;\t\t\t\t\t\t\t\t\t\t\t\t&lt;a href=&quot;&quot;&gt;Historia de la familia&lt;\/a&gt;\t\t\t\t\t&lt;p style=&quot;text-align: justify;&quot;&gt;Yo viv\u00eda con mi mama y mi familia que son tambi\u00e9n de Barbacoa, del pueblo de Mag\u00fc\u00ed, todos caz\u00e1bamos, com\u00edamos los animales que encontr\u00e1bamos, nos reun\u00edamos. Yo me case y me vine para ac\u00e1, despu\u00e9s me separe, mi mama se muri\u00f3 ahogada en el Pat\u00eda y yo me devolv\u00ed para Mag\u00fc\u00ed, mi marido lo amenazaron porque ten\u00eda otra persona y le dijeron a los paramilitares y comenzaron\u00a0 a buscarlo, el se fue y yo cre\u00ed que no me iban a decir nada a m\u00ed, pero comenzaron a preguntar por la mujer y que iban a matarnos, mi hermana me llamo y me dijo \u201cDeyra, v\u00e1yase de aqu\u00ed\u201d, me toco sacar solo lo que ten\u00eda en la mano, ni siquiera una cuchara que es lo m\u00e1s peque\u00f1o y salir de ah\u00ed, me dijeron que no dejaron ni el techo de mi casa, todo absolutamente todo se lo robaron.&lt;\/p&gt;&lt;p style=&quot;text-align: justify;&quot;&gt;Es doloroso porque toda mi vida estaba all\u00e1. As\u00ed que volv\u00ed a empezar y yo dec\u00eda ahora como voy hacer para sobrevivir y comenc\u00e9 a pensar en lo que mi mama me hab\u00eda ense\u00f1ado, los hilos y la costura y comenc\u00e9 hacer mis canastas, as\u00ed que comenc\u00e9 a mostrar y conoci mas artesanos y ahora muchos me conocen y puedo salir adelante.&lt;\/p&gt;&lt;p style=&quot;text-align: justify;&quot;&gt;Ahora pertenezco a un grupo de teatro de la Mascara, bailo, canto y hago mis artesan\u00edas, con mi familia me he apoyado y mis hijos les ense\u00f1e y hacen tambi\u00e9n las correas y dem\u00e1s artesan\u00edas. ahora mi sue\u00f1o es ayudar a otras mujeres no me importa cu\u00e1ntos a\u00f1os tengan o la experiencia yo pienso que nadie nace aprendido sino que viene aprender y yo quiero ense\u00f1ar mi arte para que como yo otras personas puedan salir adelante.&lt;\/p&gt;\t\t\t\t\t\t\t\t\t\t\t\t&lt;a href=&quot;&quot;&gt;Efectos del proyecto en la vida familiar&lt;\/a&gt;\t\t\t\t\t&lt;p style=&quot;text-align: justify;&quot;&gt;Yo le agradezco a la OIM y Comfenalco por el proyecto, por tenerme en cuenta e incluirme, no saben lo mucho que me han ayudado, yo tengo mi taller y algunas maquinas pero para hacer los tendidos necesitaba de la m\u00e1quina de coser que me han dado en el proyecto, as\u00ed como telas y material para mis artesan\u00edas que todos los d\u00edas vendo. Les agradezco por escucharme, por ense\u00f1arme, por ser mejor persona, por superar los problemas , manejar mi negocio y que as\u00ed yo pueda en un futuro ayudar a otros a salir adelante.&lt;\/p&gt;\" data-e-action-hash=\"#elementor-action%3Aaction%3Dlightbox%26settings%3DeyJpZCI6NjEwMTg4LCJ1cmwiOmZhbHNlLCJzbGlkZXNob3ciOiJkZTg3NDU1In0%3D\"><figure class=\"swiper-slide-inner\"><img decoding=\"async\" class=\"swiper-slide-image lazyload\" data-src=\"https:\/\/test.comfenalcovalle.com.co\/wp-content\/uploads\/2023\/10\/hotel-yanaconas-17-min.jpg\" alt=\"\" src=\"data:image\/svg+xml;base64,PHN2ZyB3aWR0aD0iMSIgaGVpZ2h0PSIxIiB4bWxucz0iaHR0cDovL3d3dy53My5vcmcvMjAwMC9zdmciPjwvc3ZnPg==\" \/><\/figure><\/a><\/div><div class=\"swiper-slide\" role=\"group\" aria-roledescription=\"slide\" aria-label=\"16 of 18\"><a data-elementor-open-lightbox=\"yes\" data-elementor-lightbox-slideshow=\"de87455\" data-elementor-lightbox-title=\"Historia de vida Jackeline Gonz\u00e1lez\" data-elementor-lightbox-description=\"&lt;img width=&quot;220&quot; height=&quot;233&quot; src=&quot;https:\/\/test.comfenalcovalle.com.co\/wp-content\/uploads\/2021\/10\/jackeline.jpeg&quot; alt=&quot;jackeline&quot; loading=&quot;lazy&quot; srcset=&quot;https:\/\/test.comfenalcovalle.com.co\/wp-content\/uploads\/2021\/10\/jackeline.jpeg 220w, https:\/\/test.comfenalcovalle.com.co\/wp-content\/uploads\/2021\/10\/jackeline-11x12.jpeg 11w&quot; sizes=&quot;(max-width: 220px) 100vw, 220px&quot; \/&gt;\t\t\t\t\t\t\t\t\t\t\t\t\t\t\t\t&lt;a href=&quot;https:\/\/test.comfenalcovalle.com.co\/&quot; rel=&quot;home&quot; title=&quot;Comfenalco Valle Delagente&quot;&gt;Comfenalco Valle Delagente&lt;\/a&gt;\t\t\t&lt;h2&gt;PROYECTO VA0011&lt;\/h2&gt;\t\t\t\t&lt;p&gt;Aporte en la atenci\u00f3n integral y en la generaci\u00f3n de ingresos de 150 familias desplazadas del \u00e1rea urbana del municipio de Cali.&lt;\/p&gt;\t\t\t\t\t\t\t\t\t\t\t&lt;a href=&quot;&quot;&gt;Descripci\u00f3n:&lt;\/a&gt;\t\t\t\t\t\t\t\t\tDescripci\u00f3n:\t\t\t\t\t&lt;p style=&quot;text-align: justify;&quot;&gt;Arlen es una mujer de 31 a\u00f1os, madre de 4 hijos y trabajadora incansable, es una mujer afrocolombiana con una historia en la que concurren tristezas y alegr\u00edas, aunque ella dice que han sido mas las tristezas, a trav\u00e9s de su sentido del humor, su carisma y el deseo de superarse la alimentan todos los d\u00edas y la hacen una mujer fuerte y una l\u00edder de su comunidad a la que le aporta d\u00eda a d\u00eda, por la que lucha, sue\u00f1a y piensa.&lt;\/p&gt;&lt;p style=&quot;text-align: justify;&quot;&gt;Su vida transcurre entre la atenci\u00f3n su unidad de negocio, con este prop\u00f3sito todos los d\u00edas sale y vende a diario arepas a toda su comunidad, dice que su negocio es conocido en el barrio y que gracias al amor que le coloca a la comida que prepara la gente acude a su negocio y nunca deja de vender.&lt;\/p&gt;&lt;p style=&quot;text-align: justify;&quot;&gt;Es una mujer receptiva, din\u00e1mica, con capacidad para escuchar a los dem\u00e1s, emprendedora, y creativa. Considera que todo lo que ha pasado en la vida la ha fortalecido y le ha ense\u00f1ado a luchar y jam\u00e1s rendirse a lo que se considera un obst\u00e1culo y que ella ve como un desafi\u00f3.&lt;\/p&gt;\t\t\t\t\t\t\t\t\t\t\t\t&lt;a href=&quot;&quot;&gt;Lugar de Procedencia:&lt;\/a&gt;\t\t\t\t\t&lt;p style=&quot;text-align: justify;&quot;&gt;Yo vengo de Buenaventura,\u00a0 me desplace hace algunos a\u00f1os a ra\u00edz de la violencia de los grupos ilegales,\u00a0 sal\u00ed de L\u00f3pez de Micay con p\u00e1nico y tristeza, perd\u00ed a mucha gente, entre esas mi papa y algunas compa\u00f1eras de trabajo sin embargo todo esto me ha hecho fuerte y ahora aunque no comprendo porque siempre estoy en alg\u00fan lugar violento, yo salgo adelante y no me dejo derribar.&lt;br \/&gt;Recuerdo que era un lugar muy agradable para vivir y de pronto se convirti\u00f3 en un infierno, luego llegue a Cali y tuve mis hijos y tuve que pasar muchas dificultades y recurr\u00ed a una invasi\u00f3n en el Jarillon y de ah\u00ed me reubicaron en Potrero Grande y aqu\u00ed me ha tocado vivir entre la violencia y la tristeza, pero hay d\u00edas hermosos y por eso estoy aqu\u00ed como aquellos d\u00edas cuando nos unimos como comunidad, los d\u00edas en que llega trabajo para los muchachos del barrio o los d\u00edas que juegan los torneos de f\u00fatbol y todos participamos, esos d\u00edas la vida es tranquila y es agradable saber que luchamos por un futuro mejor.&lt;\/p&gt;\t\t\t\t\t\t\t\t\t\t\t\t&lt;a href=&quot;&quot;&gt;Historia de la familia&lt;\/a&gt;\t\t\t\t\t&lt;p style=&quot;text-align: justify;&quot;&gt;Yo vivo con mis hijos, mi esposo no esta con nosotros pero esta pendiente de mis hijos y de mi, lucho todos los d\u00edas en mi casa educando a mis hijos e inculc\u00e1ndoles que deben estudiar para que salgan adelante. Aprendo de ellos todos los d\u00edas.\u00a0 Con el resto de mi familia me veo muy poco pero he aprendido a progresar d\u00eda a d\u00eda al lado de mis hijos y de mis vecinos y amigos que se han convertido en mi familia y con los que convivo d\u00eda a d\u00eda.&lt;\/p&gt;\t\t\t\t\t\t\t\t\t\t\t\t&lt;a href=&quot;&quot;&gt;Efectos del proyecto en la vida familiar&lt;\/a&gt;\t\t\t\t\t&lt;p style=&quot;text-align: justify;&quot;&gt;Yo le agradezco a la OIM, FOMIPYME Y COMFENALCO, por haberme tenido en cuenta, cuando me tuvieron en cuenta para el proyecto, comenc\u00e9 con un negocio peque\u00f1o de hojaldras y empanadas y con el proyecto pude hacer mis sue\u00f1os realidad, pues quer\u00eda un negocio de arpas y combinarlo con lo que hacia antes, pude comprar un molino que es muy funcional, me sirve mucho, aprend\u00ed a llevar mi negocio y adem\u00e1s aprend\u00ed a entender a mis hijos y mejorar la relaci\u00f3n con los dem\u00e1s, aprend\u00ed a\u00a0 expresarme, darme a conocer y tener algo propio que es lo mas importante.&lt;\/p&gt;&lt;p style=&quot;text-align: justify;&quot;&gt;Con mi negocio puedo mantener a mis hijos, estar siempre con ellos, tener mis propias cosas y ampliar mi negocio como siempre so\u00f1\u00e9. Con el proyecto pude fortalecer el negocio, uni\u00f3 a mi familia pues todos trabajamos juntos y las ganancias las destino unas para el ahorro y otras para reinvertir.&lt;\/p&gt;\" data-e-action-hash=\"#elementor-action%3Aaction%3Dlightbox%26settings%3DeyJpZCI6NjEwMTkwLCJ1cmwiOmZhbHNlLCJzbGlkZXNob3ciOiJkZTg3NDU1In0%3D\"><figure class=\"swiper-slide-inner\"><img decoding=\"async\" class=\"swiper-slide-image lazyload\" data-src=\"https:\/\/test.comfenalcovalle.com.co\/wp-content\/uploads\/2023\/10\/hotel-yanaconas-20-min.jpg\" alt=\"\" src=\"data:image\/svg+xml;base64,PHN2ZyB3aWR0aD0iMSIgaGVpZ2h0PSIxIiB4bWxucz0iaHR0cDovL3d3dy53My5vcmcvMjAwMC9zdmciPjwvc3ZnPg==\" \/><\/figure><\/a><\/div><div class=\"swiper-slide\" role=\"group\" aria-roledescription=\"slide\" aria-label=\"17 of 18\"><a data-elementor-open-lightbox=\"yes\" data-elementor-lightbox-slideshow=\"de87455\" data-elementor-lightbox-title=\"Historia de vida Jackeline Gonz\u00e1lez\" data-elementor-lightbox-description=\"&lt;img width=&quot;220&quot; height=&quot;233&quot; src=&quot;https:\/\/test.comfenalcovalle.com.co\/wp-content\/uploads\/2021\/10\/jackeline.jpeg&quot; alt=&quot;jackeline&quot; loading=&quot;lazy&quot; srcset=&quot;https:\/\/test.comfenalcovalle.com.co\/wp-content\/uploads\/2021\/10\/jackeline.jpeg 220w, https:\/\/test.comfenalcovalle.com.co\/wp-content\/uploads\/2021\/10\/jackeline-11x12.jpeg 11w&quot; sizes=&quot;(max-width: 220px) 100vw, 220px&quot; \/&gt;\t\t\t\t\t\t\t\t\t\t\t\t\t\t\t\t&lt;a href=&quot;https:\/\/test.comfenalcovalle.com.co\/&quot; rel=&quot;home&quot; title=&quot;Comfenalco Valle Delagente&quot;&gt;Comfenalco Valle Delagente&lt;\/a&gt;\t\t\t&lt;h2&gt;PROYECTO VA0011&lt;\/h2&gt;\t\t\t\t&lt;p&gt;Aporte en la atenci\u00f3n integral y en la generaci\u00f3n de ingresos de 150 familias desplazadas del \u00e1rea urbana del municipio de Cali.&lt;\/p&gt;\t\t\t\t\t\t\t\t\t\t\t&lt;a href=&quot;&quot;&gt;Descripci\u00f3n:&lt;\/a&gt;\t\t\t\t\t\t\t\t\tDescripci\u00f3n:\t\t\t\t\t&lt;p style=&quot;text-align: justify;&quot;&gt;Arlen es una mujer de 31 a\u00f1os, madre de 4 hijos y trabajadora incansable, es una mujer afrocolombiana con una historia en la que concurren tristezas y alegr\u00edas, aunque ella dice que han sido mas las tristezas, a trav\u00e9s de su sentido del humor, su carisma y el deseo de superarse la alimentan todos los d\u00edas y la hacen una mujer fuerte y una l\u00edder de su comunidad a la que le aporta d\u00eda a d\u00eda, por la que lucha, sue\u00f1a y piensa.&lt;\/p&gt;&lt;p style=&quot;text-align: justify;&quot;&gt;Su vida transcurre entre la atenci\u00f3n su unidad de negocio, con este prop\u00f3sito todos los d\u00edas sale y vende a diario arepas a toda su comunidad, dice que su negocio es conocido en el barrio y que gracias al amor que le coloca a la comida que prepara la gente acude a su negocio y nunca deja de vender.&lt;\/p&gt;&lt;p style=&quot;text-align: justify;&quot;&gt;Es una mujer receptiva, din\u00e1mica, con capacidad para escuchar a los dem\u00e1s, emprendedora, y creativa. Considera que todo lo que ha pasado en la vida la ha fortalecido y le ha ense\u00f1ado a luchar y jam\u00e1s rendirse a lo que se considera un obst\u00e1culo y que ella ve como un desafi\u00f3.&lt;\/p&gt;\t\t\t\t\t\t\t\t\t\t\t\t&lt;a href=&quot;&quot;&gt;Lugar de Procedencia:&lt;\/a&gt;\t\t\t\t\t&lt;p style=&quot;text-align: justify;&quot;&gt;Yo vengo de Buenaventura,\u00a0 me desplace hace algunos a\u00f1os a ra\u00edz de la violencia de los grupos ilegales,\u00a0 sal\u00ed de L\u00f3pez de Micay con p\u00e1nico y tristeza, perd\u00ed a mucha gente, entre esas mi papa y algunas compa\u00f1eras de trabajo sin embargo todo esto me ha hecho fuerte y ahora aunque no comprendo porque siempre estoy en alg\u00fan lugar violento, yo salgo adelante y no me dejo derribar.&lt;br \/&gt;Recuerdo que era un lugar muy agradable para vivir y de pronto se convirti\u00f3 en un infierno, luego llegue a Cali y tuve mis hijos y tuve que pasar muchas dificultades y recurr\u00ed a una invasi\u00f3n en el Jarillon y de ah\u00ed me reubicaron en Potrero Grande y aqu\u00ed me ha tocado vivir entre la violencia y la tristeza, pero hay d\u00edas hermosos y por eso estoy aqu\u00ed como aquellos d\u00edas cuando nos unimos como comunidad, los d\u00edas en que llega trabajo para los muchachos del barrio o los d\u00edas que juegan los torneos de f\u00fatbol y todos participamos, esos d\u00edas la vida es tranquila y es agradable saber que luchamos por un futuro mejor.&lt;\/p&gt;\t\t\t\t\t\t\t\t\t\t\t\t&lt;a href=&quot;&quot;&gt;Historia de la familia&lt;\/a&gt;\t\t\t\t\t&lt;p style=&quot;text-align: justify;&quot;&gt;Yo vivo con mis hijos, mi esposo no esta con nosotros pero esta pendiente de mis hijos y de mi, lucho todos los d\u00edas en mi casa educando a mis hijos e inculc\u00e1ndoles que deben estudiar para que salgan adelante. Aprendo de ellos todos los d\u00edas.\u00a0 Con el resto de mi familia me veo muy poco pero he aprendido a progresar d\u00eda a d\u00eda al lado de mis hijos y de mis vecinos y amigos que se han convertido en mi familia y con los que convivo d\u00eda a d\u00eda.&lt;\/p&gt;\t\t\t\t\t\t\t\t\t\t\t\t&lt;a href=&quot;&quot;&gt;Efectos del proyecto en la vida familiar&lt;\/a&gt;\t\t\t\t\t&lt;p style=&quot;text-align: justify;&quot;&gt;Yo le agradezco a la OIM, FOMIPYME Y COMFENALCO, por haberme tenido en cuenta, cuando me tuvieron en cuenta para el proyecto, comenc\u00e9 con un negocio peque\u00f1o de hojaldras y empanadas y con el proyecto pude hacer mis sue\u00f1os realidad, pues quer\u00eda un negocio de arpas y combinarlo con lo que hacia antes, pude comprar un molino que es muy funcional, me sirve mucho, aprend\u00ed a llevar mi negocio y adem\u00e1s aprend\u00ed a entender a mis hijos y mejorar la relaci\u00f3n con los dem\u00e1s, aprend\u00ed a\u00a0 expresarme, darme a conocer y tener algo propio que es lo mas importante.&lt;\/p&gt;&lt;p style=&quot;text-align: justify;&quot;&gt;Con mi negocio puedo mantener a mis hijos, estar siempre con ellos, tener mis propias cosas y ampliar mi negocio como siempre so\u00f1\u00e9. Con el proyecto pude fortalecer el negocio, uni\u00f3 a mi familia pues todos trabajamos juntos y las ganancias las destino unas para el ahorro y otras para reinvertir.&lt;\/p&gt;\" data-e-action-hash=\"#elementor-action%3Aaction%3Dlightbox%26settings%3DeyJpZCI6NjEwMTkxLCJ1cmwiOmZhbHNlLCJzbGlkZXNob3ciOiJkZTg3NDU1In0%3D\"><figure class=\"swiper-slide-inner\"><img decoding=\"async\" class=\"swiper-slide-image lazyload\" data-src=\"https:\/\/test.comfenalcovalle.com.co\/wp-content\/uploads\/2023\/10\/hotel-yanaconas-21-min.jpg\" alt=\"\" src=\"data:image\/svg+xml;base64,PHN2ZyB3aWR0aD0iMSIgaGVpZ2h0PSIxIiB4bWxucz0iaHR0cDovL3d3dy53My5vcmcvMjAwMC9zdmciPjwvc3ZnPg==\" \/><\/figure><\/a><\/div><div class=\"swiper-slide\" role=\"group\" aria-roledescription=\"slide\" aria-label=\"18 of 18\"><a data-elementor-open-lightbox=\"yes\" data-elementor-lightbox-slideshow=\"de87455\" data-elementor-lightbox-title=\"Lista de proyectos\" data-elementor-lightbox-description=\"&lt;img width=&quot;1920&quot; height=&quot;1080&quot; src=&quot;https:\/\/test.comfenalcovalle.com.co\/wp-content\/uploads\/2020\/11\/subsidio-de-servicios-1-1.jpg&quot; alt=&quot;subsidio-de-servicios-&quot; loading=&quot;lazy&quot; srcset=&quot;https:\/\/test.comfenalcovalle.com.co\/wp-content\/uploads\/2020\/11\/subsidio-de-servicios-1-1.jpg 1920w, https:\/\/test.comfenalcovalle.com.co\/wp-content\/uploads\/2020\/11\/subsidio-de-servicios-1-1-300x169.jpg 300w, https:\/\/test.comfenalcovalle.com.co\/wp-content\/uploads\/2020\/11\/subsidio-de-servicios-1-1-768x432.jpg 768w, https:\/\/test.comfenalcovalle.com.co\/wp-content\/uploads\/2020\/11\/subsidio-de-servicios-1-1-1024x576.jpg 1024w, https:\/\/test.comfenalcovalle.com.co\/wp-content\/uploads\/2020\/11\/subsidio-de-servicios-1-1-1568x882.jpg 1568w&quot; sizes=&quot;(max-width: 1920px) 100vw, 1920px&quot; \/&gt;\t\t\t\t\t\t\t\t\t\t\t\t\t\t\t\t&lt;a href=&quot;https:\/\/test.comfenalcovalle.com.co\/&quot; rel=&quot;home&quot; title=&quot;Comfenalco Valle Delagente&quot;&gt;Comfenalco Valle Delagente&lt;\/a&gt;\t\t\t&lt;h1&gt;Lista de proyectos&lt;\/h1&gt;\" data-e-action-hash=\"#elementor-action%3Aaction%3Dlightbox%26settings%3DeyJpZCI6NjEwMTI4LCJ1cmwiOmZhbHNlLCJzbGlkZXNob3ciOiJkZTg3NDU1In0%3D\"><figure class=\"swiper-slide-inner\"><img decoding=\"async\" class=\"swiper-slide-image lazyload\" data-src=\"https:\/\/test.comfenalcovalle.com.co\/wp-content\/uploads\/2023\/10\/hotel-yanaconas-13-min.jpg\" alt=\"\" src=\"data:image\/svg+xml;base64,PHN2ZyB3aWR0aD0iMSIgaGVpZ2h0PSIxIiB4bWxucz0iaHR0cDovL3d3dy53My5vcmcvMjAwMC9zdmciPjwvc3ZnPg==\" \/><\/figure><\/a><\/div>\t\t\t<\/div>\n\t\t\t\t\t\t\t\t\t\t\t\t<div class=\"elementor-swiper-button elementor-swiper-button-prev\" role=\"button\" tabindex=\"0\">\n\t\t\t\t\t\t<i aria-hidden=\"true\" class=\"eicon-chevron-left\"><\/i>\t\t\t\t\t<\/div>\n\t\t\t\t\t<div class=\"elementor-swiper-button elementor-swiper-button-next\" role=\"button\" tabindex=\"0\">\n\t\t\t\t\t\t<i aria-hidden=\"true\" class=\"eicon-chevron-right\"><\/i>\t\t\t\t\t<\/div>\n\t\t\t\t\n\t\t\t\t\t\t\t\t\t<\/div>\n\t\t\t\t\t\t<\/div>\n\t\t\t\t<\/div>\n\t\t\t\t<div class=\"elementor-element elementor-element-190eb50 elementor-widget elementor-widget-image\" data-id=\"190eb50\" data-element_type=\"widget\" data-widget_type=\"image.default\">\n\t\t\t\t<div class=\"elementor-widget-container\">\n\t\t\t\t\t\t\t\t\t\t\t\t\t\t\t<img decoding=\"async\" data-src=\"https:\/\/test.comfenalcovalle.com.co\/wp-content\/uploads\/2023\/10\/logo-turismo-sostenible.png\" title=\"\" alt=\"\" src=\"data:image\/svg+xml;base64,PHN2ZyB3aWR0aD0iMSIgaGVpZ2h0PSIxIiB4bWxucz0iaHR0cDovL3d3dy53My5vcmcvMjAwMC9zdmciPjwvc3ZnPg==\" class=\"lazyload\" \/>\t\t\t\t\t\t\t\t\t\t\t\t\t\t\t<\/div>\n\t\t\t\t<\/div>\n\t\t\t\t\t<\/div>\n\t\t<\/div>\n\t\t\t\t\t<\/div>\n\t\t<\/section>\n\t\t\t\t\t<\/div>\n\t\t<\/div>\n\t\t\t\t\t<\/div>\n\t\t<\/section>\n\t\t\t\t<section class=\"elementor-section elementor-top-section elementor-element elementor-element-326cafc elementor-section-full_width elementor-section-height-default elementor-section-height-default\" data-id=\"326cafc\" data-element_type=\"section\">\n\t\t\t\t\t\t<div class=\"elementor-container elementor-column-gap-no\">\n\t\t\t\t\t<div class=\"elementor-column elementor-col-100 elementor-top-column elementor-element elementor-element-e5f710b\" data-id=\"e5f710b\" data-element_type=\"column\">\n\t\t\t<div class=\"elementor-widget-wrap elementor-element-populated\">\n\t\t\t\t\t\t<div class=\"elementor-element elementor-element-ffb465e elementor-widget elementor-widget-shortcode\" data-id=\"ffb465e\" data-element_type=\"widget\" data-widget_type=\"shortcode.default\">\n\t\t\t\t<div class=\"elementor-widget-container\">\n\t\t\t\t\t\t\t<div class=\"elementor-shortcode\">\t\t<div data-elementor-type=\"footer\" data-elementor-id=\"620428\" class=\"elementor elementor-620428\" data-elementor-post-type=\"elementor_library\">\n\t\t\t\t\t<section class=\"elementor-section elementor-top-section elementor-element elementor-element-1d4c069 elementor-section-boxed elementor-section-height-default elementor-section-height-default\" data-id=\"1d4c069\" data-element_type=\"section\">\n\t\t\t\t\t\t<div class=\"elementor-container elementor-column-gap-default\">\n\t\t\t\t\t<div class=\"elementor-column elementor-col-100 elementor-top-column elementor-element elementor-element-4a37fd4\" data-id=\"4a37fd4\" data-element_type=\"column\">\n\t\t\t<div class=\"elementor-widget-wrap\">\n\t\t\t\t\t\t\t<\/div>\n\t\t<\/div>\n\t\t\t\t\t<\/div>\n\t\t<\/section>\n\t\t\t\t<section class=\"elementor-section elementor-top-section elementor-element elementor-element-90f0205 elementor-section-full_width elementor-section-height-default elementor-section-height-default\" data-id=\"90f0205\" data-element_type=\"section\" data-settings=\"{&quot;background_background&quot;:&quot;classic&quot;}\">\n\t\t\t\t\t\t\t<div class=\"elementor-background-overlay\"><\/div>\n\t\t\t\t\t\t\t<div class=\"elementor-container elementor-column-gap-default\">\n\t\t\t\t\t<div class=\"elementor-column elementor-col-100 elementor-top-column elementor-element elementor-element-708ca63\" data-id=\"708ca63\" data-element_type=\"column\">\n\t\t\t<div class=\"elementor-widget-wrap elementor-element-populated\">\n\t\t\t\t\t\t<section class=\"elementor-section elementor-inner-section elementor-element elementor-element-c4930a4 elementor-section-boxed elementor-section-height-default elementor-section-height-default\" data-id=\"c4930a4\" data-element_type=\"section\" data-settings=\"{&quot;background_background&quot;:&quot;classic&quot;}\">\n\t\t\t\t\t\t<div class=\"elementor-container elementor-column-gap-default\">\n\t\t\t\t\t<div class=\"elementor-column elementor-col-100 elementor-inner-column elementor-element elementor-element-465b09e\" data-id=\"465b09e\" data-element_type=\"column\">\n\t\t\t<div class=\"elementor-widget-wrap elementor-element-populated\">\n\t\t\t\t\t\t<div class=\"elementor-element elementor-element-bcd5567 elementor-widget elementor-widget-heading\" data-id=\"bcd5567\" data-element_type=\"widget\" data-widget_type=\"heading.default\">\n\t\t\t\t<div class=\"elementor-widget-container\">\n\t\t\t\t\t<p class=\"elementor-heading-title elementor-size-small\">COMFENALCO VALLE DELAGENTE IS COMMITTED TO PROTECTING MINORS FROM ALL TYPES OF SEXUAL EXPLOITATION AND VIOLENCE (ARTICLE 16, LAW 679 OF 2001) Ministry of Environment, Housing and Territorial Development, entity that sets social housing policies.<\/p>\t\t\t\t<\/div>\n\t\t\t\t<\/div>\n\t\t\t\t<div class=\"elementor-element elementor-element-77055f1 elementor-widget__width-auto elementor-widget-mobile__width-auto elementor-fixed elementor-hidden-desktop elementor-hidden-tablet elementor-hidden-mobile elementor-invisible elementor-widget elementor-widget-button\" data-id=\"77055f1\" data-element_type=\"widget\" data-settings=\"{&quot;_animation&quot;:&quot;fadeInRight&quot;,&quot;_position&quot;:&quot;fixed&quot;}\" data-widget_type=\"button.default\">\n\t\t\t\t<div class=\"elementor-widget-container\">\n\t\t\t\t\t\t\t\t\t<div class=\"elementor-button-wrapper\">\n\t\t\t\t\t<a class=\"elementor-button elementor-button-link elementor-size-md\" href=\"https:\/\/cutt.ly\/Landing-App\" target=\"_blank\" rel=\"nofollow\">\n\t\t\t\t\t\t<span class=\"elementor-button-content-wrapper\">\n\t\t\t\t\t\t<span class=\"elementor-button-icon\">\n\t\t\t\t<i aria-hidden=\"true\" class=\"fas fa-mobile-alt\"><\/i>\t\t\t<\/span>\n\t\t\t\t\t\t\t\t\t<span class=\"elementor-button-text\">RESERVA EN LINEA - APP DELAGENTE<\/span>\n\t\t\t\t\t<\/span>\n\t\t\t\t\t<\/a>\n\t\t\t\t<\/div>\n\t\t\t\t\t\t\t\t<\/div>\n\t\t\t\t<\/div>\n\t\t\t\t\t<\/div>\n\t\t<\/div>\n\t\t\t\t\t<\/div>\n\t\t<\/section>\n\t\t\t\t<section class=\"elementor-section elementor-inner-section elementor-element elementor-element-8fd80a8 elementor-section-content-middle elementor-section-boxed elementor-section-height-default elementor-section-height-default\" data-id=\"8fd80a8\" data-element_type=\"section\">\n\t\t\t\t\t\t<div class=\"elementor-container elementor-column-gap-default\">\n\t\t\t\t\t<div class=\"elementor-column elementor-col-33 elementor-inner-column elementor-element elementor-element-8b5004e\" data-id=\"8b5004e\" data-element_type=\"column\">\n\t\t\t<div class=\"elementor-widget-wrap elementor-element-populated\">\n\t\t\t\t\t\t<div class=\"elementor-element elementor-element-e4dd45c elementor-widget elementor-widget-image\" data-id=\"e4dd45c\" data-element_type=\"widget\" data-widget_type=\"image.default\">\n\t\t\t\t<div class=\"elementor-widget-container\">\n\t\t\t\t\t\t\t\t\t\t\t\t\t\t\t<img decoding=\"async\" width=\"800\" height=\"334\" data-src=\"https:\/\/test.comfenalcovalle.com.co\/wp-content\/uploads\/2024\/07\/LOGO-CVD_Blanco-2048x855-1-1024x428.png\" class=\"attachment-large size-large wp-image-647513 lazyload\" alt=\"\" data-srcset=\"https:\/\/test.comfenalcovalle.com.co\/wp-content\/uploads\/2024\/07\/LOGO-CVD_Blanco-2048x855-1-1024x428.png 1024w, https:\/\/test.comfenalcovalle.com.co\/wp-content\/uploads\/2024\/07\/LOGO-CVD_Blanco-2048x855-1-300x125.png 300w, https:\/\/test.comfenalcovalle.com.co\/wp-content\/uploads\/2024\/07\/LOGO-CVD_Blanco-2048x855-1-768x321.png 768w, https:\/\/test.comfenalcovalle.com.co\/wp-content\/uploads\/2024\/07\/LOGO-CVD_Blanco-2048x855-1-1536x641.png 1536w, https:\/\/test.comfenalcovalle.com.co\/wp-content\/uploads\/2024\/07\/LOGO-CVD_Blanco-2048x855-1-18x8.png 18w, https:\/\/test.comfenalcovalle.com.co\/wp-content\/uploads\/2024\/07\/LOGO-CVD_Blanco-2048x855-1.png 2048w\" data-sizes=\"(max-width: 800px) 100vw, 800px\" src=\"data:image\/svg+xml;base64,PHN2ZyB3aWR0aD0iMSIgaGVpZ2h0PSIxIiB4bWxucz0iaHR0cDovL3d3dy53My5vcmcvMjAwMC9zdmciPjwvc3ZnPg==\" style=\"--smush-placeholder-width: 800px; --smush-placeholder-aspect-ratio: 800\/334;\" \/>\t\t\t\t\t\t\t\t\t\t\t\t\t\t\t<\/div>\n\t\t\t\t<\/div>\n\t\t\t\t<div class=\"elementor-element elementor-element-20014c9 elementor-widget elementor-widget-heading\" data-id=\"20014c9\" data-element_type=\"widget\" data-widget_type=\"heading.default\">\n\t\t\t\t<div class=\"elementor-widget-container\">\n\t\t\t\t\t<h4 class=\"elementor-heading-title elementor-size-medium\"><a href=\"https:\/\/test.comfenalcovalle.com.co\/en\/corporativo\/quienes-somos\/politica-de-tratamiento-de-la-informacion\/\" target=\"_blank\" rel=\"nofollow\">Pol\u00edticas de tratamiento de informaci\u00f3n<\/a><\/h4>\t\t\t\t<\/div>\n\t\t\t\t<\/div>\n\t\t\t\t\t<\/div>\n\t\t<\/div>\n\t\t\t\t<div class=\"elementor-column elementor-col-66 elementor-inner-column elementor-element elementor-element-66203f4\" data-id=\"66203f4\" data-element_type=\"column\">\n\t\t\t<div class=\"elementor-widget-wrap elementor-element-populated\">\n\t\t\t\t\t\t<div class=\"elementor-element elementor-element-be244df elementor-widget__width-auto elementor-widget elementor-widget-image\" data-id=\"be244df\" data-element_type=\"widget\" data-widget_type=\"image.default\">\n\t\t\t\t<div class=\"elementor-widget-container\">\n\t\t\t\t\t\t\t\t\t\t\t\t\t\t\t<img decoding=\"async\" width=\"708\" height=\"196\" data-src=\"https:\/\/test.comfenalcovalle.com.co\/wp-content\/uploads\/2023\/12\/logo-turismo-sostenible.png\" class=\"attachment-full size-full wp-image-620436 lazyload\" alt=\"\" data-srcset=\"https:\/\/test.comfenalcovalle.com.co\/wp-content\/uploads\/2023\/12\/logo-turismo-sostenible.png 708w, https:\/\/test.comfenalcovalle.com.co\/wp-content\/uploads\/2023\/12\/logo-turismo-sostenible-300x83.png 300w, https:\/\/test.comfenalcovalle.com.co\/wp-content\/uploads\/2023\/12\/logo-turismo-sostenible-18x5.png 18w\" data-sizes=\"(max-width: 708px) 100vw, 708px\" src=\"data:image\/svg+xml;base64,PHN2ZyB3aWR0aD0iMSIgaGVpZ2h0PSIxIiB4bWxucz0iaHR0cDovL3d3dy53My5vcmcvMjAwMC9zdmciPjwvc3ZnPg==\" style=\"--smush-placeholder-width: 708px; --smush-placeholder-aspect-ratio: 708\/196;\" \/>\t\t\t\t\t\t\t\t\t\t\t\t\t\t\t<\/div>\n\t\t\t\t<\/div>\n\t\t\t\t<div class=\"elementor-element elementor-element-ea7df86 elementor-widget elementor-widget-heading\" data-id=\"ea7df86\" data-element_type=\"widget\" data-widget_type=\"heading.default\">\n\t\t\t\t<div class=\"elementor-widget-container\">\n\t\t\t\t\t<h4 class=\"elementor-heading-title elementor-size-medium\">S\u00edguenos en nuestras redes sociales<\/h4>\t\t\t\t<\/div>\n\t\t\t\t<\/div>\n\t\t\t\t<div class=\"elementor-element elementor-element-a9cdfbf elementor-view-stacked elementor-widget__width-auto elementor-shape-circle elementor-widget elementor-widget-icon\" data-id=\"a9cdfbf\" data-element_type=\"widget\" data-widget_type=\"icon.default\">\n\t\t\t\t<div class=\"elementor-widget-container\">\n\t\t\t\t\t\t\t<div class=\"elementor-icon-wrapper\">\n\t\t\t<a class=\"elementor-icon elementor-animation-grow\" href=\"https:\/\/www.facebook.com\/ComfenalcoValle\/\" target=\"_blank\" rel=\"nofollow\">\n\t\t\t<i aria-hidden=\"true\" class=\"fab fa-facebook-f\"><\/i>\t\t\t<\/a>\n\t\t<\/div>\n\t\t\t\t\t\t<\/div>\n\t\t\t\t<\/div>\n\t\t\t\t<div class=\"elementor-element elementor-element-3f74c4f elementor-view-stacked elementor-widget__width-auto elementor-shape-circle elementor-widget elementor-widget-icon\" data-id=\"3f74c4f\" data-element_type=\"widget\" data-widget_type=\"icon.default\">\n\t\t\t\t<div class=\"elementor-widget-container\">\n\t\t\t\t\t\t\t<div class=\"elementor-icon-wrapper\">\n\t\t\t<a class=\"elementor-icon elementor-animation-grow\" href=\"https:\/\/twitter.com\/comfenalcovalle?lang=es\" target=\"_blank\" rel=\"nofollow\">\n\t\t\t<svg xmlns=\"http:\/\/www.w3.org\/2000\/svg\" id=\"Layer_1\" data-name=\"Layer 1\" viewbox=\"0 0 1187.92 1215.59\"><defs><style>      .cls-1 {        fill: #e00375;      }    <\/style><\/defs><path class=\"cls-1\" d=\"m1102.6,1091.59l-398.04-578.26-45-65.4L374.83,34.28,351.24,0H1.37l85.33,124,378.58,550.06,45,65.33,304.18,441.96,23.6,34.25h349.87l-85.33-124Zm-222.96,44.86l-316.02-459.15-45-65.36L151.91,79.14h157.74l296.56,430.88,45,65.36,386.17,561.06h-157.74Z\"><\/path><polygon class=\"cls-1\" points=\"518.62 611.93 563.62 677.29 510.27 739.38 100.94 1215.59 0 1215.59 465.27 674.05 518.62 611.93\"><\/polygon><polygon class=\"cls-1\" points=\"1145.8 0 704.56 513.33 651.21 575.38 606.21 510.02 659.56 447.93 958.45 100.04 1044.86 0 1145.8 0\"><\/polygon><\/svg>\t\t\t<\/a>\n\t\t<\/div>\n\t\t\t\t\t\t<\/div>\n\t\t\t\t<\/div>\n\t\t\t\t<div class=\"elementor-element elementor-element-bfd9fa5 elementor-view-stacked elementor-widget__width-auto elementor-shape-circle elementor-widget elementor-widget-icon\" data-id=\"bfd9fa5\" data-element_type=\"widget\" data-widget_type=\"icon.default\">\n\t\t\t\t<div class=\"elementor-widget-container\">\n\t\t\t\t\t\t\t<div class=\"elementor-icon-wrapper\">\n\t\t\t<a class=\"elementor-icon elementor-animation-grow\" href=\"https:\/\/www.youtube.com\/user\/ComfenalcoValle\" target=\"_blank\" rel=\"nofollow\">\n\t\t\t<i aria-hidden=\"true\" class=\"fab fa-youtube\"><\/i>\t\t\t<\/a>\n\t\t<\/div>\n\t\t\t\t\t\t<\/div>\n\t\t\t\t<\/div>\n\t\t\t\t<div class=\"elementor-element elementor-element-47229d8 elementor-view-stacked elementor-widget__width-auto elementor-shape-circle elementor-widget elementor-widget-icon\" data-id=\"47229d8\" data-element_type=\"widget\" data-widget_type=\"icon.default\">\n\t\t\t\t<div class=\"elementor-widget-container\">\n\t\t\t\t\t\t\t<div class=\"elementor-icon-wrapper\">\n\t\t\t<a class=\"elementor-icon elementor-animation-grow\" href=\"https:\/\/www.instagram.com\/comfenalcovalle\/\" target=\"_blank\" rel=\"nofollow\">\n\t\t\t<i aria-hidden=\"true\" class=\"fab fa-instagram\"><\/i>\t\t\t<\/a>\n\t\t<\/div>\n\t\t\t\t\t\t<\/div>\n\t\t\t\t<\/div>\n\t\t\t\t<div class=\"elementor-element elementor-element-64bf093 elementor-view-stacked elementor-widget__width-auto elementor-shape-circle elementor-widget elementor-widget-icon\" data-id=\"64bf093\" data-element_type=\"widget\" data-widget_type=\"icon.default\">\n\t\t\t\t<div class=\"elementor-widget-container\">\n\t\t\t\t\t\t\t<div class=\"elementor-icon-wrapper\">\n\t\t\t<a class=\"elementor-icon elementor-animation-grow\" href=\"https:\/\/open.spotify.com\/episode\/0ZR8EjCewD3jTNZ5eGFnzG?si=PjJhc4KzSfiDE4fJ4bDO3A&#038;nd=1\" target=\"_blank\" rel=\"nofollow\">\n\t\t\t<i aria-hidden=\"true\" class=\"fab fa-spotify\"><\/i>\t\t\t<\/a>\n\t\t<\/div>\n\t\t\t\t\t\t<\/div>\n\t\t\t\t<\/div>\n\t\t\t\t<div class=\"elementor-element elementor-element-e57c8d8 elementor-view-stacked elementor-widget__width-auto elementor-shape-circle elementor-widget elementor-widget-icon\" data-id=\"e57c8d8\" data-element_type=\"widget\" data-widget_type=\"icon.default\">\n\t\t\t\t<div class=\"elementor-widget-container\">\n\t\t\t\t\t\t\t<div class=\"elementor-icon-wrapper\">\n\t\t\t<a class=\"elementor-icon elementor-animation-grow\" href=\"https:\/\/www.linkedin.com\/company\/comfenalco-valle-delagente?originalSubdomain=co\" target=\"_blank\" rel=\"nofollow\">\n\t\t\t<i aria-hidden=\"true\" class=\"fab fa-linkedin\"><\/i>\t\t\t<\/a>\n\t\t<\/div>\n\t\t\t\t\t\t<\/div>\n\t\t\t\t<\/div>\n\t\t\t\t<div class=\"elementor-element elementor-element-bb7abf5 elementor-view-stacked elementor-widget__width-auto elementor-shape-circle elementor-widget elementor-widget-icon\" data-id=\"bb7abf5\" data-element_type=\"widget\" data-widget_type=\"icon.default\">\n\t\t\t\t<div class=\"elementor-widget-container\">\n\t\t\t\t\t\t\t<div class=\"elementor-icon-wrapper\">\n\t\t\t<a class=\"elementor-icon elementor-animation-grow\" href=\"https:\/\/www.tiktok.com\/@comfenalcovalle?is_from_webapp=1&#038;sender_device=pc\" target=\"_blank\" rel=\"nofollow\">\n\t\t\t<svg xmlns=\"http:\/\/www.w3.org\/2000\/svg\" id=\"Capa_1\" height=\"512\" viewbox=\"0 0 512 512\" width=\"512\"><g><path d=\"m480.32 128.39c-29.22 0-56.18-9.68-77.83-26.01-24.83-18.72-42.67-46.18-48.97-77.83-1.56-7.82-2.4-15.89-2.48-24.16h-83.47v228.08l-.1 124.93c0 33.4-21.75 61.72-51.9 71.68-8.75 2.89-18.2 4.26-28.04 3.72-12.56-.69-24.33-4.48-34.56-10.6-21.77-13.02-36.53-36.64-36.93-63.66-.63-42.23 33.51-76.66 75.71-76.66 8.33 0 16.33 1.36 23.82 3.83v-62.34-22.41c-7.9-1.17-15.94-1.78-24.07-1.78-46.19 0-89.39 19.2-120.27 53.79-23.34 26.14-37.34 59.49-39.5 94.46-2.83 45.94 13.98 89.61 46.58 121.83 4.79 4.73 9.82 9.12 15.08 13.17 27.95 21.51 62.12 33.17 98.11 33.17 8.13 0 16.17-.6 24.07-1.77 33.62-4.98 64.64-20.37 89.12-44.57 30.08-29.73 46.7-69.2 46.88-111.21l-.43-186.56c14.35 11.07 30.04 20.23 46.88 27.34 26.19 11.05 53.96 16.65 82.54 16.64v-60.61-22.49c.02.02-.22.02-.24.02z\"><\/path><\/g><\/svg>\t\t\t<\/a>\n\t\t<\/div>\n\t\t\t\t\t\t<\/div>\n\t\t\t\t<\/div>\n\t\t\t\t\t<\/div>\n\t\t<\/div>\n\t\t\t\t\t<\/div>\n\t\t<\/section>\n\t\t\t\t<section class=\"elementor-section elementor-inner-section elementor-element elementor-element-afe4a85 elementor-section-boxed elementor-section-height-default elementor-section-height-default\" data-id=\"afe4a85\" data-element_type=\"section\" data-settings=\"{&quot;background_background&quot;:&quot;classic&quot;}\">\n\t\t\t\t\t\t<div class=\"elementor-container elementor-column-gap-default\">\n\t\t\t\t\t<div class=\"elementor-column elementor-col-50 elementor-inner-column elementor-element elementor-element-b854bd5\" data-id=\"b854bd5\" data-element_type=\"column\">\n\t\t\t<div class=\"elementor-widget-wrap elementor-element-populated\">\n\t\t\t\t\t\t<div class=\"elementor-element elementor-element-6aa6eef elementor-widget elementor-widget-heading\" data-id=\"6aa6eef\" data-element_type=\"widget\" data-widget_type=\"heading.default\">\n\t\t\t\t<div class=\"elementor-widget-container\">\n\t\t\t\t\t<span class=\"elementor-heading-title elementor-size-small\">2024 \u00a9 Comfenalco Valle Delagente <\/span>\t\t\t\t<\/div>\n\t\t\t\t<\/div>\n\t\t\t\t\t<\/div>\n\t\t<\/div>\n\t\t\t\t<div class=\"elementor-column elementor-col-50 elementor-inner-column elementor-element elementor-element-46d4472\" data-id=\"46d4472\" data-element_type=\"column\">\n\t\t\t<div class=\"elementor-widget-wrap\">\n\t\t\t\t\t\t\t<\/div>\n\t\t<\/div>\n\t\t\t\t\t<\/div>\n\t\t<\/section>\n\t\t\t\t\t<\/div>\n\t\t<\/div>\n\t\t\t\t\t<\/div>\n\t\t<\/section>\n\t\t<div class=\"elementor-element elementor-element-7a0360b e-con-full e-flex e-con e-child\" data-id=\"7a0360b\" data-element_type=\"container\">\n\t\t<div class=\"elementor-element elementor-element-026761e e-con-full e-flex e-con e-child\" data-id=\"026761e\" data-element_type=\"container\" data-settings=\"{&quot;background_background&quot;:&quot;classic&quot;,&quot;position&quot;:&quot;fixed&quot;}\">\n\t\t\t\t<div class=\"elementor-element elementor-element-0f1c48e elementor-widget elementor-widget-hotspot\" data-id=\"0f1c48e\" data-element_type=\"widget\" data-settings=\"{&quot;hotspot&quot;:[{&quot;_id&quot;:&quot;8bd074c&quot;,&quot;hotspot_link&quot;:{&quot;url&quot;:&quot;&quot;,&quot;is_external&quot;:&quot;on&quot;,&quot;nofollow&quot;:&quot;&quot;,&quot;custom_attributes&quot;:&quot;&quot;},&quot;hotspot_icon&quot;:{&quot;value&quot;:{&quot;url&quot;:&quot;https:\\\/\\\/test.comfenalcovalle.com.co\\\/wp-content\\\/uploads\\\/2024\\\/11\\\/body_wh.svg&quot;,&quot;id&quot;:649824},&quot;library&quot;:&quot;svg&quot;},&quot;hotspot_tooltip_content&quot;:&quot;&lt;p&gt;Accesibilidad&lt;\\\/p&gt;&quot;,&quot;hotspot_tooltip_position&quot;:&quot;&quot;,&quot;hotspot_label&quot;:&quot;&quot;,&quot;hotspot_custom_size&quot;:&quot;no&quot;,&quot;hotspot_horizontal&quot;:&quot;left&quot;,&quot;hotspot_vertical&quot;:&quot;top&quot;,&quot;hotspot_position&quot;:null}],&quot;tooltip_position&quot;:&quot;right&quot;,&quot;tooltip_trigger&quot;:&quot;mouseenter&quot;,&quot;tooltip_animation&quot;:&quot;e-hotspot--fade-direction&quot;,&quot;hotspot_sequenced_animation&quot;:&quot;no&quot;}\" tabindex=\"0\" data-widget_type=\"hotspot.default\">\n\t\t\t\t<div class=\"elementor-widget-container\">\n\t\t\t\t\t<img decoding=\"async\" width=\"60\" height=\"60\" data-src=\"https:\/\/test.comfenalcovalle.com.co\/wp-content\/uploads\/2024\/11\/body_wh.svg\" class=\"attachment-thumbnail size-thumbnail wp-image-649824 lazyload\" alt=\"Userway icon\" src=\"data:image\/svg+xml;base64,PHN2ZyB3aWR0aD0iMSIgaGVpZ2h0PSIxIiB4bWxucz0iaHR0cDovL3d3dy53My5vcmcvMjAwMC9zdmciPjwvc3ZnPg==\" style=\"--smush-placeholder-width: 60px; --smush-placeholder-aspect-ratio: 60\/60;\" \/>\n\t\t\t\t\t\t<div class=\"e-hotspot elementor-repeater-item-8bd074c      e-hotspot--icon\">\n\n\t\t\t\t\t\t\t\t<div class=\"e-hotspot__button\">\n\t\t\t\t\t\t\t\t\t\t\t\t\t\t\t\t\t\t<div class=\"e-hotspot__icon\"><svg xmlns=\"http:\/\/www.w3.org\/2000\/svg\" xmlns:xlink=\"http:\/\/www.w3.org\/1999\/xlink\" width=\"60px\" height=\"60px\" viewbox=\"0 0 60 60\"><title>man<\/title><g id=\"Drawer\" stroke=\"none\" stroke-width=\"1\" fill=\"none\" fill-rule=\"evenodd\"><g id=\"man\" transform=\"translate(-30.000000, -30.000000)\"><g transform=\"translate(30.000000, 30.000000)\" id=\"Group-12\"><circle id=\"Oval\" cx=\"30\" cy=\"30\" r=\"30\"><\/circle><path d=\"M30,4.42857143 C44.12271,4.42857143 55.5714286,15.87729 55.5714286,30 C55.5714286,44.12271 44.12271,55.5714286 30,55.5714286 C15.87729,55.5714286 4.42857143,44.12271 4.42857143,30 C4.42857143,15.87729 15.87729,4.42857143 30,4.42857143 Z M30,6.42857143 C16.9818595,6.42857143 6.42857143,16.9818595 6.42857143,30 C6.42857143,43.0181405 16.9818595,53.5714286 30,53.5714286 C43.0181405,53.5714286 53.5714286,43.0181405 53.5714286,30 C53.5714286,16.9818595 43.0181405,6.42857143 30,6.42857143 Z M40.5936329,24.636146 C40.8208154,24.6942382 41.032297,24.8027599 41.212927,24.9537151 C41.3927444,25.1040671 41.5372605,25.2927156 41.6362456,25.506032 C41.7348561,25.7185411 41.7857143,25.9504498 41.7857143,26.1964545 C41.7780029,26.5779794 41.6395197,26.9452414 41.3935596,27.2352841 C41.1463511,27.5267988 40.8059352,27.7221149 40.4376358,27.7856619 C38.1921773,28.2017648 35.924387,28.4827808 33.6481064,28.6271294 C33.504948,28.636723 33.3651112,28.6758744 33.236922,28.7423749 C33.1082304,28.8090766 32.9940039,28.9018917 32.9011681,29.0153772 C32.8079332,29.1293505 32.7382931,29.2617886 32.6966918,29.404413 C32.6758615,29.4759144 32.6622539,29.5492793 32.6556797,29.6151616 L32.6510699,29.707205 L32.6598659,29.8496307 L32.8523035,31.5976067 C33.0926408,33.748446 33.5345387,35.8701755 34.1700609,37.9296172 L34.4174424,38.6989233 L34.6845982,39.467246 L35.9271291,42.8464114 C35.9992453,43.0440742 36.0318055,43.2541674 36.0229684,43.4645736 C36.0141278,43.6750654 35.9640303,43.8817121 35.8754594,44.0726551 C35.7867069,44.2638976 35.6611068,44.435479 35.5058759,44.5773262 C35.3501721,44.7195962 35.1677426,44.8289881 34.990022,44.8912207 C34.813373,44.9615763 34.6253467,44.9984764 34.4204191,45 C34.1147901,44.9943164 33.8175473,44.8987335 33.5650597,44.7252745 C33.4238771,44.6283171 33.2997507,44.5091367 33.1890431,44.3580526 L33.0826737,44.1959755 L33.0074053,44.0456077 L32.6901551,43.3562659 C31.8320879,41.4806152 31.0484874,39.6428286 30.3335907,37.8221303 L30.0024971,36.9627165 L29.5751047,38.0696169 C29.3403684,38.6636654 29.0998399,39.2560704 28.8536693,39.8464776 L28.4802005,40.730546 L27.9043756,42.0504488 L27.3109116,43.3600706 L27.0273167,43.9425803 C26.8810403,44.3389204 26.5849764,44.6608321 26.2034873,44.8369557 C25.8203243,45.0138521 25.3831542,45.0287926 24.9891662,44.8783588 C24.596572,44.7285499 24.2795594,44.4271943 24.1072539,44.0414047 C23.9885793,43.7756939 23.9446874,43.4836867 23.9834048,43.1768668 L24.016611,42.9910892 L24.0667666,42.8262042 L25.307875,39.4507095 C26.0439275,37.4198431 26.5851782,35.3222044 26.9239335,33.1916604 L27.0414597,32.3912301 L27.141282,31.5772235 L27.3403361,29.8381618 C27.3581635,29.6889408 27.3459492,29.5375642 27.3045081,29.3935084 C27.2630999,29.2497044 27.1934915,29.1162414 27.1000261,29.0011883 C27.0070148,28.8866944 26.8923305,28.7928596 26.7631114,28.7253145 C26.6343439,28.6580256 26.4937323,28.6181655 26.35351,28.6082966 C24.0561093,28.4626746 21.7692364,28.17737 19.5069975,27.7542651 C19.3015835,27.7165557 19.1057712,27.6379419 18.9308258,27.5230481 C18.7563857,27.408486 18.6063103,27.2602422 18.4889941,27.0867756 C18.3721069,26.9139017 18.2901967,26.7194847 18.2478998,26.5149205 C18.2055002,26.3103882 18.2034637,26.0993152 18.2403615,25.9020167 C18.2758029,25.695193 18.3515339,25.4974971 18.4633288,25.3201771 C18.5754166,25.1425366 18.7215515,24.9891682 18.8933065,24.8690391 C19.0655425,24.7486376 19.2599761,24.6643395 19.4651939,24.6211361 C19.6706526,24.577882 19.8826185,24.5767675 20.0822706,24.6166765 C26.6343689,25.8477827 33.3528511,25.8477827 39.8979716,24.6180222 C40.1283133,24.5717053 40.3659882,24.5779122 40.5936329,24.636146 Z M32.8056386,16.182956 C34.3520224,17.7551666 34.3520224,20.3006423 32.80563,21.8728616 C31.2542658,23.450066 28.7353061,23.450066 27.1840106,21.8728616 C25.6375563,20.3006489 25.6375563,17.7551599 27.1839933,16.1829647 C28.7352993,14.6056799 31.2542726,14.6056799 32.8056386,16.182956 Z\" id=\"Combined-Shape\" fill=\"#FFFFFF\" fill-rule=\"nonzero\"><\/path><\/g><\/g><\/g><\/svg><\/div>\n\t\t\t\t\t\t\t\t\t\t\t\t\t\t\t\t\t\t\t\t\t<\/div>\n\n\t\t\t\t\t\t\t\t\t\t\t\t\t\t\t\t\t\t\t<div class=\"e-hotspot__direction-mask e-hotspot--tooltip-position\">\n\t\t\t\t\t\t\t\t\t\t<div class=\"e-hotspot__tooltip   e-hotspot--fade-direction\" >\n\t\t\t\t\t\t<p>Accessibility<\/p>\t\t\t\t\t<\/div>\n\t\t\t\t\t\t\t\t\t\t\t<\/div>\n\t\t\t\t\t\t\t\t\t\n\t\t\t<\/div>\n\n\t\n\t\t\t\t\t\t<\/div>\n\t\t\t\t<\/div>\n\t\t\t\t<div class=\"elementor-element elementor-element-2d2f604 elementor-widget elementor-widget-hotspot\" data-id=\"2d2f604\" data-element_type=\"widget\" data-settings=\"{&quot;hotspot&quot;:[{&quot;_id&quot;:&quot;8bd074c&quot;,&quot;hotspot_link&quot;:{&quot;url&quot;:&quot;https:\\\/\\\/test.comfenalcovalle.com.co\\\/personas\\\/servicio-al-cliente\\\/&quot;,&quot;is_external&quot;:&quot;on&quot;,&quot;nofollow&quot;:&quot;&quot;,&quot;custom_attributes&quot;:&quot;&quot;},&quot;hotspot_icon&quot;:{&quot;value&quot;:{&quot;url&quot;:&quot;https:\\\/\\\/test.comfenalcovalle.com.co\\\/wp-content\\\/uploads\\\/2019\\\/08\\\/icono-servicio-al-cliente.svg&quot;,&quot;id&quot;:654908},&quot;library&quot;:&quot;svg&quot;},&quot;hotspot_tooltip_content&quot;:&quot;&lt;p&gt;Servicio al cliente&lt;\\\/p&gt;&quot;,&quot;hotspot_tooltip_position&quot;:&quot;&quot;,&quot;hotspot_label&quot;:&quot;&quot;,&quot;hotspot_custom_size&quot;:&quot;no&quot;,&quot;hotspot_horizontal&quot;:&quot;left&quot;,&quot;hotspot_vertical&quot;:&quot;top&quot;,&quot;hotspot_position&quot;:null}],&quot;tooltip_position&quot;:&quot;right&quot;,&quot;tooltip_trigger&quot;:&quot;mouseenter&quot;,&quot;tooltip_animation&quot;:&quot;e-hotspot--fade-direction&quot;,&quot;hotspot_sequenced_animation&quot;:&quot;no&quot;}\" data-widget_type=\"hotspot.default\">\n\t\t\t\t<div class=\"elementor-widget-container\">\n\t\t\t\t\t<img decoding=\"async\" width=\"142\" height=\"142\" data-src=\"https:\/\/test.comfenalcovalle.com.co\/wp-content\/uploads\/2024\/10\/icono-1.svg\" class=\"attachment-thumbnail size-thumbnail wp-image-647431 lazyload\" alt=\"\" src=\"data:image\/svg+xml;base64,PHN2ZyB3aWR0aD0iMSIgaGVpZ2h0PSIxIiB4bWxucz0iaHR0cDovL3d3dy53My5vcmcvMjAwMC9zdmciPjwvc3ZnPg==\" style=\"--smush-placeholder-width: 142px; --smush-placeholder-aspect-ratio: 142\/142;\" \/>\n\t\t\t\t\t\t<a class=\"e-hotspot elementor-repeater-item-8bd074c    e-hotspot--link  e-hotspot--icon\" href=\"https:\/\/test.comfenalcovalle.com.co\/en\/personas\/servicio-al-cliente\/\" target=\"_blank\">\n\n\t\t\t\t\t\t\t\t<div class=\"e-hotspot__button\">\n\t\t\t\t\t\t\t\t\t\t\t\t\t\t\t\t\t\t<div class=\"e-hotspot__icon\"><svg xmlns=\"http:\/\/www.w3.org\/2000\/svg\" viewbox=\"0 0 266.84 345.13\"><g id=\"bf9605e7-0aa8-48ac-a969-5c59a4f84a8c\" data-name=\"Capa 2\"><g id=\"bea30400-796d-4c45-a697-cbc96e66badc\" data-name=\"Capa 1\"><path d=\"M169,203.35c-3.11,12.72,4.23,18.78,13.94,23.1,12.83,5.7,26,10.78,38.63,16.8,13.56,6.44,26.33,14.24,36,26.18,9.95,12.31,11,26.39,7.37,41-1.91,7.59-7.74,12.62-14.27,16.64-11,6.78-23.22,10.05-35.73,12.4-30.18,5.67-60.73,5.9-91.27,5.54-14.82-.18-29.67-.69-44.44-1.92-18.87-1.57-37.59-4.46-55-12.61C13,325.23,3.6,317.85,1,305c-3.09-15.29,1.13-28.65,12.63-39.36a98,98,0,0,1,12.8-10.28c17.72-11.64,36.16-21.95,56-29.57a48.08,48.08,0,0,0,8.37-4.1c8.53-5.36,11-14.46,6.16-23.37a78,78,0,0,0-7-10.11c-13.6-17.65-23.44-37.07-26.55-59.29-3.28-23.36-1.82-46.12,12.43-66.23,11.31-16,27.14-24.48,46.35-27,13.91-1.83,27.63-1.09,40.78,4.21,23.35,9.41,35.95,27.56,40.66,51.57,4.77,24.32.43,47.53-9.8,69.82a6.16,6.16,0,0,1-.86,1.65c-1.91,2.16-14.7,3.77-17.37,2.46-2.2-1.09-4.57-2.43-6.92-2.52-7.43-.31-15-.84-22.31.11-10.35,1.35-17.22,11.24-16.24,21.7a20.3,20.3,0,0,0,19.82,18.69C156,203.42,162.12,203.35,169,203.35Z\"><\/path><path d=\"M216.08,163c-.28-3.73-.7-6.81-.72-9.9-.09-10.35,0-20.71-.05-31.06,0-7.22,2.34-13.12,8.54-17.28a3.87,3.87,0,0,0,1.29-3c-3.25-42.66-35.77-77.5-78.33-84C98,10.26,50.61,44.57,42.68,93.19c-.14.86-.43,1.7-.54,2.56-.54,4.46-1.49,8.56,3.73,11.79,4.4,2.73,5.5,8.13,5.51,13.31,0,11.6.2,23.21-.05,34.8-.22,10.13-7,17.5-16.2,18.38-9.91.94-18.1-4.78-20.33-14.27a18.49,18.49,0,0,1-.4-4.07c0-11.6,0-23.2,0-34.8,0-6.76,2.77-11.94,8.19-15.94a5.93,5.93,0,0,0,2.2-3.76c3.49-37.93,21.36-67.25,54.15-86.3,63.36-36.79,143-2.25,160.33,69,1.38,5.65,1.71,11.55,2.71,17.3a5.88,5.88,0,0,0,1.88,3.58c5.91,4.14,8.63,9.7,8.56,16.87-.11,11.23,0,22.46,0,33.68-.06,14-13.14,22.67-26.07,17.23a4.59,4.59,0,0,0-5,.41c-13.26,8.83-28.14,12.88-43.78,14.72-1.52.18-2.91,1.4-4.38,2.11-2.71,1.29-5.34,3.32-8.17,3.68-4.79.61-9.71.26-14.58.15a10.77,10.77,0,0,1-.72-21.5,136.93,136.93,0,0,1,16.08,0,9,9,0,0,1,5.4,2.15,7.82,7.82,0,0,0,7.31,2.21C192,174.48,204.86,170.67,216.08,163Z\"><\/path><\/g><\/g><\/svg><\/div>\n\t\t\t\t\t\t\t\t\t\t\t\t\t\t\t\t\t\t\t\t\t<\/div>\n\n\t\t\t\t\t\t\t\t\t\t\t\t\t\t\t\t\t\t\t<div class=\"e-hotspot__direction-mask e-hotspot--tooltip-position\">\n\t\t\t\t\t\t\t\t\t\t<div class=\"e-hotspot__tooltip   e-hotspot--fade-direction\" >\n\t\t\t\t\t\t<p>Customer service<\/p>\t\t\t\t\t<\/div>\n\t\t\t\t\t\t\t\t\t\t\t<\/div>\n\t\t\t\t\t\t\t\t\t\n\t\t\t<\/a>\n\n\t\n\t\t\t\t\t\t<\/div>\n\t\t\t\t<\/div>\n\t\t\t\t<div class=\"elementor-element elementor-element-520300e elementor-widget elementor-widget-hotspot\" data-id=\"520300e\" data-element_type=\"widget\" data-settings=\"{&quot;hotspot&quot;:[{&quot;_id&quot;:&quot;8bd074c&quot;,&quot;hotspot_link&quot;:{&quot;url&quot;:&quot;https:\\\/\\\/test.comfenalcovalle.com.co\\\/personas\\\/servicio-al-cliente\\\/atencion-diferencial\\\/&quot;,&quot;is_external&quot;:&quot;on&quot;,&quot;nofollow&quot;:&quot;&quot;,&quot;custom_attributes&quot;:&quot;&quot;},&quot;hotspot_icon&quot;:{&quot;value&quot;:&quot;fas fa-audio-description&quot;,&quot;library&quot;:&quot;fa-solid&quot;},&quot;hotspot_tooltip_content&quot;:&quot;&lt;p&gt;Atenci\\u00f3n diferencial&lt;\\\/p&gt;&quot;,&quot;hotspot_tooltip_position&quot;:&quot;&quot;,&quot;hotspot_label&quot;:&quot;&quot;,&quot;hotspot_custom_size&quot;:&quot;no&quot;,&quot;hotspot_horizontal&quot;:&quot;left&quot;,&quot;hotspot_vertical&quot;:&quot;top&quot;,&quot;hotspot_position&quot;:null}],&quot;tooltip_position&quot;:&quot;right&quot;,&quot;tooltip_trigger&quot;:&quot;mouseenter&quot;,&quot;tooltip_animation&quot;:&quot;e-hotspot--fade-direction&quot;,&quot;hotspot_sequenced_animation&quot;:&quot;no&quot;}\" data-widget_type=\"hotspot.default\">\n\t\t\t\t<div class=\"elementor-widget-container\">\n\t\t\t\t\t<img decoding=\"async\" width=\"142\" height=\"142\" data-src=\"https:\/\/test.comfenalcovalle.com.co\/wp-content\/uploads\/2024\/10\/icono-1.svg\" class=\"attachment-thumbnail size-thumbnail wp-image-647431 lazyload\" alt=\"\" src=\"data:image\/svg+xml;base64,PHN2ZyB3aWR0aD0iMSIgaGVpZ2h0PSIxIiB4bWxucz0iaHR0cDovL3d3dy53My5vcmcvMjAwMC9zdmciPjwvc3ZnPg==\" style=\"--smush-placeholder-width: 142px; --smush-placeholder-aspect-ratio: 142\/142;\" \/>\n\t\t\t\t\t\t<a class=\"e-hotspot elementor-repeater-item-8bd074c    e-hotspot--link  e-hotspot--icon\" href=\"https:\/\/test.comfenalcovalle.com.co\/en\/personas\/servicio-al-cliente\/atencion-diferencial\/\" target=\"_blank\">\n\n\t\t\t\t\t\t\t\t<div class=\"e-hotspot__button\">\n\t\t\t\t\t\t\t\t\t\t\t\t\t\t\t\t\t\t<div class=\"e-hotspot__icon\"><i class=\"fas fa-audio-description\"><\/i><\/div>\n\t\t\t\t\t\t\t\t\t\t\t\t\t\t\t\t\t\t\t\t\t<\/div>\n\n\t\t\t\t\t\t\t\t\t\t\t\t\t\t\t\t\t\t\t<div class=\"e-hotspot__direction-mask e-hotspot--tooltip-position\">\n\t\t\t\t\t\t\t\t\t\t<div class=\"e-hotspot__tooltip   e-hotspot--fade-direction\" >\n\t\t\t\t\t\t<p>Differential attention<\/p>\t\t\t\t\t<\/div>\n\t\t\t\t\t\t\t\t\t\t\t<\/div>\n\t\t\t\t\t\t\t\t\t\n\t\t\t<\/a>\n\n\t\n\t\t\t\t\t\t<\/div>\n\t\t\t\t<\/div>\n\t\t\t\t<div class=\"elementor-element elementor-element-fdd2c10 elementor-widget elementor-widget-shortcode\" data-id=\"fdd2c10\" data-element_type=\"widget\" data-widget_type=\"shortcode.default\">\n\t\t\t\t<div class=\"elementor-widget-container\">\n\t\t\t\t\t\t\t<div class=\"elementor-shortcode\"><div class=\"trp_language_switcher_shortcode\">\n<div class=\"trp-language-switcher trp-language-switcher-container\" data-no-translation>\n    <div class=\"trp-ls-shortcode-current-language\">\n        <a href=\"#\" class=\"trp-ls-shortcode-disabled-language trp-ls-disabled-language\" title=\"English\" onclick=\"event.preventDefault()\">\n\t\t\t<img decoding=\"async\" class=\"trp-flag-image lazyload\" data-src=\"https:\/\/test.comfenalcovalle.com.co\/wp-content\/plugins\/translatepress-multilingual\/assets\/images\/flags\/en_US.png\" width=\"18\" height=\"12\" alt=\"en_US\" title=\"English\" src=\"data:image\/svg+xml;base64,PHN2ZyB3aWR0aD0iMSIgaGVpZ2h0PSIxIiB4bWxucz0iaHR0cDovL3d3dy53My5vcmcvMjAwMC9zdmciPjwvc3ZnPg==\" style=\"--smush-placeholder-width: 18px; --smush-placeholder-aspect-ratio: 18\/12;\"> \t\t<\/a>\n    <\/div>\n    <div class=\"trp-ls-shortcode-language\">\n                <a href=\"#\" class=\"trp-ls-shortcode-disabled-language trp-ls-disabled-language\"  title=\"English\" onclick=\"event.preventDefault()\">\n\t\t\t<img decoding=\"async\" class=\"trp-flag-image lazyload\" data-src=\"https:\/\/test.comfenalcovalle.com.co\/wp-content\/plugins\/translatepress-multilingual\/assets\/images\/flags\/en_US.png\" width=\"18\" height=\"12\" alt=\"en_US\" title=\"English\" src=\"data:image\/svg+xml;base64,PHN2ZyB3aWR0aD0iMSIgaGVpZ2h0PSIxIiB4bWxucz0iaHR0cDovL3d3dy53My5vcmcvMjAwMC9zdmciPjwvc3ZnPg==\" style=\"--smush-placeholder-width: 18px; --smush-placeholder-aspect-ratio: 18\/12;\"> \t\t<\/a>\n                    <a href=\"https:\/\/test.comfenalcovalle.com.co\/en\/wp-json\/wp\/v2\/pages\/619928\" title=\"Espa\u00f1ol\">\n            <img decoding=\"async\" class=\"trp-flag-image lazyload\" data-src=\"https:\/\/test.comfenalcovalle.com.co\/wp-content\/plugins\/translatepress-multilingual\/assets\/images\/flags\/es_ES.png\" width=\"18\" height=\"12\" alt=\"es_ES\" title=\"Espa\u00f1ol\" src=\"data:image\/svg+xml;base64,PHN2ZyB3aWR0aD0iMSIgaGVpZ2h0PSIxIiB4bWxucz0iaHR0cDovL3d3dy53My5vcmcvMjAwMC9zdmciPjwvc3ZnPg==\" style=\"--smush-placeholder-width: 18px; --smush-placeholder-aspect-ratio: 18\/12;\">         <\/a>\n\n        <\/div>\n    <script type=\"application\/javascript\">\n        \/\/ need to have the same with set from JS on both divs. Otherwise it can push stuff around in HTML\n        var trp_ls_shortcodes = document.querySelectorAll('.trp_language_switcher_shortcode .trp-language-switcher');\n        if ( trp_ls_shortcodes.length > 0) {\n            \/\/ get the last language switcher added\n            var trp_el = trp_ls_shortcodes[trp_ls_shortcodes.length - 1];\n\n            var trp_shortcode_language_item = trp_el.querySelector( '.trp-ls-shortcode-language' )\n            \/\/ set width\n            var trp_ls_shortcode_width                                               = trp_shortcode_language_item.offsetWidth + 16;\n            trp_shortcode_language_item.style.width                                  = trp_ls_shortcode_width + 'px';\n            trp_el.querySelector( '.trp-ls-shortcode-current-language' ).style.width = trp_ls_shortcode_width + 'px';\n\n            \/\/ We're putting this on display: none after we have its width.\n            trp_shortcode_language_item.style.display = 'none';\n        }\n    <\/script>\n<\/div>\n<\/div><\/div>\n\t\t\t\t\t\t<\/div>\n\t\t\t\t<\/div>\n\t\t\t\t<\/div>\n\t\t\t\t<\/div>\n\t\t\t\t<\/div>\n\t\t<\/div>\n\t\t\t\t\t\t<\/div>\n\t\t\t\t<\/div>\n\t\t\t\t\t<\/div>\n\t\t<\/div>\n\t\t\t\t\t<\/div>\n\t\t<\/section>\n\t\t\t\t<\/div>","protected":false},"excerpt":{"rendered":"<p>Diana\u00a0 \u00a1Ll\u00e1manos! Solicita asesor\u00eda o haz tu reserva v\u00eda telef\u00f3nica, llamando o escribiendo al 3117640138 Descartar alerta Wilder \u00a1Ll\u00e1manos! Solicita asesor\u00eda o haz tu reserva v\u00eda telef\u00f3nica, llamando o escribiendo al 3138741426 Descartar alerta Cont\u00e1ctanos por whatsapp: Wilder Clic para asesor\u00eda por Whatsapp Diana\u00a0 Clic para asesor\u00eda por Whatsapp D\u00e9janos tus datos nosotros te llamamos: [&hellip;]<\/p>","protected":false},"author":28,"featured_media":0,"parent":619924,"menu_order":0,"comment_status":"closed","ping_status":"closed","template":"elementor_canvas","meta":{"footnotes":""},"class_list":["post-619928","page","type-page","status-publish","hentry"],"yoast_head":"<!-- This site is optimized with the Yoast SEO Premium plugin v25.9 (Yoast SEO v25.9) - https:\/\/yoast.com\/wordpress\/plugins\/seo\/ -->\n<title>Hotel y Centro Recreacional\u00a0Yanaconas - Formulario - Comfenalco Valle Delagente<\/title>\n<meta name=\"robots\" content=\"index, follow, max-snippet:-1, max-image-preview:large, max-video-preview:-1\" \/>\n<link rel=\"canonical\" href=\"https:\/\/www.comfenalcovalle.com.co\/hoteles-delagente-comfenalco-valle\/hotel-y-centro-recreacional-yanaconas-formulario\/\" \/>\n<meta property=\"og:locale\" content=\"en_US\" \/>\n<meta property=\"og:type\" content=\"article\" \/>\n<meta property=\"og:title\" content=\"Hotel y Centro Recreacional\u00a0Yanaconas - Formulario\" \/>\n<meta property=\"og:description\" content=\"Diana\u00a0 \u00a1Ll\u00e1manos! Solicita asesor\u00eda o haz tu reserva v\u00eda telef\u00f3nica, llamando o escribiendo al 3117640138 Descartar alerta Wilder \u00a1Ll\u00e1manos! Solicita asesor\u00eda o haz tu reserva v\u00eda telef\u00f3nica, llamando o escribiendo al 3138741426 Descartar alerta Cont\u00e1ctanos por whatsapp: Wilder Clic para asesor\u00eda por Whatsapp Diana\u00a0 Clic para asesor\u00eda por Whatsapp D\u00e9janos tus datos nosotros te llamamos: [&hellip;]\" \/>\n<meta property=\"og:url\" content=\"https:\/\/www.comfenalcovalle.com.co\/hoteles-delagente-comfenalco-valle\/hotel-y-centro-recreacional-yanaconas-formulario\/\" \/>\n<meta property=\"og:site_name\" content=\"Comfenalco Valle Delagente\" \/>\n<meta property=\"article:modified_time\" content=\"2025-05-02T21:30:37+00:00\" \/>\n<meta property=\"og:image\" content=\"https:\/\/www.comfenalcovalle.com.co\/wp-content\/uploads\/2023\/12\/hoteles-delagente-logo.png\" \/>\n<meta name=\"twitter:card\" content=\"summary_large_image\" \/>\n<meta name=\"twitter:label1\" content=\"Est. reading time\" \/>\n\t<meta name=\"twitter:data1\" content=\"63 minutes\" \/>\n<script type=\"application\/ld+json\" class=\"yoast-schema-graph\">{\"@context\":\"https:\/\/schema.org\",\"@graph\":[{\"@type\":\"WebPage\",\"@id\":\"https:\/\/www.comfenalcovalle.com.co\/hoteles-delagente-comfenalco-valle\/hotel-y-centro-recreacional-yanaconas-formulario\/\",\"url\":\"https:\/\/www.comfenalcovalle.com.co\/hoteles-delagente-comfenalco-valle\/hotel-y-centro-recreacional-yanaconas-formulario\/\",\"name\":\"Hotel y Centro Recreacional\u00a0Yanaconas - Formulario - Comfenalco Valle Delagente\",\"isPartOf\":{\"@id\":\"https:\/\/www.comfenalcovalle.com.co\/#website\"},\"primaryImageOfPage\":{\"@id\":\"https:\/\/www.comfenalcovalle.com.co\/hoteles-delagente-comfenalco-valle\/hotel-y-centro-recreacional-yanaconas-formulario\/#primaryimage\"},\"image\":{\"@id\":\"https:\/\/www.comfenalcovalle.com.co\/hoteles-delagente-comfenalco-valle\/hotel-y-centro-recreacional-yanaconas-formulario\/#primaryimage\"},\"thumbnailUrl\":\"https:\/\/test.comfenalcovalle.com.co\/wp-content\/uploads\/2023\/12\/hoteles-delagente-logo.png\",\"datePublished\":\"2023-10-09T18:59:31+00:00\",\"dateModified\":\"2025-05-02T21:30:37+00:00\",\"breadcrumb\":{\"@id\":\"https:\/\/www.comfenalcovalle.com.co\/hoteles-delagente-comfenalco-valle\/hotel-y-centro-recreacional-yanaconas-formulario\/#breadcrumb\"},\"inLanguage\":\"en-US\",\"potentialAction\":[{\"@type\":\"ReadAction\",\"target\":[\"https:\/\/www.comfenalcovalle.com.co\/hoteles-delagente-comfenalco-valle\/hotel-y-centro-recreacional-yanaconas-formulario\/\"]}]},{\"@type\":\"ImageObject\",\"inLanguage\":\"en-US\",\"@id\":\"https:\/\/www.comfenalcovalle.com.co\/hoteles-delagente-comfenalco-valle\/hotel-y-centro-recreacional-yanaconas-formulario\/#primaryimage\",\"url\":\"https:\/\/test.comfenalcovalle.com.co\/wp-content\/uploads\/2023\/12\/hoteles-delagente-logo.png\",\"contentUrl\":\"https:\/\/test.comfenalcovalle.com.co\/wp-content\/uploads\/2023\/12\/hoteles-delagente-logo.png\"},{\"@type\":\"BreadcrumbList\",\"@id\":\"https:\/\/www.comfenalcovalle.com.co\/hoteles-delagente-comfenalco-valle\/hotel-y-centro-recreacional-yanaconas-formulario\/#breadcrumb\",\"itemListElement\":[{\"@type\":\"ListItem\",\"position\":1,\"name\":\"Portada\",\"item\":\"https:\/\/www.comfenalcovalle.com.co\/\"},{\"@type\":\"ListItem\",\"position\":2,\"name\":\"Hoteles Delagente Comfenalco Valle\",\"item\":\"https:\/\/www.comfenalcovalle.com.co\/hoteles-delagente-comfenalco-valle\/\"},{\"@type\":\"ListItem\",\"position\":3,\"name\":\"Hotel y Centro Recreacional\u00a0Yanaconas &#8211; Formulario\"}]},{\"@type\":\"WebSite\",\"@id\":\"https:\/\/www.comfenalcovalle.com.co\/#website\",\"url\":\"https:\/\/www.comfenalcovalle.com.co\/\",\"name\":\"Comfenalco Valle Delagente\",\"description\":\"Caja de compensaci\u00f3n de Comfenalco Valle Delagente.\",\"publisher\":{\"@id\":\"https:\/\/www.comfenalcovalle.com.co\/#organization\"},\"potentialAction\":[{\"@type\":\"SearchAction\",\"target\":{\"@type\":\"EntryPoint\",\"urlTemplate\":\"https:\/\/www.comfenalcovalle.com.co\/?s={search_term_string}\"},\"query-input\":{\"@type\":\"PropertyValueSpecification\",\"valueRequired\":true,\"valueName\":\"search_term_string\"}}],\"inLanguage\":\"en-US\"},{\"@type\":\"Organization\",\"@id\":\"https:\/\/www.comfenalcovalle.com.co\/#organization\",\"name\":\"Comfenalco Valle Delagente\",\"url\":\"https:\/\/www.comfenalcovalle.com.co\/\",\"logo\":{\"@type\":\"ImageObject\",\"inLanguage\":\"en-US\",\"@id\":\"https:\/\/www.comfenalcovalle.com.co\/#\/schema\/logo\/image\/\",\"url\":\"https:\/\/test.comfenalcovalle.com.co\/wp-content\/uploads\/2021\/06\/logo-comfe-cabecera-agencia-empelo-actualizado.png\",\"contentUrl\":\"https:\/\/test.comfenalcovalle.com.co\/wp-content\/uploads\/2021\/06\/logo-comfe-cabecera-agencia-empelo-actualizado.png\",\"width\":500,\"height\":184,\"caption\":\"Comfenalco Valle Delagente\"},\"image\":{\"@id\":\"https:\/\/www.comfenalcovalle.com.co\/#\/schema\/logo\/image\/\"}}]}<\/script>\n<!-- \/ Yoast SEO Premium plugin. -->","yoast_head_json":{"title":"Hotel y Centro Recreacional\u00a0Yanaconas - Formulario - Comfenalco Valle Delagente","robots":{"index":"index","follow":"follow","max-snippet":"max-snippet:-1","max-image-preview":"max-image-preview:large","max-video-preview":"max-video-preview:-1"},"canonical":"https:\/\/www.comfenalcovalle.com.co\/hoteles-delagente-comfenalco-valle\/hotel-y-centro-recreacional-yanaconas-formulario\/","og_locale":"en_US","og_type":"article","og_title":"Hotel y Centro Recreacional\u00a0Yanaconas - Formulario","og_description":"Diana\u00a0 \u00a1Ll\u00e1manos! Solicita asesor\u00eda o haz tu reserva v\u00eda telef\u00f3nica, llamando o escribiendo al 3117640138 Descartar alerta Wilder \u00a1Ll\u00e1manos! Solicita asesor\u00eda o haz tu reserva v\u00eda telef\u00f3nica, llamando o escribiendo al 3138741426 Descartar alerta Cont\u00e1ctanos por whatsapp: Wilder Clic para asesor\u00eda por Whatsapp Diana\u00a0 Clic para asesor\u00eda por Whatsapp D\u00e9janos tus datos nosotros te llamamos: [&hellip;]","og_url":"https:\/\/www.comfenalcovalle.com.co\/hoteles-delagente-comfenalco-valle\/hotel-y-centro-recreacional-yanaconas-formulario\/","og_site_name":"Comfenalco Valle Delagente","article_modified_time":"2025-05-02T21:30:37+00:00","og_image":[{"url":"https:\/\/www.comfenalcovalle.com.co\/wp-content\/uploads\/2023\/12\/hoteles-delagente-logo.png","type":"","width":"","height":""}],"twitter_card":"summary_large_image","twitter_misc":{"Est. reading time":"63 minutes"},"schema":{"@context":"https:\/\/schema.org","@graph":[{"@type":"WebPage","@id":"https:\/\/www.comfenalcovalle.com.co\/hoteles-delagente-comfenalco-valle\/hotel-y-centro-recreacional-yanaconas-formulario\/","url":"https:\/\/www.comfenalcovalle.com.co\/hoteles-delagente-comfenalco-valle\/hotel-y-centro-recreacional-yanaconas-formulario\/","name":"Hotel y Centro Recreacional\u00a0Yanaconas - Formulario - Comfenalco Valle Delagente","isPartOf":{"@id":"https:\/\/www.comfenalcovalle.com.co\/#website"},"primaryImageOfPage":{"@id":"https:\/\/www.comfenalcovalle.com.co\/hoteles-delagente-comfenalco-valle\/hotel-y-centro-recreacional-yanaconas-formulario\/#primaryimage"},"image":{"@id":"https:\/\/www.comfenalcovalle.com.co\/hoteles-delagente-comfenalco-valle\/hotel-y-centro-recreacional-yanaconas-formulario\/#primaryimage"},"thumbnailUrl":"https:\/\/test.comfenalcovalle.com.co\/wp-content\/uploads\/2023\/12\/hoteles-delagente-logo.png","datePublished":"2023-10-09T18:59:31+00:00","dateModified":"2025-05-02T21:30:37+00:00","breadcrumb":{"@id":"https:\/\/www.comfenalcovalle.com.co\/hoteles-delagente-comfenalco-valle\/hotel-y-centro-recreacional-yanaconas-formulario\/#breadcrumb"},"inLanguage":"en-US","potentialAction":[{"@type":"ReadAction","target":["https:\/\/www.comfenalcovalle.com.co\/hoteles-delagente-comfenalco-valle\/hotel-y-centro-recreacional-yanaconas-formulario\/"]}]},{"@type":"ImageObject","inLanguage":"en-US","@id":"https:\/\/www.comfenalcovalle.com.co\/hoteles-delagente-comfenalco-valle\/hotel-y-centro-recreacional-yanaconas-formulario\/#primaryimage","url":"https:\/\/test.comfenalcovalle.com.co\/wp-content\/uploads\/2023\/12\/hoteles-delagente-logo.png","contentUrl":"https:\/\/test.comfenalcovalle.com.co\/wp-content\/uploads\/2023\/12\/hoteles-delagente-logo.png"},{"@type":"BreadcrumbList","@id":"https:\/\/www.comfenalcovalle.com.co\/hoteles-delagente-comfenalco-valle\/hotel-y-centro-recreacional-yanaconas-formulario\/#breadcrumb","itemListElement":[{"@type":"ListItem","position":1,"name":"Portada","item":"https:\/\/www.comfenalcovalle.com.co\/"},{"@type":"ListItem","position":2,"name":"Hoteles Delagente Comfenalco Valle","item":"https:\/\/www.comfenalcovalle.com.co\/hoteles-delagente-comfenalco-valle\/"},{"@type":"ListItem","position":3,"name":"Hotel y Centro Recreacional\u00a0Yanaconas &#8211; Formulario"}]},{"@type":"WebSite","@id":"https:\/\/www.comfenalcovalle.com.co\/#website","url":"https:\/\/www.comfenalcovalle.com.co\/","name":"Comfenalco Valle Delagente","description":"Comfenalco Valle Delagente compensation fund.","publisher":{"@id":"https:\/\/www.comfenalcovalle.com.co\/#organization"},"potentialAction":[{"@type":"SearchAction","target":{"@type":"EntryPoint","urlTemplate":"https:\/\/www.comfenalcovalle.com.co\/?s={search_term_string}"},"query-input":{"@type":"PropertyValueSpecification","valueRequired":true,"valueName":"search_term_string"}}],"inLanguage":"en-US"},{"@type":"Organization","@id":"https:\/\/www.comfenalcovalle.com.co\/#organization","name":"Comfenalco Valle Delagente","url":"https:\/\/www.comfenalcovalle.com.co\/","logo":{"@type":"ImageObject","inLanguage":"en-US","@id":"https:\/\/www.comfenalcovalle.com.co\/#\/schema\/logo\/image\/","url":"https:\/\/test.comfenalcovalle.com.co\/wp-content\/uploads\/2021\/06\/logo-comfe-cabecera-agencia-empelo-actualizado.png","contentUrl":"https:\/\/test.comfenalcovalle.com.co\/wp-content\/uploads\/2021\/06\/logo-comfe-cabecera-agencia-empelo-actualizado.png","width":500,"height":184,"caption":"Comfenalco Valle Delagente"},"image":{"@id":"https:\/\/www.comfenalcovalle.com.co\/#\/schema\/logo\/image\/"}}]}},"publishpress_future_action":{"enabled":false,"date":"2026-05-08 12:21:41","action":"change-status","newStatus":"draft","terms":[],"taxonomy":"","extraData":[]},"publishpress_future_workflow_manual_trigger":{"enabledWorkflows":[]},"_links":{"self":[{"href":"https:\/\/test.comfenalcovalle.com.co\/en\/wp-json\/wp\/v2\/pages\/619928","targetHints":{"allow":["GET"]}}],"collection":[{"href":"https:\/\/test.comfenalcovalle.com.co\/en\/wp-json\/wp\/v2\/pages"}],"about":[{"href":"https:\/\/test.comfenalcovalle.com.co\/en\/wp-json\/wp\/v2\/types\/page"}],"author":[{"embeddable":true,"href":"https:\/\/test.comfenalcovalle.com.co\/en\/wp-json\/wp\/v2\/users\/28"}],"replies":[{"embeddable":true,"href":"https:\/\/test.comfenalcovalle.com.co\/en\/wp-json\/wp\/v2\/comments?post=619928"}],"version-history":[{"count":0,"href":"https:\/\/test.comfenalcovalle.com.co\/en\/wp-json\/wp\/v2\/pages\/619928\/revisions"}],"up":[{"embeddable":true,"href":"https:\/\/test.comfenalcovalle.com.co\/en\/wp-json\/wp\/v2\/pages\/619924"}],"wp:attachment":[{"href":"https:\/\/test.comfenalcovalle.com.co\/en\/wp-json\/wp\/v2\/media?parent=619928"}],"curies":[{"name":"wp","href":"https:\/\/api.w.org\/{rel}","templated":true}]}}