{"id":606623,"date":"2023-02-20T16:31:58","date_gmt":"2023-02-20T21:31:58","guid":{"rendered":"https:\/\/test.comfenalcovalle.com.co\/?page_id=606623"},"modified":"2026-02-11T17:04:27","modified_gmt":"2026-02-11T22:04:27","slug":"terminos-y-condiciones-reconocimiento-soy-servicio-proveedores","status":"publish","type":"page","link":"https:\/\/test.comfenalcovalle.com.co\/en\/terminos-y-condiciones-reconocimiento-soy-servicio-proveedores\/","title":{"rendered":"Terms and Conditions Acknowledgment I am Service Providers"},"content":{"rendered":"<div data-elementor-type=\"wp-page\" data-elementor-id=\"606623\" class=\"elementor elementor-606623\" data-elementor-post-type=\"page\">\n\t\t\t\t<main class=\"elementor-element elementor-element-254b359 e-con-full e-flex e-con e-parent\" data-id=\"254b359\" data-element_type=\"container\">\n\t\t<section class=\"elementor-element elementor-element-634ce71 e-flex e-con-boxed e-con e-child\" data-id=\"634ce71\" data-element_type=\"container\" data-settings=\"{&quot;background_background&quot;:&quot;classic&quot;,&quot;shape_divider_bottom&quot;:&quot;mountains&quot;}\">\n\t\t\t\t\t<div class=\"e-con-inner\">\n\t\t\t\t<div class=\"elementor-shape elementor-shape-bottom\" aria-hidden=\"true\" data-negative=\"false\">\n\t\t\t<svg xmlns=\"http:\/\/www.w3.org\/2000\/svg\" viewbox=\"0 0 1000 100\" preserveaspectratio=\"none\">\n\t<path class=\"elementor-shape-fill\" opacity=\"0.33\" d=\"M473,67.3c-203.9,88.3-263.1-34-320.3,0C66,119.1,0,59.7,0,59.7V0h1000v59.7 c0,0-62.1,26.1-94.9,29.3c-32.8,3.3-62.8-12.3-75.8-22.1C806,49.6,745.3,8.7,694.9,4.7S492.4,59,473,67.3z\"\/>\n\t<path class=\"elementor-shape-fill\" opacity=\"0.66\" d=\"M734,67.3c-45.5,0-77.2-23.2-129.1-39.1c-28.6-8.7-150.3-10.1-254,39.1 s-91.7-34.4-149.2,0C115.7,118.3,0,39.8,0,39.8V0h1000v36.5c0,0-28.2-18.5-92.1-18.5C810.2,18.1,775.7,67.3,734,67.3z\"\/>\n\t<path class=\"elementor-shape-fill\" d=\"M766.1,28.9c-200-57.5-266,65.5-395.1,19.5C242,1.8,242,5.4,184.8,20.6C128,35.8,132.3,44.9,89.9,52.5C28.6,63.7,0,0,0,0 h1000c0,0-9.9,40.9-83.6,48.1S829.6,47,766.1,28.9z\"\/>\n<\/svg>\t\t<\/div>\n\t\t\t\t<div class=\"elementor-element elementor-element-d648141 elementor-widget elementor-widget-heading\" data-id=\"d648141\" data-element_type=\"widget\" data-widget_type=\"heading.default\">\n\t\t\t\t<div class=\"elementor-widget-container\">\n\t\t\t\t\t<h1 class=\"elementor-heading-title elementor-size-default\">Terms and Conditions<\/h1>\t\t\t\t<\/div>\n\t\t\t\t<\/div>\n\t\t\t\t<div class=\"elementor-element elementor-element-f3540a8 elementor-widget elementor-widget-heading\" data-id=\"f3540a8\" data-element_type=\"widget\" data-widget_type=\"heading.default\">\n\t\t\t\t<div class=\"elementor-widget-container\">\n\t\t\t\t\t<h2 class=\"elementor-heading-title elementor-size-default\">Reconocimiento Soy Servicio PRO 2026<\/h2>\t\t\t\t<\/div>\n\t\t\t\t<\/div>\n\t\t\t\t\t<\/div>\n\t\t\t\t<\/section>\n\t\t<div class=\"elementor-element elementor-element-ae60d84 e-flex e-con-boxed e-con e-child\" data-id=\"ae60d84\" data-element_type=\"container\">\n\t\t\t\t\t<div class=\"e-con-inner\">\n\t\t\t\t<div class=\"elementor-element elementor-element-33d2a7b elementor-widget elementor-widget-text-editor\" data-id=\"33d2a7b\" data-element_type=\"widget\" data-widget_type=\"text-editor.default\">\n\t\t\t\t<div class=\"elementor-widget-container\">\n\t\t\t\t\t\t\t\t\t<p>Este es el principal encuentro para exaltar a los colaboradores y aliados de negocio que se distinguen por ejemplificar, liderar y poner en pr\u00e1ctica nuestra Cultura de Servicio. El objetivo es promover, tanto en el equipo interno como en los proveedores de cara al cliente, el est\u00e1ndar de servicio definido por Comfenalco Valle Delagente.<\/p><p>Todos somos responsables de brindar una atenci\u00f3n de alta calidad y de generar experiencias positivas para nuestros usuarios, alineados con el prop\u00f3sito superior de transformar la vida de los trabajadores y familias vallecaucanas, generando crecimiento, bienestar y desarrollo.<\/p>\t\t\t\t\t\t\t\t<\/div>\n\t\t\t\t<\/div>\n\t\t\t\t<div class=\"elementor-element elementor-element-c8f25b0 elementor-widget elementor-widget-heading\" data-id=\"c8f25b0\" data-element_type=\"widget\" data-widget_type=\"heading.default\">\n\t\t\t\t<div class=\"elementor-widget-container\">\n\t\t\t\t\t<h3 class=\"elementor-heading-title elementor-size-default\">Glosario de T\u00e9rminos<\/h3>\t\t\t\t<\/div>\n\t\t\t\t<\/div>\n\t\t\t\t<div class=\"elementor-element elementor-element-14620f0 elementor-widget elementor-widget-text-editor\" data-id=\"14620f0\" data-element_type=\"widget\" data-widget_type=\"text-editor.default\">\n\t\t\t\t<div class=\"elementor-widget-container\">\n\t\t\t\t\t\t\t\t\t<div class=\"page\" title=\"Page 1\"><div class=\"layoutArea\"><div class=\"column\"><p>\u27a3 <strong>IN<\/strong>: Referencia a los colaboradores directos de Comfenalco Valle Delagente.<\/p><p>\u27a3 <strong>PRO<\/strong>: Referencia a los proveedores y aliados estrat\u00e9gicos de Comfenalco Valle Delagente.<\/p><p>\u27a3 <strong>Detail that falls in love<\/strong>: Acci\u00f3n que sorprende al cliente en el antes, durante o despu\u00e9s de la experiencia. No requiere necesariamente de grandes inversiones, sino de creatividad y un enfoque genuino en el usuario.<\/p><p>\u27a3 <strong>Comit\u00e9 Interdisciplinario<\/strong>: Equipo integrado por las \u00e1reas de Mercadeo, Seguridad y Salud en el Trabajo, Calidad, Contrataci\u00f3n y Compra de Servicios, Servicio y Experiencia, Gesti\u00f3n Humana, Desarrollo y Mejoramiento Organizacional, Ambiente Laboral y Auditor\u00eda Interna. Este grupo se encarga de evaluar y certificar la transparencia de los resultados.<\/p><\/div><\/div><\/div>\t\t\t\t\t\t\t\t<\/div>\n\t\t\t\t<\/div>\n\t\t\t\t<div class=\"elementor-element elementor-element-6bc2863 elementor-widget elementor-widget-heading\" data-id=\"6bc2863\" data-element_type=\"widget\" data-widget_type=\"heading.default\">\n\t\t\t\t<div class=\"elementor-widget-container\">\n\t\t\t\t\t<h3 class=\"elementor-heading-title elementor-size-default\">Categor\u00edas y Metodolog\u00edas de Evaluaci\u00f3n<\/h3>\t\t\t\t<\/div>\n\t\t\t\t<\/div>\n\t\t\t\t<div class=\"elementor-element elementor-element-65beff2 elementor-widget elementor-widget-heading\" data-id=\"65beff2\" data-element_type=\"widget\" data-widget_type=\"heading.default\">\n\t\t\t\t<div class=\"elementor-widget-container\">\n\t\t\t\t\t<h4 class=\"elementor-heading-title elementor-size-default\">1. Categor\u00eda: Actitud de Servicio<\/h4>\t\t\t\t<\/div>\n\t\t\t\t<\/div>\n\t\t\t\t<div class=\"elementor-element elementor-element-3467399 elementor-widget elementor-widget-text-editor\" data-id=\"3467399\" data-element_type=\"widget\" data-widget_type=\"text-editor.default\">\n\t\t\t\t<div class=\"elementor-widget-container\">\n\t\t\t\t\t\t\t\t\t<p>En esta categor\u00eda se eval\u00faa la vocaci\u00f3n para servir y la empat\u00eda hacia las necesidades de cada cliente (interno o externo), reflejando un trato c\u00e1lido y amable. Se busca reconocer la prestaci\u00f3n de un servicio de calidad mediante la aplicaci\u00f3n de los protocolos de servicio y atenci\u00f3n incluyente que facilitan la interacci\u00f3n con todos nuestros usuarios.<\/p><p>\u27a3 <strong>Postulaci\u00f3n PRO<\/strong>: El proveedor deber\u00e1 postularse a trav\u00e9s del formulario oficial, especificando:<\/p><p style=\"padding-left: 40px;\">\u2726 Nombre del proveedor.<\/p><p style=\"padding-left: 40px;\">\u2726 Funci\u00f3n de cara al cliente para los usuarios de la Caja de Compensaci\u00f3n Familiar.<\/p><p style=\"padding-left: 40px;\">\u2726 N\u00famero de colaboradores.<\/p><p style=\"padding-left: 40px;\">\u2726 Sede o sedes donde presta sus servicios.<\/p><p style=\"padding-left: 40px;\">\u2726 Horarios de prestaci\u00f3n de servicios.<\/p><p>\u27a3 <strong>M\u00e9todo de Evaluaci\u00f3n<\/strong>: Se realizar\u00e1 un ejercicio de Cliente Inc\u00f3gnito donde se evaluar\u00e1n los siguientes criterios:<\/p><p style=\"padding-left: 40px;\">\u2726 Competencia Soy Servicio (40%): Demostraci\u00f3n de vocaci\u00f3n para servir, empat\u00eda y trato amable.<\/p><p style=\"padding-left: 40px;\">\u2726 Cliente inc\u00f3gnito (30%): Calificaci\u00f3n brindada por el \u00e1rea de Servicio y Experiencia, posterior a las visitas inc\u00f3gnitas.<\/p><p style=\"padding-left: 40px;\">\u2726 Evaluaci\u00f3n de desempe\u00f1o (20%): Resultado obtenido durante las evaluaciones de desempe\u00f1o de los semestres I y II del 2025.<\/p><p style=\"padding-left: 40px;\">\u2726 Calidad de la postulaci\u00f3n (10%): Insumos entregados a trav\u00e9s de la postulaci\u00f3n realizada en el formulario autorizado.<\/p><p><em>En caso de empate, el ganador se definir\u00e1 a trav\u00e9s de voto popular por los colaboradores de la Caja de Compensaci\u00f3n v\u00eda Intranet.<\/em><\/p>\t\t\t\t\t\t\t\t<\/div>\n\t\t\t\t<\/div>\n\t\t\t\t<div class=\"elementor-element elementor-element-06932e9 elementor-widget elementor-widget-heading\" data-id=\"06932e9\" data-element_type=\"widget\" data-widget_type=\"heading.default\">\n\t\t\t\t<div class=\"elementor-widget-container\">\n\t\t\t\t\t<h4 class=\"elementor-heading-title elementor-size-default\">2. Categor\u00eda: Mejor Sitio para Atender<\/h4>\t\t\t\t<\/div>\n\t\t\t\t<\/div>\n\t\t\t\t<div class=\"elementor-element elementor-element-94c32c7 elementor-widget elementor-widget-text-editor\" data-id=\"94c32c7\" data-element_type=\"widget\" data-widget_type=\"text-editor.default\">\n\t\t\t\t<div class=\"elementor-widget-container\">\n\t\t\t\t\t\t\t\t\t<p>Evaluaci\u00f3n del cumplimiento del Modelo de Oficina, donde el cliente percibe un entorno agradable. El estado, orden y limpieza del espacio, junto con la presentaci\u00f3n personal y la comunicaci\u00f3n visual, son los factores determinantes para gestionar el servicio.<\/p><p><strong>M\u00e9todo de Evaluaci\u00f3n:<\/strong> El proveedor se autopostular\u00e1 con un lugar de atenci\u00f3n espec\u00edfico. El Comit\u00e9 Interdisciplinario realizar\u00e1 una visita inc\u00f3gnita al espacio donde se desempe\u00f1a la labor de cara al cliente para validar el cumplimiento de los lineamientos. Se tomar\u00e1 una muestra de acuerdo con el n\u00famero de colaboradores reportados. No aplica para oficinas administrativas propias del proveedor.<\/p>\t\t\t\t\t\t\t\t<\/div>\n\t\t\t\t<\/div>\n\t\t\t\t<div class=\"elementor-element elementor-element-f302cbb elementor-widget elementor-widget-heading\" data-id=\"f302cbb\" data-element_type=\"widget\" data-widget_type=\"heading.default\">\n\t\t\t\t<div class=\"elementor-widget-container\">\n\t\t\t\t\t<h4 class=\"elementor-heading-title elementor-size-default\">3. Categor\u00eda: PRO del A\u00f1o<\/h4>\t\t\t\t<\/div>\n\t\t\t\t<\/div>\n\t\t\t\t<div class=\"elementor-element elementor-element-daa4d6f elementor-widget elementor-widget-text-editor\" data-id=\"daa4d6f\" data-element_type=\"widget\" data-widget_type=\"text-editor.default\">\n\t\t\t\t<div class=\"elementor-widget-container\">\n\t\t\t\t\t\t\t\t\t<p>Reconocimiento dirigido a los proveedores que contribuyen activamente con la construcci\u00f3n de nuestra cultura de servicio centrada en el cliente y comprometida con la generaci\u00f3n de buenas experiencias para nuestros usuarios.<\/p><p><strong>postulates<\/strong>: Los proveedores que participen en las categor\u00edas anteriores ingresan autom\u00e1ticamente a esta categor\u00eda por defecto.<\/p><p><strong>M\u00e9todo de Evaluaci\u00f3n<\/strong>: Se evaluar\u00e1 al proveedor a trav\u00e9s de la calificaci\u00f3n anual realizada por el interventor. El proceso ser\u00e1 liderado por las \u00e1reas de Contrataci\u00f3n y Compras junto con Servicio y Experiencia, identificando los puntajes m\u00e1s altos. <em>En caso de empate, se revisar\u00e1 el historial de evaluaci\u00f3n de los \u00faltimos dos a\u00f1os.<\/em><\/p>\t\t\t\t\t\t\t\t<\/div>\n\t\t\t\t<\/div>\n\t\t\t\t<div class=\"elementor-element elementor-element-310f0a8 elementor-widget elementor-widget-heading\" data-id=\"310f0a8\" data-element_type=\"widget\" data-widget_type=\"heading.default\">\n\t\t\t\t<div class=\"elementor-widget-container\">\n\t\t\t\t\t<h3 class=\"elementor-heading-title elementor-size-default\">Pol\u00edticas Generales para Proveedores (PRO)<\/h3>\t\t\t\t<\/div>\n\t\t\t\t<\/div>\n\t\t\t\t<div class=\"elementor-element elementor-element-bdd044a elementor-widget elementor-widget-text-editor\" data-id=\"bdd044a\" data-element_type=\"widget\" data-widget_type=\"text-editor.default\">\n\t\t\t\t<div class=\"elementor-widget-container\">\n\t\t\t\t\t\t\t\t\t<p>\u27a3 La postulaci\u00f3n es voluntaria y no constituye obligaci\u00f3n para Comfenalco Valle Delagente respecto a la adjudicaci\u00f3n de contratos futuros.<\/p><p>\u27a3 Es requisito tener contrato vigente con la Caja de Compensaci\u00f3n y ser proveedor de servicios de cara al cliente.<\/p><p>\u27a3 El postulado no debe haber sido objeto de sanciones y debe estar al d\u00eda con todas sus obligaciones.<\/p><p>\u27a3 El resultado de la evaluaci\u00f3n de proveedores del \u00faltimo a\u00f1o debe situarse en el rango de Bueno o Excelente.<\/p><p>\u27a3 El reconocimiento es de car\u00e1cter anual y valida la labor del a\u00f1o inmediatamente anterior.<\/p><p>\u27a3 Solo se recibir\u00e1n inscripciones a trav\u00e9s del formulario web oficial definido para tal fin.<\/p><p>\u27a3 El jurado tiene la facultad de declarar desierta una categor\u00eda si no se encuentran postulantes con m\u00e9ritos s\u00f3lidos para ser considerados ejemplares.<\/p><p>\u27a3 Las postulaciones que no se ajusten a las normas, est\u00e9n incompletas o incurran en falsedad, quedar\u00e1n excluidas.<\/p><p>\u27a3 La participaci\u00f3n supone la autorizaci\u00f3n de uso del nombre e imagen de los proveedores premiados en comunicaciones publicitarias, internas y acciones de comunicaci\u00f3n de Comfenalco Valle Delagente.<\/p>\t\t\t\t\t\t\t\t<\/div>\n\t\t\t\t<\/div>\n\t\t\t\t<div class=\"elementor-element elementor-element-21df08d elementor-widget elementor-widget-heading\" data-id=\"21df08d\" data-element_type=\"widget\" data-widget_type=\"heading.default\">\n\t\t\t\t<div class=\"elementor-widget-container\">\n\t\t\t\t\t<h3 class=\"elementor-heading-title elementor-size-default\">Cronograma del Reconocimiento<\/h3>\t\t\t\t<\/div>\n\t\t\t\t<\/div>\n\t\t\t\t<div class=\"elementor-element elementor-element-1eb9847 elementor-widget elementor-widget-text-editor\" data-id=\"1eb9847\" data-element_type=\"widget\" data-widget_type=\"text-editor.default\">\n\t\t\t\t<div class=\"elementor-widget-container\">\n\t\t\t\t\t\t\t\t\t<p>\u27a3 <strong>Lanzamiento y socializaci\u00f3n para PROveedores (Desayuno)<\/strong>: 20 de febrero de 2026.<\/p><p>\u27a3 <strong>Periodo de postulaciones PRO<\/strong>: Del 20 de febrero al 03 de marzo de 2026.<\/p><p>\u27a3 <strong>Evaluaci\u00f3n para el jurado (Clientes incognitos y votaci\u00f3n an\u00f3nima)<\/strong>: Del 04 al 20 de marzo de 2026.<\/p><p>\u27a3 <strong>Anuncio de las nominaciones<\/strong>: Del 13 al 17 de abril de 2026.<\/p><p>\u27a3 <strong>Premiaci\u00f3n del reconocimiento<\/strong>: 30 de abril de 2026.<\/p>\t\t\t\t\t\t\t\t<\/div>\n\t\t\t\t<\/div>\n\t\t\t\t<div class=\"elementor-element elementor-element-28146da elementor-widget elementor-widget-text-editor\" data-id=\"28146da\" data-element_type=\"widget\" data-widget_type=\"text-editor.default\">\n\t\t\t\t<div class=\"elementor-widget-container\">\n\t\t\t\t\t\t\t\t\t<p><em>El equipo de Auditor\u00eda Interna, bajo el liderazgo de Viviana Jim\u00e9nez, ser\u00e1 el encargado de velar por la transparencia y objetividad de los resultados en todas las categor\u00edas mencionadas.<\/em><\/p>\t\t\t\t\t\t\t\t<\/div>\n\t\t\t\t<\/div>\n\t\t\t\t\t<\/div>\n\t\t\t\t<\/div>\n\t\t\t\t<\/main>\n\t\t\t\t<\/div>","protected":false},"excerpt":{"rendered":"<p>T\u00e9rminos y Condiciones Reconocimiento Soy Servicio PRO 2026 Este es el principal encuentro para exaltar a los colaboradores y aliados de negocio que se distinguen por ejemplificar, liderar y poner en pr\u00e1ctica nuestra Cultura de Servicio. El objetivo es promover, tanto en el equipo interno como en los proveedores de cara al cliente, el est\u00e1ndar [&hellip;]<\/p>","protected":false},"author":6,"featured_media":18330,"parent":0,"menu_order":0,"comment_status":"closed","ping_status":"closed","template":"","meta":{"footnotes":""},"class_list":["post-606623","page","type-page","status-publish","has-post-thumbnail","hentry"],"yoast_head":"<!-- This site is optimized with the Yoast SEO Premium plugin v25.9 (Yoast SEO v25.9) - https:\/\/yoast.com\/wordpress\/plugins\/seo\/ -->\n<title>Terminos y Condiciones Reconocimiento Soy Servicio Proveedores - Comfenalco Valle Delagente<\/title>\n<meta name=\"robots\" content=\"noindex, nofollow\" \/>\n<meta property=\"og:locale\" content=\"en_US\" \/>\n<meta property=\"og:type\" content=\"article\" \/>\n<meta property=\"og:title\" content=\"Terminos y Condiciones Reconocimiento Soy Servicio Proveedores\" \/>\n<meta property=\"og:description\" content=\"T\u00e9rminos y Condiciones Reconocimiento Soy Servicio PRO 2026 Este es el principal encuentro para exaltar a los colaboradores y aliados de negocio que se distinguen por ejemplificar, liderar y poner en pr\u00e1ctica nuestra Cultura de Servicio. El objetivo es promover, tanto en el equipo interno como en los proveedores de cara al cliente, el est\u00e1ndar [&hellip;]\" \/>\n<meta property=\"og:url\" content=\"https:\/\/www.comfenalcovalle.com.co\/terminos-y-condiciones-reconocimiento-soy-servicio-proveedores\/\" \/>\n<meta property=\"og:site_name\" content=\"Comfenalco Valle Delagente\" \/>\n<meta property=\"article:modified_time\" content=\"2026-02-11T22:04:27+00:00\" \/>\n<meta property=\"og:image\" content=\"https:\/\/www.comfenalcovalle.com.co\/wp-content\/uploads\/2021\/04\/servicio-proposito-superior-1.jpeg\" \/>\n\t<meta property=\"og:image:width\" content=\"443\" \/>\n\t<meta property=\"og:image:height\" content=\"443\" \/>\n\t<meta property=\"og:image:type\" content=\"image\/jpeg\" \/>\n<meta name=\"twitter:card\" content=\"summary_large_image\" \/>\n<meta name=\"twitter:label1\" content=\"Est. reading time\" \/>\n\t<meta name=\"twitter:data1\" content=\"5 minutes\" \/>\n<script type=\"application\/ld+json\" class=\"yoast-schema-graph\">{\"@context\":\"https:\/\/schema.org\",\"@graph\":[{\"@type\":\"WebPage\",\"@id\":\"https:\/\/www.comfenalcovalle.com.co\/terminos-y-condiciones-reconocimiento-soy-servicio-proveedores\/\",\"url\":\"https:\/\/www.comfenalcovalle.com.co\/terminos-y-condiciones-reconocimiento-soy-servicio-proveedores\/\",\"name\":\"Terminos y Condiciones Reconocimiento Soy Servicio Proveedores - Comfenalco Valle Delagente\",\"isPartOf\":{\"@id\":\"https:\/\/www.comfenalcovalle.com.co\/#website\"},\"primaryImageOfPage\":{\"@id\":\"https:\/\/www.comfenalcovalle.com.co\/terminos-y-condiciones-reconocimiento-soy-servicio-proveedores\/#primaryimage\"},\"image\":{\"@id\":\"https:\/\/www.comfenalcovalle.com.co\/terminos-y-condiciones-reconocimiento-soy-servicio-proveedores\/#primaryimage\"},\"thumbnailUrl\":\"https:\/\/test.comfenalcovalle.com.co\/wp-content\/uploads\/2021\/04\/servicio-proposito-superior-1.jpeg\",\"datePublished\":\"2023-02-20T21:31:58+00:00\",\"dateModified\":\"2026-02-11T22:04:27+00:00\",\"breadcrumb\":{\"@id\":\"https:\/\/www.comfenalcovalle.com.co\/terminos-y-condiciones-reconocimiento-soy-servicio-proveedores\/#breadcrumb\"},\"inLanguage\":\"en-US\",\"potentialAction\":[{\"@type\":\"ReadAction\",\"target\":[\"https:\/\/www.comfenalcovalle.com.co\/terminos-y-condiciones-reconocimiento-soy-servicio-proveedores\/\"]}]},{\"@type\":\"ImageObject\",\"inLanguage\":\"en-US\",\"@id\":\"https:\/\/www.comfenalcovalle.com.co\/terminos-y-condiciones-reconocimiento-soy-servicio-proveedores\/#primaryimage\",\"url\":\"https:\/\/test.comfenalcovalle.com.co\/wp-content\/uploads\/2021\/04\/servicio-proposito-superior-1.jpeg\",\"contentUrl\":\"https:\/\/test.comfenalcovalle.com.co\/wp-content\/uploads\/2021\/04\/servicio-proposito-superior-1.jpeg\",\"width\":443,\"height\":443,\"caption\":\"servicio-proposito-superior\"},{\"@type\":\"BreadcrumbList\",\"@id\":\"https:\/\/www.comfenalcovalle.com.co\/terminos-y-condiciones-reconocimiento-soy-servicio-proveedores\/#breadcrumb\",\"itemListElement\":[{\"@type\":\"ListItem\",\"position\":1,\"name\":\"Portada\",\"item\":\"https:\/\/www.comfenalcovalle.com.co\/\"},{\"@type\":\"ListItem\",\"position\":2,\"name\":\"Terminos y Condiciones Reconocimiento Soy Servicio Proveedores\"}]},{\"@type\":\"WebSite\",\"@id\":\"https:\/\/www.comfenalcovalle.com.co\/#website\",\"url\":\"https:\/\/www.comfenalcovalle.com.co\/\",\"name\":\"Comfenalco Valle Delagente\",\"description\":\"Caja de compensaci\u00f3n de Comfenalco Valle Delagente.\",\"publisher\":{\"@id\":\"https:\/\/www.comfenalcovalle.com.co\/#organization\"},\"potentialAction\":[{\"@type\":\"SearchAction\",\"target\":{\"@type\":\"EntryPoint\",\"urlTemplate\":\"https:\/\/www.comfenalcovalle.com.co\/?s={search_term_string}\"},\"query-input\":{\"@type\":\"PropertyValueSpecification\",\"valueRequired\":true,\"valueName\":\"search_term_string\"}}],\"inLanguage\":\"en-US\"},{\"@type\":\"Organization\",\"@id\":\"https:\/\/www.comfenalcovalle.com.co\/#organization\",\"name\":\"Comfenalco Valle Delagente\",\"url\":\"https:\/\/www.comfenalcovalle.com.co\/\",\"logo\":{\"@type\":\"ImageObject\",\"inLanguage\":\"en-US\",\"@id\":\"https:\/\/www.comfenalcovalle.com.co\/#\/schema\/logo\/image\/\",\"url\":\"https:\/\/test.comfenalcovalle.com.co\/wp-content\/uploads\/2021\/06\/logo-comfe-cabecera-agencia-empelo-actualizado.png\",\"contentUrl\":\"https:\/\/test.comfenalcovalle.com.co\/wp-content\/uploads\/2021\/06\/logo-comfe-cabecera-agencia-empelo-actualizado.png\",\"width\":500,\"height\":184,\"caption\":\"Comfenalco Valle Delagente\"},\"image\":{\"@id\":\"https:\/\/www.comfenalcovalle.com.co\/#\/schema\/logo\/image\/\"}}]}<\/script>\n<!-- \/ Yoast SEO Premium plugin. -->","yoast_head_json":{"title":"Terminos y Condiciones Reconocimiento Soy Servicio Proveedores - Comfenalco Valle Delagente","robots":{"index":"noindex","follow":"nofollow"},"og_locale":"en_US","og_type":"article","og_title":"Terminos y Condiciones Reconocimiento Soy Servicio Proveedores","og_description":"T\u00e9rminos y Condiciones Reconocimiento Soy Servicio PRO 2026 Este es el principal encuentro para exaltar a los colaboradores y aliados de negocio que se distinguen por ejemplificar, liderar y poner en pr\u00e1ctica nuestra Cultura de Servicio. El objetivo es promover, tanto en el equipo interno como en los proveedores de cara al cliente, el est\u00e1ndar [&hellip;]","og_url":"https:\/\/www.comfenalcovalle.com.co\/terminos-y-condiciones-reconocimiento-soy-servicio-proveedores\/","og_site_name":"Comfenalco Valle Delagente","article_modified_time":"2026-02-11T22:04:27+00:00","og_image":[{"width":443,"height":443,"url":"https:\/\/www.comfenalcovalle.com.co\/wp-content\/uploads\/2021\/04\/servicio-proposito-superior-1.jpeg","type":"image\/jpeg"}],"twitter_card":"summary_large_image","twitter_misc":{"Est. reading time":"5 minutes"},"schema":{"@context":"https:\/\/schema.org","@graph":[{"@type":"WebPage","@id":"https:\/\/www.comfenalcovalle.com.co\/terminos-y-condiciones-reconocimiento-soy-servicio-proveedores\/","url":"https:\/\/www.comfenalcovalle.com.co\/terminos-y-condiciones-reconocimiento-soy-servicio-proveedores\/","name":"Terminos y Condiciones Reconocimiento Soy Servicio Proveedores - Comfenalco Valle Delagente","isPartOf":{"@id":"https:\/\/www.comfenalcovalle.com.co\/#website"},"primaryImageOfPage":{"@id":"https:\/\/www.comfenalcovalle.com.co\/terminos-y-condiciones-reconocimiento-soy-servicio-proveedores\/#primaryimage"},"image":{"@id":"https:\/\/www.comfenalcovalle.com.co\/terminos-y-condiciones-reconocimiento-soy-servicio-proveedores\/#primaryimage"},"thumbnailUrl":"https:\/\/test.comfenalcovalle.com.co\/wp-content\/uploads\/2021\/04\/servicio-proposito-superior-1.jpeg","datePublished":"2023-02-20T21:31:58+00:00","dateModified":"2026-02-11T22:04:27+00:00","breadcrumb":{"@id":"https:\/\/www.comfenalcovalle.com.co\/terminos-y-condiciones-reconocimiento-soy-servicio-proveedores\/#breadcrumb"},"inLanguage":"en-US","potentialAction":[{"@type":"ReadAction","target":["https:\/\/www.comfenalcovalle.com.co\/terminos-y-condiciones-reconocimiento-soy-servicio-proveedores\/"]}]},{"@type":"ImageObject","inLanguage":"en-US","@id":"https:\/\/www.comfenalcovalle.com.co\/terminos-y-condiciones-reconocimiento-soy-servicio-proveedores\/#primaryimage","url":"https:\/\/test.comfenalcovalle.com.co\/wp-content\/uploads\/2021\/04\/servicio-proposito-superior-1.jpeg","contentUrl":"https:\/\/test.comfenalcovalle.com.co\/wp-content\/uploads\/2021\/04\/servicio-proposito-superior-1.jpeg","width":443,"height":443,"caption":"servicio-proposito-superior"},{"@type":"BreadcrumbList","@id":"https:\/\/www.comfenalcovalle.com.co\/terminos-y-condiciones-reconocimiento-soy-servicio-proveedores\/#breadcrumb","itemListElement":[{"@type":"ListItem","position":1,"name":"Portada","item":"https:\/\/www.comfenalcovalle.com.co\/"},{"@type":"ListItem","position":2,"name":"Terminos y Condiciones Reconocimiento Soy Servicio Proveedores"}]},{"@type":"WebSite","@id":"https:\/\/www.comfenalcovalle.com.co\/#website","url":"https:\/\/www.comfenalcovalle.com.co\/","name":"Comfenalco Valle Delagente","description":"Comfenalco Valle Delagente compensation fund.","publisher":{"@id":"https:\/\/www.comfenalcovalle.com.co\/#organization"},"potentialAction":[{"@type":"SearchAction","target":{"@type":"EntryPoint","urlTemplate":"https:\/\/www.comfenalcovalle.com.co\/?s={search_term_string}"},"query-input":{"@type":"PropertyValueSpecification","valueRequired":true,"valueName":"search_term_string"}}],"inLanguage":"en-US"},{"@type":"Organization","@id":"https:\/\/www.comfenalcovalle.com.co\/#organization","name":"Comfenalco Valle Delagente","url":"https:\/\/www.comfenalcovalle.com.co\/","logo":{"@type":"ImageObject","inLanguage":"en-US","@id":"https:\/\/www.comfenalcovalle.com.co\/#\/schema\/logo\/image\/","url":"https:\/\/test.comfenalcovalle.com.co\/wp-content\/uploads\/2021\/06\/logo-comfe-cabecera-agencia-empelo-actualizado.png","contentUrl":"https:\/\/test.comfenalcovalle.com.co\/wp-content\/uploads\/2021\/06\/logo-comfe-cabecera-agencia-empelo-actualizado.png","width":500,"height":184,"caption":"Comfenalco Valle Delagente"},"image":{"@id":"https:\/\/www.comfenalcovalle.com.co\/#\/schema\/logo\/image\/"}}]}},"publishpress_future_action":{"enabled":false,"date":"2026-05-10 05:23:06","action":"change-status","newStatus":"draft","terms":[],"taxonomy":"","extraData":[]},"publishpress_future_workflow_manual_trigger":{"enabledWorkflows":[]},"_links":{"self":[{"href":"https:\/\/test.comfenalcovalle.com.co\/en\/wp-json\/wp\/v2\/pages\/606623","targetHints":{"allow":["GET"]}}],"collection":[{"href":"https:\/\/test.comfenalcovalle.com.co\/en\/wp-json\/wp\/v2\/pages"}],"about":[{"href":"https:\/\/test.comfenalcovalle.com.co\/en\/wp-json\/wp\/v2\/types\/page"}],"author":[{"embeddable":true,"href":"https:\/\/test.comfenalcovalle.com.co\/en\/wp-json\/wp\/v2\/users\/6"}],"replies":[{"embeddable":true,"href":"https:\/\/test.comfenalcovalle.com.co\/en\/wp-json\/wp\/v2\/comments?post=606623"}],"version-history":[{"count":0,"href":"https:\/\/test.comfenalcovalle.com.co\/en\/wp-json\/wp\/v2\/pages\/606623\/revisions"}],"wp:featuredmedia":[{"embeddable":true,"href":"https:\/\/test.comfenalcovalle.com.co\/en\/wp-json\/wp\/v2\/media\/18330"}],"wp:attachment":[{"href":"https:\/\/test.comfenalcovalle.com.co\/en\/wp-json\/wp\/v2\/media?parent=606623"}],"curies":[{"name":"wp","href":"https:\/\/api.w.org\/{rel}","templated":true}]}}