{"id":602140,"date":"2023-03-01T08:02:00","date_gmt":"2023-03-01T13:02:00","guid":{"rendered":"https:\/\/test.comfenalcovalle.com.co\/?page_id=602140"},"modified":"2026-03-10T16:42:43","modified_gmt":"2026-03-10T21:42:43","slug":"ley-de-veteranos","status":"publish","type":"page","link":"https:\/\/test.comfenalcovalle.com.co\/en\/empresas\/aportes\/ley-de-veteranos\/","title":{"rendered":"veterans law"},"content":{"rendered":"<div data-elementor-type=\"wp-page\" data-elementor-id=\"602140\" class=\"elementor elementor-602140\" data-elementor-post-type=\"page\">\n\t\t\t\t<div class=\"elementor-element elementor-element-87a75e8 e-flex e-con-boxed e-con e-parent\" data-id=\"87a75e8\" data-element_type=\"container\">\n\t\t\t\t\t<div class=\"e-con-inner\">\n\t\t<div class=\"elementor-element elementor-element-1a32442 e-con-full e-flex e-con e-child\" data-id=\"1a32442\" data-element_type=\"container\">\n\t\t\t\t<div class=\"elementor-element elementor-element-e5d095e jet-breadcrumbs-align-center elementor-widget elementor-widget-jet-breadcrumbs\" data-id=\"e5d095e\" data-element_type=\"widget\" data-widget_type=\"jet-breadcrumbs.default\">\n\t\t\t\t<div class=\"elementor-widget-container\">\n\t\t\t\t\t<div class=\"elementor-jet-breadcrumbs jet-blocks\">\n\t\t<div class=\"jet-breadcrumbs\">\n\t\t<div class=\"jet-breadcrumbs__content\">\n\t\t<div class=\"jet-breadcrumbs__wrap\"><div class=\"jet-breadcrumbs__item\"><a href=\"https:\/\/test.comfenalcovalle.com.co\/en\/\" class=\"jet-breadcrumbs__item-link is-home\" rel=\"home\" title=\"Beginning\">Beginning<\/a><\/div>\n\t\t<\/div>\n\t\t<\/div>\n\t\t<\/div><\/div>\t\t\t\t<\/div>\n\t\t\t\t<\/div>\n\t\t\t\t<div class=\"elementor-element elementor-element-cfe8650 elementor-widget elementor-widget-heading\" data-id=\"cfe8650\" data-element_type=\"widget\" data-widget_type=\"heading.default\">\n\t\t\t\t<div class=\"elementor-widget-container\">\n\t\t\t\t\t<h1 class=\"elementor-heading-title elementor-size-default\"> veterans law<\/h1>\t\t\t\t<\/div>\n\t\t\t\t<\/div>\n\t\t\t\t<\/div>\n\t\t<div class=\"elementor-element elementor-element-599e205 e-con-full e-flex e-con e-child\" data-id=\"599e205\" data-element_type=\"container\">\n\t\t\t\t<div class=\"elementor-element elementor-element-0d3d3d3 elementor-widget elementor-widget-text-editor\" data-id=\"0d3d3d3\" data-element_type=\"widget\" data-widget_type=\"text-editor.default\">\n\t\t\t\t<div class=\"elementor-widget-container\">\n\t\t\t\t\t\t\t\t\t<p>Las empresas que contraten personas veteranas de las Fuerzas Armadas entre los 18 y 40 a\u00f1os, no tendr\u00e1n que realizar los aportes a la Caja de Compensaci\u00f3n Familiar, por dichos trabajadores durante los dos primeros a\u00f1os de vinculaci\u00f3n. Ley 1979 de 2019, Decreto 1346 de 2020.<\/p><p><strong>They have the right to:<\/strong><\/p><p>Recreation services, social tourism and training of the Family Compensation Fund during the first three (3) years of association. As of the fourth (4) year, they enjoy all the services, programs and subsidies of the Family Subsidy System in accordance with current regulations.<\/p>\t\t\t\t\t\t\t\t<\/div>\n\t\t\t\t<\/div>\n\t\t\t\t<\/div>\n\t\t<div class=\"elementor-element elementor-element-fac0a7e e-con-full e-flex e-con e-child\" data-id=\"fac0a7e\" data-element_type=\"container\">\n\t\t\t\t<div class=\"elementor-element elementor-element-11b9346 elementor-widget elementor-widget-heading\" data-id=\"11b9346\" data-element_type=\"widget\" data-widget_type=\"heading.default\">\n\t\t\t\t<div class=\"elementor-widget-container\">\n\t\t\t\t\t<h2 class=\"elementor-heading-title elementor-size-default\">The employer may access this benefit by meeting the following requirements:<\/h2>\t\t\t\t<\/div>\n\t\t\t\t<\/div>\n\t\t<div class=\"elementor-element elementor-element-f31ae5d e-grid e-con-full e-con e-child\" data-id=\"f31ae5d\" data-element_type=\"container\">\n\t\t<div class=\"elementor-element elementor-element-5c5c077 e-con-full e-flex e-con e-child\" data-id=\"5c5c077\" data-element_type=\"container\">\n\t\t\t\t<div class=\"elementor-element elementor-element-a4cc9aa elementor-widget__width-initial elementor-widget elementor-widget-heading\" data-id=\"a4cc9aa\" data-element_type=\"widget\" data-widget_type=\"heading.default\">\n\t\t\t\t<div class=\"elementor-widget-container\">\n\t\t\t\t\t<div class=\"elementor-heading-title elementor-size-default\">1.<\/div>\t\t\t\t<\/div>\n\t\t\t\t<\/div>\n\t\t\t\t<div class=\"elementor-element elementor-element-89f66cb elementor-widget__width-initial elementor-widget elementor-widget-text-editor\" data-id=\"89f66cb\" data-element_type=\"widget\" data-widget_type=\"text-editor.default\">\n\t\t\t\t<div class=\"elementor-widget-container\">\n\t\t\t\t\t\t\t\t\t<p>Increase the number of workers in relation to those that were cut off on December 31 of the previous year.<\/p>\t\t\t\t\t\t\t\t<\/div>\n\t\t\t\t<\/div>\n\t\t\t\t<\/div>\n\t\t<div class=\"elementor-element elementor-element-611b01a e-con-full e-flex e-con e-child\" data-id=\"611b01a\" data-element_type=\"container\">\n\t\t\t\t<div class=\"elementor-element elementor-element-42ea60e elementor-widget__width-initial elementor-widget elementor-widget-heading\" data-id=\"42ea60e\" data-element_type=\"widget\" data-widget_type=\"heading.default\">\n\t\t\t\t<div class=\"elementor-widget-container\">\n\t\t\t\t\t<div class=\"elementor-heading-title elementor-size-default\">2.<\/div>\t\t\t\t<\/div>\n\t\t\t\t<\/div>\n\t\t\t\t<div class=\"elementor-element elementor-element-be9d414 elementor-widget__width-initial elementor-widget elementor-widget-text-editor\" data-id=\"be9d414\" data-element_type=\"widget\" data-widget_type=\"text-editor.default\">\n\t\t\t\t<div class=\"elementor-widget-container\">\n\t\t\t\t\t\t\t\t\t<p>Increase the value of the payroll in relation to what it had as of December 31 of the immediately previous year. The value of the payroll must be increased by an amount greater than the increase in the Consumer Price Index of the previous year certified by the National Department of Statistics - DANE.<\/p>\t\t\t\t\t\t\t\t<\/div>\n\t\t\t\t<\/div>\n\t\t\t\t<\/div>\n\t\t<div class=\"elementor-element elementor-element-dc78490 e-con-full e-flex e-con e-child\" data-id=\"dc78490\" data-element_type=\"container\">\n\t\t\t\t<div class=\"elementor-element elementor-element-9130715 elementor-widget__width-initial elementor-widget elementor-widget-heading\" data-id=\"9130715\" data-element_type=\"widget\" data-widget_type=\"heading.default\">\n\t\t\t\t<div class=\"elementor-widget-container\">\n\t\t\t\t\t<div class=\"elementor-heading-title elementor-size-default\">3.<\/div>\t\t\t\t<\/div>\n\t\t\t\t<\/div>\n\t\t\t\t<div class=\"elementor-element elementor-element-6007665 elementor-widget__width-initial elementor-widget elementor-widget-text-editor\" data-id=\"6007665\" data-element_type=\"widget\" data-widget_type=\"text-editor.default\">\n\t\t\t\t<div class=\"elementor-widget-container\">\n\t\t\t\t\t\t\t\t\t<p>At the time of registering the new dependent workers for whom the exemption will be effective, you must state that you meet the requirements to access the benefit, presenting the information contained in the Integrated Contribution Settlement Form (PILA) for the month of December of the immediately preceding year and the month in which you want to make the new link or the one that takes its place. Said statement shall be understood to be made under the gravity of the oath, in accordance with article 10 of Decree 2150 of 1995, modified by article 7 of Decree 019 of 2012.<\/p>\t\t\t\t\t\t\t\t<\/div>\n\t\t\t\t<\/div>\n\t\t\t\t<\/div>\n\t\t<div class=\"elementor-element elementor-element-265666d e-con-full e-flex e-con e-child\" data-id=\"265666d\" data-element_type=\"container\">\n\t\t\t\t<div class=\"elementor-element elementor-element-d20403b elementor-widget__width-initial elementor-widget elementor-widget-heading\" data-id=\"d20403b\" data-element_type=\"widget\" data-widget_type=\"heading.default\">\n\t\t\t\t<div class=\"elementor-widget-container\">\n\t\t\t\t\t<div class=\"elementor-heading-title elementor-size-default\">4.<\/div>\t\t\t\t<\/div>\n\t\t\t\t<\/div>\n\t\t\t\t<div class=\"elementor-element elementor-element-231c87a elementor-widget__width-initial elementor-widget elementor-widget-text-editor\" data-id=\"231c87a\" data-element_type=\"widget\" data-widget_type=\"text-editor.default\">\n\t\t\t\t<div class=\"elementor-widget-container\">\n\t\t\t\t\t\t\t\t\t<p>Present the certification of accreditation as a Veteran of the Public Force in accordance with Law 1979 of 2019.<\/p>\t\t\t\t\t\t\t\t<\/div>\n\t\t\t\t<\/div>\n\t\t\t\t<\/div>\n\t\t\t\t<\/div>\n\t\t\t\t<\/div>\n\t\t\t\t\t<\/div>\n\t\t\t\t<\/div>\n\t\t\t\t<\/div>","protected":false},"excerpt":{"rendered":"<p>Inicio Ley de veteranos Las empresas que contraten personas veteranas de las Fuerzas Armadas entre los 18 y 40 a\u00f1os, no tendr\u00e1n que realizar los aportes a la Caja de Compensaci\u00f3n Familiar, por dichos trabajadores durante los dos primeros a\u00f1os de vinculaci\u00f3n. Ley 1979 de 2019, Decreto 1346 de 2020. Tienen derecho a: Servicios de [&hellip;]<\/p>","protected":false},"author":14,"featured_media":45142,"parent":14558,"menu_order":0,"comment_status":"closed","ping_status":"closed","template":"elementor_header_footer","meta":{"footnotes":""},"class_list":["post-602140","page","type-page","status-publish","has-post-thumbnail","hentry"],"yoast_head":"<!-- This site is optimized with the Yoast SEO Premium plugin v25.9 (Yoast SEO v25.9) - https:\/\/yoast.com\/wordpress\/plugins\/seo\/ -->\n<title>Ley de veteranos - Comfenalco Valle Delagente<\/title>\n<meta name=\"description\" content=\"Las empresas que contraten personas veteranas de las Fuerzas Armadas entre los 18 y 40 a\u00f1os, no tendr\u00e1n que realizar los aportes...\" \/>\n<meta name=\"robots\" content=\"index, follow, max-snippet:-1, max-image-preview:large, max-video-preview:-1\" \/>\n<link rel=\"canonical\" href=\"https:\/\/www.comfenalcovalle.com.co\/empresas\/aportes\/ley-de-veteranos\/\" \/>\n<meta property=\"og:locale\" content=\"en_US\" \/>\n<meta property=\"og:type\" content=\"article\" \/>\n<meta property=\"og:title\" content=\"Ley de veteranos\" \/>\n<meta property=\"og:description\" content=\"Las empresas que contraten personas veteranas de las Fuerzas Armadas entre los 18 y 40 a\u00f1os, no tendr\u00e1n que realizar los aportes...\" \/>\n<meta property=\"og:url\" content=\"https:\/\/www.comfenalcovalle.com.co\/empresas\/aportes\/ley-de-veteranos\/\" \/>\n<meta property=\"og:site_name\" content=\"Comfenalco Valle Delagente\" \/>\n<meta property=\"article:modified_time\" content=\"2026-03-10T21:42:43+00:00\" \/>\n<meta property=\"og:image\" content=\"https:\/\/www.comfenalcovalle.com.co\/wp-content\/uploads\/2021\/10\/documentos-registro-aportes-web.jpeg\" \/>\n\t<meta property=\"og:image:width\" content=\"582\" \/>\n\t<meta property=\"og:image:height\" content=\"516\" \/>\n\t<meta property=\"og:image:type\" content=\"image\/jpeg\" \/>\n<meta name=\"twitter:card\" content=\"summary_large_image\" \/>\n<meta name=\"twitter:label1\" content=\"Est. reading time\" \/>\n\t<meta name=\"twitter:data1\" content=\"2 minutes\" \/>\n<script type=\"application\/ld+json\" class=\"yoast-schema-graph\">{\"@context\":\"https:\/\/schema.org\",\"@graph\":[{\"@type\":\"WebPage\",\"@id\":\"https:\/\/www.comfenalcovalle.com.co\/empresas\/aportes\/ley-de-veteranos\/\",\"url\":\"https:\/\/www.comfenalcovalle.com.co\/empresas\/aportes\/ley-de-veteranos\/\",\"name\":\"Ley de veteranos - Comfenalco Valle Delagente\",\"isPartOf\":{\"@id\":\"https:\/\/www.comfenalcovalle.com.co\/#website\"},\"primaryImageOfPage\":{\"@id\":\"https:\/\/www.comfenalcovalle.com.co\/empresas\/aportes\/ley-de-veteranos\/#primaryimage\"},\"image\":{\"@id\":\"https:\/\/www.comfenalcovalle.com.co\/empresas\/aportes\/ley-de-veteranos\/#primaryimage\"},\"thumbnailUrl\":\"https:\/\/test.comfenalcovalle.com.co\/wp-content\/uploads\/2021\/10\/documentos-registro-aportes-web.jpeg\",\"datePublished\":\"2023-03-01T13:02:00+00:00\",\"dateModified\":\"2026-03-10T21:42:43+00:00\",\"description\":\"Las empresas que contraten personas veteranas de las Fuerzas Armadas entre los 18 y 40 a\u00f1os, no tendr\u00e1n que realizar los aportes...\",\"breadcrumb\":{\"@id\":\"https:\/\/www.comfenalcovalle.com.co\/empresas\/aportes\/ley-de-veteranos\/#breadcrumb\"},\"inLanguage\":\"en-US\",\"potentialAction\":[{\"@type\":\"ReadAction\",\"target\":[\"https:\/\/www.comfenalcovalle.com.co\/empresas\/aportes\/ley-de-veteranos\/\"]}]},{\"@type\":\"ImageObject\",\"inLanguage\":\"en-US\",\"@id\":\"https:\/\/www.comfenalcovalle.com.co\/empresas\/aportes\/ley-de-veteranos\/#primaryimage\",\"url\":\"https:\/\/test.comfenalcovalle.com.co\/wp-content\/uploads\/2021\/10\/documentos-registro-aportes-web.jpeg\",\"contentUrl\":\"https:\/\/test.comfenalcovalle.com.co\/wp-content\/uploads\/2021\/10\/documentos-registro-aportes-web.jpeg\",\"width\":582,\"height\":516,\"caption\":\"documentos-registro-aportes-web\"},{\"@type\":\"BreadcrumbList\",\"@id\":\"https:\/\/www.comfenalcovalle.com.co\/empresas\/aportes\/ley-de-veteranos\/#breadcrumb\",\"itemListElement\":[{\"@type\":\"ListItem\",\"position\":1,\"name\":\"Portada\",\"item\":\"https:\/\/www.comfenalcovalle.com.co\/\"},{\"@type\":\"ListItem\",\"position\":2,\"name\":\"Empresas\",\"item\":\"https:\/\/www.comfenalcovalle.com.co\/empresas\/\"},{\"@type\":\"ListItem\",\"position\":3,\"name\":\"Aportes\",\"item\":\"https:\/\/www.comfenalcovalle.com.co\/empresas\/aportes\/\"},{\"@type\":\"ListItem\",\"position\":4,\"name\":\"Ley de veteranos\"}]},{\"@type\":\"WebSite\",\"@id\":\"https:\/\/www.comfenalcovalle.com.co\/#website\",\"url\":\"https:\/\/www.comfenalcovalle.com.co\/\",\"name\":\"Comfenalco Valle Delagente\",\"description\":\"Caja de compensaci\u00f3n de Comfenalco Valle Delagente.\",\"publisher\":{\"@id\":\"https:\/\/www.comfenalcovalle.com.co\/#organization\"},\"potentialAction\":[{\"@type\":\"SearchAction\",\"target\":{\"@type\":\"EntryPoint\",\"urlTemplate\":\"https:\/\/www.comfenalcovalle.com.co\/?s={search_term_string}\"},\"query-input\":{\"@type\":\"PropertyValueSpecification\",\"valueRequired\":true,\"valueName\":\"search_term_string\"}}],\"inLanguage\":\"en-US\"},{\"@type\":\"Organization\",\"@id\":\"https:\/\/www.comfenalcovalle.com.co\/#organization\",\"name\":\"Comfenalco Valle Delagente\",\"url\":\"https:\/\/www.comfenalcovalle.com.co\/\",\"logo\":{\"@type\":\"ImageObject\",\"inLanguage\":\"en-US\",\"@id\":\"https:\/\/www.comfenalcovalle.com.co\/#\/schema\/logo\/image\/\",\"url\":\"https:\/\/test.comfenalcovalle.com.co\/wp-content\/uploads\/2021\/06\/logo-comfe-cabecera-agencia-empelo-actualizado.png\",\"contentUrl\":\"https:\/\/test.comfenalcovalle.com.co\/wp-content\/uploads\/2021\/06\/logo-comfe-cabecera-agencia-empelo-actualizado.png\",\"width\":500,\"height\":184,\"caption\":\"Comfenalco Valle Delagente\"},\"image\":{\"@id\":\"https:\/\/www.comfenalcovalle.com.co\/#\/schema\/logo\/image\/\"}}]}<\/script>\n<!-- \/ Yoast SEO Premium plugin. -->","yoast_head_json":{"title":"Ley de veteranos - Comfenalco Valle Delagente","description":"Las empresas que contraten personas veteranas de las Fuerzas Armadas entre los 18 y 40 a\u00f1os, no tendr\u00e1n que realizar los aportes...","robots":{"index":"index","follow":"follow","max-snippet":"max-snippet:-1","max-image-preview":"max-image-preview:large","max-video-preview":"max-video-preview:-1"},"canonical":"https:\/\/www.comfenalcovalle.com.co\/empresas\/aportes\/ley-de-veteranos\/","og_locale":"en_US","og_type":"article","og_title":"Ley de veteranos","og_description":"Las empresas que contraten personas veteranas de las Fuerzas Armadas entre los 18 y 40 a\u00f1os, no tendr\u00e1n que realizar los aportes...","og_url":"https:\/\/www.comfenalcovalle.com.co\/empresas\/aportes\/ley-de-veteranos\/","og_site_name":"Comfenalco Valle Delagente","article_modified_time":"2026-03-10T21:42:43+00:00","og_image":[{"width":582,"height":516,"url":"https:\/\/www.comfenalcovalle.com.co\/wp-content\/uploads\/2021\/10\/documentos-registro-aportes-web.jpeg","type":"image\/jpeg"}],"twitter_card":"summary_large_image","twitter_misc":{"Est. reading time":"2 minutes"},"schema":{"@context":"https:\/\/schema.org","@graph":[{"@type":"WebPage","@id":"https:\/\/www.comfenalcovalle.com.co\/empresas\/aportes\/ley-de-veteranos\/","url":"https:\/\/www.comfenalcovalle.com.co\/empresas\/aportes\/ley-de-veteranos\/","name":"Ley de veteranos - Comfenalco Valle Delagente","isPartOf":{"@id":"https:\/\/www.comfenalcovalle.com.co\/#website"},"primaryImageOfPage":{"@id":"https:\/\/www.comfenalcovalle.com.co\/empresas\/aportes\/ley-de-veteranos\/#primaryimage"},"image":{"@id":"https:\/\/www.comfenalcovalle.com.co\/empresas\/aportes\/ley-de-veteranos\/#primaryimage"},"thumbnailUrl":"https:\/\/test.comfenalcovalle.com.co\/wp-content\/uploads\/2021\/10\/documentos-registro-aportes-web.jpeg","datePublished":"2023-03-01T13:02:00+00:00","dateModified":"2026-03-10T21:42:43+00:00","description":"Las empresas que contraten personas veteranas de las Fuerzas Armadas entre los 18 y 40 a\u00f1os, no tendr\u00e1n que realizar los aportes...","breadcrumb":{"@id":"https:\/\/www.comfenalcovalle.com.co\/empresas\/aportes\/ley-de-veteranos\/#breadcrumb"},"inLanguage":"en-US","potentialAction":[{"@type":"ReadAction","target":["https:\/\/www.comfenalcovalle.com.co\/empresas\/aportes\/ley-de-veteranos\/"]}]},{"@type":"ImageObject","inLanguage":"en-US","@id":"https:\/\/www.comfenalcovalle.com.co\/empresas\/aportes\/ley-de-veteranos\/#primaryimage","url":"https:\/\/test.comfenalcovalle.com.co\/wp-content\/uploads\/2021\/10\/documentos-registro-aportes-web.jpeg","contentUrl":"https:\/\/test.comfenalcovalle.com.co\/wp-content\/uploads\/2021\/10\/documentos-registro-aportes-web.jpeg","width":582,"height":516,"caption":"documentos-registro-aportes-web"},{"@type":"BreadcrumbList","@id":"https:\/\/www.comfenalcovalle.com.co\/empresas\/aportes\/ley-de-veteranos\/#breadcrumb","itemListElement":[{"@type":"ListItem","position":1,"name":"Portada","item":"https:\/\/www.comfenalcovalle.com.co\/"},{"@type":"ListItem","position":2,"name":"Empresas","item":"https:\/\/www.comfenalcovalle.com.co\/empresas\/"},{"@type":"ListItem","position":3,"name":"Aportes","item":"https:\/\/www.comfenalcovalle.com.co\/empresas\/aportes\/"},{"@type":"ListItem","position":4,"name":"Ley de veteranos"}]},{"@type":"WebSite","@id":"https:\/\/www.comfenalcovalle.com.co\/#website","url":"https:\/\/www.comfenalcovalle.com.co\/","name":"Comfenalco Valle Delagente","description":"Comfenalco Valle Delagente compensation fund.","publisher":{"@id":"https:\/\/www.comfenalcovalle.com.co\/#organization"},"potentialAction":[{"@type":"SearchAction","target":{"@type":"EntryPoint","urlTemplate":"https:\/\/www.comfenalcovalle.com.co\/?s={search_term_string}"},"query-input":{"@type":"PropertyValueSpecification","valueRequired":true,"valueName":"search_term_string"}}],"inLanguage":"en-US"},{"@type":"Organization","@id":"https:\/\/www.comfenalcovalle.com.co\/#organization","name":"Comfenalco Valle Delagente","url":"https:\/\/www.comfenalcovalle.com.co\/","logo":{"@type":"ImageObject","inLanguage":"en-US","@id":"https:\/\/www.comfenalcovalle.com.co\/#\/schema\/logo\/image\/","url":"https:\/\/test.comfenalcovalle.com.co\/wp-content\/uploads\/2021\/06\/logo-comfe-cabecera-agencia-empelo-actualizado.png","contentUrl":"https:\/\/test.comfenalcovalle.com.co\/wp-content\/uploads\/2021\/06\/logo-comfe-cabecera-agencia-empelo-actualizado.png","width":500,"height":184,"caption":"Comfenalco Valle Delagente"},"image":{"@id":"https:\/\/www.comfenalcovalle.com.co\/#\/schema\/logo\/image\/"}}]}},"publishpress_future_action":{"enabled":false,"date":"2026-05-10 06:58:34","action":"change-status","newStatus":"draft","terms":[],"taxonomy":"","extraData":[]},"publishpress_future_workflow_manual_trigger":{"enabledWorkflows":[]},"_links":{"self":[{"href":"https:\/\/test.comfenalcovalle.com.co\/en\/wp-json\/wp\/v2\/pages\/602140","targetHints":{"allow":["GET"]}}],"collection":[{"href":"https:\/\/test.comfenalcovalle.com.co\/en\/wp-json\/wp\/v2\/pages"}],"about":[{"href":"https:\/\/test.comfenalcovalle.com.co\/en\/wp-json\/wp\/v2\/types\/page"}],"author":[{"embeddable":true,"href":"https:\/\/test.comfenalcovalle.com.co\/en\/wp-json\/wp\/v2\/users\/14"}],"replies":[{"embeddable":true,"href":"https:\/\/test.comfenalcovalle.com.co\/en\/wp-json\/wp\/v2\/comments?post=602140"}],"version-history":[{"count":0,"href":"https:\/\/test.comfenalcovalle.com.co\/en\/wp-json\/wp\/v2\/pages\/602140\/revisions"}],"up":[{"embeddable":true,"href":"https:\/\/test.comfenalcovalle.com.co\/en\/wp-json\/wp\/v2\/pages\/14558"}],"wp:featuredmedia":[{"embeddable":true,"href":"https:\/\/test.comfenalcovalle.com.co\/en\/wp-json\/wp\/v2\/media\/45142"}],"wp:attachment":[{"href":"https:\/\/test.comfenalcovalle.com.co\/en\/wp-json\/wp\/v2\/media?parent=602140"}],"curies":[{"name":"wp","href":"https:\/\/api.w.org\/{rel}","templated":true}]}}