{"id":602064,"date":"2023-03-01T08:00:00","date_gmt":"2023-03-01T13:00:00","guid":{"rendered":"https:\/\/test.comfenalcovalle.com.co\/?page_id=602064"},"modified":"2026-03-31T16:51:23","modified_gmt":"2026-03-31T21:51:23","slug":"afiliacion-empleador-de-trabajador-domestico","status":"publish","type":"page","link":"https:\/\/test.comfenalcovalle.com.co\/en\/personas\/afiliacion\/tipos-de-afiliacion\/afiliacion-empleador-de-trabajador-domestico\/","title":{"rendered":"Domestic worker employer affiliation"},"content":{"rendered":"<div data-elementor-type=\"wp-page\" data-elementor-id=\"602064\" class=\"elementor elementor-602064\" data-elementor-post-type=\"page\">\n\t\t\t\t<main class=\"elementor-element elementor-element-ae8658b e-flex e-con-boxed e-con e-parent\" data-id=\"ae8658b\" data-element_type=\"container\">\n\t\t\t\t\t<div class=\"e-con-inner\">\n\t\t<section class=\"elementor-element elementor-element-e8df213 e-flex e-con-boxed e-con e-child\" data-id=\"e8df213\" data-element_type=\"container\" id=\"domestico_subir\">\n\t\t\t\t\t<div class=\"e-con-inner\">\n\t\t<div class=\"elementor-element elementor-element-75f9046 e-con-full e-flex e-con e-child\" data-id=\"75f9046\" data-element_type=\"container\">\n\t\t<div class=\"elementor-element elementor-element-6afc3be e-flex e-con-boxed e-con e-child\" data-id=\"6afc3be\" data-element_type=\"container\" data-settings=\"{&quot;background_background&quot;:&quot;classic&quot;}\">\n\t\t\t\t\t<div class=\"e-con-inner\">\n\t\t\t\t<div class=\"elementor-element elementor-element-d239fd9 elementor-widget elementor-widget-spacer\" data-id=\"d239fd9\" data-element_type=\"widget\" data-widget_type=\"spacer.default\">\n\t\t\t\t<div class=\"elementor-widget-container\">\n\t\t\t\t\t\t\t<div class=\"elementor-spacer\">\n\t\t\t<div class=\"elementor-spacer-inner\"><\/div>\n\t\t<\/div>\n\t\t\t\t\t\t<\/div>\n\t\t\t\t<\/div>\n\t\t\t\t\t<\/div>\n\t\t\t\t<\/div>\n\t\t\t\t<\/div>\n\t\t<div class=\"elementor-element elementor-element-dab8b0c e-con-full e-flex e-con e-child\" data-id=\"dab8b0c\" data-element_type=\"container\">\n\t\t\t\t<div class=\"elementor-element elementor-element-374bf27 jet-breadcrumbs-align-left jet-breadcrumbs-align-mobile-center elementor-widget elementor-widget-jet-breadcrumbs\" data-id=\"374bf27\" data-element_type=\"widget\" data-widget_type=\"jet-breadcrumbs.default\">\n\t\t\t\t<div class=\"elementor-widget-container\">\n\t\t\t\t\t<div class=\"elementor-jet-breadcrumbs jet-blocks\">\n\t\t<div class=\"jet-breadcrumbs\">\n\t\t<div class=\"jet-breadcrumbs__content\">\n\t\t<div class=\"jet-breadcrumbs__wrap\"><div class=\"jet-breadcrumbs__item\"><a href=\"https:\/\/test.comfenalcovalle.com.co\/en\/\" class=\"jet-breadcrumbs__item-link is-home\" rel=\"home\" title=\"Beginning\">Beginning<\/a><\/div>\n\t\t<\/div>\n\t\t<\/div>\n\t\t<\/div><\/div>\t\t\t\t<\/div>\n\t\t\t\t<\/div>\n\t\t\t\t<div class=\"elementor-element elementor-element-d152887 elementor-widget elementor-widget-heading\" data-id=\"d152887\" data-element_type=\"widget\" data-widget_type=\"heading.default\">\n\t\t\t\t<div class=\"elementor-widget-container\">\n\t\t\t\t\t<h1 class=\"elementor-heading-title elementor-size-default\">Af\u00edliate como empleador servicio dom\u00e9stico\n<\/h1>\t\t\t\t<\/div>\n\t\t\t\t<\/div>\n\t\t\t\t<div class=\"elementor-element elementor-element-8ef410d elementor-widget elementor-widget-text-editor\" data-id=\"8ef410d\" data-element_type=\"widget\" data-widget_type=\"text-editor.default\">\n\t\t\t\t<div class=\"elementor-widget-container\">\n\t\t\t\t\t\t\t\t\t<p>Afiliarse a Comfenalco Valle Delagente permite que su personal de servicio dom\u00e9stico disfrute de los beneficios y servicios de nuestra Caja de Compensaci\u00f3n Familiar.<\/p>\t\t\t\t\t\t\t\t<\/div>\n\t\t\t\t<\/div>\n\t\t\t\t<\/div>\n\t\t\t\t\t<\/div>\n\t\t\t\t<\/section>\n\t\t<section class=\"elementor-element elementor-element-1da4c68 e-flex e-con-boxed e-con e-child\" data-id=\"1da4c68\" data-element_type=\"container\">\n\t\t\t\t\t<div class=\"e-con-inner\">\n\t\t<section class=\"elementor-element elementor-element-40bcd1a e-flex e-con-boxed e-con e-child\" data-id=\"40bcd1a\" data-element_type=\"container\">\n\t\t\t\t\t<div class=\"e-con-inner\">\n\t\t<div class=\"elementor-element elementor-element-a5cd33f e-con-full e-flex e-con e-child\" data-id=\"a5cd33f\" data-element_type=\"container\" data-settings=\"{&quot;background_background&quot;:&quot;classic&quot;}\">\n\t\t\t\t<div class=\"elementor-element elementor-element-4909835 elementor-align-justify elementor-widget elementor-widget-button\" data-id=\"4909835\" data-element_type=\"widget\" data-widget_type=\"button.default\">\n\t\t\t\t<div class=\"elementor-widget-container\">\n\t\t\t\t\t\t\t\t\t<div class=\"elementor-button-wrapper\">\n\t\t\t\t\t<a class=\"elementor-button elementor-button-link elementor-size-lg elementor-animation-grow\" href=\"https:\/\/test.comfenalcovalle.com.co\/en\/portafolio-de-servicios\/\">\n\t\t\t\t\t\t<span class=\"elementor-button-content-wrapper\">\n\t\t\t\t\t\t\t\t\t<span class=\"elementor-button-text\">Services briefcase<\/span>\n\t\t\t\t\t<\/span>\n\t\t\t\t\t<\/a>\n\t\t\t\t<\/div>\n\t\t\t\t\t\t\t\t<\/div>\n\t\t\t\t<\/div>\n\t\t\t\t<\/div>\n\t\t<div class=\"elementor-element elementor-element-722f993 e-con-full e-flex e-con e-child\" data-id=\"722f993\" data-element_type=\"container\" data-settings=\"{&quot;background_background&quot;:&quot;classic&quot;}\">\n\t\t\t\t<div class=\"elementor-element elementor-element-35b7421 elementor-align-justify elementor-widget elementor-widget-button\" data-id=\"35b7421\" data-element_type=\"widget\" data-widget_type=\"button.default\">\n\t\t\t\t<div class=\"elementor-widget-container\">\n\t\t\t\t\t\t\t\t\t<div class=\"elementor-button-wrapper\">\n\t\t\t\t\t<a class=\"elementor-button elementor-button-link elementor-size-lg elementor-animation-grow\" href=\"#personas-afiliacion-domestico-requisitos\">\n\t\t\t\t\t\t<span class=\"elementor-button-content-wrapper\">\n\t\t\t\t\t\t\t\t\t<span class=\"elementor-button-text\">Requisitos de afiliaci\u00f3n<\/span>\n\t\t\t\t\t<\/span>\n\t\t\t\t\t<\/a>\n\t\t\t\t<\/div>\n\t\t\t\t\t\t\t\t<\/div>\n\t\t\t\t<\/div>\n\t\t\t\t<\/div>\n\t\t<div class=\"elementor-element elementor-element-239a72c e-con-full e-flex e-con e-child\" data-id=\"239a72c\" data-element_type=\"container\" data-settings=\"{&quot;background_background&quot;:&quot;classic&quot;}\">\n\t\t\t\t<div class=\"elementor-element elementor-element-5ba9889 elementor-align-justify elementor-widget elementor-widget-button\" data-id=\"5ba9889\" data-element_type=\"widget\" data-widget_type=\"button.default\">\n\t\t\t\t<div class=\"elementor-widget-container\">\n\t\t\t\t\t\t\t\t\t<div class=\"elementor-button-wrapper\">\n\t\t\t\t\t<a class=\"elementor-button elementor-button-link elementor-size-lg elementor-animation-grow\" href=\"#personas-afiliacion-domestico-valor-aporte\">\n\t\t\t\t\t\t<span class=\"elementor-button-content-wrapper\">\n\t\t\t\t\t\t\t\t\t<span class=\"elementor-button-text\">\u00bfQue valor debo aportar por mi trabajador?<\/span>\n\t\t\t\t\t<\/span>\n\t\t\t\t\t<\/a>\n\t\t\t\t<\/div>\n\t\t\t\t\t\t\t\t<\/div>\n\t\t\t\t<\/div>\n\t\t\t\t<\/div>\n\t\t\t\t\t<\/div>\n\t\t\t\t<\/section>\n\t\t<section class=\"elementor-element elementor-element-e3fc993 e-flex e-con-boxed e-con e-child\" data-id=\"e3fc993\" data-element_type=\"container\">\n\t\t\t\t\t<div class=\"e-con-inner\">\n\t\t<div class=\"elementor-element elementor-element-30689d1 e-con-full e-flex e-con e-child\" data-id=\"30689d1\" data-element_type=\"container\" data-settings=\"{&quot;background_background&quot;:&quot;classic&quot;}\">\n\t\t\t\t<div class=\"elementor-element elementor-element-29d909f elementor-align-justify elementor-widget elementor-widget-button\" data-id=\"29d909f\" data-element_type=\"widget\" data-widget_type=\"button.default\">\n\t\t\t\t<div class=\"elementor-widget-container\">\n\t\t\t\t\t\t\t\t\t<div class=\"elementor-button-wrapper\">\n\t\t\t\t\t<a class=\"elementor-button elementor-button-link elementor-size-lg elementor-animation-grow\" href=\"https:\/\/cutt.ly\/JtPvViy1\" target=\"_blank\">\n\t\t\t\t\t\t<span class=\"elementor-button-content-wrapper\">\n\t\t\t\t\t\t\t\t\t<span class=\"elementor-button-text\">AFILIATE EN LINEA<\/span>\n\t\t\t\t\t<\/span>\n\t\t\t\t\t<\/a>\n\t\t\t\t<\/div>\n\t\t\t\t\t\t\t\t<\/div>\n\t\t\t\t<\/div>\n\t\t\t\t<\/div>\n\t\t<div class=\"elementor-element elementor-element-0b40c02 e-con-full e-flex e-con e-child\" data-id=\"0b40c02\" data-element_type=\"container\" data-settings=\"{&quot;background_background&quot;:&quot;classic&quot;}\">\n\t\t\t\t<div class=\"elementor-element elementor-element-84905b4 elementor-align-justify elementor-widget elementor-widget-button\" data-id=\"84905b4\" data-element_type=\"widget\" data-widget_type=\"button.default\">\n\t\t\t\t<div class=\"elementor-widget-container\">\n\t\t\t\t\t\t\t\t\t<div class=\"elementor-button-wrapper\">\n\t\t\t\t\t<a class=\"elementor-button elementor-button-link elementor-size-lg elementor-animation-grow\" href=\"https:\/\/empresas.miplanilla.com\/Publico\/IndexEmpresas\" target=\"_blank\">\n\t\t\t\t\t\t<span class=\"elementor-button-content-wrapper\">\n\t\t\t\t\t\t\t\t\t<span class=\"elementor-button-text\">\u00bfD\u00f3nde puedo pagar los aportes como empleador?<\/span>\n\t\t\t\t\t<\/span>\n\t\t\t\t\t<\/a>\n\t\t\t\t<\/div>\n\t\t\t\t\t\t\t\t<\/div>\n\t\t\t\t<\/div>\n\t\t\t\t<\/div>\n\t\t<div class=\"elementor-element elementor-element-9c45642 e-con-full e-flex e-con e-child\" data-id=\"9c45642\" data-element_type=\"container\">\n\t\t\t\t<\/div>\n\t\t\t\t\t<\/div>\n\t\t\t\t<\/section>\n\t\t\t\t\t<\/div>\n\t\t\t\t<\/section>\n\t\t<div class=\"elementor-element elementor-element-1d2224d e-flex e-con-boxed e-con e-child\" data-id=\"1d2224d\" data-element_type=\"container\">\n\t\t\t\t\t<div class=\"e-con-inner\">\n\t\t\t\t<div class=\"elementor-element elementor-element-9b37639 elementor-widget elementor-widget-heading\" data-id=\"9b37639\" data-element_type=\"widget\" data-widget_type=\"heading.default\">\n\t\t\t\t<div class=\"elementor-widget-container\">\n\t\t\t\t\t<h5 class=\"elementor-heading-title elementor-size-default\">Quiero recibir asesor\u00eda personalizada para la afiliaci\u00f3n a la Caja de Compensaci\u00f3n Familiar como:<\/h5>\t\t\t\t<\/div>\n\t\t\t\t<\/div>\n\t\t\t\t<div class=\"elementor-element elementor-element-8844b1b elementor-widget elementor-widget-heading\" data-id=\"8844b1b\" data-element_type=\"widget\" data-widget_type=\"heading.default\">\n\t\t\t\t<div class=\"elementor-widget-container\">\n\t\t\t\t\t<h2 class=\"elementor-heading-title elementor-size-default\">Empleador servicio dom\u00e9stico<\/h2>\t\t\t\t<\/div>\n\t\t\t\t<\/div>\n\t\t\t\t<div class=\"elementor-element elementor-element-07f0f50 elementor-widget elementor-widget-shortcode\" data-id=\"07f0f50\" data-element_type=\"widget\" data-widget_type=\"shortcode.default\">\n\t\t\t\t<div class=\"elementor-widget-container\">\n\t\t\t\t\t\t\t<div class=\"elementor-shortcode\"><p class=\"wpcf7-contact-form-not-found\"><strong>Error:<\/strong> Contact form not found.<\/p><\/div>\n\t\t\t\t\t\t<\/div>\n\t\t\t\t<\/div>\n\t\t\t\t\t<\/div>\n\t\t\t\t<\/div>\n\t\t<section class=\"elementor-element elementor-element-b58bad5 e-flex e-con-boxed e-con e-child\" data-id=\"b58bad5\" data-element_type=\"container\" id=\"personas-afiliacion-domestico-requisitos\">\n\t\t\t\t\t<div class=\"e-con-inner\">\n\t\t<section class=\"elementor-element elementor-element-a929230 e-flex e-con-boxed e-con e-child\" data-id=\"a929230\" data-element_type=\"container\">\n\t\t\t\t\t<div class=\"e-con-inner\">\n\t\t<div class=\"elementor-element elementor-element-56bd0c9 e-flex e-con-boxed e-con e-child\" data-id=\"56bd0c9\" data-element_type=\"container\">\n\t\t\t\t\t<div class=\"e-con-inner\">\n\t\t\t\t<div class=\"elementor-element elementor-element-5c15114 elementor-widget__width-auto elementor-widget elementor-widget-heading\" data-id=\"5c15114\" data-element_type=\"widget\" data-widget_type=\"heading.default\">\n\t\t\t\t<div class=\"elementor-widget-container\">\n\t\t\t\t\t<h2 class=\"elementor-heading-title elementor-size-default\">Requisitos de afiliaci\u00f3n<\/h2>\t\t\t\t<\/div>\n\t\t\t\t<\/div>\n\t\t\t\t<div class=\"elementor-element elementor-element-8cc9d30 elementor-widget elementor-widget-text-editor\" data-id=\"8cc9d30\" data-element_type=\"widget\" data-widget_type=\"text-editor.default\">\n\t\t\t\t<div class=\"elementor-widget-container\">\n\t\t\t\t\t\t\t\t\t<ol><li>Copia de la c\u00e9dula de ciudadan\u00eda del empleador dom\u00e9stico por ambas caras en una sola hoja.<\/li><li>Relaci\u00f3n de trabajadores (indicando el n\u00famero de c\u00e9dula, nombre y salario) <b><a href=\"https:\/\/test.comfenalcovalle.com.co\/wp-content\/uploads\/2025\/09\/afiliacion-relacion-de-trabajadores.doc\" target=\"_blank\" rel=\"noopener\">Descarga aqu\u00ed una carta modelo.<\/a><\/b><\/li><li>Certificado de paz y salvo, en el caso de afiliaci\u00f3n anterior a otra Caja de Compensaci\u00f3n Familiar en el Valle del Cauca.<\/li><\/ol>\t\t\t\t\t\t\t\t<\/div>\n\t\t\t\t<\/div>\n\t\t\t\t\t<\/div>\n\t\t\t\t<\/div>\n\t\t<div class=\"elementor-element elementor-element-7f4edb5 e-flex e-con-boxed e-con e-child\" data-id=\"7f4edb5\" data-element_type=\"container\">\n\t\t\t\t\t<div class=\"e-con-inner\">\n\t\t\t\t<div class=\"elementor-element elementor-element-128973c elementor-widget__width-auto elementor-widget elementor-widget-heading\" data-id=\"128973c\" data-element_type=\"widget\" data-widget_type=\"heading.default\">\n\t\t\t\t<div class=\"elementor-widget-container\">\n\t\t\t\t\t<h2 class=\"elementor-heading-title elementor-size-default\">Qu\u00e9 beneficios obtengo<\/h2>\t\t\t\t<\/div>\n\t\t\t\t<\/div>\n\t\t\t\t<div class=\"elementor-element elementor-element-ac751d8 elementor-icon-list--layout-traditional elementor-list-item-link-full_width elementor-widget elementor-widget-icon-list\" data-id=\"ac751d8\" data-element_type=\"widget\" data-widget_type=\"icon-list.default\">\n\t\t\t\t<div class=\"elementor-widget-container\">\n\t\t\t\t\t\t\t<ul class=\"elementor-icon-list-items\">\n\t\t\t\t\t\t\t<li class=\"elementor-icon-list-item\">\n\t\t\t\t\t\t\t\t\t\t\t<span class=\"elementor-icon-list-icon\">\n\t\t\t\t\t\t\t<i aria-hidden=\"true\" class=\"fas fa-check\"><\/i>\t\t\t\t\t\t<\/span>\n\t\t\t\t\t\t\t\t\t\t<span class=\"elementor-icon-list-text\">Recreaci\u00f3n.<\/span>\n\t\t\t\t\t\t\t\t\t<\/li>\n\t\t\t\t\t\t\t\t<li class=\"elementor-icon-list-item\">\n\t\t\t\t\t\t\t\t\t\t\t<span class=\"elementor-icon-list-icon\">\n\t\t\t\t\t\t\t<i aria-hidden=\"true\" class=\"fas fa-check\"><\/i>\t\t\t\t\t\t<\/span>\n\t\t\t\t\t\t\t\t\t\t<span class=\"elementor-icon-list-text\">Subsidio Familiar Monetario.<\/span>\n\t\t\t\t\t\t\t\t\t<\/li>\n\t\t\t\t\t\t\t\t<li class=\"elementor-icon-list-item\">\n\t\t\t\t\t\t\t\t\t\t\t<span class=\"elementor-icon-list-icon\">\n\t\t\t\t\t\t\t<i aria-hidden=\"true\" class=\"fas fa-check\"><\/i>\t\t\t\t\t\t<\/span>\n\t\t\t\t\t\t\t\t\t\t<span class=\"elementor-icon-list-text\">Educaci\u00f3n y capacitaci\u00f3n.<\/span>\n\t\t\t\t\t\t\t\t\t<\/li>\n\t\t\t\t\t\t\t\t<li class=\"elementor-icon-list-item\">\n\t\t\t\t\t\t\t\t\t\t\t<span class=\"elementor-icon-list-icon\">\n\t\t\t\t\t\t\t<i aria-hidden=\"true\" class=\"fas fa-check\"><\/i>\t\t\t\t\t\t<\/span>\n\t\t\t\t\t\t\t\t\t\t<span class=\"elementor-icon-list-text\">Cultura.<\/span>\n\t\t\t\t\t\t\t\t\t<\/li>\n\t\t\t\t\t\t\t\t<li class=\"elementor-icon-list-item\">\n\t\t\t\t\t\t\t\t\t\t\t<span class=\"elementor-icon-list-icon\">\n\t\t\t\t\t\t\t<i aria-hidden=\"true\" class=\"fas fa-check\"><\/i>\t\t\t\t\t\t<\/span>\n\t\t\t\t\t\t\t\t\t\t<span class=\"elementor-icon-list-text\">Living place.<\/span>\n\t\t\t\t\t\t\t\t\t<\/li>\n\t\t\t\t\t\t\t\t<li class=\"elementor-icon-list-item\">\n\t\t\t\t\t\t\t\t\t\t\t<span class=\"elementor-icon-list-icon\">\n\t\t\t\t\t\t\t<i aria-hidden=\"true\" class=\"fas fa-check\"><\/i>\t\t\t\t\t\t<\/span>\n\t\t\t\t\t\t\t\t\t\t<span class=\"elementor-icon-list-text\">Turismo.<\/span>\n\t\t\t\t\t\t\t\t\t<\/li>\n\t\t\t\t\t\t\t\t<li class=\"elementor-icon-list-item\">\n\t\t\t\t\t\t\t\t\t\t\t<span class=\"elementor-icon-list-icon\">\n\t\t\t\t\t\t\t<i aria-hidden=\"true\" class=\"fas fa-check\"><\/i>\t\t\t\t\t\t<\/span>\n\t\t\t\t\t\t\t\t\t\t<span class=\"elementor-icon-list-text\">Eventos sociales.<\/span>\n\t\t\t\t\t\t\t\t\t<\/li>\n\t\t\t\t\t\t<\/ul>\n\t\t\t\t\t\t<\/div>\n\t\t\t\t<\/div>\n\t\t\t\t\t<\/div>\n\t\t\t\t<\/div>\n\t\t\t\t\t<\/div>\n\t\t\t\t<\/section>\n\t\t\t\t\t<\/div>\n\t\t\t\t<\/section>\n\t\t<section class=\"elementor-element elementor-element-b93d960 e-flex e-con-boxed e-con e-child\" data-id=\"b93d960\" data-element_type=\"container\" id=\"personas-afiliacion-domestico-valor-aporte\">\n\t\t\t\t\t<div class=\"e-con-inner\">\n\t\t\t\t<div class=\"elementor-element elementor-element-5a96169 elementor-widget elementor-widget-heading\" data-id=\"5a96169\" data-element_type=\"widget\" data-widget_type=\"heading.default\">\n\t\t\t\t<div class=\"elementor-widget-container\">\n\t\t\t\t\t<h2 class=\"elementor-heading-title elementor-size-default\">\u00bfC\u00f3mo realizar los aportes de tu empleado dom\u00e9stico?<\/h2>\t\t\t\t<\/div>\n\t\t\t\t<\/div>\n\t\t\t\t<div class=\"elementor-element elementor-element-0edd97d elementor-widget elementor-widget-text-editor\" data-id=\"0edd97d\" data-element_type=\"widget\" data-widget_type=\"text-editor.default\">\n\t\t\t\t<div class=\"elementor-widget-container\">\n\t\t\t\t\t\t\t\t\t<p style=\"text-align: left;\">Las personas que contratan trabajadores que desempe\u00f1an actividades dom\u00e9sticas (Empleadas de servicios generales, choferes, jardineros, entre otros), deben afiliarse primero como empleadores y luego afiliar a sus colaboradores, cumpliendo as\u00ed con sus obligaciones de ley.<\/p><p style=\"text-align: left;\">Debes realizar el pago de tu aporte a trav\u00e9s de cualquiera de los operadores de informaci\u00f3n autorizados. Te recomendamos a nuestro aliado <a href=\"https:\/\/empresas.miplanilla.com\/Publico\/IndexEmpresas\" target=\"_blank\" rel=\"noopener\"><strong>miplanilla.com<\/strong><\/a><\/p>\t\t\t\t\t\t\t\t<\/div>\n\t\t\t\t<\/div>\n\t\t\t\t<div class=\"elementor-element elementor-element-7677b04 elementor-align-justify elementor-widget__width-auto elementor-widget elementor-widget-button\" data-id=\"7677b04\" data-element_type=\"widget\" data-widget_type=\"button.default\">\n\t\t\t\t<div class=\"elementor-widget-container\">\n\t\t\t\t\t\t\t\t\t<div class=\"elementor-button-wrapper\">\n\t\t\t\t\t<a class=\"elementor-button elementor-button-link elementor-size-lg elementor-animation-shrink\" href=\"https:\/\/empresas.miplanilla.com\/Publico\/IndexEmpresas\" target=\"_blank\">\n\t\t\t\t\t\t<span class=\"elementor-button-content-wrapper\">\n\t\t\t\t\t\t\t\t\t<span class=\"elementor-button-text\">Ingresa a miplanilla.com<\/span>\n\t\t\t\t\t<\/span>\n\t\t\t\t\t<\/a>\n\t\t\t\t<\/div>\n\t\t\t\t\t\t\t\t<\/div>\n\t\t\t\t<\/div>\n\t\t\t\t<div class=\"elementor-element elementor-element-801225f elementor-widget elementor-widget-text-editor\" data-id=\"801225f\" data-element_type=\"widget\" data-widget_type=\"text-editor.default\">\n\t\t\t\t<div class=\"elementor-widget-container\">\n\t\t\t\t\t\t\t\t\t<p><b>Para el pago oportuno de tus aportes, ten en cuenta:<\/b><\/p><p>1. Debes realizar el aporte del 4% sobre el valor del salario de su(s) trabajador(es). Tiene derecho a todos los servicios y beneficios de la Caja de Compensaci\u00f3n Familiar, incluyendo Subsidio monetario.<\/p><p>2. Aseg\u00farate de relacionar con exactitud tus datos personales en el operador de pago de tu preferencia.<\/p><p>3. El c\u00f3digo de la Caja de Compensaci\u00f3n Familiar Comfenalco Valle Delagente es el 056.<\/p>\t\t\t\t\t\t\t\t<\/div>\n\t\t\t\t<\/div>\n\t\t<section class=\"elementor-element elementor-element-85e2e6e e-flex e-con-boxed e-con e-child\" data-id=\"85e2e6e\" data-element_type=\"container\">\n\t\t\t\t\t<div class=\"e-con-inner\">\n\t\t\t\t<div class=\"elementor-element elementor-element-5335d8a elementor-widget elementor-widget-heading\" data-id=\"5335d8a\" data-element_type=\"widget\" data-widget_type=\"heading.default\">\n\t\t\t\t<div class=\"elementor-widget-container\">\n\t\t\t\t\t<h2 class=\"elementor-heading-title elementor-size-default\">Categor\u00edas de afiliaci\u00f3n<\/h2>\t\t\t\t<\/div>\n\t\t\t\t<\/div>\n\t\t\t\t<div class=\"elementor-element elementor-element-eb8b327 elementor-widget elementor-widget-text-editor\" data-id=\"eb8b327\" data-element_type=\"widget\" data-widget_type=\"text-editor.default\">\n\t\t\t\t<div class=\"elementor-widget-container\">\n\t\t\t\t\t\t\t\t\tPara acceder a los servicios de tu Caja de Compensaci\u00f3n, en Colombia se han establecido las siguientes categor\u00edas tarifarias seg\u00fan tu ingreso salarial mensual, as\u00ed:\t\t\t\t\t\t\t\t<\/div>\n\t\t\t\t<\/div>\n\t\t\t\t<div class=\"elementor-element elementor-element-81e6027 elementor-widget elementor-widget-html\" data-id=\"81e6027\" data-element_type=\"widget\" data-widget_type=\"html.default\">\n\t\t\t\t<div class=\"elementor-widget-container\">\n\t\t\t\t\t\n<table width=\"711\">\n<tbody>\n<tr>\n<td width=\"113\">CATEGORIA A<\/td>\n<td width=\"598\">Son los trabajadores y su grupo familiar cuyo salarial b\u00e1sico no supera los 2 SMMLV.<\/td>\n<\/tr>\n<tr>\n<td>CATEGORIA B<\/td>\n<td>Son los trabajadores y su grupo familiar cuyo salarial b\u00e1sico se encuentra entre 2 y 4 SMMLV.<\/td>\n<\/tr>\n<tr>\n<td>CATEGORIA C<\/td>\n<td>Son los trabajadores y su grupo familiar cuyo salarial b\u00e1sico supera los\u00a0 4 SMMLV.<\/td>\n<\/tr>\n<tr>\n<td>CATEGORIA D<\/td>\n<td>Son los trabajadores y su grupo familiar que no son afiliados a la Caja de Compensaci\u00f3n Familiar.<\/td>\n<\/tr>\n<\/tbody>\n<\/table>\n<em>SMMLV: Salario M\u00ednimo Mensual Legal Vigente.<\/em>\t\t\t\t<\/div>\n\t\t\t\t<\/div>\n\t\t\t\t\t<\/div>\n\t\t\t\t<\/section>\n\t\t\t\t\t<\/div>\n\t\t\t\t<\/section>\n\t\t<section class=\"elementor-element elementor-element-de9682c e-flex e-con-boxed e-con e-child\" data-id=\"de9682c\" data-element_type=\"container\">\n\t\t\t\t\t<div class=\"e-con-inner\">\n\t\t<div class=\"elementor-element elementor-element-3b370d5 e-flex e-con-boxed e-con e-child\" data-id=\"3b370d5\" data-element_type=\"container\">\n\t\t\t\t\t<div class=\"e-con-inner\">\n\t\t\t\t<div class=\"elementor-element elementor-element-e730180 elementor-align-justify elementor-widget elementor-widget-button\" data-id=\"e730180\" data-element_type=\"widget\" data-widget_type=\"button.default\">\n\t\t\t\t<div class=\"elementor-widget-container\">\n\t\t\t\t\t\t\t\t\t<div class=\"elementor-button-wrapper\">\n\t\t\t\t\t<a class=\"elementor-button elementor-button-link elementor-size-lg elementor-animation-shrink\" href=\"https:\/\/test.comfenalcovalle.com.co\/en\/personas\/afiliacion\/tipos-de-afiliacion\/\">\n\t\t\t\t\t\t<span class=\"elementor-button-content-wrapper\">\n\t\t\t\t\t\t<span class=\"elementor-button-icon\">\n\t\t\t\t<i aria-hidden=\"true\" class=\"fas fa-backward\"><\/i>\t\t\t<\/span>\n\t\t\t\t\t\t\t\t\t<span class=\"elementor-button-text\">Regresar<\/span>\n\t\t\t\t\t<\/span>\n\t\t\t\t\t<\/a>\n\t\t\t\t<\/div>\n\t\t\t\t\t\t\t\t<\/div>\n\t\t\t\t<\/div>\n\t\t\t\t\t<\/div>\n\t\t\t\t<\/div>\n\t\t<div class=\"elementor-element elementor-element-7906e94 e-flex e-con-boxed e-con e-child\" data-id=\"7906e94\" data-element_type=\"container\">\n\t\t\t\t\t<div class=\"e-con-inner\">\n\t\t\t\t<div class=\"elementor-element elementor-element-da08468 elementor-align-justify elementor-widget elementor-widget-button\" data-id=\"da08468\" data-element_type=\"widget\" data-widget_type=\"button.default\">\n\t\t\t\t<div class=\"elementor-widget-container\">\n\t\t\t\t\t\t\t\t\t<div class=\"elementor-button-wrapper\">\n\t\t\t\t\t<a class=\"elementor-button elementor-button-link elementor-size-lg elementor-animation-shrink\" href=\"#domestico_subir\">\n\t\t\t\t\t\t<span class=\"elementor-button-content-wrapper\">\n\t\t\t\t\t\t<span class=\"elementor-button-icon\">\n\t\t\t\t<i aria-hidden=\"true\" class=\"fas fa-angle-double-up\"><\/i>\t\t\t<\/span>\n\t\t\t\t\t\t\t\t\t<span class=\"elementor-button-text\">Subir<\/span>\n\t\t\t\t\t<\/span>\n\t\t\t\t\t<\/a>\n\t\t\t\t<\/div>\n\t\t\t\t\t\t\t\t<\/div>\n\t\t\t\t<\/div>\n\t\t\t\t\t<\/div>\n\t\t\t\t<\/div>\n\t\t\t\t\t<\/div>\n\t\t\t\t<\/section>\n\t\t<div class=\"elementor-element elementor-element-c52938b e-con-full e-flex e-con e-child\" data-id=\"c52938b\" data-element_type=\"container\">\n\t\t\t\t<div class=\"elementor-element elementor-element-3331c96 elementor-widget-divider--view-line elementor-widget elementor-widget-divider\" data-id=\"3331c96\" data-element_type=\"widget\" data-widget_type=\"divider.default\">\n\t\t\t\t<div class=\"elementor-widget-container\">\n\t\t\t\t\t\t\t<div class=\"elementor-divider\">\n\t\t\t<span class=\"elementor-divider-separator\">\n\t\t\t\t\t\t<\/span>\n\t\t<\/div>\n\t\t\t\t\t\t<\/div>\n\t\t\t\t<\/div>\n\t\t\t\t<div class=\"elementor-element elementor-element-ef4fd43 elementor-posts--align-center elementor-grid-4 elementor-grid-tablet-2 elementor-grid-mobile-1 elementor-posts--thumbnail-top elementor-card-shadow-yes elementor-posts__hover-gradient elementor-widget elementor-widget-posts\" data-id=\"ef4fd43\" data-element_type=\"widget\" data-settings=\"{&quot;cards_row_gap&quot;:{&quot;unit&quot;:&quot;px&quot;,&quot;size&quot;:8,&quot;sizes&quot;:[]},&quot;cards_columns&quot;:&quot;4&quot;,&quot;cards_columns_tablet&quot;:&quot;2&quot;,&quot;cards_columns_mobile&quot;:&quot;1&quot;,&quot;cards_row_gap_tablet&quot;:{&quot;unit&quot;:&quot;px&quot;,&quot;size&quot;:&quot;&quot;,&quot;sizes&quot;:[]},&quot;cards_row_gap_mobile&quot;:{&quot;unit&quot;:&quot;px&quot;,&quot;size&quot;:&quot;&quot;,&quot;sizes&quot;:[]}}\" data-widget_type=\"posts.cards\">\n\t\t\t\t<div class=\"elementor-widget-container\">\n\t\t\t\t\t\t\t<div class=\"elementor-posts-container elementor-posts elementor-posts--skin-cards elementor-grid\" role=\"list\">\n\t\t\t\t<article class=\"elementor-post elementor-grid-item post-682352 post type-post status-publish format-standard has-post-thumbnail hentry category-recreacion\" role=\"listitem\">\n\t\t\t<div class=\"elementor-post__card\">\n\t\t\t\t<a class=\"elementor-post__thumbnail__link\" href=\"https:\/\/test.comfenalcovalle.com.co\/en\/el-hotel-y-centro-recreacional-villasol-abre-sus-puertas-a-la-comunidad-un-domingo-de-magia-y-diversion-con-divermundo\/\" tabindex=\"-1\" ><div class=\"elementor-post__thumbnail\"><img fetchpriority=\"high\" decoding=\"async\" width=\"908\" height=\"603\" src=\"https:\/\/test.comfenalcovalle.com.co\/wp-content\/uploads\/2022\/10\/comunidades-delagente-cartago-2022-01.jpg\" class=\"attachment-full size-full wp-image-600426\" alt=\"comunidades-delagente-cartago-2022-01\" srcset=\"https:\/\/test.comfenalcovalle.com.co\/wp-content\/uploads\/2022\/10\/comunidades-delagente-cartago-2022-01.jpg 908w, https:\/\/test.comfenalcovalle.com.co\/wp-content\/uploads\/2022\/10\/comunidades-delagente-cartago-2022-01-300x199.jpg 300w, https:\/\/test.comfenalcovalle.com.co\/wp-content\/uploads\/2022\/10\/comunidades-delagente-cartago-2022-01-768x510.jpg 768w, https:\/\/test.comfenalcovalle.com.co\/wp-content\/uploads\/2022\/10\/comunidades-delagente-cartago-2022-01-18x12.jpg 18w\" sizes=\"(max-width: 908px) 100vw, 908px\" \/><\/div><\/a>\n\t\t\t\t<div class=\"elementor-post__badge\">Recreation<\/div>\n\t\t\t\t<div class=\"elementor-post__text\">\n\t\t\t\t<h2 class=\"elementor-post__title\">\n\t\t\t<a href=\"https:\/\/test.comfenalcovalle.com.co\/en\/el-hotel-y-centro-recreacional-villasol-abre-sus-puertas-a-la-comunidad-un-domingo-de-magia-y-diversion-con-divermundo\/\" >\n\t\t\t\tEl Hotel y Centro Recreacional Villasol abre sus puertas a la comunidad: Un domingo de magia y diversi\u00f3n con \u2018Divermundo\u2019\t\t\t<\/a>\n\t\t<\/h2>\n\t\t\n\t\t<a class=\"elementor-post__read-more\" href=\"https:\/\/test.comfenalcovalle.com.co\/en\/el-hotel-y-centro-recreacional-villasol-abre-sus-puertas-a-la-comunidad-un-domingo-de-magia-y-diversion-con-divermundo\/\" aria-label=\"Read more about El Hotel y Centro Recreacional Villasol abre sus puertas a la comunidad: Un domingo de magia y diversi\u00f3n con \u2018Divermundo\u2019\" tabindex=\"-1\" >\n\t\t\tI&#039;m interested\t\t<\/a>\n\n\t\t\t\t<\/div>\n\t\t\t\t\t<\/div>\n\t\t<\/article>\n\t\t\t\t<article class=\"elementor-post elementor-grid-item post-681431 post type-post status-publish format-standard has-post-thumbnail hentry category-corporativo\" role=\"listitem\">\n\t\t\t<div class=\"elementor-post__card\">\n\t\t\t\t<a class=\"elementor-post__thumbnail__link\" href=\"https:\/\/test.comfenalcovalle.com.co\/en\/reporte-empresarial-consolidado\/\" tabindex=\"-1\" ><div class=\"elementor-post__thumbnail\"><img decoding=\"async\" width=\"1025\" height=\"1280\" data-src=\"https:\/\/test.comfenalcovalle.com.co\/wp-content\/uploads\/2026\/04\/1-infografia-rec-scaled.webp\" class=\"attachment-full size-full wp-image-681434 lazyload\" alt=\"Reporte Empresarial Consolidado\" data-srcset=\"https:\/\/test.comfenalcovalle.com.co\/wp-content\/uploads\/2026\/04\/1-infografia-rec-scaled.webp 1025w, https:\/\/test.comfenalcovalle.com.co\/wp-content\/uploads\/2026\/04\/1-infografia-rec-240x300.webp 240w, https:\/\/test.comfenalcovalle.com.co\/wp-content\/uploads\/2026\/04\/1-infografia-rec-820x1024.webp 820w, https:\/\/test.comfenalcovalle.com.co\/wp-content\/uploads\/2026\/04\/1-infografia-rec-768x959.webp 768w, https:\/\/test.comfenalcovalle.com.co\/wp-content\/uploads\/2026\/04\/1-infografia-rec-10x12.webp 10w\" data-sizes=\"(max-width: 1025px) 100vw, 1025px\" src=\"data:image\/svg+xml;base64,PHN2ZyB3aWR0aD0iMSIgaGVpZ2h0PSIxIiB4bWxucz0iaHR0cDovL3d3dy53My5vcmcvMjAwMC9zdmciPjwvc3ZnPg==\" style=\"--smush-placeholder-width: 1025px; --smush-placeholder-aspect-ratio: 1025\/1280;\" \/><\/div><\/a>\n\t\t\t\t<div class=\"elementor-post__badge\">Corporate<\/div>\n\t\t\t\t<div class=\"elementor-post__text\">\n\t\t\t\t<h2 class=\"elementor-post__title\">\n\t\t\t<a href=\"https:\/\/test.comfenalcovalle.com.co\/en\/reporte-empresarial-consolidado\/\" >\n\t\t\t\tReporte Empresarial Consolidado\t\t\t<\/a>\n\t\t<\/h2>\n\t\t\n\t\t<a class=\"elementor-post__read-more\" href=\"https:\/\/test.comfenalcovalle.com.co\/en\/reporte-empresarial-consolidado\/\" aria-label=\"Read more about Reporte Empresarial Consolidado\" tabindex=\"-1\" >\n\t\t\tI&#039;m interested\t\t<\/a>\n\n\t\t\t\t<\/div>\n\t\t\t\t\t<\/div>\n\t\t<\/article>\n\t\t\t\t<article class=\"elementor-post elementor-grid-item post-680607 post type-post status-publish format-standard has-post-thumbnail hentry category-turismo\" role=\"listitem\">\n\t\t\t<div class=\"elementor-post__card\">\n\t\t\t\t<a class=\"elementor-post__thumbnail__link\" href=\"https:\/\/test.comfenalcovalle.com.co\/en\/ruta-turistica-zarzal-vive-una-experiencia-cultural-gastronomica-y-comunitaria\/\" tabindex=\"-1\" ><div class=\"elementor-post__thumbnail\"><img decoding=\"async\" width=\"1200\" height=\"675\" data-src=\"https:\/\/test.comfenalcovalle.com.co\/wp-content\/uploads\/2026\/04\/Ruta-turistica-Zarzal.jpg\" class=\"attachment-full size-full wp-image-680613 lazyload\" alt=\"Ruta tur\u00edstica Zarzal\" data-srcset=\"https:\/\/test.comfenalcovalle.com.co\/wp-content\/uploads\/2026\/04\/Ruta-turistica-Zarzal.jpg 1200w, https:\/\/test.comfenalcovalle.com.co\/wp-content\/uploads\/2026\/04\/Ruta-turistica-Zarzal-300x169.jpg 300w, https:\/\/test.comfenalcovalle.com.co\/wp-content\/uploads\/2026\/04\/Ruta-turistica-Zarzal-1024x576.jpg 1024w, https:\/\/test.comfenalcovalle.com.co\/wp-content\/uploads\/2026\/04\/Ruta-turistica-Zarzal-768x432.jpg 768w, https:\/\/test.comfenalcovalle.com.co\/wp-content\/uploads\/2026\/04\/Ruta-turistica-Zarzal-18x10.jpg 18w\" data-sizes=\"(max-width: 1200px) 100vw, 1200px\" src=\"data:image\/svg+xml;base64,PHN2ZyB3aWR0aD0iMSIgaGVpZ2h0PSIxIiB4bWxucz0iaHR0cDovL3d3dy53My5vcmcvMjAwMC9zdmciPjwvc3ZnPg==\" style=\"--smush-placeholder-width: 1200px; --smush-placeholder-aspect-ratio: 1200\/675;\" \/><\/div><\/a>\n\t\t\t\t<div class=\"elementor-post__badge\">Tourism<\/div>\n\t\t\t\t<div class=\"elementor-post__text\">\n\t\t\t\t<h2 class=\"elementor-post__title\">\n\t\t\t<a href=\"https:\/\/test.comfenalcovalle.com.co\/en\/ruta-turistica-zarzal-vive-una-experiencia-cultural-gastronomica-y-comunitaria\/\" >\n\t\t\t\tRuta tur\u00edstica Zarzal, vive una experiencia cultural, gastron\u00f3mica y comunitaria\t\t\t<\/a>\n\t\t<\/h2>\n\t\t\n\t\t<a class=\"elementor-post__read-more\" href=\"https:\/\/test.comfenalcovalle.com.co\/en\/ruta-turistica-zarzal-vive-una-experiencia-cultural-gastronomica-y-comunitaria\/\" aria-label=\"Read more about Ruta tur\u00edstica Zarzal, vive una experiencia cultural, gastron\u00f3mica y comunitaria\" tabindex=\"-1\" >\n\t\t\tI&#039;m interested\t\t<\/a>\n\n\t\t\t\t<\/div>\n\t\t\t\t\t<\/div>\n\t\t<\/article>\n\t\t\t\t<article class=\"elementor-post elementor-grid-item post-680187 post type-post status-publish format-standard has-post-thumbnail hentry category-agencia-de-empleo\" role=\"listitem\">\n\t\t\t<div class=\"elementor-post__card\">\n\t\t\t\t<a class=\"elementor-post__thumbnail__link\" href=\"https:\/\/test.comfenalcovalle.com.co\/en\/apuesta-por-el-talento-vallecaucano-6-000-millones-en-formacion-para-fortalecer-el-empleo-de-cerca-de-8-000-personas-en-2025\/\" tabindex=\"-1\" ><div class=\"elementor-post__thumbnail\"><img decoding=\"async\" width=\"1080\" height=\"607\" data-src=\"https:\/\/test.comfenalcovalle.com.co\/wp-content\/uploads\/2026\/03\/AgenciaEmpleo-Calendario.png\" class=\"attachment-full size-full wp-image-680188 lazyload\" alt=\"Apuesta por el talento vallecaucano\" data-srcset=\"https:\/\/test.comfenalcovalle.com.co\/wp-content\/uploads\/2026\/03\/AgenciaEmpleo-Calendario.png 1080w, https:\/\/test.comfenalcovalle.com.co\/wp-content\/uploads\/2026\/03\/AgenciaEmpleo-Calendario-300x169.png 300w, https:\/\/test.comfenalcovalle.com.co\/wp-content\/uploads\/2026\/03\/AgenciaEmpleo-Calendario-1024x576.png 1024w, https:\/\/test.comfenalcovalle.com.co\/wp-content\/uploads\/2026\/03\/AgenciaEmpleo-Calendario-768x432.png 768w, https:\/\/test.comfenalcovalle.com.co\/wp-content\/uploads\/2026\/03\/AgenciaEmpleo-Calendario-18x10.png 18w\" data-sizes=\"(max-width: 1080px) 100vw, 1080px\" src=\"data:image\/svg+xml;base64,PHN2ZyB3aWR0aD0iMSIgaGVpZ2h0PSIxIiB4bWxucz0iaHR0cDovL3d3dy53My5vcmcvMjAwMC9zdmciPjwvc3ZnPg==\" style=\"--smush-placeholder-width: 1080px; --smush-placeholder-aspect-ratio: 1080\/607;\" \/><\/div><\/a>\n\t\t\t\t<div class=\"elementor-post__badge\">Employment agency.<\/div>\n\t\t\t\t<div class=\"elementor-post__text\">\n\t\t\t\t<h2 class=\"elementor-post__title\">\n\t\t\t<a href=\"https:\/\/test.comfenalcovalle.com.co\/en\/apuesta-por-el-talento-vallecaucano-6-000-millones-en-formacion-para-fortalecer-el-empleo-de-cerca-de-8-000-personas-en-2025\/\" >\n\t\t\t\tApuesta por el talento vallecaucano: $6.000 millones en formaci\u00f3n para fortalecer el empleo de cerca de 8.000 personas en 2025\t\t\t<\/a>\n\t\t<\/h2>\n\t\t\n\t\t<a class=\"elementor-post__read-more\" href=\"https:\/\/test.comfenalcovalle.com.co\/en\/apuesta-por-el-talento-vallecaucano-6-000-millones-en-formacion-para-fortalecer-el-empleo-de-cerca-de-8-000-personas-en-2025\/\" aria-label=\"Read more about Apuesta por el talento vallecaucano: $6.000 millones en formaci\u00f3n para fortalecer el empleo de cerca de 8.000 personas en 2025\" tabindex=\"-1\" >\n\t\t\tI&#039;m interested\t\t<\/a>\n\n\t\t\t\t<\/div>\n\t\t\t\t\t<\/div>\n\t\t<\/article>\n\t\t\t\t<\/div>\n\t\t\n\t\t\t\t\t\t<\/div>\n\t\t\t\t<\/div>\n\t\t\t\t<\/div>\n\t\t\t\t\t<\/div>\n\t\t\t\t<\/main>\n\t\t\t\t<\/div>","protected":false},"excerpt":{"rendered":"<p>Inicio Af\u00edliate como empleador servicio dom\u00e9stico Afiliarse a Comfenalco Valle Delagente permite que su personal de servicio dom\u00e9stico disfrute de los beneficios y servicios de<\/p>","protected":false},"author":14,"featured_media":2226,"parent":4824,"menu_order":0,"comment_status":"closed","ping_status":"closed","template":"elementor_header_footer","meta":{"footnotes":""},"class_list":["post-602064","page","type-page","status-publish","has-post-thumbnail","hentry"],"yoast_head":"<!-- This site is optimized with the Yoast SEO Premium plugin v25.9 (Yoast SEO v25.9) - https:\/\/yoast.com\/wordpress\/plugins\/seo\/ -->\n<title>Afiliaci\u00f3n empleador de trabajador dom\u00e9stico - Comfenalco Valle Delagente<\/title>\n<meta name=\"description\" content=\"Estos son los requisitos que toda persona con trabajadores del servicio dom\u00e9stico a su cargo, debe cumplir (Decreto 0721 del 2013):\" \/>\n<meta name=\"robots\" content=\"index, follow, max-snippet:-1, max-image-preview:large, max-video-preview:-1\" \/>\n<link rel=\"canonical\" href=\"https:\/\/www.comfenalcovalle.com.co\/personas\/afiliacion\/tipos-de-afiliacion\/afiliacion-empleador-de-trabajador-domestico\/\" \/>\n<meta property=\"og:locale\" content=\"en_US\" \/>\n<meta property=\"og:type\" content=\"article\" \/>\n<meta property=\"og:title\" content=\"Afiliaci\u00f3n empleador de trabajador dom\u00e9stico\" \/>\n<meta property=\"og:description\" content=\"Estos son los requisitos que toda persona con trabajadores del servicio dom\u00e9stico a su cargo, debe cumplir (Decreto 0721 del 2013):\" \/>\n<meta property=\"og:url\" content=\"https:\/\/www.comfenalcovalle.com.co\/personas\/afiliacion\/tipos-de-afiliacion\/afiliacion-empleador-de-trabajador-domestico\/\" \/>\n<meta property=\"og:site_name\" content=\"Comfenalco Valle Delagente\" \/>\n<meta property=\"article:modified_time\" content=\"2026-03-31T21:51:23+00:00\" \/>\n<meta property=\"og:image\" content=\"https:\/\/www.comfenalcovalle.com.co\/wp-content\/uploads\/2020\/08\/afiliacio\u0301n-empleadores-persona-empleados-domesticos.jpg\" \/>\n\t<meta property=\"og:image:width\" content=\"1280\" \/>\n\t<meta property=\"og:image:height\" content=\"720\" \/>\n\t<meta property=\"og:image:type\" content=\"image\/jpeg\" \/>\n<meta name=\"twitter:card\" content=\"summary_large_image\" \/>\n<meta name=\"twitter:label1\" content=\"Est. reading time\" \/>\n\t<meta name=\"twitter:data1\" content=\"3 minutes\" \/>\n<script type=\"application\/ld+json\" class=\"yoast-schema-graph\">{\"@context\":\"https:\/\/schema.org\",\"@graph\":[{\"@type\":\"WebPage\",\"@id\":\"https:\/\/www.comfenalcovalle.com.co\/personas\/afiliacion\/tipos-de-afiliacion\/afiliacion-empleador-de-trabajador-domestico\/\",\"url\":\"https:\/\/www.comfenalcovalle.com.co\/personas\/afiliacion\/tipos-de-afiliacion\/afiliacion-empleador-de-trabajador-domestico\/\",\"name\":\"Afiliaci\u00f3n empleador de trabajador dom\u00e9stico - Comfenalco Valle Delagente\",\"isPartOf\":{\"@id\":\"https:\/\/www.comfenalcovalle.com.co\/#website\"},\"primaryImageOfPage\":{\"@id\":\"https:\/\/www.comfenalcovalle.com.co\/personas\/afiliacion\/tipos-de-afiliacion\/afiliacion-empleador-de-trabajador-domestico\/#primaryimage\"},\"image\":{\"@id\":\"https:\/\/www.comfenalcovalle.com.co\/personas\/afiliacion\/tipos-de-afiliacion\/afiliacion-empleador-de-trabajador-domestico\/#primaryimage\"},\"thumbnailUrl\":\"https:\/\/test.comfenalcovalle.com.co\/wp-content\/uploads\/2020\/08\/afiliacio\u0301n-empleadores-persona-empleados-domesticos.jpg\",\"datePublished\":\"2023-03-01T13:00:00+00:00\",\"dateModified\":\"2026-03-31T21:51:23+00:00\",\"description\":\"Estos son los requisitos que toda persona con trabajadores del servicio dom\u00e9stico a su cargo, debe cumplir (Decreto 0721 del 2013):\",\"breadcrumb\":{\"@id\":\"https:\/\/www.comfenalcovalle.com.co\/personas\/afiliacion\/tipos-de-afiliacion\/afiliacion-empleador-de-trabajador-domestico\/#breadcrumb\"},\"inLanguage\":\"en-US\",\"potentialAction\":[{\"@type\":\"ReadAction\",\"target\":[\"https:\/\/www.comfenalcovalle.com.co\/personas\/afiliacion\/tipos-de-afiliacion\/afiliacion-empleador-de-trabajador-domestico\/\"]}]},{\"@type\":\"ImageObject\",\"inLanguage\":\"en-US\",\"@id\":\"https:\/\/www.comfenalcovalle.com.co\/personas\/afiliacion\/tipos-de-afiliacion\/afiliacion-empleador-de-trabajador-domestico\/#primaryimage\",\"url\":\"https:\/\/test.comfenalcovalle.com.co\/wp-content\/uploads\/2020\/08\/afiliacio\u0301n-empleadores-persona-empleados-domesticos.jpg\",\"contentUrl\":\"https:\/\/test.comfenalcovalle.com.co\/wp-content\/uploads\/2020\/08\/afiliacio\u0301n-empleadores-persona-empleados-domesticos.jpg\",\"width\":1280,\"height\":720,\"caption\":\"afiliacio\u0301n-empleadores-persona-empleados-domesticos\"},{\"@type\":\"BreadcrumbList\",\"@id\":\"https:\/\/www.comfenalcovalle.com.co\/personas\/afiliacion\/tipos-de-afiliacion\/afiliacion-empleador-de-trabajador-domestico\/#breadcrumb\",\"itemListElement\":[{\"@type\":\"ListItem\",\"position\":1,\"name\":\"Portada\",\"item\":\"https:\/\/www.comfenalcovalle.com.co\/\"},{\"@type\":\"ListItem\",\"position\":2,\"name\":\"Personas\",\"item\":\"https:\/\/www.comfenalcovalle.com.co\/\"},{\"@type\":\"ListItem\",\"position\":3,\"name\":\"Afiliaci\u00f3n\",\"item\":\"https:\/\/www.comfenalcovalle.com.co\/personas\/afiliacion\/\"},{\"@type\":\"ListItem\",\"position\":4,\"name\":\"Tipos de afiliaci\u00f3n\",\"item\":\"https:\/\/www.comfenalcovalle.com.co\/personas\/afiliacion\/tipos-de-afiliacion\/\"},{\"@type\":\"ListItem\",\"position\":5,\"name\":\"Afiliaci\u00f3n empleador de trabajador dom\u00e9stico\"}]},{\"@type\":\"WebSite\",\"@id\":\"https:\/\/www.comfenalcovalle.com.co\/#website\",\"url\":\"https:\/\/www.comfenalcovalle.com.co\/\",\"name\":\"Comfenalco Valle Delagente\",\"description\":\"Caja de compensaci\u00f3n de Comfenalco Valle Delagente.\",\"publisher\":{\"@id\":\"https:\/\/www.comfenalcovalle.com.co\/#organization\"},\"potentialAction\":[{\"@type\":\"SearchAction\",\"target\":{\"@type\":\"EntryPoint\",\"urlTemplate\":\"https:\/\/www.comfenalcovalle.com.co\/?s={search_term_string}\"},\"query-input\":{\"@type\":\"PropertyValueSpecification\",\"valueRequired\":true,\"valueName\":\"search_term_string\"}}],\"inLanguage\":\"en-US\"},{\"@type\":\"Organization\",\"@id\":\"https:\/\/www.comfenalcovalle.com.co\/#organization\",\"name\":\"Comfenalco Valle Delagente\",\"url\":\"https:\/\/www.comfenalcovalle.com.co\/\",\"logo\":{\"@type\":\"ImageObject\",\"inLanguage\":\"en-US\",\"@id\":\"https:\/\/www.comfenalcovalle.com.co\/#\/schema\/logo\/image\/\",\"url\":\"https:\/\/test.comfenalcovalle.com.co\/wp-content\/uploads\/2021\/06\/logo-comfe-cabecera-agencia-empelo-actualizado.png\",\"contentUrl\":\"https:\/\/test.comfenalcovalle.com.co\/wp-content\/uploads\/2021\/06\/logo-comfe-cabecera-agencia-empelo-actualizado.png\",\"width\":500,\"height\":184,\"caption\":\"Comfenalco Valle Delagente\"},\"image\":{\"@id\":\"https:\/\/www.comfenalcovalle.com.co\/#\/schema\/logo\/image\/\"}}]}<\/script>\n<!-- \/ Yoast SEO Premium plugin. -->","yoast_head_json":{"title":"Afiliaci\u00f3n empleador de trabajador dom\u00e9stico - Comfenalco Valle Delagente","description":"These are the requirements that every person with domestic service workers under their care must meet (Decree 0721 of 2013):","robots":{"index":"index","follow":"follow","max-snippet":"max-snippet:-1","max-image-preview":"max-image-preview:large","max-video-preview":"max-video-preview:-1"},"canonical":"https:\/\/www.comfenalcovalle.com.co\/personas\/afiliacion\/tipos-de-afiliacion\/afiliacion-empleador-de-trabajador-domestico\/","og_locale":"en_US","og_type":"article","og_title":"Afiliaci\u00f3n empleador de trabajador dom\u00e9stico","og_description":"Estos son los requisitos que toda persona con trabajadores del servicio dom\u00e9stico a su cargo, debe cumplir (Decreto 0721 del 2013):","og_url":"https:\/\/www.comfenalcovalle.com.co\/personas\/afiliacion\/tipos-de-afiliacion\/afiliacion-empleador-de-trabajador-domestico\/","og_site_name":"Comfenalco Valle Delagente","article_modified_time":"2026-03-31T21:51:23+00:00","og_image":[{"width":1280,"height":720,"url":"https:\/\/www.comfenalcovalle.com.co\/wp-content\/uploads\/2020\/08\/afiliacio\u0301n-empleadores-persona-empleados-domesticos.jpg","type":"image\/jpeg"}],"twitter_card":"summary_large_image","twitter_misc":{"Est. reading time":"3 minutes"},"schema":{"@context":"https:\/\/schema.org","@graph":[{"@type":"WebPage","@id":"https:\/\/www.comfenalcovalle.com.co\/personas\/afiliacion\/tipos-de-afiliacion\/afiliacion-empleador-de-trabajador-domestico\/","url":"https:\/\/www.comfenalcovalle.com.co\/personas\/afiliacion\/tipos-de-afiliacion\/afiliacion-empleador-de-trabajador-domestico\/","name":"Afiliaci\u00f3n empleador de trabajador dom\u00e9stico - Comfenalco Valle Delagente","isPartOf":{"@id":"https:\/\/www.comfenalcovalle.com.co\/#website"},"primaryImageOfPage":{"@id":"https:\/\/www.comfenalcovalle.com.co\/personas\/afiliacion\/tipos-de-afiliacion\/afiliacion-empleador-de-trabajador-domestico\/#primaryimage"},"image":{"@id":"https:\/\/www.comfenalcovalle.com.co\/personas\/afiliacion\/tipos-de-afiliacion\/afiliacion-empleador-de-trabajador-domestico\/#primaryimage"},"thumbnailUrl":"https:\/\/test.comfenalcovalle.com.co\/wp-content\/uploads\/2020\/08\/afiliacio\u0301n-empleadores-persona-empleados-domesticos.jpg","datePublished":"2023-03-01T13:00:00+00:00","dateModified":"2026-03-31T21:51:23+00:00","description":"These are the requirements that every person with domestic service workers under their care must meet (Decree 0721 of 2013):","breadcrumb":{"@id":"https:\/\/www.comfenalcovalle.com.co\/personas\/afiliacion\/tipos-de-afiliacion\/afiliacion-empleador-de-trabajador-domestico\/#breadcrumb"},"inLanguage":"en-US","potentialAction":[{"@type":"ReadAction","target":["https:\/\/www.comfenalcovalle.com.co\/personas\/afiliacion\/tipos-de-afiliacion\/afiliacion-empleador-de-trabajador-domestico\/"]}]},{"@type":"ImageObject","inLanguage":"en-US","@id":"https:\/\/www.comfenalcovalle.com.co\/personas\/afiliacion\/tipos-de-afiliacion\/afiliacion-empleador-de-trabajador-domestico\/#primaryimage","url":"https:\/\/test.comfenalcovalle.com.co\/wp-content\/uploads\/2020\/08\/afiliacio\u0301n-empleadores-persona-empleados-domesticos.jpg","contentUrl":"https:\/\/test.comfenalcovalle.com.co\/wp-content\/uploads\/2020\/08\/afiliacio\u0301n-empleadores-persona-empleados-domesticos.jpg","width":1280,"height":720,"caption":"afiliacio\u0301n-empleadores-persona-empleados-domesticos"},{"@type":"BreadcrumbList","@id":"https:\/\/www.comfenalcovalle.com.co\/personas\/afiliacion\/tipos-de-afiliacion\/afiliacion-empleador-de-trabajador-domestico\/#breadcrumb","itemListElement":[{"@type":"ListItem","position":1,"name":"Portada","item":"https:\/\/www.comfenalcovalle.com.co\/"},{"@type":"ListItem","position":2,"name":"Personas","item":"https:\/\/www.comfenalcovalle.com.co\/"},{"@type":"ListItem","position":3,"name":"Afiliaci\u00f3n","item":"https:\/\/www.comfenalcovalle.com.co\/personas\/afiliacion\/"},{"@type":"ListItem","position":4,"name":"Tipos de afiliaci\u00f3n","item":"https:\/\/www.comfenalcovalle.com.co\/personas\/afiliacion\/tipos-de-afiliacion\/"},{"@type":"ListItem","position":5,"name":"Afiliaci\u00f3n empleador de trabajador dom\u00e9stico"}]},{"@type":"WebSite","@id":"https:\/\/www.comfenalcovalle.com.co\/#website","url":"https:\/\/www.comfenalcovalle.com.co\/","name":"Comfenalco Valle Delagente","description":"Comfenalco Valle Delagente compensation fund.","publisher":{"@id":"https:\/\/www.comfenalcovalle.com.co\/#organization"},"potentialAction":[{"@type":"SearchAction","target":{"@type":"EntryPoint","urlTemplate":"https:\/\/www.comfenalcovalle.com.co\/?s={search_term_string}"},"query-input":{"@type":"PropertyValueSpecification","valueRequired":true,"valueName":"search_term_string"}}],"inLanguage":"en-US"},{"@type":"Organization","@id":"https:\/\/www.comfenalcovalle.com.co\/#organization","name":"Comfenalco Valle Delagente","url":"https:\/\/www.comfenalcovalle.com.co\/","logo":{"@type":"ImageObject","inLanguage":"en-US","@id":"https:\/\/www.comfenalcovalle.com.co\/#\/schema\/logo\/image\/","url":"https:\/\/test.comfenalcovalle.com.co\/wp-content\/uploads\/2021\/06\/logo-comfe-cabecera-agencia-empelo-actualizado.png","contentUrl":"https:\/\/test.comfenalcovalle.com.co\/wp-content\/uploads\/2021\/06\/logo-comfe-cabecera-agencia-empelo-actualizado.png","width":500,"height":184,"caption":"Comfenalco Valle Delagente"},"image":{"@id":"https:\/\/www.comfenalcovalle.com.co\/#\/schema\/logo\/image\/"}}]}},"publishpress_future_action":{"enabled":false,"date":"2026-05-08 15:02:21","action":"change-status","newStatus":"draft","terms":[],"taxonomy":"","extraData":[]},"publishpress_future_workflow_manual_trigger":{"enabledWorkflows":[]},"_links":{"self":[{"href":"https:\/\/test.comfenalcovalle.com.co\/en\/wp-json\/wp\/v2\/pages\/602064","targetHints":{"allow":["GET"]}}],"collection":[{"href":"https:\/\/test.comfenalcovalle.com.co\/en\/wp-json\/wp\/v2\/pages"}],"about":[{"href":"https:\/\/test.comfenalcovalle.com.co\/en\/wp-json\/wp\/v2\/types\/page"}],"author":[{"embeddable":true,"href":"https:\/\/test.comfenalcovalle.com.co\/en\/wp-json\/wp\/v2\/users\/14"}],"replies":[{"embeddable":true,"href":"https:\/\/test.comfenalcovalle.com.co\/en\/wp-json\/wp\/v2\/comments?post=602064"}],"version-history":[{"count":0,"href":"https:\/\/test.comfenalcovalle.com.co\/en\/wp-json\/wp\/v2\/pages\/602064\/revisions"}],"up":[{"embeddable":true,"href":"https:\/\/test.comfenalcovalle.com.co\/en\/wp-json\/wp\/v2\/pages\/4824"}],"wp:featuredmedia":[{"embeddable":true,"href":"https:\/\/test.comfenalcovalle.com.co\/en\/wp-json\/wp\/v2\/media\/2226"}],"wp:attachment":[{"href":"https:\/\/test.comfenalcovalle.com.co\/en\/wp-json\/wp\/v2\/media?parent=602064"}],"curies":[{"name":"wp","href":"https:\/\/api.w.org\/{rel}","templated":true}]}}