{"id":595050,"date":"2023-03-01T08:00:00","date_gmt":"2023-03-01T13:00:00","guid":{"rendered":"https:\/\/test.comfenalcovalle.com.co\/?page_id=595050"},"modified":"2024-08-15T16:11:20","modified_gmt":"2024-08-15T21:11:20","slug":"villasol-destinos-y-atractivos-turisticos","status":"publish","type":"page","link":"https:\/\/test.comfenalcovalle.com.co\/en\/politica-de-turismo-sostenible\/villasol-destinos-y-atractivos-turisticos\/","title":{"rendered":"Destinations and tourist attractions near Villasol"},"content":{"rendered":"<div data-elementor-type=\"wp-page\" data-elementor-id=\"595050\" class=\"elementor elementor-595050\" data-elementor-post-type=\"page\">\n\t\t\t\t\t\t<main class=\"elementor-section elementor-top-section elementor-element elementor-element-63f46eb elementor-section-full_width elementor-section-height-default elementor-section-height-default\" data-id=\"63f46eb\" data-element_type=\"section\">\n\t\t\t\t\t\t<div class=\"elementor-container elementor-column-gap-default\">\n\t\t\t\t\t<div class=\"elementor-column elementor-col-100 elementor-top-column elementor-element elementor-element-ebb53a8\" data-id=\"ebb53a8\" data-element_type=\"column\">\n\t\t\t<div class=\"elementor-widget-wrap elementor-element-populated\">\n\t\t\t\t\t\t<section class=\"elementor-section elementor-inner-section elementor-element elementor-element-1c9a57c elementor-section-boxed elementor-section-height-default elementor-section-height-default\" data-id=\"1c9a57c\" data-element_type=\"section\">\n\t\t\t\t\t\t<div class=\"elementor-container elementor-column-gap-default\">\n\t\t\t\t\t<div class=\"elementor-column elementor-col-100 elementor-inner-column elementor-element elementor-element-ed66e0e\" data-id=\"ed66e0e\" data-element_type=\"column\">\n\t\t\t<div class=\"elementor-widget-wrap elementor-element-populated\">\n\t\t\t\t\t\t<div class=\"elementor-element elementor-element-b4d5668 jet-breadcrumbs-align-center elementor-widget elementor-widget-jet-breadcrumbs\" data-id=\"b4d5668\" data-element_type=\"widget\" data-widget_type=\"jet-breadcrumbs.default\">\n\t\t\t\t<div class=\"elementor-widget-container\">\n\t\t\t\t\t<div class=\"elementor-jet-breadcrumbs jet-blocks\">\n\t\t<div class=\"jet-breadcrumbs\">\n\t\t<div class=\"jet-breadcrumbs__content\">\n\t\t<div class=\"jet-breadcrumbs__wrap\"><div class=\"jet-breadcrumbs__item\"><a href=\"https:\/\/test.comfenalcovalle.com.co\/en\/\" class=\"jet-breadcrumbs__item-link is-home\" rel=\"home\" title=\"Beginning\">Beginning<\/a><\/div>\n\t\t<\/div>\n\t\t<\/div>\n\t\t<\/div><\/div>\t\t\t\t<\/div>\n\t\t\t\t<\/div>\n\t\t\t\t\t<\/div>\n\t\t<\/div>\n\t\t\t\t\t<\/div>\n\t\t<\/section>\n\t\t\t\t<section class=\"elementor-section elementor-inner-section elementor-element elementor-element-86b152a elementor-section-boxed elementor-section-height-default elementor-section-height-default\" data-id=\"86b152a\" data-element_type=\"section\">\n\t\t\t\t\t\t<div class=\"elementor-container elementor-column-gap-default\">\n\t\t\t\t\t<div class=\"elementor-column elementor-col-100 elementor-inner-column elementor-element elementor-element-aa352e1\" data-id=\"aa352e1\" data-element_type=\"column\">\n\t\t\t<div class=\"elementor-widget-wrap elementor-element-populated\">\n\t\t\t\t\t\t<div class=\"elementor-element elementor-element-dc49f39 elementor-widget elementor-widget-text-editor\" data-id=\"dc49f39\" data-element_type=\"widget\" data-widget_type=\"text-editor.default\">\n\t\t\t\t<div class=\"elementor-widget-container\">\n\t\t\t\t\t\t\t\t\t<p>Space for recreation and accommodation in Cartago, a municipality known as the &quot;Colombia&#039;s happiest sun&quot;. Guests and the community in general can enjoy the Hotel and Recreation Center Villasol, it has an excellent location within the urban area of Cartago, with easy access to the city, and to the Coffee Region.<\/p><p><strong>Carthage: <\/strong>This town is located north of Valle del Cauca, and is located on the banks of the La Vieja river and on the western side borders the Cauca river. It is known as the &quot;Villa de Robledo&quot; and also as &quot;Colombia&#039;s happiest city of the sun.&quot; It was initially founded in 1540 in the place where Pereira is today, by small Spanish settlements promoted by Jorge Robledo. Its distance from Cali is 187 kms. It is one of the oldest towns in South America (History of South America \/ The oldest cities).<\/p><p>Its geographical location is strategic, as it is very close to the capitals of Risaralda, Quind\u00edo and Caldas. Area with great tourist attractions, here are the closest ones: Panaca Quimbaya, Quind\u00edo (52 minutes), Salento Quind\u00edo (1 hour 15 minutes), Valle del C\u00f3cora Salento, Quind\u00edo (1 hour 35 minutes), Parque del Caf\u00e9 Montenegro, Quind\u00edo (1 hour), Santa Rosa Hot Springs, Risaralda (1 hour 20 minutes), Los Nevados Park, Caldas (3 hours 50 minutes).<\/p>\t\t\t\t\t\t\t\t<\/div>\n\t\t\t\t<\/div>\n\t\t\t\t\t<\/div>\n\t\t<\/div>\n\t\t\t\t\t<\/div>\n\t\t<\/section>\n\t\t\t\t<section class=\"elementor-section elementor-inner-section elementor-element elementor-element-d4d72a3 elementor-section-boxed elementor-section-height-default elementor-section-height-default\" data-id=\"d4d72a3\" data-element_type=\"section\">\n\t\t\t\t\t\t<div class=\"elementor-container elementor-column-gap-default\">\n\t\t\t\t\t<div class=\"elementor-column elementor-col-100 elementor-inner-column elementor-element elementor-element-bdf0dbb\" data-id=\"bdf0dbb\" data-element_type=\"column\">\n\t\t\t<div class=\"elementor-widget-wrap elementor-element-populated\">\n\t\t\t\t\t\t<div class=\"elementor-element elementor-element-69c139d elementor-position-right elementor-mobile-position-right elementor-view-default elementor-vertical-align-top elementor-widget elementor-widget-icon-box\" data-id=\"69c139d\" data-element_type=\"widget\" data-widget_type=\"icon-box.default\">\n\t\t\t\t<div class=\"elementor-widget-container\">\n\t\t\t\t\t\t\t<div class=\"elementor-icon-box-wrapper\">\n\n\t\t\t\t\t\t<div class=\"elementor-icon-box-icon\">\n\t\t\t\t<span  class=\"elementor-icon elementor-animation-grow\">\n\t\t\t\t<svg xmlns=\"http:\/\/www.w3.org\/2000\/svg\" id=\"Layer_1\" height=\"512\" viewbox=\"0 0 512.352 512.352\" width=\"512\"><g><path d=\"m504.676 458.44h-42.292v-208.255c0-15.893-12.93-28.822-28.822-28.822h-50.189c84.845-155.136-116.263-300.914-237.311-171.474-2.744 3.104-2.452 7.843.652 10.586 3.104 2.744 7.844 2.452 10.586-.652 43.814-49.563 118.206-58.876 173.045-21.66 99.037 67.136 63.433 222.543-54.777 239.946-2.075.308-3.926 1.471-5.104 3.207l-14.315 21.094-13.499-20.837c-1.179-1.82-3.087-3.041-5.234-3.347-19.964-2.851-38.607-10.078-55.409-21.481-52.999-34.706-73.226-108.641-45.436-165.417 1.764-3.748.156-8.216-3.591-9.98-3.748-1.766-8.216-.157-9.98 3.591-20.46 42.809-18.143 95.472 6.003 136.423h-50.213c-15.893 0-28.822 12.93-28.822 28.822v208.256h-42.292c-4.142 0-7.5 3.358-7.5 7.5v17.59c0 15.893 12.93 28.822 28.822 28.822h454.355c15.893 0 28.822-12.93 28.822-28.822v-17.59c.001-4.142-3.357-7.5-7.499-7.5zm-131.26-222.134c.302.037.609.056.92.056h59.226c7.622 0 13.822 6.201 13.822 13.822v208.256h-20.466v-194.042c0-4.142-3.358-7.5-7.5-7.5h-64.987c6.935-6.212 13.301-13.1 18.985-20.592zm-308.449 13.879c0-7.622 6.201-13.822 13.822-13.822h59.226c.319 0 .634-.02.942-.059 5.634 7.429 11.977 14.329 18.957 20.594h-64.98c-4.142 0-7.5 3.358-7.5 7.5v194.042h-20.467zm432.209 233.345c0 7.622-6.201 13.822-13.822 13.822h-454.356c-7.622 0-13.822-6.201-13.822-13.822v-10.09h336.72c4.142 0 7.5-3.358 7.5-7.5s-3.358-7.5-7.5-7.5h-251.462v-186.542h74.076c.898 0 1.759-.158 2.556-.447 16.818 10.754 35.225 17.839 54.822 21.099l17.821 27.509c2.924 4.515 9.493 4.565 12.5.134l18.847-27.771c19.154-3.292 37.327-10.351 53.518-20.547.676.07 76.654 0 77.343.024v186.541h-20.067c-4.142 0-7.5 3.358-7.5 7.5s3.358 7.5 7.5 7.5h105.325v10.09z\"><\/path><path d=\"m230.162 213.145c1.433 34.52 50.608 34.494 52.028 0v-60.673c-1.433-34.52-50.608-34.494-52.028 0zm15-60.673c.607-14.616 21.427-14.605 22.028 0v60.673c-.607 14.616-21.427 14.605-22.028 0z\"><\/path><path d=\"m256.176 114.301c14.344 0 26.014-11.67 26.014-26.014-1.429-34.512-50.605-34.502-52.028 0 0 14.344 11.67 26.014 26.014 26.014zm0-37.029c6.073 0 11.014 4.941 11.014 11.015-.605 14.612-21.426 14.608-22.028 0 0-6.074 4.941-11.015 11.014-11.015z\"><\/path><path d=\"m138.016 332.567h55.79c9.931-.344 9.923-14.659 0-15h-55.79c-9.931.344-9.924 14.659 0 15z\"><\/path><path d=\"m374.336 317.567h-55.79c-9.931.344-9.923 14.659 0 15h55.79c9.931-.344 9.923-14.659 0-15z\"><\/path><path d=\"m374.336 361.065h-236.32c-9.931.344-9.923 14.659 0 15h236.32c9.931-.344 9.923-14.659 0-15z\"><\/path><path d=\"m324.336 404.563h-136.32c-9.931.344-9.923 14.659 0 15h136.32c9.931-.344 9.923-14.659 0-15z\"><\/path><\/g><\/svg>\t\t\t\t<\/span>\n\t\t\t<\/div>\n\t\t\t\n\t\t\t\t\t\t<div class=\"elementor-icon-box-content\">\n\n\t\t\t\t\t\t\t\t\t<h2 class=\"elementor-icon-box-title\">\n\t\t\t\t\t\t<span  >\n\t\t\t\t\t\t\tLugares representativos del Norte del Valle del Cauca y Eje Cafetero\t\t\t\t\t\t<\/span>\n\t\t\t\t\t<\/h2>\n\t\t\t\t\n\t\t\t\t\n\t\t\t<\/div>\n\t\t\t\n\t\t<\/div>\n\t\t\t\t\t\t<\/div>\n\t\t\t\t<\/div>\n\t\t\t\t<div class=\"elementor-element elementor-element-4c4def5 elementor-position-left elementor-vertical-align-top elementor-widget elementor-widget-image-box\" data-id=\"4c4def5\" data-element_type=\"widget\" data-widget_type=\"image-box.default\">\n\t\t\t\t<div class=\"elementor-widget-container\">\n\t\t\t\t\t<div class=\"elementor-image-box-wrapper\"><figure class=\"elementor-image-box-img\"><a href=\"https:\/\/www.cartago.gov.co\/\" target=\"_blank\" tabindex=\"-1\"><img fetchpriority=\"high\" decoding=\"async\" width=\"377\" height=\"200\" src=\"https:\/\/test.comfenalcovalle.com.co\/wp-content\/uploads\/2022\/08\/Casa-del-virrey.png\" class=\"attachment-full size-full wp-image-595332\" alt=\"\" srcset=\"https:\/\/test.comfenalcovalle.com.co\/wp-content\/uploads\/2022\/08\/Casa-del-virrey.png 377w, https:\/\/test.comfenalcovalle.com.co\/wp-content\/uploads\/2022\/08\/Casa-del-virrey-300x159.png 300w, https:\/\/test.comfenalcovalle.com.co\/wp-content\/uploads\/2022\/08\/Casa-del-virrey-18x10.png 18w\" sizes=\"(max-width: 377px) 100vw, 377px\" \/><\/a><\/figure><div class=\"elementor-image-box-content\"><h3 class=\"elementor-image-box-title\"><a href=\"https:\/\/www.cartago.gov.co\/\" target=\"_blank\">Viceroy&#039;s House<\/a><\/h3><p class=\"elementor-image-box-description\">Declarada patrimonio Nacional. Los v\u00ednculos afectivos entre Sebasti\u00e1n Marizancena y la colonia espa\u00f1ola, lograron que el Virrey Don Pedro Mesia de la Cerda, aceptara una invitaci\u00f3n que hiciera desde Cartago el Alf\u00e9rez Real, quien, para halagar a tan distinguido hu\u00e9sped, mand\u00f3 a construir una casa de tal magnitud y belleza arquitect\u00f3nica, que no tuviera nada que envidiar a las mansiones espa\u00f1olas que en el siglo XVll eran admiradas por su estilo. El Virrey declin\u00f3 la invitaci\u00f3n y la posterg\u00f3 para una nueva fecha, que nunca cumpli\u00f3. Ubicada en la calle 13 # 4-53, Cartago, Valle del Cauca. www.cartago.gov.co<\/p><\/div><\/div>\t\t\t\t<\/div>\n\t\t\t\t<\/div>\n\t\t\t\t<div class=\"elementor-element elementor-element-96dfa08 elementor-position-left elementor-vertical-align-top elementor-widget elementor-widget-image-box\" data-id=\"96dfa08\" data-element_type=\"widget\" data-widget_type=\"image-box.default\">\n\t\t\t\t<div class=\"elementor-widget-container\">\n\t\t\t\t\t<div class=\"elementor-image-box-wrapper\"><figure class=\"elementor-image-box-img\"><img decoding=\"async\" width=\"345\" height=\"220\" data-src=\"https:\/\/test.comfenalcovalle.com.co\/wp-content\/uploads\/2022\/08\/iglesia-sen\u0303ora-de-guadalupe.png\" class=\"attachment-full size-full wp-image-595333 lazyload\" alt=\"\" data-srcset=\"https:\/\/test.comfenalcovalle.com.co\/wp-content\/uploads\/2022\/08\/iglesia-sen\u0303ora-de-guadalupe.png 345w, https:\/\/test.comfenalcovalle.com.co\/wp-content\/uploads\/2022\/08\/iglesia-sen\u0303ora-de-guadalupe-300x191.png 300w, https:\/\/test.comfenalcovalle.com.co\/wp-content\/uploads\/2022\/08\/iglesia-sen\u0303ora-de-guadalupe-18x12.png 18w\" data-sizes=\"(max-width: 345px) 100vw, 345px\" src=\"data:image\/svg+xml;base64,PHN2ZyB3aWR0aD0iMSIgaGVpZ2h0PSIxIiB4bWxucz0iaHR0cDovL3d3dy53My5vcmcvMjAwMC9zdmciPjwvc3ZnPg==\" style=\"--smush-placeholder-width: 345px; --smush-placeholder-aspect-ratio: 345\/220;\" \/><\/figure><div class=\"elementor-image-box-content\"><h3 class=\"elementor-image-box-title\">Our Lady of Guadalupe Church <\/h3><p class=\"elementor-image-box-description\">In this church, the missionaries of the house of Cartago have been providing their services as chaplains for almost 70 years. It is considered cultural patrimony of the Nation, it is more than 200 years old and it is a replica of the primitive church of Tepeyac. <\/p><\/div><\/div>\t\t\t\t<\/div>\n\t\t\t\t<\/div>\n\t\t\t\t<div class=\"elementor-element elementor-element-709e88b elementor-position-left elementor-vertical-align-top elementor-widget elementor-widget-image-box\" data-id=\"709e88b\" data-element_type=\"widget\" data-widget_type=\"image-box.default\">\n\t\t\t\t<div class=\"elementor-widget-container\">\n\t\t\t\t\t<div class=\"elementor-image-box-wrapper\"><figure class=\"elementor-image-box-img\"><a href=\"https:\/\/www.balsajelaberraquera.com\/\" target=\"_blank\" tabindex=\"-1\"><img decoding=\"async\" width=\"364\" height=\"214\" data-src=\"https:\/\/test.comfenalcovalle.com.co\/wp-content\/uploads\/2022\/08\/Rio-la-vieja.png\" class=\"attachment-full size-full wp-image-595336 lazyload\" alt=\"\" data-srcset=\"https:\/\/test.comfenalcovalle.com.co\/wp-content\/uploads\/2022\/08\/Rio-la-vieja.png 364w, https:\/\/test.comfenalcovalle.com.co\/wp-content\/uploads\/2022\/08\/Rio-la-vieja-300x176.png 300w, https:\/\/test.comfenalcovalle.com.co\/wp-content\/uploads\/2022\/08\/Rio-la-vieja-18x12.png 18w\" data-sizes=\"(max-width: 364px) 100vw, 364px\" src=\"data:image\/svg+xml;base64,PHN2ZyB3aWR0aD0iMSIgaGVpZ2h0PSIxIiB4bWxucz0iaHR0cDovL3d3dy53My5vcmcvMjAwMC9zdmciPjwvc3ZnPg==\" style=\"--smush-placeholder-width: 364px; --smush-placeholder-aspect-ratio: 364\/214;\" \/><\/a><\/figure><div class=\"elementor-image-box-content\"><h3 class=\"elementor-image-box-title\"><a href=\"https:\/\/www.balsajelaberraquera.com\/\" target=\"_blank\">Balsaje Rio La Vieja<\/a><\/h3><p class=\"elementor-image-box-description\">Aqu\u00ed se practica el balsaje desde Alejandr\u00eda hasta Piedras de Motel, se puede hacer observaci\u00f3n de aves, chig\u00fciros, nutrias, iguanas, entre otros. A unos 40 minutos de la cabecera urbana, aproximadamente 15 Kms. Barrio la Orqu\u00eddea, Cartago, Valle del Cauca. www.balsajelaberraquera.com<\/p><\/div><\/div>\t\t\t\t<\/div>\n\t\t\t\t<\/div>\n\t\t\t\t<div class=\"elementor-element elementor-element-460cc01 elementor-position-left elementor-vertical-align-top elementor-widget elementor-widget-image-box\" data-id=\"460cc01\" data-element_type=\"widget\" data-widget_type=\"image-box.default\">\n\t\t\t\t<div class=\"elementor-widget-container\">\n\t\t\t\t\t<div class=\"elementor-image-box-wrapper\"><figure class=\"elementor-image-box-img\"><a href=\"https:\/\/museorayo.co\/el-museo-rayo\/\" target=\"_blank\" tabindex=\"-1\"><img decoding=\"async\" width=\"643\" height=\"465\" data-src=\"https:\/\/test.comfenalcovalle.com.co\/wp-content\/uploads\/2024\/08\/museo-rayo-roldanillo-familia-fachada-2023.jpg\" class=\"attachment-full size-full wp-image-641816 lazyload\" alt=\"\" data-srcset=\"https:\/\/test.comfenalcovalle.com.co\/wp-content\/uploads\/2024\/08\/museo-rayo-roldanillo-familia-fachada-2023.jpg 643w, https:\/\/test.comfenalcovalle.com.co\/wp-content\/uploads\/2024\/08\/museo-rayo-roldanillo-familia-fachada-2023-300x217.jpg 300w, https:\/\/test.comfenalcovalle.com.co\/wp-content\/uploads\/2024\/08\/museo-rayo-roldanillo-familia-fachada-2023-18x12.jpg 18w\" data-sizes=\"(max-width: 643px) 100vw, 643px\" src=\"data:image\/svg+xml;base64,PHN2ZyB3aWR0aD0iMSIgaGVpZ2h0PSIxIiB4bWxucz0iaHR0cDovL3d3dy53My5vcmcvMjAwMC9zdmciPjwvc3ZnPg==\" style=\"--smush-placeholder-width: 643px; --smush-placeholder-aspect-ratio: 643\/465;\" \/><\/a><\/figure><div class=\"elementor-image-box-content\"><h3 class=\"elementor-image-box-title\"><a href=\"https:\/\/museorayo.co\/el-museo-rayo\/\" target=\"_blank\">Museo Rayo<\/a><\/h3><p class=\"elementor-image-box-description\">Este museo ubicado en el municipio de Roldanillo fue fundado por el artista vallecaucano Omar Rayo, en 1981. Rayo ha sido reconocido como uno de los m\u00e1s grandes artistas pl\u00e1sticos de Colombia. El museo cuenta con una gran colecci\u00f3n de arte abstracto, compuesta por m\u00e1s de 2,500 piezas de arte, que incluyen obras del maestro  Omar Rayo y de otros artistas nacionales e internacionales. En 1973, el municipio de Roldanillo le don\u00f3 un terreno al artista, como reconocimiento por el premio que recibi\u00f3 en la Bienal Sao Paulo, con el fin de crear un nuevo espacio para el arte. <\/p><\/div><\/div>\t\t\t\t<\/div>\n\t\t\t\t<\/div>\n\t\t\t\t<div class=\"elementor-element elementor-element-74817cb elementor-position-left elementor-vertical-align-top elementor-widget elementor-widget-image-box\" data-id=\"74817cb\" data-element_type=\"widget\" data-widget_type=\"image-box.default\">\n\t\t\t\t<div class=\"elementor-widget-container\">\n\t\t\t\t\t<div class=\"elementor-image-box-wrapper\"><figure class=\"elementor-image-box-img\"><a href=\"https:\/\/www.parquenacionaldelauva.com\" target=\"_blank\" tabindex=\"-1\"><img decoding=\"async\" width=\"640\" height=\"424\" data-src=\"https:\/\/test.comfenalcovalle.com.co\/wp-content\/uploads\/2021\/06\/sitio-turistico-parque-uva-02-web.jpeg\" class=\"attachment-full size-full wp-image-19519 lazyload\" alt=\"\" data-srcset=\"https:\/\/test.comfenalcovalle.com.co\/wp-content\/uploads\/2021\/06\/sitio-turistico-parque-uva-02-web.jpeg 640w, https:\/\/test.comfenalcovalle.com.co\/wp-content\/uploads\/2021\/06\/sitio-turistico-parque-uva-02-web-300x199.jpeg 300w\" data-sizes=\"(max-width: 640px) 100vw, 640px\" src=\"data:image\/svg+xml;base64,PHN2ZyB3aWR0aD0iMSIgaGVpZ2h0PSIxIiB4bWxucz0iaHR0cDovL3d3dy53My5vcmcvMjAwMC9zdmciPjwvc3ZnPg==\" style=\"--smush-placeholder-width: 640px; --smush-placeholder-aspect-ratio: 640\/424;\" \/><\/a><\/figure><div class=\"elementor-image-box-content\"><h3 class=\"elementor-image-box-title\"><a href=\"https:\/\/www.parquenacionaldelauva.com\" target=\"_blank\">Parque Nacional de la Uva<\/a><\/h3><p class=\"elementor-image-box-description\">Parque tem\u00e1tico agro tur\u00edstico y eco amigable ubicado en el municipio de la Uni\u00f3n Valle del Cauca, inspirado en el cultivo de la uva en Colombia y en su importancia para el desarrollo sostenible del Norte del Valle del Cauca. Este parque ofrece un recorrido y experiencia recreativa y did\u00e1ctica alrededor de la agricultura, la econom\u00eda circular, la bioeconom\u00eda, los emprendimientos verdes y la conservaci\u00f3n de nuestra biodiversidad. Ubicaci\u00f3n en el Km 1 en la v\u00eda La Uni\u00f3n - La Victoria, Valle del Cauca. <\/p><\/div><\/div>\t\t\t\t<\/div>\n\t\t\t\t<\/div>\n\t\t\t\t<div class=\"elementor-element elementor-element-13167ab elementor-position-left elementor-vertical-align-top elementor-widget elementor-widget-image-box\" data-id=\"13167ab\" data-element_type=\"widget\" data-widget_type=\"image-box.default\">\n\t\t\t\t<div class=\"elementor-widget-container\">\n\t\t\t\t\t<div class=\"elementor-image-box-wrapper\"><figure class=\"elementor-image-box-img\"><a href=\"https:\/\/www.recuca.com\/\" target=\"_blank\" tabindex=\"-1\"><img decoding=\"async\" width=\"300\" height=\"199\" data-src=\"https:\/\/test.comfenalcovalle.com.co\/wp-content\/uploads\/2024\/08\/recuca-parque-quindio.jpeg\" class=\"attachment-full size-full wp-image-641492 lazyload\" alt=\"\" data-srcset=\"https:\/\/test.comfenalcovalle.com.co\/wp-content\/uploads\/2024\/08\/recuca-parque-quindio.jpeg 300w, https:\/\/test.comfenalcovalle.com.co\/wp-content\/uploads\/2024\/08\/recuca-parque-quindio-18x12.jpeg 18w\" data-sizes=\"(max-width: 300px) 100vw, 300px\" src=\"data:image\/svg+xml;base64,PHN2ZyB3aWR0aD0iMSIgaGVpZ2h0PSIxIiB4bWxucz0iaHR0cDovL3d3dy53My5vcmcvMjAwMC9zdmciPjwvc3ZnPg==\" style=\"--smush-placeholder-width: 300px; --smush-placeholder-aspect-ratio: 300\/199;\" \/><\/a><\/figure><div class=\"elementor-image-box-content\"><h3 class=\"elementor-image-box-title\"><a href=\"https:\/\/www.recuca.com\/\" target=\"_blank\">Parque Recuca<\/a><\/h3><p class=\"elementor-image-box-description\">Este parque ubicado en Calarca Quindio ofrece un ecorrido por la Cultura Cafetera, donde los visitantes pueden adoptar el rol del caficultor. En Recuca te conviertes cafetero, vives el campo y te diviertes a lo monta\u00f1ero. Recuca esta ubicado en la vereda Callelarga, municipio de Calarc\u00e1, corregimiento de Barcelona a 20 minutos de Calarc\u00e1 \u00f3 de Armenia.<\/p><\/div><\/div>\t\t\t\t<\/div>\n\t\t\t\t<\/div>\n\t\t\t\t<div class=\"elementor-element elementor-element-e28cf7a elementor-widget elementor-widget-heading\" data-id=\"e28cf7a\" data-element_type=\"widget\" data-widget_type=\"heading.default\">\n\t\t\t\t<div class=\"elementor-widget-container\">\n\t\t\t\t\t<h2 class=\"elementor-heading-title elementor-size-default\">M\u00e1s parques y destinos:<\/h2>\t\t\t\t<\/div>\n\t\t\t\t<\/div>\n\t\t\t\t<div class=\"elementor-element elementor-element-9b325b2 elementor-widget elementor-widget-text-editor\" data-id=\"9b325b2\" data-element_type=\"widget\" data-widget_type=\"text-editor.default\">\n\t\t\t\t<div class=\"elementor-widget-container\">\n\t\t\t\t\t\t\t\t\t<ul><li>PARQUE LOS ARRIEROS (tem\u00e1tico caf\u00e9). Vereda santana, v\u00eda Montenegro &#8211; Quimbaya km 3, Quind\u00edo. <a href=\"http:\/\/www.parquelosarrieros.com\">www.parquelosarrieros.com<\/a><\/li><li>PARQUE DEL CAF\u00c9. km 6, la Tebaida- Montenegro, Pueblo Tapao, Quind\u00edo. <a href=\"http:\/\/www.parquedelcafe.co\">www.parquedelcafe.co<\/a><\/li><li>PANACA. Vereda kerman &#8211; Quimbaya 7 km., Quind\u00edo. <a href=\"http:\/\/www.panaca.com.co\">www.panaca.com.co<\/a><\/li><li>FABRICA DE VINOS CASA GRAJALES. Calle 14 # 4-125, La Uni\u00f3n, Valle del Cauca. <a href=\"http:\/\/www.casagrajales.com.co\">www.casagrajales.com.co<\/a><\/li><li>MUSEO DEL BORDADO. Carrera 4 # 9-31, Cartago, Valle del Cauca. <a href=\"http:\/\/www.museodelbordadocallereal.com\">www.museodelbordadocallereal.com. <\/a><\/li><li>FABRICA DEL BORDADO FRIXIO. Carrera 4 # 1a-72, Cartago, Valle del Cauca. <a href=\"http:\/\/www.bordadosdecartago.com\">www.bordadosdecartago.com<\/a><\/li><li>TERMALES DE SANTA ROSA. Km 10 Vereda San Ram\u00f3n, Santa Rosa, Risaralda. <a href=\"http:\/\/www.termales.com.co\">www.termales.com.co<\/a><\/li><li>BIOPARQUE UKUMARI. Km 14, v\u00eda Pereira \u2013 Cartago, Pereira Risaralda. <a href=\"http:\/\/www.ukumaripereira.com\">www.ukumaripereira.com<\/a><\/li><li>FILANDIA: t\u00edpico pueblo de paisaje cafetero ubicado en el departamento del Quind\u00edo.<\/li><li>SALENTO: municipio del departamento del Quindio donde se puede disfrutar del paisaje de la pama de cera, \u00e1rbol nacional de Colombia.<\/li><\/ul>\t\t\t\t\t\t\t\t<\/div>\n\t\t\t\t<\/div>\n\t\t\t\t\t<\/div>\n\t\t<\/div>\n\t\t\t\t\t<\/div>\n\t\t<\/section>\n\t\t\t\t<section class=\"elementor-section elementor-inner-section elementor-element elementor-element-8c208df elementor-section-boxed elementor-section-height-default elementor-section-height-default\" data-id=\"8c208df\" data-element_type=\"section\">\n\t\t\t\t\t\t<div class=\"elementor-container elementor-column-gap-default\">\n\t\t\t\t\t<div class=\"elementor-column elementor-col-100 elementor-inner-column elementor-element elementor-element-775d445\" data-id=\"775d445\" data-element_type=\"column\">\n\t\t\t<div class=\"elementor-widget-wrap elementor-element-populated\">\n\t\t\t\t\t\t<div class=\"elementor-element elementor-element-d62f861 elementor-widget-divider--view-line elementor-widget elementor-widget-divider\" data-id=\"d62f861\" data-element_type=\"widget\" data-widget_type=\"divider.default\">\n\t\t\t\t<div class=\"elementor-widget-container\">\n\t\t\t\t\t\t\t<div class=\"elementor-divider\">\n\t\t\t<span class=\"elementor-divider-separator\">\n\t\t\t\t\t\t<\/span>\n\t\t<\/div>\n\t\t\t\t\t\t<\/div>\n\t\t\t\t<\/div>\n\t\t\t\t\t<\/div>\n\t\t<\/div>\n\t\t\t\t\t<\/div>\n\t\t<\/section>\n\t\t\t\t<section class=\"elementor-section elementor-inner-section elementor-element elementor-element-da22ed0 elementor-section-boxed elementor-section-height-default elementor-section-height-default\" data-id=\"da22ed0\" data-element_type=\"section\">\n\t\t\t\t\t\t<div class=\"elementor-container elementor-column-gap-default\">\n\t\t\t\t\t<div class=\"elementor-column elementor-col-100 elementor-inner-column elementor-element elementor-element-fc3d195\" data-id=\"fc3d195\" data-element_type=\"column\">\n\t\t\t<div class=\"elementor-widget-wrap elementor-element-populated\">\n\t\t\t\t\t\t<div class=\"elementor-element elementor-element-b8c2647 elementor-widget elementor-widget-heading\" data-id=\"b8c2647\" data-element_type=\"widget\" data-widget_type=\"heading.default\">\n\t\t\t\t<div class=\"elementor-widget-container\">\n\t\t\t\t\t<h2 class=\"elementor-heading-title elementor-size-default\">Monuments and sculptures<\/h2>\t\t\t\t<\/div>\n\t\t\t\t<\/div>\n\t\t\t\t<div class=\"elementor-element elementor-element-1815c97 elementor-widget elementor-widget-text-editor\" data-id=\"1815c97\" data-element_type=\"widget\" data-widget_type=\"text-editor.default\">\n\t\t\t\t<div class=\"elementor-widget-container\">\n\t\t\t\t\t\t\t\t\t<p>\u00a0\u25cf\u00a0 \u00a0Monumento al Sol, parque La Isleta.<\/p><p>\u25cf\u00a0 \u00a0Monumento a Sim\u00f3n Bol\u00edvar, Parque Bol\u00edvar.<\/p><p>\u25cf\u00a0 \u00a0Monumento al Mariscal Jorge Robledo, Parque La Isleta.<\/p><p>\u25cf\u00a0 \u00a0Monumento al Sol, Parque la Isleta.<\/p><p>\u25cf\u00a0 \u00a0Monumento a la Libertad, Parque Sue\u00f1os de la Libertad, Avenida del R\u00edo con calle 16.<\/p><p>\u25cf\u00a0 \u00a0Escultura al Mariscal Jorge Robledo, Parque El Mariscal.<\/p><p>\u25cf\u00a0 \u00a0Escultura al General Francisco de Paula Santander, Parque Santander (Parque San Francisco).<\/p><p>\u25cf\u00a0 \u00a0Escultura a Luis Alberto Posada, Avenida del Rio con calle 8.<\/p>\t\t\t\t\t\t\t\t<\/div>\n\t\t\t\t<\/div>\n\t\t\t\t\t<\/div>\n\t\t<\/div>\n\t\t\t\t\t<\/div>\n\t\t<\/section>\n\t\t\t\t<section class=\"elementor-section elementor-inner-section elementor-element elementor-element-d91ae73 elementor-section-boxed elementor-section-height-default elementor-section-height-default\" data-id=\"d91ae73\" data-element_type=\"section\">\n\t\t\t\t\t\t<div class=\"elementor-container elementor-column-gap-default\">\n\t\t\t\t\t<div class=\"elementor-column elementor-col-100 elementor-inner-column elementor-element elementor-element-c6f0d6c\" data-id=\"c6f0d6c\" data-element_type=\"column\">\n\t\t\t<div class=\"elementor-widget-wrap elementor-element-populated\">\n\t\t\t\t\t\t<div class=\"elementor-element elementor-element-3f5a596 elementor-widget elementor-widget-heading\" data-id=\"3f5a596\" data-element_type=\"widget\" data-widget_type=\"heading.default\">\n\t\t\t\t<div class=\"elementor-widget-container\">\n\t\t\t\t\t<h2 class=\"elementor-heading-title elementor-size-default\">parks<\/h2>\t\t\t\t<\/div>\n\t\t\t\t<\/div>\n\t\t\t\t<div class=\"elementor-element elementor-element-53e701d elementor-widget elementor-widget-text-editor\" data-id=\"53e701d\" data-element_type=\"widget\" data-widget_type=\"text-editor.default\">\n\t\t\t\t<div class=\"elementor-widget-container\">\n\t\t\t\t\t\t\t\t\t<p>Its main park is Sim\u00f3n Bol\u00edvar Park, which is frequented for its freshness and the diversity of animals that inhabit it.<\/p><p>The city also has La Isleta park, located on the banks of the La Vieja river, where you can find various children&#039;s games, a band shell, a kiosk for toilets, multiple courts, a skating rink, an indoor coliseum, a motocross track, swimming pools, a gym public at the Club del R\u00edo facilities, and a boulevard circuit that runs parallel to the river bank.<\/p>\t\t\t\t\t\t\t\t<\/div>\n\t\t\t\t<\/div>\n\t\t\t\t\t<\/div>\n\t\t<\/div>\n\t\t\t\t\t<\/div>\n\t\t<\/section>\n\t\t\t\t<section class=\"elementor-section elementor-inner-section elementor-element elementor-element-fea4171 elementor-section-boxed elementor-section-height-default elementor-section-height-default\" data-id=\"fea4171\" data-element_type=\"section\">\n\t\t\t\t\t\t<div class=\"elementor-container elementor-column-gap-default\">\n\t\t\t\t\t<div class=\"elementor-column elementor-col-100 elementor-inner-column elementor-element elementor-element-b35c536\" data-id=\"b35c536\" data-element_type=\"column\">\n\t\t\t<div class=\"elementor-widget-wrap elementor-element-populated\">\n\t\t\t\t\t\t<div class=\"elementor-element elementor-element-54829c3 elementor-widget elementor-widget-heading\" data-id=\"54829c3\" data-element_type=\"widget\" data-widget_type=\"heading.default\">\n\t\t\t\t<div class=\"elementor-widget-container\">\n\t\t\t\t\t<h2 class=\"elementor-heading-title elementor-size-default\">El Saman Wetland Ecological Park, Health Park.<\/h2>\t\t\t\t<\/div>\n\t\t\t\t<\/div>\n\t\t\t\t<div class=\"elementor-element elementor-element-64aecff elementor-widget elementor-widget-text-editor\" data-id=\"64aecff\" data-element_type=\"widget\" data-widget_type=\"text-editor.default\">\n\t\t\t\t<div class=\"elementor-widget-container\">\n\t\t\t\t\t\t\t\t\t<p>In addition, the Santuario de los Samanes Linear Park, which houses centuries-old species of samanes, and the Health Park (Parque Ecol\u00f3gico Humedal El Sam\u00e1n), which has a large natural wetland, a pier for sightings, ecological trails, should be mentioned. , rest areas and a large number of species of birds, amphibians and reptiles that live naturally in the small reserve.<\/p>\t\t\t\t\t\t\t\t<\/div>\n\t\t\t\t<\/div>\n\t\t\t\t\t<\/div>\n\t\t<\/div>\n\t\t\t\t\t<\/div>\n\t\t<\/section>\n\t\t\t\t<section class=\"elementor-section elementor-inner-section elementor-element elementor-element-ed6708b elementor-section-boxed elementor-section-height-default elementor-section-height-default\" data-id=\"ed6708b\" data-element_type=\"section\">\n\t\t\t\t\t\t<div class=\"elementor-container elementor-column-gap-default\">\n\t\t\t\t\t<div class=\"elementor-column elementor-col-100 elementor-inner-column elementor-element elementor-element-98f8888\" data-id=\"98f8888\" data-element_type=\"column\">\n\t\t\t<div class=\"elementor-widget-wrap elementor-element-populated\">\n\t\t\t\t\t\t<div class=\"elementor-element elementor-element-c69fef8 elementor-widget elementor-widget-heading\" data-id=\"c69fef8\" data-element_type=\"widget\" data-widget_type=\"heading.default\">\n\t\t\t\t<div class=\"elementor-widget-container\">\n\t\t\t\t\t<h2 class=\"elementor-heading-title elementor-size-default\">Other Parks are:<\/h2>\t\t\t\t<\/div>\n\t\t\t\t<\/div>\n\t\t\t\t<div class=\"elementor-element elementor-element-067615c elementor-widget elementor-widget-text-editor\" data-id=\"067615c\" data-element_type=\"widget\" data-widget_type=\"text-editor.default\">\n\t\t\t\t<div class=\"elementor-widget-container\">\n\t\t\t\t\t\t\t\t\t<p>\u25cf\u00a0 \u00a0Parque El Mariscal o Parque Mariscal Jorge Robledo (Calle 16c Carrera 10).<\/p><p>\u25cf\u00a0 \u00a0Parque Sue\u00f1os de la Libertad (Calle 16 con Avenida del R\u00edo).<\/p><p>\u25cf\u00a0 \u00a0Parque Santander o Parque San Francisco (Carrera 4 Calle 10).<\/p><p>\u25cf\u00a0 \u00a0Parque de los Poetas (Carrera 3 Calle 9).<\/p><p>\u25cf\u00a0 \u00a0Parque Guadalupe (Carrera 4 Calle 8).<\/p><p>\u25cf\u00a0 \u00a0Parque Lucas Arana Yusti o Parque de los Brujos (Carrera 4 Calle 4).<\/p><p>\u25cf\u00a0 \u00a0Parque Jorge Eli\u00e9cer Gait\u00e1n o Parque de la Estaci\u00f3n (Carrera 9 Calle 6).<\/p><p>\u25cf\u00a0 \u00a0Parque de la Federaci\u00f3n o Parque Tom\u00e1s Cipriano de Mosquera (Calle 10 Carrera 13).<\/p><p>\u25cf\u00a0 \u00a0Parque San Jer\u00f3nimo (Calle 7 Carrera 18).<\/p>\t\t\t\t\t\t\t\t<\/div>\n\t\t\t\t<\/div>\n\t\t\t\t\t<\/div>\n\t\t<\/div>\n\t\t\t\t\t<\/div>\n\t\t<\/section>\n\t\t\t\t<section class=\"elementor-section elementor-inner-section elementor-element elementor-element-961764b elementor-section-boxed elementor-section-height-default elementor-section-height-default\" data-id=\"961764b\" data-element_type=\"section\">\n\t\t\t\t\t\t<div class=\"elementor-container elementor-column-gap-default\">\n\t\t\t\t\t<div class=\"elementor-column elementor-col-100 elementor-inner-column elementor-element elementor-element-2bbee39\" data-id=\"2bbee39\" data-element_type=\"column\">\n\t\t\t<div class=\"elementor-widget-wrap elementor-element-populated\">\n\t\t\t\t\t\t<div class=\"elementor-element elementor-element-ccc8bf5 elementor-widget elementor-widget-heading\" data-id=\"ccc8bf5\" data-element_type=\"widget\" data-widget_type=\"heading.default\">\n\t\t\t\t<div class=\"elementor-widget-container\">\n\t\t\t\t\t<h2 class=\"elementor-heading-title elementor-size-default\">Sports facilities <\/h2>\t\t\t\t<\/div>\n\t\t\t\t<\/div>\n\t\t\t\t<div class=\"elementor-element elementor-element-e9d54a1 elementor-widget elementor-widget-text-editor\" data-id=\"e9d54a1\" data-element_type=\"widget\" data-widget_type=\"text-editor.default\">\n\t\t\t\t<div class=\"elementor-widget-container\">\n\t\t\t\t\t\t\t\t\t<p>\u25cf\u00a0 \u00a0Estadio Alfonso L\u00f3pez Pumarejo, ubicado en el corregimiento de Santa Ana.<\/p><p>\u25cf\u00a0 \u00a0Coliseo Cubierto La Isleta, ubicado en el parque La Isleta.<\/p><p>\u25cf\u00a0 \u00a0Pat\u00edn\u00f3dromo, ubicado en el parque de la Isleta.<\/p>\t\t\t\t\t\t\t\t<\/div>\n\t\t\t\t<\/div>\n\t\t\t\t\t<\/div>\n\t\t<\/div>\n\t\t\t\t\t<\/div>\n\t\t<\/section>\n\t\t\t\t<section class=\"elementor-section elementor-inner-section elementor-element elementor-element-69038b6 elementor-section-boxed elementor-section-height-default elementor-section-height-default\" data-id=\"69038b6\" data-element_type=\"section\">\n\t\t\t\t\t\t<div class=\"elementor-container elementor-column-gap-default\">\n\t\t\t\t\t<div class=\"elementor-column elementor-col-100 elementor-inner-column elementor-element elementor-element-a96e53d\" data-id=\"a96e53d\" data-element_type=\"column\">\n\t\t\t<div class=\"elementor-widget-wrap elementor-element-populated\">\n\t\t\t\t\t\t<div class=\"elementor-element elementor-element-16aa23a elementor-widget elementor-widget-heading\" data-id=\"16aa23a\" data-element_type=\"widget\" data-widget_type=\"heading.default\">\n\t\t\t\t<div class=\"elementor-widget-container\">\n\t\t\t\t\t<h2 class=\"elementor-heading-title elementor-size-default\">Sports facilities <\/h2>\t\t\t\t<\/div>\n\t\t\t\t<\/div>\n\t\t\t\t<div class=\"elementor-element elementor-element-d4e87ed elementor-widget elementor-widget-text-editor\" data-id=\"d4e87ed\" data-element_type=\"widget\" data-widget_type=\"text-editor.default\">\n\t\t\t\t<div class=\"elementor-widget-container\">\n\t\t\t\t\t\t\t\t\t<p>\u25cf\u00a0 \u00a0Estadio Alfonso L\u00f3pez Pumarejo, ubicado en el corregimiento de Santa Ana.<\/p><p>\u25cf\u00a0 \u00a0Coliseo Cubierto La Isleta, ubicado en el parque La Isleta.<\/p><p>\u25cf\u00a0 \u00a0Pat\u00edn\u00f3dromo, ubicado en el parque de la Isleta.<\/p>\t\t\t\t\t\t\t\t<\/div>\n\t\t\t\t<\/div>\n\t\t\t\t\t<\/div>\n\t\t<\/div>\n\t\t\t\t\t<\/div>\n\t\t<\/section>\n\t\t\t\t<section class=\"elementor-section elementor-inner-section elementor-element elementor-element-c539439 elementor-section-boxed elementor-section-height-default elementor-section-height-default\" data-id=\"c539439\" data-element_type=\"section\">\n\t\t\t\t\t\t<div class=\"elementor-container elementor-column-gap-default\">\n\t\t\t\t\t<div class=\"elementor-column elementor-col-100 elementor-inner-column elementor-element elementor-element-068c100\" data-id=\"068c100\" data-element_type=\"column\">\n\t\t\t<div class=\"elementor-widget-wrap elementor-element-populated\">\n\t\t\t\t\t\t<div class=\"elementor-element elementor-element-95a187c elementor-widget elementor-widget-heading\" data-id=\"95a187c\" data-element_type=\"widget\" data-widget_type=\"heading.default\">\n\t\t\t\t<div class=\"elementor-widget-container\">\n\t\t\t\t\t<h2 class=\"elementor-heading-title elementor-size-default\">Information of interest <\/h2>\t\t\t\t<\/div>\n\t\t\t\t<\/div>\n\t\t\t\t<div class=\"elementor-element elementor-element-c06fb81 elementor-widget elementor-widget-text-editor\" data-id=\"c06fb81\" data-element_type=\"widget\" data-widget_type=\"text-editor.default\">\n\t\t\t\t<div class=\"elementor-widget-container\">\n\t\t\t\t\t\t\t\t\t<p><strong>Embroideries:<\/strong> One of the most recognized economic activities is the typical embroidery. It is for this reason that it is known as &quot;The world capital of embroidery&quot;, since there are more than 150 workshops dedicated to this work. You can visit workshops, factories where the tourist does not lose sight of the entire process of making embroidered garments.<\/p><p><strong>Embroidery Fair: <\/strong>It takes place within the framework of Holy Week and on the anniversary of Cartago, in August.<\/p><p><strong>Health Park:<\/strong> Located in the El Sam\u00e1n neighborhood, in the wetland you can watch migratory birds and bullfrogs, it has an environmental classroom and a kiosk for training.<\/p><p><strong>Popular meeting of theater peace and environment: <\/strong>It is fulfilled in the first week of December.<\/p><p><strong>National Festival of Singing Families: <\/strong>It takes place in February.<\/p><p><strong>Gastronomy: <\/strong>At the table, the most recognized are the cartag\u00fce\u00f1os tamales.<\/p>\t\t\t\t\t\t\t\t<\/div>\n\t\t\t\t<\/div>\n\t\t\t\t\t<\/div>\n\t\t<\/div>\n\t\t\t\t\t<\/div>\n\t\t<\/section>\n\t\t\t\t<section class=\"elementor-section elementor-inner-section elementor-element elementor-element-328c29b elementor-section-boxed elementor-section-height-default elementor-section-height-default\" data-id=\"328c29b\" data-element_type=\"section\">\n\t\t\t\t\t\t<div class=\"elementor-container elementor-column-gap-default\">\n\t\t\t\t\t<div class=\"elementor-column elementor-col-100 elementor-inner-column elementor-element elementor-element-37f9236\" data-id=\"37f9236\" data-element_type=\"column\">\n\t\t\t<div class=\"elementor-widget-wrap elementor-element-populated\">\n\t\t\t\t\t\t<section class=\"elementor-section elementor-inner-section elementor-element elementor-element-9fb2d46 elementor-section-boxed elementor-section-height-default elementor-section-height-default\" data-id=\"9fb2d46\" data-element_type=\"section\" data-settings=\"{&quot;background_background&quot;:&quot;classic&quot;}\">\n\t\t\t\t\t\t<div class=\"elementor-container elementor-column-gap-default\">\n\t\t\t\t\t<div class=\"elementor-column elementor-col-33 elementor-inner-column elementor-element elementor-element-4a864bc\" data-id=\"4a864bc\" data-element_type=\"column\">\n\t\t\t<div class=\"elementor-widget-wrap elementor-element-populated\">\n\t\t\t\t\t\t<div class=\"elementor-element elementor-element-59d2c31 elementor-widget elementor-widget-image\" data-id=\"59d2c31\" data-element_type=\"widget\" data-widget_type=\"image.default\">\n\t\t\t\t<div class=\"elementor-widget-container\">\n\t\t\t\t\t\t\t\t\t\t\t\t\t\t\t<img decoding=\"async\" width=\"1920\" height=\"1080\" data-src=\"https:\/\/test.comfenalcovalle.com.co\/wp-content\/uploads\/2021\/03\/villa-sol-apartamento.jpg\" class=\"attachment-full size-full wp-image-14543 lazyload\" alt=\"villa-sol-apartamento\" data-srcset=\"https:\/\/test.comfenalcovalle.com.co\/wp-content\/uploads\/2021\/03\/villa-sol-apartamento.jpg 1920w, https:\/\/test.comfenalcovalle.com.co\/wp-content\/uploads\/2021\/03\/villa-sol-apartamento-300x169.jpg 300w, https:\/\/test.comfenalcovalle.com.co\/wp-content\/uploads\/2021\/03\/villa-sol-apartamento-1024x576.jpg 1024w, https:\/\/test.comfenalcovalle.com.co\/wp-content\/uploads\/2021\/03\/villa-sol-apartamento-768x432.jpg 768w, https:\/\/test.comfenalcovalle.com.co\/wp-content\/uploads\/2021\/03\/villa-sol-apartamento-1536x864.jpg 1536w, https:\/\/test.comfenalcovalle.com.co\/wp-content\/uploads\/2021\/03\/villa-sol-apartamento-1568x882.jpg 1568w\" data-sizes=\"(max-width: 1920px) 100vw, 1920px\" src=\"data:image\/svg+xml;base64,PHN2ZyB3aWR0aD0iMSIgaGVpZ2h0PSIxIiB4bWxucz0iaHR0cDovL3d3dy53My5vcmcvMjAwMC9zdmciPjwvc3ZnPg==\" style=\"--smush-placeholder-width: 1920px; --smush-placeholder-aspect-ratio: 1920\/1080;\" \/>\t\t\t\t\t\t\t\t\t\t\t\t\t\t\t<\/div>\n\t\t\t\t<\/div>\n\t\t\t\t\t<\/div>\n\t\t<\/div>\n\t\t\t\t<div class=\"elementor-column elementor-col-66 elementor-inner-column elementor-element elementor-element-e7e61fe\" data-id=\"e7e61fe\" data-element_type=\"column\">\n\t\t\t<div class=\"elementor-widget-wrap elementor-element-populated\">\n\t\t\t\t\t\t<div class=\"elementor-element elementor-element-95475c5 elementor-widget elementor-widget-heading\" data-id=\"95475c5\" data-element_type=\"widget\" data-widget_type=\"heading.default\">\n\t\t\t\t<div class=\"elementor-widget-container\">\n\t\t\t\t\t<h2 class=\"elementor-heading-title elementor-size-default\">Do you want to know more information about the services of the Villasol Hotel and Recreational Center?<\/h2>\t\t\t\t<\/div>\n\t\t\t\t<\/div>\n\t\t\t\t<div class=\"elementor-element elementor-element-194622d elementor-align-center elementor-widget elementor-widget-button\" data-id=\"194622d\" data-element_type=\"widget\" data-widget_type=\"button.default\">\n\t\t\t\t<div class=\"elementor-widget-container\">\n\t\t\t\t\t\t\t\t\t<div class=\"elementor-button-wrapper\">\n\t\t\t\t\t<a class=\"elementor-button elementor-button-link elementor-size-sm elementor-animation-grow\" href=\"https:\/\/test.comfenalcovalle.com.co\/en\/personas\/hoteles-y-turismo\/hoteles-delagente\/hotel-y-centro-recrecional-villasol\/\">\n\t\t\t\t\t\t<span class=\"elementor-button-content-wrapper\">\n\t\t\t\t\t\t\t\t\t<span class=\"elementor-button-text\">Click here<\/span>\n\t\t\t\t\t<\/span>\n\t\t\t\t\t<\/a>\n\t\t\t\t<\/div>\n\t\t\t\t\t\t\t\t<\/div>\n\t\t\t\t<\/div>\n\t\t\t\t\t<\/div>\n\t\t<\/div>\n\t\t\t\t\t<\/div>\n\t\t<\/section>\n\t\t\t\t\t<\/div>\n\t\t<\/div>\n\t\t\t\t\t<\/div>\n\t\t<\/section>\n\t\t\t\t\t<\/div>\n\t\t<\/div>\n\t\t\t\t\t<\/div>\n\t\t<\/main>\n\t\t\t\t<\/div>","protected":false},"excerpt":{"rendered":"<p>Inicio Espacio de recreaci\u00f3n y alojamiento en Cartago, municipio conocido como el \u201cSol m\u00e1s alegre de Colombia\u201d. Hu\u00e9spedes y comunidad en general pueden disfrutar del Hotel y Centro Recreacional Villasol, tiene una excelente ubicaci\u00f3n dentro del \u00e1rea urbana de Cartago, con f\u00e1cil acceso a la cuidad, y a el Eje Cafetero. Cartago: Est\u00e1 localidad est\u00e1 [&hellip;]<\/p>","protected":false},"author":1,"featured_media":595334,"parent":18502,"menu_order":0,"comment_status":"closed","ping_status":"closed","template":"elementor_header_footer","meta":{"footnotes":""},"class_list":["post-595050","page","type-page","status-publish","has-post-thumbnail","hentry"],"yoast_head":"<!-- This site is optimized with the Yoast SEO Premium plugin v25.9 (Yoast SEO v25.9) - https:\/\/yoast.com\/wordpress\/plugins\/seo\/ -->\n<title>Destinos y atractivos tur\u00edsticos cerca a Villasol - Comfenalco Valle Delagente<\/title>\n<meta name=\"description\" content=\"Espacio de recreaci\u00f3n y alojamiento en Cartago, municipio conocido como el \u201cSol m\u00e1s alegre de Colombia\u201d. \u00a1Conoce m\u00e1s!\" \/>\n<meta name=\"robots\" content=\"index, follow, max-snippet:-1, max-image-preview:large, max-video-preview:-1\" \/>\n<link rel=\"canonical\" href=\"https:\/\/www.comfenalcovalle.com.co\/politica-de-turismo-sostenible\/villasol-destinos-y-atractivos-turisticos\/\" \/>\n<meta property=\"og:locale\" content=\"en_US\" \/>\n<meta property=\"og:type\" content=\"article\" \/>\n<meta property=\"og:title\" content=\"Destinos y atractivos tur\u00edsticos cerca a Villasol\" \/>\n<meta property=\"og:description\" content=\"Espacio de recreaci\u00f3n y alojamiento en Cartago, municipio conocido como el \u201cSol m\u00e1s alegre de Colombia\u201d. \u00a1Conoce m\u00e1s!\" \/>\n<meta property=\"og:url\" content=\"https:\/\/www.comfenalcovalle.com.co\/politica-de-turismo-sostenible\/villasol-destinos-y-atractivos-turisticos\/\" \/>\n<meta property=\"og:site_name\" content=\"Comfenalco Valle Delagente\" \/>\n<meta property=\"article:modified_time\" content=\"2024-08-15T21:11:20+00:00\" \/>\n<meta property=\"og:image\" content=\"https:\/\/www.comfenalcovalle.com.co\/wp-content\/uploads\/2022\/08\/la-isleta.png\" \/>\n\t<meta property=\"og:image:width\" content=\"350\" \/>\n\t<meta property=\"og:image:height\" content=\"247\" \/>\n\t<meta property=\"og:image:type\" content=\"image\/png\" \/>\n<meta name=\"twitter:card\" content=\"summary_large_image\" \/>\n<meta name=\"twitter:label1\" content=\"Est. reading time\" \/>\n\t<meta name=\"twitter:data1\" content=\"8 minutes\" \/>\n<script type=\"application\/ld+json\" class=\"yoast-schema-graph\">{\"@context\":\"https:\/\/schema.org\",\"@graph\":[{\"@type\":\"WebPage\",\"@id\":\"https:\/\/www.comfenalcovalle.com.co\/politica-de-turismo-sostenible\/villasol-destinos-y-atractivos-turisticos\/\",\"url\":\"https:\/\/www.comfenalcovalle.com.co\/politica-de-turismo-sostenible\/villasol-destinos-y-atractivos-turisticos\/\",\"name\":\"Destinos y atractivos tur\u00edsticos cerca a Villasol - Comfenalco Valle Delagente\",\"isPartOf\":{\"@id\":\"https:\/\/www.comfenalcovalle.com.co\/#website\"},\"primaryImageOfPage\":{\"@id\":\"https:\/\/www.comfenalcovalle.com.co\/politica-de-turismo-sostenible\/villasol-destinos-y-atractivos-turisticos\/#primaryimage\"},\"image\":{\"@id\":\"https:\/\/www.comfenalcovalle.com.co\/politica-de-turismo-sostenible\/villasol-destinos-y-atractivos-turisticos\/#primaryimage\"},\"thumbnailUrl\":\"https:\/\/test.comfenalcovalle.com.co\/wp-content\/uploads\/2022\/08\/la-isleta.png\",\"datePublished\":\"2023-03-01T13:00:00+00:00\",\"dateModified\":\"2024-08-15T21:11:20+00:00\",\"description\":\"Espacio de recreaci\u00f3n y alojamiento en Cartago, municipio conocido como el \u201cSol m\u00e1s alegre de Colombia\u201d. \u00a1Conoce m\u00e1s!\",\"breadcrumb\":{\"@id\":\"https:\/\/www.comfenalcovalle.com.co\/politica-de-turismo-sostenible\/villasol-destinos-y-atractivos-turisticos\/#breadcrumb\"},\"inLanguage\":\"en-US\",\"potentialAction\":[{\"@type\":\"ReadAction\",\"target\":[\"https:\/\/www.comfenalcovalle.com.co\/politica-de-turismo-sostenible\/villasol-destinos-y-atractivos-turisticos\/\"]}]},{\"@type\":\"ImageObject\",\"inLanguage\":\"en-US\",\"@id\":\"https:\/\/www.comfenalcovalle.com.co\/politica-de-turismo-sostenible\/villasol-destinos-y-atractivos-turisticos\/#primaryimage\",\"url\":\"https:\/\/test.comfenalcovalle.com.co\/wp-content\/uploads\/2022\/08\/la-isleta.png\",\"contentUrl\":\"https:\/\/test.comfenalcovalle.com.co\/wp-content\/uploads\/2022\/08\/la-isleta.png\",\"width\":350,\"height\":247,\"caption\":\"la isleta\"},{\"@type\":\"BreadcrumbList\",\"@id\":\"https:\/\/www.comfenalcovalle.com.co\/politica-de-turismo-sostenible\/villasol-destinos-y-atractivos-turisticos\/#breadcrumb\",\"itemListElement\":[{\"@type\":\"ListItem\",\"position\":1,\"name\":\"Portada\",\"item\":\"https:\/\/www.comfenalcovalle.com.co\/\"},{\"@type\":\"ListItem\",\"position\":2,\"name\":\"Pol\u00edtica de turismo sostenible\",\"item\":\"https:\/\/www.comfenalcovalle.com.co\/politica-de-turismo-sostenible\/\"},{\"@type\":\"ListItem\",\"position\":3,\"name\":\"Destinos y atractivos tur\u00edsticos cerca a Villasol\"}]},{\"@type\":\"WebSite\",\"@id\":\"https:\/\/www.comfenalcovalle.com.co\/#website\",\"url\":\"https:\/\/www.comfenalcovalle.com.co\/\",\"name\":\"Comfenalco Valle Delagente\",\"description\":\"Caja de compensaci\u00f3n de Comfenalco Valle Delagente.\",\"publisher\":{\"@id\":\"https:\/\/www.comfenalcovalle.com.co\/#organization\"},\"potentialAction\":[{\"@type\":\"SearchAction\",\"target\":{\"@type\":\"EntryPoint\",\"urlTemplate\":\"https:\/\/www.comfenalcovalle.com.co\/?s={search_term_string}\"},\"query-input\":{\"@type\":\"PropertyValueSpecification\",\"valueRequired\":true,\"valueName\":\"search_term_string\"}}],\"inLanguage\":\"en-US\"},{\"@type\":\"Organization\",\"@id\":\"https:\/\/www.comfenalcovalle.com.co\/#organization\",\"name\":\"Comfenalco Valle Delagente\",\"url\":\"https:\/\/www.comfenalcovalle.com.co\/\",\"logo\":{\"@type\":\"ImageObject\",\"inLanguage\":\"en-US\",\"@id\":\"https:\/\/www.comfenalcovalle.com.co\/#\/schema\/logo\/image\/\",\"url\":\"https:\/\/test.comfenalcovalle.com.co\/wp-content\/uploads\/2021\/06\/logo-comfe-cabecera-agencia-empelo-actualizado.png\",\"contentUrl\":\"https:\/\/test.comfenalcovalle.com.co\/wp-content\/uploads\/2021\/06\/logo-comfe-cabecera-agencia-empelo-actualizado.png\",\"width\":500,\"height\":184,\"caption\":\"Comfenalco Valle Delagente\"},\"image\":{\"@id\":\"https:\/\/www.comfenalcovalle.com.co\/#\/schema\/logo\/image\/\"}}]}<\/script>\n<!-- \/ Yoast SEO Premium plugin. -->","yoast_head_json":{"title":"Destinos y atractivos tur\u00edsticos cerca a Villasol - Comfenalco Valle Delagente","description":"Espacio de recreaci\u00f3n y alojamiento en Cartago, municipio conocido como el \u201cSol m\u00e1s alegre de Colombia\u201d. \u00a1Conoce m\u00e1s!","robots":{"index":"index","follow":"follow","max-snippet":"max-snippet:-1","max-image-preview":"max-image-preview:large","max-video-preview":"max-video-preview:-1"},"canonical":"https:\/\/www.comfenalcovalle.com.co\/politica-de-turismo-sostenible\/villasol-destinos-y-atractivos-turisticos\/","og_locale":"en_US","og_type":"article","og_title":"Destinos y atractivos tur\u00edsticos cerca a Villasol","og_description":"Espacio de recreaci\u00f3n y alojamiento en Cartago, municipio conocido como el \u201cSol m\u00e1s alegre de Colombia\u201d. \u00a1Conoce m\u00e1s!","og_url":"https:\/\/www.comfenalcovalle.com.co\/politica-de-turismo-sostenible\/villasol-destinos-y-atractivos-turisticos\/","og_site_name":"Comfenalco Valle Delagente","article_modified_time":"2024-08-15T21:11:20+00:00","og_image":[{"width":350,"height":247,"url":"https:\/\/www.comfenalcovalle.com.co\/wp-content\/uploads\/2022\/08\/la-isleta.png","type":"image\/png"}],"twitter_card":"summary_large_image","twitter_misc":{"Est. reading time":"8 minutes"},"schema":{"@context":"https:\/\/schema.org","@graph":[{"@type":"WebPage","@id":"https:\/\/www.comfenalcovalle.com.co\/politica-de-turismo-sostenible\/villasol-destinos-y-atractivos-turisticos\/","url":"https:\/\/www.comfenalcovalle.com.co\/politica-de-turismo-sostenible\/villasol-destinos-y-atractivos-turisticos\/","name":"Destinos y atractivos tur\u00edsticos cerca a Villasol - Comfenalco Valle Delagente","isPartOf":{"@id":"https:\/\/www.comfenalcovalle.com.co\/#website"},"primaryImageOfPage":{"@id":"https:\/\/www.comfenalcovalle.com.co\/politica-de-turismo-sostenible\/villasol-destinos-y-atractivos-turisticos\/#primaryimage"},"image":{"@id":"https:\/\/www.comfenalcovalle.com.co\/politica-de-turismo-sostenible\/villasol-destinos-y-atractivos-turisticos\/#primaryimage"},"thumbnailUrl":"https:\/\/test.comfenalcovalle.com.co\/wp-content\/uploads\/2022\/08\/la-isleta.png","datePublished":"2023-03-01T13:00:00+00:00","dateModified":"2024-08-15T21:11:20+00:00","description":"Espacio de recreaci\u00f3n y alojamiento en Cartago, municipio conocido como el \u201cSol m\u00e1s alegre de Colombia\u201d. \u00a1Conoce m\u00e1s!","breadcrumb":{"@id":"https:\/\/www.comfenalcovalle.com.co\/politica-de-turismo-sostenible\/villasol-destinos-y-atractivos-turisticos\/#breadcrumb"},"inLanguage":"en-US","potentialAction":[{"@type":"ReadAction","target":["https:\/\/www.comfenalcovalle.com.co\/politica-de-turismo-sostenible\/villasol-destinos-y-atractivos-turisticos\/"]}]},{"@type":"ImageObject","inLanguage":"en-US","@id":"https:\/\/www.comfenalcovalle.com.co\/politica-de-turismo-sostenible\/villasol-destinos-y-atractivos-turisticos\/#primaryimage","url":"https:\/\/test.comfenalcovalle.com.co\/wp-content\/uploads\/2022\/08\/la-isleta.png","contentUrl":"https:\/\/test.comfenalcovalle.com.co\/wp-content\/uploads\/2022\/08\/la-isleta.png","width":350,"height":247,"caption":"la isleta"},{"@type":"BreadcrumbList","@id":"https:\/\/www.comfenalcovalle.com.co\/politica-de-turismo-sostenible\/villasol-destinos-y-atractivos-turisticos\/#breadcrumb","itemListElement":[{"@type":"ListItem","position":1,"name":"Portada","item":"https:\/\/www.comfenalcovalle.com.co\/"},{"@type":"ListItem","position":2,"name":"Pol\u00edtica de turismo sostenible","item":"https:\/\/www.comfenalcovalle.com.co\/politica-de-turismo-sostenible\/"},{"@type":"ListItem","position":3,"name":"Destinos y atractivos tur\u00edsticos cerca a Villasol"}]},{"@type":"WebSite","@id":"https:\/\/www.comfenalcovalle.com.co\/#website","url":"https:\/\/www.comfenalcovalle.com.co\/","name":"Comfenalco Valle Delagente","description":"Comfenalco Valle Delagente compensation fund.","publisher":{"@id":"https:\/\/www.comfenalcovalle.com.co\/#organization"},"potentialAction":[{"@type":"SearchAction","target":{"@type":"EntryPoint","urlTemplate":"https:\/\/www.comfenalcovalle.com.co\/?s={search_term_string}"},"query-input":{"@type":"PropertyValueSpecification","valueRequired":true,"valueName":"search_term_string"}}],"inLanguage":"en-US"},{"@type":"Organization","@id":"https:\/\/www.comfenalcovalle.com.co\/#organization","name":"Comfenalco Valle Delagente","url":"https:\/\/www.comfenalcovalle.com.co\/","logo":{"@type":"ImageObject","inLanguage":"en-US","@id":"https:\/\/www.comfenalcovalle.com.co\/#\/schema\/logo\/image\/","url":"https:\/\/test.comfenalcovalle.com.co\/wp-content\/uploads\/2021\/06\/logo-comfe-cabecera-agencia-empelo-actualizado.png","contentUrl":"https:\/\/test.comfenalcovalle.com.co\/wp-content\/uploads\/2021\/06\/logo-comfe-cabecera-agencia-empelo-actualizado.png","width":500,"height":184,"caption":"Comfenalco Valle Delagente"},"image":{"@id":"https:\/\/www.comfenalcovalle.com.co\/#\/schema\/logo\/image\/"}}]}},"publishpress_future_action":{"enabled":false,"date":"2026-05-08 13:40:01","action":"change-status","newStatus":"draft","terms":[],"taxonomy":"","extraData":[]},"publishpress_future_workflow_manual_trigger":{"enabledWorkflows":[]},"_links":{"self":[{"href":"https:\/\/test.comfenalcovalle.com.co\/en\/wp-json\/wp\/v2\/pages\/595050","targetHints":{"allow":["GET"]}}],"collection":[{"href":"https:\/\/test.comfenalcovalle.com.co\/en\/wp-json\/wp\/v2\/pages"}],"about":[{"href":"https:\/\/test.comfenalcovalle.com.co\/en\/wp-json\/wp\/v2\/types\/page"}],"author":[{"embeddable":true,"href":"https:\/\/test.comfenalcovalle.com.co\/en\/wp-json\/wp\/v2\/users\/1"}],"replies":[{"embeddable":true,"href":"https:\/\/test.comfenalcovalle.com.co\/en\/wp-json\/wp\/v2\/comments?post=595050"}],"version-history":[{"count":0,"href":"https:\/\/test.comfenalcovalle.com.co\/en\/wp-json\/wp\/v2\/pages\/595050\/revisions"}],"up":[{"embeddable":true,"href":"https:\/\/test.comfenalcovalle.com.co\/en\/wp-json\/wp\/v2\/pages\/18502"}],"wp:featuredmedia":[{"embeddable":true,"href":"https:\/\/test.comfenalcovalle.com.co\/en\/wp-json\/wp\/v2\/media\/595334"}],"wp:attachment":[{"href":"https:\/\/test.comfenalcovalle.com.co\/en\/wp-json\/wp\/v2\/media?parent=595050"}],"curies":[{"name":"wp","href":"https:\/\/api.w.org\/{rel}","templated":true}]}}