{"id":589781,"date":"2022-05-27T14:14:42","date_gmt":"2022-05-27T19:14:42","guid":{"rendered":"https:\/\/test.comfenalcovalle.com.co\/?page_id=589781"},"modified":"2026-01-23T16:27:45","modified_gmt":"2026-01-23T21:27:45","slug":"calendario-de-facturacion","status":"publish","type":"page","link":"https:\/\/test.comfenalcovalle.com.co\/en\/proveedores\/calendario-de-facturacion\/","title":{"rendered":"Billing Calendar"},"content":{"rendered":"<div data-elementor-type=\"wp-page\" data-elementor-id=\"589781\" class=\"elementor elementor-589781\" data-elementor-post-type=\"page\">\n\t\t\t\t\t\t<section class=\"elementor-section elementor-top-section elementor-element elementor-element-6a6229b elementor-section-boxed elementor-section-height-default elementor-section-height-default\" data-id=\"6a6229b\" data-element_type=\"section\">\n\t\t\t\t\t\t<div class=\"elementor-container elementor-column-gap-default\">\n\t\t\t\t\t<div class=\"elementor-column elementor-col-100 elementor-top-column elementor-element elementor-element-563da91\" data-id=\"563da91\" data-element_type=\"column\">\n\t\t\t<div class=\"elementor-widget-wrap elementor-element-populated\">\n\t\t\t\t\t\t<div class=\"elementor-element elementor-element-aecc816 jet-breadcrumbs-align-center elementor-widget elementor-widget-jet-breadcrumbs\" data-id=\"aecc816\" data-element_type=\"widget\" data-widget_type=\"jet-breadcrumbs.default\">\n\t\t\t\t<div class=\"elementor-widget-container\">\n\t\t\t\t\t<div class=\"elementor-jet-breadcrumbs jet-blocks\">\n\t\t<div class=\"jet-breadcrumbs\">\n\t\t<div class=\"jet-breadcrumbs__content\">\n\t\t<div class=\"jet-breadcrumbs__wrap\"><div class=\"jet-breadcrumbs__item\"><a href=\"https:\/\/test.comfenalcovalle.com.co\/en\/\" class=\"jet-breadcrumbs__item-link is-home\" rel=\"home\" title=\"Comfenalco Valle Delagente\">Comfenalco Valle Delagente<\/a><\/div>\n\t\t<\/div>\n\t\t<\/div>\n\t\t<\/div><\/div>\t\t\t\t<\/div>\n\t\t\t\t<\/div>\n\t\t\t\t<div class=\"elementor-element elementor-element-3dbaf66 elementor-widget elementor-widget-text-editor\" data-id=\"3dbaf66\" data-element_type=\"widget\" data-widget_type=\"text-editor.default\">\n\t\t\t\t<div class=\"elementor-widget-container\">\n\t\t\t\t\t\t\t\t\t<p>Si eres proveedor y tienes facturas por suministro de insumos o servicios prestados a la Caja de Compensaci\u00f3n Familiar del Valle del Cauca Comfenalco Valle Delagente, recuerda radicar las facturas electr\u00f3nicas en el correo:\u00a0<a href=\"mailto:890303093@factureinbox.co\"><strong>890303093@factureinbox.co<\/strong><\/a>\u00a0y las cuentas de cobro en el correo:\u00a0<a href=\"mailto:recep_facturaelectronica@comfenalcovalle.com.co\"><strong>recep_facturaelectronica@comfenalcovalle.com.co<\/strong><\/a>. Next, we share the deadline dates established by our corporation to receive the pertinent documentation for each month:<\/p>\t\t\t\t\t\t\t\t<\/div>\n\t\t\t\t<\/div>\n\t\t\t\t\t<\/div>\n\t\t<\/div>\n\t\t\t\t\t<\/div>\n\t\t<\/section>\n\t\t\t\t<section class=\"elementor-section elementor-top-section elementor-element elementor-element-18c01c1 elementor-section-boxed elementor-section-height-default elementor-section-height-default\" data-id=\"18c01c1\" data-element_type=\"section\">\n\t\t\t\t\t\t<div class=\"elementor-container elementor-column-gap-default\">\n\t\t\t\t\t<div class=\"elementor-column elementor-col-25 elementor-top-column elementor-element elementor-element-df802ed\" data-id=\"df802ed\" data-element_type=\"column\">\n\t\t\t<div class=\"elementor-widget-wrap\">\n\t\t\t\t\t\t\t<\/div>\n\t\t<\/div>\n\t\t\t\t<div class=\"elementor-column elementor-col-50 elementor-top-column elementor-element elementor-element-9200df9\" data-id=\"9200df9\" data-element_type=\"column\">\n\t\t\t<div class=\"elementor-widget-wrap elementor-element-populated\">\n\t\t\t\t\t\t<div class=\"elementor-element elementor-element-ec60f13 elementor-widget elementor-widget-text-editor\" data-id=\"ec60f13\" data-element_type=\"widget\" data-widget_type=\"text-editor.default\">\n\t\t\t\t<div class=\"elementor-widget-container\">\n\t\t\t\t\t\t\t\t\t<table class=\"tg\" style=\"border-collapse: collapse; border-spacing: 0; table-layout: fixed; width: 100%;\"><colgroup> <col style=\"width: 50%;\" \/> <col style=\"width: 50%;\" \/><\/colgroup><thead><tr><th style=\"background-color: #006600; color: #ffffff; font-weight: bold; overflow: hidden; padding: 10px 5px; text-align: center; vertical-align: middle; word-break: normal; border: 1px solid black;\" colspan=\"2\">DEADLINES FOR RECEIPT OF INVOICES<\/th><\/tr><\/thead><tbody><tr><td style=\"background-color: #90bc1e; color: #ffffff; overflow: hidden; padding: 10px 5px; text-align: center; vertical-align: middle; word-break: normal; border: 1px solid black;\"><span style=\"font-weight: bold;\">MONTH<\/span><\/td><td style=\"background-color: #90bc1e; color: #ffffff; overflow: hidden; padding: 10px 5px; text-align: center; vertical-align: middle; word-break: normal; border: 1px solid black;\"><span style=\"font-weight: bold;\">DEADLINE<\/span><\/td><\/tr><tr><td style=\"font-weight: bold; overflow: hidden; padding: 10px 5px; text-align: center; vertical-align: middle; word-break: normal; border: 1px solid black;\">JANUARY<\/td><td style=\"overflow: hidden; padding: 10px 5px; text-align: center; vertical-align: middle; word-break: normal; border: 1px solid black;\">28 de enero de 2026<\/td><\/tr><tr><td style=\"font-weight: bold; overflow: hidden; padding: 10px 5px; text-align: center; vertical-align: middle; word-break: normal; border: 1px solid black;\">FEBRUARY<\/td><td style=\"overflow: hidden; padding: 10px 5px; text-align: center; vertical-align: middle; word-break: normal; border: 1px solid black;\">26 de febrero de 2026<\/td><\/tr><tr><td style=\"font-weight: bold; overflow: hidden; padding: 10px 5px; text-align: center; vertical-align: middle; word-break: normal; border: 1px solid black;\">MARCH<\/td><td style=\"overflow: hidden; padding: 10px 5px; text-align: center; vertical-align: middle; word-break: normal; border: 1px solid black;\">27 de marzo de 2026<\/td><\/tr><tr><td style=\"font-weight: bold; overflow: hidden; padding: 10px 5px; text-align: center; vertical-align: middle; word-break: normal; border: 1px solid black;\">APRIL<\/td><td style=\"overflow: hidden; padding: 10px 5px; text-align: center; vertical-align: middle; word-break: normal; border: 1px solid black;\">28 de abril de 2026<\/td><\/tr><tr><td style=\"font-weight: bold; overflow: hidden; padding: 10px 5px; text-align: center; vertical-align: middle; word-break: normal; border: 1px solid black;\">MAY<\/td><td style=\"overflow: hidden; padding: 10px 5px; text-align: center; vertical-align: middle; word-break: normal; border: 1px solid black;\">28 de mayo de 2026<\/td><\/tr><tr><td style=\"font-weight: bold; overflow: hidden; padding: 10px 5px; text-align: center; vertical-align: middle; word-break: normal; border: 1px solid black;\">JUNE<\/td><td style=\"overflow: hidden; padding: 10px 5px; text-align: center; vertical-align: middle; word-break: normal; border: 1px solid black;\">29 de junio de 2026<\/td><\/tr><tr><td style=\"font-weight: bold; overflow: hidden; padding: 10px 5px; text-align: center; vertical-align: middle; word-break: normal; border: 1px solid black;\">JULY<\/td><td style=\"overflow: hidden; padding: 10px 5px; text-align: center; vertical-align: middle; word-break: normal; border: 1px solid black;\">29 de julio de 2026<\/td><\/tr><tr><td style=\"font-weight: bold; overflow: hidden; padding: 10px 5px; text-align: center; vertical-align: middle; word-break: normal; border: 1px solid black;\">AUGUST<\/td><td style=\"overflow: hidden; padding: 10px 5px; text-align: center; vertical-align: middle; word-break: normal; border: 1px solid black;\">28 de agosto de 2026<\/td><\/tr><tr><td style=\"font-weight: bold; overflow: hidden; padding: 10px 5px; text-align: center; vertical-align: middle; word-break: normal; border: 1px solid black;\">SEPTEMBER<\/td><td style=\"overflow: hidden; padding: 10px 5px; text-align: center; vertical-align: middle; word-break: normal; border: 1px solid black;\">28 de septiembre de 2026<\/td><\/tr><tr><td style=\"font-weight: bold; overflow: hidden; padding: 10px 5px; text-align: center; vertical-align: middle; word-break: normal; border: 1px solid black;\">OCTOBER<\/td><td style=\"overflow: hidden; padding: 10px 5px; text-align: center; vertical-align: middle; word-break: normal; border: 1px solid black;\">29 de octubre de 2026<\/td><\/tr><tr><td style=\"font-weight: bold; overflow: hidden; padding: 10px 5px; text-align: center; vertical-align: middle; word-break: normal; border: 1px solid black;\">NOVEMBER<\/td><td style=\"overflow: hidden; padding: 10px 5px; text-align: center; vertical-align: middle; word-break: normal; border: 1px solid black;\">27 de noviembre de 2026<\/td><\/tr><tr><td style=\"font-weight: bold; overflow: hidden; padding: 10px 5px; text-align: center; vertical-align: middle; word-break: normal; border: 1px solid black;\">DECEMBER<\/td><td style=\"overflow: hidden; padding: 10px 5px; text-align: center; vertical-align: middle; word-break: normal; border: 1px solid black;\">28 de diciembre de 2026<\/td><\/tr><\/tbody><\/table>\t\t\t\t\t\t\t\t<\/div>\n\t\t\t\t<\/div>\n\t\t\t\t<div class=\"elementor-element elementor-element-d545751 elementor-widget elementor-widget-spacer\" data-id=\"d545751\" data-element_type=\"widget\" data-widget_type=\"spacer.default\">\n\t\t\t\t<div class=\"elementor-widget-container\">\n\t\t\t\t\t\t\t<div class=\"elementor-spacer\">\n\t\t\t<div class=\"elementor-spacer-inner\"><\/div>\n\t\t<\/div>\n\t\t\t\t\t\t<\/div>\n\t\t\t\t<\/div>\n\t\t\t\t\t<\/div>\n\t\t<\/div>\n\t\t\t\t<div class=\"elementor-column elementor-col-25 elementor-top-column elementor-element elementor-element-032a6b5\" data-id=\"032a6b5\" data-element_type=\"column\">\n\t\t\t<div class=\"elementor-widget-wrap\">\n\t\t\t\t\t\t\t<\/div>\n\t\t<\/div>\n\t\t\t\t\t<\/div>\n\t\t<\/section>\n\t\t\t\t<\/div>","protected":false},"excerpt":{"rendered":"<p>Comfenalco Valle Delagente Si eres proveedor y tienes facturas por suministro de insumos o servicios prestados a la Caja de Compensaci\u00f3n Familiar del Valle del Cauca Comfenalco Valle Delagente, recuerda radicar las facturas electr\u00f3nicas en el correo:\u00a0890303093@factureinbox.co\u00a0y las cuentas de cobro en el correo:\u00a0recep_facturaelectronica@comfenalcovalle.com.co. A continuaci\u00f3n, compartimos las fechas l\u00edmite establecidas por nuestra corporaci\u00f3n para [&hellip;]<\/p>","protected":false},"author":1,"featured_media":0,"parent":1595,"menu_order":0,"comment_status":"closed","ping_status":"closed","template":"","meta":{"footnotes":""},"class_list":["post-589781","page","type-page","status-publish","hentry"],"yoast_head":"<!-- This site is optimized with the Yoast SEO Premium plugin v25.9 (Yoast SEO v25.9) - https:\/\/yoast.com\/wordpress\/plugins\/seo\/ -->\n<title>Calendario de Facturaci\u00f3n - Comfenalco Valle Delagente<\/title>\n<meta name=\"robots\" content=\"index, follow, max-snippet:-1, max-image-preview:large, max-video-preview:-1\" \/>\n<link rel=\"canonical\" href=\"https:\/\/www.comfenalcovalle.com.co\/proveedores\/calendario-de-facturacion\/\" \/>\n<meta property=\"og:locale\" content=\"en_US\" \/>\n<meta property=\"og:type\" content=\"article\" \/>\n<meta property=\"og:title\" content=\"Calendario de Facturaci\u00f3n\" \/>\n<meta property=\"og:description\" content=\"Comfenalco Valle Delagente Si eres proveedor y tienes facturas por suministro de insumos o servicios prestados a la Caja de Compensaci\u00f3n Familiar del Valle del Cauca Comfenalco Valle Delagente, recuerda radicar las facturas electr\u00f3nicas en el correo:\u00a0890303093@factureinbox.co\u00a0y las cuentas de cobro en el correo:\u00a0recep_facturaelectronica@comfenalcovalle.com.co. A continuaci\u00f3n, compartimos las fechas l\u00edmite establecidas por nuestra corporaci\u00f3n para [&hellip;]\" \/>\n<meta property=\"og:url\" content=\"https:\/\/www.comfenalcovalle.com.co\/proveedores\/calendario-de-facturacion\/\" \/>\n<meta property=\"og:site_name\" content=\"Comfenalco Valle Delagente\" \/>\n<meta property=\"article:modified_time\" content=\"2026-01-23T21:27:45+00:00\" \/>\n<meta name=\"twitter:card\" content=\"summary_large_image\" \/>\n<meta name=\"twitter:label1\" content=\"Est. reading time\" \/>\n\t<meta name=\"twitter:data1\" content=\"1 minute\" \/>\n<script type=\"application\/ld+json\" class=\"yoast-schema-graph\">{\"@context\":\"https:\/\/schema.org\",\"@graph\":[{\"@type\":\"WebPage\",\"@id\":\"https:\/\/www.comfenalcovalle.com.co\/proveedores\/calendario-de-facturacion\/\",\"url\":\"https:\/\/www.comfenalcovalle.com.co\/proveedores\/calendario-de-facturacion\/\",\"name\":\"Calendario de Facturaci\u00f3n - Comfenalco Valle Delagente\",\"isPartOf\":{\"@id\":\"https:\/\/www.comfenalcovalle.com.co\/#website\"},\"datePublished\":\"2022-05-27T19:14:42+00:00\",\"dateModified\":\"2026-01-23T21:27:45+00:00\",\"breadcrumb\":{\"@id\":\"https:\/\/www.comfenalcovalle.com.co\/proveedores\/calendario-de-facturacion\/#breadcrumb\"},\"inLanguage\":\"en-US\",\"potentialAction\":[{\"@type\":\"ReadAction\",\"target\":[\"https:\/\/www.comfenalcovalle.com.co\/proveedores\/calendario-de-facturacion\/\"]}]},{\"@type\":\"BreadcrumbList\",\"@id\":\"https:\/\/www.comfenalcovalle.com.co\/proveedores\/calendario-de-facturacion\/#breadcrumb\",\"itemListElement\":[{\"@type\":\"ListItem\",\"position\":1,\"name\":\"Portada\",\"item\":\"https:\/\/www.comfenalcovalle.com.co\/\"},{\"@type\":\"ListItem\",\"position\":2,\"name\":\"Proveedores\",\"item\":\"https:\/\/www.comfenalcovalle.com.co\/proveedores\/\"},{\"@type\":\"ListItem\",\"position\":3,\"name\":\"Calendario de Facturaci\u00f3n\"}]},{\"@type\":\"WebSite\",\"@id\":\"https:\/\/www.comfenalcovalle.com.co\/#website\",\"url\":\"https:\/\/www.comfenalcovalle.com.co\/\",\"name\":\"Comfenalco Valle Delagente\",\"description\":\"Caja de compensaci\u00f3n de Comfenalco Valle Delagente.\",\"publisher\":{\"@id\":\"https:\/\/www.comfenalcovalle.com.co\/#organization\"},\"potentialAction\":[{\"@type\":\"SearchAction\",\"target\":{\"@type\":\"EntryPoint\",\"urlTemplate\":\"https:\/\/www.comfenalcovalle.com.co\/?s={search_term_string}\"},\"query-input\":{\"@type\":\"PropertyValueSpecification\",\"valueRequired\":true,\"valueName\":\"search_term_string\"}}],\"inLanguage\":\"en-US\"},{\"@type\":\"Organization\",\"@id\":\"https:\/\/www.comfenalcovalle.com.co\/#organization\",\"name\":\"Comfenalco Valle Delagente\",\"url\":\"https:\/\/www.comfenalcovalle.com.co\/\",\"logo\":{\"@type\":\"ImageObject\",\"inLanguage\":\"en-US\",\"@id\":\"https:\/\/www.comfenalcovalle.com.co\/#\/schema\/logo\/image\/\",\"url\":\"https:\/\/test.comfenalcovalle.com.co\/wp-content\/uploads\/2021\/06\/logo-comfe-cabecera-agencia-empelo-actualizado.png\",\"contentUrl\":\"https:\/\/test.comfenalcovalle.com.co\/wp-content\/uploads\/2021\/06\/logo-comfe-cabecera-agencia-empelo-actualizado.png\",\"width\":500,\"height\":184,\"caption\":\"Comfenalco Valle Delagente\"},\"image\":{\"@id\":\"https:\/\/www.comfenalcovalle.com.co\/#\/schema\/logo\/image\/\"}}]}<\/script>\n<!-- \/ Yoast SEO Premium plugin. -->","yoast_head_json":{"title":"Calendario de Facturaci\u00f3n - Comfenalco Valle Delagente","robots":{"index":"index","follow":"follow","max-snippet":"max-snippet:-1","max-image-preview":"max-image-preview:large","max-video-preview":"max-video-preview:-1"},"canonical":"https:\/\/www.comfenalcovalle.com.co\/proveedores\/calendario-de-facturacion\/","og_locale":"en_US","og_type":"article","og_title":"Calendario de Facturaci\u00f3n","og_description":"Comfenalco Valle Delagente Si eres proveedor y tienes facturas por suministro de insumos o servicios prestados a la Caja de Compensaci\u00f3n Familiar del Valle del Cauca Comfenalco Valle Delagente, recuerda radicar las facturas electr\u00f3nicas en el correo:\u00a0890303093@factureinbox.co\u00a0y las cuentas de cobro en el correo:\u00a0recep_facturaelectronica@comfenalcovalle.com.co. A continuaci\u00f3n, compartimos las fechas l\u00edmite establecidas por nuestra corporaci\u00f3n para [&hellip;]","og_url":"https:\/\/www.comfenalcovalle.com.co\/proveedores\/calendario-de-facturacion\/","og_site_name":"Comfenalco Valle Delagente","article_modified_time":"2026-01-23T21:27:45+00:00","twitter_card":"summary_large_image","twitter_misc":{"Est. reading time":"1 minute"},"schema":{"@context":"https:\/\/schema.org","@graph":[{"@type":"WebPage","@id":"https:\/\/www.comfenalcovalle.com.co\/proveedores\/calendario-de-facturacion\/","url":"https:\/\/www.comfenalcovalle.com.co\/proveedores\/calendario-de-facturacion\/","name":"Calendario de Facturaci\u00f3n - Comfenalco Valle Delagente","isPartOf":{"@id":"https:\/\/www.comfenalcovalle.com.co\/#website"},"datePublished":"2022-05-27T19:14:42+00:00","dateModified":"2026-01-23T21:27:45+00:00","breadcrumb":{"@id":"https:\/\/www.comfenalcovalle.com.co\/proveedores\/calendario-de-facturacion\/#breadcrumb"},"inLanguage":"en-US","potentialAction":[{"@type":"ReadAction","target":["https:\/\/www.comfenalcovalle.com.co\/proveedores\/calendario-de-facturacion\/"]}]},{"@type":"BreadcrumbList","@id":"https:\/\/www.comfenalcovalle.com.co\/proveedores\/calendario-de-facturacion\/#breadcrumb","itemListElement":[{"@type":"ListItem","position":1,"name":"Portada","item":"https:\/\/www.comfenalcovalle.com.co\/"},{"@type":"ListItem","position":2,"name":"Proveedores","item":"https:\/\/www.comfenalcovalle.com.co\/proveedores\/"},{"@type":"ListItem","position":3,"name":"Calendario de Facturaci\u00f3n"}]},{"@type":"WebSite","@id":"https:\/\/www.comfenalcovalle.com.co\/#website","url":"https:\/\/www.comfenalcovalle.com.co\/","name":"Comfenalco Valle Delagente","description":"Comfenalco Valle Delagente compensation fund.","publisher":{"@id":"https:\/\/www.comfenalcovalle.com.co\/#organization"},"potentialAction":[{"@type":"SearchAction","target":{"@type":"EntryPoint","urlTemplate":"https:\/\/www.comfenalcovalle.com.co\/?s={search_term_string}"},"query-input":{"@type":"PropertyValueSpecification","valueRequired":true,"valueName":"search_term_string"}}],"inLanguage":"en-US"},{"@type":"Organization","@id":"https:\/\/www.comfenalcovalle.com.co\/#organization","name":"Comfenalco Valle Delagente","url":"https:\/\/www.comfenalcovalle.com.co\/","logo":{"@type":"ImageObject","inLanguage":"en-US","@id":"https:\/\/www.comfenalcovalle.com.co\/#\/schema\/logo\/image\/","url":"https:\/\/test.comfenalcovalle.com.co\/wp-content\/uploads\/2021\/06\/logo-comfe-cabecera-agencia-empelo-actualizado.png","contentUrl":"https:\/\/test.comfenalcovalle.com.co\/wp-content\/uploads\/2021\/06\/logo-comfe-cabecera-agencia-empelo-actualizado.png","width":500,"height":184,"caption":"Comfenalco Valle Delagente"},"image":{"@id":"https:\/\/www.comfenalcovalle.com.co\/#\/schema\/logo\/image\/"}}]}},"publishpress_future_action":{"enabled":false,"date":"2026-05-10 10:00:14","action":"change-status","newStatus":"draft","terms":[],"taxonomy":"","extraData":[]},"publishpress_future_workflow_manual_trigger":{"enabledWorkflows":[]},"_links":{"self":[{"href":"https:\/\/test.comfenalcovalle.com.co\/en\/wp-json\/wp\/v2\/pages\/589781","targetHints":{"allow":["GET"]}}],"collection":[{"href":"https:\/\/test.comfenalcovalle.com.co\/en\/wp-json\/wp\/v2\/pages"}],"about":[{"href":"https:\/\/test.comfenalcovalle.com.co\/en\/wp-json\/wp\/v2\/types\/page"}],"author":[{"embeddable":true,"href":"https:\/\/test.comfenalcovalle.com.co\/en\/wp-json\/wp\/v2\/users\/1"}],"replies":[{"embeddable":true,"href":"https:\/\/test.comfenalcovalle.com.co\/en\/wp-json\/wp\/v2\/comments?post=589781"}],"version-history":[{"count":0,"href":"https:\/\/test.comfenalcovalle.com.co\/en\/wp-json\/wp\/v2\/pages\/589781\/revisions"}],"up":[{"embeddable":true,"href":"https:\/\/test.comfenalcovalle.com.co\/en\/wp-json\/wp\/v2\/pages\/1595"}],"wp:attachment":[{"href":"https:\/\/test.comfenalcovalle.com.co\/en\/wp-json\/wp\/v2\/media?parent=589781"}],"curies":[{"name":"wp","href":"https:\/\/api.w.org\/{rel}","templated":true}]}}