{"id":3923,"date":"2023-03-01T08:00:00","date_gmt":"2023-03-01T13:00:00","guid":{"rendered":"https:\/\/test.comfenalcovalle.com.co\/webredlat\/?page_id=3923"},"modified":"2025-05-12T11:29:14","modified_gmt":"2025-05-12T16:29:14","slug":"subsidio-familiar-de-vivienda-para-no-afiliados-a-caja-de-compensacion-familiar","status":"publish","type":"page","link":"https:\/\/test.comfenalcovalle.com.co\/en\/subsidio-familiar-de-vivienda-para-no-afiliados-a-caja-de-compensacion-familiar\/","title":{"rendered":"Family Housing Subsidy for Non-members of the Family Compensation Fund"},"content":{"rendered":"<div data-elementor-type=\"wp-page\" data-elementor-id=\"3923\" class=\"elementor elementor-3923\" data-elementor-post-type=\"page\">\n\t\t\t\t<div class=\"elementor-element elementor-element-60251c6 e-flex e-con-boxed e-con e-parent\" data-id=\"60251c6\" data-element_type=\"container\">\n\t\t\t\t\t<div class=\"e-con-inner\">\n\t\t<div class=\"elementor-element elementor-element-f62543c e-flex e-con-boxed e-con e-child\" data-id=\"f62543c\" data-element_type=\"container\">\n\t\t\t\t\t<div class=\"e-con-inner\">\n\t\t<div class=\"elementor-element elementor-element-8811e63 e-flex e-con-boxed e-con e-child\" data-id=\"8811e63\" data-element_type=\"container\">\n\t\t\t\t\t<div class=\"e-con-inner\">\n\t\t<div class=\"elementor-element elementor-element-c70d137 e-con-full e-flex e-con e-child\" data-id=\"c70d137\" data-element_type=\"container\">\n\t\t\t\t<div class=\"elementor-element elementor-element-b4f577f elementor-widget elementor-widget-image\" data-id=\"b4f577f\" data-element_type=\"widget\" data-widget_type=\"image.default\">\n\t\t\t\t<div class=\"elementor-widget-container\">\n\t\t\t\t\t\t\t\t\t\t\t\t\t\t\t<img fetchpriority=\"high\" decoding=\"async\" width=\"1280\" height=\"720\" src=\"https:\/\/test.comfenalcovalle.com.co\/wp-content\/uploads\/2020\/11\/subsidio-de-servicios-1-1.jpg\" class=\"attachment-full size-full wp-image-3698\" alt=\"subsidio-de-servicios-\" srcset=\"https:\/\/test.comfenalcovalle.com.co\/wp-content\/uploads\/2020\/11\/subsidio-de-servicios-1-1.jpg 1280w, https:\/\/test.comfenalcovalle.com.co\/wp-content\/uploads\/2020\/11\/subsidio-de-servicios-1-1-300x169.jpg 300w, https:\/\/test.comfenalcovalle.com.co\/wp-content\/uploads\/2020\/11\/subsidio-de-servicios-1-1-768x432.jpg 768w, https:\/\/test.comfenalcovalle.com.co\/wp-content\/uploads\/2020\/11\/subsidio-de-servicios-1-1-1024x576.jpg 1024w, https:\/\/test.comfenalcovalle.com.co\/wp-content\/uploads\/2020\/11\/subsidio-de-servicios-1-1-1568x882.jpg 1568w\" sizes=\"(max-width: 1280px) 100vw, 1280px\" \/>\t\t\t\t\t\t\t\t\t\t\t\t\t\t\t<\/div>\n\t\t\t\t<\/div>\n\t\t\t\t<\/div>\n\t\t<div class=\"elementor-element elementor-element-6a404a3 e-con-full e-flex e-con e-child\" data-id=\"6a404a3\" data-element_type=\"container\">\n\t\t\t\t<div class=\"elementor-element elementor-element-9c7cc88 jet-breadcrumbs-align-left elementor-widget elementor-widget-jet-breadcrumbs\" data-id=\"9c7cc88\" data-element_type=\"widget\" data-widget_type=\"jet-breadcrumbs.default\">\n\t\t\t\t<div class=\"elementor-widget-container\">\n\t\t\t\t\t<div class=\"elementor-jet-breadcrumbs jet-blocks\">\n\t\t<div class=\"jet-breadcrumbs\">\n\t\t<div class=\"jet-breadcrumbs__content\">\n\t\t<div class=\"jet-breadcrumbs__wrap\"><div class=\"jet-breadcrumbs__item\"><a href=\"https:\/\/test.comfenalcovalle.com.co\/en\/\" class=\"jet-breadcrumbs__item-link is-home\" rel=\"home\" title=\"Beginning\">Beginning<\/a><\/div>\n\t\t<\/div>\n\t\t<\/div>\n\t\t<\/div><\/div>\t\t\t\t<\/div>\n\t\t\t\t<\/div>\n\t\t\t\t<div class=\"elementor-element elementor-element-fadd0e1 elementor-widget elementor-widget-heading\" data-id=\"fadd0e1\" data-element_type=\"widget\" data-widget_type=\"heading.default\">\n\t\t\t\t<div class=\"elementor-widget-container\">\n\t\t\t\t\t<h1 class=\"elementor-heading-title elementor-size-default\">Family Housing Subsidy for Non-members of the Family Compensation Fund<\/h1>\t\t\t\t<\/div>\n\t\t\t\t<\/div>\n\t\t\t\t<div class=\"elementor-element elementor-element-f63a452 elementor-widget elementor-widget-text-editor\" data-id=\"f63a452\" data-element_type=\"widget\" data-widget_type=\"text-editor.default\">\n\t\t\t\t<div class=\"elementor-widget-container\">\n\t\t\t\t\t\t\t\t\t<p>The National Government, through the <a href=\"https:\/\/www.minambiente.gov.co\/\" target=\"_blank\" rel=\"noopener\"><strong><span style=\"color: #008000; text-decoration: underline;\">National Housing Fund<\/span><\/strong><\/a>, entered into a management commission contract with the Family Compensation Funds throughout the country, so that they support the process to obtain the family subsidy for social housing for families that do not have affiliation with the Family Compensation Fund.<\/p>\t\t\t\t\t\t\t\t<\/div>\n\t\t\t\t<\/div>\n\t\t\t\t<\/div>\n\t\t\t\t\t<\/div>\n\t\t\t\t<\/div>\n\t\t\t\t<div class=\"elementor-element elementor-element-9cba5f2 elementor-widget elementor-widget-text-editor\" data-id=\"9cba5f2\" data-element_type=\"widget\" data-widget_type=\"text-editor.default\">\n\t\t\t\t<div class=\"elementor-widget-container\">\n\t\t\t\t\t\t\t\t\t<p>The National Government will call for and assign social interest housing subsidies, according to the budget and schedule established annually. The Compensation Funds will disseminate the call, orientation to applicants and bidders, application, certification and review of the application, delivery of letters of allocation of the family housing subsidy, receipt of replacement resources, review and verification of documents , certification of existence and habitability (purchase of used housing), to make effective the payment of family housing subsidies in all its modalities.<\/p><p>The subsidy application forms will only be delivered by the Family Compensation Funds, when the National Government determines an opening date for the respective call. Interested family groups will be able to consult permanently about the opening date of the calls, in any of the offices of the Fund, throughout the department.<\/p>\t\t\t\t\t\t\t\t<\/div>\n\t\t\t\t<\/div>\n\t\t\t\t\t<\/div>\n\t\t\t\t<\/div>\n\t\t<div class=\"elementor-element elementor-element-bffbdfa e-flex e-con-boxed e-con e-child\" data-id=\"bffbdfa\" data-element_type=\"container\">\n\t\t\t\t\t<div class=\"e-con-inner\">\n\t\t\t\t<div class=\"elementor-element elementor-element-b937893 elementor-align-center elementor-widget elementor-widget-button\" data-id=\"b937893\" data-element_type=\"widget\" data-widget_type=\"button.default\">\n\t\t\t\t<div class=\"elementor-widget-container\">\n\t\t\t\t\t\t\t\t\t<div class=\"elementor-button-wrapper\">\n\t\t\t\t\t<a class=\"elementor-button elementor-button-link elementor-size-sm elementor-animation-shrink\" href=\"https:\/\/test.comfenalcovalle.com.co\/en\/personas\/vivienda\/programa-de-acompanamiento-social\/\">\n\t\t\t\t\t\t<span class=\"elementor-button-content-wrapper\">\n\t\t\t\t\t\t\t\t\t<span class=\"elementor-button-text\">Conoce el Subsidio de Vivienda<\/span>\n\t\t\t\t\t<\/span>\n\t\t\t\t\t<\/a>\n\t\t\t\t<\/div>\n\t\t\t\t\t\t\t\t<\/div>\n\t\t\t\t<\/div>\n\t\t\t\t\t<\/div>\n\t\t\t\t<\/div>\n\t\t\t\t\t<\/div>\n\t\t\t\t<\/div>\n\t\t\t\t<main class=\"elementor-section elementor-top-section elementor-element elementor-element-9f9b84f elementor-section-full_width elementor-hidden-desktop elementor-hidden-tablet elementor-hidden-mobile elementor-section-height-default elementor-section-height-default\" data-id=\"9f9b84f\" data-element_type=\"section\">\n\t\t\t\t\t\t<div class=\"elementor-container elementor-column-gap-default\">\n\t\t\t\t\t<div class=\"elementor-column elementor-col-100 elementor-top-column elementor-element elementor-element-fa56daf\" data-id=\"fa56daf\" data-element_type=\"column\">\n\t\t\t<div class=\"elementor-widget-wrap elementor-element-populated\">\n\t\t\t\t\t\t<section class=\"elementor-section elementor-inner-section elementor-element elementor-element-c22786e elementor-section-boxed elementor-section-height-default elementor-section-height-default\" data-id=\"c22786e\" data-element_type=\"section\">\n\t\t\t\t\t\t<div class=\"elementor-container elementor-column-gap-default\">\n\t\t\t\t\t<div class=\"elementor-column elementor-col-100 elementor-inner-column elementor-element elementor-element-baea774\" data-id=\"baea774\" data-element_type=\"column\">\n\t\t\t<div class=\"elementor-widget-wrap elementor-element-populated\">\n\t\t\t\t\t\t<div class=\"elementor-element elementor-element-7d2f4f2 elementor-widget elementor-widget-heading\" data-id=\"7d2f4f2\" data-element_type=\"widget\" data-widget_type=\"heading.default\">\n\t\t\t\t<div class=\"elementor-widget-container\">\n\t\t\t\t\t<h2 class=\"elementor-heading-title elementor-size-default\">Other themes:<\/h2>\t\t\t\t<\/div>\n\t\t\t\t<\/div>\n\t\t\t\t<div class=\"elementor-element elementor-element-023dd92 elementor-posts--align-center elementor-grid-3 elementor-grid-tablet-2 elementor-grid-mobile-1 elementor-posts--thumbnail-top elementor-card-shadow-yes elementor-posts__hover-gradient elementor-widget elementor-widget-posts\" data-id=\"023dd92\" data-element_type=\"widget\" data-settings=\"{&quot;cards_row_gap&quot;:{&quot;unit&quot;:&quot;px&quot;,&quot;size&quot;:8,&quot;sizes&quot;:[]},&quot;cards_columns&quot;:&quot;3&quot;,&quot;cards_columns_tablet&quot;:&quot;2&quot;,&quot;cards_columns_mobile&quot;:&quot;1&quot;,&quot;cards_row_gap_tablet&quot;:{&quot;unit&quot;:&quot;px&quot;,&quot;size&quot;:&quot;&quot;,&quot;sizes&quot;:[]},&quot;cards_row_gap_mobile&quot;:{&quot;unit&quot;:&quot;px&quot;,&quot;size&quot;:&quot;&quot;,&quot;sizes&quot;:[]}}\" data-widget_type=\"posts.cards\">\n\t\t\t\t<div class=\"elementor-widget-container\">\n\t\t\t\t\t\t\t<div class=\"elementor-posts-container elementor-posts elementor-posts--skin-cards elementor-grid\" role=\"list\">\n\t\t\t\t<article class=\"elementor-post elementor-grid-item post-591734 convenios-kupi type-convenios-kupi status-publish has-post-thumbnail hentry\" role=\"listitem\">\n\t\t\t<div class=\"elementor-post__card\">\n\t\t\t\t<a class=\"elementor-post__thumbnail__link\" href=\"https:\/\/test.comfenalcovalle.com.co\/en\/convenios-kupi\/zugars-bar-abierto\/\" tabindex=\"-1\" ><div class=\"elementor-post__thumbnail\"><img decoding=\"async\" width=\"342\" height=\"342\" data-src=\"https:\/\/test.comfenalcovalle.com.co\/wp-content\/uploads\/2022\/06\/bebidas-y-alimentos-1.jpg\" class=\"attachment-full size-full wp-image-591286 lazyload\" alt=\"Bebidad y alimentos\" data-srcset=\"https:\/\/test.comfenalcovalle.com.co\/wp-content\/uploads\/2022\/06\/bebidas-y-alimentos-1.jpg 342w, https:\/\/test.comfenalcovalle.com.co\/wp-content\/uploads\/2022\/06\/bebidas-y-alimentos-1-300x300.jpg 300w, https:\/\/test.comfenalcovalle.com.co\/wp-content\/uploads\/2022\/06\/bebidas-y-alimentos-1-150x150.jpg 150w, https:\/\/test.comfenalcovalle.com.co\/wp-content\/uploads\/2022\/06\/bebidas-y-alimentos-1-12x12.jpg 12w, https:\/\/test.comfenalcovalle.com.co\/wp-content\/uploads\/2022\/06\/bebidas-y-alimentos-1-130x130.jpg 130w\" data-sizes=\"(max-width: 342px) 100vw, 342px\" src=\"data:image\/svg+xml;base64,PHN2ZyB3aWR0aD0iMSIgaGVpZ2h0PSIxIiB4bWxucz0iaHR0cDovL3d3dy53My5vcmcvMjAwMC9zdmciPjwvc3ZnPg==\" style=\"--smush-placeholder-width: 342px; --smush-placeholder-aspect-ratio: 342\/342;\" \/><\/div><\/a>\n\t\t\t\t<div class=\"elementor-post__text\">\n\t\t\t\t<h3 class=\"elementor-post__title\">\n\t\t\t<a href=\"https:\/\/test.comfenalcovalle.com.co\/en\/convenios-kupi\/zugars-bar-abierto\/\" >\n\t\t\t\tZugar`S Bar Abierto\t\t\t<\/a>\n\t\t<\/h3>\n\t\t\t\t<div class=\"elementor-post__excerpt\">\n\t\t\t\t\t<\/div>\n\t\t\n\t\t<a class=\"elementor-post__read-more\" href=\"https:\/\/test.comfenalcovalle.com.co\/en\/convenios-kupi\/zugars-bar-abierto\/\" aria-label=\"Read more about Zugar`S Bar Abierto\" tabindex=\"-1\" >\n\t\t\tRead More &gt;&gt;\t\t<\/a>\n\n\t\t\t\t<\/div>\n\t\t\t\t\t<\/div>\n\t\t<\/article>\n\t\t\t\t<article class=\"elementor-post elementor-grid-item post-619929 page type-page status-publish hentry\" role=\"listitem\">\n\t\t\t<div class=\"elementor-post__card\">\n\t\t\t\t<div class=\"elementor-post__text\">\n\t\t\t\t<h3 class=\"elementor-post__title\">\n\t\t\t<a href=\"https:\/\/test.comfenalcovalle.com.co\/en\/hoteles-delagente-comfenalco-valle\/zona-camping-yanaconas-formulario\/\" >\n\t\t\t\tZona Camping\u00a0Yanaconas &#8211; Formulario\t\t\t<\/a>\n\t\t<\/h3>\n\t\t\t\t<div class=\"elementor-post__excerpt\">\n\t\t\t<p>Nuevo servicio: Zona Camping Nuestra nueva Zona Camping ubicada en el Hotel y Centro Recreacional Yanaconas esta pensada en las familias afiliadas y la posibilidad<\/p>\n\t\t<\/div>\n\t\t\n\t\t<a class=\"elementor-post__read-more\" href=\"https:\/\/test.comfenalcovalle.com.co\/en\/hoteles-delagente-comfenalco-valle\/zona-camping-yanaconas-formulario\/\" aria-label=\"Read more about Zona Camping\u00a0Yanaconas &#8211; Formulario\" tabindex=\"-1\" >\n\t\t\tRead More &gt;&gt;\t\t<\/a>\n\n\t\t\t\t<\/div>\n\t\t\t\t\t<\/div>\n\t\t<\/article>\n\t\t\t\t<article class=\"elementor-post elementor-grid-item post-582117 convenios-descuentos type-convenios-descuentos status-publish has-post-thumbnail hentry categoria-convenios-recreacion ubicacion-convenios-cali\" role=\"listitem\">\n\t\t\t<div class=\"elementor-post__card\">\n\t\t\t\t<a class=\"elementor-post__thumbnail__link\" href=\"https:\/\/test.comfenalcovalle.com.co\/en\/convenios-descuentos\/zero-gravity\/\" tabindex=\"-1\" ><div class=\"elementor-post__thumbnail\"><img decoding=\"async\" width=\"1080\" height=\"1080\" data-src=\"https:\/\/test.comfenalcovalle.com.co\/wp-content\/uploads\/2022\/02\/ZERO_GRAVITY1-1.png\" class=\"attachment-full size-full wp-image-582790 lazyload\" alt=\"Zero gravity\" data-srcset=\"https:\/\/test.comfenalcovalle.com.co\/wp-content\/uploads\/2022\/02\/ZERO_GRAVITY1-1.png 1080w, https:\/\/test.comfenalcovalle.com.co\/wp-content\/uploads\/2022\/02\/ZERO_GRAVITY1-1-300x300.png 300w, https:\/\/test.comfenalcovalle.com.co\/wp-content\/uploads\/2022\/02\/ZERO_GRAVITY1-1-1024x1024.png 1024w, https:\/\/test.comfenalcovalle.com.co\/wp-content\/uploads\/2022\/02\/ZERO_GRAVITY1-1-150x150.png 150w, https:\/\/test.comfenalcovalle.com.co\/wp-content\/uploads\/2022\/02\/ZERO_GRAVITY1-1-768x768.png 768w, https:\/\/test.comfenalcovalle.com.co\/wp-content\/uploads\/2022\/02\/ZERO_GRAVITY1-1-12x12.png 12w, https:\/\/test.comfenalcovalle.com.co\/wp-content\/uploads\/2022\/02\/ZERO_GRAVITY1-1-130x130.png 130w\" data-sizes=\"(max-width: 1080px) 100vw, 1080px\" src=\"data:image\/svg+xml;base64,PHN2ZyB3aWR0aD0iMSIgaGVpZ2h0PSIxIiB4bWxucz0iaHR0cDovL3d3dy53My5vcmcvMjAwMC9zdmciPjwvc3ZnPg==\" style=\"--smush-placeholder-width: 1080px; --smush-placeholder-aspect-ratio: 1080\/1080;\" \/><\/div><\/a>\n\t\t\t\t<div class=\"elementor-post__text\">\n\t\t\t\t<h3 class=\"elementor-post__title\">\n\t\t\t<a href=\"https:\/\/test.comfenalcovalle.com.co\/en\/convenios-descuentos\/zero-gravity\/\" >\n\t\t\t\tZero Gravity\t\t\t<\/a>\n\t\t<\/h3>\n\t\t\t\t<div class=\"elementor-post__excerpt\">\n\t\t\t<p>10% de descuento en compra de una hora.Nota: *Cualquier m\u00e9todo de pago, solo de lunes a viernes de 1:00p.m. a 9:00p.m., no acumulables con otras<\/p>\n\t\t<\/div>\n\t\t\n\t\t<a class=\"elementor-post__read-more\" href=\"https:\/\/test.comfenalcovalle.com.co\/en\/convenios-descuentos\/zero-gravity\/\" aria-label=\"Read more about Zero Gravity\" tabindex=\"-1\" >\n\t\t\tRead More &gt;&gt;\t\t<\/a>\n\n\t\t\t\t<\/div>\n\t\t\t\t\t<\/div>\n\t\t<\/article>\n\t\t\t\t<article class=\"elementor-post elementor-grid-item post-595617 page type-page status-publish hentry\" role=\"listitem\">\n\t\t\t<div class=\"elementor-post__card\">\n\t\t\t\t<div class=\"elementor-post__text\">\n\t\t\t\t<h3 class=\"elementor-post__title\">\n\t\t\t<a href=\"https:\/\/test.comfenalcovalle.com.co\/en\/personas\/cooperacion-nacional-e-internacional\/lista-de-proyectos\/vive-el-valle-rutas-turisticas\/zarzal-tierra-dulce-y-de-arte\/\" >\n\t\t\t\tZarzal, tierra dulce y de arte\t\t\t<\/a>\n\t\t<\/h3>\n\t\t\t\t<div class=\"elementor-post__excerpt\">\n\t\t\t<p>Comfenalco Valle Delagente https:\/\/youtu.be\/wKm0cHMg57E Despierta tus sentidos y rec\u00e1rgate con el verde paisaje de las fincas monta\u00f1eras \u00a0que puedes recorrer a caballo en Zarzal. Escucha<\/p>\n\t\t<\/div>\n\t\t\n\t\t<a class=\"elementor-post__read-more\" href=\"https:\/\/test.comfenalcovalle.com.co\/en\/personas\/cooperacion-nacional-e-internacional\/lista-de-proyectos\/vive-el-valle-rutas-turisticas\/zarzal-tierra-dulce-y-de-arte\/\" aria-label=\"Read more about Zarzal, tierra dulce y de arte\" tabindex=\"-1\" >\n\t\t\tRead More &gt;&gt;\t\t<\/a>\n\n\t\t\t\t<\/div>\n\t\t\t\t\t<\/div>\n\t\t<\/article>\n\t\t\t\t<article class=\"elementor-post elementor-grid-item post-592958 convenios-kupi type-convenios-kupi status-publish has-post-thumbnail hentry\" role=\"listitem\">\n\t\t\t<div class=\"elementor-post__card\">\n\t\t\t\t<a class=\"elementor-post__thumbnail__link\" href=\"https:\/\/test.comfenalcovalle.com.co\/en\/convenios-kupi\/zapatico-roto\/\" tabindex=\"-1\" ><div class=\"elementor-post__thumbnail\"><img decoding=\"async\" width=\"348\" height=\"349\" data-src=\"https:\/\/test.comfenalcovalle.com.co\/wp-content\/uploads\/2022\/06\/calzado.jpg\" class=\"attachment-full size-full wp-image-591292 lazyload\" alt=\"calzado\" data-srcset=\"https:\/\/test.comfenalcovalle.com.co\/wp-content\/uploads\/2022\/06\/calzado.jpg 348w, https:\/\/test.comfenalcovalle.com.co\/wp-content\/uploads\/2022\/06\/calzado-300x301.jpg 300w, https:\/\/test.comfenalcovalle.com.co\/wp-content\/uploads\/2022\/06\/calzado-150x150.jpg 150w, https:\/\/test.comfenalcovalle.com.co\/wp-content\/uploads\/2022\/06\/calzado-12x12.jpg 12w, https:\/\/test.comfenalcovalle.com.co\/wp-content\/uploads\/2022\/06\/calzado-130x130.jpg 130w\" data-sizes=\"(max-width: 348px) 100vw, 348px\" src=\"data:image\/svg+xml;base64,PHN2ZyB3aWR0aD0iMSIgaGVpZ2h0PSIxIiB4bWxucz0iaHR0cDovL3d3dy53My5vcmcvMjAwMC9zdmciPjwvc3ZnPg==\" style=\"--smush-placeholder-width: 348px; --smush-placeholder-aspect-ratio: 348\/349;\" \/><\/div><\/a>\n\t\t\t\t<div class=\"elementor-post__text\">\n\t\t\t\t<h3 class=\"elementor-post__title\">\n\t\t\t<a href=\"https:\/\/test.comfenalcovalle.com.co\/en\/convenios-kupi\/zapatico-roto\/\" >\n\t\t\t\tbroken shoe\t\t\t<\/a>\n\t\t<\/h3>\n\t\t\t\t<div class=\"elementor-post__excerpt\">\n\t\t\t\t\t<\/div>\n\t\t\n\t\t<a class=\"elementor-post__read-more\" href=\"https:\/\/test.comfenalcovalle.com.co\/en\/convenios-kupi\/zapatico-roto\/\" aria-label=\"Read more about zapatico roto\" tabindex=\"-1\" >\n\t\t\tRead More &gt;&gt;\t\t<\/a>\n\n\t\t\t\t<\/div>\n\t\t\t\t\t<\/div>\n\t\t<\/article>\n\t\t\t\t<article class=\"elementor-post elementor-grid-item post-620834 biblioteca-digital type-biblioteca-digital status-publish has-post-thumbnail hentry\" role=\"listitem\">\n\t\t\t<div class=\"elementor-post__card\">\n\t\t\t\t<a class=\"elementor-post__thumbnail__link\" href=\"https:\/\/test.comfenalcovalle.com.co\/en\/biblioteca\/yuyu-y-el-miedo-2\/\" tabindex=\"-1\" ><div class=\"elementor-post__thumbnail\"><img decoding=\"async\" width=\"540\" height=\"770\" data-src=\"https:\/\/test.comfenalcovalle.com.co\/wp-content\/uploads\/2023\/12\/Yuyu-y-el-miedo.png\" class=\"attachment-full size-full wp-image-620835 lazyload\" alt=\"\" data-srcset=\"https:\/\/test.comfenalcovalle.com.co\/wp-content\/uploads\/2023\/12\/Yuyu-y-el-miedo.png 540w, https:\/\/test.comfenalcovalle.com.co\/wp-content\/uploads\/2023\/12\/Yuyu-y-el-miedo-210x300.png 210w, https:\/\/test.comfenalcovalle.com.co\/wp-content\/uploads\/2023\/12\/Yuyu-y-el-miedo-8x12.png 8w\" data-sizes=\"(max-width: 540px) 100vw, 540px\" src=\"data:image\/svg+xml;base64,PHN2ZyB3aWR0aD0iMSIgaGVpZ2h0PSIxIiB4bWxucz0iaHR0cDovL3d3dy53My5vcmcvMjAwMC9zdmciPjwvc3ZnPg==\" style=\"--smush-placeholder-width: 540px; --smush-placeholder-aspect-ratio: 540\/770;\" \/><\/div><\/a>\n\t\t\t\t<div class=\"elementor-post__text\">\n\t\t\t\t<h3 class=\"elementor-post__title\">\n\t\t\t<a href=\"https:\/\/test.comfenalcovalle.com.co\/en\/biblioteca\/yuyu-y-el-miedo-2\/\" >\n\t\t\t\tYuyu y el miedo\t\t\t<\/a>\n\t\t<\/h3>\n\t\t\t\t<div class=\"elementor-post__excerpt\">\n\t\t\t<p>Muchas veces los miedos nos detienen, nos a\u00edslan y nos encierran en la tristeza y en la quietud. Para Yuyu, la protagonista de esta historia,<\/p>\n\t\t<\/div>\n\t\t\n\t\t<a class=\"elementor-post__read-more\" href=\"https:\/\/test.comfenalcovalle.com.co\/en\/biblioteca\/yuyu-y-el-miedo-2\/\" aria-label=\"Read more about Yuyu y el miedo\" tabindex=\"-1\" >\n\t\t\tRead More &gt;&gt;\t\t<\/a>\n\n\t\t\t\t<\/div>\n\t\t\t\t\t<\/div>\n\t\t<\/article>\n\t\t\t\t<\/div>\n\t\t\n\t\t\t\t\t\t<\/div>\n\t\t\t\t<\/div>\n\t\t\t\t\t<\/div>\n\t\t<\/div>\n\t\t\t\t\t<\/div>\n\t\t<\/section>\n\t\t\t\t\t<\/div>\n\t\t<\/div>\n\t\t\t\t\t<\/div>\n\t\t<\/main>\n\t\t\t\t<\/div>","protected":false},"excerpt":{"rendered":"<p>Inicio El Gobierno Nacional, a trav\u00e9s del Fondo Nacional de Vivienda, celebr\u00f3 contrato de encargo de gesti\u00f3n con las Cajas de Compensaci\u00f3n Familiar de todo el pa\u00eds, para que apoyen el tr\u00e1mite para la obtenci\u00f3n del subsidio familiar de vivienda de inter\u00e9s social a las familias que no cuenten con afiliaci\u00f3n a Caja de Compensaci\u00f3n [&hellip;]<\/p>","protected":false},"author":1,"featured_media":4606,"parent":0,"menu_order":0,"comment_status":"closed","ping_status":"closed","template":"elementor_header_footer","meta":{"footnotes":""},"class_list":["post-3923","page","type-page","status-publish","has-post-thumbnail","hentry"],"yoast_head":"<!-- This site is optimized with the Yoast SEO Premium plugin v25.9 (Yoast SEO v25.9) - https:\/\/yoast.com\/wordpress\/plugins\/seo\/ -->\n<title>Subsidio Familiar de Vivienda para No Afiliados a Caja de Compensaci\u00f3n Familiar - Comfenalco Valle Delagente<\/title>\n<meta name=\"description\" content=\"El Gobierno Nacional, a trav\u00e9s del Fondo Nacional de Vivienda, celebr\u00f3 contrato de encargo de gesti\u00f3n con las Cajas de Compensaci\u00f3n Familiar.\" \/>\n<meta name=\"robots\" content=\"index, follow, max-snippet:-1, max-image-preview:large, max-video-preview:-1\" \/>\n<link rel=\"canonical\" href=\"https:\/\/www.comfenalcovalle.com.co\/subsidio-familiar-de-vivienda-para-no-afiliados-a-caja-de-compensacion-familiar\/\" \/>\n<meta property=\"og:locale\" content=\"en_US\" \/>\n<meta property=\"og:type\" content=\"article\" \/>\n<meta property=\"og:title\" content=\"Subsidio Familiar de Vivienda para No Afiliados a Caja de Compensaci\u00f3n Familiar\" \/>\n<meta property=\"og:description\" content=\"El Gobierno Nacional, a trav\u00e9s del Fondo Nacional de Vivienda, celebr\u00f3 contrato de encargo de gesti\u00f3n con las Cajas de Compensaci\u00f3n Familiar.\" \/>\n<meta property=\"og:url\" content=\"https:\/\/www.comfenalcovalle.com.co\/subsidio-familiar-de-vivienda-para-no-afiliados-a-caja-de-compensacion-familiar\/\" \/>\n<meta property=\"og:site_name\" content=\"Comfenalco Valle Delagente\" \/>\n<meta property=\"article:modified_time\" content=\"2025-05-12T16:29:14+00:00\" \/>\n<meta property=\"og:image\" content=\"https:\/\/www.comfenalcovalle.com.co\/wp-content\/uploads\/2020\/11\/subsidio-de-vivienda-para-no-afiliados-portada.jpg\" \/>\n\t<meta property=\"og:image:width\" content=\"1280\" \/>\n\t<meta property=\"og:image:height\" content=\"703\" \/>\n\t<meta property=\"og:image:type\" content=\"image\/jpeg\" \/>\n<meta name=\"twitter:card\" content=\"summary_large_image\" \/>\n<meta name=\"twitter:label1\" content=\"Est. reading time\" \/>\n\t<meta name=\"twitter:data1\" content=\"3 minutes\" \/>\n<script type=\"application\/ld+json\" class=\"yoast-schema-graph\">{\"@context\":\"https:\/\/schema.org\",\"@graph\":[{\"@type\":\"WebPage\",\"@id\":\"https:\/\/www.comfenalcovalle.com.co\/subsidio-familiar-de-vivienda-para-no-afiliados-a-caja-de-compensacion-familiar\/\",\"url\":\"https:\/\/www.comfenalcovalle.com.co\/subsidio-familiar-de-vivienda-para-no-afiliados-a-caja-de-compensacion-familiar\/\",\"name\":\"Subsidio Familiar de Vivienda para No Afiliados a Caja de Compensaci\u00f3n Familiar - Comfenalco Valle Delagente\",\"isPartOf\":{\"@id\":\"https:\/\/www.comfenalcovalle.com.co\/#website\"},\"primaryImageOfPage\":{\"@id\":\"https:\/\/www.comfenalcovalle.com.co\/subsidio-familiar-de-vivienda-para-no-afiliados-a-caja-de-compensacion-familiar\/#primaryimage\"},\"image\":{\"@id\":\"https:\/\/www.comfenalcovalle.com.co\/subsidio-familiar-de-vivienda-para-no-afiliados-a-caja-de-compensacion-familiar\/#primaryimage\"},\"thumbnailUrl\":\"https:\/\/test.comfenalcovalle.com.co\/wp-content\/uploads\/2020\/11\/subsidio-de-vivienda-para-no-afiliados-portada.jpg\",\"datePublished\":\"2023-03-01T13:00:00+00:00\",\"dateModified\":\"2025-05-12T16:29:14+00:00\",\"description\":\"El Gobierno Nacional, a trav\u00e9s del Fondo Nacional de Vivienda, celebr\u00f3 contrato de encargo de gesti\u00f3n con las Cajas de Compensaci\u00f3n Familiar.\",\"breadcrumb\":{\"@id\":\"https:\/\/www.comfenalcovalle.com.co\/subsidio-familiar-de-vivienda-para-no-afiliados-a-caja-de-compensacion-familiar\/#breadcrumb\"},\"inLanguage\":\"en-US\",\"potentialAction\":[{\"@type\":\"ReadAction\",\"target\":[\"https:\/\/www.comfenalcovalle.com.co\/subsidio-familiar-de-vivienda-para-no-afiliados-a-caja-de-compensacion-familiar\/\"]}]},{\"@type\":\"ImageObject\",\"inLanguage\":\"en-US\",\"@id\":\"https:\/\/www.comfenalcovalle.com.co\/subsidio-familiar-de-vivienda-para-no-afiliados-a-caja-de-compensacion-familiar\/#primaryimage\",\"url\":\"https:\/\/test.comfenalcovalle.com.co\/wp-content\/uploads\/2020\/11\/subsidio-de-vivienda-para-no-afiliados-portada.jpg\",\"contentUrl\":\"https:\/\/test.comfenalcovalle.com.co\/wp-content\/uploads\/2020\/11\/subsidio-de-vivienda-para-no-afiliados-portada.jpg\",\"width\":1280,\"height\":703,\"caption\":\"subsidio-de-vivienda-para-no-afiliados-portada\"},{\"@type\":\"BreadcrumbList\",\"@id\":\"https:\/\/www.comfenalcovalle.com.co\/subsidio-familiar-de-vivienda-para-no-afiliados-a-caja-de-compensacion-familiar\/#breadcrumb\",\"itemListElement\":[{\"@type\":\"ListItem\",\"position\":1,\"name\":\"Portada\",\"item\":\"https:\/\/www.comfenalcovalle.com.co\/\"},{\"@type\":\"ListItem\",\"position\":2,\"name\":\"Subsidio Familiar de Vivienda para No Afiliados a Caja de Compensaci\u00f3n Familiar\"}]},{\"@type\":\"WebSite\",\"@id\":\"https:\/\/www.comfenalcovalle.com.co\/#website\",\"url\":\"https:\/\/www.comfenalcovalle.com.co\/\",\"name\":\"Comfenalco Valle Delagente\",\"description\":\"Caja de compensaci\u00f3n de Comfenalco Valle Delagente.\",\"publisher\":{\"@id\":\"https:\/\/www.comfenalcovalle.com.co\/#organization\"},\"potentialAction\":[{\"@type\":\"SearchAction\",\"target\":{\"@type\":\"EntryPoint\",\"urlTemplate\":\"https:\/\/www.comfenalcovalle.com.co\/?s={search_term_string}\"},\"query-input\":{\"@type\":\"PropertyValueSpecification\",\"valueRequired\":true,\"valueName\":\"search_term_string\"}}],\"inLanguage\":\"en-US\"},{\"@type\":\"Organization\",\"@id\":\"https:\/\/www.comfenalcovalle.com.co\/#organization\",\"name\":\"Comfenalco Valle Delagente\",\"url\":\"https:\/\/www.comfenalcovalle.com.co\/\",\"logo\":{\"@type\":\"ImageObject\",\"inLanguage\":\"en-US\",\"@id\":\"https:\/\/www.comfenalcovalle.com.co\/#\/schema\/logo\/image\/\",\"url\":\"https:\/\/test.comfenalcovalle.com.co\/wp-content\/uploads\/2021\/06\/logo-comfe-cabecera-agencia-empelo-actualizado.png\",\"contentUrl\":\"https:\/\/test.comfenalcovalle.com.co\/wp-content\/uploads\/2021\/06\/logo-comfe-cabecera-agencia-empelo-actualizado.png\",\"width\":500,\"height\":184,\"caption\":\"Comfenalco Valle Delagente\"},\"image\":{\"@id\":\"https:\/\/www.comfenalcovalle.com.co\/#\/schema\/logo\/image\/\"}}]}<\/script>\n<!-- \/ Yoast SEO Premium plugin. -->","yoast_head_json":{"title":"Subsidio Familiar de Vivienda para No Afiliados a Caja de Compensaci\u00f3n Familiar - Comfenalco Valle Delagente","description":"El Gobierno Nacional, a trav\u00e9s del Fondo Nacional de Vivienda, celebr\u00f3 contrato de encargo de gesti\u00f3n con las Cajas de Compensaci\u00f3n Familiar.","robots":{"index":"index","follow":"follow","max-snippet":"max-snippet:-1","max-image-preview":"max-image-preview:large","max-video-preview":"max-video-preview:-1"},"canonical":"https:\/\/www.comfenalcovalle.com.co\/subsidio-familiar-de-vivienda-para-no-afiliados-a-caja-de-compensacion-familiar\/","og_locale":"en_US","og_type":"article","og_title":"Subsidio Familiar de Vivienda para No Afiliados a Caja de Compensaci\u00f3n Familiar","og_description":"El Gobierno Nacional, a trav\u00e9s del Fondo Nacional de Vivienda, celebr\u00f3 contrato de encargo de gesti\u00f3n con las Cajas de Compensaci\u00f3n Familiar.","og_url":"https:\/\/www.comfenalcovalle.com.co\/subsidio-familiar-de-vivienda-para-no-afiliados-a-caja-de-compensacion-familiar\/","og_site_name":"Comfenalco Valle Delagente","article_modified_time":"2025-05-12T16:29:14+00:00","og_image":[{"width":1280,"height":703,"url":"https:\/\/www.comfenalcovalle.com.co\/wp-content\/uploads\/2020\/11\/subsidio-de-vivienda-para-no-afiliados-portada.jpg","type":"image\/jpeg"}],"twitter_card":"summary_large_image","twitter_misc":{"Est. reading time":"3 minutes"},"schema":{"@context":"https:\/\/schema.org","@graph":[{"@type":"WebPage","@id":"https:\/\/www.comfenalcovalle.com.co\/subsidio-familiar-de-vivienda-para-no-afiliados-a-caja-de-compensacion-familiar\/","url":"https:\/\/www.comfenalcovalle.com.co\/subsidio-familiar-de-vivienda-para-no-afiliados-a-caja-de-compensacion-familiar\/","name":"Subsidio Familiar de Vivienda para No Afiliados a Caja de Compensaci\u00f3n Familiar - Comfenalco Valle Delagente","isPartOf":{"@id":"https:\/\/www.comfenalcovalle.com.co\/#website"},"primaryImageOfPage":{"@id":"https:\/\/www.comfenalcovalle.com.co\/subsidio-familiar-de-vivienda-para-no-afiliados-a-caja-de-compensacion-familiar\/#primaryimage"},"image":{"@id":"https:\/\/www.comfenalcovalle.com.co\/subsidio-familiar-de-vivienda-para-no-afiliados-a-caja-de-compensacion-familiar\/#primaryimage"},"thumbnailUrl":"https:\/\/test.comfenalcovalle.com.co\/wp-content\/uploads\/2020\/11\/subsidio-de-vivienda-para-no-afiliados-portada.jpg","datePublished":"2023-03-01T13:00:00+00:00","dateModified":"2025-05-12T16:29:14+00:00","description":"El Gobierno Nacional, a trav\u00e9s del Fondo Nacional de Vivienda, celebr\u00f3 contrato de encargo de gesti\u00f3n con las Cajas de Compensaci\u00f3n Familiar.","breadcrumb":{"@id":"https:\/\/www.comfenalcovalle.com.co\/subsidio-familiar-de-vivienda-para-no-afiliados-a-caja-de-compensacion-familiar\/#breadcrumb"},"inLanguage":"en-US","potentialAction":[{"@type":"ReadAction","target":["https:\/\/www.comfenalcovalle.com.co\/subsidio-familiar-de-vivienda-para-no-afiliados-a-caja-de-compensacion-familiar\/"]}]},{"@type":"ImageObject","inLanguage":"en-US","@id":"https:\/\/www.comfenalcovalle.com.co\/subsidio-familiar-de-vivienda-para-no-afiliados-a-caja-de-compensacion-familiar\/#primaryimage","url":"https:\/\/test.comfenalcovalle.com.co\/wp-content\/uploads\/2020\/11\/subsidio-de-vivienda-para-no-afiliados-portada.jpg","contentUrl":"https:\/\/test.comfenalcovalle.com.co\/wp-content\/uploads\/2020\/11\/subsidio-de-vivienda-para-no-afiliados-portada.jpg","width":1280,"height":703,"caption":"subsidio-de-vivienda-para-no-afiliados-portada"},{"@type":"BreadcrumbList","@id":"https:\/\/www.comfenalcovalle.com.co\/subsidio-familiar-de-vivienda-para-no-afiliados-a-caja-de-compensacion-familiar\/#breadcrumb","itemListElement":[{"@type":"ListItem","position":1,"name":"Portada","item":"https:\/\/www.comfenalcovalle.com.co\/"},{"@type":"ListItem","position":2,"name":"Subsidio Familiar de Vivienda para No Afiliados a Caja de Compensaci\u00f3n Familiar"}]},{"@type":"WebSite","@id":"https:\/\/www.comfenalcovalle.com.co\/#website","url":"https:\/\/www.comfenalcovalle.com.co\/","name":"Comfenalco Valle Delagente","description":"Comfenalco Valle Delagente compensation fund.","publisher":{"@id":"https:\/\/www.comfenalcovalle.com.co\/#organization"},"potentialAction":[{"@type":"SearchAction","target":{"@type":"EntryPoint","urlTemplate":"https:\/\/www.comfenalcovalle.com.co\/?s={search_term_string}"},"query-input":{"@type":"PropertyValueSpecification","valueRequired":true,"valueName":"search_term_string"}}],"inLanguage":"en-US"},{"@type":"Organization","@id":"https:\/\/www.comfenalcovalle.com.co\/#organization","name":"Comfenalco Valle Delagente","url":"https:\/\/www.comfenalcovalle.com.co\/","logo":{"@type":"ImageObject","inLanguage":"en-US","@id":"https:\/\/www.comfenalcovalle.com.co\/#\/schema\/logo\/image\/","url":"https:\/\/test.comfenalcovalle.com.co\/wp-content\/uploads\/2021\/06\/logo-comfe-cabecera-agencia-empelo-actualizado.png","contentUrl":"https:\/\/test.comfenalcovalle.com.co\/wp-content\/uploads\/2021\/06\/logo-comfe-cabecera-agencia-empelo-actualizado.png","width":500,"height":184,"caption":"Comfenalco Valle Delagente"},"image":{"@id":"https:\/\/www.comfenalcovalle.com.co\/#\/schema\/logo\/image\/"}}]}},"publishpress_future_action":{"enabled":false,"date":"2026-05-10 06:36:43","action":"change-status","newStatus":"draft","terms":[],"taxonomy":"","extraData":[]},"publishpress_future_workflow_manual_trigger":{"enabledWorkflows":[]},"_links":{"self":[{"href":"https:\/\/test.comfenalcovalle.com.co\/en\/wp-json\/wp\/v2\/pages\/3923","targetHints":{"allow":["GET"]}}],"collection":[{"href":"https:\/\/test.comfenalcovalle.com.co\/en\/wp-json\/wp\/v2\/pages"}],"about":[{"href":"https:\/\/test.comfenalcovalle.com.co\/en\/wp-json\/wp\/v2\/types\/page"}],"author":[{"embeddable":true,"href":"https:\/\/test.comfenalcovalle.com.co\/en\/wp-json\/wp\/v2\/users\/1"}],"replies":[{"embeddable":true,"href":"https:\/\/test.comfenalcovalle.com.co\/en\/wp-json\/wp\/v2\/comments?post=3923"}],"version-history":[{"count":0,"href":"https:\/\/test.comfenalcovalle.com.co\/en\/wp-json\/wp\/v2\/pages\/3923\/revisions"}],"wp:featuredmedia":[{"embeddable":true,"href":"https:\/\/test.comfenalcovalle.com.co\/en\/wp-json\/wp\/v2\/media\/4606"}],"wp:attachment":[{"href":"https:\/\/test.comfenalcovalle.com.co\/en\/wp-json\/wp\/v2\/media?parent=3923"}],"curies":[{"name":"wp","href":"https:\/\/api.w.org\/{rel}","templated":true}]}}