{"id":2787,"date":"2020-10-01T16:56:44","date_gmt":"2020-10-01T21:56:44","guid":{"rendered":"https:\/\/test.comfenalcovalle.com.co\/webredlat\/?page_id=2787"},"modified":"2025-02-07T14:37:02","modified_gmt":"2025-02-07T19:37:02","slug":"preguntas-y-respuestas-frecuentes","status":"publish","type":"page","link":"https:\/\/test.comfenalcovalle.com.co\/en\/preguntas-y-respuestas-frecuentes\/","title":{"rendered":"Frequently asked questions and answers"},"content":{"rendered":"<div data-elementor-type=\"wp-page\" data-elementor-id=\"2787\" class=\"elementor elementor-2787\" data-elementor-post-type=\"page\">\n\t\t\t\t\t\t<main class=\"elementor-section elementor-top-section elementor-element elementor-element-43b867f elementor-section-boxed elementor-section-height-default elementor-section-height-default\" data-id=\"43b867f\" data-element_type=\"section\">\n\t\t\t\t\t\t<div class=\"elementor-container elementor-column-gap-default\">\n\t\t\t\t\t<div class=\"elementor-column elementor-col-100 elementor-top-column elementor-element elementor-element-e06b042\" data-id=\"e06b042\" data-element_type=\"column\">\n\t\t\t<div class=\"elementor-widget-wrap elementor-element-populated\">\n\t\t\t\t\t\t<section class=\"elementor-section elementor-inner-section elementor-element elementor-element-9c6cd60 elementor-section-boxed elementor-section-height-default elementor-section-height-default\" data-id=\"9c6cd60\" data-element_type=\"section\">\n\t\t\t\t\t\t<div class=\"elementor-container elementor-column-gap-default\">\n\t\t\t\t\t<div class=\"elementor-column elementor-col-100 elementor-inner-column elementor-element elementor-element-018e073\" data-id=\"018e073\" data-element_type=\"column\">\n\t\t\t<div class=\"elementor-widget-wrap elementor-element-populated\">\n\t\t\t\t\t\t<div class=\"elementor-element elementor-element-24544e6 jet-breadcrumbs-align-center elementor-widget elementor-widget-jet-breadcrumbs\" data-id=\"24544e6\" data-element_type=\"widget\" data-widget_type=\"jet-breadcrumbs.default\">\n\t\t\t\t<div class=\"elementor-widget-container\">\n\t\t\t\t\t<div class=\"elementor-jet-breadcrumbs jet-blocks\">\n\t\t<div class=\"jet-breadcrumbs\">\n\t\t<div class=\"jet-breadcrumbs__content\">\n\t\t<div class=\"jet-breadcrumbs__wrap\"><div class=\"jet-breadcrumbs__item\"><a href=\"https:\/\/test.comfenalcovalle.com.co\/en\/\" class=\"jet-breadcrumbs__item-link is-home\" rel=\"home\" title=\"home\">home<\/a><\/div>\n\t\t<\/div>\n\t\t<\/div>\n\t\t<\/div><\/div>\t\t\t\t<\/div>\n\t\t\t\t<\/div>\n\t\t\t\t\t<\/div>\n\t\t<\/div>\n\t\t\t\t\t<\/div>\n\t\t<\/section>\n\t\t\t\t<section class=\"elementor-section elementor-inner-section elementor-element elementor-element-f1de5d6 elementor-section-boxed elementor-section-height-default elementor-section-height-default\" data-id=\"f1de5d6\" data-element_type=\"section\">\n\t\t\t\t\t\t<div class=\"elementor-container elementor-column-gap-default\">\n\t\t\t\t\t<div class=\"elementor-column elementor-col-100 elementor-inner-column elementor-element elementor-element-bc30c80\" data-id=\"bc30c80\" data-element_type=\"column\">\n\t\t\t<div class=\"elementor-widget-wrap elementor-element-populated\">\n\t\t\t\t\t\t<div class=\"elementor-element elementor-element-60f5013 elementor-widget elementor-widget-jet-tabs\" data-id=\"60f5013\" data-element_type=\"widget\" data-settings=\"{&quot;tabs_position&quot;:&quot;left&quot;,&quot;tabs_position_mobile&quot;:&quot;top&quot;,&quot;no_active_tabs&quot;:&quot;false&quot;}\" data-widget_type=\"jet-tabs.default\">\n\t\t\t\t<div class=\"elementor-widget-container\">\n\t\t\t\t\t\n\t\t<div class=\"jet-tabs jet-tabs-position-left jet-tabs-move-up-effect\" data-settings=\"{&quot;activeIndex&quot;:0,&quot;event&quot;:&quot;click&quot;,&quot;autoSwitch&quot;:false,&quot;autoSwitchDelay&quot;:3000,&quot;ajaxTemplate&quot;:false,&quot;tabsPosition&quot;:&quot;left&quot;,&quot;switchScrolling&quot;:true,&quot;switchScrollingOffset&quot;:{&quot;unit&quot;:&quot;px&quot;,&quot;size&quot;:&quot;&quot;,&quot;sizes&quot;:[]}}\">\n\t\t\t<div class=\"jet-tabs__control-wrapper\" role=\"tablist\">\n                                    <div id=\"jet-tabs-control-1011\" class=\"jet-tabs__control jet-tabs__control-icon-left elementor-menu-anchor active-tab\" data-tab=\"1\" tabindex=\"0\" role=\"tab\" aria-controls=\"jet-tabs-content-1011\" aria-expanded=\"true\" data-template-id=\"2829\"><div class=\"jet-tabs__control-inner\"><div class=\"jet-tabs__label-text\">Registration and Contributions (Affiliation)<\/div><\/div><\/div><div id=\"jet-tabs-control-1012\" class=\"jet-tabs__control jet-tabs__control-icon-left elementor-menu-anchor\" data-tab=\"2\" tabindex=\"0\" role=\"tab\" aria-controls=\"jet-tabs-content-1012\" aria-expanded=\"false\" data-template-id=\"2838\"><div class=\"jet-tabs__control-inner\"><div class=\"jet-tabs__label-text\">Comprehensive Contribution Settlement Form<\/div><\/div><\/div><div id=\"jet-tabs-control-1013\" class=\"jet-tabs__control jet-tabs__control-icon-left elementor-menu-anchor\" data-tab=\"3\" tabindex=\"0\" role=\"tab\" aria-controls=\"jet-tabs-content-1013\" aria-expanded=\"false\" data-template-id=\"2848\"><div class=\"jet-tabs__control-inner\"><div class=\"jet-tabs__label-text\">Education and culture<\/div><\/div><\/div><div id=\"jet-tabs-control-1014\" class=\"jet-tabs__control jet-tabs__control-icon-left elementor-menu-anchor\" data-tab=\"4\" tabindex=\"0\" role=\"tab\" aria-controls=\"jet-tabs-content-1014\" aria-expanded=\"false\" data-template-id=\"2853\"><div class=\"jet-tabs__control-inner\"><div class=\"jet-tabs__label-text\">Recreation<\/div><\/div><\/div><div id=\"jet-tabs-control-1015\" class=\"jet-tabs__control jet-tabs__control-icon-left elementor-menu-anchor\" data-tab=\"5\" tabindex=\"0\" role=\"tab\" aria-controls=\"jet-tabs-content-1015\" aria-expanded=\"false\" data-template-id=\"2864\"><div class=\"jet-tabs__control-inner\"><div class=\"jet-tabs__label-text\">living place<\/div><\/div><\/div><div id=\"jet-tabs-control-1016\" class=\"jet-tabs__control jet-tabs__control-icon-left elementor-menu-anchor\" data-tab=\"6\" tabindex=\"0\" role=\"tab\" aria-controls=\"jet-tabs-content-1016\" aria-expanded=\"false\" data-template-id=\"2888\"><div class=\"jet-tabs__control-inner\"><div class=\"jet-tabs__label-text\">Financial services<\/div><\/div><\/div><div id=\"jet-tabs-control-1017\" class=\"jet-tabs__control jet-tabs__control-icon-left elementor-menu-anchor\" data-tab=\"7\" tabindex=\"0\" role=\"tab\" aria-controls=\"jet-tabs-content-1017\" aria-expanded=\"false\" data-template-id=\"2892\"><div class=\"jet-tabs__control-inner\"><div class=\"jet-tabs__label-text\">Employment Management and Placement Agency<\/div><\/div><\/div><div id=\"jet-tabs-control-1019\" class=\"jet-tabs__control jet-tabs__control-icon-left elementor-menu-anchor\" data-tab=\"9\" tabindex=\"0\" role=\"tab\" aria-controls=\"jet-tabs-content-1019\" aria-expanded=\"false\" data-template-id=\"2869\"><div class=\"jet-tabs__control-inner\"><div class=\"jet-tabs__label-text\">Salud EPS Delagente<\/div><\/div><\/div>\n                    \t\t\t    <\/div>\n\t\t\t<div class=\"jet-tabs__content-wrapper\">\n\t\t\t\t<div id=\"jet-tabs-content-1011\" class=\"jet-tabs__content active-content\" data-tab=\"1\" role=\"tabpanel\" aria-hidden=\"false\" data-template-id=\"2829\">\t\t<div data-elementor-type=\"page\" data-elementor-id=\"2829\" class=\"elementor elementor-2829\" data-elementor-post-type=\"elementor_library\">\n\t\t\t\t\t\t<div class=\"elementor-section elementor-top-section elementor-element elementor-element-8c0f01e elementor-section-boxed elementor-section-height-default elementor-section-height-default\" data-id=\"8c0f01e\" data-element_type=\"section\">\n\t\t\t\t\t\t<div class=\"elementor-container elementor-column-gap-default\">\n\t\t\t\t\t<div class=\"elementor-column elementor-col-100 elementor-top-column elementor-element elementor-element-3af607c\" data-id=\"3af607c\" data-element_type=\"column\">\n\t\t\t<div class=\"elementor-widget-wrap elementor-element-populated\">\n\t\t\t\t\t\t<div class=\"elementor-element elementor-element-ae1395e elementor-widget elementor-widget-heading\" data-id=\"ae1395e\" data-element_type=\"widget\" data-widget_type=\"heading.default\">\n\t\t\t\t<div class=\"elementor-widget-container\">\n\t\t\t\t\t<div class=\"elementor-heading-title elementor-size-default\">Registration and Contributions (Affiliation)<\/div>\t\t\t\t<\/div>\n\t\t\t\t<\/div>\n\t\t\t\t<div class=\"elementor-section elementor-inner-section elementor-element elementor-element-eea0730 elementor-section-boxed elementor-section-height-default elementor-section-height-default\" data-id=\"eea0730\" data-element_type=\"section\">\n\t\t\t\t\t\t<div class=\"elementor-container elementor-column-gap-default\">\n\t\t\t\t\t<div class=\"elementor-column elementor-col-100 elementor-inner-column elementor-element elementor-element-a652043\" data-id=\"a652043\" data-element_type=\"column\">\n\t\t\t<div class=\"elementor-widget-wrap elementor-element-populated\">\n\t\t\t\t\t\t<div class=\"elementor-element elementor-element-7beb206 elementor-widget elementor-widget-toggle\" data-id=\"7beb206\" data-element_type=\"widget\" data-widget_type=\"toggle.default\">\n\t\t\t\t<div class=\"elementor-widget-container\">\n\t\t\t\t\t\t\t<div class=\"elementor-toggle\">\n\t\t\t\t\t\t\t<div class=\"elementor-toggle-item\">\n\t\t\t\t\t<div id=\"elementor-tab-title-1291\" class=\"elementor-tab-title\" data-tab=\"1\" role=\"button\" aria-controls=\"elementor-tab-content-1291\" aria-expanded=\"false\">\n\t\t\t\t\t\t\t\t\t\t\t\t<a class=\"elementor-toggle-title\" tabindex=\"0\">1. Si soy trabajador de una empresa, \u00bfqu\u00e9 debo hacer para afiliarme a la Caja de Compensaci\u00f3n Familiar?<\/a>\n\t\t\t\t\t<\/div>\n\n\t\t\t\t\t<div id=\"elementor-tab-content-1291\" class=\"elementor-tab-content elementor-clearfix\" data-tab=\"1\" role=\"region\" aria-labelledby=\"elementor-tab-title-1291\"><p>En primer lugar, la empresa para la cual trabaja debe estar vinculada a Comfenalco Valle Delagente. Posteriormente, por medio de la Sucursal virtual la empresa, debe diligenciar los campos de afiliaci\u00f3n del trabajador, y adjuntar los documentos requeridos para su afiliaci\u00f3n y la de sus beneficiarios, cumplimiento de lo establecido en la Ley 789 de 2002 y la Circular Externa No. No. 00002 \u2013 2022, del 2 de marzo de 2022, expedida por la Superintendencia del Subsidio Familiar.<\/p><\/div>\n\t\t\t\t<\/div>\n\t\t\t\t\t\t\t\t<\/div>\n\t\t\t\t\t\t<\/div>\n\t\t\t\t<\/div>\n\t\t\t\t<div class=\"elementor-element elementor-element-6859196 elementor-widget elementor-widget-toggle\" data-id=\"6859196\" data-element_type=\"widget\" data-widget_type=\"toggle.default\">\n\t\t\t\t<div class=\"elementor-widget-container\">\n\t\t\t\t\t\t\t<div class=\"elementor-toggle\">\n\t\t\t\t\t\t\t<div class=\"elementor-toggle-item\">\n\t\t\t\t\t<div id=\"elementor-tab-title-1091\" class=\"elementor-tab-title\" data-tab=\"1\" role=\"button\" aria-controls=\"elementor-tab-content-1091\" aria-expanded=\"false\">\n\t\t\t\t\t\t\t\t\t\t\t\t<a class=\"elementor-toggle-title\" tabindex=\"0\">2. \u00bfCu\u00e1les son los documentos requisitos para la afiliaci\u00f3n de trabajadores y\/o beneficiarios a Comfenalco Valle Delagente?<\/a>\n\t\t\t\t\t<\/div>\n\n\t\t\t\t\t<div id=\"elementor-tab-content-1091\" class=\"elementor-tab-content elementor-clearfix\" data-tab=\"1\" role=\"region\" aria-labelledby=\"elementor-tab-title-1091\"><p><strong>Worker)<\/strong><\/p><p style=\"padding-left: 40px;\">\u27a3 Copia de la tarjeta de identidad: Menores de 18 a\u00f1os.<\/p><p style=\"padding-left: 40px;\">\u27a3 Copia de la c\u00e9dula de ciudadan\u00eda o c\u00e9dula de extranjer\u00eda: Mayores de 18 a\u00f1os.<\/p><p><strong>Spouse \/ Partner<\/strong><\/p><p style=\"padding-left: 40px;\">\u27a3 Copia de la tarjeta de identidad: Menores de 18 a\u00f1os.<\/p><p style=\"padding-left: 40px;\">\u27a3 Copia de la c\u00e9dula de ciudadan\u00eda o c\u00e9dula de extranjer\u00eda: Mayores de 18 a\u00f1os.<\/p><p style=\"padding-left: 40px;\">\u27a3 Copia del registro civil de matrimonio si son casados.<\/p><p style=\"padding-left: 40px;\">\u27a3 Declaraci\u00f3n juramentada del formulario de afiliaci\u00f3n de dependencia econ\u00f3mica: utilizar formato establecido por el Ministerio del Trabajo, si conviven en uni\u00f3n libre, diligenciado con fecha no mayor a 30 d\u00edas.<\/p><p style=\"padding-left: 40px;\">\u27a3 Certificado de la empresa donde labora el conyugue o Compa\u00f1ero (a), con salario y Caja a la que est\u00e1 afiliado.<\/p><p><strong>Children \/ Stepchildren<\/strong><\/p><p style=\"padding-left: 40px;\">\u27a3 Copia del registro civil de nacimiento para demostrar parentesco con el trabajador.<\/p><p style=\"padding-left: 40px;\">\u27a3 Copia de la tarjeta de identidad: Menores de 18 a\u00f1os.<\/p><p style=\"padding-left: 40px;\">\u27a3 Copia de la c\u00e9dula de ciudadan\u00eda o c\u00e9dula de extranjer\u00eda: Mayores de 18 a\u00f1os.<\/p><p style=\"padding-left: 40px;\">\u27a3 Declaraci\u00f3n juramentada del formulario de afiliaci\u00f3n, confirmando si recibe o no subsidio familiar por el o los hijastros, por otra Caja de Compensaci\u00f3n diligenciado con fecha no mayor a 30 d\u00edas.<\/p><p style=\"padding-left: 40px;\">\u27a3 Custodia expedida por entidad competente (excepto hijastros con monoparentesco o cuando son hu\u00e9rfanos de padre o madre, en este caso presentar certificado de defunci\u00f3n).<\/p><p style=\"padding-left: 40px;\">\u27a3 Certificado original de escolaridad del a\u00f1o en curso, emitido por establecimiento docente oficialmente aprobado: Mayores de 12 a\u00f1os.<\/p><p><strong>Siblings (Must be orphans of both parents)<\/strong><\/p><p style=\"padding-left: 40px;\">\u27a3 Copia del registro civil de nacimiento del trabajador y de su hermano, para demostrar parentesco.<\/p><p style=\"padding-left: 40px;\">\u27a3 Copia de la tarjeta de identidad: Menores de 18 a\u00f1os.<\/p><p style=\"padding-left: 40px;\">\u27a3 Copia de la c\u00e9dula de ciudadan\u00eda o c\u00e9dula de extranjer\u00eda: Mayores de 18 a\u00f1os.<\/p><p style=\"padding-left: 40px;\">\u27a3 Copia de los registros civiles de defunci\u00f3n de ambos padres.<\/p><p style=\"padding-left: 40px;\">\u27a3 Declaraci\u00f3n juramentada del formulario de afiliaci\u00f3n, donde indique la dependencia econ\u00f3mica del hermano, diligenciado con fecha no mayor a 30 d\u00edas.<\/p><p style=\"padding-left: 40px;\">\u27a3 Certificado original de escolaridad del a\u00f1o en curso, emitido por establecimiento docente oficialmente aprobado: Mayores de 12 a\u00f1os.<\/p><p><strong>Parents (They must be economically dependent on the worker and not receive any salary, pension or income)<\/strong><\/p><p style=\"padding-left: 40px;\">\u27a3 Copia del Registro civil de nacimiento del trabajador para demostrar parentesco con los padres.<\/p><p style=\"padding-left: 40px;\">\u27a3 Copia de la c\u00e9dula de ciudadan\u00eda o c\u00e9dula de extranjer\u00eda.<\/p><p style=\"padding-left: 40px;\">\u27a3 Declaraci\u00f3n juramentada del formulario de afiliaci\u00f3n, donde indique la dependencia econ\u00f3mica del o los padres y no recibir salario, pensi\u00f3n o renta alguna diligenciado con fecha no mayor a 30 d\u00edas, con firma aut\u00f3grafa tanto del trabajado como del beneficiario padre o madre.<\/p><p><strong>Disabled Children, Stepchildren, Siblings and Parents (No Age Limit)<\/strong><\/p><p style=\"padding-left: 40px;\">\u27a3 Certificado de invalidez o de capacidad f\u00edsica disminuida que les impida trabajar, expedido por la entidad competente.<\/p><\/div>\n\t\t\t\t<\/div>\n\t\t\t\t\t\t\t\t<\/div>\n\t\t\t\t\t\t<\/div>\n\t\t\t\t<\/div>\n\t\t\t\t<div class=\"elementor-element elementor-element-43fec0a elementor-widget elementor-widget-toggle\" data-id=\"43fec0a\" data-element_type=\"widget\" data-widget_type=\"toggle.default\">\n\t\t\t\t<div class=\"elementor-widget-container\">\n\t\t\t\t\t\t\t<div class=\"elementor-toggle\">\n\t\t\t\t\t\t\t<div class=\"elementor-toggle-item\">\n\t\t\t\t\t<div id=\"elementor-tab-title-7121\" class=\"elementor-tab-title\" data-tab=\"1\" role=\"button\" aria-controls=\"elementor-tab-content-7121\" aria-expanded=\"false\">\n\t\t\t\t\t\t\t\t\t\t\t\t<a class=\"elementor-toggle-title\" tabindex=\"0\">3. Tengo hijos adoptivos, \u00bflos cobija el beneficio del Subsidio Familiar en Dinero?<\/a>\n\t\t\t\t\t<\/div>\n\n\t\t\t\t\t<div id=\"elementor-tab-content-7121\" class=\"elementor-tab-content elementor-clearfix\" data-tab=\"1\" role=\"region\" aria-labelledby=\"elementor-tab-title-7121\"><p>Adoptive children, as long as the modified Civil Registry of Birth has been presented, in which the name of the parent(s) adopting the minor appears, have the same rights and duties as children. natural.<\/p><\/div>\n\t\t\t\t<\/div>\n\t\t\t\t\t\t\t\t<\/div>\n\t\t\t\t\t\t<\/div>\n\t\t\t\t<\/div>\n\t\t\t\t<div class=\"elementor-element elementor-element-e343f59 elementor-widget elementor-widget-toggle\" data-id=\"e343f59\" data-element_type=\"widget\" data-widget_type=\"toggle.default\">\n\t\t\t\t<div class=\"elementor-widget-container\">\n\t\t\t\t\t\t\t<div class=\"elementor-toggle\">\n\t\t\t\t\t\t\t<div class=\"elementor-toggle-item\">\n\t\t\t\t\t<div id=\"elementor-tab-title-2381\" class=\"elementor-tab-title\" data-tab=\"1\" role=\"button\" aria-controls=\"elementor-tab-content-2381\" aria-expanded=\"false\">\n\t\t\t\t\t\t\t\t\t\t\t\t<a class=\"elementor-toggle-title\" tabindex=\"0\">4. \u00bfA partir de qu\u00e9 momento puedo hacer uso de los servicios despu\u00e9s de realizada mi afiliaci\u00f3n?<\/a>\n\t\t\t\t\t<\/div>\n\n\t\t\t\t\t<div id=\"elementor-tab-content-2381\" class=\"elementor-tab-content elementor-clearfix\" data-tab=\"1\" role=\"region\" aria-labelledby=\"elementor-tab-title-2381\"><p>A partir del momento de la realizaci\u00f3n de su afiliaci\u00f3n, usted podr\u00e1 acceder a los diferentes servicios que le ofrece su Caja de Compensaci\u00f3n Familiar Comfenalco Valle Delagente.<\/p><\/div>\n\t\t\t\t<\/div>\n\t\t\t\t\t\t\t\t<\/div>\n\t\t\t\t\t\t<\/div>\n\t\t\t\t<\/div>\n\t\t\t\t<div class=\"elementor-element elementor-element-4fb607d elementor-widget elementor-widget-toggle\" data-id=\"4fb607d\" data-element_type=\"widget\" data-widget_type=\"toggle.default\">\n\t\t\t\t<div class=\"elementor-widget-container\">\n\t\t\t\t\t\t\t<div class=\"elementor-toggle\">\n\t\t\t\t\t\t\t<div class=\"elementor-toggle-item\">\n\t\t\t\t\t<div id=\"elementor-tab-title-8351\" class=\"elementor-tab-title\" data-tab=\"1\" role=\"button\" aria-controls=\"elementor-tab-content-8351\" aria-expanded=\"false\">\n\t\t\t\t\t\t\t\t\t\t\t\t<a class=\"elementor-toggle-title\" tabindex=\"0\">5. \u00bfPuedo afiliar a otras personas diferentes a mis hijos, esposa o padres?<\/a>\n\t\t\t\t\t<\/div>\n\n\t\t\t\t\t<div id=\"elementor-tab-content-8351\" class=\"elementor-tab-content elementor-clearfix\" data-tab=\"1\" role=\"region\" aria-labelledby=\"elementor-tab-title-8351\"><p>La normatividad legal vigente permite que el trabajador afilie como beneficiarios a sus hijos, hijastros, conyugue o compa\u00f1era permanente, los padres (que no reciban renta o est\u00e9n pensionados) que dependan econ\u00f3micamente de \u00e9l, hermanos hu\u00e9rfanos de ambos padres y a quien tengan legalmente en custodia.<\/p><\/div>\n\t\t\t\t<\/div>\n\t\t\t\t\t\t\t\t<\/div>\n\t\t\t\t\t\t<\/div>\n\t\t\t\t<\/div>\n\t\t\t\t<div class=\"elementor-element elementor-element-9616367 elementor-widget elementor-widget-toggle\" data-id=\"9616367\" data-element_type=\"widget\" data-widget_type=\"toggle.default\">\n\t\t\t\t<div class=\"elementor-widget-container\">\n\t\t\t\t\t\t\t<div class=\"elementor-toggle\">\n\t\t\t\t\t\t\t<div class=\"elementor-toggle-item\">\n\t\t\t\t\t<div id=\"elementor-tab-title-1571\" class=\"elementor-tab-title\" data-tab=\"1\" role=\"button\" aria-controls=\"elementor-tab-content-1571\" aria-expanded=\"false\">\n\t\t\t\t\t\t\t\t\t\t\t\t<a class=\"elementor-toggle-title\" tabindex=\"0\">6. \u00bfQu\u00e9 debo hacer cuando alguno de los miembros del grupo familiar cambia de tipo de documento de identificaci\u00f3n?<\/a>\n\t\t\t\t\t<\/div>\n\n\t\t\t\t\t<div id=\"elementor-tab-content-1571\" class=\"elementor-tab-content elementor-clearfix\" data-tab=\"1\" role=\"region\" aria-labelledby=\"elementor-tab-title-1571\"><p>Debe remitir a Registro y Aportes de la Sede Administrativa m\u00e1s cercana dentro del departamento del Valle del Cauca, fotocopia del nuevo documento de identidad, en el cual se debe escribir en la parte superior de la copia, el nombre y n\u00famero de identificaci\u00f3n del trabajador, junto con el formato de actualizaci\u00f3n de datos.<\/p><\/div>\n\t\t\t\t<\/div>\n\t\t\t\t\t\t\t\t<\/div>\n\t\t\t\t\t\t<\/div>\n\t\t\t\t<\/div>\n\t\t\t\t<div class=\"elementor-element elementor-element-b398bcd elementor-widget elementor-widget-toggle\" data-id=\"b398bcd\" data-element_type=\"widget\" data-widget_type=\"toggle.default\">\n\t\t\t\t<div class=\"elementor-widget-container\">\n\t\t\t\t\t\t\t<div class=\"elementor-toggle\">\n\t\t\t\t\t\t\t<div class=\"elementor-toggle-item\">\n\t\t\t\t\t<div id=\"elementor-tab-title-1881\" class=\"elementor-tab-title\" data-tab=\"1\" role=\"button\" aria-controls=\"elementor-tab-content-1881\" aria-expanded=\"false\">\n\t\t\t\t\t\t\t\t\t\t\t\t<a class=\"elementor-toggle-title\" tabindex=\"0\">7. \u00bfC\u00f3mo actualizo mis datos de ubicaci\u00f3n?<\/a>\n\t\t\t\t\t<\/div>\n\n\t\t\t\t\t<div id=\"elementor-tab-content-1881\" class=\"elementor-tab-content elementor-clearfix\" data-tab=\"1\" role=\"region\" aria-labelledby=\"elementor-tab-title-1881\"><p>La actualizaci\u00f3n se puede hacer a trav\u00e9s de la sucursal virtual, tambi\u00e9n directamente en el \u00e1rea de Registro y Aportes, en la l\u00ednea de atenci\u00f3n telef\u00f3nica de Comfenalco Valle Delagente, por comunicaci\u00f3n escrita. Debe reportar los siguientes datos: Identificaci\u00f3n, Nombre, Direcci\u00f3n, Barrio, Tel\u00e9fono, Ciudad, correo electr\u00f3nico y celular, junto con el formato de actualizaci\u00f3n de datos.<\/p><\/div>\n\t\t\t\t<\/div>\n\t\t\t\t\t\t\t\t<\/div>\n\t\t\t\t\t\t<\/div>\n\t\t\t\t<\/div>\n\t\t\t\t<div class=\"elementor-element elementor-element-62ccee8 elementor-widget elementor-widget-toggle\" data-id=\"62ccee8\" data-element_type=\"widget\" data-widget_type=\"toggle.default\">\n\t\t\t\t<div class=\"elementor-widget-container\">\n\t\t\t\t\t\t\t<div class=\"elementor-toggle\">\n\t\t\t\t\t\t\t<div class=\"elementor-toggle-item\">\n\t\t\t\t\t<div id=\"elementor-tab-title-1031\" class=\"elementor-tab-title\" data-tab=\"1\" role=\"button\" aria-controls=\"elementor-tab-content-1031\" aria-expanded=\"false\">\n\t\t\t\t\t\t\t\t\t\t\t\t<a class=\"elementor-toggle-title\" tabindex=\"0\">8. Si soy pensionado, \u00bfqu\u00e9 debo hacer para afiliarme?<\/a>\n\t\t\t\t\t<\/div>\n\n\t\t\t\t\t<div id=\"elementor-tab-content-1031\" class=\"elementor-tab-content elementor-clearfix\" data-tab=\"1\" role=\"region\" aria-labelledby=\"elementor-tab-title-1031\"><p>Lo puede realizar a trav\u00e9s de la sucursal virtual o solicitar el formulario de afiliaci\u00f3n como pensionado en nuestras oficinas. Si est\u00e1 en Cali, dir\u00edjase a la calle 5 # 6-63, dilig\u00e9ncielo y adjunte una copia de su c\u00e9dula, los dos \u00faltimos desprendibles de pago. Luego de estar afiliado puede adicionar a su grupo familiar.<\/p><\/div>\n\t\t\t\t<\/div>\n\t\t\t\t\t\t\t\t<\/div>\n\t\t\t\t\t\t<\/div>\n\t\t\t\t<\/div>\n\t\t\t\t<div class=\"elementor-element elementor-element-e1b44a6 elementor-widget elementor-widget-toggle\" data-id=\"e1b44a6\" data-element_type=\"widget\" data-widget_type=\"toggle.default\">\n\t\t\t\t<div class=\"elementor-widget-container\">\n\t\t\t\t\t\t\t<div class=\"elementor-toggle\">\n\t\t\t\t\t\t\t<div class=\"elementor-toggle-item\">\n\t\t\t\t\t<div id=\"elementor-tab-title-2361\" class=\"elementor-tab-title\" data-tab=\"1\" role=\"button\" aria-controls=\"elementor-tab-content-2361\" aria-expanded=\"false\">\n\t\t\t\t\t\t\t\t\t\t\t\t<a class=\"elementor-toggle-title\" tabindex=\"0\">9. \u00bfQu\u00e9 se debe tener en cuenta de acuerdo a la Ley, para determinar el d\u00eda que debe pagar los aportes un aportante?<\/a>\n\t\t\t\t\t<\/div>\n\n\t\t\t\t\t<div id=\"elementor-tab-content-2361\" class=\"elementor-tab-content elementor-clearfix\" data-tab=\"1\" role=\"region\" aria-labelledby=\"elementor-tab-title-2361\"><p>Los empleadores est\u00e1n obligados a realizar el pago de los aportes al Sistema de la Protecci\u00f3n Social, a trav\u00e9s de la planilla Integrada de Liquidaci\u00f3n de Aportes PILA y en las fechas establecidas. La fecha l\u00edmite m\u00e1xima para el pago de aportes sin tener que cancelar intereses de mora, se determina de acuerdo a los dos \u00faltimos d\u00edgitos de su NIT (No se debe tener en cuenta el d\u00edgito de verificaci\u00f3n).<\/p><\/div>\n\t\t\t\t<\/div>\n\t\t\t\t\t\t\t\t<\/div>\n\t\t\t\t\t\t<\/div>\n\t\t\t\t<\/div>\n\t\t\t\t<div class=\"elementor-element elementor-element-dd3db0b elementor-widget elementor-widget-toggle\" data-id=\"dd3db0b\" data-element_type=\"widget\" data-widget_type=\"toggle.default\">\n\t\t\t\t<div class=\"elementor-widget-container\">\n\t\t\t\t\t\t\t<div class=\"elementor-toggle\">\n\t\t\t\t\t\t\t<div class=\"elementor-toggle-item\">\n\t\t\t\t\t<div id=\"elementor-tab-title-2311\" class=\"elementor-tab-title\" data-tab=\"1\" role=\"button\" aria-controls=\"elementor-tab-content-2311\" aria-expanded=\"false\">\n\t\t\t\t\t\t\t\t\t\t\t\t<a class=\"elementor-toggle-title\" tabindex=\"0\">10. \u00bfCu\u00e1l es el horario de atenci\u00f3n de Registro y Aportes?<\/a>\n\t\t\t\t\t<\/div>\n\n\t\t\t\t\t<div id=\"elementor-tab-content-2311\" class=\"elementor-tab-content elementor-clearfix\" data-tab=\"1\" role=\"region\" aria-labelledby=\"elementor-tab-title-2311\"><p>El horario de atenci\u00f3n en todas las sedes administrativas es de 8:00 am a 4:00 pm, jornada continua, de lunes a viernes.<\/p><\/div>\n\t\t\t\t<\/div>\n\t\t\t\t\t\t\t\t<\/div>\n\t\t\t\t\t\t<\/div>\n\t\t\t\t<\/div>\n\t\t\t\t<div class=\"elementor-element elementor-element-11f19c5 elementor-widget elementor-widget-toggle\" data-id=\"11f19c5\" data-element_type=\"widget\" data-widget_type=\"toggle.default\">\n\t\t\t\t<div class=\"elementor-widget-container\">\n\t\t\t\t\t\t\t<div class=\"elementor-toggle\">\n\t\t\t\t\t\t\t<div class=\"elementor-toggle-item\">\n\t\t\t\t\t<div id=\"elementor-tab-title-1881\" class=\"elementor-tab-title\" data-tab=\"1\" role=\"button\" aria-controls=\"elementor-tab-content-1881\" aria-expanded=\"false\">\n\t\t\t\t\t\t\t\t\t\t\t\t<a class=\"elementor-toggle-title\" tabindex=\"0\">11. \u00bfQu\u00e9 es salario?<\/a>\n\t\t\t\t\t<\/div>\n\n\t\t\t\t\t<div id=\"elementor-tab-content-1881\" class=\"elementor-tab-content elementor-clearfix\" data-tab=\"1\" role=\"region\" aria-labelledby=\"elementor-tab-title-1881\"><p>Not only ordinary, fixed or variable remuneration, but also everything that the worker receives in money or in kind as direct consideration for the service, whatever the form or denomination adopted, such as bonuses, bonuses, habitual bonuses, value of the supplementary work or overtime, value of work on mandatory rest days, percentage of sales and commissions. (Substantive Labor Code art. 127 Subrogated by Art. 14 Law 50\/90).<\/p><\/div>\n\t\t\t\t<\/div>\n\t\t\t\t\t\t\t\t<\/div>\n\t\t\t\t\t\t<\/div>\n\t\t\t\t<\/div>\n\t\t\t\t<div class=\"elementor-element elementor-element-5ef6752 elementor-widget elementor-widget-toggle\" data-id=\"5ef6752\" data-element_type=\"widget\" data-widget_type=\"toggle.default\">\n\t\t\t\t<div class=\"elementor-widget-container\">\n\t\t\t\t\t\t\t<div class=\"elementor-toggle\">\n\t\t\t\t\t\t\t<div class=\"elementor-toggle-item\">\n\t\t\t\t\t<div id=\"elementor-tab-title-9951\" class=\"elementor-tab-title\" data-tab=\"1\" role=\"button\" aria-controls=\"elementor-tab-content-9951\" aria-expanded=\"false\">\n\t\t\t\t\t\t\t\t\t\t\t\t<a class=\"elementor-toggle-title\" tabindex=\"0\">12. \u00bfEn qu\u00e9 consiste un proceso de fiscalizaci\u00f3n de aportes?<\/a>\n\t\t\t\t\t<\/div>\n\n\t\t\t\t\t<div id=\"elementor-tab-content-9951\" class=\"elementor-tab-content elementor-clearfix\" data-tab=\"1\" role=\"region\" aria-labelledby=\"elementor-tab-title-9951\"><p>It is a set of activities whose purpose is to verify the correct and timely affiliation of workers to the Family Compensation Fund, the liquidation bases, the timely payment of parafiscal contributions and the information related to the family subsidy in money (article 4 of the Decree 562 of 1990).<\/p><\/div>\n\t\t\t\t<\/div>\n\t\t\t\t\t\t\t\t<\/div>\n\t\t\t\t\t\t<\/div>\n\t\t\t\t<\/div>\n\t\t\t\t<div class=\"elementor-element elementor-element-99cb3da elementor-widget elementor-widget-toggle\" data-id=\"99cb3da\" data-element_type=\"widget\" data-widget_type=\"toggle.default\">\n\t\t\t\t<div class=\"elementor-widget-container\">\n\t\t\t\t\t\t\t<div class=\"elementor-toggle\">\n\t\t\t\t\t\t\t<div class=\"elementor-toggle-item\">\n\t\t\t\t\t<div id=\"elementor-tab-title-1611\" class=\"elementor-tab-title\" data-tab=\"1\" role=\"button\" aria-controls=\"elementor-tab-content-1611\" aria-expanded=\"false\">\n\t\t\t\t\t\t\t\t\t\t\t\t<a class=\"elementor-toggle-title\" tabindex=\"0\">13. En caso de ser requerido para iniciar un proceso de fiscalizaci\u00f3n y no realizar la entrega oportuna de la documentaci\u00f3n \u00bfexisten consecuencias legales?<\/a>\n\t\t\t\t\t<\/div>\n\n\t\t\t\t\t<div id=\"elementor-tab-content-1611\" class=\"elementor-tab-content elementor-clearfix\" data-tab=\"1\" role=\"region\" aria-labelledby=\"elementor-tab-title-1611\"><p>\u00c9l envi\u00f3 de la informaci\u00f3n es una obligaci\u00f3n legal del empleador y su incumplimiento puede conllevar a la expulsi\u00f3n de la Caja de Compensaci\u00f3n Familiar, tal como lo establece el Par\u00e1grafo 4 del Art\u00edculo 3\u00b0 Cap\u00edtulo II del Reglamento para la Suspensi\u00f3n, Desafiliaci\u00f3n o Expulsi\u00f3n de los Afiliados a la Caja de Compensaci\u00f3n Familiar del Valle del Cauca Comfenalco Valle Delagente:<\/p><p>\u00a0(...) f Refusal of the company to send the information related to the payroll and documents required by the Fund or not allowing its review at its headquarters, (Article 2.2.7.2.3.5 Decree 1072 of 2015).<\/p><\/div>\n\t\t\t\t<\/div>\n\t\t\t\t\t\t\t\t<\/div>\n\t\t\t\t\t\t<\/div>\n\t\t\t\t<\/div>\n\t\t\t\t<div class=\"elementor-element elementor-element-d7b04c2 elementor-widget elementor-widget-toggle\" data-id=\"d7b04c2\" data-element_type=\"widget\" data-widget_type=\"toggle.default\">\n\t\t\t\t<div class=\"elementor-widget-container\">\n\t\t\t\t\t\t\t<div class=\"elementor-toggle\">\n\t\t\t\t\t\t\t<div class=\"elementor-toggle-item\">\n\t\t\t\t\t<div id=\"elementor-tab-title-2261\" class=\"elementor-tab-title\" data-tab=\"1\" role=\"button\" aria-controls=\"elementor-tab-content-2261\" aria-expanded=\"false\">\n\t\t\t\t\t\t\t\t\t\t\t\t<a class=\"elementor-toggle-title\" tabindex=\"0\">14. \u00bfQu\u00e9 es mora?<\/a>\n\t\t\t\t\t<\/div>\n\n\t\t\t\t\t<div id=\"elementor-tab-content-2261\" class=\"elementor-tab-content elementor-clearfix\" data-tab=\"1\" role=\"region\" aria-labelledby=\"elementor-tab-title-2261\"><p>Es el incumplimiento que genera cuando existiendo afiliaci\u00f3n y no se genera la autoliquidaci\u00f3n acompa\u00f1ada del respectivo pago de las contribuciones Parafiscales de la Protecci\u00f3n Social en los plazos establecidos en las disposiciones legales vigentes.<\/p><\/div>\n\t\t\t\t<\/div>\n\t\t\t\t\t\t\t\t<\/div>\n\t\t\t\t\t\t<\/div>\n\t\t\t\t<\/div>\n\t\t\t\t<div class=\"elementor-element elementor-element-7d2c2a6 elementor-widget elementor-widget-toggle\" data-id=\"7d2c2a6\" data-element_type=\"widget\" data-widget_type=\"toggle.default\">\n\t\t\t\t<div class=\"elementor-widget-container\">\n\t\t\t\t\t\t\t<div class=\"elementor-toggle\">\n\t\t\t\t\t\t\t<div class=\"elementor-toggle-item\">\n\t\t\t\t\t<div id=\"elementor-tab-title-1311\" class=\"elementor-tab-title\" data-tab=\"1\" role=\"button\" aria-controls=\"elementor-tab-content-1311\" aria-expanded=\"false\">\n\t\t\t\t\t\t\t\t\t\t\t\t<a class=\"elementor-toggle-title\" tabindex=\"0\">15. \u00bfQu\u00e9 es inexactitud?<\/a>\n\t\t\t\t\t<\/div>\n\n\t\t\t\t\t<div id=\"elementor-tab-content-1311\" class=\"elementor-tab-content elementor-clearfix\" data-tab=\"1\" role=\"region\" aria-labelledby=\"elementor-tab-title-1311\"><p>It is when there is a lower value declared and paid in the self-assessment of contributions compared to the contributions that the contributor was effectively obliged to declare and pay, as ordered by the Law.<\/p><\/div>\n\t\t\t\t<\/div>\n\t\t\t\t\t\t\t\t<\/div>\n\t\t\t\t\t\t<\/div>\n\t\t\t\t<\/div>\n\t\t\t\t<div class=\"elementor-element elementor-element-a26e281 elementor-widget elementor-widget-toggle\" data-id=\"a26e281\" data-element_type=\"widget\" data-widget_type=\"toggle.default\">\n\t\t\t\t<div class=\"elementor-widget-container\">\n\t\t\t\t\t\t\t<div class=\"elementor-toggle\">\n\t\t\t\t\t\t\t<div class=\"elementor-toggle-item\">\n\t\t\t\t\t<div id=\"elementor-tab-title-1701\" class=\"elementor-tab-title\" data-tab=\"1\" role=\"button\" aria-controls=\"elementor-tab-content-1701\" aria-expanded=\"false\">\n\t\t\t\t\t\t\t\t\t\t\t\t<a class=\"elementor-toggle-title\" tabindex=\"0\">16. \u00bfQu\u00e9 es omisi\u00f3n?<\/a>\n\t\t\t\t\t<\/div>\n\n\t\t\t\t\t<div id=\"elementor-tab-content-1701\" class=\"elementor-tab-content elementor-clearfix\" data-tab=\"1\" role=\"region\" aria-labelledby=\"elementor-tab-title-1701\"><p>It is the breach of the obligation to affiliate or affiliate to one or more of the subsystems that make up the Social Protection System and as a consequence of this, not having declared or paid the respective parafiscal contributions, when the obligation arises in accordance with the legal provisions. current.<\/p><\/div>\n\t\t\t\t<\/div>\n\t\t\t\t\t\t\t\t<\/div>\n\t\t\t\t\t\t<\/div>\n\t\t\t\t<\/div>\n\t\t\t\t<div class=\"elementor-element elementor-element-8f6cb0a elementor-widget elementor-widget-toggle\" data-id=\"8f6cb0a\" data-element_type=\"widget\" data-widget_type=\"toggle.default\">\n\t\t\t\t<div class=\"elementor-widget-container\">\n\t\t\t\t\t\t\t<div class=\"elementor-toggle\">\n\t\t\t\t\t\t\t<div class=\"elementor-toggle-item\">\n\t\t\t\t\t<div id=\"elementor-tab-title-1501\" class=\"elementor-tab-title\" data-tab=\"1\" role=\"button\" aria-controls=\"elementor-tab-content-1501\" aria-expanded=\"false\">\n\t\t\t\t\t\t\t\t\t\t\t\t<a class=\"elementor-toggle-title\" tabindex=\"0\">17. Si por error realic\u00e9 el aporte de uno de mis empleados a Comfenalco Valle Delagente, pero \u00e9ste pertenece a otra Caja, \u00bfqu\u00e9 debo hacer?<\/a>\n\t\t\t\t\t<\/div>\n\n\t\t\t\t\t<div id=\"elementor-tab-content-1501\" class=\"elementor-tab-content elementor-clearfix\" data-tab=\"1\" role=\"region\" aria-labelledby=\"elementor-tab-title-1501\"><p>Solicitar el traslado de aportes por medio del correo servicioalcliente@comfenalcovalle.com.co, indicando c\u00e9dula de(los) trabajador(es), la Caja a la que pertenece(n), periodo pagado, valor cotizado.<\/p><\/div>\n\t\t\t\t<\/div>\n\t\t\t\t\t\t\t\t<\/div>\n\t\t\t\t\t\t<\/div>\n\t\t\t\t<\/div>\n\t\t\t\t<div class=\"elementor-element elementor-element-66fcda9 elementor-widget elementor-widget-toggle\" data-id=\"66fcda9\" data-element_type=\"widget\" data-widget_type=\"toggle.default\">\n\t\t\t\t<div class=\"elementor-widget-container\">\n\t\t\t\t\t\t\t<div class=\"elementor-toggle\">\n\t\t\t\t\t\t\t<div class=\"elementor-toggle-item\">\n\t\t\t\t\t<div id=\"elementor-tab-title-1071\" class=\"elementor-tab-title\" data-tab=\"1\" role=\"button\" aria-controls=\"elementor-tab-content-1071\" aria-expanded=\"false\">\n\t\t\t\t\t\t\t\t\t\t\t\t<a class=\"elementor-toggle-title\" tabindex=\"0\">18. Si no estoy afiliado a Comfenalco Valle Delagente y realic\u00e9 aportes por equivocaci\u00f3n perteneciendo a otra Caja, \u00bfqu\u00e9 debo hacer?<\/a>\n\t\t\t\t\t<\/div>\n\n\t\t\t\t\t<div id=\"elementor-tab-content-1071\" class=\"elementor-tab-content elementor-clearfix\" data-tab=\"1\" role=\"region\" aria-labelledby=\"elementor-tab-title-1071\"><p>Solicitar el traslado de aportes por medio del correo electr\u00f3nico servicioalcliente@comfenalcovalle.com.co, indicando los periodos pagados y la Caja de Compensaci\u00f3n a la cual se encuentra afiliado(a). Anexando el certificado de afiliaci\u00f3n de la otra caja.<\/p><\/div>\n\t\t\t\t<\/div>\n\t\t\t\t\t\t\t\t<\/div>\n\t\t\t\t\t\t<\/div>\n\t\t\t\t<\/div>\n\t\t\t\t<div class=\"elementor-element elementor-element-1cfc35e elementor-widget elementor-widget-toggle\" data-id=\"1cfc35e\" data-element_type=\"widget\" data-widget_type=\"toggle.default\">\n\t\t\t\t<div class=\"elementor-widget-container\">\n\t\t\t\t\t\t\t<div class=\"elementor-toggle\">\n\t\t\t\t\t\t\t<div class=\"elementor-toggle-item\">\n\t\t\t\t\t<div id=\"elementor-tab-title-3031\" class=\"elementor-tab-title\" data-tab=\"1\" role=\"button\" aria-controls=\"elementor-tab-content-3031\" aria-expanded=\"false\">\n\t\t\t\t\t\t\t\t\t\t\t\t<a class=\"elementor-toggle-title\" tabindex=\"0\">19. \u00bfPuedo estar afiliado a Comfenalco Valle Delagente y a Comfandi al mismo tiempo?<\/a>\n\t\t\t\t\t<\/div>\n\n\t\t\t\t\t<div id=\"elementor-tab-content-3031\" class=\"elementor-tab-content elementor-clearfix\" data-tab=\"1\" role=\"region\" aria-labelledby=\"elementor-tab-title-3031\"><p>No, seg\u00fan el art\u00edculo 15 de la Ley 21 de 1982 (territorialidad), una empresa solo puede estar afiliada a una Caja de Compensaci\u00f3n Familiar en el Departamento donde cause su n\u00f3mina.<\/p><\/div>\n\t\t\t\t<\/div>\n\t\t\t\t\t\t\t\t<\/div>\n\t\t\t\t\t\t<\/div>\n\t\t\t\t<\/div>\n\t\t\t\t<div class=\"elementor-element elementor-element-93c5f5d elementor-widget elementor-widget-toggle\" data-id=\"93c5f5d\" data-element_type=\"widget\" data-widget_type=\"toggle.default\">\n\t\t\t\t<div class=\"elementor-widget-container\">\n\t\t\t\t\t\t\t<div class=\"elementor-toggle\">\n\t\t\t\t\t\t\t<div class=\"elementor-toggle-item\">\n\t\t\t\t\t<div id=\"elementor-tab-title-1541\" class=\"elementor-tab-title\" data-tab=\"1\" role=\"button\" aria-controls=\"elementor-tab-content-1541\" aria-expanded=\"false\">\n\t\t\t\t\t\t\t\t\t\t\t\t<a class=\"elementor-toggle-title\" tabindex=\"0\">20. Si realic\u00e9 el aporte por un periodo errado o realic\u00e9 aporte doble por un mismo periodo, \u00bfqu\u00e9 debo hacer?<\/a>\n\t\t\t\t\t<\/div>\n\n\t\t\t\t\t<div id=\"elementor-tab-content-1541\" class=\"elementor-tab-content elementor-clearfix\" data-tab=\"1\" role=\"region\" aria-labelledby=\"elementor-tab-title-1541\"><p>Solicitar por medio del correo electr\u00f3nico servicioalcliente@comfenalcovalle.com.co, la devoluci\u00f3n del pago incorrecto y realizar un nuevo pago con la informaci\u00f3n correcta. Con la presentaci\u00f3n de los documentos que justifiquen el error.<\/p><\/div>\n\t\t\t\t<\/div>\n\t\t\t\t\t\t\t\t<\/div>\n\t\t\t\t\t\t<\/div>\n\t\t\t\t<\/div>\n\t\t\t\t<div class=\"elementor-element elementor-element-6c3d15c elementor-widget elementor-widget-toggle\" data-id=\"6c3d15c\" data-element_type=\"widget\" data-widget_type=\"toggle.default\">\n\t\t\t\t<div class=\"elementor-widget-container\">\n\t\t\t\t\t\t\t<div class=\"elementor-toggle\">\n\t\t\t\t\t\t\t<div class=\"elementor-toggle-item\">\n\t\t\t\t\t<div id=\"elementor-tab-title-1131\" class=\"elementor-tab-title\" data-tab=\"1\" role=\"button\" aria-controls=\"elementor-tab-content-1131\" aria-expanded=\"false\">\n\t\t\t\t\t\t\t\t\t\t\t\t<a class=\"elementor-toggle-title\" tabindex=\"0\">21. Si realic\u00e9 los aportes por mis trabajadores y me equivoqu\u00e9 en el n\u00famero y\/o tipo de identificaci\u00f3n de uno de ellos, \u00bfqu\u00e9 debo hacer?<\/a>\n\t\t\t\t\t<\/div>\n\n\t\t\t\t\t<div id=\"elementor-tab-content-1131\" class=\"elementor-tab-content elementor-clearfix\" data-tab=\"1\" role=\"region\" aria-labelledby=\"elementor-tab-title-1131\"><p>Solicitar por medio del correo electr\u00f3nico servicioalcliente@comfenalcovalle.com.co la modificaci\u00f3n del tipo o n\u00famero de documento, indicando el n\u00famero de la planilla donde se cancel\u00f3 el aporte por el trabajador, el n\u00famero o tipo de documento errado y el correcto.<\/p><\/div>\n\t\t\t\t<\/div>\n\t\t\t\t\t\t\t\t<\/div>\n\t\t\t\t\t\t<\/div>\n\t\t\t\t<\/div>\n\t\t\t\t<div class=\"elementor-element elementor-element-f5cbb41 elementor-widget elementor-widget-toggle\" data-id=\"f5cbb41\" data-element_type=\"widget\" data-widget_type=\"toggle.default\">\n\t\t\t\t<div class=\"elementor-widget-container\">\n\t\t\t\t\t\t\t<div class=\"elementor-toggle\">\n\t\t\t\t\t\t\t<div class=\"elementor-toggle-item\">\n\t\t\t\t\t<div id=\"elementor-tab-title-2571\" class=\"elementor-tab-title\" data-tab=\"1\" role=\"button\" aria-controls=\"elementor-tab-content-2571\" aria-expanded=\"false\">\n\t\t\t\t\t\t\t\t\t\t\t\t<a class=\"elementor-toggle-title\" tabindex=\"0\">22. Qu\u00e9 es un cuidador?<\/a>\n\t\t\t\t\t<\/div>\n\n\t\t\t\t\t<div id=\"elementor-tab-content-2571\" class=\"elementor-tab-content elementor-clearfix\" data-tab=\"1\" role=\"region\" aria-labelledby=\"elementor-tab-title-2571\"><p>La Ley 2225 de del 30 de junio del 2022, define que el cuidador es quien apoya en las tareas b\u00e1sicas cotidianas (higiene, aseo, alimentaci\u00f3n o suministro de medicamentos) de una persona en condici\u00f3n de discapacidad debidamente certificada por la Entidad Promotora de Salud (EPS) quien, sin la asistencia de la primera, no podr\u00eda realizarlas. El servicio de cuidado o asistencia personal estar\u00e1 siempre supeditado a la autonom\u00eda, voluntad y preferencias de la persona con discapacidad a quien se presta la asistencia.<\/p><\/div>\n\t\t\t\t<\/div>\n\t\t\t\t\t\t\t\t<\/div>\n\t\t\t\t\t\t<\/div>\n\t\t\t\t<\/div>\n\t\t\t\t<div class=\"elementor-element elementor-element-1cc5293 elementor-widget elementor-widget-toggle\" data-id=\"1cc5293\" data-element_type=\"widget\" data-widget_type=\"toggle.default\">\n\t\t\t\t<div class=\"elementor-widget-container\">\n\t\t\t\t\t\t\t<div class=\"elementor-toggle\">\n\t\t\t\t\t\t\t<div class=\"elementor-toggle-item\">\n\t\t\t\t\t<div id=\"elementor-tab-title-3011\" class=\"elementor-tab-title\" data-tab=\"1\" role=\"button\" aria-controls=\"elementor-tab-content-3011\" aria-expanded=\"false\">\n\t\t\t\t\t\t\t\t\t\t\t\t<a class=\"elementor-toggle-title\" tabindex=\"0\">23. \u00bfQui\u00e9nes pueden ser cuidadores?<\/a>\n\t\t\t\t\t<\/div>\n\n\t\t\t\t\t<div id=\"elementor-tab-content-3011\" class=\"elementor-tab-content elementor-clearfix\" data-tab=\"1\" role=\"region\" aria-labelledby=\"elementor-tab-title-3011\"><p>Desde el segundo semestre del 2022 se determin\u00f3 que el c\u00f3nyuge o compa\u00f1ero permanente de los trabajadores afiliados al sistema del subsidio familiar, a trav\u00e9s de una Caja de Compensaci\u00f3n Familiar, pueden acceder al subsidio familiar en dinero por ser cuidadores de los beneficiarios a cargo del trabajador cotizante como hijos, hermanos (hu\u00e9rfanos de ambos padres) o padres mayores de 60 a\u00f1os que se encuentren en condici\u00f3n de discapacidad.<\/p><\/div>\n\t\t\t\t<\/div>\n\t\t\t\t\t\t\t\t<\/div>\n\t\t\t\t\t\t<\/div>\n\t\t\t\t<\/div>\n\t\t\t\t<div class=\"elementor-element elementor-element-f8252dc elementor-widget elementor-widget-toggle\" data-id=\"f8252dc\" data-element_type=\"widget\" data-widget_type=\"toggle.default\">\n\t\t\t\t<div class=\"elementor-widget-container\">\n\t\t\t\t\t\t\t<div class=\"elementor-toggle\">\n\t\t\t\t\t\t\t<div class=\"elementor-toggle-item\">\n\t\t\t\t\t<div id=\"elementor-tab-title-2601\" class=\"elementor-tab-title\" data-tab=\"1\" role=\"button\" aria-controls=\"elementor-tab-content-2601\" aria-expanded=\"false\">\n\t\t\t\t\t\t\t\t\t\t\t\t<a class=\"elementor-toggle-title\" tabindex=\"0\">24. \u00bfQu\u00e9 requisitos se deben cumplir el cuidador para obtener el beneficio?<\/a>\n\t\t\t\t\t<\/div>\n\n\t\t\t\t\t<div id=\"elementor-tab-content-2601\" class=\"elementor-tab-content elementor-clearfix\" data-tab=\"1\" role=\"region\" aria-labelledby=\"elementor-tab-title-2601\"><p style=\"padding-left: 40px;\">\u27a3 La remuneraci\u00f3n mensual fija o variable del trabajador afiliado no sobrepase los dos (2) salarios m\u00ednimos mensuales legales vigentes.<\/p><p style=\"padding-left: 40px;\">\u27a3 Tener afiliado(a), el beneficiario(a) c\u00f3nyuge o compa\u00f1ero(a) permanente del trabajador cotizante.<\/p><p style=\"padding-left: 40px;\">\u27a3 El c\u00f3nyuge o compa\u00f1ero(a) permanente del trabajador afiliado, no cuente con vinculaci\u00f3n laboral o ingreso alguno.<\/p><p style=\"padding-left: 40px;\">\u27a3 Compa\u00f1era (o) permanente: El trabajador puede demostrarlo actualizando y firmando el formato de declaraci\u00f3n juramentada (descarga aqu\u00ed formato).<\/p><p style=\"padding-left: 40px;\">\u27a3 C\u00f3nyuge: Puede demostrarlo diligenciando la manifestaci\u00f3n juramentada (descarga aqu\u00ed formato), la cual debe venir firmada por el cuidador (a).<\/p><p style=\"padding-left: 40px;\">\u27a3 El c\u00f3nyuge o compa\u00f1ero(a) permanente, realice actividades de cuidado a la persona en condici\u00f3n de discapacidad a cargo del trabajador afiliado beneficiario del subsidio familiar en dinero, quien lo apoya en la realizaci\u00f3n de las tareas b\u00e1sicas de la vida cotidiana en actividades de higiene, aseo, alimentaci\u00f3n y ayuda en la administraci\u00f3n de medicamentos por v\u00eda oral, lo cual debe estar certificado por su EPS, IPS o entidad competente o diligenciando la manifestaci\u00f3n juramentada (descarga aqu\u00ed formato), la cual debe venir firmada por el cuidador (a).<\/p><\/div>\n\t\t\t\t<\/div>\n\t\t\t\t\t\t\t\t<\/div>\n\t\t\t\t\t\t<\/div>\n\t\t\t\t<\/div>\n\t\t\t\t<div class=\"elementor-element elementor-element-b17ff0f elementor-widget elementor-widget-toggle\" data-id=\"b17ff0f\" data-element_type=\"widget\" data-widget_type=\"toggle.default\">\n\t\t\t\t<div class=\"elementor-widget-container\">\n\t\t\t\t\t\t\t<div class=\"elementor-toggle\">\n\t\t\t\t\t\t\t<div class=\"elementor-toggle-item\">\n\t\t\t\t\t<div id=\"elementor-tab-title-1861\" class=\"elementor-tab-title\" data-tab=\"1\" role=\"button\" aria-controls=\"elementor-tab-content-1861\" aria-expanded=\"false\">\n\t\t\t\t\t\t\t\t\t\t\t\t<a class=\"elementor-toggle-title\" tabindex=\"0\">25. \u00bfA qui\u00e9n se le realiza el pago de la cuota monetaria cuando hay un cuidador?<\/a>\n\t\t\t\t\t<\/div>\n\n\t\t\t\t\t<div id=\"elementor-tab-content-1861\" class=\"elementor-tab-content elementor-clearfix\" data-tab=\"1\" role=\"region\" aria-labelledby=\"elementor-tab-title-1861\"><p>Es importante indicar que el pago de esta cuota monetaria se realiza directamente al cotizante y el valor pagado corresponde a una cuota ordinaria no doble.<\/p><\/div>\n\t\t\t\t<\/div>\n\t\t\t\t\t\t\t\t<\/div>\n\t\t\t\t\t\t<\/div>\n\t\t\t\t<\/div>\n\t\t\t\t<div class=\"elementor-element elementor-element-f66cdb4 elementor-widget elementor-widget-toggle\" data-id=\"f66cdb4\" data-element_type=\"widget\" data-widget_type=\"toggle.default\">\n\t\t\t\t<div class=\"elementor-widget-container\">\n\t\t\t\t\t\t\t<div class=\"elementor-toggle\">\n\t\t\t\t\t\t\t<div class=\"elementor-toggle-item\">\n\t\t\t\t\t<div id=\"elementor-tab-title-2581\" class=\"elementor-tab-title\" data-tab=\"1\" role=\"button\" aria-controls=\"elementor-tab-content-2581\" aria-expanded=\"false\">\n\t\t\t\t\t\t\t\t\t\t\t\t<a class=\"elementor-toggle-title\" tabindex=\"0\">26. \u00bfQu\u00e9 quiere decir documento apostillado?<\/a>\n\t\t\t\t\t<\/div>\n\n\t\t\t\t\t<div id=\"elementor-tab-content-2581\" class=\"elementor-tab-content elementor-clearfix\" data-tab=\"1\" role=\"region\" aria-labelledby=\"elementor-tab-title-2581\"><p>Son los documentos otorgados en el exterior que se pretendan hacer valer en Colombia deben cumplir con el requisito de apostilla o legalizaci\u00f3n, seg\u00fan corresponda en el pa\u00eds de origen de dichos documentos.<\/p><p>De acuerdo con lo anterior, el requisito de apostilla establecido en la Convenci\u00f3n previamente mencionada, para los pa\u00edses que son parte del acuerdo internacional, es el \u00fanico requisito necesario para certificar la autenticidad de la firma, lo que permite que el documento tenga plena validez legal. Por otro lado, si el documento extranjero fue expedido por un Estado que no ha ratificado el Tratado Internacional en comento, dicho documento ha de ser aportado debidamente legalizado.<\/p><\/div>\n\t\t\t\t<\/div>\n\t\t\t\t\t\t\t\t<\/div>\n\t\t\t\t\t\t<\/div>\n\t\t\t\t<\/div>\n\t\t\t\t<div class=\"elementor-element elementor-element-763e763 elementor-widget elementor-widget-toggle\" data-id=\"763e763\" data-element_type=\"widget\" data-widget_type=\"toggle.default\">\n\t\t\t\t<div class=\"elementor-widget-container\">\n\t\t\t\t\t\t\t<div class=\"elementor-toggle\">\n\t\t\t\t\t\t\t<div class=\"elementor-toggle-item\">\n\t\t\t\t\t<div id=\"elementor-tab-title-1231\" class=\"elementor-tab-title\" data-tab=\"1\" role=\"button\" aria-controls=\"elementor-tab-content-1231\" aria-expanded=\"false\">\n\t\t\t\t\t\t\t\t\t\t\t\t<a class=\"elementor-toggle-title\" tabindex=\"0\">27. \u00bfQu\u00e9 significa d\u00edas cotizados insuficientes para el pago de la cuota monetaria? <\/a>\n\t\t\t\t\t<\/div>\n\n\t\t\t\t\t<div id=\"elementor-tab-content-1231\" class=\"elementor-tab-content elementor-clearfix\" data-tab=\"1\" role=\"region\" aria-labelledby=\"elementor-tab-title-1231\"><p>Cuando los d\u00edas reportados por el empleador, correspondiente a los aportes pagados en las Planillas Integradas de Liquidaci\u00f3n de Aportes PILA en determinado periodo, son menores a 12 d\u00edas, motivo por el cual no se liquida la cuota monetaria por d\u00edas cotizados insuficientes, conforme a lo dispuesto en la ley 789 del 2002.<\/p><\/div>\n\t\t\t\t<\/div>\n\t\t\t\t\t\t\t\t<\/div>\n\t\t\t\t\t\t<\/div>\n\t\t\t\t<\/div>\n\t\t\t\t<div class=\"elementor-element elementor-element-1018ef3 elementor-widget elementor-widget-toggle\" data-id=\"1018ef3\" data-element_type=\"widget\" data-widget_type=\"toggle.default\">\n\t\t\t\t<div class=\"elementor-widget-container\">\n\t\t\t\t\t\t\t<div class=\"elementor-toggle\">\n\t\t\t\t\t\t\t<div class=\"elementor-toggle-item\">\n\t\t\t\t\t<div id=\"elementor-tab-title-1681\" class=\"elementor-tab-title\" data-tab=\"1\" role=\"button\" aria-controls=\"elementor-tab-content-1681\" aria-expanded=\"false\">\n\t\t\t\t\t\t\t\t\t\t\t\t<a class=\"elementor-toggle-title\" tabindex=\"0\">28. \u00bfQu\u00e9 se debe hacer en caso de muerte de un beneficiario que recibe subsidio?<\/a>\n\t\t\t\t\t<\/div>\n\n\t\t\t\t\t<div id=\"elementor-tab-content-1681\" class=\"elementor-tab-content elementor-clearfix\" data-tab=\"1\" role=\"region\" aria-labelledby=\"elementor-tab-title-1681\"><p>Request via email <a href=\"mailto:servicioalcliente@comfenalcovalle.com.co\" target=\"_blank\" rel=\"noopener\">servicioalcliente@comfenalcovalle.com.co<\/a>, el subsidio extraordinario por fallecimiento anexando copia del certificado de defunci\u00f3n, de acuerdo con: \u201cLey 789 de 2002, art\u00edculo 3, par\u00e1grafo 1, numeral 5. En caso de muerte de una persona a cargo por la cual el trabajador estuviere recibiendo subsidio familiar, se pagar\u00e1 un subsidio extraordinario por el mes en que este ocurra, equivalente a 12 mensualidades del subsidio en dinero que viniere recibiendo por el fallecido\u201d.<\/p><\/div>\n\t\t\t\t<\/div>\n\t\t\t\t\t\t\t\t<\/div>\n\t\t\t\t\t\t<\/div>\n\t\t\t\t<\/div>\n\t\t\t\t<div class=\"elementor-element elementor-element-f9eba2e elementor-widget elementor-widget-toggle\" data-id=\"f9eba2e\" data-element_type=\"widget\" data-widget_type=\"toggle.default\">\n\t\t\t\t<div class=\"elementor-widget-container\">\n\t\t\t\t\t\t\t<div class=\"elementor-toggle\">\n\t\t\t\t\t\t\t<div class=\"elementor-toggle-item\">\n\t\t\t\t\t<div id=\"elementor-tab-title-2621\" class=\"elementor-tab-title\" data-tab=\"1\" role=\"button\" aria-controls=\"elementor-tab-content-2621\" aria-expanded=\"false\">\n\t\t\t\t\t\t\t\t\t\t\t\t<a class=\"elementor-toggle-title\" tabindex=\"0\">29. \u00bfMis padres pueden estar afiliados simult\u00e1neamente en varias cajas de compensaci\u00f3n familiar?<\/a>\n\t\t\t\t\t<\/div>\n\n\t\t\t\t\t<div id=\"elementor-tab-content-2621\" class=\"elementor-tab-content elementor-clearfix\" data-tab=\"1\" role=\"region\" aria-labelledby=\"elementor-tab-title-2621\"><p>No es procedente, amparados en la Ley 789 de 2002. Art\u00edculo 3\u00b0. R\u00e9gimen del subsidio familiar en dinero\u2026 \u201cPar\u00e1grafo 1\u00b0. Dar\u00e1n derecho al subsidio familiar en dinero las personas a cargo de los trabajadores beneficiarios, que a continuaci\u00f3n se enumeran:<\/p><p>\u2026 3. Los padres del trabajador beneficiario mayores de 60 a\u00f1os, siempre y cuando ninguno de los dos reciba salario, renta o pensi\u00f3n alguna. No podr\u00e1n cobrar simult\u00e1neamente este subsidio m\u00e1s de uno de los hijos trabajadores y que dependan econ\u00f3micamente del trabajador.\u201d<\/p><\/div>\n\t\t\t\t<\/div>\n\t\t\t\t\t\t\t\t<\/div>\n\t\t\t\t\t\t<\/div>\n\t\t\t\t<\/div>\n\t\t\t\t<div class=\"elementor-element elementor-element-61193ca elementor-widget elementor-widget-toggle\" data-id=\"61193ca\" data-element_type=\"widget\" data-widget_type=\"toggle.default\">\n\t\t\t\t<div class=\"elementor-widget-container\">\n\t\t\t\t\t\t\t<div class=\"elementor-toggle\">\n\t\t\t\t\t\t\t<div class=\"elementor-toggle-item\">\n\t\t\t\t\t<div id=\"elementor-tab-title-1011\" class=\"elementor-tab-title\" data-tab=\"1\" role=\"button\" aria-controls=\"elementor-tab-content-1011\" aria-expanded=\"false\">\n\t\t\t\t\t\t\t\t\t\t\t\t<a class=\"elementor-toggle-title\" tabindex=\"0\">30. \u00bfQu\u00e9 se debe hacer cuando el pap\u00e1 de mi hijo no le pasa el subsidio?<\/a>\n\t\t\t\t\t<\/div>\n\n\t\t\t\t\t<div id=\"elementor-tab-content-1011\" class=\"elementor-tab-content elementor-clearfix\" data-tab=\"1\" role=\"region\" aria-labelledby=\"elementor-tab-title-1011\"><p>Request via email <a href=\"mailto:servicioalcliente@comfenalcovalle.com.co\">servicioalcliente@comfenalcovalle.com.co<\/a>, que se le otorgue el pago del subsidio por su hijo, enviando copia de la c\u00e9dula de ciudadan\u00eda, de la madre biol\u00f3gica quien solicita y copia de la custodia.<\/p><p>La custodia debe ser expedida por la correspondiente entidad competente, ICBF, comisar\u00edas de familia, juzgado de familia, y en ausencia de este las funciones le corresponden al Inspector de Polic\u00eda.<\/p><p>entendi\u00e9ndose por \u201c(\u2026) CUSTODIA: Se traduce en el oficio o funci\u00f3n mediante el cual se tiene poder para criar, educar, orientar, conducir, formar h\u00e1bitos, dirigir y disciplinar la conducta, siempre con la mira puesta en el hijo, en el educando, en el incapaz de obrar y auto regular en forma independiente su comportamiento.<\/p><\/div>\n\t\t\t\t<\/div>\n\t\t\t\t\t\t\t\t<\/div>\n\t\t\t\t\t\t<\/div>\n\t\t\t\t<\/div>\n\t\t\t\t<div class=\"elementor-element elementor-element-64fcb17 elementor-widget elementor-widget-toggle\" data-id=\"64fcb17\" data-element_type=\"widget\" data-widget_type=\"toggle.default\">\n\t\t\t\t<div class=\"elementor-widget-container\">\n\t\t\t\t\t\t\t<div class=\"elementor-toggle\">\n\t\t\t\t\t\t\t<div class=\"elementor-toggle-item\">\n\t\t\t\t\t<div id=\"elementor-tab-title-1051\" class=\"elementor-tab-title\" data-tab=\"1\" role=\"button\" aria-controls=\"elementor-tab-content-1051\" aria-expanded=\"false\">\n\t\t\t\t\t\t\t\t\t\t\t\t<a class=\"elementor-toggle-title\" tabindex=\"0\">31. \u00bfCu\u00e1nto tiempo puedo dejar mi subsidio sin cobrarlo?<\/a>\n\t\t\t\t\t<\/div>\n\n\t\t\t\t\t<div id=\"elementor-tab-content-1051\" class=\"elementor-tab-content elementor-clearfix\" data-tab=\"1\" role=\"region\" aria-labelledby=\"elementor-tab-title-1051\"><p>Los subsidios monetarios puestos a su disposici\u00f3n y no cobrados, prescriben a los 3 a\u00f1os. (Ley 21 de 1982, Art\u00edculo 6).<\/p><\/div>\n\t\t\t\t<\/div>\n\t\t\t\t\t\t\t\t<\/div>\n\t\t\t\t\t\t<\/div>\n\t\t\t\t<\/div>\n\t\t\t\t<div class=\"elementor-element elementor-element-3bf1db6 elementor-widget elementor-widget-toggle\" data-id=\"3bf1db6\" data-element_type=\"widget\" data-widget_type=\"toggle.default\">\n\t\t\t\t<div class=\"elementor-widget-container\">\n\t\t\t\t\t\t\t<div class=\"elementor-toggle\">\n\t\t\t\t\t\t\t<div class=\"elementor-toggle-item\">\n\t\t\t\t\t<div id=\"elementor-tab-title-6281\" class=\"elementor-tab-title\" data-tab=\"1\" role=\"button\" aria-controls=\"elementor-tab-content-6281\" aria-expanded=\"false\">\n\t\t\t\t\t\t\t\t\t\t\t\t<a class=\"elementor-toggle-title\" tabindex=\"0\">32. \u00bfQu\u00e9 se hace para que se reconozca a su beneficiaria como hija de crianza?<\/a>\n\t\t\t\t\t<\/div>\n\n\t\t\t\t\t<div id=\"elementor-tab-content-6281\" class=\"elementor-tab-content elementor-clearfix\" data-tab=\"1\" role=\"region\" aria-labelledby=\"elementor-tab-title-6281\"><p>Una vez ejecutoriada la sentencia que as\u00ed lo ordene o en su defecto a trav\u00e9s de la escritura p\u00fablica de declaraci\u00f3n que reconozca la calidad de hijo de crianza, se deber\u00e1 realizar la correspondiente anotaci\u00f3n en el registro civil de las partes reconocidas, teniendo en cuenta lo establecido en el art\u00edculo 3 de la Ley 2388 de 2024, y se alleguen a esta Corporaci\u00f3n los documentos que as\u00ed lo acrediten.<\/p><p>Atendiendo a lo dispuesto por el art\u00edculo 3\u00ba de la referida ley, la declaraci\u00f3n de hijo de crianza se tramitar\u00e1 ante el i) juez de familia, o se podr\u00e1 realizar mediante ii) escritura p\u00fablica, ante el notario del domicilio del que pretende reconocerse como tal, siempre y cuando, se cuente con los medios probatorios de que trata el art\u00edculo 165 del C\u00f3digo General del Proceso.<\/p><\/div>\n\t\t\t\t<\/div>\n\t\t\t\t\t\t\t\t<\/div>\n\t\t\t\t\t\t<\/div>\n\t\t\t\t<\/div>\n\t\t\t\t\t<\/div>\n\t\t<\/div>\n\t\t\t\t\t<\/div>\n\t\t<\/div>\n\t\t\t\t\t<\/div>\n\t\t<\/div>\n\t\t\t\t\t<\/div>\n\t\t<\/div>\n\t\t\t\t<\/div>\n\t\t<\/div><div id=\"jet-tabs-content-1012\" class=\"jet-tabs__content\" data-tab=\"2\" role=\"tabpanel\" aria-hidden=\"true\" data-template-id=\"2838\">\t\t<div data-elementor-type=\"page\" data-elementor-id=\"2838\" class=\"elementor elementor-2838\" data-elementor-post-type=\"elementor_library\">\n\t\t\t\t\t\t<div class=\"elementor-section elementor-top-section elementor-element elementor-element-7e3c934 elementor-section-boxed elementor-section-height-default elementor-section-height-default\" data-id=\"7e3c934\" data-element_type=\"section\">\n\t\t\t\t\t\t<div class=\"elementor-container elementor-column-gap-default\">\n\t\t\t\t\t<div class=\"elementor-column elementor-col-100 elementor-top-column elementor-element elementor-element-779c84e\" data-id=\"779c84e\" data-element_type=\"column\">\n\t\t\t<div class=\"elementor-widget-wrap elementor-element-populated\">\n\t\t\t\t\t\t<div class=\"elementor-element elementor-element-6f5be74 elementor-widget elementor-widget-heading\" data-id=\"6f5be74\" data-element_type=\"widget\" data-widget_type=\"heading.default\">\n\t\t\t\t<div class=\"elementor-widget-container\">\n\t\t\t\t\t<div class=\"elementor-heading-title elementor-size-default\">Comprehensive Contribution Settlement Form<\/div>\t\t\t\t<\/div>\n\t\t\t\t<\/div>\n\t\t\t\t<div class=\"elementor-section elementor-inner-section elementor-element elementor-element-702942f elementor-section-boxed elementor-section-height-default elementor-section-height-default\" data-id=\"702942f\" data-element_type=\"section\">\n\t\t\t\t\t\t<div class=\"elementor-container elementor-column-gap-default\">\n\t\t\t\t\t<div class=\"elementor-column elementor-col-100 elementor-inner-column elementor-element elementor-element-3f58767\" data-id=\"3f58767\" data-element_type=\"column\">\n\t\t\t<div class=\"elementor-widget-wrap elementor-element-populated\">\n\t\t\t\t\t\t<div class=\"elementor-element elementor-element-1ff1b2a elementor-widget elementor-widget-toggle\" data-id=\"1ff1b2a\" data-element_type=\"widget\" data-widget_type=\"toggle.default\">\n\t\t\t\t<div class=\"elementor-widget-container\">\n\t\t\t\t\t\t\t<div class=\"elementor-toggle\">\n\t\t\t\t\t\t\t<div class=\"elementor-toggle-item\">\n\t\t\t\t\t<div id=\"elementor-tab-title-3341\" class=\"elementor-tab-title\" data-tab=\"1\" role=\"button\" aria-controls=\"elementor-tab-content-3341\" aria-expanded=\"false\">\n\t\t\t\t\t\t\t\t\t\t\t\t<a class=\"elementor-toggle-title\" tabindex=\"0\">1. What is the payment deadline for independent workers through the Comprehensive Contribution Settlement Form?<\/a>\n\t\t\t\t\t<\/div>\n\n\t\t\t\t\t<div id=\"elementor-tab-content-3341\" class=\"elementor-tab-content elementor-clearfix\" data-tab=\"1\" role=\"region\" aria-labelledby=\"elementor-tab-title-3341\"><p>Remember that if you have made the contributions through the operator MI PLANILLA.COM you can make your monthly contributions using the same return number or bank reference by changing the contribution period and without having to generate your assisted return again.<\/p><p>Always keep in mind the payment deadline according to the last 2 digits of the ID as follows:<\/p><table width=\"551\"><tbody><tr><td colspan=\"2\" width=\"280\"><p>According to decree 1670 of 2007<\/p><\/td><\/tr><tr><td colspan=\"2\" width=\"280\"><p>Payments to social security must be made on the following dates through the Integrated Contribution Settlement Form (PILA)<\/p><\/td><\/tr><tr><td width=\"280\"><p>Last business day of payment<\/p><\/td><td width=\"287\"><p>Last two digits of the ID<\/p><\/td><\/tr><tr><td width=\"280\"><p>1<\/p><\/td><td width=\"287\"><p>00 to 07<\/p><\/td><\/tr><tr><td width=\"280\"><p>2<\/p><\/td><td width=\"287\"><p>08 to 14<\/p><\/td><\/tr><tr><td width=\"280\"><p>3<\/p><\/td><td width=\"287\"><p>15 to 21<\/p><\/td><\/tr><tr><td width=\"280\"><p>4<\/p><\/td><td width=\"287\"><p>22 to 28<\/p><\/td><\/tr><tr><td width=\"280\"><p>5<\/p><\/td><td width=\"287\"><p>29 to 35<\/p><\/td><\/tr><tr><td width=\"280\"><p>6<\/p><\/td><td width=\"287\"><p>36 to 42<\/p><\/td><\/tr><tr><td width=\"280\"><p>7<\/p><\/td><td width=\"287\"><p>43 to 49<\/p><\/td><\/tr><tr><td width=\"280\"><p>8<\/p><\/td><td width=\"287\"><p>50 to 56<\/p><\/td><\/tr><tr><td width=\"280\"><p>9<\/p><\/td><td width=\"287\"><p>57 to 63<\/p><\/td><\/tr><tr><td width=\"280\"><p>10<\/p><\/td><td width=\"287\"><p>64 to 69<\/p><\/td><\/tr><tr><td width=\"280\"><p>11<\/p><\/td><td width=\"287\"><p>70 to 75<\/p><\/td><\/tr><tr><td width=\"280\"><p>12<\/p><\/td><td width=\"287\"><p>76 to 81<\/p><\/td><\/tr><tr><td width=\"280\"><p>13<\/p><\/td><td width=\"287\"><p>82 to 87<\/p><\/td><\/tr><tr><td width=\"280\"><p>14<\/p><\/td><td width=\"287\"><p>88 to 93<\/p><\/td><\/tr><tr><td width=\"280\"><p>15<\/p><\/td><td width=\"287\"><p>94 to 99<\/p><\/td><\/tr><\/tbody><\/table><p>In the case of not paying before or on the stipulated date, you can go to the bank and make the contribution on the second business day after the contribution deadline has passed or, failing that, you must enter through the website\u00a0<a href=\"https:\/\/www.miplanilla.com\/\" target=\"_blank\" rel=\"noopener\">www.miplanilla.com<\/a>\u00a0and pay your assisted contribution return according to the instructions given in previous months.<\/p><p>En caso de tener dudas o que su n\u00famero de planilla no figura en el banco debe llamar a l\u00ednea gratuita 018000117006, o comunicarse al siguiente correo <a href=\"mailto:operadorpila@compensar.com\" target=\"_blank\" rel=\"noopener\">operadorpila@compensar.com<\/a> el cual tiene una respuesta de 24 a 48 horas m\u00e1ximo.<\/p><\/div>\n\t\t\t\t<\/div>\n\t\t\t\t\t\t\t\t<\/div>\n\t\t\t\t\t\t<\/div>\n\t\t\t\t<\/div>\n\t\t\t\t<div class=\"elementor-element elementor-element-2c91901 elementor-widget elementor-widget-toggle\" data-id=\"2c91901\" data-element_type=\"widget\" data-widget_type=\"toggle.default\">\n\t\t\t\t<div class=\"elementor-widget-container\">\n\t\t\t\t\t\t\t<div class=\"elementor-toggle\">\n\t\t\t\t\t\t\t<div class=\"elementor-toggle-item\">\n\t\t\t\t\t<div id=\"elementor-tab-title-4671\" class=\"elementor-tab-title\" data-tab=\"1\" role=\"button\" aria-controls=\"elementor-tab-content-4671\" aria-expanded=\"false\">\n\t\t\t\t\t\t\t\t\t\t\t\t<a class=\"elementor-toggle-title\" tabindex=\"0\">2. What is the Integrated Settlement Form?<\/a>\n\t\t\t\t\t<\/div>\n\n\t\t\t\t\t<div id=\"elementor-tab-content-4671\" class=\"elementor-tab-content elementor-clearfix\" data-tab=\"1\" role=\"region\" aria-labelledby=\"elementor-tab-title-4671\"><p style=\"text-align: justify;\"><span style=\"font-family: 'Arial',sans-serif;\">The Integrated Settlement Form of Contributions to the Social Protection System is a mechanism that allows the integrated payment of contributions to Social Security (Health, Pension, Occupational Risks) and other parafiscal (Family Compensation Fund, Sena, ICBF, ESAP and Ministry of National Education) through electronic funds transfers, using the integrated Contribution Settlement form in electronic format over the Internet.<\/span><\/p><\/div>\n\t\t\t\t<\/div>\n\t\t\t\t\t\t\t\t<\/div>\n\t\t\t\t\t\t<\/div>\n\t\t\t\t<\/div>\n\t\t\t\t<div class=\"elementor-element elementor-element-7d532c9 elementor-widget elementor-widget-toggle\" data-id=\"7d532c9\" data-element_type=\"widget\" data-widget_type=\"toggle.default\">\n\t\t\t\t<div class=\"elementor-widget-container\">\n\t\t\t\t\t\t\t<div class=\"elementor-toggle\">\n\t\t\t\t\t\t\t<div class=\"elementor-toggle-item\">\n\t\t\t\t\t<div id=\"elementor-tab-title-1311\" class=\"elementor-tab-title\" data-tab=\"1\" role=\"button\" aria-controls=\"elementor-tab-content-1311\" aria-expanded=\"false\">\n\t\t\t\t\t\t\t\t\t\t\t\t<a class=\"elementor-toggle-title\" tabindex=\"0\">3. What are the benefits of this system?<\/a>\n\t\t\t\t\t<\/div>\n\n\t\t\t\t\t<div id=\"elementor-tab-content-1311\" class=\"elementor-tab-content elementor-clearfix\" data-tab=\"1\" role=\"region\" aria-labelledby=\"elementor-tab-title-1311\"><p>The objective is to facilitate the monthly process of the contributors, since it will avoid filling out a form for each administrator and an individual payment process, to replace them with the filling out of the electronic form that allows the integrated payment.<\/p><p>In this way, significant savings are achieved for the contributors, represented in the optimization of the time of the messengers in charge of collecting the forms in each administrator and paying in the banks, the time of the payroll assistants who currently fill out the payment forms and the procedures and costs of the treasury and accounting processes for the settlement and registration of each of the different contributions.<\/p><\/div>\n\t\t\t\t<\/div>\n\t\t\t\t\t\t\t\t<\/div>\n\t\t\t\t\t\t<\/div>\n\t\t\t\t<\/div>\n\t\t\t\t<div class=\"elementor-element elementor-element-66c3bc6 elementor-widget elementor-widget-toggle\" data-id=\"66c3bc6\" data-element_type=\"widget\" data-widget_type=\"toggle.default\">\n\t\t\t\t<div class=\"elementor-widget-container\">\n\t\t\t\t\t\t\t<div class=\"elementor-toggle\">\n\t\t\t\t\t\t\t<div class=\"elementor-toggle-item\">\n\t\t\t\t\t<div id=\"elementor-tab-title-1071\" class=\"elementor-tab-title\" data-tab=\"1\" role=\"button\" aria-controls=\"elementor-tab-content-1071\" aria-expanded=\"false\">\n\t\t\t\t\t\t\t\t\t\t\t\t<a class=\"elementor-toggle-title\" tabindex=\"0\">4. Who is involved in the processing and payment process of the Integrated Settlement Form and contributions?<\/a>\n\t\t\t\t\t<\/div>\n\n\t\t\t\t\t<div id=\"elementor-tab-content-1071\" class=\"elementor-tab-content elementor-clearfix\" data-tab=\"1\" role=\"region\" aria-labelledby=\"elementor-tab-title-1071\"><p>The contributors, the managing entities intervene; Information operators and Financial operators.<\/p><\/div>\n\t\t\t\t<\/div>\n\t\t\t\t\t\t\t\t<\/div>\n\t\t\t\t\t\t<\/div>\n\t\t\t\t<\/div>\n\t\t\t\t<div class=\"elementor-element elementor-element-faef9dc elementor-widget elementor-widget-toggle\" data-id=\"faef9dc\" data-element_type=\"widget\" data-widget_type=\"toggle.default\">\n\t\t\t\t<div class=\"elementor-widget-container\">\n\t\t\t\t\t\t\t<div class=\"elementor-toggle\">\n\t\t\t\t\t\t\t<div class=\"elementor-toggle-item\">\n\t\t\t\t\t<div id=\"elementor-tab-title-2631\" class=\"elementor-tab-title\" data-tab=\"1\" role=\"button\" aria-controls=\"elementor-tab-content-2631\" aria-expanded=\"false\">\n\t\t\t\t\t\t\t\t\t\t\t\t<a class=\"elementor-toggle-title\" tabindex=\"0\">5. Who are the Information Operators?<\/a>\n\t\t\t\t\t<\/div>\n\n\t\t\t\t\t<div id=\"elementor-tab-content-2631\" class=\"elementor-tab-content elementor-clearfix\" data-tab=\"1\" role=\"region\" aria-labelledby=\"elementor-tab-title-2631\">It is the entity that is in charge of managing the information of the contributors, which is transmitted to the different Administrative Entities. Employers or contributors must select an information operator such as MI PLANILLA.COM to carry out the monthly self-assessment and payment through the integrated form. PILA operators are Information Operators that are authorized by the Ministry of Health and Social Protection, supervised by the Financial Superintendence of Colombia. The activities they develop are regulated by Decree 1465 of 2005, Article 2 numeral 2.4.\n<\/div>\n\t\t\t\t<\/div>\n\t\t\t\t\t\t\t\t<\/div>\n\t\t\t\t\t\t<\/div>\n\t\t\t\t<\/div>\n\t\t\t\t<div class=\"elementor-element elementor-element-768215d elementor-widget elementor-widget-toggle\" data-id=\"768215d\" data-element_type=\"widget\" data-widget_type=\"toggle.default\">\n\t\t\t\t<div class=\"elementor-widget-container\">\n\t\t\t\t\t\t\t<div class=\"elementor-toggle\">\n\t\t\t\t\t\t\t<div class=\"elementor-toggle-item\">\n\t\t\t\t\t<div id=\"elementor-tab-title-1241\" class=\"elementor-tab-title\" data-tab=\"1\" role=\"button\" aria-controls=\"elementor-tab-content-1241\" aria-expanded=\"false\">\n\t\t\t\t\t\t\t\t\t\t\t\t<a class=\"elementor-toggle-title\" tabindex=\"0\">6. Who are the contributors?<\/a>\n\t\t\t\t\t<\/div>\n\n\t\t\t\t\t<div id=\"elementor-tab-content-1241\" class=\"elementor-tab-content elementor-clearfix\" data-tab=\"1\" role=\"region\" aria-labelledby=\"elementor-tab-title-1241\">The contributor is the employer, they can be companies and\/or independent people.<\/div>\n\t\t\t\t<\/div>\n\t\t\t\t\t\t\t\t<\/div>\n\t\t\t\t\t\t<\/div>\n\t\t\t\t<\/div>\n\t\t\t\t<div class=\"elementor-element elementor-element-0bc3390 elementor-widget elementor-widget-toggle\" data-id=\"0bc3390\" data-element_type=\"widget\" data-widget_type=\"toggle.default\">\n\t\t\t\t<div class=\"elementor-widget-container\">\n\t\t\t\t\t\t\t<div class=\"elementor-toggle\">\n\t\t\t\t\t\t\t<div class=\"elementor-toggle-item\">\n\t\t\t\t\t<div id=\"elementor-tab-title-1231\" class=\"elementor-tab-title\" data-tab=\"1\" role=\"button\" aria-controls=\"elementor-tab-content-1231\" aria-expanded=\"false\">\n\t\t\t\t\t\t\t\t\t\t\t\t<a class=\"elementor-toggle-title\" tabindex=\"0\">7. What is an Administrator?<\/a>\n\t\t\t\t\t<\/div>\n\n\t\t\t\t\t<div id=\"elementor-tab-content-1231\" class=\"elementor-tab-content elementor-clearfix\" data-tab=\"1\" role=\"region\" aria-labelledby=\"elementor-tab-title-1231\"><p>The managing entities are the EPS; the Pension Funds; the ARPs; the Family Compensation Funds; The Colombian Institute of Family Well-being, ICBF; the National Learning Service, SENA; which provide a service to workers.<\/p><\/div>\n\t\t\t\t<\/div>\n\t\t\t\t\t\t\t\t<\/div>\n\t\t\t\t\t\t<\/div>\n\t\t\t\t<\/div>\n\t\t\t\t<div class=\"elementor-element elementor-element-6fdfa62 elementor-widget elementor-widget-toggle\" data-id=\"6fdfa62\" data-element_type=\"widget\" data-widget_type=\"toggle.default\">\n\t\t\t\t<div class=\"elementor-widget-container\">\n\t\t\t\t\t\t\t<div class=\"elementor-toggle\">\n\t\t\t\t\t\t\t<div class=\"elementor-toggle-item\">\n\t\t\t\t\t<div id=\"elementor-tab-title-1171\" class=\"elementor-tab-title\" data-tab=\"1\" role=\"button\" aria-controls=\"elementor-tab-content-1171\" aria-expanded=\"false\">\n\t\t\t\t\t\t\t\t\t\t\t\t<a class=\"elementor-toggle-title\" tabindex=\"0\">8. What is a Financial Operator?<\/a>\n\t\t\t\t\t<\/div>\n\n\t\t\t\t\t<div id=\"elementor-tab-content-1171\" class=\"elementor-tab-content elementor-clearfix\" data-tab=\"1\" role=\"region\" aria-labelledby=\"elementor-tab-title-1171\"><p>The financial operator is the banking entity that is in charge of the transactions of the contributors for payment of the single return.<\/p><\/div>\n\t\t\t\t<\/div>\n\t\t\t\t\t\t\t\t<\/div>\n\t\t\t\t\t\t<\/div>\n\t\t\t\t<\/div>\n\t\t\t\t<div class=\"elementor-element elementor-element-d6ef156 elementor-widget elementor-widget-toggle\" data-id=\"d6ef156\" data-element_type=\"widget\" data-widget_type=\"toggle.default\">\n\t\t\t\t<div class=\"elementor-widget-container\">\n\t\t\t\t\t\t\t<div class=\"elementor-toggle\">\n\t\t\t\t\t\t\t<div class=\"elementor-toggle-item\">\n\t\t\t\t\t<div id=\"elementor-tab-title-2251\" class=\"elementor-tab-title\" data-tab=\"1\" role=\"button\" aria-controls=\"elementor-tab-content-2251\" aria-expanded=\"false\">\n\t\t\t\t\t\t\t\t\t\t\t\t<a class=\"elementor-toggle-title\" tabindex=\"0\">9. How does the contributor verify the successful payment of his return?<\/a>\n\t\t\t\t\t<\/div>\n\n\t\t\t\t\t<div id=\"elementor-tab-content-2251\" class=\"elementor-tab-content elementor-clearfix\" data-tab=\"1\" role=\"region\" aria-labelledby=\"elementor-tab-title-2251\">The contributor must consult the payment in the PILA operator and in the financial institution.<\/div>\n\t\t\t\t<\/div>\n\t\t\t\t\t\t\t\t<\/div>\n\t\t\t\t\t\t<\/div>\n\t\t\t\t<\/div>\n\t\t\t\t<div class=\"elementor-element elementor-element-b8917a0 elementor-widget elementor-widget-toggle\" data-id=\"b8917a0\" data-element_type=\"widget\" data-widget_type=\"toggle.default\">\n\t\t\t\t<div class=\"elementor-widget-container\">\n\t\t\t\t\t\t\t<div class=\"elementor-toggle\">\n\t\t\t\t\t\t\t<div class=\"elementor-toggle-item\">\n\t\t\t\t\t<div id=\"elementor-tab-title-1931\" class=\"elementor-tab-title\" data-tab=\"1\" role=\"button\" aria-controls=\"elementor-tab-content-1931\" aria-expanded=\"false\">\n\t\t\t\t\t\t\t\t\t\t\t\t<a class=\"elementor-toggle-title\" tabindex=\"0\">10. Since when is payment through the Comprehensive Contribution Settlement Form mandatory?<\/a>\n\t\t\t\t\t<\/div>\n\n\t\t\t\t\t<div id=\"elementor-tab-content-1931\" class=\"elementor-tab-content elementor-clearfix\" data-tab=\"1\" role=\"region\" aria-labelledby=\"elementor-tab-title-1931\">Decree 1931 of June 12, 2006, establishes the mandatory use of the unified payment mechanism, establishing dates on which the contributors, that is, the companies, according to the total number of workers they have, must start paying through of the Comprehensive Contribution Settlement Form.<\/div>\n\t\t\t\t<\/div>\n\t\t\t\t\t\t\t\t<\/div>\n\t\t\t\t\t\t<\/div>\n\t\t\t\t<\/div>\n\t\t\t\t<div class=\"elementor-element elementor-element-da22476 elementor-widget elementor-widget-toggle\" data-id=\"da22476\" data-element_type=\"widget\" data-widget_type=\"toggle.default\">\n\t\t\t\t<div class=\"elementor-widget-container\">\n\t\t\t\t\t\t\t<div class=\"elementor-toggle\">\n\t\t\t\t\t\t\t<div class=\"elementor-toggle-item\">\n\t\t\t\t\t<div id=\"elementor-tab-title-2281\" class=\"elementor-tab-title\" data-tab=\"1\" role=\"button\" aria-controls=\"elementor-tab-content-2281\" aria-expanded=\"false\">\n\t\t\t\t\t\t\t\t\t\t\t\t<a class=\"elementor-toggle-title\" tabindex=\"0\">11. How does the information on the settlement of the contributors reach the Administrators?<\/a>\n\t\t\t\t\t<\/div>\n\n\t\t\t\t\t<div id=\"elementor-tab-content-2281\" class=\"elementor-tab-content elementor-clearfix\" data-tab=\"1\" role=\"region\" aria-labelledby=\"elementor-tab-title-2281\">One of the functions of the Information Operator is to transmit the files to the managing entities. Depending on the service provided by the company, the CIIU, an acronym that corresponds to the International Standard Industrial Classification of all economic activities and whose purpose is to group similar activities by categories with the aim of facilitating the management of information for statistical and economic analysis. of the business sector, establishes a code for the activity.\n<\/div>\n\t\t\t\t<\/div>\n\t\t\t\t\t\t\t\t<\/div>\n\t\t\t\t\t\t<\/div>\n\t\t\t\t<\/div>\n\t\t\t\t<div class=\"elementor-element elementor-element-f0520f2 elementor-widget elementor-widget-toggle\" data-id=\"f0520f2\" data-element_type=\"widget\" data-widget_type=\"toggle.default\">\n\t\t\t\t<div class=\"elementor-widget-container\">\n\t\t\t\t\t\t\t<div class=\"elementor-toggle\">\n\t\t\t\t\t\t\t<div class=\"elementor-toggle-item\">\n\t\t\t\t\t<div id=\"elementor-tab-title-2511\" class=\"elementor-tab-title\" data-tab=\"1\" role=\"button\" aria-controls=\"elementor-tab-content-2511\" aria-expanded=\"false\">\n\t\t\t\t\t\t\t\t\t\t\t\t<a class=\"elementor-toggle-title\" tabindex=\"0\">12. Can partial payments of the total contributions settled be made?<\/a>\n\t\t\t\t\t<\/div>\n\n\t\t\t\t\t<div id=\"elementor-tab-content-2511\" class=\"elementor-tab-content elementor-clearfix\" data-tab=\"1\" role=\"region\" aria-labelledby=\"elementor-tab-title-2511\">Partial payments are not accepted. The payment must cover all the contributions to comprehensive social security and parafiscal contributions, to which each contributor is obliged on a monthly basis.<\/div>\n\t\t\t\t<\/div>\n\t\t\t\t\t\t\t\t<\/div>\n\t\t\t\t\t\t<\/div>\n\t\t\t\t<\/div>\n\t\t\t\t<div class=\"elementor-element elementor-element-4b9e52c elementor-widget elementor-widget-toggle\" data-id=\"4b9e52c\" data-element_type=\"widget\" data-widget_type=\"toggle.default\">\n\t\t\t\t<div class=\"elementor-widget-container\">\n\t\t\t\t\t\t\t<div class=\"elementor-toggle\">\n\t\t\t\t\t\t\t<div class=\"elementor-toggle-item\">\n\t\t\t\t\t<div id=\"elementor-tab-title-7921\" class=\"elementor-tab-title\" data-tab=\"1\" role=\"button\" aria-controls=\"elementor-tab-content-7921\" aria-expanded=\"false\">\n\t\t\t\t\t\t\t\t\t\t\t\t<a class=\"elementor-toggle-title\" tabindex=\"0\">13. Should the contributor have the funds for the payment of the total contributions in a single account?<\/a>\n\t\t\t\t\t<\/div>\n\n\t\t\t\t\t<div id=\"elementor-tab-content-7921\" class=\"elementor-tab-content elementor-clearfix\" data-tab=\"1\" role=\"region\" aria-labelledby=\"elementor-tab-title-7921\">The social security entities that receive contributions through the integrated form will certify the contributor, that is, the employer, within 48 hours, that they received the resources and that they reconciled them with the information contained in the form. The certification that includes the amount, number of affiliates and digitally signed payment date.<\/div>\n\t\t\t\t<\/div>\n\t\t\t\t\t\t\t\t<\/div>\n\t\t\t\t\t\t<\/div>\n\t\t\t\t<\/div>\n\t\t\t\t<div class=\"elementor-element elementor-element-9468425 elementor-widget elementor-widget-toggle\" data-id=\"9468425\" data-element_type=\"widget\" data-widget_type=\"toggle.default\">\n\t\t\t\t<div class=\"elementor-widget-container\">\n\t\t\t\t\t\t\t<div class=\"elementor-toggle\">\n\t\t\t\t\t\t\t<div class=\"elementor-toggle-item\">\n\t\t\t\t\t<div id=\"elementor-tab-title-1551\" class=\"elementor-tab-title\" data-tab=\"1\" role=\"button\" aria-controls=\"elementor-tab-content-1551\" aria-expanded=\"false\">\n\t\t\t\t\t\t\t\t\t\t\t\t<a class=\"elementor-toggle-title\" tabindex=\"0\">14. What are Work Centers or Cost Centers?<\/a>\n\t\t\t\t\t<\/div>\n\n\t\t\t\t\t<div id=\"elementor-tab-content-1551\" class=\"elementor-tab-content elementor-clearfix\" data-tab=\"1\" role=\"region\" aria-labelledby=\"elementor-tab-title-1551\"><p>The Work Centers or Cost Centers are percentages established by the ARP, depending on the functions that workers perform within the company.<\/p><p>De igual manera es necesario agregar el c\u00f3digo de la actividad econ\u00f3mica el cual se conforma de siete d\u00edgitos, este proporciona informaci\u00f3n detallada de las funciones que desempe\u00f1a el empleado a la administradora de ARP.<\/p><\/div>\n\t\t\t\t<\/div>\n\t\t\t\t\t\t\t\t<\/div>\n\t\t\t\t\t\t<\/div>\n\t\t\t\t<\/div>\n\t\t\t\t\t<\/div>\n\t\t<\/div>\n\t\t\t\t\t<\/div>\n\t\t<\/div>\n\t\t\t\t\t<\/div>\n\t\t<\/div>\n\t\t\t\t\t<\/div>\n\t\t<\/div>\n\t\t\t\t<\/div>\n\t\t<\/div><div id=\"jet-tabs-content-1013\" class=\"jet-tabs__content\" data-tab=\"3\" role=\"tabpanel\" aria-hidden=\"true\" data-template-id=\"2848\">\t\t<div data-elementor-type=\"page\" data-elementor-id=\"2848\" class=\"elementor elementor-2848\" data-elementor-post-type=\"elementor_library\">\n\t\t\t\t\t\t<div class=\"elementor-section elementor-top-section elementor-element elementor-element-42b1f0c elementor-section-boxed elementor-section-height-default elementor-section-height-default\" data-id=\"42b1f0c\" data-element_type=\"section\">\n\t\t\t\t\t\t<div class=\"elementor-container elementor-column-gap-default\">\n\t\t\t\t\t<div class=\"elementor-column elementor-col-100 elementor-top-column elementor-element elementor-element-eb2be80\" data-id=\"eb2be80\" data-element_type=\"column\">\n\t\t\t<div class=\"elementor-widget-wrap elementor-element-populated\">\n\t\t\t\t\t\t<div class=\"elementor-element elementor-element-c67b4ce elementor-widget elementor-widget-heading\" data-id=\"c67b4ce\" data-element_type=\"widget\" data-widget_type=\"heading.default\">\n\t\t\t\t<div class=\"elementor-widget-container\">\n\t\t\t\t\t<div class=\"elementor-heading-title elementor-size-default\">Education and culture<\/div>\t\t\t\t<\/div>\n\t\t\t\t<\/div>\n\t\t\t\t<div class=\"elementor-section elementor-inner-section elementor-element elementor-element-ce53aec elementor-section-boxed elementor-section-height-default elementor-section-height-default\" data-id=\"ce53aec\" data-element_type=\"section\">\n\t\t\t\t\t\t<div class=\"elementor-container elementor-column-gap-default\">\n\t\t\t\t\t<div class=\"elementor-column elementor-col-100 elementor-inner-column elementor-element elementor-element-32f4742\" data-id=\"32f4742\" data-element_type=\"column\">\n\t\t\t<div class=\"elementor-widget-wrap elementor-element-populated\">\n\t\t\t\t\t\t<div class=\"elementor-element elementor-element-56ffc75 elementor-widget elementor-widget-toggle\" data-id=\"56ffc75\" data-element_type=\"widget\" data-widget_type=\"toggle.default\">\n\t\t\t\t<div class=\"elementor-widget-container\">\n\t\t\t\t\t\t\t<div class=\"elementor-toggle\">\n\t\t\t\t\t\t\t<div class=\"elementor-toggle-item\">\n\t\t\t\t\t<div id=\"elementor-tab-title-9121\" class=\"elementor-tab-title\" data-tab=\"1\" role=\"button\" aria-controls=\"elementor-tab-content-9121\" aria-expanded=\"false\">\n\t\t\t\t\t\t\t\t\t\t\t\t<a class=\"elementor-toggle-title\" tabindex=\"0\">1. Can I access the education courses, even if I am not affiliated with the Fund?<\/a>\n\t\t\t\t\t<\/div>\n\n\t\t\t\t\t<div id=\"elementor-tab-content-9121\" class=\"elementor-tab-content elementor-clearfix\" data-tab=\"1\" role=\"region\" aria-labelledby=\"elementor-tab-title-9121\"><p>The Education and Culture courses are for people affiliated and not affiliated with the Comfenalco Valle Delagente compensation fund and have a defined cost taking into account their affiliation category.<\/p><\/div>\n\t\t\t\t<\/div>\n\t\t\t\t\t\t\t\t<\/div>\n\t\t\t\t\t\t<\/div>\n\t\t\t\t<\/div>\n\t\t\t\t<div class=\"elementor-element elementor-element-1ec260f elementor-widget elementor-widget-toggle\" data-id=\"1ec260f\" data-element_type=\"widget\" data-widget_type=\"toggle.default\">\n\t\t\t\t<div class=\"elementor-widget-container\">\n\t\t\t\t\t\t\t<div class=\"elementor-toggle\">\n\t\t\t\t\t\t\t<div class=\"elementor-toggle-item\">\n\t\t\t\t\t<div id=\"elementor-tab-title-3221\" class=\"elementor-tab-title\" data-tab=\"1\" role=\"button\" aria-controls=\"elementor-tab-content-3221\" aria-expanded=\"false\">\n\t\t\t\t\t\t\t\t\t\t\t\t<a class=\"elementor-toggle-title\" tabindex=\"0\">2. How is the ticket office delivered for cultural activities?<\/a>\n\t\t\t\t\t<\/div>\n\n\t\t\t\t\t<div id=\"elementor-tab-content-3221\" class=\"elementor-tab-content elementor-clearfix\" data-tab=\"1\" role=\"region\" aria-labelledby=\"elementor-tab-title-3221\"><p>Para acceder a las actividades, el afiliado debe registrarse a trav\u00e9s de la App Delagente. Una vez completado el registro, recibir\u00e1 el c\u00f3digo QR de la actividad en su correo electr\u00f3nico, el cual tambi\u00e9n estar\u00e1 disponible en la App, en la opci\u00f3n \u00abHistorial de compras\u00bb.<\/p><\/div>\n\t\t\t\t<\/div>\n\t\t\t\t\t\t\t\t<\/div>\n\t\t\t\t\t\t<\/div>\n\t\t\t\t<\/div>\n\t\t\t\t<div class=\"elementor-element elementor-element-ab8da3c elementor-widget elementor-widget-toggle\" data-id=\"ab8da3c\" data-element_type=\"widget\" data-widget_type=\"toggle.default\">\n\t\t\t\t<div class=\"elementor-widget-container\">\n\t\t\t\t\t\t\t<div class=\"elementor-toggle\">\n\t\t\t\t\t\t\t<div class=\"elementor-toggle-item\">\n\t\t\t\t\t<div id=\"elementor-tab-title-1791\" class=\"elementor-tab-title\" data-tab=\"1\" role=\"button\" aria-controls=\"elementor-tab-content-1791\" aria-expanded=\"false\">\n\t\t\t\t\t\t\t\t\t\t\t\t<a class=\"elementor-toggle-title\" tabindex=\"0\">3. Is there a variety of educational courses?<\/a>\n\t\t\t\t\t<\/div>\n\n\t\t\t\t\t<div id=\"elementor-tab-content-1791\" class=\"elementor-tab-content elementor-clearfix\" data-tab=\"1\" role=\"region\" aria-labelledby=\"elementor-tab-title-1791\"><p>Se desarrolla una programaci\u00f3n de cursos o capacitaciones mensuales, bimestrales y trimestrales de acuerdo a las estad\u00edsticas de participaci\u00f3n, que buscan satisfacer las necesidades que presentan nuestra poblaci\u00f3n afiliada y no afiliada.<\/p><\/div>\n\t\t\t\t<\/div>\n\t\t\t\t\t\t\t\t<\/div>\n\t\t\t\t\t\t<\/div>\n\t\t\t\t<\/div>\n\t\t\t\t<div class=\"elementor-element elementor-element-5dea03d elementor-widget elementor-widget-toggle\" data-id=\"5dea03d\" data-element_type=\"widget\" data-widget_type=\"toggle.default\">\n\t\t\t\t<div class=\"elementor-widget-container\">\n\t\t\t\t\t\t\t<div class=\"elementor-toggle\">\n\t\t\t\t\t\t\t<div class=\"elementor-toggle-item\">\n\t\t\t\t\t<div id=\"elementor-tab-title-9841\" class=\"elementor-tab-title\" data-tab=\"1\" role=\"button\" aria-controls=\"elementor-tab-content-9841\" aria-expanded=\"false\">\n\t\t\t\t\t\t\t\t\t\t\t\t<a class=\"elementor-toggle-title\" tabindex=\"0\">4. From what age can you take a systems or arts and crafts course?<\/a>\n\t\t\t\t\t<\/div>\n\n\t\t\t\t\t<div id=\"elementor-tab-content-9841\" class=\"elementor-tab-content elementor-clearfix\" data-tab=\"1\" role=\"region\" aria-labelledby=\"elementor-tab-title-9841\">The systems courses are offered for people over 18 years of age, people between 16 and 18 years of age can attend with a letter of authorization from their parents. But sometimes courses such as pastry or gastronomy are scheduled for children up to 13 years of age.<\/div>\n\t\t\t\t<\/div>\n\t\t\t\t\t\t\t\t<\/div>\n\t\t\t\t\t\t<\/div>\n\t\t\t\t<\/div>\n\t\t\t\t<div class=\"elementor-element elementor-element-0d726df elementor-widget elementor-widget-toggle\" data-id=\"0d726df\" data-element_type=\"widget\" data-widget_type=\"toggle.default\">\n\t\t\t\t<div class=\"elementor-widget-container\">\n\t\t\t\t\t\t\t<div class=\"elementor-toggle\">\n\t\t\t\t\t\t\t<div class=\"elementor-toggle-item\">\n\t\t\t\t\t<div id=\"elementor-tab-title-1411\" class=\"elementor-tab-title\" data-tab=\"1\" role=\"button\" aria-controls=\"elementor-tab-content-1411\" aria-expanded=\"false\">\n\t\t\t\t\t\t\t\t\t\t\t\t<a class=\"elementor-toggle-title\" tabindex=\"0\">5. Where are the artistic workshops for children held?<\/a>\n\t\t\t\t\t<\/div>\n\n\t\t\t\t\t<div id=\"elementor-tab-content-1411\" class=\"elementor-tab-content elementor-clearfix\" data-tab=\"1\" role=\"region\" aria-labelledby=\"elementor-tab-title-1411\"><p>Los talleres art\u00edsticos para ni\u00f1os y ni\u00f1as son dictados de acuerdo a la programaci\u00f3n en algunas ocasiones son en la Biblioteca Departamental en Cali y\/o en las sedes de educaci\u00f3n ubicadas en las regionales como Palmira, Buga, Tulu\u00e1, Cartago y Buenaventura.<\/p><\/div>\n\t\t\t\t<\/div>\n\t\t\t\t\t\t\t\t<\/div>\n\t\t\t\t\t\t<\/div>\n\t\t\t\t<\/div>\n\t\t\t\t<div class=\"elementor-element elementor-element-ed0bfd7 elementor-widget elementor-widget-toggle\" data-id=\"ed0bfd7\" data-element_type=\"widget\" data-widget_type=\"toggle.default\">\n\t\t\t\t<div class=\"elementor-widget-container\">\n\t\t\t\t\t\t\t<div class=\"elementor-toggle\">\n\t\t\t\t\t\t\t<div class=\"elementor-toggle-item\">\n\t\t\t\t\t<div id=\"elementor-tab-title-2481\" class=\"elementor-tab-title\" data-tab=\"1\" role=\"button\" aria-controls=\"elementor-tab-content-2481\" aria-expanded=\"false\">\n\t\t\t\t\t\t\t\t\t\t\t\t<a class=\"elementor-toggle-title\" tabindex=\"0\">6. Who are the contributors?<\/a>\n\t\t\t\t\t<\/div>\n\n\t\t\t\t\t<div id=\"elementor-tab-content-2481\" class=\"elementor-tab-content elementor-clearfix\" data-tab=\"1\" role=\"region\" aria-labelledby=\"elementor-tab-title-2481\">Each fee depends on the category of the affiliate, beneficiary or individual taking the course.<\/div>\n\t\t\t\t<\/div>\n\t\t\t\t\t\t\t\t<\/div>\n\t\t\t\t\t\t<\/div>\n\t\t\t\t<\/div>\n\t\t\t\t<div class=\"elementor-element elementor-element-ce97305 elementor-widget elementor-widget-toggle\" data-id=\"ce97305\" data-element_type=\"widget\" data-widget_type=\"toggle.default\">\n\t\t\t\t<div class=\"elementor-widget-container\">\n\t\t\t\t\t\t\t<div class=\"elementor-toggle\">\n\t\t\t\t\t\t\t<div class=\"elementor-toggle-item\">\n\t\t\t\t\t<div id=\"elementor-tab-title-2161\" class=\"elementor-tab-title\" data-tab=\"1\" role=\"button\" aria-controls=\"elementor-tab-content-2161\" aria-expanded=\"false\">\n\t\t\t\t\t\t\t\t\t\t\t\t<a class=\"elementor-toggle-title\" tabindex=\"0\">7. Does the price of the course include the materials?<\/a>\n\t\t\t\t\t<\/div>\n\n\t\t\t\t\t<div id=\"elementor-tab-content-2161\" class=\"elementor-tab-content elementor-clearfix\" data-tab=\"1\" role=\"region\" aria-labelledby=\"elementor-tab-title-2161\">Arts and crafts courses include registration, materials or ingredients as the case may be.<\/div>\n\t\t\t\t<\/div>\n\t\t\t\t\t\t\t\t<\/div>\n\t\t\t\t\t\t<\/div>\n\t\t\t\t<\/div>\n\t\t\t\t<div class=\"elementor-element elementor-element-cfdaa7d elementor-widget elementor-widget-toggle\" data-id=\"cfdaa7d\" data-element_type=\"widget\" data-widget_type=\"toggle.default\">\n\t\t\t\t<div class=\"elementor-widget-container\">\n\t\t\t\t\t\t\t<div class=\"elementor-toggle\">\n\t\t\t\t\t\t\t<div class=\"elementor-toggle-item\">\n\t\t\t\t\t<div id=\"elementor-tab-title-2171\" class=\"elementor-tab-title\" data-tab=\"1\" role=\"button\" aria-controls=\"elementor-tab-content-2171\" aria-expanded=\"false\">\n\t\t\t\t\t\t\t\t\t\t\t\t<a class=\"elementor-toggle-title\" tabindex=\"0\">8. How can I get a refund for the payment of a course?<\/a>\n\t\t\t\t\t<\/div>\n\n\t\t\t\t\t<div id=\"elementor-tab-content-2171\" class=\"elementor-tab-content elementor-clearfix\" data-tab=\"1\" role=\"region\" aria-labelledby=\"elementor-tab-title-2171\"><ul><li>Cuando la cancelaci\u00f3n de un servicio se realiza por parte del cliente, para solicitar devoluci\u00f3n del dinero pagado o remuneraci\u00f3n debe gestionar solicitud a m\u00e1s tardar siete (7) d\u00edas h\u00e1biles antes de la fecha de inicio; pasados estos d\u00edas no se har\u00e1 devoluci\u00f3n.<\/li><li>Cuando se cancela el servicio por parte del \u00e1rea de educaci\u00f3n, se devuelve el 100% del valor pagado.<\/li><li>Para la reclamaci\u00f3n del dinero en cualquiera de los casos anteriores el cliente tiene hasta 30 d\u00edas calendario contados a partir de la fecha de pago, despu\u00e9s de este tiempo pierde el derecho de la devoluci\u00f3n.<\/li><li>En caso de extrav\u00edo del recibo de pago original el cliente que solicita la devoluci\u00f3n debe presentar el denuncio.<\/li><\/ul><\/div>\n\t\t\t\t<\/div>\n\t\t\t\t\t\t\t\t<\/div>\n\t\t\t\t\t\t<\/div>\n\t\t\t\t<\/div>\n\t\t\t\t<div class=\"elementor-element elementor-element-1312ec2 elementor-widget elementor-widget-toggle\" data-id=\"1312ec2\" data-element_type=\"widget\" data-widget_type=\"toggle.default\">\n\t\t\t\t<div class=\"elementor-widget-container\">\n\t\t\t\t\t\t\t<div class=\"elementor-toggle\">\n\t\t\t\t\t\t\t<div class=\"elementor-toggle-item\">\n\t\t\t\t\t<div id=\"elementor-tab-title-2001\" class=\"elementor-tab-title\" data-tab=\"1\" role=\"button\" aria-controls=\"elementor-tab-content-2001\" aria-expanded=\"false\">\n\t\t\t\t\t\t\t\t\t\t\t\t<a class=\"elementor-toggle-title\" tabindex=\"0\">9. What is the procedure to request a certificate of study from the College, technical career and courses?<\/a>\n\t\t\t\t\t<\/div>\n\n\t\t\t\t\t<div id=\"elementor-tab-content-2001\" class=\"elementor-tab-content elementor-clearfix\" data-tab=\"1\" role=\"region\" aria-labelledby=\"elementor-tab-title-2001\"><p><strong>En Cursos de Sistemas, Formaci\u00f3n Continua y Carreras T\u00e9cnicas:<\/strong><\/p><p>La persona podr\u00e1 acercar a la direcci\u00f3n carrera 4 #6-42, San Pedro, Cali PEC Delagente al m\u00f3dulo de Formaci\u00f3n Continua y Curso de Sistemas, con el documento de identidad original y se expide a m\u00e1s tardar en tres d\u00edas h\u00e1biles, tambi\u00e9n podr\u00e1 generarlo el estudiante a trav\u00e9s de la plataforma Edugente haciendo uso de las credenciales asignadas al inicio del curso, de lo contrario el estudiante puede enviar su solicitud de certificado al correo asesorpec@comfenalcovalle.com.co<\/p><p><strong>School:<\/strong><\/p><p>Estas solicitudes se tramitar\u00e1n con el Secretario Acad\u00e9mico del Colegio en Torre C piso 1\u00b0, el usuario suministra los datos completos; nombre, apellidos, n\u00famero de documento de identidad, fecha de finalizaci\u00f3n de estudios, ciclo y jornada, que desea certificar, para que se le entregue la orden escrita del valor a cancelar por concepto de Certificado o Constancia de Estudio. Este pago deber\u00e1 realizarse en la torre C piso 1 en el CIS (Centro integral de servicios)<\/p><p>Una vez efectuado el pago, el usuario deber\u00e1 entregar el comprobante de pago al Secretario Acad\u00e9mico para que le sea expedido el documento requerido, tres (5) d\u00edas h\u00e1biles posteriores al pago realizado. El estudiante activo Categor\u00edas A y B en el Instituto no cancela los valores establecidos; Pero si pagan los estudiantes que se han retirado, los no afiliados y los estudiantes egresados. Tambi\u00e9n se podr\u00e1 solicitar de manera virtual al correo pamarulanda@comfenalcovalle.com.co \u00f3 comunic\u00e1ndose al celular 3165254746 &#8211; 3206323461.<\/p><p><strong>Artes y oficios (Manualidades y gastronom\u00eda):<\/strong><\/p><p>Se puede hacer la solicitud del certificado de manera personal en la calle 5 No 6-63 torre C, 1er piso \u00c1rea de Educaci\u00f3n y Cultura o v\u00eda telef\u00f3nica en el tel\u00e9fono (602) 8862727 ext. 2264 o 2328, indicando el nombre del curso que tomo, se verifica la informaci\u00f3n y en un tiempo de 3 d\u00edas h\u00e1biles se entrega el certificado. Tambi\u00e9n los cursos realizados a trav\u00e9s de la plataforma Edugente los puede descargar el usuario, una vez finalizado el curso y diligenciado la encuesta de satisfacci\u00f3n.<\/p><\/div>\n\t\t\t\t<\/div>\n\t\t\t\t\t\t\t\t<\/div>\n\t\t\t\t\t\t<\/div>\n\t\t\t\t<\/div>\n\t\t\t\t<div class=\"elementor-element elementor-element-57c8df1 elementor-widget elementor-widget-toggle\" data-id=\"57c8df1\" data-element_type=\"widget\" data-widget_type=\"toggle.default\">\n\t\t\t\t<div class=\"elementor-widget-container\">\n\t\t\t\t\t\t\t<div class=\"elementor-toggle\">\n\t\t\t\t\t\t\t<div class=\"elementor-toggle-item\">\n\t\t\t\t\t<div id=\"elementor-tab-title-9201\" class=\"elementor-tab-title\" data-tab=\"1\" role=\"button\" aria-controls=\"elementor-tab-content-9201\" aria-expanded=\"false\">\n\t\t\t\t\t\t\t\t\t\t\t\t<a class=\"elementor-toggle-title\" tabindex=\"0\">10. On what date are the registrations and registrations for the school and the Administrative Assistant technical career?<\/a>\n\t\t\t\t\t<\/div>\n\n\t\t\t\t\t<div id=\"elementor-tab-content-9201\" class=\"elementor-tab-content elementor-clearfix\" data-tab=\"1\" role=\"region\" aria-labelledby=\"elementor-tab-title-9201\"><p>Las fechas de promoci\u00f3n y matr\u00edculas para el Instituto de Educaci\u00f3n de Comfenalco Valle Delagente para Cali y Regionales son las siguientes: <br \/>Primer Semestre: septiembre a febrero de cada a\u00f1o.<br \/>Segundo Semestre: abril a agosto de cada a\u00f1o.<\/p><p>The dates of promotion or enrollment of the Cali and Regional Labor Technical programs are always as follows:<\/p><p>PERIOD A: from December to February.<br \/>PERIOD B: from June to August.<\/p><\/div>\n\t\t\t\t<\/div>\n\t\t\t\t\t\t\t\t<\/div>\n\t\t\t\t\t\t<\/div>\n\t\t\t\t<\/div>\n\t\t\t\t<div class=\"elementor-element elementor-element-8731598 elementor-widget elementor-widget-toggle\" data-id=\"8731598\" data-element_type=\"widget\" data-widget_type=\"toggle.default\">\n\t\t\t\t<div class=\"elementor-widget-container\">\n\t\t\t\t\t\t\t<div class=\"elementor-toggle\">\n\t\t\t\t\t\t\t<div class=\"elementor-toggle-item\">\n\t\t\t\t\t<div id=\"elementor-tab-title-1411\" class=\"elementor-tab-title\" data-tab=\"1\" role=\"button\" aria-controls=\"elementor-tab-content-1411\" aria-expanded=\"false\">\n\t\t\t\t\t\t\t\t\t\t\t\t<a class=\"elementor-toggle-title\" tabindex=\"0\">11. Where are the forms for the Educational Scholarship requested?<\/a>\n\t\t\t\t\t<\/div>\n\n\t\t\t\t\t<div id=\"elementor-tab-content-1411\" class=\"elementor-tab-content elementor-clearfix\" data-tab=\"1\" role=\"region\" aria-labelledby=\"elementor-tab-title-1411\"><p>As of 2017, the online form was implemented through the website to apply for the School Kit, which is enabled in the middle of the year.<\/p><p>The application exercise for the School Kit is carried out through the platform designated for this purpose, said information is published through our communication media.<\/p><\/div>\n\t\t\t\t<\/div>\n\t\t\t\t\t\t\t\t<\/div>\n\t\t\t\t\t\t<\/div>\n\t\t\t\t<\/div>\n\t\t\t\t<div class=\"elementor-element elementor-element-01019a5 elementor-widget elementor-widget-toggle\" data-id=\"01019a5\" data-element_type=\"widget\" data-widget_type=\"toggle.default\">\n\t\t\t\t<div class=\"elementor-widget-container\">\n\t\t\t\t\t\t\t<div class=\"elementor-toggle\">\n\t\t\t\t\t\t\t<div class=\"elementor-toggle-item\">\n\t\t\t\t\t<div id=\"elementor-tab-title-1051\" class=\"elementor-tab-title\" data-tab=\"1\" role=\"button\" aria-controls=\"elementor-tab-content-1051\" aria-expanded=\"false\">\n\t\t\t\t\t\t\t\t\t\t\t\t<a class=\"elementor-toggle-title\" tabindex=\"0\">12. Where can I find library courses for children?<\/a>\n\t\t\t\t\t<\/div>\n\n\t\t\t\t\t<div id=\"elementor-tab-content-1051\" class=\"elementor-tab-content elementor-clearfix\" data-tab=\"1\" role=\"region\" aria-labelledby=\"elementor-tab-title-1051\"><p>Toda la programaci\u00f3n dirigida a ni\u00f1os, ni\u00f1as y adolescentes podr\u00e1n encontrarla en la p\u00e1gina:<br \/><a href=\"https:\/\/boletasdelagente.com\/delagenteweb\/business\/6\/21\" target=\"_blank\" rel=\"noopener\">https:\/\/boletasdelagente.com\/delagenteweb\/business\/6\/21<\/a><\/p><\/div>\n\t\t\t\t<\/div>\n\t\t\t\t\t\t\t\t<\/div>\n\t\t\t\t\t\t<\/div>\n\t\t\t\t<\/div>\n\t\t\t\t\t<\/div>\n\t\t<\/div>\n\t\t\t\t\t<\/div>\n\t\t<\/div>\n\t\t\t\t\t<\/div>\n\t\t<\/div>\n\t\t\t\t\t<\/div>\n\t\t<\/div>\n\t\t\t\t<\/div>\n\t\t<\/div><div id=\"jet-tabs-content-1014\" class=\"jet-tabs__content\" data-tab=\"4\" role=\"tabpanel\" aria-hidden=\"true\" data-template-id=\"2853\">\t\t<div data-elementor-type=\"page\" data-elementor-id=\"2853\" class=\"elementor elementor-2853\" data-elementor-post-type=\"elementor_library\">\n\t\t\t\t\t\t<div class=\"elementor-section elementor-top-section elementor-element elementor-element-51b7743 elementor-section-boxed elementor-section-height-default elementor-section-height-default\" data-id=\"51b7743\" data-element_type=\"section\">\n\t\t\t\t\t\t<div class=\"elementor-container elementor-column-gap-default\">\n\t\t\t\t\t<div class=\"elementor-column elementor-col-100 elementor-top-column elementor-element elementor-element-d397231\" data-id=\"d397231\" data-element_type=\"column\">\n\t\t\t<div class=\"elementor-widget-wrap elementor-element-populated\">\n\t\t\t\t\t\t<div class=\"elementor-element elementor-element-c83a797 elementor-widget elementor-widget-heading\" data-id=\"c83a797\" data-element_type=\"widget\" data-widget_type=\"heading.default\">\n\t\t\t\t<div class=\"elementor-widget-container\">\n\t\t\t\t\t<div class=\"elementor-heading-title elementor-size-default\">Recreation<\/div>\t\t\t\t<\/div>\n\t\t\t\t<\/div>\n\t\t\t\t<div class=\"elementor-section elementor-inner-section elementor-element elementor-element-a87a6e5 elementor-section-boxed elementor-section-height-default elementor-section-height-default\" data-id=\"a87a6e5\" data-element_type=\"section\">\n\t\t\t\t\t\t<div class=\"elementor-container elementor-column-gap-default\">\n\t\t\t\t\t<div class=\"elementor-column elementor-col-100 elementor-inner-column elementor-element elementor-element-e5417f3\" data-id=\"e5417f3\" data-element_type=\"column\">\n\t\t\t<div class=\"elementor-widget-wrap elementor-element-populated\">\n\t\t\t\t\t\t<div class=\"elementor-element elementor-element-02561c9 elementor-widget elementor-widget-toggle\" data-id=\"02561c9\" data-element_type=\"widget\" data-widget_type=\"toggle.default\">\n\t\t\t\t<div class=\"elementor-widget-container\">\n\t\t\t\t\t\t\t<div class=\"elementor-toggle\">\n\t\t\t\t\t\t\t<div class=\"elementor-toggle-item\">\n\t\t\t\t\t<div id=\"elementor-tab-title-2441\" class=\"elementor-tab-title\" data-tab=\"1\" role=\"button\" aria-controls=\"elementor-tab-content-2441\" aria-expanded=\"false\">\n\t\t\t\t\t\t\t\t\t\t\t\t<a class=\"elementor-toggle-title\" tabindex=\"0\">1. What is the departure time of the buses to Yanaconas?<\/a>\n\t\t\t\t\t<\/div>\n\n\t\t\t\t\t<div id=\"elementor-tab-content-2441\" class=\"elementor-tab-content elementor-clearfix\" data-tab=\"1\" role=\"region\" aria-labelledby=\"elementor-tab-title-2441\"><p>Los buses salen a Yanaconas desde la plazoleta de mercurio calle 6 con carrera 9 en Cali.<\/p><p><strong>Los d\u00edas s\u00e1bados<\/strong>\u00a0el horario de salida entre 08:30 a.m. y 9:00 am y a las 10:30 a.m. y 11:00 am (2 salidas) con el cupo completo del bus, por lo tanto, debe hacerse la salvedad al usuario al tomar el servicio para los d\u00edas s\u00e1bados.\u00a0<\/p><p><strong>Los d\u00edas domingos y festivos<\/strong>\u00a0el horario de salida es a las 8:00 a.m. hasta las 12:00 m.<\/p><\/div>\n\t\t\t\t<\/div>\n\t\t\t\t\t\t\t\t<\/div>\n\t\t\t\t\t\t<\/div>\n\t\t\t\t<\/div>\n\t\t\t\t<div class=\"elementor-element elementor-element-54837d6 elementor-widget elementor-widget-toggle\" data-id=\"54837d6\" data-element_type=\"widget\" data-widget_type=\"toggle.default\">\n\t\t\t\t<div class=\"elementor-widget-container\">\n\t\t\t\t\t\t\t<div class=\"elementor-toggle\">\n\t\t\t\t\t\t\t<div class=\"elementor-toggle-item\">\n\t\t\t\t\t<div id=\"elementor-tab-title-8861\" class=\"elementor-tab-title\" data-tab=\"1\" role=\"button\" aria-controls=\"elementor-tab-content-8861\" aria-expanded=\"false\">\n\t\t\t\t\t\t\t\t\t\t\t\t<a class=\"elementor-toggle-title\" tabindex=\"0\">2. \u00bfSi tengo carn\u00e9 de la EPS Comfenalco Valle Delagente, puedo obtener alg\u00fan descuento en el costo de entrada y alojamiento?<\/a>\n\t\t\t\t\t<\/div>\n\n\t\t\t\t\t<div id=\"elementor-tab-content-8861\" class=\"elementor-tab-content elementor-clearfix\" data-tab=\"1\" role=\"region\" aria-labelledby=\"elementor-tab-title-8861\"><p>No, porque la Caja de Compensaci\u00f3n Familiar es independiente de los servicios de salud.<\/p><\/div>\n\t\t\t\t<\/div>\n\t\t\t\t\t\t\t\t<\/div>\n\t\t\t\t\t\t<\/div>\n\t\t\t\t<\/div>\n\t\t\t\t<div class=\"elementor-element elementor-element-035b42a elementor-widget elementor-widget-toggle\" data-id=\"035b42a\" data-element_type=\"widget\" data-widget_type=\"toggle.default\">\n\t\t\t\t<div class=\"elementor-widget-container\">\n\t\t\t\t\t\t\t<div class=\"elementor-toggle\">\n\t\t\t\t\t\t\t<div class=\"elementor-toggle-item\">\n\t\t\t\t\t<div id=\"elementor-tab-title-3511\" class=\"elementor-tab-title\" data-tab=\"1\" role=\"button\" aria-controls=\"elementor-tab-content-3511\" aria-expanded=\"false\">\n\t\t\t\t\t\t\t\t\t\t\t\t<a class=\"elementor-toggle-title\" tabindex=\"0\">3. If I am a member and the person I want to go with is not a member, do I pay an additional fee for them?<\/a>\n\t\t\t\t\t<\/div>\n\n\t\t\t\t\t<div id=\"elementor-tab-content-3511\" class=\"elementor-tab-content elementor-clearfix\" data-tab=\"1\" role=\"region\" aria-labelledby=\"elementor-tab-title-3511\">If you must cancel for the additional, since the benefits and subsidy apply only to people affiliated with the Compensation Fund.<\/div>\n\t\t\t\t<\/div>\n\t\t\t\t\t\t\t\t<\/div>\n\t\t\t\t\t\t<\/div>\n\t\t\t\t<\/div>\n\t\t\t\t<div class=\"elementor-element elementor-element-c172912 elementor-widget elementor-widget-toggle\" data-id=\"c172912\" data-element_type=\"widget\" data-widget_type=\"toggle.default\">\n\t\t\t\t<div class=\"elementor-widget-container\">\n\t\t\t\t\t\t\t<div class=\"elementor-toggle\">\n\t\t\t\t\t\t\t<div class=\"elementor-toggle-item\">\n\t\t\t\t\t<div id=\"elementor-tab-title-2021\" class=\"elementor-tab-title\" data-tab=\"1\" role=\"button\" aria-controls=\"elementor-tab-content-2021\" aria-expanded=\"false\">\n\t\t\t\t\t\t\t\t\t\t\t\t<a class=\"elementor-toggle-title\" tabindex=\"0\">4. Can I bring in food if I am staying?<\/a>\n\t\t\t\t\t<\/div>\n\n\t\t\t\t\t<div id=\"elementor-tab-content-2021\" class=\"elementor-tab-content elementor-clearfix\" data-tab=\"1\" role=\"region\" aria-labelledby=\"elementor-tab-title-2021\">The food income does not apply to those who stay in the hotels of the Yanaconas Recreational and Vacation Centers, Villasol Cartago and Comfamar in La Bocana.<\/div>\n\t\t\t\t<\/div>\n\t\t\t\t\t\t\t\t<\/div>\n\t\t\t\t\t\t<\/div>\n\t\t\t\t<\/div>\n\t\t\t\t<div class=\"elementor-element elementor-element-486c451 elementor-widget elementor-widget-toggle\" data-id=\"486c451\" data-element_type=\"widget\" data-widget_type=\"toggle.default\">\n\t\t\t\t<div class=\"elementor-widget-container\">\n\t\t\t\t\t\t\t<div class=\"elementor-toggle\">\n\t\t\t\t\t\t\t<div class=\"elementor-toggle-item\">\n\t\t\t\t\t<div id=\"elementor-tab-title-7591\" class=\"elementor-tab-title\" data-tab=\"1\" role=\"button\" aria-controls=\"elementor-tab-content-7591\" aria-expanded=\"false\">\n\t\t\t\t\t\t\t\t\t\t\t\t<a class=\"elementor-toggle-title\" tabindex=\"0\">5. Can I bring food if I&#039;m going to spend the day?<\/a>\n\t\t\t\t\t<\/div>\n\n\t\t\t\t\t<div id=\"elementor-tab-content-7591\" class=\"elementor-tab-content elementor-clearfix\" data-tab=\"1\" role=\"region\" aria-labelledby=\"elementor-tab-title-7591\"><p>Los afiliados a la Caja de Compensaci\u00f3n Familiar y los no afiliados pueden ingresar alimentos a los centros recreacionales como parte de un beneficio para que puedan disfrutar de su d\u00eda recreativo con nosotros.<\/p><\/div>\n\t\t\t\t<\/div>\n\t\t\t\t\t\t\t\t<\/div>\n\t\t\t\t\t\t<\/div>\n\t\t\t\t<\/div>\n\t\t\t\t<div class=\"elementor-element elementor-element-4659039 elementor-widget elementor-widget-toggle\" data-id=\"4659039\" data-element_type=\"widget\" data-widget_type=\"toggle.default\">\n\t\t\t\t<div class=\"elementor-widget-container\">\n\t\t\t\t\t\t\t<div class=\"elementor-toggle\">\n\t\t\t\t\t\t\t<div class=\"elementor-toggle-item\">\n\t\t\t\t\t<div id=\"elementor-tab-title-7371\" class=\"elementor-tab-title\" data-tab=\"1\" role=\"button\" aria-controls=\"elementor-tab-content-7371\" aria-expanded=\"false\">\n\t\t\t\t\t\t\t\t\t\t\t\t<a class=\"elementor-toggle-title\" tabindex=\"0\">6. Can I bring pets?<\/a>\n\t\t\t\t\t<\/div>\n\n\t\t\t\t\t<div id=\"elementor-tab-content-7371\" class=\"elementor-tab-content elementor-clearfix\" data-tab=\"1\" role=\"region\" aria-labelledby=\"elementor-tab-title-7371\">Pets are not allowed in the Recreational Centers.<\/div>\n\t\t\t\t<\/div>\n\t\t\t\t\t\t\t\t<\/div>\n\t\t\t\t\t\t<\/div>\n\t\t\t\t<\/div>\n\t\t\t\t<div class=\"elementor-element elementor-element-972f653 elementor-widget elementor-widget-toggle\" data-id=\"972f653\" data-element_type=\"widget\" data-widget_type=\"toggle.default\">\n\t\t\t\t<div class=\"elementor-widget-container\">\n\t\t\t\t\t\t\t<div class=\"elementor-toggle\">\n\t\t\t\t\t\t\t<div class=\"elementor-toggle-item\">\n\t\t\t\t\t<div id=\"elementor-tab-title-1581\" class=\"elementor-tab-title\" data-tab=\"1\" role=\"button\" aria-controls=\"elementor-tab-content-1581\" aria-expanded=\"false\">\n\t\t\t\t\t\t\t\t\t\t\t\t<a class=\"elementor-toggle-title\" tabindex=\"0\">7. Is there transportation to Villasol?<\/a>\n\t\t\t\t\t<\/div>\n\n\t\t\t\t\t<div id=\"elementor-tab-content-1581\" class=\"elementor-tab-content elementor-clearfix\" data-tab=\"1\" role=\"region\" aria-labelledby=\"elementor-tab-title-1581\"><p>Comfenalco Valle Delagente no ofrece transporte directo a Cartago, no obstante, del Terminal de Transportes salen buses que ofrecen el recorrido desde Cali a Cartago con un valor promedio de $30.000 por trayecto.<\/p><\/div>\n\t\t\t\t<\/div>\n\t\t\t\t\t\t\t\t<\/div>\n\t\t\t\t\t\t<\/div>\n\t\t\t\t<\/div>\n\t\t\t\t<div class=\"elementor-element elementor-element-1119198 elementor-widget elementor-widget-toggle\" data-id=\"1119198\" data-element_type=\"widget\" data-widget_type=\"toggle.default\">\n\t\t\t\t<div class=\"elementor-widget-container\">\n\t\t\t\t\t\t\t<div class=\"elementor-toggle\">\n\t\t\t\t\t\t\t<div class=\"elementor-toggle-item\">\n\t\t\t\t\t<div id=\"elementor-tab-title-1791\" class=\"elementor-tab-title\" data-tab=\"1\" role=\"button\" aria-controls=\"elementor-tab-content-1791\" aria-expanded=\"false\">\n\t\t\t\t\t\t\t\t\t\t\t\t<a class=\"elementor-toggle-title\" tabindex=\"0\">8. If I am a member, does transportation to Yanaconas cost anything?<\/a>\n\t\t\t\t\t<\/div>\n\n\t\t\t\t\t<div id=\"elementor-tab-content-1791\" class=\"elementor-tab-content elementor-clearfix\" data-tab=\"1\" role=\"region\" aria-labelledby=\"elementor-tab-title-1791\"><p>Yeah. <a href=\"https:\/\/test.comfenalcovalle.com.co\/en\/tarifas-de-recreacion\/\">Click here<\/a> to see the rates.<\/p><\/div>\n\t\t\t\t<\/div>\n\t\t\t\t\t\t\t\t<\/div>\n\t\t\t\t\t\t<\/div>\n\t\t\t\t<\/div>\n\t\t\t\t<div class=\"elementor-element elementor-element-fe4b04f elementor-widget elementor-widget-toggle\" data-id=\"fe4b04f\" data-element_type=\"widget\" data-widget_type=\"toggle.default\">\n\t\t\t\t<div class=\"elementor-widget-container\">\n\t\t\t\t\t\t\t<div class=\"elementor-toggle\">\n\t\t\t\t\t\t\t<div class=\"elementor-toggle-item\">\n\t\t\t\t\t<div id=\"elementor-tab-title-2661\" class=\"elementor-tab-title\" data-tab=\"1\" role=\"button\" aria-controls=\"elementor-tab-content-2661\" aria-expanded=\"false\">\n\t\t\t\t\t\t\t\t\t\t\t\t<a class=\"elementor-toggle-title\" tabindex=\"0\">9. What type of accommodation is there in Yanaconas? Cabins or rooms?<\/a>\n\t\t\t\t\t<\/div>\n\n\t\t\t\t\t<div id=\"elementor-tab-content-2661\" class=\"elementor-tab-content elementor-clearfix\" data-tab=\"1\" role=\"region\" aria-labelledby=\"elementor-tab-title-2661\"><p>El Hotel y Centro Recreacional Yanaconas cuenta con habitaciones en acomodaci\u00f3n desde 1 hasta 6 personas. La habitaci\u00f3n consta de: Servicio de ba\u00f1o privado con agua caliente, TV de 14\u201d con se\u00f1al de DIRECTV, closet y minibar.<\/p><\/div>\n\t\t\t\t<\/div>\n\t\t\t\t\t\t\t\t<\/div>\n\t\t\t\t\t\t<\/div>\n\t\t\t\t<\/div>\n\t\t\t\t<div class=\"elementor-element elementor-element-74915f3 elementor-widget elementor-widget-toggle\" data-id=\"74915f3\" data-element_type=\"widget\" data-widget_type=\"toggle.default\">\n\t\t\t\t<div class=\"elementor-widget-container\">\n\t\t\t\t\t\t\t<div class=\"elementor-toggle\">\n\t\t\t\t\t\t\t<div class=\"elementor-toggle-item\">\n\t\t\t\t\t<div id=\"elementor-tab-title-1221\" class=\"elementor-tab-title\" data-tab=\"1\" role=\"button\" aria-controls=\"elementor-tab-content-1221\" aria-expanded=\"false\">\n\t\t\t\t\t\t\t\t\t\t\t\t<a class=\"elementor-toggle-title\" tabindex=\"0\">10. Can I make the reservation by phone?<\/a>\n\t\t\t\t\t<\/div>\n\n\t\t\t\t\t<div id=\"elementor-tab-content-1221\" class=\"elementor-tab-content elementor-clearfix\" data-tab=\"1\" role=\"region\" aria-labelledby=\"elementor-tab-title-1221\"><p>Se puede realizar pre reserva telef\u00f3nicamente en la l\u00ednea (602) 8862727 opci\u00f3n 2, la reserva solo se hace efectiva en el momento del pago el cual se debe realizar antes de llegar al hotel.<\/p><\/div>\n\t\t\t\t<\/div>\n\t\t\t\t\t\t\t\t<\/div>\n\t\t\t\t\t\t<\/div>\n\t\t\t\t<\/div>\n\t\t\t\t<div class=\"elementor-element elementor-element-8ecdd60 elementor-widget elementor-widget-toggle\" data-id=\"8ecdd60\" data-element_type=\"widget\" data-widget_type=\"toggle.default\">\n\t\t\t\t<div class=\"elementor-widget-container\">\n\t\t\t\t\t\t\t<div class=\"elementor-toggle\">\n\t\t\t\t\t\t\t<div class=\"elementor-toggle-item\">\n\t\t\t\t\t<div id=\"elementor-tab-title-1491\" class=\"elementor-tab-title\" data-tab=\"1\" role=\"button\" aria-controls=\"elementor-tab-content-1491\" aria-expanded=\"false\">\n\t\t\t\t\t\t\t\t\t\t\t\t<a class=\"elementor-toggle-title\" tabindex=\"0\">11. What documents should I bring to reserve Yanaconas and Villasol?<\/a>\n\t\t\t\t\t<\/div>\n\n\t\t\t\t\t<div id=\"elementor-tab-content-1491\" class=\"elementor-tab-content elementor-clearfix\" data-tab=\"1\" role=\"region\" aria-labelledby=\"elementor-tab-title-1491\">If you are a member of the Fund and\/or a beneficiary: member&#039;s identity card, civil registry, identification card and its copy.<\/div>\n\t\t\t\t<\/div>\n\t\t\t\t\t\t\t\t<\/div>\n\t\t\t\t\t\t<\/div>\n\t\t\t\t<\/div>\n\t\t\t\t<div class=\"elementor-element elementor-element-78c23f0 elementor-widget elementor-widget-toggle\" data-id=\"78c23f0\" data-element_type=\"widget\" data-widget_type=\"toggle.default\">\n\t\t\t\t<div class=\"elementor-widget-container\">\n\t\t\t\t\t\t\t<div class=\"elementor-toggle\">\n\t\t\t\t\t\t\t<div class=\"elementor-toggle-item\">\n\t\t\t\t\t<div id=\"elementor-tab-title-1261\" class=\"elementor-tab-title\" data-tab=\"1\" role=\"button\" aria-controls=\"elementor-tab-content-1261\" aria-expanded=\"false\">\n\t\t\t\t\t\t\t\t\t\t\t\t<a class=\"elementor-toggle-title\" tabindex=\"0\">12. Can I send someone to make my reservation?<\/a>\n\t\t\t\t\t<\/div>\n\n\t\t\t\t\t<div id=\"elementor-tab-content-1261\" class=\"elementor-tab-content elementor-clearfix\" data-tab=\"1\" role=\"region\" aria-labelledby=\"elementor-tab-title-1261\">Yes, as long as the aforementioned documents are submitted.<\/div>\n\t\t\t\t<\/div>\n\t\t\t\t\t\t\t\t<\/div>\n\t\t\t\t\t\t<\/div>\n\t\t\t\t<\/div>\n\t\t\t\t<div class=\"elementor-element elementor-element-554b134 elementor-widget elementor-widget-toggle\" data-id=\"554b134\" data-element_type=\"widget\" data-widget_type=\"toggle.default\">\n\t\t\t\t<div class=\"elementor-widget-container\">\n\t\t\t\t\t\t\t<div class=\"elementor-toggle\">\n\t\t\t\t\t\t\t<div class=\"elementor-toggle-item\">\n\t\t\t\t\t<div id=\"elementor-tab-title-8941\" class=\"elementor-tab-title\" data-tab=\"1\" role=\"button\" aria-controls=\"elementor-tab-content-8941\" aria-expanded=\"false\">\n\t\t\t\t\t\t\t\t\t\t\t\t<a class=\"elementor-toggle-title\" tabindex=\"0\">13. Can I make payments to cancel the reservation?<\/a>\n\t\t\t\t\t<\/div>\n\n\t\t\t\t\t<div id=\"elementor-tab-content-8941\" class=\"elementor-tab-content elementor-clearfix\" data-tab=\"1\" role=\"region\" aria-labelledby=\"elementor-tab-title-8941\">At the time of booking, the total value must be paid to guarantee your confirmation.<\/div>\n\t\t\t\t<\/div>\n\t\t\t\t\t\t\t\t<\/div>\n\t\t\t\t\t\t<\/div>\n\t\t\t\t<\/div>\n\t\t\t\t<div class=\"elementor-element elementor-element-2d20f60 elementor-widget elementor-widget-toggle\" data-id=\"2d20f60\" data-element_type=\"widget\" data-widget_type=\"toggle.default\">\n\t\t\t\t<div class=\"elementor-widget-container\">\n\t\t\t\t\t\t\t<div class=\"elementor-toggle\">\n\t\t\t\t\t\t\t<div class=\"elementor-toggle-item\">\n\t\t\t\t\t<div id=\"elementor-tab-title-4731\" class=\"elementor-tab-title\" data-tab=\"1\" role=\"button\" aria-controls=\"elementor-tab-content-4731\" aria-expanded=\"false\">\n\t\t\t\t\t\t\t\t\t\t\t\t<a class=\"elementor-toggle-title\" tabindex=\"0\">14. Do children pay?<\/a>\n\t\t\t\t\t<\/div>\n\n\t\t\t\t\t<div id=\"elementor-tab-content-4731\" class=\"elementor-tab-content elementor-clearfix\" data-tab=\"1\" role=\"region\" aria-labelledby=\"elementor-tab-title-4731\">In the accommodation service, children under 12 years of age will not be charged for accommodation, they will have to assume Cotelco or medical assistance, transportation if applicable, and food.<\/div>\n\t\t\t\t<\/div>\n\t\t\t\t\t\t\t\t<\/div>\n\t\t\t\t\t\t<\/div>\n\t\t\t\t<\/div>\n\t\t\t\t<div class=\"elementor-element elementor-element-6fb8402 elementor-widget elementor-widget-toggle\" data-id=\"6fb8402\" data-element_type=\"widget\" data-widget_type=\"toggle.default\">\n\t\t\t\t<div class=\"elementor-widget-container\">\n\t\t\t\t\t\t\t<div class=\"elementor-toggle\">\n\t\t\t\t\t\t\t<div class=\"elementor-toggle-item\">\n\t\t\t\t\t<div id=\"elementor-tab-title-1171\" class=\"elementor-tab-title\" data-tab=\"1\" role=\"button\" aria-controls=\"elementor-tab-content-1171\" aria-expanded=\"false\">\n\t\t\t\t\t\t\t\t\t\t\t\t<a class=\"elementor-toggle-title\" tabindex=\"0\">15. What is the maximum capacity of the rooms in Yanaconas?<\/a>\n\t\t\t\t\t<\/div>\n\n\t\t\t\t\t<div id=\"elementor-tab-content-1171\" class=\"elementor-tab-content elementor-clearfix\" data-tab=\"1\" role=\"region\" aria-labelledby=\"elementor-tab-title-1171\">6 people staying in 2 cabins and two in a double bed.<\/div>\n\t\t\t\t<\/div>\n\t\t\t\t\t\t\t\t<\/div>\n\t\t\t\t\t\t<\/div>\n\t\t\t\t<\/div>\n\t\t\t\t<div class=\"elementor-element elementor-element-d45ec6d elementor-widget elementor-widget-toggle\" data-id=\"d45ec6d\" data-element_type=\"widget\" data-widget_type=\"toggle.default\">\n\t\t\t\t<div class=\"elementor-widget-container\">\n\t\t\t\t\t\t\t<div class=\"elementor-toggle\">\n\t\t\t\t\t\t\t<div class=\"elementor-toggle-item\">\n\t\t\t\t\t<div id=\"elementor-tab-title-2221\" class=\"elementor-tab-title\" data-tab=\"1\" role=\"button\" aria-controls=\"elementor-tab-content-2221\" aria-expanded=\"false\">\n\t\t\t\t\t\t\t\t\t\t\t\t<a class=\"elementor-toggle-title\" tabindex=\"0\">16. As a member, how many guests can I bring to stay?<\/a>\n\t\t\t\t\t<\/div>\n\n\t\t\t\t\t<div id=\"elementor-tab-content-2221\" class=\"elementor-tab-content elementor-clearfix\" data-tab=\"1\" role=\"region\" aria-labelledby=\"elementor-tab-title-2221\"><p>There is no restriction and charges will be made according to your category of affiliation to the box.<\/p><\/div>\n\t\t\t\t<\/div>\n\t\t\t\t\t\t\t\t<\/div>\n\t\t\t\t\t\t<\/div>\n\t\t\t\t<\/div>\n\t\t\t\t<div class=\"elementor-element elementor-element-79d33cb elementor-widget elementor-widget-toggle\" data-id=\"79d33cb\" data-element_type=\"widget\" data-widget_type=\"toggle.default\">\n\t\t\t\t<div class=\"elementor-widget-container\">\n\t\t\t\t\t\t\t<div class=\"elementor-toggle\">\n\t\t\t\t\t\t\t<div class=\"elementor-toggle-item\">\n\t\t\t\t\t<div id=\"elementor-tab-title-1271\" class=\"elementor-tab-title\" data-tab=\"1\" role=\"button\" aria-controls=\"elementor-tab-content-1271\" aria-expanded=\"false\">\n\t\t\t\t\t\t\t\t\t\t\t\t<a class=\"elementor-toggle-title\" tabindex=\"0\">17. Are there special discounts for groups for the accommodation service?<\/a>\n\t\t\t\t\t<\/div>\n\n\t\t\t\t\t<div id=\"elementor-tab-content-1271\" class=\"elementor-tab-content elementor-clearfix\" data-tab=\"1\" role=\"region\" aria-labelledby=\"elementor-tab-title-1271\">We operate under rates published by category of affiliation to the box.<\/div>\n\t\t\t\t<\/div>\n\t\t\t\t\t\t\t\t<\/div>\n\t\t\t\t\t\t<\/div>\n\t\t\t\t<\/div>\n\t\t\t\t<div class=\"elementor-element elementor-element-86b3286 elementor-widget elementor-widget-toggle\" data-id=\"86b3286\" data-element_type=\"widget\" data-widget_type=\"toggle.default\">\n\t\t\t\t<div class=\"elementor-widget-container\">\n\t\t\t\t\t\t\t<div class=\"elementor-toggle\">\n\t\t\t\t\t\t\t<div class=\"elementor-toggle-item\">\n\t\t\t\t\t<div id=\"elementor-tab-title-1411\" class=\"elementor-tab-title\" data-tab=\"1\" role=\"button\" aria-controls=\"elementor-tab-content-1411\" aria-expanded=\"false\">\n\t\t\t\t\t\t\t\t\t\t\t\t<a class=\"elementor-toggle-title\" tabindex=\"0\">18. Does the parking service in the recreation centers have any cost?<\/a>\n\t\t\t\t\t<\/div>\n\n\t\t\t\t\t<div id=\"elementor-tab-content-1411\" class=\"elementor-tab-content elementor-clearfix\" data-tab=\"1\" role=\"region\" aria-labelledby=\"elementor-tab-title-1411\">The service is free (not supervised).<\/div>\n\t\t\t\t<\/div>\n\t\t\t\t\t\t\t\t<\/div>\n\t\t\t\t\t\t<\/div>\n\t\t\t\t<\/div>\n\t\t\t\t<div class=\"elementor-element elementor-element-4c5f918 elementor-widget elementor-widget-toggle\" data-id=\"4c5f918\" data-element_type=\"widget\" data-widget_type=\"toggle.default\">\n\t\t\t\t<div class=\"elementor-widget-container\">\n\t\t\t\t\t\t\t<div class=\"elementor-toggle\">\n\t\t\t\t\t\t\t<div class=\"elementor-toggle-item\">\n\t\t\t\t\t<div id=\"elementor-tab-title-8001\" class=\"elementor-tab-title\" data-tab=\"1\" role=\"button\" aria-controls=\"elementor-tab-content-8001\" aria-expanded=\"false\">\n\t\t\t\t\t\t\t\t\t\t\t\t<a class=\"elementor-toggle-title\" tabindex=\"0\">19. How do I pay if I am in a city other than Cali?<\/a>\n\t\t\t\t\t<\/div>\n\n\t\t\t\t\t<div id=\"elementor-tab-content-8001\" class=\"elementor-tab-content elementor-clearfix\" data-tab=\"1\" role=\"region\" aria-labelledby=\"elementor-tab-title-8001\"><p>You can make a reservation and electronic payment on the page <a href=\"https:\/\/hotelesdelagente.comfenalcovalle.com.co\/\">hotelesdelagente.comfenalcovalle.com.co <\/a>. Tambi\u00e9n puede hacer la reserva por el canal telef\u00f3nico en la l\u00ednea (602) 8862727 opci\u00f3n 2.<\/p><\/div>\n\t\t\t\t<\/div>\n\t\t\t\t\t\t\t\t<\/div>\n\t\t\t\t\t\t<\/div>\n\t\t\t\t<\/div>\n\t\t\t\t<div class=\"elementor-element elementor-element-f8f17b3 elementor-widget elementor-widget-toggle\" data-id=\"f8f17b3\" data-element_type=\"widget\" data-widget_type=\"toggle.default\">\n\t\t\t\t<div class=\"elementor-widget-container\">\n\t\t\t\t\t\t\t<div class=\"elementor-toggle\">\n\t\t\t\t\t\t\t<div class=\"elementor-toggle-item\">\n\t\t\t\t\t<div id=\"elementor-tab-title-2611\" class=\"elementor-tab-title\" data-tab=\"1\" role=\"button\" aria-controls=\"elementor-tab-content-2611\" aria-expanded=\"false\">\n\t\t\t\t\t\t\t\t\t\t\t\t<a class=\"elementor-toggle-title\" tabindex=\"0\">20. During the week can I go to Yanaconas and Villasol to spend the day?<\/a>\n\t\t\t\t\t<\/div>\n\n\t\t\t\t\t<div id=\"elementor-tab-content-2611\" class=\"elementor-tab-content elementor-clearfix\" data-tab=\"1\" role=\"region\" aria-labelledby=\"elementor-tab-title-2611\"><p>Si. No obstante Comfenalco Valle Delagente no cuenta con transporte programado para estos d\u00edas a menos que se traten de grupos mayores a 20 personas y se cobra el transporte.<\/p><\/div>\n\t\t\t\t<\/div>\n\t\t\t\t\t\t\t\t<\/div>\n\t\t\t\t\t\t<\/div>\n\t\t\t\t<\/div>\n\t\t\t\t<div class=\"elementor-element elementor-element-1643f0b elementor-widget elementor-widget-toggle\" data-id=\"1643f0b\" data-element_type=\"widget\" data-widget_type=\"toggle.default\">\n\t\t\t\t<div class=\"elementor-widget-container\">\n\t\t\t\t\t\t\t<div class=\"elementor-toggle\">\n\t\t\t\t\t\t\t<div class=\"elementor-toggle-item\">\n\t\t\t\t\t<div id=\"elementor-tab-title-2331\" class=\"elementor-tab-title\" data-tab=\"1\" role=\"button\" aria-controls=\"elementor-tab-content-2331\" aria-expanded=\"false\">\n\t\t\t\t\t\t\t\t\t\t\t\t<a class=\"elementor-toggle-title\" tabindex=\"0\">21. If I go on vacation and I am a member of the bank, do I have any special discount?<\/a>\n\t\t\t\t\t<\/div>\n\n\t\t\t\t\t<div id=\"elementor-tab-content-2331\" class=\"elementor-tab-content elementor-clearfix\" data-tab=\"1\" role=\"region\" aria-labelledby=\"elementor-tab-title-2331\">No, our rates are very cheap, allowing members to fully enjoy their vacations.<\/div>\n\t\t\t\t<\/div>\n\t\t\t\t\t\t\t\t<\/div>\n\t\t\t\t\t\t<\/div>\n\t\t\t\t<\/div>\n\t\t\t\t<div class=\"elementor-element elementor-element-25c7d1a elementor-widget elementor-widget-toggle\" data-id=\"25c7d1a\" data-element_type=\"widget\" data-widget_type=\"toggle.default\">\n\t\t\t\t<div class=\"elementor-widget-container\">\n\t\t\t\t\t\t\t<div class=\"elementor-toggle\">\n\t\t\t\t\t\t\t<div class=\"elementor-toggle-item\">\n\t\t\t\t\t<div id=\"elementor-tab-title-3961\" class=\"elementor-tab-title\" data-tab=\"1\" role=\"button\" aria-controls=\"elementor-tab-content-3961\" aria-expanded=\"false\">\n\t\t\t\t\t\t\t\t\t\t\t\t<a class=\"elementor-toggle-title\" tabindex=\"0\">22. If the room is delivered at 3:00 pm? Why do we have to deliver it at 1:00 pm if it is normally 24 hours?<\/a>\n\t\t\t\t\t<\/div>\n\n\t\t\t\t\t<div id=\"elementor-tab-content-3961\" class=\"elementor-tab-content elementor-clearfix\" data-tab=\"1\" role=\"region\" aria-labelledby=\"elementor-tab-title-3961\">The standard hotel schedule, which is the one that is handled in our hotels, is the delivery of the room at 3:00 p.m. and the delivery of the room must be at 1:00 p.m.<\/div>\n\t\t\t\t<\/div>\n\t\t\t\t\t\t\t\t<\/div>\n\t\t\t\t\t\t<\/div>\n\t\t\t\t<\/div>\n\t\t\t\t<div class=\"elementor-element elementor-element-2c4be2e elementor-widget elementor-widget-toggle\" data-id=\"2c4be2e\" data-element_type=\"widget\" data-widget_type=\"toggle.default\">\n\t\t\t\t<div class=\"elementor-widget-container\">\n\t\t\t\t\t\t\t<div class=\"elementor-toggle\">\n\t\t\t\t\t\t\t<div class=\"elementor-toggle-item\">\n\t\t\t\t\t<div id=\"elementor-tab-title-4641\" class=\"elementor-tab-title\" data-tab=\"1\" role=\"button\" aria-controls=\"elementor-tab-content-4641\" aria-expanded=\"false\">\n\t\t\t\t\t\t\t\t\t\t\t\t<a class=\"elementor-toggle-title\" tabindex=\"0\">23. Can I go out and enter the Recreation Center as many times as I want?<\/a>\n\t\t\t\t\t<\/div>\n\n\t\t\t\t\t<div id=\"elementor-tab-content-4641\" class=\"elementor-tab-content elementor-clearfix\" data-tab=\"1\" role=\"region\" aria-labelledby=\"elementor-tab-title-4641\"><p>S\u00ed, siempre y cuando porte su manilla para los alojados y para el pasad\u00eda se debe informar en taquilla o al guarda de seguridad. Comfenalco Valle Delagente no se hace responsable de cualquier incidente que se presente fuera de sus instalaciones.<\/p><\/div>\n\t\t\t\t<\/div>\n\t\t\t\t\t\t\t\t<\/div>\n\t\t\t\t\t\t<\/div>\n\t\t\t\t<\/div>\n\t\t\t\t<div class=\"elementor-element elementor-element-502777c elementor-widget elementor-widget-toggle\" data-id=\"502777c\" data-element_type=\"widget\" data-widget_type=\"toggle.default\">\n\t\t\t\t<div class=\"elementor-widget-container\">\n\t\t\t\t\t\t\t<div class=\"elementor-toggle\">\n\t\t\t\t\t\t\t<div class=\"elementor-toggle-item\">\n\t\t\t\t\t<div id=\"elementor-tab-title-8401\" class=\"elementor-tab-title\" data-tab=\"1\" role=\"button\" aria-controls=\"elementor-tab-content-8401\" aria-expanded=\"false\">\n\t\t\t\t\t\t\t\t\t\t\t\t<a class=\"elementor-toggle-title\" tabindex=\"0\">24. What services does the accommodation at Villasol include?<\/a>\n\t\t\t\t\t<\/div>\n\n\t\t\t\t\t<div id=\"elementor-tab-content-8401\" class=\"elementor-tab-content elementor-clearfix\" data-tab=\"1\" role=\"region\" aria-labelledby=\"elementor-tab-title-8401\">The accommodation includes one free hour of wet area (sauna, Turkish jacuzzi) and one free hour of sports equipment rental per night.<\/div>\n\t\t\t\t<\/div>\n\t\t\t\t\t\t\t\t<\/div>\n\t\t\t\t\t\t<\/div>\n\t\t\t\t<\/div>\n\t\t\t\t<div class=\"elementor-element elementor-element-91c879b elementor-widget elementor-widget-toggle\" data-id=\"91c879b\" data-element_type=\"widget\" data-widget_type=\"toggle.default\">\n\t\t\t\t<div class=\"elementor-widget-container\">\n\t\t\t\t\t\t\t<div class=\"elementor-toggle\">\n\t\t\t\t\t\t\t<div class=\"elementor-toggle-item\">\n\t\t\t\t\t<div id=\"elementor-tab-title-1521\" class=\"elementor-tab-title\" data-tab=\"1\" role=\"button\" aria-controls=\"elementor-tab-content-1521\" aria-expanded=\"false\">\n\t\t\t\t\t\t\t\t\t\t\t\t<a class=\"elementor-toggle-title\" tabindex=\"0\">25. Until what time do we have the use of the pool if I stay at Villasol and Yanaconas?<\/a>\n\t\t\t\t\t<\/div>\n\n\t\t\t\t\t<div id=\"elementor-tab-content-1521\" class=\"elementor-tab-content elementor-clearfix\" data-tab=\"1\" role=\"region\" aria-labelledby=\"elementor-tab-title-1521\">The pool service is open until 9:00 pm for those staying in the hotels.<\/div>\n\t\t\t\t<\/div>\n\t\t\t\t\t\t\t\t<\/div>\n\t\t\t\t\t\t<\/div>\n\t\t\t\t<\/div>\n\t\t\t\t<div class=\"elementor-element elementor-element-ed9a34e elementor-widget elementor-widget-toggle\" data-id=\"ed9a34e\" data-element_type=\"widget\" data-widget_type=\"toggle.default\">\n\t\t\t\t<div class=\"elementor-widget-container\">\n\t\t\t\t\t\t\t<div class=\"elementor-toggle\">\n\t\t\t\t\t\t\t<div class=\"elementor-toggle-item\">\n\t\t\t\t\t<div id=\"elementor-tab-title-2491\" class=\"elementor-tab-title\" data-tab=\"1\" role=\"button\" aria-controls=\"elementor-tab-content-2491\" aria-expanded=\"false\">\n\t\t\t\t\t\t\t\t\t\t\t\t<a class=\"elementor-toggle-title\" tabindex=\"0\">26. What services and settings does the Villasol Hotel and Recreation Center have?<\/a>\n\t\t\t\t\t<\/div>\n\n\t\t\t\t\t<div id=\"elementor-tab-content-2491\" class=\"elementor-tab-content elementor-clearfix\" data-tab=\"1\" role=\"region\" aria-labelledby=\"elementor-tab-title-2491\">The Recreation Center has two multiple basketball and micro soccer courts, a beach volleyball court, a soccer field, restaurant service, a swimming pool for adults, a children&#039;s pool, a wet area that is a sauna, a jacuzzi, a lodging area , large green areas and various board games.<\/div>\n\t\t\t\t<\/div>\n\t\t\t\t\t\t\t\t<\/div>\n\t\t\t\t\t\t<\/div>\n\t\t\t\t<\/div>\n\t\t\t\t<div class=\"elementor-element elementor-element-4ff5a53 elementor-widget elementor-widget-toggle\" data-id=\"4ff5a53\" data-element_type=\"widget\" data-widget_type=\"toggle.default\">\n\t\t\t\t<div class=\"elementor-widget-container\">\n\t\t\t\t\t\t\t<div class=\"elementor-toggle\">\n\t\t\t\t\t\t\t<div class=\"elementor-toggle-item\">\n\t\t\t\t\t<div id=\"elementor-tab-title-8381\" class=\"elementor-tab-title\" data-tab=\"1\" role=\"button\" aria-controls=\"elementor-tab-content-8381\" aria-expanded=\"false\">\n\t\t\t\t\t\t\t\t\t\t\t\t<a class=\"elementor-toggle-title\" tabindex=\"0\">27. Can we bring in liquor?<\/a>\n\t\t\t\t\t<\/div>\n\n\t\t\t\t\t<div id=\"elementor-tab-content-8381\" class=\"elementor-tab-content elementor-clearfix\" data-tab=\"1\" role=\"region\" aria-labelledby=\"elementor-tab-title-8381\"><p>The entry of alcoholic beverages and psychoactive substances is not allowed.<\/p><\/div>\n\t\t\t\t<\/div>\n\t\t\t\t\t\t\t\t<\/div>\n\t\t\t\t\t\t<\/div>\n\t\t\t\t<\/div>\n\t\t\t\t<div class=\"elementor-element elementor-element-9547e9b elementor-widget elementor-widget-toggle\" data-id=\"9547e9b\" data-element_type=\"widget\" data-widget_type=\"toggle.default\">\n\t\t\t\t<div class=\"elementor-widget-container\">\n\t\t\t\t\t\t\t<div class=\"elementor-toggle\">\n\t\t\t\t\t\t\t<div class=\"elementor-toggle-item\">\n\t\t\t\t\t<div id=\"elementor-tab-title-1561\" class=\"elementor-tab-title\" data-tab=\"1\" role=\"button\" aria-controls=\"elementor-tab-content-1561\" aria-expanded=\"false\">\n\t\t\t\t\t\t\t\t\t\t\t\t<a class=\"elementor-toggle-title\" tabindex=\"0\">28. Can we enter recorders?<\/a>\n\t\t\t\t\t<\/div>\n\n\t\t\t\t\t<div id=\"elementor-tab-content-1561\" class=\"elementor-tab-content elementor-clearfix\" data-tab=\"1\" role=\"region\" aria-labelledby=\"elementor-tab-title-1561\">Yes, you can listen to music at a moderate volume, out of respect for our guests, after 10:00 pm noise is not allowed in the accommodation area.<\/div>\n\t\t\t\t<\/div>\n\t\t\t\t\t\t\t\t<\/div>\n\t\t\t\t\t\t<\/div>\n\t\t\t\t<\/div>\n\t\t\t\t<div class=\"elementor-element elementor-element-7f82e6d elementor-widget elementor-widget-toggle\" data-id=\"7f82e6d\" data-element_type=\"widget\" data-widget_type=\"toggle.default\">\n\t\t\t\t<div class=\"elementor-widget-container\">\n\t\t\t\t\t\t\t<div class=\"elementor-toggle\">\n\t\t\t\t\t\t\t<div class=\"elementor-toggle-item\">\n\t\t\t\t\t<div id=\"elementor-tab-title-1331\" class=\"elementor-tab-title\" data-tab=\"1\" role=\"button\" aria-controls=\"elementor-tab-content-1331\" aria-expanded=\"false\">\n\t\t\t\t\t\t\t\t\t\t\t\t<a class=\"elementor-toggle-title\" tabindex=\"0\">29. How are the day passes handled?<\/a>\n\t\t\t\t\t<\/div>\n\n\t\t\t\t\t<div id=\"elementor-tab-content-1331\" class=\"elementor-tab-content elementor-clearfix\" data-tab=\"1\" role=\"region\" aria-labelledby=\"elementor-tab-title-1331\">If you have a pass, you can enter with you and 3 more people, that is, the pass is for 4 people in total, does not include food and drinks. The expiration date is the one that is put on the front or on the back to get closer to redeeming it, it must be current. All companions must be members of the Family Compensation Fund.<\/div>\n\t\t\t\t<\/div>\n\t\t\t\t\t\t\t\t<\/div>\n\t\t\t\t\t\t<\/div>\n\t\t\t\t<\/div>\n\t\t\t\t\t<\/div>\n\t\t<\/div>\n\t\t\t\t\t<\/div>\n\t\t<\/div>\n\t\t\t\t\t<\/div>\n\t\t<\/div>\n\t\t\t\t\t<\/div>\n\t\t<\/div>\n\t\t\t\t<\/div>\n\t\t<\/div><div id=\"jet-tabs-content-1015\" class=\"jet-tabs__content\" data-tab=\"5\" role=\"tabpanel\" aria-hidden=\"true\" data-template-id=\"2864\">\t\t<div data-elementor-type=\"page\" data-elementor-id=\"2864\" class=\"elementor elementor-2864\" data-elementor-post-type=\"elementor_library\">\n\t\t\t\t\t\t<div class=\"elementor-section elementor-top-section elementor-element elementor-element-d22e0d6 elementor-section-boxed elementor-section-height-default elementor-section-height-default\" data-id=\"d22e0d6\" data-element_type=\"section\">\n\t\t\t\t\t\t<div class=\"elementor-container elementor-column-gap-default\">\n\t\t\t\t\t<div class=\"elementor-column elementor-col-100 elementor-top-column elementor-element elementor-element-8525d52\" data-id=\"8525d52\" data-element_type=\"column\">\n\t\t\t<div class=\"elementor-widget-wrap elementor-element-populated\">\n\t\t\t\t\t\t<div class=\"elementor-element elementor-element-ae1c97c elementor-widget elementor-widget-heading\" data-id=\"ae1c97c\" data-element_type=\"widget\" data-widget_type=\"heading.default\">\n\t\t\t\t<div class=\"elementor-widget-container\">\n\t\t\t\t\t<div class=\"elementor-heading-title elementor-size-default\">living place<\/div>\t\t\t\t<\/div>\n\t\t\t\t<\/div>\n\t\t\t\t<div class=\"elementor-section elementor-inner-section elementor-element elementor-element-afa3adf elementor-section-boxed elementor-section-height-default elementor-section-height-default\" data-id=\"afa3adf\" data-element_type=\"section\">\n\t\t\t\t\t\t<div class=\"elementor-container elementor-column-gap-default\">\n\t\t\t\t\t<div class=\"elementor-column elementor-col-100 elementor-inner-column elementor-element elementor-element-b9cc212\" data-id=\"b9cc212\" data-element_type=\"column\">\n\t\t\t<div class=\"elementor-widget-wrap elementor-element-populated\">\n\t\t\t\t\t\t<div class=\"elementor-element elementor-element-6c6e62f elementor-widget elementor-widget-toggle\" data-id=\"6c6e62f\" data-element_type=\"widget\" data-widget_type=\"toggle.default\">\n\t\t\t\t<div class=\"elementor-widget-container\">\n\t\t\t\t\t\t\t<div class=\"elementor-toggle\">\n\t\t\t\t\t\t\t<div class=\"elementor-toggle-item\">\n\t\t\t\t\t<div id=\"elementor-tab-title-1131\" class=\"elementor-tab-title\" data-tab=\"1\" role=\"button\" aria-controls=\"elementor-tab-content-1131\" aria-expanded=\"false\">\n\t\t\t\t\t\t\t\t\t\t\t\t<a class=\"elementor-toggle-title\" tabindex=\"0\">1. Requirements for the housing subsidy application.<\/a>\n\t\t\t\t\t<\/div>\n\n\t\t\t\t\t<div id=\"elementor-tab-content-1131\" class=\"elementor-tab-content elementor-clearfix\" data-tab=\"1\" role=\"region\" aria-labelledby=\"elementor-tab-title-1131\"><ul><li>Having a household formed by one or more people who make up the same family nucleus.<\/li><li>The income of the family group must not exceed four (4) SMMLV.<\/li><li>Not owning a home, in the case of buying a new or used home.<\/li><li>Be the owner of the lot or terrace, free of domain limitations, resolution conditions, embargoes or encumbrances, in cases of construction on your own site.<\/li><li>Be the owner of a home with basic deficiencies such as structure, floors, roofs, etc., free of domain limitations, resolution conditions, embargoes or encumbrances, in addition to having the construction declared by public deed and duly registered, in the case of a subsidy for improvement.<\/li><li>Not having previously been a beneficiary of a family housing subsidy from the Compensation Fund, Inurbe, Forec, Banco Agrario, Caja Agraria, Focaf\u00e9, Caja Militar, Fonvivienda or credit from the ICT (Instituto de Cr\u00e9dito Territorial).<\/li><li>Accredit community mother status through a document issued by the ICBF (Colombian Institute of Family Welfare), if applicable.<\/li><li>Documents to apply for the family housing subsidy<br \/>De la p\u00e1gina web test.comfenalcovalle.com.co, puede descargarse el formulario e imprimirse, tambi\u00e9n encontrar\u00e1 el instructivo para diligenciar el formulario, o en nuestras oficinas de vivienda ubicadas en las regionales ser\u00e1 asesorado y se le entregar\u00e1 el formulario al solicitante.<\/li><li>Fill out the form in its entirety without amendments, without blank spaces.<\/li><li>Photocopy of the citizenship certificate of the adults, birth certificate of the minors, civil marriage certificate or proof of de facto marital union.<\/li><li>Labor certification issued by the employer dated no more than 30 days.<\/li><li>Prior savings certificate issued by the entity or entities where you have these resources, with an issue date not exceeding 30 days.<\/li><li>Approved mortgage credit certificate.<\/li><li>Additional documents, for special cases: Certification of ICBF as a community mother with an issue date of less than 30 days, Medical certification of physical or mental disability issued by the treating doctor, Certification of economic dependency (adults who do not work), where State that you are economically dependent on the affiliated worker, declaration before a notary of the status of female or male head of household<\/li><\/ul><\/div>\n\t\t\t\t<\/div>\n\t\t\t\t\t\t\t\t<\/div>\n\t\t\t\t\t\t<\/div>\n\t\t\t\t<\/div>\n\t\t\t\t<div class=\"elementor-element elementor-element-b75ccac elementor-widget elementor-widget-toggle\" data-id=\"b75ccac\" data-element_type=\"widget\" data-widget_type=\"toggle.default\">\n\t\t\t\t<div class=\"elementor-widget-container\">\n\t\t\t\t\t\t\t<div class=\"elementor-toggle\">\n\t\t\t\t\t\t\t<div class=\"elementor-toggle-item\">\n\t\t\t\t\t<div id=\"elementor-tab-title-1921\" class=\"elementor-tab-title\" data-tab=\"1\" role=\"button\" aria-controls=\"elementor-tab-content-1921\" aria-expanded=\"false\">\n\t\t\t\t\t\t\t\t\t\t\t\t<a class=\"elementor-toggle-title\" tabindex=\"0\">2. Office hours at the different offices<\/a>\n\t\t\t\t\t<\/div>\n\n\t\t\t\t\t<div id=\"elementor-tab-content-1921\" class=\"elementor-tab-content elementor-clearfix\" data-tab=\"1\" role=\"region\" aria-labelledby=\"elementor-tab-title-1921\"><p>Lunes a viernes de 8:00 a.m. a 4:00 p.m. en jornada continua.<\/p><\/div>\n\t\t\t\t<\/div>\n\t\t\t\t\t\t\t\t<\/div>\n\t\t\t\t\t\t<\/div>\n\t\t\t\t<\/div>\n\t\t\t\t<div class=\"elementor-element elementor-element-6f3e3b6 elementor-widget elementor-widget-toggle\" data-id=\"6f3e3b6\" data-element_type=\"widget\" data-widget_type=\"toggle.default\">\n\t\t\t\t<div class=\"elementor-widget-container\">\n\t\t\t\t\t\t\t<div class=\"elementor-toggle\">\n\t\t\t\t\t\t\t<div class=\"elementor-toggle-item\">\n\t\t\t\t\t<div id=\"elementor-tab-title-1161\" class=\"elementor-tab-title\" data-tab=\"1\" role=\"button\" aria-controls=\"elementor-tab-content-1161\" aria-expanded=\"false\">\n\t\t\t\t\t\t\t\t\t\t\t\t<a class=\"elementor-toggle-title\" tabindex=\"0\">3. Requirements to mobilize scheduled layoffs or savings<\/a>\n\t\t\t\t\t<\/div>\n\n\t\t\t\t\t<div id=\"elementor-tab-content-1161\" class=\"elementor-tab-content elementor-clearfix\" data-tab=\"1\" role=\"region\" aria-labelledby=\"elementor-tab-title-1161\"><ul><li>Debe ser afiliado a la Caja de Compensaci\u00f3n Familiar Comfenalco Valle Delagente.<\/li><li>Not being applied for a housing subsidy by any entity<\/li><li>If you are applying for a housing subsidy, through an entity, you can only request mobilization of severance pay or cancellation of programmed savings if you renounce said process.<\/li><li>In the event of having been awarded a housing subsidy through this Compensation Fund, the payment of said subsidy must have been made to the construction company or bidder where the property was purchased. To certify it, you must present peace of mind from the builder or bidder.<\/li><li>Para movilizaci\u00f3n de cesant\u00edas, debe traer certificaci\u00f3n original de la entidad donde tiene inmovilizadas sus cesant\u00edas, con vigencia de treinta (30) d\u00edas, donde se especifiquen nombre y n\u00famero de c\u00e9dula del titular, monto inmovilizado, fecha de inmovilizaci\u00f3n y el dato de que est\u00e1n inmovilizadas a nombre de la Caja de compensaci\u00f3n Comfenalco Valle Delagente.<\/li><li>To cancel a programmed savings account, you must bring an original certification from the entity where you have said savings, valid for thirty (30) days, specifying the name and identification number of the owner, the amount saved, and the opening date.<\/li><\/ul><\/div>\n\t\t\t\t<\/div>\n\t\t\t\t\t\t\t\t<\/div>\n\t\t\t\t\t\t<\/div>\n\t\t\t\t<\/div>\n\t\t\t\t<div class=\"elementor-element elementor-element-d9e4a60 elementor-widget elementor-widget-toggle\" data-id=\"d9e4a60\" data-element_type=\"widget\" data-widget_type=\"toggle.default\">\n\t\t\t\t<div class=\"elementor-widget-container\">\n\t\t\t\t\t\t\t<div class=\"elementor-toggle\">\n\t\t\t\t\t\t\t<div class=\"elementor-toggle-item\">\n\t\t\t\t\t<div id=\"elementor-tab-title-2281\" class=\"elementor-tab-title\" data-tab=\"1\" role=\"button\" aria-controls=\"elementor-tab-content-2281\" aria-expanded=\"false\">\n\t\t\t\t\t\t\t\t\t\t\t\t<a class=\"elementor-toggle-title\" tabindex=\"0\">4. \u00bfA qu\u00e9 proyectos se pueden postular los afiliados a la Caja de Compensaci\u00f3n Familiar Comfenalco Valle Delagente?<\/a>\n\t\t\t\t\t<\/div>\n\n\t\t\t\t\t<div id=\"elementor-tab-content-2281\" class=\"elementor-tab-content elementor-clearfix\" data-tab=\"1\" role=\"region\" aria-labelledby=\"elementor-tab-title-2281\"><p>The beneficiaries of the Family Compensation Funds may apply the subsidies granted by them, within the plans eligible for this purpose, for the acquisition of a new home, or for construction on their own site, or improvement, provided that the maximum value of the Home of Social Interest (VIS) does not exceed the amount equivalent to one hundred and thirty-five current legal monthly minimum wages (135 smlmv), in the case of real estate located in urban areas and does not exceed seventy current monthly legal minimum wages (70 smlmv), for properties located in rural areas, it also has national coverage.<\/p><\/div>\n\t\t\t\t<\/div>\n\t\t\t\t\t\t\t\t<\/div>\n\t\t\t\t\t\t<\/div>\n\t\t\t\t<\/div>\n\t\t\t\t<div class=\"elementor-element elementor-element-7b871b9 elementor-widget elementor-widget-toggle\" data-id=\"7b871b9\" data-element_type=\"widget\" data-widget_type=\"toggle.default\">\n\t\t\t\t<div class=\"elementor-widget-container\">\n\t\t\t\t\t\t\t<div class=\"elementor-toggle\">\n\t\t\t\t\t\t\t<div class=\"elementor-toggle-item\">\n\t\t\t\t\t<div id=\"elementor-tab-title-1291\" class=\"elementor-tab-title\" data-tab=\"1\" role=\"button\" aria-controls=\"elementor-tab-content-1291\" aria-expanded=\"false\">\n\t\t\t\t\t\t\t\t\t\t\t\t<a class=\"elementor-toggle-title\" tabindex=\"0\">5. \u00bfSi estoy en el exterior y soy afiliado a la caja de Compensaci\u00f3n Comfenalco Valle Delagente como es el proceso para la postulaci\u00f3n al subsidio?<\/a>\n\t\t\t\t\t<\/div>\n\n\t\t\t\t\t<div id=\"elementor-tab-content-1291\" class=\"elementor-tab-content elementor-clearfix\" data-tab=\"1\" role=\"region\" aria-labelledby=\"elementor-tab-title-1291\">Colombians living abroad whose family lives in Colombia in accordance with Law 789 of 2002, Decrees 4108 of 2011, 682 of 2014, 1160 of 2010, may join the Family Compensation Fund by contributing the 2% and meeting the other requirements for postulation. In the same way, for procedures and signatures during the process, the affiliate must grant a power of attorney where his residence abroad is validated.<\/div>\n\t\t\t\t<\/div>\n\t\t\t\t\t\t\t\t<\/div>\n\t\t\t\t\t\t<\/div>\n\t\t\t\t<\/div>\n\t\t\t\t<div class=\"elementor-element elementor-element-83fcc44 elementor-widget elementor-widget-toggle\" data-id=\"83fcc44\" data-element_type=\"widget\" data-widget_type=\"toggle.default\">\n\t\t\t\t<div class=\"elementor-widget-container\">\n\t\t\t\t\t\t\t<div class=\"elementor-toggle\">\n\t\t\t\t\t\t\t<div class=\"elementor-toggle-item\">\n\t\t\t\t\t<div id=\"elementor-tab-title-1381\" class=\"elementor-tab-title\" data-tab=\"1\" role=\"button\" aria-controls=\"elementor-tab-content-1381\" aria-expanded=\"false\">\n\t\t\t\t\t\t\t\t\t\t\t\t<a class=\"elementor-toggle-title\" tabindex=\"0\">6. What is the home improvement subsidy?<\/a>\n\t\t\t\t\t<\/div>\n\n\t\t\t\t\t<div id=\"elementor-tab-content-1381\" class=\"elementor-tab-content elementor-clearfix\" data-tab=\"1\" role=\"region\" aria-labelledby=\"elementor-tab-title-1381\">It is the process by which the beneficiary of the subsidy overcomes one or several of the basic deficiencies of a home belonging to a legal or legalized development, or to a building, in aspects such as its main structure, foundations, walls or roofs, lack or dilapidated electrical or aqueduct networks, and whose development requires obtaining prior permits or licenses from the competent authorities. The total value of the rural housing solution must not exceed 70 SMMLV and in the case of urban properties it must not exceed 135 SMMLV.<\/div>\n\t\t\t\t<\/div>\n\t\t\t\t\t\t\t\t<\/div>\n\t\t\t\t\t\t<\/div>\n\t\t\t\t<\/div>\n\t\t\t\t\t<\/div>\n\t\t<\/div>\n\t\t\t\t\t<\/div>\n\t\t<\/div>\n\t\t\t\t\t<\/div>\n\t\t<\/div>\n\t\t\t\t\t<\/div>\n\t\t<\/div>\n\t\t\t\t<\/div>\n\t\t<\/div><div id=\"jet-tabs-content-1016\" class=\"jet-tabs__content\" data-tab=\"6\" role=\"tabpanel\" aria-hidden=\"true\" data-template-id=\"2888\">\t\t<div data-elementor-type=\"page\" data-elementor-id=\"2888\" class=\"elementor elementor-2888\" data-elementor-post-type=\"elementor_library\">\n\t\t\t\t\t\t<div class=\"elementor-section elementor-top-section elementor-element elementor-element-06393ed elementor-section-boxed elementor-section-height-default elementor-section-height-default\" data-id=\"06393ed\" data-element_type=\"section\">\n\t\t\t\t\t\t<div class=\"elementor-container elementor-column-gap-default\">\n\t\t\t\t\t<div class=\"elementor-column elementor-col-100 elementor-top-column elementor-element elementor-element-d838f91\" data-id=\"d838f91\" data-element_type=\"column\">\n\t\t\t<div class=\"elementor-widget-wrap elementor-element-populated\">\n\t\t\t\t\t\t<div class=\"elementor-element elementor-element-87caadc elementor-widget elementor-widget-heading\" data-id=\"87caadc\" data-element_type=\"widget\" data-widget_type=\"heading.default\">\n\t\t\t\t<div class=\"elementor-widget-container\">\n\t\t\t\t\t<div class=\"elementor-heading-title elementor-size-default\">Financial services<\/div>\t\t\t\t<\/div>\n\t\t\t\t<\/div>\n\t\t\t\t<div class=\"elementor-section elementor-inner-section elementor-element elementor-element-e7278c7 elementor-section-boxed elementor-section-height-default elementor-section-height-default\" data-id=\"e7278c7\" data-element_type=\"section\">\n\t\t\t\t\t\t<div class=\"elementor-container elementor-column-gap-default\">\n\t\t\t\t\t<div class=\"elementor-column elementor-col-100 elementor-inner-column elementor-element elementor-element-a55bf93\" data-id=\"a55bf93\" data-element_type=\"column\">\n\t\t\t<div class=\"elementor-widget-wrap elementor-element-populated\">\n\t\t\t\t\t\t<div class=\"elementor-element elementor-element-7a2d887 elementor-widget elementor-widget-toggle\" data-id=\"7a2d887\" data-element_type=\"widget\" data-widget_type=\"toggle.default\">\n\t\t\t\t<div class=\"elementor-widget-container\">\n\t\t\t\t\t\t\t<div class=\"elementor-toggle\">\n\t\t\t\t\t\t\t<div class=\"elementor-toggle-item\">\n\t\t\t\t\t<div id=\"elementor-tab-title-1281\" class=\"elementor-tab-title\" data-tab=\"1\" role=\"button\" aria-controls=\"elementor-tab-content-1281\" aria-expanded=\"false\">\n\t\t\t\t\t\t\t\t\t\t\t\t<a class=\"elementor-toggle-title\" tabindex=\"0\">1. To apply for a loan in Financial Services, do I necessarily have to be affiliated with Comfenalco?<\/a>\n\t\t\t\t\t<\/div>\n\n\t\t\t\t\t<div id=\"elementor-tab-content-1281\" class=\"elementor-tab-content elementor-clearfix\" data-tab=\"1\" role=\"region\" aria-labelledby=\"elementor-tab-title-1281\"><p>Si, debe ser afiliado a Caja de Compensaci\u00f3n Familiar Comfenalco Valle Delagente.<\/p><\/div>\n\t\t\t\t<\/div>\n\t\t\t\t\t\t\t\t<\/div>\n\t\t\t\t\t\t<\/div>\n\t\t\t\t<\/div>\n\t\t\t\t<div class=\"elementor-element elementor-element-f93e984 elementor-widget elementor-widget-toggle\" data-id=\"f93e984\" data-element_type=\"widget\" data-widget_type=\"toggle.default\">\n\t\t\t\t<div class=\"elementor-widget-container\">\n\t\t\t\t\t\t\t<div class=\"elementor-toggle\">\n\t\t\t\t\t\t\t<div class=\"elementor-toggle-item\">\n\t\t\t\t\t<div id=\"elementor-tab-title-2611\" class=\"elementor-tab-title\" data-tab=\"1\" role=\"button\" aria-controls=\"elementor-tab-content-2611\" aria-expanded=\"false\">\n\t\t\t\t\t\t\t\t\t\t\t\t<a class=\"elementor-toggle-title\" tabindex=\"0\">2. If I have a loan with Financial Services and I do not want the discount to be applied to my payroll, what should I do?<\/a>\n\t\t\t\t\t<\/div>\n\n\t\t\t\t\t<div id=\"elementor-tab-content-2611\" class=\"elementor-tab-content elementor-clearfix\" data-tab=\"1\" role=\"region\" aria-labelledby=\"elementor-tab-title-2611\">In all cases of employee credits, the payroll discount is a requirement, after signing an agreement by the Company where the worker works.<\/div>\n\t\t\t\t<\/div>\n\t\t\t\t\t\t\t\t<\/div>\n\t\t\t\t\t\t<\/div>\n\t\t\t\t<\/div>\n\t\t\t\t<div class=\"elementor-element elementor-element-fe98baf elementor-widget elementor-widget-toggle\" data-id=\"fe98baf\" data-element_type=\"widget\" data-widget_type=\"toggle.default\">\n\t\t\t\t<div class=\"elementor-widget-container\">\n\t\t\t\t\t\t\t<div class=\"elementor-toggle\">\n\t\t\t\t\t\t\t<div class=\"elementor-toggle-item\">\n\t\t\t\t\t<div id=\"elementor-tab-title-2661\" class=\"elementor-tab-title\" data-tab=\"1\" role=\"button\" aria-controls=\"elementor-tab-content-2661\" aria-expanded=\"false\">\n\t\t\t\t\t\t\t\t\t\t\t\t<a class=\"elementor-toggle-title\" tabindex=\"0\">3. What are the main requirements to access a loan with Financial Services?<\/a>\n\t\t\t\t\t<\/div>\n\n\t\t\t\t\t<div id=\"elementor-tab-content-2661\" class=\"elementor-tab-content elementor-clearfix\" data-tab=\"1\" role=\"region\" aria-labelledby=\"elementor-tab-title-2661\"><ul><li>Be a worker affiliated with the Compensation Fund.<\/li><li>Have authorization from the company for the payroll discount.<\/li><li>Have ability to pay and payroll discount.<\/li><li>Adequate credit behavior in risk centers.<\/li><li>Antig\u00fcedad laboral m\u00ednima de dos a\u00f1os.<\/li><\/ul><p><br \/>El tr\u00e1mite se realiza de forma virtual y en el diligenciamiento debes aportar la siguiente documentaci\u00f3n:<\/p><ul><li>Employment letter valid for no more than 30 days.<\/li><li>Photocopy enlarged to 150 of the citizenship card.<\/li><li>Payroll stubs for the last two months.<\/li><li>Certificado de deuda con entidad bancaria (Aplica en casos de compra de cartera).<\/li><\/ul><\/div>\n\t\t\t\t<\/div>\n\t\t\t\t\t\t\t\t<\/div>\n\t\t\t\t\t\t<\/div>\n\t\t\t\t<\/div>\n\t\t\t\t<div class=\"elementor-element elementor-element-8d7a8d1 elementor-widget elementor-widget-toggle\" data-id=\"8d7a8d1\" data-element_type=\"widget\" data-widget_type=\"toggle.default\">\n\t\t\t\t<div class=\"elementor-widget-container\">\n\t\t\t\t\t\t\t<div class=\"elementor-toggle\">\n\t\t\t\t\t\t\t<div class=\"elementor-toggle-item\">\n\t\t\t\t\t<div id=\"elementor-tab-title-1481\" class=\"elementor-tab-title\" data-tab=\"1\" role=\"button\" aria-controls=\"elementor-tab-content-1481\" aria-expanded=\"false\">\n\t\t\t\t\t\t\t\t\t\t\t\t<a class=\"elementor-toggle-title\" tabindex=\"0\">4. What interest rate does Financial Services handle for its credits?<\/a>\n\t\t\t\t\t<\/div>\n\n\t\t\t\t\t<div id=\"elementor-tab-content-1481\" class=\"elementor-tab-content elementor-clearfix\" data-tab=\"1\" role=\"region\" aria-labelledby=\"elementor-tab-title-1481\"><p>The rates vary according to the term and risk profile; however, they are very competitive against the financial sector.<\/p><\/div>\n\t\t\t\t<\/div>\n\t\t\t\t\t\t\t\t<\/div>\n\t\t\t\t\t\t<\/div>\n\t\t\t\t<\/div>\n\t\t\t\t<div class=\"elementor-element elementor-element-bd01d79 elementor-widget elementor-widget-toggle\" data-id=\"bd01d79\" data-element_type=\"widget\" data-widget_type=\"toggle.default\">\n\t\t\t\t<div class=\"elementor-widget-container\">\n\t\t\t\t\t\t\t<div class=\"elementor-toggle\">\n\t\t\t\t\t\t\t<div class=\"elementor-toggle-item\">\n\t\t\t\t\t<div id=\"elementor-tab-title-1981\" class=\"elementor-tab-title\" data-tab=\"1\" role=\"button\" aria-controls=\"elementor-tab-content-1981\" aria-expanded=\"false\">\n\t\t\t\t\t\t\t\t\t\t\t\t<a class=\"elementor-toggle-title\" tabindex=\"0\">5. How long does it take to approve a loan?<\/a>\n\t\t\t\t\t<\/div>\n\n\t\t\t\t\t<div id=\"elementor-tab-content-1981\" class=\"elementor-tab-content elementor-clearfix\" data-tab=\"1\" role=\"region\" aria-labelledby=\"elementor-tab-title-1981\"><p>La aprobaci\u00f3n en condiciones normales que no requieran aclaraciones adicionales en el an\u00e1lisis, tiene un plazo m\u00e1ximo de respuesta de 3 d\u00edas.<\/p><\/div>\n\t\t\t\t<\/div>\n\t\t\t\t\t\t\t\t<\/div>\n\t\t\t\t\t\t<\/div>\n\t\t\t\t<\/div>\n\t\t\t\t<div class=\"elementor-element elementor-element-a0ce6b2 elementor-widget elementor-widget-toggle\" data-id=\"a0ce6b2\" data-element_type=\"widget\" data-widget_type=\"toggle.default\">\n\t\t\t\t<div class=\"elementor-widget-container\">\n\t\t\t\t\t\t\t<div class=\"elementor-toggle\">\n\t\t\t\t\t\t\t<div class=\"elementor-toggle-item\">\n\t\t\t\t\t<div id=\"elementor-tab-title-1681\" class=\"elementor-tab-title\" data-tab=\"1\" role=\"button\" aria-controls=\"elementor-tab-content-1681\" aria-expanded=\"false\">\n\t\t\t\t\t\t\t\t\t\t\t\t<a class=\"elementor-toggle-title\" tabindex=\"0\">6. If I am reported to the credit bureau, but I have peace of mind from the entities that reported me, can I access a loan with Financial Services?<\/a>\n\t\t\t\t\t<\/div>\n\n\t\t\t\t\t<div id=\"elementor-tab-content-1681\" class=\"elementor-tab-content elementor-clearfix\" data-tab=\"1\" role=\"region\" aria-labelledby=\"elementor-tab-title-1681\"><p>El hecho de tener paz y salvos de las entidades que te reportaron, no garantiza que el cr\u00e9dito ser\u00e1 aprobado, la decisi\u00f3n depender\u00e1 de las pol\u00edticas internas de cr\u00e9dito evaluando el perfil de riesgo.<\/p><\/div>\n\t\t\t\t<\/div>\n\t\t\t\t\t\t\t\t<\/div>\n\t\t\t\t\t\t<\/div>\n\t\t\t\t<\/div>\n\t\t\t\t<div class=\"elementor-element elementor-element-f3f053d elementor-widget elementor-widget-toggle\" data-id=\"f3f053d\" data-element_type=\"widget\" data-widget_type=\"toggle.default\">\n\t\t\t\t<div class=\"elementor-widget-container\">\n\t\t\t\t\t\t\t<div class=\"elementor-toggle\">\n\t\t\t\t\t\t\t<div class=\"elementor-toggle-item\">\n\t\t\t\t\t<div id=\"elementor-tab-title-2551\" class=\"elementor-tab-title\" data-tab=\"1\" role=\"button\" aria-controls=\"elementor-tab-content-2551\" aria-expanded=\"false\">\n\t\t\t\t\t\t\t\t\t\t\t\t<a class=\"elementor-toggle-title\" tabindex=\"0\">7. \u00bfSi quiero vender una cartera, puedo hacerlo a trav\u00e9s de Servicios Financieros de Comfenalco Valle Delagente?<\/a>\n\t\t\t\t\t<\/div>\n\n\t\t\t\t\t<div id=\"elementor-tab-content-2551\" class=\"elementor-tab-content elementor-clearfix\" data-tab=\"1\" role=\"region\" aria-labelledby=\"elementor-tab-title-2551\"><p>Yeah. We buy current financial portfolios seeking to unify them with the aim of improving people&#039;s cash flows and allowing them a better quality of life.<\/p><\/div>\n\t\t\t\t<\/div>\n\t\t\t\t\t\t\t\t<\/div>\n\t\t\t\t\t\t<\/div>\n\t\t\t\t<\/div>\n\t\t\t\t<div class=\"elementor-element elementor-element-90fad2e elementor-widget elementor-widget-toggle\" data-id=\"90fad2e\" data-element_type=\"widget\" data-widget_type=\"toggle.default\">\n\t\t\t\t<div class=\"elementor-widget-container\">\n\t\t\t\t\t\t\t<div class=\"elementor-toggle\">\n\t\t\t\t\t\t\t<div class=\"elementor-toggle-item\">\n\t\t\t\t\t<div id=\"elementor-tab-title-1521\" class=\"elementor-tab-title\" data-tab=\"1\" role=\"button\" aria-controls=\"elementor-tab-content-1521\" aria-expanded=\"false\">\n\t\t\t\t\t\t\t\t\t\t\t\t<a class=\"elementor-toggle-title\" tabindex=\"0\">8. Can I apply for a home loan through Financial Services?<\/a>\n\t\t\t\t\t<\/div>\n\n\t\t\t\t\t<div id=\"elementor-tab-content-1521\" class=\"elementor-tab-content elementor-clearfix\" data-tab=\"1\" role=\"region\" aria-labelledby=\"elementor-tab-title-1521\"><p>No contamos actualmente con esta l\u00ednea de cr\u00e9dito. Las l\u00edneas de cr\u00e9dito a las cuales puedes acceder son libre inversi\u00f3n y compra de cartera a trav\u00e9s de descuento por n\u00f3mina y Anticipo de Subsidio.<\/p><\/div>\n\t\t\t\t<\/div>\n\t\t\t\t\t\t\t\t<\/div>\n\t\t\t\t\t\t<\/div>\n\t\t\t\t<\/div>\n\t\t\t\t<div class=\"elementor-element elementor-element-ff18af3 elementor-widget elementor-widget-toggle\" data-id=\"ff18af3\" data-element_type=\"widget\" data-widget_type=\"toggle.default\">\n\t\t\t\t<div class=\"elementor-widget-container\">\n\t\t\t\t\t\t\t<div class=\"elementor-toggle\">\n\t\t\t\t\t\t\t<div class=\"elementor-toggle-item\">\n\t\t\t\t\t<div id=\"elementor-tab-title-2671\" class=\"elementor-tab-title\" data-tab=\"1\" role=\"button\" aria-controls=\"elementor-tab-content-2671\" aria-expanded=\"false\">\n\t\t\t\t\t\t\t\t\t\t\t\t<a class=\"elementor-toggle-title\" tabindex=\"0\">9. Will Financial Services lend me to set up a micro-enterprise?<\/a>\n\t\t\t\t\t<\/div>\n\n\t\t\t\t\t<div id=\"elementor-tab-content-2671\" class=\"elementor-tab-content elementor-clearfix\" data-tab=\"1\" role=\"region\" aria-labelledby=\"elementor-tab-title-2671\"><p>En la actualidad no contamos con esta l\u00ednea de cr\u00e9dito. Sin embargo, puede acceder a la l\u00ednea de cr\u00e9dito de Libre inversi\u00f3n a trav\u00e9s de descuento por n\u00f3mina, y podr\u00e1 definir el destino de acuerdo con su necesidad.<\/p><\/div>\n\t\t\t\t<\/div>\n\t\t\t\t\t\t\t\t<\/div>\n\t\t\t\t\t\t<\/div>\n\t\t\t\t<\/div>\n\t\t\t\t<div class=\"elementor-element elementor-element-eb9df0f elementor-widget elementor-widget-toggle\" data-id=\"eb9df0f\" data-element_type=\"widget\" data-widget_type=\"toggle.default\">\n\t\t\t\t<div class=\"elementor-widget-container\">\n\t\t\t\t\t\t\t<div class=\"elementor-toggle\">\n\t\t\t\t\t\t\t<div class=\"elementor-toggle-item\">\n\t\t\t\t\t<div id=\"elementor-tab-title-2471\" class=\"elementor-tab-title\" data-tab=\"1\" role=\"button\" aria-controls=\"elementor-tab-content-2471\" aria-expanded=\"false\">\n\t\t\t\t\t\t\t\t\t\t\t\t<a class=\"elementor-toggle-title\" tabindex=\"0\">10. \u00bfCobran alg\u00fan valor por estudiar un cr\u00e9dito o por concepto de papeler\u00eda<\/a>\n\t\t\t\t\t<\/div>\n\n\t\t\t\t\t<div id=\"elementor-tab-content-2471\" class=\"elementor-tab-content elementor-clearfix\" data-tab=\"1\" role=\"region\" aria-labelledby=\"elementor-tab-title-2471\"><p>Comfenalco Valle Delagente no cobra por este concepto.<\/p><\/div>\n\t\t\t\t<\/div>\n\t\t\t\t\t\t\t\t<\/div>\n\t\t\t\t\t\t<\/div>\n\t\t\t\t<\/div>\n\t\t\t\t<div class=\"elementor-element elementor-element-1f6d18d elementor-widget elementor-widget-toggle\" data-id=\"1f6d18d\" data-element_type=\"widget\" data-widget_type=\"toggle.default\">\n\t\t\t\t<div class=\"elementor-widget-container\">\n\t\t\t\t\t\t\t<div class=\"elementor-toggle\">\n\t\t\t\t\t\t\t<div class=\"elementor-toggle-item\">\n\t\t\t\t\t<div id=\"elementor-tab-title-3291\" class=\"elementor-tab-title\" data-tab=\"1\" role=\"button\" aria-controls=\"elementor-tab-content-3291\" aria-expanded=\"false\">\n\t\t\t\t\t\t\t\t\t\t\t\t<a class=\"elementor-toggle-title\" tabindex=\"0\">11. \u00bfSi tengo un cr\u00e9dito vigente y decido pagarlo anticipadamente, me cobran alguna sanci\u00f3n?<\/a>\n\t\t\t\t\t<\/div>\n\n\t\t\t\t\t<div id=\"elementor-tab-content-3291\" class=\"elementor-tab-content elementor-clearfix\" data-tab=\"1\" role=\"region\" aria-labelledby=\"elementor-tab-title-3291\"><p>No penalty is charged for prepaying a credit.<\/p><\/div>\n\t\t\t\t<\/div>\n\t\t\t\t\t\t\t\t<\/div>\n\t\t\t\t\t\t<\/div>\n\t\t\t\t<\/div>\n\t\t\t\t\t<\/div>\n\t\t<\/div>\n\t\t\t\t\t<\/div>\n\t\t<\/div>\n\t\t\t\t\t<\/div>\n\t\t<\/div>\n\t\t\t\t\t<\/div>\n\t\t<\/div>\n\t\t\t\t<\/div>\n\t\t<\/div><div id=\"jet-tabs-content-1017\" class=\"jet-tabs__content\" data-tab=\"7\" role=\"tabpanel\" aria-hidden=\"true\" data-template-id=\"2892\">\t\t<div data-elementor-type=\"page\" data-elementor-id=\"2892\" class=\"elementor elementor-2892\" data-elementor-post-type=\"elementor_library\">\n\t\t\t\t<div class=\"elementor-element elementor-element-f566731 e-flex e-con-boxed e-con e-parent\" data-id=\"f566731\" data-element_type=\"container\">\n\t\t\t\t\t<div class=\"e-con-inner\">\n\t\t\t\t<div class=\"elementor-element elementor-element-9709d92 elementor-widget elementor-widget-heading\" data-id=\"9709d92\" data-element_type=\"widget\" data-widget_type=\"heading.default\">\n\t\t\t\t<div class=\"elementor-widget-container\">\n\t\t\t\t\t<div class=\"elementor-heading-title elementor-size-default\">Employment Management and Placement Agency<\/div>\t\t\t\t<\/div>\n\t\t\t\t<\/div>\n\t\t\t\t<div class=\"elementor-element elementor-element-6588338 elementor-align-center elementor-widget elementor-widget-button\" data-id=\"6588338\" data-element_type=\"widget\" data-widget_type=\"button.default\">\n\t\t\t\t<div class=\"elementor-widget-container\">\n\t\t\t\t\t\t\t\t\t<div class=\"elementor-button-wrapper\">\n\t\t\t\t\t<a class=\"elementor-button elementor-button-link elementor-size-sm elementor-animation-shrink\" href=\"https:\/\/test.comfenalcovalle.com.co\/en\/que-es-el-mecanismo-de-proteccion-al-cesante\/\" target=\"_blank\">\n\t\t\t\t\t\t<span class=\"elementor-button-content-wrapper\">\n\t\t\t\t\t\t\t\t\t<span class=\"elementor-button-text\">Frequently asked questions about Employment Agency services<\/span>\n\t\t\t\t\t<\/span>\n\t\t\t\t\t<\/a>\n\t\t\t\t<\/div>\n\t\t\t\t\t\t\t\t<\/div>\n\t\t\t\t<\/div>\n\t\t\t\t\t<\/div>\n\t\t\t\t<\/div>\n\t\t\t\t<div class=\"elementor-section elementor-top-section elementor-element elementor-element-1f834e7 elementor-hidden-desktop elementor-hidden-tablet elementor-hidden-mobile elementor-section-boxed elementor-section-height-default elementor-section-height-default\" data-id=\"1f834e7\" data-element_type=\"section\">\n\t\t\t\t\t\t<div class=\"elementor-container elementor-column-gap-default\">\n\t\t\t\t\t<div class=\"elementor-column elementor-col-100 elementor-top-column elementor-element elementor-element-665f3fc\" data-id=\"665f3fc\" data-element_type=\"column\">\n\t\t\t<div class=\"elementor-widget-wrap elementor-element-populated\">\n\t\t\t\t\t\t<div class=\"elementor-element elementor-element-8e90396 elementor-widget elementor-widget-heading\" data-id=\"8e90396\" data-element_type=\"widget\" data-widget_type=\"heading.default\">\n\t\t\t\t<div class=\"elementor-widget-container\">\n\t\t\t\t\t<div class=\"elementor-heading-title elementor-size-default\">Employment Management and Placement Agency<\/div>\t\t\t\t<\/div>\n\t\t\t\t<\/div>\n\t\t\t\t<div class=\"elementor-section elementor-inner-section elementor-element elementor-element-fe88730 elementor-section-boxed elementor-section-height-default elementor-section-height-default\" data-id=\"fe88730\" data-element_type=\"section\">\n\t\t\t\t\t\t<div class=\"elementor-container elementor-column-gap-default\">\n\t\t\t\t\t<div class=\"elementor-column elementor-col-100 elementor-inner-column elementor-element elementor-element-68a18be\" data-id=\"68a18be\" data-element_type=\"column\">\n\t\t\t<div class=\"elementor-widget-wrap elementor-element-populated\">\n\t\t\t\t\t\t<div class=\"elementor-element elementor-element-53d6cf8 elementor-widget elementor-widget-toggle\" data-id=\"53d6cf8\" data-element_type=\"widget\" data-widget_type=\"toggle.default\">\n\t\t\t\t<div class=\"elementor-widget-container\">\n\t\t\t\t\t\t\t<div class=\"elementor-toggle\">\n\t\t\t\t\t\t\t<div class=\"elementor-toggle-item\">\n\t\t\t\t\t<div id=\"elementor-tab-title-8791\" class=\"elementor-tab-title\" data-tab=\"1\" role=\"button\" aria-controls=\"elementor-tab-content-8791\" aria-expanded=\"false\">\n\t\t\t\t\t\t\t\t\t\t\t\t<a class=\"elementor-toggle-title\" tabindex=\"0\">1. \u00bfCu\u00e1l es el horario de atenci\u00f3n de la Agencia de Empleo y en d\u00f3nde est\u00e1n ubicados?<\/a>\n\t\t\t\t\t<\/div>\n\n\t\t\t\t\t<div id=\"elementor-tab-content-8791\" class=\"elementor-tab-content elementor-clearfix\" data-tab=\"1\" role=\"region\" aria-labelledby=\"elementor-tab-title-8791\"><p>El horario de atenci\u00f3n de la Agencia de Empleo de Comfenalco Valle Delagente es:\u00a0<\/p><p><strong>Cali:<\/strong> Lunes a viernes de 8:00 a.m. a 2:00 p.m. jornada continua.<br \/><strong>Regional:<\/strong> Lunes a viernes 8:00 a.m. a 12:00 p.m.<\/p><p>Para ver las sedes haga\u00a0<a href=\"http:\/\/test.comfenalcovalle.com.co\/en\/personas\/agencia-de-gestion-y-colocacion-de-empleo\/\" data-uw-rm-brl=\"PR\" data-uw-original-href=\"http:\/\/test.comfenalcovalle.com.co\/personas\/agencia-de-gestion-y-colocacion-de-empleo\/\"><strong>Click here<\/strong><\/a><\/p><\/div>\n\t\t\t\t<\/div>\n\t\t\t\t\t\t\t\t<\/div>\n\t\t\t\t\t\t<\/div>\n\t\t\t\t<\/div>\n\t\t\t\t<div class=\"elementor-element elementor-element-2250063 elementor-widget elementor-widget-toggle\" data-id=\"2250063\" data-element_type=\"widget\" data-widget_type=\"toggle.default\">\n\t\t\t\t<div class=\"elementor-widget-container\">\n\t\t\t\t\t\t\t<div class=\"elementor-toggle\">\n\t\t\t\t\t\t\t<div class=\"elementor-toggle-item\">\n\t\t\t\t\t<div id=\"elementor-tab-title-3591\" class=\"elementor-tab-title\" data-tab=\"1\" role=\"button\" aria-controls=\"elementor-tab-content-3591\" aria-expanded=\"false\">\n\t\t\t\t\t\t\t\t\t\t\t\t<a class=\"elementor-toggle-title\" tabindex=\"0\">2. What are the requirements to access the unemployment subsidy?<\/a>\n\t\t\t\t\t<\/div>\n\n\t\t\t\t\t<div id=\"elementor-tab-content-3591\" class=\"elementor-tab-content elementor-clearfix\" data-tab=\"1\" role=\"region\" aria-labelledby=\"elementor-tab-title-3591\"><p><strong>Application requirements:<\/strong><\/p><ul><li>Being unemployed or unemployed (you must not be pensioned for disability, old age or survival).<\/li><li>If you contributed as a dependent worker in your last employment relationship, you must have made contributions to the Family Compensation Fund for one (1) continuous or discontinuous year, in the course of the last three (3) years. In the case of independent workers, you must have made contributions to the Family Compensation Fund for two (2) continuous or discontinuous years, in the course of the last three (3) years.<\/li><li>That the last Compensation Fund to which you have contributed is Comfenalco Valle Delagente and that you have listed as an affiliate in categories: A, B or C.<\/li><li>No haber sido beneficiario dentro de los \u00faltimos 3 a\u00f1os, de los pagos subsidios del Mecanismo de Protecci\u00f3n al Cesante (Ley 1636 y Decretos 488 y 770).<\/li><li>Estar inscrito en cualquiera de los servicios de empleo autorizados pertenecientes a la red del servicio p\u00fablico de empleo, y realizar obligatoriamente la ruta de empleabilidad haciendo click aqu\u00ed, o de forma presencial.<\/li><li>Mandatorily attend and certify the training program provided by the Employment Agency.<\/li><\/ul><p>\u00a0<\/p><p><strong>Documents to attach:<\/strong><\/p><ul><li>Copy of the legible identification document (on both sides).<\/li><li>Certificaci\u00f3n de la cesaci\u00f3n laboral expedida por el empleador, indicando la fecha exacta de la terminaci\u00f3n laboral, \u00faltima remuneraci\u00f3n del trabajador y motivo del retiro, debe estar debidamente firmada, en caso de que su carta no detalle estos tres (3) datos, por favor diligenciar y anexar a la postulaci\u00f3n la declaraci\u00f3n juramentada.<\/li><\/ul><p>\u00a0<\/p><p>Opcionalmente Presentar:<\/p><ul><li>Certificado de la EPS, donde se evidencie que su estado actual es Retirado, Subsidiado, Protecci\u00f3n laboral o Beneficiario.<\/li><li>Certification of the Pension Fund to which you are affiliated, valid for no more than 30 days.<br \/><br \/>Ver mas info en el link:\u00a0<a href=\"https:\/\/test.comfenalcovalle.com.co\/en\/postulacionesagenciadeempleo\/seguro-al-desempleo\/\" target=\"_blank\" rel=\"noopener\" data-saferedirecturl=\"https:\/\/www.google.com\/url?q=https:\/\/test.comfenalcovalle.com.co\/postulacionesagenciadeempleo\/seguro-al-desempleo\/&amp;source=gmail&amp;ust=1739282031755000&amp;usg=AOvVaw2SVKKdylbC3slytthnBVhD\">https:\/\/www.comfenalcovalle.<wbr \/>com.co\/<wbr \/>postulacionesagenciadeempleo\/<wbr \/>seguro-al-desempleo\/<\/a><\/li><\/ul><\/div>\n\t\t\t\t<\/div>\n\t\t\t\t\t\t\t\t<\/div>\n\t\t\t\t\t\t<\/div>\n\t\t\t\t<\/div>\n\t\t\t\t<div class=\"elementor-element elementor-element-2eb48eb elementor-widget elementor-widget-toggle\" data-id=\"2eb48eb\" data-element_type=\"widget\" data-widget_type=\"toggle.default\">\n\t\t\t\t<div class=\"elementor-widget-container\">\n\t\t\t\t\t\t\t<div class=\"elementor-toggle\">\n\t\t\t\t\t\t\t<div class=\"elementor-toggle-item\">\n\t\t\t\t\t<div id=\"elementor-tab-title-4891\" class=\"elementor-tab-title\" data-tab=\"1\" role=\"button\" aria-controls=\"elementor-tab-content-4891\" aria-expanded=\"false\">\n\t\t\t\t\t\t\t\t\t\t\t\t<a class=\"elementor-toggle-title\" tabindex=\"0\">3. What are the trainings you offer for the unemployed?<\/a>\n\t\t\t\t\t<\/div>\n\n\t\t\t\t\t<div id=\"elementor-tab-content-4891\" class=\"elementor-tab-content elementor-clearfix\" data-tab=\"1\" role=\"region\" aria-labelledby=\"elementor-tab-title-4891\">The Employment Agency has a wide variety of training courses such as: Excel Package, Customer Service, Office automation, Safety at Heights, CG UNO, etc. These trainings are variable from month to month.<\/div>\n\t\t\t\t<\/div>\n\t\t\t\t\t\t\t\t<\/div>\n\t\t\t\t\t\t<\/div>\n\t\t\t\t<\/div>\n\t\t\t\t\t<\/div>\n\t\t<\/div>\n\t\t\t\t\t<\/div>\n\t\t<\/div>\n\t\t\t\t\t<\/div>\n\t\t<\/div>\n\t\t\t\t\t<\/div>\n\t\t<\/div>\n\t\t\t\t<\/div>\n\t\t<\/div><div id=\"jet-tabs-content-1019\" class=\"jet-tabs__content\" data-tab=\"9\" role=\"tabpanel\" aria-hidden=\"true\" data-template-id=\"2869\">\t\t<div data-elementor-type=\"page\" data-elementor-id=\"2869\" class=\"elementor elementor-2869\" data-elementor-post-type=\"elementor_library\">\n\t\t\t\t<div class=\"elementor-element elementor-element-2f4c6cd e-flex e-con-boxed e-con e-parent\" data-id=\"2f4c6cd\" data-element_type=\"container\">\n\t\t\t\t\t<div class=\"e-con-inner\">\n\t\t\t\t<div class=\"elementor-element elementor-element-03b740b elementor-widget elementor-widget-heading\" data-id=\"03b740b\" data-element_type=\"widget\" data-widget_type=\"heading.default\">\n\t\t\t\t<div class=\"elementor-widget-container\">\n\t\t\t\t\t<div class=\"elementor-heading-title elementor-size-default\">Si tu consulta es sobre EPS Delagente ingresa:<\/div>\t\t\t\t<\/div>\n\t\t\t\t<\/div>\n\t\t\t\t<div class=\"elementor-element elementor-element-a063e12 elementor-widget elementor-widget-heading\" data-id=\"a063e12\" data-element_type=\"widget\" data-widget_type=\"heading.default\">\n\t\t\t\t<div class=\"elementor-widget-container\">\n\t\t\t\t\t<div class=\"elementor-heading-title elementor-size-default\"><a href=\"https:\/\/www.epsdelagente.com.co\/personas\/preguntas-frecuentes\/\" target=\"_blank\">https:\/\/www.epsdelagente.com.co\/personas\/preguntas-frecuentes\/<\/a><\/div>\t\t\t\t<\/div>\n\t\t\t\t<\/div>\n\t\t\t\t\t<\/div>\n\t\t\t\t<\/div>\n\t\t\t\t<\/div>\n\t\t<\/div>\t\t\t<\/div>\n\t\t\t\t\t<\/div>\n\t\t\t\t\t\t<\/div>\n\t\t\t\t<\/div>\n\t\t\t\t\t<\/div>\n\t\t<\/div>\n\t\t\t\t\t<\/div>\n\t\t<\/section>\n\t\t\t\t\t<\/div>\n\t\t<\/div>\n\t\t\t\t\t<\/div>\n\t\t<\/main>\n\t\t\t\t<\/div>","protected":false},"excerpt":{"rendered":"<p>Home Registro y Aportes (Afiliaci\u00f3n)Planilla Integral de Liquidaci\u00f3n de AportesEducaci\u00f3n y CulturaRecreaci\u00f3nViviendaServicios FinancierosAgencia de Gesti\u00f3n y Colocaci\u00f3n de EmpleoSalud EPS Delagente Registro y Aportes (Afiliaci\u00f3n) 1. Si soy trabajador de una empresa, \u00bfqu\u00e9 debo hacer para afiliarme a la Caja de Compensaci\u00f3n Familiar? En primer lugar, la empresa para la cual trabaja debe estar vinculada [&hellip;]<\/p>","protected":false},"author":1,"featured_media":16993,"parent":0,"menu_order":0,"comment_status":"closed","ping_status":"closed","template":"elementor_header_footer","meta":{"footnotes":""},"class_list":["post-2787","page","type-page","status-publish","has-post-thumbnail","hentry"],"yoast_head":"<!-- This site is optimized with the Yoast SEO Premium plugin v25.9 (Yoast SEO v25.9) - https:\/\/yoast.com\/wordpress\/plugins\/seo\/ -->\n<title>Preguntas y respuestas frecuentes - Comfenalco Valle Delagente<\/title>\n<meta name=\"description\" content=\"Consulta las preguntas y respuestas frecuentes sobre los servicios que ofrecemos para nuestros afiliados y no afiliados.\" \/>\n<meta name=\"robots\" content=\"index, follow, max-snippet:-1, max-image-preview:large, max-video-preview:-1\" \/>\n<link rel=\"canonical\" href=\"https:\/\/www.comfenalcovalle.com.co\/preguntas-y-respuestas-frecuentes\/\" \/>\n<meta property=\"og:locale\" content=\"en_US\" \/>\n<meta property=\"og:type\" content=\"article\" \/>\n<meta property=\"og:title\" content=\"Preguntas y respuestas frecuentes\" \/>\n<meta property=\"og:description\" content=\"Consulta las preguntas y respuestas frecuentes sobre los servicios que ofrecemos para nuestros afiliados y no afiliados.\" \/>\n<meta property=\"og:url\" content=\"https:\/\/www.comfenalcovalle.com.co\/preguntas-y-respuestas-frecuentes\/\" \/>\n<meta property=\"og:site_name\" content=\"Comfenalco Valle Delagente\" \/>\n<meta property=\"article:modified_time\" content=\"2025-02-07T19:37:02+00:00\" \/>\n<meta property=\"og:image\" content=\"https:\/\/www.comfenalcovalle.com.co\/wp-content\/uploads\/2021\/04\/atencio\u0301n-servicio-protocolos.png\" \/>\n\t<meta property=\"og:image:width\" content=\"403\" \/>\n\t<meta property=\"og:image:height\" content=\"414\" \/>\n\t<meta property=\"og:image:type\" content=\"image\/png\" \/>\n<meta name=\"twitter:card\" content=\"summary_large_image\" \/>\n<meta name=\"twitter:label1\" content=\"Est. reading time\" \/>\n\t<meta name=\"twitter:data1\" content=\"78 minutes\" \/>\n<script type=\"application\/ld+json\" class=\"yoast-schema-graph\">{\"@context\":\"https:\/\/schema.org\",\"@graph\":[{\"@type\":\"WebPage\",\"@id\":\"https:\/\/www.comfenalcovalle.com.co\/preguntas-y-respuestas-frecuentes\/\",\"url\":\"https:\/\/www.comfenalcovalle.com.co\/preguntas-y-respuestas-frecuentes\/\",\"name\":\"Preguntas y respuestas frecuentes - Comfenalco Valle Delagente\",\"isPartOf\":{\"@id\":\"https:\/\/www.comfenalcovalle.com.co\/#website\"},\"primaryImageOfPage\":{\"@id\":\"https:\/\/www.comfenalcovalle.com.co\/preguntas-y-respuestas-frecuentes\/#primaryimage\"},\"image\":{\"@id\":\"https:\/\/www.comfenalcovalle.com.co\/preguntas-y-respuestas-frecuentes\/#primaryimage\"},\"thumbnailUrl\":\"https:\/\/test.comfenalcovalle.com.co\/wp-content\/uploads\/2021\/04\/atencio\u0301n-servicio-protocolos.png\",\"datePublished\":\"2020-10-01T21:56:44+00:00\",\"dateModified\":\"2025-02-07T19:37:02+00:00\",\"description\":\"Consulta las preguntas y respuestas frecuentes sobre los servicios que ofrecemos para nuestros afiliados y no afiliados.\",\"breadcrumb\":{\"@id\":\"https:\/\/www.comfenalcovalle.com.co\/preguntas-y-respuestas-frecuentes\/#breadcrumb\"},\"inLanguage\":\"en-US\",\"potentialAction\":[{\"@type\":\"ReadAction\",\"target\":[\"https:\/\/www.comfenalcovalle.com.co\/preguntas-y-respuestas-frecuentes\/\"]}]},{\"@type\":\"ImageObject\",\"inLanguage\":\"en-US\",\"@id\":\"https:\/\/www.comfenalcovalle.com.co\/preguntas-y-respuestas-frecuentes\/#primaryimage\",\"url\":\"https:\/\/test.comfenalcovalle.com.co\/wp-content\/uploads\/2021\/04\/atencio\u0301n-servicio-protocolos.png\",\"contentUrl\":\"https:\/\/test.comfenalcovalle.com.co\/wp-content\/uploads\/2021\/04\/atencio\u0301n-servicio-protocolos.png\",\"width\":403,\"height\":414,\"caption\":\"Comunicado sobre ampliaci\u00f3n de la emergencia sanitaria\"},{\"@type\":\"BreadcrumbList\",\"@id\":\"https:\/\/www.comfenalcovalle.com.co\/preguntas-y-respuestas-frecuentes\/#breadcrumb\",\"itemListElement\":[{\"@type\":\"ListItem\",\"position\":1,\"name\":\"Portada\",\"item\":\"https:\/\/www.comfenalcovalle.com.co\/\"},{\"@type\":\"ListItem\",\"position\":2,\"name\":\"Preguntas y respuestas frecuentes\"}]},{\"@type\":\"WebSite\",\"@id\":\"https:\/\/www.comfenalcovalle.com.co\/#website\",\"url\":\"https:\/\/www.comfenalcovalle.com.co\/\",\"name\":\"Comfenalco Valle Delagente\",\"description\":\"Caja de compensaci\u00f3n de Comfenalco Valle Delagente.\",\"publisher\":{\"@id\":\"https:\/\/www.comfenalcovalle.com.co\/#organization\"},\"potentialAction\":[{\"@type\":\"SearchAction\",\"target\":{\"@type\":\"EntryPoint\",\"urlTemplate\":\"https:\/\/www.comfenalcovalle.com.co\/?s={search_term_string}\"},\"query-input\":{\"@type\":\"PropertyValueSpecification\",\"valueRequired\":true,\"valueName\":\"search_term_string\"}}],\"inLanguage\":\"en-US\"},{\"@type\":\"Organization\",\"@id\":\"https:\/\/www.comfenalcovalle.com.co\/#organization\",\"name\":\"Comfenalco Valle Delagente\",\"url\":\"https:\/\/www.comfenalcovalle.com.co\/\",\"logo\":{\"@type\":\"ImageObject\",\"inLanguage\":\"en-US\",\"@id\":\"https:\/\/www.comfenalcovalle.com.co\/#\/schema\/logo\/image\/\",\"url\":\"https:\/\/test.comfenalcovalle.com.co\/wp-content\/uploads\/2021\/06\/logo-comfe-cabecera-agencia-empelo-actualizado.png\",\"contentUrl\":\"https:\/\/test.comfenalcovalle.com.co\/wp-content\/uploads\/2021\/06\/logo-comfe-cabecera-agencia-empelo-actualizado.png\",\"width\":500,\"height\":184,\"caption\":\"Comfenalco Valle Delagente\"},\"image\":{\"@id\":\"https:\/\/www.comfenalcovalle.com.co\/#\/schema\/logo\/image\/\"}}]}<\/script>\n<!-- \/ Yoast SEO Premium plugin. -->","yoast_head_json":{"title":"Preguntas y respuestas frecuentes - Comfenalco Valle Delagente","description":"Consulta las preguntas y respuestas frecuentes sobre los servicios que ofrecemos para nuestros afiliados y no afiliados.","robots":{"index":"index","follow":"follow","max-snippet":"max-snippet:-1","max-image-preview":"max-image-preview:large","max-video-preview":"max-video-preview:-1"},"canonical":"https:\/\/www.comfenalcovalle.com.co\/preguntas-y-respuestas-frecuentes\/","og_locale":"en_US","og_type":"article","og_title":"Preguntas y respuestas frecuentes","og_description":"Consulta las preguntas y respuestas frecuentes sobre los servicios que ofrecemos para nuestros afiliados y no afiliados.","og_url":"https:\/\/www.comfenalcovalle.com.co\/preguntas-y-respuestas-frecuentes\/","og_site_name":"Comfenalco Valle Delagente","article_modified_time":"2025-02-07T19:37:02+00:00","og_image":[{"width":403,"height":414,"url":"https:\/\/www.comfenalcovalle.com.co\/wp-content\/uploads\/2021\/04\/atencio\u0301n-servicio-protocolos.png","type":"image\/png"}],"twitter_card":"summary_large_image","twitter_misc":{"Est. reading time":"78 minutes"},"schema":{"@context":"https:\/\/schema.org","@graph":[{"@type":"WebPage","@id":"https:\/\/www.comfenalcovalle.com.co\/preguntas-y-respuestas-frecuentes\/","url":"https:\/\/www.comfenalcovalle.com.co\/preguntas-y-respuestas-frecuentes\/","name":"Preguntas y respuestas frecuentes - Comfenalco Valle Delagente","isPartOf":{"@id":"https:\/\/www.comfenalcovalle.com.co\/#website"},"primaryImageOfPage":{"@id":"https:\/\/www.comfenalcovalle.com.co\/preguntas-y-respuestas-frecuentes\/#primaryimage"},"image":{"@id":"https:\/\/www.comfenalcovalle.com.co\/preguntas-y-respuestas-frecuentes\/#primaryimage"},"thumbnailUrl":"https:\/\/test.comfenalcovalle.com.co\/wp-content\/uploads\/2021\/04\/atencio\u0301n-servicio-protocolos.png","datePublished":"2020-10-01T21:56:44+00:00","dateModified":"2025-02-07T19:37:02+00:00","description":"Consulta las preguntas y respuestas frecuentes sobre los servicios que ofrecemos para nuestros afiliados y no afiliados.","breadcrumb":{"@id":"https:\/\/www.comfenalcovalle.com.co\/preguntas-y-respuestas-frecuentes\/#breadcrumb"},"inLanguage":"en-US","potentialAction":[{"@type":"ReadAction","target":["https:\/\/www.comfenalcovalle.com.co\/preguntas-y-respuestas-frecuentes\/"]}]},{"@type":"ImageObject","inLanguage":"en-US","@id":"https:\/\/www.comfenalcovalle.com.co\/preguntas-y-respuestas-frecuentes\/#primaryimage","url":"https:\/\/test.comfenalcovalle.com.co\/wp-content\/uploads\/2021\/04\/atencio\u0301n-servicio-protocolos.png","contentUrl":"https:\/\/test.comfenalcovalle.com.co\/wp-content\/uploads\/2021\/04\/atencio\u0301n-servicio-protocolos.png","width":403,"height":414,"caption":"Comunicado sobre ampliaci\u00f3n de la emergencia sanitaria"},{"@type":"BreadcrumbList","@id":"https:\/\/www.comfenalcovalle.com.co\/preguntas-y-respuestas-frecuentes\/#breadcrumb","itemListElement":[{"@type":"ListItem","position":1,"name":"Portada","item":"https:\/\/www.comfenalcovalle.com.co\/"},{"@type":"ListItem","position":2,"name":"Preguntas y respuestas frecuentes"}]},{"@type":"WebSite","@id":"https:\/\/www.comfenalcovalle.com.co\/#website","url":"https:\/\/www.comfenalcovalle.com.co\/","name":"Comfenalco Valle Delagente","description":"Comfenalco Valle Delagente compensation fund.","publisher":{"@id":"https:\/\/www.comfenalcovalle.com.co\/#organization"},"potentialAction":[{"@type":"SearchAction","target":{"@type":"EntryPoint","urlTemplate":"https:\/\/www.comfenalcovalle.com.co\/?s={search_term_string}"},"query-input":{"@type":"PropertyValueSpecification","valueRequired":true,"valueName":"search_term_string"}}],"inLanguage":"en-US"},{"@type":"Organization","@id":"https:\/\/www.comfenalcovalle.com.co\/#organization","name":"Comfenalco Valle Delagente","url":"https:\/\/www.comfenalcovalle.com.co\/","logo":{"@type":"ImageObject","inLanguage":"en-US","@id":"https:\/\/www.comfenalcovalle.com.co\/#\/schema\/logo\/image\/","url":"https:\/\/test.comfenalcovalle.com.co\/wp-content\/uploads\/2021\/06\/logo-comfe-cabecera-agencia-empelo-actualizado.png","contentUrl":"https:\/\/test.comfenalcovalle.com.co\/wp-content\/uploads\/2021\/06\/logo-comfe-cabecera-agencia-empelo-actualizado.png","width":500,"height":184,"caption":"Comfenalco Valle Delagente"},"image":{"@id":"https:\/\/www.comfenalcovalle.com.co\/#\/schema\/logo\/image\/"}}]}},"publishpress_future_action":{"enabled":false,"date":"2026-05-08 11:31:03","action":"change-status","newStatus":"draft","terms":[],"taxonomy":"","extraData":[]},"publishpress_future_workflow_manual_trigger":{"enabledWorkflows":[]},"_links":{"self":[{"href":"https:\/\/test.comfenalcovalle.com.co\/en\/wp-json\/wp\/v2\/pages\/2787","targetHints":{"allow":["GET"]}}],"collection":[{"href":"https:\/\/test.comfenalcovalle.com.co\/en\/wp-json\/wp\/v2\/pages"}],"about":[{"href":"https:\/\/test.comfenalcovalle.com.co\/en\/wp-json\/wp\/v2\/types\/page"}],"author":[{"embeddable":true,"href":"https:\/\/test.comfenalcovalle.com.co\/en\/wp-json\/wp\/v2\/users\/1"}],"replies":[{"embeddable":true,"href":"https:\/\/test.comfenalcovalle.com.co\/en\/wp-json\/wp\/v2\/comments?post=2787"}],"version-history":[{"count":0,"href":"https:\/\/test.comfenalcovalle.com.co\/en\/wp-json\/wp\/v2\/pages\/2787\/revisions"}],"wp:featuredmedia":[{"embeddable":true,"href":"https:\/\/test.comfenalcovalle.com.co\/en\/wp-json\/wp\/v2\/media\/16993"}],"wp:attachment":[{"href":"https:\/\/test.comfenalcovalle.com.co\/en\/wp-json\/wp\/v2\/media?parent=2787"}],"curies":[{"name":"wp","href":"https:\/\/api.w.org\/{rel}","templated":true}]}}