{"id":2744,"date":"2023-03-01T08:00:00","date_gmt":"2023-03-01T13:00:00","guid":{"rendered":"https:\/\/test.comfenalcovalle.com.co\/webredlat\/?page_id=2744"},"modified":"2024-06-21T15:37:41","modified_gmt":"2024-06-21T20:37:41","slug":"politica-de-tratamiento-de-la-informacion","status":"publish","type":"page","link":"https:\/\/test.comfenalcovalle.com.co\/en\/personas\/nosotros\/politica-de-tratamiento-de-la-informacion\/","title":{"rendered":"Pol\u00edtica de tratamiento de la informaci\u00f3n"},"content":{"rendered":"<div data-elementor-type=\"wp-page\" data-elementor-id=\"2744\" class=\"elementor elementor-2744\" data-elementor-post-type=\"page\">\n\t\t\t\t<main class=\"elementor-element elementor-element-d1459db e-flex e-con-boxed e-con e-parent\" data-id=\"d1459db\" data-element_type=\"container\">\n\t\t\t\t\t<div class=\"e-con-inner\">\n\t\t<section class=\"elementor-element elementor-element-cac9a58 e-flex e-con-boxed e-con e-child\" data-id=\"cac9a58\" data-element_type=\"container\">\n\t\t\t\t\t<div class=\"e-con-inner\">\n\t\t\t\t<div class=\"elementor-element elementor-element-bab7df1 jet-breadcrumbs-align-center elementor-widget elementor-widget-jet-breadcrumbs\" data-id=\"bab7df1\" data-element_type=\"widget\" data-widget_type=\"jet-breadcrumbs.default\">\n\t\t\t\t<div class=\"elementor-widget-container\">\n\t\t\t\t\t<div class=\"elementor-jet-breadcrumbs jet-blocks\">\n\t\t<div class=\"jet-breadcrumbs\">\n\t\t<div class=\"jet-breadcrumbs__content\">\n\t\t<div class=\"jet-breadcrumbs__wrap\"><div class=\"jet-breadcrumbs__item\"><a href=\"https:\/\/test.comfenalcovalle.com.co\/en\/\" class=\"jet-breadcrumbs__item-link is-home\" rel=\"home\" title=\"Beginning\">Beginning<\/a><\/div>\n\t\t<\/div>\n\t\t<\/div>\n\t\t<\/div><\/div>\t\t\t\t<\/div>\n\t\t\t\t<\/div>\n\t\t\t\t<div class=\"elementor-element elementor-element-552f635 elementor-widget elementor-widget-heading\" data-id=\"552f635\" data-element_type=\"widget\" data-widget_type=\"heading.default\">\n\t\t\t\t<div class=\"elementor-widget-container\">\n\t\t\t\t\t<h1 class=\"elementor-heading-title elementor-size-default\">Pol\u00edtica de tratamiento de la informaci\u00f3n <\/h1>\t\t\t\t<\/div>\n\t\t\t\t<\/div>\n\t\t<div class=\"elementor-element elementor-element-64ecec8 e-flex e-con-boxed e-con e-child\" data-id=\"64ecec8\" data-element_type=\"container\">\n\t\t\t\t\t<div class=\"e-con-inner\">\n\t\t\t\t<div class=\"elementor-element elementor-element-89a0ee9 elementor-widget elementor-widget-text-editor\" data-id=\"89a0ee9\" data-element_type=\"widget\" data-widget_type=\"text-editor.default\">\n\t\t\t\t<div class=\"elementor-widget-container\">\n\t\t\t\t\t\t\t\t\t<p>La CAJA DE COMPENSACI\u00d3N FAMILIAR DEL VALLE DEL CAUCA COMFENALCO VALLE DELAGENTE, Corporaci\u00f3n de derecho privado, sin \u00e1nimo de lucro y con funciones de Seguridad Social, domiciliada en la Calle 5 No 6-63 de Ciudad de Santiago de Cali, Departamento del Valle del Cauca, identificada con el NIT No. 890.303.093, comprometida con la protecci\u00f3n de la informaci\u00f3n, ha desarrollado la presente pol\u00edtica que contiene las directrices generales necesarias que se tendr\u00e1n en cuenta para el adecuado tratamiento de los datos personales de sus Titulares, cuando sean recolectados, almacenados, usados, circulados o suprimidos a trav\u00e9s del giro ordinario de cualquiera de sus l\u00edneas de negocio y en desarrollo exclusivo de su objeto social, el cual obedece a las finalidades propias de una Caja de Compensaci\u00f3n Familiar.<\/p>\t\t\t\t\t\t\t\t<\/div>\n\t\t\t\t<\/div>\n\t\t\t\t<div class=\"elementor-element elementor-element-d0fca67 elementor-widget elementor-widget-text-editor\" data-id=\"d0fca67\" data-element_type=\"widget\" data-widget_type=\"text-editor.default\">\n\t\t\t\t<div class=\"elementor-widget-container\">\n\t\t\t\t\t\t\t\t\t<p>Esta pol\u00edtica pretende garantizar la dignidad humana y evitar cualquier riesgo de vulneraci\u00f3n de derechos del titular de datos a partir del cumplimiento del marco legal establecido, cuyo prop\u00f3sito es la protecci\u00f3n de la informaci\u00f3n que nos suministran voluntariamente y que puede ser obtenida, entre otros medios, a trav\u00e9s de: a) la afiliaci\u00f3n f\u00edsica y electr\u00f3nica que por disposici\u00f3n legal realizan las empresas de sus trabajadores, los trabajadores independientes y los pensionados a la Caja de Compensaci\u00f3n Familiar para acceder a todos los servicios que ofrece; b) la relaci\u00f3n contractual, comercial o reglamentaria que se genera con proveedores u otros terceros o particulares; c) la relaci\u00f3n laboral con los colaboradores y excolaboradores; d) los procesos de reclutamiento y selecci\u00f3n; e) las distintas plataformas electr\u00f3nicas de relacionamiento con el cliente; f) el acceso efectivo a todos los servicios y programas que como Caja de Compensaci\u00f3n Familiar puede ofrecer, tales como: Vivienda, Educaci\u00f3n, Cultura, Recreaci\u00f3n, Droguer\u00edas, Salud, Empleabilidad, Mercadeo, Cr\u00e9dito, Biblioteca, Convenios, etc.; g) la conformaci\u00f3n de historias cl\u00ednicas (m\u00e9dicas y ocupacionales).<\/p>\t\t\t\t\t\t\t\t<\/div>\n\t\t\t\t<\/div>\n\t\t\t\t<div class=\"elementor-element elementor-element-f138055 elementor-widget elementor-widget-text-editor\" data-id=\"f138055\" data-element_type=\"widget\" data-widget_type=\"text-editor.default\">\n\t\t\t\t<div class=\"elementor-widget-container\">\n\t\t\t\t\t\t\t\t\t<p>La informaci\u00f3n que se recolecta por COMFENALCO VALLE DELAGENTE, atiende exclusivamente a disposiciones de orden legal para gestionar todo lo pertinente con las afiliaciones a la Caja de Compensaci\u00f3n Familiar y\/o a la Entidad Promotora de Salud (EPS) y obtener el acceso a los distintos programas y servicios que de dicha afiliaci\u00f3n se derivan, raz\u00f3n por la cual su tratamiento se realizar\u00e1 de conformidad a la presente Pol\u00edtica y el Titular as\u00ed lo acepta, precisando que los datos personales suministrados no ser\u00e1n utilizados para actividades o prop\u00f3sitos diferentes a los legalmente permitidos a las Cajas de Compensaci\u00f3n Familiar y a los aqu\u00ed previstos.<\/p>\t\t\t\t\t\t\t\t<\/div>\n\t\t\t\t<\/div>\n\t\t\t\t<div class=\"elementor-element elementor-element-da803df elementor-widget elementor-widget-text-editor\" data-id=\"da803df\" data-element_type=\"widget\" data-widget_type=\"text-editor.default\">\n\t\t\t\t<div class=\"elementor-widget-container\">\n\t\t\t\t\t\t\t\t\t<p>En ejercicio del principio de buena fe, COMFENALCO VALLE DELAGENTE asume que la informaci\u00f3n personal que le es reportada con ocasi\u00f3n del tr\u00e1mite de afiliaci\u00f3n, tanto a la Caja de Compensaci\u00f3n Familiar como a la Entidad Promotora de Salud, tanto por las empresas afiliadas de sus trabajadores, como por los afiliados de sus beneficiarios, son de responsabilidad de la Empresa y del Afiliado respectivamente, por lo que parte de la base que \u00e9sta informaci\u00f3n ha sido tratada de conformidad a lo dispuesto en la Ley 1581 de 2012 y el Decreto 1074 de 2015, significando que se cuenta con la autorizaci\u00f3n de su Titular y que dicha autorizaci\u00f3n los faculta para circularla y procurar el tratamiento de los datos personales por parte de COMFENALCO VALLE DELAGENTE.<\/p>\t\t\t\t\t\t\t\t<\/div>\n\t\t\t\t<\/div>\n\t\t\t\t\t<\/div>\n\t\t\t\t<\/div>\n\t\t\t\t\t<\/div>\n\t\t\t\t<\/section>\n\t\t<section class=\"elementor-element elementor-element-5c1056e e-flex e-con-boxed e-con e-child\" data-id=\"5c1056e\" data-element_type=\"container\">\n\t\t\t\t\t<div class=\"e-con-inner\">\n\t\t<div class=\"elementor-element elementor-element-c272468 e-flex e-con-boxed e-con e-child\" data-id=\"c272468\" data-element_type=\"container\">\n\t\t\t\t\t<div class=\"e-con-inner\">\n\t\t\t\t<div class=\"elementor-element elementor-element-c46a324 elementor-toc--minimized-on-tablet elementor-widget elementor-widget-table-of-contents\" data-id=\"c46a324\" data-element_type=\"widget\" data-settings=\"{&quot;exclude_headings_by_selector&quot;:[],&quot;marker_view&quot;:&quot;bullets&quot;,&quot;icon&quot;:{&quot;value&quot;:&quot;&quot;,&quot;library&quot;:&quot;&quot;},&quot;headings_by_tags&quot;:[&quot;h2&quot;,&quot;h3&quot;,&quot;h4&quot;,&quot;h5&quot;,&quot;h6&quot;],&quot;no_headings_message&quot;:&quot;No headings were found on this page.&quot;,&quot;minimize_box&quot;:&quot;yes&quot;,&quot;minimized_on&quot;:&quot;tablet&quot;,&quot;hierarchical_view&quot;:&quot;yes&quot;,&quot;min_height&quot;:{&quot;unit&quot;:&quot;px&quot;,&quot;size&quot;:&quot;&quot;,&quot;sizes&quot;:[]},&quot;min_height_tablet&quot;:{&quot;unit&quot;:&quot;px&quot;,&quot;size&quot;:&quot;&quot;,&quot;sizes&quot;:[]},&quot;min_height_mobile&quot;:{&quot;unit&quot;:&quot;px&quot;,&quot;size&quot;:&quot;&quot;,&quot;sizes&quot;:[]}}\" data-widget_type=\"table-of-contents.default\">\n\t\t\t\t<div class=\"elementor-widget-container\">\n\t\t\t\t\t\t\t<div class=\"elementor-toc__header\">\n\t\t\t<h2 class=\"elementor-toc__header-title\">\n\t\t\t\tTabla de contenidos\t\t\t<\/h2>\n\t\t\t\t\t\t\t<div class=\"elementor-toc__toggle-button elementor-toc__toggle-button--expand\" role=\"button\" tabindex=\"0\" aria-controls=\"elementor-toc__c46a324\" aria-expanded=\"true\" aria-label=\"Open table of contents\"><i aria-hidden=\"true\" class=\"fas fa-chevron-down\"><\/i><\/div>\n\t\t\t\t<div class=\"elementor-toc__toggle-button elementor-toc__toggle-button--collapse\" role=\"button\" tabindex=\"0\" aria-controls=\"elementor-toc__c46a324\" aria-expanded=\"true\" aria-label=\"Close table of contents\"><i aria-hidden=\"true\" class=\"fas fa-chevron-up\"><\/i><\/div>\n\t\t\t\t\t<\/div>\n\t\t<div id=\"elementor-toc__c46a324\" class=\"elementor-toc__body\">\n\t\t\t<div class=\"elementor-toc__spinner-container\">\n\t\t\t\t<i class=\"elementor-toc__spinner eicon-animation-spin eicon-loading\" aria-hidden=\"true\"><\/i>\t\t\t<\/div>\n\t\t<\/div>\n\t\t\t\t\t\t<\/div>\n\t\t\t\t<\/div>\n\t\t\t\t\t<\/div>\n\t\t\t\t<\/div>\n\t\t\t\t\t<\/div>\n\t\t\t\t<\/section>\n\t\t<section class=\"elementor-element elementor-element-cbadf43 e-flex e-con-boxed e-con e-child\" data-id=\"cbadf43\" data-element_type=\"container\">\n\t\t\t\t\t<div class=\"e-con-inner\">\n\t\t<div class=\"elementor-element elementor-element-7b01f14 e-flex e-con-boxed e-con e-child\" data-id=\"7b01f14\" data-element_type=\"container\">\n\t\t\t\t\t<div class=\"e-con-inner\">\n\t\t\t\t<div class=\"elementor-element elementor-element-f7821e8 elementor-widget elementor-widget-heading\" data-id=\"f7821e8\" data-element_type=\"widget\" data-widget_type=\"heading.default\">\n\t\t\t\t<div class=\"elementor-widget-container\">\n\t\t\t\t\t<h2 class=\"elementor-heading-title elementor-size-default\">1.\tDESTINATARIOS DE LA POL\u00cdTICA DE TRATAMIENTO DE LA INFORMACI\u00d3N<\/h2>\t\t\t\t<\/div>\n\t\t\t\t<\/div>\n\t\t<div class=\"elementor-element elementor-element-c4d7369 e-flex e-con-boxed e-con e-child\" data-id=\"c4d7369\" data-element_type=\"container\">\n\t\t\t\t\t<div class=\"e-con-inner\">\n\t\t\t\t<div class=\"elementor-element elementor-element-7fdaea9 elementor-widget elementor-widget-text-editor\" data-id=\"7fdaea9\" data-element_type=\"widget\" data-widget_type=\"text-editor.default\">\n\t\t\t\t<div class=\"elementor-widget-container\">\n\t\t\t\t\t\t\t\t\t<p>Esta pol\u00edtica se ha establecido para otorgar protecci\u00f3n a todas las personas naturales cuyos datos personales se encuentren en las bases de datos de COMFENALCO VALLE DELAGENTE.<\/p>\t\t\t\t\t\t\t\t<\/div>\n\t\t\t\t<\/div>\n\t\t\t\t\t<\/div>\n\t\t\t\t<\/div>\n\t\t\t\t\t<\/div>\n\t\t\t\t<\/div>\n\t\t<div class=\"elementor-element elementor-element-d2f5bcd e-flex e-con-boxed e-con e-child\" data-id=\"d2f5bcd\" data-element_type=\"container\">\n\t\t\t\t\t<div class=\"e-con-inner\">\n\t\t\t\t<div class=\"elementor-element elementor-element-01386b5 elementor-widget elementor-widget-heading\" data-id=\"01386b5\" data-element_type=\"widget\" data-widget_type=\"heading.default\">\n\t\t\t\t<div class=\"elementor-widget-container\">\n\t\t\t\t\t<h2 class=\"elementor-heading-title elementor-size-default\">2.\tTITULARES, DATOS Y FINALIDADES<\/h2>\t\t\t\t<\/div>\n\t\t\t\t<\/div>\n\t\t<div class=\"elementor-element elementor-element-805efea e-flex e-con-boxed e-con e-child\" data-id=\"805efea\" data-element_type=\"container\">\n\t\t\t\t\t<div class=\"e-con-inner\">\n\t\t\t\t<div class=\"elementor-element elementor-element-ee4f7ad elementor-widget elementor-widget-text-editor\" data-id=\"ee4f7ad\" data-element_type=\"widget\" data-widget_type=\"text-editor.default\">\n\t\t\t\t<div class=\"elementor-widget-container\">\n\t\t\t\t\t\t\t\t\t<p>Para el normal desarrollo y cumplimiento de las obligaciones y funciones legalmente establecidas para las Cajas de Compensaci\u00f3n Familiar, COMFENALCO VALLE DELAGENTE realiza el tratamiento de los datos personales que le han sido proporcionados por los distintos titulares con los que interact\u00faa.<\/p>\t\t\t\t\t\t\t\t<\/div>\n\t\t\t\t<\/div>\n\t\t\t\t<div class=\"elementor-element elementor-element-9d3861e elementor-widget elementor-widget-text-editor\" data-id=\"9d3861e\" data-element_type=\"widget\" data-widget_type=\"text-editor.default\">\n\t\t\t\t<div class=\"elementor-widget-container\">\n\t\t\t\t\t\t\t\t\t<p>Los datos personales que son requeridos para la operaci\u00f3n normal de una Caja de Compensaci\u00f3n Familiar se mencionan en la tabla que a continuaci\u00f3n se presenta; no obstante, se aclaran dos aspectos: 1) que por orden de la Superintendencia del Subsidio Familiar y exclusivamente para su ejercicio misional, en cualquier momento podr\u00e1n requerirse del Titular, datos personales adicionales, y 2) que los datos personales pueden ser recolectados o actualizados por el titular de forma verbal para su almacenamiento o \u00e9ste puede darse mediante acreditaci\u00f3n con documentos en formato original o en copia que los soporten.<\/p>\t\t\t\t\t\t\t\t<\/div>\n\t\t\t\t<\/div>\n\t\t\t\t<div class=\"elementor-element elementor-element-874c106 elementor-widget elementor-widget-html\" data-id=\"874c106\" data-element_type=\"widget\" data-widget_type=\"html.default\">\n\t\t\t\t<div class=\"elementor-widget-container\">\n\t\t\t\t\t<table class=\"tg\" style=\"undefined;table-layout: fixed; width: 100%\">\n<colgroup>\n<col style=\"width: 30%\">\n<col style=\"width: 70%\">\n<\/colgroup>\n<thead>\n  <tr>\n    <th class=\"tg-ldww\"><span style=\"font-weight:700;font-style:normal;text-decoration:none\">Titulares<\/span><\/th>\n    <th class=\"tg-fo0g\">Datos Personales Objeto de Tratamiento<\/th>\n  <\/tr>\n<\/thead>\n<tbody>\n  <tr>\n    <td class=\"tg-1wig\"><span style=\"font-weight:700;font-style:normal;text-decoration:none;color:windowtext\">Afiliados<\/span><\/td>\n    <td class=\"tg-0lax\">Pertenencia a Poblaci\u00f3n Especial, Registro de Voz, N\u00famero de Semanas Cotizadas, Horario Laboral, Calidad de Cotizante, Nacionalidad, Datos de Salud, Grado Escolar, Direcci\u00f3n del Trabajo, N\u00famero de Beneficiarios, Lugar de Expedici\u00f3n del Documento de Identidad, Nombre de Usuario de Sistemas de Informaci\u00f3n, Afiliaci\u00f3n a Entidad Promotora de Salud - EPS, Departamento Residencia, N\u00famero Historia Cl\u00ednica, Valor Ingresos, Ciudad Residencia, N\u00famero Celular Personal, Barrio Residencia, Poseedor de Deuda, Salario, Parentesco, Sector Rural \/ Urbano, Firma Digital, Poseedor Subsidio, Nombre y Apellido, N\u00famero Tel\u00e9fono Personal, C\u00f3digo Afiliado a Caja De Compensaci\u00f3n, Firma Manuscrita, Fecha Inicio Relaci\u00f3n Marital, Entidad Bancaria, Caja de Compensaci\u00f3n Familiar, Calidad de Servidor P\u00fablico, Correo Electr\u00f3nico Personal, Historia Laboral, Deporte que Practica, Informaci\u00f3n Tributaria, Discapacidad, Fecha Defunci\u00f3n, Condici\u00f3n de Afiliado, Experiencia Laboral, Aportes Parafiscales, Direcci\u00f3n Residencia, N\u00famero de Personas a Cargo, N\u00famero Cuenta Bancaria, Estado Civil, Tipo Documento de Identidad, Estrato Social, Edad, Composici\u00f3n Familiar, Gastos, Remuneraci\u00f3n, Empresa donde Labora, Profesi\u00f3n, N\u00famero Identificaci\u00f3n Tributaria - NIT, Valor Egresos, Municipio de Residencia, Tipo de Contrato, Cargo, Valor Patrimonio, Valor Deuda, Nivel Educativo, Fecha Nacimiento, N\u00famero de Hijos, Actividad Econ\u00f3mica, Im\u00e1genes Fotogr\u00e1ficas, N\u00famero Libreta Militar, Instituto Prestador de Salud - IPS, Valor Activos, Ingreso Base de Cotizaci\u00f3n IBC, Calidad Cabeza de Familia, G\u00e9nero, Tipo de Vivienda, N\u00famero Documento de Identidad, Categor\u00eda Afiliaci\u00f3n a Caja de Compensaci\u00f3n, Administrador Fondos de Pensiones - AFP, D\u00edas de Incapacidad M\u00e9dica, Dominio de Bien Mueble, Fecha de Pensi\u00f3n, Fecha  Expedici\u00f3n Documento de Identidad, N\u00famero Tel\u00e9fono Corporativo, Limitaci\u00f3n F\u00edsica, Afiliaci\u00f3n a Administradora de Riesgos Laborales - ARL, Huella Dactilar, N\u00facleo Familiar, Dominio de Bien Inmueble, N\u00famero Pasaporte, Jornada Laboral, C\u00f3digo Interno, Incapacidad, Afiliaci\u00f3n a SISBEN, Origen \u00c9tnico, Formaci\u00f3n Acad\u00e9mica, Calidad de Comerciante, \u00c1rea Laboral, Orientaci\u00f3n Sexual, Pertenencia \u00c9tnica, Factor de Vulnerabilidad.<\/td>\n  <\/tr>\n  <tr>\n    <td class=\"tg-1wig\"><span style=\"font-weight:700;font-style:normal;text-decoration:none;color:windowtext\">Beneficiaries<\/span><\/td>\n    <td class=\"tg-0lax\">G\u00e9nero, Registro de Voz, Instituto Educativo donde Estudi\u00f3, Nacionalidad, Antecedentes M\u00e9dicos, Datos de Salud, N\u00famero Documento de Identidad, Categor\u00eda de Afiliaci\u00f3n a Caja de Compensaci\u00f3n, Grado Escolar, Direcci\u00f3n Trabajo, Fecha Expedici\u00f3n Documento de Identidad, N\u00famero de Beneficiarios, N\u00famero Tel\u00e9fono Corporativo, Huella Dactilar, Lugar Expedici\u00f3n Documento de Identidad, Medicaci\u00f3n, Jornada Laboral, Afiliaci\u00f3n a Entidad Promotora de Salud - EPS, Departamento Residencia, Fecha de Nacimiento, C\u00f3digo Interno, Im\u00e1genes Fotogr\u00e1ficas, Tipo de Sangre, Actividad Econ\u00f3mica, Nivel Acad\u00e9mico, Origen \u00c9tnico, N\u00famero Celular Personal, Barrio Residencia, Ciudad Residencia, Valor Ingresos, Salario, Parentesco, Sector Rural \/ Urbano, Poseedor de Subsidio, Nombre y Apellido, N\u00famero Tel\u00e9fono Personal, C\u00f3digo Afiliado a Caja de Compensaci\u00f3n, Fecha Inicio Relaci\u00f3n Marital, Firma Manuscrita, Caja de Compensaci\u00f3n Familiar, Calidad de Beneficiario de Caja de Compensaci\u00f3n, Correo Electr\u00f3nico Personal, Afiliaci\u00f3n a Medicina Prepagada, Deporte que Practica, Discapacidad, Direcci\u00f3n Residencia, Estado Civil, Tipo Documento de Identidad, Edad, Empresa Donde Labora, Profesi\u00f3n, N\u00famero Identificaci\u00f3n Tributaria - NIT, Municipio Residencia, Tipo de Contrato, Cargo, Nivel Educativo, Orientaci\u00f3n Sexual, Pertenencia \u00c9tnica, Factor de Vulnerabilidad.<\/td>\n  <\/tr>\n  <tr>\n    <td class=\"tg-1wig\"><span style=\"font-weight:700;font-style:normal;text-decoration:none;color:windowtext\">Colaboradores<\/span><\/td>\n    <td class=\"tg-0lax\">Antecedentes Disciplinarios, N\u00famero Semanas Cotizadas, Horario Laboral, Estatura, Rango Salarial, Nacionalidad, Datos de Movilidad, Antecedentes M\u00e9dicos, Datos de Salud, Resultados Pruebas Psicot\u00e9cnicas, Resultados Pruebas T\u00e9cnicas, Informaci\u00f3n Fiscal, Placa Veh\u00edculo, Direcci\u00f3n Trabajo, N\u00famero Licencia de Conducci\u00f3n, N\u00famero de Beneficiarios, Nombre de Usuario de Sistemas de Informaci\u00f3n, Lugar Expedici\u00f3n Documento de Identidad, Afiliaci\u00f3n a Entidad Promotora de Salud - EPS, Departamento Residencia, Notas Acad\u00e9micas, Barrio Residencia, Resultados Examen M\u00e9dico, Valor Ingresos, Resultados Examen de Optometr\u00eda, N\u00famero Tarjeta Profesional, Entidad Bancaria, Patolog\u00edas, Historia Laboral, Correo Electr\u00f3nico Personal, Contacto de Emergencia, Vacunas, Informaci\u00f3n Tributaria, Condici\u00f3n de Gestante, Fecha de Defunci\u00f3n, Resultados Examen de Audiometr\u00eda, Experiencia Laboral, Direcci\u00f3n de Residencia, Historia Cl\u00ednica, N\u00famero Cuenta Bancaria, Estado Civil, Consumo de Sustancias Psicoactivas, Edad, \u00cdndice de Masa Corporal, Gastos, Tipo Documento de Identidad, Correo Electr\u00f3nico Corporativo, Remuneraci\u00f3n, Empresa Donde Labora, Contrase\u00f1a, N\u00famero Identificaci\u00f3n Tributaria - NIT, Profesi\u00f3n, Tipo de Contrato, Valor Egresos, Cargo, Consumo de Sustancias Alcoh\u00f3licas, Fecha de Nacimiento, Dolencia Osteomuscular, C\u00f3digo Corporativo, Im\u00e1genes Fotogr\u00e1ficas, Tipo de Sangre, Actividad Econ\u00f3mica, Antecedentes Fiscales, N\u00famero Libreta Militar, Instituto Prestador de Salud - IPS, Nivel Acad\u00e9mico, Valor Activos, Rol, Fondo de Cesant\u00edas, Estado Psicol\u00f3gico, Programa Acad\u00e9mico, G\u00e9nero, Resultados Examen Oftalmol\u00f3gico, Intervenciones Quir\u00fargicas, Poseedor de Infracci\u00f3n de Tr\u00e1nsito, Distribuci\u00f3n Espacial, Tipo de Vivienda, N\u00famero Documento de Identidad, Administrador Fondo de Pensiones - AFP, Referencia Laboral, Direcci\u00f3n IP, Reconocimiento Laboral, Fecha de Pensi\u00f3n, N\u00famero Tel\u00e9fono Corporativo, Talla, Huella Dactilar, Afiliaci\u00f3n a Administradora de Riesgos Laborales - ARL, Limitaci\u00f3n F\u00edsica, N\u00famero Pasaporte, Medicaci\u00f3n, Diagn\u00f3stico M\u00e9dico, C\u00f3digo Interno, Historia Cl\u00ednica Ocupacional, C\u00f3digo Postal Asociado a Persona, Peso, Formaci\u00f3n Acad\u00e9mica, \u00c1rea Laboral, Ciudad Residencia, N\u00famero Celular Personal, Salario, Nombre y Apellido, N\u00famero Tel\u00e9fono Personal, Alergias, Lugar de Nacimiento, Firma Manuscrita.<\/td>\n  <\/tr>\n  <tr>\n    <td class=\"tg-1wig\"><span style=\"font-weight:700;font-style:normal;text-decoration:none;color:windowtext\">Contratistas<\/span><\/td>\n    <td class=\"tg-0lax\">Ciudad Residencia, N\u00famero Celular Personal, Barrio Residencia, G\u00e9nero, Nombre y Apellido, N\u00famero Tel\u00e9fono Personal, Instituto Educativo Donde Estudi\u00f3, Lugar de Nacimiento, Firma Manuscrita, Entidad Bancaria, Fecha de Nacimiento, N\u00famero Documento de Identidad, Correo Electr\u00f3nico Personal, Tipo de Sangre, N\u00famero Libreta Militar, Direcci\u00f3n Trabajo, Experiencia Laboral, N\u00famero Tel\u00e9fono Corporativo, Direcci\u00f3n Residencia, N\u00famero Cuenta Bancaria, Estado Civil, Lugar Expedici\u00f3n Documento de Identidad, Tipo Documento de Identidad, Correo Electr\u00f3nico Corporativo, N\u00famero de Identificaci\u00f3n Tributaria \u2013 NIT.<\/td>\n  <\/tr>\n  <tr>\n    <td class=\"tg-1wig\"><span style=\"font-weight:700;font-style:normal;text-decoration:none;color:windowtext\">Terceros<\/span><\/td>\n    <td class=\"tg-0lax\">G\u00e9nero, Registro de Voz, Nacionalidad, Datos de Movilidad, N\u00famero Documento de Identidad, Placa de Veh\u00edculo, N\u00famero Licencia de Conducci\u00f3n, Fecha Expedici\u00f3n Documento de Identidad, Direcci\u00f3n Residencia, N\u00famero Matr\u00edcula Vehicular, N\u00famero Tel\u00e9fono Corporativo, Huella Dactilar, Afiliaci\u00f3n a Administradora de Riesgos Laborales - ARL, Estado Civil, Lugar Expedici\u00f3n Documento de Identidad, Tipo Documento de Identidad, Edad, Correo Electr\u00f3nico Corporativo, Empresa Donde Labora, Profesi\u00f3n, Municipio Residencia, Tipo de Contrato, Cargo, Afiliaci\u00f3n a Entidad Promotora de Salud - EPS, Departamento Residencia, Fecha Nacimiento, Im\u00e1genes Fotogr\u00e1ficas, Tipo de Sangre, N\u00famero Libreta Militar, Origen \u00c9tnico, Nivel Acad\u00e9mico, Formaci\u00f3n Acad\u00e9mica, \u00c1rea Laboral, Ciudad Residencia, N\u00famero Celular Personal, Barrio Residencia, Salario, Parentesco, Nombre y Apellido, N\u00famero Tel\u00e9fono Personal, Lugar de Nacimiento, Firma Manuscrita, Caja de Compensaci\u00f3n Familiar, Correo Electr\u00f3nico Personal, Deporte que Practica.<\/td>\n  <\/tr>\n<\/tbody>\n<\/table>\t\t\t\t<\/div>\n\t\t\t\t<\/div>\n\t\t\t\t<div class=\"elementor-element elementor-element-8aafd64 elementor-widget elementor-widget-text-editor\" data-id=\"8aafd64\" data-element_type=\"widget\" data-widget_type=\"text-editor.default\">\n\t\t\t\t<div class=\"elementor-widget-container\">\n\t\t\t\t\t\t\t\t\t<p>Estos datos personales son tratados conforme lo ordenado en la Ley 1581 de 2012 y se describen en la siguiente tabla de conformidad al listado de finalidades definido por la Superintendencia de Industria y Comercio en el RNBD:<\/p>\t\t\t\t\t\t\t\t<\/div>\n\t\t\t\t<\/div>\n\t\t\t\t<div class=\"elementor-element elementor-element-c6603f9 elementor-widget elementor-widget-html\" data-id=\"c6603f9\" data-element_type=\"widget\" data-widget_type=\"html.default\">\n\t\t\t\t<div class=\"elementor-widget-container\">\n\t\t\t\t\t<table class=\"tg\" style=\"undefined;table-layout: fixed; width: 100%\">\n<colgroup>\n<col style=\"width: 30%\">\n<col style=\"width: 70%\">\n<\/colgroup>\n<thead>\n  <tr>\n    <th class=\"tg-fo0g\"><span style=\"font-style:normal;text-decoration:none\">Finalidad<\/span><\/th>\n    <th class=\"tg-fo0g\">Description<\/th>\n  <\/tr>\n<\/thead>\n<tbody>\n  <tr>\n    <td class=\"tg-0lax\"><span style=\"font-weight:400;font-style:normal;text-decoration:none;color:windowtext\">Acceso a subsidios<\/span><\/td>\n    <td class=\"tg-0lax\"><span style=\"font-weight:400;font-style:normal;text-decoration:none;color:windowtext\">Afiliaci\u00f3n a la Caja de Compensaci\u00f3n Familiar y gesti\u00f3n para acceder a todos los servicios que presta y en especial a los subsidios que por ley otorga.<\/span><\/td>\n  <\/tr>\n  <tr>\n    <td class=\"tg-0lax\"><span style=\"font-weight:400;font-style:normal;text-decoration:none;color:windowtext\">Actividades asociativas, culturales, recreativas, deportivas y sociales - Gesti\u00f3n de actividades culturales<\/span><\/td>\n    <td class=\"tg-0lax\"><span style=\"font-weight:400;font-style:normal;text-decoration:none;color:windowtext\">Turismo para afiliados a la Caja de Compensaci\u00f3n y particulares; Identificaci\u00f3n de responsables de atenci\u00f3n de emergencias; Registro de asistencia; Registro de creaciones en aplicativos; Identificaci\u00f3n del estado de salud; Identificaci\u00f3n de beneficiarios de p\u00f3liza; Atenci\u00f3n en salud; Autorizaci\u00f3n para captura de imagen.<\/span> <\/td>\n  <\/tr>\n  <tr>\n    <td class=\"tg-0lax\"><span style=\"font-weight:400;font-style:normal;text-decoration:none;color:windowtext\">Actividades asociativas, culturales, recreativas, deportivas y sociales - Gesti\u00f3n de clubes o asociaciones deportivas, culturales, profesionales y similares<\/span><\/td>\n    <td class=\"tg-0lax\"><span style=\"font-weight:400;font-style:normal;text-decoration:none;color:windowtext\">Registro e identificaci\u00f3n de datos de contacto; Validaci\u00f3n y seguimiento de informaci\u00f3n o documentos para acceso a la prestaci\u00f3n de servicios o programas; Registro estad\u00edstico; Recolecci\u00f3n de datos de contacto de usuarios y familiares en caso de emergencia.<\/span><\/td>\n  <\/tr>\n  <tr>\n    <td class=\"tg-0lax\"><span style=\"font-weight:400;font-style:normal;text-decoration:none;color:windowtext\">Actividades asociativas, culturales, recreativas, deportivas y sociales - Gesti\u00f3n de medios de comunicaci\u00f3n social<\/span><\/td>\n    <td class=\"tg-0lax\"><span style=\"font-weight:400;font-style:normal;text-decoration:none;color:windowtext\">Identificaci\u00f3n de quienes autorizan el uso de im\u00e1genes fotogr\u00e1ficas, producci\u00f3n audiovisual y conexos.<\/span><\/td>\n  <\/tr>\n  <tr>\n    <td class=\"tg-0lax\"><span style=\"font-weight:400;font-style:normal;text-decoration:none;color:windowtext\">Educaci\u00f3n y cultura - Deportes<\/span><\/td>\n    <td class=\"tg-0lax\"><span style=\"font-weight:400;font-style:normal;text-decoration:none;color:windowtext\">Administraci\u00f3n de actividades deportivas; Soporte de autorizaci\u00f3n para tratamiento de informaci\u00f3n; Prestaci\u00f3n del servicio o programa; Identificaci\u00f3n y seguimiento integral de los usuarios de los programas y servicios ofrecidos por la Corporaci\u00f3n., Carnetizaci\u00f3n; Identificaci\u00f3n de parentesco; Entrega de p\u00f3liza del menor; Identificaci\u00f3n de contacto v\u00eda web; Informaci\u00f3n de salud para remisi\u00f3n y atenci\u00f3n en caso de accidente.<\/span><\/td>\n  <\/tr>\n  <tr>\n    <td class=\"tg-0lax\"><span style=\"font-weight:400;font-style:normal;text-decoration:none;color:windowtext\">Educaci\u00f3n y cultura - Otras ense\u00f1anzas o eventos<\/span><\/td>\n    <td class=\"tg-0lax\"><span style=\"font-weight:400;font-style:normal;text-decoration:none;color:windowtext\">Verificaci\u00f3n de requisitos de admisi\u00f3n a programas; Identificaci\u00f3n de aspirantes a programas y solicitantes de servicios., Identificaci\u00f3n de asistentes a eventos, reuniones, capacitaciones y diversas actividades que se ejecuten dentro de todos los programas y procesos de la Caja.<\/span><\/td>\n  <\/tr>\n  <tr>\n    <td class=\"tg-0lax\"><span style=\"font-weight:400;font-style:normal;text-decoration:none;color:windowtext\">Empleado<\/span><\/td>\n    <td class=\"tg-0lax\"><span style=\"font-weight:400;font-style:normal;text-decoration:none;color:windowtext\">Vinculaci\u00f3n y elaboraci\u00f3n de contrato laboral; afiliaci\u00f3n a EPS, AFP, ARL, PVS, Fondo de Cesant\u00edas; Registro de entrega de dotaci\u00f3n y elementos de protecci\u00f3n personal; Registro de resultados de pruebas psicot\u00e9cnicas y de admisi\u00f3n; entre otros tr\u00e1mites administrativos.<\/span><\/td>\n  <\/tr>\n  <tr>\n    <td class=\"tg-0lax\"><span style=\"font-weight:400;font-style:normal;text-decoration:none;color:windowtext\">Finalidades varias - Atenci\u00f3n al ciudadano\/cliente (Gesti\u00f3n PQR)<\/span><\/td>\n    <td class=\"tg-0lax\"><span style=\"font-weight:400;font-style:normal;text-decoration:none;color:windowtext\">Registro de informaci\u00f3n asociada a la creaci\u00f3n, modificaci\u00f3n, gesti\u00f3n y respuesta de OyS (Opiniones y Sugerencias), Gesti\u00f3n de PQRS.<\/span><\/td>\n  <\/tr>\n  <tr>\n    <td class=\"tg-0lax\"><span style=\"font-weight:400;font-style:normal;text-decoration:none;color:windowtext\">Finalidades varias - campa\u00f1as de actualizaci\u00f3n de datos e informaci\u00f3n de cambios en el tratamiento de datos personales<\/span><\/td>\n    <td class=\"tg-0lax\"><span style=\"font-weight:400;font-style:normal;text-decoration:none;color:windowtext\">Incorporaci\u00f3n y actualizaci\u00f3n de datos en bases de datos. Registro de datos de contacto en caso de emergencia. Identificaci\u00f3n de acudientes de menores de edad para tr\u00e1mites ante la Corporaci\u00f3n. Establecimiento de parentesco y condici\u00f3n especial. Realizaci\u00f3n peri\u00f3dica de campa\u00f1as de actualizaci\u00f3n de datos con los titulares, en cumplimiento de la normativa propia de las Cajas de Compensaci\u00f3n Familiar y seguimiento a solicitudes de habeas data para gestionar las novedades. Actualizaci\u00f3n de datos.<\/span><\/td>\n  <\/tr>\n  <tr>\n    <td class=\"tg-0lax\"><span style=\"font-weight:400;font-style:normal;text-decoration:none;color:windowtext\">Finalidades varias - Custodia y formaci\u00f3n de bases de datos<\/span><\/td>\n    <td class=\"tg-0lax\"><span style=\"font-weight:400;font-style:normal;text-decoration:none;color:windowtext\">Custodia de la informaci\u00f3n recolectada de titulares en las bases de datos creadas seg\u00fan disposiciones de ley, conforme las pol\u00edticas internas establecidas. Alojamiento de todo tipo de soportes f\u00edsicos generados por los procesos; custodia de expedientes contractuales.<\/span><\/td>\n  <\/tr>\n  <tr>\n    <td class=\"tg-0lax\"><span style=\"font-weight:400;font-style:normal;text-decoration:none;color:windowtext\">Finalidades varias - Fidelizaci\u00f3n de clientes<\/span><\/td>\n    <td class=\"tg-0lax\"><span style=\"font-weight:400;font-style:normal;text-decoration:none;color:windowtext\">Soporte de autorizaci\u00f3n de tratamiento de la informaci\u00f3n; Registro de personas inscritas a programas; Validaci\u00f3n de informaci\u00f3n y requisitos para acceder a distintos beneficios y programas., Identificaci\u00f3n de encargado de gestionar convenios con empresas interesadas; Actualizaci\u00f3n y validaci\u00f3n de informaci\u00f3n financiera; Recolecci\u00f3n de datos de contacto de empresas con quienes se han celebrado contratos.<\/span><\/td>\n  <\/tr>\n  <tr>\n    <td class=\"tg-0lax\"><span style=\"font-weight:400;font-style:normal;text-decoration:none;color:windowtext\">Finalidades varias - Gesti\u00f3n de estad\u00edsticas internas<\/span><\/td>\n    <td class=\"tg-0lax\"><span style=\"font-weight:400;font-style:normal;text-decoration:none;color:windowtext\">Generaci\u00f3n de reportes; Registros estad\u00edsticos. Uso de informaci\u00f3n recolectada para dar cumplimiento a las disposiciones legales propias de las CCF, con \u00e9nfasis en los procesos internos que administran el core y generan servicios a la poblaci\u00f3n objetivo. Reportes a los Entes de Control.<\/span><\/td>\n  <\/tr>\n  <tr>\n    <td class=\"tg-0lax\"><span style=\"font-weight:400;font-style:normal;text-decoration:none;color:windowtext\">Finalidades varias - Remisi\u00f3n de informaci\u00f3n a los titulares, relacionada con el objeto social de la organizaci\u00f3n<\/span><\/td>\n    <td class=\"tg-0lax\"><span style=\"font-weight:400;font-style:normal;text-decoration:none;color:windowtext\">Notificaci\u00f3n de informaci\u00f3n derivada de la relaci\u00f3n legal o contractual existente con los titulares, gestionada a trav\u00e9s de medios telef\u00f3nicos, electr\u00f3nicos, f\u00edsicos y\/o personales., Recaudo y registro de autorizaciones otorgadas en tr\u00e1mites de la Corporaci\u00f3n; Identificaci\u00f3n del representante legal con quien celebran contratos; Registro y seguimiento de operaciones financieras y contables llevadas a cabo por la empresa.<\/span><\/td>\n  <\/tr>\n  <tr>\n    <td class=\"tg-0lax\"><span style=\"font-weight:400;font-style:normal;text-decoration:none;color:windowtext\">Financiera<\/span><\/td>\n    <td class=\"tg-0lax\"><span style=\"font-weight:400;font-style:normal;text-decoration:none;color:windowtext\">Identificaci\u00f3n de titulares para fines y tr\u00e1mites jur\u00eddicos, contables y financieros; Soporte de autorizaci\u00f3n de consulta y reporte a centrales de riesgo.<\/span><\/td>\n  <\/tr>\n  <tr>\n    <td class=\"tg-0lax\"><span style=\"font-weight:400;font-style:normal;text-decoration:none;color:windowtext\">Gesti\u00f3n contable, fiscal y administrativa - Gesti\u00f3n de cobros y pagos<\/span><\/td>\n    <td class=\"tg-0lax\"><span style=\"font-weight:400;font-style:normal;text-decoration:none;color:windowtext\">Registro y gesti\u00f3n de la informaci\u00f3n de las prescripciones, recobro, casos de medicina laboral, casos evaluados por Comit\u00e9 T\u00e9cnico Cient\u00edfico y gesti\u00f3n de las prestaciones econ\u00f3micas.<\/span><\/td>\n  <\/tr>\n  <tr>\n    <td class=\"tg-0lax\"><span style=\"font-weight:400;font-style:normal;text-decoration:none;color:windowtext\">Gesti\u00f3n contable, fiscal y administrativa - Gesti\u00f3n de proveedores<\/span><\/td>\n    <td class=\"tg-0lax\"><span style=\"font-weight:400;font-style:normal;text-decoration:none;color:windowtext\">Gesti\u00f3n contable, fiscal y administrativa para la creaci\u00f3n, actualizaci\u00f3n y pago de los distintos proveedores de bienes y servicios.<\/span><\/td>\n  <\/tr>\n  <tr>\n    <td class=\"tg-0lax\"><span style=\"font-weight:400;font-style:normal;text-decoration:none;color:windowtext\">Gesti\u00f3n contable, fiscal y administrativa - Verificaci\u00f3n de requisitos jur\u00eddicos, t\u00e9cnicos y\/o financieros<\/span><\/td>\n    <td class=\"tg-0lax\"><span style=\"font-weight:400;font-style:normal;text-decoration:none;color:windowtext\">Identificaci\u00f3n de titulares, clientes y usuarios para fines jur\u00eddicos, contables y financieros.<\/span><\/td>\n  <\/tr>\n  <tr>\n    <td class=\"tg-0lax\"><span style=\"font-weight:400;font-style:normal;text-decoration:none;color:windowtext\">Marketing<\/span><\/td>\n    <td class=\"tg-0lax\"><span style=\"font-weight:400;font-style:normal;text-decoration:none;color:windowtext\">Enviar y recepcionar mensajes con fines comerciales, publicitarios y\/o de atenci\u00f3n al cliente realizar invitaciones a eventos, ofertar nuevos productos distribuir publicaciones institucionales.<\/span><\/td>\n  <\/tr>\n  <tr>\n    <td class=\"tg-0lax\"><span style=\"font-weight:400;font-style:normal;text-decoration:none;color:windowtext\">Prestaci\u00f3n de Servicios - Prestaci\u00f3n de servicios de comunicaciones.<\/span><\/td>\n    <td class=\"tg-0lax\"><span style=\"font-weight:400;font-style:normal;text-decoration:none;color:windowtext\">Identificaci\u00f3n de titulares para fines informativos; Soporte de autorizaci\u00f3n de tratamiento de la informaci\u00f3n; Identificaci\u00f3n para oferta de programas, proyectos y servicios.<\/span><\/td>\n  <\/tr>\n  <tr>\n    <td class=\"tg-0lax\"><span style=\"font-weight:400;font-style:normal;text-decoration:none;color:windowtext\">Publicidad y prospecci\u00f3n comercial - Ofrecimiento productos y servicios<\/span><\/td>\n    <td class=\"tg-0lax\"><span style=\"font-weight:400;font-style:normal;text-decoration:none;color:windowtext\">Registro de asistencia a actividades, capacitaciones y eventos de la Corporaci\u00f3n; Identificaci\u00f3n de clientes potenciales; Conocimiento de preferencias para ofrecimiento de servicios. Identificaci\u00f3n para oferta de programas proyectos y servicios.<\/span><\/td>\n  <\/tr>\n  <tr>\n    <td class=\"tg-0lax\"><span style=\"font-weight:400;font-style:normal;text-decoration:none;color:windowtext\">Recursos humanos - Control de horario<\/span><\/td>\n    <td class=\"tg-0lax\"><span style=\"font-weight:400;font-style:normal;text-decoration:none;color:windowtext\">Administraci\u00f3n de turnos y control de horas extras.<\/span><\/td>\n  <\/tr>\n  <tr>\n    <td class=\"tg-0lax\"><span style=\"font-weight:400;font-style:normal;text-decoration:none;color:windowtext\">Recursos humanos - Gesti\u00f3n de n\u00f3mina<\/span><\/td>\n    <td class=\"tg-0lax\"><span style=\"font-weight:400;font-style:normal;text-decoration:none;color:windowtext\">Vinculaci\u00f3n y elaboraci\u00f3n de contrato laboral; Afiliaci\u00f3n a EPS, ARL, AFP y FC; Registro de p\u00f3lizas; Autorizaci\u00f3n para captura de imagen; Publicaci\u00f3n de videos, contenido institucional, fotos de eventos; Registro de creaciones en aplicativos; Gesti\u00f3n administrativa para la elaboraci\u00f3n, actualizaci\u00f3n y pago de la n\u00f3mina mensual.<\/span><\/td>\n  <\/tr>\n  <tr>\n    <td class=\"tg-0lax\"><span style=\"font-weight:400;font-style:normal;text-decoration:none;color:windowtext\">Recursos humanos - Gesti\u00f3n de personal<\/span><\/td>\n    <td class=\"tg-0lax\"><span style=\"font-weight:400;font-style:normal;text-decoration:none;color:windowtext\">Administraci\u00f3n y conformaci\u00f3n de la historia laboral de cada colaborador, desde su ingreso hasta su retiro, incluidos los casos de pensi\u00f3n. Recolecci\u00f3n de informaci\u00f3n para los procesos asociados a Gesti\u00f3n Humana, as\u00ed como los procesos de cumplimiento en donde se requiera el diligenciamiento de formatos con informaci\u00f3n personal para reportar a Entes de Control.<\/span><\/td>\n  <\/tr>\n  <tr>\n    <td class=\"tg-0lax\"><span style=\"font-weight:400;font-style:normal;text-decoration:none;color:windowtext\">Recursos humanos - Prevenci\u00f3n de riesgos laborales<\/span><\/td>\n    <td class=\"tg-0lax\"><span style=\"font-weight:400;font-style:normal;text-decoration:none;color:windowtext\">Recolecci\u00f3n de datos personales de colaboradores para conformaci\u00f3n de historia cl\u00ednica ocupacional, seguimiento a gestantes y dem\u00e1s informaci\u00f3n requerida por el Sistema de Gesti\u00f3n de Seguridad y Salud en el Trabajo.<\/span><\/td>\n  <\/tr>\n  <tr>\n    <td class=\"tg-0lax\"><span style=\"font-weight:400;font-style:normal;text-decoration:none;color:windowtext\">Recursos humanos - Promoci\u00f3n y selecci\u00f3n de personal<\/span><\/td>\n    <td class=\"tg-0lax\"><span style=\"font-weight:400;font-style:normal;text-decoration:none;color:windowtext\">Administraci\u00f3n de informaci\u00f3n de prospectos que participaron en procesos de selecci\u00f3n de personal. Recolecci\u00f3n de informaci\u00f3n para tr\u00e1mite de becas educativas, participaci\u00f3n en diferentes cursos y seminarios, inscripci\u00f3n a congresos en temas especializados, diligenciamiento de formatos para capacitaciones.<\/span><\/td>\n  <\/tr>\n  <tr>\n    <td class=\"tg-0lax\"><span style=\"font-weight:400;font-style:normal;text-decoration:none;color:windowtext\">Health<\/span><\/td>\n    <td class=\"tg-0lax\"><span style=\"font-weight:400;font-style:normal;text-decoration:none;color:windowtext\">Consolidaci\u00f3n de informaci\u00f3n proveniente de diferentes procesos en modelos de datos para generar informes peri\u00f3dicos y a solicitud para entidades externas o insumos para procesos internos. Registro y gesti\u00f3n de eventos hospitalarios, as\u00ed como de informaci\u00f3n cl\u00ednica asociada a servicios de hospitalizaci\u00f3n y urgencias. Registro de informaci\u00f3n asociada a la administraci\u00f3n de los par\u00e1metros impl\u00edcitos para la generaci\u00f3n de certificados. Base de datos encargada de procesar la totalidad de la informaci\u00f3n indispensable para generar los archivos exigidos por los entes de control. Clasificaci\u00f3n de los tipos documentales y los datos asociados a las familias documentales, que se digitalizan y\/o indexan, de los usuarios afiliados. Administraci\u00f3n de la informaci\u00f3n de las afiliaciones al Plan Obligatorio de Salud y Planes Adicionales. Administraci\u00f3n de la informaci\u00f3n de Contratos con Prestadores, Autorizaciones y Pagos a Prestadores de Salud. Reporte de informaci\u00f3n que se genere de la afiliaci\u00f3n y del reporte de novedades a las entidades p\u00fablicas que por sus funciones la requieran. Disponer de im\u00e1genes y datos al gestor documental para que posteriormente se puedan consultar las im\u00e1genes de los documentos digitalizados e indexados para gesti\u00f3n de los procesos de negocio de los usuarios afiliados (EPS-PVS).<\/span><\/td>\n  <\/tr>\n  <tr>\n    <td class=\"tg-0lax\"><span style=\"font-weight:400;font-style:normal;text-decoration:none;color:windowtext\">Seguridad - Seguridad<\/span><\/td>\n    <td class=\"tg-0lax\"><span style=\"font-weight:400;font-style:normal;text-decoration:none;color:windowtext\">Ejecuci\u00f3n de controles de seguridad. Identificaci\u00f3n de personas por video vigilancia. Verificaci\u00f3n de perfiles. Identificaci\u00f3n del contexto familiar.<\/span><\/td>\n  <\/tr>\n  <tr>\n    <td class=\"tg-0lax\"><span style=\"font-weight:400;font-style:normal;text-decoration:none;color:windowtext\">Seguridad - Seguridad y control de acceso a edificios<\/span><\/td>\n    <td class=\"tg-0lax\"><span style=\"font-weight:400;font-style:normal;text-decoration:none;color:windowtext\">Tr\u00e1mite para consulta de videos de vigilancia.<\/span><\/td>\n  <\/tr>\n  <tr>\n    <td class=\"tg-0lax\"><span style=\"font-weight:400;font-style:normal;text-decoration:none;color:windowtext\">Servicio de salud - Gesti\u00f3n autorizaciones servicios de salud<\/span><\/td>\n    <td class=\"tg-0lax\"><span style=\"font-weight:400;font-style:normal;text-decoration:none;color:windowtext\">Tratamiento de informaci\u00f3n para realizar toda la gesti\u00f3n del aseguramiento en salud.<\/span><\/td>\n  <\/tr>\n  <tr>\n    <td class=\"tg-0lax\"><span style=\"font-weight:400;font-style:normal;text-decoration:none;color:windowtext\">Servicio de salud - Historial cl\u00ednico<\/span><\/td>\n    <td class=\"tg-0lax\"><span style=\"font-weight:400;font-style:normal;text-decoration:none;color:windowtext\">Registro y gesti\u00f3n de informaci\u00f3n en salud, laboratorio cl\u00ednico, servicios ambulatorios, im\u00e1genes diagn\u00f3sticas, oncolog\u00eda, vacunaci\u00f3n, servicios de hospitalizaci\u00f3n y urgencias. Autorizaci\u00f3n para que la EPS solicite y obtenga datos y copia de la historia cl\u00ednica del cotizante o cabeza de familia y de sus beneficiarios o afiliados adicionales.<\/span><\/td>\n  <\/tr>\n  <tr>\n    <td class=\"tg-0lax\"><span style=\"font-weight:400;font-style:normal;text-decoration:none;color:windowtext\">Servicios econ\u00f3mico - financieros y seguros - Cuenta de cr\u00e9dito<\/span><\/td>\n    <td class=\"tg-0lax\"><span style=\"font-weight:400;font-style:normal;text-decoration:none;color:windowtext\">Actualizaci\u00f3n y validaci\u00f3n de informaci\u00f3n financiera; Identificaci\u00f3n del estado de salud de solicitantes para seguro de vida; Identificaci\u00f3n de beneficiarios de p\u00f3liza; Control de correspondencia; Gesti\u00f3n de cr\u00e9ditos.<\/span><\/td>\n  <\/tr>\n  <tr>\n    <td class=\"tg-0lax\"><span style=\"font-weight:400;font-style:normal;text-decoration:none;color:windowtext\">Trabajo y bienestar social - Ayudas para el acceso a vivienda<\/span><\/td>\n    <td class=\"tg-0lax\"><span style=\"font-weight:400;font-style:normal;text-decoration:none;color:windowtext\">Gesti\u00f3n para acceso a programas de vivienda ofertados por la Caja de Compensaci\u00f3n Familiar.<\/span><\/td>\n  <\/tr>\n  <tr>\n    <td class=\"tg-0lax\"><span style=\"font-weight:400;font-style:normal;text-decoration:none;color:windowtext\">Trabajo y bienestar social - Declaraci\u00f3n y pago de aportes de seguridad social<\/span><\/td>\n    <td class=\"tg-0lax\"><span style=\"font-weight:400;font-style:normal;text-decoration:none;color:windowtext\">Gestionar los procesos involucrados con el aporte de los afiliados a salud como son el recaudo, la compensaci\u00f3n, gesti\u00f3n de cobro, devoluciones y giros a terceros. Proceso de cargue y reporte de los aportes parafiscales de ley al Sistema del Subsidio Familiar.<\/span><\/td>\n  <\/tr>\n<\/tbody>\n<\/table>\t\t\t\t<\/div>\n\t\t\t\t<\/div>\n\t\t\t\t<div class=\"elementor-element elementor-element-1dabfea elementor-widget elementor-widget-text-editor\" data-id=\"1dabfea\" data-element_type=\"widget\" data-widget_type=\"text-editor.default\">\n\t\t\t\t<div class=\"elementor-widget-container\">\n\t\t\t\t\t\t\t\t\t<p>COMFENALCO VALLE DELAGENTE tambi\u00e9n podr\u00e1:<\/p>\t\t\t\t\t\t\t\t<\/div>\n\t\t\t\t<\/div>\n\t\t\t\t<div class=\"elementor-element elementor-element-961b689 elementor-widget elementor-widget-text-editor\" data-id=\"961b689\" data-element_type=\"widget\" data-widget_type=\"text-editor.default\">\n\t\t\t\t<div class=\"elementor-widget-container\">\n\t\t\t\t\t\t\t\t\t<ul><li>Circular informaci\u00f3n de sus bases de datos con personas naturales o jur\u00eddicas con las cuales posea una relaci\u00f3n comercial, legal o reglamentaria, relacionada con los distintos programas, productos o servicios ofrecidos por la Corporaci\u00f3n en cumplimiento de los fines previstos por la ley para las Cajas de Compensaci\u00f3n Familiar.<\/li><li>Compartir datos que sean necesarios para el reconocimiento, ejercicio o defensa de un derecho en un proceso judicial.<\/li><li>Compartir la informaci\u00f3n de las bases de datos con contratistas en general, cuando ello sea necesario para el desarrollo del objeto contratado.<\/li><li>Realizar, directa o indirectamente, transmisi\u00f3n o transferencia nacional o internacional de datos, cuando resulte imprescindible para el correcto funcionamiento de la Corporaci\u00f3n.<\/li><li>Utilizar los datos recolectados a trav\u00e9s de puntos de seguridad, personal de seguridad y videograbaciones que se realizan dentro o fuera de las instalaciones de la corporaci\u00f3n, para fines de seguridad y vigilancia de las personas, bienes e instalaciones de COMFENALCO VALLE DELAGENTE, pudiendo ser utilizados como prueba en cualquier tipo de proceso judicial o administrativo.<\/li><li>Soportar procesos de auditor\u00eda externa e interna.<\/li><li>Compartir informaci\u00f3n y realizar estudios a trav\u00e9s de instituciones como ASOCAJAS o que est\u00e9n relacionadas con el Sistema del Subsidio Familiar.<\/li><li>Enviar y recepcionar mensajes con fines comerciales, publicitarios y\/o de atenci\u00f3n al cliente, realizar invitaciones a eventos, ofertar nuevos productos, distribuir publicaciones institucionales, as\u00ed como todo lo referente a la relaci\u00f3n legal o contractual existente con los Titulares, a trav\u00e9s de todos los canales de comunicaci\u00f3n disponibles.<\/li><li>Suministrar informaci\u00f3n de contacto y documentos pertinentes a la fuerza comercial y\/o red de distribuci\u00f3n, telemercadeo, investigaci\u00f3n de mercados, propia o a trav\u00e9s de un tercero con el cual COMFENALCO VALLE DELAGENTE posea v\u00ednculo contractual.<\/li><li>Gestionar tr\u00e1mites (solicitudes, quejas, reclamos), realizar an\u00e1lisis de riesgo, realizar investigaciones de h\u00e1bitos de consumo y de preferencias, efectuar encuestas de satisfacci\u00f3n respecto de los servicios de COMFENALCO VALLE DELAGENTE, as\u00ed como de sus aliados comerciales y evaluar la calidad del servicio prestado, directamente o a trav\u00e9s de terceros.<\/li><li>Consultar datos personales que reposen en operadores de bancos de datos de informaci\u00f3n financiera de que trata la Ley 1266 de 2008 o las normas que la modifiquen o sustituyan, as\u00ed como proveerles informaci\u00f3n crediticia a los mismos.<\/li><li>Consultar en listas restrictivas y de control relacionadas con el Sistema de Administraci\u00f3n de Riesgos para Lavados de Activos y Financiaci\u00f3n del Terrorismo \u2013 SARLAFT.<\/li><li>Remitir informaci\u00f3n a entidades p\u00fablicas o administrativas solicitada en ejercicio de sus funciones legales o por orden judicial.<\/li><li>Ceder datos personales a terceros para fines legales y\/o contractuales.<\/li><li>Cualquier otra finalidad que resulte del ejercicio diario de la funci\u00f3n misional de la Caja de Compensaci\u00f3n Familiar.<\/li><\/ul>\t\t\t\t\t\t\t\t<\/div>\n\t\t\t\t<\/div>\n\t\t\t\t\t<\/div>\n\t\t\t\t<\/div>\n\t\t\t\t\t<\/div>\n\t\t\t\t<\/div>\n\t\t<div class=\"elementor-element elementor-element-c16ffa9 e-flex e-con-boxed e-con e-child\" data-id=\"c16ffa9\" data-element_type=\"container\">\n\t\t\t\t\t<div class=\"e-con-inner\">\n\t\t\t\t<div class=\"elementor-element elementor-element-31cacac elementor-widget elementor-widget-heading\" data-id=\"31cacac\" data-element_type=\"widget\" data-widget_type=\"heading.default\">\n\t\t\t\t<div class=\"elementor-widget-container\">\n\t\t\t\t\t<h2 class=\"elementor-heading-title elementor-size-default\">3.\tMARCO LEGAL<\/h2>\t\t\t\t<\/div>\n\t\t\t\t<\/div>\n\t\t<div class=\"elementor-element elementor-element-91d64ac e-flex e-con-boxed e-con e-child\" data-id=\"91d64ac\" data-element_type=\"container\">\n\t\t\t\t\t<div class=\"e-con-inner\">\n\t\t\t\t<div class=\"elementor-element elementor-element-68d6619 elementor-widget elementor-widget-text-editor\" data-id=\"68d6619\" data-element_type=\"widget\" data-widget_type=\"text-editor.default\">\n\t\t\t\t<div class=\"elementor-widget-container\">\n\t\t\t\t\t\t\t\t\t<ul><li>Constituci\u00f3n Pol\u00edtica de Colombia, Art\u00edculo 15.<\/li><li>Ley Estatutaria 1266 de 2008.<\/li><li>Ley Estatutaria 1581 de 2012.<\/li><li>Decreto Reglamentario \u00danico 1074 del 2015.<\/li><li>Sentencias de la Corte Constitucional C-1011 de 2008 y C-748 de 2011.<\/li><li>Resoluciones, Circulares Externas y Gu\u00edas expedidas por la Superintendencia de Industria y Comercio.<\/li><\/ul>\t\t\t\t\t\t\t\t<\/div>\n\t\t\t\t<\/div>\n\t\t\t\t\t<\/div>\n\t\t\t\t<\/div>\n\t\t\t\t\t<\/div>\n\t\t\t\t<\/div>\n\t\t<div class=\"elementor-element elementor-element-917cdad e-flex e-con-boxed e-con e-child\" data-id=\"917cdad\" data-element_type=\"container\">\n\t\t\t\t\t<div class=\"e-con-inner\">\n\t\t\t\t<div class=\"elementor-element elementor-element-d05ccc5 elementor-widget elementor-widget-heading\" data-id=\"d05ccc5\" data-element_type=\"widget\" data-widget_type=\"heading.default\">\n\t\t\t\t<div class=\"elementor-widget-container\">\n\t\t\t\t\t<h2 class=\"elementor-heading-title elementor-size-default\">4.\tDEFINICIONES<\/h2>\t\t\t\t<\/div>\n\t\t\t\t<\/div>\n\t\t<div class=\"elementor-element elementor-element-09a3a09 e-flex e-con-boxed e-con e-child\" data-id=\"09a3a09\" data-element_type=\"container\">\n\t\t\t\t\t<div class=\"e-con-inner\">\n\t\t\t\t<div class=\"elementor-element elementor-element-85c666b elementor-widget elementor-widget-text-editor\" data-id=\"85c666b\" data-element_type=\"widget\" data-widget_type=\"text-editor.default\">\n\t\t\t\t<div class=\"elementor-widget-container\">\n\t\t\t\t\t\t\t\t\t<p>Para efectos de la interpretaci\u00f3n y aplicaci\u00f3n de esta pol\u00edtica deben tenerse en cuenta los siguientes conceptos:<\/p>\t\t\t\t\t\t\t\t<\/div>\n\t\t\t\t<\/div>\n\t\t\t\t<div class=\"elementor-element elementor-element-babbb26 elementor-widget elementor-widget-text-editor\" data-id=\"babbb26\" data-element_type=\"widget\" data-widget_type=\"text-editor.default\">\n\t\t\t\t<div class=\"elementor-widget-container\">\n\t\t\t\t\t\t\t\t\t<p><strong>AFILIADOS. <\/strong>Son todos aquellos trabajadores, dependientes o independientes y pensionados, que en cumplimiento de las leyes 21 de 1982 y 100 de 1993, as\u00ed como de sus decretos reglamentarios y dem\u00e1s normas complementarias, tramitan su afiliaci\u00f3n a la Caja de Compensaci\u00f3n Familiar y\/o a la EPS.<\/p><p><strong>AUTORIZACI\u00d3N<\/strong>. Consentimiento previo, expreso e informado del titular del dato para llevar a cabo el tratamiento de su informaci\u00f3n personal.<\/p><p><strong>BENEFICIARIOS.\u00a0 <\/strong>Son todas aquellas personas naturales que dependen de un Afiliado y hacen parte de su grupo familiar, para acceder en esta calidad a los servicios ofrecidos por la Caja de Compensaci\u00f3n Familiar y\/o la EPS. Los beneficiarios pueden ser mayores o menores de edad.<\/p><p><strong>BASE DE DATOS.<\/strong> Conjunto organizado, sea f\u00edsico o digital, de datos personales que sea objeto de Tratamiento.<\/p><p><strong>CESI\u00d3N DE LA BASE DE DATOS.<\/strong> Transferencia de la calidad de Responsable de una Base de Datos a otro Responsable a t\u00edtulo gratuito u oneroso. Se le considerar\u00e1 al nuevo Responsable del Tratamiento de la base de datos cedida tal condici\u00f3n a partir del momento en que sea perfeccionada la cesi\u00f3n.<\/p><p><strong>COLABORADORES.\u00a0 <\/strong>Son todas aquellas personas naturales que tienen un v\u00ednculo laboral con Comfenalco Valle Delagente o con Consorcio Salud EPS Comfenalco Valle.<\/p><p><strong>CONSULTA.<\/strong> Solicitud del titular del dato, de las personas autorizadas por este o por la ley, para conocer la informaci\u00f3n que reposa sobre \u00e9l, en bases de datos o archivos de la corporaci\u00f3n.<\/p><p><strong>CONTRATISTAS. <\/strong>Son todas aquellas personas que proveen bienes o servicios a Comfenalco Valle Delagente o a Consorcio Salud EPS Comfenalco Valle y han suscrito un contrato de prestaci\u00f3n de servicios, orden de trabajo o equivalente.<\/p><p><strong>DATO PERSONAL.<\/strong> Cualquier informaci\u00f3n que directa o indirectamente se refiere a una persona natural y que permite identificarla, estos datos se clasifican en:<\/p>\t\t\t\t\t\t\t\t<\/div>\n\t\t\t\t<\/div>\n\t\t\t\t<div class=\"elementor-element elementor-element-63dcb8b elementor-widget elementor-widget-text-editor\" data-id=\"63dcb8b\" data-element_type=\"widget\" data-widget_type=\"text-editor.default\">\n\t\t\t\t<div class=\"elementor-widget-container\">\n\t\t\t\t\t\t\t\t\t<ul><li><strong>DATO PERSONAL SENSIBLE.<\/strong> Informaci\u00f3n que afecta la intimidad de la persona o cuyo uso indebido puede generar su discriminaci\u00f3n, tales como datos que revelen el origen racial o \u00e9tnico, la orientaci\u00f3n pol\u00edtica, las convicciones religiosas o filos\u00f3ficas, la pertenencia a sindicatos, organizaciones sociales, de derechos humanos o que promueva intereses de cualquier partido pol\u00edtico o que garanticen los derechos y garant\u00edas de partidos pol\u00edticos de oposici\u00f3n, as\u00ed como los datos relativos a la salud, a la vida sexual y los datos biom\u00e9tricos (huellas dactilares, fotos).<\/li><\/ul><ul><li><strong>DATO PERSONAL PRIVADO.<\/strong> Es el dato que por su naturaleza \u00edntima o reservada s\u00f3lo es relevante para la persona Titular del dato. Ejemplos: informaci\u00f3n extra\u00edda a partir de la inspecci\u00f3n del domicilio, n\u00famero telef\u00f3nico siempre y cuando no se encuentre en bases p\u00fablicas o el salario. Tambi\u00e9n lo son los datos que reposen en los archivos de la Registradur\u00eda, referentes a la identidad de las personas, c\u00f3mo son sus datos biogr\u00e1ficos, su filiaci\u00f3n y f\u00f3rmula dactilosc\u00f3pica.<\/li><\/ul><ul><li><strong>DATO PERSONAL SEMIPRIVADO.<\/strong> Es el dato que no tiene naturaleza \u00edntima, reservada, ni p\u00fablica y cuyo conocimiento o divulgaci\u00f3n puede interesar no s\u00f3lo a su Titular sino a cierto sector o grupo de personas o a la sociedad en general, como, entre otros, el dato referente al cumplimiento o incumplimiento de las obligaciones financieras o los datos relativos a las relaciones con las entidades de la seguridad social.<\/li><\/ul><ul><li><strong>DATO PERSONAL P\u00daBLICO<\/strong>. Es el dato calificado como tal por ley o la Constituci\u00f3n Pol\u00edtica o el que no sea privado, semiprivado o sensible. Son p\u00fablicos, entre otros, el nombre, el n\u00famero de identificaci\u00f3n, fecha y lugar de expedici\u00f3n del documento de identificaci\u00f3n, profesi\u00f3n, calidad de comerciante o de servidor p\u00fablico, datos contenidos en el registro p\u00fablico mercantil de las C\u00e1maras de Comercio, entre otros.<\/li><\/ul>\t\t\t\t\t\t\t\t<\/div>\n\t\t\t\t<\/div>\n\t\t\t\t<div class=\"elementor-element elementor-element-4fa3ef2 elementor-widget elementor-widget-text-editor\" data-id=\"4fa3ef2\" data-element_type=\"widget\" data-widget_type=\"text-editor.default\">\n\t\t\t\t<div class=\"elementor-widget-container\">\n\t\t\t\t\t\t\t\t\t<p><strong>ENCARGADO DEL TRATAMIENTO.<\/strong> Persona natural o jur\u00eddica, p\u00fablica o privada que, por s\u00ed misma o en asocio con otros, realice el tratamiento de datos personales por cuenta del Responsable del Tratamiento.<\/p><p><strong>NNA.<\/strong> Hace referencia a los menores de 18 a\u00f1os y corresponde a la sigla de Ni\u00f1os, Ni\u00f1as y Adolescentes.<\/p><p><strong>RECLAMO.<\/strong> Solicitud del titular del dato, de las personas autorizadas por este o por la ley, para corregir, actualizar o suprimir sus datos personales o para revocar la autorizaci\u00f3n en los casos establecidos en la ley.<\/p><p><strong>RESPONSABLE DEL TRATAMIENTO.<\/strong> Persona natural o jur\u00eddica de naturaleza p\u00fablica o privada, que decide sobre la recolecci\u00f3n y fines del tratamiento de los datos personales. Puede ser, a t\u00edtulo de ejemplo, la empresa due\u00f1a de la base de datos o sistema de informaci\u00f3n que contiene datos personales.<\/p><p><strong>SUBENCARGADO DEL TRATAMIENTO.<\/strong> Persona que realiza el tratamiento de datos personales por cuenta de un Encargado del tratamiento.<\/p><p><strong>TERCEROS. <\/strong>Son todas aquellas personas naturales que, por distintas circunstancias, tengan o hayan tenido un relacionamiento con Comfenalco Valle Delagente o con Consorcio Salud EPS Comfenalco Valle y producto de dicha interacci\u00f3n, puedan llegar a proporcionar o hayan proporcionado datos personales.<\/p><p><strong>TITULAR DEL DATO.<\/strong> Es la persona natural cuyos datos personales son objeto del tratamiento.<\/p><p><strong>TRATAMIENTO.<\/strong> Cualquier operaci\u00f3n o conjunto de operaciones sobre datos personales tales como: la recolecci\u00f3n, el almacenamiento, el uso, la circulaci\u00f3n o supresi\u00f3n de esa clase de informaci\u00f3n.<\/p><p><strong>TRANSFERENCIA INTERNACIONAL DE DATOS.<\/strong> Env\u00edo de datos personales que realiza el Responsable o Encargado desde Colombia a un destinatario que ser\u00e1 un Responsable que se encuentra fuera del pa\u00eds y cuya operaci\u00f3n est\u00e1 cobijada por una declaraci\u00f3n de conformidad emitida por la Delegatura para la Protecci\u00f3n de Datos Personales de la Superintendencia de Industria y Comercio o por una causal de excepci\u00f3n en los t\u00e9rminos se\u00f1alados en el art\u00edculo 26 de la Ley 1581 de 2012.<\/p><p><strong>TRANSMISI\u00d3N INTERNACIONAL DE DATOS.<\/strong> Env\u00edo de datos personales que realiza el Responsable desde Colombia a un destinatario que ser\u00e1 un Encargado que se encuentra fuera del pa\u00eds y cuya operaci\u00f3n est\u00e1 cobijada por un contrato de transmisi\u00f3n de datos en los t\u00e9rminos se\u00f1alados en el art\u00edculo 2.2.2.25.5.2 del Decreto 1074 de 2015 o una declaraci\u00f3n de conformidad emitida por la Delegatura para la Protecci\u00f3n de Datos Personales de la Superintendencia de Industria y Comercio.<\/p><p><strong>TRANSMISI\u00d3N NACIONAL DE DATOS. <\/strong>Env\u00edo de datos personales que realiza el Responsable o el Encargado dentro del territorio nacional a un destinatario que ser\u00e1 un Responsable o Encargado y cuya operaci\u00f3n est\u00e1 cobijada por un negocio jur\u00eddico.<\/p>\t\t\t\t\t\t\t\t<\/div>\n\t\t\t\t<\/div>\n\t\t\t\t\t<\/div>\n\t\t\t\t<\/div>\n\t\t\t\t\t<\/div>\n\t\t\t\t<\/div>\n\t\t<div class=\"elementor-element elementor-element-45e628d e-flex e-con-boxed e-con e-child\" data-id=\"45e628d\" data-element_type=\"container\">\n\t\t\t\t\t<div class=\"e-con-inner\">\n\t\t\t\t<div class=\"elementor-element elementor-element-594394a elementor-widget elementor-widget-heading\" data-id=\"594394a\" data-element_type=\"widget\" data-widget_type=\"heading.default\">\n\t\t\t\t<div class=\"elementor-widget-container\">\n\t\t\t\t\t<h2 class=\"elementor-heading-title elementor-size-default\">5.\tOBLIGACIONES<\/h2>\t\t\t\t<\/div>\n\t\t\t\t<\/div>\n\t\t<div class=\"elementor-element elementor-element-f8a1b3c e-flex e-con-boxed e-con e-child\" data-id=\"f8a1b3c\" data-element_type=\"container\">\n\t\t\t\t\t<div class=\"e-con-inner\">\n\t\t\t\t<div class=\"elementor-element elementor-element-a6433e0 elementor-widget elementor-widget-text-editor\" data-id=\"a6433e0\" data-element_type=\"widget\" data-widget_type=\"text-editor.default\">\n\t\t\t\t<div class=\"elementor-widget-container\">\n\t\t\t\t\t\t\t\t\t<p>Esta pol\u00edtica es de obligatorio cumplimiento para todo el personal de COMFENALCO VALLE DELAGENTE, al igual que para todos los terceros que obran en su nombre o que tratan o se relacionan con datos personales por disposici\u00f3n de la Corporaci\u00f3n, como Encargados o Subencargados del tratamiento. Todos ellos deber\u00e1n observar y respetar esta pol\u00edtica en el cumplimiento de sus funciones, actividades y ejecuciones contractuales, a\u00fan despu\u00e9s de terminados los v\u00ednculos legales, funcionales, comerciales, laborales o de cualquier \u00edndole que con la corporaci\u00f3n hubieren establecido. De igual manera, se comprometen a guardar estricta confidencialidad en relaci\u00f3n con los datos en su momento tratados.<\/p>\t\t\t\t\t\t\t\t<\/div>\n\t\t\t\t<\/div>\n\t\t\t\t<div class=\"elementor-element elementor-element-2b442ae elementor-widget elementor-widget-text-editor\" data-id=\"2b442ae\" data-element_type=\"widget\" data-widget_type=\"text-editor.default\">\n\t\t\t\t<div class=\"elementor-widget-container\">\n\t\t\t\t\t\t\t\t\t<p>Es importante se\u00f1alar que COMFENALCO VALLE DELAGENTE realiza el tratamiento de datos personales de sus respectivos titulares, contando con un equipo de trabajo capacitado y actualizado en protecci\u00f3n de datos personales y que cuenta con acuerdos de confidencialidad suscritos con sus colaboradores y contratistas, pensando siempre en preservar la privacidad de la informaci\u00f3n a la cual pudieren llegar a tener acceso en desarrollo de sus obligaciones y responsabilidades.<\/p>\t\t\t\t\t\t\t\t<\/div>\n\t\t\t\t<\/div>\n\t\t\t\t<div class=\"elementor-element elementor-element-56b64db elementor-widget elementor-widget-text-editor\" data-id=\"56b64db\" data-element_type=\"widget\" data-widget_type=\"text-editor.default\">\n\t\t\t\t<div class=\"elementor-widget-container\">\n\t\t\t\t\t\t\t\t\t<p>No obstante, agradecemos que cualquier incumplimiento de las obligaciones y en general, de las pol\u00edticas contenidas en este documento, que se entiende como un incumplimiento grav\u00edsimo de las obligaciones contractuales de los obligados, sea reportada al correo electr\u00f3nico <a href=\"mailto:servicioalcliente@comfenalcovalle.com.co\">servicioalcliente@comfenalcovalle.com.co<\/a> sin perjuicio de las acciones contractuales o legales que de ello se generen.<\/p>\t\t\t\t\t\t\t\t<\/div>\n\t\t\t\t<\/div>\n\t\t\t\t\t<\/div>\n\t\t\t\t<\/div>\n\t\t\t\t\t<\/div>\n\t\t\t\t<\/div>\n\t\t<div class=\"elementor-element elementor-element-bc762b8 e-flex e-con-boxed e-con e-child\" data-id=\"bc762b8\" data-element_type=\"container\">\n\t\t\t\t\t<div class=\"e-con-inner\">\n\t\t\t\t<div class=\"elementor-element elementor-element-744be53 elementor-widget elementor-widget-heading\" data-id=\"744be53\" data-element_type=\"widget\" data-widget_type=\"heading.default\">\n\t\t\t\t<div class=\"elementor-widget-container\">\n\t\t\t\t\t<h2 class=\"elementor-heading-title elementor-size-default\">6.\tESTRUCTURA ADMINISTRATIVA SOBRE PROTECCI\u00d3N Y TRATAMIENTO DE DATOS<\/h2>\t\t\t\t<\/div>\n\t\t\t\t<\/div>\n\t\t<div class=\"elementor-element elementor-element-44f2bd1 e-flex e-con-boxed e-con e-child\" data-id=\"44f2bd1\" data-element_type=\"container\">\n\t\t\t\t\t<div class=\"e-con-inner\">\n\t\t\t\t<div class=\"elementor-element elementor-element-0616ec6 elementor-widget elementor-widget-text-editor\" data-id=\"0616ec6\" data-element_type=\"widget\" data-widget_type=\"text-editor.default\">\n\t\t\t\t<div class=\"elementor-widget-container\">\n\t\t\t\t\t\t\t\t\t<p>Conforme lo dispuesto por el art\u00edculo 2.2.2.25.4.4. del Decreto 1074 de 2015: \u201c<em>Todo Responsable y Encargado deber\u00e1 designar a una persona o \u00e1rea que asuma la funci\u00f3n de protecci\u00f3n de datos personales<\/em>\u2026\u201d COMFENALCO VALLE DELAGENTE ha establecido la siguiente estructura de gobierno:<\/p>\t\t\t\t\t\t\t\t<\/div>\n\t\t\t\t<\/div>\n\t\t\t\t<div class=\"elementor-element elementor-element-b81057f elementor-widget elementor-widget-text-editor\" data-id=\"b81057f\" data-element_type=\"widget\" data-widget_type=\"text-editor.default\">\n\t\t\t\t<div class=\"elementor-widget-container\">\n\t\t\t\t\t\t\t\t\t<p style=\"padding-left: 40px;\"><strong>(i) Macroproceso Gobierno de Informaci\u00f3n<\/strong>. Responde a la Direcci\u00f3n de Servicios de Apoyo de la Corporaci\u00f3n. Su prop\u00f3sito es asegurar de modo transversal, un nivel de calidad, disponibilidad, privacidad, seguridad y confiabilidad de toda la informaci\u00f3n que se trata, mediante la definici\u00f3n e implantaci\u00f3n de un conjunto de pol\u00edticas, organismos, normas y procesos, adecuados a sus necesidades normativas y operativas.<\/p>\t\t\t\t\t\t\t\t<\/div>\n\t\t\t\t<\/div>\n\t\t\t\t<div class=\"elementor-element elementor-element-d8fc88c elementor-widget elementor-widget-text-editor\" data-id=\"d8fc88c\" data-element_type=\"widget\" data-widget_type=\"text-editor.default\">\n\t\t\t\t<div class=\"elementor-widget-container\">\n\t\t\t\t\t\t\t\t\t<p style=\"padding-left: 40px;\">Asociados a este Macroproceso se encuentran tres (3) procesos espec\u00edficos:<\/p>\t\t\t\t\t\t\t\t<\/div>\n\t\t\t\t<\/div>\n\t\t\t\t<div class=\"elementor-element elementor-element-9fc82bf elementor-widget elementor-widget-text-editor\" data-id=\"9fc82bf\" data-element_type=\"widget\" data-widget_type=\"text-editor.default\">\n\t\t\t\t<div class=\"elementor-widget-container\">\n\t\t\t\t\t\t\t\t\t<ol><li style=\"list-style-type: none;\"><ol><li><strong>Protecci\u00f3n de Datos Personales<\/strong>. Su prop\u00f3sito es establecer las pol\u00edticas y lineamientos a nivel corporativo para el adecuado tratamiento de los datos personales, asegurando la implementaci\u00f3n y mantenimiento transversal del Sistema de Gesti\u00f3n de Seguridad de Datos Personales.<\/li><li><strong>Seguridad de la Informaci\u00f3n<\/strong>. Propende por la conservaci\u00f3n de la confidencialidad, disponibilidad e integridad de la informaci\u00f3n de la corporaci\u00f3n, as\u00ed como de los sistemas implicados en su tratamiento.<\/li><li><strong>Gobierno de Datos<\/strong>. Su prop\u00f3sito es fijar las pol\u00edticas y lineamientos que permitan mejorar la calidad de los datos que se tratan en la Corporaci\u00f3n.<\/li><\/ol><\/li><\/ol>\t\t\t\t\t\t\t\t<\/div>\n\t\t\t\t<\/div>\n\t\t\t\t<div class=\"elementor-element elementor-element-01200e8 elementor-widget elementor-widget-text-editor\" data-id=\"01200e8\" data-element_type=\"widget\" data-widget_type=\"text-editor.default\">\n\t\t\t\t<div class=\"elementor-widget-container\">\n\t\t\t\t\t\t\t\t\t<p style=\"padding-left: 40px;\"><strong>(ii) <\/strong>Sistema de Gesti\u00f3n de Seguridad de Datos Personales -SGSDP- que hace parte del proceso de Protecci\u00f3n de Datos Personales.<\/p>\t\t\t\t\t\t\t\t<\/div>\n\t\t\t\t<\/div>\n\t\t\t\t<div class=\"elementor-element elementor-element-f48b60d elementor-widget elementor-widget-text-editor\" data-id=\"f48b60d\" data-element_type=\"widget\" data-widget_type=\"text-editor.default\">\n\t\t\t\t<div class=\"elementor-widget-container\">\n\t\t\t\t\t\t\t\t\t<p style=\"padding-left: 40px;\"><strong>(iii) <\/strong>Comit\u00e9 del Sistema de Gesti\u00f3n de Seguridad de Datos Personales SGSDP. \u00d3rgano multidisciplinario y de car\u00e1cter estrat\u00e9gico, liderado por el Oficial de Protecci\u00f3n de Datos (OPD).<\/p>\t\t\t\t\t\t\t\t<\/div>\n\t\t\t\t<\/div>\n\t\t\t\t<div class=\"elementor-element elementor-element-c04b506 elementor-widget elementor-widget-text-editor\" data-id=\"c04b506\" data-element_type=\"widget\" data-widget_type=\"text-editor.default\">\n\t\t\t\t<div class=\"elementor-widget-container\">\n\t\t\t\t\t\t\t\t\t<p style=\"padding-left: 40px;\"><strong>(iV) <\/strong>Comit\u00e9 CSIRT (Comit\u00e9 de Respuesta a Incidentes de Seguridad). \u00d3rgano multidisciplinario, liderado por el Oficial de Seguridad de la Informaci\u00f3n (OSI).<\/p>\t\t\t\t\t\t\t\t<\/div>\n\t\t\t\t<\/div>\n\t\t\t\t<div class=\"elementor-element elementor-element-a175352 elementor-widget elementor-widget-text-editor\" data-id=\"a175352\" data-element_type=\"widget\" data-widget_type=\"text-editor.default\">\n\t\t\t\t<div class=\"elementor-widget-container\">\n\t\t\t\t\t\t\t\t\t<p style=\"padding-left: 40px;\"><strong>(V) <\/strong>Consejo Directivo de Comfenalco Valle Delagente. Es el \u00f3rgano encargado de aprobar la Pol\u00edtica de Tratamiento de la Informaci\u00f3n \u2013 PTI, sus modificaciones y actualizaciones, la constituci\u00f3n del Comit\u00e9 del Sistema de Gesti\u00f3n de Seguridad de Datos Personales, as\u00ed como los cambios en sus miembros integrantes.<\/p>\t\t\t\t\t\t\t\t<\/div>\n\t\t\t\t<\/div>\n\t\t\t\t\t<\/div>\n\t\t\t\t<\/div>\n\t\t\t\t\t<\/div>\n\t\t\t\t<\/div>\n\t\t<div class=\"elementor-element elementor-element-bc3055b e-flex e-con-boxed e-con e-child\" data-id=\"bc3055b\" data-element_type=\"container\">\n\t\t\t\t\t<div class=\"e-con-inner\">\n\t\t\t\t<div class=\"elementor-element elementor-element-15f3bc1 elementor-widget elementor-widget-heading\" data-id=\"15f3bc1\" data-element_type=\"widget\" data-widget_type=\"heading.default\">\n\t\t\t\t<div class=\"elementor-widget-container\">\n\t\t\t\t\t<h2 class=\"elementor-heading-title elementor-size-default\">7.\tPRINCIPIOS PARA EL TRATAMIENTO DE DATOS PERSONALES<\/h2>\t\t\t\t<\/div>\n\t\t\t\t<\/div>\n\t\t<div class=\"elementor-element elementor-element-1571cb7 e-flex e-con-boxed e-con e-child\" data-id=\"1571cb7\" data-element_type=\"container\">\n\t\t\t\t\t<div class=\"e-con-inner\">\n\t\t\t\t<div class=\"elementor-element elementor-element-b17d216 elementor-widget elementor-widget-text-editor\" data-id=\"b17d216\" data-element_type=\"widget\" data-widget_type=\"text-editor.default\">\n\t\t\t\t<div class=\"elementor-widget-container\">\n\t\t\t\t\t\t\t\t\t<p>En el desarrollo, interpretaci\u00f3n y aplicaci\u00f3n de la presente pol\u00edtica, se aplicar\u00e1n, de manera arm\u00f3nica e integral, los siguientes principios:<\/p>\t\t\t\t\t\t\t\t<\/div>\n\t\t\t\t<\/div>\n\t\t\t\t\t<\/div>\n\t\t\t\t<\/div>\n\t\t<div class=\"elementor-element elementor-element-85ce704 e-flex e-con-boxed e-con e-child\" data-id=\"85ce704\" data-element_type=\"container\">\n\t\t\t\t\t<div class=\"e-con-inner\">\n\t\t\t\t<div class=\"elementor-element elementor-element-973a4d4 elementor-widget elementor-widget-heading\" data-id=\"973a4d4\" data-element_type=\"widget\" data-widget_type=\"heading.default\">\n\t\t\t\t<div class=\"elementor-widget-container\">\n\t\t\t\t\t<h3 class=\"elementor-heading-title elementor-size-default\">7.1\t PRINCIPIOS RELACIONADOS CON LA RECOLECCI\u00d3N DE DATOS PERSONALES<\/h3>\t\t\t\t<\/div>\n\t\t\t\t<\/div>\n\t\t<div class=\"elementor-element elementor-element-b511254 e-flex e-con-boxed e-con e-child\" data-id=\"b511254\" data-element_type=\"container\">\n\t\t\t\t\t<div class=\"e-con-inner\">\n\t\t\t\t<div class=\"elementor-element elementor-element-6f43469 elementor-widget elementor-widget-text-editor\" data-id=\"6f43469\" data-element_type=\"widget\" data-widget_type=\"text-editor.default\">\n\t\t\t\t<div class=\"elementor-widget-container\">\n\t\t\t\t\t\t\t\t\t<p>La recolecci\u00f3n y tratamiento de datos personales que realiza Comfenalco Valle Delagente, es para fines l\u00edcitos y reglamentarios, de conformidad a las disposiciones que rigen para las Cajas de Compensaci\u00f3n Familiar, especialmente las contenidas en la Ley 21 de 1982, Ley 100 de 1993, Ley 789 de 2002 y el Decreto \u00danico Reglamentario 1072 de 2015, entre otras muchas, as\u00ed como a las directrices de la Superintendencia de Subsidio Familiar a trav\u00e9s de sus circulares externas, que expresamente se\u00f1alan los datos que deben ser objeto de tratamiento, los cuales no podr\u00e1n usarse para finalidades distintas a las obligaciones misionales.<\/p>\t\t\t\t\t\t\t\t<\/div>\n\t\t\t\t<\/div>\n\t\t\t\t<div class=\"elementor-element elementor-element-669af17 elementor-widget elementor-widget-text-editor\" data-id=\"669af17\" data-element_type=\"widget\" data-widget_type=\"text-editor.default\">\n\t\t\t\t<div class=\"elementor-widget-container\">\n\t\t\t\t\t\t\t\t\t<p>No se considerar\u00e1 incompatible el tratamiento posterior de estos datos cuando sea por fines hist\u00f3ricos, estad\u00edsticos o cient\u00edficos.<\/p>\t\t\t\t\t\t\t\t<\/div>\n\t\t\t\t<\/div>\n\t\t\t\t<div class=\"elementor-element elementor-element-48df688 elementor-widget elementor-widget-text-editor\" data-id=\"48df688\" data-element_type=\"widget\" data-widget_type=\"text-editor.default\">\n\t\t\t\t<div class=\"elementor-widget-container\">\n\t\t\t\t\t\t\t\t\t<p>Los datos de car\u00e1cter personal ser\u00e1n exactos y puestos al d\u00eda de forma que respondan con veracidad a la situaci\u00f3n actual del titular.\u00a0 Si los datos fueran recogidos directamente del titular, se considerar\u00e1n exactos los facilitados por \u00e9ste.<\/p>\t\t\t\t\t\t\t\t<\/div>\n\t\t\t\t<\/div>\n\t\t\t\t<div class=\"elementor-element elementor-element-ab7a750 elementor-widget elementor-widget-text-editor\" data-id=\"ab7a750\" data-element_type=\"widget\" data-widget_type=\"text-editor.default\">\n\t\t\t\t<div class=\"elementor-widget-container\">\n\t\t\t\t\t\t\t\t\t<p>Si los datos de car\u00e1cter personal registrados resultaran ser inexactos, en todo o en parte, o incompletos, ser\u00e1n sustituidos por los correspondientes datos rectificados o completados, previo cambio de su estado a obsoleto, siempre y cuando el titular de la informaci\u00f3n as\u00ed lo solicite.<\/p>\t\t\t\t\t\t\t\t<\/div>\n\t\t\t\t<\/div>\n\t\t\t\t<div class=\"elementor-element elementor-element-a2c35e8 elementor-widget elementor-widget-text-editor\" data-id=\"a2c35e8\" data-element_type=\"widget\" data-widget_type=\"text-editor.default\">\n\t\t\t\t<div class=\"elementor-widget-container\">\n\t\t\t\t\t\t\t\t\t<p><strong>Autorizaci\u00f3n para tratamiento de datos sensibles:<\/strong><\/p><p>Para efectos de la recolecci\u00f3n de datos sensibles se deben cumplir los siguientes requisitos:<\/p><ul><li>La autorizaci\u00f3n debe ser expl\u00edcita y previa a la recolecci\u00f3n del dato o a m\u00e1s tardar, concomitante con ella.<\/li><li>Se debe informar al Titular expresamente que no est\u00e1 obligado a autorizar el tratamiento de dicha informaci\u00f3n, salvo deber legal o contractual, de lo cual se dejar\u00e1 registro.<\/li><li>Para su transmisi\u00f3n y\/o transferencia, lo mismo que para su almacenamiento, se utilizar\u00e1n mecanismos de seguridad especial tales como cifrado de bases de datos, registro de control de accesos a estas, copias de seguridad alojadas en lugar f\u00edsico diferente a donde est\u00e1n alojadas las bases de datos, conexiones seguras, etc. seg\u00fan el caso.<\/li><\/ul>\t\t\t\t\t\t\t\t<\/div>\n\t\t\t\t<\/div>\n\t\t\t\t<div class=\"elementor-element elementor-element-836afdc elementor-widget elementor-widget-text-editor\" data-id=\"836afdc\" data-element_type=\"widget\" data-widget_type=\"text-editor.default\">\n\t\t\t\t<div class=\"elementor-widget-container\">\n\t\t\t\t\t\t\t\t\t<p><strong>Autorizaci\u00f3n de tratamiento de datos de ni\u00f1os, ni\u00f1as y adolescentes (NNA):<\/strong><\/p><p>Para efectos de la recolecci\u00f3n y tratamiento de datos de ni\u00f1os, ni\u00f1as y adolescentes se deben cumplir los siguientes requisitos:<\/p><ul><li>La autorizaci\u00f3n debe ser otorgada por personas que est\u00e9n facultadas para representar los NNA. El representante de los NNA deber\u00e1 garantizarles el derecho a ser escuchados y valorar su opini\u00f3n del tratamiento teniendo en cuenta la madurez, autonom\u00eda y capacidad de los NNA para entender el asunto.<\/li><li>Se debe informar que es facultativo responder preguntas sobre datos de los NNA.<\/li><li>El tratamiento debe respetar el inter\u00e9s superior de los NNA y asegurar el respeto de sus derechos fundamentales.<\/li><li>Se debe informar de forma expl\u00edcita y previa al Titular cu\u00e1les de los datos que ser\u00e1n objeto de tratamiento son sensibles y la finalidad de este.<\/li><\/ul>\t\t\t\t\t\t\t\t<\/div>\n\t\t\t\t<\/div>\n\t\t\t\t<div class=\"elementor-element elementor-element-75eb3f1 elementor-widget elementor-widget-text-editor\" data-id=\"75eb3f1\" data-element_type=\"widget\" data-widget_type=\"text-editor.default\">\n\t\t\t\t<div class=\"elementor-widget-container\">\n\t\t\t\t\t\t\t\t\t<p>De igual manera, en general para la recolecci\u00f3n de datos, la Corporaci\u00f3n tendr\u00e1 presentes los siguientes principios:<\/p>\t\t\t\t\t\t\t\t<\/div>\n\t\t\t\t<\/div>\n\t\t\t\t<div class=\"elementor-element elementor-element-a730d8a elementor-widget elementor-widget-text-editor\" data-id=\"a730d8a\" data-element_type=\"widget\" data-widget_type=\"text-editor.default\">\n\t\t\t\t<div class=\"elementor-widget-container\">\n\t\t\t\t\t\t\t\t\t<p><strong>PRINCIPIO DE DIGNIDAD:<\/strong> Toda acci\u00f3n u omisi\u00f3n asociada al tratamiento de datos personales debe ejecutarse siempre salvaguardando la dignidad del Titular y ampar\u00e1ndolos dem\u00e1s derechos constitucionales, en especial el derecho al buen nombre, a la honra, a la intimidad y el derecho a la informaci\u00f3n.<\/p><p><strong>PRINCIPIO DE LEGALIDAD:<\/strong> El Tratamiento de datos <em>\u201ces una actividad reglada, debi\u00e9ndose por tanto estar sometida a todas las disposiciones que le regulan\u201d <\/em>y a los principios que lo enmarcan. (Ley 1581 de 2012).<\/p><p><strong>PRINCIPIO DE LIBERTAD:<\/strong> El Tratamiento s\u00f3lo puede ejercerse con el consentimiento, previo, expreso e informado del Titular. Los datos personales no podr\u00e1n ser obtenidos o divulgados sin previa autorizaci\u00f3n, o en ausencia de mandato legal o judicial que releve el consentimiento.<\/p><p><strong>PRINCIPIO DE INTEGRIDAD:<\/strong> En el Tratamiento debe garantizarse el derecho del Titular a obtener del Responsable o del Encargado del Tratamiento, en cualquier momento y sin restricciones, informaci\u00f3n acerca de la existencia de datos que le conciernan.<\/p>\t\t\t\t\t\t\t\t<\/div>\n\t\t\t\t<\/div>\n\t\t\t\t\t<\/div>\n\t\t\t\t<\/div>\n\t\t\t\t\t<\/div>\n\t\t\t\t<\/div>\n\t\t<div class=\"elementor-element elementor-element-cd94a23 e-flex e-con-boxed e-con e-child\" data-id=\"cd94a23\" data-element_type=\"container\">\n\t\t\t\t\t<div class=\"e-con-inner\">\n\t\t\t\t<div class=\"elementor-element elementor-element-d4a1297 elementor-widget elementor-widget-heading\" data-id=\"d4a1297\" data-element_type=\"widget\" data-widget_type=\"heading.default\">\n\t\t\t\t<div class=\"elementor-widget-container\">\n\t\t\t\t\t<h3 class=\"elementor-heading-title elementor-size-default\">7.2\tPRINCIPIOS RELACIONADOS CON EL USO DE DATOS PERSONALES<\/h3>\t\t\t\t<\/div>\n\t\t\t\t<\/div>\n\t\t<div class=\"elementor-element elementor-element-f4e393d e-flex e-con-boxed e-con e-child\" data-id=\"f4e393d\" data-element_type=\"container\">\n\t\t\t\t\t<div class=\"e-con-inner\">\n\t\t\t\t<div class=\"elementor-element elementor-element-6245848 elementor-widget elementor-widget-text-editor\" data-id=\"6245848\" data-element_type=\"widget\" data-widget_type=\"text-editor.default\">\n\t\t\t\t<div class=\"elementor-widget-container\">\n\t\t\t\t\t\t\t\t\t<p><strong>PRINCIPIO DE FINALIDAD:<\/strong> Los datos personales deben ser procesados con un prop\u00f3sito espec\u00edfico y expl\u00edcito, el cual debe ser autorizado por el Titular o permitido por la ley. Se deber\u00e1 informar al Titular del dato de manera clara, suficiente y previa acerca de la finalidad de la informaci\u00f3n suministrada y, por tanto, no podr\u00e1n recopilarse datos sin una finalidad espec\u00edfica.<\/p><p><strong>PRINCIPIO DE TEMPORALIDAD:<\/strong> Los datos personales se conservar\u00e1n \u00fanicamente por el tiempo razonable y necesario para cumplir la finalidad del tratamiento y las exigencias legales o instrucciones de las autoridades de vigilancia y control u otras autoridades competentes. Los datos ser\u00e1n conservados cuando ello sea necesario para el cumplimiento de una obligaci\u00f3n legal o contractual. Para determinar el t\u00e9rmino del tratamiento se considerar\u00e1n las normas aplicables a cada finalidad y los aspectos administrativos, contables, fiscales, jur\u00eddicos e hist\u00f3ricos de la informaci\u00f3n.<\/p><p><strong>PRINCIPIO DE NO DISCRIMINACI\u00d3N:<\/strong> Queda prohibido realizar cualquier acto de discriminaci\u00f3n por las informaciones recaudadas en las bases de datos o archivos.<\/p>\t\t\t\t\t\t\t\t<\/div>\n\t\t\t\t<\/div>\n\t\t\t\t\t<\/div>\n\t\t\t\t<\/div>\n\t\t\t\t\t<\/div>\n\t\t\t\t<\/div>\n\t\t<div class=\"elementor-element elementor-element-53c0d38 e-flex e-con-boxed e-con e-child\" data-id=\"53c0d38\" data-element_type=\"container\">\n\t\t\t\t\t<div class=\"e-con-inner\">\n\t\t\t\t<div class=\"elementor-element elementor-element-277a022 elementor-widget elementor-widget-heading\" data-id=\"277a022\" data-element_type=\"widget\" data-widget_type=\"heading.default\">\n\t\t\t\t<div class=\"elementor-widget-container\">\n\t\t\t\t\t<h3 class=\"elementor-heading-title elementor-size-default\">7.3\tPRINCIPIOS RELACIONADOS CON LA CALIDAD DE LA INFORMACI\u00d3N<\/h3>\t\t\t\t<\/div>\n\t\t\t\t<\/div>\n\t\t<div class=\"elementor-element elementor-element-e96bd53 e-flex e-con-boxed e-con e-child\" data-id=\"e96bd53\" data-element_type=\"container\">\n\t\t\t\t\t<div class=\"e-con-inner\">\n\t\t\t\t<div class=\"elementor-element elementor-element-8aacf08 elementor-widget elementor-widget-text-editor\" data-id=\"8aacf08\" data-element_type=\"widget\" data-widget_type=\"text-editor.default\">\n\t\t\t\t<div class=\"elementor-widget-container\">\n\t\t\t\t\t\t\t\t\t<p><strong>PRINCIPIO DE VERACIDAD O CALIDAD:<\/strong> La informaci\u00f3n sujeta a tratamiento debe ser veraz, completa, exacta, actualizada, comprobable y comprensible. Se proh\u00edbe el tratamiento de datos parciales, incompletos, fraccionados o que induzcan a error. Se deber\u00e1n adoptar medidas razonables para asegurar que los datos sean precisos y suficientes y, cuando as\u00ed lo solicite el Titular o cuando la corporaci\u00f3n as\u00ed lo determine, sean actualizados, rectificados o suprimidos cuando sea procedente.<\/p>\t\t\t\t\t\t\t\t<\/div>\n\t\t\t\t<\/div>\n\t\t\t\t\t<\/div>\n\t\t\t\t<\/div>\n\t\t\t\t\t<\/div>\n\t\t\t\t<\/div>\n\t\t<div class=\"elementor-element elementor-element-1f5c68f e-flex e-con-boxed e-con e-child\" data-id=\"1f5c68f\" data-element_type=\"container\">\n\t\t\t\t\t<div class=\"e-con-inner\">\n\t\t\t\t<div class=\"elementor-element elementor-element-b06bc04 elementor-widget elementor-widget-heading\" data-id=\"b06bc04\" data-element_type=\"widget\" data-widget_type=\"heading.default\">\n\t\t\t\t<div class=\"elementor-widget-container\">\n\t\t\t\t\t<h3 class=\"elementor-heading-title elementor-size-default\">7.4\tPRINCIPIOS RELACIONADOS CON LA PROTECCI\u00d3N, EL ACCESO Y CIRCULACI\u00d3N DE DATOS PERSONALES<\/h3>\t\t\t\t<\/div>\n\t\t\t\t<\/div>\n\t\t<div class=\"elementor-element elementor-element-b2c6283 e-flex e-con-boxed e-con e-child\" data-id=\"b2c6283\" data-element_type=\"container\">\n\t\t\t\t\t<div class=\"e-con-inner\">\n\t\t\t\t<div class=\"elementor-element elementor-element-ab2a2b5 elementor-widget elementor-widget-text-editor\" data-id=\"ab2a2b5\" data-element_type=\"widget\" data-widget_type=\"text-editor.default\">\n\t\t\t\t<div class=\"elementor-widget-container\">\n\t\t\t\t\t\t\t\t\t<p><strong>PRINCIPIO DE SEGURIDAD:<\/strong> Cada miembro de la corporaci\u00f3n deber\u00e1 cumplir las medidas t\u00e9cnicas, humanas y administrativas que establezca la misma para otorgar seguridad a los datos personales evitando su adulteraci\u00f3n, p\u00e9rdida, consulta, uso o acceso no autorizado o fraudulento.<\/p><p><strong>PRINCIPIO DE TRANSPARENCIA:<\/strong> En el tratamiento de datos personales debe garantizarse el derecho del Titular a obtener en cualquier momento y sin restricciones, informaci\u00f3n acerca de la existencia de datos que le conciernan.<\/p><p><strong>PRINCIPIO DE ACCESO RESTRINGIDO:<\/strong> S\u00f3lo se permitir\u00e1 acceso a los datos personales a las siguientes personas:<\/p>\t\t\t\t\t\t\t\t<\/div>\n\t\t\t\t<\/div>\n\t\t\t\t<div class=\"elementor-element elementor-element-412fb2b elementor-widget elementor-widget-text-editor\" data-id=\"412fb2b\" data-element_type=\"widget\" data-widget_type=\"text-editor.default\">\n\t\t\t\t<div class=\"elementor-widget-container\">\n\t\t\t\t\t\t\t\t\t<ul><li>Al Titular del dato.<\/li><li>A las personas autorizadas por el Titular del dato.<\/li><li>A las personas que por mandato legal u orden judicial sean autorizadas para conocer la informaci\u00f3n del Titular del dato.<\/li><li>Los datos personales, salvo la informaci\u00f3n p\u00fablica, no podr\u00e1n estar disponibles en internet u otros medios de divulgaci\u00f3n o comunicaci\u00f3n masiva, salvo que el acceso sea t\u00e9cnicamente controlable para brindar un conocimiento restringido s\u00f3lo a los Titulares de los datos personales o terceros autorizados conforme a la presente pol\u00edtica o a la ley.<\/li><\/ul>\t\t\t\t\t\t\t\t<\/div>\n\t\t\t\t<\/div>\n\t\t\t\t<div class=\"elementor-element elementor-element-11b6d9f elementor-widget elementor-widget-text-editor\" data-id=\"11b6d9f\" data-element_type=\"widget\" data-widget_type=\"text-editor.default\">\n\t\t\t\t<div class=\"elementor-widget-container\">\n\t\t\t\t\t\t\t\t\t<p><strong>PRINCIPIO CIRCULACI\u00d3N RESTRINGIDA:<\/strong> S\u00f3lo se puede enviar o suministrar los datos personales a las siguientes personas:<\/p>\t\t\t\t\t\t\t\t<\/div>\n\t\t\t\t<\/div>\n\t\t\t\t<div class=\"elementor-element elementor-element-8c2713b elementor-widget elementor-widget-text-editor\" data-id=\"8c2713b\" data-element_type=\"widget\" data-widget_type=\"text-editor.default\">\n\t\t\t\t<div class=\"elementor-widget-container\">\n\t\t\t\t\t\t\t\t\t<ul><li style=\"list-style-type: none;\"><ul><li>Al Titular del dato, sus causahabientes o sus representantes legales.<\/li><li>A las personas autorizadas por el Titular del dato o por la ley.<\/li><li>A las entidades p\u00fablicas o administrativas en ejercicio de sus funciones legales o por orden judicial.<\/li><\/ul><\/li><\/ul>\t\t\t\t\t\t\t\t<\/div>\n\t\t\t\t<\/div>\n\t\t\t\t<div class=\"elementor-element elementor-element-96c42a1 elementor-widget elementor-widget-text-editor\" data-id=\"96c42a1\" data-element_type=\"widget\" data-widget_type=\"text-editor.default\">\n\t\t\t\t<div class=\"elementor-widget-container\">\n\t\t\t\t\t\t\t\t\t<p>En este \u00faltimo caso, de conformidad con la Corte Constitucional, se proceder\u00e1 de la siguiente manera:<\/p><p>En primer lugar, la entidad p\u00fablica o administrativa debe justificar su solicitud indicando el v\u00ednculo entre la necesidad de obtener el dato y el cumplimiento de sus funciones constitucionales o legales.<\/p><p>En segundo lugar, con la entrega de la informaci\u00f3n se le informar\u00e1 a la entidad p\u00fablica o administrativa que debe cumplir los deberes y obligaciones que le impone la Ley 1581 de 2012 como Responsable del Tratamiento. La entidad administrativa receptora debe cumplir con las obligaciones de protecci\u00f3n y garant\u00eda que se derivan de la citada ley, en especial la observancia de los principios de finalidad, uso leg\u00edtimo, circulaci\u00f3n restringida, confidencialidad y seguridad.<\/p><p><strong>PRINCIPIO DE CONFIDENCIALIDAD:<\/strong> Todas las personas que intervengan en el tratamiento de datos personales que no tengan la naturaleza de p\u00fablicos est\u00e1n obligadas a garantizar la reserva de la informaci\u00f3n, inclusive despu\u00e9s de finalizada su relaci\u00f3n con alguna de las labores que comprende el tratamiento, pudiendo s\u00f3lo realizar suministro o comunicaci\u00f3n de datos personales cuando ello corresponda al desarrollo de las actividades autorizadas en la ley o por el Titular del dato.<\/p>\t\t\t\t\t\t\t\t<\/div>\n\t\t\t\t<\/div>\n\t\t\t\t\t<\/div>\n\t\t\t\t<\/div>\n\t\t\t\t\t<\/div>\n\t\t\t\t<\/div>\n\t\t\t\t\t<\/div>\n\t\t\t\t<\/div>\n\t\t<div class=\"elementor-element elementor-element-bbf3714 e-flex e-con-boxed e-con e-child\" data-id=\"bbf3714\" data-element_type=\"container\">\n\t\t\t\t\t<div class=\"e-con-inner\">\n\t\t\t\t<div class=\"elementor-element elementor-element-7691f0b elementor-widget elementor-widget-heading\" data-id=\"7691f0b\" data-element_type=\"widget\" data-widget_type=\"heading.default\">\n\t\t\t\t<div class=\"elementor-widget-container\">\n\t\t\t\t\t<h2 class=\"elementor-heading-title elementor-size-default\">8.\tDERECHOS APLICABLES A LOS TITULARES DE DATOS PERSONALES<\/h2>\t\t\t\t<\/div>\n\t\t\t\t<\/div>\n\t\t<div class=\"elementor-element elementor-element-2a2f77c e-flex e-con-boxed e-con e-child\" data-id=\"2a2f77c\" data-element_type=\"container\">\n\t\t\t\t\t<div class=\"e-con-inner\">\n\t\t\t\t<div class=\"elementor-element elementor-element-d7af611 elementor-widget elementor-widget-text-editor\" data-id=\"d7af611\" data-element_type=\"widget\" data-widget_type=\"text-editor.default\">\n\t\t\t\t<div class=\"elementor-widget-container\">\n\t\t\t\t\t\t\t\t\t<p>COMFENALCO VALLE DELAGENTE est\u00e1 comprometida en respetar y garantizar los siguientes derechos de los titulares de los datos:<\/p>\t\t\t\t\t\t\t\t<\/div>\n\t\t\t\t<\/div>\n\t\t\t\t<div class=\"elementor-element elementor-element-003bd7f elementor-widget elementor-widget-text-editor\" data-id=\"003bd7f\" data-element_type=\"widget\" data-widget_type=\"text-editor.default\">\n\t\t\t\t<div class=\"elementor-widget-container\">\n\t\t\t\t\t\t\t\t\t<ul><li>Permitir, una vez cada mes calendario, el acceso en forma gratuita a los datos personales por parte del titular, si as\u00ed lo requiere, o cuando existan modificaciones sustanciales de la PTI que lo ameriten.<\/li><li>Conocer, actualizar y rectificar los datos personales. Para el efecto es necesario establecer previamente la identificaci\u00f3n de la persona para evitar que terceros no autorizado accedan a los datos del titular del dato.<\/li><li>Informar sobre el uso que COMFENALCO VALLE DELAGENTE ha dado a los datos personales del Titular.<\/li><li>Dar tr\u00e1mite a las consultas y reclamos siguiendo las pautas establecidas en la ley y en la presente pol\u00edtica.<\/li><li>Acceder a la solicitud de revocatoria de la autorizaci\u00f3n y\/o supresi\u00f3n del dato personal cuando la Superintendencia de Industria y Comercio haya determinado que en el tratamiento realizado por los directivos, colaboradores y miembros de COMFENALCO VALLE DELAGENTE se ha incurrido en conductas contrarias a la Ley 1581 de 2012 o a la Constituci\u00f3n.<\/li><li>El Titular tambi\u00e9n podr\u00e1 revocar la autorizaci\u00f3n y solicitar la supresi\u00f3n del dato, cuando no exista un deber legal o contractual que le imponga el deber de permanecer en la base de datos o archivo del Responsable o Encargado.<\/li><\/ul>\t\t\t\t\t\t\t\t<\/div>\n\t\t\t\t<\/div>\n\t\t\t\t<div class=\"elementor-element elementor-element-2b3599f elementor-widget elementor-widget-text-editor\" data-id=\"2b3599f\" data-element_type=\"widget\" data-widget_type=\"text-editor.default\">\n\t\t\t\t<div class=\"elementor-widget-container\">\n\t\t\t\t\t\t\t\t\t<p>Los derechos de los titulares podr\u00e1n ejercerse por las siguientes personas:<\/p>\t\t\t\t\t\t\t\t<\/div>\n\t\t\t\t<\/div>\n\t\t\t\t<div class=\"elementor-element elementor-element-0de9304 elementor-widget elementor-widget-text-editor\" data-id=\"0de9304\" data-element_type=\"widget\" data-widget_type=\"text-editor.default\">\n\t\t\t\t<div class=\"elementor-widget-container\">\n\t\t\t\t\t\t\t\t\t<ul><li>Por el Titular, quien deber\u00e1 acreditar su identidad en forma suficiente por los distintos medios que ponga a disposici\u00f3n COMFENALCO VALLE DELAGENTE.<\/li><li>Por sus causahabientes, quienes deber\u00e1n acreditar tal calidad.<\/li><li>Por el representante y\/o apoderado del Titular, previa acreditaci\u00f3n de la representaci\u00f3n o apoderamiento.<\/li><li>Por estipulaci\u00f3n a favor de otro o para otro.<\/li><li>Los derechos de los ni\u00f1os, ni\u00f1as o adolescentes se ejercer\u00e1n por las personas que est\u00e9n facultadas para representarlos.<\/li><\/ul>\t\t\t\t\t\t\t\t<\/div>\n\t\t\t\t<\/div>\n\t\t\t\t\t<\/div>\n\t\t\t\t<\/div>\n\t\t\t\t\t<\/div>\n\t\t\t\t<\/div>\n\t\t<div class=\"elementor-element elementor-element-f58cc5a e-flex e-con-boxed e-con e-child\" data-id=\"f58cc5a\" data-element_type=\"container\">\n\t\t\t\t\t<div class=\"e-con-inner\">\n\t\t\t\t<div class=\"elementor-element elementor-element-97de3cd elementor-widget elementor-widget-heading\" data-id=\"97de3cd\" data-element_type=\"widget\" data-widget_type=\"heading.default\">\n\t\t\t\t<div class=\"elementor-widget-container\">\n\t\t\t\t\t<h2 class=\"elementor-heading-title elementor-size-default\">9.\tPROCEDIMIENTO PARA EJERCER SUS DERECHOS COMO TITULAR DE LOS DATOS<\/h2>\t\t\t\t<\/div>\n\t\t\t\t<\/div>\n\t\t<div class=\"elementor-element elementor-element-1fd918f e-flex e-con-boxed e-con e-child\" data-id=\"1fd918f\" data-element_type=\"container\">\n\t\t\t\t\t<div class=\"e-con-inner\">\n\t\t\t\t<div class=\"elementor-element elementor-element-c9806e8 elementor-widget elementor-widget-text-editor\" data-id=\"c9806e8\" data-element_type=\"widget\" data-widget_type=\"text-editor.default\">\n\t\t\t\t<div class=\"elementor-widget-container\">\n\t\t\t\t\t\t\t\t\t<p><strong>\u00a0\u2756\u00a0 Canal de Comunicaci\u00f3n:<\/strong><\/p>\t\t\t\t\t\t\t\t<\/div>\n\t\t\t\t<\/div>\n\t\t\t\t<div class=\"elementor-element elementor-element-454d572 elementor-widget elementor-widget-text-editor\" data-id=\"454d572\" data-element_type=\"widget\" data-widget_type=\"text-editor.default\">\n\t\t\t\t<div class=\"elementor-widget-container\">\n\t\t\t\t\t\t\t\t\t<p style=\"padding-left: 40px;\">A efectos de que los titulares de datos personales, sus representantes legales, apoderados o herederos, todos estos debidamente acreditados, ejerzan los derechos a los que se refiere la Ley 1581 de 2012 y dem\u00e1s normas concordantes, y en general para la atenci\u00f3n de PQR asociadas a los datos personales, hemos establecido los siguientes canales de comunicaci\u00f3n:<\/p>\t\t\t\t\t\t\t\t<\/div>\n\t\t\t\t<\/div>\n\t\t\t\t<div class=\"elementor-element elementor-element-3f77e56 elementor-widget elementor-widget-text-editor\" data-id=\"3f77e56\" data-element_type=\"widget\" data-widget_type=\"text-editor.default\">\n\t\t\t\t<div class=\"elementor-widget-container\">\n\t\t\t\t\t\t\t\t\t<p style=\"padding-left: 40px;\"><strong><u>Para servicios de Caja de Compensaci\u00f3n Familiar en General<\/u><\/strong>:<\/p><p style=\"padding-left: 40px;\">Email: <a href=\"mailto:servicioalcliente@comfenalcovalle.com.co\">servicioalcliente@comfenalcovalle.com.co<\/a> l\u00edneas telef\u00f3nicas 8862727 &#8211; 018000938585, diligenciando los formatos de los buzones de sugerencias y de manera presencial en las sedes de la Corporaci\u00f3n, enviando comunicaci\u00f3n escrita a la direcci\u00f3n calle 5 No. 6-63 en la ciudad de Santiago de Cali (Valle del Cauca).<\/p>\t\t\t\t\t\t\t\t<\/div>\n\t\t\t\t<\/div>\n\t\t\t\t<div class=\"elementor-element elementor-element-87e077f elementor-widget elementor-widget-text-editor\" data-id=\"87e077f\" data-element_type=\"widget\" data-widget_type=\"text-editor.default\">\n\t\t\t\t<div class=\"elementor-widget-container\">\n\t\t\t\t\t\t\t\t\t<p style=\"padding-left: 40px;\"><strong><u>Para servicios de Salud a trav\u00e9s de Consorcio Salud EPS Comfenalco Valle: <\/u><\/strong><\/p><p style=\"padding-left: 40px;\">Email: <a href=\"mailto:afiliacionesepscv@epscomfenalcovalle.com.co\">affiliacionesepscv@epscomfenalcovalle.com.co<\/a> l\u00edneas telef\u00f3nicas 3876720 \u2013 018000413501, diligenciando los buzones de sugerencias y de manera presencial en las sedes de la organizaci\u00f3n, enviando comunicaci\u00f3n escrita a la direcci\u00f3n calle 5 No 6-63 Torre C Piso 1 en la ciudad de Santiago de Cali (Valle del Cauca) o en cualquier punto de atenci\u00f3n (IPS).<\/p>\t\t\t\t\t\t\t\t<\/div>\n\t\t\t\t<\/div>\n\t\t\t\t<div class=\"elementor-element elementor-element-69519fa elementor-widget elementor-widget-text-editor\" data-id=\"69519fa\" data-element_type=\"widget\" data-widget_type=\"text-editor.default\">\n\t\t\t\t<div class=\"elementor-widget-container\">\n\t\t\t\t\t\t\t\t\t<p><strong>\u2756\u00a0 Fuentes de PQR e informes administrativos y judiciales:<\/strong><\/p>\t\t\t\t\t\t\t\t<\/div>\n\t\t\t\t<\/div>\n\t\t\t\t<div class=\"elementor-element elementor-element-331f83b elementor-widget elementor-widget-text-editor\" data-id=\"331f83b\" data-element_type=\"widget\" data-widget_type=\"text-editor.default\">\n\t\t\t\t<div class=\"elementor-widget-container\">\n\t\t\t\t\t\t\t\t\t<p style=\"padding-left: 40px;\">Seg\u00fan la circunstancia en que se genere la PQR se tendr\u00e1 en cuenta lo siguiente:<\/p>\t\t\t\t\t\t\t\t<\/div>\n\t\t\t\t<\/div>\n\t\t\t\t<div class=\"elementor-element elementor-element-63d6807 elementor-widget elementor-widget-text-editor\" data-id=\"63d6807\" data-element_type=\"widget\" data-widget_type=\"text-editor.default\">\n\t\t\t\t<div class=\"elementor-widget-container\">\n\t\t\t\t\t\t\t\t\t<p style=\"padding-left: 40px;\"><strong>\u00a0\u2605) Cuando el Titular realiza consulta o reclamos verbales:<\/strong><\/p>\t\t\t\t\t\t\t\t<\/div>\n\t\t\t\t<\/div>\n\t\t\t\t<div class=\"elementor-element elementor-element-fcb8bb5 elementor-widget elementor-widget-text-editor\" data-id=\"fcb8bb5\" data-element_type=\"widget\" data-widget_type=\"text-editor.default\">\n\t\t\t\t<div class=\"elementor-widget-container\">\n\t\t\t\t\t\t\t\t\t<p style=\"padding-left: 80px;\"><strong><u>En la Caja de Compensaci\u00f3n Familiar<\/u><\/strong>:<\/p><p style=\"padding-left: 80px;\">Cuando la PQR se quiera formular a trav\u00e9s del canal f\u00edsico, en sede, de manera verbal, se deber\u00e1n tener en cuenta los siguientes aspectos:<\/p><ul><li style=\"list-style-type: none;\"><ul><li style=\"list-style-type: none;\"><ul><li>Al Titular se le recepcionar\u00e1 la consulta o reclamo verbal que efect\u00fae en sede, registr\u00e1ndola en el aplicativo designado para la generaci\u00f3n del correspondiente n\u00famero de radicado.<\/li><li>Adicionalmente, el Titular deber\u00e1 anexar:<ul><li>Copia del documento id\u00f3neo que permita su identificaci\u00f3n o de la calidad en que act\u00faa (titular, causahabiente o apoderado).<\/li><li>Poder si se act\u00faa a trav\u00e9s de representante<\/li><li>Si se tratase de una persona jur\u00eddica, debe el representante legal, presentar el documento id\u00f3neo que acredite la existencia y representaci\u00f3n legal de la misma, junto con la exhibici\u00f3n de un documento id\u00f3neo que permita su identificaci\u00f3n.<\/li><li>Los anexos o soportes que considere necesarios para su consulta o reclamo.<\/li><\/ul><\/li><\/ul><\/li><\/ul><\/li><\/ul>\t\t\t\t\t\t\t\t<\/div>\n\t\t\t\t<\/div>\n\t\t\t\t<div class=\"elementor-element elementor-element-d5acaa9 elementor-widget elementor-widget-text-editor\" data-id=\"d5acaa9\" data-element_type=\"widget\" data-widget_type=\"text-editor.default\">\n\t\t\t\t<div class=\"elementor-widget-container\">\n\t\t\t\t\t\t\t\t\t<p style=\"padding-left: 80px;\"><strong><u>En <\/u><\/strong><strong><u>Consorcio Salud EPS Comfenalco Valle: <\/u><\/strong><\/p><p style=\"padding-left: 80px;\">Cuando la PQR se quiera formular a trav\u00e9s del canal f\u00edsico, en sede, de manera verbal, se deber\u00e1 tener en cuenta los siguientes aspectos:<\/p><ul><li style=\"list-style-type: none;\"><ul><li style=\"list-style-type: none;\"><ul><li>Al Titular se le recepcionar\u00e1 la consulta o reclamo verbal que efect\u00fae en sede, registr\u00e1ndola en el aplicativo designado para la generaci\u00f3n del correspondiente n\u00famero de radicado.<\/li><li>Adicionalmente, el Titular deber\u00e1 anexar:<ul><li>Copia del documento id\u00f3neo que permita su identificaci\u00f3n o de la calidad en que act\u00faa (titular, causahabiente o apoderado).<\/li><li>Poder si se act\u00faa a trav\u00e9s de representante<\/li><li>Si se tratase de una persona jur\u00eddica, debe el representante legal, presentar el documento id\u00f3neo que acredite la existencia y representaci\u00f3n legal de la misma, junto con la exhibici\u00f3n de un documento id\u00f3neo que permita su identificaci\u00f3n.<\/li><li>Los anexos o soportes que considere necesarios para su consulta o reclamo.<\/li><\/ul><\/li><\/ul><\/li><\/ul><\/li><\/ul>\t\t\t\t\t\t\t\t<\/div>\n\t\t\t\t<\/div>\n\t\t\t\t<div class=\"elementor-element elementor-element-15fcc27 elementor-widget elementor-widget-text-editor\" data-id=\"15fcc27\" data-element_type=\"widget\" data-widget_type=\"text-editor.default\">\n\t\t\t\t<div class=\"elementor-widget-container\">\n\t\t\t\t\t\t\t\t\t<p style=\"padding-left: 40px;\"><strong>\u00a0\u2605) <\/strong><strong>Cuando el Titular realiza la Petici\u00f3n o consulta por medio de correo electr\u00f3nico:<\/strong><\/p>\t\t\t\t\t\t\t\t<\/div>\n\t\t\t\t<\/div>\n\t\t\t\t<div class=\"elementor-element elementor-element-3c7879f elementor-widget elementor-widget-text-editor\" data-id=\"3c7879f\" data-element_type=\"widget\" data-widget_type=\"text-editor.default\">\n\t\t\t\t<div class=\"elementor-widget-container\">\n\t\t\t\t\t\t\t\t\t<p style=\"padding-left: 80px;\">Cuando la PQR se quiera formular a trav\u00e9s del canal virtual del correo electr\u00f3nico definido para cada l\u00ednea de negocio (Caja y Salud), se deber\u00e1n tener en cuenta los siguientes aspectos:<\/p><ul><li style=\"list-style-type: none;\"><ul><li style=\"list-style-type: none;\"><ul><li>Para verificar la condici\u00f3n de Titular, \u00e9ste al momento de enviar el correo electr\u00f3nico, deber\u00e1 adjuntar:<ul><li>Copia legible de su documento de identificaci\u00f3n.<\/li><li>En trat\u00e1ndose de un causahabiente o apoderado del Titular, documento que acredite la calidad de causahabiente o poder debidamente otorgado<\/li><li>Si se tratase de una persona jur\u00eddica, debe el representante legal, presentar el documento id\u00f3neo que acredite la existencia y representaci\u00f3n legal de la misma, junto con la exhibici\u00f3n de un documento id\u00f3neo que permita su identificaci\u00f3n.<\/li><li>Los anexos o soportes que considere necesarios para su consulta o reclamo.<\/li><\/ul><\/li><\/ul><\/li><\/ul><\/li><\/ul>\t\t\t\t\t\t\t\t<\/div>\n\t\t\t\t<\/div>\n\t\t\t\t<div class=\"elementor-element elementor-element-902fc57 elementor-widget elementor-widget-text-editor\" data-id=\"902fc57\" data-element_type=\"widget\" data-widget_type=\"text-editor.default\">\n\t\t\t\t<div class=\"elementor-widget-container\">\n\t\t\t\t\t\t\t\t\t<p style=\"padding-left: 40px;\"><strong>\u00a0\u2605) <\/strong><strong>Cuando la consulta proviene de Organismos de Control:<\/strong><\/p>\t\t\t\t\t\t\t\t<\/div>\n\t\t\t\t<\/div>\n\t\t\t\t<div class=\"elementor-element elementor-element-a57ea81 elementor-widget elementor-widget-text-editor\" data-id=\"a57ea81\" data-element_type=\"widget\" data-widget_type=\"text-editor.default\">\n\t\t\t\t<div class=\"elementor-widget-container\">\n\t\t\t\t\t\t\t\t\t<p style=\"padding-left: 80px;\">Cuando el asunto tenga como origen en una entidad administrativa o de control se deber\u00e1n tener en cuenta los siguientes aspectos:<\/p><ol><li style=\"list-style-type: none;\"><ol><li style=\"list-style-type: none;\"><ol><li>Deber\u00e1n indicar la correspondiente solicitud de manera expresa e inequ\u00edvoca.<\/li><li>La finalidad concreta para la cual requieran la informaci\u00f3n solicitada (salvo que sea autoridad judicial).<\/li><li>Indicar las funciones espec\u00edficas que le han sido conferidas por la ley relacionadas con dicha finalidad mencionando la correspondiente norma (esta exigencia no aplica cuando se trate de autoridad judicial).<\/li><\/ol><\/li><\/ol><\/li><\/ol>\t\t\t\t\t\t\t\t<\/div>\n\t\t\t\t<\/div>\n\t\t\t\t\t<\/div>\n\t\t\t\t<\/div>\n\t\t\t\t\t<\/div>\n\t\t\t\t<\/div>\n\t\t<div class=\"elementor-element elementor-element-0c9f327 e-flex e-con-boxed e-con e-child\" data-id=\"0c9f327\" data-element_type=\"container\">\n\t\t\t\t\t<div class=\"e-con-inner\">\n\t\t\t\t<div class=\"elementor-element elementor-element-04e54b5 elementor-widget elementor-widget-heading\" data-id=\"04e54b5\" data-element_type=\"widget\" data-widget_type=\"heading.default\">\n\t\t\t\t<div class=\"elementor-widget-container\">\n\t\t\t\t\t<h2 class=\"elementor-heading-title elementor-size-default\">10.\tACCIONES PREVIAS A QUEJAS ANTE LA SUPERINTENDENCIA DE INDUSTRIA Y COMERCIO<\/h2>\t\t\t\t<\/div>\n\t\t\t\t<\/div>\n\t\t<div class=\"elementor-element elementor-element-a8e5514 e-flex e-con-boxed e-con e-child\" data-id=\"a8e5514\" data-element_type=\"container\">\n\t\t\t\t\t<div class=\"e-con-inner\">\n\t\t\t\t<div class=\"elementor-element elementor-element-4bd183c elementor-widget elementor-widget-text-editor\" data-id=\"4bd183c\" data-element_type=\"widget\" data-widget_type=\"text-editor.default\">\n\t\t\t\t<div class=\"elementor-widget-container\">\n\t\t\t\t\t\t\t\t\t<p>En el evento en que se desee elevar una queja ante la Superintendencia de Industria y Comercio referida a datos personales, recuerde que previamente debe haber agotado el tr\u00e1mite de consulta o reclamo ante COMFENALCO VALLE DELAGENTE, de acuerdo con las indicaciones anteriormente referidas, advirtiendo nuestra total disposici\u00f3n a atender sus inquietudes.<\/p>\t\t\t\t\t\t\t\t<\/div>\n\t\t\t\t<\/div>\n\t\t\t\t\t<\/div>\n\t\t\t\t<\/div>\n\t\t\t\t\t<\/div>\n\t\t\t\t<\/div>\n\t\t<div class=\"elementor-element elementor-element-4ec5f15 e-flex e-con-boxed e-con e-child\" data-id=\"4ec5f15\" data-element_type=\"container\">\n\t\t\t\t\t<div class=\"e-con-inner\">\n\t\t\t\t<div class=\"elementor-element elementor-element-7eeed0f elementor-widget elementor-widget-heading\" data-id=\"7eeed0f\" data-element_type=\"widget\" data-widget_type=\"heading.default\">\n\t\t\t\t<div class=\"elementor-widget-container\">\n\t\t\t\t\t<h2 class=\"elementor-heading-title elementor-size-default\">11.\tDEBERES DE COMFENALCO VALLE DELAGENTE COMO RESPONSABLE DEL TRATAMIENTO<\/h2>\t\t\t\t<\/div>\n\t\t\t\t<\/div>\n\t\t<div class=\"elementor-element elementor-element-79afb89 e-flex e-con-boxed e-con e-child\" data-id=\"79afb89\" data-element_type=\"container\">\n\t\t\t\t\t<div class=\"e-con-inner\">\n\t\t\t\t<div class=\"elementor-element elementor-element-c0aa8b8 elementor-widget elementor-widget-text-editor\" data-id=\"c0aa8b8\" data-element_type=\"widget\" data-widget_type=\"text-editor.default\">\n\t\t\t\t<div class=\"elementor-widget-container\">\n\t\t\t\t\t\t\t\t\t<p>A los titulares de datos y terceros interesados, les informamos que COMFENALCO VALLE DELAGENTE, en desarrollo del tratamiento de los datos personales, cumple y exige que se cumplan los deberes que impone la ley as\u00ed:<\/p>\t\t\t\t\t\t\t\t<\/div>\n\t\t\t\t<\/div>\n\t\t\t\t\t<\/div>\n\t\t\t\t<\/div>\n\t\t<div class=\"elementor-element elementor-element-aec9342 e-flex e-con-boxed e-con e-child\" data-id=\"aec9342\" data-element_type=\"container\">\n\t\t\t\t\t<div class=\"e-con-inner\">\n\t\t\t\t<div class=\"elementor-element elementor-element-dcbd3b6 elementor-widget elementor-widget-heading\" data-id=\"dcbd3b6\" data-element_type=\"widget\" data-widget_type=\"heading.default\">\n\t\t\t\t<div class=\"elementor-widget-container\">\n\t\t\t\t\t<h3 class=\"elementor-heading-title elementor-size-default\">11.1\tDEBERES RESPECTO DEL TITULAR DEL DATO<\/h3>\t\t\t\t<\/div>\n\t\t\t\t<\/div>\n\t\t<div class=\"elementor-element elementor-element-2abf28b e-flex e-con-boxed e-con e-child\" data-id=\"2abf28b\" data-element_type=\"container\">\n\t\t\t\t\t<div class=\"e-con-inner\">\n\t\t\t\t<div class=\"elementor-element elementor-element-705d570 elementor-widget elementor-widget-text-editor\" data-id=\"705d570\" data-element_type=\"widget\" data-widget_type=\"text-editor.default\">\n\t\t\t\t<div class=\"elementor-widget-container\">\n\t\t\t\t\t\t\t\t\t<ul><li>Solicitar y conservar, en las condiciones previstas en esta pol\u00edtica, copia de la respectiva autorizaci\u00f3n otorgada por el Titular.<\/li><li>Informar de manera clara y suficiente al Titular sobre la finalidad de la recolecci\u00f3n y los derechos que le asisten por virtud de la autorizaci\u00f3n otorgada.<\/li><li>Garantizar al Titular, en todo tiempo, el pleno y efectivo ejercicio del derecho de h\u00e1beas data, es decir, conocer, actualizar o rectificar sus datos personales.<\/li><li>Informar a solicitud del Titular sobre el uso dado a sus datos personales.<\/li><li>Tramitar las consultas y reclamos formulados en los t\u00e9rminos se\u00f1alados en la presente pol\u00edtica.<\/li><\/ul>\t\t\t\t\t\t\t\t<\/div>\n\t\t\t\t<\/div>\n\t\t\t\t\t<\/div>\n\t\t\t\t<\/div>\n\t\t\t\t\t<\/div>\n\t\t\t\t<\/div>\n\t\t<div class=\"elementor-element elementor-element-d229ed1 e-flex e-con-boxed e-con e-child\" data-id=\"d229ed1\" data-element_type=\"container\">\n\t\t\t\t\t<div class=\"e-con-inner\">\n\t\t\t\t<div class=\"elementor-element elementor-element-891f525 elementor-widget elementor-widget-heading\" data-id=\"891f525\" data-element_type=\"widget\" data-widget_type=\"heading.default\">\n\t\t\t\t<div class=\"elementor-widget-container\">\n\t\t\t\t\t<h3 class=\"elementor-heading-title elementor-size-default\">11.2\t DEBERES RESPECTO DE LA CALIDAD, SEGURIDAD Y CONFIDENCIALIDAD DE LOS DATOS PERSONALES<\/h3>\t\t\t\t<\/div>\n\t\t\t\t<\/div>\n\t\t<div class=\"elementor-element elementor-element-8ae801a e-flex e-con-boxed e-con e-child\" data-id=\"8ae801a\" data-element_type=\"container\">\n\t\t\t\t\t<div class=\"e-con-inner\">\n\t\t\t\t<div class=\"elementor-element elementor-element-8ca1731 elementor-widget elementor-widget-text-editor\" data-id=\"8ca1731\" data-element_type=\"widget\" data-widget_type=\"text-editor.default\">\n\t\t\t\t<div class=\"elementor-widget-container\">\n\t\t\t\t\t\t\t\t\t<ul><li>Observar los principios de veracidad, calidad, seguridad y confidencialidad en los t\u00e9rminos establecidos en la siguiente pol\u00edtica.<\/li><li>Conservar la informaci\u00f3n bajo las condiciones de seguridad necesarias para impedir su adulteraci\u00f3n, p\u00e9rdida, consulta, uso o acceso no autorizado o fraudulento.<\/li><li>Implementar las pol\u00edticas y procedimientos de seguridad necesarios para asegurar la confidencialidad, integridad y disponibilidad de la informaci\u00f3n y bases de datos de la corporaci\u00f3n, tambi\u00e9n asegurar la estabilidad, disponibilidad de la infraestructura tecnol\u00f3gica y la operaci\u00f3n.<\/li><li>Actualizar la informaci\u00f3n cuando sea necesario.<\/li><li>Rectificar los datos personales cuando ello sea procedente.<\/li><\/ul>\t\t\t\t\t\t\t\t<\/div>\n\t\t\t\t<\/div>\n\t\t\t\t\t<\/div>\n\t\t\t\t<\/div>\n\t\t\t\t\t<\/div>\n\t\t\t\t<\/div>\n\t\t<div class=\"elementor-element elementor-element-8d4c831 e-flex e-con-boxed e-con e-child\" data-id=\"8d4c831\" data-element_type=\"container\">\n\t\t\t\t\t<div class=\"e-con-inner\">\n\t\t\t\t<div class=\"elementor-element elementor-element-30b9846 elementor-widget elementor-widget-heading\" data-id=\"30b9846\" data-element_type=\"widget\" data-widget_type=\"heading.default\">\n\t\t\t\t<div class=\"elementor-widget-container\">\n\t\t\t\t\t<h3 class=\"elementor-heading-title elementor-size-default\">11.3\t DEBERES CUANDO REALIZA EL TRATAMIENTO A TRAV\u00c9S DE UN ENCARGADO O SUBENCARGADO<\/h3>\t\t\t\t<\/div>\n\t\t\t\t<\/div>\n\t\t<div class=\"elementor-element elementor-element-776d8f9 e-flex e-con-boxed e-con e-child\" data-id=\"776d8f9\" data-element_type=\"container\">\n\t\t\t\t\t<div class=\"e-con-inner\">\n\t\t\t\t<div class=\"elementor-element elementor-element-e032fb4 elementor-widget elementor-widget-text-editor\" data-id=\"e032fb4\" data-element_type=\"widget\" data-widget_type=\"text-editor.default\">\n\t\t\t\t<div class=\"elementor-widget-container\">\n\t\t\t\t\t\t\t\t\t<ul><li>Poner en conocimiento del Encargado o Subencargado la presente Pol\u00edtica de Tratamiento de la Informaci\u00f3n, para advertir de la obligaci\u00f3n que les asiste de operar el tratamiento de datos que se le encomiende en el marco de esta.<\/li><li>Suministrar al Encargado o Subencargado del tratamiento, \u00fanicamente datos cuyo tratamiento est\u00e9 previamente autorizado conforme a la ley.<\/li><li>Garantizar que la informaci\u00f3n que se suministre al Encargado o Subencargado del tratamiento sea veraz, completa, exacta, actualizada, comprobable y comprensible.<\/li><li>Comunicar de forma oportuna al Encargado o Subencargado del tratamiento, todas las novedades respecto de los datos que previamente le haya suministrado y adoptar las dem\u00e1s medidas necesarias para que la informaci\u00f3n suministrada a este se mantenga actualizada.<\/li><li>Informar de manera oportuna al Encargado o Subencargado del tratamiento, las rectificaciones realizadas sobre los datos personales para que \u00e9ste proceda a realizar los ajustes pertinentes.<\/li><li>Exigir al Encargado o Subencargado del tratamiento, en todo momento, el respeto a las condiciones de seguridad y privacidad de la informaci\u00f3n del Titular.<\/li><li>Informar al Encargado o Subencargado del tratamiento, cuando determinada informaci\u00f3n, de conformidad a las disposiciones de la Ley 1266 de 2008, se encuentre en condici\u00f3n de \u201c<em>reclamo en tr\u00e1mite<\/em>\u201d por parte del Titular o en se trate de \u201c<em>informaci\u00f3n en discusi\u00f3n judicial<\/em>\u201d, una vez se haya presentado la reclamaci\u00f3n o recibido la informaci\u00f3n. As\u00ed mismo deber\u00e1 reportar los eventos en que el reclamo se atienda o la discusi\u00f3n judicial sea superada.<\/li><\/ul>\t\t\t\t\t\t\t\t<\/div>\n\t\t\t\t<\/div>\n\t\t\t\t\t<\/div>\n\t\t\t\t<\/div>\n\t\t\t\t\t<\/div>\n\t\t\t\t<\/div>\n\t\t<div class=\"elementor-element elementor-element-84b3f62 e-flex e-con-boxed e-con e-child\" data-id=\"84b3f62\" data-element_type=\"container\">\n\t\t\t\t\t<div class=\"e-con-inner\">\n\t\t\t\t<div class=\"elementor-element elementor-element-a450198 elementor-widget elementor-widget-heading\" data-id=\"a450198\" data-element_type=\"widget\" data-widget_type=\"heading.default\">\n\t\t\t\t<div class=\"elementor-widget-container\">\n\t\t\t\t\t<h3 class=\"elementor-heading-title elementor-size-default\">11.4\tDEBERES RESPECTO DE LA SUPERINTENDENCIA DE INDUSTRIA Y COMERCIO<\/h3>\t\t\t\t<\/div>\n\t\t\t\t<\/div>\n\t\t<div class=\"elementor-element elementor-element-fb2415e e-flex e-con-boxed e-con e-child\" data-id=\"fb2415e\" data-element_type=\"container\">\n\t\t\t\t\t<div class=\"e-con-inner\">\n\t\t\t\t<div class=\"elementor-element elementor-element-421f38a elementor-widget elementor-widget-text-editor\" data-id=\"421f38a\" data-element_type=\"widget\" data-widget_type=\"text-editor.default\">\n\t\t\t\t<div class=\"elementor-widget-container\">\n\t\t\t\t\t\t\t\t\t<p>COMFENALCO VALLE DELAGENTE deber\u00e1 cumplir con los siguientes deberes:<\/p><ul><li>Informarle las eventuales violaciones a los c\u00f3digos de seguridad y la existencia de novedades en la administraci\u00f3n de la informaci\u00f3n de los Titulares.<\/li><li>Cumplir las instrucciones y requerimientos que imparta la Superintendencia de Industria y Comercio.<\/li><\/ul>\t\t\t\t\t\t\t\t<\/div>\n\t\t\t\t<\/div>\n\t\t\t\t\t<\/div>\n\t\t\t\t<\/div>\n\t\t\t\t\t<\/div>\n\t\t\t\t<\/div>\n\t\t<div class=\"elementor-element elementor-element-2fdce32 e-flex e-con-boxed e-con e-child\" data-id=\"2fdce32\" data-element_type=\"container\">\n\t\t\t\t\t<div class=\"e-con-inner\">\n\t\t\t\t<div class=\"elementor-element elementor-element-542c3a7 elementor-widget elementor-widget-heading\" data-id=\"542c3a7\" data-element_type=\"widget\" data-widget_type=\"heading.default\">\n\t\t\t\t<div class=\"elementor-widget-container\">\n\t\t\t\t\t<h3 class=\"elementor-heading-title elementor-size-default\">11.5\tDEBERES CUANDO OBRA COMO ENCARGADO DEL TRATAMIENTO DE DATOS PERSONALES<\/h3>\t\t\t\t<\/div>\n\t\t\t\t<\/div>\n\t\t<div class=\"elementor-element elementor-element-167dcad e-flex e-con-boxed e-con e-child\" data-id=\"167dcad\" data-element_type=\"container\">\n\t\t\t\t\t<div class=\"e-con-inner\">\n\t\t\t\t<div class=\"elementor-element elementor-element-2216b0c elementor-widget elementor-widget-text-editor\" data-id=\"2216b0c\" data-element_type=\"widget\" data-widget_type=\"text-editor.default\">\n\t\t\t\t<div class=\"elementor-widget-container\">\n\t\t\t\t\t\t\t\t\t<p>Cuando COMFENALCO VALLE DELAGENTE realiza el tratamiento de datos en nombre de otra entidad o corporaci\u00f3n Responsable del Tratamiento, adquiere la calidad de Encargado y por tanto se obliga a cumplir los siguientes deberes:<\/p><ul><li>Establecer que el Responsable del tratamiento est\u00e9 autorizado para suministrar a COMFENALCO VALLE DELAGENTE los datos personales que tratar\u00e1 como Encargado.<\/li><li>Garantizar al Titular, en todo tiempo, el pleno y efectivo ejercicio del derecho de h\u00e1beas data.<\/li><li>Conservar la informaci\u00f3n bajo las condiciones de seguridad necesarias para impedir su adulteraci\u00f3n, p\u00e9rdida, consulta, uso o acceso no autorizado o fraudulento.<\/li><li>Realizar oportunamente la actualizaci\u00f3n, rectificaci\u00f3n o supresi\u00f3n de los datos.<\/li><li>Actualizar la informaci\u00f3n reportada por los Responsables del tratamiento dentro de los cinco (5) d\u00edas h\u00e1biles contados a partir de su recibo.<\/li><li>Tramitar las consultas y los reclamos formulados por los Titulares en los t\u00e9rminos se\u00f1alados en la presente pol\u00edtica.<\/li><li>Registrar en la base de datos la leyenda \u201creclamo en tr\u00e1mite\u201d en la forma en que se establece en la presente pol\u00edtica.<\/li><li>Insertar en la base de datos la leyenda \u201cinformaci\u00f3n en discusi\u00f3n judicial\u201d una vez notificado por parte de la autoridad competente sobre procesos judiciales relacionados con la calidad del dato personal.<\/li><li>Abstenerse de circular informaci\u00f3n que est\u00e9 siendo controvertida por el Titular y cuyo bloqueo haya sido ordenado por la Superintendencia de Industria y Comercio.<\/li><li>Permitir el acceso a la informaci\u00f3n \u00fanicamente a las personas autorizadas por el Titular o facultadas por la ley para dicho efecto.<\/li><li>Informar a la Superintendencia de Industria y Comercio cuando se presenten violaciones a los c\u00f3digos de seguridad y existan novedades en la administraci\u00f3n de la informaci\u00f3n de los Titulares.<\/li><li>Cumplir las instrucciones y requerimientos que imparta la Superintendencia de Industria y Comercio.<\/li><\/ul>\t\t\t\t\t\t\t\t<\/div>\n\t\t\t\t<\/div>\n\t\t\t\t\t<\/div>\n\t\t\t\t<\/div>\n\t\t\t\t\t<\/div>\n\t\t\t\t<\/div>\n\t\t\t\t\t<\/div>\n\t\t\t\t<\/div>\n\t\t<div class=\"elementor-element elementor-element-69b0b0b e-flex e-con-boxed e-con e-child\" data-id=\"69b0b0b\" data-element_type=\"container\">\n\t\t\t\t\t<div class=\"e-con-inner\">\n\t\t\t\t<div class=\"elementor-element elementor-element-3dd96ee elementor-widget elementor-widget-heading\" data-id=\"3dd96ee\" data-element_type=\"widget\" data-widget_type=\"heading.default\">\n\t\t\t\t<div class=\"elementor-widget-container\">\n\t\t\t\t\t<h2 class=\"elementor-heading-title elementor-size-default\">12.\tNIVELES Y MEDIDAS DE SEGURIDAD<\/h2>\t\t\t\t<\/div>\n\t\t\t\t<\/div>\n\t\t<div class=\"elementor-element elementor-element-f5b8194 e-flex e-con-boxed e-con e-child\" data-id=\"f5b8194\" data-element_type=\"container\">\n\t\t\t\t\t<div class=\"e-con-inner\">\n\t\t\t\t<div class=\"elementor-element elementor-element-e2bade5 elementor-widget elementor-widget-text-editor\" data-id=\"e2bade5\" data-element_type=\"widget\" data-widget_type=\"text-editor.default\">\n\t\t\t\t<div class=\"elementor-widget-container\">\n\t\t\t\t\t\t\t\t\t<p>COMFENALCO VALLE DELAGENTE cuenta con pol\u00edticas, protocolos y procedimientos de seguridad, donde el objetivo principal es asegurar la confidencialidad, integridad y disponibilidad de la informaci\u00f3n y bases de datos de nuestros miembros de la corporaci\u00f3n y terceros, lo mismo que asegurar la estabilidad, disponibilidad de la infraestructura tecnol\u00f3gica y la operaci\u00f3n.<\/p>\t\t\t\t\t\t\t\t<\/div>\n\t\t\t\t<\/div>\n\t\t\t\t<div class=\"elementor-element elementor-element-32161c4 elementor-widget elementor-widget-text-editor\" data-id=\"32161c4\" data-element_type=\"widget\" data-widget_type=\"text-editor.default\">\n\t\t\t\t<div class=\"elementor-widget-container\">\n\t\t\t\t\t\t\t\t\t<p>Todas las medidas de seguridad que ha implementado y gestiona COMFENALCO VALLE DELAGENTE, buscan la protecci\u00f3n de la informaci\u00f3n y la garant\u00eda de la dignidad de los Titulares de los datos personales que trata. Tales medidas buscan el acceso de los usuarios autorizados de forma controlada e impedir que los no autorizados puedan llegar a acceder, bloquear, modificar, adulterar o suprimir la informaci\u00f3n y\/o datos personales tratados por parte de COMFENALCO VALLE DELAGENTE como Responsable, Encargado o Subencargado de los mismos seg\u00fan el caso.<\/p>\t\t\t\t\t\t\t\t<\/div>\n\t\t\t\t<\/div>\n\t\t\t\t\t<\/div>\n\t\t\t\t<\/div>\n\t\t\t\t\t<\/div>\n\t\t\t\t<\/div>\n\t\t<div class=\"elementor-element elementor-element-1606a58 e-flex e-con-boxed e-con e-child\" data-id=\"1606a58\" data-element_type=\"container\">\n\t\t\t\t\t<div class=\"e-con-inner\">\n\t\t\t\t<div class=\"elementor-element elementor-element-5a5892f elementor-widget elementor-widget-heading\" data-id=\"5a5892f\" data-element_type=\"widget\" data-widget_type=\"heading.default\">\n\t\t\t\t<div class=\"elementor-widget-container\">\n\t\t\t\t\t<h2 class=\"elementor-heading-title elementor-size-default\">13.\tVIDEOVIGILANCIA<\/h2>\t\t\t\t<\/div>\n\t\t\t\t<\/div>\n\t\t<div class=\"elementor-element elementor-element-b3f667f e-flex e-con-boxed e-con e-child\" data-id=\"b3f667f\" data-element_type=\"container\">\n\t\t\t\t\t<div class=\"e-con-inner\">\n\t\t\t\t<div class=\"elementor-element elementor-element-a543fc9 elementor-widget elementor-widget-text-editor\" data-id=\"a543fc9\" data-element_type=\"widget\" data-widget_type=\"text-editor.default\">\n\t\t\t\t<div class=\"elementor-widget-container\">\n\t\t\t\t\t\t\t\t\t<p>COMFENALCO VALLE DELAGENTE utiliza medios de videovigilancia instalados en diferentes sitios internos y externos de sus sedes. Por ello se informa a los Titulares y terceros, la existencia de estos mecanismos mediante la difusi\u00f3n en sitios visibles de anuncios con alertas de videovigilancia. No obstante, ning\u00fan dispositivo de videovigilancia se sit\u00faa en lugares que puedan afectar la intimidad de los Titulares.<\/p>\t\t\t\t\t\t\t\t<\/div>\n\t\t\t\t<\/div>\n\t\t\t\t<div class=\"elementor-element elementor-element-9caba11 elementor-widget elementor-widget-text-editor\" data-id=\"9caba11\" data-element_type=\"widget\" data-widget_type=\"text-editor.default\">\n\t\t\t\t<div class=\"elementor-widget-container\">\n\t\t\t\t\t\t\t\t\t<p>La informaci\u00f3n recolectada por estos mecanismos se utilizar\u00e1 para fines de seguridad de los bienes, instalaciones y personas que se encuentren en \u00e9stas, o como prueba en cualquier tipo de proceso interno, judicial o administrativo, siempre con sujeci\u00f3n y cumplimiento de las normas legales.<\/p>\t\t\t\t\t\t\t\t<\/div>\n\t\t\t\t<\/div>\n\t\t\t\t<div class=\"elementor-element elementor-element-6a02eea elementor-widget elementor-widget-text-editor\" data-id=\"6a02eea\" data-element_type=\"widget\" data-widget_type=\"text-editor.default\">\n\t\t\t\t<div class=\"elementor-widget-container\">\n\t\t\t\t\t\t\t\t\t<p>Las im\u00e1genes solo ser\u00e1n tratadas cuando sean adecuadas, pertinentes y no excesivas en relaci\u00f3n con el \u00e1mbito y las finalidades determinadas, leg\u00edtimas y explicitas y que hayan justificado la instalaci\u00f3n de las c\u00e1maras o videoc\u00e1maras.<\/p>\t\t\t\t\t\t\t\t<\/div>\n\t\t\t\t<\/div>\n\t\t\t\t\t<\/div>\n\t\t\t\t<\/div>\n\t\t\t\t\t<\/div>\n\t\t\t\t<\/div>\n\t\t<div class=\"elementor-element elementor-element-a05908a e-flex e-con-boxed e-con e-child\" data-id=\"a05908a\" data-element_type=\"container\">\n\t\t\t\t\t<div class=\"e-con-inner\">\n\t\t\t\t<div class=\"elementor-element elementor-element-efbdb24 elementor-widget elementor-widget-heading\" data-id=\"efbdb24\" data-element_type=\"widget\" data-widget_type=\"heading.default\">\n\t\t\t\t<div class=\"elementor-widget-container\">\n\t\t\t\t\t<h2 class=\"elementor-heading-title elementor-size-default\">14.\tAVISO DE PRIVACIDAD<\/h2>\t\t\t\t<\/div>\n\t\t\t\t<\/div>\n\t\t<div class=\"elementor-element elementor-element-873c2d9 e-flex e-con-boxed e-con e-child\" data-id=\"873c2d9\" data-element_type=\"container\">\n\t\t\t\t\t<div class=\"e-con-inner\">\n\t\t\t\t<div class=\"elementor-element elementor-element-fddac12 elementor-widget elementor-widget-text-editor\" data-id=\"fddac12\" data-element_type=\"widget\" data-widget_type=\"text-editor.default\">\n\t\t\t\t<div class=\"elementor-widget-container\">\n\t\t\t\t\t\t\t\t\t<p>Para todos los efectos legales, COMFENALCO VALLE DELAGENTE manifiesta cumplir con el Aviso de Privacidad de que trata el art\u00edculo 2.2.2.25.3.2 del Decreto 1074 de 2015. Los Titulares de datos personales que deseen consultarlo, podr\u00e1n hacerlo enviando solicitud de ello a trav\u00e9s del siguiente correo electr\u00f3nico: <a href=\"mailto:servicioalcliente@comfenalcovalle.com.co\">servicioalcliente@comfenalcovalle.com.co<\/a>.<\/p>\t\t\t\t\t\t\t\t<\/div>\n\t\t\t\t<\/div>\n\t\t\t\t\t<\/div>\n\t\t\t\t<\/div>\n\t\t\t\t\t<\/div>\n\t\t\t\t<\/div>\n\t\t<div class=\"elementor-element elementor-element-67086e3 e-flex e-con-boxed e-con e-child\" data-id=\"67086e3\" data-element_type=\"container\">\n\t\t\t\t\t<div class=\"e-con-inner\">\n\t\t\t\t<div class=\"elementor-element elementor-element-dc19a28 elementor-widget elementor-widget-heading\" data-id=\"dc19a28\" data-element_type=\"widget\" data-widget_type=\"heading.default\">\n\t\t\t\t<div class=\"elementor-widget-container\">\n\t\t\t\t\t<h2 class=\"elementor-heading-title elementor-size-default\">15.\tVIGENCIA DE BASES DE DATOS<\/h2>\t\t\t\t<\/div>\n\t\t\t\t<\/div>\n\t\t<div class=\"elementor-element elementor-element-b7ed581 e-flex e-con-boxed e-con e-child\" data-id=\"b7ed581\" data-element_type=\"container\">\n\t\t\t\t\t<div class=\"e-con-inner\">\n\t\t\t\t<div class=\"elementor-element elementor-element-cbf77d4 elementor-widget elementor-widget-text-editor\" data-id=\"cbf77d4\" data-element_type=\"widget\" data-widget_type=\"text-editor.default\">\n\t\t\t\t<div class=\"elementor-widget-container\">\n\t\t\t\t\t\t\t\t\t<p>COMFENALCO VALLE DELAGENTE, cuando act\u00fae como Responsable, conservar\u00e1 en su base de datos, los datos personales que hayan sido recolectados, mientras siga desarrollando las actividades que constituyen su objeto social.<\/p>\t\t\t\t\t\t\t\t<\/div>\n\t\t\t\t<\/div>\n\t\t\t\t<div class=\"elementor-element elementor-element-530a565 elementor-widget elementor-widget-text-editor\" data-id=\"530a565\" data-element_type=\"widget\" data-widget_type=\"text-editor.default\">\n\t\t\t\t<div class=\"elementor-widget-container\">\n\t\t\t\t\t\t\t\t\t<p>Cuando COMFENALCO VALLE DELAGENTE act\u00fae en la calidad de Encargado, la vigencia de los datos personales bajo su tratamiento estar\u00e1 determinada por las indicaciones que al efecto le se\u00f1ale el correspondiente Responsable.<\/p>\t\t\t\t\t\t\t\t<\/div>\n\t\t\t\t<\/div>\n\t\t\t\t<div class=\"elementor-element elementor-element-50034f9 elementor-widget elementor-widget-text-editor\" data-id=\"50034f9\" data-element_type=\"widget\" data-widget_type=\"text-editor.default\">\n\t\t\t\t<div class=\"elementor-widget-container\">\n\t\t\t\t\t\t\t\t\t<p>Lo expresado en los p\u00e1rrafos anteriores, se tendr\u00e1 siempre en cuenta sin perjuicio del ejercicio de los derechos de supresi\u00f3n que le asisten al Titular o de orden legal, administrativa o judicial que ordene la supresi\u00f3n de estos.<\/p>\t\t\t\t\t\t\t\t<\/div>\n\t\t\t\t<\/div>\n\t\t\t\t<div class=\"elementor-element elementor-element-d17a43a elementor-widget elementor-widget-text-editor\" data-id=\"d17a43a\" data-element_type=\"widget\" data-widget_type=\"text-editor.default\">\n\t\t\t\t<div class=\"elementor-widget-container\">\n\t\t\t\t\t\t\t\t\t<p>En trat\u00e1ndose de las historias cl\u00ednicas, la retenci\u00f3n estar\u00e1 conforme a las disposiciones legales y reglamentarias que sobre el tema se encuentren vigentes y conforme a los protocolos que al efecto se aprueben por parte de la Corporaci\u00f3n.<\/p>\t\t\t\t\t\t\t\t<\/div>\n\t\t\t\t<\/div>\n\t\t\t\t\t<\/div>\n\t\t\t\t<\/div>\n\t\t\t\t\t<\/div>\n\t\t\t\t<\/div>\n\t\t<div class=\"elementor-element elementor-element-d68d18a e-flex e-con-boxed e-con e-child\" data-id=\"d68d18a\" data-element_type=\"container\">\n\t\t\t\t\t<div class=\"e-con-inner\">\n\t\t\t\t<div class=\"elementor-element elementor-element-bb70057 elementor-widget elementor-widget-heading\" data-id=\"bb70057\" data-element_type=\"widget\" data-widget_type=\"heading.default\">\n\t\t\t\t<div class=\"elementor-widget-container\">\n\t\t\t\t\t<h2 class=\"elementor-heading-title elementor-size-default\">16.\tMODIFICACI\u00d3N Y\/O ACTUALIZACI\u00d3N DE LA POL\u00cdTICA DE TRATAMIENTO DE LA INFORMACI\u00d3N<\/h2>\t\t\t\t<\/div>\n\t\t\t\t<\/div>\n\t\t<div class=\"elementor-element elementor-element-bbcaa3a e-flex e-con-boxed e-con e-child\" data-id=\"bbcaa3a\" data-element_type=\"container\">\n\t\t\t\t\t<div class=\"e-con-inner\">\n\t\t\t\t<div class=\"elementor-element elementor-element-3a71ce7 elementor-widget elementor-widget-text-editor\" data-id=\"3a71ce7\" data-element_type=\"widget\" data-widget_type=\"text-editor.default\">\n\t\t\t\t<div class=\"elementor-widget-container\">\n\t\t\t\t\t\t\t\t\t<p>En el evento de cualquier cambio sustancial en la Pol\u00edtica de Tratamiento de la Informaci\u00f3n, se har\u00e1 la comunicaci\u00f3n de forma oportuna a los titulares de los datos a trav\u00e9s de:<\/p><ul><li>P\u00e1gina web <a href=\"http:\/\/test.comfenalcovalle.com.co\/en\/\">comfenalcovalle.com.co<\/a><\/li><li>Redes sociales corporativas.<\/li><li>Para los titulares que no tengan acceso a medios electr\u00f3nicos, se comunicar\u00e1 a trav\u00e9s de un medio de amplia difusi\u00f3n.<\/li><\/ul>\t\t\t\t\t\t\t\t<\/div>\n\t\t\t\t<\/div>\n\t\t\t\t<div class=\"elementor-element elementor-element-8136360 elementor-widget elementor-widget-text-editor\" data-id=\"8136360\" data-element_type=\"widget\" data-widget_type=\"text-editor.default\">\n\t\t\t\t<div class=\"elementor-widget-container\">\n\t\t\t\t\t\t\t\t\t<p>Cuando el cambio se refiera a la finalidad del tratamiento, se deber\u00e1 solicitar del titular una nueva autorizaci\u00f3n.<\/p>\t\t\t\t\t\t\t\t<\/div>\n\t\t\t\t<\/div>\n\t\t\t\t<div class=\"elementor-element elementor-element-2ef22d2 elementor-widget elementor-widget-text-editor\" data-id=\"2ef22d2\" data-element_type=\"widget\" data-widget_type=\"text-editor.default\">\n\t\t\t\t<div class=\"elementor-widget-container\">\n\t\t\t\t\t\t\t\t\t<p>Esta Pol\u00edtica de Tratamiento de Datos Personales \u2013 PTI fue aprobada por el Consejo Directivo de COMFENALCO VALLE DELAGENTE el 25 de Febrero del a\u00f1o 2020. Reemplaza cualquier otro documento que con anterioridad se hubiere elaborado. Se ha dado a conocer mediante aviso de privacidad elaborado conforme a la ley. Para conocimiento de los Titulares y Terceros interesados puede ser consultada en la p\u00e1gina <a href=\"http:\/\/test.comfenalcovalle.com.co\/en\/\">test.comfenalcovalle.com.co<\/a> o solicitar su env\u00edo a trav\u00e9s del correo electr\u00f3nico <a href=\"mailto:servicioalcliente@comfenalcovalle.com.co\">servicioalcliente@comfenalcovalle.com.co<\/a><\/p>\t\t\t\t\t\t\t\t<\/div>\n\t\t\t\t<\/div>\n\t\t\t\t\t<\/div>\n\t\t\t\t<\/div>\n\t\t\t\t\t<\/div>\n\t\t\t\t<\/div>\n\t\t\t\t\t<\/div>\n\t\t\t\t<\/section>\n\t\t\t\t\t<\/div>\n\t\t\t\t<\/main>\n\t\t\t\t<main class=\"elementor-section elementor-top-section elementor-element elementor-element-93c64e2 elementor-section-full_width elementor-hidden-desktop elementor-hidden-tablet elementor-hidden-mobile elementor-section-height-default elementor-section-height-default\" data-id=\"93c64e2\" data-element_type=\"section\">\n\t\t\t\t\t\t<div class=\"elementor-container elementor-column-gap-default\">\n\t\t\t\t\t<div class=\"elementor-column elementor-col-100 elementor-top-column elementor-element elementor-element-69199ff\" data-id=\"69199ff\" data-element_type=\"column\">\n\t\t\t<div class=\"elementor-widget-wrap elementor-element-populated\">\n\t\t\t\t\t\t<section class=\"elementor-section elementor-inner-section elementor-element elementor-element-634ed8d elementor-section-boxed elementor-section-height-default elementor-section-height-default\" data-id=\"634ed8d\" data-element_type=\"section\">\n\t\t\t\t\t\t<div class=\"elementor-container elementor-column-gap-default\">\n\t\t\t\t\t<div class=\"elementor-column elementor-col-100 elementor-inner-column elementor-element elementor-element-5e8927b\" data-id=\"5e8927b\" data-element_type=\"column\">\n\t\t\t<div class=\"elementor-widget-wrap elementor-element-populated\">\n\t\t\t\t\t\t<div class=\"elementor-element elementor-element-a80fddc jet-breadcrumbs-align-center elementor-widget elementor-widget-jet-breadcrumbs\" data-id=\"a80fddc\" data-element_type=\"widget\" data-widget_type=\"jet-breadcrumbs.default\">\n\t\t\t\t<div class=\"elementor-widget-container\">\n\t\t\t\t\t<div class=\"elementor-jet-breadcrumbs jet-blocks\">\n\t\t<div class=\"jet-breadcrumbs\">\n\t\t<div class=\"jet-breadcrumbs__content\">\n\t\t<div class=\"jet-breadcrumbs__wrap\"><div class=\"jet-breadcrumbs__item\"><a href=\"https:\/\/test.comfenalcovalle.com.co\/en\/\" class=\"jet-breadcrumbs__item-link is-home\" rel=\"home\" title=\"Beginning\">Beginning<\/a><\/div>\n\t\t<\/div>\n\t\t<\/div>\n\t\t<\/div><\/div>\t\t\t\t<\/div>\n\t\t\t\t<\/div>\n\t\t\t\t<div class=\"elementor-element elementor-element-9d545fc elementor-widget elementor-widget-heading\" data-id=\"9d545fc\" data-element_type=\"widget\" data-widget_type=\"heading.default\">\n\t\t\t\t<div class=\"elementor-widget-container\">\n\t\t\t\t\t<div class=\"elementor-heading-title elementor-size-default\">Pol\u00edtica de tratamiento de la informaci\u00f3n<\/div>\t\t\t\t<\/div>\n\t\t\t\t<\/div>\n\t\t\t\t\t<\/div>\n\t\t<\/div>\n\t\t\t\t\t<\/div>\n\t\t<\/section>\n\t\t\t\t<section class=\"elementor-section elementor-inner-section elementor-element elementor-element-73304ed elementor-section-boxed elementor-section-height-default elementor-section-height-default\" data-id=\"73304ed\" data-element_type=\"section\">\n\t\t\t\t\t\t<div class=\"elementor-container elementor-column-gap-default\">\n\t\t\t\t\t<div class=\"elementor-column elementor-col-25 elementor-inner-column elementor-element elementor-element-ffdf28d elementor-hidden-mobile\" data-id=\"ffdf28d\" data-element_type=\"column\">\n\t\t\t<div class=\"elementor-widget-wrap elementor-element-populated\">\n\t\t\t\t\t\t<div class=\"elementor-element elementor-element-7611cb0 elementor-widget elementor-widget-spacer\" data-id=\"7611cb0\" data-element_type=\"widget\" data-widget_type=\"spacer.default\">\n\t\t\t\t<div class=\"elementor-widget-container\">\n\t\t\t\t\t\t\t<div class=\"elementor-spacer\">\n\t\t\t<div class=\"elementor-spacer-inner\"><\/div>\n\t\t<\/div>\n\t\t\t\t\t\t<\/div>\n\t\t\t\t<\/div>\n\t\t\t\t\t<\/div>\n\t\t<\/div>\n\t\t\t\t<div class=\"elementor-column elementor-col-50 elementor-inner-column elementor-element elementor-element-9250610\" data-id=\"9250610\" data-element_type=\"column\">\n\t\t\t<div class=\"elementor-widget-wrap elementor-element-populated\">\n\t\t\t\t\t\t<div class=\"elementor-element elementor-element-15ca243 elementor-view-stacked elementor-shape-circle elementor-widget elementor-widget-icon\" data-id=\"15ca243\" data-element_type=\"widget\" title=\"informativeicon\" data-widget_type=\"icon.default\">\n\t\t\t\t<div class=\"elementor-widget-container\">\n\t\t\t\t\t\t\t<div class=\"elementor-icon-wrapper\">\n\t\t\t<div class=\"elementor-icon\">\n\t\t\t<svg xmlns=\"http:\/\/www.w3.org\/2000\/svg\" id=\"Capa_1\" height=\"512\" viewbox=\"0 0 512 512\" width=\"512\"><g><g><g><g><path d=\"m379.655 170.335c-5.522 0-10-4.478-10-10v-68.379c0-5.522 4.478-10 10-10s10 4.478 10 10v68.379c0 5.522-4.477 10-10 10z\"><\/path><\/g><\/g><g><g><circle cx=\"379.612\" cy=\"59.778\" r=\"10\"><\/circle><\/g><\/g><g><path d=\"m484.648 105.057c0-57.929-47.119-105.057-105.037-105.057-23.973 0-46.095 8.074-63.793 21.646h-252.073c-20.067 0-36.393 16.325-36.393 36.393v363.773c0 20.067 16.326 36.394 36.393 36.394h31.731v17.4c0 20.067 16.326 36.394 36.393 36.394h261.461c20.067 0 36.393-16.326 36.393-36.394v-138.702c0-5.522-4.478-10-10-10s-10 4.478-10 10v138.702c0 9.039-7.354 16.394-16.393 16.394h-261.461c-9.039 0-16.393-7.354-16.393-16.394v-17.4h209.731c20.067 0 36.394-16.326 36.394-36.394v-213.244c5.854 1.016 11.871 1.546 18.011 1.546 10.461 0 20.57-1.538 30.112-4.399v40.778c0 5.522 4.478 10 10 10s10-4.478 10-10v-49.125c32.692-17.826 54.924-52.52 54.924-92.311zm-143.047 316.756c0 9.039-7.354 16.394-16.394 16.394h-261.462c-9.039 0-16.393-7.354-16.393-16.394v-363.774c0-9.039 7.354-16.393 16.393-16.393h232.171c-12.552 16.533-20.326 36.883-21.248 58.974h-170.291c-5.522 0-10 4.478-10 10v42.234c0 5.522 4.478 10 10 10h180.198c2.273 0 4.369-.759 6.049-2.037 11.946 19.004 29.806 33.931 50.977 42.179zm-67.026-301.193v22.234h-160.198v-22.234zm105.036 69.493c-46.889 0-85.036-38.156-85.036-85.057 0-46.9 38.147-85.057 85.036-85.057 46.89 0 85.037 38.156 85.037 85.057s-38.147 85.057-85.037 85.057z\"><\/path><g><g><path d=\"m419.72 301.52c-4.12 0-7.897-2.637-9.349-6.482-1.491-3.946-.27-8.586 3.009-11.255 3.285-2.673 8.014-2.994 11.617-.758 3.596 2.232 5.437 6.635 4.464 10.764-1.053 4.466-5.146 7.731-9.741 7.731z\"><\/path><\/g><\/g><\/g><g><g><g><g><path d=\"m284.575 217.633h-180.198c-5.522 0-10-4.477-10-10 0-5.522 4.478-10 10-10h180.198c5.522 0 10 4.478 10 10s-4.477 10-10 10z\"><\/path><\/g><\/g><g><g><path d=\"m284.575 265.063h-180.198c-5.522 0-10-4.478-10-10 0-5.523 4.478-10 10-10h180.198c5.522 0 10 4.477 10 10 0 5.522-4.477 10-10 10z\"><\/path><\/g><\/g><g><g><path d=\"m284.575 312.493h-180.198c-5.522 0-10-4.478-10-10s4.478-10 10-10h180.198c5.522 0 10 4.478 10 10 0 5.523-4.477 10-10 10z\"><\/path><\/g><\/g><g><g><path d=\"m284.575 359.923h-180.198c-5.522 0-10-4.478-10-10 0-5.523 4.478-10 10-10h180.198c5.522 0 10 4.477 10 10 0 5.522-4.477 10-10 10z\"><\/path><\/g><\/g><\/g><\/g><\/g><\/g><\/svg>\t\t\t<\/div>\n\t\t<\/div>\n\t\t\t\t\t\t<\/div>\n\t\t\t\t<\/div>\n\t\t\t\t<div class=\"elementor-element elementor-element-503f554 elementor-widget elementor-widget-heading\" data-id=\"503f554\" data-element_type=\"widget\" data-widget_type=\"heading.default\">\n\t\t\t\t<div class=\"elementor-widget-container\">\n\t\t\t\t\t<div class=\"elementor-heading-title elementor-size-default\">Information Treatment Policy<\/div>\t\t\t\t<\/div>\n\t\t\t\t<\/div>\n\t\t\t\t<div class=\"elementor-element elementor-element-60c6a06 elementor-widget elementor-widget-heading\" data-id=\"60c6a06\" data-element_type=\"widget\" data-widget_type=\"heading.default\">\n\t\t\t\t<div class=\"elementor-widget-container\">\n\t\t\t\t\t<p class=\"elementor-heading-title elementor-size-default\">In accordance with Law 1581 of 2012, Comfenalco Valle Delagente has established rules and principles to provide protection in the treatment of the information of its affiliates and users. Below you can download the document with our Information Treatment Policy:<\/p>\t\t\t\t<\/div>\n\t\t\t\t<\/div>\n\t\t\t\t<div class=\"elementor-element elementor-element-391b329 elementor-align-center elementor-widget elementor-widget-button\" data-id=\"391b329\" data-element_type=\"widget\" data-widget_type=\"button.default\">\n\t\t\t\t<div class=\"elementor-widget-container\">\n\t\t\t\t\t\t\t\t\t<div class=\"elementor-button-wrapper\">\n\t\t\t\t\t<a class=\"elementor-button elementor-button-link elementor-size-lg elementor-animation-shrink\" href=\"https:\/\/test.comfenalcovalle.com.co\/wp-content\/uploads\/2023\/08\/Politica-Tratamiento-Informacion-ComfenalcoValle-25-Feb-2020.pdf\" target=\"_blank\">\n\t\t\t\t\t\t<span class=\"elementor-button-content-wrapper\">\n\t\t\t\t\t\t<span class=\"elementor-button-icon\">\n\t\t\t\t<i aria-hidden=\"true\" class=\"far fa-arrow-alt-circle-down\"><\/i>\t\t\t<\/span>\n\t\t\t\t\t\t\t\t\t<span class=\"elementor-button-text\">Discharge<\/span>\n\t\t\t\t\t<\/span>\n\t\t\t\t\t<\/a>\n\t\t\t\t<\/div>\n\t\t\t\t\t\t\t\t<\/div>\n\t\t\t\t<\/div>\n\t\t\t\t\t<\/div>\n\t\t<\/div>\n\t\t\t\t<div class=\"elementor-column elementor-col-25 elementor-inner-column elementor-element elementor-element-3b70fc1 elementor-hidden-mobile\" data-id=\"3b70fc1\" data-element_type=\"column\">\n\t\t\t<div class=\"elementor-widget-wrap elementor-element-populated\">\n\t\t\t\t\t\t<div class=\"elementor-element elementor-element-1598a55 elementor-widget elementor-widget-spacer\" data-id=\"1598a55\" data-element_type=\"widget\" data-widget_type=\"spacer.default\">\n\t\t\t\t<div class=\"elementor-widget-container\">\n\t\t\t\t\t\t\t<div class=\"elementor-spacer\">\n\t\t\t<div class=\"elementor-spacer-inner\"><\/div>\n\t\t<\/div>\n\t\t\t\t\t\t<\/div>\n\t\t\t\t<\/div>\n\t\t\t\t\t<\/div>\n\t\t<\/div>\n\t\t\t\t\t<\/div>\n\t\t<\/section>\n\t\t\t\t\t<\/div>\n\t\t<\/div>\n\t\t\t\t\t<\/div>\n\t\t<\/main>\n\t\t\t\t<\/div>","protected":false},"excerpt":{"rendered":"<p>Inicio Pol\u00edtica de tratamiento de la informaci\u00f3n La CAJA DE COMPENSACI\u00d3N FAMILIAR DEL VALLE DEL CAUCA COMFENALCO VALLE DELAGENTE, Corporaci\u00f3n de derecho privado, sin \u00e1nimo de lucro y con funciones de Seguridad Social, domiciliada en la Calle 5 No 6-63 de Ciudad de Santiago de Cali, Departamento del Valle del Cauca, identificada con el NIT [&hellip;]<\/p>","protected":false},"author":1,"featured_media":2647,"parent":1451,"menu_order":0,"comment_status":"closed","ping_status":"closed","template":"","meta":{"footnotes":""},"class_list":["post-2744","page","type-page","status-publish","has-post-thumbnail","hentry"],"yoast_head":"<!-- This site is optimized with the Yoast SEO Premium plugin v25.9 (Yoast SEO v25.9) - https:\/\/yoast.com\/wordpress\/plugins\/seo\/ -->\n<title>Pol\u00edtica de tratamiento de la informaci\u00f3n - Comfenalco Valle Delagente<\/title>\n<meta name=\"description\" content=\"Comfenalco Valle Delagente ha establecido reglas y principios para brindar protecci\u00f3n en el tratamiento de la informaci\u00f3n de sus afiliados y usuarios.\" \/>\n<meta name=\"robots\" content=\"index, follow, max-snippet:-1, max-image-preview:large, max-video-preview:-1\" \/>\n<link rel=\"canonical\" href=\"https:\/\/www.comfenalcovalle.com.co\/personas\/nosotros\/politica-de-tratamiento-de-la-informacion\/\" \/>\n<meta property=\"og:locale\" content=\"en_US\" \/>\n<meta property=\"og:type\" content=\"article\" \/>\n<meta property=\"og:title\" content=\"Pol\u00edtica de tratamiento de la informaci\u00f3n\" \/>\n<meta property=\"og:description\" content=\"Comfenalco Valle Delagente ha establecido reglas y principios para brindar protecci\u00f3n en el tratamiento de la informaci\u00f3n de sus afiliados y usuarios.\" \/>\n<meta property=\"og:url\" content=\"https:\/\/www.comfenalcovalle.com.co\/personas\/nosotros\/politica-de-tratamiento-de-la-informacion\/\" \/>\n<meta property=\"og:site_name\" content=\"Comfenalco Valle Delagente\" \/>\n<meta property=\"article:modified_time\" content=\"2024-06-21T20:37:41+00:00\" \/>\n<meta property=\"og:image\" content=\"https:\/\/www.comfenalcovalle.com.co\/wp-content\/uploads\/2020\/09\/Transparencia-y-acceso-a-la-informacio\u0301n-pu\u0301blica.jpg\" \/>\n\t<meta property=\"og:image:width\" content=\"1280\" \/>\n\t<meta property=\"og:image:height\" content=\"896\" \/>\n\t<meta property=\"og:image:type\" content=\"image\/jpeg\" \/>\n<meta name=\"twitter:card\" content=\"summary_large_image\" \/>\n<meta name=\"twitter:label1\" content=\"Est. reading time\" \/>\n\t<meta name=\"twitter:data1\" content=\"43 minutes\" \/>\n<script type=\"application\/ld+json\" class=\"yoast-schema-graph\">{\"@context\":\"https:\/\/schema.org\",\"@graph\":[{\"@type\":\"WebPage\",\"@id\":\"https:\/\/www.comfenalcovalle.com.co\/personas\/nosotros\/politica-de-tratamiento-de-la-informacion\/\",\"url\":\"https:\/\/www.comfenalcovalle.com.co\/personas\/nosotros\/politica-de-tratamiento-de-la-informacion\/\",\"name\":\"Pol\u00edtica de tratamiento de la informaci\u00f3n - Comfenalco Valle Delagente\",\"isPartOf\":{\"@id\":\"https:\/\/www.comfenalcovalle.com.co\/#website\"},\"primaryImageOfPage\":{\"@id\":\"https:\/\/www.comfenalcovalle.com.co\/personas\/nosotros\/politica-de-tratamiento-de-la-informacion\/#primaryimage\"},\"image\":{\"@id\":\"https:\/\/www.comfenalcovalle.com.co\/personas\/nosotros\/politica-de-tratamiento-de-la-informacion\/#primaryimage\"},\"thumbnailUrl\":\"https:\/\/test.comfenalcovalle.com.co\/wp-content\/uploads\/2020\/09\/Transparencia-y-acceso-a-la-informacio\u0301n-pu\u0301blica.jpg\",\"datePublished\":\"2023-03-01T13:00:00+00:00\",\"dateModified\":\"2024-06-21T20:37:41+00:00\",\"description\":\"Comfenalco Valle Delagente ha establecido reglas y principios para brindar protecci\u00f3n en el tratamiento de la informaci\u00f3n de sus afiliados y usuarios.\",\"breadcrumb\":{\"@id\":\"https:\/\/www.comfenalcovalle.com.co\/personas\/nosotros\/politica-de-tratamiento-de-la-informacion\/#breadcrumb\"},\"inLanguage\":\"en-US\",\"potentialAction\":[{\"@type\":\"ReadAction\",\"target\":[\"https:\/\/www.comfenalcovalle.com.co\/personas\/nosotros\/politica-de-tratamiento-de-la-informacion\/\"]}]},{\"@type\":\"ImageObject\",\"inLanguage\":\"en-US\",\"@id\":\"https:\/\/www.comfenalcovalle.com.co\/personas\/nosotros\/politica-de-tratamiento-de-la-informacion\/#primaryimage\",\"url\":\"https:\/\/test.comfenalcovalle.com.co\/wp-content\/uploads\/2020\/09\/Transparencia-y-acceso-a-la-informacio\u0301n-pu\u0301blica.jpg\",\"contentUrl\":\"https:\/\/test.comfenalcovalle.com.co\/wp-content\/uploads\/2020\/09\/Transparencia-y-acceso-a-la-informacio\u0301n-pu\u0301blica.jpg\",\"width\":1280,\"height\":896,\"caption\":\"Transparencia-y-acceso-a-la-informacio\u0301n-pu\u0301blica\"},{\"@type\":\"BreadcrumbList\",\"@id\":\"https:\/\/www.comfenalcovalle.com.co\/personas\/nosotros\/politica-de-tratamiento-de-la-informacion\/#breadcrumb\",\"itemListElement\":[{\"@type\":\"ListItem\",\"position\":1,\"name\":\"Portada\",\"item\":\"https:\/\/www.comfenalcovalle.com.co\/\"},{\"@type\":\"ListItem\",\"position\":2,\"name\":\"Personas\",\"item\":\"https:\/\/www.comfenalcovalle.com.co\/\"},{\"@type\":\"ListItem\",\"position\":3,\"name\":\"Nosotros\",\"item\":\"https:\/\/www.comfenalcovalle.com.co\/personas\/nosotros\/\"},{\"@type\":\"ListItem\",\"position\":4,\"name\":\"Pol\u00edtica de tratamiento de la informaci\u00f3n\"}]},{\"@type\":\"WebSite\",\"@id\":\"https:\/\/www.comfenalcovalle.com.co\/#website\",\"url\":\"https:\/\/www.comfenalcovalle.com.co\/\",\"name\":\"Comfenalco Valle Delagente\",\"description\":\"Caja de compensaci\u00f3n de Comfenalco Valle Delagente.\",\"publisher\":{\"@id\":\"https:\/\/www.comfenalcovalle.com.co\/#organization\"},\"potentialAction\":[{\"@type\":\"SearchAction\",\"target\":{\"@type\":\"EntryPoint\",\"urlTemplate\":\"https:\/\/www.comfenalcovalle.com.co\/?s={search_term_string}\"},\"query-input\":{\"@type\":\"PropertyValueSpecification\",\"valueRequired\":true,\"valueName\":\"search_term_string\"}}],\"inLanguage\":\"en-US\"},{\"@type\":\"Organization\",\"@id\":\"https:\/\/www.comfenalcovalle.com.co\/#organization\",\"name\":\"Comfenalco Valle Delagente\",\"url\":\"https:\/\/www.comfenalcovalle.com.co\/\",\"logo\":{\"@type\":\"ImageObject\",\"inLanguage\":\"en-US\",\"@id\":\"https:\/\/www.comfenalcovalle.com.co\/#\/schema\/logo\/image\/\",\"url\":\"https:\/\/test.comfenalcovalle.com.co\/wp-content\/uploads\/2021\/06\/logo-comfe-cabecera-agencia-empelo-actualizado.png\",\"contentUrl\":\"https:\/\/test.comfenalcovalle.com.co\/wp-content\/uploads\/2021\/06\/logo-comfe-cabecera-agencia-empelo-actualizado.png\",\"width\":500,\"height\":184,\"caption\":\"Comfenalco Valle Delagente\"},\"image\":{\"@id\":\"https:\/\/www.comfenalcovalle.com.co\/#\/schema\/logo\/image\/\"}}]}<\/script>\n<!-- \/ Yoast SEO Premium plugin. -->","yoast_head_json":{"title":"Pol\u00edtica de tratamiento de la informaci\u00f3n - Comfenalco Valle Delagente","description":"Comfenalco Valle Delagente ha establecido reglas y principios para brindar protecci\u00f3n en el tratamiento de la informaci\u00f3n de sus afiliados y usuarios.","robots":{"index":"index","follow":"follow","max-snippet":"max-snippet:-1","max-image-preview":"max-image-preview:large","max-video-preview":"max-video-preview:-1"},"canonical":"https:\/\/www.comfenalcovalle.com.co\/personas\/nosotros\/politica-de-tratamiento-de-la-informacion\/","og_locale":"en_US","og_type":"article","og_title":"Pol\u00edtica de tratamiento de la informaci\u00f3n","og_description":"Comfenalco Valle Delagente ha establecido reglas y principios para brindar protecci\u00f3n en el tratamiento de la informaci\u00f3n de sus afiliados y usuarios.","og_url":"https:\/\/www.comfenalcovalle.com.co\/personas\/nosotros\/politica-de-tratamiento-de-la-informacion\/","og_site_name":"Comfenalco Valle Delagente","article_modified_time":"2024-06-21T20:37:41+00:00","og_image":[{"width":1280,"height":896,"url":"https:\/\/www.comfenalcovalle.com.co\/wp-content\/uploads\/2020\/09\/Transparencia-y-acceso-a-la-informacio\u0301n-pu\u0301blica.jpg","type":"image\/jpeg"}],"twitter_card":"summary_large_image","twitter_misc":{"Est. reading time":"43 minutes"},"schema":{"@context":"https:\/\/schema.org","@graph":[{"@type":"WebPage","@id":"https:\/\/www.comfenalcovalle.com.co\/personas\/nosotros\/politica-de-tratamiento-de-la-informacion\/","url":"https:\/\/www.comfenalcovalle.com.co\/personas\/nosotros\/politica-de-tratamiento-de-la-informacion\/","name":"Pol\u00edtica de tratamiento de la informaci\u00f3n - Comfenalco Valle Delagente","isPartOf":{"@id":"https:\/\/www.comfenalcovalle.com.co\/#website"},"primaryImageOfPage":{"@id":"https:\/\/www.comfenalcovalle.com.co\/personas\/nosotros\/politica-de-tratamiento-de-la-informacion\/#primaryimage"},"image":{"@id":"https:\/\/www.comfenalcovalle.com.co\/personas\/nosotros\/politica-de-tratamiento-de-la-informacion\/#primaryimage"},"thumbnailUrl":"https:\/\/test.comfenalcovalle.com.co\/wp-content\/uploads\/2020\/09\/Transparencia-y-acceso-a-la-informacio\u0301n-pu\u0301blica.jpg","datePublished":"2023-03-01T13:00:00+00:00","dateModified":"2024-06-21T20:37:41+00:00","description":"Comfenalco Valle Delagente ha establecido reglas y principios para brindar protecci\u00f3n en el tratamiento de la informaci\u00f3n de sus afiliados y usuarios.","breadcrumb":{"@id":"https:\/\/www.comfenalcovalle.com.co\/personas\/nosotros\/politica-de-tratamiento-de-la-informacion\/#breadcrumb"},"inLanguage":"en-US","potentialAction":[{"@type":"ReadAction","target":["https:\/\/www.comfenalcovalle.com.co\/personas\/nosotros\/politica-de-tratamiento-de-la-informacion\/"]}]},{"@type":"ImageObject","inLanguage":"en-US","@id":"https:\/\/www.comfenalcovalle.com.co\/personas\/nosotros\/politica-de-tratamiento-de-la-informacion\/#primaryimage","url":"https:\/\/test.comfenalcovalle.com.co\/wp-content\/uploads\/2020\/09\/Transparencia-y-acceso-a-la-informacio\u0301n-pu\u0301blica.jpg","contentUrl":"https:\/\/test.comfenalcovalle.com.co\/wp-content\/uploads\/2020\/09\/Transparencia-y-acceso-a-la-informacio\u0301n-pu\u0301blica.jpg","width":1280,"height":896,"caption":"Transparencia-y-acceso-a-la-informacio\u0301n-pu\u0301blica"},{"@type":"BreadcrumbList","@id":"https:\/\/www.comfenalcovalle.com.co\/personas\/nosotros\/politica-de-tratamiento-de-la-informacion\/#breadcrumb","itemListElement":[{"@type":"ListItem","position":1,"name":"Portada","item":"https:\/\/www.comfenalcovalle.com.co\/"},{"@type":"ListItem","position":2,"name":"Personas","item":"https:\/\/www.comfenalcovalle.com.co\/"},{"@type":"ListItem","position":3,"name":"Nosotros","item":"https:\/\/www.comfenalcovalle.com.co\/personas\/nosotros\/"},{"@type":"ListItem","position":4,"name":"Pol\u00edtica de tratamiento de la informaci\u00f3n"}]},{"@type":"WebSite","@id":"https:\/\/www.comfenalcovalle.com.co\/#website","url":"https:\/\/www.comfenalcovalle.com.co\/","name":"Comfenalco Valle Delagente","description":"Comfenalco Valle Delagente compensation fund.","publisher":{"@id":"https:\/\/www.comfenalcovalle.com.co\/#organization"},"potentialAction":[{"@type":"SearchAction","target":{"@type":"EntryPoint","urlTemplate":"https:\/\/www.comfenalcovalle.com.co\/?s={search_term_string}"},"query-input":{"@type":"PropertyValueSpecification","valueRequired":true,"valueName":"search_term_string"}}],"inLanguage":"en-US"},{"@type":"Organization","@id":"https:\/\/www.comfenalcovalle.com.co\/#organization","name":"Comfenalco Valle Delagente","url":"https:\/\/www.comfenalcovalle.com.co\/","logo":{"@type":"ImageObject","inLanguage":"en-US","@id":"https:\/\/www.comfenalcovalle.com.co\/#\/schema\/logo\/image\/","url":"https:\/\/test.comfenalcovalle.com.co\/wp-content\/uploads\/2021\/06\/logo-comfe-cabecera-agencia-empelo-actualizado.png","contentUrl":"https:\/\/test.comfenalcovalle.com.co\/wp-content\/uploads\/2021\/06\/logo-comfe-cabecera-agencia-empelo-actualizado.png","width":500,"height":184,"caption":"Comfenalco Valle Delagente"},"image":{"@id":"https:\/\/www.comfenalcovalle.com.co\/#\/schema\/logo\/image\/"}}]}},"publishpress_future_action":{"enabled":false,"date":"2026-05-10 04:46:50","action":"change-status","newStatus":"draft","terms":[],"taxonomy":"","extraData":[]},"publishpress_future_workflow_manual_trigger":{"enabledWorkflows":[]},"_links":{"self":[{"href":"https:\/\/test.comfenalcovalle.com.co\/en\/wp-json\/wp\/v2\/pages\/2744","targetHints":{"allow":["GET"]}}],"collection":[{"href":"https:\/\/test.comfenalcovalle.com.co\/en\/wp-json\/wp\/v2\/pages"}],"about":[{"href":"https:\/\/test.comfenalcovalle.com.co\/en\/wp-json\/wp\/v2\/types\/page"}],"author":[{"embeddable":true,"href":"https:\/\/test.comfenalcovalle.com.co\/en\/wp-json\/wp\/v2\/users\/1"}],"replies":[{"embeddable":true,"href":"https:\/\/test.comfenalcovalle.com.co\/en\/wp-json\/wp\/v2\/comments?post=2744"}],"version-history":[{"count":0,"href":"https:\/\/test.comfenalcovalle.com.co\/en\/wp-json\/wp\/v2\/pages\/2744\/revisions"}],"up":[{"embeddable":true,"href":"https:\/\/test.comfenalcovalle.com.co\/en\/wp-json\/wp\/v2\/pages\/1451"}],"wp:featuredmedia":[{"embeddable":true,"href":"https:\/\/test.comfenalcovalle.com.co\/en\/wp-json\/wp\/v2\/media\/2647"}],"wp:attachment":[{"href":"https:\/\/test.comfenalcovalle.com.co\/en\/wp-json\/wp\/v2\/media?parent=2744"}],"curies":[{"name":"wp","href":"https:\/\/api.w.org\/{rel}","templated":true}]}}