{"id":21270,"date":"2021-06-15T15:02:13","date_gmt":"2021-06-15T20:02:13","guid":{"rendered":"https:\/\/test.comfenalcovalle.com.co\/webredlat\/?page_id=21270"},"modified":"2025-08-21T19:23:28","modified_gmt":"2025-08-22T00:23:28","slug":"plan-navidad-san-silvestre-2025","status":"publish","type":"page","link":"https:\/\/test.comfenalcovalle.com.co\/en\/personas\/recreacion-y-deportes\/entretenimiento\/plan-navidad-san-silvestre-2025\/","title":{"rendered":"Plan Navidad y San Silvestre 2025"},"content":{"rendered":"<div data-elementor-type=\"wp-page\" data-elementor-id=\"21270\" class=\"elementor elementor-21270\" data-elementor-post-type=\"page\">\n\t\t\t\t\t\t<section class=\"elementor-section elementor-top-section elementor-element elementor-element-fd8453d elementor-section-boxed elementor-section-height-default elementor-section-height-default\" data-id=\"fd8453d\" data-element_type=\"section\">\n\t\t\t\t\t\t<div class=\"elementor-container elementor-column-gap-default\">\n\t\t\t\t\t<div class=\"elementor-column elementor-col-100 elementor-top-column elementor-element elementor-element-2c1ecd0\" data-id=\"2c1ecd0\" data-element_type=\"column\">\n\t\t\t<div class=\"elementor-widget-wrap elementor-element-populated\">\n\t\t\t\t\t\t<div class=\"elementor-element elementor-element-7fca12d jet-breadcrumbs-align-center elementor-widget elementor-widget-jet-breadcrumbs\" data-id=\"7fca12d\" data-element_type=\"widget\" data-widget_type=\"jet-breadcrumbs.default\">\n\t\t\t\t<div class=\"elementor-widget-container\">\n\t\t\t\t\t<div class=\"elementor-jet-breadcrumbs jet-blocks\">\n\t\t<div class=\"jet-breadcrumbs\">\n\t\t<div class=\"jet-breadcrumbs__content\">\n\t\t<div class=\"jet-breadcrumbs__wrap\"><div class=\"jet-breadcrumbs__item\"><a href=\"https:\/\/test.comfenalcovalle.com.co\/en\/\" class=\"jet-breadcrumbs__item-link is-home\" rel=\"home\" title=\"Comfenalco Valle Delagente\">Comfenalco Valle Delagente<\/a><\/div>\n\t\t<\/div>\n\t\t<\/div>\n\t\t<\/div><\/div>\t\t\t\t<\/div>\n\t\t\t\t<\/div>\n\t\t\t\t<div class=\"elementor-element elementor-element-501ced5 elementor-widget elementor-widget-text-editor\" data-id=\"501ced5\" data-element_type=\"widget\" data-widget_type=\"text-editor.default\">\n\t\t\t\t<div class=\"elementor-widget-container\">\n\t\t\t\t\t\t\t\t\t<p>Christmas is a time of the year where we celebrate in a traditional way as a family and it is very special for our children.<\/p>\t\t\t\t\t\t\t\t<\/div>\n\t\t\t\t<\/div>\n\t\t\t\t<section class=\"elementor-section elementor-inner-section elementor-element elementor-element-2515f5d elementor-section-boxed elementor-section-height-default elementor-section-height-default\" data-id=\"2515f5d\" data-element_type=\"section\">\n\t\t\t\t\t\t<div class=\"elementor-container elementor-column-gap-default\">\n\t\t\t\t\t<div class=\"elementor-column elementor-col-50 elementor-inner-column elementor-element elementor-element-948d05c\" data-id=\"948d05c\" data-element_type=\"column\">\n\t\t\t<div class=\"elementor-widget-wrap elementor-element-populated\">\n\t\t\t\t\t\t<div class=\"elementor-element elementor-element-3a39fd3 elementor-widget elementor-widget-image\" data-id=\"3a39fd3\" data-element_type=\"widget\" data-widget_type=\"image.default\">\n\t\t\t\t<div class=\"elementor-widget-container\">\n\t\t\t\t\t\t\t\t\t\t\t\t\t\t\t\t<a href=\"https:\/\/hotelesdelagente.com\/\" target=\"_blank\">\n\t\t\t\t\t\t\t<img fetchpriority=\"high\" decoding=\"async\" width=\"800\" height=\"450\" src=\"https:\/\/test.comfenalcovalle.com.co\/wp-content\/uploads\/2023\/08\/imagen-plan-navidad-generico-2023-1024x576.png\" class=\"attachment-large size-large wp-image-616624\" alt=\"\" srcset=\"https:\/\/test.comfenalcovalle.com.co\/wp-content\/uploads\/2023\/08\/imagen-plan-navidad-generico-2023-1024x576.png 1024w, https:\/\/test.comfenalcovalle.com.co\/wp-content\/uploads\/2023\/08\/imagen-plan-navidad-generico-2023-300x169.png 300w, https:\/\/test.comfenalcovalle.com.co\/wp-content\/uploads\/2023\/08\/imagen-plan-navidad-generico-2023-768x432.png 768w, https:\/\/test.comfenalcovalle.com.co\/wp-content\/uploads\/2023\/08\/imagen-plan-navidad-generico-2023-1536x864.png 1536w, https:\/\/test.comfenalcovalle.com.co\/wp-content\/uploads\/2023\/08\/imagen-plan-navidad-generico-2023-18x10.png 18w, https:\/\/test.comfenalcovalle.com.co\/wp-content\/uploads\/2023\/08\/imagen-plan-navidad-generico-2023.png 1920w\" sizes=\"(max-width: 800px) 100vw, 800px\" \/>\t\t\t\t\t\t\t\t<\/a>\n\t\t\t\t\t\t\t\t\t\t\t\t\t\t\t<\/div>\n\t\t\t\t<\/div>\n\t\t\t\t<div class=\"elementor-element elementor-element-2e7f501 elementor-widget elementor-widget-text-editor\" data-id=\"2e7f501\" data-element_type=\"widget\" data-widget_type=\"text-editor.default\">\n\t\t\t\t<div class=\"elementor-widget-container\">\n\t\t\t\t\t\t\t\t\t<p>El Plan Navidad de Comfenalco Valle Delagente, es un evento para agradecer y compartir en familia en un ambiente tranquilo y seguro en nuestros Hoteles de Yanaconas en Cali durante los d\u00edas 24 y 25 de diciembre.<\/p>\n<p><strong>This family recreation service includes:<\/strong><\/p>\n<ul>\n<li style=\"font-weight: 400;\" aria-level=\"1\"><span style=\"font-weight: 400;\">&nbsp;TO<\/span><span style=\"font-weight: 400;\">lojamiento 2 d\u00edas 1 noche.<\/span><\/li>\n<li style=\"font-weight: 400;\" aria-level=\"1\"><span style=\"font-weight: 400;\">&nbsp;Recreaci\u00f3n dirigida (actividades 24 y 25 de diciembre).<\/span><\/li>\n<li style=\"font-weight: 400;\" aria-level=\"1\"><span style=\"font-weight: 400;\">&nbsp;Tarde de Cocina experiencial (coctel y refrigerio).<\/span><\/li>\n<li style=\"font-weight: 400;\" aria-level=\"1\"><span style=\"font-weight: 400;\">&nbsp;Cena de noche buena.<\/span><\/li>\n<li style=\"font-weight: 400;\" aria-level=\"1\"><span style=\"font-weight: 400;\">&nbsp;Show navide\u00f1o especial y personajes de la temporada.<\/span><\/li>\n<li style=\"font-weight: 400;\" aria-level=\"1\"><span style=\"font-weight: 400;\">&nbsp;Entrega de regalos con Papa Noel.<\/span><\/li>\n<li style=\"font-weight: 400;\" aria-level=\"1\"><span style=\"font-weight: 400;\">&nbsp;Desayuno 25 de Diciembre.<\/span><\/li>\n<li style=\"font-weight: 400;\" aria-level=\"1\"><span style=\"font-weight: 400;\">&nbsp;Almuerzo&nbsp; 25 de Diciembre.<\/span><\/li>\n<\/ul>\n<p><strong>When they are done: <\/strong><\/p>\n<p>En temporada decembrina.<\/p>\t\t\t\t\t\t\t\t<\/div>\n\t\t\t\t<\/div>\n\t\t\t\t\t<\/div>\n\t\t<\/div>\n\t\t\t\t<div class=\"elementor-column elementor-col-50 elementor-inner-column elementor-element elementor-element-bfb1491\" data-id=\"bfb1491\" data-element_type=\"column\">\n\t\t\t<div class=\"elementor-widget-wrap elementor-element-populated\">\n\t\t\t\t\t\t<div class=\"elementor-element elementor-element-decdc22 elementor-widget elementor-widget-image\" data-id=\"decdc22\" data-element_type=\"widget\" data-widget_type=\"image.default\">\n\t\t\t\t<div class=\"elementor-widget-container\">\n\t\t\t\t\t\t\t\t\t\t\t\t\t\t\t\t<a href=\"https:\/\/hotelesdelagente.com\/\" target=\"_blank\">\n\t\t\t\t\t\t\t<img decoding=\"async\" width=\"1920\" height=\"1080\" data-src=\"https:\/\/test.comfenalcovalle.com.co\/wp-content\/uploads\/2023\/08\/imagen-plan-san-silvestre-generico-2023.png\" class=\"attachment-full size-full wp-image-616623 lazyload\" alt=\"\" data-srcset=\"https:\/\/test.comfenalcovalle.com.co\/wp-content\/uploads\/2023\/08\/imagen-plan-san-silvestre-generico-2023.png 1920w, https:\/\/test.comfenalcovalle.com.co\/wp-content\/uploads\/2023\/08\/imagen-plan-san-silvestre-generico-2023-300x169.png 300w, https:\/\/test.comfenalcovalle.com.co\/wp-content\/uploads\/2023\/08\/imagen-plan-san-silvestre-generico-2023-1024x576.png 1024w, https:\/\/test.comfenalcovalle.com.co\/wp-content\/uploads\/2023\/08\/imagen-plan-san-silvestre-generico-2023-768x432.png 768w, https:\/\/test.comfenalcovalle.com.co\/wp-content\/uploads\/2023\/08\/imagen-plan-san-silvestre-generico-2023-1536x864.png 1536w, https:\/\/test.comfenalcovalle.com.co\/wp-content\/uploads\/2023\/08\/imagen-plan-san-silvestre-generico-2023-18x10.png 18w\" data-sizes=\"(max-width: 1920px) 100vw, 1920px\" src=\"data:image\/svg+xml;base64,PHN2ZyB3aWR0aD0iMSIgaGVpZ2h0PSIxIiB4bWxucz0iaHR0cDovL3d3dy53My5vcmcvMjAwMC9zdmciPjwvc3ZnPg==\" style=\"--smush-placeholder-width: 1920px; --smush-placeholder-aspect-ratio: 1920\/1080;\" \/>\t\t\t\t\t\t\t\t<\/a>\n\t\t\t\t\t\t\t\t\t\t\t\t\t\t\t<\/div>\n\t\t\t\t<\/div>\n\t\t\t\t<div class=\"elementor-element elementor-element-766f23a elementor-widget elementor-widget-text-editor\" data-id=\"766f23a\" data-element_type=\"widget\" data-widget_type=\"text-editor.default\">\n\t\t\t\t<div class=\"elementor-widget-container\">\n\t\t\t\t\t\t\t\t\t<p>En Comfenalco Valle Delagente ya es una tradici\u00f3n despedir el a\u00f1o en compa\u00f1\u00eda de la familia para darle una bienvenida al a\u00f1o nuevo. Este plan es un evento para compartir en un ambiente familiar, tranquilo y seguro en nuestros Hoteles de Yanaconas en Cali, Hotel Villasol en Cartago y Hotel Comfamar en Buenaventura.<\/p><p><strong>This family recreation service includes:<\/strong><\/p><ul><li>Family entertainment.<\/li><li>Accommodation: 2 days and 1 night.<\/li><li>Food and drinks.<\/li><li>Closing of the year celebration.<\/li><\/ul><p><strong>Cu\u00e1ndo se realiza: <\/strong><\/p><p>En temporada decembrina.<\/p>\t\t\t\t\t\t\t\t<\/div>\n\t\t\t\t<\/div>\n\t\t\t\t\t<\/div>\n\t\t<\/div>\n\t\t\t\t\t<\/div>\n\t\t<\/section>\n\t\t\t\t\t<\/div>\n\t\t<\/div>\n\t\t\t\t\t<\/div>\n\t\t<\/section>\n\t\t\t\t<section class=\"elementor-section elementor-top-section elementor-element elementor-element-1548d7d elementor-section-boxed elementor-section-height-default elementor-section-height-default\" data-id=\"1548d7d\" data-element_type=\"section\">\n\t\t\t\t\t\t<div class=\"elementor-container elementor-column-gap-default\">\n\t\t\t\t\t<div class=\"elementor-column elementor-col-100 elementor-top-column elementor-element elementor-element-debce41\" data-id=\"debce41\" data-element_type=\"column\">\n\t\t\t<div class=\"elementor-widget-wrap elementor-element-populated\">\n\t\t\t\t\t\t<div class=\"elementor-element elementor-element-9757fb6 elementor-widget elementor-widget-text-editor\" data-id=\"9757fb6\" data-element_type=\"widget\" data-widget_type=\"text-editor.default\">\n\t\t\t\t<div class=\"elementor-widget-container\">\n\t\t\t\t\t\t\t\t\t<p><strong><em>*Estos planes pueden variar de acuerdo a las tendencias de temporada en cada a\u00f1o.<\/em><\/strong><\/p><p><strong><em>*Aplican condiciones y restricciones.<\/em><\/strong><\/p>\t\t\t\t\t\t\t\t<\/div>\n\t\t\t\t<\/div>\n\t\t\t\t\t<\/div>\n\t\t<\/div>\n\t\t\t\t\t<\/div>\n\t\t<\/section>\n\t\t\t\t<\/div>","protected":false},"excerpt":{"rendered":"<p>Comfenalco Valle Delagente La Navidad es una \u00e9poca del a\u00f1o donde celebramos de manera tradicional en familia y es muy especial para nuestros ni\u00f1os. El Plan Navidad de Comfenalco Valle Delagente, es un evento para agradecer y compartir en familia en un ambiente tranquilo y seguro en nuestros Hoteles de Yanaconas en Cali durante los [&hellip;]<\/p>","protected":false},"author":1,"featured_media":21469,"parent":21156,"menu_order":0,"comment_status":"closed","ping_status":"closed","template":"elementor_header_footer","meta":{"footnotes":""},"class_list":["post-21270","page","type-page","status-publish","has-post-thumbnail","hentry"],"yoast_head":"<!-- This site is optimized with the Yoast SEO Premium plugin v25.9 (Yoast SEO v25.9) - https:\/\/yoast.com\/wordpress\/plugins\/seo\/ -->\n<title>Plan Navidad y San Silvestre 2025 - Comfenalco Valle Delagente<\/title>\n<meta name=\"description\" content=\"La Navidad es una \u00e9poca del a\u00f1o donde celebramos de manera tradicional en familia y es muy especial para nuestros ni\u00f1os.\" \/>\n<meta name=\"robots\" content=\"index, follow, max-snippet:-1, max-image-preview:large, max-video-preview:-1\" \/>\n<link rel=\"canonical\" href=\"https:\/\/www.comfenalcovalle.com.co\/personas\/recreacion-y-deportes\/entretenimiento\/plan-navidad-san-silvestre-2025\/\" \/>\n<meta property=\"og:locale\" content=\"en_US\" \/>\n<meta property=\"og:type\" content=\"article\" \/>\n<meta property=\"og:title\" content=\"Plan Navidad y San Silvestre 2025\" \/>\n<meta property=\"og:description\" content=\"La Navidad es una \u00e9poca del a\u00f1o donde celebramos de manera tradicional en familia y es muy especial para nuestros ni\u00f1os.\" \/>\n<meta property=\"og:url\" content=\"https:\/\/www.comfenalcovalle.com.co\/personas\/recreacion-y-deportes\/entretenimiento\/plan-navidad-san-silvestre-2025\/\" \/>\n<meta property=\"og:site_name\" content=\"Comfenalco Valle Delagente\" \/>\n<meta property=\"article:modified_time\" content=\"2025-08-22T00:23:28+00:00\" \/>\n<meta property=\"og:image\" content=\"https:\/\/www.comfenalcovalle.com.co\/wp-content\/uploads\/2021\/06\/portada-fin-de-an\u0303o.jpg\" \/>\n\t<meta property=\"og:image:width\" content=\"1766\" \/>\n\t<meta property=\"og:image:height\" content=\"1179\" \/>\n\t<meta property=\"og:image:type\" content=\"image\/jpeg\" \/>\n<meta name=\"twitter:card\" content=\"summary_large_image\" \/>\n<meta name=\"twitter:label1\" content=\"Est. reading time\" \/>\n\t<meta name=\"twitter:data1\" content=\"2 minutes\" \/>\n<script type=\"application\/ld+json\" class=\"yoast-schema-graph\">{\"@context\":\"https:\/\/schema.org\",\"@graph\":[{\"@type\":\"WebPage\",\"@id\":\"https:\/\/www.comfenalcovalle.com.co\/personas\/recreacion-y-deportes\/entretenimiento\/plan-navidad-san-silvestre-2025\/\",\"url\":\"https:\/\/www.comfenalcovalle.com.co\/personas\/recreacion-y-deportes\/entretenimiento\/plan-navidad-san-silvestre-2025\/\",\"name\":\"Plan Navidad y San Silvestre 2025 - Comfenalco Valle Delagente\",\"isPartOf\":{\"@id\":\"https:\/\/www.comfenalcovalle.com.co\/#website\"},\"primaryImageOfPage\":{\"@id\":\"https:\/\/www.comfenalcovalle.com.co\/personas\/recreacion-y-deportes\/entretenimiento\/plan-navidad-san-silvestre-2025\/#primaryimage\"},\"image\":{\"@id\":\"https:\/\/www.comfenalcovalle.com.co\/personas\/recreacion-y-deportes\/entretenimiento\/plan-navidad-san-silvestre-2025\/#primaryimage\"},\"thumbnailUrl\":\"https:\/\/test.comfenalcovalle.com.co\/wp-content\/uploads\/2021\/06\/portada-fin-de-an\u0303o.jpg\",\"datePublished\":\"2021-06-15T20:02:13+00:00\",\"dateModified\":\"2025-08-22T00:23:28+00:00\",\"description\":\"La Navidad es una \u00e9poca del a\u00f1o donde celebramos de manera tradicional en familia y es muy especial para nuestros ni\u00f1os.\",\"breadcrumb\":{\"@id\":\"https:\/\/www.comfenalcovalle.com.co\/personas\/recreacion-y-deportes\/entretenimiento\/plan-navidad-san-silvestre-2025\/#breadcrumb\"},\"inLanguage\":\"en-US\",\"potentialAction\":[{\"@type\":\"ReadAction\",\"target\":[\"https:\/\/www.comfenalcovalle.com.co\/personas\/recreacion-y-deportes\/entretenimiento\/plan-navidad-san-silvestre-2025\/\"]}]},{\"@type\":\"ImageObject\",\"inLanguage\":\"en-US\",\"@id\":\"https:\/\/www.comfenalcovalle.com.co\/personas\/recreacion-y-deportes\/entretenimiento\/plan-navidad-san-silvestre-2025\/#primaryimage\",\"url\":\"https:\/\/test.comfenalcovalle.com.co\/wp-content\/uploads\/2021\/06\/portada-fin-de-an\u0303o.jpg\",\"contentUrl\":\"https:\/\/test.comfenalcovalle.com.co\/wp-content\/uploads\/2021\/06\/portada-fin-de-an\u0303o.jpg\",\"width\":1766,\"height\":1179,\"caption\":\"portada-fin-de-an\u0303o\"},{\"@type\":\"BreadcrumbList\",\"@id\":\"https:\/\/www.comfenalcovalle.com.co\/personas\/recreacion-y-deportes\/entretenimiento\/plan-navidad-san-silvestre-2025\/#breadcrumb\",\"itemListElement\":[{\"@type\":\"ListItem\",\"position\":1,\"name\":\"Portada\",\"item\":\"https:\/\/www.comfenalcovalle.com.co\/\"},{\"@type\":\"ListItem\",\"position\":2,\"name\":\"Personas\",\"item\":\"https:\/\/www.comfenalcovalle.com.co\/\"},{\"@type\":\"ListItem\",\"position\":3,\"name\":\"Recreaci\u00f3n y Deportes\",\"item\":\"https:\/\/www.comfenalcovalle.com.co\/personas\/recreacion-y-deportes\/\"},{\"@type\":\"ListItem\",\"position\":4,\"name\":\"Entretenimiento\",\"item\":\"https:\/\/www.comfenalcovalle.com.co\/personas\/recreacion-y-deportes\/entretenimiento\/\"},{\"@type\":\"ListItem\",\"position\":5,\"name\":\"Plan Navidad y San Silvestre 2025\"}]},{\"@type\":\"WebSite\",\"@id\":\"https:\/\/www.comfenalcovalle.com.co\/#website\",\"url\":\"https:\/\/www.comfenalcovalle.com.co\/\",\"name\":\"Comfenalco Valle Delagente\",\"description\":\"Caja de compensaci\u00f3n de Comfenalco Valle Delagente.\",\"publisher\":{\"@id\":\"https:\/\/www.comfenalcovalle.com.co\/#organization\"},\"potentialAction\":[{\"@type\":\"SearchAction\",\"target\":{\"@type\":\"EntryPoint\",\"urlTemplate\":\"https:\/\/www.comfenalcovalle.com.co\/?s={search_term_string}\"},\"query-input\":{\"@type\":\"PropertyValueSpecification\",\"valueRequired\":true,\"valueName\":\"search_term_string\"}}],\"inLanguage\":\"en-US\"},{\"@type\":\"Organization\",\"@id\":\"https:\/\/www.comfenalcovalle.com.co\/#organization\",\"name\":\"Comfenalco Valle Delagente\",\"url\":\"https:\/\/www.comfenalcovalle.com.co\/\",\"logo\":{\"@type\":\"ImageObject\",\"inLanguage\":\"en-US\",\"@id\":\"https:\/\/www.comfenalcovalle.com.co\/#\/schema\/logo\/image\/\",\"url\":\"https:\/\/test.comfenalcovalle.com.co\/wp-content\/uploads\/2021\/06\/logo-comfe-cabecera-agencia-empelo-actualizado.png\",\"contentUrl\":\"https:\/\/test.comfenalcovalle.com.co\/wp-content\/uploads\/2021\/06\/logo-comfe-cabecera-agencia-empelo-actualizado.png\",\"width\":500,\"height\":184,\"caption\":\"Comfenalco Valle Delagente\"},\"image\":{\"@id\":\"https:\/\/www.comfenalcovalle.com.co\/#\/schema\/logo\/image\/\"}}]}<\/script>\n<!-- \/ Yoast SEO Premium plugin. -->","yoast_head_json":{"title":"Plan Navidad y San Silvestre 2025 - Comfenalco Valle Delagente","description":"Christmas is a time of the year where we celebrate in a traditional way as a family and it is very special for our children.","robots":{"index":"index","follow":"follow","max-snippet":"max-snippet:-1","max-image-preview":"max-image-preview:large","max-video-preview":"max-video-preview:-1"},"canonical":"https:\/\/www.comfenalcovalle.com.co\/personas\/recreacion-y-deportes\/entretenimiento\/plan-navidad-san-silvestre-2025\/","og_locale":"en_US","og_type":"article","og_title":"Plan Navidad y San Silvestre 2025","og_description":"La Navidad es una \u00e9poca del a\u00f1o donde celebramos de manera tradicional en familia y es muy especial para nuestros ni\u00f1os.","og_url":"https:\/\/www.comfenalcovalle.com.co\/personas\/recreacion-y-deportes\/entretenimiento\/plan-navidad-san-silvestre-2025\/","og_site_name":"Comfenalco Valle Delagente","article_modified_time":"2025-08-22T00:23:28+00:00","og_image":[{"width":1766,"height":1179,"url":"https:\/\/www.comfenalcovalle.com.co\/wp-content\/uploads\/2021\/06\/portada-fin-de-an\u0303o.jpg","type":"image\/jpeg"}],"twitter_card":"summary_large_image","twitter_misc":{"Est. reading time":"2 minutes"},"schema":{"@context":"https:\/\/schema.org","@graph":[{"@type":"WebPage","@id":"https:\/\/www.comfenalcovalle.com.co\/personas\/recreacion-y-deportes\/entretenimiento\/plan-navidad-san-silvestre-2025\/","url":"https:\/\/www.comfenalcovalle.com.co\/personas\/recreacion-y-deportes\/entretenimiento\/plan-navidad-san-silvestre-2025\/","name":"Plan Navidad y San Silvestre 2025 - Comfenalco Valle Delagente","isPartOf":{"@id":"https:\/\/www.comfenalcovalle.com.co\/#website"},"primaryImageOfPage":{"@id":"https:\/\/www.comfenalcovalle.com.co\/personas\/recreacion-y-deportes\/entretenimiento\/plan-navidad-san-silvestre-2025\/#primaryimage"},"image":{"@id":"https:\/\/www.comfenalcovalle.com.co\/personas\/recreacion-y-deportes\/entretenimiento\/plan-navidad-san-silvestre-2025\/#primaryimage"},"thumbnailUrl":"https:\/\/test.comfenalcovalle.com.co\/wp-content\/uploads\/2021\/06\/portada-fin-de-an\u0303o.jpg","datePublished":"2021-06-15T20:02:13+00:00","dateModified":"2025-08-22T00:23:28+00:00","description":"Christmas is a time of the year where we celebrate in a traditional way as a family and it is very special for our children.","breadcrumb":{"@id":"https:\/\/www.comfenalcovalle.com.co\/personas\/recreacion-y-deportes\/entretenimiento\/plan-navidad-san-silvestre-2025\/#breadcrumb"},"inLanguage":"en-US","potentialAction":[{"@type":"ReadAction","target":["https:\/\/www.comfenalcovalle.com.co\/personas\/recreacion-y-deportes\/entretenimiento\/plan-navidad-san-silvestre-2025\/"]}]},{"@type":"ImageObject","inLanguage":"en-US","@id":"https:\/\/www.comfenalcovalle.com.co\/personas\/recreacion-y-deportes\/entretenimiento\/plan-navidad-san-silvestre-2025\/#primaryimage","url":"https:\/\/test.comfenalcovalle.com.co\/wp-content\/uploads\/2021\/06\/portada-fin-de-an\u0303o.jpg","contentUrl":"https:\/\/test.comfenalcovalle.com.co\/wp-content\/uploads\/2021\/06\/portada-fin-de-an\u0303o.jpg","width":1766,"height":1179,"caption":"portada-fin-de-an\u0303o"},{"@type":"BreadcrumbList","@id":"https:\/\/www.comfenalcovalle.com.co\/personas\/recreacion-y-deportes\/entretenimiento\/plan-navidad-san-silvestre-2025\/#breadcrumb","itemListElement":[{"@type":"ListItem","position":1,"name":"Portada","item":"https:\/\/www.comfenalcovalle.com.co\/"},{"@type":"ListItem","position":2,"name":"Personas","item":"https:\/\/www.comfenalcovalle.com.co\/"},{"@type":"ListItem","position":3,"name":"Recreaci\u00f3n y Deportes","item":"https:\/\/www.comfenalcovalle.com.co\/personas\/recreacion-y-deportes\/"},{"@type":"ListItem","position":4,"name":"Entretenimiento","item":"https:\/\/www.comfenalcovalle.com.co\/personas\/recreacion-y-deportes\/entretenimiento\/"},{"@type":"ListItem","position":5,"name":"Plan Navidad y San Silvestre 2025"}]},{"@type":"WebSite","@id":"https:\/\/www.comfenalcovalle.com.co\/#website","url":"https:\/\/www.comfenalcovalle.com.co\/","name":"Comfenalco Valle Delagente","description":"Comfenalco Valle Delagente compensation fund.","publisher":{"@id":"https:\/\/www.comfenalcovalle.com.co\/#organization"},"potentialAction":[{"@type":"SearchAction","target":{"@type":"EntryPoint","urlTemplate":"https:\/\/www.comfenalcovalle.com.co\/?s={search_term_string}"},"query-input":{"@type":"PropertyValueSpecification","valueRequired":true,"valueName":"search_term_string"}}],"inLanguage":"en-US"},{"@type":"Organization","@id":"https:\/\/www.comfenalcovalle.com.co\/#organization","name":"Comfenalco Valle Delagente","url":"https:\/\/www.comfenalcovalle.com.co\/","logo":{"@type":"ImageObject","inLanguage":"en-US","@id":"https:\/\/www.comfenalcovalle.com.co\/#\/schema\/logo\/image\/","url":"https:\/\/test.comfenalcovalle.com.co\/wp-content\/uploads\/2021\/06\/logo-comfe-cabecera-agencia-empelo-actualizado.png","contentUrl":"https:\/\/test.comfenalcovalle.com.co\/wp-content\/uploads\/2021\/06\/logo-comfe-cabecera-agencia-empelo-actualizado.png","width":500,"height":184,"caption":"Comfenalco Valle Delagente"},"image":{"@id":"https:\/\/www.comfenalcovalle.com.co\/#\/schema\/logo\/image\/"}}]}},"publishpress_future_action":{"enabled":false,"date":"2026-05-10 06:41:45","action":"change-status","newStatus":"draft","terms":[],"taxonomy":"","extraData":[]},"publishpress_future_workflow_manual_trigger":{"enabledWorkflows":[]},"_links":{"self":[{"href":"https:\/\/test.comfenalcovalle.com.co\/en\/wp-json\/wp\/v2\/pages\/21270","targetHints":{"allow":["GET"]}}],"collection":[{"href":"https:\/\/test.comfenalcovalle.com.co\/en\/wp-json\/wp\/v2\/pages"}],"about":[{"href":"https:\/\/test.comfenalcovalle.com.co\/en\/wp-json\/wp\/v2\/types\/page"}],"author":[{"embeddable":true,"href":"https:\/\/test.comfenalcovalle.com.co\/en\/wp-json\/wp\/v2\/users\/1"}],"replies":[{"embeddable":true,"href":"https:\/\/test.comfenalcovalle.com.co\/en\/wp-json\/wp\/v2\/comments?post=21270"}],"version-history":[{"count":0,"href":"https:\/\/test.comfenalcovalle.com.co\/en\/wp-json\/wp\/v2\/pages\/21270\/revisions"}],"up":[{"embeddable":true,"href":"https:\/\/test.comfenalcovalle.com.co\/en\/wp-json\/wp\/v2\/pages\/21156"}],"wp:featuredmedia":[{"embeddable":true,"href":"https:\/\/test.comfenalcovalle.com.co\/en\/wp-json\/wp\/v2\/media\/21469"}],"wp:attachment":[{"href":"https:\/\/test.comfenalcovalle.com.co\/en\/wp-json\/wp\/v2\/media?parent=21270"}],"curies":[{"name":"wp","href":"https:\/\/api.w.org\/{rel}","templated":true}]}}