{"id":12327,"date":"2021-02-03T08:42:43","date_gmt":"2021-02-03T13:42:43","guid":{"rendered":"https:\/\/test.comfenalcovalle.com.co\/webredlat\/?page_id=12327"},"modified":"2026-04-15T09:11:40","modified_gmt":"2026-04-15T14:11:40","slug":"donaciones-en-especie","status":"publish","type":"page","link":"https:\/\/test.comfenalcovalle.com.co\/en\/personas\/cooperacion-nacional-e-internacional\/lista-de-proyectos\/donaciones-en-especie\/","title":{"rendered":"Donations in kind"},"content":{"rendered":"<div data-elementor-type=\"wp-page\" data-elementor-id=\"12327\" class=\"elementor elementor-12327\" data-elementor-post-type=\"page\">\n\t\t\t\t<main class=\"elementor-element elementor-element-fcce154 e-flex e-con-boxed e-con e-parent\" data-id=\"fcce154\" data-element_type=\"container\" data-settings=\"{&quot;shape_divider_bottom&quot;:&quot;mountains&quot;}\">\n\t\t\t\t\t<div class=\"e-con-inner\">\n\t\t\t\t<div class=\"elementor-shape elementor-shape-bottom\" aria-hidden=\"true\" data-negative=\"false\">\n\t\t\t<svg xmlns=\"http:\/\/www.w3.org\/2000\/svg\" viewbox=\"0 0 1000 100\" preserveaspectratio=\"none\">\n\t<path class=\"elementor-shape-fill\" opacity=\"0.33\" d=\"M473,67.3c-203.9,88.3-263.1-34-320.3,0C66,119.1,0,59.7,0,59.7V0h1000v59.7 c0,0-62.1,26.1-94.9,29.3c-32.8,3.3-62.8-12.3-75.8-22.1C806,49.6,745.3,8.7,694.9,4.7S492.4,59,473,67.3z\"\/>\n\t<path class=\"elementor-shape-fill\" opacity=\"0.66\" d=\"M734,67.3c-45.5,0-77.2-23.2-129.1-39.1c-28.6-8.7-150.3-10.1-254,39.1 s-91.7-34.4-149.2,0C115.7,118.3,0,39.8,0,39.8V0h1000v36.5c0,0-28.2-18.5-92.1-18.5C810.2,18.1,775.7,67.3,734,67.3z\"\/>\n\t<path class=\"elementor-shape-fill\" d=\"M766.1,28.9c-200-57.5-266,65.5-395.1,19.5C242,1.8,242,5.4,184.8,20.6C128,35.8,132.3,44.9,89.9,52.5C28.6,63.7,0,0,0,0 h1000c0,0-9.9,40.9-83.6,48.1S829.6,47,766.1,28.9z\"\/>\n<\/svg>\t\t<\/div>\n\t\t<section class=\"elementor-element elementor-element-712d434 e-flex e-con-boxed e-con e-child\" data-id=\"712d434\" data-element_type=\"container\">\n\t\t\t\t\t<div class=\"e-con-inner\">\n\t\t\t\t<div class=\"elementor-element elementor-element-6de26bc jet-breadcrumbs-align-center elementor-widget elementor-widget-global elementor-global-606112 elementor-widget-jet-breadcrumbs\" data-id=\"6de26bc\" data-element_type=\"widget\" data-widget_type=\"jet-breadcrumbs.default\">\n\t\t\t\t<div class=\"elementor-widget-container\">\n\t\t\t\t\t<div class=\"elementor-jet-breadcrumbs jet-blocks\">\n\t\t<div class=\"jet-breadcrumbs\">\n\t\t<div class=\"jet-breadcrumbs__content\">\n\t\t<div class=\"jet-breadcrumbs__wrap\"><div class=\"jet-breadcrumbs__item\"><a href=\"https:\/\/test.comfenalcovalle.com.co\/en\/\" class=\"jet-breadcrumbs__item-link is-home\" rel=\"home\" title=\"Beginning\">Beginning<\/a><\/div>\n\t\t<\/div>\n\t\t<\/div>\n\t\t<\/div><\/div>\t\t\t\t<\/div>\n\t\t\t\t<\/div>\n\t\t\t\t<div class=\"elementor-element elementor-element-23d7c68 elementor-widget elementor-widget-text-editor\" data-id=\"23d7c68\" data-element_type=\"widget\" data-widget_type=\"text-editor.default\">\n\t\t\t\t<div class=\"elementor-widget-container\">\n\t\t\t\t\t\t\t\t\t<p>Within the framework of the agreement between the World Food Program (WFP), the Colombian Institute for Family Welfare (ICBF) and the Department for Social Prosperity (DPS) called <strong>PROTRACTED RELIEF AND RECOVERY OPERATION <\/strong>200148; The Family Compensation Fund of the Comfenalco Valle Valley, since 2012 has delivered more than 4,000 food rations for nearly 1,000 families, including displaced and vulnerable populations in Cali and Buenaventura.<\/p>\t\t\t\t\t\t\t\t<\/div>\n\t\t\t\t<\/div>\n\t\t\t\t\t<\/div>\n\t\t\t\t<\/section>\n\t\t<section class=\"elementor-element elementor-element-fda995b e-flex e-con-boxed e-con e-child\" data-id=\"fda995b\" data-element_type=\"container\">\n\t\t\t\t\t<div class=\"e-con-inner\">\n\t\t<div class=\"elementor-element elementor-element-38dc991 e-con-full e-flex e-con e-child\" data-id=\"38dc991\" data-element_type=\"container\">\n\t\t\t\t<div class=\"elementor-element elementor-element-ef66805 elementor-widget elementor-widget-image\" data-id=\"ef66805\" data-element_type=\"widget\" data-widget_type=\"image.default\">\n\t\t\t\t<div class=\"elementor-widget-container\">\n\t\t\t\t\t\t\t\t\t\t\t\t\t\t\t<img fetchpriority=\"high\" decoding=\"async\" width=\"682\" height=\"1023\" src=\"https:\/\/test.comfenalcovalle.com.co\/wp-content\/uploads\/2021\/04\/Donaciones-en-especie.png\" class=\"attachment-full size-full wp-image-17417\" alt=\"Donaciones en especie\" srcset=\"https:\/\/test.comfenalcovalle.com.co\/wp-content\/uploads\/2021\/04\/Donaciones-en-especie.png 682w, https:\/\/test.comfenalcovalle.com.co\/wp-content\/uploads\/2021\/04\/Donaciones-en-especie-200x300.png 200w\" sizes=\"(max-width: 682px) 100vw, 682px\" \/>\t\t\t\t\t\t\t\t\t\t\t\t\t\t\t<\/div>\n\t\t\t\t<\/div>\n\t\t\t\t<\/div>\n\t\t<div class=\"elementor-element elementor-element-a66200b e-con-full e-flex e-con e-child\" data-id=\"a66200b\" data-element_type=\"container\">\n\t\t\t\t<div class=\"elementor-element elementor-element-dae3eb4 elementor-widget elementor-widget-toggle\" data-id=\"dae3eb4\" data-element_type=\"widget\" data-widget_type=\"toggle.default\">\n\t\t\t\t<div class=\"elementor-widget-container\">\n\t\t\t\t\t\t\t<div class=\"elementor-toggle\">\n\t\t\t\t\t\t\t<div class=\"elementor-toggle-item\">\n\t\t\t\t\t<div id=\"elementor-tab-title-2291\" class=\"elementor-tab-title\" data-tab=\"1\" role=\"button\" aria-controls=\"elementor-tab-content-2291\" aria-expanded=\"false\">\n\t\t\t\t\t\t\t\t\t\t\t\t<span class=\"elementor-toggle-icon elementor-toggle-icon-left\" aria-hidden=\"true\">\n\t\t\t\t\t\t\t\t\t\t\t\t\t\t\t<span class=\"elementor-toggle-icon-closed\"><i class=\"fas fa-caret-right\"><\/i><\/span>\n\t\t\t\t\t\t\t\t<span class=\"elementor-toggle-icon-opened\"><i class=\"elementor-toggle-icon-opened fas fa-caret-up\"><\/i><\/span>\n\t\t\t\t\t\t\t\t\t\t\t\t\t<\/span>\n\t\t\t\t\t\t\t\t\t\t\t\t<a class=\"elementor-toggle-title\" tabindex=\"0\">Aim <\/a>\n\t\t\t\t\t<\/div>\n\n\t\t\t\t\t<div id=\"elementor-tab-content-2291\" class=\"elementor-tab-content elementor-clearfix\" data-tab=\"1\" role=\"region\" aria-labelledby=\"elementor-tab-title-2291\"><p style=\"text-align: justify;\"><span style=\"font-weight: 400;\">With this initiative, the economic conditions, social and coexistence practices of 713 people in conditions of displacement and vulnerability are improved, through the implementation of a business development and income generation program for 150 families in the urban area of the municipality of Santiago de Cali Valle del Cauca.<\/span><\/p><\/div>\n\t\t\t\t<\/div>\n\t\t\t\t\t\t\t<div class=\"elementor-toggle-item\">\n\t\t\t\t\t<div id=\"elementor-tab-title-2292\" class=\"elementor-tab-title\" data-tab=\"2\" role=\"button\" aria-controls=\"elementor-tab-content-2292\" aria-expanded=\"false\">\n\t\t\t\t\t\t\t\t\t\t\t\t<span class=\"elementor-toggle-icon elementor-toggle-icon-left\" aria-hidden=\"true\">\n\t\t\t\t\t\t\t\t\t\t\t\t\t\t\t<span class=\"elementor-toggle-icon-closed\"><i class=\"fas fa-caret-right\"><\/i><\/span>\n\t\t\t\t\t\t\t\t<span class=\"elementor-toggle-icon-opened\"><i class=\"elementor-toggle-icon-opened fas fa-caret-up\"><\/i><\/span>\n\t\t\t\t\t\t\t\t\t\t\t\t\t<\/span>\n\t\t\t\t\t\t\t\t\t\t\t\t<a class=\"elementor-toggle-title\" tabindex=\"0\">Specific objectives<\/a>\n\t\t\t\t\t<\/div>\n\n\t\t\t\t\t<div id=\"elementor-tab-content-2292\" class=\"elementor-tab-content elementor-clearfix\" data-tab=\"2\" role=\"region\" aria-labelledby=\"elementor-tab-title-2292\"><ul><li style=\"font-weight: 400; text-align: justify;\" aria-level=\"1\"><span style=\"font-weight: 400;\">Provide tools to strengthen social and personal skills, leading them to a process that allows them to resignify their current situation and visualize an opportunity for change and growth.<\/span><\/li><li style=\"font-weight: 400; text-align: justify;\" aria-level=\"1\"><span style=\"font-weight: 400;\">Define occupational alternatives to be implemented in 50 productive units, through processes of awareness, characterization, evaluation of competencies, design of the management plan and business development.<\/span><\/li><li style=\"font-weight: 400; text-align: justify;\" aria-level=\"1\"><span style=\"font-weight: 400;\">Strengthen the business development of 100 existing productive units, promoting their administrative and commercial management.<\/span><\/li><\/ul><\/div>\n\t\t\t\t<\/div>\n\t\t\t\t\t\t\t<div class=\"elementor-toggle-item\">\n\t\t\t\t\t<div id=\"elementor-tab-title-2293\" class=\"elementor-tab-title\" data-tab=\"3\" role=\"button\" aria-controls=\"elementor-tab-content-2293\" aria-expanded=\"false\">\n\t\t\t\t\t\t\t\t\t\t\t\t<span class=\"elementor-toggle-icon elementor-toggle-icon-left\" aria-hidden=\"true\">\n\t\t\t\t\t\t\t\t\t\t\t\t\t\t\t<span class=\"elementor-toggle-icon-closed\"><i class=\"fas fa-caret-right\"><\/i><\/span>\n\t\t\t\t\t\t\t\t<span class=\"elementor-toggle-icon-opened\"><i class=\"elementor-toggle-icon-opened fas fa-caret-up\"><\/i><\/span>\n\t\t\t\t\t\t\t\t\t\t\t\t\t<\/span>\n\t\t\t\t\t\t\t\t\t\t\t\t<a class=\"elementor-toggle-title\" tabindex=\"0\">Beneficiaries<\/a>\n\t\t\t\t\t<\/div>\n\n\t\t\t\t\t<div id=\"elementor-tab-content-2293\" class=\"elementor-tab-content elementor-clearfix\" data-tab=\"3\" role=\"region\" aria-labelledby=\"elementor-tab-title-2293\"><p style=\"text-align: justify;\"><span style=\"font-weight: 400;\">The project will directly benefit 713 people grouped into 150 families of socioeconomic strata 1 and 2, located in Potrero Grande and surrounding areas willing to implement a productive project.<\/span><\/p><\/div>\n\t\t\t\t<\/div>\n\t\t\t\t\t\t\t<div class=\"elementor-toggle-item\">\n\t\t\t\t\t<div id=\"elementor-tab-title-2294\" class=\"elementor-tab-title\" data-tab=\"4\" role=\"button\" aria-controls=\"elementor-tab-content-2294\" aria-expanded=\"false\">\n\t\t\t\t\t\t\t\t\t\t\t\t<span class=\"elementor-toggle-icon elementor-toggle-icon-left\" aria-hidden=\"true\">\n\t\t\t\t\t\t\t\t\t\t\t\t\t\t\t<span class=\"elementor-toggle-icon-closed\"><i class=\"fas fa-caret-right\"><\/i><\/span>\n\t\t\t\t\t\t\t\t<span class=\"elementor-toggle-icon-opened\"><i class=\"elementor-toggle-icon-opened fas fa-caret-up\"><\/i><\/span>\n\t\t\t\t\t\t\t\t\t\t\t\t\t<\/span>\n\t\t\t\t\t\t\t\t\t\t\t\t<a class=\"elementor-toggle-title\" tabindex=\"0\">location and duration<\/a>\n\t\t\t\t\t<\/div>\n\n\t\t\t\t\t<div id=\"elementor-tab-content-2294\" class=\"elementor-tab-content elementor-clearfix\" data-tab=\"4\" role=\"region\" aria-labelledby=\"elementor-tab-title-2294\"><p style=\"text-align: justify;\"><span style=\"font-weight: 400;\">The project will be executed for 15 months, starting in August 2009, in the Potrero Grande urbanization.<\/span><\/p><\/div>\n\t\t\t\t<\/div>\n\t\t\t\t\t\t\t<div class=\"elementor-toggle-item\">\n\t\t\t\t\t<div id=\"elementor-tab-title-2295\" class=\"elementor-tab-title\" data-tab=\"5\" role=\"button\" aria-controls=\"elementor-tab-content-2295\" aria-expanded=\"false\">\n\t\t\t\t\t\t\t\t\t\t\t\t<span class=\"elementor-toggle-icon elementor-toggle-icon-left\" aria-hidden=\"true\">\n\t\t\t\t\t\t\t\t\t\t\t\t\t\t\t<span class=\"elementor-toggle-icon-closed\"><i class=\"fas fa-caret-right\"><\/i><\/span>\n\t\t\t\t\t\t\t\t<span class=\"elementor-toggle-icon-opened\"><i class=\"elementor-toggle-icon-opened fas fa-caret-up\"><\/i><\/span>\n\t\t\t\t\t\t\t\t\t\t\t\t\t<\/span>\n\t\t\t\t\t\t\t\t\t\t\t\t<a class=\"elementor-toggle-title\" tabindex=\"0\">Lines of intervention<\/a>\n\t\t\t\t\t<\/div>\n\n\t\t\t\t\t<div id=\"elementor-tab-content-2295\" class=\"elementor-tab-content elementor-clearfix\" data-tab=\"5\" role=\"region\" aria-labelledby=\"elementor-tab-title-2295\"><ul>\n \t<li style=\"text-align: justify;\"><span style=\"font-weight: 400;\">Strategic line 1. Human training for development. In order to strengthen and create adequate spaces for participation and coexistence, training activities are planned to help beneficiaries appropriate their human dimension and recognize themselves as members of a community, and identify an opportunity of change and growth.<\/span><\/li>\n \t<li style=\"font-weight: 400; text-align: justify;\" aria-level=\"1\"><span style=\"font-weight: 400;\">Strategic line 2. Comprehensive training for entrepreneurship and the strengthening of productive units. Strengthen the entrepreneurial capacity of the beneficiaries and facilitate the formation of new enterprises and the strengthening of existing productive projects for the generation of self-employment.<\/span><\/li>\n \t<li style=\"font-weight: 400; text-align: justify;\" aria-level=\"1\"><span style=\"font-weight: 400;\">Strategic line 3. Establishment and monitoring of business projects. Accompaniment for the establishment of income generation projects, during the implementation of the business program and carrying out the established evaluation processes.<\/span><\/li>\n<\/ul><\/div>\n\t\t\t\t<\/div>\n\t\t\t\t\t\t\t<div class=\"elementor-toggle-item\">\n\t\t\t\t\t<div id=\"elementor-tab-title-2296\" class=\"elementor-tab-title\" data-tab=\"6\" role=\"button\" aria-controls=\"elementor-tab-content-2296\" aria-expanded=\"false\">\n\t\t\t\t\t\t\t\t\t\t\t\t<span class=\"elementor-toggle-icon elementor-toggle-icon-left\" aria-hidden=\"true\">\n\t\t\t\t\t\t\t\t\t\t\t\t\t\t\t<span class=\"elementor-toggle-icon-closed\"><i class=\"fas fa-caret-right\"><\/i><\/span>\n\t\t\t\t\t\t\t\t<span class=\"elementor-toggle-icon-opened\"><i class=\"elementor-toggle-icon-opened fas fa-caret-up\"><\/i><\/span>\n\t\t\t\t\t\t\t\t\t\t\t\t\t<\/span>\n\t\t\t\t\t\t\t\t\t\t\t\t<a class=\"elementor-toggle-title\" tabindex=\"0\">Funding for implementation<\/a>\n\t\t\t\t\t<\/div>\n\n\t\t\t\t\t<div id=\"elementor-tab-content-2296\" class=\"elementor-tab-content elementor-clearfix\" data-tab=\"6\" role=\"region\" aria-labelledby=\"elementor-tab-title-2296\"><table style=\"border-collapse:collapse;border-spacing:0;table-layout: fixed; width: 100%\" class=\"tg\"><colgroup><col style=\"width: 50%\"><col style=\"width: 50%\"><\/colgroup><thead><tr><th style=\"background-color:#FFF;border-color:black;border-style:solid;border-width:1px;color:#7A7A7A;font-weight:bold;overflow:hidden;padding:10px 5px;text-align:left;vertical-align:center;word-break:normal\">Institution<\/th><th style=\"background-color:#FFF;border-color:black;border-style:solid;border-width:1px;color:#7A7A7A;font-weight:bold;overflow:hidden;padding:10px 5px;text-align:left;vertical-align:center;word-break:normal\">Contribution value in pesos<\/th><\/tr><\/thead><tbody><tr><td style=\"background-color:#FFF;border-color:black;border-style:solid;border-width:1px;color:#7A7A7A;overflow:hidden;padding:10px 5px;text-align:left;vertical-align:center;word-break:normal\"><span style=\"font-weight:400\">Ministry of Commerce, Industry and Tourism \u2013 Fomipyme<\/span><\/td><td style=\"background-color:#FFF;border-color:black;border-style:solid;border-width:1px;color:#7A7A7A;overflow:hidden;padding:10px 5px;text-align:left;vertical-align:center;word-break:normal\"><span style=\"font-weight:400\">$ 200.892.513<\/span><\/td><\/tr><tr><td style=\"background-color:#FFF;border-color:black;border-style:solid;border-width:1px;color:#7A7A7A;overflow:hidden;padding:10px 5px;text-align:left;vertical-align:center;word-break:normal\"><span style=\"font-weight:400\">USAID-IOM<\/span><\/td><td style=\"background-color:#FFF;border-color:black;border-style:solid;border-width:1px;color:#7A7A7A;overflow:hidden;padding:10px 5px;text-align:left;vertical-align:center;word-break:normal\"><span style=\"font-weight:400\">$ 229.322.113<\/span><\/td><\/tr><tr><td style=\"background-color:#FFF;border-color:black;border-style:solid;border-width:1px;color:#7A7A7A;overflow:hidden;padding:10px 5px;text-align:left;vertical-align:center;word-break:normal\"><span style=\"font-weight:400\">Comfenalco Valley<\/span><\/td><td style=\"background-color:#FFF;border-color:black;border-style:solid;border-width:1px;color:#7A7A7A;overflow:hidden;padding:10px 5px;text-align:left;vertical-align:center;word-break:normal\"><span style=\"font-weight:400\">$ 40.741.600<\/span><\/td><\/tr><tr><td style=\"background-color:#FFF;border-color:black;border-style:solid;border-width:1px;color:#7A7A7A;font-weight:bold;overflow:hidden;padding:10px 5px;text-align:left;vertical-align:center;word-break:normal\">Total value of the project<\/td><td style=\"background-color:#FFF;border-color:black;border-style:solid;border-width:1px;color:#7A7A7A;font-weight:bold;overflow:hidden;padding:10px 5px;text-align:left;vertical-align:center;word-break:normal\">$ 470.956.226<\/td><\/tr><\/tbody><\/table><\/div>\n\t\t\t\t<\/div>\n\t\t\t\t\t\t\t\t<\/div>\n\t\t\t\t\t\t<\/div>\n\t\t\t\t<\/div>\n\t\t\t\t<\/div>\n\t\t\t\t\t<\/div>\n\t\t\t\t<\/section>\n\t\t<div class=\"elementor-element elementor-element-07066f6 e-con-full e-flex e-con e-child\" data-id=\"07066f6\" data-element_type=\"container\">\n\t\t\t\t<div class=\"elementor-element elementor-element-8295674 elementor-align-justify elementor-widget elementor-widget-button\" data-id=\"8295674\" data-element_type=\"widget\" data-widget_type=\"button.default\">\n\t\t\t\t<div class=\"elementor-widget-container\">\n\t\t\t\t\t\t\t\t\t<div class=\"elementor-button-wrapper\">\n\t\t\t\t\t<a class=\"elementor-button elementor-button-link elementor-size-lg elementor-animation-shrink\" href=\"https:\/\/test.comfenalcovalle.com.co\/en\/personas\/cooperacion-nacional-e-internacional\/lista-de-proyectos\/\">\n\t\t\t\t\t\t<span class=\"elementor-button-content-wrapper\">\n\t\t\t\t\t\t<span class=\"elementor-button-icon\">\n\t\t\t\t<i aria-hidden=\"true\" class=\"fas fa-backward\"><\/i>\t\t\t<\/span>\n\t\t\t\t\t\t\t\t\t<span class=\"elementor-button-text\">Regresar<\/span>\n\t\t\t\t\t<\/span>\n\t\t\t\t\t<\/a>\n\t\t\t\t<\/div>\n\t\t\t\t\t\t\t\t<\/div>\n\t\t\t\t<\/div>\n\t\t\t\t<div class=\"elementor-element elementor-element-37fff68 elementor-align-justify elementor-widget elementor-widget-button\" data-id=\"37fff68\" data-element_type=\"widget\" data-widget_type=\"button.default\">\n\t\t\t\t<div class=\"elementor-widget-container\">\n\t\t\t\t\t\t\t\t\t<div class=\"elementor-button-wrapper\">\n\t\t\t\t\t<a class=\"elementor-button elementor-button-link elementor-size-lg elementor-animation-shrink\" href=\"#top\">\n\t\t\t\t\t\t<span class=\"elementor-button-content-wrapper\">\n\t\t\t\t\t\t<span class=\"elementor-button-icon\">\n\t\t\t\t<i aria-hidden=\"true\" class=\"fas fa-angle-double-up\"><\/i>\t\t\t<\/span>\n\t\t\t\t\t\t\t\t\t<span class=\"elementor-button-text\">Subir<\/span>\n\t\t\t\t\t<\/span>\n\t\t\t\t\t<\/a>\n\t\t\t\t<\/div>\n\t\t\t\t\t\t\t\t<\/div>\n\t\t\t\t<\/div>\n\t\t\t\t<\/div>\n\t\t\t\t\t<\/div>\n\t\t\t\t<\/main>\n\t\t\t\t<\/div>","protected":false},"excerpt":{"rendered":"<p>Inicio En el marco del acuerdo entre el Programa Mundial de Alimentos (PMA) , el Instituto Colombiano de Bienestar Familiar (ICBF) y el Departamento para la Prosperidad Social (DPS) denominado OPERACI\u00d3N PROLONGADA DE SOCORRO Y RECUPERACI\u00d3N 200148; la Caja de Compensaci\u00f3n Familiar del Valle Comfenalco Valle, desde el 2012 ha entregado m\u00e1s de\u00a0 4000 raciones [&hellip;]<\/p>","protected":false},"author":1,"featured_media":17417,"parent":10938,"menu_order":0,"comment_status":"closed","ping_status":"closed","template":"elementor_header_footer","meta":{"footnotes":""},"class_list":["post-12327","page","type-page","status-publish","has-post-thumbnail","hentry"],"yoast_head":"<!-- This site is optimized with the Yoast SEO Premium plugin v25.9 (Yoast SEO v25.9) - https:\/\/yoast.com\/wordpress\/plugins\/seo\/ -->\n<title>Donaciones en especie - Comfenalco Valle Delagente<\/title>\n<meta name=\"description\" content=\"la Caja de Compensaci\u00f3n Familiar del Valle Comfenalco Valle, desde el 2012 ha entregado m\u00e1s de 4000 raciones alimentarias para cerca de 1000 familias.\" \/>\n<meta name=\"robots\" content=\"index, follow, max-snippet:-1, max-image-preview:large, max-video-preview:-1\" \/>\n<link rel=\"canonical\" href=\"https:\/\/www.comfenalcovalle.com.co\/personas\/cooperacion-nacional-e-internacional\/lista-de-proyectos\/donaciones-en-especie\/\" \/>\n<meta property=\"og:locale\" content=\"en_US\" \/>\n<meta property=\"og:type\" content=\"article\" \/>\n<meta property=\"og:title\" content=\"Donaciones en especie\" \/>\n<meta property=\"og:description\" content=\"la Caja de Compensaci\u00f3n Familiar del Valle Comfenalco Valle, desde el 2012 ha entregado m\u00e1s de 4000 raciones alimentarias para cerca de 1000 familias.\" \/>\n<meta property=\"og:url\" content=\"https:\/\/www.comfenalcovalle.com.co\/personas\/cooperacion-nacional-e-internacional\/lista-de-proyectos\/donaciones-en-especie\/\" \/>\n<meta property=\"og:site_name\" content=\"Comfenalco Valle Delagente\" \/>\n<meta property=\"article:modified_time\" content=\"2026-04-15T14:11:40+00:00\" \/>\n<meta property=\"og:image\" content=\"https:\/\/www.comfenalcovalle.com.co\/wp-content\/uploads\/2021\/04\/Donaciones-en-especie.png\" \/>\n\t<meta property=\"og:image:width\" content=\"682\" \/>\n\t<meta property=\"og:image:height\" content=\"1023\" \/>\n\t<meta property=\"og:image:type\" content=\"image\/png\" \/>\n<meta name=\"twitter:card\" content=\"summary_large_image\" \/>\n<meta name=\"twitter:label1\" content=\"Est. reading time\" \/>\n\t<meta name=\"twitter:data1\" content=\"3 minutes\" \/>\n<script type=\"application\/ld+json\" class=\"yoast-schema-graph\">{\"@context\":\"https:\/\/schema.org\",\"@graph\":[{\"@type\":\"WebPage\",\"@id\":\"https:\/\/www.comfenalcovalle.com.co\/personas\/cooperacion-nacional-e-internacional\/lista-de-proyectos\/donaciones-en-especie\/\",\"url\":\"https:\/\/www.comfenalcovalle.com.co\/personas\/cooperacion-nacional-e-internacional\/lista-de-proyectos\/donaciones-en-especie\/\",\"name\":\"Donaciones en especie - Comfenalco Valle Delagente\",\"isPartOf\":{\"@id\":\"https:\/\/www.comfenalcovalle.com.co\/#website\"},\"primaryImageOfPage\":{\"@id\":\"https:\/\/www.comfenalcovalle.com.co\/personas\/cooperacion-nacional-e-internacional\/lista-de-proyectos\/donaciones-en-especie\/#primaryimage\"},\"image\":{\"@id\":\"https:\/\/www.comfenalcovalle.com.co\/personas\/cooperacion-nacional-e-internacional\/lista-de-proyectos\/donaciones-en-especie\/#primaryimage\"},\"thumbnailUrl\":\"https:\/\/test.comfenalcovalle.com.co\/wp-content\/uploads\/2021\/04\/Donaciones-en-especie.png\",\"datePublished\":\"2021-02-03T13:42:43+00:00\",\"dateModified\":\"2026-04-15T14:11:40+00:00\",\"description\":\"la Caja de Compensaci\u00f3n Familiar del Valle Comfenalco Valle, desde el 2012 ha entregado m\u00e1s de 4000 raciones alimentarias para cerca de 1000 familias.\",\"breadcrumb\":{\"@id\":\"https:\/\/www.comfenalcovalle.com.co\/personas\/cooperacion-nacional-e-internacional\/lista-de-proyectos\/donaciones-en-especie\/#breadcrumb\"},\"inLanguage\":\"en-US\",\"potentialAction\":[{\"@type\":\"ReadAction\",\"target\":[\"https:\/\/www.comfenalcovalle.com.co\/personas\/cooperacion-nacional-e-internacional\/lista-de-proyectos\/donaciones-en-especie\/\"]}]},{\"@type\":\"ImageObject\",\"inLanguage\":\"en-US\",\"@id\":\"https:\/\/www.comfenalcovalle.com.co\/personas\/cooperacion-nacional-e-internacional\/lista-de-proyectos\/donaciones-en-especie\/#primaryimage\",\"url\":\"https:\/\/test.comfenalcovalle.com.co\/wp-content\/uploads\/2021\/04\/Donaciones-en-especie.png\",\"contentUrl\":\"https:\/\/test.comfenalcovalle.com.co\/wp-content\/uploads\/2021\/04\/Donaciones-en-especie.png\",\"width\":682,\"height\":1023,\"caption\":\"Donaciones en especie\"},{\"@type\":\"BreadcrumbList\",\"@id\":\"https:\/\/www.comfenalcovalle.com.co\/personas\/cooperacion-nacional-e-internacional\/lista-de-proyectos\/donaciones-en-especie\/#breadcrumb\",\"itemListElement\":[{\"@type\":\"ListItem\",\"position\":1,\"name\":\"Portada\",\"item\":\"https:\/\/www.comfenalcovalle.com.co\/\"},{\"@type\":\"ListItem\",\"position\":2,\"name\":\"Personas\",\"item\":\"https:\/\/www.comfenalcovalle.com.co\/\"},{\"@type\":\"ListItem\",\"position\":3,\"name\":\"Cooperaci\u00f3n, Proyectos Sociales y Sostenibilidad\",\"item\":\"https:\/\/www.comfenalcovalle.com.co\/personas\/cooperacion-nacional-e-internacional\/\"},{\"@type\":\"ListItem\",\"position\":4,\"name\":\"Lista de proyectos\",\"item\":\"https:\/\/www.comfenalcovalle.com.co\/personas\/cooperacion-nacional-e-internacional\/lista-de-proyectos\/\"},{\"@type\":\"ListItem\",\"position\":5,\"name\":\"Donaciones en especie\"}]},{\"@type\":\"WebSite\",\"@id\":\"https:\/\/www.comfenalcovalle.com.co\/#website\",\"url\":\"https:\/\/www.comfenalcovalle.com.co\/\",\"name\":\"Comfenalco Valle Delagente\",\"description\":\"Caja de compensaci\u00f3n de Comfenalco Valle Delagente.\",\"publisher\":{\"@id\":\"https:\/\/www.comfenalcovalle.com.co\/#organization\"},\"potentialAction\":[{\"@type\":\"SearchAction\",\"target\":{\"@type\":\"EntryPoint\",\"urlTemplate\":\"https:\/\/www.comfenalcovalle.com.co\/?s={search_term_string}\"},\"query-input\":{\"@type\":\"PropertyValueSpecification\",\"valueRequired\":true,\"valueName\":\"search_term_string\"}}],\"inLanguage\":\"en-US\"},{\"@type\":\"Organization\",\"@id\":\"https:\/\/www.comfenalcovalle.com.co\/#organization\",\"name\":\"Comfenalco Valle Delagente\",\"url\":\"https:\/\/www.comfenalcovalle.com.co\/\",\"logo\":{\"@type\":\"ImageObject\",\"inLanguage\":\"en-US\",\"@id\":\"https:\/\/www.comfenalcovalle.com.co\/#\/schema\/logo\/image\/\",\"url\":\"https:\/\/test.comfenalcovalle.com.co\/wp-content\/uploads\/2021\/06\/logo-comfe-cabecera-agencia-empelo-actualizado.png\",\"contentUrl\":\"https:\/\/test.comfenalcovalle.com.co\/wp-content\/uploads\/2021\/06\/logo-comfe-cabecera-agencia-empelo-actualizado.png\",\"width\":500,\"height\":184,\"caption\":\"Comfenalco Valle Delagente\"},\"image\":{\"@id\":\"https:\/\/www.comfenalcovalle.com.co\/#\/schema\/logo\/image\/\"}}]}<\/script>\n<!-- \/ Yoast SEO Premium plugin. -->","yoast_head_json":{"title":"Donaciones en especie - Comfenalco Valle Delagente","description":"la Caja de Compensaci\u00f3n Familiar del Valle Comfenalco Valle, desde el 2012 ha entregado m\u00e1s de 4000 raciones alimentarias para cerca de 1000 familias.","robots":{"index":"index","follow":"follow","max-snippet":"max-snippet:-1","max-image-preview":"max-image-preview:large","max-video-preview":"max-video-preview:-1"},"canonical":"https:\/\/www.comfenalcovalle.com.co\/personas\/cooperacion-nacional-e-internacional\/lista-de-proyectos\/donaciones-en-especie\/","og_locale":"en_US","og_type":"article","og_title":"Donaciones en especie","og_description":"la Caja de Compensaci\u00f3n Familiar del Valle Comfenalco Valle, desde el 2012 ha entregado m\u00e1s de 4000 raciones alimentarias para cerca de 1000 familias.","og_url":"https:\/\/www.comfenalcovalle.com.co\/personas\/cooperacion-nacional-e-internacional\/lista-de-proyectos\/donaciones-en-especie\/","og_site_name":"Comfenalco Valle Delagente","article_modified_time":"2026-04-15T14:11:40+00:00","og_image":[{"width":682,"height":1023,"url":"https:\/\/www.comfenalcovalle.com.co\/wp-content\/uploads\/2021\/04\/Donaciones-en-especie.png","type":"image\/png"}],"twitter_card":"summary_large_image","twitter_misc":{"Est. reading time":"3 minutes"},"schema":{"@context":"https:\/\/schema.org","@graph":[{"@type":"WebPage","@id":"https:\/\/www.comfenalcovalle.com.co\/personas\/cooperacion-nacional-e-internacional\/lista-de-proyectos\/donaciones-en-especie\/","url":"https:\/\/www.comfenalcovalle.com.co\/personas\/cooperacion-nacional-e-internacional\/lista-de-proyectos\/donaciones-en-especie\/","name":"Donaciones en especie - Comfenalco Valle Delagente","isPartOf":{"@id":"https:\/\/www.comfenalcovalle.com.co\/#website"},"primaryImageOfPage":{"@id":"https:\/\/www.comfenalcovalle.com.co\/personas\/cooperacion-nacional-e-internacional\/lista-de-proyectos\/donaciones-en-especie\/#primaryimage"},"image":{"@id":"https:\/\/www.comfenalcovalle.com.co\/personas\/cooperacion-nacional-e-internacional\/lista-de-proyectos\/donaciones-en-especie\/#primaryimage"},"thumbnailUrl":"https:\/\/test.comfenalcovalle.com.co\/wp-content\/uploads\/2021\/04\/Donaciones-en-especie.png","datePublished":"2021-02-03T13:42:43+00:00","dateModified":"2026-04-15T14:11:40+00:00","description":"la Caja de Compensaci\u00f3n Familiar del Valle Comfenalco Valle, desde el 2012 ha entregado m\u00e1s de 4000 raciones alimentarias para cerca de 1000 familias.","breadcrumb":{"@id":"https:\/\/www.comfenalcovalle.com.co\/personas\/cooperacion-nacional-e-internacional\/lista-de-proyectos\/donaciones-en-especie\/#breadcrumb"},"inLanguage":"en-US","potentialAction":[{"@type":"ReadAction","target":["https:\/\/www.comfenalcovalle.com.co\/personas\/cooperacion-nacional-e-internacional\/lista-de-proyectos\/donaciones-en-especie\/"]}]},{"@type":"ImageObject","inLanguage":"en-US","@id":"https:\/\/www.comfenalcovalle.com.co\/personas\/cooperacion-nacional-e-internacional\/lista-de-proyectos\/donaciones-en-especie\/#primaryimage","url":"https:\/\/test.comfenalcovalle.com.co\/wp-content\/uploads\/2021\/04\/Donaciones-en-especie.png","contentUrl":"https:\/\/test.comfenalcovalle.com.co\/wp-content\/uploads\/2021\/04\/Donaciones-en-especie.png","width":682,"height":1023,"caption":"Donaciones en especie"},{"@type":"BreadcrumbList","@id":"https:\/\/www.comfenalcovalle.com.co\/personas\/cooperacion-nacional-e-internacional\/lista-de-proyectos\/donaciones-en-especie\/#breadcrumb","itemListElement":[{"@type":"ListItem","position":1,"name":"Portada","item":"https:\/\/www.comfenalcovalle.com.co\/"},{"@type":"ListItem","position":2,"name":"Personas","item":"https:\/\/www.comfenalcovalle.com.co\/"},{"@type":"ListItem","position":3,"name":"Cooperaci\u00f3n, Proyectos Sociales y Sostenibilidad","item":"https:\/\/www.comfenalcovalle.com.co\/personas\/cooperacion-nacional-e-internacional\/"},{"@type":"ListItem","position":4,"name":"Lista de proyectos","item":"https:\/\/www.comfenalcovalle.com.co\/personas\/cooperacion-nacional-e-internacional\/lista-de-proyectos\/"},{"@type":"ListItem","position":5,"name":"Donaciones en especie"}]},{"@type":"WebSite","@id":"https:\/\/www.comfenalcovalle.com.co\/#website","url":"https:\/\/www.comfenalcovalle.com.co\/","name":"Comfenalco Valle Delagente","description":"Comfenalco Valle Delagente compensation fund.","publisher":{"@id":"https:\/\/www.comfenalcovalle.com.co\/#organization"},"potentialAction":[{"@type":"SearchAction","target":{"@type":"EntryPoint","urlTemplate":"https:\/\/www.comfenalcovalle.com.co\/?s={search_term_string}"},"query-input":{"@type":"PropertyValueSpecification","valueRequired":true,"valueName":"search_term_string"}}],"inLanguage":"en-US"},{"@type":"Organization","@id":"https:\/\/www.comfenalcovalle.com.co\/#organization","name":"Comfenalco Valle Delagente","url":"https:\/\/www.comfenalcovalle.com.co\/","logo":{"@type":"ImageObject","inLanguage":"en-US","@id":"https:\/\/www.comfenalcovalle.com.co\/#\/schema\/logo\/image\/","url":"https:\/\/test.comfenalcovalle.com.co\/wp-content\/uploads\/2021\/06\/logo-comfe-cabecera-agencia-empelo-actualizado.png","contentUrl":"https:\/\/test.comfenalcovalle.com.co\/wp-content\/uploads\/2021\/06\/logo-comfe-cabecera-agencia-empelo-actualizado.png","width":500,"height":184,"caption":"Comfenalco Valle Delagente"},"image":{"@id":"https:\/\/www.comfenalcovalle.com.co\/#\/schema\/logo\/image\/"}}]}},"publishpress_future_action":{"enabled":false,"date":"2026-05-10 11:30:54","action":"change-status","newStatus":"draft","terms":[],"taxonomy":"","extraData":[]},"publishpress_future_workflow_manual_trigger":{"enabledWorkflows":[]},"_links":{"self":[{"href":"https:\/\/test.comfenalcovalle.com.co\/en\/wp-json\/wp\/v2\/pages\/12327","targetHints":{"allow":["GET"]}}],"collection":[{"href":"https:\/\/test.comfenalcovalle.com.co\/en\/wp-json\/wp\/v2\/pages"}],"about":[{"href":"https:\/\/test.comfenalcovalle.com.co\/en\/wp-json\/wp\/v2\/types\/page"}],"author":[{"embeddable":true,"href":"https:\/\/test.comfenalcovalle.com.co\/en\/wp-json\/wp\/v2\/users\/1"}],"replies":[{"embeddable":true,"href":"https:\/\/test.comfenalcovalle.com.co\/en\/wp-json\/wp\/v2\/comments?post=12327"}],"version-history":[{"count":0,"href":"https:\/\/test.comfenalcovalle.com.co\/en\/wp-json\/wp\/v2\/pages\/12327\/revisions"}],"up":[{"embeddable":true,"href":"https:\/\/test.comfenalcovalle.com.co\/en\/wp-json\/wp\/v2\/pages\/10938"}],"wp:featuredmedia":[{"embeddable":true,"href":"https:\/\/test.comfenalcovalle.com.co\/en\/wp-json\/wp\/v2\/media\/17417"}],"wp:attachment":[{"href":"https:\/\/test.comfenalcovalle.com.co\/en\/wp-json\/wp\/v2\/media?parent=12327"}],"curies":[{"name":"wp","href":"https:\/\/api.w.org\/{rel}","templated":true}]}}