{"id":12311,"date":"2021-02-03T08:36:07","date_gmt":"2021-02-03T13:36:07","guid":{"rendered":"https:\/\/test.comfenalcovalle.com.co\/webredlat\/?page_id=12311"},"modified":"2026-04-15T09:24:16","modified_gmt":"2026-04-15T14:24:16","slug":"aporte-en-la-atencion-integral-y-en-la-generacion-de-ingresos","status":"publish","type":"page","link":"https:\/\/test.comfenalcovalle.com.co\/en\/personas\/cooperacion-nacional-e-internacional\/lista-de-proyectos\/aporte-en-la-atencion-integral-y-en-la-generacion-de-ingresos\/","title":{"rendered":"Generation of income for the displaced population relocated to a large paddock"},"content":{"rendered":"<div data-elementor-type=\"wp-page\" data-elementor-id=\"12311\" class=\"elementor elementor-12311\" data-elementor-post-type=\"page\">\n\t\t\t\t<main class=\"elementor-element elementor-element-61b7ebf e-flex e-con-boxed e-con e-parent\" data-id=\"61b7ebf\" data-element_type=\"container\" data-settings=\"{&quot;shape_divider_bottom&quot;:&quot;mountains&quot;}\">\n\t\t\t\t\t<div class=\"e-con-inner\">\n\t\t\t\t<div class=\"elementor-shape elementor-shape-bottom\" aria-hidden=\"true\" data-negative=\"false\">\n\t\t\t<svg xmlns=\"http:\/\/www.w3.org\/2000\/svg\" viewbox=\"0 0 1000 100\" preserveaspectratio=\"none\">\n\t<path class=\"elementor-shape-fill\" opacity=\"0.33\" d=\"M473,67.3c-203.9,88.3-263.1-34-320.3,0C66,119.1,0,59.7,0,59.7V0h1000v59.7 c0,0-62.1,26.1-94.9,29.3c-32.8,3.3-62.8-12.3-75.8-22.1C806,49.6,745.3,8.7,694.9,4.7S492.4,59,473,67.3z\"\/>\n\t<path class=\"elementor-shape-fill\" opacity=\"0.66\" d=\"M734,67.3c-45.5,0-77.2-23.2-129.1-39.1c-28.6-8.7-150.3-10.1-254,39.1 s-91.7-34.4-149.2,0C115.7,118.3,0,39.8,0,39.8V0h1000v36.5c0,0-28.2-18.5-92.1-18.5C810.2,18.1,775.7,67.3,734,67.3z\"\/>\n\t<path class=\"elementor-shape-fill\" d=\"M766.1,28.9c-200-57.5-266,65.5-395.1,19.5C242,1.8,242,5.4,184.8,20.6C128,35.8,132.3,44.9,89.9,52.5C28.6,63.7,0,0,0,0 h1000c0,0-9.9,40.9-83.6,48.1S829.6,47,766.1,28.9z\"\/>\n<\/svg>\t\t<\/div>\n\t\t<section class=\"elementor-element elementor-element-3d6f285 e-flex e-con-boxed e-con e-child\" data-id=\"3d6f285\" data-element_type=\"container\">\n\t\t\t\t\t<div class=\"e-con-inner\">\n\t\t\t\t<div class=\"elementor-element elementor-element-f620bb5 jet-breadcrumbs-align-center elementor-widget elementor-widget-global elementor-global-606112 elementor-widget-jet-breadcrumbs\" data-id=\"f620bb5\" data-element_type=\"widget\" data-widget_type=\"jet-breadcrumbs.default\">\n\t\t\t\t<div class=\"elementor-widget-container\">\n\t\t\t\t\t<div class=\"elementor-jet-breadcrumbs jet-blocks\">\n\t\t<div class=\"jet-breadcrumbs\">\n\t\t<div class=\"jet-breadcrumbs__content\">\n\t\t<div class=\"jet-breadcrumbs__wrap\"><div class=\"jet-breadcrumbs__item\"><a href=\"https:\/\/test.comfenalcovalle.com.co\/en\/\" class=\"jet-breadcrumbs__item-link is-home\" rel=\"home\" title=\"Beginning\">Beginning<\/a><\/div>\n\t\t<\/div>\n\t\t<\/div>\n\t\t<\/div><\/div>\t\t\t\t<\/div>\n\t\t\t\t<\/div>\n\t\t\t\t<div class=\"elementor-element elementor-element-af7f667 elementor-widget elementor-widget-text-editor\" data-id=\"af7f667\" data-element_type=\"widget\" data-widget_type=\"text-editor.default\">\n\t\t\t\t<div class=\"elementor-widget-container\">\n\t\t\t\t\t\t\t\t\t<p style=\"text-align: justify;\">The project &quot;Contribution to Comprehensive Care and Income Generation for 150 families displaced from the urban area of the municipality of Santiago de Cali&quot; is the result of the proposal presented by the Comfenalco Valle Family Compensation Fund, within the framework of the Fomipyme - OIM call from the Ministry of Commerce, Industry and Tourism, through the Micro and Small Business Support Fund - Fomipyme and the financing of USAID resources through the International Organization for Migration - OIM.<\/p><p style=\"text-align: justify;\">This project becomes the main tool for technical and financial cooperation, which seeks to generate cultural, social and economic transformations for 150 families in conditions of displacement and vulnerability, located in the Potrero Grande urbanization in the city of Santiago de Cali, through the development of income-generating projects that improve living conditions.<\/p>\t\t\t\t\t\t\t\t<\/div>\n\t\t\t\t<\/div>\n\t\t\t\t\t<\/div>\n\t\t\t\t<\/section>\n\t\t<section class=\"elementor-element elementor-element-65954bf e-flex e-con-boxed e-con e-child\" data-id=\"65954bf\" data-element_type=\"container\">\n\t\t\t\t\t<div class=\"e-con-inner\">\n\t\t<div class=\"elementor-element elementor-element-5e4c44a e-con-full e-flex e-con e-child\" data-id=\"5e4c44a\" data-element_type=\"container\">\n\t\t\t\t<div class=\"elementor-element elementor-element-4d3b06e elementor-widget elementor-widget-image\" data-id=\"4d3b06e\" data-element_type=\"widget\" data-widget_type=\"image.default\">\n\t\t\t\t<div class=\"elementor-widget-container\">\n\t\t\t\t\t\t\t\t\t\t\t\t\t\t\t<img fetchpriority=\"high\" decoding=\"async\" width=\"898\" height=\"569\" src=\"https:\/\/test.comfenalcovalle.com.co\/wp-content\/uploads\/2021\/04\/Aporte-en-la-Atencio\u0301n-Integral-y-en-la-Generacio\u0301n-de-Ingresos-1.png\" class=\"attachment-full size-full wp-image-17415\" alt=\"Aporte en la Atencio\u0301n Integral y en la Generacio\u0301n de Ingresos 1\" srcset=\"https:\/\/test.comfenalcovalle.com.co\/wp-content\/uploads\/2021\/04\/Aporte-en-la-Atencio\u0301n-Integral-y-en-la-Generacio\u0301n-de-Ingresos-1.png 898w, https:\/\/test.comfenalcovalle.com.co\/wp-content\/uploads\/2021\/04\/Aporte-en-la-Atencio\u0301n-Integral-y-en-la-Generacio\u0301n-de-Ingresos-1-300x190.png 300w, https:\/\/test.comfenalcovalle.com.co\/wp-content\/uploads\/2021\/04\/Aporte-en-la-Atencio\u0301n-Integral-y-en-la-Generacio\u0301n-de-Ingresos-1-768x487.png 768w\" sizes=\"(max-width: 898px) 100vw, 898px\" \/>\t\t\t\t\t\t\t\t\t\t\t\t\t\t\t<\/div>\n\t\t\t\t<\/div>\n\t\t\t\t<\/div>\n\t\t<div class=\"elementor-element elementor-element-9e85631 e-con-full e-flex e-con e-child\" data-id=\"9e85631\" data-element_type=\"container\">\n\t\t\t\t<div class=\"elementor-element elementor-element-1316032 elementor-widget elementor-widget-toggle\" data-id=\"1316032\" data-element_type=\"widget\" data-widget_type=\"toggle.default\">\n\t\t\t\t<div class=\"elementor-widget-container\">\n\t\t\t\t\t\t\t<div class=\"elementor-toggle\">\n\t\t\t\t\t\t\t<div class=\"elementor-toggle-item\">\n\t\t\t\t\t<div id=\"elementor-tab-title-2001\" class=\"elementor-tab-title\" data-tab=\"1\" role=\"button\" aria-controls=\"elementor-tab-content-2001\" aria-expanded=\"false\">\n\t\t\t\t\t\t\t\t\t\t\t\t<span class=\"elementor-toggle-icon elementor-toggle-icon-left\" aria-hidden=\"true\">\n\t\t\t\t\t\t\t\t\t\t\t\t\t\t\t<span class=\"elementor-toggle-icon-closed\"><i class=\"fas fa-caret-right\"><\/i><\/span>\n\t\t\t\t\t\t\t\t<span class=\"elementor-toggle-icon-opened\"><i class=\"elementor-toggle-icon-opened fas fa-caret-up\"><\/i><\/span>\n\t\t\t\t\t\t\t\t\t\t\t\t\t<\/span>\n\t\t\t\t\t\t\t\t\t\t\t\t<a class=\"elementor-toggle-title\" tabindex=\"0\">Aim <\/a>\n\t\t\t\t\t<\/div>\n\n\t\t\t\t\t<div id=\"elementor-tab-content-2001\" class=\"elementor-tab-content elementor-clearfix\" data-tab=\"1\" role=\"region\" aria-labelledby=\"elementor-tab-title-2001\"><p style=\"text-align: justify;\"><span style=\"font-weight: 400;\">With this initiative, the economic conditions, social and coexistence practices of 713 people in conditions of displacement and vulnerability are improved, through the implementation of a business development and income generation program for 150 families in the urban area of the municipality of Santiago de Cali Valle del Cauca.<\/span><\/p><\/div>\n\t\t\t\t<\/div>\n\t\t\t\t\t\t\t<div class=\"elementor-toggle-item\">\n\t\t\t\t\t<div id=\"elementor-tab-title-2002\" class=\"elementor-tab-title\" data-tab=\"2\" role=\"button\" aria-controls=\"elementor-tab-content-2002\" aria-expanded=\"false\">\n\t\t\t\t\t\t\t\t\t\t\t\t<span class=\"elementor-toggle-icon elementor-toggle-icon-left\" aria-hidden=\"true\">\n\t\t\t\t\t\t\t\t\t\t\t\t\t\t\t<span class=\"elementor-toggle-icon-closed\"><i class=\"fas fa-caret-right\"><\/i><\/span>\n\t\t\t\t\t\t\t\t<span class=\"elementor-toggle-icon-opened\"><i class=\"elementor-toggle-icon-opened fas fa-caret-up\"><\/i><\/span>\n\t\t\t\t\t\t\t\t\t\t\t\t\t<\/span>\n\t\t\t\t\t\t\t\t\t\t\t\t<a class=\"elementor-toggle-title\" tabindex=\"0\">Specific objectives<\/a>\n\t\t\t\t\t<\/div>\n\n\t\t\t\t\t<div id=\"elementor-tab-content-2002\" class=\"elementor-tab-content elementor-clearfix\" data-tab=\"2\" role=\"region\" aria-labelledby=\"elementor-tab-title-2002\"><ul>\n \t<li style=\"font-weight: 400; text-align: justify;\" aria-level=\"1\"><span style=\"font-weight: 400;\">Provide tools to strengthen social and personal skills, leading them to a process that allows them to resignify their current situation and visualize an opportunity for change and growth.<\/span><\/li>\n \t<li style=\"font-weight: 400; text-align: justify;\" aria-level=\"1\"><span style=\"font-weight: 400;\">Define occupational alternatives to be implemented in 50 productive units, through processes of awareness, characterization, evaluation of competencies, design of the management plan and business development.<\/span><\/li>\n \t<li style=\"font-weight: 400; text-align: justify;\" aria-level=\"1\"><span style=\"font-weight: 400;\">Strengthen the business development of 100 existing productive units, promoting their administrative and commercial management.<\/span><\/li>\n<\/ul><\/div>\n\t\t\t\t<\/div>\n\t\t\t\t\t\t\t<div class=\"elementor-toggle-item\">\n\t\t\t\t\t<div id=\"elementor-tab-title-2003\" class=\"elementor-tab-title\" data-tab=\"3\" role=\"button\" aria-controls=\"elementor-tab-content-2003\" aria-expanded=\"false\">\n\t\t\t\t\t\t\t\t\t\t\t\t<span class=\"elementor-toggle-icon elementor-toggle-icon-left\" aria-hidden=\"true\">\n\t\t\t\t\t\t\t\t\t\t\t\t\t\t\t<span class=\"elementor-toggle-icon-closed\"><i class=\"fas fa-caret-right\"><\/i><\/span>\n\t\t\t\t\t\t\t\t<span class=\"elementor-toggle-icon-opened\"><i class=\"elementor-toggle-icon-opened fas fa-caret-up\"><\/i><\/span>\n\t\t\t\t\t\t\t\t\t\t\t\t\t<\/span>\n\t\t\t\t\t\t\t\t\t\t\t\t<a class=\"elementor-toggle-title\" tabindex=\"0\">Beneficiaries<\/a>\n\t\t\t\t\t<\/div>\n\n\t\t\t\t\t<div id=\"elementor-tab-content-2003\" class=\"elementor-tab-content elementor-clearfix\" data-tab=\"3\" role=\"region\" aria-labelledby=\"elementor-tab-title-2003\"><p style=\"text-align: justify;\"><span style=\"font-weight: 400;\">The project will directly benefit 713 people grouped into 150 families of socioeconomic strata 1 and 2, located in Potrero Grande and surrounding areas willing to implement a productive project.<\/span><\/p><\/div>\n\t\t\t\t<\/div>\n\t\t\t\t\t\t\t<div class=\"elementor-toggle-item\">\n\t\t\t\t\t<div id=\"elementor-tab-title-2004\" class=\"elementor-tab-title\" data-tab=\"4\" role=\"button\" aria-controls=\"elementor-tab-content-2004\" aria-expanded=\"false\">\n\t\t\t\t\t\t\t\t\t\t\t\t<span class=\"elementor-toggle-icon elementor-toggle-icon-left\" aria-hidden=\"true\">\n\t\t\t\t\t\t\t\t\t\t\t\t\t\t\t<span class=\"elementor-toggle-icon-closed\"><i class=\"fas fa-caret-right\"><\/i><\/span>\n\t\t\t\t\t\t\t\t<span class=\"elementor-toggle-icon-opened\"><i class=\"elementor-toggle-icon-opened fas fa-caret-up\"><\/i><\/span>\n\t\t\t\t\t\t\t\t\t\t\t\t\t<\/span>\n\t\t\t\t\t\t\t\t\t\t\t\t<a class=\"elementor-toggle-title\" tabindex=\"0\">location and duration<\/a>\n\t\t\t\t\t<\/div>\n\n\t\t\t\t\t<div id=\"elementor-tab-content-2004\" class=\"elementor-tab-content elementor-clearfix\" data-tab=\"4\" role=\"region\" aria-labelledby=\"elementor-tab-title-2004\"><p><span style=\"font-weight: 400;\">The project will be executed for 15 months, starting in August 2009, in the Potrero Grande urbanization.<\/span><\/p><\/div>\n\t\t\t\t<\/div>\n\t\t\t\t\t\t\t<div class=\"elementor-toggle-item\">\n\t\t\t\t\t<div id=\"elementor-tab-title-2005\" class=\"elementor-tab-title\" data-tab=\"5\" role=\"button\" aria-controls=\"elementor-tab-content-2005\" aria-expanded=\"false\">\n\t\t\t\t\t\t\t\t\t\t\t\t<span class=\"elementor-toggle-icon elementor-toggle-icon-left\" aria-hidden=\"true\">\n\t\t\t\t\t\t\t\t\t\t\t\t\t\t\t<span class=\"elementor-toggle-icon-closed\"><i class=\"fas fa-caret-right\"><\/i><\/span>\n\t\t\t\t\t\t\t\t<span class=\"elementor-toggle-icon-opened\"><i class=\"elementor-toggle-icon-opened fas fa-caret-up\"><\/i><\/span>\n\t\t\t\t\t\t\t\t\t\t\t\t\t<\/span>\n\t\t\t\t\t\t\t\t\t\t\t\t<a class=\"elementor-toggle-title\" tabindex=\"0\">Lines of intervention<\/a>\n\t\t\t\t\t<\/div>\n\n\t\t\t\t\t<div id=\"elementor-tab-content-2005\" class=\"elementor-tab-content elementor-clearfix\" data-tab=\"5\" role=\"region\" aria-labelledby=\"elementor-tab-title-2005\"><ul>\n \t<li style=\"text-align: justify;\"><span style=\"font-weight: 400;\">Strategic line 1. Human training for development. In order to strengthen and create adequate spaces for participation and coexistence, training activities are planned to help beneficiaries appropriate their human dimension and recognize themselves as members of a community, and identify an opportunity of change and growth.<\/span><\/li>\n \t<li style=\"font-weight: 400; text-align: justify;\" aria-level=\"1\"><span style=\"font-weight: 400;\">Strategic line 2. Comprehensive training for entrepreneurship and the strengthening of productive units. Strengthen the entrepreneurial capacity of the beneficiaries and facilitate the formation of new enterprises and the strengthening of existing productive projects for the generation of self-employment.<\/span><\/li>\n \t<li style=\"font-weight: 400; text-align: justify;\" aria-level=\"1\"><span style=\"font-weight: 400;\">Strategic line 3. Establishment and monitoring of business projects. Accompaniment for the establishment of income generation projects, during the implementation of the business program and carrying out the established evaluation processes.<\/span><\/li>\n<\/ul><\/div>\n\t\t\t\t<\/div>\n\t\t\t\t\t\t\t<div class=\"elementor-toggle-item\">\n\t\t\t\t\t<div id=\"elementor-tab-title-2006\" class=\"elementor-tab-title\" data-tab=\"6\" role=\"button\" aria-controls=\"elementor-tab-content-2006\" aria-expanded=\"false\">\n\t\t\t\t\t\t\t\t\t\t\t\t<span class=\"elementor-toggle-icon elementor-toggle-icon-left\" aria-hidden=\"true\">\n\t\t\t\t\t\t\t\t\t\t\t\t\t\t\t<span class=\"elementor-toggle-icon-closed\"><i class=\"fas fa-caret-right\"><\/i><\/span>\n\t\t\t\t\t\t\t\t<span class=\"elementor-toggle-icon-opened\"><i class=\"elementor-toggle-icon-opened fas fa-caret-up\"><\/i><\/span>\n\t\t\t\t\t\t\t\t\t\t\t\t\t<\/span>\n\t\t\t\t\t\t\t\t\t\t\t\t<a class=\"elementor-toggle-title\" tabindex=\"0\">Funding for implementation<\/a>\n\t\t\t\t\t<\/div>\n\n\t\t\t\t\t<div id=\"elementor-tab-content-2006\" class=\"elementor-tab-content elementor-clearfix\" data-tab=\"6\" role=\"region\" aria-labelledby=\"elementor-tab-title-2006\"><table style=\"border-collapse:collapse;border-spacing:0;table-layout: fixed; width: 100%\" class=\"tg\"><colgroup><col style=\"width: 50%\"><col style=\"width: 50%\"><\/colgroup><thead><tr><th style=\"background-color:#FFF;border-color:black;border-style:solid;border-width:1px;color:#7A7A7A;font-weight:bold;overflow:hidden;padding:10px 5px;text-align:left;vertical-align:center;word-break:normal\">Institution<\/th><th style=\"background-color:#FFF;border-color:black;border-style:solid;border-width:1px;color:#7A7A7A;font-weight:bold;overflow:hidden;padding:10px 5px;text-align:left;vertical-align:center;word-break:normal\">Contribution value in pesos<\/th><\/tr><\/thead><tbody><tr><td style=\"background-color:#FFF;border-color:black;border-style:solid;border-width:1px;color:#7A7A7A;overflow:hidden;padding:10px 5px;text-align:left;vertical-align:center;word-break:normal\"><span style=\"font-weight:400\">Ministry of Commerce, Industry and Tourism \u2013 Fomipyme<\/span><\/td><td style=\"background-color:#FFF;border-color:black;border-style:solid;border-width:1px;color:#7A7A7A;overflow:hidden;padding:10px 5px;text-align:left;vertical-align:center;word-break:normal\"><span style=\"font-weight:400\">$ 200.892.513<\/span><\/td><\/tr><tr><td style=\"background-color:#FFF;border-color:black;border-style:solid;border-width:1px;color:#7A7A7A;overflow:hidden;padding:10px 5px;text-align:left;vertical-align:center;word-break:normal\"><span style=\"font-weight:400\">USAID-IOM<\/span><\/td><td style=\"background-color:#FFF;border-color:black;border-style:solid;border-width:1px;color:#7A7A7A;overflow:hidden;padding:10px 5px;text-align:left;vertical-align:center;word-break:normal\"><span style=\"font-weight:400\">$ 229.322.113<\/span><\/td><\/tr><tr><td style=\"background-color:#FFF;border-color:black;border-style:solid;border-width:1px;color:#7A7A7A;overflow:hidden;padding:10px 5px;text-align:left;vertical-align:center;word-break:normal\"><span style=\"font-weight:400\">Comfenalco Valley<\/span><\/td><td style=\"background-color:#FFF;border-color:black;border-style:solid;border-width:1px;color:#7A7A7A;overflow:hidden;padding:10px 5px;text-align:left;vertical-align:center;word-break:normal\"><span style=\"font-weight:400\">$ 40.741.600<\/span><\/td><\/tr><tr><td style=\"background-color:#FFF;border-color:black;border-style:solid;border-width:1px;color:#7A7A7A;font-weight:bold;overflow:hidden;padding:10px 5px;text-align:left;vertical-align:center;word-break:normal\">Total value of the project<\/td><td style=\"background-color:#FFF;border-color:black;border-style:solid;border-width:1px;color:#7A7A7A;font-weight:bold;overflow:hidden;padding:10px 5px;text-align:left;vertical-align:center;word-break:normal\">$ 470.956.226<\/td><\/tr><\/tbody><\/table><\/div>\n\t\t\t\t<\/div>\n\t\t\t\t\t\t\t\t<\/div>\n\t\t\t\t\t\t<\/div>\n\t\t\t\t<\/div>\n\t\t\t\t<\/div>\n\t\t\t\t\t<\/div>\n\t\t\t\t<\/section>\n\t\t<div class=\"elementor-element elementor-element-08ff725 e-con-full e-flex e-con e-child\" data-id=\"08ff725\" data-element_type=\"container\">\n\t\t\t\t<div class=\"elementor-element elementor-element-3e1366c elementor-align-justify elementor-widget elementor-widget-button\" data-id=\"3e1366c\" data-element_type=\"widget\" data-widget_type=\"button.default\">\n\t\t\t\t<div class=\"elementor-widget-container\">\n\t\t\t\t\t\t\t\t\t<div class=\"elementor-button-wrapper\">\n\t\t\t\t\t<a class=\"elementor-button elementor-button-link elementor-size-lg elementor-animation-shrink\" href=\"https:\/\/test.comfenalcovalle.com.co\/en\/personas\/cooperacion-nacional-e-internacional\/lista-de-proyectos\/\">\n\t\t\t\t\t\t<span class=\"elementor-button-content-wrapper\">\n\t\t\t\t\t\t<span class=\"elementor-button-icon\">\n\t\t\t\t<i aria-hidden=\"true\" class=\"fas fa-backward\"><\/i>\t\t\t<\/span>\n\t\t\t\t\t\t\t\t\t<span class=\"elementor-button-text\">Regresar<\/span>\n\t\t\t\t\t<\/span>\n\t\t\t\t\t<\/a>\n\t\t\t\t<\/div>\n\t\t\t\t\t\t\t\t<\/div>\n\t\t\t\t<\/div>\n\t\t\t\t<div class=\"elementor-element elementor-element-d81f9ab elementor-align-justify elementor-widget elementor-widget-button\" data-id=\"d81f9ab\" data-element_type=\"widget\" data-widget_type=\"button.default\">\n\t\t\t\t<div class=\"elementor-widget-container\">\n\t\t\t\t\t\t\t\t\t<div class=\"elementor-button-wrapper\">\n\t\t\t\t\t<a class=\"elementor-button elementor-button-link elementor-size-lg elementor-animation-shrink\" href=\"#top\">\n\t\t\t\t\t\t<span class=\"elementor-button-content-wrapper\">\n\t\t\t\t\t\t<span class=\"elementor-button-icon\">\n\t\t\t\t<i aria-hidden=\"true\" class=\"fas fa-angle-double-up\"><\/i>\t\t\t<\/span>\n\t\t\t\t\t\t\t\t\t<span class=\"elementor-button-text\">Subir<\/span>\n\t\t\t\t\t<\/span>\n\t\t\t\t\t<\/a>\n\t\t\t\t<\/div>\n\t\t\t\t\t\t\t\t<\/div>\n\t\t\t\t<\/div>\n\t\t\t\t<\/div>\n\t\t\t\t\t<\/div>\n\t\t\t\t<\/main>\n\t\t\t\t<\/div>","protected":false},"excerpt":{"rendered":"<p>Inicio El proyecto \u201cAporte en la Atenci\u00f3n Integral y en la Generaci\u00f3n de Ingresos de 150 familias desplazadas del \u00e1rea urbana del municipio de Santiago de Cali\u201d, es el resultado de la\u00a0propuesta presentada por la Caja de Compensaci\u00f3n Familiar Comfenalco Valle, en el marco de la convocatoria Fomipyme &#8211; OIM del Ministerio de Comercio, Industria [&hellip;]<\/p>","protected":false},"author":1,"featured_media":17415,"parent":10938,"menu_order":0,"comment_status":"closed","ping_status":"closed","template":"elementor_header_footer","meta":{"footnotes":""},"class_list":["post-12311","page","type-page","status-publish","has-post-thumbnail","hentry"],"yoast_head":"<!-- This site is optimized with the Yoast SEO Premium plugin v25.9 (Yoast SEO v25.9) - https:\/\/yoast.com\/wordpress\/plugins\/seo\/ -->\n<title>Generaci\u00f3n de ingresos para poblaci\u00f3n desplazadas relocalizada en potrero grande - Comfenalco Valle Delagente<\/title>\n<meta name=\"description\" content=\"El proyecto \u201cAporte en la Atenci\u00f3n Integral y en la Generaci\u00f3n de Ingresos de 150 familias desplazadas del \u00e1rea urbana del municipio de Santiago de Cali...\" \/>\n<meta name=\"robots\" content=\"index, follow, max-snippet:-1, max-image-preview:large, max-video-preview:-1\" \/>\n<link rel=\"canonical\" href=\"https:\/\/www.comfenalcovalle.com.co\/personas\/cooperacion-nacional-e-internacional\/lista-de-proyectos\/aporte-en-la-atencion-integral-y-en-la-generacion-de-ingresos\/\" \/>\n<meta property=\"og:locale\" content=\"en_US\" \/>\n<meta property=\"og:type\" content=\"article\" \/>\n<meta property=\"og:title\" content=\"Generaci\u00f3n de ingresos para poblaci\u00f3n desplazadas relocalizada en potrero grande\" \/>\n<meta property=\"og:description\" content=\"El proyecto \u201cAporte en la Atenci\u00f3n Integral y en la Generaci\u00f3n de Ingresos de 150 familias desplazadas del \u00e1rea urbana del municipio de Santiago de Cali...\" \/>\n<meta property=\"og:url\" content=\"https:\/\/www.comfenalcovalle.com.co\/personas\/cooperacion-nacional-e-internacional\/lista-de-proyectos\/aporte-en-la-atencion-integral-y-en-la-generacion-de-ingresos\/\" \/>\n<meta property=\"og:site_name\" content=\"Comfenalco Valle Delagente\" \/>\n<meta property=\"article:modified_time\" content=\"2026-04-15T14:24:16+00:00\" \/>\n<meta property=\"og:image\" content=\"https:\/\/www.comfenalcovalle.com.co\/wp-content\/uploads\/2021\/04\/Aporte-en-la-Atencio\u0301n-Integral-y-en-la-Generacio\u0301n-de-Ingresos-1.png\" \/>\n\t<meta property=\"og:image:width\" content=\"898\" \/>\n\t<meta property=\"og:image:height\" content=\"569\" \/>\n\t<meta property=\"og:image:type\" content=\"image\/png\" \/>\n<meta name=\"twitter:card\" content=\"summary_large_image\" \/>\n<meta name=\"twitter:label1\" content=\"Est. reading time\" \/>\n\t<meta name=\"twitter:data1\" content=\"3 minutes\" \/>\n<script type=\"application\/ld+json\" class=\"yoast-schema-graph\">{\"@context\":\"https:\/\/schema.org\",\"@graph\":[{\"@type\":\"WebPage\",\"@id\":\"https:\/\/www.comfenalcovalle.com.co\/personas\/cooperacion-nacional-e-internacional\/lista-de-proyectos\/aporte-en-la-atencion-integral-y-en-la-generacion-de-ingresos\/\",\"url\":\"https:\/\/www.comfenalcovalle.com.co\/personas\/cooperacion-nacional-e-internacional\/lista-de-proyectos\/aporte-en-la-atencion-integral-y-en-la-generacion-de-ingresos\/\",\"name\":\"Generaci\u00f3n de ingresos para poblaci\u00f3n desplazadas relocalizada en potrero grande - Comfenalco Valle Delagente\",\"isPartOf\":{\"@id\":\"https:\/\/www.comfenalcovalle.com.co\/#website\"},\"primaryImageOfPage\":{\"@id\":\"https:\/\/www.comfenalcovalle.com.co\/personas\/cooperacion-nacional-e-internacional\/lista-de-proyectos\/aporte-en-la-atencion-integral-y-en-la-generacion-de-ingresos\/#primaryimage\"},\"image\":{\"@id\":\"https:\/\/www.comfenalcovalle.com.co\/personas\/cooperacion-nacional-e-internacional\/lista-de-proyectos\/aporte-en-la-atencion-integral-y-en-la-generacion-de-ingresos\/#primaryimage\"},\"thumbnailUrl\":\"https:\/\/test.comfenalcovalle.com.co\/wp-content\/uploads\/2021\/04\/Aporte-en-la-Atencio\u0301n-Integral-y-en-la-Generacio\u0301n-de-Ingresos-1.png\",\"datePublished\":\"2021-02-03T13:36:07+00:00\",\"dateModified\":\"2026-04-15T14:24:16+00:00\",\"description\":\"El proyecto \u201cAporte en la Atenci\u00f3n Integral y en la Generaci\u00f3n de Ingresos de 150 familias desplazadas del \u00e1rea urbana del municipio de Santiago de Cali...\",\"breadcrumb\":{\"@id\":\"https:\/\/www.comfenalcovalle.com.co\/personas\/cooperacion-nacional-e-internacional\/lista-de-proyectos\/aporte-en-la-atencion-integral-y-en-la-generacion-de-ingresos\/#breadcrumb\"},\"inLanguage\":\"en-US\",\"potentialAction\":[{\"@type\":\"ReadAction\",\"target\":[\"https:\/\/www.comfenalcovalle.com.co\/personas\/cooperacion-nacional-e-internacional\/lista-de-proyectos\/aporte-en-la-atencion-integral-y-en-la-generacion-de-ingresos\/\"]}]},{\"@type\":\"ImageObject\",\"inLanguage\":\"en-US\",\"@id\":\"https:\/\/www.comfenalcovalle.com.co\/personas\/cooperacion-nacional-e-internacional\/lista-de-proyectos\/aporte-en-la-atencion-integral-y-en-la-generacion-de-ingresos\/#primaryimage\",\"url\":\"https:\/\/test.comfenalcovalle.com.co\/wp-content\/uploads\/2021\/04\/Aporte-en-la-Atencio\u0301n-Integral-y-en-la-Generacio\u0301n-de-Ingresos-1.png\",\"contentUrl\":\"https:\/\/test.comfenalcovalle.com.co\/wp-content\/uploads\/2021\/04\/Aporte-en-la-Atencio\u0301n-Integral-y-en-la-Generacio\u0301n-de-Ingresos-1.png\",\"width\":898,\"height\":569,\"caption\":\"Aporte en la Atencio\u0301n Integral y en la Generacio\u0301n de Ingresos 1\"},{\"@type\":\"BreadcrumbList\",\"@id\":\"https:\/\/www.comfenalcovalle.com.co\/personas\/cooperacion-nacional-e-internacional\/lista-de-proyectos\/aporte-en-la-atencion-integral-y-en-la-generacion-de-ingresos\/#breadcrumb\",\"itemListElement\":[{\"@type\":\"ListItem\",\"position\":1,\"name\":\"Portada\",\"item\":\"https:\/\/www.comfenalcovalle.com.co\/\"},{\"@type\":\"ListItem\",\"position\":2,\"name\":\"Personas\",\"item\":\"https:\/\/www.comfenalcovalle.com.co\/\"},{\"@type\":\"ListItem\",\"position\":3,\"name\":\"Cooperaci\u00f3n, Proyectos Sociales y Sostenibilidad\",\"item\":\"https:\/\/www.comfenalcovalle.com.co\/personas\/cooperacion-nacional-e-internacional\/\"},{\"@type\":\"ListItem\",\"position\":4,\"name\":\"Lista de proyectos\",\"item\":\"https:\/\/www.comfenalcovalle.com.co\/personas\/cooperacion-nacional-e-internacional\/lista-de-proyectos\/\"},{\"@type\":\"ListItem\",\"position\":5,\"name\":\"Generaci\u00f3n de ingresos para poblaci\u00f3n desplazadas relocalizada en potrero grande\"}]},{\"@type\":\"WebSite\",\"@id\":\"https:\/\/www.comfenalcovalle.com.co\/#website\",\"url\":\"https:\/\/www.comfenalcovalle.com.co\/\",\"name\":\"Comfenalco Valle Delagente\",\"description\":\"Caja de compensaci\u00f3n de Comfenalco Valle Delagente.\",\"publisher\":{\"@id\":\"https:\/\/www.comfenalcovalle.com.co\/#organization\"},\"potentialAction\":[{\"@type\":\"SearchAction\",\"target\":{\"@type\":\"EntryPoint\",\"urlTemplate\":\"https:\/\/www.comfenalcovalle.com.co\/?s={search_term_string}\"},\"query-input\":{\"@type\":\"PropertyValueSpecification\",\"valueRequired\":true,\"valueName\":\"search_term_string\"}}],\"inLanguage\":\"en-US\"},{\"@type\":\"Organization\",\"@id\":\"https:\/\/www.comfenalcovalle.com.co\/#organization\",\"name\":\"Comfenalco Valle Delagente\",\"url\":\"https:\/\/www.comfenalcovalle.com.co\/\",\"logo\":{\"@type\":\"ImageObject\",\"inLanguage\":\"en-US\",\"@id\":\"https:\/\/www.comfenalcovalle.com.co\/#\/schema\/logo\/image\/\",\"url\":\"https:\/\/test.comfenalcovalle.com.co\/wp-content\/uploads\/2021\/06\/logo-comfe-cabecera-agencia-empelo-actualizado.png\",\"contentUrl\":\"https:\/\/test.comfenalcovalle.com.co\/wp-content\/uploads\/2021\/06\/logo-comfe-cabecera-agencia-empelo-actualizado.png\",\"width\":500,\"height\":184,\"caption\":\"Comfenalco Valle Delagente\"},\"image\":{\"@id\":\"https:\/\/www.comfenalcovalle.com.co\/#\/schema\/logo\/image\/\"}}]}<\/script>\n<!-- \/ Yoast SEO Premium plugin. -->","yoast_head_json":{"title":"Generaci\u00f3n de ingresos para poblaci\u00f3n desplazadas relocalizada en potrero grande - Comfenalco Valle Delagente","description":"El proyecto \u201cAporte en la Atenci\u00f3n Integral y en la Generaci\u00f3n de Ingresos de 150 familias desplazadas del \u00e1rea urbana del municipio de Santiago de Cali...","robots":{"index":"index","follow":"follow","max-snippet":"max-snippet:-1","max-image-preview":"max-image-preview:large","max-video-preview":"max-video-preview:-1"},"canonical":"https:\/\/www.comfenalcovalle.com.co\/personas\/cooperacion-nacional-e-internacional\/lista-de-proyectos\/aporte-en-la-atencion-integral-y-en-la-generacion-de-ingresos\/","og_locale":"en_US","og_type":"article","og_title":"Generaci\u00f3n de ingresos para poblaci\u00f3n desplazadas relocalizada en potrero grande","og_description":"El proyecto \u201cAporte en la Atenci\u00f3n Integral y en la Generaci\u00f3n de Ingresos de 150 familias desplazadas del \u00e1rea urbana del municipio de Santiago de Cali...","og_url":"https:\/\/www.comfenalcovalle.com.co\/personas\/cooperacion-nacional-e-internacional\/lista-de-proyectos\/aporte-en-la-atencion-integral-y-en-la-generacion-de-ingresos\/","og_site_name":"Comfenalco Valle Delagente","article_modified_time":"2026-04-15T14:24:16+00:00","og_image":[{"width":898,"height":569,"url":"https:\/\/www.comfenalcovalle.com.co\/wp-content\/uploads\/2021\/04\/Aporte-en-la-Atencio\u0301n-Integral-y-en-la-Generacio\u0301n-de-Ingresos-1.png","type":"image\/png"}],"twitter_card":"summary_large_image","twitter_misc":{"Est. reading time":"3 minutes"},"schema":{"@context":"https:\/\/schema.org","@graph":[{"@type":"WebPage","@id":"https:\/\/www.comfenalcovalle.com.co\/personas\/cooperacion-nacional-e-internacional\/lista-de-proyectos\/aporte-en-la-atencion-integral-y-en-la-generacion-de-ingresos\/","url":"https:\/\/www.comfenalcovalle.com.co\/personas\/cooperacion-nacional-e-internacional\/lista-de-proyectos\/aporte-en-la-atencion-integral-y-en-la-generacion-de-ingresos\/","name":"Generaci\u00f3n de ingresos para poblaci\u00f3n desplazadas relocalizada en potrero grande - Comfenalco Valle Delagente","isPartOf":{"@id":"https:\/\/www.comfenalcovalle.com.co\/#website"},"primaryImageOfPage":{"@id":"https:\/\/www.comfenalcovalle.com.co\/personas\/cooperacion-nacional-e-internacional\/lista-de-proyectos\/aporte-en-la-atencion-integral-y-en-la-generacion-de-ingresos\/#primaryimage"},"image":{"@id":"https:\/\/www.comfenalcovalle.com.co\/personas\/cooperacion-nacional-e-internacional\/lista-de-proyectos\/aporte-en-la-atencion-integral-y-en-la-generacion-de-ingresos\/#primaryimage"},"thumbnailUrl":"https:\/\/test.comfenalcovalle.com.co\/wp-content\/uploads\/2021\/04\/Aporte-en-la-Atencio\u0301n-Integral-y-en-la-Generacio\u0301n-de-Ingresos-1.png","datePublished":"2021-02-03T13:36:07+00:00","dateModified":"2026-04-15T14:24:16+00:00","description":"El proyecto \u201cAporte en la Atenci\u00f3n Integral y en la Generaci\u00f3n de Ingresos de 150 familias desplazadas del \u00e1rea urbana del municipio de Santiago de Cali...","breadcrumb":{"@id":"https:\/\/www.comfenalcovalle.com.co\/personas\/cooperacion-nacional-e-internacional\/lista-de-proyectos\/aporte-en-la-atencion-integral-y-en-la-generacion-de-ingresos\/#breadcrumb"},"inLanguage":"en-US","potentialAction":[{"@type":"ReadAction","target":["https:\/\/www.comfenalcovalle.com.co\/personas\/cooperacion-nacional-e-internacional\/lista-de-proyectos\/aporte-en-la-atencion-integral-y-en-la-generacion-de-ingresos\/"]}]},{"@type":"ImageObject","inLanguage":"en-US","@id":"https:\/\/www.comfenalcovalle.com.co\/personas\/cooperacion-nacional-e-internacional\/lista-de-proyectos\/aporte-en-la-atencion-integral-y-en-la-generacion-de-ingresos\/#primaryimage","url":"https:\/\/test.comfenalcovalle.com.co\/wp-content\/uploads\/2021\/04\/Aporte-en-la-Atencio\u0301n-Integral-y-en-la-Generacio\u0301n-de-Ingresos-1.png","contentUrl":"https:\/\/test.comfenalcovalle.com.co\/wp-content\/uploads\/2021\/04\/Aporte-en-la-Atencio\u0301n-Integral-y-en-la-Generacio\u0301n-de-Ingresos-1.png","width":898,"height":569,"caption":"Aporte en la Atencio\u0301n Integral y en la Generacio\u0301n de Ingresos 1"},{"@type":"BreadcrumbList","@id":"https:\/\/www.comfenalcovalle.com.co\/personas\/cooperacion-nacional-e-internacional\/lista-de-proyectos\/aporte-en-la-atencion-integral-y-en-la-generacion-de-ingresos\/#breadcrumb","itemListElement":[{"@type":"ListItem","position":1,"name":"Portada","item":"https:\/\/www.comfenalcovalle.com.co\/"},{"@type":"ListItem","position":2,"name":"Personas","item":"https:\/\/www.comfenalcovalle.com.co\/"},{"@type":"ListItem","position":3,"name":"Cooperaci\u00f3n, Proyectos Sociales y Sostenibilidad","item":"https:\/\/www.comfenalcovalle.com.co\/personas\/cooperacion-nacional-e-internacional\/"},{"@type":"ListItem","position":4,"name":"Lista de proyectos","item":"https:\/\/www.comfenalcovalle.com.co\/personas\/cooperacion-nacional-e-internacional\/lista-de-proyectos\/"},{"@type":"ListItem","position":5,"name":"Generaci\u00f3n de ingresos para poblaci\u00f3n desplazadas relocalizada en potrero grande"}]},{"@type":"WebSite","@id":"https:\/\/www.comfenalcovalle.com.co\/#website","url":"https:\/\/www.comfenalcovalle.com.co\/","name":"Comfenalco Valle Delagente","description":"Comfenalco Valle Delagente compensation fund.","publisher":{"@id":"https:\/\/www.comfenalcovalle.com.co\/#organization"},"potentialAction":[{"@type":"SearchAction","target":{"@type":"EntryPoint","urlTemplate":"https:\/\/www.comfenalcovalle.com.co\/?s={search_term_string}"},"query-input":{"@type":"PropertyValueSpecification","valueRequired":true,"valueName":"search_term_string"}}],"inLanguage":"en-US"},{"@type":"Organization","@id":"https:\/\/www.comfenalcovalle.com.co\/#organization","name":"Comfenalco Valle Delagente","url":"https:\/\/www.comfenalcovalle.com.co\/","logo":{"@type":"ImageObject","inLanguage":"en-US","@id":"https:\/\/www.comfenalcovalle.com.co\/#\/schema\/logo\/image\/","url":"https:\/\/test.comfenalcovalle.com.co\/wp-content\/uploads\/2021\/06\/logo-comfe-cabecera-agencia-empelo-actualizado.png","contentUrl":"https:\/\/test.comfenalcovalle.com.co\/wp-content\/uploads\/2021\/06\/logo-comfe-cabecera-agencia-empelo-actualizado.png","width":500,"height":184,"caption":"Comfenalco Valle Delagente"},"image":{"@id":"https:\/\/www.comfenalcovalle.com.co\/#\/schema\/logo\/image\/"}}]}},"publishpress_future_action":{"enabled":false,"date":"2026-05-08 09:42:42","action":"change-status","newStatus":"draft","terms":[],"taxonomy":"","extraData":[]},"publishpress_future_workflow_manual_trigger":{"enabledWorkflows":[]},"_links":{"self":[{"href":"https:\/\/test.comfenalcovalle.com.co\/en\/wp-json\/wp\/v2\/pages\/12311","targetHints":{"allow":["GET"]}}],"collection":[{"href":"https:\/\/test.comfenalcovalle.com.co\/en\/wp-json\/wp\/v2\/pages"}],"about":[{"href":"https:\/\/test.comfenalcovalle.com.co\/en\/wp-json\/wp\/v2\/types\/page"}],"author":[{"embeddable":true,"href":"https:\/\/test.comfenalcovalle.com.co\/en\/wp-json\/wp\/v2\/users\/1"}],"replies":[{"embeddable":true,"href":"https:\/\/test.comfenalcovalle.com.co\/en\/wp-json\/wp\/v2\/comments?post=12311"}],"version-history":[{"count":0,"href":"https:\/\/test.comfenalcovalle.com.co\/en\/wp-json\/wp\/v2\/pages\/12311\/revisions"}],"up":[{"embeddable":true,"href":"https:\/\/test.comfenalcovalle.com.co\/en\/wp-json\/wp\/v2\/pages\/10938"}],"wp:featuredmedia":[{"embeddable":true,"href":"https:\/\/test.comfenalcovalle.com.co\/en\/wp-json\/wp\/v2\/media\/17415"}],"wp:attachment":[{"href":"https:\/\/test.comfenalcovalle.com.co\/en\/wp-json\/wp\/v2\/media?parent=12311"}],"curies":[{"name":"wp","href":"https:\/\/api.w.org\/{rel}","templated":true}]}}