{"id":11258,"date":"2023-03-01T08:00:00","date_gmt":"2023-03-01T13:00:00","guid":{"rendered":"https:\/\/test.comfenalcovalle.com.co\/webredlat\/?page_id=11258"},"modified":"2026-04-09T09:44:29","modified_gmt":"2026-04-09T14:44:29","slug":"historia-de-vida-nubia-chico","status":"publish","type":"page","link":"https:\/\/test.comfenalcovalle.com.co\/en\/personas\/cooperacion-nacional-e-internacional\/historia-de-vida\/historia-de-vida-nubia-chico\/","title":{"rendered":"Life Story Nubian Boy"},"content":{"rendered":"<div data-elementor-type=\"wp-page\" data-elementor-id=\"11258\" class=\"elementor elementor-11258\" data-elementor-post-type=\"page\">\n\t\t\t\t<div class=\"elementor-element elementor-element-87424a0 e-flex e-con-boxed e-con e-parent\" data-id=\"87424a0\" data-element_type=\"container\">\n\t\t\t\t\t<div class=\"e-con-inner\">\n\t\t<div class=\"elementor-element elementor-element-d3a3c46 e-con-full e-flex e-con e-child\" data-id=\"d3a3c46\" data-element_type=\"container\">\n\t\t<div class=\"elementor-element elementor-element-b313123 e-con-full e-flex e-con e-child\" data-id=\"b313123\" data-element_type=\"container\" data-settings=\"{&quot;background_background&quot;:&quot;classic&quot;}\">\n\t\t\t\t<div class=\"elementor-element elementor-element-2ac4c57 elementor-widget elementor-widget-spacer\" data-id=\"2ac4c57\" data-element_type=\"widget\" data-widget_type=\"spacer.default\">\n\t\t\t\t<div class=\"elementor-widget-container\">\n\t\t\t\t\t\t\t<div class=\"elementor-spacer\">\n\t\t\t<div class=\"elementor-spacer-inner\"><\/div>\n\t\t<\/div>\n\t\t\t\t\t\t<\/div>\n\t\t\t\t<\/div>\n\t\t\t\t<\/div>\n\t\t<div class=\"elementor-element elementor-element-ec0726f e-con-full e-flex e-con e-child\" data-id=\"ec0726f\" data-element_type=\"container\">\n\t\t\t\t<div class=\"elementor-element elementor-element-5733cdb jet-breadcrumbs-align-left jet-breadcrumbs-align-mobile-center elementor-widget elementor-widget-jet-breadcrumbs\" data-id=\"5733cdb\" data-element_type=\"widget\" data-widget_type=\"jet-breadcrumbs.default\">\n\t\t\t\t<div class=\"elementor-widget-container\">\n\t\t\t\t\t<div class=\"elementor-jet-breadcrumbs jet-blocks\">\n\t\t<div class=\"jet-breadcrumbs\">\n\t\t<div class=\"jet-breadcrumbs__content\">\n\t\t<div class=\"jet-breadcrumbs__wrap\"><div class=\"jet-breadcrumbs__item\"><a href=\"https:\/\/test.comfenalcovalle.com.co\/en\/\" class=\"jet-breadcrumbs__item-link is-home\" rel=\"home\" title=\"Beginning\">Beginning<\/a><\/div>\n\t\t<\/div>\n\t\t<\/div>\n\t\t<\/div><\/div>\t\t\t\t<\/div>\n\t\t\t\t<\/div>\n\t\t\t\t<div class=\"elementor-element elementor-element-0c97c72 elementor-widget elementor-widget-heading\" data-id=\"0c97c72\" data-element_type=\"widget\" data-widget_type=\"heading.default\">\n\t\t\t\t<div class=\"elementor-widget-container\">\n\t\t\t\t\t<h2 class=\"elementor-heading-title elementor-size-default\">PROJECT 3VA0031<\/h2>\t\t\t\t<\/div>\n\t\t\t\t<\/div>\n\t\t\t\t<div class=\"elementor-element elementor-element-129fd97 elementor-widget elementor-widget-text-editor\" data-id=\"129fd97\" data-element_type=\"widget\" data-widget_type=\"text-editor.default\">\n\t\t\t\t<div class=\"elementor-widget-container\">\n\t\t\t\t\t\t\t\t\t<p>Comprehensive model of socioeconomic restoration for the displaced population, in the city of Cali<\/p>\t\t\t\t\t\t\t\t<\/div>\n\t\t\t\t<\/div>\n\t\t\t\t<\/div>\n\t\t\t\t<\/div>\n\t\t<div class=\"elementor-element elementor-element-ce3a6df e-con-full e-flex e-con e-child\" data-id=\"ce3a6df\" data-element_type=\"container\">\n\t\t\t\t<div class=\"elementor-element elementor-element-348107a elementor-widget elementor-widget-heading\" data-id=\"348107a\" data-element_type=\"widget\" data-widget_type=\"heading.default\">\n\t\t\t\t<div class=\"elementor-widget-container\">\n\t\t\t\t\t<h2 class=\"elementor-heading-title elementor-size-default\">Description:<\/h2>\t\t\t\t<\/div>\n\t\t\t\t<\/div>\n\t\t\t\t<div class=\"elementor-element elementor-element-f7a283c elementor-widget elementor-widget-text-editor\" data-id=\"f7a283c\" data-element_type=\"widget\" data-widget_type=\"text-editor.default\">\n\t\t\t\t<div class=\"elementor-widget-container\">\n\t\t\t\t\t\t\t\t\t<p>Interview made to the participant Gloria Stella Chico and her partner Otoniel.<\/p>\t\t\t\t\t\t\t\t<\/div>\n\t\t\t\t<\/div>\n\t\t\t\t<div class=\"elementor-element elementor-element-765ba75 elementor-widget elementor-widget-toggle\" data-id=\"765ba75\" data-element_type=\"widget\" data-widget_type=\"toggle.default\">\n\t\t\t\t<div class=\"elementor-widget-container\">\n\t\t\t\t\t\t\t<div class=\"elementor-toggle\">\n\t\t\t\t\t\t\t<div class=\"elementor-toggle-item\">\n\t\t\t\t\t<div id=\"elementor-tab-title-1241\" class=\"elementor-tab-title\" data-tab=\"1\" role=\"button\" aria-controls=\"elementor-tab-content-1241\" aria-expanded=\"false\">\n\t\t\t\t\t\t\t\t\t\t\t\t<span class=\"elementor-toggle-icon elementor-toggle-icon-left\" aria-hidden=\"true\">\n\t\t\t\t\t\t\t\t\t\t\t\t\t\t\t<span class=\"elementor-toggle-icon-closed\"><i class=\"fas fa-caret-right\"><\/i><\/span>\n\t\t\t\t\t\t\t\t<span class=\"elementor-toggle-icon-opened\"><i class=\"elementor-toggle-icon-opened fas fa-caret-up\"><\/i><\/span>\n\t\t\t\t\t\t\t\t\t\t\t\t\t<\/span>\n\t\t\t\t\t\t\t\t\t\t\t\t<a class=\"elementor-toggle-title\" tabindex=\"0\">Place of origin:<\/a>\n\t\t\t\t\t<\/div>\n\n\t\t\t\t\t<div id=\"elementor-tab-content-1241\" class=\"elementor-tab-content elementor-clearfix\" data-tab=\"1\" role=\"region\" aria-labelledby=\"elementor-tab-title-1241\"><p style=\"text-align: justify;\">We come from the neighborhood &quot;Los Pinos de Mondomo&quot; in Cauca. Our relationship with the people who live close to us was very good, until we had to leave our farm.<\/p><\/div>\n\t\t\t\t<\/div>\n\t\t\t\t\t\t\t<div class=\"elementor-toggle-item\">\n\t\t\t\t\t<div id=\"elementor-tab-title-1242\" class=\"elementor-tab-title\" data-tab=\"2\" role=\"button\" aria-controls=\"elementor-tab-content-1242\" aria-expanded=\"false\">\n\t\t\t\t\t\t\t\t\t\t\t\t<span class=\"elementor-toggle-icon elementor-toggle-icon-left\" aria-hidden=\"true\">\n\t\t\t\t\t\t\t\t\t\t\t\t\t\t\t<span class=\"elementor-toggle-icon-closed\"><i class=\"fas fa-caret-right\"><\/i><\/span>\n\t\t\t\t\t\t\t\t<span class=\"elementor-toggle-icon-opened\"><i class=\"elementor-toggle-icon-opened fas fa-caret-up\"><\/i><\/span>\n\t\t\t\t\t\t\t\t\t\t\t\t\t<\/span>\n\t\t\t\t\t\t\t\t\t\t\t\t<a class=\"elementor-toggle-title\" tabindex=\"0\">family history<\/a>\n\t\t\t\t\t<\/div>\n\n\t\t\t\t\t<div id=\"elementor-tab-content-1242\" class=\"elementor-tab-content elementor-clearfix\" data-tab=\"2\" role=\"region\" aria-labelledby=\"elementor-tab-title-1242\"><p style=\"text-align: justify;\">We met twenty-three years ago, when I left my house -Otoniel- to look for work, in a village where she lived, called Las Lajas. We went to live together first on the farm where she lived and then on my dad&#039;s. It was there that we had our children and made our home.<\/p><\/div>\n\t\t\t\t<\/div>\n\t\t\t\t\t\t\t<div class=\"elementor-toggle-item\">\n\t\t\t\t\t<div id=\"elementor-tab-title-1243\" class=\"elementor-tab-title\" data-tab=\"3\" role=\"button\" aria-controls=\"elementor-tab-content-1243\" aria-expanded=\"false\">\n\t\t\t\t\t\t\t\t\t\t\t\t<span class=\"elementor-toggle-icon elementor-toggle-icon-left\" aria-hidden=\"true\">\n\t\t\t\t\t\t\t\t\t\t\t\t\t\t\t<span class=\"elementor-toggle-icon-closed\"><i class=\"fas fa-caret-right\"><\/i><\/span>\n\t\t\t\t\t\t\t\t<span class=\"elementor-toggle-icon-opened\"><i class=\"elementor-toggle-icon-opened fas fa-caret-up\"><\/i><\/span>\n\t\t\t\t\t\t\t\t\t\t\t\t\t<\/span>\n\t\t\t\t\t\t\t\t\t\t\t\t<a class=\"elementor-toggle-title\" tabindex=\"0\">Consequences of displacement<\/a>\n\t\t\t\t\t<\/div>\n\n\t\t\t\t\t<div id=\"elementor-tab-content-1243\" class=\"elementor-tab-content elementor-clearfix\" data-tab=\"3\" role=\"region\" aria-labelledby=\"elementor-tab-title-1243\"><p style=\"text-align: justify;\">As a consequence, we had to leave the farm, for not collaborating as informants to groups outside the law. The family was destabilized because we had nothing in Cali. But one of Otoniel&#039;s sisters gave us a place to stay and work in a small jean factory. This allowed us to learn about the business after two years, we could move with it and become business partners.<\/p><\/div>\n\t\t\t\t<\/div>\n\t\t\t\t\t\t\t<div class=\"elementor-toggle-item\">\n\t\t\t\t\t<div id=\"elementor-tab-title-1244\" class=\"elementor-tab-title\" data-tab=\"4\" role=\"button\" aria-controls=\"elementor-tab-content-1244\" aria-expanded=\"false\">\n\t\t\t\t\t\t\t\t\t\t\t\t<span class=\"elementor-toggle-icon elementor-toggle-icon-left\" aria-hidden=\"true\">\n\t\t\t\t\t\t\t\t\t\t\t\t\t\t\t<span class=\"elementor-toggle-icon-closed\"><i class=\"fas fa-caret-right\"><\/i><\/span>\n\t\t\t\t\t\t\t\t<span class=\"elementor-toggle-icon-opened\"><i class=\"elementor-toggle-icon-opened fas fa-caret-up\"><\/i><\/span>\n\t\t\t\t\t\t\t\t\t\t\t\t\t<\/span>\n\t\t\t\t\t\t\t\t\t\t\t\t<a class=\"elementor-toggle-title\" tabindex=\"0\">Effects of the project on family life<\/a>\n\t\t\t\t\t<\/div>\n\n\t\t\t\t\t<div id=\"elementor-tab-content-1244\" class=\"elementor-tab-content elementor-clearfix\" data-tab=\"4\" role=\"region\" aria-labelledby=\"elementor-tab-title-1244\"><p style=\"text-align: justify;\">The project has allowed us to train and has given us tools to advance in the goals we have. Now we want to export the jeans we make and get a decent home for our family.<\/p><\/div>\n\t\t\t\t<\/div>\n\t\t\t\t\t\t\t\t<\/div>\n\t\t\t\t\t\t<\/div>\n\t\t\t\t<\/div>\n\t\t\t\t<\/div>\n\t\t<div class=\"elementor-element elementor-element-b029524 e-con-full e-flex e-con e-child\" data-id=\"b029524\" data-element_type=\"container\">\n\t\t\t\t<div class=\"elementor-element elementor-element-07b71ea elementor-align-justify elementor-widget elementor-widget-button\" data-id=\"07b71ea\" data-element_type=\"widget\" data-widget_type=\"button.default\">\n\t\t\t\t<div class=\"elementor-widget-container\">\n\t\t\t\t\t\t\t\t\t<div class=\"elementor-button-wrapper\">\n\t\t\t\t\t<a class=\"elementor-button elementor-button-link elementor-size-lg elementor-animation-shrink\" href=\"https:\/\/test.comfenalcovalle.com.co\/en\/personas\/cooperacion-nacional-e-internacional\/historia-de-vida\/\">\n\t\t\t\t\t\t<span class=\"elementor-button-content-wrapper\">\n\t\t\t\t\t\t<span class=\"elementor-button-icon\">\n\t\t\t\t<i aria-hidden=\"true\" class=\"fas fa-backward\"><\/i>\t\t\t<\/span>\n\t\t\t\t\t\t\t\t\t<span class=\"elementor-button-text\">Regresar<\/span>\n\t\t\t\t\t<\/span>\n\t\t\t\t\t<\/a>\n\t\t\t\t<\/div>\n\t\t\t\t\t\t\t\t<\/div>\n\t\t\t\t<\/div>\n\t\t\t\t<div class=\"elementor-element elementor-element-86419da elementor-align-justify elementor-widget elementor-widget-button\" data-id=\"86419da\" data-element_type=\"widget\" data-widget_type=\"button.default\">\n\t\t\t\t<div class=\"elementor-widget-container\">\n\t\t\t\t\t\t\t\t\t<div class=\"elementor-button-wrapper\">\n\t\t\t\t\t<a class=\"elementor-button elementor-button-link elementor-size-lg elementor-animation-shrink\" href=\"#top\">\n\t\t\t\t\t\t<span class=\"elementor-button-content-wrapper\">\n\t\t\t\t\t\t<span class=\"elementor-button-icon\">\n\t\t\t\t<i aria-hidden=\"true\" class=\"fas fa-angle-double-up\"><\/i>\t\t\t<\/span>\n\t\t\t\t\t\t\t\t\t<span class=\"elementor-button-text\">Subir<\/span>\n\t\t\t\t\t<\/span>\n\t\t\t\t\t<\/a>\n\t\t\t\t<\/div>\n\t\t\t\t\t\t\t\t<\/div>\n\t\t\t\t<\/div>\n\t\t\t\t<\/div>\n\t\t\t\t\t<\/div>\n\t\t\t\t<\/div>\n\t\t\t\t<\/div>","protected":false},"excerpt":{"rendered":"<p>Inicio PROYECTO 3VA0031 Modelo integral de restablecimiento socioecon\u00f3mico para poblaci\u00f3n en situaci\u00f3n de desplazamiento, en la ciudad de Cali Descripci\u00f3n: Entrevista hecha a la participante Gloria Stella Chico y su compa\u00f1ero Otoniel. Lugar de Procedencia: Nosotros procedemos del barrio \u201cLos Pinos de Mondomo\u201d en el Cauca. Nuestra relaci\u00f3n con las personas que vivan cerca a [&hellip;]<\/p>","protected":false},"author":1,"featured_media":46612,"parent":10950,"menu_order":0,"comment_status":"closed","ping_status":"closed","template":"elementor_header_footer","meta":{"footnotes":""},"class_list":["post-11258","page","type-page","status-publish","has-post-thumbnail","hentry"],"yoast_head":"<!-- This site is optimized with the Yoast SEO Premium plugin v25.9 (Yoast SEO v25.9) - https:\/\/yoast.com\/wordpress\/plugins\/seo\/ -->\n<title>Historia de vida Nubia Chico - Comfenalco Valle Delagente<\/title>\n<meta name=\"description\" content=\"Modelo integral de restablecimiento socioecon\u00f3mico para poblaci\u00f3n en situaci\u00f3n de desplazamiento, en la ciudad de Cali\" \/>\n<meta name=\"robots\" content=\"index, follow, max-snippet:-1, max-image-preview:large, max-video-preview:-1\" \/>\n<link rel=\"canonical\" href=\"https:\/\/www.comfenalcovalle.com.co\/personas\/cooperacion-nacional-e-internacional\/historia-de-vida\/historia-de-vida-nubia-chico\/\" \/>\n<meta property=\"og:locale\" content=\"en_US\" \/>\n<meta property=\"og:type\" content=\"article\" \/>\n<meta property=\"og:title\" content=\"Historia de vida Nubia Chico\" \/>\n<meta property=\"og:description\" content=\"Modelo integral de restablecimiento socioecon\u00f3mico para poblaci\u00f3n en situaci\u00f3n de desplazamiento, en la ciudad de Cali\" \/>\n<meta property=\"og:url\" content=\"https:\/\/www.comfenalcovalle.com.co\/personas\/cooperacion-nacional-e-internacional\/historia-de-vida\/historia-de-vida-nubia-chico\/\" \/>\n<meta property=\"og:site_name\" content=\"Comfenalco Valle Delagente\" \/>\n<meta property=\"article:modified_time\" content=\"2026-04-09T14:44:29+00:00\" \/>\n<meta property=\"og:image\" content=\"https:\/\/www.comfenalcovalle.com.co\/wp-content\/uploads\/2021\/10\/Nubia.jpeg\" \/>\n\t<meta property=\"og:image:width\" content=\"220\" \/>\n\t<meta property=\"og:image:height\" content=\"233\" \/>\n\t<meta property=\"og:image:type\" content=\"image\/jpeg\" \/>\n<meta name=\"twitter:card\" content=\"summary_large_image\" \/>\n<meta name=\"twitter:label1\" content=\"Est. reading time\" \/>\n\t<meta name=\"twitter:data1\" content=\"2 minutes\" \/>\n<script type=\"application\/ld+json\" class=\"yoast-schema-graph\">{\"@context\":\"https:\/\/schema.org\",\"@graph\":[{\"@type\":\"WebPage\",\"@id\":\"https:\/\/www.comfenalcovalle.com.co\/personas\/cooperacion-nacional-e-internacional\/historia-de-vida\/historia-de-vida-nubia-chico\/\",\"url\":\"https:\/\/www.comfenalcovalle.com.co\/personas\/cooperacion-nacional-e-internacional\/historia-de-vida\/historia-de-vida-nubia-chico\/\",\"name\":\"Historia de vida Nubia Chico - Comfenalco Valle Delagente\",\"isPartOf\":{\"@id\":\"https:\/\/www.comfenalcovalle.com.co\/#website\"},\"primaryImageOfPage\":{\"@id\":\"https:\/\/www.comfenalcovalle.com.co\/personas\/cooperacion-nacional-e-internacional\/historia-de-vida\/historia-de-vida-nubia-chico\/#primaryimage\"},\"image\":{\"@id\":\"https:\/\/www.comfenalcovalle.com.co\/personas\/cooperacion-nacional-e-internacional\/historia-de-vida\/historia-de-vida-nubia-chico\/#primaryimage\"},\"thumbnailUrl\":\"https:\/\/test.comfenalcovalle.com.co\/wp-content\/uploads\/2021\/10\/Nubia.jpeg\",\"datePublished\":\"2023-03-01T13:00:00+00:00\",\"dateModified\":\"2026-04-09T14:44:29+00:00\",\"description\":\"Modelo integral de restablecimiento socioecon\u00f3mico para poblaci\u00f3n en situaci\u00f3n de desplazamiento, en la ciudad de Cali\",\"breadcrumb\":{\"@id\":\"https:\/\/www.comfenalcovalle.com.co\/personas\/cooperacion-nacional-e-internacional\/historia-de-vida\/historia-de-vida-nubia-chico\/#breadcrumb\"},\"inLanguage\":\"en-US\",\"potentialAction\":[{\"@type\":\"ReadAction\",\"target\":[\"https:\/\/www.comfenalcovalle.com.co\/personas\/cooperacion-nacional-e-internacional\/historia-de-vida\/historia-de-vida-nubia-chico\/\"]}]},{\"@type\":\"ImageObject\",\"inLanguage\":\"en-US\",\"@id\":\"https:\/\/www.comfenalcovalle.com.co\/personas\/cooperacion-nacional-e-internacional\/historia-de-vida\/historia-de-vida-nubia-chico\/#primaryimage\",\"url\":\"https:\/\/test.comfenalcovalle.com.co\/wp-content\/uploads\/2021\/10\/Nubia.jpeg\",\"contentUrl\":\"https:\/\/test.comfenalcovalle.com.co\/wp-content\/uploads\/2021\/10\/Nubia.jpeg\",\"width\":220,\"height\":233,\"caption\":\"Nubia\"},{\"@type\":\"BreadcrumbList\",\"@id\":\"https:\/\/www.comfenalcovalle.com.co\/personas\/cooperacion-nacional-e-internacional\/historia-de-vida\/historia-de-vida-nubia-chico\/#breadcrumb\",\"itemListElement\":[{\"@type\":\"ListItem\",\"position\":1,\"name\":\"Portada\",\"item\":\"https:\/\/www.comfenalcovalle.com.co\/\"},{\"@type\":\"ListItem\",\"position\":2,\"name\":\"Personas\",\"item\":\"https:\/\/www.comfenalcovalle.com.co\/\"},{\"@type\":\"ListItem\",\"position\":3,\"name\":\"Cooperaci\u00f3n, Proyectos Sociales y Sostenibilidad\",\"item\":\"https:\/\/www.comfenalcovalle.com.co\/personas\/cooperacion-nacional-e-internacional\/\"},{\"@type\":\"ListItem\",\"position\":4,\"name\":\"Historia de vida\",\"item\":\"https:\/\/www.comfenalcovalle.com.co\/personas\/cooperacion-nacional-e-internacional\/historia-de-vida\/\"},{\"@type\":\"ListItem\",\"position\":5,\"name\":\"Historia de vida Nubia Chico\"}]},{\"@type\":\"WebSite\",\"@id\":\"https:\/\/www.comfenalcovalle.com.co\/#website\",\"url\":\"https:\/\/www.comfenalcovalle.com.co\/\",\"name\":\"Comfenalco Valle Delagente\",\"description\":\"Caja de compensaci\u00f3n de Comfenalco Valle Delagente.\",\"publisher\":{\"@id\":\"https:\/\/www.comfenalcovalle.com.co\/#organization\"},\"potentialAction\":[{\"@type\":\"SearchAction\",\"target\":{\"@type\":\"EntryPoint\",\"urlTemplate\":\"https:\/\/www.comfenalcovalle.com.co\/?s={search_term_string}\"},\"query-input\":{\"@type\":\"PropertyValueSpecification\",\"valueRequired\":true,\"valueName\":\"search_term_string\"}}],\"inLanguage\":\"en-US\"},{\"@type\":\"Organization\",\"@id\":\"https:\/\/www.comfenalcovalle.com.co\/#organization\",\"name\":\"Comfenalco Valle Delagente\",\"url\":\"https:\/\/www.comfenalcovalle.com.co\/\",\"logo\":{\"@type\":\"ImageObject\",\"inLanguage\":\"en-US\",\"@id\":\"https:\/\/www.comfenalcovalle.com.co\/#\/schema\/logo\/image\/\",\"url\":\"https:\/\/test.comfenalcovalle.com.co\/wp-content\/uploads\/2021\/06\/logo-comfe-cabecera-agencia-empelo-actualizado.png\",\"contentUrl\":\"https:\/\/test.comfenalcovalle.com.co\/wp-content\/uploads\/2021\/06\/logo-comfe-cabecera-agencia-empelo-actualizado.png\",\"width\":500,\"height\":184,\"caption\":\"Comfenalco Valle Delagente\"},\"image\":{\"@id\":\"https:\/\/www.comfenalcovalle.com.co\/#\/schema\/logo\/image\/\"}}]}<\/script>\n<!-- \/ Yoast SEO Premium plugin. -->","yoast_head_json":{"title":"Historia de vida Nubia Chico - Comfenalco Valle Delagente","description":"Comprehensive model of socioeconomic restoration for the displaced population, in the city of Cali","robots":{"index":"index","follow":"follow","max-snippet":"max-snippet:-1","max-image-preview":"max-image-preview:large","max-video-preview":"max-video-preview:-1"},"canonical":"https:\/\/www.comfenalcovalle.com.co\/personas\/cooperacion-nacional-e-internacional\/historia-de-vida\/historia-de-vida-nubia-chico\/","og_locale":"en_US","og_type":"article","og_title":"Historia de vida Nubia Chico","og_description":"Modelo integral de restablecimiento socioecon\u00f3mico para poblaci\u00f3n en situaci\u00f3n de desplazamiento, en la ciudad de Cali","og_url":"https:\/\/www.comfenalcovalle.com.co\/personas\/cooperacion-nacional-e-internacional\/historia-de-vida\/historia-de-vida-nubia-chico\/","og_site_name":"Comfenalco Valle Delagente","article_modified_time":"2026-04-09T14:44:29+00:00","og_image":[{"width":220,"height":233,"url":"https:\/\/www.comfenalcovalle.com.co\/wp-content\/uploads\/2021\/10\/Nubia.jpeg","type":"image\/jpeg"}],"twitter_card":"summary_large_image","twitter_misc":{"Est. reading time":"2 minutes"},"schema":{"@context":"https:\/\/schema.org","@graph":[{"@type":"WebPage","@id":"https:\/\/www.comfenalcovalle.com.co\/personas\/cooperacion-nacional-e-internacional\/historia-de-vida\/historia-de-vida-nubia-chico\/","url":"https:\/\/www.comfenalcovalle.com.co\/personas\/cooperacion-nacional-e-internacional\/historia-de-vida\/historia-de-vida-nubia-chico\/","name":"Historia de vida Nubia Chico - Comfenalco Valle Delagente","isPartOf":{"@id":"https:\/\/www.comfenalcovalle.com.co\/#website"},"primaryImageOfPage":{"@id":"https:\/\/www.comfenalcovalle.com.co\/personas\/cooperacion-nacional-e-internacional\/historia-de-vida\/historia-de-vida-nubia-chico\/#primaryimage"},"image":{"@id":"https:\/\/www.comfenalcovalle.com.co\/personas\/cooperacion-nacional-e-internacional\/historia-de-vida\/historia-de-vida-nubia-chico\/#primaryimage"},"thumbnailUrl":"https:\/\/test.comfenalcovalle.com.co\/wp-content\/uploads\/2021\/10\/Nubia.jpeg","datePublished":"2023-03-01T13:00:00+00:00","dateModified":"2026-04-09T14:44:29+00:00","description":"Comprehensive model of socioeconomic restoration for the displaced population, in the city of Cali","breadcrumb":{"@id":"https:\/\/www.comfenalcovalle.com.co\/personas\/cooperacion-nacional-e-internacional\/historia-de-vida\/historia-de-vida-nubia-chico\/#breadcrumb"},"inLanguage":"en-US","potentialAction":[{"@type":"ReadAction","target":["https:\/\/www.comfenalcovalle.com.co\/personas\/cooperacion-nacional-e-internacional\/historia-de-vida\/historia-de-vida-nubia-chico\/"]}]},{"@type":"ImageObject","inLanguage":"en-US","@id":"https:\/\/www.comfenalcovalle.com.co\/personas\/cooperacion-nacional-e-internacional\/historia-de-vida\/historia-de-vida-nubia-chico\/#primaryimage","url":"https:\/\/test.comfenalcovalle.com.co\/wp-content\/uploads\/2021\/10\/Nubia.jpeg","contentUrl":"https:\/\/test.comfenalcovalle.com.co\/wp-content\/uploads\/2021\/10\/Nubia.jpeg","width":220,"height":233,"caption":"Nubia"},{"@type":"BreadcrumbList","@id":"https:\/\/www.comfenalcovalle.com.co\/personas\/cooperacion-nacional-e-internacional\/historia-de-vida\/historia-de-vida-nubia-chico\/#breadcrumb","itemListElement":[{"@type":"ListItem","position":1,"name":"Portada","item":"https:\/\/www.comfenalcovalle.com.co\/"},{"@type":"ListItem","position":2,"name":"Personas","item":"https:\/\/www.comfenalcovalle.com.co\/"},{"@type":"ListItem","position":3,"name":"Cooperaci\u00f3n, Proyectos Sociales y Sostenibilidad","item":"https:\/\/www.comfenalcovalle.com.co\/personas\/cooperacion-nacional-e-internacional\/"},{"@type":"ListItem","position":4,"name":"Historia de vida","item":"https:\/\/www.comfenalcovalle.com.co\/personas\/cooperacion-nacional-e-internacional\/historia-de-vida\/"},{"@type":"ListItem","position":5,"name":"Historia de vida Nubia Chico"}]},{"@type":"WebSite","@id":"https:\/\/www.comfenalcovalle.com.co\/#website","url":"https:\/\/www.comfenalcovalle.com.co\/","name":"Comfenalco Valle Delagente","description":"Comfenalco Valle Delagente compensation fund.","publisher":{"@id":"https:\/\/www.comfenalcovalle.com.co\/#organization"},"potentialAction":[{"@type":"SearchAction","target":{"@type":"EntryPoint","urlTemplate":"https:\/\/www.comfenalcovalle.com.co\/?s={search_term_string}"},"query-input":{"@type":"PropertyValueSpecification","valueRequired":true,"valueName":"search_term_string"}}],"inLanguage":"en-US"},{"@type":"Organization","@id":"https:\/\/www.comfenalcovalle.com.co\/#organization","name":"Comfenalco Valle Delagente","url":"https:\/\/www.comfenalcovalle.com.co\/","logo":{"@type":"ImageObject","inLanguage":"en-US","@id":"https:\/\/www.comfenalcovalle.com.co\/#\/schema\/logo\/image\/","url":"https:\/\/test.comfenalcovalle.com.co\/wp-content\/uploads\/2021\/06\/logo-comfe-cabecera-agencia-empelo-actualizado.png","contentUrl":"https:\/\/test.comfenalcovalle.com.co\/wp-content\/uploads\/2021\/06\/logo-comfe-cabecera-agencia-empelo-actualizado.png","width":500,"height":184,"caption":"Comfenalco Valle Delagente"},"image":{"@id":"https:\/\/www.comfenalcovalle.com.co\/#\/schema\/logo\/image\/"}}]}},"publishpress_future_action":{"enabled":false,"date":"2026-05-10 05:41:48","action":"change-status","newStatus":"draft","terms":[],"taxonomy":"","extraData":[]},"publishpress_future_workflow_manual_trigger":{"enabledWorkflows":[]},"_links":{"self":[{"href":"https:\/\/test.comfenalcovalle.com.co\/en\/wp-json\/wp\/v2\/pages\/11258","targetHints":{"allow":["GET"]}}],"collection":[{"href":"https:\/\/test.comfenalcovalle.com.co\/en\/wp-json\/wp\/v2\/pages"}],"about":[{"href":"https:\/\/test.comfenalcovalle.com.co\/en\/wp-json\/wp\/v2\/types\/page"}],"author":[{"embeddable":true,"href":"https:\/\/test.comfenalcovalle.com.co\/en\/wp-json\/wp\/v2\/users\/1"}],"replies":[{"embeddable":true,"href":"https:\/\/test.comfenalcovalle.com.co\/en\/wp-json\/wp\/v2\/comments?post=11258"}],"version-history":[{"count":0,"href":"https:\/\/test.comfenalcovalle.com.co\/en\/wp-json\/wp\/v2\/pages\/11258\/revisions"}],"up":[{"embeddable":true,"href":"https:\/\/test.comfenalcovalle.com.co\/en\/wp-json\/wp\/v2\/pages\/10950"}],"wp:featuredmedia":[{"embeddable":true,"href":"https:\/\/test.comfenalcovalle.com.co\/en\/wp-json\/wp\/v2\/media\/46612"}],"wp:attachment":[{"href":"https:\/\/test.comfenalcovalle.com.co\/en\/wp-json\/wp\/v2\/media?parent=11258"}],"curies":[{"name":"wp","href":"https:\/\/api.w.org\/{rel}","templated":true}]}}