{"id":11218,"date":"2021-01-15T07:49:38","date_gmt":"2021-01-15T12:49:38","guid":{"rendered":"https:\/\/test.comfenalcovalle.com.co\/webredlat\/?page_id=11218"},"modified":"2026-04-09T09:48:01","modified_gmt":"2026-04-09T14:48:01","slug":"historia-de-vida-ana-lucia-bermudez","status":"publish","type":"page","link":"https:\/\/test.comfenalcovalle.com.co\/en\/personas\/cooperacion-nacional-e-internacional\/historia-de-vida\/historia-de-vida-ana-lucia-bermudez\/","title":{"rendered":"Life story Ana Lucia Bermudez"},"content":{"rendered":"<div data-elementor-type=\"wp-page\" data-elementor-id=\"11218\" class=\"elementor elementor-11218\" data-elementor-post-type=\"page\">\n\t\t\t\t<div class=\"elementor-element elementor-element-96ee48c e-flex e-con-boxed e-con e-parent\" data-id=\"96ee48c\" data-element_type=\"container\">\n\t\t\t\t\t<div class=\"e-con-inner\">\n\t\t<div class=\"elementor-element elementor-element-d33751a e-con-full e-flex e-con e-child\" data-id=\"d33751a\" data-element_type=\"container\">\n\t\t<div class=\"elementor-element elementor-element-3a3e39e e-con-full e-flex e-con e-child\" data-id=\"3a3e39e\" data-element_type=\"container\" data-settings=\"{&quot;background_background&quot;:&quot;classic&quot;}\">\n\t\t\t\t<div class=\"elementor-element elementor-element-3ffe653 elementor-widget elementor-widget-spacer\" data-id=\"3ffe653\" data-element_type=\"widget\" data-widget_type=\"spacer.default\">\n\t\t\t\t<div class=\"elementor-widget-container\">\n\t\t\t\t\t\t\t<div class=\"elementor-spacer\">\n\t\t\t<div class=\"elementor-spacer-inner\"><\/div>\n\t\t<\/div>\n\t\t\t\t\t\t<\/div>\n\t\t\t\t<\/div>\n\t\t\t\t<\/div>\n\t\t<div class=\"elementor-element elementor-element-bd345f4 e-con-full e-flex e-con e-child\" data-id=\"bd345f4\" data-element_type=\"container\">\n\t\t\t\t<div class=\"elementor-element elementor-element-3001bcb jet-breadcrumbs-align-left jet-breadcrumbs-align-mobile-center elementor-widget elementor-widget-jet-breadcrumbs\" data-id=\"3001bcb\" data-element_type=\"widget\" data-widget_type=\"jet-breadcrumbs.default\">\n\t\t\t\t<div class=\"elementor-widget-container\">\n\t\t\t\t\t<div class=\"elementor-jet-breadcrumbs jet-blocks\">\n\t\t<div class=\"jet-breadcrumbs\">\n\t\t<div class=\"jet-breadcrumbs__content\">\n\t\t<div class=\"jet-breadcrumbs__wrap\"><div class=\"jet-breadcrumbs__item\"><a href=\"https:\/\/test.comfenalcovalle.com.co\/en\/\" class=\"jet-breadcrumbs__item-link is-home\" rel=\"home\" title=\"Beginning\">Beginning<\/a><\/div>\n\t\t<\/div>\n\t\t<\/div>\n\t\t<\/div><\/div>\t\t\t\t<\/div>\n\t\t\t\t<\/div>\n\t\t\t\t<div class=\"elementor-element elementor-element-4cdbe60 elementor-widget elementor-widget-heading\" data-id=\"4cdbe60\" data-element_type=\"widget\" data-widget_type=\"heading.default\">\n\t\t\t\t<div class=\"elementor-widget-container\">\n\t\t\t\t\t<h2 class=\"elementor-heading-title elementor-size-default\">PROJECT VA0011<\/h2>\t\t\t\t<\/div>\n\t\t\t\t<\/div>\n\t\t\t\t<div class=\"elementor-element elementor-element-4e3a0aa elementor-widget elementor-widget-text-editor\" data-id=\"4e3a0aa\" data-element_type=\"widget\" data-widget_type=\"text-editor.default\">\n\t\t\t\t<div class=\"elementor-widget-container\">\n\t\t\t\t\t\t\t\t\t<p>Contribution to comprehensive care and income generation for 150 families displaced from the urban area of the municipality of Cali.<\/p>\t\t\t\t\t\t\t\t<\/div>\n\t\t\t\t<\/div>\n\t\t\t\t<\/div>\n\t\t\t\t<\/div>\n\t\t<div class=\"elementor-element elementor-element-5c3d821 e-con-full e-flex e-con e-child\" data-id=\"5c3d821\" data-element_type=\"container\">\n\t\t\t\t<div class=\"elementor-element elementor-element-1363106 elementor-widget elementor-widget-heading\" data-id=\"1363106\" data-element_type=\"widget\" data-widget_type=\"heading.default\">\n\t\t\t\t<div class=\"elementor-widget-container\">\n\t\t\t\t\t<h2 class=\"elementor-heading-title elementor-size-default\">Description:<\/h2>\t\t\t\t<\/div>\n\t\t\t\t<\/div>\n\t\t\t\t<div class=\"elementor-element elementor-element-86a3530 elementor-widget elementor-widget-text-editor\" data-id=\"86a3530\" data-element_type=\"widget\" data-widget_type=\"text-editor.default\">\n\t\t\t\t<div class=\"elementor-widget-container\">\n\t\t\t\t\t\t\t\t\t<p style=\"text-align: justify;\">Ana Lucia is a 33-year-old woman, she has 2 children and together with her husband they work hard in their businesses, since their hardware store helped them to consolidate their business selling food in the morning hours, together with their children they have advanced in his family, in his house he has managed to improve it.<\/p><p style=\"text-align: justify;\">Her business has allowed her not only to consolidate another one but also to help another woman to get a job and to be able to improve the situation of her family. She is an enterprising, dynamic woman, community leader, leader of her Christian community, collaborative, creative, and friendly. She is known in the neighborhood by the children, youth, and adults who see her selling in their businesses every day.<\/p>\t\t\t\t\t\t\t\t<\/div>\n\t\t\t\t<\/div>\n\t\t\t\t<div class=\"elementor-element elementor-element-1a33838 elementor-widget elementor-widget-toggle\" data-id=\"1a33838\" data-element_type=\"widget\" data-widget_type=\"toggle.default\">\n\t\t\t\t<div class=\"elementor-widget-container\">\n\t\t\t\t\t\t\t<div class=\"elementor-toggle\">\n\t\t\t\t\t\t\t<div class=\"elementor-toggle-item\">\n\t\t\t\t\t<div id=\"elementor-tab-title-2741\" class=\"elementor-tab-title\" data-tab=\"1\" role=\"button\" aria-controls=\"elementor-tab-content-2741\" aria-expanded=\"false\">\n\t\t\t\t\t\t\t\t\t\t\t\t<span class=\"elementor-toggle-icon elementor-toggle-icon-left\" aria-hidden=\"true\">\n\t\t\t\t\t\t\t\t\t\t\t\t\t\t\t<span class=\"elementor-toggle-icon-closed\"><i class=\"fas fa-caret-right\"><\/i><\/span>\n\t\t\t\t\t\t\t\t<span class=\"elementor-toggle-icon-opened\"><i class=\"elementor-toggle-icon-opened fas fa-caret-up\"><\/i><\/span>\n\t\t\t\t\t\t\t\t\t\t\t\t\t<\/span>\n\t\t\t\t\t\t\t\t\t\t\t\t<a class=\"elementor-toggle-title\" tabindex=\"0\">Place of origin:<\/a>\n\t\t\t\t\t<\/div>\n\n\t\t\t\t\t<div id=\"elementor-tab-content-2741\" class=\"elementor-tab-content elementor-clearfix\" data-tab=\"1\" role=\"region\" aria-labelledby=\"elementor-tab-title-2741\"><p style=\"text-align: justify;\">I come from Tumaco, I did not register as displaced but they relocated me as vulnerable. When I arrived in Cali, like many as a domestic employee and at that time I endured the humiliation and everything that came my way, because I came from another place and I only had my sister. I started working on various things so that I could progress. Well, the situation in Tumaco was very violent and that made me desperate because I saw people being killed every day and I believe in God and that&#039;s why I left there to save myself. I remember that when we lived there my mother lived with my stepfather and he treated us very badly so my mother decided to stay there with him and we decided to come to Cali to start over.<\/p><\/div>\n\t\t\t\t<\/div>\n\t\t\t\t\t\t\t<div class=\"elementor-toggle-item\">\n\t\t\t\t\t<div id=\"elementor-tab-title-2742\" class=\"elementor-tab-title\" data-tab=\"2\" role=\"button\" aria-controls=\"elementor-tab-content-2742\" aria-expanded=\"false\">\n\t\t\t\t\t\t\t\t\t\t\t\t<span class=\"elementor-toggle-icon elementor-toggle-icon-left\" aria-hidden=\"true\">\n\t\t\t\t\t\t\t\t\t\t\t\t\t\t\t<span class=\"elementor-toggle-icon-closed\"><i class=\"fas fa-caret-right\"><\/i><\/span>\n\t\t\t\t\t\t\t\t<span class=\"elementor-toggle-icon-opened\"><i class=\"elementor-toggle-icon-opened fas fa-caret-up\"><\/i><\/span>\n\t\t\t\t\t\t\t\t\t\t\t\t\t<\/span>\n\t\t\t\t\t\t\t\t\t\t\t\t<a class=\"elementor-toggle-title\" tabindex=\"0\">family history<\/a>\n\t\t\t\t\t<\/div>\n\n\t\t\t\t\t<div id=\"elementor-tab-content-2742\" class=\"elementor-tab-content elementor-clearfix\" data-tab=\"2\" role=\"region\" aria-labelledby=\"elementor-tab-title-2742\"><p style=\"text-align: justify;\">I live with my children, my husband, my mother stayed in Tumaco as I told her, my sister lives well here in Cali after so much suffering and so many jobs. I remember that after we decided to live together, my husband and I joined the invasion of La Paz, that&#039;s where we started the family, we didn&#039;t live very well with our children because we had many needs, but we did what we could there, we have never stayed to wait for what comes to us, we have always worked. When we lived in La Paz, I sold frozen chickens and eggs and from there my husband got a job and then they brought up the idea of the hardware store and we began to make progress with that business when they relocated us to Potrero. In addition, with my food business I help the Church and the women of the community who want to get ahead and who want to help their families and we help each other.<\/p><\/div>\n\t\t\t\t<\/div>\n\t\t\t\t\t\t\t<div class=\"elementor-toggle-item\">\n\t\t\t\t\t<div id=\"elementor-tab-title-2743\" class=\"elementor-tab-title\" data-tab=\"3\" role=\"button\" aria-controls=\"elementor-tab-content-2743\" aria-expanded=\"false\">\n\t\t\t\t\t\t\t\t\t\t\t\t<span class=\"elementor-toggle-icon elementor-toggle-icon-left\" aria-hidden=\"true\">\n\t\t\t\t\t\t\t\t\t\t\t\t\t\t\t<span class=\"elementor-toggle-icon-closed\"><i class=\"fas fa-caret-right\"><\/i><\/span>\n\t\t\t\t\t\t\t\t<span class=\"elementor-toggle-icon-opened\"><i class=\"elementor-toggle-icon-opened fas fa-caret-up\"><\/i><\/span>\n\t\t\t\t\t\t\t\t\t\t\t\t\t<\/span>\n\t\t\t\t\t\t\t\t\t\t\t\t<a class=\"elementor-toggle-title\" tabindex=\"0\">Effects of the project on family life<\/a>\n\t\t\t\t\t<\/div>\n\n\t\t\t\t\t<div id=\"elementor-tab-content-2743\" class=\"elementor-tab-content elementor-clearfix\" data-tab=\"3\" role=\"region\" aria-labelledby=\"elementor-tab-title-2743\"><p style=\"text-align: justify;\">I am grateful to the OIM, FOMIPYME and COMFENALCO, I was able to strengthen my business, when the hardware store became stronger little by little, it allowed me to increase my food business and both things are holding up very well, people know me, buy from me and In the neighborhood there are very few hardware stores, so the business that we have every day sells, God helps us and through the project we supply more, we opened a branch at the beginning and gave work to other people but we saw that more was coming in Potrero like this that we decided to move everything here and we managed to improve. In addition, when the bank saw all the assortment and assembly that we had thanks to the project, it gave us a loan of one million pesos and with that we were able to consolidate ourselves better, with what the project gave us we obtained the loan and also allowed us to accredit ourselves and we can do large orders and pay in installments, so we always have an assortment and what people need at good prices.<\/p><\/div>\n\t\t\t\t<\/div>\n\t\t\t\t\t\t\t\t<\/div>\n\t\t\t\t\t\t<\/div>\n\t\t\t\t<\/div>\n\t\t\t\t<\/div>\n\t\t<div class=\"elementor-element elementor-element-da8a88d e-con-full e-flex e-con e-child\" data-id=\"da8a88d\" data-element_type=\"container\">\n\t\t\t\t<div class=\"elementor-element elementor-element-8cb4d8b elementor-align-justify elementor-widget elementor-widget-button\" data-id=\"8cb4d8b\" data-element_type=\"widget\" data-widget_type=\"button.default\">\n\t\t\t\t<div class=\"elementor-widget-container\">\n\t\t\t\t\t\t\t\t\t<div class=\"elementor-button-wrapper\">\n\t\t\t\t\t<a class=\"elementor-button elementor-button-link elementor-size-lg elementor-animation-shrink\" href=\"https:\/\/test.comfenalcovalle.com.co\/en\/personas\/cooperacion-nacional-e-internacional\/historia-de-vida\/\">\n\t\t\t\t\t\t<span class=\"elementor-button-content-wrapper\">\n\t\t\t\t\t\t<span class=\"elementor-button-icon\">\n\t\t\t\t<i aria-hidden=\"true\" class=\"fas fa-backward\"><\/i>\t\t\t<\/span>\n\t\t\t\t\t\t\t\t\t<span class=\"elementor-button-text\">Regresar<\/span>\n\t\t\t\t\t<\/span>\n\t\t\t\t\t<\/a>\n\t\t\t\t<\/div>\n\t\t\t\t\t\t\t\t<\/div>\n\t\t\t\t<\/div>\n\t\t\t\t<div class=\"elementor-element elementor-element-2646010 elementor-align-justify elementor-widget elementor-widget-button\" data-id=\"2646010\" data-element_type=\"widget\" data-widget_type=\"button.default\">\n\t\t\t\t<div class=\"elementor-widget-container\">\n\t\t\t\t\t\t\t\t\t<div class=\"elementor-button-wrapper\">\n\t\t\t\t\t<a class=\"elementor-button elementor-button-link elementor-size-lg elementor-animation-shrink\" href=\"#top\">\n\t\t\t\t\t\t<span class=\"elementor-button-content-wrapper\">\n\t\t\t\t\t\t<span class=\"elementor-button-icon\">\n\t\t\t\t<i aria-hidden=\"true\" class=\"fas fa-angle-double-up\"><\/i>\t\t\t<\/span>\n\t\t\t\t\t\t\t\t\t<span class=\"elementor-button-text\">Subir<\/span>\n\t\t\t\t\t<\/span>\n\t\t\t\t\t<\/a>\n\t\t\t\t<\/div>\n\t\t\t\t\t\t\t\t<\/div>\n\t\t\t\t<\/div>\n\t\t\t\t<\/div>\n\t\t\t\t\t<\/div>\n\t\t\t\t<\/div>\n\t\t\t\t<\/div>","protected":false},"excerpt":{"rendered":"<p>Inicio PROYECTO VA0011 Aporte en la atenci\u00f3n integral y en la generaci\u00f3n de ingresos de 150 familias desplazadas del \u00e1rea urbana del municipio de Cali. Descripci\u00f3n: Ana Lucia es una mujer de 33 a\u00f1os, tiene 2 hijos y\u00a0 junto con su esposo trabajan arduamente en sus negocios, pues su ferreter\u00eda les ayudo para consolidar su [&hellip;]<\/p>","protected":false},"author":1,"featured_media":46580,"parent":10950,"menu_order":0,"comment_status":"closed","ping_status":"closed","template":"elementor_header_footer","meta":{"footnotes":""},"class_list":["post-11218","page","type-page","status-publish","has-post-thumbnail","hentry"],"yoast_head":"<!-- This site is optimized with the Yoast SEO Premium plugin v25.9 (Yoast SEO v25.9) - https:\/\/yoast.com\/wordpress\/plugins\/seo\/ -->\n<title>Historia de vida Ana Lucia Bermudez - Comfenalco Valle Delagente<\/title>\n<meta name=\"description\" content=\"Aporte en la atenci\u00f3n integral y en la generaci\u00f3n de ingresos de 150 familias desplazadas del \u00e1rea urbana del municipio de Cali.\" \/>\n<meta name=\"robots\" content=\"index, follow, max-snippet:-1, max-image-preview:large, max-video-preview:-1\" \/>\n<link rel=\"canonical\" href=\"https:\/\/www.comfenalcovalle.com.co\/personas\/cooperacion-nacional-e-internacional\/historia-de-vida\/historia-de-vida-ana-lucia-bermudez\/\" \/>\n<meta property=\"og:locale\" content=\"en_US\" \/>\n<meta property=\"og:type\" content=\"article\" \/>\n<meta property=\"og:title\" content=\"Historia de vida Ana Lucia Bermudez\" \/>\n<meta property=\"og:description\" content=\"Aporte en la atenci\u00f3n integral y en la generaci\u00f3n de ingresos de 150 familias desplazadas del \u00e1rea urbana del municipio de Cali.\" \/>\n<meta property=\"og:url\" content=\"https:\/\/www.comfenalcovalle.com.co\/personas\/cooperacion-nacional-e-internacional\/historia-de-vida\/historia-de-vida-ana-lucia-bermudez\/\" \/>\n<meta property=\"og:site_name\" content=\"Comfenalco Valle Delagente\" \/>\n<meta property=\"article:modified_time\" content=\"2026-04-09T14:48:01+00:00\" \/>\n<meta property=\"og:image\" content=\"https:\/\/www.comfenalcovalle.com.co\/wp-content\/uploads\/2021\/10\/ana-lucia-bermudez-1.jpeg\" \/>\n\t<meta property=\"og:image:width\" content=\"220\" \/>\n\t<meta property=\"og:image:height\" content=\"115\" \/>\n\t<meta property=\"og:image:type\" content=\"image\/jpeg\" \/>\n<meta name=\"twitter:card\" content=\"summary_large_image\" \/>\n<meta name=\"twitter:label1\" content=\"Est. reading time\" \/>\n\t<meta name=\"twitter:data1\" content=\"3 minutes\" \/>\n<script type=\"application\/ld+json\" class=\"yoast-schema-graph\">{\"@context\":\"https:\/\/schema.org\",\"@graph\":[{\"@type\":\"WebPage\",\"@id\":\"https:\/\/www.comfenalcovalle.com.co\/personas\/cooperacion-nacional-e-internacional\/historia-de-vida\/historia-de-vida-ana-lucia-bermudez\/\",\"url\":\"https:\/\/www.comfenalcovalle.com.co\/personas\/cooperacion-nacional-e-internacional\/historia-de-vida\/historia-de-vida-ana-lucia-bermudez\/\",\"name\":\"Historia de vida Ana Lucia Bermudez - Comfenalco Valle Delagente\",\"isPartOf\":{\"@id\":\"https:\/\/www.comfenalcovalle.com.co\/#website\"},\"primaryImageOfPage\":{\"@id\":\"https:\/\/www.comfenalcovalle.com.co\/personas\/cooperacion-nacional-e-internacional\/historia-de-vida\/historia-de-vida-ana-lucia-bermudez\/#primaryimage\"},\"image\":{\"@id\":\"https:\/\/www.comfenalcovalle.com.co\/personas\/cooperacion-nacional-e-internacional\/historia-de-vida\/historia-de-vida-ana-lucia-bermudez\/#primaryimage\"},\"thumbnailUrl\":\"https:\/\/test.comfenalcovalle.com.co\/wp-content\/uploads\/2021\/10\/ana-lucia-bermudez-1.jpeg\",\"datePublished\":\"2021-01-15T12:49:38+00:00\",\"dateModified\":\"2026-04-09T14:48:01+00:00\",\"description\":\"Aporte en la atenci\u00f3n integral y en la generaci\u00f3n de ingresos de 150 familias desplazadas del \u00e1rea urbana del municipio de Cali.\",\"breadcrumb\":{\"@id\":\"https:\/\/www.comfenalcovalle.com.co\/personas\/cooperacion-nacional-e-internacional\/historia-de-vida\/historia-de-vida-ana-lucia-bermudez\/#breadcrumb\"},\"inLanguage\":\"en-US\",\"potentialAction\":[{\"@type\":\"ReadAction\",\"target\":[\"https:\/\/www.comfenalcovalle.com.co\/personas\/cooperacion-nacional-e-internacional\/historia-de-vida\/historia-de-vida-ana-lucia-bermudez\/\"]}]},{\"@type\":\"ImageObject\",\"inLanguage\":\"en-US\",\"@id\":\"https:\/\/www.comfenalcovalle.com.co\/personas\/cooperacion-nacional-e-internacional\/historia-de-vida\/historia-de-vida-ana-lucia-bermudez\/#primaryimage\",\"url\":\"https:\/\/test.comfenalcovalle.com.co\/wp-content\/uploads\/2021\/10\/ana-lucia-bermudez-1.jpeg\",\"contentUrl\":\"https:\/\/test.comfenalcovalle.com.co\/wp-content\/uploads\/2021\/10\/ana-lucia-bermudez-1.jpeg\",\"width\":220,\"height\":115,\"caption\":\"Lucia Bermudez\"},{\"@type\":\"BreadcrumbList\",\"@id\":\"https:\/\/www.comfenalcovalle.com.co\/personas\/cooperacion-nacional-e-internacional\/historia-de-vida\/historia-de-vida-ana-lucia-bermudez\/#breadcrumb\",\"itemListElement\":[{\"@type\":\"ListItem\",\"position\":1,\"name\":\"Portada\",\"item\":\"https:\/\/www.comfenalcovalle.com.co\/\"},{\"@type\":\"ListItem\",\"position\":2,\"name\":\"Personas\",\"item\":\"https:\/\/www.comfenalcovalle.com.co\/\"},{\"@type\":\"ListItem\",\"position\":3,\"name\":\"Cooperaci\u00f3n, Proyectos Sociales y Sostenibilidad\",\"item\":\"https:\/\/www.comfenalcovalle.com.co\/personas\/cooperacion-nacional-e-internacional\/\"},{\"@type\":\"ListItem\",\"position\":4,\"name\":\"Historia de vida\",\"item\":\"https:\/\/www.comfenalcovalle.com.co\/personas\/cooperacion-nacional-e-internacional\/historia-de-vida\/\"},{\"@type\":\"ListItem\",\"position\":5,\"name\":\"Historia de vida Ana Lucia Bermudez\"}]},{\"@type\":\"WebSite\",\"@id\":\"https:\/\/www.comfenalcovalle.com.co\/#website\",\"url\":\"https:\/\/www.comfenalcovalle.com.co\/\",\"name\":\"Comfenalco Valle Delagente\",\"description\":\"Caja de compensaci\u00f3n de Comfenalco Valle Delagente.\",\"publisher\":{\"@id\":\"https:\/\/www.comfenalcovalle.com.co\/#organization\"},\"potentialAction\":[{\"@type\":\"SearchAction\",\"target\":{\"@type\":\"EntryPoint\",\"urlTemplate\":\"https:\/\/www.comfenalcovalle.com.co\/?s={search_term_string}\"},\"query-input\":{\"@type\":\"PropertyValueSpecification\",\"valueRequired\":true,\"valueName\":\"search_term_string\"}}],\"inLanguage\":\"en-US\"},{\"@type\":\"Organization\",\"@id\":\"https:\/\/www.comfenalcovalle.com.co\/#organization\",\"name\":\"Comfenalco Valle Delagente\",\"url\":\"https:\/\/www.comfenalcovalle.com.co\/\",\"logo\":{\"@type\":\"ImageObject\",\"inLanguage\":\"en-US\",\"@id\":\"https:\/\/www.comfenalcovalle.com.co\/#\/schema\/logo\/image\/\",\"url\":\"https:\/\/test.comfenalcovalle.com.co\/wp-content\/uploads\/2021\/06\/logo-comfe-cabecera-agencia-empelo-actualizado.png\",\"contentUrl\":\"https:\/\/test.comfenalcovalle.com.co\/wp-content\/uploads\/2021\/06\/logo-comfe-cabecera-agencia-empelo-actualizado.png\",\"width\":500,\"height\":184,\"caption\":\"Comfenalco Valle Delagente\"},\"image\":{\"@id\":\"https:\/\/www.comfenalcovalle.com.co\/#\/schema\/logo\/image\/\"}}]}<\/script>\n<!-- \/ Yoast SEO Premium plugin. -->","yoast_head_json":{"title":"Historia de vida Ana Lucia Bermudez - Comfenalco Valle Delagente","description":"Contribution to comprehensive care and income generation for 150 families displaced from the urban area of the municipality of Cali.","robots":{"index":"index","follow":"follow","max-snippet":"max-snippet:-1","max-image-preview":"max-image-preview:large","max-video-preview":"max-video-preview:-1"},"canonical":"https:\/\/www.comfenalcovalle.com.co\/personas\/cooperacion-nacional-e-internacional\/historia-de-vida\/historia-de-vida-ana-lucia-bermudez\/","og_locale":"en_US","og_type":"article","og_title":"Historia de vida Ana Lucia Bermudez","og_description":"Aporte en la atenci\u00f3n integral y en la generaci\u00f3n de ingresos de 150 familias desplazadas del \u00e1rea urbana del municipio de Cali.","og_url":"https:\/\/www.comfenalcovalle.com.co\/personas\/cooperacion-nacional-e-internacional\/historia-de-vida\/historia-de-vida-ana-lucia-bermudez\/","og_site_name":"Comfenalco Valle Delagente","article_modified_time":"2026-04-09T14:48:01+00:00","og_image":[{"width":220,"height":115,"url":"https:\/\/www.comfenalcovalle.com.co\/wp-content\/uploads\/2021\/10\/ana-lucia-bermudez-1.jpeg","type":"image\/jpeg"}],"twitter_card":"summary_large_image","twitter_misc":{"Est. reading time":"3 minutes"},"schema":{"@context":"https:\/\/schema.org","@graph":[{"@type":"WebPage","@id":"https:\/\/www.comfenalcovalle.com.co\/personas\/cooperacion-nacional-e-internacional\/historia-de-vida\/historia-de-vida-ana-lucia-bermudez\/","url":"https:\/\/www.comfenalcovalle.com.co\/personas\/cooperacion-nacional-e-internacional\/historia-de-vida\/historia-de-vida-ana-lucia-bermudez\/","name":"Historia de vida Ana Lucia Bermudez - Comfenalco Valle Delagente","isPartOf":{"@id":"https:\/\/www.comfenalcovalle.com.co\/#website"},"primaryImageOfPage":{"@id":"https:\/\/www.comfenalcovalle.com.co\/personas\/cooperacion-nacional-e-internacional\/historia-de-vida\/historia-de-vida-ana-lucia-bermudez\/#primaryimage"},"image":{"@id":"https:\/\/www.comfenalcovalle.com.co\/personas\/cooperacion-nacional-e-internacional\/historia-de-vida\/historia-de-vida-ana-lucia-bermudez\/#primaryimage"},"thumbnailUrl":"https:\/\/test.comfenalcovalle.com.co\/wp-content\/uploads\/2021\/10\/ana-lucia-bermudez-1.jpeg","datePublished":"2021-01-15T12:49:38+00:00","dateModified":"2026-04-09T14:48:01+00:00","description":"Contribution to comprehensive care and income generation for 150 families displaced from the urban area of the municipality of Cali.","breadcrumb":{"@id":"https:\/\/www.comfenalcovalle.com.co\/personas\/cooperacion-nacional-e-internacional\/historia-de-vida\/historia-de-vida-ana-lucia-bermudez\/#breadcrumb"},"inLanguage":"en-US","potentialAction":[{"@type":"ReadAction","target":["https:\/\/www.comfenalcovalle.com.co\/personas\/cooperacion-nacional-e-internacional\/historia-de-vida\/historia-de-vida-ana-lucia-bermudez\/"]}]},{"@type":"ImageObject","inLanguage":"en-US","@id":"https:\/\/www.comfenalcovalle.com.co\/personas\/cooperacion-nacional-e-internacional\/historia-de-vida\/historia-de-vida-ana-lucia-bermudez\/#primaryimage","url":"https:\/\/test.comfenalcovalle.com.co\/wp-content\/uploads\/2021\/10\/ana-lucia-bermudez-1.jpeg","contentUrl":"https:\/\/test.comfenalcovalle.com.co\/wp-content\/uploads\/2021\/10\/ana-lucia-bermudez-1.jpeg","width":220,"height":115,"caption":"Lucia Bermudez"},{"@type":"BreadcrumbList","@id":"https:\/\/www.comfenalcovalle.com.co\/personas\/cooperacion-nacional-e-internacional\/historia-de-vida\/historia-de-vida-ana-lucia-bermudez\/#breadcrumb","itemListElement":[{"@type":"ListItem","position":1,"name":"Portada","item":"https:\/\/www.comfenalcovalle.com.co\/"},{"@type":"ListItem","position":2,"name":"Personas","item":"https:\/\/www.comfenalcovalle.com.co\/"},{"@type":"ListItem","position":3,"name":"Cooperaci\u00f3n, Proyectos Sociales y Sostenibilidad","item":"https:\/\/www.comfenalcovalle.com.co\/personas\/cooperacion-nacional-e-internacional\/"},{"@type":"ListItem","position":4,"name":"Historia de vida","item":"https:\/\/www.comfenalcovalle.com.co\/personas\/cooperacion-nacional-e-internacional\/historia-de-vida\/"},{"@type":"ListItem","position":5,"name":"Historia de vida Ana Lucia Bermudez"}]},{"@type":"WebSite","@id":"https:\/\/www.comfenalcovalle.com.co\/#website","url":"https:\/\/www.comfenalcovalle.com.co\/","name":"Comfenalco Valle Delagente","description":"Comfenalco Valle Delagente compensation fund.","publisher":{"@id":"https:\/\/www.comfenalcovalle.com.co\/#organization"},"potentialAction":[{"@type":"SearchAction","target":{"@type":"EntryPoint","urlTemplate":"https:\/\/www.comfenalcovalle.com.co\/?s={search_term_string}"},"query-input":{"@type":"PropertyValueSpecification","valueRequired":true,"valueName":"search_term_string"}}],"inLanguage":"en-US"},{"@type":"Organization","@id":"https:\/\/www.comfenalcovalle.com.co\/#organization","name":"Comfenalco Valle Delagente","url":"https:\/\/www.comfenalcovalle.com.co\/","logo":{"@type":"ImageObject","inLanguage":"en-US","@id":"https:\/\/www.comfenalcovalle.com.co\/#\/schema\/logo\/image\/","url":"https:\/\/test.comfenalcovalle.com.co\/wp-content\/uploads\/2021\/06\/logo-comfe-cabecera-agencia-empelo-actualizado.png","contentUrl":"https:\/\/test.comfenalcovalle.com.co\/wp-content\/uploads\/2021\/06\/logo-comfe-cabecera-agencia-empelo-actualizado.png","width":500,"height":184,"caption":"Comfenalco Valle Delagente"},"image":{"@id":"https:\/\/www.comfenalcovalle.com.co\/#\/schema\/logo\/image\/"}}]}},"publishpress_future_action":{"enabled":false,"date":"2026-05-08 13:39:16","action":"change-status","newStatus":"draft","terms":[],"taxonomy":"","extraData":[]},"publishpress_future_workflow_manual_trigger":{"enabledWorkflows":[]},"_links":{"self":[{"href":"https:\/\/test.comfenalcovalle.com.co\/en\/wp-json\/wp\/v2\/pages\/11218","targetHints":{"allow":["GET"]}}],"collection":[{"href":"https:\/\/test.comfenalcovalle.com.co\/en\/wp-json\/wp\/v2\/pages"}],"about":[{"href":"https:\/\/test.comfenalcovalle.com.co\/en\/wp-json\/wp\/v2\/types\/page"}],"author":[{"embeddable":true,"href":"https:\/\/test.comfenalcovalle.com.co\/en\/wp-json\/wp\/v2\/users\/1"}],"replies":[{"embeddable":true,"href":"https:\/\/test.comfenalcovalle.com.co\/en\/wp-json\/wp\/v2\/comments?post=11218"}],"version-history":[{"count":0,"href":"https:\/\/test.comfenalcovalle.com.co\/en\/wp-json\/wp\/v2\/pages\/11218\/revisions"}],"up":[{"embeddable":true,"href":"https:\/\/test.comfenalcovalle.com.co\/en\/wp-json\/wp\/v2\/pages\/10950"}],"wp:featuredmedia":[{"embeddable":true,"href":"https:\/\/test.comfenalcovalle.com.co\/en\/wp-json\/wp\/v2\/media\/46580"}],"wp:attachment":[{"href":"https:\/\/test.comfenalcovalle.com.co\/en\/wp-json\/wp\/v2\/media?parent=11218"}],"curies":[{"name":"wp","href":"https:\/\/api.w.org\/{rel}","templated":true}]}}