{"id":673369,"date":"2026-01-01T08:03:00","date_gmt":"2026-01-01T13:03:00","guid":{"rendered":"https:\/\/test.comfenalcovalle.com.co\/?post_type=articulos-revista-ma&#038;p=673369"},"modified":"2026-01-09T16:36:18","modified_gmt":"2026-01-09T21:36:18","slug":"el-arte-y-el-cuidado-del-medioambiente-entrelazan-fuerzas-en-la-construccion-de-conocimientos-en-la-institucion-educativa-semilla-de-la-esperanza-en-palmira","status":"publish","type":"articulos-revista-ma","link":"https:\/\/test.comfenalcovalle.com.co\/en\/articulos-revista-ma\/el-arte-y-el-cuidado-del-medioambiente-entrelazan-fuerzas-en-la-construccion-de-conocimientos-en-la-institucion-educativa-semilla-de-la-esperanza-en-palmira\/","title":{"rendered":"El arte y el cuidado del medioambiente entrelazan fuerzas en la construcci\u00f3n de conocimientos en la Instituci\u00f3n Educativa Semilla de la Esperanza en Palmira"},"content":{"rendered":"<div data-elementor-type=\"wp-post\" data-elementor-id=\"673369\" class=\"elementor elementor-673369\" data-elementor-post-type=\"articulos-revista-ma\">\n\t\t\t\t<div class=\"elementor-element elementor-element-fd40690 e-flex e-con-boxed e-con e-parent\" data-id=\"fd40690\" data-element_type=\"container\">\n\t\t\t\t\t<div class=\"e-con-inner\">\n\t\t<div class=\"elementor-element elementor-element-7176068 e-flex e-con-boxed e-con e-child\" data-id=\"7176068\" data-element_type=\"container\">\n\t\t\t\t\t<div class=\"e-con-inner\">\n\t\t\t\t<div class=\"elementor-element elementor-element-7c8135e elementor-widget elementor-widget-heading\" data-id=\"7c8135e\" data-element_type=\"widget\" data-widget_type=\"heading.default\">\n\t\t\t\t<div class=\"elementor-widget-container\">\n\t\t\t\t\t<div class=\"elementor-heading-title elementor-size-default\">Un proyecto ecol\u00f3gico y un programa art\u00edstico de danza permiten promover en los estudiantes la conciencia del cuidado del medioambiente y a su vez, fortalecer su parte creativa, social y emocional.<\/div>\t\t\t\t<\/div>\n\t\t\t\t<\/div>\n\t\t\t\t\t<\/div>\n\t\t\t\t<\/div>\n\t\t<div class=\"elementor-element elementor-element-35d0e07 e-flex e-con-boxed e-con e-child\" data-id=\"35d0e07\" data-element_type=\"container\" data-settings=\"{&quot;background_background&quot;:&quot;classic&quot;}\">\n\t\t\t\t\t<div class=\"e-con-inner\">\n\t\t<div class=\"elementor-element elementor-element-8803a98 e-flex e-con-boxed e-con e-child\" data-id=\"8803a98\" data-element_type=\"container\">\n\t\t\t\t\t<div class=\"e-con-inner\">\n\t\t<div class=\"elementor-element elementor-element-3515a11 e-flex e-con-boxed e-con e-child\" data-id=\"3515a11\" data-element_type=\"container\">\n\t\t\t\t\t<div class=\"e-con-inner\">\n\t\t\t\t<div class=\"elementor-element elementor-element-4128c9f elementor-widget elementor-widget-text-editor\" data-id=\"4128c9f\" data-element_type=\"widget\" data-widget_type=\"text-editor.default\">\n\t\t\t\t<div class=\"elementor-widget-container\">\n\t\t\t\t\t\t\t\t\t<p><img fetchpriority=\"high\" decoding=\"async\" class=\"size-medium wp-image-673373 alignleft\" src=\"https:\/\/test.comfenalcovalle.com.co\/wp-content\/uploads\/2026\/01\/Educativa-Semilla-de-la-Esperanza-3-300x300.jpg\" alt=\"Educativa Semilla de la Esperanza\" width=\"300\" height=\"300\" srcset=\"https:\/\/test.comfenalcovalle.com.co\/wp-content\/uploads\/2026\/01\/Educativa-Semilla-de-la-Esperanza-3-300x300.jpg 300w, https:\/\/test.comfenalcovalle.com.co\/wp-content\/uploads\/2026\/01\/Educativa-Semilla-de-la-Esperanza-3-1024x1024.jpg 1024w, https:\/\/test.comfenalcovalle.com.co\/wp-content\/uploads\/2026\/01\/Educativa-Semilla-de-la-Esperanza-3-150x150.jpg 150w, https:\/\/test.comfenalcovalle.com.co\/wp-content\/uploads\/2026\/01\/Educativa-Semilla-de-la-Esperanza-3-768x768.jpg 768w, https:\/\/test.comfenalcovalle.com.co\/wp-content\/uploads\/2026\/01\/Educativa-Semilla-de-la-Esperanza-3-12x12.jpg 12w, https:\/\/test.comfenalcovalle.com.co\/wp-content\/uploads\/2026\/01\/Educativa-Semilla-de-la-Esperanza-3.jpg 1080w\" sizes=\"(max-width: 300px) 100vw, 300px\" \/>Es as\u00ed como los grupos \u2018<strong>Salsa Kids<\/strong>\u2019 y \u2018<strong>Semillero de Fuego<\/strong>\u2019 cumplen con un grand\u00edsimo prop\u00f3sito dentro y fuera de las aulas. \u201c<strong>Estos grupos pretenden fortalecer la formaci\u00f3n integral de los estudiantes, promoviendo el desarrollo de habilidades art\u00edsticas, sociales y emocionales. A trav\u00e9s de la danza, se estimulan valores como la disciplina, el trabajo en equipo, el respeto por la diversidad, entre otros<\/strong>\u201d, afirma la docente Aleida Garc\u00e9s Escobar.<\/p><p>Junto a Aleida, estos procesos creativos los complementan las profesoras Miryam Santacruz, Mar\u00eda Nella Rosero, Martha Isabel Silva y Leidy Jhoana Tello. \u201c<strong>Las transformaciones que hemos observado en los estudiantes que hacen parte del grupo de danzas son muy significativas. Han desarrollado una mayor autoestima, seguridad y disciplina<\/strong>\u201d, precisa Aleida.<\/p><p>Igualmente, existe una notoria mejor\u00eda en la comunicaci\u00f3n, la convivencia y la expresi\u00f3n de emociones de los j\u00f3venes. \u201c<strong>Antes algunos ven\u00edamos al colegio solo por las clases, pero ahora tambi\u00e9n venimos con entusiasmo por los ensayos y las presentaciones. El grupo de danzas nos hace sentir parte de algo importante, y eso nos motiva a no faltar y a disfrutar m\u00e1s del colegio<\/strong>\u201d, detalla Adriana Aguilar, una de las 60 estudiantes que hoy integran estos grupos.<\/p><p>Por su parte, Geraldine Ram\u00edrez, otra de las j\u00f3venes beneficiadas por integrar este programa de danza, concluye que, \u201c<strong>hemos aprendido a trabajar en equipo, a respetarnos y a apoyarnos. En el grupo somos como una familia, y eso tambi\u00e9n se refleja en c\u00f3mo tratamos a los dem\u00e1s. Hemos hecho nuevas amistades y aprendido a convivir con personas de diferentes edades y grados<\/strong>\u201d.<\/p><p><strong>Proyecto ecol\u00f3gico<\/strong><\/p><p><img decoding=\"async\" class=\"size-medium wp-image-673376 alignright lazyload\" data-src=\"https:\/\/test.comfenalcovalle.com.co\/wp-content\/uploads\/2026\/01\/Educativa-Semilla-de-la-Esperanza-6-300x300.jpg\" alt=\"Educativa Semilla de la Esperanza\" width=\"300\" height=\"300\" data-srcset=\"https:\/\/test.comfenalcovalle.com.co\/wp-content\/uploads\/2026\/01\/Educativa-Semilla-de-la-Esperanza-6-300x300.jpg 300w, https:\/\/test.comfenalcovalle.com.co\/wp-content\/uploads\/2026\/01\/Educativa-Semilla-de-la-Esperanza-6-1024x1024.jpg 1024w, https:\/\/test.comfenalcovalle.com.co\/wp-content\/uploads\/2026\/01\/Educativa-Semilla-de-la-Esperanza-6-150x150.jpg 150w, https:\/\/test.comfenalcovalle.com.co\/wp-content\/uploads\/2026\/01\/Educativa-Semilla-de-la-Esperanza-6-768x768.jpg 768w, https:\/\/test.comfenalcovalle.com.co\/wp-content\/uploads\/2026\/01\/Educativa-Semilla-de-la-Esperanza-6-12x12.jpg 12w, https:\/\/test.comfenalcovalle.com.co\/wp-content\/uploads\/2026\/01\/Educativa-Semilla-de-la-Esperanza-6.jpg 1080w\" data-sizes=\"(max-width: 300px) 100vw, 300px\" src=\"data:image\/svg+xml;base64,PHN2ZyB3aWR0aD0iMSIgaGVpZ2h0PSIxIiB4bWxucz0iaHR0cDovL3d3dy53My5vcmcvMjAwMC9zdmciPjwvc3ZnPg==\" style=\"--smush-placeholder-width: 300px; --smush-placeholder-aspect-ratio: 300\/300;\" \/>El proyecto ecol\u00f3gico \u201c<strong>Semillero Ecol\u00f3gico Salvando el Planeta<\/strong>\u201d nace en el a\u00f1o 2019, como una iniciativa institucional que surge de la preocupaci\u00f3n por el deterioro ambiental y la necesidad urgente de proteger y conservar el entorno natural.<\/p><p>La docente Adnerys Tenorio, una de las l\u00edderes de esta iniciativa se\u00f1ala que, \u201c<strong>su creaci\u00f3n fue impulsada por el deseo de formar estudiantes conscientes, responsables y comprometidos con el medio ambiente, partiendo de la realidad del contexto local<\/strong>\u201d.<\/p><p>As\u00ed pues, uno de los prop\u00f3sitos de este proyecto es transformar los desaf\u00edos y problem\u00e1ticas ecol\u00f3gicas en oportunidades de aprendizaje, crecimiento y bienestar para la comunidad educativa y su entorno natural.<\/p><p>\u201c<strong>Buscamos generar beneficios ambientales, educativos y comunitarios, impulsando la participaci\u00f3n activa de estudiantes, docentes, familias y l\u00edderes locales en acciones concretas de cuidado y preservaci\u00f3n del medio ambiente<\/strong>\u201d, explica Adnerys.<\/p><p>Actualmente, el semillero est\u00e1 conformado por estudiantes desde el grado de transici\u00f3n hasta el s\u00e9ptimo grado, quienes participan activamente en las diferentes actividades ambientales, art\u00edsticas y pedag\u00f3gicas que promueve la instituci\u00f3n.<\/p><p>\u201c<strong>Desde edades tempranas, los ni\u00f1os y j\u00f3venes deben comprender que sus acciones tienen un impacto directo en el entorno natural, y que el cuidado de los recursos es una tarea colectiva y permanente<\/strong>\u201d, concluye Adnerys.<\/p>\t\t\t\t\t\t\t\t<\/div>\n\t\t\t\t<\/div>\n\t\t\t\t\t<\/div>\n\t\t\t\t<\/div>\n\t\t\t\t\t<\/div>\n\t\t\t\t<\/div>\n\t\t\t\t\t<\/div>\n\t\t\t\t<\/div>\n\t\t\t\t\t<\/div>\n\t\t\t\t<\/div>\n\t\t\t\t<\/div>","protected":false},"featured_media":673371,"parent":0,"template":"","categorias-articulos-revista-ma":[932],"class_list":["post-673369","articulos-revista-ma","type-articulos-revista-ma","status-publish","has-post-thumbnail","hentry","categorias-articulos-revista-ma-actualidad"],"yoast_head":"<!-- This site is optimized with the Yoast SEO Premium plugin v25.9 (Yoast SEO v25.9) - https:\/\/yoast.com\/wordpress\/plugins\/seo\/ -->\n<title>El arte y el cuidado del medioambiente entrelazan fuerzas en la construcci\u00f3n de conocimientos en la Instituci\u00f3n Educativa Semilla de la Esperanza en Palmira - Comfenalco Valle Delagente<\/title>\n<meta name=\"robots\" content=\"index, follow, max-snippet:-1, max-image-preview:large, max-video-preview:-1\" \/>\n<link rel=\"canonical\" href=\"https:\/\/www.comfenalcovalle.com.co\/articulos-revista-ma\/el-arte-y-el-cuidado-del-medioambiente-entrelazan-fuerzas-en-la-construccion-de-conocimientos-en-la-institucion-educativa-semilla-de-la-esperanza-en-palmira\/\" \/>\n<meta property=\"og:locale\" content=\"en_US\" \/>\n<meta property=\"og:type\" content=\"article\" \/>\n<meta property=\"og:title\" content=\"El arte y el cuidado del medioambiente entrelazan fuerzas en la construcci\u00f3n de conocimientos en la Instituci\u00f3n Educativa Semilla de la Esperanza en Palmira\" \/>\n<meta property=\"og:description\" content=\"Un proyecto ecol\u00f3gico y un programa art\u00edstico de danza permiten promover en los estudiantes la conciencia del cuidado del medioambiente y a su vez, fortalecer su parte creativa, social y emocional. Es as\u00ed como los grupos \u2018Salsa Kids\u2019 y \u2018Semillero de Fuego\u2019 cumplen con un grand\u00edsimo prop\u00f3sito dentro y fuera de las aulas. \u201cEstos grupos [&hellip;]\" \/>\n<meta property=\"og:url\" content=\"https:\/\/www.comfenalcovalle.com.co\/articulos-revista-ma\/el-arte-y-el-cuidado-del-medioambiente-entrelazan-fuerzas-en-la-construccion-de-conocimientos-en-la-institucion-educativa-semilla-de-la-esperanza-en-palmira\/\" \/>\n<meta property=\"og:site_name\" content=\"Comfenalco Valle Delagente\" \/>\n<meta property=\"article:modified_time\" content=\"2026-01-09T21:36:18+00:00\" \/>\n<meta property=\"og:image\" content=\"https:\/\/www.comfenalcovalle.com.co\/wp-content\/uploads\/2026\/01\/Educativa-Semilla-de-la-Esperanza-1.jpg\" \/>\n\t<meta property=\"og:image:width\" content=\"1080\" \/>\n\t<meta property=\"og:image:height\" content=\"608\" \/>\n\t<meta property=\"og:image:type\" content=\"image\/jpeg\" \/>\n<meta name=\"twitter:card\" content=\"summary_large_image\" \/>\n<meta name=\"twitter:label1\" content=\"Est. reading time\" \/>\n\t<meta name=\"twitter:data1\" content=\"3 minutes\" \/>\n<script type=\"application\/ld+json\" class=\"yoast-schema-graph\">{\"@context\":\"https:\/\/schema.org\",\"@graph\":[{\"@type\":\"WebPage\",\"@id\":\"https:\/\/www.comfenalcovalle.com.co\/articulos-revista-ma\/el-arte-y-el-cuidado-del-medioambiente-entrelazan-fuerzas-en-la-construccion-de-conocimientos-en-la-institucion-educativa-semilla-de-la-esperanza-en-palmira\/\",\"url\":\"https:\/\/www.comfenalcovalle.com.co\/articulos-revista-ma\/el-arte-y-el-cuidado-del-medioambiente-entrelazan-fuerzas-en-la-construccion-de-conocimientos-en-la-institucion-educativa-semilla-de-la-esperanza-en-palmira\/\",\"name\":\"El arte y el cuidado del medioambiente entrelazan fuerzas en la construcci\u00f3n de conocimientos en la Instituci\u00f3n Educativa Semilla de la Esperanza en Palmira - Comfenalco Valle Delagente\",\"isPartOf\":{\"@id\":\"https:\/\/www.comfenalcovalle.com.co\/#website\"},\"primaryImageOfPage\":{\"@id\":\"https:\/\/www.comfenalcovalle.com.co\/articulos-revista-ma\/el-arte-y-el-cuidado-del-medioambiente-entrelazan-fuerzas-en-la-construccion-de-conocimientos-en-la-institucion-educativa-semilla-de-la-esperanza-en-palmira\/#primaryimage\"},\"image\":{\"@id\":\"https:\/\/www.comfenalcovalle.com.co\/articulos-revista-ma\/el-arte-y-el-cuidado-del-medioambiente-entrelazan-fuerzas-en-la-construccion-de-conocimientos-en-la-institucion-educativa-semilla-de-la-esperanza-en-palmira\/#primaryimage\"},\"thumbnailUrl\":\"https:\/\/test.comfenalcovalle.com.co\/wp-content\/uploads\/2026\/01\/Educativa-Semilla-de-la-Esperanza-1.jpg\",\"datePublished\":\"2026-01-01T13:03:00+00:00\",\"dateModified\":\"2026-01-09T21:36:18+00:00\",\"breadcrumb\":{\"@id\":\"https:\/\/www.comfenalcovalle.com.co\/articulos-revista-ma\/el-arte-y-el-cuidado-del-medioambiente-entrelazan-fuerzas-en-la-construccion-de-conocimientos-en-la-institucion-educativa-semilla-de-la-esperanza-en-palmira\/#breadcrumb\"},\"inLanguage\":\"en-US\",\"potentialAction\":[{\"@type\":\"ReadAction\",\"target\":[\"https:\/\/www.comfenalcovalle.com.co\/articulos-revista-ma\/el-arte-y-el-cuidado-del-medioambiente-entrelazan-fuerzas-en-la-construccion-de-conocimientos-en-la-institucion-educativa-semilla-de-la-esperanza-en-palmira\/\"]}]},{\"@type\":\"ImageObject\",\"inLanguage\":\"en-US\",\"@id\":\"https:\/\/www.comfenalcovalle.com.co\/articulos-revista-ma\/el-arte-y-el-cuidado-del-medioambiente-entrelazan-fuerzas-en-la-construccion-de-conocimientos-en-la-institucion-educativa-semilla-de-la-esperanza-en-palmira\/#primaryimage\",\"url\":\"https:\/\/test.comfenalcovalle.com.co\/wp-content\/uploads\/2026\/01\/Educativa-Semilla-de-la-Esperanza-1.jpg\",\"contentUrl\":\"https:\/\/test.comfenalcovalle.com.co\/wp-content\/uploads\/2026\/01\/Educativa-Semilla-de-la-Esperanza-1.jpg\",\"width\":1080,\"height\":608,\"caption\":\"Educativa Semilla de la Esperanza\"},{\"@type\":\"BreadcrumbList\",\"@id\":\"https:\/\/www.comfenalcovalle.com.co\/articulos-revista-ma\/el-arte-y-el-cuidado-del-medioambiente-entrelazan-fuerzas-en-la-construccion-de-conocimientos-en-la-institucion-educativa-semilla-de-la-esperanza-en-palmira\/#breadcrumb\",\"itemListElement\":[{\"@type\":\"ListItem\",\"position\":1,\"name\":\"Portada\",\"item\":\"https:\/\/www.comfenalcovalle.com.co\/\"},{\"@type\":\"ListItem\",\"position\":2,\"name\":\"Art\u00edculos Revista Maestros\",\"item\":\"https:\/\/www.comfenalcovalle.com.co\/articulos-revista-ma\/\"},{\"@type\":\"ListItem\",\"position\":3,\"name\":\"El arte y el cuidado del medioambiente entrelazan fuerzas en la construcci\u00f3n de conocimientos en la Instituci\u00f3n Educativa Semilla de la Esperanza en Palmira\"}]},{\"@type\":\"WebSite\",\"@id\":\"https:\/\/www.comfenalcovalle.com.co\/#website\",\"url\":\"https:\/\/www.comfenalcovalle.com.co\/\",\"name\":\"Comfenalco Valle Delagente\",\"description\":\"Caja de compensaci\u00f3n de Comfenalco Valle Delagente.\",\"publisher\":{\"@id\":\"https:\/\/www.comfenalcovalle.com.co\/#organization\"},\"potentialAction\":[{\"@type\":\"SearchAction\",\"target\":{\"@type\":\"EntryPoint\",\"urlTemplate\":\"https:\/\/www.comfenalcovalle.com.co\/?s={search_term_string}\"},\"query-input\":{\"@type\":\"PropertyValueSpecification\",\"valueRequired\":true,\"valueName\":\"search_term_string\"}}],\"inLanguage\":\"en-US\"},{\"@type\":\"Organization\",\"@id\":\"https:\/\/www.comfenalcovalle.com.co\/#organization\",\"name\":\"Comfenalco Valle Delagente\",\"url\":\"https:\/\/www.comfenalcovalle.com.co\/\",\"logo\":{\"@type\":\"ImageObject\",\"inLanguage\":\"en-US\",\"@id\":\"https:\/\/www.comfenalcovalle.com.co\/#\/schema\/logo\/image\/\",\"url\":\"https:\/\/test.comfenalcovalle.com.co\/wp-content\/uploads\/2021\/06\/logo-comfe-cabecera-agencia-empelo-actualizado.png\",\"contentUrl\":\"https:\/\/test.comfenalcovalle.com.co\/wp-content\/uploads\/2021\/06\/logo-comfe-cabecera-agencia-empelo-actualizado.png\",\"width\":500,\"height\":184,\"caption\":\"Comfenalco Valle Delagente\"},\"image\":{\"@id\":\"https:\/\/www.comfenalcovalle.com.co\/#\/schema\/logo\/image\/\"}}]}<\/script>\n<!-- \/ Yoast SEO Premium plugin. -->","yoast_head_json":{"title":"El arte y el cuidado del medioambiente entrelazan fuerzas en la construcci\u00f3n de conocimientos en la Instituci\u00f3n Educativa Semilla de la Esperanza en Palmira - Comfenalco Valle Delagente","robots":{"index":"index","follow":"follow","max-snippet":"max-snippet:-1","max-image-preview":"max-image-preview:large","max-video-preview":"max-video-preview:-1"},"canonical":"https:\/\/www.comfenalcovalle.com.co\/articulos-revista-ma\/el-arte-y-el-cuidado-del-medioambiente-entrelazan-fuerzas-en-la-construccion-de-conocimientos-en-la-institucion-educativa-semilla-de-la-esperanza-en-palmira\/","og_locale":"en_US","og_type":"article","og_title":"El arte y el cuidado del medioambiente entrelazan fuerzas en la construcci\u00f3n de conocimientos en la Instituci\u00f3n Educativa Semilla de la Esperanza en Palmira","og_description":"Un proyecto ecol\u00f3gico y un programa art\u00edstico de danza permiten promover en los estudiantes la conciencia del cuidado del medioambiente y a su vez, fortalecer su parte creativa, social y emocional. Es as\u00ed como los grupos \u2018Salsa Kids\u2019 y \u2018Semillero de Fuego\u2019 cumplen con un grand\u00edsimo prop\u00f3sito dentro y fuera de las aulas. \u201cEstos grupos [&hellip;]","og_url":"https:\/\/www.comfenalcovalle.com.co\/articulos-revista-ma\/el-arte-y-el-cuidado-del-medioambiente-entrelazan-fuerzas-en-la-construccion-de-conocimientos-en-la-institucion-educativa-semilla-de-la-esperanza-en-palmira\/","og_site_name":"Comfenalco Valle Delagente","article_modified_time":"2026-01-09T21:36:18+00:00","og_image":[{"width":1080,"height":608,"url":"https:\/\/www.comfenalcovalle.com.co\/wp-content\/uploads\/2026\/01\/Educativa-Semilla-de-la-Esperanza-1.jpg","type":"image\/jpeg"}],"twitter_card":"summary_large_image","twitter_misc":{"Est. reading time":"3 minutes"},"schema":{"@context":"https:\/\/schema.org","@graph":[{"@type":"WebPage","@id":"https:\/\/www.comfenalcovalle.com.co\/articulos-revista-ma\/el-arte-y-el-cuidado-del-medioambiente-entrelazan-fuerzas-en-la-construccion-de-conocimientos-en-la-institucion-educativa-semilla-de-la-esperanza-en-palmira\/","url":"https:\/\/www.comfenalcovalle.com.co\/articulos-revista-ma\/el-arte-y-el-cuidado-del-medioambiente-entrelazan-fuerzas-en-la-construccion-de-conocimientos-en-la-institucion-educativa-semilla-de-la-esperanza-en-palmira\/","name":"El arte y el cuidado del medioambiente entrelazan fuerzas en la construcci\u00f3n de conocimientos en la Instituci\u00f3n Educativa Semilla de la Esperanza en Palmira - Comfenalco Valle Delagente","isPartOf":{"@id":"https:\/\/www.comfenalcovalle.com.co\/#website"},"primaryImageOfPage":{"@id":"https:\/\/www.comfenalcovalle.com.co\/articulos-revista-ma\/el-arte-y-el-cuidado-del-medioambiente-entrelazan-fuerzas-en-la-construccion-de-conocimientos-en-la-institucion-educativa-semilla-de-la-esperanza-en-palmira\/#primaryimage"},"image":{"@id":"https:\/\/www.comfenalcovalle.com.co\/articulos-revista-ma\/el-arte-y-el-cuidado-del-medioambiente-entrelazan-fuerzas-en-la-construccion-de-conocimientos-en-la-institucion-educativa-semilla-de-la-esperanza-en-palmira\/#primaryimage"},"thumbnailUrl":"https:\/\/test.comfenalcovalle.com.co\/wp-content\/uploads\/2026\/01\/Educativa-Semilla-de-la-Esperanza-1.jpg","datePublished":"2026-01-01T13:03:00+00:00","dateModified":"2026-01-09T21:36:18+00:00","breadcrumb":{"@id":"https:\/\/www.comfenalcovalle.com.co\/articulos-revista-ma\/el-arte-y-el-cuidado-del-medioambiente-entrelazan-fuerzas-en-la-construccion-de-conocimientos-en-la-institucion-educativa-semilla-de-la-esperanza-en-palmira\/#breadcrumb"},"inLanguage":"en-US","potentialAction":[{"@type":"ReadAction","target":["https:\/\/www.comfenalcovalle.com.co\/articulos-revista-ma\/el-arte-y-el-cuidado-del-medioambiente-entrelazan-fuerzas-en-la-construccion-de-conocimientos-en-la-institucion-educativa-semilla-de-la-esperanza-en-palmira\/"]}]},{"@type":"ImageObject","inLanguage":"en-US","@id":"https:\/\/www.comfenalcovalle.com.co\/articulos-revista-ma\/el-arte-y-el-cuidado-del-medioambiente-entrelazan-fuerzas-en-la-construccion-de-conocimientos-en-la-institucion-educativa-semilla-de-la-esperanza-en-palmira\/#primaryimage","url":"https:\/\/test.comfenalcovalle.com.co\/wp-content\/uploads\/2026\/01\/Educativa-Semilla-de-la-Esperanza-1.jpg","contentUrl":"https:\/\/test.comfenalcovalle.com.co\/wp-content\/uploads\/2026\/01\/Educativa-Semilla-de-la-Esperanza-1.jpg","width":1080,"height":608,"caption":"Educativa Semilla de la Esperanza"},{"@type":"BreadcrumbList","@id":"https:\/\/www.comfenalcovalle.com.co\/articulos-revista-ma\/el-arte-y-el-cuidado-del-medioambiente-entrelazan-fuerzas-en-la-construccion-de-conocimientos-en-la-institucion-educativa-semilla-de-la-esperanza-en-palmira\/#breadcrumb","itemListElement":[{"@type":"ListItem","position":1,"name":"Portada","item":"https:\/\/www.comfenalcovalle.com.co\/"},{"@type":"ListItem","position":2,"name":"Art\u00edculos Revista Maestros","item":"https:\/\/www.comfenalcovalle.com.co\/articulos-revista-ma\/"},{"@type":"ListItem","position":3,"name":"El arte y el cuidado del medioambiente entrelazan fuerzas en la construcci\u00f3n de conocimientos en la Instituci\u00f3n Educativa Semilla de la Esperanza en Palmira"}]},{"@type":"WebSite","@id":"https:\/\/www.comfenalcovalle.com.co\/#website","url":"https:\/\/www.comfenalcovalle.com.co\/","name":"Comfenalco Valle Delagente","description":"Comfenalco Valle Delagente compensation fund.","publisher":{"@id":"https:\/\/www.comfenalcovalle.com.co\/#organization"},"potentialAction":[{"@type":"SearchAction","target":{"@type":"EntryPoint","urlTemplate":"https:\/\/www.comfenalcovalle.com.co\/?s={search_term_string}"},"query-input":{"@type":"PropertyValueSpecification","valueRequired":true,"valueName":"search_term_string"}}],"inLanguage":"en-US"},{"@type":"Organization","@id":"https:\/\/www.comfenalcovalle.com.co\/#organization","name":"Comfenalco Valle Delagente","url":"https:\/\/www.comfenalcovalle.com.co\/","logo":{"@type":"ImageObject","inLanguage":"en-US","@id":"https:\/\/www.comfenalcovalle.com.co\/#\/schema\/logo\/image\/","url":"https:\/\/test.comfenalcovalle.com.co\/wp-content\/uploads\/2021\/06\/logo-comfe-cabecera-agencia-empelo-actualizado.png","contentUrl":"https:\/\/test.comfenalcovalle.com.co\/wp-content\/uploads\/2021\/06\/logo-comfe-cabecera-agencia-empelo-actualizado.png","width":500,"height":184,"caption":"Comfenalco Valle Delagente"},"image":{"@id":"https:\/\/www.comfenalcovalle.com.co\/#\/schema\/logo\/image\/"}}]}},"publishpress_future_workflow_manual_trigger":{"enabledWorkflows":[]},"_links":{"self":[{"href":"https:\/\/test.comfenalcovalle.com.co\/en\/wp-json\/wp\/v2\/articulos-revista-ma\/673369","targetHints":{"allow":["GET"]}}],"collection":[{"href":"https:\/\/test.comfenalcovalle.com.co\/en\/wp-json\/wp\/v2\/articulos-revista-ma"}],"about":[{"href":"https:\/\/test.comfenalcovalle.com.co\/en\/wp-json\/wp\/v2\/types\/articulos-revista-ma"}],"version-history":[{"count":0,"href":"https:\/\/test.comfenalcovalle.com.co\/en\/wp-json\/wp\/v2\/articulos-revista-ma\/673369\/revisions"}],"wp:featuredmedia":[{"embeddable":true,"href":"https:\/\/test.comfenalcovalle.com.co\/en\/wp-json\/wp\/v2\/media\/673371"}],"wp:attachment":[{"href":"https:\/\/test.comfenalcovalle.com.co\/en\/wp-json\/wp\/v2\/media?parent=673369"}],"wp:term":[{"taxonomy":"categorias-articulos-revista-ma","embeddable":true,"href":"https:\/\/test.comfenalcovalle.com.co\/en\/wp-json\/wp\/v2\/categorias-articulos-revista-ma?post=673369"}],"curies":[{"name":"wp","href":"https:\/\/api.w.org\/{rel}","templated":true}]}}