{"id":673359,"date":"2026-01-01T08:04:00","date_gmt":"2026-01-01T13:04:00","guid":{"rendered":"https:\/\/test.comfenalcovalle.com.co\/?post_type=articulos-revista-ma&#038;p=673359"},"modified":"2026-01-09T16:36:37","modified_gmt":"2026-01-09T21:36:37","slug":"en-calima-el-darien-la-institucion-educativa-simon-bolivar-lidera-procesos-alternativos-sostenibles-frente-al-uso-de-plasticos","status":"publish","type":"articulos-revista-ma","link":"https:\/\/test.comfenalcovalle.com.co\/en\/articulos-revista-ma\/en-calima-el-darien-la-institucion-educativa-simon-bolivar-lidera-procesos-alternativos-sostenibles-frente-al-uso-de-plasticos\/","title":{"rendered":"En Calima, El Dari\u00e9n, la Instituci\u00f3n Educativa Sim\u00f3n Bol\u00edvar lidera procesos alternativos sostenibles frente al uso de pl\u00e1sticos"},"content":{"rendered":"<div data-elementor-type=\"wp-post\" data-elementor-id=\"673359\" class=\"elementor elementor-673359\" data-elementor-post-type=\"articulos-revista-ma\">\n\t\t\t\t<div class=\"elementor-element elementor-element-a39113d e-flex e-con-boxed e-con e-parent\" data-id=\"a39113d\" data-element_type=\"container\">\n\t\t\t\t\t<div class=\"e-con-inner\">\n\t\t<div class=\"elementor-element elementor-element-6179d42 e-flex e-con-boxed e-con e-child\" data-id=\"6179d42\" data-element_type=\"container\">\n\t\t\t\t\t<div class=\"e-con-inner\">\n\t\t\t\t<div class=\"elementor-element elementor-element-514e292 elementor-widget elementor-widget-heading\" data-id=\"514e292\" data-element_type=\"widget\" data-widget_type=\"heading.default\">\n\t\t\t\t<div class=\"elementor-widget-container\">\n\t\t\t\t\t<div class=\"elementor-heading-title elementor-size-default\">En este municipio ubicado a 118 kil\u00f3metros de Santiago de Cali descubrieron desde el 2020 una alternativa natural y sostenible en contraposici\u00f3n al uso de pl\u00e1sticos. A trav\u00e9s del capacho de la guadua lograron crear prototipos sencillos de platos.<\/div>\t\t\t\t<\/div>\n\t\t\t\t<\/div>\n\t\t\t\t\t<\/div>\n\t\t\t\t<\/div>\n\t\t<div class=\"elementor-element elementor-element-26e6e62 e-flex e-con-boxed e-con e-child\" data-id=\"26e6e62\" data-element_type=\"container\" data-settings=\"{&quot;background_background&quot;:&quot;classic&quot;}\">\n\t\t\t\t\t<div class=\"e-con-inner\">\n\t\t<div class=\"elementor-element elementor-element-d3ced14 e-flex e-con-boxed e-con e-child\" data-id=\"d3ced14\" data-element_type=\"container\">\n\t\t\t\t\t<div class=\"e-con-inner\">\n\t\t<div class=\"elementor-element elementor-element-ea18403 e-flex e-con-boxed e-con e-child\" data-id=\"ea18403\" data-element_type=\"container\">\n\t\t\t\t\t<div class=\"e-con-inner\">\n\t\t\t\t<div class=\"elementor-element elementor-element-3609441 elementor-widget elementor-widget-text-editor\" data-id=\"3609441\" data-element_type=\"widget\" data-widget_type=\"text-editor.default\">\n\t\t\t\t<div class=\"elementor-widget-container\">\n\t\t\t\t\t\t\t\t\t<p><img fetchpriority=\"high\" decoding=\"async\" class=\"size-medium wp-image-673362 alignleft\" src=\"https:\/\/test.comfenalcovalle.com.co\/wp-content\/uploads\/2026\/01\/ECOVIDA-3-300x300.jpg\" alt=\"ECOVIDA\" width=\"300\" height=\"300\" srcset=\"https:\/\/test.comfenalcovalle.com.co\/wp-content\/uploads\/2026\/01\/ECOVIDA-3-300x300.jpg 300w, https:\/\/test.comfenalcovalle.com.co\/wp-content\/uploads\/2026\/01\/ECOVIDA-3-1024x1024.jpg 1024w, https:\/\/test.comfenalcovalle.com.co\/wp-content\/uploads\/2026\/01\/ECOVIDA-3-150x150.jpg 150w, https:\/\/test.comfenalcovalle.com.co\/wp-content\/uploads\/2026\/01\/ECOVIDA-3-768x768.jpg 768w, https:\/\/test.comfenalcovalle.com.co\/wp-content\/uploads\/2026\/01\/ECOVIDA-3-12x12.jpg 12w, https:\/\/test.comfenalcovalle.com.co\/wp-content\/uploads\/2026\/01\/ECOVIDA-3.jpg 1080w\" sizes=\"(max-width: 300px) 100vw, 300px\" \/>Pues bien, de esa manera, y en una conexi\u00f3n profunda con la naturaleza fue que tuvo sus or\u00edgenes el proyecto \u2018<strong>ECOVIDA<\/strong>\u2019 de la Instituci\u00f3n Educativa Sim\u00f3n Bol\u00edvar. Al recordar ese momento, resulta inevitable que se esboce una sonrisa en el rostro de la estudiante Sara Loaiza.<\/p><p>La curiosidad siempre ha sido el ingrediente clave y predominante en los grandes descubrimientos de la humanidad. Con detalle y minucia tener la capacidad de observar lo que en apariencia nadie m\u00e1s ve.<\/p><p>\u00ab\u2018<strong>ECOVIDA\u2019 nace en 2020, en la finca de mis abuelos, cuando entend\u00ed que cada residuo podr\u00eda convertirse en una oportunidad. Empezamos separando y aprovechando lo que ten\u00edamos a la mano: hojas, capachos de guadua y restos org\u00e1nicos. Con mi familia hicimos las primeras pruebas para transformar esos materiales en algo \u00fatil: compost para la huerta y, m\u00e1s tarde, prototipos sencillos de platos a partir del capacho<\/strong>\u00ab, detalla con evidente orgullo Sara.<\/p><p>Fue en ese mismo a\u00f1o que traslad\u00f3 la idea a la instituci\u00f3n y junto a sus profesores y compa\u00f1eros consolidaron un peque\u00f1o equipo en el que definieron metas y organizaron las primeras jornadas de recolecci\u00f3n y aprendizaje.<\/p><p>\u201c<strong>Desde ah\u00ed, el proyecto creci\u00f3 paso a paso: registramos lo que funcionaba y lo que no, sumamos a familias vecinas y conectamos nuestras acciones con el cuidado del agua, la reducci\u00f3n de residuos y la econom\u00eda circular. ECOVIDA no naci\u00f3 de un gran laboratorio, naci\u00f3 en la finca de los abuelos, de la escuela y de la convicci\u00f3n de que, con disciplina y responsabilidad y el respaldo de la familia lo sencillo puede transformarse en impacto real<\/strong>\u201d, explica Sara.<\/p><p>Ahora bien, la identificaci\u00f3n de los beneficios del capacho supuso ejercicios de prueba y observaci\u00f3n. Determinaron as\u00ed que el capacho era firme, liviano y abundante.<\/p><p><img decoding=\"async\" class=\"size-medium wp-image-673361 alignright lazyload\" data-src=\"https:\/\/test.comfenalcovalle.com.co\/wp-content\/uploads\/2026\/01\/ECOVIDA-2-300x300.jpg\" alt=\"ECOVIDA\" width=\"300\" height=\"300\" data-srcset=\"https:\/\/test.comfenalcovalle.com.co\/wp-content\/uploads\/2026\/01\/ECOVIDA-2-300x300.jpg 300w, https:\/\/test.comfenalcovalle.com.co\/wp-content\/uploads\/2026\/01\/ECOVIDA-2-1024x1024.jpg 1024w, https:\/\/test.comfenalcovalle.com.co\/wp-content\/uploads\/2026\/01\/ECOVIDA-2-150x150.jpg 150w, https:\/\/test.comfenalcovalle.com.co\/wp-content\/uploads\/2026\/01\/ECOVIDA-2-768x768.jpg 768w, https:\/\/test.comfenalcovalle.com.co\/wp-content\/uploads\/2026\/01\/ECOVIDA-2-12x12.jpg 12w, https:\/\/test.comfenalcovalle.com.co\/wp-content\/uploads\/2026\/01\/ECOVIDA-2.jpg 1080w\" data-sizes=\"(max-width: 300px) 100vw, 300px\" src=\"data:image\/svg+xml;base64,PHN2ZyB3aWR0aD0iMSIgaGVpZ2h0PSIxIiB4bWxucz0iaHR0cDovL3d3dy53My5vcmcvMjAwMC9zdmciPjwvc3ZnPg==\" style=\"--smush-placeholder-width: 300px; --smush-placeholder-aspect-ratio: 300\/300;\" \/>\u201c<strong>Hicimos platos sencillos, los usamos con comida real y revisamos si aguantaban sin deformarse. Luego comparamos con otros materiales y pedimos opini\u00f3n a docentes y vecinos. Con esas pruebas vimos que era \u00fatil, bonito e ideal para nuestro proyecto<\/strong>\u201d, precisa Sara.<\/p><p>Para esta ni\u00f1a de 12 a\u00f1os, la principal motivaci\u00f3n detr\u00e1s del liderazgo de este proyecto est\u00e1 asociada a una firme convicci\u00f3n del papel transformador que seg\u00fan ella, tiene su generaci\u00f3n.<\/p><p>\u201c<strong>He aprendido lecciones vitales sobre la colaboraci\u00f3n efectiva, la innovaci\u00f3n sostenible y c\u00f3mo la suma de peque\u00f1as acciones bien dirigidas produce un impacto significativo. De igual manera, he fortalecido mis habilidades de comunicaci\u00f3n estrat\u00e9gica, organizaci\u00f3n de proyectos y un liderazgo que va m\u00e1s all\u00e1, un liderazgo con prop\u00f3sit<\/strong>o\u201d, agrega Sara.<\/p><p>Sara Loaiza es la clara muestra de una juventud que no espera a ser adulta para actuar, sino que lidera desde el ejemplo y el amor por la naturaleza.<strong> Su proyecto refleja el impacto que puede tener una idea cuando el sector educativo la respalda, la familia la acompa\u00f1a y los maestros creen en ella<\/strong>. As\u00ed, con la educaci\u00f3n como aliada, los sue\u00f1os verdes de hoy se convierten en las soluciones sostenibles del ma\u00f1ana.<\/p>\t\t\t\t\t\t\t\t<\/div>\n\t\t\t\t<\/div>\n\t\t\t\t\t<\/div>\n\t\t\t\t<\/div>\n\t\t\t\t\t<\/div>\n\t\t\t\t<\/div>\n\t\t\t\t\t<\/div>\n\t\t\t\t<\/div>\n\t\t\t\t\t<\/div>\n\t\t\t\t<\/div>\n\t\t\t\t<\/div>","protected":false},"featured_media":673363,"parent":0,"template":"","categorias-articulos-revista-ma":[934],"class_list":["post-673359","articulos-revista-ma","type-articulos-revista-ma","status-publish","has-post-thumbnail","hentry","categorias-articulos-revista-ma-innovacion"],"yoast_head":"<!-- This site is optimized with the Yoast SEO Premium plugin v25.9 (Yoast SEO v25.9) - https:\/\/yoast.com\/wordpress\/plugins\/seo\/ -->\n<title>En Calima, El Dari\u00e9n, la Instituci\u00f3n Educativa Sim\u00f3n Bol\u00edvar lidera procesos alternativos sostenibles frente al uso de pl\u00e1sticos - Comfenalco Valle Delagente<\/title>\n<meta name=\"robots\" content=\"index, follow, max-snippet:-1, max-image-preview:large, max-video-preview:-1\" \/>\n<link rel=\"canonical\" href=\"https:\/\/www.comfenalcovalle.com.co\/articulos-revista-ma\/en-calima-el-darien-la-institucion-educativa-simon-bolivar-lidera-procesos-alternativos-sostenibles-frente-al-uso-de-plasticos\/\" \/>\n<meta property=\"og:locale\" content=\"en_US\" \/>\n<meta property=\"og:type\" content=\"article\" \/>\n<meta property=\"og:title\" content=\"En Calima, El Dari\u00e9n, la Instituci\u00f3n Educativa Sim\u00f3n Bol\u00edvar lidera procesos alternativos sostenibles frente al uso de pl\u00e1sticos\" \/>\n<meta property=\"og:description\" content=\"En este municipio ubicado a 118 kil\u00f3metros de Santiago de Cali descubrieron desde el 2020 una alternativa natural y sostenible en contraposici\u00f3n al uso de pl\u00e1sticos. A trav\u00e9s del capacho de la guadua lograron crear prototipos sencillos de platos. Pues bien, de esa manera, y en una conexi\u00f3n profunda con la naturaleza fue que tuvo [&hellip;]\" \/>\n<meta property=\"og:url\" content=\"https:\/\/www.comfenalcovalle.com.co\/articulos-revista-ma\/en-calima-el-darien-la-institucion-educativa-simon-bolivar-lidera-procesos-alternativos-sostenibles-frente-al-uso-de-plasticos\/\" \/>\n<meta property=\"og:site_name\" content=\"Comfenalco Valle Delagente\" \/>\n<meta property=\"article:modified_time\" content=\"2026-01-09T21:36:37+00:00\" \/>\n<meta property=\"og:image\" content=\"https:\/\/www.comfenalcovalle.com.co\/wp-content\/uploads\/2026\/01\/ECOVIDA-1.png\" \/>\n\t<meta property=\"og:image:width\" content=\"1080\" \/>\n\t<meta property=\"og:image:height\" content=\"608\" \/>\n\t<meta property=\"og:image:type\" content=\"image\/png\" \/>\n<meta name=\"twitter:card\" content=\"summary_large_image\" \/>\n<meta name=\"twitter:label1\" content=\"Est. reading time\" \/>\n\t<meta name=\"twitter:data1\" content=\"3 minutes\" \/>\n<script type=\"application\/ld+json\" class=\"yoast-schema-graph\">{\"@context\":\"https:\/\/schema.org\",\"@graph\":[{\"@type\":\"WebPage\",\"@id\":\"https:\/\/www.comfenalcovalle.com.co\/articulos-revista-ma\/en-calima-el-darien-la-institucion-educativa-simon-bolivar-lidera-procesos-alternativos-sostenibles-frente-al-uso-de-plasticos\/\",\"url\":\"https:\/\/www.comfenalcovalle.com.co\/articulos-revista-ma\/en-calima-el-darien-la-institucion-educativa-simon-bolivar-lidera-procesos-alternativos-sostenibles-frente-al-uso-de-plasticos\/\",\"name\":\"En Calima, El Dari\u00e9n, la Instituci\u00f3n Educativa Sim\u00f3n Bol\u00edvar lidera procesos alternativos sostenibles frente al uso de pl\u00e1sticos - Comfenalco Valle Delagente\",\"isPartOf\":{\"@id\":\"https:\/\/www.comfenalcovalle.com.co\/#website\"},\"primaryImageOfPage\":{\"@id\":\"https:\/\/www.comfenalcovalle.com.co\/articulos-revista-ma\/en-calima-el-darien-la-institucion-educativa-simon-bolivar-lidera-procesos-alternativos-sostenibles-frente-al-uso-de-plasticos\/#primaryimage\"},\"image\":{\"@id\":\"https:\/\/www.comfenalcovalle.com.co\/articulos-revista-ma\/en-calima-el-darien-la-institucion-educativa-simon-bolivar-lidera-procesos-alternativos-sostenibles-frente-al-uso-de-plasticos\/#primaryimage\"},\"thumbnailUrl\":\"https:\/\/test.comfenalcovalle.com.co\/wp-content\/uploads\/2026\/01\/ECOVIDA-1.png\",\"datePublished\":\"2026-01-01T13:04:00+00:00\",\"dateModified\":\"2026-01-09T21:36:37+00:00\",\"breadcrumb\":{\"@id\":\"https:\/\/www.comfenalcovalle.com.co\/articulos-revista-ma\/en-calima-el-darien-la-institucion-educativa-simon-bolivar-lidera-procesos-alternativos-sostenibles-frente-al-uso-de-plasticos\/#breadcrumb\"},\"inLanguage\":\"en-US\",\"potentialAction\":[{\"@type\":\"ReadAction\",\"target\":[\"https:\/\/www.comfenalcovalle.com.co\/articulos-revista-ma\/en-calima-el-darien-la-institucion-educativa-simon-bolivar-lidera-procesos-alternativos-sostenibles-frente-al-uso-de-plasticos\/\"]}]},{\"@type\":\"ImageObject\",\"inLanguage\":\"en-US\",\"@id\":\"https:\/\/www.comfenalcovalle.com.co\/articulos-revista-ma\/en-calima-el-darien-la-institucion-educativa-simon-bolivar-lidera-procesos-alternativos-sostenibles-frente-al-uso-de-plasticos\/#primaryimage\",\"url\":\"https:\/\/test.comfenalcovalle.com.co\/wp-content\/uploads\/2026\/01\/ECOVIDA-1.png\",\"contentUrl\":\"https:\/\/test.comfenalcovalle.com.co\/wp-content\/uploads\/2026\/01\/ECOVIDA-1.png\",\"width\":1080,\"height\":608,\"caption\":\"ECOVIDA\"},{\"@type\":\"BreadcrumbList\",\"@id\":\"https:\/\/www.comfenalcovalle.com.co\/articulos-revista-ma\/en-calima-el-darien-la-institucion-educativa-simon-bolivar-lidera-procesos-alternativos-sostenibles-frente-al-uso-de-plasticos\/#breadcrumb\",\"itemListElement\":[{\"@type\":\"ListItem\",\"position\":1,\"name\":\"Portada\",\"item\":\"https:\/\/www.comfenalcovalle.com.co\/\"},{\"@type\":\"ListItem\",\"position\":2,\"name\":\"Art\u00edculos Revista Maestros\",\"item\":\"https:\/\/www.comfenalcovalle.com.co\/articulos-revista-ma\/\"},{\"@type\":\"ListItem\",\"position\":3,\"name\":\"En Calima, El Dari\u00e9n, la Instituci\u00f3n Educativa Sim\u00f3n Bol\u00edvar lidera procesos alternativos sostenibles frente al uso de pl\u00e1sticos\"}]},{\"@type\":\"WebSite\",\"@id\":\"https:\/\/www.comfenalcovalle.com.co\/#website\",\"url\":\"https:\/\/www.comfenalcovalle.com.co\/\",\"name\":\"Comfenalco Valle Delagente\",\"description\":\"Caja de compensaci\u00f3n de Comfenalco Valle Delagente.\",\"publisher\":{\"@id\":\"https:\/\/www.comfenalcovalle.com.co\/#organization\"},\"potentialAction\":[{\"@type\":\"SearchAction\",\"target\":{\"@type\":\"EntryPoint\",\"urlTemplate\":\"https:\/\/www.comfenalcovalle.com.co\/?s={search_term_string}\"},\"query-input\":{\"@type\":\"PropertyValueSpecification\",\"valueRequired\":true,\"valueName\":\"search_term_string\"}}],\"inLanguage\":\"en-US\"},{\"@type\":\"Organization\",\"@id\":\"https:\/\/www.comfenalcovalle.com.co\/#organization\",\"name\":\"Comfenalco Valle Delagente\",\"url\":\"https:\/\/www.comfenalcovalle.com.co\/\",\"logo\":{\"@type\":\"ImageObject\",\"inLanguage\":\"en-US\",\"@id\":\"https:\/\/www.comfenalcovalle.com.co\/#\/schema\/logo\/image\/\",\"url\":\"https:\/\/test.comfenalcovalle.com.co\/wp-content\/uploads\/2021\/06\/logo-comfe-cabecera-agencia-empelo-actualizado.png\",\"contentUrl\":\"https:\/\/test.comfenalcovalle.com.co\/wp-content\/uploads\/2021\/06\/logo-comfe-cabecera-agencia-empelo-actualizado.png\",\"width\":500,\"height\":184,\"caption\":\"Comfenalco Valle Delagente\"},\"image\":{\"@id\":\"https:\/\/www.comfenalcovalle.com.co\/#\/schema\/logo\/image\/\"}}]}<\/script>\n<!-- \/ Yoast SEO Premium plugin. -->","yoast_head_json":{"title":"En Calima, El Dari\u00e9n, la Instituci\u00f3n Educativa Sim\u00f3n Bol\u00edvar lidera procesos alternativos sostenibles frente al uso de pl\u00e1sticos - Comfenalco Valle Delagente","robots":{"index":"index","follow":"follow","max-snippet":"max-snippet:-1","max-image-preview":"max-image-preview:large","max-video-preview":"max-video-preview:-1"},"canonical":"https:\/\/www.comfenalcovalle.com.co\/articulos-revista-ma\/en-calima-el-darien-la-institucion-educativa-simon-bolivar-lidera-procesos-alternativos-sostenibles-frente-al-uso-de-plasticos\/","og_locale":"en_US","og_type":"article","og_title":"En Calima, El Dari\u00e9n, la Instituci\u00f3n Educativa Sim\u00f3n Bol\u00edvar lidera procesos alternativos sostenibles frente al uso de pl\u00e1sticos","og_description":"En este municipio ubicado a 118 kil\u00f3metros de Santiago de Cali descubrieron desde el 2020 una alternativa natural y sostenible en contraposici\u00f3n al uso de pl\u00e1sticos. A trav\u00e9s del capacho de la guadua lograron crear prototipos sencillos de platos. Pues bien, de esa manera, y en una conexi\u00f3n profunda con la naturaleza fue que tuvo [&hellip;]","og_url":"https:\/\/www.comfenalcovalle.com.co\/articulos-revista-ma\/en-calima-el-darien-la-institucion-educativa-simon-bolivar-lidera-procesos-alternativos-sostenibles-frente-al-uso-de-plasticos\/","og_site_name":"Comfenalco Valle Delagente","article_modified_time":"2026-01-09T21:36:37+00:00","og_image":[{"width":1080,"height":608,"url":"https:\/\/www.comfenalcovalle.com.co\/wp-content\/uploads\/2026\/01\/ECOVIDA-1.png","type":"image\/png"}],"twitter_card":"summary_large_image","twitter_misc":{"Est. reading time":"3 minutes"},"schema":{"@context":"https:\/\/schema.org","@graph":[{"@type":"WebPage","@id":"https:\/\/www.comfenalcovalle.com.co\/articulos-revista-ma\/en-calima-el-darien-la-institucion-educativa-simon-bolivar-lidera-procesos-alternativos-sostenibles-frente-al-uso-de-plasticos\/","url":"https:\/\/www.comfenalcovalle.com.co\/articulos-revista-ma\/en-calima-el-darien-la-institucion-educativa-simon-bolivar-lidera-procesos-alternativos-sostenibles-frente-al-uso-de-plasticos\/","name":"En Calima, El Dari\u00e9n, la Instituci\u00f3n Educativa Sim\u00f3n Bol\u00edvar lidera procesos alternativos sostenibles frente al uso de pl\u00e1sticos - Comfenalco Valle Delagente","isPartOf":{"@id":"https:\/\/www.comfenalcovalle.com.co\/#website"},"primaryImageOfPage":{"@id":"https:\/\/www.comfenalcovalle.com.co\/articulos-revista-ma\/en-calima-el-darien-la-institucion-educativa-simon-bolivar-lidera-procesos-alternativos-sostenibles-frente-al-uso-de-plasticos\/#primaryimage"},"image":{"@id":"https:\/\/www.comfenalcovalle.com.co\/articulos-revista-ma\/en-calima-el-darien-la-institucion-educativa-simon-bolivar-lidera-procesos-alternativos-sostenibles-frente-al-uso-de-plasticos\/#primaryimage"},"thumbnailUrl":"https:\/\/test.comfenalcovalle.com.co\/wp-content\/uploads\/2026\/01\/ECOVIDA-1.png","datePublished":"2026-01-01T13:04:00+00:00","dateModified":"2026-01-09T21:36:37+00:00","breadcrumb":{"@id":"https:\/\/www.comfenalcovalle.com.co\/articulos-revista-ma\/en-calima-el-darien-la-institucion-educativa-simon-bolivar-lidera-procesos-alternativos-sostenibles-frente-al-uso-de-plasticos\/#breadcrumb"},"inLanguage":"en-US","potentialAction":[{"@type":"ReadAction","target":["https:\/\/www.comfenalcovalle.com.co\/articulos-revista-ma\/en-calima-el-darien-la-institucion-educativa-simon-bolivar-lidera-procesos-alternativos-sostenibles-frente-al-uso-de-plasticos\/"]}]},{"@type":"ImageObject","inLanguage":"en-US","@id":"https:\/\/www.comfenalcovalle.com.co\/articulos-revista-ma\/en-calima-el-darien-la-institucion-educativa-simon-bolivar-lidera-procesos-alternativos-sostenibles-frente-al-uso-de-plasticos\/#primaryimage","url":"https:\/\/test.comfenalcovalle.com.co\/wp-content\/uploads\/2026\/01\/ECOVIDA-1.png","contentUrl":"https:\/\/test.comfenalcovalle.com.co\/wp-content\/uploads\/2026\/01\/ECOVIDA-1.png","width":1080,"height":608,"caption":"ECOVIDA"},{"@type":"BreadcrumbList","@id":"https:\/\/www.comfenalcovalle.com.co\/articulos-revista-ma\/en-calima-el-darien-la-institucion-educativa-simon-bolivar-lidera-procesos-alternativos-sostenibles-frente-al-uso-de-plasticos\/#breadcrumb","itemListElement":[{"@type":"ListItem","position":1,"name":"Portada","item":"https:\/\/www.comfenalcovalle.com.co\/"},{"@type":"ListItem","position":2,"name":"Art\u00edculos Revista Maestros","item":"https:\/\/www.comfenalcovalle.com.co\/articulos-revista-ma\/"},{"@type":"ListItem","position":3,"name":"En Calima, El Dari\u00e9n, la Instituci\u00f3n Educativa Sim\u00f3n Bol\u00edvar lidera procesos alternativos sostenibles frente al uso de pl\u00e1sticos"}]},{"@type":"WebSite","@id":"https:\/\/www.comfenalcovalle.com.co\/#website","url":"https:\/\/www.comfenalcovalle.com.co\/","name":"Comfenalco Valle Delagente","description":"Comfenalco Valle Delagente compensation fund.","publisher":{"@id":"https:\/\/www.comfenalcovalle.com.co\/#organization"},"potentialAction":[{"@type":"SearchAction","target":{"@type":"EntryPoint","urlTemplate":"https:\/\/www.comfenalcovalle.com.co\/?s={search_term_string}"},"query-input":{"@type":"PropertyValueSpecification","valueRequired":true,"valueName":"search_term_string"}}],"inLanguage":"en-US"},{"@type":"Organization","@id":"https:\/\/www.comfenalcovalle.com.co\/#organization","name":"Comfenalco Valle Delagente","url":"https:\/\/www.comfenalcovalle.com.co\/","logo":{"@type":"ImageObject","inLanguage":"en-US","@id":"https:\/\/www.comfenalcovalle.com.co\/#\/schema\/logo\/image\/","url":"https:\/\/test.comfenalcovalle.com.co\/wp-content\/uploads\/2021\/06\/logo-comfe-cabecera-agencia-empelo-actualizado.png","contentUrl":"https:\/\/test.comfenalcovalle.com.co\/wp-content\/uploads\/2021\/06\/logo-comfe-cabecera-agencia-empelo-actualizado.png","width":500,"height":184,"caption":"Comfenalco Valle Delagente"},"image":{"@id":"https:\/\/www.comfenalcovalle.com.co\/#\/schema\/logo\/image\/"}}]}},"publishpress_future_workflow_manual_trigger":{"enabledWorkflows":[]},"_links":{"self":[{"href":"https:\/\/test.comfenalcovalle.com.co\/en\/wp-json\/wp\/v2\/articulos-revista-ma\/673359","targetHints":{"allow":["GET"]}}],"collection":[{"href":"https:\/\/test.comfenalcovalle.com.co\/en\/wp-json\/wp\/v2\/articulos-revista-ma"}],"about":[{"href":"https:\/\/test.comfenalcovalle.com.co\/en\/wp-json\/wp\/v2\/types\/articulos-revista-ma"}],"version-history":[{"count":0,"href":"https:\/\/test.comfenalcovalle.com.co\/en\/wp-json\/wp\/v2\/articulos-revista-ma\/673359\/revisions"}],"wp:featuredmedia":[{"embeddable":true,"href":"https:\/\/test.comfenalcovalle.com.co\/en\/wp-json\/wp\/v2\/media\/673363"}],"wp:attachment":[{"href":"https:\/\/test.comfenalcovalle.com.co\/en\/wp-json\/wp\/v2\/media?parent=673359"}],"wp:term":[{"taxonomy":"categorias-articulos-revista-ma","embeddable":true,"href":"https:\/\/test.comfenalcovalle.com.co\/en\/wp-json\/wp\/v2\/categorias-articulos-revista-ma?post=673359"}],"curies":[{"name":"wp","href":"https:\/\/api.w.org\/{rel}","templated":true}]}}