{"id":673334,"date":"2026-01-01T08:05:00","date_gmt":"2026-01-01T13:05:00","guid":{"rendered":"https:\/\/test.comfenalcovalle.com.co\/?post_type=articulos-revista-ma&#038;p=673334"},"modified":"2026-01-09T16:36:53","modified_gmt":"2026-01-09T21:36:53","slug":"de-cartago-a-la-nasa-como-estudiantes-de-la-institucion-educativa-academico-han-logrado-conectar-con-la-administracion-nacional-de-aeronautica-y-del-espacio","status":"publish","type":"articulos-revista-ma","link":"https:\/\/test.comfenalcovalle.com.co\/en\/articulos-revista-ma\/de-cartago-a-la-nasa-como-estudiantes-de-la-institucion-educativa-academico-han-logrado-conectar-con-la-administracion-nacional-de-aeronautica-y-del-espacio\/","title":{"rendered":"De Cartago a la NASA: \u00bfc\u00f3mo estudiantes de la Instituci\u00f3n Educativa Acad\u00e9mico han logrado conectar con la Administraci\u00f3n Nacional de Aeron\u00e1utica y del Espacio?"},"content":{"rendered":"<div data-elementor-type=\"wp-post\" data-elementor-id=\"673334\" class=\"elementor elementor-673334\" data-elementor-post-type=\"articulos-revista-ma\">\n\t\t\t\t<div class=\"elementor-element elementor-element-41243f4 e-flex e-con-boxed e-con e-parent\" data-id=\"41243f4\" data-element_type=\"container\">\n\t\t\t\t\t<div class=\"e-con-inner\">\n\t\t<div class=\"elementor-element elementor-element-da09849 e-flex e-con-boxed e-con e-child\" data-id=\"da09849\" data-element_type=\"container\">\n\t\t\t\t\t<div class=\"e-con-inner\">\n\t\t\t\t<div class=\"elementor-element elementor-element-9d4e000 elementor-widget elementor-widget-heading\" data-id=\"9d4e000\" data-element_type=\"widget\" data-widget_type=\"heading.default\">\n\t\t\t\t<div class=\"elementor-widget-container\">\n\t\t\t\t\t<div class=\"elementor-heading-title elementor-size-default\">En esta modalidad, el estudiante inicia su pr\u00e1ctica laboral remunerada por la empresa desde el primer d\u00eda de clases. El practicante se vincula mediante un contrato de aprendizaje, lo que le permite integrarse tempranamente al entorno productivo y aplicar sus conocimientos en contextos reales de trabajo.<\/div>\t\t\t\t<\/div>\n\t\t\t\t<\/div>\n\t\t\t\t\t<\/div>\n\t\t\t\t<\/div>\n\t\t<div class=\"elementor-element elementor-element-5cbc92b e-flex e-con-boxed e-con e-child\" data-id=\"5cbc92b\" data-element_type=\"container\" data-settings=\"{&quot;background_background&quot;:&quot;classic&quot;}\">\n\t\t\t\t\t<div class=\"e-con-inner\">\n\t\t<div class=\"elementor-element elementor-element-5df54e9 e-flex e-con-boxed e-con e-child\" data-id=\"5df54e9\" data-element_type=\"container\">\n\t\t\t\t\t<div class=\"e-con-inner\">\n\t\t<div class=\"elementor-element elementor-element-6f4690d e-flex e-con-boxed e-con e-child\" data-id=\"6f4690d\" data-element_type=\"container\">\n\t\t\t\t\t<div class=\"e-con-inner\">\n\t\t\t\t<div class=\"elementor-element elementor-element-1fa4c45 elementor-widget elementor-widget-text-editor\" data-id=\"1fa4c45\" data-element_type=\"widget\" data-widget_type=\"text-editor.default\">\n\t\t\t\t<div class=\"elementor-widget-container\">\n\t\t\t\t\t\t\t\t\t<p>Este sistema promueve que, desde el inicio de su formaci\u00f3n, el estudiante combine clases en la instituci\u00f3n educativa con su pr\u00e1ctica en la empresa patrocinadora. As\u00ed, se impulsa una formaci\u00f3n de alta pertinencia, alineada con las necesidades de la regi\u00f3n y del pa\u00eds, y se favorece la adquisici\u00f3n de experiencia laboral antes de culminar el proceso acad\u00e9mico.<\/p><p>Para las empresas, este modelo tambi\u00e9n representa una oportunidad estrat\u00e9gica, ya que la vinculaci\u00f3n de aprendices mediante contratos de aprendizaje les permite acceder a est\u00edmulos tributarios y fortalecer sus equipos con talento en formaci\u00f3n.<\/p>\t\t\t\t\t\t\t\t<\/div>\n\t\t\t\t<\/div>\n\t\t\t\t<div class=\"elementor-element elementor-element-badfc36 elementor-widget elementor-widget-image\" data-id=\"badfc36\" data-element_type=\"widget\" data-widget_type=\"image.default\">\n\t\t\t\t<div class=\"elementor-widget-container\">\n\t\t\t\t\t\t\t\t\t\t\t\t\t\t\t<img fetchpriority=\"high\" decoding=\"async\" width=\"800\" height=\"207\" src=\"https:\/\/test.comfenalcovalle.com.co\/wp-content\/uploads\/2026\/01\/banner-1024x265.png\" class=\"attachment-large size-large wp-image-673388\" alt=\"banner formaci\u00f3n Dual\" srcset=\"https:\/\/test.comfenalcovalle.com.co\/wp-content\/uploads\/2026\/01\/banner-1024x265.png 1024w, https:\/\/test.comfenalcovalle.com.co\/wp-content\/uploads\/2026\/01\/banner-300x78.png 300w, https:\/\/test.comfenalcovalle.com.co\/wp-content\/uploads\/2026\/01\/banner-768x199.png 768w, https:\/\/test.comfenalcovalle.com.co\/wp-content\/uploads\/2026\/01\/banner-18x5.png 18w, https:\/\/test.comfenalcovalle.com.co\/wp-content\/uploads\/2026\/01\/banner.png 1080w\" sizes=\"(max-width: 800px) 100vw, 800px\" \/>\t\t\t\t\t\t\t\t\t\t\t\t\t\t\t<\/div>\n\t\t\t\t<\/div>\n\t\t\t\t<div class=\"elementor-element elementor-element-586b853 elementor-widget elementor-widget-text-editor\" data-id=\"586b853\" data-element_type=\"widget\" data-widget_type=\"text-editor.default\">\n\t\t\t\t<div class=\"elementor-widget-container\">\n\t\t\t\t\t\t\t\t\t<p>Su duraci\u00f3n es de dos a\u00f1os y est\u00e1n inspirados en los modelos de formaci\u00f3n dual de pa\u00edses como Alemania, Suiza, Austria y Francia, donde este enfoque ha impactado positivamente la reducci\u00f3n del desempleo y el aumento de la productividad.<\/p>\t\t\t\t\t\t\t\t<\/div>\n\t\t\t\t<\/div>\n\t\t\t\t<div class=\"elementor-element elementor-element-6cc0af2 elementor-widget elementor-widget-image\" data-id=\"6cc0af2\" data-element_type=\"widget\" data-widget_type=\"image.default\">\n\t\t\t\t<div class=\"elementor-widget-container\">\n\t\t\t\t\t\t\t\t\t\t\t\t\t\t\t<img decoding=\"async\" width=\"800\" height=\"207\" data-src=\"https:\/\/test.comfenalcovalle.com.co\/wp-content\/uploads\/2026\/01\/qr-1024x265.png\" class=\"attachment-large size-large wp-image-673389 lazyload\" alt=\"banner formaci\u00f3n Dual\" data-srcset=\"https:\/\/test.comfenalcovalle.com.co\/wp-content\/uploads\/2026\/01\/qr-1024x265.png 1024w, https:\/\/test.comfenalcovalle.com.co\/wp-content\/uploads\/2026\/01\/qr-300x78.png 300w, https:\/\/test.comfenalcovalle.com.co\/wp-content\/uploads\/2026\/01\/qr-768x198.png 768w, https:\/\/test.comfenalcovalle.com.co\/wp-content\/uploads\/2026\/01\/qr-18x5.png 18w, https:\/\/test.comfenalcovalle.com.co\/wp-content\/uploads\/2026\/01\/qr.png 1080w\" data-sizes=\"(max-width: 800px) 100vw, 800px\" src=\"data:image\/svg+xml;base64,PHN2ZyB3aWR0aD0iMSIgaGVpZ2h0PSIxIiB4bWxucz0iaHR0cDovL3d3dy53My5vcmcvMjAwMC9zdmciPjwvc3ZnPg==\" style=\"--smush-placeholder-width: 800px; --smush-placeholder-aspect-ratio: 800\/207;\" \/>\t\t\t\t\t\t\t\t\t\t\t\t\t\t\t<\/div>\n\t\t\t\t<\/div>\n\t\t\t\t\t<\/div>\n\t\t\t\t<\/div>\n\t\t\t\t\t<\/div>\n\t\t\t\t<\/div>\n\t\t\t\t\t<\/div>\n\t\t\t\t<\/div>\n\t\t\t\t\t<\/div>\n\t\t\t\t<\/div>\n\t\t\t\t<\/div>","protected":false},"featured_media":673336,"parent":0,"template":"","categorias-articulos-revista-ma":[934],"class_list":["post-673334","articulos-revista-ma","type-articulos-revista-ma","status-publish","has-post-thumbnail","hentry","categorias-articulos-revista-ma-innovacion"],"yoast_head":"<!-- This site is optimized with the Yoast SEO Premium plugin v25.9 (Yoast SEO v25.9) - https:\/\/yoast.com\/wordpress\/plugins\/seo\/ -->\n<title>De Cartago a la NASA: \u00bfc\u00f3mo estudiantes de la Instituci\u00f3n Educativa Acad\u00e9mico han logrado conectar con la Administraci\u00f3n Nacional de Aeron\u00e1utica y del Espacio? - Comfenalco Valle Delagente<\/title>\n<meta name=\"robots\" content=\"index, follow, max-snippet:-1, max-image-preview:large, max-video-preview:-1\" \/>\n<link rel=\"canonical\" href=\"https:\/\/www.comfenalcovalle.com.co\/articulos-revista-ma\/de-cartago-a-la-nasa-como-estudiantes-de-la-institucion-educativa-academico-han-logrado-conectar-con-la-administracion-nacional-de-aeronautica-y-del-espacio\/\" \/>\n<meta property=\"og:locale\" content=\"en_US\" \/>\n<meta property=\"og:type\" content=\"article\" \/>\n<meta property=\"og:title\" content=\"De Cartago a la NASA: \u00bfc\u00f3mo estudiantes de la Instituci\u00f3n Educativa Acad\u00e9mico han logrado conectar con la Administraci\u00f3n Nacional de Aeron\u00e1utica y del Espacio?\" \/>\n<meta property=\"og:description\" content=\"En esta modalidad, el estudiante inicia su pr\u00e1ctica laboral remunerada por la empresa desde el primer d\u00eda de clases. El practicante se vincula mediante un contrato de aprendizaje, lo que le permite integrarse tempranamente al entorno productivo y aplicar sus conocimientos en contextos reales de trabajo. Este sistema promueve que, desde el inicio de su [&hellip;]\" \/>\n<meta property=\"og:url\" content=\"https:\/\/www.comfenalcovalle.com.co\/articulos-revista-ma\/de-cartago-a-la-nasa-como-estudiantes-de-la-institucion-educativa-academico-han-logrado-conectar-con-la-administracion-nacional-de-aeronautica-y-del-espacio\/\" \/>\n<meta property=\"og:site_name\" content=\"Comfenalco Valle Delagente\" \/>\n<meta property=\"article:modified_time\" content=\"2026-01-09T21:36:53+00:00\" \/>\n<meta property=\"og:image\" content=\"https:\/\/www.comfenalcovalle.com.co\/wp-content\/uploads\/2026\/01\/De-Cartago-a-la-NASA-1.jpg\" \/>\n\t<meta property=\"og:image:width\" content=\"1080\" \/>\n\t<meta property=\"og:image:height\" content=\"608\" \/>\n\t<meta property=\"og:image:type\" content=\"image\/jpeg\" \/>\n<meta name=\"twitter:card\" content=\"summary_large_image\" \/>\n<meta name=\"twitter:label1\" content=\"Est. reading time\" \/>\n\t<meta name=\"twitter:data1\" content=\"1 minute\" \/>\n<script type=\"application\/ld+json\" class=\"yoast-schema-graph\">{\"@context\":\"https:\/\/schema.org\",\"@graph\":[{\"@type\":\"WebPage\",\"@id\":\"https:\/\/www.comfenalcovalle.com.co\/articulos-revista-ma\/de-cartago-a-la-nasa-como-estudiantes-de-la-institucion-educativa-academico-han-logrado-conectar-con-la-administracion-nacional-de-aeronautica-y-del-espacio\/\",\"url\":\"https:\/\/www.comfenalcovalle.com.co\/articulos-revista-ma\/de-cartago-a-la-nasa-como-estudiantes-de-la-institucion-educativa-academico-han-logrado-conectar-con-la-administracion-nacional-de-aeronautica-y-del-espacio\/\",\"name\":\"De Cartago a la NASA: \u00bfc\u00f3mo estudiantes de la Instituci\u00f3n Educativa Acad\u00e9mico han logrado conectar con la Administraci\u00f3n Nacional de Aeron\u00e1utica y del Espacio? - Comfenalco Valle Delagente\",\"isPartOf\":{\"@id\":\"https:\/\/www.comfenalcovalle.com.co\/#website\"},\"primaryImageOfPage\":{\"@id\":\"https:\/\/www.comfenalcovalle.com.co\/articulos-revista-ma\/de-cartago-a-la-nasa-como-estudiantes-de-la-institucion-educativa-academico-han-logrado-conectar-con-la-administracion-nacional-de-aeronautica-y-del-espacio\/#primaryimage\"},\"image\":{\"@id\":\"https:\/\/www.comfenalcovalle.com.co\/articulos-revista-ma\/de-cartago-a-la-nasa-como-estudiantes-de-la-institucion-educativa-academico-han-logrado-conectar-con-la-administracion-nacional-de-aeronautica-y-del-espacio\/#primaryimage\"},\"thumbnailUrl\":\"https:\/\/test.comfenalcovalle.com.co\/wp-content\/uploads\/2026\/01\/De-Cartago-a-la-NASA-1.jpg\",\"datePublished\":\"2026-01-01T13:05:00+00:00\",\"dateModified\":\"2026-01-09T21:36:53+00:00\",\"breadcrumb\":{\"@id\":\"https:\/\/www.comfenalcovalle.com.co\/articulos-revista-ma\/de-cartago-a-la-nasa-como-estudiantes-de-la-institucion-educativa-academico-han-logrado-conectar-con-la-administracion-nacional-de-aeronautica-y-del-espacio\/#breadcrumb\"},\"inLanguage\":\"en-US\",\"potentialAction\":[{\"@type\":\"ReadAction\",\"target\":[\"https:\/\/www.comfenalcovalle.com.co\/articulos-revista-ma\/de-cartago-a-la-nasa-como-estudiantes-de-la-institucion-educativa-academico-han-logrado-conectar-con-la-administracion-nacional-de-aeronautica-y-del-espacio\/\"]}]},{\"@type\":\"ImageObject\",\"inLanguage\":\"en-US\",\"@id\":\"https:\/\/www.comfenalcovalle.com.co\/articulos-revista-ma\/de-cartago-a-la-nasa-como-estudiantes-de-la-institucion-educativa-academico-han-logrado-conectar-con-la-administracion-nacional-de-aeronautica-y-del-espacio\/#primaryimage\",\"url\":\"https:\/\/test.comfenalcovalle.com.co\/wp-content\/uploads\/2026\/01\/De-Cartago-a-la-NASA-1.jpg\",\"contentUrl\":\"https:\/\/test.comfenalcovalle.com.co\/wp-content\/uploads\/2026\/01\/De-Cartago-a-la-NASA-1.jpg\",\"width\":1080,\"height\":608,\"caption\":\"De Cartago a la NASA\"},{\"@type\":\"BreadcrumbList\",\"@id\":\"https:\/\/www.comfenalcovalle.com.co\/articulos-revista-ma\/de-cartago-a-la-nasa-como-estudiantes-de-la-institucion-educativa-academico-han-logrado-conectar-con-la-administracion-nacional-de-aeronautica-y-del-espacio\/#breadcrumb\",\"itemListElement\":[{\"@type\":\"ListItem\",\"position\":1,\"name\":\"Portada\",\"item\":\"https:\/\/www.comfenalcovalle.com.co\/\"},{\"@type\":\"ListItem\",\"position\":2,\"name\":\"Art\u00edculos Revista Maestros\",\"item\":\"https:\/\/www.comfenalcovalle.com.co\/articulos-revista-ma\/\"},{\"@type\":\"ListItem\",\"position\":3,\"name\":\"De Cartago a la NASA: \u00bfc\u00f3mo estudiantes de la Instituci\u00f3n Educativa Acad\u00e9mico han logrado conectar con la Administraci\u00f3n Nacional de Aeron\u00e1utica y del Espacio?\"}]},{\"@type\":\"WebSite\",\"@id\":\"https:\/\/www.comfenalcovalle.com.co\/#website\",\"url\":\"https:\/\/www.comfenalcovalle.com.co\/\",\"name\":\"Comfenalco Valle Delagente\",\"description\":\"Caja de compensaci\u00f3n de Comfenalco Valle Delagente.\",\"publisher\":{\"@id\":\"https:\/\/www.comfenalcovalle.com.co\/#organization\"},\"potentialAction\":[{\"@type\":\"SearchAction\",\"target\":{\"@type\":\"EntryPoint\",\"urlTemplate\":\"https:\/\/www.comfenalcovalle.com.co\/?s={search_term_string}\"},\"query-input\":{\"@type\":\"PropertyValueSpecification\",\"valueRequired\":true,\"valueName\":\"search_term_string\"}}],\"inLanguage\":\"en-US\"},{\"@type\":\"Organization\",\"@id\":\"https:\/\/www.comfenalcovalle.com.co\/#organization\",\"name\":\"Comfenalco Valle Delagente\",\"url\":\"https:\/\/www.comfenalcovalle.com.co\/\",\"logo\":{\"@type\":\"ImageObject\",\"inLanguage\":\"en-US\",\"@id\":\"https:\/\/www.comfenalcovalle.com.co\/#\/schema\/logo\/image\/\",\"url\":\"https:\/\/test.comfenalcovalle.com.co\/wp-content\/uploads\/2021\/06\/logo-comfe-cabecera-agencia-empelo-actualizado.png\",\"contentUrl\":\"https:\/\/test.comfenalcovalle.com.co\/wp-content\/uploads\/2021\/06\/logo-comfe-cabecera-agencia-empelo-actualizado.png\",\"width\":500,\"height\":184,\"caption\":\"Comfenalco Valle Delagente\"},\"image\":{\"@id\":\"https:\/\/www.comfenalcovalle.com.co\/#\/schema\/logo\/image\/\"}}]}<\/script>\n<!-- \/ Yoast SEO Premium plugin. -->","yoast_head_json":{"title":"De Cartago a la NASA: \u00bfc\u00f3mo estudiantes de la Instituci\u00f3n Educativa Acad\u00e9mico han logrado conectar con la Administraci\u00f3n Nacional de Aeron\u00e1utica y del Espacio? - Comfenalco Valle Delagente","robots":{"index":"index","follow":"follow","max-snippet":"max-snippet:-1","max-image-preview":"max-image-preview:large","max-video-preview":"max-video-preview:-1"},"canonical":"https:\/\/www.comfenalcovalle.com.co\/articulos-revista-ma\/de-cartago-a-la-nasa-como-estudiantes-de-la-institucion-educativa-academico-han-logrado-conectar-con-la-administracion-nacional-de-aeronautica-y-del-espacio\/","og_locale":"en_US","og_type":"article","og_title":"De Cartago a la NASA: \u00bfc\u00f3mo estudiantes de la Instituci\u00f3n Educativa Acad\u00e9mico han logrado conectar con la Administraci\u00f3n Nacional de Aeron\u00e1utica y del Espacio?","og_description":"En esta modalidad, el estudiante inicia su pr\u00e1ctica laboral remunerada por la empresa desde el primer d\u00eda de clases. El practicante se vincula mediante un contrato de aprendizaje, lo que le permite integrarse tempranamente al entorno productivo y aplicar sus conocimientos en contextos reales de trabajo. Este sistema promueve que, desde el inicio de su [&hellip;]","og_url":"https:\/\/www.comfenalcovalle.com.co\/articulos-revista-ma\/de-cartago-a-la-nasa-como-estudiantes-de-la-institucion-educativa-academico-han-logrado-conectar-con-la-administracion-nacional-de-aeronautica-y-del-espacio\/","og_site_name":"Comfenalco Valle Delagente","article_modified_time":"2026-01-09T21:36:53+00:00","og_image":[{"width":1080,"height":608,"url":"https:\/\/www.comfenalcovalle.com.co\/wp-content\/uploads\/2026\/01\/De-Cartago-a-la-NASA-1.jpg","type":"image\/jpeg"}],"twitter_card":"summary_large_image","twitter_misc":{"Est. reading time":"1 minute"},"schema":{"@context":"https:\/\/schema.org","@graph":[{"@type":"WebPage","@id":"https:\/\/www.comfenalcovalle.com.co\/articulos-revista-ma\/de-cartago-a-la-nasa-como-estudiantes-de-la-institucion-educativa-academico-han-logrado-conectar-con-la-administracion-nacional-de-aeronautica-y-del-espacio\/","url":"https:\/\/www.comfenalcovalle.com.co\/articulos-revista-ma\/de-cartago-a-la-nasa-como-estudiantes-de-la-institucion-educativa-academico-han-logrado-conectar-con-la-administracion-nacional-de-aeronautica-y-del-espacio\/","name":"De Cartago a la NASA: \u00bfc\u00f3mo estudiantes de la Instituci\u00f3n Educativa Acad\u00e9mico han logrado conectar con la Administraci\u00f3n Nacional de Aeron\u00e1utica y del Espacio? - Comfenalco Valle Delagente","isPartOf":{"@id":"https:\/\/www.comfenalcovalle.com.co\/#website"},"primaryImageOfPage":{"@id":"https:\/\/www.comfenalcovalle.com.co\/articulos-revista-ma\/de-cartago-a-la-nasa-como-estudiantes-de-la-institucion-educativa-academico-han-logrado-conectar-con-la-administracion-nacional-de-aeronautica-y-del-espacio\/#primaryimage"},"image":{"@id":"https:\/\/www.comfenalcovalle.com.co\/articulos-revista-ma\/de-cartago-a-la-nasa-como-estudiantes-de-la-institucion-educativa-academico-han-logrado-conectar-con-la-administracion-nacional-de-aeronautica-y-del-espacio\/#primaryimage"},"thumbnailUrl":"https:\/\/test.comfenalcovalle.com.co\/wp-content\/uploads\/2026\/01\/De-Cartago-a-la-NASA-1.jpg","datePublished":"2026-01-01T13:05:00+00:00","dateModified":"2026-01-09T21:36:53+00:00","breadcrumb":{"@id":"https:\/\/www.comfenalcovalle.com.co\/articulos-revista-ma\/de-cartago-a-la-nasa-como-estudiantes-de-la-institucion-educativa-academico-han-logrado-conectar-con-la-administracion-nacional-de-aeronautica-y-del-espacio\/#breadcrumb"},"inLanguage":"en-US","potentialAction":[{"@type":"ReadAction","target":["https:\/\/www.comfenalcovalle.com.co\/articulos-revista-ma\/de-cartago-a-la-nasa-como-estudiantes-de-la-institucion-educativa-academico-han-logrado-conectar-con-la-administracion-nacional-de-aeronautica-y-del-espacio\/"]}]},{"@type":"ImageObject","inLanguage":"en-US","@id":"https:\/\/www.comfenalcovalle.com.co\/articulos-revista-ma\/de-cartago-a-la-nasa-como-estudiantes-de-la-institucion-educativa-academico-han-logrado-conectar-con-la-administracion-nacional-de-aeronautica-y-del-espacio\/#primaryimage","url":"https:\/\/test.comfenalcovalle.com.co\/wp-content\/uploads\/2026\/01\/De-Cartago-a-la-NASA-1.jpg","contentUrl":"https:\/\/test.comfenalcovalle.com.co\/wp-content\/uploads\/2026\/01\/De-Cartago-a-la-NASA-1.jpg","width":1080,"height":608,"caption":"De Cartago a la NASA"},{"@type":"BreadcrumbList","@id":"https:\/\/www.comfenalcovalle.com.co\/articulos-revista-ma\/de-cartago-a-la-nasa-como-estudiantes-de-la-institucion-educativa-academico-han-logrado-conectar-con-la-administracion-nacional-de-aeronautica-y-del-espacio\/#breadcrumb","itemListElement":[{"@type":"ListItem","position":1,"name":"Portada","item":"https:\/\/www.comfenalcovalle.com.co\/"},{"@type":"ListItem","position":2,"name":"Art\u00edculos Revista Maestros","item":"https:\/\/www.comfenalcovalle.com.co\/articulos-revista-ma\/"},{"@type":"ListItem","position":3,"name":"De Cartago a la NASA: \u00bfc\u00f3mo estudiantes de la Instituci\u00f3n Educativa Acad\u00e9mico han logrado conectar con la Administraci\u00f3n Nacional de Aeron\u00e1utica y del Espacio?"}]},{"@type":"WebSite","@id":"https:\/\/www.comfenalcovalle.com.co\/#website","url":"https:\/\/www.comfenalcovalle.com.co\/","name":"Comfenalco Valle Delagente","description":"Comfenalco Valle Delagente compensation fund.","publisher":{"@id":"https:\/\/www.comfenalcovalle.com.co\/#organization"},"potentialAction":[{"@type":"SearchAction","target":{"@type":"EntryPoint","urlTemplate":"https:\/\/www.comfenalcovalle.com.co\/?s={search_term_string}"},"query-input":{"@type":"PropertyValueSpecification","valueRequired":true,"valueName":"search_term_string"}}],"inLanguage":"en-US"},{"@type":"Organization","@id":"https:\/\/www.comfenalcovalle.com.co\/#organization","name":"Comfenalco Valle Delagente","url":"https:\/\/www.comfenalcovalle.com.co\/","logo":{"@type":"ImageObject","inLanguage":"en-US","@id":"https:\/\/www.comfenalcovalle.com.co\/#\/schema\/logo\/image\/","url":"https:\/\/test.comfenalcovalle.com.co\/wp-content\/uploads\/2021\/06\/logo-comfe-cabecera-agencia-empelo-actualizado.png","contentUrl":"https:\/\/test.comfenalcovalle.com.co\/wp-content\/uploads\/2021\/06\/logo-comfe-cabecera-agencia-empelo-actualizado.png","width":500,"height":184,"caption":"Comfenalco Valle Delagente"},"image":{"@id":"https:\/\/www.comfenalcovalle.com.co\/#\/schema\/logo\/image\/"}}]}},"publishpress_future_workflow_manual_trigger":{"enabledWorkflows":[]},"_links":{"self":[{"href":"https:\/\/test.comfenalcovalle.com.co\/en\/wp-json\/wp\/v2\/articulos-revista-ma\/673334","targetHints":{"allow":["GET"]}}],"collection":[{"href":"https:\/\/test.comfenalcovalle.com.co\/en\/wp-json\/wp\/v2\/articulos-revista-ma"}],"about":[{"href":"https:\/\/test.comfenalcovalle.com.co\/en\/wp-json\/wp\/v2\/types\/articulos-revista-ma"}],"version-history":[{"count":0,"href":"https:\/\/test.comfenalcovalle.com.co\/en\/wp-json\/wp\/v2\/articulos-revista-ma\/673334\/revisions"}],"wp:featuredmedia":[{"embeddable":true,"href":"https:\/\/test.comfenalcovalle.com.co\/en\/wp-json\/wp\/v2\/media\/673336"}],"wp:attachment":[{"href":"https:\/\/test.comfenalcovalle.com.co\/en\/wp-json\/wp\/v2\/media?parent=673334"}],"wp:term":[{"taxonomy":"categorias-articulos-revista-ma","embeddable":true,"href":"https:\/\/test.comfenalcovalle.com.co\/en\/wp-json\/wp\/v2\/categorias-articulos-revista-ma?post=673334"}],"curies":[{"name":"wp","href":"https:\/\/api.w.org\/{rel}","templated":true}]}}