{"id":673322,"date":"2026-01-01T08:06:00","date_gmt":"2026-01-01T13:06:00","guid":{"rendered":"https:\/\/test.comfenalcovalle.com.co\/?post_type=articulos-revista-ma&#038;p=673322"},"modified":"2026-01-09T16:37:04","modified_gmt":"2026-01-09T21:37:04","slug":"santiago-de-cali-cuenta-con-el-primer-laboratorio-de-movilidad-electrica-del-suroccidente-colombiano-apoyado-por-fenoge-y-el-ministerio-de-minas","status":"publish","type":"articulos-revista-ma","link":"https:\/\/test.comfenalcovalle.com.co\/en\/articulos-revista-ma\/santiago-de-cali-cuenta-con-el-primer-laboratorio-de-movilidad-electrica-del-suroccidente-colombiano-apoyado-por-fenoge-y-el-ministerio-de-minas\/","title":{"rendered":"Santiago de Cali cuenta con el primer laboratorio de movilidad el\u00e9ctrica del suroccidente colombiano, apoyado por FENOGE y el Ministerio de Minas"},"content":{"rendered":"<div data-elementor-type=\"wp-post\" data-elementor-id=\"673322\" class=\"elementor elementor-673322\" data-elementor-post-type=\"articulos-revista-ma\">\n\t\t\t\t<div class=\"elementor-element elementor-element-ab719dd e-flex e-con-boxed e-con e-parent\" data-id=\"ab719dd\" data-element_type=\"container\">\n\t\t\t\t\t<div class=\"e-con-inner\">\n\t\t<div class=\"elementor-element elementor-element-0b689e4 e-flex e-con-boxed e-con e-child\" data-id=\"0b689e4\" data-element_type=\"container\">\n\t\t\t\t\t<div class=\"e-con-inner\">\n\t\t\t\t<div class=\"elementor-element elementor-element-8eb1905 elementor-widget elementor-widget-heading\" data-id=\"8eb1905\" data-element_type=\"widget\" data-widget_type=\"heading.default\">\n\t\t\t\t<div class=\"elementor-widget-container\">\n\t\t\t\t\t<div class=\"elementor-heading-title elementor-size-default\">La Instituci\u00f3n Educativa Antonio Jos\u00e9 Camacho es el espacio donde funciona y tiene su desarrollo el laboratorio de movilidad el\u00e9ctrica. Un salto al futuro en cuanto a modernidad y protecci\u00f3n del medioambiente.<\/div>\t\t\t\t<\/div>\n\t\t\t\t<\/div>\n\t\t\t\t\t<\/div>\n\t\t\t\t<\/div>\n\t\t<div class=\"elementor-element elementor-element-689f6dd e-flex e-con-boxed e-con e-child\" data-id=\"689f6dd\" data-element_type=\"container\" data-settings=\"{&quot;background_background&quot;:&quot;classic&quot;}\">\n\t\t\t\t\t<div class=\"e-con-inner\">\n\t\t<div class=\"elementor-element elementor-element-49a0635 e-flex e-con-boxed e-con e-child\" data-id=\"49a0635\" data-element_type=\"container\">\n\t\t\t\t\t<div class=\"e-con-inner\">\n\t\t<div class=\"elementor-element elementor-element-77709ca e-flex e-con-boxed e-con e-child\" data-id=\"77709ca\" data-element_type=\"container\">\n\t\t\t\t\t<div class=\"e-con-inner\">\n\t\t\t\t<div class=\"elementor-element elementor-element-ca7dbde elementor-widget elementor-widget-text-editor\" data-id=\"ca7dbde\" data-element_type=\"widget\" data-widget_type=\"text-editor.default\">\n\t\t\t\t<div class=\"elementor-widget-container\">\n\t\t\t\t\t\t\t\t\t<p><img fetchpriority=\"high\" decoding=\"async\" class=\"size-medium wp-image-673329 alignleft\" src=\"https:\/\/test.comfenalcovalle.com.co\/wp-content\/uploads\/2026\/01\/Antonio-jose-camacho-6-300x300.jpg\" alt=\"Antonio jose camacho\" width=\"300\" height=\"300\" srcset=\"https:\/\/test.comfenalcovalle.com.co\/wp-content\/uploads\/2026\/01\/Antonio-jose-camacho-6-300x300.jpg 300w, https:\/\/test.comfenalcovalle.com.co\/wp-content\/uploads\/2026\/01\/Antonio-jose-camacho-6-1024x1024.jpg 1024w, https:\/\/test.comfenalcovalle.com.co\/wp-content\/uploads\/2026\/01\/Antonio-jose-camacho-6-150x150.jpg 150w, https:\/\/test.comfenalcovalle.com.co\/wp-content\/uploads\/2026\/01\/Antonio-jose-camacho-6-768x768.jpg 768w, https:\/\/test.comfenalcovalle.com.co\/wp-content\/uploads\/2026\/01\/Antonio-jose-camacho-6-12x12.jpg 12w, https:\/\/test.comfenalcovalle.com.co\/wp-content\/uploads\/2026\/01\/Antonio-jose-camacho-6.jpg 1080w\" sizes=\"(max-width: 300px) 100vw, 300px\" \/>En la b\u00fasqueda de una instituci\u00f3n educativa que contara con un taller de mec\u00e1nica automotriz para implementar un<strong> proyecto de transformaci\u00f3n de energ\u00edas f\u00f3siles a limpias<\/strong>, el Ministerio de Minas y FENOGE (Fondo de Energ\u00edas no Convencionales y Gesti\u00f3n Eficiente de la Energ\u00eda) dieron con el colegio Antonio Jos\u00e9 Camacho de Cali.<\/p><p>\u201c<strong>Se contactan con el rector y \u00e9l a su vez me llama para que atendiera la solicitud. Les aclar\u00e9 sobre la relaci\u00f3n e importancia del \u00e1rea automotriz con los veh\u00edculos el\u00e9ctricos y fue as\u00ed como entramos en conversaciones con los encargados del proyecto<\/strong>\u201d, precisa el docente l\u00edder John Jairo S\u00e1nchez.<\/p><p>As\u00ed pues, son los estudiantes del taller de mec\u00e1nica automotriz quienes disfrutan de las bondades del laboratorio. \u201c<strong>Les estamos brindando todas las herramientas para su formaci\u00f3n en bachillerato t\u00e9cnico industrial<\/strong>\u201d, afirma John.<\/p><p>El docente a\u00f1ade que, \u201c<strong>se est\u00e1 preparando a los j\u00f3venes para enfrentar una demanda de servicios en atenci\u00f3n a mantenimientos, empleabilidad y dem\u00e1s relaciones en un sector que va en crecimiento como es la movilidad el\u00e9ctrica en el pa\u00eds<\/strong>\u201d.<\/p><p><img decoding=\"async\" class=\"size-medium wp-image-673327 alignright lazyload\" data-src=\"https:\/\/test.comfenalcovalle.com.co\/wp-content\/uploads\/2026\/01\/Antonio-jose-camacho-4-300x300.jpg\" alt=\"Antonio jose camacho\" width=\"300\" height=\"300\" data-srcset=\"https:\/\/test.comfenalcovalle.com.co\/wp-content\/uploads\/2026\/01\/Antonio-jose-camacho-4-300x300.jpg 300w, https:\/\/test.comfenalcovalle.com.co\/wp-content\/uploads\/2026\/01\/Antonio-jose-camacho-4-1024x1024.jpg 1024w, https:\/\/test.comfenalcovalle.com.co\/wp-content\/uploads\/2026\/01\/Antonio-jose-camacho-4-150x150.jpg 150w, https:\/\/test.comfenalcovalle.com.co\/wp-content\/uploads\/2026\/01\/Antonio-jose-camacho-4-768x768.jpg 768w, https:\/\/test.comfenalcovalle.com.co\/wp-content\/uploads\/2026\/01\/Antonio-jose-camacho-4-12x12.jpg 12w, https:\/\/test.comfenalcovalle.com.co\/wp-content\/uploads\/2026\/01\/Antonio-jose-camacho-4.jpg 1080w\" data-sizes=\"(max-width: 300px) 100vw, 300px\" src=\"data:image\/svg+xml;base64,PHN2ZyB3aWR0aD0iMSIgaGVpZ2h0PSIxIiB4bWxucz0iaHR0cDovL3d3dy53My5vcmcvMjAwMC9zdmciPjwvc3ZnPg==\" style=\"--smush-placeholder-width: 300px; --smush-placeholder-aspect-ratio: 300\/300;\" \/>Por ejemplo, Manuela Fern\u00e1ndez, una de las estudiantes beneficiadas, se\u00f1ala que, \u201c<strong>en este laboratorio podemos tener m\u00e1s conocimientos y aplicarlos para algo profesional y productivo en nuestras vidas. Es muy confortable tener este laboratorio ya que nos impulsa a ser mejores con los nuevos aprendizajes<\/strong>\u201d.<\/p><p>Por su parte, el joven \u00c1ngel Guerrero Guerra, asegura con determinaci\u00f3n que, \u201c<strong>tener un laboratorio de movilidad el\u00e9ctrica en la regi\u00f3n impulsa la formaci\u00f3n t\u00e9cnica local, fomenta la innovaci\u00f3n en transporte sostenible, atrae oportunidades tecnol\u00f3gicas y apoya la transici\u00f3n hacia energ\u00edas m\u00e1s limpias<\/strong>\u201d.<\/p><p>En conclusi\u00f3n, hoy nuestras instituciones tienen m\u00e1s motivos y recursos para confiar en que <strong>las nuevas generaciones se formar\u00e1n con visi\u00f3n sostenible y oportunidades reales de futuro<\/strong>.<\/p>\t\t\t\t\t\t\t\t<\/div>\n\t\t\t\t<\/div>\n\t\t\t\t\t<\/div>\n\t\t\t\t<\/div>\n\t\t\t\t\t<\/div>\n\t\t\t\t<\/div>\n\t\t\t\t\t<\/div>\n\t\t\t\t<\/div>\n\t\t\t\t\t<\/div>\n\t\t\t\t<\/div>\n\t\t\t\t<\/div>","protected":false},"featured_media":673324,"parent":0,"template":"","categorias-articulos-revista-ma":[932],"class_list":["post-673322","articulos-revista-ma","type-articulos-revista-ma","status-publish","has-post-thumbnail","hentry","categorias-articulos-revista-ma-actualidad"],"yoast_head":"<!-- This site is optimized with the Yoast SEO Premium plugin v25.9 (Yoast SEO v25.9) - https:\/\/yoast.com\/wordpress\/plugins\/seo\/ -->\n<title>Santiago de Cali cuenta con el primer laboratorio de movilidad el\u00e9ctrica del suroccidente colombiano, apoyado por FENOGE y el Ministerio de Minas - Comfenalco Valle Delagente<\/title>\n<meta name=\"robots\" content=\"index, follow, max-snippet:-1, max-image-preview:large, max-video-preview:-1\" \/>\n<link rel=\"canonical\" href=\"https:\/\/www.comfenalcovalle.com.co\/articulos-revista-ma\/santiago-de-cali-cuenta-con-el-primer-laboratorio-de-movilidad-electrica-del-suroccidente-colombiano-apoyado-por-fenoge-y-el-ministerio-de-minas\/\" \/>\n<meta property=\"og:locale\" content=\"en_US\" \/>\n<meta property=\"og:type\" content=\"article\" \/>\n<meta property=\"og:title\" content=\"Santiago de Cali cuenta con el primer laboratorio de movilidad el\u00e9ctrica del suroccidente colombiano, apoyado por FENOGE y el Ministerio de Minas\" \/>\n<meta property=\"og:description\" content=\"La Instituci\u00f3n Educativa Antonio Jos\u00e9 Camacho es el espacio donde funciona y tiene su desarrollo el laboratorio de movilidad el\u00e9ctrica. Un salto al futuro en cuanto a modernidad y protecci\u00f3n del medioambiente. En la b\u00fasqueda de una instituci\u00f3n educativa que contara con un taller de mec\u00e1nica automotriz para implementar un proyecto de transformaci\u00f3n de energ\u00edas [&hellip;]\" \/>\n<meta property=\"og:url\" content=\"https:\/\/www.comfenalcovalle.com.co\/articulos-revista-ma\/santiago-de-cali-cuenta-con-el-primer-laboratorio-de-movilidad-electrica-del-suroccidente-colombiano-apoyado-por-fenoge-y-el-ministerio-de-minas\/\" \/>\n<meta property=\"og:site_name\" content=\"Comfenalco Valle Delagente\" \/>\n<meta property=\"article:modified_time\" content=\"2026-01-09T21:37:04+00:00\" \/>\n<meta property=\"og:image\" content=\"https:\/\/www.comfenalcovalle.com.co\/wp-content\/uploads\/2026\/01\/Antonio-jose-camacho-1.jpg\" \/>\n\t<meta property=\"og:image:width\" content=\"1080\" \/>\n\t<meta property=\"og:image:height\" content=\"608\" \/>\n\t<meta property=\"og:image:type\" content=\"image\/jpeg\" \/>\n<meta name=\"twitter:card\" content=\"summary_large_image\" \/>\n<meta name=\"twitter:label1\" content=\"Est. reading time\" \/>\n\t<meta name=\"twitter:data1\" content=\"2 minutes\" \/>\n<script type=\"application\/ld+json\" class=\"yoast-schema-graph\">{\"@context\":\"https:\/\/schema.org\",\"@graph\":[{\"@type\":\"WebPage\",\"@id\":\"https:\/\/www.comfenalcovalle.com.co\/articulos-revista-ma\/santiago-de-cali-cuenta-con-el-primer-laboratorio-de-movilidad-electrica-del-suroccidente-colombiano-apoyado-por-fenoge-y-el-ministerio-de-minas\/\",\"url\":\"https:\/\/www.comfenalcovalle.com.co\/articulos-revista-ma\/santiago-de-cali-cuenta-con-el-primer-laboratorio-de-movilidad-electrica-del-suroccidente-colombiano-apoyado-por-fenoge-y-el-ministerio-de-minas\/\",\"name\":\"Santiago de Cali cuenta con el primer laboratorio de movilidad el\u00e9ctrica del suroccidente colombiano, apoyado por FENOGE y el Ministerio de Minas - Comfenalco Valle Delagente\",\"isPartOf\":{\"@id\":\"https:\/\/www.comfenalcovalle.com.co\/#website\"},\"primaryImageOfPage\":{\"@id\":\"https:\/\/www.comfenalcovalle.com.co\/articulos-revista-ma\/santiago-de-cali-cuenta-con-el-primer-laboratorio-de-movilidad-electrica-del-suroccidente-colombiano-apoyado-por-fenoge-y-el-ministerio-de-minas\/#primaryimage\"},\"image\":{\"@id\":\"https:\/\/www.comfenalcovalle.com.co\/articulos-revista-ma\/santiago-de-cali-cuenta-con-el-primer-laboratorio-de-movilidad-electrica-del-suroccidente-colombiano-apoyado-por-fenoge-y-el-ministerio-de-minas\/#primaryimage\"},\"thumbnailUrl\":\"https:\/\/test.comfenalcovalle.com.co\/wp-content\/uploads\/2026\/01\/Antonio-jose-camacho-1.jpg\",\"datePublished\":\"2026-01-01T13:06:00+00:00\",\"dateModified\":\"2026-01-09T21:37:04+00:00\",\"breadcrumb\":{\"@id\":\"https:\/\/www.comfenalcovalle.com.co\/articulos-revista-ma\/santiago-de-cali-cuenta-con-el-primer-laboratorio-de-movilidad-electrica-del-suroccidente-colombiano-apoyado-por-fenoge-y-el-ministerio-de-minas\/#breadcrumb\"},\"inLanguage\":\"en-US\",\"potentialAction\":[{\"@type\":\"ReadAction\",\"target\":[\"https:\/\/www.comfenalcovalle.com.co\/articulos-revista-ma\/santiago-de-cali-cuenta-con-el-primer-laboratorio-de-movilidad-electrica-del-suroccidente-colombiano-apoyado-por-fenoge-y-el-ministerio-de-minas\/\"]}]},{\"@type\":\"ImageObject\",\"inLanguage\":\"en-US\",\"@id\":\"https:\/\/www.comfenalcovalle.com.co\/articulos-revista-ma\/santiago-de-cali-cuenta-con-el-primer-laboratorio-de-movilidad-electrica-del-suroccidente-colombiano-apoyado-por-fenoge-y-el-ministerio-de-minas\/#primaryimage\",\"url\":\"https:\/\/test.comfenalcovalle.com.co\/wp-content\/uploads\/2026\/01\/Antonio-jose-camacho-1.jpg\",\"contentUrl\":\"https:\/\/test.comfenalcovalle.com.co\/wp-content\/uploads\/2026\/01\/Antonio-jose-camacho-1.jpg\",\"width\":1080,\"height\":608,\"caption\":\"Antonio jose camacho\"},{\"@type\":\"BreadcrumbList\",\"@id\":\"https:\/\/www.comfenalcovalle.com.co\/articulos-revista-ma\/santiago-de-cali-cuenta-con-el-primer-laboratorio-de-movilidad-electrica-del-suroccidente-colombiano-apoyado-por-fenoge-y-el-ministerio-de-minas\/#breadcrumb\",\"itemListElement\":[{\"@type\":\"ListItem\",\"position\":1,\"name\":\"Portada\",\"item\":\"https:\/\/www.comfenalcovalle.com.co\/\"},{\"@type\":\"ListItem\",\"position\":2,\"name\":\"Art\u00edculos Revista Maestros\",\"item\":\"https:\/\/www.comfenalcovalle.com.co\/articulos-revista-ma\/\"},{\"@type\":\"ListItem\",\"position\":3,\"name\":\"Santiago de Cali cuenta con el primer laboratorio de movilidad el\u00e9ctrica del suroccidente colombiano, apoyado por FENOGE y el Ministerio de Minas\"}]},{\"@type\":\"WebSite\",\"@id\":\"https:\/\/www.comfenalcovalle.com.co\/#website\",\"url\":\"https:\/\/www.comfenalcovalle.com.co\/\",\"name\":\"Comfenalco Valle Delagente\",\"description\":\"Caja de compensaci\u00f3n de Comfenalco Valle Delagente.\",\"publisher\":{\"@id\":\"https:\/\/www.comfenalcovalle.com.co\/#organization\"},\"potentialAction\":[{\"@type\":\"SearchAction\",\"target\":{\"@type\":\"EntryPoint\",\"urlTemplate\":\"https:\/\/www.comfenalcovalle.com.co\/?s={search_term_string}\"},\"query-input\":{\"@type\":\"PropertyValueSpecification\",\"valueRequired\":true,\"valueName\":\"search_term_string\"}}],\"inLanguage\":\"en-US\"},{\"@type\":\"Organization\",\"@id\":\"https:\/\/www.comfenalcovalle.com.co\/#organization\",\"name\":\"Comfenalco Valle Delagente\",\"url\":\"https:\/\/www.comfenalcovalle.com.co\/\",\"logo\":{\"@type\":\"ImageObject\",\"inLanguage\":\"en-US\",\"@id\":\"https:\/\/www.comfenalcovalle.com.co\/#\/schema\/logo\/image\/\",\"url\":\"https:\/\/test.comfenalcovalle.com.co\/wp-content\/uploads\/2021\/06\/logo-comfe-cabecera-agencia-empelo-actualizado.png\",\"contentUrl\":\"https:\/\/test.comfenalcovalle.com.co\/wp-content\/uploads\/2021\/06\/logo-comfe-cabecera-agencia-empelo-actualizado.png\",\"width\":500,\"height\":184,\"caption\":\"Comfenalco Valle Delagente\"},\"image\":{\"@id\":\"https:\/\/www.comfenalcovalle.com.co\/#\/schema\/logo\/image\/\"}}]}<\/script>\n<!-- \/ Yoast SEO Premium plugin. -->","yoast_head_json":{"title":"Santiago de Cali cuenta con el primer laboratorio de movilidad el\u00e9ctrica del suroccidente colombiano, apoyado por FENOGE y el Ministerio de Minas - Comfenalco Valle Delagente","robots":{"index":"index","follow":"follow","max-snippet":"max-snippet:-1","max-image-preview":"max-image-preview:large","max-video-preview":"max-video-preview:-1"},"canonical":"https:\/\/www.comfenalcovalle.com.co\/articulos-revista-ma\/santiago-de-cali-cuenta-con-el-primer-laboratorio-de-movilidad-electrica-del-suroccidente-colombiano-apoyado-por-fenoge-y-el-ministerio-de-minas\/","og_locale":"en_US","og_type":"article","og_title":"Santiago de Cali cuenta con el primer laboratorio de movilidad el\u00e9ctrica del suroccidente colombiano, apoyado por FENOGE y el Ministerio de Minas","og_description":"La Instituci\u00f3n Educativa Antonio Jos\u00e9 Camacho es el espacio donde funciona y tiene su desarrollo el laboratorio de movilidad el\u00e9ctrica. Un salto al futuro en cuanto a modernidad y protecci\u00f3n del medioambiente. En la b\u00fasqueda de una instituci\u00f3n educativa que contara con un taller de mec\u00e1nica automotriz para implementar un proyecto de transformaci\u00f3n de energ\u00edas [&hellip;]","og_url":"https:\/\/www.comfenalcovalle.com.co\/articulos-revista-ma\/santiago-de-cali-cuenta-con-el-primer-laboratorio-de-movilidad-electrica-del-suroccidente-colombiano-apoyado-por-fenoge-y-el-ministerio-de-minas\/","og_site_name":"Comfenalco Valle Delagente","article_modified_time":"2026-01-09T21:37:04+00:00","og_image":[{"width":1080,"height":608,"url":"https:\/\/www.comfenalcovalle.com.co\/wp-content\/uploads\/2026\/01\/Antonio-jose-camacho-1.jpg","type":"image\/jpeg"}],"twitter_card":"summary_large_image","twitter_misc":{"Est. reading time":"2 minutes"},"schema":{"@context":"https:\/\/schema.org","@graph":[{"@type":"WebPage","@id":"https:\/\/www.comfenalcovalle.com.co\/articulos-revista-ma\/santiago-de-cali-cuenta-con-el-primer-laboratorio-de-movilidad-electrica-del-suroccidente-colombiano-apoyado-por-fenoge-y-el-ministerio-de-minas\/","url":"https:\/\/www.comfenalcovalle.com.co\/articulos-revista-ma\/santiago-de-cali-cuenta-con-el-primer-laboratorio-de-movilidad-electrica-del-suroccidente-colombiano-apoyado-por-fenoge-y-el-ministerio-de-minas\/","name":"Santiago de Cali cuenta con el primer laboratorio de movilidad el\u00e9ctrica del suroccidente colombiano, apoyado por FENOGE y el Ministerio de Minas - Comfenalco Valle Delagente","isPartOf":{"@id":"https:\/\/www.comfenalcovalle.com.co\/#website"},"primaryImageOfPage":{"@id":"https:\/\/www.comfenalcovalle.com.co\/articulos-revista-ma\/santiago-de-cali-cuenta-con-el-primer-laboratorio-de-movilidad-electrica-del-suroccidente-colombiano-apoyado-por-fenoge-y-el-ministerio-de-minas\/#primaryimage"},"image":{"@id":"https:\/\/www.comfenalcovalle.com.co\/articulos-revista-ma\/santiago-de-cali-cuenta-con-el-primer-laboratorio-de-movilidad-electrica-del-suroccidente-colombiano-apoyado-por-fenoge-y-el-ministerio-de-minas\/#primaryimage"},"thumbnailUrl":"https:\/\/test.comfenalcovalle.com.co\/wp-content\/uploads\/2026\/01\/Antonio-jose-camacho-1.jpg","datePublished":"2026-01-01T13:06:00+00:00","dateModified":"2026-01-09T21:37:04+00:00","breadcrumb":{"@id":"https:\/\/www.comfenalcovalle.com.co\/articulos-revista-ma\/santiago-de-cali-cuenta-con-el-primer-laboratorio-de-movilidad-electrica-del-suroccidente-colombiano-apoyado-por-fenoge-y-el-ministerio-de-minas\/#breadcrumb"},"inLanguage":"en-US","potentialAction":[{"@type":"ReadAction","target":["https:\/\/www.comfenalcovalle.com.co\/articulos-revista-ma\/santiago-de-cali-cuenta-con-el-primer-laboratorio-de-movilidad-electrica-del-suroccidente-colombiano-apoyado-por-fenoge-y-el-ministerio-de-minas\/"]}]},{"@type":"ImageObject","inLanguage":"en-US","@id":"https:\/\/www.comfenalcovalle.com.co\/articulos-revista-ma\/santiago-de-cali-cuenta-con-el-primer-laboratorio-de-movilidad-electrica-del-suroccidente-colombiano-apoyado-por-fenoge-y-el-ministerio-de-minas\/#primaryimage","url":"https:\/\/test.comfenalcovalle.com.co\/wp-content\/uploads\/2026\/01\/Antonio-jose-camacho-1.jpg","contentUrl":"https:\/\/test.comfenalcovalle.com.co\/wp-content\/uploads\/2026\/01\/Antonio-jose-camacho-1.jpg","width":1080,"height":608,"caption":"Antonio jose camacho"},{"@type":"BreadcrumbList","@id":"https:\/\/www.comfenalcovalle.com.co\/articulos-revista-ma\/santiago-de-cali-cuenta-con-el-primer-laboratorio-de-movilidad-electrica-del-suroccidente-colombiano-apoyado-por-fenoge-y-el-ministerio-de-minas\/#breadcrumb","itemListElement":[{"@type":"ListItem","position":1,"name":"Portada","item":"https:\/\/www.comfenalcovalle.com.co\/"},{"@type":"ListItem","position":2,"name":"Art\u00edculos Revista Maestros","item":"https:\/\/www.comfenalcovalle.com.co\/articulos-revista-ma\/"},{"@type":"ListItem","position":3,"name":"Santiago de Cali cuenta con el primer laboratorio de movilidad el\u00e9ctrica del suroccidente colombiano, apoyado por FENOGE y el Ministerio de Minas"}]},{"@type":"WebSite","@id":"https:\/\/www.comfenalcovalle.com.co\/#website","url":"https:\/\/www.comfenalcovalle.com.co\/","name":"Comfenalco Valle Delagente","description":"Comfenalco Valle Delagente compensation fund.","publisher":{"@id":"https:\/\/www.comfenalcovalle.com.co\/#organization"},"potentialAction":[{"@type":"SearchAction","target":{"@type":"EntryPoint","urlTemplate":"https:\/\/www.comfenalcovalle.com.co\/?s={search_term_string}"},"query-input":{"@type":"PropertyValueSpecification","valueRequired":true,"valueName":"search_term_string"}}],"inLanguage":"en-US"},{"@type":"Organization","@id":"https:\/\/www.comfenalcovalle.com.co\/#organization","name":"Comfenalco Valle Delagente","url":"https:\/\/www.comfenalcovalle.com.co\/","logo":{"@type":"ImageObject","inLanguage":"en-US","@id":"https:\/\/www.comfenalcovalle.com.co\/#\/schema\/logo\/image\/","url":"https:\/\/test.comfenalcovalle.com.co\/wp-content\/uploads\/2021\/06\/logo-comfe-cabecera-agencia-empelo-actualizado.png","contentUrl":"https:\/\/test.comfenalcovalle.com.co\/wp-content\/uploads\/2021\/06\/logo-comfe-cabecera-agencia-empelo-actualizado.png","width":500,"height":184,"caption":"Comfenalco Valle Delagente"},"image":{"@id":"https:\/\/www.comfenalcovalle.com.co\/#\/schema\/logo\/image\/"}}]}},"publishpress_future_workflow_manual_trigger":{"enabledWorkflows":[]},"_links":{"self":[{"href":"https:\/\/test.comfenalcovalle.com.co\/en\/wp-json\/wp\/v2\/articulos-revista-ma\/673322","targetHints":{"allow":["GET"]}}],"collection":[{"href":"https:\/\/test.comfenalcovalle.com.co\/en\/wp-json\/wp\/v2\/articulos-revista-ma"}],"about":[{"href":"https:\/\/test.comfenalcovalle.com.co\/en\/wp-json\/wp\/v2\/types\/articulos-revista-ma"}],"version-history":[{"count":0,"href":"https:\/\/test.comfenalcovalle.com.co\/en\/wp-json\/wp\/v2\/articulos-revista-ma\/673322\/revisions"}],"wp:featuredmedia":[{"embeddable":true,"href":"https:\/\/test.comfenalcovalle.com.co\/en\/wp-json\/wp\/v2\/media\/673324"}],"wp:attachment":[{"href":"https:\/\/test.comfenalcovalle.com.co\/en\/wp-json\/wp\/v2\/media?parent=673322"}],"wp:term":[{"taxonomy":"categorias-articulos-revista-ma","embeddable":true,"href":"https:\/\/test.comfenalcovalle.com.co\/en\/wp-json\/wp\/v2\/categorias-articulos-revista-ma?post=673322"}],"curies":[{"name":"wp","href":"https:\/\/api.w.org\/{rel}","templated":true}]}}