{"id":673311,"date":"2026-01-01T08:07:00","date_gmt":"2026-01-01T13:07:00","guid":{"rendered":"https:\/\/test.comfenalcovalle.com.co\/?post_type=articulos-revista-ma&#038;p=673311"},"modified":"2026-01-09T16:37:14","modified_gmt":"2026-01-09T21:37:14","slug":"educacion-inclusiva-en-el-valle-del-cauca-un-compromiso-que-transforma-vidas","status":"publish","type":"articulos-revista-ma","link":"https:\/\/test.comfenalcovalle.com.co\/en\/articulos-revista-ma\/educacion-inclusiva-en-el-valle-del-cauca-un-compromiso-que-transforma-vidas\/","title":{"rendered":"Educaci\u00f3n inclusiva en el Valle del Cauca: un compromiso que transforma vidas"},"content":{"rendered":"<div data-elementor-type=\"wp-post\" data-elementor-id=\"673311\" class=\"elementor elementor-673311\" data-elementor-post-type=\"articulos-revista-ma\">\n\t\t\t\t<div class=\"elementor-element elementor-element-eaff9e4 e-flex e-con-boxed e-con e-parent\" data-id=\"eaff9e4\" data-element_type=\"container\">\n\t\t\t\t\t<div class=\"e-con-inner\">\n\t\t<div class=\"elementor-element elementor-element-79a0edb e-flex e-con-boxed e-con e-child\" data-id=\"79a0edb\" data-element_type=\"container\">\n\t\t\t\t\t<div class=\"e-con-inner\">\n\t\t\t\t<div class=\"elementor-element elementor-element-a46c566 elementor-widget elementor-widget-heading\" data-id=\"a46c566\" data-element_type=\"widget\" data-widget_type=\"heading.default\">\n\t\t\t\t<div class=\"elementor-widget-container\">\n\t\t\t\t\t<div class=\"elementor-heading-title elementor-size-default\">En el Valle del Cauca, la educaci\u00f3n inclusiva dej\u00f3 de ser solo una pol\u00edtica para convertirse en una realidad viva dentro de las instituciones educativas. Para ello, el departamento ha fortalecido la asignaci\u00f3n de docentes especializados y profesionales capaces de acompa\u00f1ar a estudiantes y maestros en el desaf\u00edo de aprender en diversidad.<\/div>\t\t\t\t<\/div>\n\t\t\t\t<\/div>\n\t\t\t\t\t<\/div>\n\t\t\t\t<\/div>\n\t\t<div class=\"elementor-element elementor-element-c99b282 e-flex e-con-boxed e-con e-child\" data-id=\"c99b282\" data-element_type=\"container\" data-settings=\"{&quot;background_background&quot;:&quot;classic&quot;}\">\n\t\t\t\t\t<div class=\"e-con-inner\">\n\t\t<div class=\"elementor-element elementor-element-c2a49f5 e-flex e-con-boxed e-con e-child\" data-id=\"c2a49f5\" data-element_type=\"container\">\n\t\t\t\t\t<div class=\"e-con-inner\">\n\t\t<div class=\"elementor-element elementor-element-cd55bd8 e-flex e-con-boxed e-con e-child\" data-id=\"cd55bd8\" data-element_type=\"container\">\n\t\t\t\t\t<div class=\"e-con-inner\">\n\t\t\t\t<div class=\"elementor-element elementor-element-2f6c0c4 elementor-widget elementor-widget-text-editor\" data-id=\"2f6c0c4\" data-element_type=\"widget\" data-widget_type=\"text-editor.default\">\n\t\t\t\t<div class=\"elementor-widget-container\">\n\t\t\t\t\t\t\t\t\t<p><strong><img fetchpriority=\"high\" decoding=\"async\" class=\"size-medium wp-image-673316 alignleft\" src=\"https:\/\/test.comfenalcovalle.com.co\/wp-content\/uploads\/2026\/01\/Educacion-inclusiva-3-300x300.png\" alt=\"Educaci\u00f3n inclusiva\" width=\"300\" height=\"300\" srcset=\"https:\/\/test.comfenalcovalle.com.co\/wp-content\/uploads\/2026\/01\/Educacion-inclusiva-3-300x300.png 300w, https:\/\/test.comfenalcovalle.com.co\/wp-content\/uploads\/2026\/01\/Educacion-inclusiva-3-1024x1024.png 1024w, https:\/\/test.comfenalcovalle.com.co\/wp-content\/uploads\/2026\/01\/Educacion-inclusiva-3-150x150.png 150w, https:\/\/test.comfenalcovalle.com.co\/wp-content\/uploads\/2026\/01\/Educacion-inclusiva-3-768x768.png 768w, https:\/\/test.comfenalcovalle.com.co\/wp-content\/uploads\/2026\/01\/Educacion-inclusiva-3-12x12.png 12w, https:\/\/test.comfenalcovalle.com.co\/wp-content\/uploads\/2026\/01\/Educacion-inclusiva-3.png 1080w\" sizes=\"(max-width: 300px) 100vw, 300px\" \/>\u00bfSe imagina usted escuchar pero no entender porque le hablan en una lengua diferente a la suya?<\/strong> o, <strong>\u00bftener un proceso de aprendizaje distinto al de sus compa\u00f1eros?<\/strong> Pues bien, estas situaciones, m\u00e1s comunes de lo normal, que alimentaban cada vez m\u00e1s la brecha de la educaci\u00f3n desigual en el territorio, <strong>hoy ya tienen herramientas que atienden cada una de esas necesidade<\/strong>s.<\/p><p>Hoy, la educaci\u00f3n inclusiva llega a 123 instituciones educativas oficiales y <strong>beneficia a 1.885 estudiantes con discapacidad y 90 estudiantes con trastornos que requieren apoyos espec\u00edficos<\/strong>, gracias al trabajo de 48 profesionales de apoyo pedag\u00f3gico, 35 profesionales de apoyo sensorial y 9 expertos en capacidades y talentos excepcionales. Este equipo interdisciplinario orienta a las comunidades educativas, acompa\u00f1a procesos, adapta materiales, media la comunicaci\u00f3n y construye estrategias para que cada estudiante encuentre en la escuela un espacio de participaci\u00f3n, respeto y crecimiento.<\/p><p><strong>La mirada docente: la inclusi\u00f3n como acto de humanidad.<\/strong><\/p><p>Para Johana Marcela Romero, profesional de apoyo pedag\u00f3gico de la secretar\u00eda de Educaci\u00f3n Departamental, este trabajo ha sido un viaje profundo. \u201c<strong>Ha sido un recorrido lleno de aprendizajes y retos, pero tambi\u00e9n de grandes satisfacciones. La inclusi\u00f3n es un acto de humanidad y compromiso<\/strong>\u201d, afirma.<\/p><p><img decoding=\"async\" class=\"size-medium wp-image-673314 alignright lazyload\" data-src=\"https:\/\/test.comfenalcovalle.com.co\/wp-content\/uploads\/2026\/01\/Educacion-inclusiva-1-300x300.png\" alt=\"Educaci\u00f3n inclusiva\" width=\"300\" height=\"300\" data-srcset=\"https:\/\/test.comfenalcovalle.com.co\/wp-content\/uploads\/2026\/01\/Educacion-inclusiva-1-300x300.png 300w, https:\/\/test.comfenalcovalle.com.co\/wp-content\/uploads\/2026\/01\/Educacion-inclusiva-1-150x150.png 150w, https:\/\/test.comfenalcovalle.com.co\/wp-content\/uploads\/2026\/01\/Educacion-inclusiva-1-768x768.png 768w, https:\/\/test.comfenalcovalle.com.co\/wp-content\/uploads\/2026\/01\/Educacion-inclusiva-1-12x12.png 12w, https:\/\/test.comfenalcovalle.com.co\/wp-content\/uploads\/2026\/01\/Educacion-inclusiva-1.png 972w\" data-sizes=\"(max-width: 300px) 100vw, 300px\" src=\"data:image\/svg+xml;base64,PHN2ZyB3aWR0aD0iMSIgaGVpZ2h0PSIxIiB4bWxucz0iaHR0cDovL3d3dy53My5vcmcvMjAwMC9zdmciPjwvc3ZnPg==\" style=\"--smush-placeholder-width: 300px; --smush-placeholder-aspect-ratio: 300\/300;\" \/>Acompa\u00f1ar instituciones rurales en medio de distancias largas, v\u00edas dif\u00edciles o realidades marcadas por el conflicto no ha sido sencillo. Aun as\u00ed, cada logro estudiantil es gasolina emocional para seguir.<\/p><p>\u201c<strong>La mayor recompensa es ver c\u00f3mo un estudiante que antes se sent\u00eda limitado, hoy participa con confianza y sonr\u00ede<\/strong>\u201d, dice. Y cuando llega a las instituciones, ya no encuentra resistencia, sino puertas abiertas, maestros dispuestos, familias involucradas y estudiantes agradecidos.<\/p><p><strong>\u201cAntes me perd\u00eda la mitad de lo que dec\u00edan\u201d.<\/strong><\/p><p>Hamilton Felipe Largo, estudiante con discapacidad auditiva en Candelaria, recuerda c\u00f3mo era estar en clase sin apoyo comunicativo. \u201c<strong>Antes me perd\u00eda partes de las explicaciones. Ahora, con el int\u00e9rprete o el modelo ling\u00fc\u00edstico, entiendo todo<\/strong>\u201d, cuenta.<\/p><p>Sus avances no son s\u00f3lo acad\u00e9micos: ahora participa, pregunta, comprende conceptos complejos y se siente parte del grupo. Para \u00e9l, la lengua de se\u00f1as no es solo una herramienta; es un puente hacia la educaci\u00f3n que siempre quiso recibir.<\/p><p><strong>Un trabajo lleno de pasi\u00f3n y vocaci\u00f3n.<\/strong><\/p><p>Las innumerables historias en el departamento similares a las de Hamilton Felipe Largo hoy tienen una mirada benevolente y un futuro prometedor gracias al compromiso del Gobierno Departamental y a la labor que en el d\u00eda a d\u00eda desarrollan con profunda pasi\u00f3n y vocaci\u00f3n, docentes como Johana Romero y \u00d3mar Payan, asimismo funcionarios como Laura Calvo, Ana Mar\u00eda Gallardo, Santiago Luna, entre otros.<\/p>\t\t\t\t\t\t\t\t<\/div>\n\t\t\t\t<\/div>\n\t\t\t\t<div class=\"elementor-element elementor-element-19f6c75 elementor-widget elementor-widget-heading\" data-id=\"19f6c75\" data-element_type=\"widget\" data-widget_type=\"heading.default\">\n\t\t\t\t<div class=\"elementor-widget-container\">\n\t\t\t\t\t<div class=\"elementor-heading-title elementor-size-default\">La inclusi\u00f3n en la educaci\u00f3n es un camino   que exige esfuerzo y ofrece recompensas profundas en la comunidad.<\/div>\t\t\t\t<\/div>\n\t\t\t\t<\/div>\n\t\t\t\t\t<\/div>\n\t\t\t\t<\/div>\n\t\t\t\t\t<\/div>\n\t\t\t\t<\/div>\n\t\t\t\t\t<\/div>\n\t\t\t\t<\/div>\n\t\t\t\t\t<\/div>\n\t\t\t\t<\/div>\n\t\t\t\t<\/div>","protected":false},"featured_media":673314,"parent":0,"template":"","categorias-articulos-revista-ma":[932],"class_list":["post-673311","articulos-revista-ma","type-articulos-revista-ma","status-publish","has-post-thumbnail","hentry","categorias-articulos-revista-ma-actualidad"],"yoast_head":"<!-- This site is optimized with the Yoast SEO Premium plugin v25.9 (Yoast SEO v25.9) - https:\/\/yoast.com\/wordpress\/plugins\/seo\/ -->\n<title>Educaci\u00f3n inclusiva en el Valle del Cauca: un compromiso que transforma vidas - Comfenalco Valle Delagente<\/title>\n<meta name=\"robots\" content=\"index, follow, max-snippet:-1, max-image-preview:large, max-video-preview:-1\" \/>\n<link rel=\"canonical\" href=\"https:\/\/www.comfenalcovalle.com.co\/articulos-revista-ma\/educacion-inclusiva-en-el-valle-del-cauca-un-compromiso-que-transforma-vidas\/\" \/>\n<meta property=\"og:locale\" content=\"en_US\" \/>\n<meta property=\"og:type\" content=\"article\" \/>\n<meta property=\"og:title\" content=\"Educaci\u00f3n inclusiva en el Valle del Cauca: un compromiso que transforma vidas\" \/>\n<meta property=\"og:description\" content=\"En el Valle del Cauca, la educaci\u00f3n inclusiva dej\u00f3 de ser solo una pol\u00edtica para convertirse en una realidad viva dentro de las instituciones educativas. Para ello, el departamento ha fortalecido la asignaci\u00f3n de docentes especializados y profesionales capaces de acompa\u00f1ar a estudiantes y maestros en el desaf\u00edo de aprender en diversidad. \u00bfSe imagina usted [&hellip;]\" \/>\n<meta property=\"og:url\" content=\"https:\/\/www.comfenalcovalle.com.co\/articulos-revista-ma\/educacion-inclusiva-en-el-valle-del-cauca-un-compromiso-que-transforma-vidas\/\" \/>\n<meta property=\"og:site_name\" content=\"Comfenalco Valle Delagente\" \/>\n<meta property=\"article:modified_time\" content=\"2026-01-09T21:37:14+00:00\" \/>\n<meta property=\"og:image\" content=\"https:\/\/www.comfenalcovalle.com.co\/wp-content\/uploads\/2026\/01\/Educacion-inclusiva-1.png\" \/>\n\t<meta property=\"og:image:width\" content=\"972\" \/>\n\t<meta property=\"og:image:height\" content=\"972\" \/>\n\t<meta property=\"og:image:type\" content=\"image\/png\" \/>\n<meta name=\"twitter:card\" content=\"summary_large_image\" \/>\n<meta name=\"twitter:label1\" content=\"Est. reading time\" \/>\n\t<meta name=\"twitter:data1\" content=\"3 minutes\" \/>\n<script type=\"application\/ld+json\" class=\"yoast-schema-graph\">{\"@context\":\"https:\/\/schema.org\",\"@graph\":[{\"@type\":\"WebPage\",\"@id\":\"https:\/\/www.comfenalcovalle.com.co\/articulos-revista-ma\/educacion-inclusiva-en-el-valle-del-cauca-un-compromiso-que-transforma-vidas\/\",\"url\":\"https:\/\/www.comfenalcovalle.com.co\/articulos-revista-ma\/educacion-inclusiva-en-el-valle-del-cauca-un-compromiso-que-transforma-vidas\/\",\"name\":\"Educaci\u00f3n inclusiva en el Valle del Cauca: un compromiso que transforma vidas - Comfenalco Valle Delagente\",\"isPartOf\":{\"@id\":\"https:\/\/www.comfenalcovalle.com.co\/#website\"},\"primaryImageOfPage\":{\"@id\":\"https:\/\/www.comfenalcovalle.com.co\/articulos-revista-ma\/educacion-inclusiva-en-el-valle-del-cauca-un-compromiso-que-transforma-vidas\/#primaryimage\"},\"image\":{\"@id\":\"https:\/\/www.comfenalcovalle.com.co\/articulos-revista-ma\/educacion-inclusiva-en-el-valle-del-cauca-un-compromiso-que-transforma-vidas\/#primaryimage\"},\"thumbnailUrl\":\"https:\/\/test.comfenalcovalle.com.co\/wp-content\/uploads\/2026\/01\/Educacion-inclusiva-1.png\",\"datePublished\":\"2026-01-01T13:07:00+00:00\",\"dateModified\":\"2026-01-09T21:37:14+00:00\",\"breadcrumb\":{\"@id\":\"https:\/\/www.comfenalcovalle.com.co\/articulos-revista-ma\/educacion-inclusiva-en-el-valle-del-cauca-un-compromiso-que-transforma-vidas\/#breadcrumb\"},\"inLanguage\":\"en-US\",\"potentialAction\":[{\"@type\":\"ReadAction\",\"target\":[\"https:\/\/www.comfenalcovalle.com.co\/articulos-revista-ma\/educacion-inclusiva-en-el-valle-del-cauca-un-compromiso-que-transforma-vidas\/\"]}]},{\"@type\":\"ImageObject\",\"inLanguage\":\"en-US\",\"@id\":\"https:\/\/www.comfenalcovalle.com.co\/articulos-revista-ma\/educacion-inclusiva-en-el-valle-del-cauca-un-compromiso-que-transforma-vidas\/#primaryimage\",\"url\":\"https:\/\/test.comfenalcovalle.com.co\/wp-content\/uploads\/2026\/01\/Educacion-inclusiva-1.png\",\"contentUrl\":\"https:\/\/test.comfenalcovalle.com.co\/wp-content\/uploads\/2026\/01\/Educacion-inclusiva-1.png\",\"width\":972,\"height\":972,\"caption\":\"Educaci\u00f3n inclusiva\"},{\"@type\":\"BreadcrumbList\",\"@id\":\"https:\/\/www.comfenalcovalle.com.co\/articulos-revista-ma\/educacion-inclusiva-en-el-valle-del-cauca-un-compromiso-que-transforma-vidas\/#breadcrumb\",\"itemListElement\":[{\"@type\":\"ListItem\",\"position\":1,\"name\":\"Portada\",\"item\":\"https:\/\/www.comfenalcovalle.com.co\/\"},{\"@type\":\"ListItem\",\"position\":2,\"name\":\"Art\u00edculos Revista Maestros\",\"item\":\"https:\/\/www.comfenalcovalle.com.co\/articulos-revista-ma\/\"},{\"@type\":\"ListItem\",\"position\":3,\"name\":\"Educaci\u00f3n inclusiva en el Valle del Cauca: un compromiso que transforma vidas\"}]},{\"@type\":\"WebSite\",\"@id\":\"https:\/\/www.comfenalcovalle.com.co\/#website\",\"url\":\"https:\/\/www.comfenalcovalle.com.co\/\",\"name\":\"Comfenalco Valle Delagente\",\"description\":\"Caja de compensaci\u00f3n de Comfenalco Valle Delagente.\",\"publisher\":{\"@id\":\"https:\/\/www.comfenalcovalle.com.co\/#organization\"},\"potentialAction\":[{\"@type\":\"SearchAction\",\"target\":{\"@type\":\"EntryPoint\",\"urlTemplate\":\"https:\/\/www.comfenalcovalle.com.co\/?s={search_term_string}\"},\"query-input\":{\"@type\":\"PropertyValueSpecification\",\"valueRequired\":true,\"valueName\":\"search_term_string\"}}],\"inLanguage\":\"en-US\"},{\"@type\":\"Organization\",\"@id\":\"https:\/\/www.comfenalcovalle.com.co\/#organization\",\"name\":\"Comfenalco Valle Delagente\",\"url\":\"https:\/\/www.comfenalcovalle.com.co\/\",\"logo\":{\"@type\":\"ImageObject\",\"inLanguage\":\"en-US\",\"@id\":\"https:\/\/www.comfenalcovalle.com.co\/#\/schema\/logo\/image\/\",\"url\":\"https:\/\/test.comfenalcovalle.com.co\/wp-content\/uploads\/2021\/06\/logo-comfe-cabecera-agencia-empelo-actualizado.png\",\"contentUrl\":\"https:\/\/test.comfenalcovalle.com.co\/wp-content\/uploads\/2021\/06\/logo-comfe-cabecera-agencia-empelo-actualizado.png\",\"width\":500,\"height\":184,\"caption\":\"Comfenalco Valle Delagente\"},\"image\":{\"@id\":\"https:\/\/www.comfenalcovalle.com.co\/#\/schema\/logo\/image\/\"}}]}<\/script>\n<!-- \/ Yoast SEO Premium plugin. -->","yoast_head_json":{"title":"Educaci\u00f3n inclusiva en el Valle del Cauca: un compromiso que transforma vidas - Comfenalco Valle Delagente","robots":{"index":"index","follow":"follow","max-snippet":"max-snippet:-1","max-image-preview":"max-image-preview:large","max-video-preview":"max-video-preview:-1"},"canonical":"https:\/\/www.comfenalcovalle.com.co\/articulos-revista-ma\/educacion-inclusiva-en-el-valle-del-cauca-un-compromiso-que-transforma-vidas\/","og_locale":"en_US","og_type":"article","og_title":"Educaci\u00f3n inclusiva en el Valle del Cauca: un compromiso que transforma vidas","og_description":"En el Valle del Cauca, la educaci\u00f3n inclusiva dej\u00f3 de ser solo una pol\u00edtica para convertirse en una realidad viva dentro de las instituciones educativas. Para ello, el departamento ha fortalecido la asignaci\u00f3n de docentes especializados y profesionales capaces de acompa\u00f1ar a estudiantes y maestros en el desaf\u00edo de aprender en diversidad. \u00bfSe imagina usted [&hellip;]","og_url":"https:\/\/www.comfenalcovalle.com.co\/articulos-revista-ma\/educacion-inclusiva-en-el-valle-del-cauca-un-compromiso-que-transforma-vidas\/","og_site_name":"Comfenalco Valle Delagente","article_modified_time":"2026-01-09T21:37:14+00:00","og_image":[{"width":972,"height":972,"url":"https:\/\/www.comfenalcovalle.com.co\/wp-content\/uploads\/2026\/01\/Educacion-inclusiva-1.png","type":"image\/png"}],"twitter_card":"summary_large_image","twitter_misc":{"Est. reading time":"3 minutes"},"schema":{"@context":"https:\/\/schema.org","@graph":[{"@type":"WebPage","@id":"https:\/\/www.comfenalcovalle.com.co\/articulos-revista-ma\/educacion-inclusiva-en-el-valle-del-cauca-un-compromiso-que-transforma-vidas\/","url":"https:\/\/www.comfenalcovalle.com.co\/articulos-revista-ma\/educacion-inclusiva-en-el-valle-del-cauca-un-compromiso-que-transforma-vidas\/","name":"Educaci\u00f3n inclusiva en el Valle del Cauca: un compromiso que transforma vidas - Comfenalco Valle Delagente","isPartOf":{"@id":"https:\/\/www.comfenalcovalle.com.co\/#website"},"primaryImageOfPage":{"@id":"https:\/\/www.comfenalcovalle.com.co\/articulos-revista-ma\/educacion-inclusiva-en-el-valle-del-cauca-un-compromiso-que-transforma-vidas\/#primaryimage"},"image":{"@id":"https:\/\/www.comfenalcovalle.com.co\/articulos-revista-ma\/educacion-inclusiva-en-el-valle-del-cauca-un-compromiso-que-transforma-vidas\/#primaryimage"},"thumbnailUrl":"https:\/\/test.comfenalcovalle.com.co\/wp-content\/uploads\/2026\/01\/Educacion-inclusiva-1.png","datePublished":"2026-01-01T13:07:00+00:00","dateModified":"2026-01-09T21:37:14+00:00","breadcrumb":{"@id":"https:\/\/www.comfenalcovalle.com.co\/articulos-revista-ma\/educacion-inclusiva-en-el-valle-del-cauca-un-compromiso-que-transforma-vidas\/#breadcrumb"},"inLanguage":"en-US","potentialAction":[{"@type":"ReadAction","target":["https:\/\/www.comfenalcovalle.com.co\/articulos-revista-ma\/educacion-inclusiva-en-el-valle-del-cauca-un-compromiso-que-transforma-vidas\/"]}]},{"@type":"ImageObject","inLanguage":"en-US","@id":"https:\/\/www.comfenalcovalle.com.co\/articulos-revista-ma\/educacion-inclusiva-en-el-valle-del-cauca-un-compromiso-que-transforma-vidas\/#primaryimage","url":"https:\/\/test.comfenalcovalle.com.co\/wp-content\/uploads\/2026\/01\/Educacion-inclusiva-1.png","contentUrl":"https:\/\/test.comfenalcovalle.com.co\/wp-content\/uploads\/2026\/01\/Educacion-inclusiva-1.png","width":972,"height":972,"caption":"Educaci\u00f3n inclusiva"},{"@type":"BreadcrumbList","@id":"https:\/\/www.comfenalcovalle.com.co\/articulos-revista-ma\/educacion-inclusiva-en-el-valle-del-cauca-un-compromiso-que-transforma-vidas\/#breadcrumb","itemListElement":[{"@type":"ListItem","position":1,"name":"Portada","item":"https:\/\/www.comfenalcovalle.com.co\/"},{"@type":"ListItem","position":2,"name":"Art\u00edculos Revista Maestros","item":"https:\/\/www.comfenalcovalle.com.co\/articulos-revista-ma\/"},{"@type":"ListItem","position":3,"name":"Educaci\u00f3n inclusiva en el Valle del Cauca: un compromiso que transforma vidas"}]},{"@type":"WebSite","@id":"https:\/\/www.comfenalcovalle.com.co\/#website","url":"https:\/\/www.comfenalcovalle.com.co\/","name":"Comfenalco Valle Delagente","description":"Comfenalco Valle Delagente compensation fund.","publisher":{"@id":"https:\/\/www.comfenalcovalle.com.co\/#organization"},"potentialAction":[{"@type":"SearchAction","target":{"@type":"EntryPoint","urlTemplate":"https:\/\/www.comfenalcovalle.com.co\/?s={search_term_string}"},"query-input":{"@type":"PropertyValueSpecification","valueRequired":true,"valueName":"search_term_string"}}],"inLanguage":"en-US"},{"@type":"Organization","@id":"https:\/\/www.comfenalcovalle.com.co\/#organization","name":"Comfenalco Valle Delagente","url":"https:\/\/www.comfenalcovalle.com.co\/","logo":{"@type":"ImageObject","inLanguage":"en-US","@id":"https:\/\/www.comfenalcovalle.com.co\/#\/schema\/logo\/image\/","url":"https:\/\/test.comfenalcovalle.com.co\/wp-content\/uploads\/2021\/06\/logo-comfe-cabecera-agencia-empelo-actualizado.png","contentUrl":"https:\/\/test.comfenalcovalle.com.co\/wp-content\/uploads\/2021\/06\/logo-comfe-cabecera-agencia-empelo-actualizado.png","width":500,"height":184,"caption":"Comfenalco Valle Delagente"},"image":{"@id":"https:\/\/www.comfenalcovalle.com.co\/#\/schema\/logo\/image\/"}}]}},"publishpress_future_workflow_manual_trigger":{"enabledWorkflows":[]},"_links":{"self":[{"href":"https:\/\/test.comfenalcovalle.com.co\/en\/wp-json\/wp\/v2\/articulos-revista-ma\/673311","targetHints":{"allow":["GET"]}}],"collection":[{"href":"https:\/\/test.comfenalcovalle.com.co\/en\/wp-json\/wp\/v2\/articulos-revista-ma"}],"about":[{"href":"https:\/\/test.comfenalcovalle.com.co\/en\/wp-json\/wp\/v2\/types\/articulos-revista-ma"}],"version-history":[{"count":0,"href":"https:\/\/test.comfenalcovalle.com.co\/en\/wp-json\/wp\/v2\/articulos-revista-ma\/673311\/revisions"}],"wp:featuredmedia":[{"embeddable":true,"href":"https:\/\/test.comfenalcovalle.com.co\/en\/wp-json\/wp\/v2\/media\/673314"}],"wp:attachment":[{"href":"https:\/\/test.comfenalcovalle.com.co\/en\/wp-json\/wp\/v2\/media?parent=673311"}],"wp:term":[{"taxonomy":"categorias-articulos-revista-ma","embeddable":true,"href":"https:\/\/test.comfenalcovalle.com.co\/en\/wp-json\/wp\/v2\/categorias-articulos-revista-ma?post=673311"}],"curies":[{"name":"wp","href":"https:\/\/api.w.org\/{rel}","templated":true}]}}