{"id":669278,"date":"2025-09-30T08:10:33","date_gmt":"2025-09-30T13:10:33","guid":{"rendered":"https:\/\/test.comfenalcovalle.com.co\/?post_type=articulos-revista-ma&#038;p=669278"},"modified":"2025-09-30T16:23:04","modified_gmt":"2025-09-30T21:23:04","slug":"comfenalco-valle-delagente-recibio-reconocimiento-nacional-en-desarrollo-sostenible","status":"publish","type":"articulos-revista-ma","link":"https:\/\/test.comfenalcovalle.com.co\/en\/articulos-revista-ma\/comfenalco-valle-delagente-recibio-reconocimiento-nacional-en-desarrollo-sostenible\/","title":{"rendered":"Comfenalco Valle Delagente recibi\u00f3 reconocimiento nacional en Desarrollo Sostenible"},"content":{"rendered":"<div data-elementor-type=\"wp-post\" data-elementor-id=\"669278\" class=\"elementor elementor-669278\" data-elementor-post-type=\"articulos-revista-ma\">\n\t\t\t\t<div class=\"elementor-element elementor-element-22c781f e-flex e-con-boxed e-con e-parent\" data-id=\"22c781f\" data-element_type=\"container\">\n\t\t\t\t\t<div class=\"e-con-inner\">\n\t\t<div class=\"elementor-element elementor-element-76caf65 e-flex e-con-boxed e-con e-child\" data-id=\"76caf65\" data-element_type=\"container\">\n\t\t\t\t\t<div class=\"e-con-inner\">\n\t\t\t\t<div class=\"elementor-element elementor-element-b6e77fc elementor-widget elementor-widget-heading\" data-id=\"b6e77fc\" data-element_type=\"widget\" data-widget_type=\"heading.default\">\n\t\t\t\t<div class=\"elementor-widget-container\">\n\t\t\t\t\t<div class=\"elementor-heading-title elementor-size-default\">Con el programa \u201cConstruyamos Juntos\u201d, Comfenalco Valle Delagente fue reconocida por Pacto Global Red Colombia en el Premio a las Buenas Pr\u00e1cticas de Desarrollo Sostenible, entregado el pasado 13 de agosto en Bogot\u00e1. La Caja de Compensaci\u00f3n Familiar se destac\u00f3 entre m\u00e1s de 250 postulaciones, gracias a criterios como innovaci\u00f3n, impacto y sostenibilidad en el tiempo.<\/div>\t\t\t\t<\/div>\n\t\t\t\t<\/div>\n\t\t\t\t\t<\/div>\n\t\t\t\t<\/div>\n\t\t<div class=\"elementor-element elementor-element-bb058ef e-flex e-con-boxed e-con e-child\" data-id=\"bb058ef\" data-element_type=\"container\" data-settings=\"{&quot;background_background&quot;:&quot;classic&quot;}\">\n\t\t\t\t\t<div class=\"e-con-inner\">\n\t\t<div class=\"elementor-element elementor-element-0501f81 e-flex e-con-boxed e-con e-child\" data-id=\"0501f81\" data-element_type=\"container\">\n\t\t\t\t\t<div class=\"e-con-inner\">\n\t\t<div class=\"elementor-element elementor-element-040f477 e-flex e-con-boxed e-con e-child\" data-id=\"040f477\" data-element_type=\"container\">\n\t\t\t\t\t<div class=\"e-con-inner\">\n\t\t\t\t<div class=\"elementor-element elementor-element-40838e8 elementor-widget elementor-widget-text-editor\" data-id=\"40838e8\" data-element_type=\"widget\" data-widget_type=\"text-editor.default\">\n\t\t\t\t<div class=\"elementor-widget-container\">\n\t\t\t\t\t\t\t\t\t<p><img decoding=\"async\" class=\"alignleft lazyload\" data-src=\"https:\/\/test.comfenalcovalle.com.co\/wp-content\/uploads\/2025\/09\/reconocimiento-nacional-en-Desarrollo-Sostenible1.png\" alt=\"foto\" width=\"300\" height=\"\" src=\"data:image\/svg+xml;base64,PHN2ZyB3aWR0aD0iMSIgaGVpZ2h0PSIxIiB4bWxucz0iaHR0cDovL3d3dy53My5vcmcvMjAwMC9zdmciPjwvc3ZnPg==\" style=\"--smush-placeholder-width: 1026px; --smush-placeholder-aspect-ratio: 1026\/1026;\" \/><\/p><p>El programa de Derechos Humanos y Sostenibilidad \u201cConstruyamos Juntos\u201d, liderado por el \u00e1rea de Cooperaci\u00f3n, Proyectos Sociales y Sostenibilidad, busca alinear las operaciones de la corporaci\u00f3n con los Objetivos de Desarrollo Sostenible, el Pacto Global y los Principios Rectores sobre Empresas y Derechos Humanos, asegurando un progreso social, ambiental y financiero a corto, mediano y largo plazo.<\/p><p>\u201c<strong>Construyamos Juntos<\/strong>\u201d <strong>se desarroll\u00f3 en cinco fases estrat\u00e9gicas: diagn\u00f3stico, sensibilizaci\u00f3n, construcci\u00f3n, implementaci\u00f3n y evaluaci\u00f3n<\/strong>. A partir de este proceso, la Caja de Compensaci\u00f3n Familiar incorpor\u00f3 pr\u00e1cticas innovadoras como la C\u00e1tedra de Derechos Humanos y Sostenibilidad para su Consejo Directivo, la creaci\u00f3n de una Pol\u00edtica corporativa de Derechos Humanos, un C\u00f3digo de Conducta para Proveedores y espacios Gracias a estas acciones, el programa ha generado transformaciones organizacionales y culturales que <strong>consolidan a Comfenalco Valle Delagente como referente en la defensa de los derechos humanos y la gesti\u00f3n sostenible<\/strong>.<\/p>\t\t\t\t\t\t\t\t<\/div>\n\t\t\t\t<\/div>\n\t\t\t\t<div class=\"elementor-element elementor-element-fc190ac elementor-widget elementor-widget-heading\" data-id=\"fc190ac\" data-element_type=\"widget\" data-widget_type=\"heading.default\">\n\t\t\t\t<div class=\"elementor-widget-container\">\n\t\t\t\t\t<div class=\"elementor-heading-title elementor-size-default\">Este reconocimiento es tambi\u00e9n un homenaje al compromiso de los colaboradores que d\u00eda a d\u00eda aportan a la construcci\u00f3n de una corporaci\u00f3n m\u00e1s responsable con las personas, el territorio y el planeta.<\/div>\t\t\t\t<\/div>\n\t\t\t\t<\/div>\n\t\t\t\t\t<\/div>\n\t\t\t\t<\/div>\n\t\t\t\t\t<\/div>\n\t\t\t\t<\/div>\n\t\t\t\t\t<\/div>\n\t\t\t\t<\/div>\n\t\t\t\t\t<\/div>\n\t\t\t\t<\/div>\n\t\t\t\t<\/div>","protected":false},"featured_media":669283,"parent":0,"template":"","categorias-articulos-revista-ma":[936],"class_list":["post-669278","articulos-revista-ma","type-articulos-revista-ma","status-publish","has-post-thumbnail","hentry","categorias-articulos-revista-ma-en-breve"],"yoast_head":"<!-- This site is optimized with the Yoast SEO Premium plugin v25.9 (Yoast SEO v25.9) - https:\/\/yoast.com\/wordpress\/plugins\/seo\/ -->\n<title>Comfenalco Valle Delagente recibi\u00f3 reconocimiento nacional en Desarrollo Sostenible - Comfenalco Valle Delagente<\/title>\n<meta name=\"robots\" content=\"index, follow, max-snippet:-1, max-image-preview:large, max-video-preview:-1\" \/>\n<link rel=\"canonical\" href=\"https:\/\/www.comfenalcovalle.com.co\/articulos-revista-ma\/comfenalco-valle-delagente-recibio-reconocimiento-nacional-en-desarrollo-sostenible\/\" \/>\n<meta property=\"og:locale\" content=\"en_US\" \/>\n<meta property=\"og:type\" content=\"article\" \/>\n<meta property=\"og:title\" content=\"Comfenalco Valle Delagente recibi\u00f3 reconocimiento nacional en Desarrollo Sostenible\" \/>\n<meta property=\"og:description\" content=\"Con el programa \u201cConstruyamos Juntos\u201d, Comfenalco Valle Delagente fue reconocida por Pacto Global Red Colombia en el Premio a las Buenas Pr\u00e1cticas de Desarrollo Sostenible, entregado el pasado 13 de agosto en Bogot\u00e1. La Caja de Compensaci\u00f3n Familiar se destac\u00f3 entre m\u00e1s de 250 postulaciones, gracias a criterios como innovaci\u00f3n, impacto y sostenibilidad en el [&hellip;]\" \/>\n<meta property=\"og:url\" content=\"https:\/\/www.comfenalcovalle.com.co\/articulos-revista-ma\/comfenalco-valle-delagente-recibio-reconocimiento-nacional-en-desarrollo-sostenible\/\" \/>\n<meta property=\"og:site_name\" content=\"Comfenalco Valle Delagente\" \/>\n<meta property=\"article:modified_time\" content=\"2025-09-30T21:23:04+00:00\" \/>\n<meta property=\"og:image\" content=\"https:\/\/www.comfenalcovalle.com.co\/wp-content\/uploads\/2025\/09\/reconocimiento-nacional-en-Desarrollo-Sostenible4.png\" \/>\n\t<meta property=\"og:image:width\" content=\"1200\" \/>\n\t<meta property=\"og:image:height\" content=\"675\" \/>\n\t<meta property=\"og:image:type\" content=\"image\/png\" \/>\n<meta name=\"twitter:card\" content=\"summary_large_image\" \/>\n<meta name=\"twitter:label1\" content=\"Est. reading time\" \/>\n\t<meta name=\"twitter:data1\" content=\"1 minute\" \/>\n<script type=\"application\/ld+json\" class=\"yoast-schema-graph\">{\"@context\":\"https:\/\/schema.org\",\"@graph\":[{\"@type\":\"WebPage\",\"@id\":\"https:\/\/www.comfenalcovalle.com.co\/articulos-revista-ma\/comfenalco-valle-delagente-recibio-reconocimiento-nacional-en-desarrollo-sostenible\/\",\"url\":\"https:\/\/www.comfenalcovalle.com.co\/articulos-revista-ma\/comfenalco-valle-delagente-recibio-reconocimiento-nacional-en-desarrollo-sostenible\/\",\"name\":\"Comfenalco Valle Delagente recibi\u00f3 reconocimiento nacional en Desarrollo Sostenible - Comfenalco Valle Delagente\",\"isPartOf\":{\"@id\":\"https:\/\/www.comfenalcovalle.com.co\/#website\"},\"primaryImageOfPage\":{\"@id\":\"https:\/\/www.comfenalcovalle.com.co\/articulos-revista-ma\/comfenalco-valle-delagente-recibio-reconocimiento-nacional-en-desarrollo-sostenible\/#primaryimage\"},\"image\":{\"@id\":\"https:\/\/www.comfenalcovalle.com.co\/articulos-revista-ma\/comfenalco-valle-delagente-recibio-reconocimiento-nacional-en-desarrollo-sostenible\/#primaryimage\"},\"thumbnailUrl\":\"https:\/\/test.comfenalcovalle.com.co\/wp-content\/uploads\/2025\/09\/reconocimiento-nacional-en-Desarrollo-Sostenible4.png\",\"datePublished\":\"2025-09-30T13:10:33+00:00\",\"dateModified\":\"2025-09-30T21:23:04+00:00\",\"breadcrumb\":{\"@id\":\"https:\/\/www.comfenalcovalle.com.co\/articulos-revista-ma\/comfenalco-valle-delagente-recibio-reconocimiento-nacional-en-desarrollo-sostenible\/#breadcrumb\"},\"inLanguage\":\"en-US\",\"potentialAction\":[{\"@type\":\"ReadAction\",\"target\":[\"https:\/\/www.comfenalcovalle.com.co\/articulos-revista-ma\/comfenalco-valle-delagente-recibio-reconocimiento-nacional-en-desarrollo-sostenible\/\"]}]},{\"@type\":\"ImageObject\",\"inLanguage\":\"en-US\",\"@id\":\"https:\/\/www.comfenalcovalle.com.co\/articulos-revista-ma\/comfenalco-valle-delagente-recibio-reconocimiento-nacional-en-desarrollo-sostenible\/#primaryimage\",\"url\":\"https:\/\/test.comfenalcovalle.com.co\/wp-content\/uploads\/2025\/09\/reconocimiento-nacional-en-Desarrollo-Sostenible4.png\",\"contentUrl\":\"https:\/\/test.comfenalcovalle.com.co\/wp-content\/uploads\/2025\/09\/reconocimiento-nacional-en-Desarrollo-Sostenible4.png\",\"width\":1200,\"height\":675,\"caption\":\"reconocimiento nacional en Desarrollo Sostenible\"},{\"@type\":\"BreadcrumbList\",\"@id\":\"https:\/\/www.comfenalcovalle.com.co\/articulos-revista-ma\/comfenalco-valle-delagente-recibio-reconocimiento-nacional-en-desarrollo-sostenible\/#breadcrumb\",\"itemListElement\":[{\"@type\":\"ListItem\",\"position\":1,\"name\":\"Portada\",\"item\":\"https:\/\/www.comfenalcovalle.com.co\/\"},{\"@type\":\"ListItem\",\"position\":2,\"name\":\"Art\u00edculos Revista Maestros\",\"item\":\"https:\/\/www.comfenalcovalle.com.co\/articulos-revista-ma\/\"},{\"@type\":\"ListItem\",\"position\":3,\"name\":\"Comfenalco Valle Delagente recibi\u00f3 reconocimiento nacional en Desarrollo Sostenible\"}]},{\"@type\":\"WebSite\",\"@id\":\"https:\/\/www.comfenalcovalle.com.co\/#website\",\"url\":\"https:\/\/www.comfenalcovalle.com.co\/\",\"name\":\"Comfenalco Valle Delagente\",\"description\":\"Caja de compensaci\u00f3n de Comfenalco Valle Delagente.\",\"publisher\":{\"@id\":\"https:\/\/www.comfenalcovalle.com.co\/#organization\"},\"potentialAction\":[{\"@type\":\"SearchAction\",\"target\":{\"@type\":\"EntryPoint\",\"urlTemplate\":\"https:\/\/www.comfenalcovalle.com.co\/?s={search_term_string}\"},\"query-input\":{\"@type\":\"PropertyValueSpecification\",\"valueRequired\":true,\"valueName\":\"search_term_string\"}}],\"inLanguage\":\"en-US\"},{\"@type\":\"Organization\",\"@id\":\"https:\/\/www.comfenalcovalle.com.co\/#organization\",\"name\":\"Comfenalco Valle Delagente\",\"url\":\"https:\/\/www.comfenalcovalle.com.co\/\",\"logo\":{\"@type\":\"ImageObject\",\"inLanguage\":\"en-US\",\"@id\":\"https:\/\/www.comfenalcovalle.com.co\/#\/schema\/logo\/image\/\",\"url\":\"https:\/\/test.comfenalcovalle.com.co\/wp-content\/uploads\/2021\/06\/logo-comfe-cabecera-agencia-empelo-actualizado.png\",\"contentUrl\":\"https:\/\/test.comfenalcovalle.com.co\/wp-content\/uploads\/2021\/06\/logo-comfe-cabecera-agencia-empelo-actualizado.png\",\"width\":500,\"height\":184,\"caption\":\"Comfenalco Valle Delagente\"},\"image\":{\"@id\":\"https:\/\/www.comfenalcovalle.com.co\/#\/schema\/logo\/image\/\"}}]}<\/script>\n<!-- \/ Yoast SEO Premium plugin. -->","yoast_head_json":{"title":"Comfenalco Valle Delagente recibi\u00f3 reconocimiento nacional en Desarrollo Sostenible - Comfenalco Valle Delagente","robots":{"index":"index","follow":"follow","max-snippet":"max-snippet:-1","max-image-preview":"max-image-preview:large","max-video-preview":"max-video-preview:-1"},"canonical":"https:\/\/www.comfenalcovalle.com.co\/articulos-revista-ma\/comfenalco-valle-delagente-recibio-reconocimiento-nacional-en-desarrollo-sostenible\/","og_locale":"en_US","og_type":"article","og_title":"Comfenalco Valle Delagente recibi\u00f3 reconocimiento nacional en Desarrollo Sostenible","og_description":"Con el programa \u201cConstruyamos Juntos\u201d, Comfenalco Valle Delagente fue reconocida por Pacto Global Red Colombia en el Premio a las Buenas Pr\u00e1cticas de Desarrollo Sostenible, entregado el pasado 13 de agosto en Bogot\u00e1. La Caja de Compensaci\u00f3n Familiar se destac\u00f3 entre m\u00e1s de 250 postulaciones, gracias a criterios como innovaci\u00f3n, impacto y sostenibilidad en el [&hellip;]","og_url":"https:\/\/www.comfenalcovalle.com.co\/articulos-revista-ma\/comfenalco-valle-delagente-recibio-reconocimiento-nacional-en-desarrollo-sostenible\/","og_site_name":"Comfenalco Valle Delagente","article_modified_time":"2025-09-30T21:23:04+00:00","og_image":[{"width":1200,"height":675,"url":"https:\/\/www.comfenalcovalle.com.co\/wp-content\/uploads\/2025\/09\/reconocimiento-nacional-en-Desarrollo-Sostenible4.png","type":"image\/png"}],"twitter_card":"summary_large_image","twitter_misc":{"Est. reading time":"1 minute"},"schema":{"@context":"https:\/\/schema.org","@graph":[{"@type":"WebPage","@id":"https:\/\/www.comfenalcovalle.com.co\/articulos-revista-ma\/comfenalco-valle-delagente-recibio-reconocimiento-nacional-en-desarrollo-sostenible\/","url":"https:\/\/www.comfenalcovalle.com.co\/articulos-revista-ma\/comfenalco-valle-delagente-recibio-reconocimiento-nacional-en-desarrollo-sostenible\/","name":"Comfenalco Valle Delagente recibi\u00f3 reconocimiento nacional en Desarrollo Sostenible - Comfenalco Valle Delagente","isPartOf":{"@id":"https:\/\/www.comfenalcovalle.com.co\/#website"},"primaryImageOfPage":{"@id":"https:\/\/www.comfenalcovalle.com.co\/articulos-revista-ma\/comfenalco-valle-delagente-recibio-reconocimiento-nacional-en-desarrollo-sostenible\/#primaryimage"},"image":{"@id":"https:\/\/www.comfenalcovalle.com.co\/articulos-revista-ma\/comfenalco-valle-delagente-recibio-reconocimiento-nacional-en-desarrollo-sostenible\/#primaryimage"},"thumbnailUrl":"https:\/\/test.comfenalcovalle.com.co\/wp-content\/uploads\/2025\/09\/reconocimiento-nacional-en-Desarrollo-Sostenible4.png","datePublished":"2025-09-30T13:10:33+00:00","dateModified":"2025-09-30T21:23:04+00:00","breadcrumb":{"@id":"https:\/\/www.comfenalcovalle.com.co\/articulos-revista-ma\/comfenalco-valle-delagente-recibio-reconocimiento-nacional-en-desarrollo-sostenible\/#breadcrumb"},"inLanguage":"en-US","potentialAction":[{"@type":"ReadAction","target":["https:\/\/www.comfenalcovalle.com.co\/articulos-revista-ma\/comfenalco-valle-delagente-recibio-reconocimiento-nacional-en-desarrollo-sostenible\/"]}]},{"@type":"ImageObject","inLanguage":"en-US","@id":"https:\/\/www.comfenalcovalle.com.co\/articulos-revista-ma\/comfenalco-valle-delagente-recibio-reconocimiento-nacional-en-desarrollo-sostenible\/#primaryimage","url":"https:\/\/test.comfenalcovalle.com.co\/wp-content\/uploads\/2025\/09\/reconocimiento-nacional-en-Desarrollo-Sostenible4.png","contentUrl":"https:\/\/test.comfenalcovalle.com.co\/wp-content\/uploads\/2025\/09\/reconocimiento-nacional-en-Desarrollo-Sostenible4.png","width":1200,"height":675,"caption":"reconocimiento nacional en Desarrollo Sostenible"},{"@type":"BreadcrumbList","@id":"https:\/\/www.comfenalcovalle.com.co\/articulos-revista-ma\/comfenalco-valle-delagente-recibio-reconocimiento-nacional-en-desarrollo-sostenible\/#breadcrumb","itemListElement":[{"@type":"ListItem","position":1,"name":"Portada","item":"https:\/\/www.comfenalcovalle.com.co\/"},{"@type":"ListItem","position":2,"name":"Art\u00edculos Revista Maestros","item":"https:\/\/www.comfenalcovalle.com.co\/articulos-revista-ma\/"},{"@type":"ListItem","position":3,"name":"Comfenalco Valle Delagente recibi\u00f3 reconocimiento nacional en Desarrollo Sostenible"}]},{"@type":"WebSite","@id":"https:\/\/www.comfenalcovalle.com.co\/#website","url":"https:\/\/www.comfenalcovalle.com.co\/","name":"Comfenalco Valle Delagente","description":"Comfenalco Valle Delagente compensation fund.","publisher":{"@id":"https:\/\/www.comfenalcovalle.com.co\/#organization"},"potentialAction":[{"@type":"SearchAction","target":{"@type":"EntryPoint","urlTemplate":"https:\/\/www.comfenalcovalle.com.co\/?s={search_term_string}"},"query-input":{"@type":"PropertyValueSpecification","valueRequired":true,"valueName":"search_term_string"}}],"inLanguage":"en-US"},{"@type":"Organization","@id":"https:\/\/www.comfenalcovalle.com.co\/#organization","name":"Comfenalco Valle Delagente","url":"https:\/\/www.comfenalcovalle.com.co\/","logo":{"@type":"ImageObject","inLanguage":"en-US","@id":"https:\/\/www.comfenalcovalle.com.co\/#\/schema\/logo\/image\/","url":"https:\/\/test.comfenalcovalle.com.co\/wp-content\/uploads\/2021\/06\/logo-comfe-cabecera-agencia-empelo-actualizado.png","contentUrl":"https:\/\/test.comfenalcovalle.com.co\/wp-content\/uploads\/2021\/06\/logo-comfe-cabecera-agencia-empelo-actualizado.png","width":500,"height":184,"caption":"Comfenalco Valle Delagente"},"image":{"@id":"https:\/\/www.comfenalcovalle.com.co\/#\/schema\/logo\/image\/"}}]}},"publishpress_future_workflow_manual_trigger":{"enabledWorkflows":[]},"_links":{"self":[{"href":"https:\/\/test.comfenalcovalle.com.co\/en\/wp-json\/wp\/v2\/articulos-revista-ma\/669278","targetHints":{"allow":["GET"]}}],"collection":[{"href":"https:\/\/test.comfenalcovalle.com.co\/en\/wp-json\/wp\/v2\/articulos-revista-ma"}],"about":[{"href":"https:\/\/test.comfenalcovalle.com.co\/en\/wp-json\/wp\/v2\/types\/articulos-revista-ma"}],"version-history":[{"count":0,"href":"https:\/\/test.comfenalcovalle.com.co\/en\/wp-json\/wp\/v2\/articulos-revista-ma\/669278\/revisions"}],"wp:featuredmedia":[{"embeddable":true,"href":"https:\/\/test.comfenalcovalle.com.co\/en\/wp-json\/wp\/v2\/media\/669283"}],"wp:attachment":[{"href":"https:\/\/test.comfenalcovalle.com.co\/en\/wp-json\/wp\/v2\/media?parent=669278"}],"wp:term":[{"taxonomy":"categorias-articulos-revista-ma","embeddable":true,"href":"https:\/\/test.comfenalcovalle.com.co\/en\/wp-json\/wp\/v2\/categorias-articulos-revista-ma?post=669278"}],"curies":[{"name":"wp","href":"https:\/\/api.w.org\/{rel}","templated":true}]}}