{"id":669246,"date":"2025-09-30T08:07:46","date_gmt":"2025-09-30T13:07:46","guid":{"rendered":"https:\/\/test.comfenalcovalle.com.co\/?post_type=articulos-revista-ma&#038;p=669246"},"modified":"2025-09-30T16:22:12","modified_gmt":"2025-09-30T21:22:12","slug":"estudiantes-de-la-institucion-educativa-jose-maria-cabal-crean-producen-y-emprenden-gracias-a-la-conciencia-ambiental-y-al-reciclaje","status":"publish","type":"articulos-revista-ma","link":"https:\/\/test.comfenalcovalle.com.co\/en\/articulos-revista-ma\/estudiantes-de-la-institucion-educativa-jose-maria-cabal-crean-producen-y-emprenden-gracias-a-la-conciencia-ambiental-y-al-reciclaje\/","title":{"rendered":"Estudiantes de la Instituci\u00f3n Educativa Jos\u00e9 Mar\u00eda Cabal crean, producen y emprenden gracias a la conciencia ambiental y al reciclaje"},"content":{"rendered":"<div data-elementor-type=\"wp-post\" data-elementor-id=\"669246\" class=\"elementor elementor-669246\" data-elementor-post-type=\"articulos-revista-ma\">\n\t\t\t\t<div class=\"elementor-element elementor-element-9b9dab0 e-flex e-con-boxed e-con e-parent\" data-id=\"9b9dab0\" data-element_type=\"container\">\n\t\t\t\t\t<div class=\"e-con-inner\">\n\t\t<div class=\"elementor-element elementor-element-d1ea5c8 e-flex e-con-boxed e-con e-child\" data-id=\"d1ea5c8\" data-element_type=\"container\">\n\t\t\t\t\t<div class=\"e-con-inner\">\n\t\t\t\t<div class=\"elementor-element elementor-element-b57c49f elementor-widget elementor-widget-heading\" data-id=\"b57c49f\" data-element_type=\"widget\" data-widget_type=\"heading.default\">\n\t\t\t\t<div class=\"elementor-widget-container\">\n\t\t\t\t\t<div class=\"elementor-heading-title elementor-size-default\">Con el acompa\u00f1amiento de la Fundaci\u00f3n Emprendimientos Ambientales y la Corporaci\u00f3n Hacia un Valle Solidario, varias instituciones educativas de Cali, entre ellas la Instituci\u00f3n Educativa Jos\u00e9 Mar\u00eda Cabal, desarrollan una propuesta innovadora y sostenible: la producci\u00f3n de jabones a partir de aceite reciclado.<\/div>\t\t\t\t<\/div>\n\t\t\t\t<\/div>\n\t\t\t\t\t<\/div>\n\t\t\t\t<\/div>\n\t\t<div class=\"elementor-element elementor-element-7a71c03 e-flex e-con-boxed e-con e-child\" data-id=\"7a71c03\" data-element_type=\"container\" data-settings=\"{&quot;background_background&quot;:&quot;classic&quot;}\">\n\t\t\t\t\t<div class=\"e-con-inner\">\n\t\t<div class=\"elementor-element elementor-element-b9987ce e-flex e-con-boxed e-con e-child\" data-id=\"b9987ce\" data-element_type=\"container\">\n\t\t\t\t\t<div class=\"e-con-inner\">\n\t\t<div class=\"elementor-element elementor-element-0bbd659 e-flex e-con-boxed e-con e-child\" data-id=\"0bbd659\" data-element_type=\"container\">\n\t\t\t\t\t<div class=\"e-con-inner\">\n\t\t\t\t<div class=\"elementor-element elementor-element-26fb4ae elementor-widget elementor-widget-text-editor\" data-id=\"26fb4ae\" data-element_type=\"widget\" data-widget_type=\"text-editor.default\">\n\t\t\t\t<div class=\"elementor-widget-container\">\n\t\t\t\t\t\t\t\t\t<p><img decoding=\"async\" class=\"alignright lazyload\" data-src=\"https:\/\/test.comfenalcovalle.com.co\/wp-content\/uploads\/2025\/09\/IE-Jose-Maria-Cabal5.jpg\" alt=\"foto\" width=\"300\" height=\"\" src=\"data:image\/svg+xml;base64,PHN2ZyB3aWR0aD0iMSIgaGVpZ2h0PSIxIiB4bWxucz0iaHR0cDovL3d3dy53My5vcmcvMjAwMC9zdmciPjwvc3ZnPg==\" style=\"--smush-placeholder-width: 1080px; --smush-placeholder-aspect-ratio: 1080\/1080;\" \/><\/p><p>Este aceite proviene principalmente de la preparaci\u00f3n de alimentos del <strong>Programa de Alimentaci\u00f3n Escolar (PAE)<\/strong> de m\u00e1s de 50 instituciones de la ciudad. <strong>Un residuo que antes no ten\u00eda una segunda vida \u00fatil, ahora se transforma en un producto ecol\u00f3gico y funcional<\/strong>.<\/p><p>La iniciativa se enmarca dentro del principio de las<strong> 3R: reducir, reutilizar y reciclar<\/strong>, como parte del compromiso global de preservar los recursos naturales y proteger el planeta. <strong>Jos\u00e9 Mar\u00eda Cabal fue la primera instituci\u00f3n en vincularse a este proyecto<\/strong>.<\/p><p>\u201c<strong>Los estudiantes, en su clase de qu\u00edmica, convierten el residuo del aceite en jabones de uso institucional, cerrando un ciclo de aprovechamiento ambientalmente responsable y generando, adem\u00e1s, la posibilidad de emprender con los productos elaborados<\/strong>\u201d, explica Orlando Rafael Payares Guzm\u00e1n, docente de qu\u00edmica.<\/p>\t\t\t\t\t\t\t\t<\/div>\n\t\t\t\t<\/div>\n\t\t\t\t<div class=\"elementor-element elementor-element-250806b elementor-widget elementor-widget-text-editor\" data-id=\"250806b\" data-element_type=\"widget\" data-widget_type=\"text-editor.default\">\n\t\t\t\t<div class=\"elementor-widget-container\">\n\t\t\t\t\t\t\t\t\t<p><img decoding=\"async\" class=\"alignleft lazyload\" data-src=\"https:\/\/test.comfenalcovalle.com.co\/wp-content\/uploads\/2025\/09\/IE-Jose-Maria-Cabal3.jpg\" alt=\"foto\" width=\"300\" height=\"\" src=\"data:image\/svg+xml;base64,PHN2ZyB3aWR0aD0iMSIgaGVpZ2h0PSIxIiB4bWxucz0iaHR0cDovL3d3dy53My5vcmcvMjAwMC9zdmciPjwvc3ZnPg==\" style=\"--smush-placeholder-width: 1080px; --smush-placeholder-aspect-ratio: 1080\/1080;\" \/><\/p><p>La propuesta involucra a estudiantes de grado noveno y a aquellos que cursan la especialidad ambiental en grado d\u00e9cimo. \u201c<strong>Los muchachos se han mostrado motivados con la actividad. Les resulta muy interesante realizar las mediciones de cada sustancia qu\u00edmica utilizada, comprender su funci\u00f3n dentro del proceso y observar c\u00f3mo se completa la reacci\u00f3n durante las semanas siguientes<\/strong>\u201d, a\u00f1ade Payares.<\/p><p>Este tipo de experiencias no solo promueve el cuidado del medio ambiente con el aprovechamiento de residuos, sino que tambi\u00e9n transforma realidades. <strong>Forma ciudadanos comprometidos con su comunidad y su entorno, y les brinda herramientas para proyectarse como emprendedores<\/strong>.<\/p><p>\u201cEste proyecto es muy valioso para los j\u00f3venes, ya que no solo les proporciona el conocimiento cient\u00edfico detr\u00e1s de la t\u00e9cnica, aprendido de forma pr\u00e1ctica, sino que tambi\u00e9n les abre la posibilidad de emprender utilizando esos saberes. <strong>As\u00ed pueden generar ingresos que apoyen sus proyectos de vida y los de sus familias<\/strong>\u201d, concluye el docente.<\/p>\t\t\t\t\t\t\t\t<\/div>\n\t\t\t\t<\/div>\n\t\t\t\t\t<\/div>\n\t\t\t\t<\/div>\n\t\t\t\t\t<\/div>\n\t\t\t\t<\/div>\n\t\t\t\t\t<\/div>\n\t\t\t\t<\/div>\n\t\t\t\t\t<\/div>\n\t\t\t\t<\/div>\n\t\t\t\t<\/div>","protected":false},"featured_media":669251,"parent":0,"template":"","categorias-articulos-revista-ma":[932],"class_list":["post-669246","articulos-revista-ma","type-articulos-revista-ma","status-publish","has-post-thumbnail","hentry","categorias-articulos-revista-ma-actualidad"],"yoast_head":"<!-- This site is optimized with the Yoast SEO Premium plugin v25.9 (Yoast SEO v25.9) - https:\/\/yoast.com\/wordpress\/plugins\/seo\/ -->\n<title>Estudiantes de la Instituci\u00f3n Educativa Jos\u00e9 Mar\u00eda Cabal crean, producen y emprenden gracias a la conciencia ambiental y al reciclaje - Comfenalco Valle Delagente<\/title>\n<meta name=\"robots\" content=\"index, follow, max-snippet:-1, max-image-preview:large, max-video-preview:-1\" \/>\n<link rel=\"canonical\" href=\"https:\/\/www.comfenalcovalle.com.co\/articulos-revista-ma\/estudiantes-de-la-institucion-educativa-jose-maria-cabal-crean-producen-y-emprenden-gracias-a-la-conciencia-ambiental-y-al-reciclaje\/\" \/>\n<meta property=\"og:locale\" content=\"en_US\" \/>\n<meta property=\"og:type\" content=\"article\" \/>\n<meta property=\"og:title\" content=\"Estudiantes de la Instituci\u00f3n Educativa Jos\u00e9 Mar\u00eda Cabal crean, producen y emprenden gracias a la conciencia ambiental y al reciclaje\" \/>\n<meta property=\"og:description\" content=\"Con el acompa\u00f1amiento de la Fundaci\u00f3n Emprendimientos Ambientales y la Corporaci\u00f3n Hacia un Valle Solidario, varias instituciones educativas de Cali, entre ellas la Instituci\u00f3n Educativa Jos\u00e9 Mar\u00eda Cabal, desarrollan una propuesta innovadora y sostenible: la producci\u00f3n de jabones a partir de aceite reciclado. Este aceite proviene principalmente de la preparaci\u00f3n de alimentos del Programa de [&hellip;]\" \/>\n<meta property=\"og:url\" content=\"https:\/\/www.comfenalcovalle.com.co\/articulos-revista-ma\/estudiantes-de-la-institucion-educativa-jose-maria-cabal-crean-producen-y-emprenden-gracias-a-la-conciencia-ambiental-y-al-reciclaje\/\" \/>\n<meta property=\"og:site_name\" content=\"Comfenalco Valle Delagente\" \/>\n<meta property=\"article:modified_time\" content=\"2025-09-30T21:22:12+00:00\" \/>\n<meta property=\"og:image\" content=\"https:\/\/www.comfenalcovalle.com.co\/wp-content\/uploads\/2025\/09\/IE-Jose-Maria-Cabal4.png\" \/>\n\t<meta property=\"og:image:width\" content=\"1200\" \/>\n\t<meta property=\"og:image:height\" content=\"675\" \/>\n\t<meta property=\"og:image:type\" content=\"image\/png\" \/>\n<meta name=\"twitter:card\" content=\"summary_large_image\" \/>\n<meta name=\"twitter:label1\" content=\"Est. reading time\" \/>\n\t<meta name=\"twitter:data1\" content=\"2 minutes\" \/>\n<script type=\"application\/ld+json\" class=\"yoast-schema-graph\">{\"@context\":\"https:\/\/schema.org\",\"@graph\":[{\"@type\":\"WebPage\",\"@id\":\"https:\/\/www.comfenalcovalle.com.co\/articulos-revista-ma\/estudiantes-de-la-institucion-educativa-jose-maria-cabal-crean-producen-y-emprenden-gracias-a-la-conciencia-ambiental-y-al-reciclaje\/\",\"url\":\"https:\/\/www.comfenalcovalle.com.co\/articulos-revista-ma\/estudiantes-de-la-institucion-educativa-jose-maria-cabal-crean-producen-y-emprenden-gracias-a-la-conciencia-ambiental-y-al-reciclaje\/\",\"name\":\"Estudiantes de la Instituci\u00f3n Educativa Jos\u00e9 Mar\u00eda Cabal crean, producen y emprenden gracias a la conciencia ambiental y al reciclaje - Comfenalco Valle Delagente\",\"isPartOf\":{\"@id\":\"https:\/\/www.comfenalcovalle.com.co\/#website\"},\"primaryImageOfPage\":{\"@id\":\"https:\/\/www.comfenalcovalle.com.co\/articulos-revista-ma\/estudiantes-de-la-institucion-educativa-jose-maria-cabal-crean-producen-y-emprenden-gracias-a-la-conciencia-ambiental-y-al-reciclaje\/#primaryimage\"},\"image\":{\"@id\":\"https:\/\/www.comfenalcovalle.com.co\/articulos-revista-ma\/estudiantes-de-la-institucion-educativa-jose-maria-cabal-crean-producen-y-emprenden-gracias-a-la-conciencia-ambiental-y-al-reciclaje\/#primaryimage\"},\"thumbnailUrl\":\"https:\/\/test.comfenalcovalle.com.co\/wp-content\/uploads\/2025\/09\/IE-Jose-Maria-Cabal4.png\",\"datePublished\":\"2025-09-30T13:07:46+00:00\",\"dateModified\":\"2025-09-30T21:22:12+00:00\",\"breadcrumb\":{\"@id\":\"https:\/\/www.comfenalcovalle.com.co\/articulos-revista-ma\/estudiantes-de-la-institucion-educativa-jose-maria-cabal-crean-producen-y-emprenden-gracias-a-la-conciencia-ambiental-y-al-reciclaje\/#breadcrumb\"},\"inLanguage\":\"en-US\",\"potentialAction\":[{\"@type\":\"ReadAction\",\"target\":[\"https:\/\/www.comfenalcovalle.com.co\/articulos-revista-ma\/estudiantes-de-la-institucion-educativa-jose-maria-cabal-crean-producen-y-emprenden-gracias-a-la-conciencia-ambiental-y-al-reciclaje\/\"]}]},{\"@type\":\"ImageObject\",\"inLanguage\":\"en-US\",\"@id\":\"https:\/\/www.comfenalcovalle.com.co\/articulos-revista-ma\/estudiantes-de-la-institucion-educativa-jose-maria-cabal-crean-producen-y-emprenden-gracias-a-la-conciencia-ambiental-y-al-reciclaje\/#primaryimage\",\"url\":\"https:\/\/test.comfenalcovalle.com.co\/wp-content\/uploads\/2025\/09\/IE-Jose-Maria-Cabal4.png\",\"contentUrl\":\"https:\/\/test.comfenalcovalle.com.co\/wp-content\/uploads\/2025\/09\/IE-Jose-Maria-Cabal4.png\",\"width\":1200,\"height\":675,\"caption\":\"IE Jose\u0301 Mari\u0301a Cabal\"},{\"@type\":\"BreadcrumbList\",\"@id\":\"https:\/\/www.comfenalcovalle.com.co\/articulos-revista-ma\/estudiantes-de-la-institucion-educativa-jose-maria-cabal-crean-producen-y-emprenden-gracias-a-la-conciencia-ambiental-y-al-reciclaje\/#breadcrumb\",\"itemListElement\":[{\"@type\":\"ListItem\",\"position\":1,\"name\":\"Portada\",\"item\":\"https:\/\/www.comfenalcovalle.com.co\/\"},{\"@type\":\"ListItem\",\"position\":2,\"name\":\"Art\u00edculos Revista Maestros\",\"item\":\"https:\/\/www.comfenalcovalle.com.co\/articulos-revista-ma\/\"},{\"@type\":\"ListItem\",\"position\":3,\"name\":\"Estudiantes de la Instituci\u00f3n Educativa Jos\u00e9 Mar\u00eda Cabal crean, producen y emprenden gracias a la conciencia ambiental y al reciclaje\"}]},{\"@type\":\"WebSite\",\"@id\":\"https:\/\/www.comfenalcovalle.com.co\/#website\",\"url\":\"https:\/\/www.comfenalcovalle.com.co\/\",\"name\":\"Comfenalco Valle Delagente\",\"description\":\"Caja de compensaci\u00f3n de Comfenalco Valle Delagente.\",\"publisher\":{\"@id\":\"https:\/\/www.comfenalcovalle.com.co\/#organization\"},\"potentialAction\":[{\"@type\":\"SearchAction\",\"target\":{\"@type\":\"EntryPoint\",\"urlTemplate\":\"https:\/\/www.comfenalcovalle.com.co\/?s={search_term_string}\"},\"query-input\":{\"@type\":\"PropertyValueSpecification\",\"valueRequired\":true,\"valueName\":\"search_term_string\"}}],\"inLanguage\":\"en-US\"},{\"@type\":\"Organization\",\"@id\":\"https:\/\/www.comfenalcovalle.com.co\/#organization\",\"name\":\"Comfenalco Valle Delagente\",\"url\":\"https:\/\/www.comfenalcovalle.com.co\/\",\"logo\":{\"@type\":\"ImageObject\",\"inLanguage\":\"en-US\",\"@id\":\"https:\/\/www.comfenalcovalle.com.co\/#\/schema\/logo\/image\/\",\"url\":\"https:\/\/test.comfenalcovalle.com.co\/wp-content\/uploads\/2021\/06\/logo-comfe-cabecera-agencia-empelo-actualizado.png\",\"contentUrl\":\"https:\/\/test.comfenalcovalle.com.co\/wp-content\/uploads\/2021\/06\/logo-comfe-cabecera-agencia-empelo-actualizado.png\",\"width\":500,\"height\":184,\"caption\":\"Comfenalco Valle Delagente\"},\"image\":{\"@id\":\"https:\/\/www.comfenalcovalle.com.co\/#\/schema\/logo\/image\/\"}}]}<\/script>\n<!-- \/ Yoast SEO Premium plugin. -->","yoast_head_json":{"title":"Estudiantes de la Instituci\u00f3n Educativa Jos\u00e9 Mar\u00eda Cabal crean, producen y emprenden gracias a la conciencia ambiental y al reciclaje - Comfenalco Valle Delagente","robots":{"index":"index","follow":"follow","max-snippet":"max-snippet:-1","max-image-preview":"max-image-preview:large","max-video-preview":"max-video-preview:-1"},"canonical":"https:\/\/www.comfenalcovalle.com.co\/articulos-revista-ma\/estudiantes-de-la-institucion-educativa-jose-maria-cabal-crean-producen-y-emprenden-gracias-a-la-conciencia-ambiental-y-al-reciclaje\/","og_locale":"en_US","og_type":"article","og_title":"Estudiantes de la Instituci\u00f3n Educativa Jos\u00e9 Mar\u00eda Cabal crean, producen y emprenden gracias a la conciencia ambiental y al reciclaje","og_description":"Con el acompa\u00f1amiento de la Fundaci\u00f3n Emprendimientos Ambientales y la Corporaci\u00f3n Hacia un Valle Solidario, varias instituciones educativas de Cali, entre ellas la Instituci\u00f3n Educativa Jos\u00e9 Mar\u00eda Cabal, desarrollan una propuesta innovadora y sostenible: la producci\u00f3n de jabones a partir de aceite reciclado. Este aceite proviene principalmente de la preparaci\u00f3n de alimentos del Programa de [&hellip;]","og_url":"https:\/\/www.comfenalcovalle.com.co\/articulos-revista-ma\/estudiantes-de-la-institucion-educativa-jose-maria-cabal-crean-producen-y-emprenden-gracias-a-la-conciencia-ambiental-y-al-reciclaje\/","og_site_name":"Comfenalco Valle Delagente","article_modified_time":"2025-09-30T21:22:12+00:00","og_image":[{"width":1200,"height":675,"url":"https:\/\/www.comfenalcovalle.com.co\/wp-content\/uploads\/2025\/09\/IE-Jose-Maria-Cabal4.png","type":"image\/png"}],"twitter_card":"summary_large_image","twitter_misc":{"Est. reading time":"2 minutes"},"schema":{"@context":"https:\/\/schema.org","@graph":[{"@type":"WebPage","@id":"https:\/\/www.comfenalcovalle.com.co\/articulos-revista-ma\/estudiantes-de-la-institucion-educativa-jose-maria-cabal-crean-producen-y-emprenden-gracias-a-la-conciencia-ambiental-y-al-reciclaje\/","url":"https:\/\/www.comfenalcovalle.com.co\/articulos-revista-ma\/estudiantes-de-la-institucion-educativa-jose-maria-cabal-crean-producen-y-emprenden-gracias-a-la-conciencia-ambiental-y-al-reciclaje\/","name":"Estudiantes de la Instituci\u00f3n Educativa Jos\u00e9 Mar\u00eda Cabal crean, producen y emprenden gracias a la conciencia ambiental y al reciclaje - Comfenalco Valle Delagente","isPartOf":{"@id":"https:\/\/www.comfenalcovalle.com.co\/#website"},"primaryImageOfPage":{"@id":"https:\/\/www.comfenalcovalle.com.co\/articulos-revista-ma\/estudiantes-de-la-institucion-educativa-jose-maria-cabal-crean-producen-y-emprenden-gracias-a-la-conciencia-ambiental-y-al-reciclaje\/#primaryimage"},"image":{"@id":"https:\/\/www.comfenalcovalle.com.co\/articulos-revista-ma\/estudiantes-de-la-institucion-educativa-jose-maria-cabal-crean-producen-y-emprenden-gracias-a-la-conciencia-ambiental-y-al-reciclaje\/#primaryimage"},"thumbnailUrl":"https:\/\/test.comfenalcovalle.com.co\/wp-content\/uploads\/2025\/09\/IE-Jose-Maria-Cabal4.png","datePublished":"2025-09-30T13:07:46+00:00","dateModified":"2025-09-30T21:22:12+00:00","breadcrumb":{"@id":"https:\/\/www.comfenalcovalle.com.co\/articulos-revista-ma\/estudiantes-de-la-institucion-educativa-jose-maria-cabal-crean-producen-y-emprenden-gracias-a-la-conciencia-ambiental-y-al-reciclaje\/#breadcrumb"},"inLanguage":"en-US","potentialAction":[{"@type":"ReadAction","target":["https:\/\/www.comfenalcovalle.com.co\/articulos-revista-ma\/estudiantes-de-la-institucion-educativa-jose-maria-cabal-crean-producen-y-emprenden-gracias-a-la-conciencia-ambiental-y-al-reciclaje\/"]}]},{"@type":"ImageObject","inLanguage":"en-US","@id":"https:\/\/www.comfenalcovalle.com.co\/articulos-revista-ma\/estudiantes-de-la-institucion-educativa-jose-maria-cabal-crean-producen-y-emprenden-gracias-a-la-conciencia-ambiental-y-al-reciclaje\/#primaryimage","url":"https:\/\/test.comfenalcovalle.com.co\/wp-content\/uploads\/2025\/09\/IE-Jose-Maria-Cabal4.png","contentUrl":"https:\/\/test.comfenalcovalle.com.co\/wp-content\/uploads\/2025\/09\/IE-Jose-Maria-Cabal4.png","width":1200,"height":675,"caption":"IE Jose\u0301 Mari\u0301a Cabal"},{"@type":"BreadcrumbList","@id":"https:\/\/www.comfenalcovalle.com.co\/articulos-revista-ma\/estudiantes-de-la-institucion-educativa-jose-maria-cabal-crean-producen-y-emprenden-gracias-a-la-conciencia-ambiental-y-al-reciclaje\/#breadcrumb","itemListElement":[{"@type":"ListItem","position":1,"name":"Portada","item":"https:\/\/www.comfenalcovalle.com.co\/"},{"@type":"ListItem","position":2,"name":"Art\u00edculos Revista Maestros","item":"https:\/\/www.comfenalcovalle.com.co\/articulos-revista-ma\/"},{"@type":"ListItem","position":3,"name":"Estudiantes de la Instituci\u00f3n Educativa Jos\u00e9 Mar\u00eda Cabal crean, producen y emprenden gracias a la conciencia ambiental y al reciclaje"}]},{"@type":"WebSite","@id":"https:\/\/www.comfenalcovalle.com.co\/#website","url":"https:\/\/www.comfenalcovalle.com.co\/","name":"Comfenalco Valle Delagente","description":"Comfenalco Valle Delagente compensation fund.","publisher":{"@id":"https:\/\/www.comfenalcovalle.com.co\/#organization"},"potentialAction":[{"@type":"SearchAction","target":{"@type":"EntryPoint","urlTemplate":"https:\/\/www.comfenalcovalle.com.co\/?s={search_term_string}"},"query-input":{"@type":"PropertyValueSpecification","valueRequired":true,"valueName":"search_term_string"}}],"inLanguage":"en-US"},{"@type":"Organization","@id":"https:\/\/www.comfenalcovalle.com.co\/#organization","name":"Comfenalco Valle Delagente","url":"https:\/\/www.comfenalcovalle.com.co\/","logo":{"@type":"ImageObject","inLanguage":"en-US","@id":"https:\/\/www.comfenalcovalle.com.co\/#\/schema\/logo\/image\/","url":"https:\/\/test.comfenalcovalle.com.co\/wp-content\/uploads\/2021\/06\/logo-comfe-cabecera-agencia-empelo-actualizado.png","contentUrl":"https:\/\/test.comfenalcovalle.com.co\/wp-content\/uploads\/2021\/06\/logo-comfe-cabecera-agencia-empelo-actualizado.png","width":500,"height":184,"caption":"Comfenalco Valle Delagente"},"image":{"@id":"https:\/\/www.comfenalcovalle.com.co\/#\/schema\/logo\/image\/"}}]}},"publishpress_future_workflow_manual_trigger":{"enabledWorkflows":[]},"_links":{"self":[{"href":"https:\/\/test.comfenalcovalle.com.co\/en\/wp-json\/wp\/v2\/articulos-revista-ma\/669246","targetHints":{"allow":["GET"]}}],"collection":[{"href":"https:\/\/test.comfenalcovalle.com.co\/en\/wp-json\/wp\/v2\/articulos-revista-ma"}],"about":[{"href":"https:\/\/test.comfenalcovalle.com.co\/en\/wp-json\/wp\/v2\/types\/articulos-revista-ma"}],"version-history":[{"count":0,"href":"https:\/\/test.comfenalcovalle.com.co\/en\/wp-json\/wp\/v2\/articulos-revista-ma\/669246\/revisions"}],"wp:featuredmedia":[{"embeddable":true,"href":"https:\/\/test.comfenalcovalle.com.co\/en\/wp-json\/wp\/v2\/media\/669251"}],"wp:attachment":[{"href":"https:\/\/test.comfenalcovalle.com.co\/en\/wp-json\/wp\/v2\/media?parent=669246"}],"wp:term":[{"taxonomy":"categorias-articulos-revista-ma","embeddable":true,"href":"https:\/\/test.comfenalcovalle.com.co\/en\/wp-json\/wp\/v2\/categorias-articulos-revista-ma?post=669246"}],"curies":[{"name":"wp","href":"https:\/\/api.w.org\/{rel}","templated":true}]}}