{"id":669202,"date":"2025-09-30T08:05:04","date_gmt":"2025-09-30T13:05:04","guid":{"rendered":"https:\/\/test.comfenalcovalle.com.co\/?post_type=articulos-revista-ma&#038;p=669202"},"modified":"2025-09-30T16:21:44","modified_gmt":"2025-09-30T21:21:44","slug":"los-proyectos-pedagogicos-productivos-movilizan-aprendizajes-y-experiencias-en-la-institucion-educativa-la-primavera-del-municipio-de-bolivar","status":"publish","type":"articulos-revista-ma","link":"https:\/\/test.comfenalcovalle.com.co\/en\/articulos-revista-ma\/los-proyectos-pedagogicos-productivos-movilizan-aprendizajes-y-experiencias-en-la-institucion-educativa-la-primavera-del-municipio-de-bolivar\/","title":{"rendered":"Los proyectos pedag\u00f3gicos productivos movilizan aprendizajes y experiencias en la Instituci\u00f3n Educativa La Primavera del municipio de Bol\u00edvar"},"content":{"rendered":"<div data-elementor-type=\"wp-post\" data-elementor-id=\"669202\" class=\"elementor elementor-669202\" data-elementor-post-type=\"articulos-revista-ma\">\n\t\t\t\t<div class=\"elementor-element elementor-element-9ed2049 e-flex e-con-boxed e-con e-parent\" data-id=\"9ed2049\" data-element_type=\"container\">\n\t\t\t\t\t<div class=\"e-con-inner\">\n\t\t<div class=\"elementor-element elementor-element-4a1b311 e-flex e-con-boxed e-con e-child\" data-id=\"4a1b311\" data-element_type=\"container\">\n\t\t\t\t\t<div class=\"e-con-inner\">\n\t\t\t\t<div class=\"elementor-element elementor-element-a0d8eae elementor-widget elementor-widget-heading\" data-id=\"a0d8eae\" data-element_type=\"widget\" data-widget_type=\"heading.default\">\n\t\t\t\t<div class=\"elementor-widget-container\">\n\t\t\t\t\t<div class=\"elementor-heading-title elementor-size-default\">En el municipio de Bol\u00edvar, Valle del Cauca, a tres horas de Santiago de Cali, se encuentra una Instituci\u00f3n Educativa que enaltece las riquezas naturales de su territorio a trav\u00e9s de procesos formativos con sentido rural y comunitario.<\/div>\t\t\t\t<\/div>\n\t\t\t\t<\/div>\n\t\t\t\t\t<\/div>\n\t\t\t\t<\/div>\n\t\t<div class=\"elementor-element elementor-element-b7eafab e-flex e-con-boxed e-con e-child\" data-id=\"b7eafab\" data-element_type=\"container\" data-settings=\"{&quot;background_background&quot;:&quot;classic&quot;}\">\n\t\t\t\t\t<div class=\"e-con-inner\">\n\t\t<div class=\"elementor-element elementor-element-11421c0 e-flex e-con-boxed e-con e-child\" data-id=\"11421c0\" data-element_type=\"container\">\n\t\t\t\t\t<div class=\"e-con-inner\">\n\t\t<div class=\"elementor-element elementor-element-b7e15c2 e-flex e-con-boxed e-con e-child\" data-id=\"b7e15c2\" data-element_type=\"container\">\n\t\t\t\t\t<div class=\"e-con-inner\">\n\t\t\t\t<div class=\"elementor-element elementor-element-9ae9827 elementor-widget elementor-widget-text-editor\" data-id=\"9ae9827\" data-element_type=\"widget\" data-widget_type=\"text-editor.default\">\n\t\t\t\t<div class=\"elementor-widget-container\">\n\t\t\t\t\t\t\t\t\t<p><strong>La Instituci\u00f3n Educativa La Primavera<\/strong> impulsa desde el a\u00f1o 2000 la modalidad de T\u00e9cnico en Producci\u00f3n Agropecuaria, creada mediante la Resoluci\u00f3n No. 0732 del 10 de marzo del a\u00f1o 2000, como parte de la implementaci\u00f3n de la media t\u00e9cnica articulada con el SENA. <strong>Este programa ha sido clave para el desarrollo de proyectos pedag\u00f3gicos productivos anclados en el contexto local<\/strong>.<\/p>\t\t\t\t\t\t\t\t<\/div>\n\t\t\t\t<\/div>\n\t\t\t\t<div class=\"elementor-element elementor-element-1aae7e6 elementor-widget elementor-widget-text-editor\" data-id=\"1aae7e6\" data-element_type=\"widget\" data-widget_type=\"text-editor.default\">\n\t\t\t\t<div class=\"elementor-widget-container\">\n\t\t\t\t\t\t\t\t\t<p><img decoding=\"async\" class=\"alignleft lazyload\" data-src=\"https:\/\/test.comfenalcovalle.com.co\/wp-content\/uploads\/2025\/09\/IE-Primavera-del-municipio-de-Bolivar3.jpg\" alt=\"foto\" width=\"300\" height=\"\" src=\"data:image\/svg+xml;base64,PHN2ZyB3aWR0aD0iMSIgaGVpZ2h0PSIxIiB4bWxucz0iaHR0cDovL3d3dy53My5vcmcvMjAwMC9zdmciPjwvc3ZnPg==\" style=\"--smush-placeholder-width: 1080px; --smush-placeholder-aspect-ratio: 1080\/1080;\" \/><\/p><p>Bol\u00edvar es un tesoro natural rodeado de monta\u00f1as, r\u00edos cristalinos y una biodiversidad vibrante. Su paisaje, caracterizado por cafetales, senderos verdes y una arraigada cultura campesina, es tambi\u00e9n el escenario perfecto para aprender desde y con la tierra. <strong>Por eso, la comunidad liderada por la Junta de Acci\u00f3n Comunal y el Comit\u00e9 de Cafeteros gestion\u00f3 la creaci\u00f3n de una instituci\u00f3n educativa que respondiera a las necesidades formativas del territorio<\/strong>.<\/p><p>\u201c<strong>Los estudiantes inician su formaci\u00f3n agropecuaria desde grado sexto, mediante el desarrollo progresivo de proyectos pedag\u00f3gicos productivos. A partir de grado d\u00e9cimo, se integran formalmente al programa de Media T\u00e9cnica en Producci\u00f3n Agropecuaria, en articulaci\u00f3n con el SENA, donde acceden a m\u00f3dulos especializados y pr\u00e1cticas formativas en las \u00e1reas agr\u00edcola, pecuaria y agroindustrial<\/strong>\u201d, explica \u00d3scar Eduardo Montoya Ram\u00edrez, rector de la instituci\u00f3n.<\/p>\t\t\t\t\t\t\t\t<\/div>\n\t\t\t\t<\/div>\n\t\t\t\t<div class=\"elementor-element elementor-element-f4ddd8e elementor-widget elementor-widget-text-editor\" data-id=\"f4ddd8e\" data-element_type=\"widget\" data-widget_type=\"text-editor.default\">\n\t\t\t\t<div class=\"elementor-widget-container\">\n\t\t\t\t\t\t\t\t\t<p><img decoding=\"async\" class=\"alignright lazyload\" data-src=\"https:\/\/test.comfenalcovalle.com.co\/wp-content\/uploads\/2025\/09\/IE-Primavera-del-municipio-de-Bolivar7.jpg\" alt=\"foto\" width=\"300\" height=\"\" src=\"data:image\/svg+xml;base64,PHN2ZyB3aWR0aD0iMSIgaGVpZ2h0PSIxIiB4bWxucz0iaHR0cDovL3d3dy53My5vcmcvMjAwMC9zdmciPjwvc3ZnPg==\" style=\"--smush-placeholder-width: 1080px; --smush-placeholder-aspect-ratio: 1080\/1080;\" \/>Juan Esteban Ladino, estudiante de grado d\u00e9cimo, afirma: \u201c<strong>Lo que m\u00e1s disfruto es poder aprender haciendo, ver los resultados del trabajo en la huerta, cuidar a los animales y participar en la transformaci\u00f3n de materias primas en productos agroindustriales que pueden ser comercializados<\/strong>\u201d.<\/p><p>Agrega tambi\u00e9n que lo motiva saber que cada actividad tiene un prop\u00f3sito real: \u201c<strong>No solo aporta a mi formaci\u00f3n, tambi\u00e9n puede beneficiar a mi familia y a mi comunidad. Aprender a trabajar el agro me ha permitido construir un proyecto de vida con sentido y con visi\u00f3n emprendedora<\/strong>\u201d.<\/p><p>Adem\u00e1s, los recursos generados por la comercializaci\u00f3n de los productos agropecuarios y agroindustriales son reinvertidos en el fortalecimiento y sostenibilidad de las unidades productivas escolares. \u201c<strong>Esta reinversi\u00f3n contempla la compra de insumos agropecuarios, dotaci\u00f3n de herramientas y equipos especializados, adquisici\u00f3n de concentrados y suplementos nutricionales para las especies pecuarias, as\u00ed como el mantenimiento y adecuaci\u00f3n de la infraestructura t\u00e9cnica<\/strong>\u201d, puntualiza el rector.<\/p>\t\t\t\t\t\t\t\t<\/div>\n\t\t\t\t<\/div>\n\t\t\t\t<div class=\"elementor-element elementor-element-d1f591e elementor-widget elementor-widget-text-editor\" data-id=\"d1f591e\" data-element_type=\"widget\" data-widget_type=\"text-editor.default\">\n\t\t\t\t<div class=\"elementor-widget-container\">\n\t\t\t\t\t\t\t\t\t<p><img decoding=\"async\" class=\"alignleft lazyload\" data-src=\"https:\/\/test.comfenalcovalle.com.co\/wp-content\/uploads\/2025\/09\/IE-Primavera-del-municipio-de-Bolivar6.jpg\" alt=\"foto\" width=\"300\" height=\"\" src=\"data:image\/svg+xml;base64,PHN2ZyB3aWR0aD0iMSIgaGVpZ2h0PSIxIiB4bWxucz0iaHR0cDovL3d3dy53My5vcmcvMjAwMC9zdmciPjwvc3ZnPg==\" style=\"--smush-placeholder-width: 1080px; --smush-placeholder-aspect-ratio: 1080\/1080;\" \/>Actualmente, 136 estudiantes participan activamente en estos proyectos. \u201c<strong>Las experiencias formativas abarcan m\u00faltiples \u00e1reas como la porcicultura, avicultura, piscicultura, lombricultura, huertas escolares y cultivos de pl\u00e1tano, caf\u00e9 y frijol. Tambi\u00e9n trabajamos en procesos de transformaci\u00f3n agroindustrial en panader\u00eda, c\u00e1rnicos, l\u00e1cteos, fruver (frutas y verduras), y elaboraci\u00f3n de subproductos alimenticios<\/strong>\u201d, detalla Montoya.<\/p><p>Estas actividades, fundamentadas en el modelo de aprender haciendo, permiten a los estudiantes <strong>desarrollar competencias t\u00e9cnicas, ambientales y emprendedoras en contextos reales de producci\u00f3n<\/strong>. Se trata de un proceso formativo integral que aporta al desarrollo sostenible del territorio.<\/p><p>La Primavera ha consolidado un modelo de gesti\u00f3n que <strong>promueve una cultura de autogesti\u00f3n, sostenibilidad econ\u00f3mica, responsabilidad financiera y emprendimiento rural<\/strong>. Un proceso educativo que cierra el ciclo de producci\u00f3n, transformaci\u00f3n, comercializaci\u00f3n y reinversi\u00f3n con un claro sentido pedag\u00f3gico y comunitario.<\/p>\t\t\t\t\t\t\t\t<\/div>\n\t\t\t\t<\/div>\n\t\t\t\t\t<\/div>\n\t\t\t\t<\/div>\n\t\t\t\t\t<\/div>\n\t\t\t\t<\/div>\n\t\t\t\t\t<\/div>\n\t\t\t\t<\/div>\n\t\t\t\t\t<\/div>\n\t\t\t\t<\/div>\n\t\t\t\t<\/div>","protected":false},"featured_media":669207,"parent":0,"template":"","categorias-articulos-revista-ma":[932],"class_list":["post-669202","articulos-revista-ma","type-articulos-revista-ma","status-publish","has-post-thumbnail","hentry","categorias-articulos-revista-ma-actualidad"],"yoast_head":"<!-- This site is optimized with the Yoast SEO Premium plugin v25.9 (Yoast SEO v25.9) - https:\/\/yoast.com\/wordpress\/plugins\/seo\/ -->\n<title>Los proyectos pedag\u00f3gicos productivos movilizan aprendizajes y experiencias en la Instituci\u00f3n Educativa La Primavera del municipio de Bol\u00edvar - Comfenalco Valle Delagente<\/title>\n<meta name=\"robots\" content=\"index, follow, max-snippet:-1, max-image-preview:large, max-video-preview:-1\" \/>\n<link rel=\"canonical\" href=\"https:\/\/www.comfenalcovalle.com.co\/articulos-revista-ma\/los-proyectos-pedagogicos-productivos-movilizan-aprendizajes-y-experiencias-en-la-institucion-educativa-la-primavera-del-municipio-de-bolivar\/\" \/>\n<meta property=\"og:locale\" content=\"en_US\" \/>\n<meta property=\"og:type\" content=\"article\" \/>\n<meta property=\"og:title\" content=\"Los proyectos pedag\u00f3gicos productivos movilizan aprendizajes y experiencias en la Instituci\u00f3n Educativa La Primavera del municipio de Bol\u00edvar\" \/>\n<meta property=\"og:description\" content=\"En el municipio de Bol\u00edvar, Valle del Cauca, a tres horas de Santiago de Cali, se encuentra una Instituci\u00f3n Educativa que enaltece las riquezas naturales de su territorio a trav\u00e9s de procesos formativos con sentido rural y comunitario. La Instituci\u00f3n Educativa La Primavera impulsa desde el a\u00f1o 2000 la modalidad de T\u00e9cnico en Producci\u00f3n Agropecuaria, [&hellip;]\" \/>\n<meta property=\"og:url\" content=\"https:\/\/www.comfenalcovalle.com.co\/articulos-revista-ma\/los-proyectos-pedagogicos-productivos-movilizan-aprendizajes-y-experiencias-en-la-institucion-educativa-la-primavera-del-municipio-de-bolivar\/\" \/>\n<meta property=\"og:site_name\" content=\"Comfenalco Valle Delagente\" \/>\n<meta property=\"article:modified_time\" content=\"2025-09-30T21:21:44+00:00\" \/>\n<meta property=\"og:image\" content=\"https:\/\/www.comfenalcovalle.com.co\/wp-content\/uploads\/2025\/09\/IE-Primavera-del-municipio-de-Bolivar4.png\" \/>\n\t<meta property=\"og:image:width\" content=\"1200\" \/>\n\t<meta property=\"og:image:height\" content=\"675\" \/>\n\t<meta property=\"og:image:type\" content=\"image\/png\" \/>\n<meta name=\"twitter:card\" content=\"summary_large_image\" \/>\n<meta name=\"twitter:label1\" content=\"Est. reading time\" \/>\n\t<meta name=\"twitter:data1\" content=\"3 minutes\" \/>\n<script type=\"application\/ld+json\" class=\"yoast-schema-graph\">{\"@context\":\"https:\/\/schema.org\",\"@graph\":[{\"@type\":\"WebPage\",\"@id\":\"https:\/\/www.comfenalcovalle.com.co\/articulos-revista-ma\/los-proyectos-pedagogicos-productivos-movilizan-aprendizajes-y-experiencias-en-la-institucion-educativa-la-primavera-del-municipio-de-bolivar\/\",\"url\":\"https:\/\/www.comfenalcovalle.com.co\/articulos-revista-ma\/los-proyectos-pedagogicos-productivos-movilizan-aprendizajes-y-experiencias-en-la-institucion-educativa-la-primavera-del-municipio-de-bolivar\/\",\"name\":\"Los proyectos pedag\u00f3gicos productivos movilizan aprendizajes y experiencias en la Instituci\u00f3n Educativa La Primavera del municipio de Bol\u00edvar - Comfenalco Valle Delagente\",\"isPartOf\":{\"@id\":\"https:\/\/www.comfenalcovalle.com.co\/#website\"},\"primaryImageOfPage\":{\"@id\":\"https:\/\/www.comfenalcovalle.com.co\/articulos-revista-ma\/los-proyectos-pedagogicos-productivos-movilizan-aprendizajes-y-experiencias-en-la-institucion-educativa-la-primavera-del-municipio-de-bolivar\/#primaryimage\"},\"image\":{\"@id\":\"https:\/\/www.comfenalcovalle.com.co\/articulos-revista-ma\/los-proyectos-pedagogicos-productivos-movilizan-aprendizajes-y-experiencias-en-la-institucion-educativa-la-primavera-del-municipio-de-bolivar\/#primaryimage\"},\"thumbnailUrl\":\"https:\/\/test.comfenalcovalle.com.co\/wp-content\/uploads\/2025\/09\/IE-Primavera-del-municipio-de-Bolivar4.png\",\"datePublished\":\"2025-09-30T13:05:04+00:00\",\"dateModified\":\"2025-09-30T21:21:44+00:00\",\"breadcrumb\":{\"@id\":\"https:\/\/www.comfenalcovalle.com.co\/articulos-revista-ma\/los-proyectos-pedagogicos-productivos-movilizan-aprendizajes-y-experiencias-en-la-institucion-educativa-la-primavera-del-municipio-de-bolivar\/#breadcrumb\"},\"inLanguage\":\"en-US\",\"potentialAction\":[{\"@type\":\"ReadAction\",\"target\":[\"https:\/\/www.comfenalcovalle.com.co\/articulos-revista-ma\/los-proyectos-pedagogicos-productivos-movilizan-aprendizajes-y-experiencias-en-la-institucion-educativa-la-primavera-del-municipio-de-bolivar\/\"]}]},{\"@type\":\"ImageObject\",\"inLanguage\":\"en-US\",\"@id\":\"https:\/\/www.comfenalcovalle.com.co\/articulos-revista-ma\/los-proyectos-pedagogicos-productivos-movilizan-aprendizajes-y-experiencias-en-la-institucion-educativa-la-primavera-del-municipio-de-bolivar\/#primaryimage\",\"url\":\"https:\/\/test.comfenalcovalle.com.co\/wp-content\/uploads\/2025\/09\/IE-Primavera-del-municipio-de-Bolivar4.png\",\"contentUrl\":\"https:\/\/test.comfenalcovalle.com.co\/wp-content\/uploads\/2025\/09\/IE-Primavera-del-municipio-de-Bolivar4.png\",\"width\":1200,\"height\":675,\"caption\":\"IE Primavera del municipio de Bol\u00edvar\"},{\"@type\":\"BreadcrumbList\",\"@id\":\"https:\/\/www.comfenalcovalle.com.co\/articulos-revista-ma\/los-proyectos-pedagogicos-productivos-movilizan-aprendizajes-y-experiencias-en-la-institucion-educativa-la-primavera-del-municipio-de-bolivar\/#breadcrumb\",\"itemListElement\":[{\"@type\":\"ListItem\",\"position\":1,\"name\":\"Portada\",\"item\":\"https:\/\/www.comfenalcovalle.com.co\/\"},{\"@type\":\"ListItem\",\"position\":2,\"name\":\"Art\u00edculos Revista Maestros\",\"item\":\"https:\/\/www.comfenalcovalle.com.co\/articulos-revista-ma\/\"},{\"@type\":\"ListItem\",\"position\":3,\"name\":\"Los proyectos pedag\u00f3gicos productivos movilizan aprendizajes y experiencias en la Instituci\u00f3n Educativa La Primavera del municipio de Bol\u00edvar\"}]},{\"@type\":\"WebSite\",\"@id\":\"https:\/\/www.comfenalcovalle.com.co\/#website\",\"url\":\"https:\/\/www.comfenalcovalle.com.co\/\",\"name\":\"Comfenalco Valle Delagente\",\"description\":\"Caja de compensaci\u00f3n de Comfenalco Valle Delagente.\",\"publisher\":{\"@id\":\"https:\/\/www.comfenalcovalle.com.co\/#organization\"},\"potentialAction\":[{\"@type\":\"SearchAction\",\"target\":{\"@type\":\"EntryPoint\",\"urlTemplate\":\"https:\/\/www.comfenalcovalle.com.co\/?s={search_term_string}\"},\"query-input\":{\"@type\":\"PropertyValueSpecification\",\"valueRequired\":true,\"valueName\":\"search_term_string\"}}],\"inLanguage\":\"en-US\"},{\"@type\":\"Organization\",\"@id\":\"https:\/\/www.comfenalcovalle.com.co\/#organization\",\"name\":\"Comfenalco Valle Delagente\",\"url\":\"https:\/\/www.comfenalcovalle.com.co\/\",\"logo\":{\"@type\":\"ImageObject\",\"inLanguage\":\"en-US\",\"@id\":\"https:\/\/www.comfenalcovalle.com.co\/#\/schema\/logo\/image\/\",\"url\":\"https:\/\/test.comfenalcovalle.com.co\/wp-content\/uploads\/2021\/06\/logo-comfe-cabecera-agencia-empelo-actualizado.png\",\"contentUrl\":\"https:\/\/test.comfenalcovalle.com.co\/wp-content\/uploads\/2021\/06\/logo-comfe-cabecera-agencia-empelo-actualizado.png\",\"width\":500,\"height\":184,\"caption\":\"Comfenalco Valle Delagente\"},\"image\":{\"@id\":\"https:\/\/www.comfenalcovalle.com.co\/#\/schema\/logo\/image\/\"}}]}<\/script>\n<!-- \/ Yoast SEO Premium plugin. -->","yoast_head_json":{"title":"Los proyectos pedag\u00f3gicos productivos movilizan aprendizajes y experiencias en la Instituci\u00f3n Educativa La Primavera del municipio de Bol\u00edvar - Comfenalco Valle Delagente","robots":{"index":"index","follow":"follow","max-snippet":"max-snippet:-1","max-image-preview":"max-image-preview:large","max-video-preview":"max-video-preview:-1"},"canonical":"https:\/\/www.comfenalcovalle.com.co\/articulos-revista-ma\/los-proyectos-pedagogicos-productivos-movilizan-aprendizajes-y-experiencias-en-la-institucion-educativa-la-primavera-del-municipio-de-bolivar\/","og_locale":"en_US","og_type":"article","og_title":"Los proyectos pedag\u00f3gicos productivos movilizan aprendizajes y experiencias en la Instituci\u00f3n Educativa La Primavera del municipio de Bol\u00edvar","og_description":"En el municipio de Bol\u00edvar, Valle del Cauca, a tres horas de Santiago de Cali, se encuentra una Instituci\u00f3n Educativa que enaltece las riquezas naturales de su territorio a trav\u00e9s de procesos formativos con sentido rural y comunitario. La Instituci\u00f3n Educativa La Primavera impulsa desde el a\u00f1o 2000 la modalidad de T\u00e9cnico en Producci\u00f3n Agropecuaria, [&hellip;]","og_url":"https:\/\/www.comfenalcovalle.com.co\/articulos-revista-ma\/los-proyectos-pedagogicos-productivos-movilizan-aprendizajes-y-experiencias-en-la-institucion-educativa-la-primavera-del-municipio-de-bolivar\/","og_site_name":"Comfenalco Valle Delagente","article_modified_time":"2025-09-30T21:21:44+00:00","og_image":[{"width":1200,"height":675,"url":"https:\/\/www.comfenalcovalle.com.co\/wp-content\/uploads\/2025\/09\/IE-Primavera-del-municipio-de-Bolivar4.png","type":"image\/png"}],"twitter_card":"summary_large_image","twitter_misc":{"Est. reading time":"3 minutes"},"schema":{"@context":"https:\/\/schema.org","@graph":[{"@type":"WebPage","@id":"https:\/\/www.comfenalcovalle.com.co\/articulos-revista-ma\/los-proyectos-pedagogicos-productivos-movilizan-aprendizajes-y-experiencias-en-la-institucion-educativa-la-primavera-del-municipio-de-bolivar\/","url":"https:\/\/www.comfenalcovalle.com.co\/articulos-revista-ma\/los-proyectos-pedagogicos-productivos-movilizan-aprendizajes-y-experiencias-en-la-institucion-educativa-la-primavera-del-municipio-de-bolivar\/","name":"Los proyectos pedag\u00f3gicos productivos movilizan aprendizajes y experiencias en la Instituci\u00f3n Educativa La Primavera del municipio de Bol\u00edvar - Comfenalco Valle Delagente","isPartOf":{"@id":"https:\/\/www.comfenalcovalle.com.co\/#website"},"primaryImageOfPage":{"@id":"https:\/\/www.comfenalcovalle.com.co\/articulos-revista-ma\/los-proyectos-pedagogicos-productivos-movilizan-aprendizajes-y-experiencias-en-la-institucion-educativa-la-primavera-del-municipio-de-bolivar\/#primaryimage"},"image":{"@id":"https:\/\/www.comfenalcovalle.com.co\/articulos-revista-ma\/los-proyectos-pedagogicos-productivos-movilizan-aprendizajes-y-experiencias-en-la-institucion-educativa-la-primavera-del-municipio-de-bolivar\/#primaryimage"},"thumbnailUrl":"https:\/\/test.comfenalcovalle.com.co\/wp-content\/uploads\/2025\/09\/IE-Primavera-del-municipio-de-Bolivar4.png","datePublished":"2025-09-30T13:05:04+00:00","dateModified":"2025-09-30T21:21:44+00:00","breadcrumb":{"@id":"https:\/\/www.comfenalcovalle.com.co\/articulos-revista-ma\/los-proyectos-pedagogicos-productivos-movilizan-aprendizajes-y-experiencias-en-la-institucion-educativa-la-primavera-del-municipio-de-bolivar\/#breadcrumb"},"inLanguage":"en-US","potentialAction":[{"@type":"ReadAction","target":["https:\/\/www.comfenalcovalle.com.co\/articulos-revista-ma\/los-proyectos-pedagogicos-productivos-movilizan-aprendizajes-y-experiencias-en-la-institucion-educativa-la-primavera-del-municipio-de-bolivar\/"]}]},{"@type":"ImageObject","inLanguage":"en-US","@id":"https:\/\/www.comfenalcovalle.com.co\/articulos-revista-ma\/los-proyectos-pedagogicos-productivos-movilizan-aprendizajes-y-experiencias-en-la-institucion-educativa-la-primavera-del-municipio-de-bolivar\/#primaryimage","url":"https:\/\/test.comfenalcovalle.com.co\/wp-content\/uploads\/2025\/09\/IE-Primavera-del-municipio-de-Bolivar4.png","contentUrl":"https:\/\/test.comfenalcovalle.com.co\/wp-content\/uploads\/2025\/09\/IE-Primavera-del-municipio-de-Bolivar4.png","width":1200,"height":675,"caption":"IE Primavera del municipio de Bol\u00edvar"},{"@type":"BreadcrumbList","@id":"https:\/\/www.comfenalcovalle.com.co\/articulos-revista-ma\/los-proyectos-pedagogicos-productivos-movilizan-aprendizajes-y-experiencias-en-la-institucion-educativa-la-primavera-del-municipio-de-bolivar\/#breadcrumb","itemListElement":[{"@type":"ListItem","position":1,"name":"Portada","item":"https:\/\/www.comfenalcovalle.com.co\/"},{"@type":"ListItem","position":2,"name":"Art\u00edculos Revista Maestros","item":"https:\/\/www.comfenalcovalle.com.co\/articulos-revista-ma\/"},{"@type":"ListItem","position":3,"name":"Los proyectos pedag\u00f3gicos productivos movilizan aprendizajes y experiencias en la Instituci\u00f3n Educativa La Primavera del municipio de Bol\u00edvar"}]},{"@type":"WebSite","@id":"https:\/\/www.comfenalcovalle.com.co\/#website","url":"https:\/\/www.comfenalcovalle.com.co\/","name":"Comfenalco Valle Delagente","description":"Comfenalco Valle Delagente compensation fund.","publisher":{"@id":"https:\/\/www.comfenalcovalle.com.co\/#organization"},"potentialAction":[{"@type":"SearchAction","target":{"@type":"EntryPoint","urlTemplate":"https:\/\/www.comfenalcovalle.com.co\/?s={search_term_string}"},"query-input":{"@type":"PropertyValueSpecification","valueRequired":true,"valueName":"search_term_string"}}],"inLanguage":"en-US"},{"@type":"Organization","@id":"https:\/\/www.comfenalcovalle.com.co\/#organization","name":"Comfenalco Valle Delagente","url":"https:\/\/www.comfenalcovalle.com.co\/","logo":{"@type":"ImageObject","inLanguage":"en-US","@id":"https:\/\/www.comfenalcovalle.com.co\/#\/schema\/logo\/image\/","url":"https:\/\/test.comfenalcovalle.com.co\/wp-content\/uploads\/2021\/06\/logo-comfe-cabecera-agencia-empelo-actualizado.png","contentUrl":"https:\/\/test.comfenalcovalle.com.co\/wp-content\/uploads\/2021\/06\/logo-comfe-cabecera-agencia-empelo-actualizado.png","width":500,"height":184,"caption":"Comfenalco Valle Delagente"},"image":{"@id":"https:\/\/www.comfenalcovalle.com.co\/#\/schema\/logo\/image\/"}}]}},"publishpress_future_workflow_manual_trigger":{"enabledWorkflows":[]},"_links":{"self":[{"href":"https:\/\/test.comfenalcovalle.com.co\/en\/wp-json\/wp\/v2\/articulos-revista-ma\/669202","targetHints":{"allow":["GET"]}}],"collection":[{"href":"https:\/\/test.comfenalcovalle.com.co\/en\/wp-json\/wp\/v2\/articulos-revista-ma"}],"about":[{"href":"https:\/\/test.comfenalcovalle.com.co\/en\/wp-json\/wp\/v2\/types\/articulos-revista-ma"}],"version-history":[{"count":0,"href":"https:\/\/test.comfenalcovalle.com.co\/en\/wp-json\/wp\/v2\/articulos-revista-ma\/669202\/revisions"}],"wp:featuredmedia":[{"embeddable":true,"href":"https:\/\/test.comfenalcovalle.com.co\/en\/wp-json\/wp\/v2\/media\/669207"}],"wp:attachment":[{"href":"https:\/\/test.comfenalcovalle.com.co\/en\/wp-json\/wp\/v2\/media?parent=669202"}],"wp:term":[{"taxonomy":"categorias-articulos-revista-ma","embeddable":true,"href":"https:\/\/test.comfenalcovalle.com.co\/en\/wp-json\/wp\/v2\/categorias-articulos-revista-ma?post=669202"}],"curies":[{"name":"wp","href":"https:\/\/api.w.org\/{rel}","templated":true}]}}