{"id":663186,"date":"2025-07-15T08:09:27","date_gmt":"2025-07-15T13:09:27","guid":{"rendered":"https:\/\/test.comfenalcovalle.com.co\/?post_type=articulos-revista-ma&#038;p=663186"},"modified":"2025-07-15T15:48:31","modified_gmt":"2025-07-15T20:48:31","slug":"herramientas-para-educar-con-conciencia-ambiental","status":"publish","type":"articulos-revista-ma","link":"https:\/\/test.comfenalcovalle.com.co\/en\/articulos-revista-ma\/herramientas-para-educar-con-conciencia-ambiental\/","title":{"rendered":"Herramientas para educar con conciencia ambiental"},"content":{"rendered":"<div data-elementor-type=\"wp-post\" data-elementor-id=\"663186\" class=\"elementor elementor-663186\" data-elementor-post-type=\"articulos-revista-ma\">\n\t\t\t\t<div class=\"elementor-element elementor-element-cbba048 e-flex e-con-boxed e-con e-parent\" data-id=\"cbba048\" data-element_type=\"container\">\n\t\t\t\t\t<div class=\"e-con-inner\">\n\t\t<div class=\"elementor-element elementor-element-90b49ba e-flex e-con-boxed e-con e-parent\" data-id=\"90b49ba\" data-element_type=\"container\" data-settings=\"{&quot;background_background&quot;:&quot;classic&quot;}\">\n\t\t\t\t\t<div class=\"e-con-inner\">\n\t\t<div class=\"elementor-element elementor-element-6017ca7 e-flex e-con-boxed e-con e-parent\" data-id=\"6017ca7\" data-element_type=\"container\">\n\t\t\t\t\t<div class=\"e-con-inner\">\n\t\t<div class=\"elementor-element elementor-element-5bb0075 e-flex e-con-boxed e-con e-parent\" data-id=\"5bb0075\" data-element_type=\"container\">\n\t\t\t\t\t<div class=\"e-con-inner\">\n\t\t\t\t<div class=\"elementor-element elementor-element-87c23f7 elementor-widget elementor-widget-text-editor\" data-id=\"87c23f7\" data-element_type=\"widget\" data-widget_type=\"text-editor.default\">\n\t\t\t\t<div class=\"elementor-widget-container\">\n\t\t\t\t\t\t\t\t\t<p><img decoding=\"async\" class=\"alignleft lazyload\" data-src=\"https:\/\/test.comfenalcovalle.com.co\/wp-content\/uploads\/2025\/07\/Herramientas-para-educar-con-conciencia-ambiental-1.png\" alt=\"foto\" width=\"350\" height=\"\" src=\"data:image\/svg+xml;base64,PHN2ZyB3aWR0aD0iMSIgaGVpZ2h0PSIxIiB4bWxucz0iaHR0cDovL3d3dy53My5vcmcvMjAwMC9zdmciPjwvc3ZnPg==\" style=\"--smush-placeholder-width: 1200px; --smush-placeholder-aspect-ratio: 1200\/675;\" \/>La educaci\u00f3n ambiental es una de las llaves m\u00e1s poderosas para formar ciudadanos comprometidos con el cuidado del planeta. Por eso, hoy te compartimos algunas herramientas, libros y aplicaciones que pueden fortalecer la labor docente en sostenibilidad y convertir cada clase en una oportunidad para sembrar conciencia:<\/p><p><strong><span style=\"color: #008000;\">LIBRO | Educar en verde \u2013 Heike Freire<\/span><\/strong><br \/>Una gu\u00eda imprescindible para docentes que buscan reconectar a ni\u00f1os y j\u00f3venes con la naturaleza. Con un enfoque cercano y pr\u00e1ctico, propone estrategias para incluir la ecopedagog\u00eda en el aula y fomentar el respeto por el entorno desde la infancia.<\/p><p><strong><span style=\"color: #008000;\">APP | Earth Hero<\/span><\/strong><br \/>Ideal para proyectos sobre cambio clim\u00e1tico, esta aplicaci\u00f3n permite a los estudiantes calcular su huella de carbono y comprometerse con peque\u00f1as acciones sostenibles. Una herramienta que convierte el activismo ambiental en una experiencia cotidiana y significativa.<\/p><p><strong><span style=\"color: #008000;\">APP | iNaturalist<\/span><\/strong><br \/>Creada por la National Geographic y la California Academy of Sciences, esta app transforma cualquier salida al patio o al parque en una expedici\u00f3n cient\u00edfica. Los estudiantes pueden observar, registrar y aprender sobre la biodiversidad que los rodea.<\/p><p><strong><span style=\"color: #008000;\">LIBRO | La educaci\u00f3n que necesitamos para el mundo que queremos \u2013 UNESCO<\/span><\/strong><br \/>Un enfoque global que invita a repensar la educaci\u00f3n desde los desaf\u00edos del planeta. Ofrece marcos te\u00f3ricos y experiencias inspiradoras para transformar la escuela en un motor de cambio ambiental, social y cultural.<\/p><p>Peque\u00f1as herramientas, grandes caminos. Porque <strong>educar en sostenibilidad no es solo ense\u00f1ar a reciclar<\/strong>: <strong>es inspirar, conectar con la naturaleza y acompa\u00f1ar a los ni\u00f1os y j\u00f3venes en el descubrimiento de su poder para cuidar el mundo que habitan<\/strong>.<\/p>\t\t\t\t\t\t\t\t<\/div>\n\t\t\t\t<\/div>\n\t\t\t\t\t<\/div>\n\t\t\t\t<\/div>\n\t\t\t\t\t<\/div>\n\t\t\t\t<\/div>\n\t\t\t\t\t<\/div>\n\t\t\t\t<\/div>\n\t\t\t\t\t<\/div>\n\t\t\t\t<\/div>\n\t\t\t\t<\/div>","protected":false},"featured_media":663196,"parent":0,"template":"","categorias-articulos-revista-ma":[936],"class_list":["post-663186","articulos-revista-ma","type-articulos-revista-ma","status-publish","has-post-thumbnail","hentry","categorias-articulos-revista-ma-en-breve"],"yoast_head":"<!-- This site is optimized with the Yoast SEO Premium plugin v25.9 (Yoast SEO v25.9) - https:\/\/yoast.com\/wordpress\/plugins\/seo\/ -->\n<title>Herramientas para educar con conciencia ambiental - Comfenalco Valle Delagente<\/title>\n<meta name=\"robots\" content=\"index, follow, max-snippet:-1, max-image-preview:large, max-video-preview:-1\" \/>\n<link rel=\"canonical\" href=\"https:\/\/www.comfenalcovalle.com.co\/articulos-revista-ma\/herramientas-para-educar-con-conciencia-ambiental\/\" \/>\n<meta property=\"og:locale\" content=\"en_US\" \/>\n<meta property=\"og:type\" content=\"article\" \/>\n<meta property=\"og:title\" content=\"Herramientas para educar con conciencia ambiental\" \/>\n<meta property=\"og:description\" content=\"La educaci\u00f3n ambiental es una de las llaves m\u00e1s poderosas para formar ciudadanos comprometidos con el cuidado del planeta. Por eso, hoy te compartimos algunas herramientas, libros y aplicaciones que pueden fortalecer la labor docente en sostenibilidad y convertir cada clase en una oportunidad para sembrar conciencia: LIBRO | Educar en verde \u2013 Heike FreireUna [&hellip;]\" \/>\n<meta property=\"og:url\" content=\"https:\/\/www.comfenalcovalle.com.co\/articulos-revista-ma\/herramientas-para-educar-con-conciencia-ambiental\/\" \/>\n<meta property=\"og:site_name\" content=\"Comfenalco Valle Delagente\" \/>\n<meta property=\"article:modified_time\" content=\"2025-07-15T20:48:31+00:00\" \/>\n<meta property=\"og:image\" content=\"https:\/\/www.comfenalcovalle.com.co\/wp-content\/uploads\/2025\/07\/Herramientas-para-educar-con-conciencia-ambiental-1.png\" \/>\n\t<meta property=\"og:image:width\" content=\"1200\" \/>\n\t<meta property=\"og:image:height\" content=\"675\" \/>\n\t<meta property=\"og:image:type\" content=\"image\/png\" \/>\n<meta name=\"twitter:card\" content=\"summary_large_image\" \/>\n<meta name=\"twitter:label1\" content=\"Est. reading time\" \/>\n\t<meta name=\"twitter:data1\" content=\"1 minute\" \/>\n<script type=\"application\/ld+json\" class=\"yoast-schema-graph\">{\"@context\":\"https:\/\/schema.org\",\"@graph\":[{\"@type\":\"WebPage\",\"@id\":\"https:\/\/www.comfenalcovalle.com.co\/articulos-revista-ma\/herramientas-para-educar-con-conciencia-ambiental\/\",\"url\":\"https:\/\/www.comfenalcovalle.com.co\/articulos-revista-ma\/herramientas-para-educar-con-conciencia-ambiental\/\",\"name\":\"Herramientas para educar con conciencia ambiental - Comfenalco Valle Delagente\",\"isPartOf\":{\"@id\":\"https:\/\/www.comfenalcovalle.com.co\/#website\"},\"primaryImageOfPage\":{\"@id\":\"https:\/\/www.comfenalcovalle.com.co\/articulos-revista-ma\/herramientas-para-educar-con-conciencia-ambiental\/#primaryimage\"},\"image\":{\"@id\":\"https:\/\/www.comfenalcovalle.com.co\/articulos-revista-ma\/herramientas-para-educar-con-conciencia-ambiental\/#primaryimage\"},\"thumbnailUrl\":\"https:\/\/test.comfenalcovalle.com.co\/wp-content\/uploads\/2025\/07\/Herramientas-para-educar-con-conciencia-ambiental-1.png\",\"datePublished\":\"2025-07-15T13:09:27+00:00\",\"dateModified\":\"2025-07-15T20:48:31+00:00\",\"breadcrumb\":{\"@id\":\"https:\/\/www.comfenalcovalle.com.co\/articulos-revista-ma\/herramientas-para-educar-con-conciencia-ambiental\/#breadcrumb\"},\"inLanguage\":\"en-US\",\"potentialAction\":[{\"@type\":\"ReadAction\",\"target\":[\"https:\/\/www.comfenalcovalle.com.co\/articulos-revista-ma\/herramientas-para-educar-con-conciencia-ambiental\/\"]}]},{\"@type\":\"ImageObject\",\"inLanguage\":\"en-US\",\"@id\":\"https:\/\/www.comfenalcovalle.com.co\/articulos-revista-ma\/herramientas-para-educar-con-conciencia-ambiental\/#primaryimage\",\"url\":\"https:\/\/test.comfenalcovalle.com.co\/wp-content\/uploads\/2025\/07\/Herramientas-para-educar-con-conciencia-ambiental-1.png\",\"contentUrl\":\"https:\/\/test.comfenalcovalle.com.co\/wp-content\/uploads\/2025\/07\/Herramientas-para-educar-con-conciencia-ambiental-1.png\",\"width\":1200,\"height\":675,\"caption\":\"Herramientas para educar con conciencia ambiental\"},{\"@type\":\"BreadcrumbList\",\"@id\":\"https:\/\/www.comfenalcovalle.com.co\/articulos-revista-ma\/herramientas-para-educar-con-conciencia-ambiental\/#breadcrumb\",\"itemListElement\":[{\"@type\":\"ListItem\",\"position\":1,\"name\":\"Portada\",\"item\":\"https:\/\/www.comfenalcovalle.com.co\/\"},{\"@type\":\"ListItem\",\"position\":2,\"name\":\"Art\u00edculos Revista Maestros\",\"item\":\"https:\/\/www.comfenalcovalle.com.co\/articulos-revista-ma\/\"},{\"@type\":\"ListItem\",\"position\":3,\"name\":\"Herramientas para educar con conciencia ambiental\"}]},{\"@type\":\"WebSite\",\"@id\":\"https:\/\/www.comfenalcovalle.com.co\/#website\",\"url\":\"https:\/\/www.comfenalcovalle.com.co\/\",\"name\":\"Comfenalco Valle Delagente\",\"description\":\"Caja de compensaci\u00f3n de Comfenalco Valle Delagente.\",\"publisher\":{\"@id\":\"https:\/\/www.comfenalcovalle.com.co\/#organization\"},\"potentialAction\":[{\"@type\":\"SearchAction\",\"target\":{\"@type\":\"EntryPoint\",\"urlTemplate\":\"https:\/\/www.comfenalcovalle.com.co\/?s={search_term_string}\"},\"query-input\":{\"@type\":\"PropertyValueSpecification\",\"valueRequired\":true,\"valueName\":\"search_term_string\"}}],\"inLanguage\":\"en-US\"},{\"@type\":\"Organization\",\"@id\":\"https:\/\/www.comfenalcovalle.com.co\/#organization\",\"name\":\"Comfenalco Valle Delagente\",\"url\":\"https:\/\/www.comfenalcovalle.com.co\/\",\"logo\":{\"@type\":\"ImageObject\",\"inLanguage\":\"en-US\",\"@id\":\"https:\/\/www.comfenalcovalle.com.co\/#\/schema\/logo\/image\/\",\"url\":\"https:\/\/test.comfenalcovalle.com.co\/wp-content\/uploads\/2021\/06\/logo-comfe-cabecera-agencia-empelo-actualizado.png\",\"contentUrl\":\"https:\/\/test.comfenalcovalle.com.co\/wp-content\/uploads\/2021\/06\/logo-comfe-cabecera-agencia-empelo-actualizado.png\",\"width\":500,\"height\":184,\"caption\":\"Comfenalco Valle Delagente\"},\"image\":{\"@id\":\"https:\/\/www.comfenalcovalle.com.co\/#\/schema\/logo\/image\/\"}}]}<\/script>\n<!-- \/ Yoast SEO Premium plugin. -->","yoast_head_json":{"title":"Herramientas para educar con conciencia ambiental - Comfenalco Valle Delagente","robots":{"index":"index","follow":"follow","max-snippet":"max-snippet:-1","max-image-preview":"max-image-preview:large","max-video-preview":"max-video-preview:-1"},"canonical":"https:\/\/www.comfenalcovalle.com.co\/articulos-revista-ma\/herramientas-para-educar-con-conciencia-ambiental\/","og_locale":"en_US","og_type":"article","og_title":"Herramientas para educar con conciencia ambiental","og_description":"La educaci\u00f3n ambiental es una de las llaves m\u00e1s poderosas para formar ciudadanos comprometidos con el cuidado del planeta. Por eso, hoy te compartimos algunas herramientas, libros y aplicaciones que pueden fortalecer la labor docente en sostenibilidad y convertir cada clase en una oportunidad para sembrar conciencia: LIBRO | Educar en verde \u2013 Heike FreireUna [&hellip;]","og_url":"https:\/\/www.comfenalcovalle.com.co\/articulos-revista-ma\/herramientas-para-educar-con-conciencia-ambiental\/","og_site_name":"Comfenalco Valle Delagente","article_modified_time":"2025-07-15T20:48:31+00:00","og_image":[{"width":1200,"height":675,"url":"https:\/\/www.comfenalcovalle.com.co\/wp-content\/uploads\/2025\/07\/Herramientas-para-educar-con-conciencia-ambiental-1.png","type":"image\/png"}],"twitter_card":"summary_large_image","twitter_misc":{"Est. reading time":"1 minute"},"schema":{"@context":"https:\/\/schema.org","@graph":[{"@type":"WebPage","@id":"https:\/\/www.comfenalcovalle.com.co\/articulos-revista-ma\/herramientas-para-educar-con-conciencia-ambiental\/","url":"https:\/\/www.comfenalcovalle.com.co\/articulos-revista-ma\/herramientas-para-educar-con-conciencia-ambiental\/","name":"Herramientas para educar con conciencia ambiental - Comfenalco Valle Delagente","isPartOf":{"@id":"https:\/\/www.comfenalcovalle.com.co\/#website"},"primaryImageOfPage":{"@id":"https:\/\/www.comfenalcovalle.com.co\/articulos-revista-ma\/herramientas-para-educar-con-conciencia-ambiental\/#primaryimage"},"image":{"@id":"https:\/\/www.comfenalcovalle.com.co\/articulos-revista-ma\/herramientas-para-educar-con-conciencia-ambiental\/#primaryimage"},"thumbnailUrl":"https:\/\/test.comfenalcovalle.com.co\/wp-content\/uploads\/2025\/07\/Herramientas-para-educar-con-conciencia-ambiental-1.png","datePublished":"2025-07-15T13:09:27+00:00","dateModified":"2025-07-15T20:48:31+00:00","breadcrumb":{"@id":"https:\/\/www.comfenalcovalle.com.co\/articulos-revista-ma\/herramientas-para-educar-con-conciencia-ambiental\/#breadcrumb"},"inLanguage":"en-US","potentialAction":[{"@type":"ReadAction","target":["https:\/\/www.comfenalcovalle.com.co\/articulos-revista-ma\/herramientas-para-educar-con-conciencia-ambiental\/"]}]},{"@type":"ImageObject","inLanguage":"en-US","@id":"https:\/\/www.comfenalcovalle.com.co\/articulos-revista-ma\/herramientas-para-educar-con-conciencia-ambiental\/#primaryimage","url":"https:\/\/test.comfenalcovalle.com.co\/wp-content\/uploads\/2025\/07\/Herramientas-para-educar-con-conciencia-ambiental-1.png","contentUrl":"https:\/\/test.comfenalcovalle.com.co\/wp-content\/uploads\/2025\/07\/Herramientas-para-educar-con-conciencia-ambiental-1.png","width":1200,"height":675,"caption":"Herramientas para educar con conciencia ambiental"},{"@type":"BreadcrumbList","@id":"https:\/\/www.comfenalcovalle.com.co\/articulos-revista-ma\/herramientas-para-educar-con-conciencia-ambiental\/#breadcrumb","itemListElement":[{"@type":"ListItem","position":1,"name":"Portada","item":"https:\/\/www.comfenalcovalle.com.co\/"},{"@type":"ListItem","position":2,"name":"Art\u00edculos Revista Maestros","item":"https:\/\/www.comfenalcovalle.com.co\/articulos-revista-ma\/"},{"@type":"ListItem","position":3,"name":"Herramientas para educar con conciencia ambiental"}]},{"@type":"WebSite","@id":"https:\/\/www.comfenalcovalle.com.co\/#website","url":"https:\/\/www.comfenalcovalle.com.co\/","name":"Comfenalco Valle Delagente","description":"Comfenalco Valle Delagente compensation fund.","publisher":{"@id":"https:\/\/www.comfenalcovalle.com.co\/#organization"},"potentialAction":[{"@type":"SearchAction","target":{"@type":"EntryPoint","urlTemplate":"https:\/\/www.comfenalcovalle.com.co\/?s={search_term_string}"},"query-input":{"@type":"PropertyValueSpecification","valueRequired":true,"valueName":"search_term_string"}}],"inLanguage":"en-US"},{"@type":"Organization","@id":"https:\/\/www.comfenalcovalle.com.co\/#organization","name":"Comfenalco Valle Delagente","url":"https:\/\/www.comfenalcovalle.com.co\/","logo":{"@type":"ImageObject","inLanguage":"en-US","@id":"https:\/\/www.comfenalcovalle.com.co\/#\/schema\/logo\/image\/","url":"https:\/\/test.comfenalcovalle.com.co\/wp-content\/uploads\/2021\/06\/logo-comfe-cabecera-agencia-empelo-actualizado.png","contentUrl":"https:\/\/test.comfenalcovalle.com.co\/wp-content\/uploads\/2021\/06\/logo-comfe-cabecera-agencia-empelo-actualizado.png","width":500,"height":184,"caption":"Comfenalco Valle Delagente"},"image":{"@id":"https:\/\/www.comfenalcovalle.com.co\/#\/schema\/logo\/image\/"}}]}},"publishpress_future_workflow_manual_trigger":{"enabledWorkflows":[]},"_links":{"self":[{"href":"https:\/\/test.comfenalcovalle.com.co\/en\/wp-json\/wp\/v2\/articulos-revista-ma\/663186","targetHints":{"allow":["GET"]}}],"collection":[{"href":"https:\/\/test.comfenalcovalle.com.co\/en\/wp-json\/wp\/v2\/articulos-revista-ma"}],"about":[{"href":"https:\/\/test.comfenalcovalle.com.co\/en\/wp-json\/wp\/v2\/types\/articulos-revista-ma"}],"version-history":[{"count":0,"href":"https:\/\/test.comfenalcovalle.com.co\/en\/wp-json\/wp\/v2\/articulos-revista-ma\/663186\/revisions"}],"wp:featuredmedia":[{"embeddable":true,"href":"https:\/\/test.comfenalcovalle.com.co\/en\/wp-json\/wp\/v2\/media\/663196"}],"wp:attachment":[{"href":"https:\/\/test.comfenalcovalle.com.co\/en\/wp-json\/wp\/v2\/media?parent=663186"}],"wp:term":[{"taxonomy":"categorias-articulos-revista-ma","embeddable":true,"href":"https:\/\/test.comfenalcovalle.com.co\/en\/wp-json\/wp\/v2\/categorias-articulos-revista-ma?post=663186"}],"curies":[{"name":"wp","href":"https:\/\/api.w.org\/{rel}","templated":true}]}}