{"id":663043,"date":"2025-07-15T08:02:00","date_gmt":"2025-07-15T13:02:00","guid":{"rendered":"https:\/\/test.comfenalcovalle.com.co\/?post_type=articulos-revista-ma&#038;p=663043"},"modified":"2025-07-15T15:30:49","modified_gmt":"2025-07-15T20:30:49","slug":"en-calima-el-darien-existe-una-institucion-educativa-que-le-apuesta-a-recuperar-los-saberes-ancestrales-de-las-plantas-medicinales","status":"publish","type":"articulos-revista-ma","link":"https:\/\/test.comfenalcovalle.com.co\/en\/articulos-revista-ma\/en-calima-el-darien-existe-una-institucion-educativa-que-le-apuesta-a-recuperar-los-saberes-ancestrales-de-las-plantas-medicinales\/","title":{"rendered":"En Calima, El Dari\u00e9n, existe una instituci\u00f3n educativa que le apuesta a recuperar los saberes ancestrales de las plantas medicinales"},"content":{"rendered":"<div data-elementor-type=\"wp-post\" data-elementor-id=\"663043\" class=\"elementor elementor-663043\" data-elementor-post-type=\"articulos-revista-ma\">\n\t\t\t\t<div class=\"elementor-element elementor-element-3a21ef7 e-flex e-con-boxed e-con e-parent\" data-id=\"3a21ef7\" data-element_type=\"container\">\n\t\t\t\t\t<div class=\"e-con-inner\">\n\t\t<div class=\"elementor-element elementor-element-d1f33ef e-flex e-con-boxed e-con e-parent\" data-id=\"d1f33ef\" data-element_type=\"container\" data-settings=\"{&quot;background_background&quot;:&quot;classic&quot;}\">\n\t\t\t\t\t<div class=\"e-con-inner\">\n\t\t<div class=\"elementor-element elementor-element-a8d0868 e-flex e-con-boxed e-con e-parent\" data-id=\"a8d0868\" data-element_type=\"container\">\n\t\t\t\t\t<div class=\"e-con-inner\">\n\t\t<div class=\"elementor-element elementor-element-cd955b6 e-flex e-con-boxed e-con e-parent\" data-id=\"cd955b6\" data-element_type=\"container\">\n\t\t\t\t\t<div class=\"e-con-inner\">\n\t\t\t\t<div class=\"elementor-element elementor-element-24effa8 elementor-widget elementor-widget-text-editor\" data-id=\"24effa8\" data-element_type=\"widget\" data-widget_type=\"text-editor.default\">\n\t\t\t\t<div class=\"elementor-widget-container\">\n\t\t\t\t\t\t\t\t\t<p><img decoding=\"async\" class=\"alignleft lazyload\" data-src=\"https:\/\/test.comfenalcovalle.com.co\/wp-content\/uploads\/2025\/07\/recuperar-los-saberes-ancestrales-de-las-plantas-medicinales4.png\" alt=\"En Calima, El Dari\u00e9n\" width=\"300\" height=\"\" src=\"data:image\/svg+xml;base64,PHN2ZyB3aWR0aD0iMSIgaGVpZ2h0PSIxIiB4bWxucz0iaHR0cDovL3d3dy53My5vcmcvMjAwMC9zdmciPjwvc3ZnPg==\" style=\"--smush-placeholder-width: 1080px; --smush-placeholder-aspect-ratio: 1080\/700;\" \/>Se trata de la <strong>Instituci\u00f3n Educativa Pablo Sexto<\/strong>, en la que, desde el a\u00f1o 2018, se dio vida al proyecto \u201c<strong>Recuperaci\u00f3n Ancestral del Uso de Plantas Medicinales<\/strong>\u201d, una iniciativa que naci\u00f3 a partir de las problem\u00e1ticas y carencias que enfrentaba la escuela.<\/p><p>Dicen que la Pachamama, en su infinita sabidur\u00eda, nos entrega todo lo esencial para vivir y sanar. <strong>En cada hoja, ra\u00edz y flor habita un conocimiento ancestral que las comunidades originarias han sabido escuchar y preservar<\/strong>. Las plantas medicinales son su forma de hablarnos, de recordarnos que no estamos separados de la tierra, sino que somos parte de su pulso. Ella nos ofrece remedios sin pedir nada a cambio, ense\u00f1\u00e1ndonos que el equilibrio y la abundancia nacen del respeto, la gratitud y la armon\u00eda con los ciclos naturales. Esta premisa fue comprendida, por supuesto, en la Instituci\u00f3n Educativa Pablo Sexto, y en 2018 decidieron apostarle a las plantas medicinales.<\/p><p><img decoding=\"async\" class=\"alignright lazyload\" data-src=\"https:\/\/test.comfenalcovalle.com.co\/wp-content\/uploads\/2025\/07\/recuperar-los-saberes-ancestrales-de-las-plantas-medicinales2.png\" alt=\"En Calima, El Dari\u00e9n\" width=\"300\" height=\"\" src=\"data:image\/svg+xml;base64,PHN2ZyB3aWR0aD0iMSIgaGVpZ2h0PSIxIiB4bWxucz0iaHR0cDovL3d3dy53My5vcmcvMjAwMC9zdmciPjwvc3ZnPg==\" style=\"--smush-placeholder-width: 1080px; --smush-placeholder-aspect-ratio: 1080\/1080;\" \/>\u201c<strong>Este proyecto tuvo su origen en diversas carencias que ten\u00eda la escuela. No cont\u00e1bamos con agua potable, tampoco con puesto de salud, la se\u00f1al de comunicaci\u00f3n m\u00f3vil era deficiente y el servicio de transporte, escaso. Todas estas condiciones nos imped\u00edan atender r\u00e1pidamente algunas situaciones de salud ocasionadas por la mala calidad del agua, como dolores abdominales, malestares y fiebres<\/strong>\u201d, explica la docente Edna Johanna.<\/p><p>Ese mismo a\u00f1o, <strong>la Unidad Ejecutora de Saneamiento del Valle del Cauca (UES) realiz\u00f3 pruebas al agua y determin\u00f3 que su calidad representaba un alto riesgo<\/strong>, por lo que no era apta para el consumo. \u201cAnte esta situaci\u00f3n, una vecina nos sugiri\u00f3 utilizar plantas medicinales del entorno para tratar estas dolencias, y as\u00ed empezamos a indagar con nuestros familiares qu\u00e9 especies medicinales se pod\u00edan usar con este prop\u00f3sito\u201d, detalla Edna. De esta manera, aprovechando la especialidad agropecuaria de la instituci\u00f3n, se inici\u00f3 una labor orientada a rescatar los saberes y experiencias de padres, madres y abuelos en torno a la medicina alternativa.<\/p><p><img decoding=\"async\" class=\"alignleft lazyload\" data-src=\"https:\/\/test.comfenalcovalle.com.co\/wp-content\/uploads\/2025\/07\/recuperar-los-saberes-ancestrales-de-las-plantas-medicinales3.png\" alt=\"En Calima, El Dari\u00e9n\" width=\"300\" height=\"\" src=\"data:image\/svg+xml;base64,PHN2ZyB3aWR0aD0iMSIgaGVpZ2h0PSIxIiB4bWxucz0iaHR0cDovL3d3dy53My5vcmcvMjAwMC9zdmciPjwvc3ZnPg==\" style=\"--smush-placeholder-width: 1080px; --smush-placeholder-aspect-ratio: 1080\/1080;\" \/> \u201c<strong>He aprendido que las plantas que veo en la huerta de mi casa, en el colegio o con las que me hacen una bebida tienen un nombre cient\u00edfico. Tambi\u00e9n he aprendido sobre otras plantas cuyas propiedades y usos desconoc\u00eda, y que algunas especies tienen aplicaciones alelop\u00e1ticas, como complementar la alimentaci\u00f3n de las gallinas ponedoras o los pollos de engorde<\/strong>\u201d, afirma Camilo Alfonso Londo\u00f1o, uno de los estudiantes del grado s\u00e9ptimo. As\u00ed, a trav\u00e9s de este proyecto, no solo lograron mitigar las dolencias de la comunidad ocasionadas por la mala calidad del agua, sino que tambi\u00e9n reconectaron con las ra\u00edces, la tradici\u00f3n y la historia del territorio.<\/p>\t\t\t\t\t\t\t\t<\/div>\n\t\t\t\t<\/div>\n\t\t\t\t\t<\/div>\n\t\t\t\t<\/div>\n\t\t\t\t\t<\/div>\n\t\t\t\t<\/div>\n\t\t\t\t\t<\/div>\n\t\t\t\t<\/div>\n\t\t\t\t\t<\/div>\n\t\t\t\t<\/div>\n\t\t\t\t<\/div>","protected":false},"featured_media":663048,"parent":0,"template":"","categorias-articulos-revista-ma":[932],"class_list":["post-663043","articulos-revista-ma","type-articulos-revista-ma","status-publish","has-post-thumbnail","hentry","categorias-articulos-revista-ma-actualidad"],"yoast_head":"<!-- This site is optimized with the Yoast SEO Premium plugin v25.9 (Yoast SEO v25.9) - https:\/\/yoast.com\/wordpress\/plugins\/seo\/ -->\n<title>En Calima, El Dari\u00e9n, existe una instituci\u00f3n educativa que le apuesta a recuperar los saberes ancestrales de las plantas medicinales - Comfenalco Valle Delagente<\/title>\n<meta name=\"robots\" content=\"index, follow, max-snippet:-1, max-image-preview:large, max-video-preview:-1\" \/>\n<link rel=\"canonical\" href=\"https:\/\/www.comfenalcovalle.com.co\/articulos-revista-ma\/en-calima-el-darien-existe-una-institucion-educativa-que-le-apuesta-a-recuperar-los-saberes-ancestrales-de-las-plantas-medicinales\/\" \/>\n<meta property=\"og:locale\" content=\"en_US\" \/>\n<meta property=\"og:type\" content=\"article\" \/>\n<meta property=\"og:title\" content=\"En Calima, El Dari\u00e9n, existe una instituci\u00f3n educativa que le apuesta a recuperar los saberes ancestrales de las plantas medicinales\" \/>\n<meta property=\"og:description\" content=\"Se trata de la Instituci\u00f3n Educativa Pablo Sexto, en la que, desde el a\u00f1o 2018, se dio vida al proyecto \u201cRecuperaci\u00f3n Ancestral del Uso de Plantas Medicinales\u201d, una iniciativa que naci\u00f3 a partir de las problem\u00e1ticas y carencias que enfrentaba la escuela. Dicen que la Pachamama, en su infinita sabidur\u00eda, nos entrega todo lo esencial [&hellip;]\" \/>\n<meta property=\"og:url\" content=\"https:\/\/www.comfenalcovalle.com.co\/articulos-revista-ma\/en-calima-el-darien-existe-una-institucion-educativa-que-le-apuesta-a-recuperar-los-saberes-ancestrales-de-las-plantas-medicinales\/\" \/>\n<meta property=\"og:site_name\" content=\"Comfenalco Valle Delagente\" \/>\n<meta property=\"article:modified_time\" content=\"2025-07-15T20:30:49+00:00\" \/>\n<meta property=\"og:image\" content=\"https:\/\/www.comfenalcovalle.com.co\/wp-content\/uploads\/2025\/07\/recuperar-los-saberes-ancestrales-de-las-plantas-medicinales4.png\" \/>\n\t<meta property=\"og:image:width\" content=\"1080\" \/>\n\t<meta property=\"og:image:height\" content=\"700\" \/>\n\t<meta property=\"og:image:type\" content=\"image\/png\" \/>\n<meta name=\"twitter:card\" content=\"summary_large_image\" \/>\n<meta name=\"twitter:label1\" content=\"Est. reading time\" \/>\n\t<meta name=\"twitter:data1\" content=\"2 minutes\" \/>\n<script type=\"application\/ld+json\" class=\"yoast-schema-graph\">{\"@context\":\"https:\/\/schema.org\",\"@graph\":[{\"@type\":\"WebPage\",\"@id\":\"https:\/\/www.comfenalcovalle.com.co\/articulos-revista-ma\/en-calima-el-darien-existe-una-institucion-educativa-que-le-apuesta-a-recuperar-los-saberes-ancestrales-de-las-plantas-medicinales\/\",\"url\":\"https:\/\/www.comfenalcovalle.com.co\/articulos-revista-ma\/en-calima-el-darien-existe-una-institucion-educativa-que-le-apuesta-a-recuperar-los-saberes-ancestrales-de-las-plantas-medicinales\/\",\"name\":\"En Calima, El Dari\u00e9n, existe una instituci\u00f3n educativa que le apuesta a recuperar los saberes ancestrales de las plantas medicinales - Comfenalco Valle Delagente\",\"isPartOf\":{\"@id\":\"https:\/\/www.comfenalcovalle.com.co\/#website\"},\"primaryImageOfPage\":{\"@id\":\"https:\/\/www.comfenalcovalle.com.co\/articulos-revista-ma\/en-calima-el-darien-existe-una-institucion-educativa-que-le-apuesta-a-recuperar-los-saberes-ancestrales-de-las-plantas-medicinales\/#primaryimage\"},\"image\":{\"@id\":\"https:\/\/www.comfenalcovalle.com.co\/articulos-revista-ma\/en-calima-el-darien-existe-una-institucion-educativa-que-le-apuesta-a-recuperar-los-saberes-ancestrales-de-las-plantas-medicinales\/#primaryimage\"},\"thumbnailUrl\":\"https:\/\/test.comfenalcovalle.com.co\/wp-content\/uploads\/2025\/07\/recuperar-los-saberes-ancestrales-de-las-plantas-medicinales4.png\",\"datePublished\":\"2025-07-15T13:02:00+00:00\",\"dateModified\":\"2025-07-15T20:30:49+00:00\",\"breadcrumb\":{\"@id\":\"https:\/\/www.comfenalcovalle.com.co\/articulos-revista-ma\/en-calima-el-darien-existe-una-institucion-educativa-que-le-apuesta-a-recuperar-los-saberes-ancestrales-de-las-plantas-medicinales\/#breadcrumb\"},\"inLanguage\":\"en-US\",\"potentialAction\":[{\"@type\":\"ReadAction\",\"target\":[\"https:\/\/www.comfenalcovalle.com.co\/articulos-revista-ma\/en-calima-el-darien-existe-una-institucion-educativa-que-le-apuesta-a-recuperar-los-saberes-ancestrales-de-las-plantas-medicinales\/\"]}]},{\"@type\":\"ImageObject\",\"inLanguage\":\"en-US\",\"@id\":\"https:\/\/www.comfenalcovalle.com.co\/articulos-revista-ma\/en-calima-el-darien-existe-una-institucion-educativa-que-le-apuesta-a-recuperar-los-saberes-ancestrales-de-las-plantas-medicinales\/#primaryimage\",\"url\":\"https:\/\/test.comfenalcovalle.com.co\/wp-content\/uploads\/2025\/07\/recuperar-los-saberes-ancestrales-de-las-plantas-medicinales4.png\",\"contentUrl\":\"https:\/\/test.comfenalcovalle.com.co\/wp-content\/uploads\/2025\/07\/recuperar-los-saberes-ancestrales-de-las-plantas-medicinales4.png\",\"width\":1080,\"height\":700,\"caption\":\"recuperar los saberes ancestrales de las plantas medicinales\"},{\"@type\":\"BreadcrumbList\",\"@id\":\"https:\/\/www.comfenalcovalle.com.co\/articulos-revista-ma\/en-calima-el-darien-existe-una-institucion-educativa-que-le-apuesta-a-recuperar-los-saberes-ancestrales-de-las-plantas-medicinales\/#breadcrumb\",\"itemListElement\":[{\"@type\":\"ListItem\",\"position\":1,\"name\":\"Portada\",\"item\":\"https:\/\/www.comfenalcovalle.com.co\/\"},{\"@type\":\"ListItem\",\"position\":2,\"name\":\"Art\u00edculos Revista Maestros\",\"item\":\"https:\/\/www.comfenalcovalle.com.co\/articulos-revista-ma\/\"},{\"@type\":\"ListItem\",\"position\":3,\"name\":\"En Calima, El Dari\u00e9n, existe una instituci\u00f3n educativa que le apuesta a recuperar los saberes ancestrales de las plantas medicinales\"}]},{\"@type\":\"WebSite\",\"@id\":\"https:\/\/www.comfenalcovalle.com.co\/#website\",\"url\":\"https:\/\/www.comfenalcovalle.com.co\/\",\"name\":\"Comfenalco Valle Delagente\",\"description\":\"Caja de compensaci\u00f3n de Comfenalco Valle Delagente.\",\"publisher\":{\"@id\":\"https:\/\/www.comfenalcovalle.com.co\/#organization\"},\"potentialAction\":[{\"@type\":\"SearchAction\",\"target\":{\"@type\":\"EntryPoint\",\"urlTemplate\":\"https:\/\/www.comfenalcovalle.com.co\/?s={search_term_string}\"},\"query-input\":{\"@type\":\"PropertyValueSpecification\",\"valueRequired\":true,\"valueName\":\"search_term_string\"}}],\"inLanguage\":\"en-US\"},{\"@type\":\"Organization\",\"@id\":\"https:\/\/www.comfenalcovalle.com.co\/#organization\",\"name\":\"Comfenalco Valle Delagente\",\"url\":\"https:\/\/www.comfenalcovalle.com.co\/\",\"logo\":{\"@type\":\"ImageObject\",\"inLanguage\":\"en-US\",\"@id\":\"https:\/\/www.comfenalcovalle.com.co\/#\/schema\/logo\/image\/\",\"url\":\"https:\/\/test.comfenalcovalle.com.co\/wp-content\/uploads\/2021\/06\/logo-comfe-cabecera-agencia-empelo-actualizado.png\",\"contentUrl\":\"https:\/\/test.comfenalcovalle.com.co\/wp-content\/uploads\/2021\/06\/logo-comfe-cabecera-agencia-empelo-actualizado.png\",\"width\":500,\"height\":184,\"caption\":\"Comfenalco Valle Delagente\"},\"image\":{\"@id\":\"https:\/\/www.comfenalcovalle.com.co\/#\/schema\/logo\/image\/\"}}]}<\/script>\n<!-- \/ Yoast SEO Premium plugin. -->","yoast_head_json":{"title":"En Calima, El Dari\u00e9n, existe una instituci\u00f3n educativa que le apuesta a recuperar los saberes ancestrales de las plantas medicinales - Comfenalco Valle Delagente","robots":{"index":"index","follow":"follow","max-snippet":"max-snippet:-1","max-image-preview":"max-image-preview:large","max-video-preview":"max-video-preview:-1"},"canonical":"https:\/\/www.comfenalcovalle.com.co\/articulos-revista-ma\/en-calima-el-darien-existe-una-institucion-educativa-que-le-apuesta-a-recuperar-los-saberes-ancestrales-de-las-plantas-medicinales\/","og_locale":"en_US","og_type":"article","og_title":"En Calima, El Dari\u00e9n, existe una instituci\u00f3n educativa que le apuesta a recuperar los saberes ancestrales de las plantas medicinales","og_description":"Se trata de la Instituci\u00f3n Educativa Pablo Sexto, en la que, desde el a\u00f1o 2018, se dio vida al proyecto \u201cRecuperaci\u00f3n Ancestral del Uso de Plantas Medicinales\u201d, una iniciativa que naci\u00f3 a partir de las problem\u00e1ticas y carencias que enfrentaba la escuela. Dicen que la Pachamama, en su infinita sabidur\u00eda, nos entrega todo lo esencial [&hellip;]","og_url":"https:\/\/www.comfenalcovalle.com.co\/articulos-revista-ma\/en-calima-el-darien-existe-una-institucion-educativa-que-le-apuesta-a-recuperar-los-saberes-ancestrales-de-las-plantas-medicinales\/","og_site_name":"Comfenalco Valle Delagente","article_modified_time":"2025-07-15T20:30:49+00:00","og_image":[{"width":1080,"height":700,"url":"https:\/\/www.comfenalcovalle.com.co\/wp-content\/uploads\/2025\/07\/recuperar-los-saberes-ancestrales-de-las-plantas-medicinales4.png","type":"image\/png"}],"twitter_card":"summary_large_image","twitter_misc":{"Est. reading time":"2 minutes"},"schema":{"@context":"https:\/\/schema.org","@graph":[{"@type":"WebPage","@id":"https:\/\/www.comfenalcovalle.com.co\/articulos-revista-ma\/en-calima-el-darien-existe-una-institucion-educativa-que-le-apuesta-a-recuperar-los-saberes-ancestrales-de-las-plantas-medicinales\/","url":"https:\/\/www.comfenalcovalle.com.co\/articulos-revista-ma\/en-calima-el-darien-existe-una-institucion-educativa-que-le-apuesta-a-recuperar-los-saberes-ancestrales-de-las-plantas-medicinales\/","name":"En Calima, El Dari\u00e9n, existe una instituci\u00f3n educativa que le apuesta a recuperar los saberes ancestrales de las plantas medicinales - Comfenalco Valle Delagente","isPartOf":{"@id":"https:\/\/www.comfenalcovalle.com.co\/#website"},"primaryImageOfPage":{"@id":"https:\/\/www.comfenalcovalle.com.co\/articulos-revista-ma\/en-calima-el-darien-existe-una-institucion-educativa-que-le-apuesta-a-recuperar-los-saberes-ancestrales-de-las-plantas-medicinales\/#primaryimage"},"image":{"@id":"https:\/\/www.comfenalcovalle.com.co\/articulos-revista-ma\/en-calima-el-darien-existe-una-institucion-educativa-que-le-apuesta-a-recuperar-los-saberes-ancestrales-de-las-plantas-medicinales\/#primaryimage"},"thumbnailUrl":"https:\/\/test.comfenalcovalle.com.co\/wp-content\/uploads\/2025\/07\/recuperar-los-saberes-ancestrales-de-las-plantas-medicinales4.png","datePublished":"2025-07-15T13:02:00+00:00","dateModified":"2025-07-15T20:30:49+00:00","breadcrumb":{"@id":"https:\/\/www.comfenalcovalle.com.co\/articulos-revista-ma\/en-calima-el-darien-existe-una-institucion-educativa-que-le-apuesta-a-recuperar-los-saberes-ancestrales-de-las-plantas-medicinales\/#breadcrumb"},"inLanguage":"en-US","potentialAction":[{"@type":"ReadAction","target":["https:\/\/www.comfenalcovalle.com.co\/articulos-revista-ma\/en-calima-el-darien-existe-una-institucion-educativa-que-le-apuesta-a-recuperar-los-saberes-ancestrales-de-las-plantas-medicinales\/"]}]},{"@type":"ImageObject","inLanguage":"en-US","@id":"https:\/\/www.comfenalcovalle.com.co\/articulos-revista-ma\/en-calima-el-darien-existe-una-institucion-educativa-que-le-apuesta-a-recuperar-los-saberes-ancestrales-de-las-plantas-medicinales\/#primaryimage","url":"https:\/\/test.comfenalcovalle.com.co\/wp-content\/uploads\/2025\/07\/recuperar-los-saberes-ancestrales-de-las-plantas-medicinales4.png","contentUrl":"https:\/\/test.comfenalcovalle.com.co\/wp-content\/uploads\/2025\/07\/recuperar-los-saberes-ancestrales-de-las-plantas-medicinales4.png","width":1080,"height":700,"caption":"recuperar los saberes ancestrales de las plantas medicinales"},{"@type":"BreadcrumbList","@id":"https:\/\/www.comfenalcovalle.com.co\/articulos-revista-ma\/en-calima-el-darien-existe-una-institucion-educativa-que-le-apuesta-a-recuperar-los-saberes-ancestrales-de-las-plantas-medicinales\/#breadcrumb","itemListElement":[{"@type":"ListItem","position":1,"name":"Portada","item":"https:\/\/www.comfenalcovalle.com.co\/"},{"@type":"ListItem","position":2,"name":"Art\u00edculos Revista Maestros","item":"https:\/\/www.comfenalcovalle.com.co\/articulos-revista-ma\/"},{"@type":"ListItem","position":3,"name":"En Calima, El Dari\u00e9n, existe una instituci\u00f3n educativa que le apuesta a recuperar los saberes ancestrales de las plantas medicinales"}]},{"@type":"WebSite","@id":"https:\/\/www.comfenalcovalle.com.co\/#website","url":"https:\/\/www.comfenalcovalle.com.co\/","name":"Comfenalco Valle Delagente","description":"Comfenalco Valle Delagente compensation fund.","publisher":{"@id":"https:\/\/www.comfenalcovalle.com.co\/#organization"},"potentialAction":[{"@type":"SearchAction","target":{"@type":"EntryPoint","urlTemplate":"https:\/\/www.comfenalcovalle.com.co\/?s={search_term_string}"},"query-input":{"@type":"PropertyValueSpecification","valueRequired":true,"valueName":"search_term_string"}}],"inLanguage":"en-US"},{"@type":"Organization","@id":"https:\/\/www.comfenalcovalle.com.co\/#organization","name":"Comfenalco Valle Delagente","url":"https:\/\/www.comfenalcovalle.com.co\/","logo":{"@type":"ImageObject","inLanguage":"en-US","@id":"https:\/\/www.comfenalcovalle.com.co\/#\/schema\/logo\/image\/","url":"https:\/\/test.comfenalcovalle.com.co\/wp-content\/uploads\/2021\/06\/logo-comfe-cabecera-agencia-empelo-actualizado.png","contentUrl":"https:\/\/test.comfenalcovalle.com.co\/wp-content\/uploads\/2021\/06\/logo-comfe-cabecera-agencia-empelo-actualizado.png","width":500,"height":184,"caption":"Comfenalco Valle Delagente"},"image":{"@id":"https:\/\/www.comfenalcovalle.com.co\/#\/schema\/logo\/image\/"}}]}},"publishpress_future_workflow_manual_trigger":{"enabledWorkflows":[]},"_links":{"self":[{"href":"https:\/\/test.comfenalcovalle.com.co\/en\/wp-json\/wp\/v2\/articulos-revista-ma\/663043","targetHints":{"allow":["GET"]}}],"collection":[{"href":"https:\/\/test.comfenalcovalle.com.co\/en\/wp-json\/wp\/v2\/articulos-revista-ma"}],"about":[{"href":"https:\/\/test.comfenalcovalle.com.co\/en\/wp-json\/wp\/v2\/types\/articulos-revista-ma"}],"version-history":[{"count":0,"href":"https:\/\/test.comfenalcovalle.com.co\/en\/wp-json\/wp\/v2\/articulos-revista-ma\/663043\/revisions"}],"wp:featuredmedia":[{"embeddable":true,"href":"https:\/\/test.comfenalcovalle.com.co\/en\/wp-json\/wp\/v2\/media\/663048"}],"wp:attachment":[{"href":"https:\/\/test.comfenalcovalle.com.co\/en\/wp-json\/wp\/v2\/media?parent=663043"}],"wp:term":[{"taxonomy":"categorias-articulos-revista-ma","embeddable":true,"href":"https:\/\/test.comfenalcovalle.com.co\/en\/wp-json\/wp\/v2\/categorias-articulos-revista-ma?post=663043"}],"curies":[{"name":"wp","href":"https:\/\/api.w.org\/{rel}","templated":true}]}}