{"id":662618,"date":"2025-07-15T08:00:00","date_gmt":"2025-07-15T13:00:00","guid":{"rendered":"https:\/\/test.comfenalcovalle.com.co\/?post_type=articulos-revista-ma&#038;p=662618"},"modified":"2025-07-15T15:28:24","modified_gmt":"2025-07-15T20:28:24","slug":"la-educacion-como-motor-de-la-sostenibilidad","status":"publish","type":"articulos-revista-ma","link":"https:\/\/test.comfenalcovalle.com.co\/en\/articulos-revista-ma\/la-educacion-como-motor-de-la-sostenibilidad\/","title":{"rendered":"La educaci\u00f3n como motor de la sostenibilidad"},"content":{"rendered":"<div data-elementor-type=\"wp-post\" data-elementor-id=\"662618\" class=\"elementor elementor-662618\" data-elementor-post-type=\"articulos-revista-ma\">\n\t\t\t\t<div class=\"elementor-element elementor-element-ae7d000 e-flex e-con-boxed e-con e-parent\" data-id=\"ae7d000\" data-element_type=\"container\">\n\t\t\t\t\t<div class=\"e-con-inner\">\n\t\t<div class=\"elementor-element elementor-element-2f66f40 e-flex e-con-boxed e-con e-parent\" data-id=\"2f66f40\" data-element_type=\"container\" data-settings=\"{&quot;background_background&quot;:&quot;classic&quot;}\">\n\t\t\t\t\t<div class=\"e-con-inner\">\n\t\t<div class=\"elementor-element elementor-element-db4376b e-flex e-con-boxed e-con e-parent\" data-id=\"db4376b\" data-element_type=\"container\">\n\t\t\t\t\t<div class=\"e-con-inner\">\n\t\t<div class=\"elementor-element elementor-element-1c71e3d e-flex e-con-boxed e-con e-parent\" data-id=\"1c71e3d\" data-element_type=\"container\">\n\t\t\t\t\t<div class=\"e-con-inner\">\n\t\t\t\t<div class=\"elementor-element elementor-element-7776ad6 elementor-widget elementor-widget-image\" data-id=\"7776ad6\" data-element_type=\"widget\" data-widget_type=\"image.default\">\n\t\t\t\t<div class=\"elementor-widget-container\">\n\t\t\t\t\t\t\t\t\t\t\t\t\t\t\t<img fetchpriority=\"high\" decoding=\"async\" width=\"1192\" height=\"1192\" src=\"https:\/\/test.comfenalcovalle.com.co\/wp-content\/uploads\/2024\/08\/FELICE-GRIMOLDI-REBOLLEDO-articulo.webp\" class=\"attachment-full size-full wp-image-642713\" alt=\"FELICE GRIMOLDI REBOLLEDO\" srcset=\"https:\/\/test.comfenalcovalle.com.co\/wp-content\/uploads\/2024\/08\/FELICE-GRIMOLDI-REBOLLEDO-articulo.webp 1192w, https:\/\/test.comfenalcovalle.com.co\/wp-content\/uploads\/2024\/08\/FELICE-GRIMOLDI-REBOLLEDO-articulo-300x300.webp 300w, https:\/\/test.comfenalcovalle.com.co\/wp-content\/uploads\/2024\/08\/FELICE-GRIMOLDI-REBOLLEDO-articulo-1024x1024.webp 1024w, https:\/\/test.comfenalcovalle.com.co\/wp-content\/uploads\/2024\/08\/FELICE-GRIMOLDI-REBOLLEDO-articulo-150x150.webp 150w, https:\/\/test.comfenalcovalle.com.co\/wp-content\/uploads\/2024\/08\/FELICE-GRIMOLDI-REBOLLEDO-articulo-768x768.webp 768w, https:\/\/test.comfenalcovalle.com.co\/wp-content\/uploads\/2024\/08\/FELICE-GRIMOLDI-REBOLLEDO-articulo-12x12.webp 12w\" sizes=\"(max-width: 1192px) 100vw, 1192px\" \/>\t\t\t\t\t\t\t\t\t\t\t\t\t\t\t<\/div>\n\t\t\t\t<\/div>\n\t\t<div class=\"elementor-element elementor-element-8e1425c e-flex e-con-boxed e-con e-parent\" data-id=\"8e1425c\" data-element_type=\"container\">\n\t\t\t\t\t<div class=\"e-con-inner\">\n\t\t\t\t<div class=\"elementor-element elementor-element-0c83fbe elementor-widget elementor-widget-heading\" data-id=\"0c83fbe\" data-element_type=\"widget\" data-widget_type=\"heading.default\">\n\t\t\t\t<div class=\"elementor-widget-container\">\n\t\t\t\t\t<p class=\"elementor-heading-title elementor-size-default\">FELICE GRIMOLDI REBOLLEDO<\/p>\t\t\t\t<\/div>\n\t\t\t\t<\/div>\n\t\t\t\t<div class=\"elementor-element elementor-element-3229eb6 elementor-widget elementor-widget-heading\" data-id=\"3229eb6\" data-element_type=\"widget\" data-widget_type=\"heading.default\">\n\t\t\t\t<div class=\"elementor-widget-container\">\n\t\t\t\t\t<p class=\"elementor-heading-title elementor-size-default\">Director General<\/p>\t\t\t\t<\/div>\n\t\t\t\t<\/div>\n\t\t\t\t\t<\/div>\n\t\t\t\t<\/div>\n\t\t\t\t\t<\/div>\n\t\t\t\t<\/div>\n\t\t<div class=\"elementor-element elementor-element-eabafda e-flex e-con-boxed e-con e-parent\" data-id=\"eabafda\" data-element_type=\"container\">\n\t\t\t\t\t<div class=\"e-con-inner\">\n\t\t\t\t<div class=\"elementor-element elementor-element-2f590de elementor-widget elementor-widget-text-editor\" data-id=\"2f590de\" data-element_type=\"widget\" data-widget_type=\"text-editor.default\">\n\t\t\t\t<div class=\"elementor-widget-container\">\n\t\t\t\t\t\t\t\t\t<p>Frente a los <strong>desaf\u00edos urgentes que enfrenta el planeta como el cambio clim\u00e1tico, la p\u00e9rdida de biodiversidad y el deterioro ambiental, la educaci\u00f3n emerge como una de las herramientas m\u00e1s poderosas<\/strong> para generar un cambio real. Educar es sembrar conciencia, compromiso y acci\u00f3n. No puede haber desarrollo sostenible sin una ciudadan\u00eda informada, cr\u00edtica y decidida a proteger los recursos naturales. Y es precisamente en las aulas del Valle del Cauca donde hoy se est\u00e1n <strong>cultivando las semillas de ese futuro verde y esperanzador<\/strong>.<\/p><p>Esta edici\u00f3n de nuestra revista quiere resaltar <strong>el papel crucial que desempe\u00f1an las instituciones educativas como protagonistas del cambio.<\/strong> M\u00e1s all\u00e1 de ser espacios de formaci\u00f3n acad\u00e9mica, hoy son <strong>verdaderos laboratorios vivos, donde ni\u00f1as, ni\u00f1os, j\u00f3venes y docentes se convierten en defensores activos del medioambiente.<\/strong> Desde huertas escolares agroecol\u00f3gicas hasta proyectos de reciclaje, conservaci\u00f3n de cuencas h\u00eddricas y educaci\u00f3n clim\u00e1tica, las aulas se han transformado en <strong>territorios f\u00e9rtiles de innovaci\u00f3n, conciencia y acci\u00f3n.<\/strong><\/p>\t\t\t\t\t\t\t\t<\/div>\n\t\t\t\t<\/div>\n\t\t\t\t\t<\/div>\n\t\t\t\t<\/div>\n\t\t\t\t\t<\/div>\n\t\t\t\t<\/div>\n\t\t\t\t<div class=\"elementor-element elementor-element-67e9594 elementor-widget elementor-widget-text-editor\" data-id=\"67e9594\" data-element_type=\"widget\" data-widget_type=\"text-editor.default\">\n\t\t\t\t<div class=\"elementor-widget-container\">\n\t\t\t\t\t\t\t\t\t<p><strong>La sostenibilidad, entendida como el equilibrio entre lo ambiental, lo social y lo econ\u00f3mico, no se construye \u00fanicamente con pol\u00edticas o tecnolog\u00edas, sino, sobre todo, con educaci\u00f3n.<\/strong> Es en la ense\u00f1anza donde nacen los valores, el sentido de pertenencia por el territorio y el compromiso real con el planeta. <strong>Educar para la sostenibilidad no es una opci\u00f3n: es una responsabilidad urgente.<\/strong><\/p><p>Desde Comfenalco Valle Delagente celebramos y acompa\u00f1amos cada una de estas<strong> iniciativas que florecen en las instituciones educativas del departamento<\/strong>. Creemos en una educaci\u00f3n que no solo forme profesionales, sino ciudadanos capaces de cuidar lo que somos y lo que tenemos. <strong>Porque proteger el medioambiente es, en esencia, proteger la vida.<\/strong><\/p>\t\t\t\t\t\t\t\t<\/div>\n\t\t\t\t<\/div>\n\t\t\t\t<div class=\"elementor-element elementor-element-a75b14f elementor-widget elementor-widget-heading\" data-id=\"a75b14f\" data-element_type=\"widget\" data-widget_type=\"heading.default\">\n\t\t\t\t<div class=\"elementor-widget-container\">\n\t\t\t\t\t<div class=\"elementor-heading-title elementor-size-default\">Y la vida, como la educaci\u00f3n, siempre debe florecer.<\/div>\t\t\t\t<\/div>\n\t\t\t\t<\/div>\n\t\t\t\t\t<\/div>\n\t\t\t\t<\/div>\n\t\t\t\t\t<\/div>\n\t\t\t\t<\/div>\n\t\t\t\t<\/div>","protected":false},"featured_media":642711,"parent":0,"template":"","categorias-articulos-revista-ma":[935],"class_list":["post-662618","articulos-revista-ma","type-articulos-revista-ma","status-publish","has-post-thumbnail","hentry","categorias-articulos-revista-ma-editorial"],"yoast_head":"<!-- This site is optimized with the Yoast SEO Premium plugin v25.9 (Yoast SEO v25.9) - https:\/\/yoast.com\/wordpress\/plugins\/seo\/ -->\n<title>La educaci\u00f3n como motor de la sostenibilidad - Comfenalco Valle Delagente<\/title>\n<meta name=\"robots\" content=\"index, follow, max-snippet:-1, max-image-preview:large, max-video-preview:-1\" \/>\n<link rel=\"canonical\" href=\"https:\/\/www.comfenalcovalle.com.co\/articulos-revista-ma\/la-educacion-como-motor-de-la-sostenibilidad\/\" \/>\n<meta property=\"og:locale\" content=\"en_US\" \/>\n<meta property=\"og:type\" content=\"article\" \/>\n<meta property=\"og:title\" content=\"La educaci\u00f3n como motor de la sostenibilidad\" \/>\n<meta property=\"og:description\" content=\"FELICE GRIMOLDI REBOLLEDO Director General Frente a los desaf\u00edos urgentes que enfrenta el planeta como el cambio clim\u00e1tico, la p\u00e9rdida de biodiversidad y el deterioro ambiental, la educaci\u00f3n emerge como una de las herramientas m\u00e1s poderosas para generar un cambio real. Educar es sembrar conciencia, compromiso y acci\u00f3n. No puede haber desarrollo sostenible sin una [&hellip;]\" \/>\n<meta property=\"og:url\" content=\"https:\/\/www.comfenalcovalle.com.co\/articulos-revista-ma\/la-educacion-como-motor-de-la-sostenibilidad\/\" \/>\n<meta property=\"og:site_name\" content=\"Comfenalco Valle Delagente\" \/>\n<meta property=\"article:modified_time\" content=\"2025-07-15T20:28:24+00:00\" \/>\n<meta property=\"og:image\" content=\"https:\/\/www.comfenalcovalle.com.co\/wp-content\/uploads\/2024\/08\/FELICE-GRIMOLDI-REBOLLEDO-portada-scaled.webp\" \/>\n\t<meta property=\"og:image:width\" content=\"1280\" \/>\n\t<meta property=\"og:image:height\" content=\"720\" \/>\n\t<meta property=\"og:image:type\" content=\"image\/webp\" \/>\n<meta name=\"twitter:card\" content=\"summary_large_image\" \/>\n<meta name=\"twitter:label1\" content=\"Est. reading time\" \/>\n\t<meta name=\"twitter:data1\" content=\"2 minutes\" \/>\n<script type=\"application\/ld+json\" class=\"yoast-schema-graph\">{\"@context\":\"https:\/\/schema.org\",\"@graph\":[{\"@type\":\"WebPage\",\"@id\":\"https:\/\/www.comfenalcovalle.com.co\/articulos-revista-ma\/la-educacion-como-motor-de-la-sostenibilidad\/\",\"url\":\"https:\/\/www.comfenalcovalle.com.co\/articulos-revista-ma\/la-educacion-como-motor-de-la-sostenibilidad\/\",\"name\":\"La educaci\u00f3n como motor de la sostenibilidad - Comfenalco Valle Delagente\",\"isPartOf\":{\"@id\":\"https:\/\/www.comfenalcovalle.com.co\/#website\"},\"primaryImageOfPage\":{\"@id\":\"https:\/\/www.comfenalcovalle.com.co\/articulos-revista-ma\/la-educacion-como-motor-de-la-sostenibilidad\/#primaryimage\"},\"image\":{\"@id\":\"https:\/\/www.comfenalcovalle.com.co\/articulos-revista-ma\/la-educacion-como-motor-de-la-sostenibilidad\/#primaryimage\"},\"thumbnailUrl\":\"https:\/\/test.comfenalcovalle.com.co\/wp-content\/uploads\/2024\/08\/FELICE-GRIMOLDI-REBOLLEDO-portada-scaled.webp\",\"datePublished\":\"2025-07-15T13:00:00+00:00\",\"dateModified\":\"2025-07-15T20:28:24+00:00\",\"breadcrumb\":{\"@id\":\"https:\/\/www.comfenalcovalle.com.co\/articulos-revista-ma\/la-educacion-como-motor-de-la-sostenibilidad\/#breadcrumb\"},\"inLanguage\":\"en-US\",\"potentialAction\":[{\"@type\":\"ReadAction\",\"target\":[\"https:\/\/www.comfenalcovalle.com.co\/articulos-revista-ma\/la-educacion-como-motor-de-la-sostenibilidad\/\"]}]},{\"@type\":\"ImageObject\",\"inLanguage\":\"en-US\",\"@id\":\"https:\/\/www.comfenalcovalle.com.co\/articulos-revista-ma\/la-educacion-como-motor-de-la-sostenibilidad\/#primaryimage\",\"url\":\"https:\/\/test.comfenalcovalle.com.co\/wp-content\/uploads\/2024\/08\/FELICE-GRIMOLDI-REBOLLEDO-portada-scaled.webp\",\"contentUrl\":\"https:\/\/test.comfenalcovalle.com.co\/wp-content\/uploads\/2024\/08\/FELICE-GRIMOLDI-REBOLLEDO-portada-scaled.webp\",\"width\":1280,\"height\":720,\"caption\":\"FELICE GRIMOLDI REBOLLEDO\"},{\"@type\":\"BreadcrumbList\",\"@id\":\"https:\/\/www.comfenalcovalle.com.co\/articulos-revista-ma\/la-educacion-como-motor-de-la-sostenibilidad\/#breadcrumb\",\"itemListElement\":[{\"@type\":\"ListItem\",\"position\":1,\"name\":\"Portada\",\"item\":\"https:\/\/www.comfenalcovalle.com.co\/\"},{\"@type\":\"ListItem\",\"position\":2,\"name\":\"Art\u00edculos Revista Maestros\",\"item\":\"https:\/\/www.comfenalcovalle.com.co\/articulos-revista-ma\/\"},{\"@type\":\"ListItem\",\"position\":3,\"name\":\"La educaci\u00f3n como motor de la sostenibilidad\"}]},{\"@type\":\"WebSite\",\"@id\":\"https:\/\/www.comfenalcovalle.com.co\/#website\",\"url\":\"https:\/\/www.comfenalcovalle.com.co\/\",\"name\":\"Comfenalco Valle Delagente\",\"description\":\"Caja de compensaci\u00f3n de Comfenalco Valle Delagente.\",\"publisher\":{\"@id\":\"https:\/\/www.comfenalcovalle.com.co\/#organization\"},\"potentialAction\":[{\"@type\":\"SearchAction\",\"target\":{\"@type\":\"EntryPoint\",\"urlTemplate\":\"https:\/\/www.comfenalcovalle.com.co\/?s={search_term_string}\"},\"query-input\":{\"@type\":\"PropertyValueSpecification\",\"valueRequired\":true,\"valueName\":\"search_term_string\"}}],\"inLanguage\":\"en-US\"},{\"@type\":\"Organization\",\"@id\":\"https:\/\/www.comfenalcovalle.com.co\/#organization\",\"name\":\"Comfenalco Valle Delagente\",\"url\":\"https:\/\/www.comfenalcovalle.com.co\/\",\"logo\":{\"@type\":\"ImageObject\",\"inLanguage\":\"en-US\",\"@id\":\"https:\/\/www.comfenalcovalle.com.co\/#\/schema\/logo\/image\/\",\"url\":\"https:\/\/test.comfenalcovalle.com.co\/wp-content\/uploads\/2021\/06\/logo-comfe-cabecera-agencia-empelo-actualizado.png\",\"contentUrl\":\"https:\/\/test.comfenalcovalle.com.co\/wp-content\/uploads\/2021\/06\/logo-comfe-cabecera-agencia-empelo-actualizado.png\",\"width\":500,\"height\":184,\"caption\":\"Comfenalco Valle Delagente\"},\"image\":{\"@id\":\"https:\/\/www.comfenalcovalle.com.co\/#\/schema\/logo\/image\/\"}}]}<\/script>\n<!-- \/ Yoast SEO Premium plugin. -->","yoast_head_json":{"title":"La educaci\u00f3n como motor de la sostenibilidad - Comfenalco Valle Delagente","robots":{"index":"index","follow":"follow","max-snippet":"max-snippet:-1","max-image-preview":"max-image-preview:large","max-video-preview":"max-video-preview:-1"},"canonical":"https:\/\/www.comfenalcovalle.com.co\/articulos-revista-ma\/la-educacion-como-motor-de-la-sostenibilidad\/","og_locale":"en_US","og_type":"article","og_title":"La educaci\u00f3n como motor de la sostenibilidad","og_description":"FELICE GRIMOLDI REBOLLEDO Director General Frente a los desaf\u00edos urgentes que enfrenta el planeta como el cambio clim\u00e1tico, la p\u00e9rdida de biodiversidad y el deterioro ambiental, la educaci\u00f3n emerge como una de las herramientas m\u00e1s poderosas para generar un cambio real. Educar es sembrar conciencia, compromiso y acci\u00f3n. No puede haber desarrollo sostenible sin una [&hellip;]","og_url":"https:\/\/www.comfenalcovalle.com.co\/articulos-revista-ma\/la-educacion-como-motor-de-la-sostenibilidad\/","og_site_name":"Comfenalco Valle Delagente","article_modified_time":"2025-07-15T20:28:24+00:00","og_image":[{"width":1280,"height":720,"url":"https:\/\/www.comfenalcovalle.com.co\/wp-content\/uploads\/2024\/08\/FELICE-GRIMOLDI-REBOLLEDO-portada-scaled.webp","type":"image\/webp"}],"twitter_card":"summary_large_image","twitter_misc":{"Est. reading time":"2 minutes"},"schema":{"@context":"https:\/\/schema.org","@graph":[{"@type":"WebPage","@id":"https:\/\/www.comfenalcovalle.com.co\/articulos-revista-ma\/la-educacion-como-motor-de-la-sostenibilidad\/","url":"https:\/\/www.comfenalcovalle.com.co\/articulos-revista-ma\/la-educacion-como-motor-de-la-sostenibilidad\/","name":"La educaci\u00f3n como motor de la sostenibilidad - Comfenalco Valle Delagente","isPartOf":{"@id":"https:\/\/www.comfenalcovalle.com.co\/#website"},"primaryImageOfPage":{"@id":"https:\/\/www.comfenalcovalle.com.co\/articulos-revista-ma\/la-educacion-como-motor-de-la-sostenibilidad\/#primaryimage"},"image":{"@id":"https:\/\/www.comfenalcovalle.com.co\/articulos-revista-ma\/la-educacion-como-motor-de-la-sostenibilidad\/#primaryimage"},"thumbnailUrl":"https:\/\/test.comfenalcovalle.com.co\/wp-content\/uploads\/2024\/08\/FELICE-GRIMOLDI-REBOLLEDO-portada-scaled.webp","datePublished":"2025-07-15T13:00:00+00:00","dateModified":"2025-07-15T20:28:24+00:00","breadcrumb":{"@id":"https:\/\/www.comfenalcovalle.com.co\/articulos-revista-ma\/la-educacion-como-motor-de-la-sostenibilidad\/#breadcrumb"},"inLanguage":"en-US","potentialAction":[{"@type":"ReadAction","target":["https:\/\/www.comfenalcovalle.com.co\/articulos-revista-ma\/la-educacion-como-motor-de-la-sostenibilidad\/"]}]},{"@type":"ImageObject","inLanguage":"en-US","@id":"https:\/\/www.comfenalcovalle.com.co\/articulos-revista-ma\/la-educacion-como-motor-de-la-sostenibilidad\/#primaryimage","url":"https:\/\/test.comfenalcovalle.com.co\/wp-content\/uploads\/2024\/08\/FELICE-GRIMOLDI-REBOLLEDO-portada-scaled.webp","contentUrl":"https:\/\/test.comfenalcovalle.com.co\/wp-content\/uploads\/2024\/08\/FELICE-GRIMOLDI-REBOLLEDO-portada-scaled.webp","width":1280,"height":720,"caption":"FELICE GRIMOLDI REBOLLEDO"},{"@type":"BreadcrumbList","@id":"https:\/\/www.comfenalcovalle.com.co\/articulos-revista-ma\/la-educacion-como-motor-de-la-sostenibilidad\/#breadcrumb","itemListElement":[{"@type":"ListItem","position":1,"name":"Portada","item":"https:\/\/www.comfenalcovalle.com.co\/"},{"@type":"ListItem","position":2,"name":"Art\u00edculos Revista Maestros","item":"https:\/\/www.comfenalcovalle.com.co\/articulos-revista-ma\/"},{"@type":"ListItem","position":3,"name":"La educaci\u00f3n como motor de la sostenibilidad"}]},{"@type":"WebSite","@id":"https:\/\/www.comfenalcovalle.com.co\/#website","url":"https:\/\/www.comfenalcovalle.com.co\/","name":"Comfenalco Valle Delagente","description":"Comfenalco Valle Delagente compensation fund.","publisher":{"@id":"https:\/\/www.comfenalcovalle.com.co\/#organization"},"potentialAction":[{"@type":"SearchAction","target":{"@type":"EntryPoint","urlTemplate":"https:\/\/www.comfenalcovalle.com.co\/?s={search_term_string}"},"query-input":{"@type":"PropertyValueSpecification","valueRequired":true,"valueName":"search_term_string"}}],"inLanguage":"en-US"},{"@type":"Organization","@id":"https:\/\/www.comfenalcovalle.com.co\/#organization","name":"Comfenalco Valle Delagente","url":"https:\/\/www.comfenalcovalle.com.co\/","logo":{"@type":"ImageObject","inLanguage":"en-US","@id":"https:\/\/www.comfenalcovalle.com.co\/#\/schema\/logo\/image\/","url":"https:\/\/test.comfenalcovalle.com.co\/wp-content\/uploads\/2021\/06\/logo-comfe-cabecera-agencia-empelo-actualizado.png","contentUrl":"https:\/\/test.comfenalcovalle.com.co\/wp-content\/uploads\/2021\/06\/logo-comfe-cabecera-agencia-empelo-actualizado.png","width":500,"height":184,"caption":"Comfenalco Valle Delagente"},"image":{"@id":"https:\/\/www.comfenalcovalle.com.co\/#\/schema\/logo\/image\/"}}]}},"publishpress_future_workflow_manual_trigger":{"enabledWorkflows":[]},"_links":{"self":[{"href":"https:\/\/test.comfenalcovalle.com.co\/en\/wp-json\/wp\/v2\/articulos-revista-ma\/662618","targetHints":{"allow":["GET"]}}],"collection":[{"href":"https:\/\/test.comfenalcovalle.com.co\/en\/wp-json\/wp\/v2\/articulos-revista-ma"}],"about":[{"href":"https:\/\/test.comfenalcovalle.com.co\/en\/wp-json\/wp\/v2\/types\/articulos-revista-ma"}],"version-history":[{"count":0,"href":"https:\/\/test.comfenalcovalle.com.co\/en\/wp-json\/wp\/v2\/articulos-revista-ma\/662618\/revisions"}],"wp:featuredmedia":[{"embeddable":true,"href":"https:\/\/test.comfenalcovalle.com.co\/en\/wp-json\/wp\/v2\/media\/642711"}],"wp:attachment":[{"href":"https:\/\/test.comfenalcovalle.com.co\/en\/wp-json\/wp\/v2\/media?parent=662618"}],"wp:term":[{"taxonomy":"categorias-articulos-revista-ma","embeddable":true,"href":"https:\/\/test.comfenalcovalle.com.co\/en\/wp-json\/wp\/v2\/categorias-articulos-revista-ma?post=662618"}],"curies":[{"name":"wp","href":"https:\/\/api.w.org\/{rel}","templated":true}]}}