{"id":656283,"date":"2025-03-11T17:20:53","date_gmt":"2025-03-11T22:20:53","guid":{"rendered":"https:\/\/test.comfenalcovalle.com.co\/?post_type=articulos-revista-ma&#038;p=656283"},"modified":"2025-03-18T09:39:57","modified_gmt":"2025-03-18T14:39:57","slug":"la-institucion-educativa-simon-rodriguez-celebra-20-anos-de-su-programa-de-emprendimiento-sepime","status":"publish","type":"articulos-revista-ma","link":"https:\/\/test.comfenalcovalle.com.co\/en\/articulos-revista-ma\/la-institucion-educativa-simon-rodriguez-celebra-20-anos-de-su-programa-de-emprendimiento-sepime\/","title":{"rendered":"La Instituci\u00f3n Educativa Sim\u00f3n Rodr\u00edguez celebra 20 a\u00f1os de su programa de emprendimiento SEPIME"},"content":{"rendered":"<div data-elementor-type=\"wp-post\" data-elementor-id=\"656283\" class=\"elementor elementor-656283\" data-elementor-post-type=\"articulos-revista-ma\">\n\t\t\t\t<div class=\"elementor-element elementor-element-8da6eea e-flex e-con-boxed e-con e-parent\" data-id=\"8da6eea\" data-element_type=\"container\">\n\t\t\t\t\t<div class=\"e-con-inner\">\n\t\t<div class=\"elementor-element elementor-element-5dc13fd e-flex e-con-boxed e-con e-parent\" data-id=\"5dc13fd\" data-element_type=\"container\" data-settings=\"{&quot;background_background&quot;:&quot;classic&quot;}\">\n\t\t\t\t\t<div class=\"e-con-inner\">\n\t\t<div class=\"elementor-element elementor-element-8fa608b e-flex e-con-boxed e-con e-parent\" data-id=\"8fa608b\" data-element_type=\"container\">\n\t\t\t\t\t<div class=\"e-con-inner\">\n\t\t<div class=\"elementor-element elementor-element-bf6be0d e-flex e-con-boxed e-con e-parent\" data-id=\"bf6be0d\" data-element_type=\"container\">\n\t\t\t\t\t<div class=\"e-con-inner\">\n\t\t\t\t<div class=\"elementor-element elementor-element-1df6085 elementor-widget elementor-widget-image\" data-id=\"1df6085\" data-element_type=\"widget\" data-widget_type=\"image.default\">\n\t\t\t\t<div class=\"elementor-widget-container\">\n\t\t\t\t\t\t\t\t\t\t\t\t\t\t\t<img fetchpriority=\"high\" decoding=\"async\" width=\"1200\" height=\"675\" src=\"https:\/\/test.comfenalcovalle.com.co\/wp-content\/uploads\/2025\/03\/Institucion-Educativa-Simon-Rodriguez-3.webp\" class=\"attachment-full size-full wp-image-656374\" alt=\"Institucio\u0301n Educativa Simo\u0301n Rodri\u0301guez\" srcset=\"https:\/\/test.comfenalcovalle.com.co\/wp-content\/uploads\/2025\/03\/Institucion-Educativa-Simon-Rodriguez-3.webp 1200w, https:\/\/test.comfenalcovalle.com.co\/wp-content\/uploads\/2025\/03\/Institucion-Educativa-Simon-Rodriguez-3-300x169.webp 300w, https:\/\/test.comfenalcovalle.com.co\/wp-content\/uploads\/2025\/03\/Institucion-Educativa-Simon-Rodriguez-3-1024x576.webp 1024w, https:\/\/test.comfenalcovalle.com.co\/wp-content\/uploads\/2025\/03\/Institucion-Educativa-Simon-Rodriguez-3-768x432.webp 768w, https:\/\/test.comfenalcovalle.com.co\/wp-content\/uploads\/2025\/03\/Institucion-Educativa-Simon-Rodriguez-3-18x10.webp 18w\" sizes=\"(max-width: 1200px) 100vw, 1200px\" \/>\t\t\t\t\t\t\t\t\t\t\t\t\t\t\t<\/div>\n\t\t\t\t<\/div>\n\t\t\t\t\t<\/div>\n\t\t\t\t<\/div>\n\t\t<div class=\"elementor-element elementor-element-93cc8c6 e-flex e-con-boxed e-con e-parent\" data-id=\"93cc8c6\" data-element_type=\"container\">\n\t\t\t\t\t<div class=\"e-con-inner\">\n\t\t\t\t<div class=\"elementor-element elementor-element-0e851f0 elementor-widget elementor-widget-text-editor\" data-id=\"0e851f0\" data-element_type=\"widget\" data-widget_type=\"text-editor.default\">\n\t\t\t\t<div class=\"elementor-widget-container\">\n\t\t\t\t\t\t\t\t\t<p>Todos los grandes proyectos nacen de grandes sue\u00f1os. Y el programa SEPIME no es la excepci\u00f3n. Hoy, dos d\u00e9cadas despu\u00e9s, la <strong>Instituci\u00f3n Educativa Sim\u00f3n Rodr\u00edguez<\/strong> puede decir con orgullo que ha superado con creces la meta inicial que se propuso al dar vida a esta iniciativa.<\/p>\n<p><!-- \/wp:paragraph --><!-- wp:paragraph --><\/p>\n<p>En 2004, la instituci\u00f3n comenz\u00f3 a construir un sue\u00f1o que, hasta la fecha, ha transformado la vida de cientos de ni\u00f1os, ni\u00f1as y j\u00f3venes. Ese sue\u00f1o se materializ\u00f3 en un proyecto institucional llamado <strong>SEPIME<\/strong>.<\/p>\n<p><!-- \/wp:paragraph --><!-- wp:paragraph --><\/p>\t\t\t\t\t\t\t\t<\/div>\n\t\t\t\t<\/div>\n\t\t\t\t\t<\/div>\n\t\t\t\t<\/div>\n\t\t\t\t\t<\/div>\n\t\t\t\t<\/div>\n\t\t<div class=\"elementor-element elementor-element-c8f366a e-flex e-con-boxed e-con e-parent\" data-id=\"c8f366a\" data-element_type=\"container\">\n\t\t\t\t\t<div class=\"e-con-inner\">\n\t\t<div class=\"elementor-element elementor-element-2ddbf9d e-flex e-con-boxed e-con e-parent\" data-id=\"2ddbf9d\" data-element_type=\"container\">\n\t\t\t\t\t<div class=\"e-con-inner\">\n\t\t\t\t<div class=\"elementor-element elementor-element-e1de320 elementor-widget elementor-widget-text-editor\" data-id=\"e1de320\" data-element_type=\"widget\" data-widget_type=\"text-editor.default\">\n\t\t\t\t<div class=\"elementor-widget-container\">\n\t\t\t\t\t\t\t\t\t<p>\u201c<strong>SEPIME es una iniciativa que fomenta en los j\u00f3venes Simonianos y en quienes se vinculan al programa un esp\u00edritu emprendedor e innovador, una mentalidad creativa para la construcci\u00f3n de proyectos de vida, proporcion\u00e1ndoles herramientas \u00fatiles para su d\u00eda a d\u00eda y ayud\u00e1ndolos a imaginar un futuro con mejores oportunidades<\/strong>\u201d, explica Mar\u00eda Lilian Casta\u00f1o de Abad\u00eda, directora del proyecto.<\/p>\n<p>M\u00e1s que un programa, <strong>SEPIME es una estrategia de formaci\u00f3n que impulsa nuevas ideas, fomenta actitudes positivas hacia el emprendimiento y refuerza valores fundamentales en los estudiantes<\/strong>. Su objetivo es claro: ayudarles a construir proyectos de vida s\u00f3lidos y replicarlos en la sociedad.<\/p>\t\t\t\t\t\t\t\t<\/div>\n\t\t\t\t<\/div>\n\t\t\t\t\t<\/div>\n\t\t\t\t<\/div>\n\t\t<div class=\"elementor-element elementor-element-d321ee3 e-flex e-con-boxed e-con e-parent\" data-id=\"d321ee3\" data-element_type=\"container\">\n\t\t\t\t\t<div class=\"e-con-inner\">\n\t\t\t\t<div class=\"elementor-element elementor-element-e6ed7ba elementor-widget elementor-widget-image\" data-id=\"e6ed7ba\" data-element_type=\"widget\" data-widget_type=\"image.default\">\n\t\t\t\t<div class=\"elementor-widget-container\">\n\t\t\t\t\t\t\t\t\t\t\t\t\t\t\t<img decoding=\"async\" width=\"1200\" height=\"675\" data-src=\"https:\/\/test.comfenalcovalle.com.co\/wp-content\/uploads\/2025\/03\/Institucion-Educativa-Simon-Rodriguez-1.webp\" class=\"attachment-full size-full wp-image-656372 lazyload\" alt=\"Institucio\u0301n Educativa Simo\u0301n Rodri\u0301guez\" data-srcset=\"https:\/\/test.comfenalcovalle.com.co\/wp-content\/uploads\/2025\/03\/Institucion-Educativa-Simon-Rodriguez-1.webp 1200w, https:\/\/test.comfenalcovalle.com.co\/wp-content\/uploads\/2025\/03\/Institucion-Educativa-Simon-Rodriguez-1-300x169.webp 300w, https:\/\/test.comfenalcovalle.com.co\/wp-content\/uploads\/2025\/03\/Institucion-Educativa-Simon-Rodriguez-1-1024x576.webp 1024w, https:\/\/test.comfenalcovalle.com.co\/wp-content\/uploads\/2025\/03\/Institucion-Educativa-Simon-Rodriguez-1-768x432.webp 768w, https:\/\/test.comfenalcovalle.com.co\/wp-content\/uploads\/2025\/03\/Institucion-Educativa-Simon-Rodriguez-1-18x10.webp 18w\" data-sizes=\"(max-width: 1200px) 100vw, 1200px\" src=\"data:image\/svg+xml;base64,PHN2ZyB3aWR0aD0iMSIgaGVpZ2h0PSIxIiB4bWxucz0iaHR0cDovL3d3dy53My5vcmcvMjAwMC9zdmciPjwvc3ZnPg==\" style=\"--smush-placeholder-width: 1200px; --smush-placeholder-aspect-ratio: 1200\/675;\" \/>\t\t\t\t\t\t\t\t\t\t\t\t\t\t\t<\/div>\n\t\t\t\t<\/div>\n\t\t\t\t\t<\/div>\n\t\t\t\t<\/div>\n\t\t\t\t\t<\/div>\n\t\t\t\t<\/div>\n\t\t<div class=\"elementor-element elementor-element-9edccf5 e-flex e-con-boxed e-con e-parent\" data-id=\"9edccf5\" data-element_type=\"container\">\n\t\t\t\t\t<div class=\"e-con-inner\">\n\t\t<div class=\"elementor-element elementor-element-a6b09fb e-flex e-con-boxed e-con e-parent\" data-id=\"a6b09fb\" data-element_type=\"container\">\n\t\t\t\t\t<div class=\"e-con-inner\">\n\t\t\t\t<div class=\"elementor-element elementor-element-9d14f54 elementor-widget elementor-widget-image\" data-id=\"9d14f54\" data-element_type=\"widget\" data-widget_type=\"image.default\">\n\t\t\t\t<div class=\"elementor-widget-container\">\n\t\t\t\t\t\t\t\t\t\t\t\t\t\t\t<img decoding=\"async\" width=\"1200\" height=\"675\" data-src=\"https:\/\/test.comfenalcovalle.com.co\/wp-content\/uploads\/2025\/03\/Institucion-Educativa-Simon-Rodriguez-2.webp\" class=\"attachment-full size-full wp-image-656373 lazyload\" alt=\"Institucio\u0301n Educativa Simo\u0301n Rodri\u0301guez\" data-srcset=\"https:\/\/test.comfenalcovalle.com.co\/wp-content\/uploads\/2025\/03\/Institucion-Educativa-Simon-Rodriguez-2.webp 1200w, https:\/\/test.comfenalcovalle.com.co\/wp-content\/uploads\/2025\/03\/Institucion-Educativa-Simon-Rodriguez-2-300x169.webp 300w, https:\/\/test.comfenalcovalle.com.co\/wp-content\/uploads\/2025\/03\/Institucion-Educativa-Simon-Rodriguez-2-1024x576.webp 1024w, https:\/\/test.comfenalcovalle.com.co\/wp-content\/uploads\/2025\/03\/Institucion-Educativa-Simon-Rodriguez-2-768x432.webp 768w, https:\/\/test.comfenalcovalle.com.co\/wp-content\/uploads\/2025\/03\/Institucion-Educativa-Simon-Rodriguez-2-18x10.webp 18w\" data-sizes=\"(max-width: 1200px) 100vw, 1200px\" src=\"data:image\/svg+xml;base64,PHN2ZyB3aWR0aD0iMSIgaGVpZ2h0PSIxIiB4bWxucz0iaHR0cDovL3d3dy53My5vcmcvMjAwMC9zdmciPjwvc3ZnPg==\" style=\"--smush-placeholder-width: 1200px; --smush-placeholder-aspect-ratio: 1200\/675;\" \/>\t\t\t\t\t\t\t\t\t\t\t\t\t\t\t<\/div>\n\t\t\t\t<\/div>\n\t\t\t\t\t<\/div>\n\t\t\t\t<\/div>\n\t\t<div class=\"elementor-element elementor-element-dee707c e-flex e-con-boxed e-con e-parent\" data-id=\"dee707c\" data-element_type=\"container\">\n\t\t\t\t\t<div class=\"e-con-inner\">\n\t\t\t\t<div class=\"elementor-element elementor-element-e79fa94 elementor-widget elementor-widget-text-editor\" data-id=\"e79fa94\" data-element_type=\"widget\" data-widget_type=\"text-editor.default\">\n\t\t\t\t<div class=\"elementor-widget-container\">\n\t\t\t\t\t\t\t\t\t<p>Seg\u00fan Mar\u00eda Lilian, esta propuesta pedag\u00f3gica se fundamenta en el pensamiento y la filosof\u00eda del maestro Sim\u00f3n Rodr\u00edguez. \u201c<strong>Est\u00e1 basada en la firme creencia de la igualdad de todos los seres humanos a trav\u00e9s del trabajo productivo, la libertad y la democracia, principios que tambi\u00e9n fueron clave en la formaci\u00f3n del esp\u00edritu emancipador de Sim\u00f3n Bol\u00edvar<\/strong>\u201d.<\/p>\n<p><!-- \/wp:paragraph --><!-- wp:paragraph --><\/p>\n<p>El programa comienza desde preescolar, donde se trabajan los principios de SEPIME, y se desarrolla a lo largo de la educaci\u00f3n secundaria. Desde sexto grado, <strong>se motiva a los estudiantes a pensar como emprendedores<\/strong>, brind\u00e1ndoles bases para que, en los grados d\u00e9cimo y und\u00e9cimo, <strong>puedan crear y desarrollar su propia empresa innovadora<\/strong>.<\/p>\t\t\t\t\t\t\t\t<\/div>\n\t\t\t\t<\/div>\n\t\t\t\t\t<\/div>\n\t\t\t\t<\/div>\n\t\t\t\t\t<\/div>\n\t\t\t\t<\/div>\n\t\t<div class=\"elementor-element elementor-element-3560cc1 e-flex e-con-boxed e-con e-parent\" data-id=\"3560cc1\" data-element_type=\"container\">\n\t\t\t\t\t<div class=\"e-con-inner\">\n\t\t<div class=\"elementor-element elementor-element-4835d93 e-flex e-con-boxed e-con e-parent\" data-id=\"4835d93\" data-element_type=\"container\">\n\t\t\t\t\t<div class=\"e-con-inner\">\n\t\t\t\t<div class=\"elementor-element elementor-element-07161ef elementor-widget elementor-widget-text-editor\" data-id=\"07161ef\" data-element_type=\"widget\" data-widget_type=\"text-editor.default\">\n\t\t\t\t<div class=\"elementor-widget-container\">\n\t\t\t\t\t\t\t\t\t<p><!-- wp:paragraph --><!-- \/wp:paragraph --><!-- wp:paragraph --><!-- \/wp:paragraph --><!-- wp:paragraph --><!-- \/wp:paragraph --><!-- wp:paragraph --><\/p>\n<p>Como parte de esta iniciativa, los estudiantes tambi\u00e9n participan en la redacci\u00f3n de los art\u00edculos de la revista SEPIME, <strong>una publicaci\u00f3n que recoge experiencias, aprendizajes y casos de \u00e9xito del programa<\/strong>. Esta revista no solo fortalece sus habilidades de escritura y comunicaci\u00f3n, sino que tambi\u00e9n les <strong>permite expresar sus ideas, compartir conocimientos y dejar un legado dentro de la instituci\u00f3n<\/strong>.<\/p>\n<p><!-- \/wp:paragraph --><!-- wp:paragraph --><\/p>\n<p>Este es, sin duda, un claro ejemplo de c\u00f3mo la academia puede ofrecer herramientas reales para la construcci\u00f3n de futuros profesionales y personales. \u201c<strong>Buscamos que los estudiantes desarrollen un perfil ocupacional que se refleje en sus competencias en el ser, hacer y saber. Adem\u00e1s, el programa integra habilidades laborales clave, tanto generales como espec\u00edficas, entre ellas competencias intelectuales, personales, interpersonales, organizacionales, tecnol\u00f3gicas y empresariales<\/strong>\u201d, concluye Mar\u00eda Lilian.<\/p>\n<p><!-- \/wp:paragraph --><\/p>\t\t\t\t\t\t\t\t<\/div>\n\t\t\t\t<\/div>\n\t\t\t\t\t<\/div>\n\t\t\t\t<\/div>\n\t\t\t\t\t<\/div>\n\t\t\t\t<\/div>\n\t\t\t\t\t<\/div>\n\t\t\t\t<\/div>\n\t\t\t\t\t<\/div>\n\t\t\t\t<\/div>\n\t\t\t\t<\/div>","protected":false},"featured_media":656374,"parent":0,"template":"","categorias-articulos-revista-ma":[934],"class_list":["post-656283","articulos-revista-ma","type-articulos-revista-ma","status-publish","has-post-thumbnail","hentry","categorias-articulos-revista-ma-innovacion"],"yoast_head":"<!-- This site is optimized with the Yoast SEO Premium plugin v25.9 (Yoast SEO v25.9) - https:\/\/yoast.com\/wordpress\/plugins\/seo\/ -->\n<title>La Instituci\u00f3n Educativa Sim\u00f3n Rodr\u00edguez celebra 20 a\u00f1os de su programa de emprendimiento SEPIME - Comfenalco Valle Delagente<\/title>\n<meta name=\"robots\" content=\"index, follow, max-snippet:-1, max-image-preview:large, max-video-preview:-1\" \/>\n<link rel=\"canonical\" href=\"https:\/\/www.comfenalcovalle.com.co\/articulos-revista-ma\/la-institucion-educativa-simon-rodriguez-celebra-20-anos-de-su-programa-de-emprendimiento-sepime\/\" \/>\n<meta property=\"og:locale\" content=\"en_US\" \/>\n<meta property=\"og:type\" content=\"article\" \/>\n<meta property=\"og:title\" content=\"La Instituci\u00f3n Educativa Sim\u00f3n Rodr\u00edguez celebra 20 a\u00f1os de su programa de emprendimiento SEPIME\" \/>\n<meta property=\"og:description\" content=\"Todos los grandes proyectos nacen de grandes sue\u00f1os. Y el programa SEPIME no es la excepci\u00f3n. Hoy, dos d\u00e9cadas despu\u00e9s, la Instituci\u00f3n Educativa Sim\u00f3n Rodr\u00edguez puede decir con orgullo que ha superado con creces la meta inicial que se propuso al dar vida a esta iniciativa. En 2004, la instituci\u00f3n comenz\u00f3 a construir un sue\u00f1o [&hellip;]\" \/>\n<meta property=\"og:url\" content=\"https:\/\/www.comfenalcovalle.com.co\/articulos-revista-ma\/la-institucion-educativa-simon-rodriguez-celebra-20-anos-de-su-programa-de-emprendimiento-sepime\/\" \/>\n<meta property=\"og:site_name\" content=\"Comfenalco Valle Delagente\" \/>\n<meta property=\"article:modified_time\" content=\"2025-03-18T14:39:57+00:00\" \/>\n<meta property=\"og:image\" content=\"https:\/\/www.comfenalcovalle.com.co\/wp-content\/uploads\/2025\/03\/Institucion-Educativa-Simon-Rodriguez-3.webp\" \/>\n\t<meta property=\"og:image:width\" content=\"1200\" \/>\n\t<meta property=\"og:image:height\" content=\"675\" \/>\n\t<meta property=\"og:image:type\" content=\"image\/webp\" \/>\n<meta name=\"twitter:card\" content=\"summary_large_image\" \/>\n<meta name=\"twitter:label1\" content=\"Est. reading time\" \/>\n\t<meta name=\"twitter:data1\" content=\"2 minutes\" \/>\n<script type=\"application\/ld+json\" class=\"yoast-schema-graph\">{\"@context\":\"https:\/\/schema.org\",\"@graph\":[{\"@type\":\"WebPage\",\"@id\":\"https:\/\/www.comfenalcovalle.com.co\/articulos-revista-ma\/la-institucion-educativa-simon-rodriguez-celebra-20-anos-de-su-programa-de-emprendimiento-sepime\/\",\"url\":\"https:\/\/www.comfenalcovalle.com.co\/articulos-revista-ma\/la-institucion-educativa-simon-rodriguez-celebra-20-anos-de-su-programa-de-emprendimiento-sepime\/\",\"name\":\"La Instituci\u00f3n Educativa Sim\u00f3n Rodr\u00edguez celebra 20 a\u00f1os de su programa de emprendimiento SEPIME - Comfenalco Valle Delagente\",\"isPartOf\":{\"@id\":\"https:\/\/www.comfenalcovalle.com.co\/#website\"},\"primaryImageOfPage\":{\"@id\":\"https:\/\/www.comfenalcovalle.com.co\/articulos-revista-ma\/la-institucion-educativa-simon-rodriguez-celebra-20-anos-de-su-programa-de-emprendimiento-sepime\/#primaryimage\"},\"image\":{\"@id\":\"https:\/\/www.comfenalcovalle.com.co\/articulos-revista-ma\/la-institucion-educativa-simon-rodriguez-celebra-20-anos-de-su-programa-de-emprendimiento-sepime\/#primaryimage\"},\"thumbnailUrl\":\"https:\/\/test.comfenalcovalle.com.co\/wp-content\/uploads\/2025\/03\/Institucion-Educativa-Simon-Rodriguez-3.webp\",\"datePublished\":\"2025-03-11T22:20:53+00:00\",\"dateModified\":\"2025-03-18T14:39:57+00:00\",\"breadcrumb\":{\"@id\":\"https:\/\/www.comfenalcovalle.com.co\/articulos-revista-ma\/la-institucion-educativa-simon-rodriguez-celebra-20-anos-de-su-programa-de-emprendimiento-sepime\/#breadcrumb\"},\"inLanguage\":\"en-US\",\"potentialAction\":[{\"@type\":\"ReadAction\",\"target\":[\"https:\/\/www.comfenalcovalle.com.co\/articulos-revista-ma\/la-institucion-educativa-simon-rodriguez-celebra-20-anos-de-su-programa-de-emprendimiento-sepime\/\"]}]},{\"@type\":\"ImageObject\",\"inLanguage\":\"en-US\",\"@id\":\"https:\/\/www.comfenalcovalle.com.co\/articulos-revista-ma\/la-institucion-educativa-simon-rodriguez-celebra-20-anos-de-su-programa-de-emprendimiento-sepime\/#primaryimage\",\"url\":\"https:\/\/test.comfenalcovalle.com.co\/wp-content\/uploads\/2025\/03\/Institucion-Educativa-Simon-Rodriguez-3.webp\",\"contentUrl\":\"https:\/\/test.comfenalcovalle.com.co\/wp-content\/uploads\/2025\/03\/Institucion-Educativa-Simon-Rodriguez-3.webp\",\"width\":1200,\"height\":675,\"caption\":\"Institucio\u0301n Educativa Simo\u0301n Rodri\u0301guez\"},{\"@type\":\"BreadcrumbList\",\"@id\":\"https:\/\/www.comfenalcovalle.com.co\/articulos-revista-ma\/la-institucion-educativa-simon-rodriguez-celebra-20-anos-de-su-programa-de-emprendimiento-sepime\/#breadcrumb\",\"itemListElement\":[{\"@type\":\"ListItem\",\"position\":1,\"name\":\"Portada\",\"item\":\"https:\/\/www.comfenalcovalle.com.co\/\"},{\"@type\":\"ListItem\",\"position\":2,\"name\":\"Art\u00edculos Revista Maestros\",\"item\":\"https:\/\/www.comfenalcovalle.com.co\/articulos-revista-ma\/\"},{\"@type\":\"ListItem\",\"position\":3,\"name\":\"La Instituci\u00f3n Educativa Sim\u00f3n Rodr\u00edguez celebra 20 a\u00f1os de su programa de emprendimiento SEPIME\"}]},{\"@type\":\"WebSite\",\"@id\":\"https:\/\/www.comfenalcovalle.com.co\/#website\",\"url\":\"https:\/\/www.comfenalcovalle.com.co\/\",\"name\":\"Comfenalco Valle Delagente\",\"description\":\"Caja de compensaci\u00f3n de Comfenalco Valle Delagente.\",\"publisher\":{\"@id\":\"https:\/\/www.comfenalcovalle.com.co\/#organization\"},\"potentialAction\":[{\"@type\":\"SearchAction\",\"target\":{\"@type\":\"EntryPoint\",\"urlTemplate\":\"https:\/\/www.comfenalcovalle.com.co\/?s={search_term_string}\"},\"query-input\":{\"@type\":\"PropertyValueSpecification\",\"valueRequired\":true,\"valueName\":\"search_term_string\"}}],\"inLanguage\":\"en-US\"},{\"@type\":\"Organization\",\"@id\":\"https:\/\/www.comfenalcovalle.com.co\/#organization\",\"name\":\"Comfenalco Valle Delagente\",\"url\":\"https:\/\/www.comfenalcovalle.com.co\/\",\"logo\":{\"@type\":\"ImageObject\",\"inLanguage\":\"en-US\",\"@id\":\"https:\/\/www.comfenalcovalle.com.co\/#\/schema\/logo\/image\/\",\"url\":\"https:\/\/test.comfenalcovalle.com.co\/wp-content\/uploads\/2021\/06\/logo-comfe-cabecera-agencia-empelo-actualizado.png\",\"contentUrl\":\"https:\/\/test.comfenalcovalle.com.co\/wp-content\/uploads\/2021\/06\/logo-comfe-cabecera-agencia-empelo-actualizado.png\",\"width\":500,\"height\":184,\"caption\":\"Comfenalco Valle Delagente\"},\"image\":{\"@id\":\"https:\/\/www.comfenalcovalle.com.co\/#\/schema\/logo\/image\/\"}}]}<\/script>\n<!-- \/ Yoast SEO Premium plugin. -->","yoast_head_json":{"title":"La Instituci\u00f3n Educativa Sim\u00f3n Rodr\u00edguez celebra 20 a\u00f1os de su programa de emprendimiento SEPIME - Comfenalco Valle Delagente","robots":{"index":"index","follow":"follow","max-snippet":"max-snippet:-1","max-image-preview":"max-image-preview:large","max-video-preview":"max-video-preview:-1"},"canonical":"https:\/\/www.comfenalcovalle.com.co\/articulos-revista-ma\/la-institucion-educativa-simon-rodriguez-celebra-20-anos-de-su-programa-de-emprendimiento-sepime\/","og_locale":"en_US","og_type":"article","og_title":"La Instituci\u00f3n Educativa Sim\u00f3n Rodr\u00edguez celebra 20 a\u00f1os de su programa de emprendimiento SEPIME","og_description":"Todos los grandes proyectos nacen de grandes sue\u00f1os. Y el programa SEPIME no es la excepci\u00f3n. Hoy, dos d\u00e9cadas despu\u00e9s, la Instituci\u00f3n Educativa Sim\u00f3n Rodr\u00edguez puede decir con orgullo que ha superado con creces la meta inicial que se propuso al dar vida a esta iniciativa. En 2004, la instituci\u00f3n comenz\u00f3 a construir un sue\u00f1o [&hellip;]","og_url":"https:\/\/www.comfenalcovalle.com.co\/articulos-revista-ma\/la-institucion-educativa-simon-rodriguez-celebra-20-anos-de-su-programa-de-emprendimiento-sepime\/","og_site_name":"Comfenalco Valle Delagente","article_modified_time":"2025-03-18T14:39:57+00:00","og_image":[{"width":1200,"height":675,"url":"https:\/\/www.comfenalcovalle.com.co\/wp-content\/uploads\/2025\/03\/Institucion-Educativa-Simon-Rodriguez-3.webp","type":"image\/webp"}],"twitter_card":"summary_large_image","twitter_misc":{"Est. reading time":"2 minutes"},"schema":{"@context":"https:\/\/schema.org","@graph":[{"@type":"WebPage","@id":"https:\/\/www.comfenalcovalle.com.co\/articulos-revista-ma\/la-institucion-educativa-simon-rodriguez-celebra-20-anos-de-su-programa-de-emprendimiento-sepime\/","url":"https:\/\/www.comfenalcovalle.com.co\/articulos-revista-ma\/la-institucion-educativa-simon-rodriguez-celebra-20-anos-de-su-programa-de-emprendimiento-sepime\/","name":"La Instituci\u00f3n Educativa Sim\u00f3n Rodr\u00edguez celebra 20 a\u00f1os de su programa de emprendimiento SEPIME - Comfenalco Valle Delagente","isPartOf":{"@id":"https:\/\/www.comfenalcovalle.com.co\/#website"},"primaryImageOfPage":{"@id":"https:\/\/www.comfenalcovalle.com.co\/articulos-revista-ma\/la-institucion-educativa-simon-rodriguez-celebra-20-anos-de-su-programa-de-emprendimiento-sepime\/#primaryimage"},"image":{"@id":"https:\/\/www.comfenalcovalle.com.co\/articulos-revista-ma\/la-institucion-educativa-simon-rodriguez-celebra-20-anos-de-su-programa-de-emprendimiento-sepime\/#primaryimage"},"thumbnailUrl":"https:\/\/test.comfenalcovalle.com.co\/wp-content\/uploads\/2025\/03\/Institucion-Educativa-Simon-Rodriguez-3.webp","datePublished":"2025-03-11T22:20:53+00:00","dateModified":"2025-03-18T14:39:57+00:00","breadcrumb":{"@id":"https:\/\/www.comfenalcovalle.com.co\/articulos-revista-ma\/la-institucion-educativa-simon-rodriguez-celebra-20-anos-de-su-programa-de-emprendimiento-sepime\/#breadcrumb"},"inLanguage":"en-US","potentialAction":[{"@type":"ReadAction","target":["https:\/\/www.comfenalcovalle.com.co\/articulos-revista-ma\/la-institucion-educativa-simon-rodriguez-celebra-20-anos-de-su-programa-de-emprendimiento-sepime\/"]}]},{"@type":"ImageObject","inLanguage":"en-US","@id":"https:\/\/www.comfenalcovalle.com.co\/articulos-revista-ma\/la-institucion-educativa-simon-rodriguez-celebra-20-anos-de-su-programa-de-emprendimiento-sepime\/#primaryimage","url":"https:\/\/test.comfenalcovalle.com.co\/wp-content\/uploads\/2025\/03\/Institucion-Educativa-Simon-Rodriguez-3.webp","contentUrl":"https:\/\/test.comfenalcovalle.com.co\/wp-content\/uploads\/2025\/03\/Institucion-Educativa-Simon-Rodriguez-3.webp","width":1200,"height":675,"caption":"Institucio\u0301n Educativa Simo\u0301n Rodri\u0301guez"},{"@type":"BreadcrumbList","@id":"https:\/\/www.comfenalcovalle.com.co\/articulos-revista-ma\/la-institucion-educativa-simon-rodriguez-celebra-20-anos-de-su-programa-de-emprendimiento-sepime\/#breadcrumb","itemListElement":[{"@type":"ListItem","position":1,"name":"Portada","item":"https:\/\/www.comfenalcovalle.com.co\/"},{"@type":"ListItem","position":2,"name":"Art\u00edculos Revista Maestros","item":"https:\/\/www.comfenalcovalle.com.co\/articulos-revista-ma\/"},{"@type":"ListItem","position":3,"name":"La Instituci\u00f3n Educativa Sim\u00f3n Rodr\u00edguez celebra 20 a\u00f1os de su programa de emprendimiento SEPIME"}]},{"@type":"WebSite","@id":"https:\/\/www.comfenalcovalle.com.co\/#website","url":"https:\/\/www.comfenalcovalle.com.co\/","name":"Comfenalco Valle Delagente","description":"Comfenalco Valle Delagente compensation fund.","publisher":{"@id":"https:\/\/www.comfenalcovalle.com.co\/#organization"},"potentialAction":[{"@type":"SearchAction","target":{"@type":"EntryPoint","urlTemplate":"https:\/\/www.comfenalcovalle.com.co\/?s={search_term_string}"},"query-input":{"@type":"PropertyValueSpecification","valueRequired":true,"valueName":"search_term_string"}}],"inLanguage":"en-US"},{"@type":"Organization","@id":"https:\/\/www.comfenalcovalle.com.co\/#organization","name":"Comfenalco Valle Delagente","url":"https:\/\/www.comfenalcovalle.com.co\/","logo":{"@type":"ImageObject","inLanguage":"en-US","@id":"https:\/\/www.comfenalcovalle.com.co\/#\/schema\/logo\/image\/","url":"https:\/\/test.comfenalcovalle.com.co\/wp-content\/uploads\/2021\/06\/logo-comfe-cabecera-agencia-empelo-actualizado.png","contentUrl":"https:\/\/test.comfenalcovalle.com.co\/wp-content\/uploads\/2021\/06\/logo-comfe-cabecera-agencia-empelo-actualizado.png","width":500,"height":184,"caption":"Comfenalco Valle Delagente"},"image":{"@id":"https:\/\/www.comfenalcovalle.com.co\/#\/schema\/logo\/image\/"}}]}},"publishpress_future_workflow_manual_trigger":{"enabledWorkflows":[]},"_links":{"self":[{"href":"https:\/\/test.comfenalcovalle.com.co\/en\/wp-json\/wp\/v2\/articulos-revista-ma\/656283","targetHints":{"allow":["GET"]}}],"collection":[{"href":"https:\/\/test.comfenalcovalle.com.co\/en\/wp-json\/wp\/v2\/articulos-revista-ma"}],"about":[{"href":"https:\/\/test.comfenalcovalle.com.co\/en\/wp-json\/wp\/v2\/types\/articulos-revista-ma"}],"version-history":[{"count":0,"href":"https:\/\/test.comfenalcovalle.com.co\/en\/wp-json\/wp\/v2\/articulos-revista-ma\/656283\/revisions"}],"wp:featuredmedia":[{"embeddable":true,"href":"https:\/\/test.comfenalcovalle.com.co\/en\/wp-json\/wp\/v2\/media\/656374"}],"wp:attachment":[{"href":"https:\/\/test.comfenalcovalle.com.co\/en\/wp-json\/wp\/v2\/media?parent=656283"}],"wp:term":[{"taxonomy":"categorias-articulos-revista-ma","embeddable":true,"href":"https:\/\/test.comfenalcovalle.com.co\/en\/wp-json\/wp\/v2\/categorias-articulos-revista-ma?post=656283"}],"curies":[{"name":"wp","href":"https:\/\/api.w.org\/{rel}","templated":true}]}}