{"id":651727,"date":"2024-12-19T17:36:06","date_gmt":"2024-12-19T22:36:06","guid":{"rendered":"https:\/\/test.comfenalcovalle.com.co\/?post_type=articulos-revista-ma&#038;p=651727"},"modified":"2024-12-23T16:42:46","modified_gmt":"2024-12-23T21:42:46","slug":"las-maquinas-de-coser-en-la-institucion-educativa-antonio-lizarazo","status":"publish","type":"articulos-revista-ma","link":"https:\/\/test.comfenalcovalle.com.co\/en\/articulos-revista-ma\/las-maquinas-de-coser-en-la-institucion-educativa-antonio-lizarazo\/","title":{"rendered":"Las m\u00e1quinas de coser en la Instituci\u00f3n Educativa Antonio Lizarazo"},"content":{"rendered":"<div data-elementor-type=\"wp-post\" data-elementor-id=\"651727\" class=\"elementor elementor-651727\" data-elementor-post-type=\"articulos-revista-ma\">\n\t\t\t\t<div class=\"elementor-element elementor-element-ceca8cc e-flex e-con-boxed e-con e-parent\" data-id=\"ceca8cc\" data-element_type=\"container\">\n\t\t\t\t\t<div class=\"e-con-inner\">\n\t\t<div class=\"elementor-element elementor-element-0a8e31c e-flex e-con-boxed e-con e-parent\" data-id=\"0a8e31c\" data-element_type=\"container\">\n\t\t\t\t\t<div class=\"e-con-inner\">\n\t\t\t\t<div class=\"elementor-element elementor-element-e8491a5 elementor-widget elementor-widget-heading\" data-id=\"e8491a5\" data-element_type=\"widget\" data-widget_type=\"heading.default\">\n\t\t\t\t<div class=\"elementor-widget-container\">\n\t\t\t\t\t<h2 class=\"elementor-heading-title elementor-size-default\">Representan oportunidades de emprendimiento y cuidado del medioambiente\n<\/h2>\t\t\t\t<\/div>\n\t\t\t\t<\/div>\n\t\t\t\t\t<\/div>\n\t\t\t\t<\/div>\n\t\t<div class=\"elementor-element elementor-element-b99ef2b e-flex e-con-boxed e-con e-parent\" data-id=\"b99ef2b\" data-element_type=\"container\" data-settings=\"{&quot;background_background&quot;:&quot;classic&quot;}\">\n\t\t\t\t\t<div class=\"e-con-inner\">\n\t\t<div class=\"elementor-element elementor-element-8ff179b e-flex e-con-boxed e-con e-parent\" data-id=\"8ff179b\" data-element_type=\"container\">\n\t\t\t\t\t<div class=\"e-con-inner\">\n\t\t<div class=\"elementor-element elementor-element-8d94297 e-flex e-con-boxed e-con e-parent\" data-id=\"8d94297\" data-element_type=\"container\">\n\t\t\t\t\t<div class=\"e-con-inner\">\n\t\t\t\t<div class=\"elementor-element elementor-element-49f2a29 elementor-widget elementor-widget-image\" data-id=\"49f2a29\" data-element_type=\"widget\" data-widget_type=\"image.default\">\n\t\t\t\t<div class=\"elementor-widget-container\">\n\t\t\t\t\t\t\t\t\t\t\t\t\t\t\t<img fetchpriority=\"high\" decoding=\"async\" width=\"720\" height=\"720\" src=\"https:\/\/test.comfenalcovalle.com.co\/wp-content\/uploads\/2024\/12\/Las-maquinas-de-coser-en-la-Institucion-Educativa-Antonio-Lizarazo-1.jpg\" class=\"attachment-full size-full wp-image-651729\" alt=\"Las m\u00e1quinas de coser en la Instituci\u00f3n Educativa Antonio Lizarazo\" srcset=\"https:\/\/test.comfenalcovalle.com.co\/wp-content\/uploads\/2024\/12\/Las-maquinas-de-coser-en-la-Institucion-Educativa-Antonio-Lizarazo-1.jpg 720w, https:\/\/test.comfenalcovalle.com.co\/wp-content\/uploads\/2024\/12\/Las-maquinas-de-coser-en-la-Institucion-Educativa-Antonio-Lizarazo-1-300x300.jpg 300w, https:\/\/test.comfenalcovalle.com.co\/wp-content\/uploads\/2024\/12\/Las-maquinas-de-coser-en-la-Institucion-Educativa-Antonio-Lizarazo-1-150x150.jpg 150w, https:\/\/test.comfenalcovalle.com.co\/wp-content\/uploads\/2024\/12\/Las-maquinas-de-coser-en-la-Institucion-Educativa-Antonio-Lizarazo-1-12x12.jpg 12w\" sizes=\"(max-width: 720px) 100vw, 720px\" \/>\t\t\t\t\t\t\t\t\t\t\t\t\t\t\t<\/div>\n\t\t\t\t<\/div>\n\t\t\t\t\t<\/div>\n\t\t\t\t<\/div>\n\t\t<div class=\"elementor-element elementor-element-25d547c e-flex e-con-boxed e-con e-parent\" data-id=\"25d547c\" data-element_type=\"container\">\n\t\t\t\t\t<div class=\"e-con-inner\">\n\t\t\t\t<div class=\"elementor-element elementor-element-ca05f54 elementor-widget elementor-widget-text-editor\" data-id=\"ca05f54\" data-element_type=\"widget\" data-widget_type=\"text-editor.default\">\n\t\t\t\t<div class=\"elementor-widget-container\">\n\t\t\t\t\t\t\t\t\t<p>Madres cabeza de hogar y estudiantes de la<strong> Instituci\u00f3n Educativa Antonio Lizarazo<\/strong> adquieren conocimientos y habilidades alrededor de la confecci\u00f3n, redise\u00f1o de prendas y moda sostenible que les permite generar ingresos y mejorar su calidad de vida.<\/p><p>Durante varios a\u00f1os en la Instituci\u00f3n Educativa Antonio Lizarazo reposaron 12 m\u00e1quinas de coser sin cumplir ninguna funci\u00f3n ni rol importante. Aunque hac\u00edan parte de los activos de la instituci\u00f3n educativa no generaban ning\u00fan impacto positivo para la comunidad estudiantil.<\/p><p>Sin embargo, al identificar su existencia, un grupo de docentes en febrero de 2023 decidi\u00f3 hacer uso de ellas y darle vida a un proyecto que a la fecha ha transformado numerosas vidas.<\/p><p><strong>\u201cLa iniciativa se centra en la formaci\u00f3n y capacitaci\u00f3n en \u00e1reas relacionadas con la confecci\u00f3n, redise\u00f1o y moda sostenible, creando as\u00ed un espacio de desarrollo econ\u00f3mico y social\u201d<\/strong>, explica la rectora Magnolia Micolta Pe\u00f1a.<\/p>\t\t\t\t\t\t\t\t<\/div>\n\t\t\t\t<\/div>\n\t\t\t\t\t<\/div>\n\t\t\t\t<\/div>\n\t\t\t\t\t<\/div>\n\t\t\t\t<\/div>\n\t\t<div class=\"elementor-element elementor-element-a9ffe68 e-flex e-con-boxed e-con e-parent\" data-id=\"a9ffe68\" data-element_type=\"container\">\n\t\t\t\t\t<div class=\"e-con-inner\">\n\t\t<div class=\"elementor-element elementor-element-039ddec e-flex e-con-boxed e-con e-parent\" data-id=\"039ddec\" data-element_type=\"container\">\n\t\t\t\t\t<div class=\"e-con-inner\">\n\t\t\t\t<div class=\"elementor-element elementor-element-d7d296f elementor-widget elementor-widget-text-editor\" data-id=\"d7d296f\" data-element_type=\"widget\" data-widget_type=\"text-editor.default\">\n\t\t\t\t<div class=\"elementor-widget-container\">\n\t\t\t\t\t\t\t\t\t<p>As\u00ed pues, seg\u00fan Magnolia, el proyecto surge como respuesta a las necesidades identificadas en la comunidad, especialmente entre las madres de familia, para adquirir habilidades que les permitan generar ingresos y mejorar su calidad de vida. De esta manera, la estrategia combina formaci\u00f3n, trabajo colaborativo y apoyo institucional para garantizar su impacto y sostenibilidad.<\/p><p>Igualmente, cerca de 100 estudiantes de los grados sexto, s\u00e9ptimo y octavo, han integrado esta generosa iniciativa. <strong>\u201cEl emprendimiento nos ense\u00f1a que una idea bien elaborada puede transformar nuestra vida en cualquier \u00e1mbito. Adem\u00e1s, podemos desarrollar un arte de manera independiente\u201d<\/strong>, precisa Cristi\u00e1n Candelo, estudiante de la instituci\u00f3n.<\/p><p>Por su parte, Stefany Clavijo del grado s\u00e9ptimo, se\u00f1ala que, <strong>\u201che podido aprender que la ropa que ya no usamos se puede reutilizar para dise\u00f1ar nuevos modelos y presumir nuestro grandioso trabajo. Pero lo mejor es que gracias a la moda sostenible podemos ayudar al medio ambiente\u201d<\/strong>.<\/p><p><strong>\u201cEl proyecto inici\u00f3 con 15 madres de familia, de las cuales permanecen 5 en la actualidad. Estas madres participaron en cursos ofrecidos por entidades como el SENA, donde adquirieron habilidades en patronaje, escalado y moda sostenible, fortaleciendo as\u00ed todas sus competencias\u201d<\/strong>, detalla Magnolia.<\/p>\t\t\t\t\t\t\t\t<\/div>\n\t\t\t\t<\/div>\n\t\t\t\t\t<\/div>\n\t\t\t\t<\/div>\n\t\t<div class=\"elementor-element elementor-element-3ea67dd e-flex e-con-boxed e-con e-parent\" data-id=\"3ea67dd\" data-element_type=\"container\">\n\t\t\t\t\t<div class=\"e-con-inner\">\n\t\t\t\t<div class=\"elementor-element elementor-element-ae3c128 elementor-widget elementor-widget-image\" data-id=\"ae3c128\" data-element_type=\"widget\" data-widget_type=\"image.default\">\n\t\t\t\t<div class=\"elementor-widget-container\">\n\t\t\t\t\t\t\t\t\t\t\t\t\t\t\t<img decoding=\"async\" width=\"721\" height=\"721\" data-src=\"https:\/\/test.comfenalcovalle.com.co\/wp-content\/uploads\/2024\/12\/Las-maquinas-de-coser-en-la-Institucion-Educativa-Antonio-Lizarazo-3.jpg\" class=\"attachment-large size-large wp-image-651732 lazyload\" alt=\"Las m\u00e1quinas de coser en la Instituci\u00f3n Educativa Antonio Lizarazo\" data-srcset=\"https:\/\/test.comfenalcovalle.com.co\/wp-content\/uploads\/2024\/12\/Las-maquinas-de-coser-en-la-Institucion-Educativa-Antonio-Lizarazo-3.jpg 721w, https:\/\/test.comfenalcovalle.com.co\/wp-content\/uploads\/2024\/12\/Las-maquinas-de-coser-en-la-Institucion-Educativa-Antonio-Lizarazo-3-300x300.jpg 300w, https:\/\/test.comfenalcovalle.com.co\/wp-content\/uploads\/2024\/12\/Las-maquinas-de-coser-en-la-Institucion-Educativa-Antonio-Lizarazo-3-150x150.jpg 150w, https:\/\/test.comfenalcovalle.com.co\/wp-content\/uploads\/2024\/12\/Las-maquinas-de-coser-en-la-Institucion-Educativa-Antonio-Lizarazo-3-12x12.jpg 12w\" data-sizes=\"(max-width: 721px) 100vw, 721px\" src=\"data:image\/svg+xml;base64,PHN2ZyB3aWR0aD0iMSIgaGVpZ2h0PSIxIiB4bWxucz0iaHR0cDovL3d3dy53My5vcmcvMjAwMC9zdmciPjwvc3ZnPg==\" style=\"--smush-placeholder-width: 721px; --smush-placeholder-aspect-ratio: 721\/721;\" \/>\t\t\t\t\t\t\t\t\t\t\t\t\t\t\t<\/div>\n\t\t\t\t<\/div>\n\t\t\t\t\t<\/div>\n\t\t\t\t<\/div>\n\t\t\t\t\t<\/div>\n\t\t\t\t<\/div>\n\t\t<div class=\"elementor-element elementor-element-acb3ebb e-flex e-con-boxed e-con e-parent\" data-id=\"acb3ebb\" data-element_type=\"container\">\n\t\t\t\t\t<div class=\"e-con-inner\">\n\t\t<div class=\"elementor-element elementor-element-54499b1 e-flex e-con-boxed e-con e-parent\" data-id=\"54499b1\" data-element_type=\"container\">\n\t\t\t\t\t<div class=\"e-con-inner\">\n\t\t\t\t<div class=\"elementor-element elementor-element-5424d15 elementor-widget elementor-widget-text-editor\" data-id=\"5424d15\" data-element_type=\"widget\" data-widget_type=\"text-editor.default\">\n\t\t\t\t<div class=\"elementor-widget-container\">\n\t\t\t\t\t\t\t\t\t<p>De esta manera, las aulas de clase en la Instituci\u00f3n Educativa Antonio Lizarazo fungen un papel que trasciende lo acad\u00e9mico. <strong>Se convirtieron en espacios que velan por el bienestar de la comunidad en general<\/strong>, articulando a estudiantes y madres de familia en un proyecto que les representa numerosos beneficios a la econom\u00eda familiar.<\/p><p><strong>\u201cEstas m\u00e1quinas de coser posibilitan una producci\u00f3n eficiente y de alta calidad, promoviendo la creaci\u00f3n de productos competitivos como vestidos, blusas, chaquetas y bolsos que pueden ser comercializados de muy buena manera\u201d<\/strong>, concluye la rectora Magnolia.<\/p>\t\t\t\t\t\t\t\t<\/div>\n\t\t\t\t<\/div>\n\t\t\t\t\t<\/div>\n\t\t\t\t<\/div>\n\t\t\t\t\t<\/div>\n\t\t\t\t<\/div>\n\t\t\t\t\t<\/div>\n\t\t\t\t<\/div>\n\t\t\t\t\t<\/div>\n\t\t\t\t<\/div>\n\t\t\t\t<\/div>","protected":false},"featured_media":651918,"parent":0,"template":"","categorias-articulos-revista-ma":[934],"class_list":["post-651727","articulos-revista-ma","type-articulos-revista-ma","status-publish","has-post-thumbnail","hentry","categorias-articulos-revista-ma-innovacion"],"yoast_head":"<!-- This site is optimized with the Yoast SEO Premium plugin v25.9 (Yoast SEO v25.9) - https:\/\/yoast.com\/wordpress\/plugins\/seo\/ -->\n<title>Las m\u00e1quinas de coser en la Instituci\u00f3n Educativa Antonio Lizarazo - Comfenalco Valle Delagente<\/title>\n<meta name=\"robots\" content=\"index, follow, max-snippet:-1, max-image-preview:large, max-video-preview:-1\" \/>\n<link rel=\"canonical\" href=\"https:\/\/www.comfenalcovalle.com.co\/articulos-revista-ma\/las-maquinas-de-coser-en-la-institucion-educativa-antonio-lizarazo\/\" \/>\n<meta property=\"og:locale\" content=\"en_US\" \/>\n<meta property=\"og:type\" content=\"article\" \/>\n<meta property=\"og:title\" content=\"Las m\u00e1quinas de coser en la Instituci\u00f3n Educativa Antonio Lizarazo\" \/>\n<meta property=\"og:description\" content=\"Representan oportunidades de emprendimiento y cuidado del medioambiente Madres cabeza de hogar y estudiantes de la Instituci\u00f3n Educativa Antonio Lizarazo adquieren conocimientos y habilidades alrededor de la confecci\u00f3n, redise\u00f1o de prendas y moda sostenible que les permite generar ingresos y mejorar su calidad de vida. Durante varios a\u00f1os en la Instituci\u00f3n Educativa Antonio Lizarazo reposaron [&hellip;]\" \/>\n<meta property=\"og:url\" content=\"https:\/\/www.comfenalcovalle.com.co\/articulos-revista-ma\/las-maquinas-de-coser-en-la-institucion-educativa-antonio-lizarazo\/\" \/>\n<meta property=\"og:site_name\" content=\"Comfenalco Valle Delagente\" \/>\n<meta property=\"article:modified_time\" content=\"2024-12-23T21:42:46+00:00\" \/>\n<meta property=\"og:image\" content=\"https:\/\/www.comfenalcovalle.com.co\/wp-content\/uploads\/2024\/12\/Las-maquinas-de-coser-en-la-Institucion-Educativa-Antonio-Lizarazo.jpg\" \/>\n\t<meta property=\"og:image:width\" content=\"720\" \/>\n\t<meta property=\"og:image:height\" content=\"405\" \/>\n\t<meta property=\"og:image:type\" content=\"image\/jpeg\" \/>\n<meta name=\"twitter:card\" content=\"summary_large_image\" \/>\n<meta name=\"twitter:label1\" content=\"Est. reading time\" \/>\n\t<meta name=\"twitter:data1\" content=\"2 minutes\" \/>\n<script type=\"application\/ld+json\" class=\"yoast-schema-graph\">{\"@context\":\"https:\/\/schema.org\",\"@graph\":[{\"@type\":\"WebPage\",\"@id\":\"https:\/\/www.comfenalcovalle.com.co\/articulos-revista-ma\/las-maquinas-de-coser-en-la-institucion-educativa-antonio-lizarazo\/\",\"url\":\"https:\/\/www.comfenalcovalle.com.co\/articulos-revista-ma\/las-maquinas-de-coser-en-la-institucion-educativa-antonio-lizarazo\/\",\"name\":\"Las m\u00e1quinas de coser en la Instituci\u00f3n Educativa Antonio Lizarazo - Comfenalco Valle Delagente\",\"isPartOf\":{\"@id\":\"https:\/\/www.comfenalcovalle.com.co\/#website\"},\"primaryImageOfPage\":{\"@id\":\"https:\/\/www.comfenalcovalle.com.co\/articulos-revista-ma\/las-maquinas-de-coser-en-la-institucion-educativa-antonio-lizarazo\/#primaryimage\"},\"image\":{\"@id\":\"https:\/\/www.comfenalcovalle.com.co\/articulos-revista-ma\/las-maquinas-de-coser-en-la-institucion-educativa-antonio-lizarazo\/#primaryimage\"},\"thumbnailUrl\":\"https:\/\/test.comfenalcovalle.com.co\/wp-content\/uploads\/2024\/12\/Las-maquinas-de-coser-en-la-Institucion-Educativa-Antonio-Lizarazo.jpg\",\"datePublished\":\"2024-12-19T22:36:06+00:00\",\"dateModified\":\"2024-12-23T21:42:46+00:00\",\"breadcrumb\":{\"@id\":\"https:\/\/www.comfenalcovalle.com.co\/articulos-revista-ma\/las-maquinas-de-coser-en-la-institucion-educativa-antonio-lizarazo\/#breadcrumb\"},\"inLanguage\":\"en-US\",\"potentialAction\":[{\"@type\":\"ReadAction\",\"target\":[\"https:\/\/www.comfenalcovalle.com.co\/articulos-revista-ma\/las-maquinas-de-coser-en-la-institucion-educativa-antonio-lizarazo\/\"]}]},{\"@type\":\"ImageObject\",\"inLanguage\":\"en-US\",\"@id\":\"https:\/\/www.comfenalcovalle.com.co\/articulos-revista-ma\/las-maquinas-de-coser-en-la-institucion-educativa-antonio-lizarazo\/#primaryimage\",\"url\":\"https:\/\/test.comfenalcovalle.com.co\/wp-content\/uploads\/2024\/12\/Las-maquinas-de-coser-en-la-Institucion-Educativa-Antonio-Lizarazo.jpg\",\"contentUrl\":\"https:\/\/test.comfenalcovalle.com.co\/wp-content\/uploads\/2024\/12\/Las-maquinas-de-coser-en-la-Institucion-Educativa-Antonio-Lizarazo.jpg\",\"width\":720,\"height\":405,\"caption\":\"Las-maquinas-de-coser-en-la-Institucion-Educativa-Antonio-Lizarazo\"},{\"@type\":\"BreadcrumbList\",\"@id\":\"https:\/\/www.comfenalcovalle.com.co\/articulos-revista-ma\/las-maquinas-de-coser-en-la-institucion-educativa-antonio-lizarazo\/#breadcrumb\",\"itemListElement\":[{\"@type\":\"ListItem\",\"position\":1,\"name\":\"Portada\",\"item\":\"https:\/\/www.comfenalcovalle.com.co\/\"},{\"@type\":\"ListItem\",\"position\":2,\"name\":\"Art\u00edculos Revista Maestros\",\"item\":\"https:\/\/www.comfenalcovalle.com.co\/articulos-revista-ma\/\"},{\"@type\":\"ListItem\",\"position\":3,\"name\":\"Las m\u00e1quinas de coser en la Instituci\u00f3n Educativa Antonio Lizarazo\"}]},{\"@type\":\"WebSite\",\"@id\":\"https:\/\/www.comfenalcovalle.com.co\/#website\",\"url\":\"https:\/\/www.comfenalcovalle.com.co\/\",\"name\":\"Comfenalco Valle Delagente\",\"description\":\"Caja de compensaci\u00f3n de Comfenalco Valle Delagente.\",\"publisher\":{\"@id\":\"https:\/\/www.comfenalcovalle.com.co\/#organization\"},\"potentialAction\":[{\"@type\":\"SearchAction\",\"target\":{\"@type\":\"EntryPoint\",\"urlTemplate\":\"https:\/\/www.comfenalcovalle.com.co\/?s={search_term_string}\"},\"query-input\":{\"@type\":\"PropertyValueSpecification\",\"valueRequired\":true,\"valueName\":\"search_term_string\"}}],\"inLanguage\":\"en-US\"},{\"@type\":\"Organization\",\"@id\":\"https:\/\/www.comfenalcovalle.com.co\/#organization\",\"name\":\"Comfenalco Valle Delagente\",\"url\":\"https:\/\/www.comfenalcovalle.com.co\/\",\"logo\":{\"@type\":\"ImageObject\",\"inLanguage\":\"en-US\",\"@id\":\"https:\/\/www.comfenalcovalle.com.co\/#\/schema\/logo\/image\/\",\"url\":\"https:\/\/test.comfenalcovalle.com.co\/wp-content\/uploads\/2021\/06\/logo-comfe-cabecera-agencia-empelo-actualizado.png\",\"contentUrl\":\"https:\/\/test.comfenalcovalle.com.co\/wp-content\/uploads\/2021\/06\/logo-comfe-cabecera-agencia-empelo-actualizado.png\",\"width\":500,\"height\":184,\"caption\":\"Comfenalco Valle Delagente\"},\"image\":{\"@id\":\"https:\/\/www.comfenalcovalle.com.co\/#\/schema\/logo\/image\/\"}}]}<\/script>\n<!-- \/ Yoast SEO Premium plugin. -->","yoast_head_json":{"title":"Las m\u00e1quinas de coser en la Instituci\u00f3n Educativa Antonio Lizarazo - Comfenalco Valle Delagente","robots":{"index":"index","follow":"follow","max-snippet":"max-snippet:-1","max-image-preview":"max-image-preview:large","max-video-preview":"max-video-preview:-1"},"canonical":"https:\/\/www.comfenalcovalle.com.co\/articulos-revista-ma\/las-maquinas-de-coser-en-la-institucion-educativa-antonio-lizarazo\/","og_locale":"en_US","og_type":"article","og_title":"Las m\u00e1quinas de coser en la Instituci\u00f3n Educativa Antonio Lizarazo","og_description":"Representan oportunidades de emprendimiento y cuidado del medioambiente Madres cabeza de hogar y estudiantes de la Instituci\u00f3n Educativa Antonio Lizarazo adquieren conocimientos y habilidades alrededor de la confecci\u00f3n, redise\u00f1o de prendas y moda sostenible que les permite generar ingresos y mejorar su calidad de vida. Durante varios a\u00f1os en la Instituci\u00f3n Educativa Antonio Lizarazo reposaron [&hellip;]","og_url":"https:\/\/www.comfenalcovalle.com.co\/articulos-revista-ma\/las-maquinas-de-coser-en-la-institucion-educativa-antonio-lizarazo\/","og_site_name":"Comfenalco Valle Delagente","article_modified_time":"2024-12-23T21:42:46+00:00","og_image":[{"width":720,"height":405,"url":"https:\/\/www.comfenalcovalle.com.co\/wp-content\/uploads\/2024\/12\/Las-maquinas-de-coser-en-la-Institucion-Educativa-Antonio-Lizarazo.jpg","type":"image\/jpeg"}],"twitter_card":"summary_large_image","twitter_misc":{"Est. reading time":"2 minutes"},"schema":{"@context":"https:\/\/schema.org","@graph":[{"@type":"WebPage","@id":"https:\/\/www.comfenalcovalle.com.co\/articulos-revista-ma\/las-maquinas-de-coser-en-la-institucion-educativa-antonio-lizarazo\/","url":"https:\/\/www.comfenalcovalle.com.co\/articulos-revista-ma\/las-maquinas-de-coser-en-la-institucion-educativa-antonio-lizarazo\/","name":"Las m\u00e1quinas de coser en la Instituci\u00f3n Educativa Antonio Lizarazo - Comfenalco Valle Delagente","isPartOf":{"@id":"https:\/\/www.comfenalcovalle.com.co\/#website"},"primaryImageOfPage":{"@id":"https:\/\/www.comfenalcovalle.com.co\/articulos-revista-ma\/las-maquinas-de-coser-en-la-institucion-educativa-antonio-lizarazo\/#primaryimage"},"image":{"@id":"https:\/\/www.comfenalcovalle.com.co\/articulos-revista-ma\/las-maquinas-de-coser-en-la-institucion-educativa-antonio-lizarazo\/#primaryimage"},"thumbnailUrl":"https:\/\/test.comfenalcovalle.com.co\/wp-content\/uploads\/2024\/12\/Las-maquinas-de-coser-en-la-Institucion-Educativa-Antonio-Lizarazo.jpg","datePublished":"2024-12-19T22:36:06+00:00","dateModified":"2024-12-23T21:42:46+00:00","breadcrumb":{"@id":"https:\/\/www.comfenalcovalle.com.co\/articulos-revista-ma\/las-maquinas-de-coser-en-la-institucion-educativa-antonio-lizarazo\/#breadcrumb"},"inLanguage":"en-US","potentialAction":[{"@type":"ReadAction","target":["https:\/\/www.comfenalcovalle.com.co\/articulos-revista-ma\/las-maquinas-de-coser-en-la-institucion-educativa-antonio-lizarazo\/"]}]},{"@type":"ImageObject","inLanguage":"en-US","@id":"https:\/\/www.comfenalcovalle.com.co\/articulos-revista-ma\/las-maquinas-de-coser-en-la-institucion-educativa-antonio-lizarazo\/#primaryimage","url":"https:\/\/test.comfenalcovalle.com.co\/wp-content\/uploads\/2024\/12\/Las-maquinas-de-coser-en-la-Institucion-Educativa-Antonio-Lizarazo.jpg","contentUrl":"https:\/\/test.comfenalcovalle.com.co\/wp-content\/uploads\/2024\/12\/Las-maquinas-de-coser-en-la-Institucion-Educativa-Antonio-Lizarazo.jpg","width":720,"height":405,"caption":"Las-maquinas-de-coser-en-la-Institucion-Educativa-Antonio-Lizarazo"},{"@type":"BreadcrumbList","@id":"https:\/\/www.comfenalcovalle.com.co\/articulos-revista-ma\/las-maquinas-de-coser-en-la-institucion-educativa-antonio-lizarazo\/#breadcrumb","itemListElement":[{"@type":"ListItem","position":1,"name":"Portada","item":"https:\/\/www.comfenalcovalle.com.co\/"},{"@type":"ListItem","position":2,"name":"Art\u00edculos Revista Maestros","item":"https:\/\/www.comfenalcovalle.com.co\/articulos-revista-ma\/"},{"@type":"ListItem","position":3,"name":"Las m\u00e1quinas de coser en la Instituci\u00f3n Educativa Antonio Lizarazo"}]},{"@type":"WebSite","@id":"https:\/\/www.comfenalcovalle.com.co\/#website","url":"https:\/\/www.comfenalcovalle.com.co\/","name":"Comfenalco Valle Delagente","description":"Comfenalco Valle Delagente compensation fund.","publisher":{"@id":"https:\/\/www.comfenalcovalle.com.co\/#organization"},"potentialAction":[{"@type":"SearchAction","target":{"@type":"EntryPoint","urlTemplate":"https:\/\/www.comfenalcovalle.com.co\/?s={search_term_string}"},"query-input":{"@type":"PropertyValueSpecification","valueRequired":true,"valueName":"search_term_string"}}],"inLanguage":"en-US"},{"@type":"Organization","@id":"https:\/\/www.comfenalcovalle.com.co\/#organization","name":"Comfenalco Valle Delagente","url":"https:\/\/www.comfenalcovalle.com.co\/","logo":{"@type":"ImageObject","inLanguage":"en-US","@id":"https:\/\/www.comfenalcovalle.com.co\/#\/schema\/logo\/image\/","url":"https:\/\/test.comfenalcovalle.com.co\/wp-content\/uploads\/2021\/06\/logo-comfe-cabecera-agencia-empelo-actualizado.png","contentUrl":"https:\/\/test.comfenalcovalle.com.co\/wp-content\/uploads\/2021\/06\/logo-comfe-cabecera-agencia-empelo-actualizado.png","width":500,"height":184,"caption":"Comfenalco Valle Delagente"},"image":{"@id":"https:\/\/www.comfenalcovalle.com.co\/#\/schema\/logo\/image\/"}}]}},"publishpress_future_workflow_manual_trigger":{"enabledWorkflows":[]},"_links":{"self":[{"href":"https:\/\/test.comfenalcovalle.com.co\/en\/wp-json\/wp\/v2\/articulos-revista-ma\/651727","targetHints":{"allow":["GET"]}}],"collection":[{"href":"https:\/\/test.comfenalcovalle.com.co\/en\/wp-json\/wp\/v2\/articulos-revista-ma"}],"about":[{"href":"https:\/\/test.comfenalcovalle.com.co\/en\/wp-json\/wp\/v2\/types\/articulos-revista-ma"}],"version-history":[{"count":0,"href":"https:\/\/test.comfenalcovalle.com.co\/en\/wp-json\/wp\/v2\/articulos-revista-ma\/651727\/revisions"}],"wp:featuredmedia":[{"embeddable":true,"href":"https:\/\/test.comfenalcovalle.com.co\/en\/wp-json\/wp\/v2\/media\/651918"}],"wp:attachment":[{"href":"https:\/\/test.comfenalcovalle.com.co\/en\/wp-json\/wp\/v2\/media?parent=651727"}],"wp:term":[{"taxonomy":"categorias-articulos-revista-ma","embeddable":true,"href":"https:\/\/test.comfenalcovalle.com.co\/en\/wp-json\/wp\/v2\/categorias-articulos-revista-ma?post=651727"}],"curies":[{"name":"wp","href":"https:\/\/api.w.org\/{rel}","templated":true}]}}