{"id":651700,"date":"2024-12-19T17:06:31","date_gmt":"2024-12-19T22:06:31","guid":{"rendered":"https:\/\/test.comfenalcovalle.com.co\/?post_type=articulos-revista-ma&#038;p=651700"},"modified":"2024-12-23T16:40:04","modified_gmt":"2024-12-23T21:40:04","slug":"jardin-botanico-de-cali","status":"publish","type":"articulos-revista-ma","link":"https:\/\/test.comfenalcovalle.com.co\/en\/articulos-revista-ma\/jardin-botanico-de-cali\/","title":{"rendered":"Jard\u00edn Bot\u00e1nico de cali"},"content":{"rendered":"<div data-elementor-type=\"wp-post\" data-elementor-id=\"651700\" class=\"elementor elementor-651700\" data-elementor-post-type=\"articulos-revista-ma\">\n\t\t\t\t<div class=\"elementor-element elementor-element-f157525 e-flex e-con-boxed e-con e-parent\" data-id=\"f157525\" data-element_type=\"container\">\n\t\t\t\t\t<div class=\"e-con-inner\">\n\t\t<div class=\"elementor-element elementor-element-c77b649 e-flex e-con-boxed e-con e-parent\" data-id=\"c77b649\" data-element_type=\"container\">\n\t\t\t\t\t<div class=\"e-con-inner\">\n\t\t\t\t<div class=\"elementor-element elementor-element-bb6e42a elementor-widget elementor-widget-heading\" data-id=\"bb6e42a\" data-element_type=\"widget\" data-widget_type=\"heading.default\">\n\t\t\t\t<div class=\"elementor-widget-container\">\n\t\t\t\t\t<h2 class=\"elementor-heading-title elementor-size-default\">Una experiencia de conexi\u00f3n con la naturaleza<\/br>y de promoci\u00f3n de valores relacionados con el buen vivir<\/h2>\t\t\t\t<\/div>\n\t\t\t\t<\/div>\n\t\t\t\t\t<\/div>\n\t\t\t\t<\/div>\n\t\t<div class=\"elementor-element elementor-element-dbe41fe e-flex e-con-boxed e-con e-parent\" data-id=\"dbe41fe\" data-element_type=\"container\" data-settings=\"{&quot;background_background&quot;:&quot;classic&quot;}\">\n\t\t\t\t\t<div class=\"e-con-inner\">\n\t\t<div class=\"elementor-element elementor-element-b96c490 e-flex e-con-boxed e-con e-parent\" data-id=\"b96c490\" data-element_type=\"container\">\n\t\t\t\t\t<div class=\"e-con-inner\">\n\t\t<div class=\"elementor-element elementor-element-814de88 e-flex e-con-boxed e-con e-parent\" data-id=\"814de88\" data-element_type=\"container\">\n\t\t\t\t\t<div class=\"e-con-inner\">\n\t\t\t\t<div class=\"elementor-element elementor-element-274aa79 elementor-widget elementor-widget-image\" data-id=\"274aa79\" data-element_type=\"widget\" data-widget_type=\"image.default\">\n\t\t\t\t<div class=\"elementor-widget-container\">\n\t\t\t\t\t\t\t\t\t\t\t\t\t\t\t<img fetchpriority=\"high\" decoding=\"async\" width=\"1000\" height=\"1000\" src=\"https:\/\/test.comfenalcovalle.com.co\/wp-content\/uploads\/2024\/12\/Jardin-Botanico-de-cali-5.jpg\" class=\"attachment-full size-full wp-image-651710\" alt=\"Jard\u00edn Bot\u00e1nico de cali\" srcset=\"https:\/\/test.comfenalcovalle.com.co\/wp-content\/uploads\/2024\/12\/Jardin-Botanico-de-cali-5.jpg 1000w, https:\/\/test.comfenalcovalle.com.co\/wp-content\/uploads\/2024\/12\/Jardin-Botanico-de-cali-5-300x300.jpg 300w, https:\/\/test.comfenalcovalle.com.co\/wp-content\/uploads\/2024\/12\/Jardin-Botanico-de-cali-5-150x150.jpg 150w, https:\/\/test.comfenalcovalle.com.co\/wp-content\/uploads\/2024\/12\/Jardin-Botanico-de-cali-5-768x768.jpg 768w, https:\/\/test.comfenalcovalle.com.co\/wp-content\/uploads\/2024\/12\/Jardin-Botanico-de-cali-5-12x12.jpg 12w\" sizes=\"(max-width: 1000px) 100vw, 1000px\" \/>\t\t\t\t\t\t\t\t\t\t\t\t\t\t\t<\/div>\n\t\t\t\t<\/div>\n\t\t\t\t\t<\/div>\n\t\t\t\t<\/div>\n\t\t<div class=\"elementor-element elementor-element-613a778 e-flex e-con-boxed e-con e-parent\" data-id=\"613a778\" data-element_type=\"container\">\n\t\t\t\t\t<div class=\"e-con-inner\">\n\t\t\t\t<div class=\"elementor-element elementor-element-dabd55a elementor-widget elementor-widget-text-editor\" data-id=\"dabd55a\" data-element_type=\"widget\" data-widget_type=\"text-editor.default\">\n\t\t\t\t<div class=\"elementor-widget-container\">\n\t\t\t\t\t\t\t\t\t<p>Al oeste de la capital del departamento se encuentra ubicado el compa\u00f1ero inseparable del r\u00edo Cali: <strong>el Jard\u00edn Bot\u00e1nico<\/strong>.<\/p><p>Fundado en el 2001 con el prop\u00f3sito de promover la conservaci\u00f3n, investigaci\u00f3n y educaci\u00f3n ambiental de la flora del Valle del Cauca, el Jard\u00edn Bot\u00e1nico de Cali cuenta con una extensi\u00f3n de 14 hect\u00e1reas sobre los terrenos de CELSIA.<\/p><p>Este espacio naci\u00f3 hace m\u00e1s de dos d\u00e9cadas con la vocaci\u00f3n de promover la conservaci\u00f3n del bosque seco tropical del valle geogr\u00e1fico del r\u00edo Cauca, importante ecosistema que se encuentra casi extinto.<\/p><p><strong>\u201cEste espacio presenta un valor ecosist\u00e9mico y paisaj\u00edstico de vital importancia como \u00e1rea prioritaria para la conservaci\u00f3n del corredor ambiental del r\u00edo Cali\u201d<\/strong>, afirma Meriel Rodr\u00edguez Gonz\u00e1lez, jefe de Comunicaciones del Jard\u00edn Bot\u00e1nico, y agrega que, <strong>\u201cdesde aqu\u00ed inspiramos territorios sustentables, conectamos a la sociedad con el mundo natural y contribuimos a la conservaci\u00f3n del bosque seco tropical\u201d<\/strong>.<\/p>\t\t\t\t\t\t\t\t<\/div>\n\t\t\t\t<\/div>\n\t\t\t\t\t<\/div>\n\t\t\t\t<\/div>\n\t\t\t\t\t<\/div>\n\t\t\t\t<\/div>\n\t\t<div class=\"elementor-element elementor-element-0210892 e-flex e-con-boxed e-con e-parent\" data-id=\"0210892\" data-element_type=\"container\">\n\t\t\t\t\t<div class=\"e-con-inner\">\n\t\t<div class=\"elementor-element elementor-element-8fce340 e-flex e-con-boxed e-con e-parent\" data-id=\"8fce340\" data-element_type=\"container\">\n\t\t\t\t\t<div class=\"e-con-inner\">\n\t\t\t\t<div class=\"elementor-element elementor-element-37825ab elementor-widget elementor-widget-text-editor\" data-id=\"37825ab\" data-element_type=\"widget\" data-widget_type=\"text-editor.default\">\n\t\t\t\t<div class=\"elementor-widget-container\">\n\t\t\t\t\t\t\t\t\t<p>La colecci\u00f3n bot\u00e1nica que cuidan en este bosque incluye <strong>m\u00e1s de 190 especies<\/strong>, de las cuales <strong>49 han crecido naturalmente y 143 hacen parte de las colecciones bot\u00e1nicas especializadas<\/strong> para la conservaci\u00f3n del bosque seco tropical, la seguridad alimentaria y los servicios ecosist\u00e9micos.<\/p><p>As\u00ed pues, en este espacio es posible encontrar<strong> 8 g\u00e9neros de orqu\u00eddeas, 30 especies de bromelias, 18 especies de palmas, 27 especies de ar\u00e1ceas y 60 especies de cactus<\/strong>.<\/p><p><strong>\u201cEstas especies se encuentran distribuidas a lo largo de los tres senderos y de la plazoleta principal con el espectacular mirador dise\u00f1ado por el arquitecto colombiano Sim\u00f3n V\u00e9lez\u201d<\/strong>, explica Meriel.<\/p><p>El primero de los senderos plantea un recorrido por el encuentro consigo mismo, una apuesta para <strong>percibir texturas, aromas y encontrarse con los sentidos<\/strong>; el segundo sendero plantea un <strong>encuentro con la naturaleza<\/strong>, donde con los elementos comunes a la vida humana y vegetal, se convierte en el mejor escenario para <strong>practicar la meditaci\u00f3n y el yoga<\/strong>; y el tercer sendero plantea un <strong>encuentro con los dem\u00e1s, rodeado de m\u00fasica, gastronom\u00eda y baile<\/strong>.<\/p>\t\t\t\t\t\t\t\t<\/div>\n\t\t\t\t<\/div>\n\t\t\t\t\t<\/div>\n\t\t\t\t<\/div>\n\t\t<div class=\"elementor-element elementor-element-8b25724 e-flex e-con-boxed e-con e-parent\" data-id=\"8b25724\" data-element_type=\"container\">\n\t\t\t\t\t<div class=\"e-con-inner\">\n\t\t\t\t<div class=\"elementor-element elementor-element-f5794c8 elementor-widget elementor-widget-image\" data-id=\"f5794c8\" data-element_type=\"widget\" data-widget_type=\"image.default\">\n\t\t\t\t<div class=\"elementor-widget-container\">\n\t\t\t\t\t\t\t\t\t\t\t\t\t\t\t<img decoding=\"async\" width=\"800\" height=\"800\" data-src=\"https:\/\/test.comfenalcovalle.com.co\/wp-content\/uploads\/2024\/12\/Jardin-Botanico-de-cali-6.jpg\" class=\"attachment-large size-large wp-image-651709 lazyload\" alt=\"Jard\u00edn Bot\u00e1nico de cali\" data-srcset=\"https:\/\/test.comfenalcovalle.com.co\/wp-content\/uploads\/2024\/12\/Jardin-Botanico-de-cali-6.jpg 1000w, https:\/\/test.comfenalcovalle.com.co\/wp-content\/uploads\/2024\/12\/Jardin-Botanico-de-cali-6-300x300.jpg 300w, https:\/\/test.comfenalcovalle.com.co\/wp-content\/uploads\/2024\/12\/Jardin-Botanico-de-cali-6-150x150.jpg 150w, https:\/\/test.comfenalcovalle.com.co\/wp-content\/uploads\/2024\/12\/Jardin-Botanico-de-cali-6-768x768.jpg 768w, https:\/\/test.comfenalcovalle.com.co\/wp-content\/uploads\/2024\/12\/Jardin-Botanico-de-cali-6-12x12.jpg 12w\" data-sizes=\"(max-width: 800px) 100vw, 800px\" src=\"data:image\/svg+xml;base64,PHN2ZyB3aWR0aD0iMSIgaGVpZ2h0PSIxIiB4bWxucz0iaHR0cDovL3d3dy53My5vcmcvMjAwMC9zdmciPjwvc3ZnPg==\" style=\"--smush-placeholder-width: 800px; --smush-placeholder-aspect-ratio: 800\/800;\" \/>\t\t\t\t\t\t\t\t\t\t\t\t\t\t\t<\/div>\n\t\t\t\t<\/div>\n\t\t\t\t\t<\/div>\n\t\t\t\t<\/div>\n\t\t\t\t\t<\/div>\n\t\t\t\t<\/div>\n\t\t<div class=\"elementor-element elementor-element-005ad34 e-flex e-con-boxed e-con e-parent\" data-id=\"005ad34\" data-element_type=\"container\">\n\t\t\t\t\t<div class=\"e-con-inner\">\n\t\t<div class=\"elementor-element elementor-element-6a96bec e-flex e-con-boxed e-con e-parent\" data-id=\"6a96bec\" data-element_type=\"container\">\n\t\t\t\t\t<div class=\"e-con-inner\">\n\t\t\t\t<div class=\"elementor-element elementor-element-5db952d elementor-widget elementor-widget-text-editor\" data-id=\"5db952d\" data-element_type=\"widget\" data-widget_type=\"text-editor.default\">\n\t\t\t\t<div class=\"elementor-widget-container\">\n\t\t\t\t\t\t\t\t\t<p>Es as\u00ed como, locales y turistas podr\u00e1n dejarse maravillar y deslumbrar con las bondades que ofrece este espacio, de <strong>jueves a domingo de 9:00 a.m. a 3:00 p.m.<\/strong> Seg\u00fan Meriel, son en total <strong>10 estaciones<\/strong> las que integran el recorrido en las que los visitantes podr\u00e1n conectarse con el patrimonio natural y cultural de la regi\u00f3n.<\/p>\t\t\t\t\t\t\t\t<\/div>\n\t\t\t\t<\/div>\n\t\t<div class=\"elementor-element elementor-element-e2afc18 e-flex e-con-boxed e-con e-parent\" data-id=\"e2afc18\" data-element_type=\"container\">\n\t\t\t\t\t<div class=\"e-con-inner\">\n\t\t<div class=\"elementor-element elementor-element-b7f599c e-flex e-con-boxed e-con e-parent\" data-id=\"b7f599c\" data-element_type=\"container\">\n\t\t\t\t\t<div class=\"e-con-inner\">\n\t\t\t\t<div class=\"elementor-element elementor-element-158e9d7 elementor-widget elementor-widget-image\" data-id=\"158e9d7\" data-element_type=\"widget\" data-widget_type=\"image.default\">\n\t\t\t\t<div class=\"elementor-widget-container\">\n\t\t\t\t\t\t\t\t\t\t\t\t\t\t\t<img decoding=\"async\" width=\"800\" height=\"800\" data-src=\"https:\/\/test.comfenalcovalle.com.co\/wp-content\/uploads\/2024\/12\/Jardin-Botanico-de-cali-1.jpg\" class=\"attachment-large size-large wp-image-651703 lazyload\" alt=\"Jard\u00edn Bot\u00e1nico de cali\" data-srcset=\"https:\/\/test.comfenalcovalle.com.co\/wp-content\/uploads\/2024\/12\/Jardin-Botanico-de-cali-1.jpg 1000w, https:\/\/test.comfenalcovalle.com.co\/wp-content\/uploads\/2024\/12\/Jardin-Botanico-de-cali-1-300x300.jpg 300w, https:\/\/test.comfenalcovalle.com.co\/wp-content\/uploads\/2024\/12\/Jardin-Botanico-de-cali-1-150x150.jpg 150w, https:\/\/test.comfenalcovalle.com.co\/wp-content\/uploads\/2024\/12\/Jardin-Botanico-de-cali-1-768x768.jpg 768w, https:\/\/test.comfenalcovalle.com.co\/wp-content\/uploads\/2024\/12\/Jardin-Botanico-de-cali-1-12x12.jpg 12w\" data-sizes=\"(max-width: 800px) 100vw, 800px\" src=\"data:image\/svg+xml;base64,PHN2ZyB3aWR0aD0iMSIgaGVpZ2h0PSIxIiB4bWxucz0iaHR0cDovL3d3dy53My5vcmcvMjAwMC9zdmciPjwvc3ZnPg==\" style=\"--smush-placeholder-width: 800px; --smush-placeholder-aspect-ratio: 800\/800;\" \/>\t\t\t\t\t\t\t\t\t\t\t\t\t\t\t<\/div>\n\t\t\t\t<\/div>\n\t\t\t\t\t<\/div>\n\t\t\t\t<\/div>\n\t\t<div class=\"elementor-element elementor-element-24b6e40 e-flex e-con-boxed e-con e-parent\" data-id=\"24b6e40\" data-element_type=\"container\">\n\t\t\t\t\t<div class=\"e-con-inner\">\n\t\t\t\t<div class=\"elementor-element elementor-element-5555f86 elementor-widget elementor-widget-heading\" data-id=\"5555f86\" data-element_type=\"widget\" data-widget_type=\"heading.default\">\n\t\t\t\t<div class=\"elementor-widget-container\">\n\t\t\t\t\t<h2 class=\"elementor-heading-title elementor-size-default\">Estaciones:<\/h2>\t\t\t\t<\/div>\n\t\t\t\t<\/div>\n\t\t\t\t<div class=\"elementor-element elementor-element-9294769 elementor-widget elementor-widget-text-editor\" data-id=\"9294769\" data-element_type=\"widget\" data-widget_type=\"text-editor.default\">\n\t\t\t\t<div class=\"elementor-widget-container\">\n\t\t\t\t\t\t\t\t\t<p>1. M\u00e1s all\u00e1 de playas y cocos, enfocado en las Palmas.<\/p><p>2. Casa del Buen vivir, donde se promueven pr\u00e1cticas para vivir bien en sociedad.<\/p><p>3. Huertas y soberan\u00eda alimentaria.<\/p><p>4. Cactus: una reflexi\u00f3n al tiempo y al agua.<\/p><p>5. Maloca, como el lugar de encuentro.<\/p><p>6. A pie limpio, para sentir las texturas del bosque.<\/p><p>7. Hongos, el internet de los bosques.<\/p><p>8. Sonidos del bosque, ya que sin bosques no hay m\u00fasica.<\/p><p>9. El tiempo; que la naturaleza lo percibe en diferentes dimensiones.<\/p><p>10. El pensamiento, que promueve reflexiones sobre la vida.<\/p>\t\t\t\t\t\t\t\t<\/div>\n\t\t\t\t<\/div>\n\t\t\t\t\t<\/div>\n\t\t\t\t<\/div>\n\t\t\t\t\t<\/div>\n\t\t\t\t<\/div>\n\t\t\t\t\t<\/div>\n\t\t\t\t<\/div>\n\t\t\t\t\t<\/div>\n\t\t\t\t<\/div>\n\t\t<div class=\"elementor-element elementor-element-2b6b579 e-flex e-con-boxed e-con e-parent\" data-id=\"2b6b579\" data-element_type=\"container\">\n\t\t\t\t\t<div class=\"e-con-inner\">\n\t\t<div class=\"elementor-element elementor-element-43c5e81 e-flex e-con-boxed e-con e-parent\" data-id=\"43c5e81\" data-element_type=\"container\">\n\t\t\t\t\t<div class=\"e-con-inner\">\n\t\t\t\t<div class=\"elementor-element elementor-element-a2a5bcd elementor-widget elementor-widget-heading\" data-id=\"a2a5bcd\" data-element_type=\"widget\" data-widget_type=\"heading.default\">\n\t\t\t\t<div class=\"elementor-widget-container\">\n\t\t\t\t\t<h2 class=\"elementor-heading-title elementor-size-default\">Estas son algunas recomendaciones                     y restricciones para      quienes deseen visitar             el Jard\u00edn Bot\u00e1nico:<\/h2>\t\t\t\t<\/div>\n\t\t\t\t<\/div>\n\t\t\t\t<div class=\"elementor-element elementor-element-f1ce193 elementor-widget elementor-widget-text-editor\" data-id=\"f1ce193\" data-element_type=\"widget\" data-widget_type=\"text-editor.default\">\n\t\t\t\t<div class=\"elementor-widget-container\">\n\t\t\t\t\t\t\t\t\t<p>\u2022 Usa calzado c\u00f3modo, sombreros o gorros, repelente contra insectos y bloqueador.<\/p><p>\u2022 El ingreso de alimentos no est\u00e1 permitido. En el caso de beb\u00e9s existen excepciones para alimentos especiales.<\/p><p>\u2022 Nos reservamos el derecho de admisi\u00f3n a personas que se encuentren bajo estado de embriaguez o bajo la influencia de sustancias psicoactivas.<\/p><p>\u2022 No se permite el ingreso de mascotas, excepto si se trata de animales de asistencia.<\/p><p>\u2022 Los menores de edad deben estar bajo supervisi\u00f3n y en compa\u00f1\u00eda de sus padres y\/o adulto responsable durante el recorrido y permanencia en el JBC.<\/p><p>\u2022 No se permite el ingreso de patines, patinetas, triciclos o bicicletas. Nuestros senderos son irregulares por lo cual no son aptos para coches para ni\u00f1os.<\/p><p>\u2022 La duraci\u00f3n del recorrido por el JBC es de 2 a 3 horas. El tiempo de estancia en el lugar es decisi\u00f3n de cada visitante.<\/p><p>\u2022 El Jard\u00edn Bot\u00e1nico de Cali es un lugar ideal para tomar fotograf\u00edas. Pero recuerda que su uso comercial debe ser autorizado por el \u00e1rea de comunicaciones de la FZC en zoologicodecali@gmail.com.<\/p>\t\t\t\t\t\t\t\t<\/div>\n\t\t\t\t<\/div>\n\t\t\t\t\t<\/div>\n\t\t\t\t<\/div>\n\t\t\t\t\t<\/div>\n\t\t\t\t<\/div>\n\t\t\t\t\t<\/div>\n\t\t\t\t<\/div>\n\t\t\t\t\t<\/div>\n\t\t\t\t<\/div>\n\t\t\t\t<\/div>","protected":false},"featured_media":651917,"parent":0,"template":"","categorias-articulos-revista-ma":[928],"class_list":["post-651700","articulos-revista-ma","type-articulos-revista-ma","status-publish","has-post-thumbnail","hentry","categorias-articulos-revista-ma-recomendado-turistico"],"yoast_head":"<!-- This site is optimized with the Yoast SEO Premium plugin v25.9 (Yoast SEO v25.9) - https:\/\/yoast.com\/wordpress\/plugins\/seo\/ -->\n<title>Jard\u00edn Bot\u00e1nico de cali - Comfenalco Valle Delagente<\/title>\n<meta name=\"robots\" content=\"index, follow, max-snippet:-1, max-image-preview:large, max-video-preview:-1\" \/>\n<link rel=\"canonical\" href=\"https:\/\/www.comfenalcovalle.com.co\/articulos-revista-ma\/jardin-botanico-de-cali\/\" \/>\n<meta property=\"og:locale\" content=\"en_US\" \/>\n<meta property=\"og:type\" content=\"article\" \/>\n<meta property=\"og:title\" content=\"Jard\u00edn Bot\u00e1nico de cali\" \/>\n<meta property=\"og:description\" content=\"Una experiencia de conexi\u00f3n con la naturaleza y de promoci\u00f3n de valores relacionados con el buen vivir Al oeste de la capital del departamento se encuentra ubicado el compa\u00f1ero inseparable del r\u00edo Cali: el Jard\u00edn Bot\u00e1nico. Fundado en el 2001 con el prop\u00f3sito de promover la conservaci\u00f3n, investigaci\u00f3n y educaci\u00f3n ambiental de la flora del [&hellip;]\" \/>\n<meta property=\"og:url\" content=\"https:\/\/www.comfenalcovalle.com.co\/articulos-revista-ma\/jardin-botanico-de-cali\/\" \/>\n<meta property=\"og:site_name\" content=\"Comfenalco Valle Delagente\" \/>\n<meta property=\"article:modified_time\" content=\"2024-12-23T21:40:04+00:00\" \/>\n<meta property=\"og:image\" content=\"https:\/\/www.comfenalcovalle.com.co\/wp-content\/uploads\/2024\/12\/Jardin-Botanico-de-cali-portada.jpg\" \/>\n\t<meta property=\"og:image:width\" content=\"711\" \/>\n\t<meta property=\"og:image:height\" content=\"399\" \/>\n\t<meta property=\"og:image:type\" content=\"image\/jpeg\" \/>\n<meta name=\"twitter:card\" content=\"summary_large_image\" \/>\n<meta name=\"twitter:label1\" content=\"Est. reading time\" \/>\n\t<meta name=\"twitter:data1\" content=\"4 minutes\" \/>\n<script type=\"application\/ld+json\" class=\"yoast-schema-graph\">{\"@context\":\"https:\/\/schema.org\",\"@graph\":[{\"@type\":\"WebPage\",\"@id\":\"https:\/\/www.comfenalcovalle.com.co\/articulos-revista-ma\/jardin-botanico-de-cali\/\",\"url\":\"https:\/\/www.comfenalcovalle.com.co\/articulos-revista-ma\/jardin-botanico-de-cali\/\",\"name\":\"Jard\u00edn Bot\u00e1nico de cali - Comfenalco Valle Delagente\",\"isPartOf\":{\"@id\":\"https:\/\/www.comfenalcovalle.com.co\/#website\"},\"primaryImageOfPage\":{\"@id\":\"https:\/\/www.comfenalcovalle.com.co\/articulos-revista-ma\/jardin-botanico-de-cali\/#primaryimage\"},\"image\":{\"@id\":\"https:\/\/www.comfenalcovalle.com.co\/articulos-revista-ma\/jardin-botanico-de-cali\/#primaryimage\"},\"thumbnailUrl\":\"https:\/\/test.comfenalcovalle.com.co\/wp-content\/uploads\/2024\/12\/Jardin-Botanico-de-cali-portada.jpg\",\"datePublished\":\"2024-12-19T22:06:31+00:00\",\"dateModified\":\"2024-12-23T21:40:04+00:00\",\"breadcrumb\":{\"@id\":\"https:\/\/www.comfenalcovalle.com.co\/articulos-revista-ma\/jardin-botanico-de-cali\/#breadcrumb\"},\"inLanguage\":\"en-US\",\"potentialAction\":[{\"@type\":\"ReadAction\",\"target\":[\"https:\/\/www.comfenalcovalle.com.co\/articulos-revista-ma\/jardin-botanico-de-cali\/\"]}]},{\"@type\":\"ImageObject\",\"inLanguage\":\"en-US\",\"@id\":\"https:\/\/www.comfenalcovalle.com.co\/articulos-revista-ma\/jardin-botanico-de-cali\/#primaryimage\",\"url\":\"https:\/\/test.comfenalcovalle.com.co\/wp-content\/uploads\/2024\/12\/Jardin-Botanico-de-cali-portada.jpg\",\"contentUrl\":\"https:\/\/test.comfenalcovalle.com.co\/wp-content\/uploads\/2024\/12\/Jardin-Botanico-de-cali-portada.jpg\",\"width\":711,\"height\":399,\"caption\":\"Jardin-Botanico-de-cali-portada\"},{\"@type\":\"BreadcrumbList\",\"@id\":\"https:\/\/www.comfenalcovalle.com.co\/articulos-revista-ma\/jardin-botanico-de-cali\/#breadcrumb\",\"itemListElement\":[{\"@type\":\"ListItem\",\"position\":1,\"name\":\"Portada\",\"item\":\"https:\/\/www.comfenalcovalle.com.co\/\"},{\"@type\":\"ListItem\",\"position\":2,\"name\":\"Art\u00edculos Revista Maestros\",\"item\":\"https:\/\/www.comfenalcovalle.com.co\/articulos-revista-ma\/\"},{\"@type\":\"ListItem\",\"position\":3,\"name\":\"Jard\u00edn Bot\u00e1nico de cali\"}]},{\"@type\":\"WebSite\",\"@id\":\"https:\/\/www.comfenalcovalle.com.co\/#website\",\"url\":\"https:\/\/www.comfenalcovalle.com.co\/\",\"name\":\"Comfenalco Valle Delagente\",\"description\":\"Caja de compensaci\u00f3n de Comfenalco Valle Delagente.\",\"publisher\":{\"@id\":\"https:\/\/www.comfenalcovalle.com.co\/#organization\"},\"potentialAction\":[{\"@type\":\"SearchAction\",\"target\":{\"@type\":\"EntryPoint\",\"urlTemplate\":\"https:\/\/www.comfenalcovalle.com.co\/?s={search_term_string}\"},\"query-input\":{\"@type\":\"PropertyValueSpecification\",\"valueRequired\":true,\"valueName\":\"search_term_string\"}}],\"inLanguage\":\"en-US\"},{\"@type\":\"Organization\",\"@id\":\"https:\/\/www.comfenalcovalle.com.co\/#organization\",\"name\":\"Comfenalco Valle Delagente\",\"url\":\"https:\/\/www.comfenalcovalle.com.co\/\",\"logo\":{\"@type\":\"ImageObject\",\"inLanguage\":\"en-US\",\"@id\":\"https:\/\/www.comfenalcovalle.com.co\/#\/schema\/logo\/image\/\",\"url\":\"https:\/\/test.comfenalcovalle.com.co\/wp-content\/uploads\/2021\/06\/logo-comfe-cabecera-agencia-empelo-actualizado.png\",\"contentUrl\":\"https:\/\/test.comfenalcovalle.com.co\/wp-content\/uploads\/2021\/06\/logo-comfe-cabecera-agencia-empelo-actualizado.png\",\"width\":500,\"height\":184,\"caption\":\"Comfenalco Valle Delagente\"},\"image\":{\"@id\":\"https:\/\/www.comfenalcovalle.com.co\/#\/schema\/logo\/image\/\"}}]}<\/script>\n<!-- \/ Yoast SEO Premium plugin. -->","yoast_head_json":{"title":"Jard\u00edn Bot\u00e1nico de cali - Comfenalco Valle Delagente","robots":{"index":"index","follow":"follow","max-snippet":"max-snippet:-1","max-image-preview":"max-image-preview:large","max-video-preview":"max-video-preview:-1"},"canonical":"https:\/\/www.comfenalcovalle.com.co\/articulos-revista-ma\/jardin-botanico-de-cali\/","og_locale":"en_US","og_type":"article","og_title":"Jard\u00edn Bot\u00e1nico de cali","og_description":"Una experiencia de conexi\u00f3n con la naturaleza y de promoci\u00f3n de valores relacionados con el buen vivir Al oeste de la capital del departamento se encuentra ubicado el compa\u00f1ero inseparable del r\u00edo Cali: el Jard\u00edn Bot\u00e1nico. Fundado en el 2001 con el prop\u00f3sito de promover la conservaci\u00f3n, investigaci\u00f3n y educaci\u00f3n ambiental de la flora del [&hellip;]","og_url":"https:\/\/www.comfenalcovalle.com.co\/articulos-revista-ma\/jardin-botanico-de-cali\/","og_site_name":"Comfenalco Valle Delagente","article_modified_time":"2024-12-23T21:40:04+00:00","og_image":[{"width":711,"height":399,"url":"https:\/\/www.comfenalcovalle.com.co\/wp-content\/uploads\/2024\/12\/Jardin-Botanico-de-cali-portada.jpg","type":"image\/jpeg"}],"twitter_card":"summary_large_image","twitter_misc":{"Est. reading time":"4 minutes"},"schema":{"@context":"https:\/\/schema.org","@graph":[{"@type":"WebPage","@id":"https:\/\/www.comfenalcovalle.com.co\/articulos-revista-ma\/jardin-botanico-de-cali\/","url":"https:\/\/www.comfenalcovalle.com.co\/articulos-revista-ma\/jardin-botanico-de-cali\/","name":"Jard\u00edn Bot\u00e1nico de cali - Comfenalco Valle Delagente","isPartOf":{"@id":"https:\/\/www.comfenalcovalle.com.co\/#website"},"primaryImageOfPage":{"@id":"https:\/\/www.comfenalcovalle.com.co\/articulos-revista-ma\/jardin-botanico-de-cali\/#primaryimage"},"image":{"@id":"https:\/\/www.comfenalcovalle.com.co\/articulos-revista-ma\/jardin-botanico-de-cali\/#primaryimage"},"thumbnailUrl":"https:\/\/test.comfenalcovalle.com.co\/wp-content\/uploads\/2024\/12\/Jardin-Botanico-de-cali-portada.jpg","datePublished":"2024-12-19T22:06:31+00:00","dateModified":"2024-12-23T21:40:04+00:00","breadcrumb":{"@id":"https:\/\/www.comfenalcovalle.com.co\/articulos-revista-ma\/jardin-botanico-de-cali\/#breadcrumb"},"inLanguage":"en-US","potentialAction":[{"@type":"ReadAction","target":["https:\/\/www.comfenalcovalle.com.co\/articulos-revista-ma\/jardin-botanico-de-cali\/"]}]},{"@type":"ImageObject","inLanguage":"en-US","@id":"https:\/\/www.comfenalcovalle.com.co\/articulos-revista-ma\/jardin-botanico-de-cali\/#primaryimage","url":"https:\/\/test.comfenalcovalle.com.co\/wp-content\/uploads\/2024\/12\/Jardin-Botanico-de-cali-portada.jpg","contentUrl":"https:\/\/test.comfenalcovalle.com.co\/wp-content\/uploads\/2024\/12\/Jardin-Botanico-de-cali-portada.jpg","width":711,"height":399,"caption":"Jardin-Botanico-de-cali-portada"},{"@type":"BreadcrumbList","@id":"https:\/\/www.comfenalcovalle.com.co\/articulos-revista-ma\/jardin-botanico-de-cali\/#breadcrumb","itemListElement":[{"@type":"ListItem","position":1,"name":"Portada","item":"https:\/\/www.comfenalcovalle.com.co\/"},{"@type":"ListItem","position":2,"name":"Art\u00edculos Revista Maestros","item":"https:\/\/www.comfenalcovalle.com.co\/articulos-revista-ma\/"},{"@type":"ListItem","position":3,"name":"Jard\u00edn Bot\u00e1nico de cali"}]},{"@type":"WebSite","@id":"https:\/\/www.comfenalcovalle.com.co\/#website","url":"https:\/\/www.comfenalcovalle.com.co\/","name":"Comfenalco Valle Delagente","description":"Comfenalco Valle Delagente compensation fund.","publisher":{"@id":"https:\/\/www.comfenalcovalle.com.co\/#organization"},"potentialAction":[{"@type":"SearchAction","target":{"@type":"EntryPoint","urlTemplate":"https:\/\/www.comfenalcovalle.com.co\/?s={search_term_string}"},"query-input":{"@type":"PropertyValueSpecification","valueRequired":true,"valueName":"search_term_string"}}],"inLanguage":"en-US"},{"@type":"Organization","@id":"https:\/\/www.comfenalcovalle.com.co\/#organization","name":"Comfenalco Valle Delagente","url":"https:\/\/www.comfenalcovalle.com.co\/","logo":{"@type":"ImageObject","inLanguage":"en-US","@id":"https:\/\/www.comfenalcovalle.com.co\/#\/schema\/logo\/image\/","url":"https:\/\/test.comfenalcovalle.com.co\/wp-content\/uploads\/2021\/06\/logo-comfe-cabecera-agencia-empelo-actualizado.png","contentUrl":"https:\/\/test.comfenalcovalle.com.co\/wp-content\/uploads\/2021\/06\/logo-comfe-cabecera-agencia-empelo-actualizado.png","width":500,"height":184,"caption":"Comfenalco Valle Delagente"},"image":{"@id":"https:\/\/www.comfenalcovalle.com.co\/#\/schema\/logo\/image\/"}}]}},"publishpress_future_workflow_manual_trigger":{"enabledWorkflows":[]},"_links":{"self":[{"href":"https:\/\/test.comfenalcovalle.com.co\/en\/wp-json\/wp\/v2\/articulos-revista-ma\/651700","targetHints":{"allow":["GET"]}}],"collection":[{"href":"https:\/\/test.comfenalcovalle.com.co\/en\/wp-json\/wp\/v2\/articulos-revista-ma"}],"about":[{"href":"https:\/\/test.comfenalcovalle.com.co\/en\/wp-json\/wp\/v2\/types\/articulos-revista-ma"}],"version-history":[{"count":0,"href":"https:\/\/test.comfenalcovalle.com.co\/en\/wp-json\/wp\/v2\/articulos-revista-ma\/651700\/revisions"}],"wp:featuredmedia":[{"embeddable":true,"href":"https:\/\/test.comfenalcovalle.com.co\/en\/wp-json\/wp\/v2\/media\/651917"}],"wp:attachment":[{"href":"https:\/\/test.comfenalcovalle.com.co\/en\/wp-json\/wp\/v2\/media?parent=651700"}],"wp:term":[{"taxonomy":"categorias-articulos-revista-ma","embeddable":true,"href":"https:\/\/test.comfenalcovalle.com.co\/en\/wp-json\/wp\/v2\/categorias-articulos-revista-ma?post=651700"}],"curies":[{"name":"wp","href":"https:\/\/api.w.org\/{rel}","templated":true}]}}