{"id":651688,"date":"2024-12-19T16:20:53","date_gmt":"2024-12-19T21:20:53","guid":{"rendered":"https:\/\/test.comfenalcovalle.com.co\/?post_type=articulos-revista-ma&#038;p=651688"},"modified":"2024-12-19T16:22:01","modified_gmt":"2024-12-19T21:22:01","slug":"retos-y-perspectivas-para-los-docentes-del-valle-del-cauca-en-2025-la-educacion-como-pilar-de-progreso-regional","status":"publish","type":"articulos-revista-ma","link":"https:\/\/test.comfenalcovalle.com.co\/en\/articulos-revista-ma\/retos-y-perspectivas-para-los-docentes-del-valle-del-cauca-en-2025-la-educacion-como-pilar-de-progreso-regional\/","title":{"rendered":"Retos y perspectivas para los docentes del Valle del Cauca en 2025: la educaci\u00f3n como pilar de progreso regional"},"content":{"rendered":"<div data-elementor-type=\"wp-post\" data-elementor-id=\"651688\" class=\"elementor elementor-651688\" data-elementor-post-type=\"articulos-revista-ma\">\n\t\t\t\t<div class=\"elementor-element elementor-element-c2e477b e-flex e-con-boxed e-con e-parent\" data-id=\"c2e477b\" data-element_type=\"container\">\n\t\t\t\t\t<div class=\"e-con-inner\">\n\t\t<div class=\"elementor-element elementor-element-76f60a1 e-flex e-con-boxed e-con e-parent\" data-id=\"76f60a1\" data-element_type=\"container\" data-settings=\"{&quot;background_background&quot;:&quot;classic&quot;}\">\n\t\t\t\t\t<div class=\"e-con-inner\">\n\t\t<div class=\"elementor-element elementor-element-b5de300 e-flex e-con-boxed e-con e-parent\" data-id=\"b5de300\" data-element_type=\"container\">\n\t\t\t\t\t<div class=\"e-con-inner\">\n\t\t<div class=\"elementor-element elementor-element-4cb14d1 e-flex e-con-boxed e-con e-parent\" data-id=\"4cb14d1\" data-element_type=\"container\">\n\t\t\t\t\t<div class=\"e-con-inner\">\n\t\t\t\t<div class=\"elementor-element elementor-element-774dc71 elementor-widget elementor-widget-image\" data-id=\"774dc71\" data-element_type=\"widget\" data-widget_type=\"image.default\">\n\t\t\t\t<div class=\"elementor-widget-container\">\n\t\t\t\t\t\t\t\t\t\t\t\t\t\t\t<img fetchpriority=\"high\" decoding=\"async\" width=\"1280\" height=\"720\" src=\"https:\/\/test.comfenalcovalle.com.co\/wp-content\/uploads\/2024\/08\/FELICE-GRIMOLDI-REBOLLEDO-portada-scaled.webp\" class=\"attachment-full size-full wp-image-642711\" alt=\"FELICE GRIMOLDI REBOLLEDO\" srcset=\"https:\/\/test.comfenalcovalle.com.co\/wp-content\/uploads\/2024\/08\/FELICE-GRIMOLDI-REBOLLEDO-portada-scaled.webp 1280w, https:\/\/test.comfenalcovalle.com.co\/wp-content\/uploads\/2024\/08\/FELICE-GRIMOLDI-REBOLLEDO-portada-300x169.webp 300w, https:\/\/test.comfenalcovalle.com.co\/wp-content\/uploads\/2024\/08\/FELICE-GRIMOLDI-REBOLLEDO-portada-1024x576.webp 1024w, https:\/\/test.comfenalcovalle.com.co\/wp-content\/uploads\/2024\/08\/FELICE-GRIMOLDI-REBOLLEDO-portada-768x432.webp 768w, https:\/\/test.comfenalcovalle.com.co\/wp-content\/uploads\/2024\/08\/FELICE-GRIMOLDI-REBOLLEDO-portada-1536x864.webp 1536w, https:\/\/test.comfenalcovalle.com.co\/wp-content\/uploads\/2024\/08\/FELICE-GRIMOLDI-REBOLLEDO-portada-18x10.webp 18w\" sizes=\"(max-width: 1280px) 100vw, 1280px\" \/>\t\t\t\t\t\t\t\t\t\t\t\t\t\t\t<\/div>\n\t\t\t\t<\/div>\n\t\t<div class=\"elementor-element elementor-element-aa3d872 e-flex e-con-boxed e-con e-parent\" data-id=\"aa3d872\" data-element_type=\"container\">\n\t\t\t\t\t<div class=\"e-con-inner\">\n\t\t\t\t<div class=\"elementor-element elementor-element-6183a37 elementor-widget elementor-widget-heading\" data-id=\"6183a37\" data-element_type=\"widget\" data-widget_type=\"heading.default\">\n\t\t\t\t<div class=\"elementor-widget-container\">\n\t\t\t\t\t<p class=\"elementor-heading-title elementor-size-default\">FELICE GRIMOLDI REBOLLEDO<\/p>\t\t\t\t<\/div>\n\t\t\t\t<\/div>\n\t\t\t\t<div class=\"elementor-element elementor-element-1dfbcfa elementor-widget elementor-widget-heading\" data-id=\"1dfbcfa\" data-element_type=\"widget\" data-widget_type=\"heading.default\">\n\t\t\t\t<div class=\"elementor-widget-container\">\n\t\t\t\t\t<p class=\"elementor-heading-title elementor-size-default\">Director General<\/p>\t\t\t\t<\/div>\n\t\t\t\t<\/div>\n\t\t\t\t\t<\/div>\n\t\t\t\t<\/div>\n\t\t\t\t\t<\/div>\n\t\t\t\t<\/div>\n\t\t<div class=\"elementor-element elementor-element-c456137 e-flex e-con-boxed e-con e-parent\" data-id=\"c456137\" data-element_type=\"container\">\n\t\t\t\t\t<div class=\"e-con-inner\">\n\t\t\t\t<div class=\"elementor-element elementor-element-4781333 elementor-widget elementor-widget-text-editor\" data-id=\"4781333\" data-element_type=\"widget\" data-widget_type=\"text-editor.default\">\n\t\t\t\t<div class=\"elementor-widget-container\">\n\t\t\t\t\t\t\t\t\t<p>El a\u00f1o 2025 se presenta como un periodo de transici\u00f3n y oportunidad para los docentes del Valle del Cauca, una regi\u00f3n caracterizada por su diversidad cultural, geogr\u00e1fica y econ\u00f3mica. En este nuevo a\u00f1o, el sistema educativo regional enfrenta retos significativos, pero tambi\u00e9n se vislumbran posibilidades para fortalecer la educaci\u00f3n, un pilar esencial en el desarrollo social y econ\u00f3mico del departamento.<\/p>\t\t\t\t\t\t\t\t<\/div>\n\t\t\t\t<\/div>\n\t\t\t\t<div class=\"elementor-element elementor-element-ce78575 elementor-widget elementor-widget-heading\" data-id=\"ce78575\" data-element_type=\"widget\" data-widget_type=\"heading.default\">\n\t\t\t\t<div class=\"elementor-widget-container\">\n\t\t\t\t\t<h2 class=\"elementor-heading-title elementor-size-default\">Los retos de los docentes del Valle del Cauca en 2025<\/h2>\t\t\t\t<\/div>\n\t\t\t\t<\/div>\n\t\t\t\t<div class=\"elementor-element elementor-element-b0fa5ab elementor-widget elementor-widget-text-editor\" data-id=\"b0fa5ab\" data-element_type=\"widget\" data-widget_type=\"text-editor.default\">\n\t\t\t\t<div class=\"elementor-widget-container\">\n\t\t\t\t\t\t\t\t\t<p>Uno de los principales desaf\u00edos para los educadores de esta regi\u00f3n ser\u00e1 la adaptaci\u00f3n a las nuevas metodolog\u00edas de ense\u00f1anza que han cobrado relevancia en los \u00faltimos a\u00f1os. La digitalizaci\u00f3n de los procesos educativos, acelerada por la pandemia de COVID-19, dej\u00f3 una huella profunda en las aulas. Si bien muchas instituciones han avanzado en el uso de tecnolog\u00edas, la brecha digital sigue siendo un obst\u00e1culo importante, especialmente en zonas rurales. Los docentes deben seguir form\u00e1ndose y actualizar sus herramientas pedag\u00f3gicas para integrar eficazmente las tecnolog\u00edas en el aula, sin perder de vista la importancia de la ense\u00f1anza presencial.<\/p>\t\t\t\t\t\t\t\t<\/div>\n\t\t\t\t<\/div>\n\t\t\t\t\t<\/div>\n\t\t\t\t<\/div>\n\t\t\t\t\t<\/div>\n\t\t\t\t<\/div>\n\t\t\t\t<div class=\"elementor-element elementor-element-2c23751 elementor-widget elementor-widget-heading\" data-id=\"2c23751\" data-element_type=\"widget\" data-widget_type=\"heading.default\">\n\t\t\t\t<div class=\"elementor-widget-container\">\n\t\t\t\t\t<h2 class=\"elementor-heading-title elementor-size-default\">La importancia y pertinencia de la educaci\u00f3n en el Valle del Cauca<\/h2>\t\t\t\t<\/div>\n\t\t\t\t<\/div>\n\t\t\t\t<div class=\"elementor-element elementor-element-ed0828d elementor-widget elementor-widget-text-editor\" data-id=\"ed0828d\" data-element_type=\"widget\" data-widget_type=\"text-editor.default\">\n\t\t\t\t<div class=\"elementor-widget-container\">\n\t\t\t\t\t\t\t\t\t<p>A pesar de estos retos, la educaci\u00f3n sigue siendo una herramienta fundamental para el progreso del Valle del Cauca. En un contexto de constante transformaci\u00f3n social y econ\u00f3mica, la educaci\u00f3n de calidad es un motor de cambio. A trav\u00e9s de ella, los j\u00f3venes pueden acceder a mejores oportunidades laborales, reducir la pobreza y contribuir al desarrollo sostenible de sus comunidades.<\/p><p>El Valle del Cauca, como una de las regiones m\u00e1s productivas de Colombia, posee un gran potencial en sectores como la agricultura, la tecnolog\u00eda y el turismo. La capacitaci\u00f3n de los estudiantes en \u00e1reas clave, como ciencias, matem\u00e1ticas y tecnolog\u00eda, es vital para que la regi\u00f3n pueda seguir siendo competitiva en el \u00e1mbito nacional e internacional. Adem\u00e1s, los docentes juegan un papel esencial en la formaci\u00f3n de ciudadanos cr\u00edticos y responsables, que puedan afrontar los retos sociales, pol\u00edticos y econ\u00f3micos del pa\u00eds.<\/p>\t\t\t\t\t\t\t\t<\/div>\n\t\t\t\t<\/div>\n\t\t<div class=\"elementor-element elementor-element-5122591 e-flex e-con-boxed e-con e-parent\" data-id=\"5122591\" data-element_type=\"container\" data-settings=\"{&quot;background_background&quot;:&quot;classic&quot;}\">\n\t\t\t\t\t<div class=\"e-con-inner\">\n\t\t\t\t<div class=\"elementor-element elementor-element-ffbbf94 elementor-widget elementor-widget-heading\" data-id=\"ffbbf94\" data-element_type=\"widget\" data-widget_type=\"heading.default\">\n\t\t\t\t<div class=\"elementor-widget-container\">\n\t\t\t\t\t<h2 class=\"elementor-heading-title elementor-size-default\">Conclusi\u00f3n: un a\u00f1o de desaf\u00edos y oportunidades<\/h2>\t\t\t\t<\/div>\n\t\t\t\t<\/div>\n\t\t\t\t<div class=\"elementor-element elementor-element-6c346c3 elementor-widget elementor-widget-text-editor\" data-id=\"6c346c3\" data-element_type=\"widget\" data-widget_type=\"text-editor.default\">\n\t\t\t\t<div class=\"elementor-widget-container\">\n\t\t\t\t\t\t\t\t\t<p>El inicio del a\u00f1o 2025 es una invitaci\u00f3n a reflexionar sobre el papel que la educaci\u00f3n desempe\u00f1a en la transformaci\u00f3n del Valle del Cauca. Los docentes, en su labor diaria, son los art\u00edfices de un futuro m\u00e1s inclusivo, equitativo y pr\u00f3spero para la regi\u00f3n.<\/p>\t\t\t\t\t\t\t\t<\/div>\n\t\t\t\t<\/div>\n\t\t\t\t\t<\/div>\n\t\t\t\t<\/div>\n\t\t\t\t\t<\/div>\n\t\t\t\t<\/div>\n\t\t\t\t\t<\/div>\n\t\t\t\t<\/div>\n\t\t\t\t<\/div>","protected":false},"featured_media":642711,"parent":0,"template":"","categorias-articulos-revista-ma":[935],"class_list":["post-651688","articulos-revista-ma","type-articulos-revista-ma","status-publish","has-post-thumbnail","hentry","categorias-articulos-revista-ma-editorial"],"yoast_head":"<!-- This site is optimized with the Yoast SEO Premium plugin v25.9 (Yoast SEO v25.9) - https:\/\/yoast.com\/wordpress\/plugins\/seo\/ -->\n<title>Retos y perspectivas para los docentes del Valle del Cauca en 2025: la educaci\u00f3n como pilar de progreso regional - Comfenalco Valle Delagente<\/title>\n<meta name=\"robots\" content=\"index, follow, max-snippet:-1, max-image-preview:large, max-video-preview:-1\" \/>\n<link rel=\"canonical\" href=\"https:\/\/www.comfenalcovalle.com.co\/articulos-revista-ma\/retos-y-perspectivas-para-los-docentes-del-valle-del-cauca-en-2025-la-educacion-como-pilar-de-progreso-regional\/\" \/>\n<meta property=\"og:locale\" content=\"en_US\" \/>\n<meta property=\"og:type\" content=\"article\" \/>\n<meta property=\"og:title\" content=\"Retos y perspectivas para los docentes del Valle del Cauca en 2025: la educaci\u00f3n como pilar de progreso regional\" \/>\n<meta property=\"og:description\" content=\"FELICE GRIMOLDI REBOLLEDO Director General El a\u00f1o 2025 se presenta como un periodo de transici\u00f3n y oportunidad para los docentes del Valle del Cauca, una regi\u00f3n caracterizada por su diversidad cultural, geogr\u00e1fica y econ\u00f3mica. En este nuevo a\u00f1o, el sistema educativo regional enfrenta retos significativos, pero tambi\u00e9n se vislumbran posibilidades para fortalecer la educaci\u00f3n, un [&hellip;]\" \/>\n<meta property=\"og:url\" content=\"https:\/\/www.comfenalcovalle.com.co\/articulos-revista-ma\/retos-y-perspectivas-para-los-docentes-del-valle-del-cauca-en-2025-la-educacion-como-pilar-de-progreso-regional\/\" \/>\n<meta property=\"og:site_name\" content=\"Comfenalco Valle Delagente\" \/>\n<meta property=\"article:modified_time\" content=\"2024-12-19T21:22:01+00:00\" \/>\n<meta property=\"og:image\" content=\"https:\/\/www.comfenalcovalle.com.co\/wp-content\/uploads\/2024\/08\/FELICE-GRIMOLDI-REBOLLEDO-portada-scaled.webp\" \/>\n\t<meta property=\"og:image:width\" content=\"1280\" \/>\n\t<meta property=\"og:image:height\" content=\"720\" \/>\n\t<meta property=\"og:image:type\" content=\"image\/webp\" \/>\n<meta name=\"twitter:card\" content=\"summary_large_image\" \/>\n<meta name=\"twitter:label1\" content=\"Est. reading time\" \/>\n\t<meta name=\"twitter:data1\" content=\"2 minutes\" \/>\n<script type=\"application\/ld+json\" class=\"yoast-schema-graph\">{\"@context\":\"https:\/\/schema.org\",\"@graph\":[{\"@type\":\"WebPage\",\"@id\":\"https:\/\/www.comfenalcovalle.com.co\/articulos-revista-ma\/retos-y-perspectivas-para-los-docentes-del-valle-del-cauca-en-2025-la-educacion-como-pilar-de-progreso-regional\/\",\"url\":\"https:\/\/www.comfenalcovalle.com.co\/articulos-revista-ma\/retos-y-perspectivas-para-los-docentes-del-valle-del-cauca-en-2025-la-educacion-como-pilar-de-progreso-regional\/\",\"name\":\"Retos y perspectivas para los docentes del Valle del Cauca en 2025: la educaci\u00f3n como pilar de progreso regional - Comfenalco Valle Delagente\",\"isPartOf\":{\"@id\":\"https:\/\/www.comfenalcovalle.com.co\/#website\"},\"primaryImageOfPage\":{\"@id\":\"https:\/\/www.comfenalcovalle.com.co\/articulos-revista-ma\/retos-y-perspectivas-para-los-docentes-del-valle-del-cauca-en-2025-la-educacion-como-pilar-de-progreso-regional\/#primaryimage\"},\"image\":{\"@id\":\"https:\/\/www.comfenalcovalle.com.co\/articulos-revista-ma\/retos-y-perspectivas-para-los-docentes-del-valle-del-cauca-en-2025-la-educacion-como-pilar-de-progreso-regional\/#primaryimage\"},\"thumbnailUrl\":\"https:\/\/test.comfenalcovalle.com.co\/wp-content\/uploads\/2024\/08\/FELICE-GRIMOLDI-REBOLLEDO-portada-scaled.webp\",\"datePublished\":\"2024-12-19T21:20:53+00:00\",\"dateModified\":\"2024-12-19T21:22:01+00:00\",\"breadcrumb\":{\"@id\":\"https:\/\/www.comfenalcovalle.com.co\/articulos-revista-ma\/retos-y-perspectivas-para-los-docentes-del-valle-del-cauca-en-2025-la-educacion-como-pilar-de-progreso-regional\/#breadcrumb\"},\"inLanguage\":\"en-US\",\"potentialAction\":[{\"@type\":\"ReadAction\",\"target\":[\"https:\/\/www.comfenalcovalle.com.co\/articulos-revista-ma\/retos-y-perspectivas-para-los-docentes-del-valle-del-cauca-en-2025-la-educacion-como-pilar-de-progreso-regional\/\"]}]},{\"@type\":\"ImageObject\",\"inLanguage\":\"en-US\",\"@id\":\"https:\/\/www.comfenalcovalle.com.co\/articulos-revista-ma\/retos-y-perspectivas-para-los-docentes-del-valle-del-cauca-en-2025-la-educacion-como-pilar-de-progreso-regional\/#primaryimage\",\"url\":\"https:\/\/test.comfenalcovalle.com.co\/wp-content\/uploads\/2024\/08\/FELICE-GRIMOLDI-REBOLLEDO-portada-scaled.webp\",\"contentUrl\":\"https:\/\/test.comfenalcovalle.com.co\/wp-content\/uploads\/2024\/08\/FELICE-GRIMOLDI-REBOLLEDO-portada-scaled.webp\",\"width\":1280,\"height\":720,\"caption\":\"FELICE GRIMOLDI REBOLLEDO\"},{\"@type\":\"BreadcrumbList\",\"@id\":\"https:\/\/www.comfenalcovalle.com.co\/articulos-revista-ma\/retos-y-perspectivas-para-los-docentes-del-valle-del-cauca-en-2025-la-educacion-como-pilar-de-progreso-regional\/#breadcrumb\",\"itemListElement\":[{\"@type\":\"ListItem\",\"position\":1,\"name\":\"Portada\",\"item\":\"https:\/\/www.comfenalcovalle.com.co\/\"},{\"@type\":\"ListItem\",\"position\":2,\"name\":\"Art\u00edculos Revista Maestros\",\"item\":\"https:\/\/www.comfenalcovalle.com.co\/articulos-revista-ma\/\"},{\"@type\":\"ListItem\",\"position\":3,\"name\":\"Retos y perspectivas para los docentes del Valle del Cauca en 2025: la educaci\u00f3n como pilar de progreso regional\"}]},{\"@type\":\"WebSite\",\"@id\":\"https:\/\/www.comfenalcovalle.com.co\/#website\",\"url\":\"https:\/\/www.comfenalcovalle.com.co\/\",\"name\":\"Comfenalco Valle Delagente\",\"description\":\"Caja de compensaci\u00f3n de Comfenalco Valle Delagente.\",\"publisher\":{\"@id\":\"https:\/\/www.comfenalcovalle.com.co\/#organization\"},\"potentialAction\":[{\"@type\":\"SearchAction\",\"target\":{\"@type\":\"EntryPoint\",\"urlTemplate\":\"https:\/\/www.comfenalcovalle.com.co\/?s={search_term_string}\"},\"query-input\":{\"@type\":\"PropertyValueSpecification\",\"valueRequired\":true,\"valueName\":\"search_term_string\"}}],\"inLanguage\":\"en-US\"},{\"@type\":\"Organization\",\"@id\":\"https:\/\/www.comfenalcovalle.com.co\/#organization\",\"name\":\"Comfenalco Valle Delagente\",\"url\":\"https:\/\/www.comfenalcovalle.com.co\/\",\"logo\":{\"@type\":\"ImageObject\",\"inLanguage\":\"en-US\",\"@id\":\"https:\/\/www.comfenalcovalle.com.co\/#\/schema\/logo\/image\/\",\"url\":\"https:\/\/test.comfenalcovalle.com.co\/wp-content\/uploads\/2021\/06\/logo-comfe-cabecera-agencia-empelo-actualizado.png\",\"contentUrl\":\"https:\/\/test.comfenalcovalle.com.co\/wp-content\/uploads\/2021\/06\/logo-comfe-cabecera-agencia-empelo-actualizado.png\",\"width\":500,\"height\":184,\"caption\":\"Comfenalco Valle Delagente\"},\"image\":{\"@id\":\"https:\/\/www.comfenalcovalle.com.co\/#\/schema\/logo\/image\/\"}}]}<\/script>\n<!-- \/ Yoast SEO Premium plugin. -->","yoast_head_json":{"title":"Retos y perspectivas para los docentes del Valle del Cauca en 2025: la educaci\u00f3n como pilar de progreso regional - Comfenalco Valle Delagente","robots":{"index":"index","follow":"follow","max-snippet":"max-snippet:-1","max-image-preview":"max-image-preview:large","max-video-preview":"max-video-preview:-1"},"canonical":"https:\/\/www.comfenalcovalle.com.co\/articulos-revista-ma\/retos-y-perspectivas-para-los-docentes-del-valle-del-cauca-en-2025-la-educacion-como-pilar-de-progreso-regional\/","og_locale":"en_US","og_type":"article","og_title":"Retos y perspectivas para los docentes del Valle del Cauca en 2025: la educaci\u00f3n como pilar de progreso regional","og_description":"FELICE GRIMOLDI REBOLLEDO Director General El a\u00f1o 2025 se presenta como un periodo de transici\u00f3n y oportunidad para los docentes del Valle del Cauca, una regi\u00f3n caracterizada por su diversidad cultural, geogr\u00e1fica y econ\u00f3mica. En este nuevo a\u00f1o, el sistema educativo regional enfrenta retos significativos, pero tambi\u00e9n se vislumbran posibilidades para fortalecer la educaci\u00f3n, un [&hellip;]","og_url":"https:\/\/www.comfenalcovalle.com.co\/articulos-revista-ma\/retos-y-perspectivas-para-los-docentes-del-valle-del-cauca-en-2025-la-educacion-como-pilar-de-progreso-regional\/","og_site_name":"Comfenalco Valle Delagente","article_modified_time":"2024-12-19T21:22:01+00:00","og_image":[{"width":1280,"height":720,"url":"https:\/\/www.comfenalcovalle.com.co\/wp-content\/uploads\/2024\/08\/FELICE-GRIMOLDI-REBOLLEDO-portada-scaled.webp","type":"image\/webp"}],"twitter_card":"summary_large_image","twitter_misc":{"Est. reading time":"2 minutes"},"schema":{"@context":"https:\/\/schema.org","@graph":[{"@type":"WebPage","@id":"https:\/\/www.comfenalcovalle.com.co\/articulos-revista-ma\/retos-y-perspectivas-para-los-docentes-del-valle-del-cauca-en-2025-la-educacion-como-pilar-de-progreso-regional\/","url":"https:\/\/www.comfenalcovalle.com.co\/articulos-revista-ma\/retos-y-perspectivas-para-los-docentes-del-valle-del-cauca-en-2025-la-educacion-como-pilar-de-progreso-regional\/","name":"Retos y perspectivas para los docentes del Valle del Cauca en 2025: la educaci\u00f3n como pilar de progreso regional - Comfenalco Valle Delagente","isPartOf":{"@id":"https:\/\/www.comfenalcovalle.com.co\/#website"},"primaryImageOfPage":{"@id":"https:\/\/www.comfenalcovalle.com.co\/articulos-revista-ma\/retos-y-perspectivas-para-los-docentes-del-valle-del-cauca-en-2025-la-educacion-como-pilar-de-progreso-regional\/#primaryimage"},"image":{"@id":"https:\/\/www.comfenalcovalle.com.co\/articulos-revista-ma\/retos-y-perspectivas-para-los-docentes-del-valle-del-cauca-en-2025-la-educacion-como-pilar-de-progreso-regional\/#primaryimage"},"thumbnailUrl":"https:\/\/test.comfenalcovalle.com.co\/wp-content\/uploads\/2024\/08\/FELICE-GRIMOLDI-REBOLLEDO-portada-scaled.webp","datePublished":"2024-12-19T21:20:53+00:00","dateModified":"2024-12-19T21:22:01+00:00","breadcrumb":{"@id":"https:\/\/www.comfenalcovalle.com.co\/articulos-revista-ma\/retos-y-perspectivas-para-los-docentes-del-valle-del-cauca-en-2025-la-educacion-como-pilar-de-progreso-regional\/#breadcrumb"},"inLanguage":"en-US","potentialAction":[{"@type":"ReadAction","target":["https:\/\/www.comfenalcovalle.com.co\/articulos-revista-ma\/retos-y-perspectivas-para-los-docentes-del-valle-del-cauca-en-2025-la-educacion-como-pilar-de-progreso-regional\/"]}]},{"@type":"ImageObject","inLanguage":"en-US","@id":"https:\/\/www.comfenalcovalle.com.co\/articulos-revista-ma\/retos-y-perspectivas-para-los-docentes-del-valle-del-cauca-en-2025-la-educacion-como-pilar-de-progreso-regional\/#primaryimage","url":"https:\/\/test.comfenalcovalle.com.co\/wp-content\/uploads\/2024\/08\/FELICE-GRIMOLDI-REBOLLEDO-portada-scaled.webp","contentUrl":"https:\/\/test.comfenalcovalle.com.co\/wp-content\/uploads\/2024\/08\/FELICE-GRIMOLDI-REBOLLEDO-portada-scaled.webp","width":1280,"height":720,"caption":"FELICE GRIMOLDI REBOLLEDO"},{"@type":"BreadcrumbList","@id":"https:\/\/www.comfenalcovalle.com.co\/articulos-revista-ma\/retos-y-perspectivas-para-los-docentes-del-valle-del-cauca-en-2025-la-educacion-como-pilar-de-progreso-regional\/#breadcrumb","itemListElement":[{"@type":"ListItem","position":1,"name":"Portada","item":"https:\/\/www.comfenalcovalle.com.co\/"},{"@type":"ListItem","position":2,"name":"Art\u00edculos Revista Maestros","item":"https:\/\/www.comfenalcovalle.com.co\/articulos-revista-ma\/"},{"@type":"ListItem","position":3,"name":"Retos y perspectivas para los docentes del Valle del Cauca en 2025: la educaci\u00f3n como pilar de progreso regional"}]},{"@type":"WebSite","@id":"https:\/\/www.comfenalcovalle.com.co\/#website","url":"https:\/\/www.comfenalcovalle.com.co\/","name":"Comfenalco Valle Delagente","description":"Comfenalco Valle Delagente compensation fund.","publisher":{"@id":"https:\/\/www.comfenalcovalle.com.co\/#organization"},"potentialAction":[{"@type":"SearchAction","target":{"@type":"EntryPoint","urlTemplate":"https:\/\/www.comfenalcovalle.com.co\/?s={search_term_string}"},"query-input":{"@type":"PropertyValueSpecification","valueRequired":true,"valueName":"search_term_string"}}],"inLanguage":"en-US"},{"@type":"Organization","@id":"https:\/\/www.comfenalcovalle.com.co\/#organization","name":"Comfenalco Valle Delagente","url":"https:\/\/www.comfenalcovalle.com.co\/","logo":{"@type":"ImageObject","inLanguage":"en-US","@id":"https:\/\/www.comfenalcovalle.com.co\/#\/schema\/logo\/image\/","url":"https:\/\/test.comfenalcovalle.com.co\/wp-content\/uploads\/2021\/06\/logo-comfe-cabecera-agencia-empelo-actualizado.png","contentUrl":"https:\/\/test.comfenalcovalle.com.co\/wp-content\/uploads\/2021\/06\/logo-comfe-cabecera-agencia-empelo-actualizado.png","width":500,"height":184,"caption":"Comfenalco Valle Delagente"},"image":{"@id":"https:\/\/www.comfenalcovalle.com.co\/#\/schema\/logo\/image\/"}}]}},"publishpress_future_workflow_manual_trigger":{"enabledWorkflows":[]},"_links":{"self":[{"href":"https:\/\/test.comfenalcovalle.com.co\/en\/wp-json\/wp\/v2\/articulos-revista-ma\/651688","targetHints":{"allow":["GET"]}}],"collection":[{"href":"https:\/\/test.comfenalcovalle.com.co\/en\/wp-json\/wp\/v2\/articulos-revista-ma"}],"about":[{"href":"https:\/\/test.comfenalcovalle.com.co\/en\/wp-json\/wp\/v2\/types\/articulos-revista-ma"}],"version-history":[{"count":0,"href":"https:\/\/test.comfenalcovalle.com.co\/en\/wp-json\/wp\/v2\/articulos-revista-ma\/651688\/revisions"}],"wp:featuredmedia":[{"embeddable":true,"href":"https:\/\/test.comfenalcovalle.com.co\/en\/wp-json\/wp\/v2\/media\/642711"}],"wp:attachment":[{"href":"https:\/\/test.comfenalcovalle.com.co\/en\/wp-json\/wp\/v2\/media?parent=651688"}],"wp:term":[{"taxonomy":"categorias-articulos-revista-ma","embeddable":true,"href":"https:\/\/test.comfenalcovalle.com.co\/en\/wp-json\/wp\/v2\/categorias-articulos-revista-ma?post=651688"}],"curies":[{"name":"wp","href":"https:\/\/api.w.org\/{rel}","templated":true}]}}