{"id":646260,"date":"2024-10-15T08:02:57","date_gmt":"2024-10-15T13:02:57","guid":{"rendered":"https:\/\/test.comfenalcovalle.com.co\/?post_type=articulos-revista-ma&#038;p=646260"},"modified":"2024-10-16T09:58:22","modified_gmt":"2024-10-16T14:58:22","slug":"en-la-institucion-educativa-gilberto-alzate-avendano-de-el-cairo-la-tradicion-cultural-se-conserva-y-se-pondera-en-las-aulas-de-clase","status":"publish","type":"articulos-revista-ma","link":"https:\/\/test.comfenalcovalle.com.co\/en\/articulos-revista-ma\/en-la-institucion-educativa-gilberto-alzate-avendano-de-el-cairo-la-tradicion-cultural-se-conserva-y-se-pondera-en-las-aulas-de-clase\/","title":{"rendered":"En la Instituci\u00f3n Educativa Gilberto \u00c1lzate Avenda\u00f1o de El Cairo, la tradici\u00f3n cultural se conserva y se pondera en las aulas de clase"},"content":{"rendered":"<div data-elementor-type=\"wp-post\" data-elementor-id=\"646260\" class=\"elementor elementor-646260\" data-elementor-post-type=\"articulos-revista-ma\">\n\t\t\t\t<div class=\"elementor-element elementor-element-8bef405 e-flex e-con-boxed e-con e-parent\" data-id=\"8bef405\" data-element_type=\"container\" data-settings=\"{&quot;background_background&quot;:&quot;classic&quot;}\">\n\t\t\t\t\t<div class=\"e-con-inner\">\n\t\t<div class=\"elementor-element elementor-element-a071043 e-flex e-con-boxed e-con e-parent\" data-id=\"a071043\" data-element_type=\"container\">\n\t\t\t\t\t<div class=\"e-con-inner\">\n\t\t\t\t<div class=\"elementor-element elementor-element-03af13a elementor-widget elementor-widget-heading\" data-id=\"03af13a\" data-element_type=\"widget\" data-widget_type=\"heading.default\">\n\t\t\t\t<div class=\"elementor-widget-container\">\n\t\t\t\t\t<p class=\"elementor-heading-title elementor-size-default\">Despu\u00e9s de explorar variedad de materiales, objetos y t\u00e9cnicas, desde hace tres a\u00f1os y medio, en la instituci\u00f3n se elabor\u00f3 un plan de trabajo llamado \u2018Taller de Artesan\u00edas\u2019 dirigido a los estudiantes de educaci\u00f3n b\u00e1sica secundaria, donde se asignan procesos para la elaboraci\u00f3n de las mismas.<\/p>\t\t\t\t<\/div>\n\t\t\t\t<\/div>\n\t\t\t\t\t<\/div>\n\t\t\t\t<\/div>\n\t\t<div class=\"elementor-element elementor-element-94e142b e-flex e-con-boxed e-con e-parent\" data-id=\"94e142b\" data-element_type=\"container\">\n\t\t\t\t\t<div class=\"e-con-inner\">\n\t\t<div class=\"elementor-element elementor-element-a99e2a2 e-flex e-con-boxed e-con e-parent\" data-id=\"a99e2a2\" data-element_type=\"container\">\n\t\t\t\t\t<div class=\"e-con-inner\">\n\t\t\t\t<div class=\"elementor-element elementor-element-9c8508d elementor-widget elementor-widget-image\" data-id=\"9c8508d\" data-element_type=\"widget\" data-widget_type=\"image.default\">\n\t\t\t\t<div class=\"elementor-widget-container\">\n\t\t\t\t\t\t\t\t\t\t\t\t\t\t\t<img fetchpriority=\"high\" decoding=\"async\" width=\"1000\" height=\"1000\" src=\"https:\/\/test.comfenalcovalle.com.co\/wp-content\/uploads\/2024\/10\/En-la-Institucion-Educativa-Gilberto-Alzate-Avendano-de-El-Cairo-la-tradicion-cultural-se-conserva-y-se-pondera-en-las-aulas-de-clase-5.png\" class=\"attachment-full size-full wp-image-646482\" alt=\"En la Institucio\u0301n Educativa Gilberto A\u0301lzate Avendan\u0303o de El Cairo, la tradicio\u0301n cultural se conserva y se pondera en las aulas de clase\" srcset=\"https:\/\/test.comfenalcovalle.com.co\/wp-content\/uploads\/2024\/10\/En-la-Institucion-Educativa-Gilberto-Alzate-Avendano-de-El-Cairo-la-tradicion-cultural-se-conserva-y-se-pondera-en-las-aulas-de-clase-5.png 1000w, https:\/\/test.comfenalcovalle.com.co\/wp-content\/uploads\/2024\/10\/En-la-Institucion-Educativa-Gilberto-Alzate-Avendano-de-El-Cairo-la-tradicion-cultural-se-conserva-y-se-pondera-en-las-aulas-de-clase-5-300x300.png 300w, https:\/\/test.comfenalcovalle.com.co\/wp-content\/uploads\/2024\/10\/En-la-Institucion-Educativa-Gilberto-Alzate-Avendano-de-El-Cairo-la-tradicion-cultural-se-conserva-y-se-pondera-en-las-aulas-de-clase-5-150x150.png 150w, https:\/\/test.comfenalcovalle.com.co\/wp-content\/uploads\/2024\/10\/En-la-Institucion-Educativa-Gilberto-Alzate-Avendano-de-El-Cairo-la-tradicion-cultural-se-conserva-y-se-pondera-en-las-aulas-de-clase-5-768x768.png 768w, https:\/\/test.comfenalcovalle.com.co\/wp-content\/uploads\/2024\/10\/En-la-Institucion-Educativa-Gilberto-Alzate-Avendano-de-El-Cairo-la-tradicion-cultural-se-conserva-y-se-pondera-en-las-aulas-de-clase-5-12x12.png 12w\" sizes=\"(max-width: 1000px) 100vw, 1000px\" \/>\t\t\t\t\t\t\t\t\t\t\t\t\t\t\t<\/div>\n\t\t\t\t<\/div>\n\t\t\t\t<div class=\"elementor-element elementor-element-978492d elementor-widget elementor-widget-heading\" data-id=\"978492d\" data-element_type=\"widget\" data-widget_type=\"heading.default\">\n\t\t\t\t<div class=\"elementor-widget-container\">\n\t\t\t\t\t<p class=\"elementor-heading-title elementor-size-default\">Los estudiantes son muy receptivos con este tipo de actividades manuales y se han apropiado del proyecto hasta el punto de que han adquirido por su propia cuenta, herramientas como el pirograbador, para elaborar sus propias artesan\u00edas en casa, ampliar su destreza en el manejo de esta herramienta en su tiempo libre y en el dise\u00f1o y calidad del producto      , se\u00f1ala Mu\u00f1oz.<\/p>\t\t\t\t<\/div>\n\t\t\t\t<\/div>\n\t\t\t\t\t<\/div>\n\t\t\t\t<\/div>\n\t\t<div class=\"elementor-element elementor-element-cdcb5f4 e-flex e-con-boxed e-con e-parent\" data-id=\"cdcb5f4\" data-element_type=\"container\">\n\t\t\t\t\t<div class=\"e-con-inner\">\n\t\t\t\t<div class=\"elementor-element elementor-element-c1269db elementor-widget elementor-widget-text-editor\" data-id=\"c1269db\" data-element_type=\"widget\" data-widget_type=\"text-editor.default\">\n\t\t\t\t<div class=\"elementor-widget-container\">\n\t\t\t\t\t\t\t\t\t<p>En el municipio de El Cairo, zona caracterizada por sus bondades agr\u00edcolas donde sobresalen los cultivos de caf\u00e9, frijol, banano, yuca, entre otros, existe una instituci\u00f3n educativa en la que la cultura es el basti\u00f3n principal de la educaci\u00f3n y el veh\u00edculo movilizador de los saberes.<\/p><p>Esta es la Instituci\u00f3n Educativa Gilberto \u00c1lzate Avenda\u00f1o, que incluye dentro de su plan acad\u00e9mico la asignatura artesan\u00edas, articul\u00e1ndose as\u00ed con el t\u00e9cnico de Operaci\u00f3n Tur\u00edstica Local que se oferta en la misma.<\/p><p>\u201cEl trabajo pedag\u00f3gico inicial es por medio de conceptos te\u00f3ricos apoyados de recursos audiovisuales donde <span style=\"color: #d94d2d;\"><strong>se ense\u00f1a qu\u00e9 es una artesan\u00eda colombiana, su origen, saberes ancestrales y culturales,<\/strong><\/span> procesos y tiempos de elaboraci\u00f3n y relevo generacional, para cada una de las regiones del pa\u00eds\u201d, explica la docente Deicy Carolina Mu\u00f1oz.<\/p><p>Posterior a esto, se hace un reconocimiento al contexto local, teniendo en cuenta la cultura cafetera, sus recursos, tradiciones y sitios tur\u00edsticos representativos del municipio de El Cairo. Y finalmente, seg\u00fan Mu\u00f1oz, se realiza la ense\u00f1anza del manejo de las herramientas como la ruteadora, caladora, dremel, taladro, segueta y los pirograbadores, para el desarrollo de la motricidad fina en cuanto a cortes, texturas, lijados y acabados.<\/p>\t\t\t\t\t\t\t\t<\/div>\n\t\t\t\t<\/div>\n\t\t\t\t\t<\/div>\n\t\t\t\t<\/div>\n\t\t\t\t\t<\/div>\n\t\t\t\t<\/div>\n\t\t<div class=\"elementor-element elementor-element-256bfa6 e-flex e-con-boxed e-con e-parent\" data-id=\"256bfa6\" data-element_type=\"container\">\n\t\t\t\t\t<div class=\"e-con-inner\">\n\t\t<div class=\"elementor-element elementor-element-830447a e-flex e-con-boxed e-con e-parent\" data-id=\"830447a\" data-element_type=\"container\">\n\t\t\t\t\t<div class=\"e-con-inner\">\n\t\t\t\t<div class=\"elementor-element elementor-element-aaeb343 elementor-widget elementor-widget-text-editor\" data-id=\"aaeb343\" data-element_type=\"widget\" data-widget_type=\"text-editor.default\">\n\t\t\t\t<div class=\"elementor-widget-container\">\n\t\t\t\t\t\t\t\t\t<p>En total, son 130 estudiantes actualmente quienes reciben estos conocimientos de secundaria en la sede principal. Se proyecta ampliar la cobertura en las sedes de primaria urbana y rurales de la Instituci\u00f3n Educativa Gilberto \u00c1lzate Avenda\u00f1o, y as\u00ed se ver\u00edan beneficiados alrededor de 400 estudiantes.<\/p><p>En cuanto a las artesan\u00edas que se realizan en las aulas de clase, la docente Mu\u00f1oz precisa que, \u201cse elaboran productos artesanales con la t\u00e9cnica de pirograbado en los que se plasman sitios tur\u00edsticos del municipio en portallaves, llaveros, imanes decorativos para la nevera, cuadros tr\u00edpticos decorativos y artesan\u00edas de escritorio\u201d.<\/p><p>En conclusi\u00f3n, esta iniciativa no solo brinda nuevas posibilidades y maneras de ver la vida a los ni\u00f1os, ni\u00f1as y j\u00f3venes de la instituci\u00f3n, sino que ratifica y protege la distinci\u00f3n que recibi\u00f3 en el 2011 el municipio de El Cairo, al ser incluido en la declaratoria de <strong><span style=\"color: #d94d2d;\">Paisaje Cultural Cafetero como patrimonio mundial por la UNESCO<\/span><\/strong>.<\/p><p>Reconocimiento que promueve el desarrollo tur\u00edstico, impulsando la actividad econ\u00f3mica regional, debido al aumento de las visitas al municipio. \u201cAs\u00ed pues, se busca por medio de la comercializaci\u00f3n de artesan\u00edas, elaboradas por mano de obra local, que son nuestros estudiantes, <span style=\"color: #d94d2d;\"><strong>motivarlos a crear sus propios emprendimientos sostenibles, preservando la cultura cafetera del municipio<\/strong><\/span>\u201d, precisa Mu\u00f1oz.<\/p>\t\t\t\t\t\t\t\t<\/div>\n\t\t\t\t<\/div>\n\t\t\t\t\t<\/div>\n\t\t\t\t<\/div>\n\t\t<div class=\"elementor-element elementor-element-5f9e3e5 e-flex e-con-boxed e-con e-parent\" data-id=\"5f9e3e5\" data-element_type=\"container\">\n\t\t\t\t\t<div class=\"e-con-inner\">\n\t\t\t\t<div class=\"elementor-element elementor-element-0231df6 elementor-widget elementor-widget-image\" data-id=\"0231df6\" data-element_type=\"widget\" data-widget_type=\"image.default\">\n\t\t\t\t<div class=\"elementor-widget-container\">\n\t\t\t\t\t\t\t\t\t\t\t\t\t\t\t<img decoding=\"async\" width=\"1000\" height=\"1000\" data-src=\"https:\/\/test.comfenalcovalle.com.co\/wp-content\/uploads\/2024\/10\/En-la-Institucion-Educativa-Gilberto-Alzate-Avendano-de-El-Cairo-la-tradicion-cultural-se-conserva-y-se-pondera-en-las-aulas-de-clase-4.png\" class=\"attachment-full size-full wp-image-646481 lazyload\" alt=\"En la Institucio\u0301n Educativa Gilberto A\u0301lzate Avendan\u0303o de El Cairo, la tradicio\u0301n cultural se conserva y se pondera en las aulas de clase\" data-srcset=\"https:\/\/test.comfenalcovalle.com.co\/wp-content\/uploads\/2024\/10\/En-la-Institucion-Educativa-Gilberto-Alzate-Avendano-de-El-Cairo-la-tradicion-cultural-se-conserva-y-se-pondera-en-las-aulas-de-clase-4.png 1000w, https:\/\/test.comfenalcovalle.com.co\/wp-content\/uploads\/2024\/10\/En-la-Institucion-Educativa-Gilberto-Alzate-Avendano-de-El-Cairo-la-tradicion-cultural-se-conserva-y-se-pondera-en-las-aulas-de-clase-4-300x300.png 300w, https:\/\/test.comfenalcovalle.com.co\/wp-content\/uploads\/2024\/10\/En-la-Institucion-Educativa-Gilberto-Alzate-Avendano-de-El-Cairo-la-tradicion-cultural-se-conserva-y-se-pondera-en-las-aulas-de-clase-4-150x150.png 150w, https:\/\/test.comfenalcovalle.com.co\/wp-content\/uploads\/2024\/10\/En-la-Institucion-Educativa-Gilberto-Alzate-Avendano-de-El-Cairo-la-tradicion-cultural-se-conserva-y-se-pondera-en-las-aulas-de-clase-4-768x768.png 768w, https:\/\/test.comfenalcovalle.com.co\/wp-content\/uploads\/2024\/10\/En-la-Institucion-Educativa-Gilberto-Alzate-Avendano-de-El-Cairo-la-tradicion-cultural-se-conserva-y-se-pondera-en-las-aulas-de-clase-4-12x12.png 12w\" data-sizes=\"(max-width: 1000px) 100vw, 1000px\" src=\"data:image\/svg+xml;base64,PHN2ZyB3aWR0aD0iMSIgaGVpZ2h0PSIxIiB4bWxucz0iaHR0cDovL3d3dy53My5vcmcvMjAwMC9zdmciPjwvc3ZnPg==\" style=\"--smush-placeholder-width: 1000px; --smush-placeholder-aspect-ratio: 1000\/1000;\" \/>\t\t\t\t\t\t\t\t\t\t\t\t\t\t\t<\/div>\n\t\t\t\t<\/div>\n\t\t\t\t\t<\/div>\n\t\t\t\t<\/div>\n\t\t\t\t\t<\/div>\n\t\t\t\t<\/div>\n\t\t\t\t\t<\/div>\n\t\t\t\t<\/div>\n\t\t\t\t<\/div>","protected":false},"featured_media":646478,"parent":0,"template":"","categorias-articulos-revista-ma":[934],"class_list":["post-646260","articulos-revista-ma","type-articulos-revista-ma","status-publish","has-post-thumbnail","hentry","categorias-articulos-revista-ma-innovacion"],"yoast_head":"<!-- This site is optimized with the Yoast SEO Premium plugin v25.9 (Yoast SEO v25.9) - https:\/\/yoast.com\/wordpress\/plugins\/seo\/ -->\n<title>En la Instituci\u00f3n Educativa Gilberto \u00c1lzate Avenda\u00f1o de El Cairo, la tradici\u00f3n cultural se conserva y se pondera en las aulas de clase - Comfenalco Valle Delagente<\/title>\n<meta name=\"robots\" content=\"index, follow, max-snippet:-1, max-image-preview:large, max-video-preview:-1\" \/>\n<link rel=\"canonical\" href=\"https:\/\/www.comfenalcovalle.com.co\/articulos-revista-ma\/en-la-institucion-educativa-gilberto-alzate-avendano-de-el-cairo-la-tradicion-cultural-se-conserva-y-se-pondera-en-las-aulas-de-clase\/\" \/>\n<meta property=\"og:locale\" content=\"en_US\" \/>\n<meta property=\"og:type\" content=\"article\" \/>\n<meta property=\"og:title\" content=\"En la Instituci\u00f3n Educativa Gilberto \u00c1lzate Avenda\u00f1o de El Cairo, la tradici\u00f3n cultural se conserva y se pondera en las aulas de clase\" \/>\n<meta property=\"og:description\" content=\"Despu\u00e9s de explorar variedad de materiales, objetos y t\u00e9cnicas, desde hace tres a\u00f1os y medio, en la instituci\u00f3n se elabor\u00f3 un plan de trabajo llamado \u2018Taller de Artesan\u00edas\u2019 dirigido a los estudiantes de educaci\u00f3n b\u00e1sica secundaria, donde se asignan procesos para la elaboraci\u00f3n de las mismas. Los estudiantes son muy receptivos con este tipo de [&hellip;]\" \/>\n<meta property=\"og:url\" content=\"https:\/\/www.comfenalcovalle.com.co\/articulos-revista-ma\/en-la-institucion-educativa-gilberto-alzate-avendano-de-el-cairo-la-tradicion-cultural-se-conserva-y-se-pondera-en-las-aulas-de-clase\/\" \/>\n<meta property=\"og:site_name\" content=\"Comfenalco Valle Delagente\" \/>\n<meta property=\"article:modified_time\" content=\"2024-10-16T14:58:22+00:00\" \/>\n<meta property=\"og:image\" content=\"https:\/\/www.comfenalcovalle.com.co\/wp-content\/uploads\/2024\/10\/En-la-Institucion-Educativa-Gilberto-Alzate-Avendano-de-El-Cairo-la-tradicion-cultural-se-conserva-y-se-pondera-en-las-aulas-de-clase-1.png\" \/>\n\t<meta property=\"og:image:width\" content=\"1000\" \/>\n\t<meta property=\"og:image:height\" content=\"562\" \/>\n\t<meta property=\"og:image:type\" content=\"image\/png\" \/>\n<meta name=\"twitter:card\" content=\"summary_large_image\" \/>\n<meta name=\"twitter:label1\" content=\"Est. reading time\" \/>\n\t<meta name=\"twitter:data1\" content=\"3 minutes\" \/>\n<script type=\"application\/ld+json\" class=\"yoast-schema-graph\">{\"@context\":\"https:\/\/schema.org\",\"@graph\":[{\"@type\":\"WebPage\",\"@id\":\"https:\/\/www.comfenalcovalle.com.co\/articulos-revista-ma\/en-la-institucion-educativa-gilberto-alzate-avendano-de-el-cairo-la-tradicion-cultural-se-conserva-y-se-pondera-en-las-aulas-de-clase\/\",\"url\":\"https:\/\/www.comfenalcovalle.com.co\/articulos-revista-ma\/en-la-institucion-educativa-gilberto-alzate-avendano-de-el-cairo-la-tradicion-cultural-se-conserva-y-se-pondera-en-las-aulas-de-clase\/\",\"name\":\"En la Instituci\u00f3n Educativa Gilberto \u00c1lzate Avenda\u00f1o de El Cairo, la tradici\u00f3n cultural se conserva y se pondera en las aulas de clase - Comfenalco Valle Delagente\",\"isPartOf\":{\"@id\":\"https:\/\/www.comfenalcovalle.com.co\/#website\"},\"primaryImageOfPage\":{\"@id\":\"https:\/\/www.comfenalcovalle.com.co\/articulos-revista-ma\/en-la-institucion-educativa-gilberto-alzate-avendano-de-el-cairo-la-tradicion-cultural-se-conserva-y-se-pondera-en-las-aulas-de-clase\/#primaryimage\"},\"image\":{\"@id\":\"https:\/\/www.comfenalcovalle.com.co\/articulos-revista-ma\/en-la-institucion-educativa-gilberto-alzate-avendano-de-el-cairo-la-tradicion-cultural-se-conserva-y-se-pondera-en-las-aulas-de-clase\/#primaryimage\"},\"thumbnailUrl\":\"https:\/\/test.comfenalcovalle.com.co\/wp-content\/uploads\/2024\/10\/En-la-Institucion-Educativa-Gilberto-Alzate-Avendano-de-El-Cairo-la-tradicion-cultural-se-conserva-y-se-pondera-en-las-aulas-de-clase-1.png\",\"datePublished\":\"2024-10-15T13:02:57+00:00\",\"dateModified\":\"2024-10-16T14:58:22+00:00\",\"breadcrumb\":{\"@id\":\"https:\/\/www.comfenalcovalle.com.co\/articulos-revista-ma\/en-la-institucion-educativa-gilberto-alzate-avendano-de-el-cairo-la-tradicion-cultural-se-conserva-y-se-pondera-en-las-aulas-de-clase\/#breadcrumb\"},\"inLanguage\":\"en-US\",\"potentialAction\":[{\"@type\":\"ReadAction\",\"target\":[\"https:\/\/www.comfenalcovalle.com.co\/articulos-revista-ma\/en-la-institucion-educativa-gilberto-alzate-avendano-de-el-cairo-la-tradicion-cultural-se-conserva-y-se-pondera-en-las-aulas-de-clase\/\"]}]},{\"@type\":\"ImageObject\",\"inLanguage\":\"en-US\",\"@id\":\"https:\/\/www.comfenalcovalle.com.co\/articulos-revista-ma\/en-la-institucion-educativa-gilberto-alzate-avendano-de-el-cairo-la-tradicion-cultural-se-conserva-y-se-pondera-en-las-aulas-de-clase\/#primaryimage\",\"url\":\"https:\/\/test.comfenalcovalle.com.co\/wp-content\/uploads\/2024\/10\/En-la-Institucion-Educativa-Gilberto-Alzate-Avendano-de-El-Cairo-la-tradicion-cultural-se-conserva-y-se-pondera-en-las-aulas-de-clase-1.png\",\"contentUrl\":\"https:\/\/test.comfenalcovalle.com.co\/wp-content\/uploads\/2024\/10\/En-la-Institucion-Educativa-Gilberto-Alzate-Avendano-de-El-Cairo-la-tradicion-cultural-se-conserva-y-se-pondera-en-las-aulas-de-clase-1.png\",\"width\":1000,\"height\":562,\"caption\":\"En la Institucio\u0301n Educativa Gilberto A\u0301lzate Avendan\u0303o de El Cairo, la tradicio\u0301n cultural se conserva y se pondera en las aulas de clase\"},{\"@type\":\"BreadcrumbList\",\"@id\":\"https:\/\/www.comfenalcovalle.com.co\/articulos-revista-ma\/en-la-institucion-educativa-gilberto-alzate-avendano-de-el-cairo-la-tradicion-cultural-se-conserva-y-se-pondera-en-las-aulas-de-clase\/#breadcrumb\",\"itemListElement\":[{\"@type\":\"ListItem\",\"position\":1,\"name\":\"Portada\",\"item\":\"https:\/\/www.comfenalcovalle.com.co\/\"},{\"@type\":\"ListItem\",\"position\":2,\"name\":\"Art\u00edculos Revista Maestros\",\"item\":\"https:\/\/www.comfenalcovalle.com.co\/articulos-revista-ma\/\"},{\"@type\":\"ListItem\",\"position\":3,\"name\":\"En la Instituci\u00f3n Educativa Gilberto \u00c1lzate Avenda\u00f1o de El Cairo, la tradici\u00f3n cultural se conserva y se pondera en las aulas de clase\"}]},{\"@type\":\"WebSite\",\"@id\":\"https:\/\/www.comfenalcovalle.com.co\/#website\",\"url\":\"https:\/\/www.comfenalcovalle.com.co\/\",\"name\":\"Comfenalco Valle Delagente\",\"description\":\"Caja de compensaci\u00f3n de Comfenalco Valle Delagente.\",\"publisher\":{\"@id\":\"https:\/\/www.comfenalcovalle.com.co\/#organization\"},\"potentialAction\":[{\"@type\":\"SearchAction\",\"target\":{\"@type\":\"EntryPoint\",\"urlTemplate\":\"https:\/\/www.comfenalcovalle.com.co\/?s={search_term_string}\"},\"query-input\":{\"@type\":\"PropertyValueSpecification\",\"valueRequired\":true,\"valueName\":\"search_term_string\"}}],\"inLanguage\":\"en-US\"},{\"@type\":\"Organization\",\"@id\":\"https:\/\/www.comfenalcovalle.com.co\/#organization\",\"name\":\"Comfenalco Valle Delagente\",\"url\":\"https:\/\/www.comfenalcovalle.com.co\/\",\"logo\":{\"@type\":\"ImageObject\",\"inLanguage\":\"en-US\",\"@id\":\"https:\/\/www.comfenalcovalle.com.co\/#\/schema\/logo\/image\/\",\"url\":\"https:\/\/test.comfenalcovalle.com.co\/wp-content\/uploads\/2021\/06\/logo-comfe-cabecera-agencia-empelo-actualizado.png\",\"contentUrl\":\"https:\/\/test.comfenalcovalle.com.co\/wp-content\/uploads\/2021\/06\/logo-comfe-cabecera-agencia-empelo-actualizado.png\",\"width\":500,\"height\":184,\"caption\":\"Comfenalco Valle Delagente\"},\"image\":{\"@id\":\"https:\/\/www.comfenalcovalle.com.co\/#\/schema\/logo\/image\/\"}}]}<\/script>\n<!-- \/ Yoast SEO Premium plugin. -->","yoast_head_json":{"title":"En la Instituci\u00f3n Educativa Gilberto \u00c1lzate Avenda\u00f1o de El Cairo, la tradici\u00f3n cultural se conserva y se pondera en las aulas de clase - Comfenalco Valle Delagente","robots":{"index":"index","follow":"follow","max-snippet":"max-snippet:-1","max-image-preview":"max-image-preview:large","max-video-preview":"max-video-preview:-1"},"canonical":"https:\/\/www.comfenalcovalle.com.co\/articulos-revista-ma\/en-la-institucion-educativa-gilberto-alzate-avendano-de-el-cairo-la-tradicion-cultural-se-conserva-y-se-pondera-en-las-aulas-de-clase\/","og_locale":"en_US","og_type":"article","og_title":"En la Instituci\u00f3n Educativa Gilberto \u00c1lzate Avenda\u00f1o de El Cairo, la tradici\u00f3n cultural se conserva y se pondera en las aulas de clase","og_description":"Despu\u00e9s de explorar variedad de materiales, objetos y t\u00e9cnicas, desde hace tres a\u00f1os y medio, en la instituci\u00f3n se elabor\u00f3 un plan de trabajo llamado \u2018Taller de Artesan\u00edas\u2019 dirigido a los estudiantes de educaci\u00f3n b\u00e1sica secundaria, donde se asignan procesos para la elaboraci\u00f3n de las mismas. Los estudiantes son muy receptivos con este tipo de [&hellip;]","og_url":"https:\/\/www.comfenalcovalle.com.co\/articulos-revista-ma\/en-la-institucion-educativa-gilberto-alzate-avendano-de-el-cairo-la-tradicion-cultural-se-conserva-y-se-pondera-en-las-aulas-de-clase\/","og_site_name":"Comfenalco Valle Delagente","article_modified_time":"2024-10-16T14:58:22+00:00","og_image":[{"width":1000,"height":562,"url":"https:\/\/www.comfenalcovalle.com.co\/wp-content\/uploads\/2024\/10\/En-la-Institucion-Educativa-Gilberto-Alzate-Avendano-de-El-Cairo-la-tradicion-cultural-se-conserva-y-se-pondera-en-las-aulas-de-clase-1.png","type":"image\/png"}],"twitter_card":"summary_large_image","twitter_misc":{"Est. reading time":"3 minutes"},"schema":{"@context":"https:\/\/schema.org","@graph":[{"@type":"WebPage","@id":"https:\/\/www.comfenalcovalle.com.co\/articulos-revista-ma\/en-la-institucion-educativa-gilberto-alzate-avendano-de-el-cairo-la-tradicion-cultural-se-conserva-y-se-pondera-en-las-aulas-de-clase\/","url":"https:\/\/www.comfenalcovalle.com.co\/articulos-revista-ma\/en-la-institucion-educativa-gilberto-alzate-avendano-de-el-cairo-la-tradicion-cultural-se-conserva-y-se-pondera-en-las-aulas-de-clase\/","name":"En la Instituci\u00f3n Educativa Gilberto \u00c1lzate Avenda\u00f1o de El Cairo, la tradici\u00f3n cultural se conserva y se pondera en las aulas de clase - Comfenalco Valle Delagente","isPartOf":{"@id":"https:\/\/www.comfenalcovalle.com.co\/#website"},"primaryImageOfPage":{"@id":"https:\/\/www.comfenalcovalle.com.co\/articulos-revista-ma\/en-la-institucion-educativa-gilberto-alzate-avendano-de-el-cairo-la-tradicion-cultural-se-conserva-y-se-pondera-en-las-aulas-de-clase\/#primaryimage"},"image":{"@id":"https:\/\/www.comfenalcovalle.com.co\/articulos-revista-ma\/en-la-institucion-educativa-gilberto-alzate-avendano-de-el-cairo-la-tradicion-cultural-se-conserva-y-se-pondera-en-las-aulas-de-clase\/#primaryimage"},"thumbnailUrl":"https:\/\/test.comfenalcovalle.com.co\/wp-content\/uploads\/2024\/10\/En-la-Institucion-Educativa-Gilberto-Alzate-Avendano-de-El-Cairo-la-tradicion-cultural-se-conserva-y-se-pondera-en-las-aulas-de-clase-1.png","datePublished":"2024-10-15T13:02:57+00:00","dateModified":"2024-10-16T14:58:22+00:00","breadcrumb":{"@id":"https:\/\/www.comfenalcovalle.com.co\/articulos-revista-ma\/en-la-institucion-educativa-gilberto-alzate-avendano-de-el-cairo-la-tradicion-cultural-se-conserva-y-se-pondera-en-las-aulas-de-clase\/#breadcrumb"},"inLanguage":"en-US","potentialAction":[{"@type":"ReadAction","target":["https:\/\/www.comfenalcovalle.com.co\/articulos-revista-ma\/en-la-institucion-educativa-gilberto-alzate-avendano-de-el-cairo-la-tradicion-cultural-se-conserva-y-se-pondera-en-las-aulas-de-clase\/"]}]},{"@type":"ImageObject","inLanguage":"en-US","@id":"https:\/\/www.comfenalcovalle.com.co\/articulos-revista-ma\/en-la-institucion-educativa-gilberto-alzate-avendano-de-el-cairo-la-tradicion-cultural-se-conserva-y-se-pondera-en-las-aulas-de-clase\/#primaryimage","url":"https:\/\/test.comfenalcovalle.com.co\/wp-content\/uploads\/2024\/10\/En-la-Institucion-Educativa-Gilberto-Alzate-Avendano-de-El-Cairo-la-tradicion-cultural-se-conserva-y-se-pondera-en-las-aulas-de-clase-1.png","contentUrl":"https:\/\/test.comfenalcovalle.com.co\/wp-content\/uploads\/2024\/10\/En-la-Institucion-Educativa-Gilberto-Alzate-Avendano-de-El-Cairo-la-tradicion-cultural-se-conserva-y-se-pondera-en-las-aulas-de-clase-1.png","width":1000,"height":562,"caption":"En la Institucio\u0301n Educativa Gilberto A\u0301lzate Avendan\u0303o de El Cairo, la tradicio\u0301n cultural se conserva y se pondera en las aulas de clase"},{"@type":"BreadcrumbList","@id":"https:\/\/www.comfenalcovalle.com.co\/articulos-revista-ma\/en-la-institucion-educativa-gilberto-alzate-avendano-de-el-cairo-la-tradicion-cultural-se-conserva-y-se-pondera-en-las-aulas-de-clase\/#breadcrumb","itemListElement":[{"@type":"ListItem","position":1,"name":"Portada","item":"https:\/\/www.comfenalcovalle.com.co\/"},{"@type":"ListItem","position":2,"name":"Art\u00edculos Revista Maestros","item":"https:\/\/www.comfenalcovalle.com.co\/articulos-revista-ma\/"},{"@type":"ListItem","position":3,"name":"En la Instituci\u00f3n Educativa Gilberto \u00c1lzate Avenda\u00f1o de El Cairo, la tradici\u00f3n cultural se conserva y se pondera en las aulas de clase"}]},{"@type":"WebSite","@id":"https:\/\/www.comfenalcovalle.com.co\/#website","url":"https:\/\/www.comfenalcovalle.com.co\/","name":"Comfenalco Valle Delagente","description":"Comfenalco Valle Delagente compensation fund.","publisher":{"@id":"https:\/\/www.comfenalcovalle.com.co\/#organization"},"potentialAction":[{"@type":"SearchAction","target":{"@type":"EntryPoint","urlTemplate":"https:\/\/www.comfenalcovalle.com.co\/?s={search_term_string}"},"query-input":{"@type":"PropertyValueSpecification","valueRequired":true,"valueName":"search_term_string"}}],"inLanguage":"en-US"},{"@type":"Organization","@id":"https:\/\/www.comfenalcovalle.com.co\/#organization","name":"Comfenalco Valle Delagente","url":"https:\/\/www.comfenalcovalle.com.co\/","logo":{"@type":"ImageObject","inLanguage":"en-US","@id":"https:\/\/www.comfenalcovalle.com.co\/#\/schema\/logo\/image\/","url":"https:\/\/test.comfenalcovalle.com.co\/wp-content\/uploads\/2021\/06\/logo-comfe-cabecera-agencia-empelo-actualizado.png","contentUrl":"https:\/\/test.comfenalcovalle.com.co\/wp-content\/uploads\/2021\/06\/logo-comfe-cabecera-agencia-empelo-actualizado.png","width":500,"height":184,"caption":"Comfenalco Valle Delagente"},"image":{"@id":"https:\/\/www.comfenalcovalle.com.co\/#\/schema\/logo\/image\/"}}]}},"publishpress_future_workflow_manual_trigger":{"enabledWorkflows":[]},"_links":{"self":[{"href":"https:\/\/test.comfenalcovalle.com.co\/en\/wp-json\/wp\/v2\/articulos-revista-ma\/646260","targetHints":{"allow":["GET"]}}],"collection":[{"href":"https:\/\/test.comfenalcovalle.com.co\/en\/wp-json\/wp\/v2\/articulos-revista-ma"}],"about":[{"href":"https:\/\/test.comfenalcovalle.com.co\/en\/wp-json\/wp\/v2\/types\/articulos-revista-ma"}],"version-history":[{"count":0,"href":"https:\/\/test.comfenalcovalle.com.co\/en\/wp-json\/wp\/v2\/articulos-revista-ma\/646260\/revisions"}],"wp:featuredmedia":[{"embeddable":true,"href":"https:\/\/test.comfenalcovalle.com.co\/en\/wp-json\/wp\/v2\/media\/646478"}],"wp:attachment":[{"href":"https:\/\/test.comfenalcovalle.com.co\/en\/wp-json\/wp\/v2\/media?parent=646260"}],"wp:term":[{"taxonomy":"categorias-articulos-revista-ma","embeddable":true,"href":"https:\/\/test.comfenalcovalle.com.co\/en\/wp-json\/wp\/v2\/categorias-articulos-revista-ma?post=646260"}],"curies":[{"name":"wp","href":"https:\/\/api.w.org\/{rel}","templated":true}]}}