{"id":641777,"date":"2024-08-15T08:05:34","date_gmt":"2024-08-15T13:05:34","guid":{"rendered":"https:\/\/test.comfenalcovalle.com.co\/?post_type=articulos-revista-ma&#038;p=641777"},"modified":"2024-08-23T08:42:51","modified_gmt":"2024-08-23T13:42:51","slug":"en-la-institucion-educativa-rodrigo-lloreda-caicedo-de-candelaria-la-educacion-va-orientada-a-la-sostenibilidad-y-el-cuidado-del-medioambiente","status":"publish","type":"articulos-revista-ma","link":"https:\/\/test.comfenalcovalle.com.co\/en\/articulos-revista-ma\/en-la-institucion-educativa-rodrigo-lloreda-caicedo-de-candelaria-la-educacion-va-orientada-a-la-sostenibilidad-y-el-cuidado-del-medioambiente\/","title":{"rendered":"En la Instituci\u00f3n Educativa Rodrigo Lloreda Caicedo de Candelaria, la educaci\u00f3n va orientada a la sostenibilidad y el cuidado del medioambiente"},"content":{"rendered":"<div data-elementor-type=\"wp-post\" data-elementor-id=\"641777\" class=\"elementor elementor-641777\" data-elementor-post-type=\"articulos-revista-ma\">\n\t\t\t\t\t\t<section class=\"elementor-section elementor-top-section elementor-element elementor-element-064562f elementor-section-boxed elementor-section-height-default elementor-section-height-default\" data-id=\"064562f\" data-element_type=\"section\" data-settings=\"{&quot;background_background&quot;:&quot;classic&quot;}\">\n\t\t\t\t\t\t<div class=\"elementor-container elementor-column-gap-default\">\n\t\t\t\t\t<div class=\"elementor-column elementor-col-100 elementor-top-column elementor-element elementor-element-f067d71\" data-id=\"f067d71\" data-element_type=\"column\">\n\t\t\t<div class=\"elementor-widget-wrap elementor-element-populated\">\n\t\t\t\t\t\t<div class=\"elementor-element elementor-element-bc5b689 elementor-widget elementor-widget-text-editor\" data-id=\"bc5b689\" data-element_type=\"widget\" data-widget_type=\"text-editor.default\">\n\t\t\t\t<div class=\"elementor-widget-container\">\n\t\t\t\t\t\t\t\t\t<p><\/p><p>Hace cinco a\u00f1os exactamente, y luego de una investigaci\u00f3n adelantada desde la Instituci\u00f3n, directivos y docentes entendieron que defender y proteger los recursos naturales de la comunidad, <strong>m\u00e1s all\u00e1 de ser una necesidad, era un camino firme y con prop\u00f3sito hacia la formaci\u00f3n de ni\u00f1os, ni\u00f1as y j\u00f3venes como l\u00edderes ambientales<\/strong>.<\/p><p>La manera de relacionarse con su entorno cambi\u00f3 radicalmente para los estudiantes de la Instituci\u00f3n Educativa Rodrigo Lloreda Caicedo del municipio de Candelaria, cuando en el 2019 se le dio vida al proyecto: \u2018J\u00f3venes en la defensa de los recursos de su comunidad\u2019, o mejor conocido como JODERCO.<\/p><p>Y ese cambio se present\u00f3 pues, a partir de ese momento la conciencia en cada una de sus acciones y por ende las consecuencias que podr\u00eda traer cada una de estas, los invitaba a un proceso de reflexi\u00f3n y a entender cu\u00e1l podr\u00eda ser el mejor escenario en t\u00e9rminos ambientales y de sostenibilidad.<\/p><p>\u201cGracias a un proceso de an\u00e1lisis y a la informaci\u00f3n que nos brind\u00f3 en su momento la Corporaci\u00f3n Aut\u00f3noma Regional del Valle del Cauca (CVC) en su Plan de Gesti\u00f3n Ambiental (PGAR), entendimos e identificamos las principales situaciones ambientales negativas del territorio y en esa medida las principales rutas de acci\u00f3n para contrarrestar y prevenir\u201d, se\u00f1ala la docente Patricia del Pilar Vel\u00e1squez Villota.<\/p><p>Y esas principales situaciones ambientales negativas estaban relacionadas con el aprovechamiento de los recursos, la contaminaci\u00f3n y la mitigaci\u00f3n del riesgo. <strong>\u201cEste proyecto tiene tres l\u00edneas de acci\u00f3n: la primera es la ambiental, con el respeto y cuidado del entorno y de los recursos naturales no renovables; la segunda, la prevenci\u00f3n y atenci\u00f3n de emergencias; y la tercera, la seguridad vial\u201d<\/strong>, precisa Patricia.<\/p><p><\/p>\t\t\t\t\t\t\t\t<\/div>\n\t\t\t\t<\/div>\n\t\t\t\t<div class=\"elementor-element elementor-element-73e3a07 elementor-widget elementor-widget-image\" data-id=\"73e3a07\" data-element_type=\"widget\" data-widget_type=\"image.default\">\n\t\t\t\t<div class=\"elementor-widget-container\">\n\t\t\t\t\t\t\t\t\t\t\t\t\t\t\t<img fetchpriority=\"high\" decoding=\"async\" width=\"1000\" height=\"562\" src=\"https:\/\/test.comfenalcovalle.com.co\/wp-content\/uploads\/2024\/08\/En-la-Institucion-Educativa-Rodrigo-Lloreda-Caicedo-de-Candelaria-portada.webp\" class=\"attachment-full size-full wp-image-641783\" alt=\"En la Instituci\u00f3n Educativa Rodrigo Lloreda Caicedo de Candelaria\" srcset=\"https:\/\/test.comfenalcovalle.com.co\/wp-content\/uploads\/2024\/08\/En-la-Institucion-Educativa-Rodrigo-Lloreda-Caicedo-de-Candelaria-portada.webp 1000w, https:\/\/test.comfenalcovalle.com.co\/wp-content\/uploads\/2024\/08\/En-la-Institucion-Educativa-Rodrigo-Lloreda-Caicedo-de-Candelaria-portada-300x169.webp 300w, https:\/\/test.comfenalcovalle.com.co\/wp-content\/uploads\/2024\/08\/En-la-Institucion-Educativa-Rodrigo-Lloreda-Caicedo-de-Candelaria-portada-768x432.webp 768w, https:\/\/test.comfenalcovalle.com.co\/wp-content\/uploads\/2024\/08\/En-la-Institucion-Educativa-Rodrigo-Lloreda-Caicedo-de-Candelaria-portada-18x10.webp 18w\" sizes=\"(max-width: 1000px) 100vw, 1000px\" \/>\t\t\t\t\t\t\t\t\t\t\t\t\t\t\t<\/div>\n\t\t\t\t<\/div>\n\t\t\t\t<div class=\"elementor-element elementor-element-ec8f8e4 elementor-widget elementor-widget-text-editor\" data-id=\"ec8f8e4\" data-element_type=\"widget\" data-widget_type=\"text-editor.default\">\n\t\t\t\t<div class=\"elementor-widget-container\">\n\t\t\t\t\t\t\t\t\t<p>De esta manera, los estudiantes de las seis sedes con las que cuenta la Instituci\u00f3n Educativa se envuelven a diario en <strong>din\u00e1micas de prevenci\u00f3n, aprovechamiento y cuidado de los recursos naturales, form\u00e1ndose as\u00ed como l\u00edderes ambientales<\/strong>. Por ejemplo, Claudia Angulo, explica que, \u201cpara m\u00ed este proyecto representa paz y tranquilidad porque s\u00e9 que estoy tomando acciones para cuidar este hermoso planeta\u201d.<\/p><p>Por su parte, Leidy Vanessa Montes, asevera que ser parte de JODERCO representa una oportunidad incre\u00edble de colaborar en un proyecto que protege la vida y en el que mediante diferentes estrategias creativas pueden desde el rol de estudiantes aportar para proteger el planeta y su biodiversidad.<\/p><p>As\u00ed pues, estos conocimientos y esta formaci\u00f3n acad\u00e9mica traspasa los l\u00edmites de las aulas de clase e impacta a toda la comunidad del municipio de Candelaria. <strong>\u201cHemos logrado arraigar una cultura ambiental enfocada en el respeto y cuidado por el medioambiente, que se evidencia cuando los familiares de nuestros estudiantes y egresados llevan a nuestra instituci\u00f3n material para reciclar, lo que indica que est\u00e1n cumpliendo con su objetivo de fomentar la conciencia ambiental\u201d<\/strong>.<\/p><p>En conclusi\u00f3n, la esencia y la magia de este proyecto transformador y movilizador de conciencia ambiental, est\u00e1n perfectamente resumidas en las palabras de la egresada Ilein Sabina Schoonewolff Vargas, quien afirma que:<\/p><p>\u201cLos cambios grandes vienen de cambios peque\u00f1os. No nos podemos echar a morir solo porque nuestro mundo se est\u00e1 descargando. Si queremos hacer algo grande que transforme al mundo debemos empezar desde nuestro entorno m\u00e1s cercano. Somos una tierra rica y biodiversa y debemos aprovechar eso a nuestro favor. A todos nos gusta refrescarnos en r\u00edos, respirar aire fresco y recibir la sombra de los \u00e1rboles. Si queremos seguir disfrutando de ellos, debemos cuidar nuestros recursos\u201d.<\/p>\t\t\t\t\t\t\t\t<\/div>\n\t\t\t\t<\/div>\n\t\t\t\t\t<\/div>\n\t\t<\/div>\n\t\t\t\t\t<\/div>\n\t\t<\/section>\n\t\t\t\t<\/div>","protected":false},"featured_media":641783,"parent":0,"template":"","categorias-articulos-revista-ma":[934],"class_list":["post-641777","articulos-revista-ma","type-articulos-revista-ma","status-publish","has-post-thumbnail","hentry","categorias-articulos-revista-ma-innovacion"],"yoast_head":"<!-- This site is optimized with the Yoast SEO Premium plugin v25.9 (Yoast SEO v25.9) - https:\/\/yoast.com\/wordpress\/plugins\/seo\/ -->\n<title>En la Instituci\u00f3n Educativa Rodrigo Lloreda Caicedo de Candelaria, la educaci\u00f3n va orientada a la sostenibilidad y el cuidado del medioambiente - Comfenalco Valle Delagente<\/title>\n<meta name=\"robots\" content=\"index, follow, max-snippet:-1, max-image-preview:large, max-video-preview:-1\" \/>\n<link rel=\"canonical\" href=\"https:\/\/www.comfenalcovalle.com.co\/articulos-revista-ma\/en-la-institucion-educativa-rodrigo-lloreda-caicedo-de-candelaria-la-educacion-va-orientada-a-la-sostenibilidad-y-el-cuidado-del-medioambiente\/\" \/>\n<meta property=\"og:locale\" content=\"en_US\" \/>\n<meta property=\"og:type\" content=\"article\" \/>\n<meta property=\"og:title\" content=\"En la Instituci\u00f3n Educativa Rodrigo Lloreda Caicedo de Candelaria, la educaci\u00f3n va orientada a la sostenibilidad y el cuidado del medioambiente\" \/>\n<meta property=\"og:description\" content=\"Hace cinco a\u00f1os exactamente, y luego de una investigaci\u00f3n adelantada desde la Instituci\u00f3n, directivos y docentes entendieron que defender y proteger los recursos naturales de la comunidad, m\u00e1s all\u00e1 de ser una necesidad, era un camino firme y con prop\u00f3sito hacia la formaci\u00f3n de ni\u00f1os, ni\u00f1as y j\u00f3venes como l\u00edderes ambientales. La manera de relacionarse [&hellip;]\" \/>\n<meta property=\"og:url\" content=\"https:\/\/www.comfenalcovalle.com.co\/articulos-revista-ma\/en-la-institucion-educativa-rodrigo-lloreda-caicedo-de-candelaria-la-educacion-va-orientada-a-la-sostenibilidad-y-el-cuidado-del-medioambiente\/\" \/>\n<meta property=\"og:site_name\" content=\"Comfenalco Valle Delagente\" \/>\n<meta property=\"article:modified_time\" content=\"2024-08-23T13:42:51+00:00\" \/>\n<meta property=\"og:image\" content=\"https:\/\/www.comfenalcovalle.com.co\/wp-content\/uploads\/2024\/08\/En-la-Institucion-Educativa-Rodrigo-Lloreda-Caicedo-de-Candelaria-portada.webp\" \/>\n\t<meta property=\"og:image:width\" content=\"1000\" \/>\n\t<meta property=\"og:image:height\" content=\"562\" \/>\n\t<meta property=\"og:image:type\" content=\"image\/webp\" \/>\n<meta name=\"twitter:card\" content=\"summary_large_image\" \/>\n<meta name=\"twitter:label1\" content=\"Est. reading time\" \/>\n\t<meta name=\"twitter:data1\" content=\"3 minutes\" \/>\n<script type=\"application\/ld+json\" class=\"yoast-schema-graph\">{\"@context\":\"https:\/\/schema.org\",\"@graph\":[{\"@type\":\"WebPage\",\"@id\":\"https:\/\/www.comfenalcovalle.com.co\/articulos-revista-ma\/en-la-institucion-educativa-rodrigo-lloreda-caicedo-de-candelaria-la-educacion-va-orientada-a-la-sostenibilidad-y-el-cuidado-del-medioambiente\/\",\"url\":\"https:\/\/www.comfenalcovalle.com.co\/articulos-revista-ma\/en-la-institucion-educativa-rodrigo-lloreda-caicedo-de-candelaria-la-educacion-va-orientada-a-la-sostenibilidad-y-el-cuidado-del-medioambiente\/\",\"name\":\"En la Instituci\u00f3n Educativa Rodrigo Lloreda Caicedo de Candelaria, la educaci\u00f3n va orientada a la sostenibilidad y el cuidado del medioambiente - Comfenalco Valle Delagente\",\"isPartOf\":{\"@id\":\"https:\/\/www.comfenalcovalle.com.co\/#website\"},\"primaryImageOfPage\":{\"@id\":\"https:\/\/www.comfenalcovalle.com.co\/articulos-revista-ma\/en-la-institucion-educativa-rodrigo-lloreda-caicedo-de-candelaria-la-educacion-va-orientada-a-la-sostenibilidad-y-el-cuidado-del-medioambiente\/#primaryimage\"},\"image\":{\"@id\":\"https:\/\/www.comfenalcovalle.com.co\/articulos-revista-ma\/en-la-institucion-educativa-rodrigo-lloreda-caicedo-de-candelaria-la-educacion-va-orientada-a-la-sostenibilidad-y-el-cuidado-del-medioambiente\/#primaryimage\"},\"thumbnailUrl\":\"https:\/\/test.comfenalcovalle.com.co\/wp-content\/uploads\/2024\/08\/En-la-Institucion-Educativa-Rodrigo-Lloreda-Caicedo-de-Candelaria-portada.webp\",\"datePublished\":\"2024-08-15T13:05:34+00:00\",\"dateModified\":\"2024-08-23T13:42:51+00:00\",\"breadcrumb\":{\"@id\":\"https:\/\/www.comfenalcovalle.com.co\/articulos-revista-ma\/en-la-institucion-educativa-rodrigo-lloreda-caicedo-de-candelaria-la-educacion-va-orientada-a-la-sostenibilidad-y-el-cuidado-del-medioambiente\/#breadcrumb\"},\"inLanguage\":\"en-US\",\"potentialAction\":[{\"@type\":\"ReadAction\",\"target\":[\"https:\/\/www.comfenalcovalle.com.co\/articulos-revista-ma\/en-la-institucion-educativa-rodrigo-lloreda-caicedo-de-candelaria-la-educacion-va-orientada-a-la-sostenibilidad-y-el-cuidado-del-medioambiente\/\"]}]},{\"@type\":\"ImageObject\",\"inLanguage\":\"en-US\",\"@id\":\"https:\/\/www.comfenalcovalle.com.co\/articulos-revista-ma\/en-la-institucion-educativa-rodrigo-lloreda-caicedo-de-candelaria-la-educacion-va-orientada-a-la-sostenibilidad-y-el-cuidado-del-medioambiente\/#primaryimage\",\"url\":\"https:\/\/test.comfenalcovalle.com.co\/wp-content\/uploads\/2024\/08\/En-la-Institucion-Educativa-Rodrigo-Lloreda-Caicedo-de-Candelaria-portada.webp\",\"contentUrl\":\"https:\/\/test.comfenalcovalle.com.co\/wp-content\/uploads\/2024\/08\/En-la-Institucion-Educativa-Rodrigo-Lloreda-Caicedo-de-Candelaria-portada.webp\",\"width\":1000,\"height\":562,\"caption\":\"En la Instituci\u00f3n Educativa Rodrigo Lloreda Caicedo de Candelaria\"},{\"@type\":\"BreadcrumbList\",\"@id\":\"https:\/\/www.comfenalcovalle.com.co\/articulos-revista-ma\/en-la-institucion-educativa-rodrigo-lloreda-caicedo-de-candelaria-la-educacion-va-orientada-a-la-sostenibilidad-y-el-cuidado-del-medioambiente\/#breadcrumb\",\"itemListElement\":[{\"@type\":\"ListItem\",\"position\":1,\"name\":\"Portada\",\"item\":\"https:\/\/www.comfenalcovalle.com.co\/\"},{\"@type\":\"ListItem\",\"position\":2,\"name\":\"Art\u00edculos Revista Maestros\",\"item\":\"https:\/\/www.comfenalcovalle.com.co\/articulos-revista-ma\/\"},{\"@type\":\"ListItem\",\"position\":3,\"name\":\"En la Instituci\u00f3n Educativa Rodrigo Lloreda Caicedo de Candelaria, la educaci\u00f3n va orientada a la sostenibilidad y el cuidado del medioambiente\"}]},{\"@type\":\"WebSite\",\"@id\":\"https:\/\/www.comfenalcovalle.com.co\/#website\",\"url\":\"https:\/\/www.comfenalcovalle.com.co\/\",\"name\":\"Comfenalco Valle Delagente\",\"description\":\"Caja de compensaci\u00f3n de Comfenalco Valle Delagente.\",\"publisher\":{\"@id\":\"https:\/\/www.comfenalcovalle.com.co\/#organization\"},\"potentialAction\":[{\"@type\":\"SearchAction\",\"target\":{\"@type\":\"EntryPoint\",\"urlTemplate\":\"https:\/\/www.comfenalcovalle.com.co\/?s={search_term_string}\"},\"query-input\":{\"@type\":\"PropertyValueSpecification\",\"valueRequired\":true,\"valueName\":\"search_term_string\"}}],\"inLanguage\":\"en-US\"},{\"@type\":\"Organization\",\"@id\":\"https:\/\/www.comfenalcovalle.com.co\/#organization\",\"name\":\"Comfenalco Valle Delagente\",\"url\":\"https:\/\/www.comfenalcovalle.com.co\/\",\"logo\":{\"@type\":\"ImageObject\",\"inLanguage\":\"en-US\",\"@id\":\"https:\/\/www.comfenalcovalle.com.co\/#\/schema\/logo\/image\/\",\"url\":\"https:\/\/test.comfenalcovalle.com.co\/wp-content\/uploads\/2021\/06\/logo-comfe-cabecera-agencia-empelo-actualizado.png\",\"contentUrl\":\"https:\/\/test.comfenalcovalle.com.co\/wp-content\/uploads\/2021\/06\/logo-comfe-cabecera-agencia-empelo-actualizado.png\",\"width\":500,\"height\":184,\"caption\":\"Comfenalco Valle Delagente\"},\"image\":{\"@id\":\"https:\/\/www.comfenalcovalle.com.co\/#\/schema\/logo\/image\/\"}}]}<\/script>\n<!-- \/ Yoast SEO Premium plugin. -->","yoast_head_json":{"title":"En la Instituci\u00f3n Educativa Rodrigo Lloreda Caicedo de Candelaria, la educaci\u00f3n va orientada a la sostenibilidad y el cuidado del medioambiente - Comfenalco Valle Delagente","robots":{"index":"index","follow":"follow","max-snippet":"max-snippet:-1","max-image-preview":"max-image-preview:large","max-video-preview":"max-video-preview:-1"},"canonical":"https:\/\/www.comfenalcovalle.com.co\/articulos-revista-ma\/en-la-institucion-educativa-rodrigo-lloreda-caicedo-de-candelaria-la-educacion-va-orientada-a-la-sostenibilidad-y-el-cuidado-del-medioambiente\/","og_locale":"en_US","og_type":"article","og_title":"En la Instituci\u00f3n Educativa Rodrigo Lloreda Caicedo de Candelaria, la educaci\u00f3n va orientada a la sostenibilidad y el cuidado del medioambiente","og_description":"Hace cinco a\u00f1os exactamente, y luego de una investigaci\u00f3n adelantada desde la Instituci\u00f3n, directivos y docentes entendieron que defender y proteger los recursos naturales de la comunidad, m\u00e1s all\u00e1 de ser una necesidad, era un camino firme y con prop\u00f3sito hacia la formaci\u00f3n de ni\u00f1os, ni\u00f1as y j\u00f3venes como l\u00edderes ambientales. La manera de relacionarse [&hellip;]","og_url":"https:\/\/www.comfenalcovalle.com.co\/articulos-revista-ma\/en-la-institucion-educativa-rodrigo-lloreda-caicedo-de-candelaria-la-educacion-va-orientada-a-la-sostenibilidad-y-el-cuidado-del-medioambiente\/","og_site_name":"Comfenalco Valle Delagente","article_modified_time":"2024-08-23T13:42:51+00:00","og_image":[{"width":1000,"height":562,"url":"https:\/\/www.comfenalcovalle.com.co\/wp-content\/uploads\/2024\/08\/En-la-Institucion-Educativa-Rodrigo-Lloreda-Caicedo-de-Candelaria-portada.webp","type":"image\/webp"}],"twitter_card":"summary_large_image","twitter_misc":{"Est. reading time":"3 minutes"},"schema":{"@context":"https:\/\/schema.org","@graph":[{"@type":"WebPage","@id":"https:\/\/www.comfenalcovalle.com.co\/articulos-revista-ma\/en-la-institucion-educativa-rodrigo-lloreda-caicedo-de-candelaria-la-educacion-va-orientada-a-la-sostenibilidad-y-el-cuidado-del-medioambiente\/","url":"https:\/\/www.comfenalcovalle.com.co\/articulos-revista-ma\/en-la-institucion-educativa-rodrigo-lloreda-caicedo-de-candelaria-la-educacion-va-orientada-a-la-sostenibilidad-y-el-cuidado-del-medioambiente\/","name":"En la Instituci\u00f3n Educativa Rodrigo Lloreda Caicedo de Candelaria, la educaci\u00f3n va orientada a la sostenibilidad y el cuidado del medioambiente - Comfenalco Valle Delagente","isPartOf":{"@id":"https:\/\/www.comfenalcovalle.com.co\/#website"},"primaryImageOfPage":{"@id":"https:\/\/www.comfenalcovalle.com.co\/articulos-revista-ma\/en-la-institucion-educativa-rodrigo-lloreda-caicedo-de-candelaria-la-educacion-va-orientada-a-la-sostenibilidad-y-el-cuidado-del-medioambiente\/#primaryimage"},"image":{"@id":"https:\/\/www.comfenalcovalle.com.co\/articulos-revista-ma\/en-la-institucion-educativa-rodrigo-lloreda-caicedo-de-candelaria-la-educacion-va-orientada-a-la-sostenibilidad-y-el-cuidado-del-medioambiente\/#primaryimage"},"thumbnailUrl":"https:\/\/test.comfenalcovalle.com.co\/wp-content\/uploads\/2024\/08\/En-la-Institucion-Educativa-Rodrigo-Lloreda-Caicedo-de-Candelaria-portada.webp","datePublished":"2024-08-15T13:05:34+00:00","dateModified":"2024-08-23T13:42:51+00:00","breadcrumb":{"@id":"https:\/\/www.comfenalcovalle.com.co\/articulos-revista-ma\/en-la-institucion-educativa-rodrigo-lloreda-caicedo-de-candelaria-la-educacion-va-orientada-a-la-sostenibilidad-y-el-cuidado-del-medioambiente\/#breadcrumb"},"inLanguage":"en-US","potentialAction":[{"@type":"ReadAction","target":["https:\/\/www.comfenalcovalle.com.co\/articulos-revista-ma\/en-la-institucion-educativa-rodrigo-lloreda-caicedo-de-candelaria-la-educacion-va-orientada-a-la-sostenibilidad-y-el-cuidado-del-medioambiente\/"]}]},{"@type":"ImageObject","inLanguage":"en-US","@id":"https:\/\/www.comfenalcovalle.com.co\/articulos-revista-ma\/en-la-institucion-educativa-rodrigo-lloreda-caicedo-de-candelaria-la-educacion-va-orientada-a-la-sostenibilidad-y-el-cuidado-del-medioambiente\/#primaryimage","url":"https:\/\/test.comfenalcovalle.com.co\/wp-content\/uploads\/2024\/08\/En-la-Institucion-Educativa-Rodrigo-Lloreda-Caicedo-de-Candelaria-portada.webp","contentUrl":"https:\/\/test.comfenalcovalle.com.co\/wp-content\/uploads\/2024\/08\/En-la-Institucion-Educativa-Rodrigo-Lloreda-Caicedo-de-Candelaria-portada.webp","width":1000,"height":562,"caption":"En la Instituci\u00f3n Educativa Rodrigo Lloreda Caicedo de Candelaria"},{"@type":"BreadcrumbList","@id":"https:\/\/www.comfenalcovalle.com.co\/articulos-revista-ma\/en-la-institucion-educativa-rodrigo-lloreda-caicedo-de-candelaria-la-educacion-va-orientada-a-la-sostenibilidad-y-el-cuidado-del-medioambiente\/#breadcrumb","itemListElement":[{"@type":"ListItem","position":1,"name":"Portada","item":"https:\/\/www.comfenalcovalle.com.co\/"},{"@type":"ListItem","position":2,"name":"Art\u00edculos Revista Maestros","item":"https:\/\/www.comfenalcovalle.com.co\/articulos-revista-ma\/"},{"@type":"ListItem","position":3,"name":"En la Instituci\u00f3n Educativa Rodrigo Lloreda Caicedo de Candelaria, la educaci\u00f3n va orientada a la sostenibilidad y el cuidado del medioambiente"}]},{"@type":"WebSite","@id":"https:\/\/www.comfenalcovalle.com.co\/#website","url":"https:\/\/www.comfenalcovalle.com.co\/","name":"Comfenalco Valle Delagente","description":"Comfenalco Valle Delagente compensation fund.","publisher":{"@id":"https:\/\/www.comfenalcovalle.com.co\/#organization"},"potentialAction":[{"@type":"SearchAction","target":{"@type":"EntryPoint","urlTemplate":"https:\/\/www.comfenalcovalle.com.co\/?s={search_term_string}"},"query-input":{"@type":"PropertyValueSpecification","valueRequired":true,"valueName":"search_term_string"}}],"inLanguage":"en-US"},{"@type":"Organization","@id":"https:\/\/www.comfenalcovalle.com.co\/#organization","name":"Comfenalco Valle Delagente","url":"https:\/\/www.comfenalcovalle.com.co\/","logo":{"@type":"ImageObject","inLanguage":"en-US","@id":"https:\/\/www.comfenalcovalle.com.co\/#\/schema\/logo\/image\/","url":"https:\/\/test.comfenalcovalle.com.co\/wp-content\/uploads\/2021\/06\/logo-comfe-cabecera-agencia-empelo-actualizado.png","contentUrl":"https:\/\/test.comfenalcovalle.com.co\/wp-content\/uploads\/2021\/06\/logo-comfe-cabecera-agencia-empelo-actualizado.png","width":500,"height":184,"caption":"Comfenalco Valle Delagente"},"image":{"@id":"https:\/\/www.comfenalcovalle.com.co\/#\/schema\/logo\/image\/"}}]}},"publishpress_future_workflow_manual_trigger":{"enabledWorkflows":[]},"_links":{"self":[{"href":"https:\/\/test.comfenalcovalle.com.co\/en\/wp-json\/wp\/v2\/articulos-revista-ma\/641777","targetHints":{"allow":["GET"]}}],"collection":[{"href":"https:\/\/test.comfenalcovalle.com.co\/en\/wp-json\/wp\/v2\/articulos-revista-ma"}],"about":[{"href":"https:\/\/test.comfenalcovalle.com.co\/en\/wp-json\/wp\/v2\/types\/articulos-revista-ma"}],"version-history":[{"count":0,"href":"https:\/\/test.comfenalcovalle.com.co\/en\/wp-json\/wp\/v2\/articulos-revista-ma\/641777\/revisions"}],"wp:featuredmedia":[{"embeddable":true,"href":"https:\/\/test.comfenalcovalle.com.co\/en\/wp-json\/wp\/v2\/media\/641783"}],"wp:attachment":[{"href":"https:\/\/test.comfenalcovalle.com.co\/en\/wp-json\/wp\/v2\/media?parent=641777"}],"wp:term":[{"taxonomy":"categorias-articulos-revista-ma","embeddable":true,"href":"https:\/\/test.comfenalcovalle.com.co\/en\/wp-json\/wp\/v2\/categorias-articulos-revista-ma?post=641777"}],"curies":[{"name":"wp","href":"https:\/\/api.w.org\/{rel}","templated":true}]}}